{"id":98637,"date":"2026-05-11T12:01:11","date_gmt":"2026-05-11T10:01:11","guid":{"rendered":"https:\/\/convenzioni.cralnetwork.it\/uilpolizia\/?post_type=product&#038;p=98637"},"modified":"2026-05-26T10:35:58","modified_gmt":"2026-05-26T08:35:58","slug":"geometra-andrea-favaccio","status":"publish","type":"product","link":"https:\/\/convenzioni.cralnetwork.it\/uilpolizia\/prodotto\/geometra-andrea-favaccio\/","title":{"rendered":"Geometra Andrea Favaccio"},"content":{"rendered":"\t\t<div data-elementor-type=\"wp-post\" data-elementor-id=\"98637\" class=\"elementor elementor-98637\">\n\t\t\t\t<div class=\"elementor-element elementor-element-91bb2a6 e-con-full e-flex e-con e-parent\" data-id=\"91bb2a6\" data-element_type=\"container\">\n\t\t\t\t<div class=\"elementor-element elementor-element-7e754cc elementor-widget elementor-widget-image\" data-id=\"7e754cc\" data-element_type=\"widget\" data-widget_type=\"image.default\">\n\t\t\t\t<div class=\"elementor-widget-container\">\n\t\t\t\t\t\t\t\t\t\t\t\t\t\t\t<img fetchpriority=\"high\" fetchpriority=\"high\" decoding=\"async\" width=\"1924\" height=\"768\" src=\"https:\/\/convenzioni.cralnetwork.it\/uilpolizia\/wp-content\/uploads\/sites\/2\/2026\/05\/COPERTINA.jpg\" class=\"attachment-full size-full wp-image-98664\" alt=\"\" srcset=\"https:\/\/convenzioni.cralnetwork.it\/uilpolizia\/wp-content\/uploads\/sites\/2\/2026\/05\/COPERTINA.jpg 1924w, https:\/\/convenzioni.cralnetwork.it\/uilpolizia\/wp-content\/uploads\/sites\/2\/2026\/05\/COPERTINA-1280x511.jpg 1280w, https:\/\/convenzioni.cralnetwork.it\/uilpolizia\/wp-content\/uploads\/sites\/2\/2026\/05\/COPERTINA-980x391.jpg 980w, https:\/\/convenzioni.cralnetwork.it\/uilpolizia\/wp-content\/uploads\/sites\/2\/2026\/05\/COPERTINA-480x192.jpg 480w\" sizes=\"(min-width: 0px) and (max-width: 480px) 480px, (min-width: 481px) and (max-width: 980px) 980px, (min-width: 981px) and (max-width: 1280px) 1280px, (min-width: 1281px) 1924px, 100vw\" \/>\t\t\t\t\t\t\t\t\t\t\t\t\t\t\t<\/div>\n\t\t\t\t<\/div>\n\t\t\t\t<\/div>\n\t\t<div class=\"elementor-element elementor-element-5ac664a7 e-flex e-con-boxed e-con e-parent\" data-id=\"5ac664a7\" data-element_type=\"container\">\n\t\t\t\t\t<div class=\"e-con-inner\">\n\t\t<div class=\"elementor-element elementor-element-3875d563 e-con-full e-flex e-con e-child\" data-id=\"3875d563\" data-element_type=\"container\" data-settings=\"{&quot;background_background&quot;:&quot;classic&quot;}\">\n\t\t\t\t<div class=\"elementor-element elementor-element-76669eb4 elementor-widget elementor-widget-text-editor\" data-id=\"76669eb4\" data-element_type=\"widget\" data-widget_type=\"text-editor.default\">\n\t\t\t\t<div class=\"elementor-widget-container\">\n\t\t\t\t\t\t\t\t\t<p>Lo Studio Tecnico del Geometra Andrea Favaccio, grazie all\u2019esperienza maturata negli anni, riesce ad offrire un servizio di alta professionalit\u00e0, competenza e velocit\u00e0 d\u2019esecuzione.<\/p>\t\t\t\t\t\t\t\t<\/div>\n\t\t\t\t<\/div>\n\t\t\t\t<\/div>\n\t\t<div class=\"elementor-element elementor-element-839c335 e-flex e-con-boxed e-con e-child\" data-id=\"839c335\" data-element_type=\"container\">\n\t\t\t\t\t<div class=\"e-con-inner\">\n\t\t\t\t<div class=\"elementor-element elementor-element-60fc589 elementor-widget elementor-widget-text-editor\" data-id=\"60fc589\" data-element_type=\"widget\" data-widget_type=\"text-editor.default\">\n\t\t\t\t<div class=\"elementor-widget-container\">\n\t\t\t\t\t\t\t\t\t<p>La necessit\u00e0 di una crescita continua, spinge lo studio a effettuare aggiornamenti per essere sempre preparati alla continua evoluzione del settore, soddisfando le richieste del mercato. L\u2019obiettivo \u00e8 fornire un servizio per tutte le company del ramo Real Estate che desiderano esternalizzare il settore tecnico.<\/p>\t\t\t\t\t\t\t\t<\/div>\n\t\t\t\t<\/div>\n\t\t\t\t\t<\/div>\n\t\t\t\t<\/div>\n\t\t<div class=\"elementor-element elementor-element-42b2f4c e-con-full e-flex e-con e-child\" data-id=\"42b2f4c\" data-element_type=\"container\">\n\t\t\t\t<div class=\"elementor-element elementor-element-974cb4d elementor-widget elementor-widget-text-editor\" data-id=\"974cb4d\" data-element_type=\"widget\" data-widget_type=\"text-editor.default\">\n\t\t\t\t<div class=\"elementor-widget-container\">\n\t\t\t\t\t\t\t\t\tServizi:\t\t\t\t\t\t\t\t<\/div>\n\t\t\t\t<\/div>\n\t\t\t\t<div class=\"elementor-element elementor-element-d289f22 elementor-widget elementor-widget-text-editor\" data-id=\"d289f22\" data-element_type=\"widget\" data-widget_type=\"text-editor.default\">\n\t\t\t\t<div class=\"elementor-widget-container\">\n\t\t\t\t\t\t\t\t\t<p>\u2022 A.P.E. (Attestato di prestazione energetica)<br \/>\u2022 Pratiche Comunali (C.I.L.A. &#8211; S.C.I.A. &#8211; Cambi D&#8217;Uso etc. etc.)<br \/>\u2022 Pratiche Catastali (Agg. Planimetrie, Volture, Istanze etc. etc.)<br \/>\u2022 Richieste Accesso Atti<br \/>\u2022 Progettazione Interni<br \/>\u2022 Direzione Lavori<br \/>\u2022 Capitolati delle Opere<br \/>\u2022 Piani di Sicurezza e Coordinamento<br \/>\u2022 Ristrutturazioni \u2018Chiavi in mano\u2019<br \/>\u2022 Attestati di conformit\u00e0 urbanistica e\/o catastale<br \/>\u2022 Perizie Giurate e Asseverate<\/p>\t\t\t\t\t\t\t\t<\/div>\n\t\t\t\t<\/div>\n\t\t\t\t<\/div>\n\t\t<div class=\"elementor-element elementor-element-b189fc0 e-con-full e-flex e-con e-child\" data-id=\"b189fc0\" data-element_type=\"container\">\n\t\t\t\t<div class=\"elementor-element elementor-element-62adaea2 elementor-widget__width-inherit elementor-widget elementor-widget-text-editor\" data-id=\"62adaea2\" data-element_type=\"widget\" data-widget_type=\"text-editor.default\">\n\t\t\t\t<div class=\"elementor-widget-container\">\n\t\t\t\t\t\t\t\t\t<p>Tel. <a href=\"tel:+393406361731\">340 6361731<\/a><br \/><a href=\"mailto:geom.andreafavaccio@gmail.com\">geom.andreafavaccio@gmail.com<\/a><\/p>\t\t\t\t\t\t\t\t<\/div>\n\t\t\t\t<\/div>\n\t\t\t\t<\/div>\n\t\t<div class=\"elementor-element elementor-element-1c4c9f11 e-con-full elementor-hidden-desktop elementor-hidden-tablet elementor-hidden-mobile e-flex e-con e-child\" data-id=\"1c4c9f11\" data-element_type=\"container\">\n\t\t\t\t<div class=\"elementor-element elementor-element-98c3494 elementor-widget elementor-widget-text-editor\" data-id=\"98c3494\" data-element_type=\"widget\" data-widget_type=\"text-editor.default\">\n\t\t\t\t<div class=\"elementor-widget-container\">\n\t\t\t\t\t\t\t\t\t<p><div id=\"gmw-single-location-wrapper-374\" class=\"gmw-element-wrapper gmw-single-location-wrapper gmw-sl-wrapper gmw-sl-single-post-wrapper post \" object_type=\"post\" object_id=\"98637\"  style=\"width:100%\"><div class=\"gmw-sl-map-wrapper gmw-sl-element\"><div id=\"gmw-map-wrapper-374\" class=\"gmw-map-wrapper  sl single_location \" style=\"width:100%;height:400px;\"> <span id=\"gmw-resize-map-toggle-374\" class=\"gmw-resize-map-toggle gmw-icon-resize-full\" style=\"display:none;\" title=\"Resize map\"><\/span> <div id=\"gmw-map-loader-374\" class=\"gmw-map-loader\"><\/div> <div id=\"gmw-map-374\" class=\"gmw-map sl single_location\" style=\"width:100%; height:100%\" data-map_id=\"374\" data-prefix=\"sl\" data-map_type=\"single_location\" data-icons_usage=\"global\"><\/div> <\/div><\/div><\/div><\/p>\t\t\t\t\t\t\t\t<\/div>\n\t\t\t\t<\/div>\n\t\t\t\t<\/div>\n\t\t\t\t\t<\/div>\n\t\t\t\t<\/div>\n\t\t<div class=\"elementor-element elementor-element-dcd106a e-flex e-con-boxed e-con e-parent\" data-id=\"dcd106a\" data-element_type=\"container\" data-settings=\"{&quot;background_background&quot;:&quot;classic&quot;}\">\n\t\t\t\t\t<div class=\"e-con-inner\">\n\t\t<div class=\"elementor-element elementor-element-e07fe37 e-con-full e-flex e-con e-child\" data-id=\"e07fe37\" data-element_type=\"container\">\n\t\t\t\t<div class=\"elementor-element elementor-element-f854a41 elementor-widget elementor-widget-text-editor\" data-id=\"f854a41\" data-element_type=\"widget\" data-widget_type=\"text-editor.default\">\n\t\t\t\t<div class=\"elementor-widget-container\">\n\t\t\t\t\t\t\t\t\t<p>Agevolazioni riservate gli associati<\/p>\t\t\t\t\t\t\t\t<\/div>\n\t\t\t\t<\/div>\n\t\t\t\t<\/div>\n\t\t\t\t\t<\/div>\n\t\t\t\t<\/div>\n\t\t<div class=\"elementor-element elementor-element-30c6f98c elementor-hidden-desktop elementor-hidden-tablet elementor-hidden-mobile e-flex e-con-boxed e-con e-parent\" data-id=\"30c6f98c\" data-element_type=\"container\">\n\t\t\t\t\t<div class=\"e-con-inner\">\n\t\t\t\t<div class=\"elementor-element elementor-element-a7b349 elementor-widget elementor-widget-text-editor\" data-id=\"a7b349\" data-element_type=\"widget\" data-widget_type=\"text-editor.default\">\n\t\t\t\t<div class=\"elementor-widget-container\">\n\t\t\t\t\t\t\t\t\t<p>geometra, geometri, studio tecnico, studi tecnici, studio geometra, studi geometri, servizio tecnico, servizi tecnici, alta professionalit\u00e0, professionalit\u00e0 tecnica, competenza tecnica, competenze tecniche, velocit\u00e0 d\u2019esecuzione, esecuzione veloce, aggiornamento professionale, aggiornamenti professionali, evoluzione del settore, settore tecnico, settore immobiliare, real estate, company real estate, aziende real estate, azienda immobiliare, aziende immobiliari, consulenza tecnica, consulenze tecniche, supporto tecnico, servizi per real estate, outsourcing tecnico, esternalizzazione settore tecnico, esternalizzazione tecnica, gestione tecnica, gestione immobiliare, pratiche tecniche, pratiche catastali, servizi catastali, supporto immobiliare, professionista tecnico, professionisti tecnici, geometra professionista, geometri professionisti, studio professionale, studi professionali, servizio professionale, servizi professionali, competenza e velocit\u00e0, progettazione tecnica, consulenza immobiliare, consulenze immobiliari, tecnico immobiliare, tecnici immobiliari, studio tecnico immobiliare, studi tecnici immobiliari<\/p>\t\t\t\t\t\t\t\t<\/div>\n\t\t\t\t<\/div>\n\t\t\t\t\t<\/div>\n\t\t\t\t<\/div>\n\t\t\t\t<\/div>\n\t\t","protected":false},"excerpt":{"rendered":"<p>Lo Studio Tecnico del Geometra Andrea Favaccio, grazie all\u2019esperienza maturata negli anni, riesce ad offrire un servizio di alta professionalit\u00e0, competenza e velocit\u00e0 d\u2019esecuzione. La necessit\u00e0 di una crescita continua, spinge lo studio a effettuare aggiornamenti per essere sempre preparati alla continua evoluzione del settore, soddisfando le richieste. del mercato. L\u2019obiettivo \u00e8 fornire un servizio per tutte le company del ramo Real Estate che desiderano esternalizzare il settore tecnico<\/p>\n<p>geometra, geometri, studio tecnico, studi tecnici, studio geometra, studi geometri, servizio tecnico, servizi tecnici, alta professionalit\u00e0, professionalit\u00e0 tecnica, competenza tecnica, competenze tecniche, velocit\u00e0 d\u2019esecuzione, esecuzione veloce, aggiornamento professionale, aggiornamenti professionali, evoluzione del settore, settore tecnico, settore immobiliare, real estate, company real estate, aziende real estate, azienda immobiliare, aziende immobiliari, consulenza tecnica, consulenze tecniche, supporto tecnico, servizi per real estate, outsourcing tecnico, esternalizzazione settore tecnico, esternalizzazione tecnica, gestione tecnica, gestione immobiliare, pratiche tecniche, pratiche catastali, servizi catastali, supporto immobiliare, professionista tecnico, professionisti tecnici, geometra professionista, geometri professionisti, studio professionale, studi professionali, servizio professionale, servizi professionali, competenza e velocit\u00e0, progettazione tecnica, consulenza immobiliare, consulenze immobiliari, tecnico immobiliare, tecnici immobiliari, studio tecnico immobiliare, studi tecnici immobiliari<\/p>\n","protected":false},"featured_media":98639,"comment_status":"open","ping_status":"closed","template":"","meta":{"_acf_changed":false,"_et_pb_use_builder":"","_et_pb_old_content":"","_et_gb_content_width":""},"product_brand":[],"product_cat":[155,147],"product_tag":[21159,8598,21154,21164,21165,21163,21162,21182,21156,15815,2072,2076,5897,21166,21158,21170,21171,21160,916,21177,855,21178,18866,21172,21169,3086,21173,21155,21175,21176,21183,1065,6583,21168,21181,21153,21180,21152,3098,21161,21151,21179,21149,21187,21150,16519,4701,21186,21174,21167,21185,21184,21157],"class_list":{"0":"post-98637","1":"product","2":"type-product","3":"status-publish","4":"has-post-thumbnail","6":"product_cat-geometri","7":"product_cat-professionisti-studi-consulenze","8":"product_tag-aggiornamenti-professionali","9":"product_tag-aggiornamento-professionale","10":"product_tag-alta-professionalita","11":"product_tag-azienda-immobiliare","12":"product_tag-aziende-immobiliari","13":"product_tag-aziende-real-estate","14":"product_tag-company-real-estate","15":"product_tag-competenza-e-velocita","16":"product_tag-competenza-tecnica","17":"product_tag-competenze-tecniche","18":"product_tag-consulenza-immobiliare","19":"product_tag-consulenza-tecnica","20":"product_tag-consulenze-immobiliari","21":"product_tag-consulenze-tecniche","22":"product_tag-esecuzione-veloce","23":"product_tag-esternalizzazione-settore-tecnico","24":"product_tag-esternalizzazione-tecnica","25":"product_tag-evoluzione-del-settore","26":"product_tag-geometra","27":"product_tag-geometra-professionista","28":"product_tag-geometri","29":"product_tag-geometri-professionisti","30":"product_tag-gestione-immobiliare","31":"product_tag-gestione-tecnica","32":"product_tag-outsourcing-tecnico","33":"product_tag-pratiche-catastali","34":"product_tag-pratiche-tecniche","35":"product_tag-professionalita-tecnica","36":"product_tag-professionista-tecnico","37":"product_tag-professionisti-tecnici","38":"product_tag-progettazione-tecnica","39":"product_tag-real-estate","40":"product_tag-servizi-catastali","41":"product_tag-servizi-per-real-estate","42":"product_tag-servizi-professionali","43":"product_tag-servizi-tecnici","44":"product_tag-servizio-professionale","45":"product_tag-servizio-tecnico","46":"product_tag-settore-immobiliare","47":"product_tag-settore-tecnico","48":"product_tag-studi-geometri","49":"product_tag-studi-professionali","50":"product_tag-studi-tecnici","51":"product_tag-studi-tecnici-immobiliari","52":"product_tag-studio-geometra","53":"product_tag-studio-professionale","54":"product_tag-studio-tecnico","55":"product_tag-studio-tecnico-immobiliare","56":"product_tag-supporto-immobiliare","57":"product_tag-supporto-tecnico","58":"product_tag-tecnici-immobiliari","59":"product_tag-tecnico-immobiliare","60":"product_tag-velocita-desecuzione","62":"first","63":"instock","64":"shipping-taxable","65":"product-type-simple"},"acf":[],"yoast_head":"<!-- This site is optimized with the Yoast SEO plugin v26.4 - https:\/\/yoast.com\/wordpress\/plugins\/seo\/ -->\n<title>Geometra Andrea Favaccio - UIL Polizia<\/title>\n<meta name=\"robots\" content=\"index, follow, max-snippet:-1, max-image-preview:large, max-video-preview:-1\" \/>\n<link rel=\"canonical\" href=\"https:\/\/convenzioni.cralnetwork.it\/uilpolizia\/prodotto\/geometra-andrea-favaccio\/\" \/>\n<meta property=\"og:locale\" content=\"it_IT\" \/>\n<meta property=\"og:type\" content=\"article\" \/>\n<meta property=\"og:title\" content=\"Geometra Andrea Favaccio - UIL Polizia\" \/>\n<meta property=\"og:description\" content=\"Lo Studio Tecnico del Geometra Andrea Favaccio, grazie all\u2019esperienza maturata negli anni, riesce ad offrire un servizio di alta professionalit\u00e0, competenza e velocit\u00e0 d\u2019esecuzione. La necessit\u00e0 di una crescita continua, spinge lo studio a effettuare aggiornamenti per essere sempre preparati alla continua evoluzione del settore, soddisfando le richieste. del mercato. L\u2019obiettivo \u00e8 fornire un servizio per tutte le company del ramo Real Estate che desiderano esternalizzare il settore tecnico    geometra, geometri, studio tecnico, studi tecnici, studio geometra, studi geometri, servizio tecnico, servizi tecnici, alta professionalit\u00e0, professionalit\u00e0 tecnica, competenza tecnica, competenze tecniche, velocit\u00e0 d\u2019esecuzione, esecuzione veloce, aggiornamento professionale, aggiornamenti professionali, evoluzione del settore, settore tecnico, settore immobiliare, real estate, company real estate, aziende real estate, azienda immobiliare, aziende immobiliari, consulenza tecnica, consulenze tecniche, supporto tecnico, servizi per real estate, outsourcing tecnico, esternalizzazione settore tecnico, esternalizzazione tecnica, gestione tecnica, gestione immobiliare, pratiche tecniche, pratiche catastali, servizi catastali, supporto immobiliare, professionista tecnico, professionisti tecnici, geometra professionista, geometri professionisti, studio professionale, studi professionali, servizio professionale, servizi professionali, competenza e velocit\u00e0, progettazione tecnica, consulenza immobiliare, consulenze immobiliari, tecnico immobiliare, tecnici immobiliari, studio tecnico immobiliare, studi tecnici immobiliari\" \/>\n<meta property=\"og:url\" content=\"https:\/\/convenzioni.cralnetwork.it\/uilpolizia\/prodotto\/geometra-andrea-favaccio\/\" \/>\n<meta property=\"og:site_name\" content=\"UIL Polizia\" \/>\n<meta property=\"article:modified_time\" content=\"2026-05-26T08:35:58+00:00\" \/>\n<meta property=\"og:image\" content=\"https:\/\/convenzioni.cralnetwork.it\/uilpolizia\/wp-content\/uploads\/sites\/2\/2026\/05\/Logo-Andrea-Favaccio.jpg\" \/>\n\t<meta property=\"og:image:width\" content=\"300\" \/>\n\t<meta property=\"og:image:height\" content=\"300\" \/>\n\t<meta property=\"og:image:type\" content=\"image\/jpeg\" \/>\n<meta name=\"twitter:card\" content=\"summary_large_image\" \/>\n<meta name=\"twitter:label1\" content=\"Tempo di lettura stimato\" \/>\n\t<meta name=\"twitter:data1\" content=\"2 minuti\" \/>\n<script type=\"application\/ld+json\" class=\"yoast-schema-graph\">{\"@context\":\"https:\/\/schema.org\",\"@graph\":[{\"@type\":\"WebPage\",\"@id\":\"https:\/\/convenzioni.cralnetwork.it\/uilpolizia\/prodotto\/geometra-andrea-favaccio\/\",\"url\":\"https:\/\/convenzioni.cralnetwork.it\/uilpolizia\/prodotto\/geometra-andrea-favaccio\/\",\"name\":\"Geometra Andrea Favaccio - UIL Polizia\",\"isPartOf\":{\"@id\":\"https:\/\/convenzioni.cralnetwork.it\/uilpolizia\/#website\"},\"primaryImageOfPage\":{\"@id\":\"https:\/\/convenzioni.cralnetwork.it\/uilpolizia\/prodotto\/geometra-andrea-favaccio\/#primaryimage\"},\"image\":{\"@id\":\"https:\/\/convenzioni.cralnetwork.it\/uilpolizia\/prodotto\/geometra-andrea-favaccio\/#primaryimage\"},\"thumbnailUrl\":\"https:\/\/convenzioni.cralnetwork.it\/uilpolizia\/wp-content\/uploads\/sites\/2\/2026\/05\/Logo-Andrea-Favaccio.jpg\",\"datePublished\":\"2026-05-11T10:01:11+00:00\",\"dateModified\":\"2026-05-26T08:35:58+00:00\",\"breadcrumb\":{\"@id\":\"https:\/\/convenzioni.cralnetwork.it\/uilpolizia\/prodotto\/geometra-andrea-favaccio\/#breadcrumb\"},\"inLanguage\":\"it-IT\",\"potentialAction\":[{\"@type\":\"ReadAction\",\"target\":[\"https:\/\/convenzioni.cralnetwork.it\/uilpolizia\/prodotto\/geometra-andrea-favaccio\/\"]}]},{\"@type\":\"ImageObject\",\"inLanguage\":\"it-IT\",\"@id\":\"https:\/\/convenzioni.cralnetwork.it\/uilpolizia\/prodotto\/geometra-andrea-favaccio\/#primaryimage\",\"url\":\"https:\/\/convenzioni.cralnetwork.it\/uilpolizia\/wp-content\/uploads\/sites\/2\/2026\/05\/Logo-Andrea-Favaccio.jpg\",\"contentUrl\":\"https:\/\/convenzioni.cralnetwork.it\/uilpolizia\/wp-content\/uploads\/sites\/2\/2026\/05\/Logo-Andrea-Favaccio.jpg\",\"width\":300,\"height\":300},{\"@type\":\"BreadcrumbList\",\"@id\":\"https:\/\/convenzioni.cralnetwork.it\/uilpolizia\/prodotto\/geometra-andrea-favaccio\/#breadcrumb\",\"itemListElement\":[{\"@type\":\"ListItem\",\"position\":1,\"name\":\"Home\",\"item\":\"https:\/\/convenzioni.cralnetwork.it\/uilpolizia\/\"},{\"@type\":\"ListItem\",\"position\":2,\"name\":\"Shop\",\"item\":\"https:\/\/convenzioni.cralnetwork.it\/uilpolizia\/negozio\/\"},{\"@type\":\"ListItem\",\"position\":3,\"name\":\"Geometra Andrea Favaccio\"}]},{\"@type\":\"WebSite\",\"@id\":\"https:\/\/convenzioni.cralnetwork.it\/uilpolizia\/#website\",\"url\":\"https:\/\/convenzioni.cralnetwork.it\/uilpolizia\/\",\"name\":\"UIL Polizia\",\"description\":\"Area convenzioni\",\"potentialAction\":[{\"@type\":\"SearchAction\",\"target\":{\"@type\":\"EntryPoint\",\"urlTemplate\":\"https:\/\/convenzioni.cralnetwork.it\/uilpolizia\/?s={search_term_string}\"},\"query-input\":{\"@type\":\"PropertyValueSpecification\",\"valueRequired\":true,\"valueName\":\"search_term_string\"}}],\"inLanguage\":\"it-IT\"}]}<\/script>\n<!-- \/ Yoast SEO plugin. -->","yoast_head_json":{"title":"Geometra Andrea Favaccio - UIL Polizia","robots":{"index":"index","follow":"follow","max-snippet":"max-snippet:-1","max-image-preview":"max-image-preview:large","max-video-preview":"max-video-preview:-1"},"canonical":"https:\/\/convenzioni.cralnetwork.it\/uilpolizia\/prodotto\/geometra-andrea-favaccio\/","og_locale":"it_IT","og_type":"article","og_title":"Geometra Andrea Favaccio - UIL Polizia","og_description":"Lo Studio Tecnico del Geometra Andrea Favaccio, grazie all\u2019esperienza maturata negli anni, riesce ad offrire un servizio di alta professionalit\u00e0, competenza e velocit\u00e0 d\u2019esecuzione. La necessit\u00e0 di una crescita continua, spinge lo studio a effettuare aggiornamenti per essere sempre preparati alla continua evoluzione del settore, soddisfando le richieste. del mercato. L\u2019obiettivo \u00e8 fornire un servizio per tutte le company del ramo Real Estate che desiderano esternalizzare il settore tecnico    geometra, geometri, studio tecnico, studi tecnici, studio geometra, studi geometri, servizio tecnico, servizi tecnici, alta professionalit\u00e0, professionalit\u00e0 tecnica, competenza tecnica, competenze tecniche, velocit\u00e0 d\u2019esecuzione, esecuzione veloce, aggiornamento professionale, aggiornamenti professionali, evoluzione del settore, settore tecnico, settore immobiliare, real estate, company real estate, aziende real estate, azienda immobiliare, aziende immobiliari, consulenza tecnica, consulenze tecniche, supporto tecnico, servizi per real estate, outsourcing tecnico, esternalizzazione settore tecnico, esternalizzazione tecnica, gestione tecnica, gestione immobiliare, pratiche tecniche, pratiche catastali, servizi catastali, supporto immobiliare, professionista tecnico, professionisti tecnici, geometra professionista, geometri professionisti, studio professionale, studi professionali, servizio professionale, servizi professionali, competenza e velocit\u00e0, progettazione tecnica, consulenza immobiliare, consulenze immobiliari, tecnico immobiliare, tecnici immobiliari, studio tecnico immobiliare, studi tecnici immobiliari","og_url":"https:\/\/convenzioni.cralnetwork.it\/uilpolizia\/prodotto\/geometra-andrea-favaccio\/","og_site_name":"UIL Polizia","article_modified_time":"2026-05-26T08:35:58+00:00","og_image":[{"width":300,"height":300,"url":"https:\/\/convenzioni.cralnetwork.it\/uilpolizia\/wp-content\/uploads\/sites\/2\/2026\/05\/Logo-Andrea-Favaccio.jpg","type":"image\/jpeg"}],"twitter_card":"summary_large_image","twitter_misc":{"Tempo di lettura stimato":"2 minuti"},"schema":{"@context":"https:\/\/schema.org","@graph":[{"@type":"WebPage","@id":"https:\/\/convenzioni.cralnetwork.it\/uilpolizia\/prodotto\/geometra-andrea-favaccio\/","url":"https:\/\/convenzioni.cralnetwork.it\/uilpolizia\/prodotto\/geometra-andrea-favaccio\/","name":"Geometra Andrea Favaccio - UIL Polizia","isPartOf":{"@id":"https:\/\/convenzioni.cralnetwork.it\/uilpolizia\/#website"},"primaryImageOfPage":{"@id":"https:\/\/convenzioni.cralnetwork.it\/uilpolizia\/prodotto\/geometra-andrea-favaccio\/#primaryimage"},"image":{"@id":"https:\/\/convenzioni.cralnetwork.it\/uilpolizia\/prodotto\/geometra-andrea-favaccio\/#primaryimage"},"thumbnailUrl":"https:\/\/convenzioni.cralnetwork.it\/uilpolizia\/wp-content\/uploads\/sites\/2\/2026\/05\/Logo-Andrea-Favaccio.jpg","datePublished":"2026-05-11T10:01:11+00:00","dateModified":"2026-05-26T08:35:58+00:00","breadcrumb":{"@id":"https:\/\/convenzioni.cralnetwork.it\/uilpolizia\/prodotto\/geometra-andrea-favaccio\/#breadcrumb"},"inLanguage":"it-IT","potentialAction":[{"@type":"ReadAction","target":["https:\/\/convenzioni.cralnetwork.it\/uilpolizia\/prodotto\/geometra-andrea-favaccio\/"]}]},{"@type":"ImageObject","inLanguage":"it-IT","@id":"https:\/\/convenzioni.cralnetwork.it\/uilpolizia\/prodotto\/geometra-andrea-favaccio\/#primaryimage","url":"https:\/\/convenzioni.cralnetwork.it\/uilpolizia\/wp-content\/uploads\/sites\/2\/2026\/05\/Logo-Andrea-Favaccio.jpg","contentUrl":"https:\/\/convenzioni.cralnetwork.it\/uilpolizia\/wp-content\/uploads\/sites\/2\/2026\/05\/Logo-Andrea-Favaccio.jpg","width":300,"height":300},{"@type":"BreadcrumbList","@id":"https:\/\/convenzioni.cralnetwork.it\/uilpolizia\/prodotto\/geometra-andrea-favaccio\/#breadcrumb","itemListElement":[{"@type":"ListItem","position":1,"name":"Home","item":"https:\/\/convenzioni.cralnetwork.it\/uilpolizia\/"},{"@type":"ListItem","position":2,"name":"Shop","item":"https:\/\/convenzioni.cralnetwork.it\/uilpolizia\/negozio\/"},{"@type":"ListItem","position":3,"name":"Geometra Andrea Favaccio"}]},{"@type":"WebSite","@id":"https:\/\/convenzioni.cralnetwork.it\/uilpolizia\/#website","url":"https:\/\/convenzioni.cralnetwork.it\/uilpolizia\/","name":"UIL Polizia","description":"Area convenzioni","potentialAction":[{"@type":"SearchAction","target":{"@type":"EntryPoint","urlTemplate":"https:\/\/convenzioni.cralnetwork.it\/uilpolizia\/?s={search_term_string}"},"query-input":{"@type":"PropertyValueSpecification","valueRequired":true,"valueName":"search_term_string"}}],"inLanguage":"it-IT"}]}},"publishpress_future_workflow_manual_trigger":{"enabledWorkflows":[]},"_links":{"self":[{"href":"https:\/\/convenzioni.cralnetwork.it\/uilpolizia\/wp-json\/wp\/v2\/product\/98637","targetHints":{"allow":["GET"]}}],"collection":[{"href":"https:\/\/convenzioni.cralnetwork.it\/uilpolizia\/wp-json\/wp\/v2\/product"}],"about":[{"href":"https:\/\/convenzioni.cralnetwork.it\/uilpolizia\/wp-json\/wp\/v2\/types\/product"}],"replies":[{"embeddable":true,"href":"https:\/\/convenzioni.cralnetwork.it\/uilpolizia\/wp-json\/wp\/v2\/comments?post=98637"}],"version-history":[{"count":46,"href":"https:\/\/convenzioni.cralnetwork.it\/uilpolizia\/wp-json\/wp\/v2\/product\/98637\/revisions"}],"predecessor-version":[{"id":101046,"href":"https:\/\/convenzioni.cralnetwork.it\/uilpolizia\/wp-json\/wp\/v2\/product\/98637\/revisions\/101046"}],"wp:featuredmedia":[{"embeddable":true,"href":"https:\/\/convenzioni.cralnetwork.it\/uilpolizia\/wp-json\/wp\/v2\/media\/98639"}],"wp:attachment":[{"href":"https:\/\/convenzioni.cralnetwork.it\/uilpolizia\/wp-json\/wp\/v2\/media?parent=98637"}],"wp:term":[{"taxonomy":"product_brand","embeddable":true,"href":"https:\/\/convenzioni.cralnetwork.it\/uilpolizia\/wp-json\/wp\/v2\/product_brand?post=98637"},{"taxonomy":"product_cat","embeddable":true,"href":"https:\/\/convenzioni.cralnetwork.it\/uilpolizia\/wp-json\/wp\/v2\/product_cat?post=98637"},{"taxonomy":"product_tag","embeddable":true,"href":"https:\/\/convenzioni.cralnetwork.it\/uilpolizia\/wp-json\/wp\/v2\/product_tag?post=98637"}],"curies":[{"name":"wp","href":"https:\/\/api.w.org\/{rel}","templated":true}]}}