{"id":42474,"date":"2023-02-28T17:16:33","date_gmt":"2023-02-28T16:16:33","guid":{"rendered":"https:\/\/convenzioni.cralnetwork.it\/uilpolizia\/?post_type=product&#038;p=42474"},"modified":"2023-02-28T17:23:25","modified_gmt":"2023-02-28T16:23:25","slug":"playoff","status":"publish","type":"product","link":"https:\/\/convenzioni.cralnetwork.it\/uilpolizia\/prodotto\/playoff\/","title":{"rendered":"Playoff"},"content":{"rendered":"<p>[et_pb_section fb_built=&#8221;1&#8243; custom_padding_last_edited=&#8221;on|phone&#8221; _builder_version=&#8221;4.9.4&#8243; _module_preset=&#8221;default&#8221; background_enable_color=&#8221;off&#8221; background_image=&#8221;https:\/\/convenzioni.cralnetwork.it\/uilpolizia\/wp-content\/uploads\/sites\/2\/2023\/02\/b673f69e-3d90-41e3-ba89-a110734d3fc3.jpg&#8221; max_width=&#8221;95%&#8221; module_alignment=&#8221;center&#8221; custom_margin=&#8221;50px||||false|false&#8221; custom_margin_tablet=&#8221;20px||||false|false&#8221; custom_margin_phone=&#8221;10px||||false|false&#8221; custom_margin_last_edited=&#8221;on|phone&#8221; custom_padding=&#8221;400px||0px||false|false&#8221; custom_padding_tablet=&#8221;70px||0px||false|false&#8221; custom_padding_phone=&#8221;&#8221; background_last_edited=&#8221;on|tablet&#8221; background_position_tablet=&#8221;bottom_center&#8221; da_disable_devices=&#8221;off|off|off&#8221; da_is_popup=&#8221;off&#8221; da_exit_intent=&#8221;off&#8221; da_has_close=&#8221;on&#8221; da_alt_close=&#8221;off&#8221; da_dark_close=&#8221;off&#8221; da_not_modal=&#8221;on&#8221; da_is_singular=&#8221;off&#8221; da_with_loader=&#8221;off&#8221; da_has_shadow=&#8221;on&#8221;][et_pb_row _builder_version=&#8221;4.9.4&#8243; _module_preset=&#8221;default&#8221; background_color=&#8221;rgba(20,127,64,0.85)&#8221; width_tablet=&#8221;90%&#8221; width_phone=&#8221;&#8221; width_last_edited=&#8221;on|phone&#8221; max_width_tablet=&#8221;&#8221; max_width_phone=&#8221;&#8221; max_width_last_edited=&#8221;on|tablet&#8221; custom_padding=&#8221;20px|20px|20px|20px|true|true&#8221;][et_pb_column type=&#8221;4_4&#8243; _builder_version=&#8221;4.9.4&#8243; _module_preset=&#8221;default&#8221;][et_pb_text admin_label=&#8221;Titolo Chi siamo&#8221; _builder_version=&#8221;4.9.4&#8243; text_font=&#8221;||||||||&#8221; text_font_size=&#8221;16px&#8221; header_font=&#8221;||||||||&#8221; header_2_font=&#8221;Allura|600|||||||&#8221; header_2_text_align=&#8221;left&#8221; header_2_text_color=&#8221;#FFFFFF&#8221; header_2_font_size=&#8221;45px&#8221; header_2_letter_spacing=&#8221;2px&#8221; header_2_line_height=&#8221;1.5em&#8221; max_width=&#8221;600px&#8221; custom_margin=&#8221;||10px||false|false&#8221; header_2_font_size_tablet=&#8221;50px&#8221; header_2_font_size_phone=&#8221;32px&#8221; header_2_font_size_last_edited=&#8221;on|desktop&#8221; locked=&#8221;off&#8221;]<\/p>\n<h2>PlayOff<\/h2>\n<p>[\/et_pb_text][et_pb_wc_description admin_label=&#8221;descrizione convenzione&#8221; _builder_version=&#8221;4.9.4&#8243; body_font=&#8221;||||||||&#8221; body_text_color=&#8221;#FFFFFF&#8221; body_font_size=&#8221;16px&#8221;][\/et_pb_wc_description][\/et_pb_column][\/et_pb_row][\/et_pb_section][et_pb_section fb_built=&#8221;1&#8243; _builder_version=&#8221;4.9.4&#8243; _module_preset=&#8221;default&#8221; background_color=&#8221;rgba(239,235,210,0.27)&#8221; custom_padding=&#8221;0px||||false|false&#8221; da_disable_devices=&#8221;off|off|off&#8221; da_is_popup=&#8221;off&#8221; da_exit_intent=&#8221;off&#8221; da_has_close=&#8221;on&#8221; da_alt_close=&#8221;off&#8221; da_dark_close=&#8221;off&#8221; da_not_modal=&#8221;on&#8221; da_is_singular=&#8221;off&#8221; da_with_loader=&#8221;off&#8221; da_has_shadow=&#8221;on&#8221;][et_pb_row column_structure=&#8221;2_5,3_5&#8243; _builder_version=&#8221;4.9.4&#8243; _module_preset=&#8221;default&#8221; custom_margin=&#8221;||||false|false&#8221; custom_padding=&#8221;0px||||false|false&#8221;][et_pb_column type=&#8221;2_5&#8243; _builder_version=&#8221;4.9.4&#8243; _module_preset=&#8221;default&#8221; custom_padding=&#8221;70px|||20px|false|false&#8221;][et_pb_image src=&#8221;https:\/\/convenzioni.cralnetwork.it\/uilpolizia\/wp-content\/uploads\/sites\/2\/2023\/02\/logo-2-1.png&#8221; title_text=&#8221;logo (2) (1)&#8221; align_tablet=&#8221;&#8221; align_phone=&#8221;center&#8221; align_last_edited=&#8221;on|phone&#8221; _builder_version=&#8221;4.9.4&#8243; _module_preset=&#8221;default&#8221; max_width_tablet=&#8221;30%&#8221; max_width_phone=&#8221;60%&#8221; max_width_last_edited=&#8221;on|phone&#8221; custom_margin=&#8221;||50px||false|false&#8221;][\/et_pb_image][et_pb_text admin_label=&#8221;Titolo Chi siamo&#8221; _builder_version=&#8221;4.9.4&#8243; text_font=&#8221;||||||||&#8221; text_font_size=&#8221;16px&#8221; header_font=&#8221;||||||||&#8221; header_2_font=&#8221;Poppins|600|||||||&#8221; header_2_text_align=&#8221;left&#8221; header_2_text_color=&#8221;#ff9933&#8243; header_2_font_size=&#8221;25px&#8221; header_2_letter_spacing=&#8221;2px&#8221; header_2_line_height=&#8221;1.5em&#8221; max_width=&#8221;600px&#8221; header_2_font_size_tablet=&#8221;25px&#8221; header_2_font_size_phone=&#8221;22px&#8221; header_2_font_size_last_edited=&#8221;on|phone&#8221; locked=&#8221;off&#8221;]<\/p>\n<h2>SUMMER SOCCER CAMP BARDONECCHIA<\/h2>\n<p>[\/et_pb_text][et_pb_text admin_label=&#8221;Titolo Chi siamo&#8221; _builder_version=&#8221;4.9.4&#8243; text_font=&#8221;Poppins|300|||||||&#8221; text_font_size=&#8221;15px&#8221; text_line_height=&#8221;1.9em&#8221; header_font=&#8221;||||||||&#8221; header_2_font=&#8221;Poppins||||||||&#8221; header_2_text_align=&#8221;left&#8221; header_2_font_size=&#8221;21px&#8221; header_2_letter_spacing=&#8221;2px&#8221; header_2_line_height=&#8221;1.2em&#8221; max_width=&#8221;600px&#8221; custom_margin=&#8221;-30px||||false|false&#8221; header_2_font_size_tablet=&#8221;50px&#8221; header_2_font_size_phone=&#8221;32px&#8221; header_2_font_size_last_edited=&#8221;on|desktop&#8221; locked=&#8221;off&#8221;]<\/p>\n<p>Date<\/p>\n<p><strong>1^<\/strong> 18\/06\/2023 &#8211; 23\/06\/2023<\/p>\n<p><strong>2^<\/strong> 25\/06\/2023 &#8211; 30\/06\/2023<br \/>18\/06\/2023 &#8211; 30\/06\/2023 Bisettimanale<\/p>\n<p><strong>3^<\/strong> 02\/07\/2023 &#8211; 07\/07\/2023<br \/>25\/06\/2023 &#8211; 07\/07\/2023 Bisettimanale<\/p>\n<p><strong>4^<\/strong> 09\/07\/2023 &#8211; 14\/07\/2023<br \/>02\/07\/2023 &#8211; 14\/07\/2023 Bisettimanale<\/p>\n<p>[\/et_pb_text][\/et_pb_column][et_pb_column type=&#8221;3_5&#8243; _builder_version=&#8221;4.9.4&#8243; _module_preset=&#8221;default&#8221;][dsm_masonry_gallery gallery_ids=&#8221;42482,42484,42485,42486,42488,42492,42489,42491&#8243; columns=&#8221;2&#8243; use_zoom_on_hover=&#8221;on&#8221; _builder_version=&#8221;4.9.4&#8243; _module_preset=&#8221;default&#8221; hover_enabled=&#8221;0&#8243; sticky_enabled=&#8221;0&#8243;][\/dsm_masonry_gallery][\/et_pb_column][\/et_pb_row][et_pb_row _builder_version=&#8221;4.9.4&#8243; _module_preset=&#8221;default&#8221;][et_pb_column type=&#8221;4_4&#8243; _builder_version=&#8221;4.9.4&#8243; _module_preset=&#8221;default&#8221;][et_pb_text admin_label=&#8221;Titolo Chi siamo&#8221; _builder_version=&#8221;4.9.4&#8243; text_font=&#8221;||||||||&#8221; text_font_size=&#8221;16px&#8221; header_font=&#8221;||||||||&#8221; header_2_font=&#8221;Poppins|600|on||||||&#8221; header_2_text_align=&#8221;center&#8221; header_2_font_size=&#8221;30px&#8221; header_2_letter_spacing=&#8221;2px&#8221; header_2_line_height=&#8221;1.5em&#8221; header_2_font_size_tablet=&#8221;34px&#8221; header_2_font_size_phone=&#8221;23px&#8221; header_2_font_size_last_edited=&#8221;on|tablet&#8221; locked=&#8221;off&#8221;]<\/p>\n<h2>L&#8217;UNICO CAMP SPECIFICO SUL CALCIO HIGH PERFORMANCE!<\/h2>\n<p>[\/et_pb_text][\/et_pb_column][\/et_pb_row][et_pb_row _builder_version=&#8221;4.9.4&#8243; _module_preset=&#8221;default&#8221; custom_padding=&#8221;20px|20px|20px|20px|true|true&#8221; border_width_all=&#8221;3px&#8221; border_color_all=&#8221;#147f40&#8243; border_style_all=&#8221;dashed&#8221;][et_pb_column type=&#8221;4_4&#8243; _builder_version=&#8221;4.9.4&#8243; _module_preset=&#8221;default&#8221;][et_pb_text _builder_version=&#8221;4.9.4&#8243; _module_preset=&#8221;default&#8221; text_font=&#8221;Poppins|300|||||||&#8221; text_font_size=&#8221;15px&#8221; text_orientation=&#8221;center&#8221;]<\/p>\n<p>Questa tipologia di camp <strong>nasce<\/strong> per soddisfare la <strong>volont\u00e0 del calciatore<\/strong> che vuole allenarsi con intensit\u00e0 e costanza anche nel <strong>periodo estivo<\/strong>. Due ore di seduta specifica al mattino e due al pomeriggio.<\/p>\n<p>\u00c8 strutturato per <strong>perfezionare tecnica e tattica<\/strong>. Gli allenamenti sono <strong>differenziati in relazione al ruolo e al livello di preparazione<\/strong> di ciascun atleta, al livello di esperienza agonistica e all\u2019et\u00e0; la ricerca del miglioramento continuo sul campo viene agevolata anche da una serie di<strong> riprese e video<\/strong> degli allenamenti utili ad un&#8217;analisi attenta e condivisa con momenti di <strong>feedback in aula<\/strong>.<\/p>\n<p>Ogni esercitazione \u00e8 svolta con il supporto della palla, nel rispetto delle<strong> pi\u00f9 moderne teorie d\u2019insegnamento<\/strong>; vengono proposte esercitazioni singole e di gruppo, con il fine di perfezionare la tecnica di base e correggere gli errori.<\/p>\n<p><strong>Lavori specifici:<\/strong> coordinativi, condizionali e cognitivi.<\/p>\n<p><strong>\u2022<\/strong>\u00a0 Staff di <strong>allenatori e preparatori<\/strong> con Licenze Uefa e\/o Scienze Motorie.<br \/><strong>\u2022\u00a0 Lavoro specifico<\/strong> per i portieri con un allenatore<strong> presente per tutto<\/strong> il periodo del camp.<\/p>\n<p>[\/et_pb_text][et_pb_toggle title=&#8221;PROGRAMMA TECNICO&#8221; open_toggle_text_color=&#8221;#ff9933&#8243; open_toggle_background_color=&#8221;RGBA(0,0,0,0)&#8221; closed_toggle_background_color=&#8221;RGBA(0,0,0,0)&#8221; icon_color=&#8221;#ff9933&#8243; content_tablet=&#8221;&#8221; content_phone=&#8221;<\/p>\n<ul>\n<li><strong>Teoria<br \/><\/strong>Spiegazione e dimostrazione dei gesti tecnici fondamentali.<\/li>\n<li><strong>Tecnica individuale di base<br \/><\/strong>Interno, esterno, collo piede, colpo di testa, stop.<\/li>\n<li><strong>Tecnica applicata alle situazioni di gioco<br \/><\/strong>Finta, dribbling, cross, tiro in porta, calci di punizione, calci d\u2019angolo e rigori.<\/li>\n<li><strong>Tattica individuale<br \/><\/strong>Protezione e difesa del pallone, sovrapposizioni, marcamento e smarcamento, tagli, incroci, cambio gioco.<\/li>\n<li><strong>Schemi tattici di squadra<br \/><\/strong>Marcatura a uomo, a zona, pressing, fuorigioco e situazioni con palla inattiva.<\/li>\n<li><strong>Tornei e giochi<\/strong><br \/>Mini partite, tornei, gare di rigori e punizioni, classifica capocannonieri, premiazione per il miglior giocatore dello stage, miglior giocatore del gruppo, premio fairplay non solo per i pi\u00f9 meritevoli, ma anche per i pi\u00f9 simpatici, i pi\u00f9 corretti e i pi\u00f9 educati.<\/li>\n<\/ul>\n<p>&#8221; content_last_edited=&#8221;on|phone&#8221; _builder_version=&#8221;4.9.4&#8243; _module_preset=&#8221;default&#8221; title_text_color=&#8221;#ff9933&#8243; title_font=&#8221;Poppins|600|||||||&#8221; title_text_align=&#8221;center&#8221; title_letter_spacing=&#8221;2px&#8221; title_line_height=&#8221;1.2em&#8221; body_font=&#8221;Poppins|300|||||||&#8221; body_font_size=&#8221;15px&#8221; background_color=&#8221;RGBA(0,0,0,0)&#8221; text_orientation=&#8221;center&#8221; custom_padding_tablet=&#8221;&#8221; custom_padding_phone=&#8221;|0px||0px|false|true&#8221; custom_padding_last_edited=&#8221;on|phone&#8221; title_text_align_tablet=&#8221;&#8221; title_text_align_phone=&#8221;left&#8221; title_text_align_last_edited=&#8221;on|phone&#8221; body_text_align_tablet=&#8221;&#8221; body_text_align_phone=&#8221;left&#8221; body_text_align_last_edited=&#8221;on|phone&#8221; border_width_all=&#8221;0px&#8221;]<\/p>\n<p><strong>\u2022\u00a0 Teoria<br \/><\/strong>Spiegazione e dimostrazione dei gesti tecnici fondamentali.<\/p>\n<p><strong>\u2022\u00a0 Tecnica individuale di base<br \/><\/strong>Interno, esterno, collo piede, colpo di testa, stop.<\/p>\n<p><strong>\u2022\u00a0 Tecnica applicata alle situazioni di gioco<br \/><\/strong>Finta, dribbling, cross, tiro in porta, calci di punizione, calci d\u2019angolo e rigori.<\/p>\n<p><strong>\u2022\u00a0 Tattica individuale<br \/><\/strong>Protezione e difesa del pallone, sovrapposizioni, marcamento e smarcamento, tagli, incroci, cambio gioco.<\/p>\n<p><strong>\u2022\u00a0 Schemi tattici di squadra<br \/><\/strong>Marcatura a uomo, a zona, pressing, fuorigioco e situazioni con palla inattiva.<\/p>\n<p><strong>\u2022\u00a0 Tornei e giochi<\/strong><br \/>Mini partite, tornei, gare di rigori e punizioni, classifica capocannonieri, premiazione per il miglior giocatore dello stage, miglior giocatore del gruppo, premio fairplay non solo per i pi\u00f9 meritevoli, ma anche per i pi\u00f9 simpatici, i pi\u00f9 corretti e i pi\u00f9 educati.<\/p>\n<p>[\/et_pb_toggle][\/et_pb_column][\/et_pb_row][\/et_pb_section][et_pb_section fb_built=&#8221;1&#8243; admin_label=&#8221;Stats&#8221; _builder_version=&#8221;4.9.4&#8243; background_color=&#8221;#147f40&#8243; max_width_tablet=&#8221;&#8221; max_width_phone=&#8221;&#8221; max_width_last_edited=&#8221;on|phone&#8221; da_disable_devices=&#8221;off|off|off&#8221; da_is_popup=&#8221;off&#8221; da_exit_intent=&#8221;off&#8221; da_has_close=&#8221;on&#8221; da_alt_close=&#8221;off&#8221; da_dark_close=&#8221;off&#8221; da_not_modal=&#8221;on&#8221; da_is_singular=&#8221;off&#8221; da_with_loader=&#8221;off&#8221; da_has_shadow=&#8221;on&#8221;][et_pb_row _builder_version=&#8221;4.9.4&#8243; max_width=&#8221;1105px&#8221;][et_pb_column type=&#8221;4_4&#8243; _builder_version=&#8221;4.9.4&#8243; custom_padding=&#8221;|||&#8221; custom_padding__hover=&#8221;|||&#8221;][et_pb_text _builder_version=&#8221;4.9.4&#8243; _module_preset=&#8221;default&#8221; header_3_font=&#8221;Poppins|600|on||||||&#8221; header_3_text_align=&#8221;center&#8221; header_3_text_color=&#8221;#FFFFFF&#8221; header_3_font_size=&#8221;34px&#8221; header_3_line_height=&#8221;1.4em&#8221; header_3_font_size_tablet=&#8221;30px&#8221; header_3_font_size_phone=&#8221;25px&#8221; header_3_font_size_last_edited=&#8221;on|phone&#8221;]<\/p>\n<h3>Per gli associati:<\/h3>\n<p>[\/et_pb_text][et_pb_text _builder_version=&#8221;4.9.4&#8243; _module_preset=&#8221;default&#8221; header_3_font=&#8221;Poppins||||||||&#8221; header_3_text_align=&#8221;center&#8221; header_3_text_color=&#8221;#FFFFFF&#8221; header_3_font_size=&#8221;24px&#8221; header_3_line_height=&#8221;1.8em&#8221; custom_margin=&#8221;-20px||||false|false&#8221; header_3_font_size_tablet=&#8221;23px&#8221; header_3_font_size_phone=&#8221;19px&#8221; header_3_font_size_last_edited=&#8221;on|tablet&#8221;]<\/p>\n<h3>\u2022\u00a0 Settimana (domenica-venerd\u00ec) FULL CAMP <span style=\"text-decoration: underline;\">560,00\u20ac<\/span> &#8211; DAY CAMP <span style=\"text-decoration: underline;\">340,00\u20ac<\/span><br \/>\u2022\u00a0 Bisettimanale FULL CAMP (domenica &#8211; secondo venerd\u00ec) <span style=\"text-decoration: underline;\">1080,00\u20ac<\/span> &#8211; DAY CAMP <span style=\"text-decoration: underline;\">650,00\u20ac<\/span><br \/>\u2022\u00a0 Eventuale trasporto (Torino \/ Milano) <em>Costo da definire<\/em><\/h3>\n<p>[\/et_pb_text][et_pb_toggle title=&#8221;COSA COMPRENDE LA QUOTA DI PARTECIPAZIONE E ASSOCIAZIONE?&#8221; open_toggle_text_color=&#8221;#ff9933&#8243; open_toggle_background_color=&#8221;#FFFFFF&#8221; closed_toggle_background_color=&#8221;#FFFFFF&#8221; icon_color=&#8221;#ff9933&#8243; content_tablet=&#8221;&#8221; content_phone=&#8221;<\/p>\n<ul style=%22text-align: left;%22>\n<li style=%22text-align: left;%22>Pernottamento con pensione completa<\/li>\n<li style=%22text-align: left;%22>Corsi sportivi con istruttori federali<\/li>\n<li style=%22text-align: left;%22>Abbigliamento sportivo PlayOff<\/li>\n<li style=%22text-align: left;%22>Assistenza medica<\/li>\n<li style=%22text-align: left;%22>Organizzazione ed animazione del tempo libero<\/li>\n<li style=%22text-align: left;%22>Assistenza sportiva e logistica continua<\/li>\n<li style=%22text-align: left;%22>Assicurazioni infortuni e RC<\/li>\n<li style=%22text-align: left;%22>Scheda tecnica personale, attestato di partecipazione<\/li>\n<\/ul>\n<p>&#8221; content_last_edited=&#8221;on|phone&#8221; _builder_version=&#8221;4.9.4&#8243; _module_preset=&#8221;default&#8221; title_text_color=&#8221;#ff9933&#8243; title_font=&#8221;Poppins|600|||||||&#8221; title_text_align=&#8221;center&#8221; title_letter_spacing=&#8221;2px&#8221; title_line_height=&#8221;1.4em&#8221; body_font=&#8221;Poppins|300|||||||&#8221; body_font_size=&#8221;15px&#8221; background_color=&#8221;RGBA(0,0,0,0)&#8221; text_orientation=&#8221;center&#8221; title_text_align_tablet=&#8221;&#8221; title_text_align_phone=&#8221;left&#8221; title_text_align_last_edited=&#8221;on|desktop&#8221; title_font_size_tablet=&#8221;16px&#8221; title_font_size_phone=&#8221;&#8221; title_font_size_last_edited=&#8221;on|phone&#8221; border_width_all=&#8221;0px&#8221;]<\/p>\n<p style=\"text-align: center;\">\u2022 Pernottamento con pensione completa<br \/>\u2022 Corsi sportivi con istruttori federali<br \/>\u2022 Abbigliamento sportivo PlayOff<br \/>\u2022 Assistenza medica<br \/>\u2022 Organizzazione ed animazione del tempo libero<br \/>\u2022 Assistenza sportiva e logistica continua<br \/>\u2022 Assicurazioni infortuni e RC<br \/>\u2022 Scheda tecnica personale, attestato di partecipazione<\/p>\n<p>[\/et_pb_toggle][\/et_pb_column][\/et_pb_row][\/et_pb_section][et_pb_section fb_built=&#8221;1&#8243; admin_label=&#8221;Gallery&#8221; _builder_version=&#8221;4.9.4&#8243; background_color=&#8221;#FFFFFF&#8221; background_size=&#8221;initial&#8221; background_position=&#8221;bottom_left&#8221; da_disable_devices=&#8221;off|off|off&#8221; da_is_popup=&#8221;off&#8221; da_exit_intent=&#8221;off&#8221; da_has_close=&#8221;on&#8221; da_alt_close=&#8221;off&#8221; da_dark_close=&#8221;off&#8221; da_not_modal=&#8221;on&#8221; da_is_singular=&#8221;off&#8221; da_with_loader=&#8221;off&#8221; da_has_shadow=&#8221;on&#8221;][et_pb_row column_structure=&#8221;2_5,3_5&#8243; _builder_version=&#8221;4.9.4&#8243; _module_preset=&#8221;default&#8221;][et_pb_column type=&#8221;2_5&#8243; _builder_version=&#8221;4.9.4&#8243; _module_preset=&#8221;default&#8221;][et_pb_image src=&#8221;https:\/\/convenzioni.cralnetwork.it\/uilpolizia\/wp-content\/uploads\/sites\/2\/2023\/02\/campo-Bardonecchia-1.jpg&#8221; title_text=&#8221;campo Bardonecchia 1&#8243; _builder_version=&#8221;4.9.4&#8243; _module_preset=&#8221;default&#8221;][\/et_pb_image][\/et_pb_column][et_pb_column type=&#8221;3_5&#8243; _builder_version=&#8221;4.9.4&#8243; _module_preset=&#8221;default&#8221; custom_padding=&#8221;10px||||false|false&#8221;][et_pb_text admin_label=&#8221;Titolo Chi siamo&#8221; _builder_version=&#8221;4.9.4&#8243; text_font=&#8221;||||||||&#8221; text_font_size=&#8221;16px&#8221; header_font=&#8221;||||||||&#8221; header_2_font=&#8221;Poppins|600|||||||&#8221; header_2_text_align=&#8221;left&#8221; header_2_text_color=&#8221;#ff9933&#8243; header_2_font_size=&#8221;25px&#8221; header_2_letter_spacing=&#8221;2px&#8221; header_2_line_height=&#8221;1.5em&#8221; max_width=&#8221;600px&#8221; custom_margin=&#8221;||0px||false|false&#8221; header_2_font_size_tablet=&#8221;35px&#8221; header_2_font_size_phone=&#8221;28px&#8221; header_2_font_size_last_edited=&#8221;on|phone&#8221; locked=&#8221;off&#8221;]<\/p>\n<h2>BARDONECCHIA<\/h2>\n<p>[\/et_pb_text][et_pb_text _builder_version=&#8221;4.9.4&#8243; _module_preset=&#8221;default&#8221; text_font=&#8221;Poppins|300|||||||&#8221; text_font_size=&#8221;15px&#8221; text_orientation=&#8221;justified&#8221;]<\/p>\n<p>Bardonecchia \u00e8 un comune italiano di 3.073 abitanti della citt\u00e0 metropolitana di Torino in Piemonte, in alta Val di Susa, importante centro per gli sport invernali, che vanta due comprensori sciistici: quello del Colomion-Les Arnauds-Melezet e quello dello Jafferau.<\/p>\n<p>Raggiungibile in autostrada (Torino-Frejus), strada statale, ferrovia, con facili collegamenti dall\u2019aeroporto di caselle. Natura, arte, tradizioni, vocazione turistica e sportiva rendono il territorio, gi\u00e0 privilegiato dal clima e dalla leadership invernale (via Lattea), una tra le zone turisticamente pi\u00f9 complete nel panorama vacanziero italiano ed europeo.<\/p>\n<p>[\/et_pb_text][\/et_pb_column][\/et_pb_row][et_pb_row _builder_version=&#8221;4.9.4&#8243; _module_preset=&#8221;default&#8221;][et_pb_column type=&#8221;4_4&#8243; _builder_version=&#8221;4.9.4&#8243; _module_preset=&#8221;default&#8221;][et_pb_text admin_label=&#8221;Titolo Chi siamo&#8221; _builder_version=&#8221;4.9.4&#8243; text_font=&#8221;||||||||&#8221; text_font_size=&#8221;16px&#8221; header_font=&#8221;||||||||&#8221; header_2_font=&#8221;Poppins|600|||||||&#8221; header_2_text_align=&#8221;center&#8221; header_2_text_color=&#8221;#ff9933&#8243; header_2_font_size=&#8221;25px&#8221; header_2_letter_spacing=&#8221;2px&#8221; header_2_line_height=&#8221;1.5em&#8221; custom_margin=&#8221;||0px||false|false&#8221; header_2_text_align_tablet=&#8221;left&#8221; header_2_text_align_phone=&#8221;&#8221; header_2_text_align_last_edited=&#8221;on|phone&#8221; header_2_font_size_tablet=&#8221;35px&#8221; header_2_font_size_phone=&#8221;28px&#8221; header_2_font_size_last_edited=&#8221;on|phone&#8221; locked=&#8221;off&#8221;]<\/p>\n<h2>INFORMAZIONI LOGISTICHE<\/h2>\n<p>[\/et_pb_text][\/et_pb_column][\/et_pb_row][et_pb_row column_structure=&#8221;1_3,1_3,1_3&#8243; _builder_version=&#8221;4.9.4&#8243; _module_preset=&#8221;default&#8221; custom_margin=&#8221;-30px||||false|false&#8221;][et_pb_column type=&#8221;1_3&#8243; _builder_version=&#8221;4.9.4&#8243; _module_preset=&#8221;default&#8221;][et_pb_text _builder_version=&#8221;4.9.4&#8243; _module_preset=&#8221;default&#8221; text_font=&#8221;Poppins|300|||||||&#8221; text_font_size=&#8221;15px&#8221; text_orientation=&#8221;center&#8221; text_orientation_tablet=&#8221;left&#8221; text_orientation_phone=&#8221;&#8221; text_orientation_last_edited=&#8221;on|tablet&#8221;]<\/p>\n<p><strong>STRUTTURE SPORTIVE<\/strong><\/p>\n<p><span style=\"text-decoration: underline;\">Impianto sportivo:<\/span><br \/><strong>Via Mallen, 2 &#8211; 10152 Bardonecchia (TO)<\/strong><\/p>\n<p>Campo Comunale in erba naturale (110\u00d775 mt), campo sintetico (70&#215;50)<\/p>\n<p>[\/et_pb_text][\/et_pb_column][et_pb_column type=&#8221;1_3&#8243; _builder_version=&#8221;4.9.4&#8243; _module_preset=&#8221;default&#8221;][et_pb_text _builder_version=&#8221;4.9.4&#8243; _module_preset=&#8221;default&#8221; text_font=&#8221;Poppins|300|||||||&#8221; text_font_size=&#8221;15px&#8221; text_orientation=&#8221;center&#8221; text_orientation_tablet=&#8221;left&#8221; text_orientation_phone=&#8221;&#8221; text_orientation_last_edited=&#8221;on|tablet&#8221;]<\/p>\n<p><strong>STRUTTURA RICETTIVA<\/strong><\/p>\n<p><span style=\"text-decoration: underline;\">Appartamenti Bardonecchia<\/span><strong><br \/>Via Genova, 4 \u2013 10152 Bardonecchia (TO)<\/strong><\/p>\n<p>Situata in posizione centralissima, al fondo della via principale Medail.<\/p>\n<p>[\/et_pb_text][\/et_pb_column][et_pb_column type=&#8221;1_3&#8243; _builder_version=&#8221;4.9.4&#8243; _module_preset=&#8221;default&#8221;][et_pb_text _builder_version=&#8221;4.9.4&#8243; _module_preset=&#8221;default&#8221; text_font=&#8221;Poppins|300|||||||&#8221; text_font_size=&#8221;15px&#8221; text_orientation=&#8221;center&#8221; text_orientation_tablet=&#8221;left&#8221; text_orientation_phone=&#8221;&#8221; text_orientation_last_edited=&#8221;on|tablet&#8221;]<\/p>\n<p><strong>STRUTTURA RICETTIVA<\/strong><\/p>\n<p><span style=\"text-decoration: underline;\">Residence Tabor<\/span><br \/><strong>Via della Stazione, 6 \u2013 10152 Bardonecchia (TO)<\/strong><\/p>\n<p>Situata in posizione centralissima, al fondo della via principale Medail.<\/p>\n<p>[\/et_pb_text][\/et_pb_column][\/et_pb_row][\/et_pb_section][et_pb_section fb_built=&#8221;1&#8243; _builder_version=&#8221;4.9.4&#8243; _module_preset=&#8221;default&#8221; background_color=&#8221;rgba(239,235,210,0.27)&#8221; da_disable_devices=&#8221;off|off|off&#8221; da_is_popup=&#8221;off&#8221; da_exit_intent=&#8221;off&#8221; da_has_close=&#8221;on&#8221; da_alt_close=&#8221;off&#8221; da_dark_close=&#8221;off&#8221; da_not_modal=&#8221;on&#8221; da_is_singular=&#8221;off&#8221; da_with_loader=&#8221;off&#8221; da_has_shadow=&#8221;on&#8221;][et_pb_row column_structure=&#8221;2_5,3_5&#8243; _builder_version=&#8221;4.9.4&#8243; _module_preset=&#8221;default&#8221;][et_pb_column type=&#8221;2_5&#8243; _builder_version=&#8221;4.9.4&#8243; _module_preset=&#8221;default&#8221; custom_padding=&#8221;30px||||false|false&#8221;][et_pb_text admin_label=&#8221;Titolo Contatti&#8221; _builder_version=&#8221;4.9.4&#8243; text_font=&#8221;||||||||&#8221; text_font_size=&#8221;16px&#8221; text_line_height=&#8221;2em&#8221; header_font=&#8221;Poppins||||||||&#8221; header_2_font=&#8221;Source Sans Pro|700|||||||&#8221; header_2_font_size=&#8221;60px&#8221; header_2_line_height=&#8221;1.2em&#8221; header_4_font=&#8221;Poppins|600||on|||||&#8221; header_4_text_color=&#8221;#147f40&#8243; header_4_font_size=&#8221;30px&#8221; header_4_letter_spacing=&#8221;1px&#8221; max_width=&#8221;600px&#8221; header_2_font_size_tablet=&#8221;50px&#8221; header_2_font_size_phone=&#8221;32px&#8221; header_2_font_size_last_edited=&#8221;on|desktop&#8221;]<\/p>\n<h4>Contatti<\/h4>\n<p>[\/et_pb_text][et_pb_code admin_label=&#8221;dati aziendali&#8221; module_class=&#8221;contatti-auto&#8221; _builder_version=&#8221;4.9.4&#8243; _module_preset=&#8221;default&#8221; custom_margin=&#8221;-55px||0px||false|false&#8221; custom_padding=&#8221;0px||0px||false|false&#8221;]<\/p>\n<div style=\"font-family: Poppins, sans-serif; font-size: 16px; line-height: 28px; font-weight: 400\"><!-- [et_pb_line_break_holder] -->  <br \/><p><strong>Indirizzo:<\/strong> Milano, MI <br>\n<strong>Telefono:<\/strong> +39 3519063107 <br><strong>Sito web:<\/strong> <a href=\"http:\/\/playoffsportsevents.com\">playoffsportsevents.com<\/a> <br> \n<strong>Mail:<\/strong> <a href=\"mailto:playoffasd@gmail.com\">playoffasd@gmail.com<\/a> \n<\/p><br \/><!-- [et_pb_line_break_holder] --><\/div>\n<p>[\/et_pb_code][et_pb_button button_url=&#8221;https:\/\/convenzioni.cralnetwork.it\/simguardiadifinanza\/wp-content\/uploads\/sites\/7\/2023\/02\/info-generiche-Bardonecchia-2023.pdf&#8221; url_new_window=&#8221;on&#8221; button_text=&#8221;Clicca e scarica la brochure&#8221; _builder_version=&#8221;4.9.4&#8243; _module_preset=&#8221;default&#8221; custom_button=&#8221;on&#8221; button_text_size=&#8221;17px&#8221; button_text_color=&#8221;#ff9933&#8243; button_border_width=&#8221;2px&#8221; button_border_radius=&#8221;30px&#8221; button_font=&#8221;Poppins||||||||&#8221; button_border_width_tablet=&#8221;2px&#8221; button_border_width_phone=&#8221;1px&#8221; button_border_width_last_edited=&#8221;on|tablet&#8221;][\/et_pb_button][\/et_pb_column][et_pb_column type=&#8221;3_5&#8243; _builder_version=&#8221;4.9.4&#8243; _module_preset=&#8221;default&#8221;][et_pb_code admin_label=&#8221;mappa singola&#8221; _builder_version=&#8221;4.9.4&#8243; _module_preset=&#8221;default&#8221;]<div id=\"gmw-single-location-wrapper-253\" class=\"gmw-element-wrapper gmw-single-location-wrapper gmw-sl-wrapper gmw-sl-single-post-wrapper post \" object_type=\"post\" object_id=\"42474\"  style=\"width:100%\"><div class=\"gmw-sl-map-wrapper gmw-sl-element\"><div id=\"gmw-map-wrapper-253\" class=\"gmw-map-wrapper  sl single_location \" style=\"width:100%;height:300px;\"> <span id=\"gmw-resize-map-toggle-253\" class=\"gmw-resize-map-toggle gmw-icon-resize-full\" style=\"display:none;\" title=\"Resize map\"><\/span> <div id=\"gmw-map-loader-253\" class=\"gmw-map-loader\"><\/div> <div id=\"gmw-map-253\" class=\"gmw-map sl single_location\" style=\"width:100%; height:100%\" data-map_id=\"253\" data-prefix=\"sl\" data-map_type=\"single_location\" data-icons_usage=\"global\"><\/div> <\/div><\/div><\/div>[\/et_pb_code][\/et_pb_column][\/et_pb_row][\/et_pb_section]<\/p>\n","protected":false},"excerpt":{"rendered":"<div style=\"font-family: Poppins, sans-serf; font-size: 15px; font-weight: 400; line-height: 25px; text-align: justify\">\n<strong>PlayOff Asd<\/strong> \u00e8 una <strong>societ\u00e0 sportiva dilettantistica<\/strong> nata dall\u2019idea dei 5 soci fondatori sulla base delle loro molteplici esperienze maturate nel proprio percorso sportivo e non, con l\u2019intento di <strong>promuovere iniziative ed eventi sportivi<\/strong> principalmente orientati sul calcio ma non solo.<\/p>\n<p>Il rispetto, la socializzazione, il divertimento e il comportamento etico sono i punti saldi dell&#8217;intero progetto &#8220;PlayOff&#8221;.<br \/>\nPlayOff offre iniziative<strong> in diversi settori sportivi<\/strong>, iniziative estive, residenziali o giornaliere<strong> per neofiti, atleti gi\u00e0 specializzati e anche per professionisti.<\/strong><\/p>\n<p><strong>PLAYOFF<\/strong> organizza Camp <strong>di calcio e multisport.<\/strong><\/p>\n<p>Il <strong>camp<\/strong> raduna giovani di et\u00e0 e provenienza diversa, <strong>accomunati dall\u2019amore per lo sport<\/strong> e dal piacere di trascorrere giorni di vacanza all\u2019insegna del <strong>divertimento<\/strong>.<\/p>\n<p>Ogni attivit\u00e0 \u00e8 gestita da uno <strong>staff tecnico<\/strong> (allenatori, maestri, preparatori atletici, animatrici per il tempo libero) ed i partecipanti sono inseriti <strong>all&#8217;interno di gruppi squadra<\/strong> che agevolano la condivisione di <strong>esperienze, la socializzazione ed il lavoro in team<\/strong>.\n<\/div>\n","protected":false},"featured_media":42475,"comment_status":"open","ping_status":"closed","template":"","meta":{"_acf_changed":false,"_et_pb_use_builder":"on","_et_pb_old_content":"","_et_gb_content_width":""},"product_brand":[],"product_cat":[313,1701],"product_tag":[2521,1892,5030,5031,5032,4781,5033,5034,5035],"class_list":{"0":"post-42474","1":"product","2":"type-product","3":"status-publish","4":"has-post-thumbnail","6":"product_cat-sport-tempo-libero","7":"product_cat-summer-camp-sportivi","8":"product_tag-attivita-sportive","9":"product_tag-camp","10":"product_tag-camp-estivi","11":"product_tag-camp-multisport","12":"product_tag-camp-sportivi","13":"product_tag-corsi-sportivi","14":"product_tag-divertimento","15":"product_tag-giochi","16":"product_tag-passatempo","18":"first","19":"instock","20":"shipping-taxable","21":"product-type-simple"},"acf":[],"yoast_head":"<!-- This site is optimized with the Yoast SEO plugin v26.4 - https:\/\/yoast.com\/wordpress\/plugins\/seo\/ -->\n<title>Playoff - UIL Polizia<\/title>\n<meta name=\"robots\" content=\"index, follow, max-snippet:-1, max-image-preview:large, max-video-preview:-1\" \/>\n<link rel=\"canonical\" href=\"https:\/\/convenzioni.cralnetwork.it\/uilpolizia\/prodotto\/playoff\/\" \/>\n<meta property=\"og:locale\" content=\"it_IT\" \/>\n<meta property=\"og:type\" content=\"article\" \/>\n<meta property=\"og:title\" content=\"Playoff - UIL Polizia\" \/>\n<meta property=\"og:description\" content=\"PlayOff Asd \u00e8 una societ\u00e0 sportiva dilettantistica nata dall\u2019idea dei 5 soci fondatori sulla base delle loro molteplici esperienze maturate nel proprio percorso sportivo e non, con l\u2019intento di promuovere iniziative ed eventi sportivi principalmente orientati sul calcio ma non solo.  Il rispetto, la socializzazione, il divertimento e il comportamento etico sono i punti saldi dell&#039;intero progetto &quot;PlayOff&quot;. PlayOff offre iniziative in diversi settori sportivi, iniziative estive, residenziali o giornaliere per neofiti, atleti gi\u00e0 specializzati e anche per professionisti.  PLAYOFF organizza Camp di calcio e multisport.  Il camp raduna giovani di et\u00e0 e provenienza diversa, accomunati dall\u2019amore per lo sport e dal piacere di trascorrere giorni di vacanza all\u2019insegna del divertimento.  Ogni attivit\u00e0 \u00e8 gestita da uno staff tecnico (allenatori, maestri, preparatori atletici, animatrici per il tempo libero) ed i partecipanti sono inseriti all&#039;interno di gruppi squadra che agevolano la condivisione di esperienze, la socializzazione ed il lavoro in team.\" \/>\n<meta property=\"og:url\" content=\"https:\/\/convenzioni.cralnetwork.it\/uilpolizia\/prodotto\/playoff\/\" \/>\n<meta property=\"og:site_name\" content=\"UIL Polizia\" \/>\n<meta property=\"article:modified_time\" content=\"2023-02-28T16:23:25+00:00\" \/>\n<meta property=\"og:image\" content=\"https:\/\/convenzioni.cralnetwork.it\/uilpolizia\/wp-content\/uploads\/sites\/2\/2023\/02\/Base-Logo-playoff.jpg\" \/>\n\t<meta property=\"og:image:width\" content=\"300\" \/>\n\t<meta property=\"og:image:height\" content=\"300\" \/>\n\t<meta property=\"og:image:type\" content=\"image\/jpeg\" \/>\n<meta name=\"twitter:card\" content=\"summary_large_image\" \/>\n<meta name=\"twitter:label1\" content=\"Tempo di lettura stimato\" \/>\n\t<meta name=\"twitter:data1\" content=\"13 minuti\" \/>\n<script type=\"application\/ld+json\" class=\"yoast-schema-graph\">{\"@context\":\"https:\/\/schema.org\",\"@graph\":[{\"@type\":\"WebPage\",\"@id\":\"https:\/\/convenzioni.cralnetwork.it\/uilpolizia\/prodotto\/playoff\/\",\"url\":\"https:\/\/convenzioni.cralnetwork.it\/uilpolizia\/prodotto\/playoff\/\",\"name\":\"Playoff - UIL Polizia\",\"isPartOf\":{\"@id\":\"https:\/\/convenzioni.cralnetwork.it\/uilpolizia\/#website\"},\"primaryImageOfPage\":{\"@id\":\"https:\/\/convenzioni.cralnetwork.it\/uilpolizia\/prodotto\/playoff\/#primaryimage\"},\"image\":{\"@id\":\"https:\/\/convenzioni.cralnetwork.it\/uilpolizia\/prodotto\/playoff\/#primaryimage\"},\"thumbnailUrl\":\"https:\/\/convenzioni.cralnetwork.it\/uilpolizia\/wp-content\/uploads\/sites\/2\/2023\/02\/Base-Logo-playoff.jpg\",\"datePublished\":\"2023-02-28T16:16:33+00:00\",\"dateModified\":\"2023-02-28T16:23:25+00:00\",\"breadcrumb\":{\"@id\":\"https:\/\/convenzioni.cralnetwork.it\/uilpolizia\/prodotto\/playoff\/#breadcrumb\"},\"inLanguage\":\"it-IT\",\"potentialAction\":[{\"@type\":\"ReadAction\",\"target\":[\"https:\/\/convenzioni.cralnetwork.it\/uilpolizia\/prodotto\/playoff\/\"]}]},{\"@type\":\"ImageObject\",\"inLanguage\":\"it-IT\",\"@id\":\"https:\/\/convenzioni.cralnetwork.it\/uilpolizia\/prodotto\/playoff\/#primaryimage\",\"url\":\"https:\/\/convenzioni.cralnetwork.it\/uilpolizia\/wp-content\/uploads\/sites\/2\/2023\/02\/Base-Logo-playoff.jpg\",\"contentUrl\":\"https:\/\/convenzioni.cralnetwork.it\/uilpolizia\/wp-content\/uploads\/sites\/2\/2023\/02\/Base-Logo-playoff.jpg\",\"width\":300,\"height\":300},{\"@type\":\"BreadcrumbList\",\"@id\":\"https:\/\/convenzioni.cralnetwork.it\/uilpolizia\/prodotto\/playoff\/#breadcrumb\",\"itemListElement\":[{\"@type\":\"ListItem\",\"position\":1,\"name\":\"Home\",\"item\":\"https:\/\/convenzioni.cralnetwork.it\/uilpolizia\/\"},{\"@type\":\"ListItem\",\"position\":2,\"name\":\"Shop\",\"item\":\"https:\/\/convenzioni.cralnetwork.it\/uilpolizia\/negozio\/\"},{\"@type\":\"ListItem\",\"position\":3,\"name\":\"Playoff\"}]},{\"@type\":\"WebSite\",\"@id\":\"https:\/\/convenzioni.cralnetwork.it\/uilpolizia\/#website\",\"url\":\"https:\/\/convenzioni.cralnetwork.it\/uilpolizia\/\",\"name\":\"UIL Polizia\",\"description\":\"Area convenzioni\",\"potentialAction\":[{\"@type\":\"SearchAction\",\"target\":{\"@type\":\"EntryPoint\",\"urlTemplate\":\"https:\/\/convenzioni.cralnetwork.it\/uilpolizia\/?s={search_term_string}\"},\"query-input\":{\"@type\":\"PropertyValueSpecification\",\"valueRequired\":true,\"valueName\":\"search_term_string\"}}],\"inLanguage\":\"it-IT\"}]}<\/script>\n<!-- \/ Yoast SEO plugin. -->","yoast_head_json":{"title":"Playoff - UIL Polizia","robots":{"index":"index","follow":"follow","max-snippet":"max-snippet:-1","max-image-preview":"max-image-preview:large","max-video-preview":"max-video-preview:-1"},"canonical":"https:\/\/convenzioni.cralnetwork.it\/uilpolizia\/prodotto\/playoff\/","og_locale":"it_IT","og_type":"article","og_title":"Playoff - UIL Polizia","og_description":"PlayOff Asd \u00e8 una societ\u00e0 sportiva dilettantistica nata dall\u2019idea dei 5 soci fondatori sulla base delle loro molteplici esperienze maturate nel proprio percorso sportivo e non, con l\u2019intento di promuovere iniziative ed eventi sportivi principalmente orientati sul calcio ma non solo.  Il rispetto, la socializzazione, il divertimento e il comportamento etico sono i punti saldi dell'intero progetto \"PlayOff\". PlayOff offre iniziative in diversi settori sportivi, iniziative estive, residenziali o giornaliere per neofiti, atleti gi\u00e0 specializzati e anche per professionisti.  PLAYOFF organizza Camp di calcio e multisport.  Il camp raduna giovani di et\u00e0 e provenienza diversa, accomunati dall\u2019amore per lo sport e dal piacere di trascorrere giorni di vacanza all\u2019insegna del divertimento.  Ogni attivit\u00e0 \u00e8 gestita da uno staff tecnico (allenatori, maestri, preparatori atletici, animatrici per il tempo libero) ed i partecipanti sono inseriti all'interno di gruppi squadra che agevolano la condivisione di esperienze, la socializzazione ed il lavoro in team.","og_url":"https:\/\/convenzioni.cralnetwork.it\/uilpolizia\/prodotto\/playoff\/","og_site_name":"UIL Polizia","article_modified_time":"2023-02-28T16:23:25+00:00","og_image":[{"width":300,"height":300,"url":"https:\/\/convenzioni.cralnetwork.it\/uilpolizia\/wp-content\/uploads\/sites\/2\/2023\/02\/Base-Logo-playoff.jpg","type":"image\/jpeg"}],"twitter_card":"summary_large_image","twitter_misc":{"Tempo di lettura stimato":"13 minuti"},"schema":{"@context":"https:\/\/schema.org","@graph":[{"@type":"WebPage","@id":"https:\/\/convenzioni.cralnetwork.it\/uilpolizia\/prodotto\/playoff\/","url":"https:\/\/convenzioni.cralnetwork.it\/uilpolizia\/prodotto\/playoff\/","name":"Playoff - UIL Polizia","isPartOf":{"@id":"https:\/\/convenzioni.cralnetwork.it\/uilpolizia\/#website"},"primaryImageOfPage":{"@id":"https:\/\/convenzioni.cralnetwork.it\/uilpolizia\/prodotto\/playoff\/#primaryimage"},"image":{"@id":"https:\/\/convenzioni.cralnetwork.it\/uilpolizia\/prodotto\/playoff\/#primaryimage"},"thumbnailUrl":"https:\/\/convenzioni.cralnetwork.it\/uilpolizia\/wp-content\/uploads\/sites\/2\/2023\/02\/Base-Logo-playoff.jpg","datePublished":"2023-02-28T16:16:33+00:00","dateModified":"2023-02-28T16:23:25+00:00","breadcrumb":{"@id":"https:\/\/convenzioni.cralnetwork.it\/uilpolizia\/prodotto\/playoff\/#breadcrumb"},"inLanguage":"it-IT","potentialAction":[{"@type":"ReadAction","target":["https:\/\/convenzioni.cralnetwork.it\/uilpolizia\/prodotto\/playoff\/"]}]},{"@type":"ImageObject","inLanguage":"it-IT","@id":"https:\/\/convenzioni.cralnetwork.it\/uilpolizia\/prodotto\/playoff\/#primaryimage","url":"https:\/\/convenzioni.cralnetwork.it\/uilpolizia\/wp-content\/uploads\/sites\/2\/2023\/02\/Base-Logo-playoff.jpg","contentUrl":"https:\/\/convenzioni.cralnetwork.it\/uilpolizia\/wp-content\/uploads\/sites\/2\/2023\/02\/Base-Logo-playoff.jpg","width":300,"height":300},{"@type":"BreadcrumbList","@id":"https:\/\/convenzioni.cralnetwork.it\/uilpolizia\/prodotto\/playoff\/#breadcrumb","itemListElement":[{"@type":"ListItem","position":1,"name":"Home","item":"https:\/\/convenzioni.cralnetwork.it\/uilpolizia\/"},{"@type":"ListItem","position":2,"name":"Shop","item":"https:\/\/convenzioni.cralnetwork.it\/uilpolizia\/negozio\/"},{"@type":"ListItem","position":3,"name":"Playoff"}]},{"@type":"WebSite","@id":"https:\/\/convenzioni.cralnetwork.it\/uilpolizia\/#website","url":"https:\/\/convenzioni.cralnetwork.it\/uilpolizia\/","name":"UIL Polizia","description":"Area convenzioni","potentialAction":[{"@type":"SearchAction","target":{"@type":"EntryPoint","urlTemplate":"https:\/\/convenzioni.cralnetwork.it\/uilpolizia\/?s={search_term_string}"},"query-input":{"@type":"PropertyValueSpecification","valueRequired":true,"valueName":"search_term_string"}}],"inLanguage":"it-IT"}]}},"publishpress_future_workflow_manual_trigger":{"enabledWorkflows":[]},"_links":{"self":[{"href":"https:\/\/convenzioni.cralnetwork.it\/uilpolizia\/wp-json\/wp\/v2\/product\/42474","targetHints":{"allow":["GET"]}}],"collection":[{"href":"https:\/\/convenzioni.cralnetwork.it\/uilpolizia\/wp-json\/wp\/v2\/product"}],"about":[{"href":"https:\/\/convenzioni.cralnetwork.it\/uilpolizia\/wp-json\/wp\/v2\/types\/product"}],"replies":[{"embeddable":true,"href":"https:\/\/convenzioni.cralnetwork.it\/uilpolizia\/wp-json\/wp\/v2\/comments?post=42474"}],"version-history":[{"count":0,"href":"https:\/\/convenzioni.cralnetwork.it\/uilpolizia\/wp-json\/wp\/v2\/product\/42474\/revisions"}],"wp:featuredmedia":[{"embeddable":true,"href":"https:\/\/convenzioni.cralnetwork.it\/uilpolizia\/wp-json\/wp\/v2\/media\/42475"}],"wp:attachment":[{"href":"https:\/\/convenzioni.cralnetwork.it\/uilpolizia\/wp-json\/wp\/v2\/media?parent=42474"}],"wp:term":[{"taxonomy":"product_brand","embeddable":true,"href":"https:\/\/convenzioni.cralnetwork.it\/uilpolizia\/wp-json\/wp\/v2\/product_brand?post=42474"},{"taxonomy":"product_cat","embeddable":true,"href":"https:\/\/convenzioni.cralnetwork.it\/uilpolizia\/wp-json\/wp\/v2\/product_cat?post=42474"},{"taxonomy":"product_tag","embeddable":true,"href":"https:\/\/convenzioni.cralnetwork.it\/uilpolizia\/wp-json\/wp\/v2\/product_tag?post=42474"}],"curies":[{"name":"wp","href":"https:\/\/api.w.org\/{rel}","templated":true}]}}