{"id":42148,"date":"2023-02-22T10:46:02","date_gmt":"2023-02-22T09:46:02","guid":{"rendered":"https:\/\/convenzioni.cralnetwork.it\/uilpolizia\/?post_type=product&#038;p=42148"},"modified":"2023-03-10T15:23:33","modified_gmt":"2023-03-10T14:23:33","slug":"centro-medico-kos","status":"publish","type":"product","link":"https:\/\/convenzioni.cralnetwork.it\/uilpolizia\/prodotto\/centro-medico-kos\/","title":{"rendered":"Centro Medico KOS"},"content":{"rendered":"<p>[et_pb_section fb_built=&#8221;1&#8243; _builder_version=&#8221;4.9.4&#8243; _module_preset=&#8221;default&#8221; use_background_color_gradient=&#8221;on&#8221; background_color_gradient_start=&#8221;rgba(255,255,255,0.09)&#8221; background_color_gradient_end=&#8221;rgba(255,255,255,0)&#8221; background_color_gradient_direction=&#8221;0deg&#8221; background_color_gradient_overlays_image=&#8221;on&#8221; background_image=&#8221;https:\/\/convenzioni.cralnetwork.it\/uilpolizia\/wp-content\/uploads\/sites\/2\/2023\/02\/AdobeStock_183608286-scaled.jpeg&#8221; background_size=&#8221;contain&#8221; background_position=&#8221;center_left&#8221; custom_padding=&#8221;10vw||10vw||true|false&#8221; background_last_edited=&#8221;on|tablet&#8221; use_background_color_gradient_tablet=&#8221;on&#8221; background_color_gradient_start_tablet=&#8221;rgba(255,255,255,0.79)&#8221; background_color_gradient_end_tablet=&#8221;rgba(255,255,255,0.76)&#8221; parallax_phone=&#8221;off&#8221; background_size_phone=&#8221;cover&#8221; background_position_tablet=&#8221;center_left&#8221; background_position_phone=&#8221;center_right&#8221; da_disable_devices=&#8221;off|off|off&#8221; da_is_popup=&#8221;off&#8221; da_exit_intent=&#8221;off&#8221; da_has_close=&#8221;on&#8221; da_alt_close=&#8221;off&#8221; da_dark_close=&#8221;off&#8221; da_not_modal=&#8221;on&#8221; da_is_singular=&#8221;off&#8221; da_with_loader=&#8221;off&#8221; da_has_shadow=&#8221;on&#8221;][et_pb_row _builder_version=&#8221;4.9.4&#8243; _module_preset=&#8221;default&#8221;][et_pb_column type=&#8221;4_4&#8243; _builder_version=&#8221;4.9.4&#8243; _module_preset=&#8221;default&#8221;][et_pb_image src=&#8221;https:\/\/convenzioni.cralnetwork.it\/uilpolizia\/wp-content\/uploads\/sites\/2\/2023\/02\/LOGO-KOS-BLU-VERDE-1.png&#8221; title_text=&#8221;LOGO-KOS-BLU-VERDE-(1)&#8221; align=&#8221;center&#8221; _builder_version=&#8221;4.9.4&#8243; _module_preset=&#8221;default&#8221; width=&#8221;50%&#8221; width_tablet=&#8221;60%&#8221; width_phone=&#8221;75%&#8221; width_last_edited=&#8221;on|tablet&#8221;][\/et_pb_image][\/et_pb_column][\/et_pb_row][\/et_pb_section][et_pb_section fb_built=&#8221;1&#8243; custom_padding_last_edited=&#8221;on|tablet&#8221; _builder_version=&#8221;4.9.4&#8243; _module_preset=&#8221;default&#8221; background_color=&#8221;#FFFFFF&#8221; background_image=&#8221;https:\/\/convenzioni.cralnetwork.it\/uilpolizia\/wp-content\/uploads\/sites\/2\/2023\/02\/appointment-img.jpg&#8221; background_size=&#8221;contain&#8221; background_position=&#8221;top_right&#8221; custom_padding=&#8221;4vw||6vw||false|false&#8221; custom_padding_tablet=&#8221;0vw||11vw||false|false&#8221; custom_padding_phone=&#8221;&#8221; background_last_edited=&#8221;on|tablet&#8221; background_enable_image_tablet=&#8221;off&#8221; da_disable_devices=&#8221;off|off|off&#8221; border_width_top=&#8221;80px&#8221; border_color_top=&#8221;#FFFFFF&#8221; da_is_popup=&#8221;off&#8221; da_exit_intent=&#8221;off&#8221; da_has_close=&#8221;on&#8221; da_alt_close=&#8221;off&#8221; da_dark_close=&#8221;off&#8221; da_not_modal=&#8221;on&#8221; da_is_singular=&#8221;off&#8221; da_with_loader=&#8221;off&#8221; da_has_shadow=&#8221;on&#8221;][et_pb_row column_structure=&#8221;3_4,1_4&#8243; use_custom_gutter=&#8221;on&#8221; gutter_width=&#8221;1&#8243; custom_padding_last_edited=&#8221;on|tablet&#8221; _builder_version=&#8221;4.9.4&#8243; _module_preset=&#8221;default&#8221; max_width=&#8221;1648px&#8221; custom_padding_tablet=&#8221;0px||||false|false&#8221; custom_padding_phone=&#8221;&#8221;][et_pb_column type=&#8221;3_4&#8243; _builder_version=&#8221;4.9.4&#8243; _module_preset=&#8221;default&#8221;][et_pb_text _builder_version=&#8221;4.9.4&#8243; _module_preset=&#8221;default&#8221; text_font=&#8221;Poppins||||||||&#8221; text_text_color=&#8221;#6b6b6b&#8221; text_line_height=&#8221;1.8em&#8221; header_font=&#8221;Playfair Display|900||on|||||&#8221; header_text_color=&#8221;#51a379&#8243; header_font_size=&#8221;50px&#8221; header_line_height=&#8221;1.2em&#8221; text_orientation=&#8221;justified&#8221; header_text_align_tablet=&#8221;&#8221; header_text_align_phone=&#8221;left&#8221; header_text_align_last_edited=&#8221;on|phone&#8221; header_font_size_tablet=&#8221;40px&#8221; header_font_size_phone=&#8221;31px&#8221; header_font_size_last_edited=&#8221;on|tablet&#8221;]<\/p>\n<h1>Il nostro Centro<\/h1>\n<p>Il Centro Medico Kos vanta una storia trentennale di eccellenza, \u00e8 la pi\u00f9 grande e moderna struttura sanitaria polispecialistica privata della Regione Basilicata. Il KOS con oltre 40 medici specialisti e operatori sanitari che qui vi esercitano la loro attivit\u00e0 libero-professionale, \u00e8 un Centro Sanitario Privato di primaria importanza.<\/p>\n<p>La sede &#8211; ubicata in Via degli Oleandri 7 &#8211; si estende su una superficie di circa 600 mq ed \u00e8 totalmente priva di barriere architettoniche.<br \/>La struttura \u00e8 in grado di soddisfare le pi\u00f9 diverse esigenze specialistiche grazie all\u2019utilizzo di tecnologie all\u2019avanguardia e pi\u00f9 di 30 aree di diagnostica.<\/p>\n<p>La nostra filosofia \u00e8 aiutare i nostri pazienti a ricercare il benessere come \u201cstile di vita\u201d e a raggiungere un rapporto positivo con il proprio corpo. Il nostro centro medico, infatti, va ben oltre l\u2019erogazione di prestazioni sanitarie, la diagnosi e la cura delle patologie: \u00e8 anche prevenzione e cultura alla salute.<\/p>\n<p>[\/et_pb_text][et_pb_toggle title=&#8221;Prestazioni mediche&#8221; open_toggle_text_color=&#8221;#FFFFFF&#8221; icon_color=&#8221;#FFFFFF&#8221; _builder_version=&#8221;4.9.4&#8243; _module_preset=&#8221;default&#8221; title_text_color=&#8221;#FFFFFF&#8221; title_font=&#8221;Playfair Display|800||on|||||&#8221; title_font_size=&#8221;30px&#8221; body_font=&#8221;Poppins||||||||&#8221; body_text_color=&#8221;#FFFFFF&#8221; body_line_height=&#8221;1.8em&#8221; background_enable_color=&#8221;off&#8221; use_background_color_gradient=&#8221;on&#8221; background_color_gradient_start=&#8221;#abdbd3&#8243; background_color_gradient_end=&#8221;#00c499&#8243; custom_margin=&#8221;40px||||false|false&#8221; title_font_size_tablet=&#8221;25px&#8221; title_font_size_phone=&#8221;&#8221; title_font_size_last_edited=&#8221;on|tablet&#8221; border_radii=&#8221;on|20px|20px|20px|20px&#8221; border_width_all=&#8221;0px&#8221;]<\/p>\n<p>Allergologia, Andrologia, Angiologia, Cardiochirurgia, Cardiologia, Chirurgia Estetica, Chirurgia Generale, Chirurgia Vascolare, Dermatologia, Dietologia, Endocrinologia-Diabetologia, Fisiatria, Fisioterapia Dermatofunzionale, Flebologia, Gastroenterologia, Ginecologia, Ostetricia, Nefrologia, Neurochirurgia, Neurologia-Elettromiografia, Neuropsichiatria Infantile, Oculistica, Ortopedia, Ortopedia Pediatrica, Osteopatia, Otorinolaringoiatria, Pediatria, Pneumologia-Spirometria, Posturologia, Psichiatria, Radiologia Ecografica, Reumatologia, Senologia, Urologia<\/p>\n<p>[\/et_pb_toggle][et_pb_toggle title=&#8221;Prestazioni strumentali&#8221; open_toggle_text_color=&#8221;#FFFFFF&#8221; icon_color=&#8221;#FFFFFF&#8221; _builder_version=&#8221;4.9.4&#8243; _module_preset=&#8221;default&#8221; title_text_color=&#8221;#FFFFFF&#8221; title_font=&#8221;Playfair Display|800||on|||||&#8221; title_font_size=&#8221;30px&#8221; body_font=&#8221;Poppins||||||||&#8221; body_text_color=&#8221;#FFFFFF&#8221; body_line_height=&#8221;1.8em&#8221; background_enable_color=&#8221;off&#8221; use_background_color_gradient=&#8221;on&#8221; background_color_gradient_start=&#8221;#00c499&#8243; background_color_gradient_end=&#8221;#abdbd3&#8243; custom_margin=&#8221;20px||||false|false&#8221; title_font_size_tablet=&#8221;25px&#8221; title_font_size_phone=&#8221;&#8221; title_font_size_last_edited=&#8221;on|tablet&#8221; border_radii=&#8221;on|20px|20px|20px|20px&#8221; border_width_all=&#8221;0px&#8221;]Cardiologia, Gastroscopia &#8211; Colonscopia, Radiologia, Trattamenti Laser, Ecografie ed Ecodoppler[\/et_pb_toggle][\/et_pb_column][et_pb_column type=&#8221;1_4&#8243; _builder_version=&#8221;4.9.4&#8243; _module_preset=&#8221;default&#8221;][et_pb_image src=&#8221;https:\/\/convenzioni.cralnetwork.it\/uilpolizia\/wp-content\/uploads\/sites\/2\/2023\/02\/appointment-img.jpg&#8221; title_text=&#8221;appointment-img&#8221; align=&#8221;center&#8221; disabled_on=&#8221;off|off|on&#8221; _builder_version=&#8221;4.9.4&#8243; _module_preset=&#8221;default&#8221; custom_margin_tablet=&#8221;||0px||false|false&#8221; custom_margin_phone=&#8221;&#8221; custom_margin_last_edited=&#8221;on|tablet&#8221; custom_padding_tablet=&#8221;8%||||false|false&#8221; custom_padding_phone=&#8221;&#8221; custom_padding_last_edited=&#8221;on|tablet&#8221;][\/et_pb_image][\/et_pb_column][\/et_pb_row][\/et_pb_section][et_pb_section fb_built=&#8221;1&#8243; admin_label=&#8221;About Section&#8221; _builder_version=&#8221;4.9.4&#8243; background_color=&#8221;#51a379&#8243; use_background_color_gradient=&#8221;on&#8221; background_color_gradient_start=&#8221;rgba(81,163,121,0.95)&#8221; background_color_gradient_end=&#8221;rgba(81,163,121,0.98)&#8221; background_color_gradient_overlays_image=&#8221;on&#8221; background_image=&#8221;https:\/\/convenzioni.cralnetwork.it\/uilpolizia\/wp-content\/uploads\/sites\/2\/2023\/02\/36_immagine.png&#8221; background_size=&#8221;initial&#8221; background_repeat=&#8221;repeat&#8221; custom_padding=&#8221;5vw||5vw||true|false&#8221; da_disable_devices=&#8221;off|off|off&#8221; da_is_popup=&#8221;off&#8221; da_exit_intent=&#8221;off&#8221; da_has_close=&#8221;on&#8221; da_alt_close=&#8221;off&#8221; da_dark_close=&#8221;off&#8221; da_not_modal=&#8221;on&#8221; da_is_singular=&#8221;off&#8221; da_with_loader=&#8221;off&#8221; da_has_shadow=&#8221;on&#8221;][et_pb_row _builder_version=&#8221;3.25&#8243; locked=&#8221;off&#8221;][et_pb_column type=&#8221;4_4&#8243; _builder_version=&#8221;3.25&#8243; custom_padding=&#8221;|||&#8221; custom_padding__hover=&#8221;|||&#8221;][et_pb_text admin_label=&#8221;Sconto&#8221; _builder_version=&#8221;4.9.4&#8243; text_font=&#8221;||||||||&#8221; header_font=&#8221;Playfair Display|900||on|||||&#8221; header_text_align=&#8221;center&#8221; header_text_color=&#8221;#FFFFFF&#8221; header_font_size=&#8221;55px&#8221; header_line_height=&#8221;1.2em&#8221; custom_margin=&#8221;||||false|false&#8221; animation_style=&#8221;slide&#8221; animation_direction=&#8221;top&#8221; animation_intensity_slide=&#8221;20%&#8221; animation_starting_opacity=&#8221;100%&#8221; header_font_size_tablet=&#8221;40px&#8221; header_font_size_phone=&#8221;30px&#8221; header_font_size_last_edited=&#8221;on|tablet&#8221;]<\/p>\n<h1>Agevolazioni riservate agli associati<\/h1>\n<p>[\/et_pb_text][et_pb_text disabled_on=&#8221;on|on|on&#8221; admin_label=&#8221;Sconto&#8221; _builder_version=&#8221;4.9.4&#8243; text_font=&#8221;||||||||&#8221; header_font=&#8221;Playfair Display|900||on|||||&#8221; header_text_align=&#8221;center&#8221; header_text_color=&#8221;#FFFFFF&#8221; header_font_size=&#8221;55px&#8221; header_line_height=&#8221;1.2em&#8221; custom_margin=&#8221;||||false|false&#8221; animation_style=&#8221;slide&#8221; animation_direction=&#8221;top&#8221; animation_intensity_slide=&#8221;20%&#8221; animation_starting_opacity=&#8221;100%&#8221; header_font_size_tablet=&#8221;33px&#8221; header_font_size_phone=&#8221;25px&#8221; header_font_size_last_edited=&#8221;on|tablet&#8221; disabled=&#8221;on&#8221;]<\/p>\n<h1>Agevolazioni riservate agli associati sim guardia di finanza e i loro familiari<\/h1>\n<p>[\/et_pb_text][\/et_pb_column][\/et_pb_row][\/et_pb_section][et_pb_section fb_built=&#8221;1&#8243; _builder_version=&#8221;4.9.4&#8243; _module_preset=&#8221;default&#8221; background_color=&#8221;#FFFFFF&#8221; background_image=&#8221;https:\/\/convenzioni.cralnetwork.it\/uilpolizia\/wp-content\/uploads\/sites\/2\/2023\/02\/lines-bg-white.jpg&#8221; da_disable_devices=&#8221;off|off|off&#8221; da_is_popup=&#8221;off&#8221; da_exit_intent=&#8221;off&#8221; da_has_close=&#8221;on&#8221; da_alt_close=&#8221;off&#8221; da_dark_close=&#8221;off&#8221; da_not_modal=&#8221;on&#8221; da_is_singular=&#8221;off&#8221; da_with_loader=&#8221;off&#8221; da_has_shadow=&#8221;on&#8221;][et_pb_row column_structure=&#8221;3_5,2_5&#8243; _builder_version=&#8221;4.9.4&#8243; _module_preset=&#8221;default&#8221; locked=&#8221;off&#8221;][et_pb_column type=&#8221;3_5&#8243; _builder_version=&#8221;4.9.4&#8243; _module_preset=&#8221;default&#8221;][et_pb_text admin_label=&#8221;Titolo Contatti&#8221; _builder_version=&#8221;4.9.4&#8243; text_font=&#8221;||||||||&#8221; header_font=&#8221;Playfair Display|900||on|||||&#8221; header_text_color=&#8221;#51a379&#8243; header_font_size=&#8221;40px&#8221; header_line_height=&#8221;1.2em&#8221; custom_margin=&#8221;||45px||false|false&#8221; animation_style=&#8221;slide&#8221; animation_direction=&#8221;top&#8221; animation_intensity_slide=&#8221;20%&#8221; animation_starting_opacity=&#8221;100%&#8221; header_font_size_tablet=&#8221;35px&#8221; header_font_size_phone=&#8221;30px&#8221; header_font_size_last_edited=&#8221;on|tablet&#8221;]<\/p>\n<h1>Contatti<\/h1>\n<p>[\/et_pb_text][et_pb_code admin_label=&#8221;dati aziendali&#8221; module_class=&#8221;contatti-salute&#8221; _builder_version=&#8221;4.9.4&#8243; _module_preset=&#8221;default&#8221; custom_margin=&#8221;||0px||false|false&#8221; custom_padding=&#8221;0px||0px||false|false&#8221;]<\/p>\n<div style= \"font-family: 'Poppins', sans-serif; font-size: 15px; line-height: 28px\"><br \/><p><strong>Indirizzo:<\/strong> Via degli Oleandri, 7, 85100 Potenza PZ, Italia <br>\n<strong>Telefono:<\/strong> 0971 52952 <br><strong>Sito web:<\/strong> <a href=\"http:\/\/www.centromedicokos.com\">www.centromedicokos.com<\/a> <br> \n<strong>Mail:<\/strong> <a href=\"mailto:info@centrokos.net\">info@centrokos.net<\/a> \n<\/p><br \/><\/div>\n<p><!-- [et_pb_line_break_holder] --><\/p>\n<div style= \"font-family: 'Poppins', sans-serif; font-size: 15px; line-height: 28px; margin-top: -28px\"><!-- [et_pb_line_break_holder] --><strong>Lun &#8211; Ven: <\/strong>8.30 &#8211; 14.00 \/ 15.00 &#8211; 21.00<!\u2013- [et_pb_br_holder] -\u2013><!-- [et_pb_line_break_holder] --><strong>Sab: <\/strong>8.30 &#8211; 14.00<\/div>\n<p>[\/et_pb_code][et_pb_social_media_follow _builder_version=&#8221;4.9.4&#8243; _module_preset=&#8221;default&#8221; custom_margin=&#8221;10px||||false|false&#8221; border_radii=&#8221;on|25px|25px|25px|25px&#8221;][et_pb_social_media_follow_network social_network=&#8221;facebook&#8221; url=&#8221;https:\/\/www.facebook.com\/centromedicokos\/&#8221; _builder_version=&#8221;4.9.4&#8243; _module_preset=&#8221;default&#8221; background_color=&#8221;#3b5998&#8243; use_background_color_gradient=&#8221;on&#8221; background_color_gradient_start=&#8221;#00c499&#8243; background_color_gradient_end=&#8221;#abdbd3&#8243; background_color_gradient_direction=&#8221;295deg&#8221; follow_button=&#8221;off&#8221; url_new_window=&#8221;on&#8221;]facebook[\/et_pb_social_media_follow_network][\/et_pb_social_media_follow][\/et_pb_column][et_pb_column type=&#8221;2_5&#8243; _builder_version=&#8221;4.9.4&#8243; _module_preset=&#8221;default&#8221;][\/et_pb_column][\/et_pb_row][et_pb_row _builder_version=&#8221;4.9.4&#8243; _module_preset=&#8221;default&#8221; custom_padding=&#8221;0px||||false|false&#8221; locked=&#8221;off&#8221;][et_pb_column type=&#8221;4_4&#8243; _builder_version=&#8221;4.9.4&#8243; _module_preset=&#8221;default&#8221;][et_pb_code admin_label=&#8221;mappa singola&#8221; _builder_version=&#8221;4.9.4&#8243; _module_preset=&#8221;default&#8221;]<div id=\"gmw-single-location-wrapper-536\" class=\"gmw-element-wrapper gmw-single-location-wrapper gmw-sl-wrapper gmw-sl-single-post-wrapper post \" object_type=\"post\" object_id=\"42148\"  style=\"width:100%\"><div class=\"gmw-sl-map-wrapper gmw-sl-element\"><div id=\"gmw-map-wrapper-536\" class=\"gmw-map-wrapper  sl single_location \" style=\"width:100%;height:300px;\"> <span id=\"gmw-resize-map-toggle-536\" class=\"gmw-resize-map-toggle gmw-icon-resize-full\" style=\"display:none;\" title=\"Resize map\"><\/span> <div id=\"gmw-map-loader-536\" class=\"gmw-map-loader\"><\/div> <div id=\"gmw-map-536\" class=\"gmw-map sl single_location\" style=\"width:100%; height:100%\" data-map_id=\"536\" data-prefix=\"sl\" data-map_type=\"single_location\" data-icons_usage=\"global\"><\/div> <\/div><\/div><\/div>[\/et_pb_code][et_pb_code disabled_on=&#8221;on|on|on&#8221; admin_label=&#8221;mappa multipla&#8221; _builder_version=&#8221;4.9.4&#8243; _module_preset=&#8221;default&#8221; disabled=&#8221;on&#8221;]<div id=\"gmw-single-object-locations-wrapper-319\" class=\"gmw-element-wrapper gmw-single-location-wrapper gmw-sl-wrapper gmw-sl-single-post-wrapper post gmw-sl-multiple-locations\" object_type=\"post\" object_id=\"\"  style=\"width:100%\"><div class=\"gmw-sl-map-wrapper\"><div id=\"gmw-map-wrapper-319\" class=\"gmw-map-wrapper  sl single_location \" style=\"width:100%;height:350px;\"> <span id=\"gmw-resize-map-toggle-319\" class=\"gmw-resize-map-toggle gmw-icon-resize-full\" style=\"display:none;\" title=\"Resize map\"><\/span> <div id=\"gmw-map-loader-319\" class=\"gmw-map-loader\"><\/div> <div id=\"gmw-map-319\" class=\"gmw-map sl single_location\" style=\"width:100%; height:100%\" data-map_id=\"319\" data-prefix=\"sl\" data-map_type=\"single_location\" data-icons_usage=\"global\"><\/div> <\/div><\/div><\/div>[\/et_pb_code][\/et_pb_column][\/et_pb_row][\/et_pb_section]<\/p>\n","protected":false},"excerpt":{"rendered":"<div style=\"display: none;\">\n<p>Il Centro Medico Kos vanta una storia trentennale di eccellenza , \u00e8 la pi\u00f9 grande e moderna struttura sanitaria polispecialistica privata della Regione Basilicata. Il KOS con oltre 40 medici specialisti e operatori sanitari che qui vi esercitano la loro attivit\u00e0 libero-professionale, \u00e8 un Centro Sanitario Privato di primaria importanza.<\/p>\n<p>La sede &#8211; ubicata in Via degli Oleandri 7 &#8211; si estende su una superficie di circa 600 mq ed \u00e8 totalmente priva di barriere architettoniche. La struttura \u00e8 in grado di soddisfare le pi\u00f9 diverse esigenze specialistiche grazie all\u2019utilizzo di tecnologie all\u2019avanguardia e pi\u00f9 di 30 aree di diagnostica.<\/p>\n<p>La nostra filosofia \u00e8 aiutare i nostri pazienti a ricercare il benessere come \u201cstile di vita\u201d e a raggiungere un rapporto positivo con il proprio corpo. Il nostro centro medico, infatti, va ben oltre l\u2019erogazione di prestazioni sanitarie, la diagnosi e la cura delle patologie: \u00e8 anche prevenzione e cultura alla salute.<\/p>\n<p>Allergologia, Andrologia, Angiologia, Cardiochirurgia, Cardiologia, Chirurgia Estetica, Chirurgia Generale, Chirurgia Vascolare, Dermatologia, Dietologia, Endocrinologia-Diabetologia, Fisiatria, Fisioterapia Dermatofunzionale, Flebologia, Gastroenterologia, Ginecologia, Ostetricia, Nefrologia, Neurochirurgia, Neurologia-Elettromiografia, Neuropsichiatria Infantile, Oculistica, Ortopedia, Ortopedia Pediatrica, Osteopatia, Otorinolaringoiatria, Pediatria, Pneumologia-Spirometria, Posturologia, Psichiatria, Radiologia Ecografica, Reumatologia, Senologia, Urologia<\/p>\n<p>Cardiologia, Gastroscopia &#8211; Colonscopia, Radiologia, Trattamenti Laser<\/p>\n<\/div>\n","protected":false},"featured_media":42157,"comment_status":"open","ping_status":"closed","template":"","meta":{"_acf_changed":false,"_et_pb_use_builder":"on","_et_pb_old_content":"","_et_gb_content_width":""},"product_brand":[],"product_cat":[167,169,542,876,176,182,188,191,195,1101,198,201,203,206,207,4973,209,211,1356,231,232,233,238,4974,243,244,248,249,513,254,259,260,163,564,4972,271],"product_tag":[593,2240,1275,4949,569,644,2562,572,1277,1276,4950,2830,3765,4369,2817,4957,1938,1107,2316,4951,4952,2834,461,4953,384,820,585,4954,4955,971,587,928,4956,488,589,4958,1274],"class_list":{"0":"post-42148","1":"product","2":"type-product","3":"status-publish","4":"has-post-thumbnail","6":"product_cat-allergologi","7":"product_cat-andrologo","8":"product_cat-angiologo","9":"product_cat-cardiochirurghi","10":"product_cat-cardiologo","11":"product_cat-centri-medici","12":"product_cat-chirurgia-estetica-salute","13":"product_cat-chirurgia-vascolare","14":"product_cat-dermatologia","15":"product_cat-diabetologia","16":"product_cat-dietisti","17":"product_cat-ecografia","18":"product_cat-endocrinologi","19":"product_cat-fisiatra","20":"product_cat-fisioterapisti","21":"product_cat-fleblolgia","22":"product_cat-gastroenterologo","23":"product_cat-ginecologi","24":"product_cat-nefrologia","25":"product_cat-neurochirurghi","26":"product_cat-neurologi","27":"product_cat-neuropsicologia","28":"product_cat-ortopedici","29":"product_cat-ortopedia-pediatrica","30":"product_cat-ostetricia","31":"product_cat-otorinolaringoiatra","32":"product_cat-pediatri","33":"product_cat-pneumologi","34":"product_cat-posturologo","35":"product_cat-psichiatri","36":"product_cat-radiologia","37":"product_cat-reumatologo","38":"product_cat-salute","39":"product_cat-senologia","40":"product_cat-trattamenti-laser","41":"product_cat-urologi","42":"product_tag-allergologia","43":"product_tag-andrologia","44":"product_tag-angiologia","45":"product_tag-cardiochirurgia","46":"product_tag-cardiologia","47":"product_tag-chirurgia-estetica","48":"product_tag-chirurgia-generale","49":"product_tag-chirurgia-vascolare","50":"product_tag-dermatologia","51":"product_tag-dietologia","52":"product_tag-endocrinologia-diabetologia","53":"product_tag-fisiatria","54":"product_tag-fisioterapia-dermatofunzionale","55":"product_tag-flebologia","56":"product_tag-gastroenterologia","57":"product_tag-gastroscopia-colonscopia","58":"product_tag-ginecologia","59":"product_tag-nefrologia","60":"product_tag-neurochirurgia","61":"product_tag-neurologia-elettromiografia","62":"product_tag-neuropsichiatria-infantile","63":"product_tag-oculistica","64":"product_tag-ortopedia","65":"product_tag-ortopedia-pediatrica","66":"product_tag-osteopatia","67":"product_tag-ostetricia","68":"product_tag-otorinolaringoiatria","69":"product_tag-pediatria","70":"product_tag-pneumologia-spirometria","71":"product_tag-posturologia","72":"product_tag-psichiatria","73":"product_tag-radiologia","74":"product_tag-radiologia-ecografica","75":"product_tag-reumatologia","76":"product_tag-senologia","77":"product_tag-trattamenti-laser","78":"product_tag-urologia","80":"first","81":"instock","82":"shipping-taxable","83":"product-type-simple"},"acf":[],"yoast_head":"<!-- This site is optimized with the Yoast SEO plugin v26.4 - https:\/\/yoast.com\/wordpress\/plugins\/seo\/ -->\n<title>Centro Medico KOS - UIL Polizia<\/title>\n<meta name=\"robots\" content=\"index, follow, max-snippet:-1, max-image-preview:large, max-video-preview:-1\" \/>\n<link rel=\"canonical\" href=\"https:\/\/convenzioni.cralnetwork.it\/uilpolizia\/prodotto\/centro-medico-kos\/\" \/>\n<meta property=\"og:locale\" content=\"it_IT\" \/>\n<meta property=\"og:type\" content=\"article\" \/>\n<meta property=\"og:title\" content=\"Centro Medico KOS - UIL Polizia\" \/>\n<meta property=\"og:description\" content=\"Il Centro Medico Kos vanta una storia trentennale di eccellenza , \u00e8 la pi\u00f9 grande e moderna struttura sanitaria polispecialistica privata della Regione Basilicata. Il KOS con oltre 40 medici specialisti e operatori sanitari che qui vi esercitano la loro attivit\u00e0 libero-professionale, \u00e8 un Centro Sanitario Privato di primaria importanza.  La sede - ubicata in Via degli Oleandri 7 - si estende su una superficie di circa 600 mq ed \u00e8 totalmente priva di barriere architettoniche. La struttura \u00e8 in grado di soddisfare le pi\u00f9 diverse esigenze specialistiche grazie all\u2019utilizzo di tecnologie all\u2019avanguardia e pi\u00f9 di 30 aree di diagnostica.  La nostra filosofia \u00e8 aiutare i nostri pazienti a ricercare il benessere come \u201cstile di vita\u201d e a raggiungere un rapporto positivo con il proprio corpo. Il nostro centro medico, infatti, va ben oltre l\u2019erogazione di prestazioni sanitarie, la diagnosi e la cura delle patologie: \u00e8 anche prevenzione e cultura alla salute.  Allergologia, Andrologia, Angiologia, Cardiochirurgia, Cardiologia, Chirurgia Estetica, Chirurgia Generale, Chirurgia Vascolare, Dermatologia, Dietologia, Endocrinologia-Diabetologia, Fisiatria, Fisioterapia Dermatofunzionale, Flebologia, Gastroenterologia, Ginecologia, Ostetricia, Nefrologia, Neurochirurgia, Neurologia-Elettromiografia, Neuropsichiatria Infantile, Oculistica, Ortopedia, Ortopedia Pediatrica, Osteopatia, Otorinolaringoiatria, Pediatria, Pneumologia-Spirometria, Posturologia, Psichiatria, Radiologia Ecografica, Reumatologia, Senologia, Urologia  Cardiologia, Gastroscopia - Colonscopia, Radiologia, Trattamenti Laser\" \/>\n<meta property=\"og:url\" content=\"https:\/\/convenzioni.cralnetwork.it\/uilpolizia\/prodotto\/centro-medico-kos\/\" \/>\n<meta property=\"og:site_name\" content=\"UIL Polizia\" \/>\n<meta property=\"article:modified_time\" content=\"2023-03-10T14:23:33+00:00\" \/>\n<meta property=\"og:image\" content=\"https:\/\/convenzioni.cralnetwork.it\/uilpolizia\/wp-content\/uploads\/sites\/2\/2023\/02\/logo_Centro-Medico-KOS.jpg\" \/>\n\t<meta property=\"og:image:width\" content=\"300\" \/>\n\t<meta property=\"og:image:height\" content=\"300\" \/>\n\t<meta property=\"og:image:type\" content=\"image\/jpeg\" \/>\n<meta name=\"twitter:card\" content=\"summary_large_image\" \/>\n<meta name=\"twitter:label1\" content=\"Tempo di lettura stimato\" \/>\n\t<meta name=\"twitter:data1\" content=\"8 minuti\" \/>\n<script type=\"application\/ld+json\" class=\"yoast-schema-graph\">{\"@context\":\"https:\/\/schema.org\",\"@graph\":[{\"@type\":\"WebPage\",\"@id\":\"https:\/\/convenzioni.cralnetwork.it\/uilpolizia\/prodotto\/centro-medico-kos\/\",\"url\":\"https:\/\/convenzioni.cralnetwork.it\/uilpolizia\/prodotto\/centro-medico-kos\/\",\"name\":\"Centro Medico KOS - UIL Polizia\",\"isPartOf\":{\"@id\":\"https:\/\/convenzioni.cralnetwork.it\/uilpolizia\/#website\"},\"primaryImageOfPage\":{\"@id\":\"https:\/\/convenzioni.cralnetwork.it\/uilpolizia\/prodotto\/centro-medico-kos\/#primaryimage\"},\"image\":{\"@id\":\"https:\/\/convenzioni.cralnetwork.it\/uilpolizia\/prodotto\/centro-medico-kos\/#primaryimage\"},\"thumbnailUrl\":\"https:\/\/convenzioni.cralnetwork.it\/uilpolizia\/wp-content\/uploads\/sites\/2\/2023\/02\/logo_Centro-Medico-KOS.jpg\",\"datePublished\":\"2023-02-22T09:46:02+00:00\",\"dateModified\":\"2023-03-10T14:23:33+00:00\",\"breadcrumb\":{\"@id\":\"https:\/\/convenzioni.cralnetwork.it\/uilpolizia\/prodotto\/centro-medico-kos\/#breadcrumb\"},\"inLanguage\":\"it-IT\",\"potentialAction\":[{\"@type\":\"ReadAction\",\"target\":[\"https:\/\/convenzioni.cralnetwork.it\/uilpolizia\/prodotto\/centro-medico-kos\/\"]}]},{\"@type\":\"ImageObject\",\"inLanguage\":\"it-IT\",\"@id\":\"https:\/\/convenzioni.cralnetwork.it\/uilpolizia\/prodotto\/centro-medico-kos\/#primaryimage\",\"url\":\"https:\/\/convenzioni.cralnetwork.it\/uilpolizia\/wp-content\/uploads\/sites\/2\/2023\/02\/logo_Centro-Medico-KOS.jpg\",\"contentUrl\":\"https:\/\/convenzioni.cralnetwork.it\/uilpolizia\/wp-content\/uploads\/sites\/2\/2023\/02\/logo_Centro-Medico-KOS.jpg\",\"width\":300,\"height\":300},{\"@type\":\"BreadcrumbList\",\"@id\":\"https:\/\/convenzioni.cralnetwork.it\/uilpolizia\/prodotto\/centro-medico-kos\/#breadcrumb\",\"itemListElement\":[{\"@type\":\"ListItem\",\"position\":1,\"name\":\"Home\",\"item\":\"https:\/\/convenzioni.cralnetwork.it\/uilpolizia\/\"},{\"@type\":\"ListItem\",\"position\":2,\"name\":\"Shop\",\"item\":\"https:\/\/convenzioni.cralnetwork.it\/uilpolizia\/negozio\/\"},{\"@type\":\"ListItem\",\"position\":3,\"name\":\"Centro Medico KOS\"}]},{\"@type\":\"WebSite\",\"@id\":\"https:\/\/convenzioni.cralnetwork.it\/uilpolizia\/#website\",\"url\":\"https:\/\/convenzioni.cralnetwork.it\/uilpolizia\/\",\"name\":\"UIL Polizia\",\"description\":\"Area convenzioni\",\"potentialAction\":[{\"@type\":\"SearchAction\",\"target\":{\"@type\":\"EntryPoint\",\"urlTemplate\":\"https:\/\/convenzioni.cralnetwork.it\/uilpolizia\/?s={search_term_string}\"},\"query-input\":{\"@type\":\"PropertyValueSpecification\",\"valueRequired\":true,\"valueName\":\"search_term_string\"}}],\"inLanguage\":\"it-IT\"}]}<\/script>\n<!-- \/ Yoast SEO plugin. -->","yoast_head_json":{"title":"Centro Medico KOS - UIL Polizia","robots":{"index":"index","follow":"follow","max-snippet":"max-snippet:-1","max-image-preview":"max-image-preview:large","max-video-preview":"max-video-preview:-1"},"canonical":"https:\/\/convenzioni.cralnetwork.it\/uilpolizia\/prodotto\/centro-medico-kos\/","og_locale":"it_IT","og_type":"article","og_title":"Centro Medico KOS - UIL Polizia","og_description":"Il Centro Medico Kos vanta una storia trentennale di eccellenza , \u00e8 la pi\u00f9 grande e moderna struttura sanitaria polispecialistica privata della Regione Basilicata. Il KOS con oltre 40 medici specialisti e operatori sanitari che qui vi esercitano la loro attivit\u00e0 libero-professionale, \u00e8 un Centro Sanitario Privato di primaria importanza.  La sede - ubicata in Via degli Oleandri 7 - si estende su una superficie di circa 600 mq ed \u00e8 totalmente priva di barriere architettoniche. La struttura \u00e8 in grado di soddisfare le pi\u00f9 diverse esigenze specialistiche grazie all\u2019utilizzo di tecnologie all\u2019avanguardia e pi\u00f9 di 30 aree di diagnostica.  La nostra filosofia \u00e8 aiutare i nostri pazienti a ricercare il benessere come \u201cstile di vita\u201d e a raggiungere un rapporto positivo con il proprio corpo. Il nostro centro medico, infatti, va ben oltre l\u2019erogazione di prestazioni sanitarie, la diagnosi e la cura delle patologie: \u00e8 anche prevenzione e cultura alla salute.  Allergologia, Andrologia, Angiologia, Cardiochirurgia, Cardiologia, Chirurgia Estetica, Chirurgia Generale, Chirurgia Vascolare, Dermatologia, Dietologia, Endocrinologia-Diabetologia, Fisiatria, Fisioterapia Dermatofunzionale, Flebologia, Gastroenterologia, Ginecologia, Ostetricia, Nefrologia, Neurochirurgia, Neurologia-Elettromiografia, Neuropsichiatria Infantile, Oculistica, Ortopedia, Ortopedia Pediatrica, Osteopatia, Otorinolaringoiatria, Pediatria, Pneumologia-Spirometria, Posturologia, Psichiatria, Radiologia Ecografica, Reumatologia, Senologia, Urologia  Cardiologia, Gastroscopia - Colonscopia, Radiologia, Trattamenti Laser","og_url":"https:\/\/convenzioni.cralnetwork.it\/uilpolizia\/prodotto\/centro-medico-kos\/","og_site_name":"UIL Polizia","article_modified_time":"2023-03-10T14:23:33+00:00","og_image":[{"width":300,"height":300,"url":"https:\/\/convenzioni.cralnetwork.it\/uilpolizia\/wp-content\/uploads\/sites\/2\/2023\/02\/logo_Centro-Medico-KOS.jpg","type":"image\/jpeg"}],"twitter_card":"summary_large_image","twitter_misc":{"Tempo di lettura stimato":"8 minuti"},"schema":{"@context":"https:\/\/schema.org","@graph":[{"@type":"WebPage","@id":"https:\/\/convenzioni.cralnetwork.it\/uilpolizia\/prodotto\/centro-medico-kos\/","url":"https:\/\/convenzioni.cralnetwork.it\/uilpolizia\/prodotto\/centro-medico-kos\/","name":"Centro Medico KOS - UIL Polizia","isPartOf":{"@id":"https:\/\/convenzioni.cralnetwork.it\/uilpolizia\/#website"},"primaryImageOfPage":{"@id":"https:\/\/convenzioni.cralnetwork.it\/uilpolizia\/prodotto\/centro-medico-kos\/#primaryimage"},"image":{"@id":"https:\/\/convenzioni.cralnetwork.it\/uilpolizia\/prodotto\/centro-medico-kos\/#primaryimage"},"thumbnailUrl":"https:\/\/convenzioni.cralnetwork.it\/uilpolizia\/wp-content\/uploads\/sites\/2\/2023\/02\/logo_Centro-Medico-KOS.jpg","datePublished":"2023-02-22T09:46:02+00:00","dateModified":"2023-03-10T14:23:33+00:00","breadcrumb":{"@id":"https:\/\/convenzioni.cralnetwork.it\/uilpolizia\/prodotto\/centro-medico-kos\/#breadcrumb"},"inLanguage":"it-IT","potentialAction":[{"@type":"ReadAction","target":["https:\/\/convenzioni.cralnetwork.it\/uilpolizia\/prodotto\/centro-medico-kos\/"]}]},{"@type":"ImageObject","inLanguage":"it-IT","@id":"https:\/\/convenzioni.cralnetwork.it\/uilpolizia\/prodotto\/centro-medico-kos\/#primaryimage","url":"https:\/\/convenzioni.cralnetwork.it\/uilpolizia\/wp-content\/uploads\/sites\/2\/2023\/02\/logo_Centro-Medico-KOS.jpg","contentUrl":"https:\/\/convenzioni.cralnetwork.it\/uilpolizia\/wp-content\/uploads\/sites\/2\/2023\/02\/logo_Centro-Medico-KOS.jpg","width":300,"height":300},{"@type":"BreadcrumbList","@id":"https:\/\/convenzioni.cralnetwork.it\/uilpolizia\/prodotto\/centro-medico-kos\/#breadcrumb","itemListElement":[{"@type":"ListItem","position":1,"name":"Home","item":"https:\/\/convenzioni.cralnetwork.it\/uilpolizia\/"},{"@type":"ListItem","position":2,"name":"Shop","item":"https:\/\/convenzioni.cralnetwork.it\/uilpolizia\/negozio\/"},{"@type":"ListItem","position":3,"name":"Centro Medico KOS"}]},{"@type":"WebSite","@id":"https:\/\/convenzioni.cralnetwork.it\/uilpolizia\/#website","url":"https:\/\/convenzioni.cralnetwork.it\/uilpolizia\/","name":"UIL Polizia","description":"Area convenzioni","potentialAction":[{"@type":"SearchAction","target":{"@type":"EntryPoint","urlTemplate":"https:\/\/convenzioni.cralnetwork.it\/uilpolizia\/?s={search_term_string}"},"query-input":{"@type":"PropertyValueSpecification","valueRequired":true,"valueName":"search_term_string"}}],"inLanguage":"it-IT"}]}},"publishpress_future_workflow_manual_trigger":{"enabledWorkflows":[]},"_links":{"self":[{"href":"https:\/\/convenzioni.cralnetwork.it\/uilpolizia\/wp-json\/wp\/v2\/product\/42148","targetHints":{"allow":["GET"]}}],"collection":[{"href":"https:\/\/convenzioni.cralnetwork.it\/uilpolizia\/wp-json\/wp\/v2\/product"}],"about":[{"href":"https:\/\/convenzioni.cralnetwork.it\/uilpolizia\/wp-json\/wp\/v2\/types\/product"}],"replies":[{"embeddable":true,"href":"https:\/\/convenzioni.cralnetwork.it\/uilpolizia\/wp-json\/wp\/v2\/comments?post=42148"}],"version-history":[{"count":0,"href":"https:\/\/convenzioni.cralnetwork.it\/uilpolizia\/wp-json\/wp\/v2\/product\/42148\/revisions"}],"wp:featuredmedia":[{"embeddable":true,"href":"https:\/\/convenzioni.cralnetwork.it\/uilpolizia\/wp-json\/wp\/v2\/media\/42157"}],"wp:attachment":[{"href":"https:\/\/convenzioni.cralnetwork.it\/uilpolizia\/wp-json\/wp\/v2\/media?parent=42148"}],"wp:term":[{"taxonomy":"product_brand","embeddable":true,"href":"https:\/\/convenzioni.cralnetwork.it\/uilpolizia\/wp-json\/wp\/v2\/product_brand?post=42148"},{"taxonomy":"product_cat","embeddable":true,"href":"https:\/\/convenzioni.cralnetwork.it\/uilpolizia\/wp-json\/wp\/v2\/product_cat?post=42148"},{"taxonomy":"product_tag","embeddable":true,"href":"https:\/\/convenzioni.cralnetwork.it\/uilpolizia\/wp-json\/wp\/v2\/product_tag?post=42148"}],"curies":[{"name":"wp","href":"https:\/\/api.w.org\/{rel}","templated":true}]}}