{"id":4214,"date":"2024-02-08T11:50:22","date_gmt":"2024-02-08T10:50:22","guid":{"rendered":"https:\/\/convenzioni.cralnetwork.it\/uilpavigilidelfuoco\/?post_type=product&#038;p=4214"},"modified":"2024-02-19T14:58:26","modified_gmt":"2024-02-19T13:58:26","slug":"studio-odontoiatrico-pacini","status":"publish","type":"product","link":"https:\/\/convenzioni.cralnetwork.it\/uilpavigilidelfuoco\/prodotto\/studio-odontoiatrico-pacini\/","title":{"rendered":"Studio Odontoiatrico Pacini"},"content":{"rendered":"\t\t<div data-elementor-type=\"wp-post\" data-elementor-id=\"4214\" class=\"elementor elementor-4214\">\n\t\t\t\t<div class=\"elementor-element elementor-element-939a629 e-con-full elementor-hidden-tablet elementor-hidden-mobile e-flex e-con e-parent\" data-id=\"939a629\" data-element_type=\"container\">\n\t\t<div class=\"elementor-element elementor-element-592a880 e-con-full e-flex e-con e-child\" data-id=\"592a880\" data-element_type=\"container\" data-settings=\"{&quot;background_background&quot;:&quot;classic&quot;}\">\n\t\t\t\t<div class=\"elementor-element elementor-element-ed48d90 elementor-widget elementor-widget-image\" data-id=\"ed48d90\" data-element_type=\"widget\" data-widget_type=\"image.default\">\n\t\t\t\t<div class=\"elementor-widget-container\">\n\t\t\t\t\t\t\t\t\t\t\t\t\t\t\t<img fetchpriority=\"high\" fetchpriority=\"high\" decoding=\"async\" width=\"580\" height=\"198\" src=\"https:\/\/convenzioni.cralnetwork.it\/uilpavigilidelfuoco\/wp-content\/uploads\/sites\/39\/2024\/02\/logo-studio-pacini.jpg\" class=\"attachment-large size-large wp-image-4542\" alt=\"\" srcset=\"https:\/\/convenzioni.cralnetwork.it\/uilpavigilidelfuoco\/wp-content\/uploads\/sites\/39\/2024\/02\/logo-studio-pacini.jpg 580w, https:\/\/convenzioni.cralnetwork.it\/uilpavigilidelfuoco\/wp-content\/uploads\/sites\/39\/2024\/02\/logo-studio-pacini-480x164.jpg 480w\" sizes=\"(min-width: 0px) and (max-width: 480px) 480px, (min-width: 481px) 580px, 100vw\" \/>\t\t\t\t\t\t\t\t\t\t\t\t\t\t\t<\/div>\n\t\t\t\t<\/div>\n\t\t\t\t<div class=\"elementor-element elementor-element-942758b elementor-widget elementor-widget-text-editor\" data-id=\"942758b\" data-element_type=\"widget\" data-widget_type=\"text-editor.default\">\n\t\t\t\t<div class=\"elementor-widget-container\">\n\t\t\t\t\t\t\t\t\t<p>Dr. VITTORIO PACINI<br \/>Ig. PAOLA PACINI<\/p>\t\t\t\t\t\t\t\t<\/div>\n\t\t\t\t<\/div>\n\t\t\t\t<\/div>\n\t\t<div class=\"elementor-element elementor-element-55f6233 e-con-full e-flex e-con e-child\" data-id=\"55f6233\" data-element_type=\"container\" data-settings=\"{&quot;background_background&quot;:&quot;classic&quot;}\">\n\t\t\t\t<\/div>\n\t\t\t\t<\/div>\n\t\t<div class=\"elementor-element elementor-element-8ca881b elementor-hidden-desktop e-flex e-con-boxed e-con e-parent\" data-id=\"8ca881b\" data-element_type=\"container\">\n\t\t\t\t\t<div class=\"e-con-inner\">\n\t\t\t\t<div class=\"elementor-element elementor-element-de351ff elementor-widget elementor-widget-image\" data-id=\"de351ff\" data-element_type=\"widget\" data-widget_type=\"image.default\">\n\t\t\t\t<div class=\"elementor-widget-container\">\n\t\t\t\t\t\t\t\t\t\t\t\t\t\t\t<img fetchpriority=\"high\" fetchpriority=\"high\" decoding=\"async\" width=\"580\" height=\"198\" src=\"https:\/\/convenzioni.cralnetwork.it\/uilpavigilidelfuoco\/wp-content\/uploads\/sites\/39\/2024\/02\/logo-studio-pacini.jpg\" class=\"attachment-large size-large wp-image-4542\" alt=\"\" srcset=\"https:\/\/convenzioni.cralnetwork.it\/uilpavigilidelfuoco\/wp-content\/uploads\/sites\/39\/2024\/02\/logo-studio-pacini.jpg 580w, https:\/\/convenzioni.cralnetwork.it\/uilpavigilidelfuoco\/wp-content\/uploads\/sites\/39\/2024\/02\/logo-studio-pacini-480x164.jpg 480w\" sizes=\"(min-width: 0px) and (max-width: 480px) 480px, (min-width: 481px) 580px, 100vw\" \/>\t\t\t\t\t\t\t\t\t\t\t\t\t\t\t<\/div>\n\t\t\t\t<\/div>\n\t\t\t\t<div class=\"elementor-element elementor-element-1eda839 elementor-widget elementor-widget-text-editor\" data-id=\"1eda839\" data-element_type=\"widget\" data-widget_type=\"text-editor.default\">\n\t\t\t\t<div class=\"elementor-widget-container\">\n\t\t\t\t\t\t\t\t\t<p>Dr. VITTORIO PACINI<br \/>Ig. PAOLA PACINI<\/p>\t\t\t\t\t\t\t\t<\/div>\n\t\t\t\t<\/div>\n\t\t\t\t\t<\/div>\n\t\t\t\t<\/div>\n\t\t<div class=\"elementor-element elementor-element-c99140d elementor-hidden-desktop e-flex e-con-boxed e-con e-parent\" data-id=\"c99140d\" data-element_type=\"container\" data-settings=\"{&quot;background_background&quot;:&quot;classic&quot;}\">\n\t\t\t\t\t<div class=\"e-con-inner\">\n\t\t\t\t<div class=\"elementor-element elementor-element-2d6aa38 elementor-widget elementor-widget-text-editor\" data-id=\"2d6aa38\" data-element_type=\"widget\" data-widget_type=\"text-editor.default\">\n\t\t\t\t<div class=\"elementor-widget-container\">\n\t\t\t\t\t\t\t\t\t<p>Chi siamo<\/p>\t\t\t\t\t\t\t\t<\/div>\n\t\t\t\t<\/div>\n\t\t\t\t<div class=\"elementor-element elementor-element-92ee5eb elementor-widget elementor-widget-text-editor\" data-id=\"92ee5eb\" data-element_type=\"widget\" data-widget_type=\"text-editor.default\">\n\t\t\t\t<div class=\"elementor-widget-container\">\n\t\t\t\t\t\t\t\t\t<p>Lo Studio Odontoiatrico Pacini da 60 anni \u00e8 al servizio del paziente e ha come obiettivo la salute orale.<\/p><p>La nostra filosofia mette al centro il paziente, considerandolo una persona prima di tutto.<br \/>Le prestazioni sanitarie si distinguono per la qualit\u00e0 e l&#8217;ampiezza del servizio offerto ai propri pazienti.<br \/>Un servizio reso efficiente e in continua crescita, grazie all&#8217;ascolto delle necessit\u00e0 del paziente.<\/p>\t\t\t\t\t\t\t\t<\/div>\n\t\t\t\t<\/div>\n\t\t\t\t<div class=\"elementor-element elementor-element-c4f8d83 elementor-widget elementor-widget-text-editor\" data-id=\"c4f8d83\" data-element_type=\"widget\" data-widget_type=\"text-editor.default\">\n\t\t\t\t<div class=\"elementor-widget-container\">\n\t\t\t\t\t\t\t\t\t<p>Il Dott. Vittorio Pacini, che appartiene ad una terza generazione di dentisti, \u00e8 laureato in Medicina e Chirurgia e in Odontoiatria, \u00e8 perfezionato in Protesi Fissa Tradizionale e Implantare all\u2019Universit\u00e0 di Milano, ha inoltre un Master in Chirurgia Orale all\u2019Universit\u00e0 di Pisa.<\/p><p>L\u2019igienista Paola Pacini \u00e8 laureata in igiene dentale nel 1989, ha una esperienza trentennale nel trattamento e prevenzione dell\u2019igiene orale, e nello sbiancamento dentale.<\/p>\t\t\t\t\t\t\t\t<\/div>\n\t\t\t\t<\/div>\n\t\t\t\t\t<\/div>\n\t\t\t\t<\/div>\n\t\t<div class=\"elementor-element elementor-element-d514708 elementor-hidden-tablet elementor-hidden-mobile e-flex e-con-boxed e-con e-parent\" data-id=\"d514708\" data-element_type=\"container\" data-settings=\"{&quot;background_background&quot;:&quot;classic&quot;}\">\n\t\t\t\t\t<div class=\"e-con-inner\">\n\t\t\t\t<div class=\"elementor-element elementor-element-9ebbc37 elementor-widget elementor-widget-text-editor\" data-id=\"9ebbc37\" data-element_type=\"widget\" data-widget_type=\"text-editor.default\">\n\t\t\t\t<div class=\"elementor-widget-container\">\n\t\t\t\t\t\t\t\t\t<p>Chi siamo<\/p>\t\t\t\t\t\t\t\t<\/div>\n\t\t\t\t<\/div>\n\t\t\t\t\t<\/div>\n\t\t\t\t<\/div>\n\t\t<div class=\"elementor-element elementor-element-00edfde elementor-hidden-tablet elementor-hidden-mobile e-flex e-con-boxed e-con e-parent\" data-id=\"00edfde\" data-element_type=\"container\" data-settings=\"{&quot;background_background&quot;:&quot;classic&quot;}\">\n\t\t\t\t\t<div class=\"e-con-inner\">\n\t\t<div class=\"elementor-element elementor-element-d3fe8fd e-con-full e-flex e-con e-child\" data-id=\"d3fe8fd\" data-element_type=\"container\">\n\t\t\t\t<div class=\"elementor-element elementor-element-87cb4b5 elementor-widget elementor-widget-text-editor\" data-id=\"87cb4b5\" data-element_type=\"widget\" data-widget_type=\"text-editor.default\">\n\t\t\t\t<div class=\"elementor-widget-container\">\n\t\t\t\t\t\t\t\t\t<p>Lo Studio Odontoiatrico Pacini da 60 anni \u00e8 al servizio del paziente e ha come obiettivo la salute orale.<\/p><p>La nostra filosofia mette al centro il paziente, considerandolo una persona prima di tutto.<br \/>Le prestazioni sanitarie si distinguono per la qualit\u00e0 e l&#8217;ampiezza del servizio offerto ai propri pazienti.<br \/>Un servizio reso efficiente e in continua crescita, grazie all&#8217;ascolto delle necessit\u00e0 del paziente.<\/p>\t\t\t\t\t\t\t\t<\/div>\n\t\t\t\t<\/div>\n\t\t\t\t<\/div>\n\t\t<div class=\"elementor-element elementor-element-031346a e-con-full e-flex e-con e-child\" data-id=\"031346a\" data-element_type=\"container\">\n\t\t\t\t<div class=\"elementor-element elementor-element-125ec52 elementor-widget elementor-widget-text-editor\" data-id=\"125ec52\" data-element_type=\"widget\" data-widget_type=\"text-editor.default\">\n\t\t\t\t<div class=\"elementor-widget-container\">\n\t\t\t\t\t\t\t\t\t<p>Il Dott. Vittorio Pacini, che appartiene ad una terza generazione di dentisti, \u00e8 laureato in Medicina e Chirurgia e in Odontoiatria, \u00e8 perfezionato in Protesi Fissa Tradizionale e Implantare all\u2019Universit\u00e0 di Milano, ha inoltre un Master in Chirurgia Orale all\u2019Universit\u00e0 di Pisa.<\/p><p>L\u2019igienista Paola Pacini \u00e8 laureata in igiene dentale nel 1989, ha una esperienza trentennale nel trattamento e prevenzione dell\u2019igiene orale, e nello sbiancamento dentale.<\/p>\t\t\t\t\t\t\t\t<\/div>\n\t\t\t\t<\/div>\n\t\t\t\t<\/div>\n\t\t\t\t\t<\/div>\n\t\t\t\t<\/div>\n\t\t<div class=\"elementor-element elementor-element-0259a84 elementor-hidden-desktop e-flex e-con-boxed e-con e-parent\" data-id=\"0259a84\" data-element_type=\"container\" data-settings=\"{&quot;background_background&quot;:&quot;classic&quot;}\">\n\t\t\t\t\t<div class=\"e-con-inner\">\n\t\t\t\t<div class=\"elementor-element elementor-element-a1a34b4 elementor-widget elementor-widget-image\" data-id=\"a1a34b4\" data-element_type=\"widget\" data-widget_type=\"image.default\">\n\t\t\t\t<div class=\"elementor-widget-container\">\n\t\t\t\t\t\t\t\t\t\t\t\t\t\t\t<img decoding=\"async\" width=\"768\" height=\"1024\" src=\"https:\/\/convenzioni.cralnetwork.it\/uilpavigilidelfuoco\/wp-content\/uploads\/sites\/39\/2024\/02\/Sala-di-attesa-studio-Pacini-768x1024.jpg\" class=\"attachment-large size-large wp-image-4531\" alt=\"\" \/>\t\t\t\t\t\t\t\t\t\t\t\t\t\t\t<\/div>\n\t\t\t\t<\/div>\n\t\t\t\t<div class=\"elementor-element elementor-element-2df471f elementor-widget elementor-widget-image\" data-id=\"2df471f\" data-element_type=\"widget\" data-widget_type=\"image.default\">\n\t\t\t\t<div class=\"elementor-widget-container\">\n\t\t\t\t\t\t\t\t\t\t\t\t\t\t\t<img decoding=\"async\" width=\"768\" height=\"1024\" src=\"https:\/\/convenzioni.cralnetwork.it\/uilpavigilidelfuoco\/wp-content\/uploads\/sites\/39\/2024\/02\/Sala-operativa-2-768x1024.jpg\" class=\"attachment-large size-large wp-image-4530\" alt=\"\" \/>\t\t\t\t\t\t\t\t\t\t\t\t\t\t\t<\/div>\n\t\t\t\t<\/div>\n\t\t\t\t<div class=\"elementor-element elementor-element-3a72374 elementor-widget elementor-widget-image\" data-id=\"3a72374\" data-element_type=\"widget\" data-widget_type=\"image.default\">\n\t\t\t\t<div class=\"elementor-widget-container\">\n\t\t\t\t\t\t\t\t\t\t\t\t\t\t\t<img loading=\"lazy\" loading=\"lazy\" decoding=\"async\" width=\"768\" height=\"1024\" src=\"https:\/\/convenzioni.cralnetwork.it\/uilpavigilidelfuoco\/wp-content\/uploads\/sites\/39\/2024\/02\/Sala-operativa-1-768x1024.jpg\" class=\"attachment-large size-large wp-image-4529\" alt=\"\" \/>\t\t\t\t\t\t\t\t\t\t\t\t\t\t\t<\/div>\n\t\t\t\t<\/div>\n\t\t\t\t\t<\/div>\n\t\t\t\t<\/div>\n\t\t<div class=\"elementor-element elementor-element-49cb1cc elementor-hidden-tablet elementor-hidden-mobile e-flex e-con-boxed e-con e-parent\" data-id=\"49cb1cc\" data-element_type=\"container\" data-settings=\"{&quot;background_background&quot;:&quot;classic&quot;}\">\n\t\t\t\t\t<div class=\"e-con-inner\">\n\t\t<div class=\"elementor-element elementor-element-9493e7b e-con-full e-flex e-con e-child\" data-id=\"9493e7b\" data-element_type=\"container\">\n\t\t\t\t<div class=\"elementor-element elementor-element-f7242aa elementor-widget elementor-widget-image\" data-id=\"f7242aa\" data-element_type=\"widget\" data-widget_type=\"image.default\">\n\t\t\t\t<div class=\"elementor-widget-container\">\n\t\t\t\t\t\t\t\t\t\t\t\t\t\t\t<img decoding=\"async\" width=\"768\" height=\"1024\" src=\"https:\/\/convenzioni.cralnetwork.it\/uilpavigilidelfuoco\/wp-content\/uploads\/sites\/39\/2024\/02\/Sala-di-attesa-studio-Pacini-768x1024.jpg\" class=\"attachment-large size-large wp-image-4531\" alt=\"\" \/>\t\t\t\t\t\t\t\t\t\t\t\t\t\t\t<\/div>\n\t\t\t\t<\/div>\n\t\t\t\t<\/div>\n\t\t<div class=\"elementor-element elementor-element-4850bd2 e-con-full e-flex e-con e-child\" data-id=\"4850bd2\" data-element_type=\"container\">\n\t\t\t\t<div class=\"elementor-element elementor-element-94b0c22 elementor-widget elementor-widget-image\" data-id=\"94b0c22\" data-element_type=\"widget\" data-widget_type=\"image.default\">\n\t\t\t\t<div class=\"elementor-widget-container\">\n\t\t\t\t\t\t\t\t\t\t\t\t\t\t\t<img decoding=\"async\" width=\"768\" height=\"1024\" src=\"https:\/\/convenzioni.cralnetwork.it\/uilpavigilidelfuoco\/wp-content\/uploads\/sites\/39\/2024\/02\/Sala-operativa-2-768x1024.jpg\" class=\"attachment-large size-large wp-image-4530\" alt=\"\" \/>\t\t\t\t\t\t\t\t\t\t\t\t\t\t\t<\/div>\n\t\t\t\t<\/div>\n\t\t\t\t<\/div>\n\t\t<div class=\"elementor-element elementor-element-431b468 e-con-full e-flex e-con e-child\" data-id=\"431b468\" data-element_type=\"container\">\n\t\t\t\t<div class=\"elementor-element elementor-element-fcd3553 elementor-widget elementor-widget-image\" data-id=\"fcd3553\" data-element_type=\"widget\" data-widget_type=\"image.default\">\n\t\t\t\t<div class=\"elementor-widget-container\">\n\t\t\t\t\t\t\t\t\t\t\t\t\t\t\t<img loading=\"lazy\" loading=\"lazy\" decoding=\"async\" width=\"768\" height=\"1024\" src=\"https:\/\/convenzioni.cralnetwork.it\/uilpavigilidelfuoco\/wp-content\/uploads\/sites\/39\/2024\/02\/Sala-operativa-1-768x1024.jpg\" class=\"attachment-large size-large wp-image-4529\" alt=\"\" \/>\t\t\t\t\t\t\t\t\t\t\t\t\t\t\t<\/div>\n\t\t\t\t<\/div>\n\t\t\t\t<\/div>\n\t\t\t\t\t<\/div>\n\t\t\t\t<\/div>\n\t\t<div class=\"elementor-element elementor-element-f79ad6e elementor-hidden-desktop e-flex e-con-boxed e-con e-parent\" data-id=\"f79ad6e\" data-element_type=\"container\">\n\t\t\t\t\t<div class=\"e-con-inner\">\n\t\t\t\t<div class=\"elementor-element elementor-element-ac79543 elementor-widget elementor-widget-text-editor\" data-id=\"ac79543\" data-element_type=\"widget\" data-widget_type=\"text-editor.default\">\n\t\t\t\t<div class=\"elementor-widget-container\">\n\t\t\t\t\t\t\t\t\t<p>Lo Studio Odontoiatrico Pacini comprende l\u2019ambulatorio di Odontoiatria con i servizi di:<\/p>\t\t\t\t\t\t\t\t<\/div>\n\t\t\t\t<\/div>\n\t\t\t\t<div class=\"elementor-element elementor-element-72d7174 elementor-widget elementor-widget-text-editor\" data-id=\"72d7174\" data-element_type=\"widget\" data-widget_type=\"text-editor.default\">\n\t\t\t\t<div class=\"elementor-widget-container\">\n\t\t\t\t\t\t\t\t\t<p>\u2022 Conservativa<br \/>\u2022 Protesi Fissa e Rimovibile<br \/>\u2022 Chirurgia Orale<br \/>\u2022 Implantologia Immediata e Differita computer guidata senza bisturi<br \/>\u2022 Ambulatorio di Medicina e Patologia Orale per la diagnosi precoce di malattie tumorali, e non.<\/p>\t\t\t\t\t\t\t\t<\/div>\n\t\t\t\t<\/div>\n\t\t\t\t<div class=\"elementor-element elementor-element-f4fe014 elementor-widget elementor-widget-text-editor\" data-id=\"f4fe014\" data-element_type=\"widget\" data-widget_type=\"text-editor.default\">\n\t\t\t\t<div class=\"elementor-widget-container\">\n\t\t\t\t\t\t\t\t\t<p>Sono presenti inoltre i seguenti servizi:<\/p>\t\t\t\t\t\t\t\t<\/div>\n\t\t\t\t<\/div>\n\t\t\t\t<div class=\"elementor-element elementor-element-60c435a elementor-widget elementor-widget-text-editor\" data-id=\"60c435a\" data-element_type=\"widget\" data-widget_type=\"text-editor.default\">\n\t\t\t\t<div class=\"elementor-widget-container\">\n\t\t\t\t\t\t\t\t\t<p>L\u2019ambulatorio di Ortodonzia per ristabilire i corretti rapporti occlusali degli elementi dentali.<br \/>L\u2019ambulatorio di Igiene e Profilassi Orale e di sbiancamento dentale.<br \/>Disponiamo di apparecchiature per esami strumentali come la TAC dentale.<br \/>La nostra sala sterilizzazione \u00e8 dotata delle pi\u00f9 sofisticate attrezzature.<\/p>\t\t\t\t\t\t\t\t<\/div>\n\t\t\t\t<\/div>\n\t\t\t\t\t<\/div>\n\t\t\t\t<\/div>\n\t\t<div class=\"elementor-element elementor-element-76ea850 elementor-hidden-desktop e-flex e-con-boxed e-con e-parent\" data-id=\"76ea850\" data-element_type=\"container\" data-settings=\"{&quot;background_background&quot;:&quot;classic&quot;}\">\n\t\t\t\t\t<div class=\"e-con-inner\">\n\t\t\t\t<div class=\"elementor-element elementor-element-50ce88d elementor-widget elementor-widget-text-editor\" data-id=\"50ce88d\" data-element_type=\"widget\" data-widget_type=\"text-editor.default\">\n\t\t\t\t<div class=\"elementor-widget-container\">\n\t\t\t\t\t\t\t\t\t<p>Gli associati avranno a disposizione il<\/p>\t\t\t\t\t\t\t\t<\/div>\n\t\t\t\t<\/div>\n\t\t\t\t<div class=\"elementor-element elementor-element-c54e5ab elementor-widget elementor-widget-text-editor\" data-id=\"c54e5ab\" data-element_type=\"widget\" data-widget_type=\"text-editor.default\">\n\t\t\t\t<div class=\"elementor-widget-container\">\n\t\t\t\t\t\t\t\t\t<p>15%<\/p>\t\t\t\t\t\t\t\t<\/div>\n\t\t\t\t<\/div>\n\t\t\t\t<div class=\"elementor-element elementor-element-bcc8d3d elementor-widget elementor-widget-text-editor\" data-id=\"bcc8d3d\" data-element_type=\"widget\" data-widget_type=\"text-editor.default\">\n\t\t\t\t<div class=\"elementor-widget-container\">\n\t\t\t\t\t\t\t\t\t<p>di sconto<br \/>su presentazione tessera<\/p>\t\t\t\t\t\t\t\t<\/div>\n\t\t\t\t<\/div>\n\t\t\t\t\t<\/div>\n\t\t\t\t<\/div>\n\t\t<div class=\"elementor-element elementor-element-f93bd88 elementor-hidden-tablet elementor-hidden-mobile e-flex e-con-boxed e-con e-parent\" data-id=\"f93bd88\" data-element_type=\"container\" data-settings=\"{&quot;background_background&quot;:&quot;classic&quot;}\">\n\t\t\t\t\t<div class=\"e-con-inner\">\n\t\t<div class=\"elementor-element elementor-element-b66c89f e-con-full e-flex e-con e-child\" data-id=\"b66c89f\" data-element_type=\"container\" data-settings=\"{&quot;background_background&quot;:&quot;classic&quot;}\">\n\t\t\t\t<div class=\"elementor-element elementor-element-610011a elementor-widget elementor-widget-text-editor\" data-id=\"610011a\" data-element_type=\"widget\" data-widget_type=\"text-editor.default\">\n\t\t\t\t<div class=\"elementor-widget-container\">\n\t\t\t\t\t\t\t\t\t<p>Gli associati avranno a disposizione il<\/p>\t\t\t\t\t\t\t\t<\/div>\n\t\t\t\t<\/div>\n\t\t\t\t<div class=\"elementor-element elementor-element-90d6442 elementor-widget elementor-widget-text-editor\" data-id=\"90d6442\" data-element_type=\"widget\" data-widget_type=\"text-editor.default\">\n\t\t\t\t<div class=\"elementor-widget-container\">\n\t\t\t\t\t\t\t\t\t<p>15%<\/p>\t\t\t\t\t\t\t\t<\/div>\n\t\t\t\t<\/div>\n\t\t\t\t<div class=\"elementor-element elementor-element-3e44c49 elementor-widget elementor-widget-text-editor\" data-id=\"3e44c49\" data-element_type=\"widget\" data-widget_type=\"text-editor.default\">\n\t\t\t\t<div class=\"elementor-widget-container\">\n\t\t\t\t\t\t\t\t\t<p>di sconto<br \/>su presentazione tessera<\/p>\t\t\t\t\t\t\t\t<\/div>\n\t\t\t\t<\/div>\n\t\t\t\t<\/div>\n\t\t<div class=\"elementor-element elementor-element-a8eb25c e-con-full e-flex e-con e-child\" data-id=\"a8eb25c\" data-element_type=\"container\">\n\t\t\t\t<div class=\"elementor-element elementor-element-c3c2479 elementor-widget elementor-widget-text-editor\" data-id=\"c3c2479\" data-element_type=\"widget\" data-widget_type=\"text-editor.default\">\n\t\t\t\t<div class=\"elementor-widget-container\">\n\t\t\t\t\t\t\t\t\t<p>Lo Studio Odontoiatrico Pacini comprende l\u2019ambulatorio di Odontoiatria con i servizi di:<\/p>\t\t\t\t\t\t\t\t<\/div>\n\t\t\t\t<\/div>\n\t\t\t\t<div class=\"elementor-element elementor-element-e7a0e21 elementor-widget elementor-widget-text-editor\" data-id=\"e7a0e21\" data-element_type=\"widget\" data-widget_type=\"text-editor.default\">\n\t\t\t\t<div class=\"elementor-widget-container\">\n\t\t\t\t\t\t\t\t\t<p>\u2022 Conservativa<br \/>\u2022 Protesi Fissa e Rimovibile<br \/>\u2022 Chirurgia Orale<br \/>\u2022 Implantologia Immediata e Differita computer guidata senza bisturi<br \/>\u2022 Ambulatorio di Medicina e Patologia Orale per la diagnosi precoce di malattie tumorali, e non.<\/p>\t\t\t\t\t\t\t\t<\/div>\n\t\t\t\t<\/div>\n\t\t\t\t<div class=\"elementor-element elementor-element-34dd723 elementor-widget elementor-widget-text-editor\" data-id=\"34dd723\" data-element_type=\"widget\" data-widget_type=\"text-editor.default\">\n\t\t\t\t<div class=\"elementor-widget-container\">\n\t\t\t\t\t\t\t\t\t<p>Sono presenti inoltre i seguenti servizi:<\/p>\t\t\t\t\t\t\t\t<\/div>\n\t\t\t\t<\/div>\n\t\t\t\t<div class=\"elementor-element elementor-element-5b5de99 elementor-widget elementor-widget-text-editor\" data-id=\"5b5de99\" data-element_type=\"widget\" data-widget_type=\"text-editor.default\">\n\t\t\t\t<div class=\"elementor-widget-container\">\n\t\t\t\t\t\t\t\t\t<p>L\u2019ambulatorio di Ortodonzia per ristabilire i corretti rapporti occlusali degli elementi dentali.<br \/>L\u2019ambulatorio di Igiene e Profilassi Orale e di sbiancamento dentale.<br \/>Disponiamo di apparecchiature per esami strumentali come la TAC dentale.<br \/>La nostra sala sterilizzazione \u00e8 dotata delle pi\u00f9 sofisticate attrezzature.<\/p>\t\t\t\t\t\t\t\t<\/div>\n\t\t\t\t<\/div>\n\t\t\t\t<\/div>\n\t\t\t\t\t<\/div>\n\t\t\t\t<\/div>\n\t\t<div class=\"elementor-element elementor-element-f260349 e-flex e-con-boxed e-con e-parent\" data-id=\"f260349\" data-element_type=\"container\" data-settings=\"{&quot;background_background&quot;:&quot;classic&quot;}\">\n\t\t\t\t\t<div class=\"e-con-inner\">\n\t\t\t\t<div class=\"elementor-element elementor-element-e892f1f elementor-widget elementor-widget-text-editor\" data-id=\"e892f1f\" data-element_type=\"widget\" data-widget_type=\"text-editor.default\">\n\t\t\t\t<div class=\"elementor-widget-container\">\n\t\t\t\t\t\t\t\t\t<p>Contatti<\/p>\t\t\t\t\t\t\t\t<\/div>\n\t\t\t\t<\/div>\n\t\t\t\t<div class=\"elementor-element elementor-element-f8cfb2b elementor-widget elementor-widget-text-editor\" data-id=\"f8cfb2b\" data-element_type=\"widget\" data-widget_type=\"text-editor.default\">\n\t\t\t\t<div class=\"elementor-widget-container\">\n\t\t\t\t\t\t\t\t\t<p><strong>Dove trovarci:<\/strong> Calata Italia, 26 &#8211; 57037 Portoferraio (LI)<br \/><strong>Prenota ora:<\/strong> +39 0565 915097<\/p>\t\t\t\t\t\t\t\t<\/div>\n\t\t\t\t<\/div>\n\t\t\t\t<div class=\"elementor-element elementor-element-a76b716 elementor-widget elementor-widget-text-editor\" data-id=\"a76b716\" data-element_type=\"widget\" data-widget_type=\"text-editor.default\">\n\t\t\t\t<div class=\"elementor-widget-container\">\n\t\t\t\t\t\t\t\t\t<div id=\"gmw-single-location-wrapper-122\" class=\"gmw-element-wrapper gmw-single-location-wrapper gmw-sl-wrapper gmw-sl-single-post-wrapper post \" object_type=\"post\" object_id=\"4214\"  style=\"width:100%\"><div class=\"gmw-sl-map-wrapper gmw-sl-element\"><div id=\"gmw-map-wrapper-122\" class=\"gmw-map-wrapper  sl single_location \" style=\"width:100%;height:300px;\"> <span id=\"gmw-resize-map-toggle-122\" class=\"gmw-resize-map-toggle gmw-icon-resize-full\" style=\"display:none;\" title=\"Resize map\"><\/span> <div id=\"gmw-map-loader-122\" class=\"gmw-map-loader\"><\/div> <div id=\"gmw-map-122\" class=\"gmw-map sl single_location\" style=\"width:100%; height:100%\" data-map_id=\"122\" data-prefix=\"sl\" data-map_type=\"single_location\" data-icons_usage=\"global\"><\/div> <\/div><\/div><\/div>\t\t\t\t\t\t\t\t<\/div>\n\t\t\t\t<\/div>\n\t\t\t\t\t<\/div>\n\t\t\t\t<\/div>\n\t\t\t\t<\/div>\n\t\t","protected":false},"excerpt":{"rendered":"<div style=\"display: none;\">Lo Studio Odontoiatrico Pacini da 60 anni \u00e8 al servizio del paziente e ha come obiettivo la salute orale.<br \/>\nLa nostra filosofia mette al centro il paziente, considerandolo una persona prima di tutto. Le prestazioni sanitarie si distinguono per la qualit\u00e0 e l&#8217;ampiezza del servizio offerto ai propri pazienti. Un servizio reso efficiente e in continua crescita, grazie all&#8217;ascolto delle necessit\u00e0 del paziente.Il Dott. Vittorio Pacini, che appartiene ad una terza generazione di dentisti, \u00e8 laureato in Medicina e Chirurgia e in Odontoiatria, \u00e8 perfezionato in Protesi Fissa Tradizionale e Implantare all\u2019Universit\u00e0 di Milano, ha inoltre un Master in Chirurgia Orale all\u2019Universit\u00e0 di Pisa.<\/p>\n<p>L\u2019igienista Paola Pacini \u00e8 laureata in igiene dentale nel 1989, ha una esperienza trentennale nel trattamento e prevenzione dell\u2019igiene orale, e nello sbiancamento dentale.<\/p>\n<p>Lo Studio Odontoiatrico Pacini comprende l\u2019ambulatorio di Odontoiatria con i servizi di:<br \/>\nConservativa,<br \/>\nProtesi Fissa e Rimovibile,<br \/>\nChirurgia Orale,<br \/>\nImplantologia Immediata e Differita computer guidata senza bisturi,<br \/>\nAmbulatorio di Medicina e Patologia Orale per la diagnosi precoce di malattie tumorali, e non.<\/p>\n<p>Sono presenti inoltre i seguenti servizi:<br \/>\nl\u2019ambulatorio di Ortodonzia per ristabilire i corretti rapporti occlusali degli elementi dentali.<br \/>\nL\u2019ambulatorio di Igiene e Profilassi Orale e di sbiancamento dentale.<br \/>\nDisponiamo di apparecchiature per esami strumentali come la TAC dentale.<br \/>\nLa nostra sala sterilizzazione \u00e8 dotata delle pi\u00f9 sofisticate attrezzature.<\/p>\n<p>Conservativa, Protesi Fissa, protesi Rimovibile, Chirurgia Orale, Implantologia Immediata, Ambulatorio di Medicina, Patologia Orale, Ortodonzia, sbiancamento dentale, igiene dentale, igiene orale, cura dentale, dentista, dentisti, odontoiatra, odontoiatri, studio dentistico, studi dentistici, studio odontoiatrico, studi odontoiatrici<\/p>\n<p>Conservativa a Portoferraio, Protesi Fissa a Portoferraio, protesi Rimovibile a Portoferraio, Chirurgia Orale a Portoferraio, Implantologia Immediata a Portoferraio, Ambulatorio di Medicina a Portoferraio, Patologia Orale a Portoferraio, Ortodonzia a Portoferraio, sbiancamento dentale a Portoferraio, igiene dentale a Portoferraio, igiene orale a Portoferraio, cura dentale a Portoferraio, dentista a Portoferraio, dentisti a Portoferraio, odontoiatra a Portoferraio, odontoiatri a Portoferraio, studio dentistico a Portoferraio, studi dentistici a Portoferraio, studio odontoiatrico a Portoferraio, studi odontoiatrici a Portoferraio<\/p>\n<p>Conservativa Portoferraio, Protesi Fissa Portoferraio, protesi Rimovibile Portoferraio, Chirurgia Orale Portoferraio, Implantologia Immediata Portoferraio, Ambulatorio di Medicina Portoferraio, Patologia Orale Portoferraio, Ortodonzia Portoferraio, sbiancamento dentale Portoferraio, igiene dentale Portoferraio, igiene orale Portoferraio, cura dentale Portoferraio, dentista Portoferraio, dentisti Portoferraio, odontoiatra Portoferraio, odontoiatri Portoferraio, studio dentistico Portoferraio, studi dentistici Portoferraio, studio odontoiatrico Portoferraio, studi odontoiatrici Portoferraio<\/p>\n<\/div>\n","protected":false},"featured_media":4522,"comment_status":"open","ping_status":"closed","template":"elementor_header_footer","meta":{"_acf_changed":false,"_et_pb_use_builder":"off","_et_pb_old_content":"","_et_gb_content_width":""},"product_brand":[],"product_cat":[67,62],"product_tag":[3817,135,193,170,139,172,322,173,3816,254,274,144,3818,2154,2155,474,249,270,138,176],"class_list":{"0":"post-4214","1":"product","2":"type-product","3":"status-publish","4":"has-post-thumbnail","6":"product_cat-dentisti","7":"product_cat-salute","8":"product_tag-ambulatorio-di-medicina","9":"product_tag-chirurgia-orale","10":"product_tag-conservativa","11":"product_tag-cura-dentale","12":"product_tag-dentista","13":"product_tag-dentisti","14":"product_tag-igiene-dentale","15":"product_tag-igiene-orale","16":"product_tag-implantologia-immediata","17":"product_tag-odontoiatra","18":"product_tag-odontoiatri","19":"product_tag-ortodonzia","20":"product_tag-patologia-orale","21":"product_tag-protesi-fissa","22":"product_tag-protesi-rimovibile","23":"product_tag-sbiancamento-dentale","24":"product_tag-studi-dentistici","25":"product_tag-studi-odontoiatrici","26":"product_tag-studio-dentistico","27":"product_tag-studio-odontoiatrico","29":"first","30":"instock","31":"shipping-taxable","32":"product-type-simple"},"acf":[],"yoast_head":"<!-- This site is optimized with the Yoast SEO plugin v26.4 - https:\/\/yoast.com\/wordpress\/plugins\/seo\/ -->\n<title>Studio Odontoiatrico Pacini - UILPA Vigili del Fuoco<\/title>\n<meta name=\"robots\" content=\"index, follow, max-snippet:-1, max-image-preview:large, max-video-preview:-1\" \/>\n<link rel=\"canonical\" href=\"https:\/\/convenzioni.cralnetwork.it\/uilpavigilidelfuoco\/prodotto\/studio-odontoiatrico-pacini\/\" \/>\n<meta property=\"og:locale\" content=\"it_IT\" \/>\n<meta property=\"og:type\" content=\"article\" \/>\n<meta property=\"og:title\" content=\"Studio Odontoiatrico Pacini - UILPA Vigili del Fuoco\" \/>\n<meta property=\"og:description\" content=\"Lo Studio Odontoiatrico Pacini da 60 anni \u00e8 al servizio del paziente e ha come obiettivo la salute orale. La nostra filosofia mette al centro il paziente, considerandolo una persona prima di tutto. Le prestazioni sanitarie si distinguono per la qualit\u00e0 e l&#039;ampiezza del servizio offerto ai propri pazienti. Un servizio reso efficiente e in continua crescita, grazie all&#039;ascolto delle necessit\u00e0 del paziente.Il Dott. Vittorio Pacini, che appartiene ad una terza generazione di dentisti, \u00e8 laureato in Medicina e Chirurgia e in Odontoiatria, \u00e8 perfezionato in Protesi Fissa Tradizionale e Implantare all\u2019Universit\u00e0 di Milano, ha inoltre un Master in Chirurgia Orale all\u2019Universit\u00e0 di Pisa.  L\u2019igienista Paola Pacini \u00e8 laureata in igiene dentale nel 1989, ha una esperienza trentennale nel trattamento e prevenzione dell\u2019igiene orale, e nello sbiancamento dentale.  Lo Studio Odontoiatrico Pacini comprende l\u2019ambulatorio di Odontoiatria con i servizi di: Conservativa, Protesi Fissa e Rimovibile, Chirurgia Orale, Implantologia Immediata e Differita computer guidata senza bisturi, Ambulatorio di Medicina e Patologia Orale per la diagnosi precoce di malattie tumorali, e non.  Sono presenti inoltre i seguenti servizi: l\u2019ambulatorio di Ortodonzia per ristabilire i corretti rapporti occlusali degli elementi dentali. L\u2019ambulatorio di Igiene e Profilassi Orale e di sbiancamento dentale. Disponiamo di apparecchiature per esami strumentali come la TAC dentale. La nostra sala sterilizzazione \u00e8 dotata delle pi\u00f9 sofisticate attrezzature.  Conservativa, Protesi Fissa, protesi Rimovibile, Chirurgia Orale, Implantologia Immediata, Ambulatorio di Medicina, Patologia Orale, Ortodonzia, sbiancamento dentale, igiene dentale, igiene orale, cura dentale, dentista, dentisti, odontoiatra, odontoiatri, studio dentistico, studi dentistici, studio odontoiatrico, studi odontoiatrici  Conservativa a Portoferraio, Protesi Fissa a Portoferraio, protesi Rimovibile a Portoferraio, Chirurgia Orale a Portoferraio, Implantologia Immediata a Portoferraio, Ambulatorio di Medicina a Portoferraio, Patologia Orale a Portoferraio, Ortodonzia a Portoferraio, sbiancamento dentale a Portoferraio, igiene dentale a Portoferraio, igiene orale a Portoferraio, cura dentale a Portoferraio, dentista a Portoferraio, dentisti a Portoferraio, odontoiatra a Portoferraio, odontoiatri a Portoferraio, studio dentistico a Portoferraio, studi dentistici a Portoferraio, studio odontoiatrico a Portoferraio, studi odontoiatrici a Portoferraio  Conservativa Portoferraio, Protesi Fissa Portoferraio, protesi Rimovibile Portoferraio, Chirurgia Orale Portoferraio, Implantologia Immediata Portoferraio, Ambulatorio di Medicina Portoferraio, Patologia Orale Portoferraio, Ortodonzia Portoferraio, sbiancamento dentale Portoferraio, igiene dentale Portoferraio, igiene orale Portoferraio, cura dentale Portoferraio, dentista Portoferraio, dentisti Portoferraio, odontoiatra Portoferraio, odontoiatri Portoferraio, studio dentistico Portoferraio, studi dentistici Portoferraio, studio odontoiatrico Portoferraio, studi odontoiatrici Portoferraio\" \/>\n<meta property=\"og:url\" content=\"https:\/\/convenzioni.cralnetwork.it\/uilpavigilidelfuoco\/prodotto\/studio-odontoiatrico-pacini\/\" \/>\n<meta property=\"og:site_name\" content=\"UILPA Vigili del Fuoco\" \/>\n<meta property=\"article:modified_time\" content=\"2024-02-19T13:58:26+00:00\" \/>\n<meta property=\"og:image\" content=\"https:\/\/convenzioni.cralnetwork.it\/uilpavigilidelfuoco\/wp-content\/uploads\/sites\/39\/2024\/02\/Base-Logo-Studio-Pacini.jpg\" \/>\n\t<meta property=\"og:image:width\" content=\"300\" \/>\n\t<meta property=\"og:image:height\" content=\"300\" \/>\n\t<meta property=\"og:image:type\" content=\"image\/jpeg\" \/>\n<meta name=\"twitter:card\" content=\"summary_large_image\" \/>\n<meta name=\"twitter:label1\" content=\"Tempo di lettura stimato\" \/>\n\t<meta name=\"twitter:data1\" content=\"5 minuti\" \/>\n<script type=\"application\/ld+json\" class=\"yoast-schema-graph\">{\"@context\":\"https:\/\/schema.org\",\"@graph\":[{\"@type\":\"WebPage\",\"@id\":\"https:\/\/convenzioni.cralnetwork.it\/uilpavigilidelfuoco\/prodotto\/studio-odontoiatrico-pacini\/\",\"url\":\"https:\/\/convenzioni.cralnetwork.it\/uilpavigilidelfuoco\/prodotto\/studio-odontoiatrico-pacini\/\",\"name\":\"Studio Odontoiatrico Pacini - UILPA Vigili del Fuoco\",\"isPartOf\":{\"@id\":\"https:\/\/convenzioni.cralnetwork.it\/uilpavigilidelfuoco\/#website\"},\"primaryImageOfPage\":{\"@id\":\"https:\/\/convenzioni.cralnetwork.it\/uilpavigilidelfuoco\/prodotto\/studio-odontoiatrico-pacini\/#primaryimage\"},\"image\":{\"@id\":\"https:\/\/convenzioni.cralnetwork.it\/uilpavigilidelfuoco\/prodotto\/studio-odontoiatrico-pacini\/#primaryimage\"},\"thumbnailUrl\":\"https:\/\/convenzioni.cralnetwork.it\/uilpavigilidelfuoco\/wp-content\/uploads\/sites\/39\/2024\/02\/Base-Logo-Studio-Pacini.jpg\",\"datePublished\":\"2024-02-08T10:50:22+00:00\",\"dateModified\":\"2024-02-19T13:58:26+00:00\",\"breadcrumb\":{\"@id\":\"https:\/\/convenzioni.cralnetwork.it\/uilpavigilidelfuoco\/prodotto\/studio-odontoiatrico-pacini\/#breadcrumb\"},\"inLanguage\":\"it-IT\",\"potentialAction\":[{\"@type\":\"ReadAction\",\"target\":[\"https:\/\/convenzioni.cralnetwork.it\/uilpavigilidelfuoco\/prodotto\/studio-odontoiatrico-pacini\/\"]}]},{\"@type\":\"ImageObject\",\"inLanguage\":\"it-IT\",\"@id\":\"https:\/\/convenzioni.cralnetwork.it\/uilpavigilidelfuoco\/prodotto\/studio-odontoiatrico-pacini\/#primaryimage\",\"url\":\"https:\/\/convenzioni.cralnetwork.it\/uilpavigilidelfuoco\/wp-content\/uploads\/sites\/39\/2024\/02\/Base-Logo-Studio-Pacini.jpg\",\"contentUrl\":\"https:\/\/convenzioni.cralnetwork.it\/uilpavigilidelfuoco\/wp-content\/uploads\/sites\/39\/2024\/02\/Base-Logo-Studio-Pacini.jpg\",\"width\":300,\"height\":300},{\"@type\":\"BreadcrumbList\",\"@id\":\"https:\/\/convenzioni.cralnetwork.it\/uilpavigilidelfuoco\/prodotto\/studio-odontoiatrico-pacini\/#breadcrumb\",\"itemListElement\":[{\"@type\":\"ListItem\",\"position\":1,\"name\":\"Home\",\"item\":\"https:\/\/convenzioni.cralnetwork.it\/uilpavigilidelfuoco\/\"},{\"@type\":\"ListItem\",\"position\":2,\"name\":\"Shop\",\"item\":\"https:\/\/convenzioni.cralnetwork.it\/uilpavigilidelfuoco\/negozio\/\"},{\"@type\":\"ListItem\",\"position\":3,\"name\":\"Studio Odontoiatrico Pacini\"}]},{\"@type\":\"WebSite\",\"@id\":\"https:\/\/convenzioni.cralnetwork.it\/uilpavigilidelfuoco\/#website\",\"url\":\"https:\/\/convenzioni.cralnetwork.it\/uilpavigilidelfuoco\/\",\"name\":\"UILPA Vigili del Fuoco\",\"description\":\"Area Convenzioni\",\"potentialAction\":[{\"@type\":\"SearchAction\",\"target\":{\"@type\":\"EntryPoint\",\"urlTemplate\":\"https:\/\/convenzioni.cralnetwork.it\/uilpavigilidelfuoco\/?s={search_term_string}\"},\"query-input\":{\"@type\":\"PropertyValueSpecification\",\"valueRequired\":true,\"valueName\":\"search_term_string\"}}],\"inLanguage\":\"it-IT\"}]}<\/script>\n<!-- \/ Yoast SEO plugin. -->","yoast_head_json":{"title":"Studio Odontoiatrico Pacini - UILPA Vigili del Fuoco","robots":{"index":"index","follow":"follow","max-snippet":"max-snippet:-1","max-image-preview":"max-image-preview:large","max-video-preview":"max-video-preview:-1"},"canonical":"https:\/\/convenzioni.cralnetwork.it\/uilpavigilidelfuoco\/prodotto\/studio-odontoiatrico-pacini\/","og_locale":"it_IT","og_type":"article","og_title":"Studio Odontoiatrico Pacini - UILPA Vigili del Fuoco","og_description":"Lo Studio Odontoiatrico Pacini da 60 anni \u00e8 al servizio del paziente e ha come obiettivo la salute orale. La nostra filosofia mette al centro il paziente, considerandolo una persona prima di tutto. Le prestazioni sanitarie si distinguono per la qualit\u00e0 e l'ampiezza del servizio offerto ai propri pazienti. Un servizio reso efficiente e in continua crescita, grazie all'ascolto delle necessit\u00e0 del paziente.Il Dott. Vittorio Pacini, che appartiene ad una terza generazione di dentisti, \u00e8 laureato in Medicina e Chirurgia e in Odontoiatria, \u00e8 perfezionato in Protesi Fissa Tradizionale e Implantare all\u2019Universit\u00e0 di Milano, ha inoltre un Master in Chirurgia Orale all\u2019Universit\u00e0 di Pisa.  L\u2019igienista Paola Pacini \u00e8 laureata in igiene dentale nel 1989, ha una esperienza trentennale nel trattamento e prevenzione dell\u2019igiene orale, e nello sbiancamento dentale.  Lo Studio Odontoiatrico Pacini comprende l\u2019ambulatorio di Odontoiatria con i servizi di: Conservativa, Protesi Fissa e Rimovibile, Chirurgia Orale, Implantologia Immediata e Differita computer guidata senza bisturi, Ambulatorio di Medicina e Patologia Orale per la diagnosi precoce di malattie tumorali, e non.  Sono presenti inoltre i seguenti servizi: l\u2019ambulatorio di Ortodonzia per ristabilire i corretti rapporti occlusali degli elementi dentali. L\u2019ambulatorio di Igiene e Profilassi Orale e di sbiancamento dentale. Disponiamo di apparecchiature per esami strumentali come la TAC dentale. La nostra sala sterilizzazione \u00e8 dotata delle pi\u00f9 sofisticate attrezzature.  Conservativa, Protesi Fissa, protesi Rimovibile, Chirurgia Orale, Implantologia Immediata, Ambulatorio di Medicina, Patologia Orale, Ortodonzia, sbiancamento dentale, igiene dentale, igiene orale, cura dentale, dentista, dentisti, odontoiatra, odontoiatri, studio dentistico, studi dentistici, studio odontoiatrico, studi odontoiatrici  Conservativa a Portoferraio, Protesi Fissa a Portoferraio, protesi Rimovibile a Portoferraio, Chirurgia Orale a Portoferraio, Implantologia Immediata a Portoferraio, Ambulatorio di Medicina a Portoferraio, Patologia Orale a Portoferraio, Ortodonzia a Portoferraio, sbiancamento dentale a Portoferraio, igiene dentale a Portoferraio, igiene orale a Portoferraio, cura dentale a Portoferraio, dentista a Portoferraio, dentisti a Portoferraio, odontoiatra a Portoferraio, odontoiatri a Portoferraio, studio dentistico a Portoferraio, studi dentistici a Portoferraio, studio odontoiatrico a Portoferraio, studi odontoiatrici a Portoferraio  Conservativa Portoferraio, Protesi Fissa Portoferraio, protesi Rimovibile Portoferraio, Chirurgia Orale Portoferraio, Implantologia Immediata Portoferraio, Ambulatorio di Medicina Portoferraio, Patologia Orale Portoferraio, Ortodonzia Portoferraio, sbiancamento dentale Portoferraio, igiene dentale Portoferraio, igiene orale Portoferraio, cura dentale Portoferraio, dentista Portoferraio, dentisti Portoferraio, odontoiatra Portoferraio, odontoiatri Portoferraio, studio dentistico Portoferraio, studi dentistici Portoferraio, studio odontoiatrico Portoferraio, studi odontoiatrici Portoferraio","og_url":"https:\/\/convenzioni.cralnetwork.it\/uilpavigilidelfuoco\/prodotto\/studio-odontoiatrico-pacini\/","og_site_name":"UILPA Vigili del Fuoco","article_modified_time":"2024-02-19T13:58:26+00:00","og_image":[{"width":300,"height":300,"url":"https:\/\/convenzioni.cralnetwork.it\/uilpavigilidelfuoco\/wp-content\/uploads\/sites\/39\/2024\/02\/Base-Logo-Studio-Pacini.jpg","type":"image\/jpeg"}],"twitter_card":"summary_large_image","twitter_misc":{"Tempo di lettura stimato":"5 minuti"},"schema":{"@context":"https:\/\/schema.org","@graph":[{"@type":"WebPage","@id":"https:\/\/convenzioni.cralnetwork.it\/uilpavigilidelfuoco\/prodotto\/studio-odontoiatrico-pacini\/","url":"https:\/\/convenzioni.cralnetwork.it\/uilpavigilidelfuoco\/prodotto\/studio-odontoiatrico-pacini\/","name":"Studio Odontoiatrico Pacini - UILPA Vigili del Fuoco","isPartOf":{"@id":"https:\/\/convenzioni.cralnetwork.it\/uilpavigilidelfuoco\/#website"},"primaryImageOfPage":{"@id":"https:\/\/convenzioni.cralnetwork.it\/uilpavigilidelfuoco\/prodotto\/studio-odontoiatrico-pacini\/#primaryimage"},"image":{"@id":"https:\/\/convenzioni.cralnetwork.it\/uilpavigilidelfuoco\/prodotto\/studio-odontoiatrico-pacini\/#primaryimage"},"thumbnailUrl":"https:\/\/convenzioni.cralnetwork.it\/uilpavigilidelfuoco\/wp-content\/uploads\/sites\/39\/2024\/02\/Base-Logo-Studio-Pacini.jpg","datePublished":"2024-02-08T10:50:22+00:00","dateModified":"2024-02-19T13:58:26+00:00","breadcrumb":{"@id":"https:\/\/convenzioni.cralnetwork.it\/uilpavigilidelfuoco\/prodotto\/studio-odontoiatrico-pacini\/#breadcrumb"},"inLanguage":"it-IT","potentialAction":[{"@type":"ReadAction","target":["https:\/\/convenzioni.cralnetwork.it\/uilpavigilidelfuoco\/prodotto\/studio-odontoiatrico-pacini\/"]}]},{"@type":"ImageObject","inLanguage":"it-IT","@id":"https:\/\/convenzioni.cralnetwork.it\/uilpavigilidelfuoco\/prodotto\/studio-odontoiatrico-pacini\/#primaryimage","url":"https:\/\/convenzioni.cralnetwork.it\/uilpavigilidelfuoco\/wp-content\/uploads\/sites\/39\/2024\/02\/Base-Logo-Studio-Pacini.jpg","contentUrl":"https:\/\/convenzioni.cralnetwork.it\/uilpavigilidelfuoco\/wp-content\/uploads\/sites\/39\/2024\/02\/Base-Logo-Studio-Pacini.jpg","width":300,"height":300},{"@type":"BreadcrumbList","@id":"https:\/\/convenzioni.cralnetwork.it\/uilpavigilidelfuoco\/prodotto\/studio-odontoiatrico-pacini\/#breadcrumb","itemListElement":[{"@type":"ListItem","position":1,"name":"Home","item":"https:\/\/convenzioni.cralnetwork.it\/uilpavigilidelfuoco\/"},{"@type":"ListItem","position":2,"name":"Shop","item":"https:\/\/convenzioni.cralnetwork.it\/uilpavigilidelfuoco\/negozio\/"},{"@type":"ListItem","position":3,"name":"Studio Odontoiatrico Pacini"}]},{"@type":"WebSite","@id":"https:\/\/convenzioni.cralnetwork.it\/uilpavigilidelfuoco\/#website","url":"https:\/\/convenzioni.cralnetwork.it\/uilpavigilidelfuoco\/","name":"UILPA Vigili del Fuoco","description":"Area Convenzioni","potentialAction":[{"@type":"SearchAction","target":{"@type":"EntryPoint","urlTemplate":"https:\/\/convenzioni.cralnetwork.it\/uilpavigilidelfuoco\/?s={search_term_string}"},"query-input":{"@type":"PropertyValueSpecification","valueRequired":true,"valueName":"search_term_string"}}],"inLanguage":"it-IT"}]}},"publishpress_future_workflow_manual_trigger":{"enabledWorkflows":[]},"_links":{"self":[{"href":"https:\/\/convenzioni.cralnetwork.it\/uilpavigilidelfuoco\/wp-json\/wp\/v2\/product\/4214","targetHints":{"allow":["GET"]}}],"collection":[{"href":"https:\/\/convenzioni.cralnetwork.it\/uilpavigilidelfuoco\/wp-json\/wp\/v2\/product"}],"about":[{"href":"https:\/\/convenzioni.cralnetwork.it\/uilpavigilidelfuoco\/wp-json\/wp\/v2\/types\/product"}],"replies":[{"embeddable":true,"href":"https:\/\/convenzioni.cralnetwork.it\/uilpavigilidelfuoco\/wp-json\/wp\/v2\/comments?post=4214"}],"version-history":[{"count":31,"href":"https:\/\/convenzioni.cralnetwork.it\/uilpavigilidelfuoco\/wp-json\/wp\/v2\/product\/4214\/revisions"}],"predecessor-version":[{"id":4624,"href":"https:\/\/convenzioni.cralnetwork.it\/uilpavigilidelfuoco\/wp-json\/wp\/v2\/product\/4214\/revisions\/4624"}],"wp:featuredmedia":[{"embeddable":true,"href":"https:\/\/convenzioni.cralnetwork.it\/uilpavigilidelfuoco\/wp-json\/wp\/v2\/media\/4522"}],"wp:attachment":[{"href":"https:\/\/convenzioni.cralnetwork.it\/uilpavigilidelfuoco\/wp-json\/wp\/v2\/media?parent=4214"}],"wp:term":[{"taxonomy":"product_brand","embeddable":true,"href":"https:\/\/convenzioni.cralnetwork.it\/uilpavigilidelfuoco\/wp-json\/wp\/v2\/product_brand?post=4214"},{"taxonomy":"product_cat","embeddable":true,"href":"https:\/\/convenzioni.cralnetwork.it\/uilpavigilidelfuoco\/wp-json\/wp\/v2\/product_cat?post=4214"},{"taxonomy":"product_tag","embeddable":true,"href":"https:\/\/convenzioni.cralnetwork.it\/uilpavigilidelfuoco\/wp-json\/wp\/v2\/product_tag?post=4214"}],"curies":[{"name":"wp","href":"https:\/\/api.w.org\/{rel}","templated":true}]}}