{"id":3559,"date":"2024-01-12T11:47:45","date_gmt":"2024-01-12T10:47:45","guid":{"rendered":"https:\/\/convenzioni.cralnetwork.it\/uilpavigilidelfuoco\/?post_type=product&#038;p=3559"},"modified":"2024-03-04T09:37:48","modified_gmt":"2024-03-04T08:37:48","slug":"studio-odontoiatrico-dr-mauro-sancarlo","status":"publish","type":"product","link":"https:\/\/convenzioni.cralnetwork.it\/uilpavigilidelfuoco\/prodotto\/studio-odontoiatrico-dr-mauro-sancarlo\/","title":{"rendered":"Studio Odontoiatrico Dr. Mauro Sancarlo"},"content":{"rendered":"\t\t<div data-elementor-type=\"wp-post\" data-elementor-id=\"3559\" class=\"elementor elementor-3559\">\n\t\t\t\t<div class=\"elementor-element elementor-element-4ff11e7d elementor-hidden-desktop e-flex e-con-boxed e-con e-parent\" data-id=\"4ff11e7d\" data-element_type=\"container\" data-settings=\"{&quot;background_background&quot;:&quot;classic&quot;}\">\n\t\t\t\t\t<div class=\"e-con-inner\">\n\t\t\t\t<div class=\"elementor-element elementor-element-40e6e6dd elementor-widget elementor-widget-image\" data-id=\"40e6e6dd\" data-element_type=\"widget\" data-widget_type=\"image.default\">\n\t\t\t\t<div class=\"elementor-widget-container\">\n\t\t\t\t\t\t\t\t\t\t\t\t\t\t\t<img fetchpriority=\"high\" fetchpriority=\"high\" decoding=\"async\" width=\"1024\" height=\"261\" src=\"https:\/\/convenzioni.cralnetwork.it\/uilpavigilidelfuoco\/wp-content\/uploads\/sites\/39\/2024\/02\/logo-ok-1-1024x261.png\" class=\"attachment-large size-large wp-image-4763\" alt=\"\" srcset=\"https:\/\/convenzioni.cralnetwork.it\/uilpavigilidelfuoco\/wp-content\/uploads\/sites\/39\/2024\/02\/logo-ok-1-980x250.png 980w, https:\/\/convenzioni.cralnetwork.it\/uilpavigilidelfuoco\/wp-content\/uploads\/sites\/39\/2024\/02\/logo-ok-1-480x122.png 480w\" sizes=\"(min-width: 0px) and (max-width: 480px) 480px, (min-width: 481px) and (max-width: 980px) 980px, (min-width: 981px) 1024px, 100vw\" \/>\t\t\t\t\t\t\t\t\t\t\t\t\t\t\t<\/div>\n\t\t\t\t<\/div>\n\t\t\t\t\t<\/div>\n\t\t\t\t<\/div>\n\t\t<div class=\"elementor-element elementor-element-71136c28 e-con-full elementor-hidden-tablet elementor-hidden-mobile e-flex e-con e-parent\" data-id=\"71136c28\" data-element_type=\"container\">\n\t\t<div class=\"elementor-element elementor-element-26bb7c77 e-con-full e-flex e-con e-child\" data-id=\"26bb7c77\" data-element_type=\"container\" data-settings=\"{&quot;background_background&quot;:&quot;classic&quot;}\">\n\t\t\t\t<div class=\"elementor-element elementor-element-471080ef elementor-widget elementor-widget-image\" data-id=\"471080ef\" data-element_type=\"widget\" data-widget_type=\"image.default\">\n\t\t\t\t<div class=\"elementor-widget-container\">\n\t\t\t\t\t\t\t\t\t\t\t\t\t\t\t<img fetchpriority=\"high\" fetchpriority=\"high\" decoding=\"async\" width=\"1024\" height=\"261\" src=\"https:\/\/convenzioni.cralnetwork.it\/uilpavigilidelfuoco\/wp-content\/uploads\/sites\/39\/2024\/02\/logo-ok-1-1024x261.png\" class=\"attachment-large size-large wp-image-4763\" alt=\"\" srcset=\"https:\/\/convenzioni.cralnetwork.it\/uilpavigilidelfuoco\/wp-content\/uploads\/sites\/39\/2024\/02\/logo-ok-1-980x250.png 980w, https:\/\/convenzioni.cralnetwork.it\/uilpavigilidelfuoco\/wp-content\/uploads\/sites\/39\/2024\/02\/logo-ok-1-480x122.png 480w\" sizes=\"(min-width: 0px) and (max-width: 480px) 480px, (min-width: 481px) and (max-width: 980px) 980px, (min-width: 981px) 1024px, 100vw\" \/>\t\t\t\t\t\t\t\t\t\t\t\t\t\t\t<\/div>\n\t\t\t\t<\/div>\n\t\t\t\t<\/div>\n\t\t<div class=\"elementor-element elementor-element-5d755860 e-con-full e-flex e-con e-child\" data-id=\"5d755860\" data-element_type=\"container\" data-settings=\"{&quot;background_background&quot;:&quot;classic&quot;}\">\n\t\t\t\t<\/div>\n\t\t\t\t<\/div>\n\t\t<div class=\"elementor-element elementor-element-2c98b66c e-con-full elementor-hidden-desktop e-flex e-con e-parent\" data-id=\"2c98b66c\" data-element_type=\"container\">\n\t\t\t\t<div class=\"elementor-element elementor-element-5af6b4bb elementor-widget elementor-widget-image\" data-id=\"5af6b4bb\" data-element_type=\"widget\" data-widget_type=\"image.default\">\n\t\t\t\t<div class=\"elementor-widget-container\">\n\t\t\t\t\t\t\t\t\t\t\t\t\t\t\t<img decoding=\"async\" width=\"1024\" height=\"683\" src=\"https:\/\/convenzioni.cralnetwork.it\/uilpavigilidelfuoco\/wp-content\/uploads\/sites\/39\/2024\/02\/pexels-cottonbro-studio-6528907-scaled-1-1024x683.jpg\" class=\"attachment-large size-large wp-image-4764\" alt=\"\" srcset=\"https:\/\/convenzioni.cralnetwork.it\/uilpavigilidelfuoco\/wp-content\/uploads\/sites\/39\/2024\/02\/pexels-cottonbro-studio-6528907-scaled-1-980x653.jpg 980w, https:\/\/convenzioni.cralnetwork.it\/uilpavigilidelfuoco\/wp-content\/uploads\/sites\/39\/2024\/02\/pexels-cottonbro-studio-6528907-scaled-1-480x320.jpg 480w\" sizes=\"(min-width: 0px) and (max-width: 480px) 480px, (min-width: 481px) and (max-width: 980px) 980px, (min-width: 981px) 1024px, 100vw\" \/>\t\t\t\t\t\t\t\t\t\t\t\t\t\t\t<\/div>\n\t\t\t\t<\/div>\n\t\t\t\t<\/div>\n\t\t<div class=\"elementor-element elementor-element-557f777c elementor-hidden-desktop e-flex e-con-boxed e-con e-parent\" data-id=\"557f777c\" data-element_type=\"container\">\n\t\t\t\t\t<div class=\"e-con-inner\">\n\t\t\t\t<div class=\"elementor-element elementor-element-66be4e37 elementor-widget elementor-widget-text-editor\" data-id=\"66be4e37\" data-element_type=\"widget\" data-widget_type=\"text-editor.default\">\n\t\t\t\t<div class=\"elementor-widget-container\">\n\t\t\t\t\t\t\t\t\t<p>Chi siamo<\/p>\t\t\t\t\t\t\t\t<\/div>\n\t\t\t\t<\/div>\n\t\t\t\t<div class=\"elementor-element elementor-element-1551bf39 elementor-widget elementor-widget-text-editor\" data-id=\"1551bf39\" data-element_type=\"widget\" data-widget_type=\"text-editor.default\">\n\t\t\t\t<div class=\"elementor-widget-container\">\n\t\t\t\t\t\t\t\t\t<p>Il Dott. Mauro Sancarlo \u00e8 Medico Dentista specializzato in odontoiatria e implantologia.<\/p><p>Si avvale della collaborazione di professionisti di comprovata esperienza, che offrono ai pazienti massima seriet\u00e0 e competenza.<\/p><p>Il personale medico \u00e8 costantemente aggiornato sull&#8217;applicazione delle pi\u00f9 moderne tecniche odontoiatriche e all&#8217;utilizzo di apparecchiature diagnostiche e mediche di ultima generazione.<\/p><p>Il Dottore e il suo staff lavorano per offrire al paziente le migliori cure e un ascolto attento di tutte le sue necessit\u00e0.<\/p>\t\t\t\t\t\t\t\t<\/div>\n\t\t\t\t<\/div>\n\t\t\t\t<div class=\"elementor-element elementor-element-4a433de0 elementor-widget elementor-widget-image\" data-id=\"4a433de0\" data-element_type=\"widget\" data-widget_type=\"image.default\">\n\t\t\t\t<div class=\"elementor-widget-container\">\n\t\t\t\t\t\t\t\t\t\t\t\t\t\t\t<img decoding=\"async\" width=\"1024\" height=\"683\" src=\"https:\/\/convenzioni.cralnetwork.it\/uilpavigilidelfuoco\/wp-content\/uploads\/sites\/39\/2024\/02\/pexels-cedric-fauntleroy-4269694-1-scaled-1-1024x683.jpg\" class=\"attachment-large size-large wp-image-4765\" alt=\"\" srcset=\"https:\/\/convenzioni.cralnetwork.it\/uilpavigilidelfuoco\/wp-content\/uploads\/sites\/39\/2024\/02\/pexels-cedric-fauntleroy-4269694-1-scaled-1-980x653.jpg 980w, https:\/\/convenzioni.cralnetwork.it\/uilpavigilidelfuoco\/wp-content\/uploads\/sites\/39\/2024\/02\/pexels-cedric-fauntleroy-4269694-1-scaled-1-480x320.jpg 480w\" sizes=\"(min-width: 0px) and (max-width: 480px) 480px, (min-width: 481px) and (max-width: 980px) 980px, (min-width: 981px) 1024px, 100vw\" \/>\t\t\t\t\t\t\t\t\t\t\t\t\t\t\t<\/div>\n\t\t\t\t<\/div>\n\t\t\t\t\t<\/div>\n\t\t\t\t<\/div>\n\t\t<div class=\"elementor-element elementor-element-2ba67743 elementor-hidden-tablet elementor-hidden-mobile e-flex e-con-boxed e-con e-parent\" data-id=\"2ba67743\" data-element_type=\"container\">\n\t\t\t\t\t<div class=\"e-con-inner\">\n\t\t<div class=\"elementor-element elementor-element-1cfc6cb8 e-con-full e-flex e-con e-child\" data-id=\"1cfc6cb8\" data-element_type=\"container\">\n\t\t\t\t<div class=\"elementor-element elementor-element-5954dbd3 elementor-widget elementor-widget-image\" data-id=\"5954dbd3\" data-element_type=\"widget\" data-widget_type=\"image.default\">\n\t\t\t\t<div class=\"elementor-widget-container\">\n\t\t\t\t\t\t\t\t\t\t\t\t\t\t\t<img decoding=\"async\" width=\"1024\" height=\"683\" src=\"https:\/\/convenzioni.cralnetwork.it\/uilpavigilidelfuoco\/wp-content\/uploads\/sites\/39\/2024\/02\/pexels-cedric-fauntleroy-4269694-1-scaled-1-1024x683.jpg\" class=\"attachment-large size-large wp-image-4765\" alt=\"\" srcset=\"https:\/\/convenzioni.cralnetwork.it\/uilpavigilidelfuoco\/wp-content\/uploads\/sites\/39\/2024\/02\/pexels-cedric-fauntleroy-4269694-1-scaled-1-980x653.jpg 980w, https:\/\/convenzioni.cralnetwork.it\/uilpavigilidelfuoco\/wp-content\/uploads\/sites\/39\/2024\/02\/pexels-cedric-fauntleroy-4269694-1-scaled-1-480x320.jpg 480w\" sizes=\"(min-width: 0px) and (max-width: 480px) 480px, (min-width: 481px) and (max-width: 980px) 980px, (min-width: 981px) 1024px, 100vw\" \/>\t\t\t\t\t\t\t\t\t\t\t\t\t\t\t<\/div>\n\t\t\t\t<\/div>\n\t\t\t\t<\/div>\n\t\t<div class=\"elementor-element elementor-element-2feef32 e-con-full e-flex e-con e-child\" data-id=\"2feef32\" data-element_type=\"container\">\n\t\t\t\t<div class=\"elementor-element elementor-element-2c6482f1 elementor-widget elementor-widget-text-editor\" data-id=\"2c6482f1\" data-element_type=\"widget\" data-widget_type=\"text-editor.default\">\n\t\t\t\t<div class=\"elementor-widget-container\">\n\t\t\t\t\t\t\t\t\t<p>Chi siamo<\/p>\t\t\t\t\t\t\t\t<\/div>\n\t\t\t\t<\/div>\n\t\t\t\t<div class=\"elementor-element elementor-element-712656e5 elementor-widget elementor-widget-text-editor\" data-id=\"712656e5\" data-element_type=\"widget\" data-widget_type=\"text-editor.default\">\n\t\t\t\t<div class=\"elementor-widget-container\">\n\t\t\t\t\t\t\t\t\t<p>Il Dott. Mauro Sancarlo \u00e8 Medico Dentista specializzato in odontoiatria e implantologia.<\/p><p>Si avvale della collaborazione di professionisti di comprovata esperienza, che offrono ai pazienti massima seriet\u00e0 e competenza.<\/p><p>Il personale medico \u00e8 costantemente aggiornato sull&#8217;applicazione delle pi\u00f9 moderne tecniche odontoiatriche e all&#8217;utilizzo di apparecchiature diagnostiche e mediche di ultima generazione.<\/p><p>Il Dottore e il suo staff lavorano per offrire al paziente le migliori cure e un ascolto attento di tutte le sue necessit\u00e0.<\/p>\t\t\t\t\t\t\t\t<\/div>\n\t\t\t\t<\/div>\n\t\t\t\t<\/div>\n\t\t\t\t\t<\/div>\n\t\t\t\t<\/div>\n\t\t<div class=\"elementor-element elementor-element-69d8751c elementor-hidden-desktop e-flex e-con-boxed e-con e-parent\" data-id=\"69d8751c\" data-element_type=\"container\" data-settings=\"{&quot;background_background&quot;:&quot;classic&quot;}\">\n\t\t\t\t\t<div class=\"e-con-inner\">\n\t\t\t\t<div class=\"elementor-element elementor-element-19959d93 elementor-widget elementor-widget-text-editor\" data-id=\"19959d93\" data-element_type=\"widget\" data-widget_type=\"text-editor.default\">\n\t\t\t\t<div class=\"elementor-widget-container\">\n\t\t\t\t\t\t\t\t\t<p>Aiutarvi a sorridere, parlare e mangiare con la massima serenit\u00e0 \u00e8 il nostro obiettivo.<\/p>\t\t\t\t\t\t\t\t<\/div>\n\t\t\t\t<\/div>\n\t\t\t\t<div class=\"elementor-element elementor-element-593d8db6 elementor-widget elementor-widget-text-editor\" data-id=\"593d8db6\" data-element_type=\"widget\" data-widget_type=\"text-editor.default\">\n\t\t\t\t<div class=\"elementor-widget-container\">\n\t\t\t\t\t\t\t\t\t<p>L&#8217;accoglienza e la professionalit\u00e0 dei nostri medici, insieme alla scrupolosa assistenza che offriamo ai nostri pazienti sono i nostri tratti distintivi.<br \/>Trattiamo problematiche mediche, chirurgiche ed estetiche per tutte le et\u00e0 e ci occupiamo personalmente di istruire le pratiche da inviare alle assicurazioni per conto dei pazienti convenzionati.<br \/>Lo studio, recentemente rinnovato e dotato di tutte le pi\u00f9 moderne tecnologie, offre ai pazienti di Ivrea, Torino e del Canavese un&#8217;assistenza completa in materia di prevenzione, ortodonzia, implantologia e per tutte le patologie del cavo orale.<\/p>\t\t\t\t\t\t\t\t<\/div>\n\t\t\t\t<\/div>\n\t\t\t\t<div class=\"elementor-element elementor-element-2d09a4f9 elementor-widget elementor-widget-image\" data-id=\"2d09a4f9\" data-element_type=\"widget\" data-widget_type=\"image.default\">\n\t\t\t\t<div class=\"elementor-widget-container\">\n\t\t\t\t\t\t\t\t\t\t\t\t\t\t\t<img loading=\"lazy\" loading=\"lazy\" decoding=\"async\" width=\"1024\" height=\"683\" src=\"https:\/\/convenzioni.cralnetwork.it\/uilpavigilidelfuoco\/wp-content\/uploads\/sites\/39\/2024\/02\/pexels-cedric-fauntleroy-4269690-1-scaled-1-1024x683.jpg\" class=\"attachment-large size-large wp-image-4766\" alt=\"\" srcset=\"https:\/\/convenzioni.cralnetwork.it\/uilpavigilidelfuoco\/wp-content\/uploads\/sites\/39\/2024\/02\/pexels-cedric-fauntleroy-4269690-1-scaled-1-980x653.jpg 980w, https:\/\/convenzioni.cralnetwork.it\/uilpavigilidelfuoco\/wp-content\/uploads\/sites\/39\/2024\/02\/pexels-cedric-fauntleroy-4269690-1-scaled-1-480x320.jpg 480w\" sizes=\"auto, (min-width: 0px) and (max-width: 480px) 480px, (min-width: 481px) and (max-width: 980px) 980px, (min-width: 981px) 1024px, 100vw\" \/>\t\t\t\t\t\t\t\t\t\t\t\t\t\t\t<\/div>\n\t\t\t\t<\/div>\n\t\t\t\t\t<\/div>\n\t\t\t\t<\/div>\n\t\t<div class=\"elementor-element elementor-element-18950220 elementor-hidden-tablet elementor-hidden-mobile e-flex e-con-boxed e-con e-parent\" data-id=\"18950220\" data-element_type=\"container\" data-settings=\"{&quot;background_background&quot;:&quot;classic&quot;}\">\n\t\t\t\t\t<div class=\"e-con-inner\">\n\t\t<div class=\"elementor-element elementor-element-4ab4423a e-con-full e-flex e-con e-child\" data-id=\"4ab4423a\" data-element_type=\"container\">\n\t\t\t\t<div class=\"elementor-element elementor-element-18e85941 elementor-widget elementor-widget-image\" data-id=\"18e85941\" data-element_type=\"widget\" data-widget_type=\"image.default\">\n\t\t\t\t<div class=\"elementor-widget-container\">\n\t\t\t\t\t\t\t\t\t\t\t\t\t\t\t<img loading=\"lazy\" loading=\"lazy\" decoding=\"async\" width=\"1024\" height=\"683\" src=\"https:\/\/convenzioni.cralnetwork.it\/uilpavigilidelfuoco\/wp-content\/uploads\/sites\/39\/2024\/02\/pexels-cedric-fauntleroy-4269690-1-scaled-1-1024x683.jpg\" class=\"attachment-large size-large wp-image-4766\" alt=\"\" srcset=\"https:\/\/convenzioni.cralnetwork.it\/uilpavigilidelfuoco\/wp-content\/uploads\/sites\/39\/2024\/02\/pexels-cedric-fauntleroy-4269690-1-scaled-1-980x653.jpg 980w, https:\/\/convenzioni.cralnetwork.it\/uilpavigilidelfuoco\/wp-content\/uploads\/sites\/39\/2024\/02\/pexels-cedric-fauntleroy-4269690-1-scaled-1-480x320.jpg 480w\" sizes=\"auto, (min-width: 0px) and (max-width: 480px) 480px, (min-width: 481px) and (max-width: 980px) 980px, (min-width: 981px) 1024px, 100vw\" \/>\t\t\t\t\t\t\t\t\t\t\t\t\t\t\t<\/div>\n\t\t\t\t<\/div>\n\t\t\t\t<\/div>\n\t\t<div class=\"elementor-element elementor-element-3ff0075d e-con-full e-flex e-con e-child\" data-id=\"3ff0075d\" data-element_type=\"container\">\n\t\t\t\t<div class=\"elementor-element elementor-element-2cad1835 elementor-widget elementor-widget-text-editor\" data-id=\"2cad1835\" data-element_type=\"widget\" data-widget_type=\"text-editor.default\">\n\t\t\t\t<div class=\"elementor-widget-container\">\n\t\t\t\t\t\t\t\t\t<p>Aiutarvi a sorridere, parlare e mangiare con la massima serenit\u00e0 \u00e8 il nostro obiettivo.<\/p>\t\t\t\t\t\t\t\t<\/div>\n\t\t\t\t<\/div>\n\t\t\t\t<div class=\"elementor-element elementor-element-4339096c elementor-widget elementor-widget-text-editor\" data-id=\"4339096c\" data-element_type=\"widget\" data-widget_type=\"text-editor.default\">\n\t\t\t\t<div class=\"elementor-widget-container\">\n\t\t\t\t\t\t\t\t\t<p>L&#8217;accoglienza e la professionalit\u00e0 dei nostri medici, insieme alla scrupolosa assistenza che offriamo ai nostri pazienti sono i nostri tratti distintivi.<br \/>Trattiamo problematiche mediche, chirurgiche ed estetiche per tutte le et\u00e0 e ci occupiamo personalmente di istruire le pratiche da inviare alle assicurazioni per conto dei pazienti convenzionati.<br \/>Lo studio, recentemente rinnovato e dotato di tutte le pi\u00f9 moderne tecnologie, offre ai pazienti di Ivrea, Torino e del Canavese un&#8217;assistenza completa in materia di prevenzione, ortodonzia, implantologia e per tutte le patologie del cavo orale.<\/p>\t\t\t\t\t\t\t\t<\/div>\n\t\t\t\t<\/div>\n\t\t\t\t<\/div>\n\t\t\t\t\t<\/div>\n\t\t\t\t<\/div>\n\t\t<div class=\"elementor-element elementor-element-3410a900 elementor-hidden-desktop e-flex e-con-boxed e-con e-parent\" data-id=\"3410a900\" data-element_type=\"container\" data-settings=\"{&quot;background_background&quot;:&quot;classic&quot;}\">\n\t\t\t\t\t<div class=\"e-con-inner\">\n\t\t\t\t<div class=\"elementor-element elementor-element-78556f66 elementor-widget elementor-widget-text-editor\" data-id=\"78556f66\" data-element_type=\"widget\" data-widget_type=\"text-editor.default\">\n\t\t\t\t<div class=\"elementor-widget-container\">\n\t\t\t\t\t\t\t\t\t<p>Prevenzione e igiene orale<\/p>\t\t\t\t\t\t\t\t<\/div>\n\t\t\t\t<\/div>\n\t\t\t\t<div class=\"elementor-element elementor-element-45d22a3f elementor-widget elementor-widget-text-editor\" data-id=\"45d22a3f\" data-element_type=\"widget\" data-widget_type=\"text-editor.default\">\n\t\t\t\t<div class=\"elementor-widget-container\">\n\t\t\t\t\t\t\t\t\t<p><strong>Trattamenti preventivi, educazione all&#8217;igiene orale e cure specifiche per la salute e bocca, denti e gengive.<\/strong><br \/><strong>Pedodonzia.<\/strong><\/p><p>Una particolare attenzione \u00e8 riservata ai piccoli pazienti per la loro prima visita.<br \/>I nostri medici rassicurano e trasmettono positivit\u00e0 a tutti i pazienti (anche quelli pi\u00f9 timorosi).<\/p>\t\t\t\t\t\t\t\t<\/div>\n\t\t\t\t<\/div>\n\t\t\t\t<div class=\"elementor-element elementor-element-58d916e3 elementor-widget elementor-widget-text-editor\" data-id=\"58d916e3\" data-element_type=\"widget\" data-widget_type=\"text-editor.default\">\n\t\t\t\t<div class=\"elementor-widget-container\">\n\t\t\t\t\t\t\t\t\tCura e chirurgia\ndentale \t\t\t\t\t\t\t\t<\/div>\n\t\t\t\t<\/div>\n\t\t\t\t<div class=\"elementor-element elementor-element-3b03c2f4 elementor-widget elementor-widget-text-editor\" data-id=\"3b03c2f4\" data-element_type=\"widget\" data-widget_type=\"text-editor.default\">\n\t\t\t\t<div class=\"elementor-widget-container\">\n\t\t\t\t\t\t\t\t\t<p><strong>Diagnostica avanzata, trattamento e cura medica e chirurgica dei disturbi dentali.<\/strong><br \/><strong>Tecniche e strumenti di ultima generazione.<\/strong><\/p><p>Il linguaggio dell&#8217;odontoiatria spesso \u00e8 difficile da comprendere.<br \/>Tutto il nostro staff \u00e8 a disposizione per spiegare trattamenti e preventivi con la massima chiarezza e trasparenza..<\/p>\t\t\t\t\t\t\t\t<\/div>\n\t\t\t\t<\/div>\n\t\t\t\t<div class=\"elementor-element elementor-element-60fab115 elementor-widget elementor-widget-text-editor\" data-id=\"60fab115\" data-element_type=\"widget\" data-widget_type=\"text-editor.default\">\n\t\t\t\t<div class=\"elementor-widget-container\">\n\t\t\t\t\t\t\t\t\t<p>Implantologia e protesi<\/p>\t\t\t\t\t\t\t\t<\/div>\n\t\t\t\t<\/div>\n\t\t\t\t<div class=\"elementor-element elementor-element-4a5dbde5 elementor-widget elementor-widget-text-editor\" data-id=\"4a5dbde5\" data-element_type=\"widget\" data-widget_type=\"text-editor.default\">\n\t\t\t\t<div class=\"elementor-widget-container\">\n\t\t\t\t\t\t\t\t\t<p><strong>Impianti mobili e fissi di ultima generazione.<\/strong><br \/><strong>Implantologia a carico immediato e mininvasiva.<\/strong><\/p><p>Gli impianti dentali richiedono un&#8217;attenta analisi della situazione del paziente.<br \/>Il Dott. Sancarlo mette la propria competenza e disponibilit\u00e0 al servizio di ogni paziente per identificare insieme il percorso migliore.<\/p>\t\t\t\t\t\t\t\t<\/div>\n\t\t\t\t<\/div>\n\t\t\t\t<div class=\"elementor-element elementor-element-24d0097f elementor-widget elementor-widget-text-editor\" data-id=\"24d0097f\" data-element_type=\"widget\" data-widget_type=\"text-editor.default\">\n\t\t\t\t<div class=\"elementor-widget-container\">\n\t\t\t\t\t\t\t\t\t<p>Ortodonzia ed estetica<\/p>\t\t\t\t\t\t\t\t<\/div>\n\t\t\t\t<\/div>\n\t\t\t\t<div class=\"elementor-element elementor-element-3c3bcf7f elementor-widget elementor-widget-text-editor\" data-id=\"3c3bcf7f\" data-element_type=\"widget\" data-widget_type=\"text-editor.default\">\n\t\t\t\t<div class=\"elementor-widget-container\">\n\t\t\t\t\t\t\t\t\t<p><strong>Ortodonzia mobile e fissa, apparecchi ortodontici per bambini e adulti.<\/strong><br \/><strong>Ortodonzia invisibile estetica.<\/strong><\/p><p>Il sorriso di ciascuno \u00e8 unico e inimitabile e la nostra missione \u00e8 aiutarvi ad esprimerlo al meglio.<br \/>Con l&#8217;ausilio di strumenti di diagnostica avanzata, individuiamo il percorso pi\u00f9 adatto a ognuno: mascherina invisibile, apparecchi fissi o mobili.<\/p>\t\t\t\t\t\t\t\t<\/div>\n\t\t\t\t<\/div>\n\t\t\t\t\t<\/div>\n\t\t\t\t<\/div>\n\t\t<div class=\"elementor-element elementor-element-5266509a elementor-hidden-tablet elementor-hidden-mobile e-flex e-con-boxed e-con e-parent\" data-id=\"5266509a\" data-element_type=\"container\" data-settings=\"{&quot;background_background&quot;:&quot;classic&quot;}\">\n\t\t\t\t\t<div class=\"e-con-inner\">\n\t\t<div class=\"elementor-element elementor-element-4a7f90c4 e-con-full e-flex e-con e-child\" data-id=\"4a7f90c4\" data-element_type=\"container\">\n\t\t\t\t<div class=\"elementor-element elementor-element-3f8e69da elementor-widget elementor-widget-text-editor\" data-id=\"3f8e69da\" data-element_type=\"widget\" data-widget_type=\"text-editor.default\">\n\t\t\t\t<div class=\"elementor-widget-container\">\n\t\t\t\t\t\t\t\t\tCura e chirurgia\ndentale \t\t\t\t\t\t\t\t<\/div>\n\t\t\t\t<\/div>\n\t\t\t\t<div class=\"elementor-element elementor-element-307622ad elementor-widget elementor-widget-text-editor\" data-id=\"307622ad\" data-element_type=\"widget\" data-widget_type=\"text-editor.default\">\n\t\t\t\t<div class=\"elementor-widget-container\">\n\t\t\t\t\t\t\t\t\t<p><strong>Diagnostica avanzata, trattamento e cura medica e chirurgica dei disturbi dentali.<\/strong><br \/><strong>Tecniche e strumenti di ultima generazione.<\/strong><\/p><p>Il linguaggio dell&#8217;odontoiatria spesso \u00e8 difficile da comprendere.<br \/>Tutto il nostro staff \u00e8 a disposizione per spiegare trattamenti e preventivi con la massima chiarezza e trasparenza..<\/p>\t\t\t\t\t\t\t\t<\/div>\n\t\t\t\t<\/div>\n\t\t\t\t<\/div>\n\t\t<div class=\"elementor-element elementor-element-4b675949 e-con-full e-flex e-con e-child\" data-id=\"4b675949\" data-element_type=\"container\">\n\t\t\t\t<div class=\"elementor-element elementor-element-1d57dcd4 elementor-widget elementor-widget-text-editor\" data-id=\"1d57dcd4\" data-element_type=\"widget\" data-widget_type=\"text-editor.default\">\n\t\t\t\t<div class=\"elementor-widget-container\">\n\t\t\t\t\t\t\t\t\t<p>Prevenzione e igiene orale<\/p>\t\t\t\t\t\t\t\t<\/div>\n\t\t\t\t<\/div>\n\t\t\t\t<div class=\"elementor-element elementor-element-1de7b21b elementor-widget elementor-widget-text-editor\" data-id=\"1de7b21b\" data-element_type=\"widget\" data-widget_type=\"text-editor.default\">\n\t\t\t\t<div class=\"elementor-widget-container\">\n\t\t\t\t\t\t\t\t\t<p><strong>Trattamenti preventivi, educazione all&#8217;igiene orale e cure specifiche per la salute e bocca, denti e gengive.<\/strong><br \/><strong>Pedodonzia.<\/strong><\/p><p>Una particolare attenzione \u00e8 riservata ai piccoli pazienti per la loro prima visita.<br \/>I nostri medici rassicurano e trasmettono positivit\u00e0 a tutti i pazienti (anche quelli pi\u00f9 timorosi).<\/p>\t\t\t\t\t\t\t\t<\/div>\n\t\t\t\t<\/div>\n\t\t\t\t<\/div>\n\t\t\t\t\t<\/div>\n\t\t\t\t<\/div>\n\t\t<div class=\"elementor-element elementor-element-4e78c57d elementor-hidden-tablet elementor-hidden-mobile e-flex e-con-boxed e-con e-parent\" data-id=\"4e78c57d\" data-element_type=\"container\" data-settings=\"{&quot;background_background&quot;:&quot;classic&quot;}\">\n\t\t\t\t\t<div class=\"e-con-inner\">\n\t\t<div class=\"elementor-element elementor-element-55676f64 e-con-full e-flex e-con e-child\" data-id=\"55676f64\" data-element_type=\"container\">\n\t\t\t\t<div class=\"elementor-element elementor-element-50a40b2 elementor-widget elementor-widget-text-editor\" data-id=\"50a40b2\" data-element_type=\"widget\" data-widget_type=\"text-editor.default\">\n\t\t\t\t<div class=\"elementor-widget-container\">\n\t\t\t\t\t\t\t\t\t<p>Ortodonzia ed estetica<\/p>\t\t\t\t\t\t\t\t<\/div>\n\t\t\t\t<\/div>\n\t\t\t\t<div class=\"elementor-element elementor-element-40fbfe52 elementor-widget elementor-widget-text-editor\" data-id=\"40fbfe52\" data-element_type=\"widget\" data-widget_type=\"text-editor.default\">\n\t\t\t\t<div class=\"elementor-widget-container\">\n\t\t\t\t\t\t\t\t\t<p><strong>Ortodonzia mobile e fissa, apparecchi ortodontici per bambini e adulti.<\/strong><br \/><strong>Ortodonzia invisibile estetica.<\/strong><\/p><p>Il sorriso di ciascuno \u00e8 unico e inimitabile e la nostra missione \u00e8 aiutarvi ad esprimerlo al meglio.<br \/>Con l&#8217;ausilio di strumenti di diagnostica avanzata, individuiamo il percorso pi\u00f9 adatto a ognuno: mascherina invisibile, apparecchi fissi o mobili.<\/p>\t\t\t\t\t\t\t\t<\/div>\n\t\t\t\t<\/div>\n\t\t\t\t<\/div>\n\t\t<div class=\"elementor-element elementor-element-56fbe5cb e-con-full e-flex e-con e-child\" data-id=\"56fbe5cb\" data-element_type=\"container\">\n\t\t\t\t<div class=\"elementor-element elementor-element-6b024f61 elementor-widget elementor-widget-text-editor\" data-id=\"6b024f61\" data-element_type=\"widget\" data-widget_type=\"text-editor.default\">\n\t\t\t\t<div class=\"elementor-widget-container\">\n\t\t\t\t\t\t\t\t\t<p>Implantologia e protesi<\/p>\t\t\t\t\t\t\t\t<\/div>\n\t\t\t\t<\/div>\n\t\t\t\t<div class=\"elementor-element elementor-element-6d84e05 elementor-widget elementor-widget-text-editor\" data-id=\"6d84e05\" data-element_type=\"widget\" data-widget_type=\"text-editor.default\">\n\t\t\t\t<div class=\"elementor-widget-container\">\n\t\t\t\t\t\t\t\t\t<p><strong>Impianti mobili e fissi di ultima generazione.<\/strong><br \/><strong>Implantologia a carico immediato e mininvasiva.<\/strong><\/p><p>Gli impianti dentali richiedono un&#8217;attenta analisi della situazione del paziente.<br \/>Il Dott. Sancarlo mette la propria competenza e disponibilit\u00e0 al servizio di ogni paziente per identificare insieme il percorso migliore.<\/p>\t\t\t\t\t\t\t\t<\/div>\n\t\t\t\t<\/div>\n\t\t\t\t<\/div>\n\t\t\t\t\t<\/div>\n\t\t\t\t<\/div>\n\t\t\t\t<section class=\"elementor-section elementor-top-section elementor-element elementor-element-7af5658f elementor-section-boxed elementor-section-height-default elementor-section-height-default\" data-id=\"7af5658f\" data-element_type=\"section\" data-settings=\"{&quot;background_background&quot;:&quot;classic&quot;}\">\n\t\t\t\t\t\t<div class=\"elementor-container elementor-column-gap-default\">\n\t\t\t\t\t<div class=\"elementor-column elementor-col-100 elementor-top-column elementor-element elementor-element-8be438\" data-id=\"8be438\" data-element_type=\"column\">\n\t\t\t<div class=\"elementor-widget-wrap elementor-element-populated\">\n\t\t\t\t\t\t<div class=\"elementor-element elementor-element-4cd261ec elementor-widget elementor-widget-text-editor\" data-id=\"4cd261ec\" data-element_type=\"widget\" data-widget_type=\"text-editor.default\">\n\t\t\t\t<div class=\"elementor-widget-container\">\n\t\t\t\t\t\t\t\t\t<p>Gli associati avranno a disposizione la <strong>prima visita gratuita<\/strong><\/p>\t\t\t\t\t\t\t\t<\/div>\n\t\t\t\t<\/div>\n\t\t\t\t\t<\/div>\n\t\t<\/div>\n\t\t\t\t\t<\/div>\n\t\t<\/section>\n\t\t<div class=\"elementor-element elementor-element-26ace551 elementor-hidden-desktop e-flex e-con-boxed e-con e-parent\" data-id=\"26ace551\" data-element_type=\"container\">\n\t\t\t\t\t<div class=\"e-con-inner\">\n\t\t\t\t<div class=\"elementor-element elementor-element-7d7e86ef elementor-widget elementor-widget-text-editor\" data-id=\"7d7e86ef\" data-element_type=\"widget\" data-widget_type=\"text-editor.default\">\n\t\t\t\t<div class=\"elementor-widget-container\">\n\t\t\t\t\t\t\t\t\t<p>Contatti<\/p>\t\t\t\t\t\t\t\t<\/div>\n\t\t\t\t<\/div>\n\t\t\t\t<div class=\"elementor-element elementor-element-372fb35d elementor-widget elementor-widget-text-editor\" data-id=\"372fb35d\" data-element_type=\"widget\" data-widget_type=\"text-editor.default\">\n\t\t\t\t<div class=\"elementor-widget-container\">\n\t\t\t\t\t\t\t\t\t<p><b>Indirizzo: <\/b>Via Torino, 195 &#8211; 10015 Ivrea (TO)<br \/><strong>Telefono:<\/strong> +39 0125 189 4968<br \/><strong>Telefono per emergenze:<\/strong> +39 388 642 0124<br \/><strong>Sito web:<\/strong> <a href=\"https:\/\/www.studiodentisticosancarlo.com\/\">www.studiodentisticosancarlo.com<\/a><\/p>\t\t\t\t\t\t\t\t<\/div>\n\t\t\t\t<\/div>\n\t\t\t\t<div class=\"elementor-element elementor-element-1224003 elementor-widget elementor-widget-text-editor\" data-id=\"1224003\" data-element_type=\"widget\" data-widget_type=\"text-editor.default\">\n\t\t\t\t<div class=\"elementor-widget-container\">\n\t\t\t\t\t\t\t\t\t<p>Orari<\/p>\t\t\t\t\t\t\t\t<\/div>\n\t\t\t\t<\/div>\n\t\t\t\t<div class=\"elementor-element elementor-element-501579d4 elementor-widget elementor-widget-text-editor\" data-id=\"501579d4\" data-element_type=\"widget\" data-widget_type=\"text-editor.default\">\n\t\t\t\t<div class=\"elementor-widget-container\">\n\t\t\t\t\t\t\t\t\t<p><b>Luned\u00ec &#8211; Venerd\u00ec: <\/b>9.00 &#8211; 19.00<\/p>\t\t\t\t\t\t\t\t<\/div>\n\t\t\t\t<\/div>\n\t\t\t\t<div class=\"elementor-element elementor-element-7c588c17 elementor-widget elementor-widget-text-editor\" data-id=\"7c588c17\" data-element_type=\"widget\" data-widget_type=\"text-editor.default\">\n\t\t\t\t<div class=\"elementor-widget-container\">\n\t\t\t\t\t\t\t\t\t<div id=\"gmw-single-location-wrapper-202\" class=\"gmw-element-wrapper gmw-single-location-wrapper gmw-sl-wrapper gmw-sl-single-post-wrapper post \" object_type=\"post\" object_id=\"3559\"  style=\"width:100%\"><div class=\"gmw-sl-map-wrapper gmw-sl-element\"><div id=\"gmw-map-wrapper-202\" class=\"gmw-map-wrapper  sl single_location \" style=\"width:100%;height:300px;\"> <span id=\"gmw-resize-map-toggle-202\" class=\"gmw-resize-map-toggle gmw-icon-resize-full\" style=\"display:none;\" title=\"Resize map\"><\/span> <div id=\"gmw-map-loader-202\" class=\"gmw-map-loader\"><\/div> <div id=\"gmw-map-202\" class=\"gmw-map sl single_location\" style=\"width:100%; height:100%\" data-map_id=\"202\" data-prefix=\"sl\" data-map_type=\"single_location\" data-icons_usage=\"global\"><\/div> <\/div><\/div><\/div>\t\t\t\t\t\t\t\t<\/div>\n\t\t\t\t<\/div>\n\t\t\t\t\t<\/div>\n\t\t\t\t<\/div>\n\t\t<div class=\"elementor-element elementor-element-19d35d7b elementor-hidden-tablet elementor-hidden-mobile e-flex e-con-boxed e-con e-parent\" data-id=\"19d35d7b\" data-element_type=\"container\">\n\t\t\t\t\t<div class=\"e-con-inner\">\n\t\t<div class=\"elementor-element elementor-element-569e2dd4 e-con-full e-flex e-con e-child\" data-id=\"569e2dd4\" data-element_type=\"container\">\n\t\t\t\t<div class=\"elementor-element elementor-element-32bcfb5b elementor-widget elementor-widget-text-editor\" data-id=\"32bcfb5b\" data-element_type=\"widget\" data-widget_type=\"text-editor.default\">\n\t\t\t\t<div class=\"elementor-widget-container\">\n\t\t\t\t\t\t\t\t\t<p>Contatti<\/p>\t\t\t\t\t\t\t\t<\/div>\n\t\t\t\t<\/div>\n\t\t\t\t<div class=\"elementor-element elementor-element-63a9c364 elementor-widget elementor-widget-text-editor\" data-id=\"63a9c364\" data-element_type=\"widget\" data-widget_type=\"text-editor.default\">\n\t\t\t\t<div class=\"elementor-widget-container\">\n\t\t\t\t\t\t\t\t\t<p><b>Indirizzo: <\/b>Via Torino, 195 &#8211; 10015 Ivrea (TO)<br \/><strong>Telefono:<\/strong> +39 0125 189 4968<br \/><strong>Telefono per emergenze:<\/strong> +39 388 642 0124<br \/><strong>Sito web:<\/strong> <a href=\"https:\/\/www.studiodentisticosancarlo.com\/\">www.studiodentisticosancarlo.com<\/a><\/p>\t\t\t\t\t\t\t\t<\/div>\n\t\t\t\t<\/div>\n\t\t\t\t<div class=\"elementor-element elementor-element-1122e849 elementor-widget elementor-widget-text-editor\" data-id=\"1122e849\" data-element_type=\"widget\" data-widget_type=\"text-editor.default\">\n\t\t\t\t<div class=\"elementor-widget-container\">\n\t\t\t\t\t\t\t\t\t<p>Orari<\/p>\t\t\t\t\t\t\t\t<\/div>\n\t\t\t\t<\/div>\n\t\t\t\t<div class=\"elementor-element elementor-element-425b457f elementor-widget elementor-widget-text-editor\" data-id=\"425b457f\" data-element_type=\"widget\" data-widget_type=\"text-editor.default\">\n\t\t\t\t<div class=\"elementor-widget-container\">\n\t\t\t\t\t\t\t\t\t<p><b>Luned\u00ec &#8211; Venerd\u00ec: <\/b>9.00 &#8211; 19.00<\/p>\t\t\t\t\t\t\t\t<\/div>\n\t\t\t\t<\/div>\n\t\t\t\t<\/div>\n\t\t<div class=\"elementor-element elementor-element-3dec49fc e-con-full e-flex e-con e-child\" data-id=\"3dec49fc\" data-element_type=\"container\">\n\t\t\t\t<div class=\"elementor-element elementor-element-2fbcf4d1 elementor-widget elementor-widget-text-editor\" data-id=\"2fbcf4d1\" data-element_type=\"widget\" data-widget_type=\"text-editor.default\">\n\t\t\t\t<div class=\"elementor-widget-container\">\n\t\t\t\t\t\t\t\t\t<div id=\"gmw-single-location-wrapper-196\" class=\"gmw-element-wrapper gmw-single-location-wrapper gmw-sl-wrapper gmw-sl-single-post-wrapper post \" object_type=\"post\" object_id=\"3559\"  style=\"width:100%\"><div class=\"gmw-sl-map-wrapper gmw-sl-element\"><div id=\"gmw-map-wrapper-196\" class=\"gmw-map-wrapper  sl single_location \" style=\"width:100%;height:300px;\"> <span id=\"gmw-resize-map-toggle-196\" class=\"gmw-resize-map-toggle gmw-icon-resize-full\" style=\"display:none;\" title=\"Resize map\"><\/span> <div id=\"gmw-map-loader-196\" class=\"gmw-map-loader\"><\/div> <div id=\"gmw-map-196\" class=\"gmw-map sl single_location\" style=\"width:100%; height:100%\" data-map_id=\"196\" data-prefix=\"sl\" data-map_type=\"single_location\" data-icons_usage=\"global\"><\/div> <\/div><\/div><\/div>\t\t\t\t\t\t\t\t<\/div>\n\t\t\t\t<\/div>\n\t\t\t\t<\/div>\n\t\t\t\t\t<\/div>\n\t\t\t\t<\/div>\n\t\t\t\t<\/div>\n\t\t","protected":false},"excerpt":{"rendered":"<div style=\"display: none;\">Chi siamo<br \/>\nIl Dott. Mauro Sancarlo \u00e8 Medico Dentista specializzato in odontoiatria e implantologia.<br \/>\nSi avvale della collaborazione di professionisti di comprovata esperienza, che offrono ai pazienti massima seriet\u00e0 e competenza.<br \/>\nIl personale medico \u00e8 costantemente aggiornato sull&#8217;applicazione delle pi\u00f9 moderne tecniche odontoiatriche e all&#8217;utilizzo di apparecchiature diagnostiche e mediche di ultima generazione.<br \/>\nIl Dottore e il suo staff lavorano per offrire al paziente le migliori cure e un ascolto attento di tutte le sue necessit\u00e0.Servizi<br \/>\nAiutarvi a sorridere, parlare e mangiare con la massima serenit\u00e0 \u00e8 il nostro obiettivo.<br \/>\nL&#8217;accoglienza e la professionalit\u00e0 dei nostri medici, insieme alla scrupolosa assistenza che offriamo ai nostri pazienti sono i nostri tratti distintivi.<br \/>\nTrattiamo problematiche mediche, chirurgiche ed estetiche per tutte le et\u00e0 e ci occupiamo personalmente di istruire le pratiche da inviare alle assicurazioni per conto dei pazienti convenzionati.<br \/>\nLo studio, recentemente rinnovato e dotato di tutte le pi\u00f9 moderne tecnologie, offre ai pazienti di Ivrea, Torino e del Canavese un&#8217;assistenza completa in materia di prevenzione, ortodonzia, implantologia e per tutte le patologie del cavo orale.<\/p>\n<p>&#8211; Prevenzione e igiene orale<br \/>\nTrattamenti preventivi, educazione all&#8217;igiene orale e cure specifiche per la salute d bocca, denti e gengive.<br \/>\nPedodonzia.<br \/>\nUna particolare attenzione \u00e8 riservata ai piccoli pazienti per la loro prima visita.<br \/>\nI nostri medici rassicurano e trasmettono positivit\u00e0 a tutti i pazienti (anche quelli pi\u00f9 timorosi).<\/p>\n<p>&#8211; Cura e chirurgia dentale<br \/>\nDiagnostica avanzata, trattamento e cura medica e chirurgica dei disturbi dentali.<br \/>\nTecniche e strumenti di ultima generazione.<br \/>\nIl linguaggio dell&#8217;odontoiatria spesso \u00e8 difficile da comprendere.<br \/>\nTutto il nostro staff \u00e8 a disposizione per spiegare trattamenti e preventivi con la massima chiarezza e trasparenza..<\/p>\n<p>&#8211; Implantologia e protesi<br \/>\nImpianti mobili e fissi di ultima generazione.<br \/>\nImplantologia a carico immediato e mininvasiva<br \/>\nGli impianti dentali richiedono un&#8217;attenta analisi della situazione del paziente.<br \/>\nIl Dott. Sancarlo mette la propria competenza e disponibilit\u00e0 al servizio di ogni paziente per identificare insieme il percorso migliore.<\/p>\n<p>&#8211; Ortodonzia ed estetica<br \/>\nOrtodonzia mobile e fissa, apparecchi ortodontici per bambini e adulti.<br \/>\nOrtodonzia invisibile estetica.<br \/>\nIl sorriso di ciascuno \u00e8 unico e inimitabile e la nostra missione \u00e8 aiutarvi ad esprimerlo al meglio.<br \/>\nCon l&#8217;ausilio di strumenti di diagnostica avanzata, individuiamo il percorso pi\u00f9 adatto a ognuno: mascherina invisibile, apparecchi fissi o mobili.<\/p>\n<p>studio dentistico, studi dentistici, studio odontoiatrico, studi odontoiatrici, dentista, dentisti, odontoiatri, odontoiatra, cura dentale, igiene orale, chirurgia dentale, implantologia, protesi, ortodonzia, estetica<\/p>\n<p>studio dentistico a Ivrea, studi dentistici a Ivrea, studio odontoiatrico a Ivrea, studi odontoiatrici a Ivrea, dentista a Ivrea, dentisti a Ivrea, odontoiatri a Ivrea, odontoiatra a Ivrea, cura dentale a Ivrea, igiene orale a Ivrea, chirurgia dentale a Ivrea, implantologia a Ivrea, protesi a Ivrea, ortodonzia a Ivrea, estetica a Ivrea<\/p>\n<p>studio dentistico Ivrea, studi dentistici Ivrea, studio odontoiatrico Ivrea, studi odontoiatrici Ivrea, dentista Ivrea, dentisti Ivrea, odontoiatri Ivrea, odontoiatra Ivrea, cura dentale Ivrea, igiene orale Ivrea, chirurgia dentale Ivrea, implantologia Ivrea, protesi Ivrea, ortodonzia Ivrea, estetica Ivrea<\/p>\n<\/div>\n","protected":false},"featured_media":4715,"comment_status":"open","ping_status":"closed","template":"elementor_header_footer","meta":{"_acf_changed":false,"_et_pb_use_builder":"off","_et_pb_old_content":"","_et_gb_content_width":""},"product_brand":[],"product_cat":[67,3261,62],"product_tag":[2539,170,139,172,1025,173,134,254,274,144,210,249,270,138,176],"class_list":{"0":"post-3559","1":"product","2":"type-product","3":"status-publish","4":"has-post-thumbnail","6":"product_cat-dentisti","7":"product_cat-implantologia","8":"product_cat-salute","9":"product_tag-chirurgia-dentale","10":"product_tag-cura-dentale","11":"product_tag-dentista","12":"product_tag-dentisti","13":"product_tag-estetica","14":"product_tag-igiene-orale","15":"product_tag-implantologia","16":"product_tag-odontoiatra","17":"product_tag-odontoiatri","18":"product_tag-ortodonzia","19":"product_tag-protesi","20":"product_tag-studi-dentistici","21":"product_tag-studi-odontoiatrici","22":"product_tag-studio-dentistico","23":"product_tag-studio-odontoiatrico","25":"first","26":"instock","27":"shipping-taxable","28":"product-type-simple"},"acf":[],"yoast_head":"<!-- This site is optimized with the Yoast SEO plugin v26.4 - https:\/\/yoast.com\/wordpress\/plugins\/seo\/ -->\n<title>Studio Odontoiatrico Dr. Mauro Sancarlo - UILPA Vigili del Fuoco<\/title>\n<meta name=\"robots\" content=\"index, follow, max-snippet:-1, max-image-preview:large, max-video-preview:-1\" \/>\n<link rel=\"canonical\" href=\"https:\/\/convenzioni.cralnetwork.it\/uilpavigilidelfuoco\/prodotto\/studio-odontoiatrico-dr-mauro-sancarlo\/\" \/>\n<meta property=\"og:locale\" content=\"it_IT\" \/>\n<meta property=\"og:type\" content=\"article\" \/>\n<meta property=\"og:title\" content=\"Studio Odontoiatrico Dr. Mauro Sancarlo - UILPA Vigili del Fuoco\" \/>\n<meta property=\"og:description\" content=\"Chi siamo Il Dott. Mauro Sancarlo \u00e8 Medico Dentista specializzato in odontoiatria e implantologia. Si avvale della collaborazione di professionisti di comprovata esperienza, che offrono ai pazienti massima seriet\u00e0 e competenza. Il personale medico \u00e8 costantemente aggiornato sull&#039;applicazione delle pi\u00f9 moderne tecniche odontoiatriche e all&#039;utilizzo di apparecchiature diagnostiche e mediche di ultima generazione. Il Dottore e il suo staff lavorano per offrire al paziente le migliori cure e un ascolto attento di tutte le sue necessit\u00e0.Servizi Aiutarvi a sorridere, parlare e mangiare con la massima serenit\u00e0 \u00e8 il nostro obiettivo. L&#039;accoglienza e la professionalit\u00e0 dei nostri medici, insieme alla scrupolosa assistenza che offriamo ai nostri pazienti sono i nostri tratti distintivi. Trattiamo problematiche mediche, chirurgiche ed estetiche per tutte le et\u00e0 e ci occupiamo personalmente di istruire le pratiche da inviare alle assicurazioni per conto dei pazienti convenzionati. Lo studio, recentemente rinnovato e dotato di tutte le pi\u00f9 moderne tecnologie, offre ai pazienti di Ivrea, Torino e del Canavese un&#039;assistenza completa in materia di prevenzione, ortodonzia, implantologia e per tutte le patologie del cavo orale.  - Prevenzione e igiene orale Trattamenti preventivi, educazione all&#039;igiene orale e cure specifiche per la salute d bocca, denti e gengive. Pedodonzia. Una particolare attenzione \u00e8 riservata ai piccoli pazienti per la loro prima visita. I nostri medici rassicurano e trasmettono positivit\u00e0 a tutti i pazienti (anche quelli pi\u00f9 timorosi).  - Cura e chirurgia dentale Diagnostica avanzata, trattamento e cura medica e chirurgica dei disturbi dentali. Tecniche e strumenti di ultima generazione. Il linguaggio dell&#039;odontoiatria spesso \u00e8 difficile da comprendere. Tutto il nostro staff \u00e8 a disposizione per spiegare trattamenti e preventivi con la massima chiarezza e trasparenza..  - Implantologia e protesi Impianti mobili e fissi di ultima generazione. Implantologia a carico immediato e mininvasiva Gli impianti dentali richiedono un&#039;attenta analisi della situazione del paziente. Il Dott. Sancarlo mette la propria competenza e disponibilit\u00e0 al servizio di ogni paziente per identificare insieme il percorso migliore.  - Ortodonzia ed estetica Ortodonzia mobile e fissa, apparecchi ortodontici per bambini e adulti. Ortodonzia invisibile estetica. Il sorriso di ciascuno \u00e8 unico e inimitabile e la nostra missione \u00e8 aiutarvi ad esprimerlo al meglio. Con l&#039;ausilio di strumenti di diagnostica avanzata, individuiamo il percorso pi\u00f9 adatto a ognuno: mascherina invisibile, apparecchi fissi o mobili.  studio dentistico, studi dentistici, studio odontoiatrico, studi odontoiatrici, dentista, dentisti, odontoiatri, odontoiatra, cura dentale, igiene orale, chirurgia dentale, implantologia, protesi, ortodonzia, estetica  studio dentistico a Ivrea, studi dentistici a Ivrea, studio odontoiatrico a Ivrea, studi odontoiatrici a Ivrea, dentista a Ivrea, dentisti a Ivrea, odontoiatri a Ivrea, odontoiatra a Ivrea, cura dentale a Ivrea, igiene orale a Ivrea, chirurgia dentale a Ivrea, implantologia a Ivrea, protesi a Ivrea, ortodonzia a Ivrea, estetica a Ivrea  studio dentistico Ivrea, studi dentistici Ivrea, studio odontoiatrico Ivrea, studi odontoiatrici Ivrea, dentista Ivrea, dentisti Ivrea, odontoiatri Ivrea, odontoiatra Ivrea, cura dentale Ivrea, igiene orale Ivrea, chirurgia dentale Ivrea, implantologia Ivrea, protesi Ivrea, ortodonzia Ivrea, estetica Ivrea\" \/>\n<meta property=\"og:url\" content=\"https:\/\/convenzioni.cralnetwork.it\/uilpavigilidelfuoco\/prodotto\/studio-odontoiatrico-dr-mauro-sancarlo\/\" \/>\n<meta property=\"og:site_name\" content=\"UILPA Vigili del Fuoco\" \/>\n<meta property=\"article:modified_time\" content=\"2024-03-04T08:37:48+00:00\" \/>\n<meta property=\"og:image\" content=\"https:\/\/convenzioni.cralnetwork.it\/uilpavigilidelfuoco\/wp-content\/uploads\/sites\/39\/2024\/01\/Base-Logo-dr-mauro-sancarlo.jpg\" \/>\n\t<meta property=\"og:image:width\" content=\"300\" \/>\n\t<meta property=\"og:image:height\" content=\"300\" \/>\n\t<meta property=\"og:image:type\" content=\"image\/jpeg\" \/>\n<meta name=\"twitter:card\" content=\"summary_large_image\" \/>\n<meta name=\"twitter:label1\" content=\"Tempo di lettura stimato\" \/>\n\t<meta name=\"twitter:data1\" content=\"6 minuti\" \/>\n<script type=\"application\/ld+json\" class=\"yoast-schema-graph\">{\"@context\":\"https:\/\/schema.org\",\"@graph\":[{\"@type\":\"WebPage\",\"@id\":\"https:\/\/convenzioni.cralnetwork.it\/uilpavigilidelfuoco\/prodotto\/studio-odontoiatrico-dr-mauro-sancarlo\/\",\"url\":\"https:\/\/convenzioni.cralnetwork.it\/uilpavigilidelfuoco\/prodotto\/studio-odontoiatrico-dr-mauro-sancarlo\/\",\"name\":\"Studio Odontoiatrico Dr. Mauro Sancarlo - UILPA Vigili del Fuoco\",\"isPartOf\":{\"@id\":\"https:\/\/convenzioni.cralnetwork.it\/uilpavigilidelfuoco\/#website\"},\"primaryImageOfPage\":{\"@id\":\"https:\/\/convenzioni.cralnetwork.it\/uilpavigilidelfuoco\/prodotto\/studio-odontoiatrico-dr-mauro-sancarlo\/#primaryimage\"},\"image\":{\"@id\":\"https:\/\/convenzioni.cralnetwork.it\/uilpavigilidelfuoco\/prodotto\/studio-odontoiatrico-dr-mauro-sancarlo\/#primaryimage\"},\"thumbnailUrl\":\"https:\/\/convenzioni.cralnetwork.it\/uilpavigilidelfuoco\/wp-content\/uploads\/sites\/39\/2024\/01\/Base-Logo-dr-mauro-sancarlo.jpg\",\"datePublished\":\"2024-01-12T10:47:45+00:00\",\"dateModified\":\"2024-03-04T08:37:48+00:00\",\"breadcrumb\":{\"@id\":\"https:\/\/convenzioni.cralnetwork.it\/uilpavigilidelfuoco\/prodotto\/studio-odontoiatrico-dr-mauro-sancarlo\/#breadcrumb\"},\"inLanguage\":\"it-IT\",\"potentialAction\":[{\"@type\":\"ReadAction\",\"target\":[\"https:\/\/convenzioni.cralnetwork.it\/uilpavigilidelfuoco\/prodotto\/studio-odontoiatrico-dr-mauro-sancarlo\/\"]}]},{\"@type\":\"ImageObject\",\"inLanguage\":\"it-IT\",\"@id\":\"https:\/\/convenzioni.cralnetwork.it\/uilpavigilidelfuoco\/prodotto\/studio-odontoiatrico-dr-mauro-sancarlo\/#primaryimage\",\"url\":\"https:\/\/convenzioni.cralnetwork.it\/uilpavigilidelfuoco\/wp-content\/uploads\/sites\/39\/2024\/01\/Base-Logo-dr-mauro-sancarlo.jpg\",\"contentUrl\":\"https:\/\/convenzioni.cralnetwork.it\/uilpavigilidelfuoco\/wp-content\/uploads\/sites\/39\/2024\/01\/Base-Logo-dr-mauro-sancarlo.jpg\",\"width\":300,\"height\":300},{\"@type\":\"BreadcrumbList\",\"@id\":\"https:\/\/convenzioni.cralnetwork.it\/uilpavigilidelfuoco\/prodotto\/studio-odontoiatrico-dr-mauro-sancarlo\/#breadcrumb\",\"itemListElement\":[{\"@type\":\"ListItem\",\"position\":1,\"name\":\"Home\",\"item\":\"https:\/\/convenzioni.cralnetwork.it\/uilpavigilidelfuoco\/\"},{\"@type\":\"ListItem\",\"position\":2,\"name\":\"Shop\",\"item\":\"https:\/\/convenzioni.cralnetwork.it\/uilpavigilidelfuoco\/negozio\/\"},{\"@type\":\"ListItem\",\"position\":3,\"name\":\"Studio Odontoiatrico Dr. Mauro Sancarlo\"}]},{\"@type\":\"WebSite\",\"@id\":\"https:\/\/convenzioni.cralnetwork.it\/uilpavigilidelfuoco\/#website\",\"url\":\"https:\/\/convenzioni.cralnetwork.it\/uilpavigilidelfuoco\/\",\"name\":\"UILPA Vigili del Fuoco\",\"description\":\"Area Convenzioni\",\"potentialAction\":[{\"@type\":\"SearchAction\",\"target\":{\"@type\":\"EntryPoint\",\"urlTemplate\":\"https:\/\/convenzioni.cralnetwork.it\/uilpavigilidelfuoco\/?s={search_term_string}\"},\"query-input\":{\"@type\":\"PropertyValueSpecification\",\"valueRequired\":true,\"valueName\":\"search_term_string\"}}],\"inLanguage\":\"it-IT\"}]}<\/script>\n<!-- \/ Yoast SEO plugin. -->","yoast_head_json":{"title":"Studio Odontoiatrico Dr. Mauro Sancarlo - UILPA Vigili del Fuoco","robots":{"index":"index","follow":"follow","max-snippet":"max-snippet:-1","max-image-preview":"max-image-preview:large","max-video-preview":"max-video-preview:-1"},"canonical":"https:\/\/convenzioni.cralnetwork.it\/uilpavigilidelfuoco\/prodotto\/studio-odontoiatrico-dr-mauro-sancarlo\/","og_locale":"it_IT","og_type":"article","og_title":"Studio Odontoiatrico Dr. Mauro Sancarlo - UILPA Vigili del Fuoco","og_description":"Chi siamo Il Dott. Mauro Sancarlo \u00e8 Medico Dentista specializzato in odontoiatria e implantologia. Si avvale della collaborazione di professionisti di comprovata esperienza, che offrono ai pazienti massima seriet\u00e0 e competenza. Il personale medico \u00e8 costantemente aggiornato sull'applicazione delle pi\u00f9 moderne tecniche odontoiatriche e all'utilizzo di apparecchiature diagnostiche e mediche di ultima generazione. Il Dottore e il suo staff lavorano per offrire al paziente le migliori cure e un ascolto attento di tutte le sue necessit\u00e0.Servizi Aiutarvi a sorridere, parlare e mangiare con la massima serenit\u00e0 \u00e8 il nostro obiettivo. L'accoglienza e la professionalit\u00e0 dei nostri medici, insieme alla scrupolosa assistenza che offriamo ai nostri pazienti sono i nostri tratti distintivi. Trattiamo problematiche mediche, chirurgiche ed estetiche per tutte le et\u00e0 e ci occupiamo personalmente di istruire le pratiche da inviare alle assicurazioni per conto dei pazienti convenzionati. Lo studio, recentemente rinnovato e dotato di tutte le pi\u00f9 moderne tecnologie, offre ai pazienti di Ivrea, Torino e del Canavese un'assistenza completa in materia di prevenzione, ortodonzia, implantologia e per tutte le patologie del cavo orale.  - Prevenzione e igiene orale Trattamenti preventivi, educazione all'igiene orale e cure specifiche per la salute d bocca, denti e gengive. Pedodonzia. Una particolare attenzione \u00e8 riservata ai piccoli pazienti per la loro prima visita. I nostri medici rassicurano e trasmettono positivit\u00e0 a tutti i pazienti (anche quelli pi\u00f9 timorosi).  - Cura e chirurgia dentale Diagnostica avanzata, trattamento e cura medica e chirurgica dei disturbi dentali. Tecniche e strumenti di ultima generazione. Il linguaggio dell'odontoiatria spesso \u00e8 difficile da comprendere. Tutto il nostro staff \u00e8 a disposizione per spiegare trattamenti e preventivi con la massima chiarezza e trasparenza..  - Implantologia e protesi Impianti mobili e fissi di ultima generazione. Implantologia a carico immediato e mininvasiva Gli impianti dentali richiedono un'attenta analisi della situazione del paziente. Il Dott. Sancarlo mette la propria competenza e disponibilit\u00e0 al servizio di ogni paziente per identificare insieme il percorso migliore.  - Ortodonzia ed estetica Ortodonzia mobile e fissa, apparecchi ortodontici per bambini e adulti. Ortodonzia invisibile estetica. Il sorriso di ciascuno \u00e8 unico e inimitabile e la nostra missione \u00e8 aiutarvi ad esprimerlo al meglio. Con l'ausilio di strumenti di diagnostica avanzata, individuiamo il percorso pi\u00f9 adatto a ognuno: mascherina invisibile, apparecchi fissi o mobili.  studio dentistico, studi dentistici, studio odontoiatrico, studi odontoiatrici, dentista, dentisti, odontoiatri, odontoiatra, cura dentale, igiene orale, chirurgia dentale, implantologia, protesi, ortodonzia, estetica  studio dentistico a Ivrea, studi dentistici a Ivrea, studio odontoiatrico a Ivrea, studi odontoiatrici a Ivrea, dentista a Ivrea, dentisti a Ivrea, odontoiatri a Ivrea, odontoiatra a Ivrea, cura dentale a Ivrea, igiene orale a Ivrea, chirurgia dentale a Ivrea, implantologia a Ivrea, protesi a Ivrea, ortodonzia a Ivrea, estetica a Ivrea  studio dentistico Ivrea, studi dentistici Ivrea, studio odontoiatrico Ivrea, studi odontoiatrici Ivrea, dentista Ivrea, dentisti Ivrea, odontoiatri Ivrea, odontoiatra Ivrea, cura dentale Ivrea, igiene orale Ivrea, chirurgia dentale Ivrea, implantologia Ivrea, protesi Ivrea, ortodonzia Ivrea, estetica Ivrea","og_url":"https:\/\/convenzioni.cralnetwork.it\/uilpavigilidelfuoco\/prodotto\/studio-odontoiatrico-dr-mauro-sancarlo\/","og_site_name":"UILPA Vigili del Fuoco","article_modified_time":"2024-03-04T08:37:48+00:00","og_image":[{"width":300,"height":300,"url":"https:\/\/convenzioni.cralnetwork.it\/uilpavigilidelfuoco\/wp-content\/uploads\/sites\/39\/2024\/01\/Base-Logo-dr-mauro-sancarlo.jpg","type":"image\/jpeg"}],"twitter_card":"summary_large_image","twitter_misc":{"Tempo di lettura stimato":"6 minuti"},"schema":{"@context":"https:\/\/schema.org","@graph":[{"@type":"WebPage","@id":"https:\/\/convenzioni.cralnetwork.it\/uilpavigilidelfuoco\/prodotto\/studio-odontoiatrico-dr-mauro-sancarlo\/","url":"https:\/\/convenzioni.cralnetwork.it\/uilpavigilidelfuoco\/prodotto\/studio-odontoiatrico-dr-mauro-sancarlo\/","name":"Studio Odontoiatrico Dr. Mauro Sancarlo - UILPA Vigili del Fuoco","isPartOf":{"@id":"https:\/\/convenzioni.cralnetwork.it\/uilpavigilidelfuoco\/#website"},"primaryImageOfPage":{"@id":"https:\/\/convenzioni.cralnetwork.it\/uilpavigilidelfuoco\/prodotto\/studio-odontoiatrico-dr-mauro-sancarlo\/#primaryimage"},"image":{"@id":"https:\/\/convenzioni.cralnetwork.it\/uilpavigilidelfuoco\/prodotto\/studio-odontoiatrico-dr-mauro-sancarlo\/#primaryimage"},"thumbnailUrl":"https:\/\/convenzioni.cralnetwork.it\/uilpavigilidelfuoco\/wp-content\/uploads\/sites\/39\/2024\/01\/Base-Logo-dr-mauro-sancarlo.jpg","datePublished":"2024-01-12T10:47:45+00:00","dateModified":"2024-03-04T08:37:48+00:00","breadcrumb":{"@id":"https:\/\/convenzioni.cralnetwork.it\/uilpavigilidelfuoco\/prodotto\/studio-odontoiatrico-dr-mauro-sancarlo\/#breadcrumb"},"inLanguage":"it-IT","potentialAction":[{"@type":"ReadAction","target":["https:\/\/convenzioni.cralnetwork.it\/uilpavigilidelfuoco\/prodotto\/studio-odontoiatrico-dr-mauro-sancarlo\/"]}]},{"@type":"ImageObject","inLanguage":"it-IT","@id":"https:\/\/convenzioni.cralnetwork.it\/uilpavigilidelfuoco\/prodotto\/studio-odontoiatrico-dr-mauro-sancarlo\/#primaryimage","url":"https:\/\/convenzioni.cralnetwork.it\/uilpavigilidelfuoco\/wp-content\/uploads\/sites\/39\/2024\/01\/Base-Logo-dr-mauro-sancarlo.jpg","contentUrl":"https:\/\/convenzioni.cralnetwork.it\/uilpavigilidelfuoco\/wp-content\/uploads\/sites\/39\/2024\/01\/Base-Logo-dr-mauro-sancarlo.jpg","width":300,"height":300},{"@type":"BreadcrumbList","@id":"https:\/\/convenzioni.cralnetwork.it\/uilpavigilidelfuoco\/prodotto\/studio-odontoiatrico-dr-mauro-sancarlo\/#breadcrumb","itemListElement":[{"@type":"ListItem","position":1,"name":"Home","item":"https:\/\/convenzioni.cralnetwork.it\/uilpavigilidelfuoco\/"},{"@type":"ListItem","position":2,"name":"Shop","item":"https:\/\/convenzioni.cralnetwork.it\/uilpavigilidelfuoco\/negozio\/"},{"@type":"ListItem","position":3,"name":"Studio Odontoiatrico Dr. Mauro Sancarlo"}]},{"@type":"WebSite","@id":"https:\/\/convenzioni.cralnetwork.it\/uilpavigilidelfuoco\/#website","url":"https:\/\/convenzioni.cralnetwork.it\/uilpavigilidelfuoco\/","name":"UILPA Vigili del Fuoco","description":"Area Convenzioni","potentialAction":[{"@type":"SearchAction","target":{"@type":"EntryPoint","urlTemplate":"https:\/\/convenzioni.cralnetwork.it\/uilpavigilidelfuoco\/?s={search_term_string}"},"query-input":{"@type":"PropertyValueSpecification","valueRequired":true,"valueName":"search_term_string"}}],"inLanguage":"it-IT"}]}},"publishpress_future_workflow_manual_trigger":{"enabledWorkflows":[]},"_links":{"self":[{"href":"https:\/\/convenzioni.cralnetwork.it\/uilpavigilidelfuoco\/wp-json\/wp\/v2\/product\/3559","targetHints":{"allow":["GET"]}}],"collection":[{"href":"https:\/\/convenzioni.cralnetwork.it\/uilpavigilidelfuoco\/wp-json\/wp\/v2\/product"}],"about":[{"href":"https:\/\/convenzioni.cralnetwork.it\/uilpavigilidelfuoco\/wp-json\/wp\/v2\/types\/product"}],"replies":[{"embeddable":true,"href":"https:\/\/convenzioni.cralnetwork.it\/uilpavigilidelfuoco\/wp-json\/wp\/v2\/comments?post=3559"}],"version-history":[{"count":13,"href":"https:\/\/convenzioni.cralnetwork.it\/uilpavigilidelfuoco\/wp-json\/wp\/v2\/product\/3559\/revisions"}],"predecessor-version":[{"id":5270,"href":"https:\/\/convenzioni.cralnetwork.it\/uilpavigilidelfuoco\/wp-json\/wp\/v2\/product\/3559\/revisions\/5270"}],"wp:featuredmedia":[{"embeddable":true,"href":"https:\/\/convenzioni.cralnetwork.it\/uilpavigilidelfuoco\/wp-json\/wp\/v2\/media\/4715"}],"wp:attachment":[{"href":"https:\/\/convenzioni.cralnetwork.it\/uilpavigilidelfuoco\/wp-json\/wp\/v2\/media?parent=3559"}],"wp:term":[{"taxonomy":"product_brand","embeddable":true,"href":"https:\/\/convenzioni.cralnetwork.it\/uilpavigilidelfuoco\/wp-json\/wp\/v2\/product_brand?post=3559"},{"taxonomy":"product_cat","embeddable":true,"href":"https:\/\/convenzioni.cralnetwork.it\/uilpavigilidelfuoco\/wp-json\/wp\/v2\/product_cat?post=3559"},{"taxonomy":"product_tag","embeddable":true,"href":"https:\/\/convenzioni.cralnetwork.it\/uilpavigilidelfuoco\/wp-json\/wp\/v2\/product_tag?post=3559"}],"curies":[{"name":"wp","href":"https:\/\/api.w.org\/{rel}","templated":true}]}}