{"id":2438,"date":"2023-11-15T15:54:54","date_gmt":"2023-11-15T14:54:54","guid":{"rendered":"https:\/\/convenzioni.cralnetwork.it\/uilpavigilidelfuoco\/?post_type=product&#038;p=2438"},"modified":"2023-11-17T12:28:39","modified_gmt":"2023-11-17T11:28:39","slug":"studio-legale-macri-mange","status":"publish","type":"product","link":"https:\/\/convenzioni.cralnetwork.it\/uilpavigilidelfuoco\/prodotto\/studio-legale-macri-mange\/","title":{"rendered":"Studio Legale Macr\u00ec &#038; Mang\u00e8"},"content":{"rendered":"<p>[et_pb_section fb_built=&#8221;1&#8243; _builder_version=&#8221;4.21.0&#8243; _module_preset=&#8221;default&#8221; background_enable_color=&#8221;off&#8221; background_image=&#8221;https:\/\/convenzioni.cralnetwork.it\/uilpavigilidelfuoco\/wp-content\/uploads\/sites\/39\/2023\/11\/copertina.jpg&#8221; custom_padding=&#8221;0px||0px||true|false&#8221; global_colors_info=&#8221;{}&#8221;][et_pb_row _builder_version=&#8221;4.21.0&#8243; _module_preset=&#8221;default&#8221; custom_padding=&#8221;0px||0px||true|false&#8221; global_colors_info=&#8221;{}&#8221;][et_pb_column type=&#8221;4_4&#8243; _builder_version=&#8221;4.21.0&#8243; _module_preset=&#8221;default&#8221; global_colors_info=&#8221;{}&#8221;][et_pb_image src=&#8221;https:\/\/convenzioni.cralnetwork.it\/uilpavigilidelfuoco\/wp-content\/uploads\/sites\/39\/2023\/11\/STUDIO-LEGALE-BOLOGNA-3.png&#8221; title_text=&#8221;STUDIO-LEGALE-BOLOGNA-3&#8243; align=&#8221;center&#8221; _builder_version=&#8221;4.21.0&#8243; _module_preset=&#8221;default&#8221; custom_padding=&#8221;170px||150px||false|false&#8221; custom_padding_tablet=&#8221;120px||120px||false|false&#8221; custom_padding_phone=&#8221;150px||||false|false&#8221; custom_padding_last_edited=&#8221;on|phone&#8221; global_colors_info=&#8221;{}&#8221;][\/et_pb_image][\/et_pb_column][\/et_pb_row][\/et_pb_section][et_pb_section fb_built=&#8221;1&#8243; _builder_version=&#8221;4.21.0&#8243; _module_preset=&#8221;default&#8221; background_color=&#8221;#242424&#8243; background_enable_mask_style=&#8221;on&#8221; background_mask_style=&#8221;chevrons&#8221; background_mask_color=&#8221;#262626&#8243; background_mask_transform=&#8221;invert|flip_horizontal&#8221; background_mask_size=&#8221;cover&#8221; global_colors_info=&#8221;{}&#8221;][et_pb_row column_structure=&#8221;1_2,1_2&#8243; _builder_version=&#8221;4.21.0&#8243; _module_preset=&#8221;default&#8221; global_colors_info=&#8221;{}&#8221;][et_pb_column type=&#8221;1_2&#8243; _builder_version=&#8221;4.21.0&#8243; _module_preset=&#8221;default&#8221; global_colors_info=&#8221;{}&#8221;][et_pb_text _builder_version=&#8221;4.21.0&#8243; _module_preset=&#8221;default&#8221; text_font=&#8221;Playfair Display|300|||||||&#8221; text_text_color=&#8221;#ff9500&#8243; text_font_size=&#8221;35px&#8221; text_line_height=&#8221;1.8em&#8221; text_orientation=&#8221;justified&#8221; custom_margin=&#8221;||10px||false|false&#8221; text_font_size_tablet=&#8221;35px&#8221; text_font_size_phone=&#8221;30px&#8221; text_font_size_last_edited=&#8221;on|phone&#8221; global_colors_info=&#8221;{}&#8221;]<\/p>\n<p>Lo studio<\/p>\n<p>[\/et_pb_text][et_pb_text _builder_version=&#8221;4.21.0&#8243; _module_preset=&#8221;default&#8221; text_font=&#8221;Poppins|300|||||||&#8221; text_text_color=&#8221;#FFFFFF&#8221; text_font_size=&#8221;15px&#8221; text_line_height=&#8221;1.8em&#8221; text_orientation=&#8221;justified&#8221; global_colors_info=&#8221;{}&#8221;]<\/p>\n<p>Lo studio nasce dal progetto dei fondatori di realizzare una rete di professionisti al servizio del Cliente, che sia grado di comprendere ed abbracciare a tutto tondo le sue esigenze ed assicurargli un\u2019assistenza che risponda ogni tipo di necessit\u00e0.<\/p>\n<p>La struttura organizzativa dello Studio Legale Macr\u00ec &amp; Mang\u00e8 a Bologna si basa sulla collaborazione integrata e sinergica di vari professionisti, grazie ai quali \u00e8 in grado di offrire un\u2019assistenza qualificata professionale e tempestiva in tutti i campi del diritto civile e, grazie ai partner esterni, anche nell\u2019ambito del diritto penale.<\/p>\n<p>[\/et_pb_text][\/et_pb_column][et_pb_column type=&#8221;1_2&#8243; _builder_version=&#8221;4.21.0&#8243; _module_preset=&#8221;default&#8221; global_colors_info=&#8221;{}&#8221;][et_pb_image src=&#8221;https:\/\/convenzioni.cralnetwork.it\/uilpavigilidelfuoco\/wp-content\/uploads\/sites\/39\/2023\/11\/MACRI-MANGE.png&#8221; title_text=&#8221;MACRI-MANGE&#8221; _builder_version=&#8221;4.21.0&#8243; _module_preset=&#8221;default&#8221; global_colors_info=&#8221;{}&#8221;][\/et_pb_image][\/et_pb_column][\/et_pb_row][et_pb_row column_structure=&#8221;1_2,1_2&#8243; _builder_version=&#8221;4.21.0&#8243; _module_preset=&#8221;default&#8221; global_colors_info=&#8221;{}&#8221;][et_pb_column type=&#8221;1_2&#8243; _builder_version=&#8221;4.21.0&#8243; _module_preset=&#8221;default&#8221; global_colors_info=&#8221;{}&#8221;][et_pb_image src=&#8221;https:\/\/convenzioni.cralnetwork.it\/uilpavigilidelfuoco\/wp-content\/uploads\/sites\/39\/2023\/11\/MACRI-MANGE-2.jpeg&#8221; title_text=&#8221;MACRI-MANGE-2&#8243; disabled_on=&#8221;on|on|off&#8221; _builder_version=&#8221;4.21.0&#8243; _module_preset=&#8221;default&#8221; global_colors_info=&#8221;{}&#8221;][\/et_pb_image][\/et_pb_column][et_pb_column type=&#8221;1_2&#8243; _builder_version=&#8221;4.21.0&#8243; _module_preset=&#8221;default&#8221; global_colors_info=&#8221;{}&#8221;][et_pb_text _builder_version=&#8221;4.21.0&#8243; _module_preset=&#8221;default&#8221; text_font=&#8221;Poppins|300|||||||&#8221; text_text_color=&#8221;#FFFFFF&#8221; text_font_size=&#8221;15px&#8221; text_line_height=&#8221;1.8em&#8221; text_orientation=&#8221;justified&#8221; global_colors_info=&#8221;{}&#8221;]<\/p>\n<p>Lo Studio garantisce al Cliente un\u2019informazione completa e trasparente in tutte le fasi dell\u2019assistenza legale, si impegna ad offrire una prospettazione realistica e prudente nella valutazione dei metodi di composizione delle liti, mantenendo un corretto equilibrio tra i costi ed i benefici delle azioni giudiziarie da intraprendere, e assicura un confronto leale con il Cliente.<\/p>\n<p>Solo con queste basi la fiducia tra l\u2019Avvocato e il Cliente resiste.<\/p>\n<p>[\/et_pb_text][et_pb_button button_url=&#8221;https:\/\/studiolegalebologna.org\/team\/&#8221; url_new_window=&#8221;on&#8221; button_text=&#8221;IL TEAM&#8221; button_alignment=&#8221;right&#8221; _builder_version=&#8221;4.21.0&#8243; _module_preset=&#8221;default&#8221; custom_button=&#8221;on&#8221; button_text_size=&#8221;15px&#8221; button_text_color=&#8221;#FFFFFF&#8221; button_bg_color=&#8221;#ff9500&#8243; button_border_width=&#8221;0px&#8221; button_border_radius=&#8221;0px&#8221; button_letter_spacing=&#8221;1px&#8221; button_font=&#8221;Poppins||||||||&#8221; button_icon=&#8221;&#x24;||divi||400&#8243; global_colors_info=&#8221;{}&#8221;][\/et_pb_button][et_pb_image src=&#8221;https:\/\/convenzioni.cralnetwork.it\/uilpavigilidelfuoco\/wp-content\/uploads\/sites\/39\/2023\/11\/MACRI-MANGE-2.jpeg&#8221; title_text=&#8221;MACRI-MANGE-2&#8243; disabled_on=&#8221;off|off|on&#8221; _builder_version=&#8221;4.21.0&#8243; _module_preset=&#8221;default&#8221; global_colors_info=&#8221;{}&#8221;][\/et_pb_image][et_pb_wc_description disabled_on=&#8221;on|on|on&#8221; admin_label=&#8221;descrizione convenzione&#8221; module_class=&#8221;descrizione-professionisti&#8221; _builder_version=&#8221;4.16&#8243; body_font=&#8221;||||||||&#8221; body_font_size=&#8221;18px&#8221; disabled=&#8221;on&#8221; global_colors_info=&#8221;{}&#8221;][\/et_pb_wc_description][\/et_pb_column][\/et_pb_row][\/et_pb_section][et_pb_section fb_built=&#8221;1&#8243; _builder_version=&#8221;4.21.0&#8243; _module_preset=&#8221;default&#8221; background_color=&#8221;#f7f7f7&#8243; global_colors_info=&#8221;{}&#8221;][et_pb_row _builder_version=&#8221;4.21.0&#8243; _module_preset=&#8221;default&#8221; global_colors_info=&#8221;{}&#8221;][et_pb_column type=&#8221;4_4&#8243; _builder_version=&#8221;4.21.0&#8243; _module_preset=&#8221;default&#8221; global_colors_info=&#8221;{}&#8221;][et_pb_text _builder_version=&#8221;4.21.0&#8243; _module_preset=&#8221;default&#8221; text_font=&#8221;Playfair Display|300|||||||&#8221; text_text_color=&#8221;#ff9500&#8243; text_font_size=&#8221;35px&#8221; text_line_height=&#8221;1.8em&#8221; text_orientation=&#8221;center&#8221; custom_margin=&#8221;||10px||false|false&#8221; text_font_size_tablet=&#8221;35px&#8221; text_font_size_phone=&#8221;30px&#8221; text_font_size_last_edited=&#8221;on|phone&#8221; global_colors_info=&#8221;{}&#8221;]<\/p>\n<p>Servizi offerti<\/p>\n<p>[\/et_pb_text][et_pb_text _builder_version=&#8221;4.21.0&#8243; _module_preset=&#8221;default&#8221; text_font=&#8221;Poppins||on||||||&#8221; text_orientation=&#8221;center&#8221; global_colors_info=&#8221;{}&#8221;]<\/p>\n<p>Clicca sul servizio a te interessato per maggiori informazioni<\/p>\n<p>[\/et_pb_text][\/et_pb_column][\/et_pb_row][et_pb_row column_structure=&#8221;1_3,1_3,1_3&#8243; _builder_version=&#8221;4.21.0&#8243; _module_preset=&#8221;default&#8221; global_colors_info=&#8221;{}&#8221;][et_pb_column type=&#8221;1_3&#8243; _builder_version=&#8221;4.21.0&#8243; _module_preset=&#8221;default&#8221; global_colors_info=&#8221;{}&#8221;][et_pb_blurb title=&#8221;Diritto di Famiglia&#8221; url=&#8221;https:\/\/studiolegalebologna.org\/consulenze\/diritto-di-famiglia\/&#8221; url_new_window=&#8221;on&#8221; use_icon=&#8221;on&#8221; font_icon=&#8221;&#xf0e3;||fa||900&#8243; icon_color=&#8221;#ff9500&#8243; image_icon_width=&#8221;25px&#8221; _builder_version=&#8221;4.21.0&#8243; _module_preset=&#8221;default&#8221; header_font=&#8221;Poppins||||||||&#8221; header_text_align=&#8221;center&#8221; header_text_color=&#8221;#242424&#8243; header_line_height=&#8221;1.5em&#8221; link_option_url=&#8221;https:\/\/studiolegalebologna.org\/consulenze\/diritto-di-famiglia\/&#8221; link_option_url_new_window=&#8221;on&#8221; border_width_bottom=&#8221;1px&#8221; border_color_bottom=&#8221;RGBA(255,255,255,0)&#8221; border_color_bottom_image=&#8221;RGBA(255,255,255,0)&#8221; global_colors_info=&#8221;{}&#8221; border_color_bottom__hover_enabled=&#8221;on|hover&#8221; border_color_bottom__hover=&#8221;#ff9500&#8243;][\/et_pb_blurb][\/et_pb_column][et_pb_column type=&#8221;1_3&#8243; _builder_version=&#8221;4.21.0&#8243; _module_preset=&#8221;default&#8221; global_colors_info=&#8221;{}&#8221;][et_pb_blurb title=&#8221;Responsabilit\u00e0 Medica&#8221; url=&#8221;https:\/\/studiolegalebologna.org\/consulenze\/mala-sanita\/&#8221; url_new_window=&#8221;on&#8221; use_icon=&#8221;on&#8221; font_icon=&#8221;&#xf0f8;||fa||400&#8243; icon_color=&#8221;#ff9500&#8243; image_icon_width=&#8221;25px&#8221; _builder_version=&#8221;4.21.0&#8243; _module_preset=&#8221;default&#8221; header_font=&#8221;Poppins||||||||&#8221; header_text_align=&#8221;center&#8221; header_text_color=&#8221;#242424&#8243; header_line_height=&#8221;1.5em&#8221; link_option_url=&#8221;https:\/\/studiolegalebologna.org\/consulenze\/mala-sanita\/&#8221; link_option_url_new_window=&#8221;on&#8221; border_width_bottom=&#8221;1px&#8221; border_color_bottom=&#8221;RGBA(255,255,255,0)&#8221; border_color_bottom_image=&#8221;RGBA(255,255,255,0)&#8221; global_colors_info=&#8221;{}&#8221; border_color_bottom__hover_enabled=&#8221;on|hover&#8221; border_color_bottom__hover=&#8221;#ff9500&#8243;][\/et_pb_blurb][\/et_pb_column][et_pb_column type=&#8221;1_3&#8243; _builder_version=&#8221;4.21.0&#8243; _module_preset=&#8221;default&#8221; global_colors_info=&#8221;{}&#8221;][et_pb_blurb title=&#8221;Tutela del Consumatore&#8221; url_new_window=&#8221;on&#8221; use_icon=&#8221;on&#8221; font_icon=&#8221;&#xf0e3;||fa||900&#8243; icon_color=&#8221;#ff9500&#8243; image_icon_width=&#8221;25px&#8221; _builder_version=&#8221;4.21.0&#8243; _module_preset=&#8221;default&#8221; header_font=&#8221;Poppins||||||||&#8221; header_text_align=&#8221;center&#8221; header_text_color=&#8221;#242424&#8243; header_line_height=&#8221;1.5em&#8221; link_option_url_new_window=&#8221;on&#8221; border_color_bottom=&#8221;RGBA(255,255,255,0)&#8221; border_color_bottom_image=&#8221;RGBA(255,255,255,0)&#8221; global_colors_info=&#8221;{}&#8221; border_color_bottom__hover_enabled=&#8221;on|hover&#8221; border_color_bottom__hover=&#8221;#ff9500&#8243;][\/et_pb_blurb][\/et_pb_column][\/et_pb_row][et_pb_row column_structure=&#8221;1_3,1_3,1_3&#8243; _builder_version=&#8221;4.21.0&#8243; _module_preset=&#8221;default&#8221; custom_margin_tablet=&#8221;-30px||-30px||false|false&#8221; custom_margin_phone=&#8221;-30px||-30px||false|false&#8221; custom_margin_last_edited=&#8221;on|tablet&#8221; global_colors_info=&#8221;{}&#8221;][et_pb_column type=&#8221;1_3&#8243; _builder_version=&#8221;4.21.0&#8243; _module_preset=&#8221;default&#8221; global_colors_info=&#8221;{}&#8221;][et_pb_blurb title=&#8221;Responsabilit\u00e0 Professionale&#8221; url=&#8221;https:\/\/studiolegalebologna.org\/consulenze\/responsabilita-professionale-in-genere\/&#8221; url_new_window=&#8221;on&#8221; use_icon=&#8221;on&#8221; font_icon=&#8221;&#xf24e;||fa||900&#8243; icon_color=&#8221;#ff9500&#8243; image_icon_width=&#8221;25px&#8221; _builder_version=&#8221;4.21.0&#8243; _module_preset=&#8221;default&#8221; header_font=&#8221;Poppins||||||||&#8221; header_text_align=&#8221;center&#8221; header_text_color=&#8221;#242424&#8243; header_line_height=&#8221;1.5em&#8221; link_option_url=&#8221;https:\/\/studiolegalebologna.org\/consulenze\/responsabilita-professionale-in-genere\/&#8221; link_option_url_new_window=&#8221;on&#8221; border_width_bottom=&#8221;1px&#8221; border_color_bottom=&#8221;RGBA(255,255,255,0)&#8221; border_color_bottom_image=&#8221;RGBA(255,255,255,0)&#8221; global_colors_info=&#8221;{}&#8221; border_color_bottom__hover_enabled=&#8221;on|hover&#8221; border_color_bottom__hover=&#8221;#ff9500&#8243;][\/et_pb_blurb][\/et_pb_column][et_pb_column type=&#8221;1_3&#8243; _builder_version=&#8221;4.21.0&#8243; _module_preset=&#8221;default&#8221; global_colors_info=&#8221;{}&#8221;][et_pb_blurb title=&#8221;Diritto Societario&#8221; url=&#8221;https:\/\/studiolegalebologna.org\/consulenze\/diritto-societario\/&#8221; url_new_window=&#8221;on&#8221; use_icon=&#8221;on&#8221; font_icon=&#8221;&#xf4ce;||fa||900&#8243; icon_color=&#8221;#ff9500&#8243; image_icon_width=&#8221;25px&#8221; _builder_version=&#8221;4.21.0&#8243; _module_preset=&#8221;default&#8221; header_font=&#8221;Poppins||||||||&#8221; header_text_align=&#8221;center&#8221; header_text_color=&#8221;#242424&#8243; header_line_height=&#8221;1.5em&#8221; link_option_url=&#8221;https:\/\/studiolegalebologna.org\/consulenze\/diritto-societario\/&#8221; link_option_url_new_window=&#8221;on&#8221; border_width_bottom=&#8221;1px&#8221; border_color_bottom=&#8221;RGBA(255,255,255,0)&#8221; border_color_bottom_image=&#8221;RGBA(255,255,255,0)&#8221; global_colors_info=&#8221;{}&#8221; border_color_bottom__hover_enabled=&#8221;on|hover&#8221; border_color_bottom__hover=&#8221;#ff9500&#8243;][\/et_pb_blurb][\/et_pb_column][et_pb_column type=&#8221;1_3&#8243; _builder_version=&#8221;4.21.0&#8243; _module_preset=&#8221;default&#8221; global_colors_info=&#8221;{}&#8221;][et_pb_blurb title=&#8221;Contrattualistica&#8221; url=&#8221;https:\/\/studiolegalebologna.org\/consulenze\/contrattualistica\/&#8221; url_new_window=&#8221;on&#8221; use_icon=&#8221;on&#8221; font_icon=&#8221;&#xf044;||fa||400&#8243; icon_color=&#8221;#ff9500&#8243; image_icon_width=&#8221;25px&#8221; _builder_version=&#8221;4.21.0&#8243; _module_preset=&#8221;default&#8221; header_font=&#8221;Poppins||||||||&#8221; header_text_align=&#8221;center&#8221; header_text_color=&#8221;#242424&#8243; header_line_height=&#8221;1.5em&#8221; link_option_url=&#8221;https:\/\/studiolegalebologna.org\/consulenze\/contrattualistica\/&#8221; link_option_url_new_window=&#8221;on&#8221; border_width_bottom=&#8221;1px&#8221; border_color_bottom=&#8221;RGBA(255,255,255,0)&#8221; border_color_bottom_image=&#8221;RGBA(255,255,255,0)&#8221; global_colors_info=&#8221;{}&#8221; border_color_bottom__hover_enabled=&#8221;on|hover&#8221; border_color_bottom__hover=&#8221;#ff9500&#8243;][\/et_pb_blurb][\/et_pb_column][\/et_pb_row][et_pb_row column_structure=&#8221;1_3,1_3,1_3&#8243; _builder_version=&#8221;4.21.0&#8243; _module_preset=&#8221;default&#8221; global_colors_info=&#8221;{}&#8221;][et_pb_column type=&#8221;1_3&#8243; _builder_version=&#8221;4.21.0&#8243; _module_preset=&#8221;default&#8221; global_colors_info=&#8221;{}&#8221;][et_pb_blurb title=&#8221;Infortunistica Stradale&#8221; url=&#8221;https:\/\/studiolegalebologna.org\/consulenze\/infortunistica-stradale\/&#8221; url_new_window=&#8221;on&#8221; use_icon=&#8221;on&#8221; font_icon=&#8221;&#xf5e1;||fa||900&#8243; icon_color=&#8221;#ff9500&#8243; image_icon_width=&#8221;25px&#8221; _builder_version=&#8221;4.21.0&#8243; _module_preset=&#8221;default&#8221; header_font=&#8221;Poppins||||||||&#8221; header_text_align=&#8221;center&#8221; header_text_color=&#8221;#242424&#8243; header_line_height=&#8221;1.5em&#8221; link_option_url=&#8221;https:\/\/studiolegalebologna.org\/consulenze\/infortunistica-stradale\/&#8221; link_option_url_new_window=&#8221;on&#8221; border_width_bottom=&#8221;1px&#8221; border_color_bottom=&#8221;RGBA(255,255,255,0)&#8221; border_color_bottom_image=&#8221;RGBA(255,255,255,0)&#8221; global_colors_info=&#8221;{}&#8221; border_color_bottom__hover_enabled=&#8221;on|hover&#8221; border_color_bottom__hover=&#8221;#ff9500&#8243;][\/et_pb_blurb][\/et_pb_column][et_pb_column type=&#8221;1_3&#8243; _builder_version=&#8221;4.21.0&#8243; _module_preset=&#8221;default&#8221; global_colors_info=&#8221;{}&#8221;][et_pb_blurb title=&#8221;Recupero Crediti&#8221; url=&#8221;https:\/\/studiolegalebologna.org\/consulenze\/recupero-crediti\/&#8221; url_new_window=&#8221;on&#8221; use_icon=&#8221;on&#8221; font_icon=&#8221;&#xf515;||fa||900&#8243; icon_color=&#8221;#ff9500&#8243; image_icon_width=&#8221;25px&#8221; _builder_version=&#8221;4.21.0&#8243; _module_preset=&#8221;default&#8221; header_font=&#8221;Poppins||||||||&#8221; header_text_align=&#8221;center&#8221; header_text_color=&#8221;#242424&#8243; header_line_height=&#8221;1.5em&#8221; link_option_url=&#8221;https:\/\/studiolegalebologna.org\/consulenze\/recupero-crediti\/&#8221; link_option_url_new_window=&#8221;on&#8221; border_width_bottom=&#8221;1px&#8221; border_color_bottom=&#8221;RGBA(255,255,255,0)&#8221; border_color_bottom_image=&#8221;RGBA(255,255,255,0)&#8221; global_colors_info=&#8221;{}&#8221; border_color_bottom__hover_enabled=&#8221;on|hover&#8221; border_color_bottom__hover=&#8221;#ff9500&#8243;][\/et_pb_blurb][\/et_pb_column][et_pb_column type=&#8221;1_3&#8243; _builder_version=&#8221;4.21.0&#8243; _module_preset=&#8221;default&#8221; global_colors_info=&#8221;{}&#8221;][et_pb_blurb title=&#8221;Successioni Ereditarie&#8221; url=&#8221;https:\/\/studiolegalebologna.org\/consulenze\/diritto-immobiliare-e-delle-successioni\/&#8221; url_new_window=&#8221;on&#8221; use_icon=&#8221;on&#8221; font_icon=&#8221;&#xe074;||divi||400&#8243; icon_color=&#8221;#ff9500&#8243; image_icon_width=&#8221;25px&#8221; _builder_version=&#8221;4.21.0&#8243; _module_preset=&#8221;default&#8221; header_font=&#8221;Poppins||||||||&#8221; header_text_align=&#8221;center&#8221; header_text_color=&#8221;#242424&#8243; header_line_height=&#8221;1.5em&#8221; link_option_url=&#8221;https:\/\/studiolegalebologna.org\/consulenze\/diritto-immobiliare-e-delle-successioni\/&#8221; link_option_url_new_window=&#8221;on&#8221; border_width_bottom=&#8221;1px&#8221; border_color_bottom=&#8221;RGBA(255,255,255,0)&#8221; border_color_bottom_image=&#8221;RGBA(255,255,255,0)&#8221; global_colors_info=&#8221;{}&#8221; border_color_bottom__hover_enabled=&#8221;on|hover&#8221; border_color_bottom__hover=&#8221;#ff9500&#8243;][\/et_pb_blurb][\/et_pb_column][\/et_pb_row][\/et_pb_section][et_pb_section fb_built=&#8221;1&#8243; _builder_version=&#8221;4.21.0&#8243; _module_preset=&#8221;default&#8221; use_background_color_gradient=&#8221;on&#8221; background_color_gradient_stops=&#8221;rgba(100, 100, 100, 0.71) 0%|#242424 100%&#8221; background_color_gradient_overlays_image=&#8221;on&#8221; background_image=&#8221;https:\/\/convenzioni.cralnetwork.it\/uilpavigilidelfuoco\/wp-content\/uploads\/sites\/39\/2023\/11\/sfondo.jpeg&#8221; parallax=&#8221;on&#8221; parallax_method=&#8221;off&#8221; global_colors_info=&#8221;{}&#8221;][et_pb_row _builder_version=&#8221;4.21.0&#8243; _module_preset=&#8221;default&#8221; global_colors_info=&#8221;{}&#8221;][et_pb_column type=&#8221;4_4&#8243; _builder_version=&#8221;4.21.0&#8243; _module_preset=&#8221;default&#8221; global_colors_info=&#8221;{}&#8221;][et_pb_text _builder_version=&#8221;4.21.0&#8243; _module_preset=&#8221;default&#8221; text_font=&#8221;Playfair Display|300|on||||||&#8221; text_text_color=&#8221;#ff9500&#8243; text_font_size=&#8221;43px&#8221; text_letter_spacing=&#8221;2px&#8221; text_line_height=&#8221;1.8em&#8221; text_orientation=&#8221;center&#8221; custom_margin=&#8221;||10px||false|false&#8221; text_font_size_tablet=&#8221;37px&#8221; text_font_size_phone=&#8221;26px&#8221; text_font_size_last_edited=&#8221;on|phone&#8221; text_orientation_tablet=&#8221;left&#8221; text_orientation_phone=&#8221;left&#8221; text_orientation_last_edited=&#8221;on|tablet&#8221; global_colors_info=&#8221;{}&#8221;]<\/p>\n<p>Trattamento riservato su presentazione tessera<\/p>\n<p>[\/et_pb_text][\/et_pb_column][\/et_pb_row][et_pb_row column_structure=&#8221;1_3,1_3,1_3&#8243; _builder_version=&#8221;4.21.0&#8243; _module_preset=&#8221;default&#8221; custom_padding=&#8221;40px||||false|false&#8221; border_width_top=&#8221;1px&#8221; border_color_top=&#8221;#FFFFFF&#8221; border_style_top=&#8221;dotted&#8221; global_colors_info=&#8221;{}&#8221;][et_pb_column type=&#8221;1_3&#8243; _builder_version=&#8221;4.21.0&#8243; _module_preset=&#8221;default&#8221; global_colors_info=&#8221;{}&#8221;][et_pb_text _builder_version=&#8221;4.21.0&#8243; _module_preset=&#8221;default&#8221; text_font=&#8221;Playfair Display|300|||||||&#8221; text_text_color=&#8221;#ff9500&#8243; text_font_size=&#8221;30px&#8221; text_letter_spacing=&#8221;2px&#8221; text_line_height=&#8221;1.8em&#8221; custom_margin=&#8221;||10px||false|false&#8221; text_font_size_tablet=&#8221;30px&#8221; text_font_size_phone=&#8221;26px&#8221; text_font_size_last_edited=&#8221;on|phone&#8221; global_colors_info=&#8221;{}&#8221;]<\/p>\n<p>Contatti<\/p>\n<p>[\/et_pb_text][et_pb_text _builder_version=&#8221;4.21.0&#8243; _module_preset=&#8221;default&#8221; text_font=&#8221;Poppins|300|||||||&#8221; text_text_color=&#8221;#FFFFFF&#8221; text_font_size=&#8221;15px&#8221; text_line_height=&#8221;1.9em&#8221; link_text_color=&#8221;#ff9500&#8243; global_colors_info=&#8221;{}&#8221;]Indirizzo: Via Morandi, 4 &#8211; 40124 Bologna<br \/>\n<strong>Telefono:<\/strong> +39 0519910952<br \/>\n<strong>Cellulare:<\/strong> +39 3270699111<br \/>\n<strong>Mail:<\/strong> <a href=\"mailto:info@studiolegalebologna.org\">info@studiolegalebologna.org<\/a><br \/>\n<strong>Sito web:<\/strong> <a href=\"https:\/\/studiolegalebologna.org\/\" target=\"_blank\" rel=\"noopener\">studiolegalebologna.org<\/a>[\/et_pb_text][\/et_pb_column][et_pb_column type=&#8221;1_3&#8243; _builder_version=&#8221;4.21.0&#8243; _module_preset=&#8221;default&#8221; global_colors_info=&#8221;{}&#8221;][et_pb_text _builder_version=&#8221;4.21.0&#8243; _module_preset=&#8221;default&#8221; text_font=&#8221;Playfair Display|300|||||||&#8221; text_text_color=&#8221;#ff9500&#8243; text_font_size=&#8221;30px&#8221; text_letter_spacing=&#8221;2px&#8221; text_line_height=&#8221;1.8em&#8221; custom_margin=&#8221;||10px||false|false&#8221; text_font_size_tablet=&#8221;30px&#8221; text_font_size_phone=&#8221;26px&#8221; text_font_size_last_edited=&#8221;on|phone&#8221; global_colors_info=&#8221;{}&#8221;]<\/p>\n<p>Orari<\/p>\n<p>[\/et_pb_text][et_pb_text _builder_version=&#8221;4.21.0&#8243; _module_preset=&#8221;default&#8221; text_font=&#8221;Poppins|300|||||||&#8221; text_text_color=&#8221;#FFFFFF&#8221; text_font_size=&#8221;15px&#8221; text_line_height=&#8221;1.9em&#8221; link_text_color=&#8221;#FFFFFF&#8221; global_colors_info=&#8221;{}&#8221;]<\/p>\n<p><strong>Luned\u00ec &#8211; Venerd\u00ec:<\/strong> 9.00 &#8211; 13.00<br \/>15.00 &#8211; 17.30<br \/><strong>Sabato:<\/strong> Chiuso<br \/><strong>Domenica:<\/strong> Chiuso<br \/>(<em>lo Studio riceve su appuntamento<\/em>)<\/p>\n<p>[\/et_pb_text][\/et_pb_column][et_pb_column type=&#8221;1_3&#8243; _builder_version=&#8221;4.21.0&#8243; _module_preset=&#8221;default&#8221; global_colors_info=&#8221;{}&#8221;][et_pb_code admin_label=&#8221;mappa&#8221; _builder_version=&#8221;4.16&#8243; _module_preset=&#8221;default&#8221; custom_margin=&#8221;15px||||false|false&#8221; global_colors_info=&#8221;{}&#8221;]<div id=\"gmw-single-location-wrapper-528\" class=\"gmw-element-wrapper gmw-single-location-wrapper gmw-sl-wrapper gmw-sl-single-post-wrapper post \" object_type=\"post\" object_id=\"2438\"  style=\"width:100%\"><div class=\"gmw-sl-map-wrapper gmw-sl-element\"><div id=\"gmw-map-wrapper-528\" class=\"gmw-map-wrapper  sl single_location \" style=\"width:100%;height:300px;\"> <span id=\"gmw-resize-map-toggle-528\" class=\"gmw-resize-map-toggle gmw-icon-resize-full\" style=\"display:none;\" title=\"Resize map\"><\/span> <div id=\"gmw-map-loader-528\" class=\"gmw-map-loader\"><\/div> <div id=\"gmw-map-528\" class=\"gmw-map sl single_location\" style=\"width:100%; height:100%\" data-map_id=\"528\" data-prefix=\"sl\" data-map_type=\"single_location\" data-icons_usage=\"global\"><\/div> <\/div><\/div><\/div>[\/et_pb_code][et_pb_code disabled_on=&#8221;on|on|on&#8221; admin_label=&#8221;dati aziendali&#8221; module_class=&#8221;contatti-professionisti&#8221; _builder_version=&#8221;4.16&#8243; _module_preset=&#8221;default&#8221; custom_margin=&#8221;||0px||false|false&#8221; custom_padding=&#8221;0px||0px||false|false&#8221; disabled=&#8221;on&#8221; global_colors_info=&#8221;{}&#8221;]<br \/><p><strong>Indirizzo:<\/strong> Studio Legale Bologna | Avv. Macr\u00ec & Avv.Mang\u00e8 a Bologna Assistenza legale Bologna, Via Morandi, 4, 40124 Bologna, Bologna BO <br>\n<strong>Telefono:<\/strong> 051 9910952 <br><strong>Sito web:<\/strong> <a href=\"http:\/\/studiolegalebologna.org\">studiolegalebologna.org<\/a> <br> \n<strong>Mail:<\/strong> <a href=\"mailto:info@studiolegalebologna.org\">info@studiolegalebologna.org<\/a> \n<\/p><br \/>[\/et_pb_code][\/et_pb_column][\/et_pb_row][\/et_pb_section]<\/p>\n","protected":false},"excerpt":{"rendered":"<div style=\"display: none;\">\n<p>Lo studio nasce dal progetto dei fondatori di realizzare una rete di professionisti al servizio del Cliente, che sia grado di comprendere ed abbracciare a tutto tondo le sue esigenze ed assicurargli un\u2019assistenza che risponda ogni tipo di necessit\u00e0.La struttura organizzativa dello Studio Legale Macr\u00ec &amp; Mang\u00e8 a Bologna si basa sulla collaborazione integrata e sinergica di vari professionisti, grazie ai quali \u00e8 in grado di offrire un\u2019assistenza qualificata professionale e tempestiva in tutti i campi del diritto civile e, grazie ai partner esterni, anche nell\u2019ambito del diritto penale.<\/p>\n<p>Lo Studio garantisce al Cliente un\u2019informazione completa e trasparente in tutte le fasi dell\u2019assistenza legale, si impegna ad offrire una prospettazione realistica e prudente nella valutazione dei metodi di composizione delle liti, mantenendo un corretto equilibrio tra i costi ed i benefici delle azioni giudiziarie da intraprendere, e assicura un confronto leale con il Cliente.<\/p>\n<p>Solo con queste basi la fiducia tra l\u2019Avvocato e il Cliente resiste.<\/p>\n<p>studio legale, studi legali, avv, avv., avvocato, avvocati, assistenza legale, assistenza professionale, diritto civile, diritto penale<\/p>\n<p>studio legale a Bologna, studi legali a Bologna, avv a Bologna, avv. a Bologna, avvocato a Bologna, avvocati a Bologna, assistenza legale a Bologna, assistenza professionale a Bologna, diritto civile a Bologna, diritto penale a Bologna<\/p>\n<p>studio legale Bologna, studi legali Bologna, avv Bologna, avv. Bologna, avvocato Bologna, avvocati Bologna, assistenza legale Bologna, assistenza professionale Bologna, diritto civile Bologna, diritto penale Bologna<\/p>\n<\/div>\n","protected":false},"featured_media":2439,"comment_status":"open","ping_status":"closed","template":"","meta":{"_acf_changed":false,"_et_pb_use_builder":"on","_et_pb_old_content":"","_et_gb_content_width":""},"product_brand":[],"product_cat":[56,61],"product_tag":[94,2042,284,96,97,100,105,109,110],"class_list":{"0":"post-2438","1":"product","2":"type-product","3":"status-publish","4":"has-post-thumbnail","6":"product_cat-professionisti","7":"product_cat-studi-legali","8":"product_tag-assistenza-legale","9":"product_tag-assistenza-professionale","10":"product_tag-avv","11":"product_tag-avvocati","12":"product_tag-avvocato","13":"product_tag-diritto-civile","14":"product_tag-diritto-penale","15":"product_tag-studi-legali","16":"product_tag-studio-legale","18":"first","19":"instock","20":"shipping-taxable","21":"product-type-simple"},"acf":[],"yoast_head":"<!-- This site is optimized with the Yoast SEO plugin v26.4 - https:\/\/yoast.com\/wordpress\/plugins\/seo\/ -->\n<title>Studio Legale Macr\u00ec &amp; Mang\u00e8 - UILPA Vigili del Fuoco<\/title>\n<meta name=\"robots\" content=\"index, follow, max-snippet:-1, max-image-preview:large, max-video-preview:-1\" \/>\n<link rel=\"canonical\" href=\"https:\/\/convenzioni.cralnetwork.it\/uilpavigilidelfuoco\/prodotto\/studio-legale-macri-mange\/\" \/>\n<meta property=\"og:locale\" content=\"it_IT\" \/>\n<meta property=\"og:type\" content=\"article\" \/>\n<meta property=\"og:title\" content=\"Studio Legale Macr\u00ec &amp; Mang\u00e8 - UILPA Vigili del Fuoco\" \/>\n<meta property=\"og:description\" content=\"Lo studio nasce dal progetto dei fondatori di realizzare una rete di professionisti al servizio del Cliente, che sia grado di comprendere ed abbracciare a tutto tondo le sue esigenze ed assicurargli un\u2019assistenza che risponda ogni tipo di necessit\u00e0.La struttura organizzativa dello Studio Legale Macr\u00ec &amp; Mang\u00e8 a Bologna si basa sulla collaborazione integrata e sinergica di vari professionisti, grazie ai quali \u00e8 in grado di offrire un\u2019assistenza qualificata professionale e tempestiva in tutti i campi del diritto civile e, grazie ai partner esterni, anche nell\u2019ambito del diritto penale.  Lo Studio garantisce al Cliente un\u2019informazione completa e trasparente in tutte le fasi dell\u2019assistenza legale, si impegna ad offrire una prospettazione realistica e prudente nella valutazione dei metodi di composizione delle liti, mantenendo un corretto equilibrio tra i costi ed i benefici delle azioni giudiziarie da intraprendere, e assicura un confronto leale con il Cliente.  Solo con queste basi la fiducia tra l\u2019Avvocato e il Cliente resiste.  studio legale, studi legali, avv, avv., avvocato, avvocati, assistenza legale, assistenza professionale, diritto civile, diritto penale  studio legale a Bologna, studi legali a Bologna, avv a Bologna, avv. a Bologna, avvocato a Bologna, avvocati a Bologna, assistenza legale a Bologna, assistenza professionale a Bologna, diritto civile a Bologna, diritto penale a Bologna  studio legale Bologna, studi legali Bologna, avv Bologna, avv. Bologna, avvocato Bologna, avvocati Bologna, assistenza legale Bologna, assistenza professionale Bologna, diritto civile Bologna, diritto penale Bologna\" \/>\n<meta property=\"og:url\" content=\"https:\/\/convenzioni.cralnetwork.it\/uilpavigilidelfuoco\/prodotto\/studio-legale-macri-mange\/\" \/>\n<meta property=\"og:site_name\" content=\"UILPA Vigili del Fuoco\" \/>\n<meta property=\"article:modified_time\" content=\"2023-11-17T11:28:39+00:00\" \/>\n<meta property=\"og:image\" content=\"https:\/\/convenzioni.cralnetwork.it\/uilpavigilidelfuoco\/wp-content\/uploads\/sites\/39\/2023\/11\/Logo-siti-studio-legale-macri-mange.jpg\" \/>\n\t<meta property=\"og:image:width\" content=\"300\" \/>\n\t<meta property=\"og:image:height\" content=\"300\" \/>\n\t<meta property=\"og:image:type\" content=\"image\/jpeg\" \/>\n<meta name=\"twitter:card\" content=\"summary_large_image\" \/>\n<meta name=\"twitter:label1\" content=\"Tempo di lettura stimato\" \/>\n\t<meta name=\"twitter:data1\" content=\"4 minuti\" \/>\n<script type=\"application\/ld+json\" class=\"yoast-schema-graph\">{\"@context\":\"https:\/\/schema.org\",\"@graph\":[{\"@type\":\"WebPage\",\"@id\":\"https:\/\/convenzioni.cralnetwork.it\/uilpavigilidelfuoco\/prodotto\/studio-legale-macri-mange\/\",\"url\":\"https:\/\/convenzioni.cralnetwork.it\/uilpavigilidelfuoco\/prodotto\/studio-legale-macri-mange\/\",\"name\":\"Studio Legale Macr\u00ec & Mang\u00e8 - UILPA Vigili del Fuoco\",\"isPartOf\":{\"@id\":\"https:\/\/convenzioni.cralnetwork.it\/uilpavigilidelfuoco\/#website\"},\"primaryImageOfPage\":{\"@id\":\"https:\/\/convenzioni.cralnetwork.it\/uilpavigilidelfuoco\/prodotto\/studio-legale-macri-mange\/#primaryimage\"},\"image\":{\"@id\":\"https:\/\/convenzioni.cralnetwork.it\/uilpavigilidelfuoco\/prodotto\/studio-legale-macri-mange\/#primaryimage\"},\"thumbnailUrl\":\"https:\/\/convenzioni.cralnetwork.it\/uilpavigilidelfuoco\/wp-content\/uploads\/sites\/39\/2023\/11\/Logo-siti-studio-legale-macri-mange.jpg\",\"datePublished\":\"2023-11-15T14:54:54+00:00\",\"dateModified\":\"2023-11-17T11:28:39+00:00\",\"breadcrumb\":{\"@id\":\"https:\/\/convenzioni.cralnetwork.it\/uilpavigilidelfuoco\/prodotto\/studio-legale-macri-mange\/#breadcrumb\"},\"inLanguage\":\"it-IT\",\"potentialAction\":[{\"@type\":\"ReadAction\",\"target\":[\"https:\/\/convenzioni.cralnetwork.it\/uilpavigilidelfuoco\/prodotto\/studio-legale-macri-mange\/\"]}]},{\"@type\":\"ImageObject\",\"inLanguage\":\"it-IT\",\"@id\":\"https:\/\/convenzioni.cralnetwork.it\/uilpavigilidelfuoco\/prodotto\/studio-legale-macri-mange\/#primaryimage\",\"url\":\"https:\/\/convenzioni.cralnetwork.it\/uilpavigilidelfuoco\/wp-content\/uploads\/sites\/39\/2023\/11\/Logo-siti-studio-legale-macri-mange.jpg\",\"contentUrl\":\"https:\/\/convenzioni.cralnetwork.it\/uilpavigilidelfuoco\/wp-content\/uploads\/sites\/39\/2023\/11\/Logo-siti-studio-legale-macri-mange.jpg\",\"width\":300,\"height\":300},{\"@type\":\"BreadcrumbList\",\"@id\":\"https:\/\/convenzioni.cralnetwork.it\/uilpavigilidelfuoco\/prodotto\/studio-legale-macri-mange\/#breadcrumb\",\"itemListElement\":[{\"@type\":\"ListItem\",\"position\":1,\"name\":\"Home\",\"item\":\"https:\/\/convenzioni.cralnetwork.it\/uilpavigilidelfuoco\/\"},{\"@type\":\"ListItem\",\"position\":2,\"name\":\"Shop\",\"item\":\"https:\/\/convenzioni.cralnetwork.it\/uilpavigilidelfuoco\/negozio\/\"},{\"@type\":\"ListItem\",\"position\":3,\"name\":\"Studio Legale Macr\u00ec &#038; Mang\u00e8\"}]},{\"@type\":\"WebSite\",\"@id\":\"https:\/\/convenzioni.cralnetwork.it\/uilpavigilidelfuoco\/#website\",\"url\":\"https:\/\/convenzioni.cralnetwork.it\/uilpavigilidelfuoco\/\",\"name\":\"UILPA Vigili del Fuoco\",\"description\":\"Area Convenzioni\",\"potentialAction\":[{\"@type\":\"SearchAction\",\"target\":{\"@type\":\"EntryPoint\",\"urlTemplate\":\"https:\/\/convenzioni.cralnetwork.it\/uilpavigilidelfuoco\/?s={search_term_string}\"},\"query-input\":{\"@type\":\"PropertyValueSpecification\",\"valueRequired\":true,\"valueName\":\"search_term_string\"}}],\"inLanguage\":\"it-IT\"}]}<\/script>\n<!-- \/ Yoast SEO plugin. -->","yoast_head_json":{"title":"Studio Legale Macr\u00ec & Mang\u00e8 - UILPA Vigili del Fuoco","robots":{"index":"index","follow":"follow","max-snippet":"max-snippet:-1","max-image-preview":"max-image-preview:large","max-video-preview":"max-video-preview:-1"},"canonical":"https:\/\/convenzioni.cralnetwork.it\/uilpavigilidelfuoco\/prodotto\/studio-legale-macri-mange\/","og_locale":"it_IT","og_type":"article","og_title":"Studio Legale Macr\u00ec & Mang\u00e8 - UILPA Vigili del Fuoco","og_description":"Lo studio nasce dal progetto dei fondatori di realizzare una rete di professionisti al servizio del Cliente, che sia grado di comprendere ed abbracciare a tutto tondo le sue esigenze ed assicurargli un\u2019assistenza che risponda ogni tipo di necessit\u00e0.La struttura organizzativa dello Studio Legale Macr\u00ec &amp; Mang\u00e8 a Bologna si basa sulla collaborazione integrata e sinergica di vari professionisti, grazie ai quali \u00e8 in grado di offrire un\u2019assistenza qualificata professionale e tempestiva in tutti i campi del diritto civile e, grazie ai partner esterni, anche nell\u2019ambito del diritto penale.  Lo Studio garantisce al Cliente un\u2019informazione completa e trasparente in tutte le fasi dell\u2019assistenza legale, si impegna ad offrire una prospettazione realistica e prudente nella valutazione dei metodi di composizione delle liti, mantenendo un corretto equilibrio tra i costi ed i benefici delle azioni giudiziarie da intraprendere, e assicura un confronto leale con il Cliente.  Solo con queste basi la fiducia tra l\u2019Avvocato e il Cliente resiste.  studio legale, studi legali, avv, avv., avvocato, avvocati, assistenza legale, assistenza professionale, diritto civile, diritto penale  studio legale a Bologna, studi legali a Bologna, avv a Bologna, avv. a Bologna, avvocato a Bologna, avvocati a Bologna, assistenza legale a Bologna, assistenza professionale a Bologna, diritto civile a Bologna, diritto penale a Bologna  studio legale Bologna, studi legali Bologna, avv Bologna, avv. Bologna, avvocato Bologna, avvocati Bologna, assistenza legale Bologna, assistenza professionale Bologna, diritto civile Bologna, diritto penale Bologna","og_url":"https:\/\/convenzioni.cralnetwork.it\/uilpavigilidelfuoco\/prodotto\/studio-legale-macri-mange\/","og_site_name":"UILPA Vigili del Fuoco","article_modified_time":"2023-11-17T11:28:39+00:00","og_image":[{"width":300,"height":300,"url":"https:\/\/convenzioni.cralnetwork.it\/uilpavigilidelfuoco\/wp-content\/uploads\/sites\/39\/2023\/11\/Logo-siti-studio-legale-macri-mange.jpg","type":"image\/jpeg"}],"twitter_card":"summary_large_image","twitter_misc":{"Tempo di lettura stimato":"4 minuti"},"schema":{"@context":"https:\/\/schema.org","@graph":[{"@type":"WebPage","@id":"https:\/\/convenzioni.cralnetwork.it\/uilpavigilidelfuoco\/prodotto\/studio-legale-macri-mange\/","url":"https:\/\/convenzioni.cralnetwork.it\/uilpavigilidelfuoco\/prodotto\/studio-legale-macri-mange\/","name":"Studio Legale Macr\u00ec & Mang\u00e8 - UILPA Vigili del Fuoco","isPartOf":{"@id":"https:\/\/convenzioni.cralnetwork.it\/uilpavigilidelfuoco\/#website"},"primaryImageOfPage":{"@id":"https:\/\/convenzioni.cralnetwork.it\/uilpavigilidelfuoco\/prodotto\/studio-legale-macri-mange\/#primaryimage"},"image":{"@id":"https:\/\/convenzioni.cralnetwork.it\/uilpavigilidelfuoco\/prodotto\/studio-legale-macri-mange\/#primaryimage"},"thumbnailUrl":"https:\/\/convenzioni.cralnetwork.it\/uilpavigilidelfuoco\/wp-content\/uploads\/sites\/39\/2023\/11\/Logo-siti-studio-legale-macri-mange.jpg","datePublished":"2023-11-15T14:54:54+00:00","dateModified":"2023-11-17T11:28:39+00:00","breadcrumb":{"@id":"https:\/\/convenzioni.cralnetwork.it\/uilpavigilidelfuoco\/prodotto\/studio-legale-macri-mange\/#breadcrumb"},"inLanguage":"it-IT","potentialAction":[{"@type":"ReadAction","target":["https:\/\/convenzioni.cralnetwork.it\/uilpavigilidelfuoco\/prodotto\/studio-legale-macri-mange\/"]}]},{"@type":"ImageObject","inLanguage":"it-IT","@id":"https:\/\/convenzioni.cralnetwork.it\/uilpavigilidelfuoco\/prodotto\/studio-legale-macri-mange\/#primaryimage","url":"https:\/\/convenzioni.cralnetwork.it\/uilpavigilidelfuoco\/wp-content\/uploads\/sites\/39\/2023\/11\/Logo-siti-studio-legale-macri-mange.jpg","contentUrl":"https:\/\/convenzioni.cralnetwork.it\/uilpavigilidelfuoco\/wp-content\/uploads\/sites\/39\/2023\/11\/Logo-siti-studio-legale-macri-mange.jpg","width":300,"height":300},{"@type":"BreadcrumbList","@id":"https:\/\/convenzioni.cralnetwork.it\/uilpavigilidelfuoco\/prodotto\/studio-legale-macri-mange\/#breadcrumb","itemListElement":[{"@type":"ListItem","position":1,"name":"Home","item":"https:\/\/convenzioni.cralnetwork.it\/uilpavigilidelfuoco\/"},{"@type":"ListItem","position":2,"name":"Shop","item":"https:\/\/convenzioni.cralnetwork.it\/uilpavigilidelfuoco\/negozio\/"},{"@type":"ListItem","position":3,"name":"Studio Legale Macr\u00ec &#038; Mang\u00e8"}]},{"@type":"WebSite","@id":"https:\/\/convenzioni.cralnetwork.it\/uilpavigilidelfuoco\/#website","url":"https:\/\/convenzioni.cralnetwork.it\/uilpavigilidelfuoco\/","name":"UILPA Vigili del Fuoco","description":"Area Convenzioni","potentialAction":[{"@type":"SearchAction","target":{"@type":"EntryPoint","urlTemplate":"https:\/\/convenzioni.cralnetwork.it\/uilpavigilidelfuoco\/?s={search_term_string}"},"query-input":{"@type":"PropertyValueSpecification","valueRequired":true,"valueName":"search_term_string"}}],"inLanguage":"it-IT"}]}},"publishpress_future_workflow_manual_trigger":{"enabledWorkflows":[]},"_links":{"self":[{"href":"https:\/\/convenzioni.cralnetwork.it\/uilpavigilidelfuoco\/wp-json\/wp\/v2\/product\/2438","targetHints":{"allow":["GET"]}}],"collection":[{"href":"https:\/\/convenzioni.cralnetwork.it\/uilpavigilidelfuoco\/wp-json\/wp\/v2\/product"}],"about":[{"href":"https:\/\/convenzioni.cralnetwork.it\/uilpavigilidelfuoco\/wp-json\/wp\/v2\/types\/product"}],"replies":[{"embeddable":true,"href":"https:\/\/convenzioni.cralnetwork.it\/uilpavigilidelfuoco\/wp-json\/wp\/v2\/comments?post=2438"}],"version-history":[{"count":0,"href":"https:\/\/convenzioni.cralnetwork.it\/uilpavigilidelfuoco\/wp-json\/wp\/v2\/product\/2438\/revisions"}],"wp:featuredmedia":[{"embeddable":true,"href":"https:\/\/convenzioni.cralnetwork.it\/uilpavigilidelfuoco\/wp-json\/wp\/v2\/media\/2439"}],"wp:attachment":[{"href":"https:\/\/convenzioni.cralnetwork.it\/uilpavigilidelfuoco\/wp-json\/wp\/v2\/media?parent=2438"}],"wp:term":[{"taxonomy":"product_brand","embeddable":true,"href":"https:\/\/convenzioni.cralnetwork.it\/uilpavigilidelfuoco\/wp-json\/wp\/v2\/product_brand?post=2438"},{"taxonomy":"product_cat","embeddable":true,"href":"https:\/\/convenzioni.cralnetwork.it\/uilpavigilidelfuoco\/wp-json\/wp\/v2\/product_cat?post=2438"},{"taxonomy":"product_tag","embeddable":true,"href":"https:\/\/convenzioni.cralnetwork.it\/uilpavigilidelfuoco\/wp-json\/wp\/v2\/product_tag?post=2438"}],"curies":[{"name":"wp","href":"https:\/\/api.w.org\/{rel}","templated":true}]}}