{"id":67840,"date":"2025-02-05T23:12:56","date_gmt":"2025-02-05T22:12:56","guid":{"rendered":"https:\/\/convenzioni.cralnetwork.it\/simguardiadifinanza\/?post_type=product&#038;p=67840"},"modified":"2025-02-10T09:57:38","modified_gmt":"2025-02-10T08:57:38","slug":"dr-giovanni-leone-psicoterapeuta","status":"publish","type":"product","link":"https:\/\/convenzioni.cralnetwork.it\/simguardiadifinanza\/prodotto\/dr-giovanni-leone-psicoterapeuta\/","title":{"rendered":"Dr. Giovanni Leone &#8211; Psicoterapeuta"},"content":{"rendered":"\t\t<div data-elementor-type=\"wp-post\" data-elementor-id=\"67840\" class=\"elementor elementor-67840\">\n\t\t\t\t<div class=\"elementor-element elementor-element-75d5847 e-flex e-con-boxed e-con e-parent\" data-id=\"75d5847\" data-element_type=\"container\" data-settings=\"{&quot;background_background&quot;:&quot;classic&quot;}\">\n\t\t\t\t\t<div class=\"e-con-inner\">\n\t\t<div class=\"elementor-element elementor-element-60c9749 e-con-full e-flex e-con e-child\" data-id=\"60c9749\" data-element_type=\"container\" data-settings=\"{&quot;background_background&quot;:&quot;classic&quot;}\">\n\t\t\t\t<div class=\"elementor-element elementor-element-f699e29 elementor-position-left elementor-vertical-align-middle elementor-invisible elementor-widget elementor-widget-image-box\" data-id=\"f699e29\" data-element_type=\"widget\" data-settings=\"{&quot;_animation&quot;:&quot;fadeIn&quot;}\" data-widget_type=\"image-box.default\">\n\t\t\t\t<div class=\"elementor-widget-container\">\n\t\t\t\t\t<div class=\"elementor-image-box-wrapper\"><figure class=\"elementor-image-box-img\"><img decoding=\"async\" width=\"149\" height=\"153\" src=\"https:\/\/convenzioni.cralnetwork.it\/simguardiadifinanza\/wp-content\/uploads\/sites\/7\/2025\/02\/icone-dr-leone-giovanni.png\" class=\"attachment-full size-full wp-image-67843\" alt=\"\" \/><\/figure><div class=\"elementor-image-box-content\"><h3 class=\"elementor-image-box-title\">Dr. Giovanni Leone<\/h3><p class=\"elementor-image-box-description\"> Psicoterapeuta<\/p><\/div><\/div>\t\t\t\t<\/div>\n\t\t\t\t<\/div>\n\t\t\t\t<\/div>\n\t\t\t\t\t<\/div>\n\t\t\t\t<\/div>\n\t\t<div class=\"elementor-element elementor-element-69e9329 e-flex e-con-boxed e-con e-parent\" data-id=\"69e9329\" data-element_type=\"container\">\n\t\t\t\t\t<div class=\"e-con-inner\">\n\t\t<div class=\"elementor-element elementor-element-1cd0d08 e-con-full e-flex e-con e-child\" data-id=\"1cd0d08\" data-element_type=\"container\">\n\t\t<div class=\"elementor-element elementor-element-6cdec20 e-con-full e-flex e-con e-child\" data-id=\"6cdec20\" data-element_type=\"container\">\n\t\t\t\t<div class=\"elementor-element elementor-element-4729ba5 elementor-vertical-align-middle elementor-position-right elementor-hidden-tablet elementor-hidden-mobile elementor-widget elementor-widget-image-box\" data-id=\"4729ba5\" data-element_type=\"widget\" data-widget_type=\"image-box.default\">\n\t\t\t\t<div class=\"elementor-widget-container\">\n\t\t\t\t\t<div class=\"elementor-image-box-wrapper\"><figure class=\"elementor-image-box-img\"><img fetchpriority=\"high\" fetchpriority=\"high\" decoding=\"async\" width=\"560\" height=\"807\" src=\"https:\/\/convenzioni.cralnetwork.it\/simguardiadifinanza\/wp-content\/uploads\/sites\/7\/2025\/02\/dr-giovanni-leoni-img-cut.jpg\" class=\"attachment-full size-full wp-image-67845\" alt=\"\" srcset=\"https:\/\/convenzioni.cralnetwork.it\/simguardiadifinanza\/wp-content\/uploads\/sites\/7\/2025\/02\/dr-giovanni-leoni-img-cut.jpg 560w, https:\/\/convenzioni.cralnetwork.it\/simguardiadifinanza\/wp-content\/uploads\/sites\/7\/2025\/02\/dr-giovanni-leoni-img-cut-480x692.jpg 480w\" sizes=\"(min-width: 0px) and (max-width: 480px) 480px, (min-width: 481px) 560px, 100vw\" \/><\/figure><div class=\"elementor-image-box-content\"><p class=\"elementor-image-box-description\">Medico Psicoterapeuta, specializzato in Psicoterapia Analitico Transazionale presso la Scuola Superiore in Psicologia Clinica (SSPC-IFREP) di Roma. \n<br><br>\n\u2028Specializzato in Anestesia e Rianimazione presso l\u2019Universit\u00e0 degli Studi Palermo e in Igiene e Medicina Preventiva presso l\u2019Universit\u00e0 degli Studi di Padova.\u2028\n<br><br>\nIscritto all\u2019Ordine Ordine Provinciale dei Medici Chirurghi e degli Odontoiatri di Padova al numero 13576.<\/p><\/div><\/div>\t\t\t\t<\/div>\n\t\t\t\t<\/div>\n\t\t\t\t<div class=\"elementor-element elementor-element-df75190 elementor-hidden-desktop elementor-position-top elementor-widget elementor-widget-image-box\" data-id=\"df75190\" data-element_type=\"widget\" data-widget_type=\"image-box.default\">\n\t\t\t\t<div class=\"elementor-widget-container\">\n\t\t\t\t\t<div class=\"elementor-image-box-wrapper\"><figure class=\"elementor-image-box-img\"><img fetchpriority=\"high\" fetchpriority=\"high\" decoding=\"async\" width=\"560\" height=\"807\" src=\"https:\/\/convenzioni.cralnetwork.it\/simguardiadifinanza\/wp-content\/uploads\/sites\/7\/2025\/02\/dr-giovanni-leoni-img-cut.jpg\" class=\"attachment-full size-full wp-image-67845\" alt=\"\" srcset=\"https:\/\/convenzioni.cralnetwork.it\/simguardiadifinanza\/wp-content\/uploads\/sites\/7\/2025\/02\/dr-giovanni-leoni-img-cut.jpg 560w, https:\/\/convenzioni.cralnetwork.it\/simguardiadifinanza\/wp-content\/uploads\/sites\/7\/2025\/02\/dr-giovanni-leoni-img-cut-480x692.jpg 480w\" sizes=\"(min-width: 0px) and (max-width: 480px) 480px, (min-width: 481px) 560px, 100vw\" \/><\/figure><div class=\"elementor-image-box-content\"><p class=\"elementor-image-box-description\">Medico Psicoterapeuta, specializzato in Psicoterapia Analitico Transazionale presso la Scuola Superiore in Psicologia Clinica (SSPC-IFREP) di Roma. \n<br><br>\n\u2028Specializzato in Anestesia e Rianimazione presso l\u2019Universit\u00e0 degli Studi Palermo e in Igiene e Medicina Preventiva presso l\u2019Universit\u00e0 degli Studi di Padova.\u2028\n<br><br>\nIscritto all\u2019Ordine Ordine Provinciale dei Medici Chirurghi e degli Odontoiatri di Padova al numero 13576.<\/p><\/div><\/div>\t\t\t\t<\/div>\n\t\t\t\t<\/div>\n\t\t\t\t<\/div>\n\t\t\t\t<\/div>\n\t\t<div class=\"elementor-element elementor-element-bd14705 e-con-full e-flex e-con e-child\" data-id=\"bd14705\" data-element_type=\"container\">\n\t\t<div class=\"elementor-element elementor-element-c3a6d75 e-con-full e-flex e-con e-child\" data-id=\"c3a6d75\" data-element_type=\"container\">\n\t\t\t\t<div class=\"elementor-element elementor-element-8e95e20 elementor-widget-divider--view-line_icon elementor-view-default elementor-widget-divider--element-align-center elementor-widget elementor-widget-divider\" data-id=\"8e95e20\" data-element_type=\"widget\" data-widget_type=\"divider.default\">\n\t\t\t\t<div class=\"elementor-widget-container\">\n\t\t\t\t\t\t\t<div class=\"elementor-divider\">\n\t\t\t<span class=\"elementor-divider-separator\">\n\t\t\t\t\t\t\t<div class=\"elementor-icon elementor-divider__element\">\n\t\t\t\t\t<svg aria-hidden=\"true\" class=\"e-font-icon-svg e-fas-heartbeat\" viewBox=\"0 0 512 512\" xmlns=\"http:\/\/www.w3.org\/2000\/svg\"><path d=\"M320.2 243.8l-49.7 99.4c-6 12.1-23.4 11.7-28.9-.6l-56.9-126.3-30 71.7H60.6l182.5 186.5c7.1 7.3 18.6 7.3 25.7 0L451.4 288H342.3l-22.1-44.2zM473.7 73.9l-2.4-2.5c-51.5-52.6-135.8-52.6-187.4 0L256 100l-27.9-28.5c-51.5-52.7-135.9-52.7-187.4 0l-2.4 2.4C-10.4 123.7-12.5 203 31 256h102.4l35.9-86.2c5.4-12.9 23.6-13.2 29.4-.4l58.2 129.3 49-97.9c5.9-11.8 22.7-11.8 28.6 0l27.6 55.2H481c43.5-53 41.4-132.3-7.3-182.1z\"><\/path><\/svg><\/div>\n\t\t\t\t\t\t<\/span>\n\t\t<\/div>\n\t\t\t\t\t\t<\/div>\n\t\t\t\t<\/div>\n\t\t\t\t<\/div>\n\t\t\t\t<\/div>\n\t\t<div class=\"elementor-element elementor-element-bc4b220 e-con-full e-flex e-con e-child\" data-id=\"bc4b220\" data-element_type=\"container\">\n\t\t<div class=\"elementor-element elementor-element-c8a0245 e-con-full e-flex e-con e-child\" data-id=\"c8a0245\" data-element_type=\"container\">\n\t\t\t\t<div class=\"elementor-element elementor-element-c15ca38 elementor-widget elementor-widget-text-editor\" data-id=\"c15ca38\" data-element_type=\"widget\" data-widget_type=\"text-editor.default\">\n\t\t\t\t<div class=\"elementor-widget-container\">\n\t\t\t\t\t\t\t\t\t<p>Come Psicoterapeuta mi dedico all&#8217;accompagnamento delle persone nel loro percorso di crescita e di ricerca di benessere.<\/p><p>La mia pratica si fonda sulla convinzione che ogni individuo possieda risorse interiori e un potenziale di trasformazione unici, che possono essere valorizzati attraverso un percorso terapeutico personalizzato.<\/p><p>Nel 2023 insieme alla specializzazione in Psicoterapia, ho conseguito anche quella in Igiene e Medicina Preventiva, in questo modo ho ampliato la mia visione alla cura della persona attraverso l\u2019integrazione del benessere mentale ad un approccio preventivo alla salute.<\/p><p>La mia precedente esperienza come specialista in Anestesia, Rianimazione e Terapia del Dolore, iniziata nel 2009, mi ha permesso di assistere pazienti in situazioni critiche in diversi ospedali italiani, ci\u00f2 ha incluso anche esperienze nell&#8217;ambito delle cure palliative e nell&#8217;assistenza ai migranti a Lampedusa, dove ho avuto modo di lavorare accanto alle donne e agli uomini del Battaglione Mobile dei Carabinieri, delle Compagnie ATP della Guardia di Finanza e del Reparto Mobile della Polizia di Stato impegnati a garantire l&#8217;ordine pubblico nel Centro di Primo Soccorso e Accoglienza.<\/p><p>Queste esperienze professionali diversificate mi hanno aiutato a sviluppare una visione della cura della persona come processo che va oltre il trattamento dei sintomi e che tende a considerare l&#8217;individuo nella sua globalit\u00e0, abbracciando aspetti psicologici, medici, sociali e culturali che influenzano profondamente il benessere e il percorso di guarigione di ciascun paziente.<\/p>\t\t\t\t\t\t\t\t<\/div>\n\t\t\t\t<\/div>\n\t\t\t\t<\/div>\n\t\t\t\t<\/div>\n\t\t\t\t\t<\/div>\n\t\t\t\t<\/div>\n\t\t<div class=\"elementor-element elementor-element-2a272e5 e-flex e-con-boxed e-con e-parent\" data-id=\"2a272e5\" data-element_type=\"container\" data-settings=\"{&quot;background_background&quot;:&quot;classic&quot;}\">\n\t\t\t\t\t<div class=\"e-con-inner\">\n\t\t<div class=\"elementor-element elementor-element-271a4f4 e-con-full e-flex e-con e-child\" data-id=\"271a4f4\" data-element_type=\"container\">\n\t\t<div class=\"elementor-element elementor-element-34071b9 e-flex e-con-boxed elementor-invisible e-con e-child\" data-id=\"34071b9\" data-element_type=\"container\" data-settings=\"{&quot;animation&quot;:&quot;fadeInLeft&quot;}\">\n\t\t\t\t\t<div class=\"e-con-inner\">\n\t\t\t\t<div class=\"elementor-element elementor-element-524f583 elementor-widget elementor-widget-text-editor\" data-id=\"524f583\" data-element_type=\"widget\" data-widget_type=\"text-editor.default\">\n\t\t\t\t<div class=\"elementor-widget-container\">\n\t\t\t\t\t\t\t\t\t<p>Mi occupo di <strong>Supporto psicologico<\/strong> e <strong>Psicoterapia<\/strong> in caso di:<\/p>\t\t\t\t\t\t\t\t<\/div>\n\t\t\t\t<\/div>\n\t\t\t\t<div class=\"elementor-element elementor-element-493b944 elementor-widget elementor-widget-text-editor\" data-id=\"493b944\" data-element_type=\"widget\" data-widget_type=\"text-editor.default\">\n\t\t\t\t<div class=\"elementor-widget-container\">\n\t\t\t\t\t\t\t\t\t<p>\u2022 Disturbi da Ansia e Stress<br \/>\u2022 Disturbi Depressivi e dell\u2019Umore<br \/>\u2022 Disturbi Emotivi<br \/>\u2022 Disturbi Psicosomatici<br \/>\u2022 Disturbi di Personalit\u00e0<br \/>\u2022 Difficolt\u00e0 Relazionali<br \/>\u2022 Tematiche legate alla comunicazione efficace<br \/>\u2022 Tematiche legate all\u2019autostima<\/p>\t\t\t\t\t\t\t\t<\/div>\n\t\t\t\t<\/div>\n\t\t\t\t\t<\/div>\n\t\t\t\t<\/div>\n\t\t<div class=\"elementor-element elementor-element-60348ba e-flex e-con-boxed elementor-invisible e-con e-child\" data-id=\"60348ba\" data-element_type=\"container\" data-settings=\"{&quot;animation&quot;:&quot;fadeInRight&quot;}\">\n\t\t\t\t\t<div class=\"e-con-inner\">\n\t\t\t\t<div class=\"elementor-element elementor-element-1fc43b9 elementor-widget elementor-widget-text-editor\" data-id=\"1fc43b9\" data-element_type=\"widget\" data-widget_type=\"text-editor.default\">\n\t\t\t\t<div class=\"elementor-widget-container\">\n\t\t\t\t\t\t\t\t\t<p class=\"p1\"><span class=\"s1\"><b>Modelli utilizzati:<\/b><\/span><\/p>\t\t\t\t\t\t\t\t<\/div>\n\t\t\t\t<\/div>\n\t\t\t\t<div class=\"elementor-element elementor-element-6a700ed elementor-widget elementor-widget-text-editor\" data-id=\"6a700ed\" data-element_type=\"widget\" data-widget_type=\"text-editor.default\">\n\t\t\t\t<div class=\"elementor-widget-container\">\n\t\t\t\t\t\t\t\t\t<p>\u2022 Psicoterapia Analitico Transazionale<br \/>\u2022 Psicoterapia Cognitivo Comportamentale<br \/>\u2022 Psicoterapia della Gestalt<br \/>\u2022 Terapia Ricostruttiva Interpersonale<br \/>(Dr.ssa L. Smith Benjamin)<br \/>\u2022 Coherence Therapy (Dr. B. Ecker)<\/p>\t\t\t\t\t\t\t\t<\/div>\n\t\t\t\t<\/div>\n\t\t\t\t\t<\/div>\n\t\t\t\t<\/div>\n\t\t\t\t<\/div>\n\t\t\t\t\t<\/div>\n\t\t\t\t<\/div>\n\t\t\t\t<section class=\"elementor-section elementor-top-section elementor-element elementor-element-224951db elementor-section-boxed elementor-section-height-default elementor-section-height-default\" data-id=\"224951db\" data-element_type=\"section\" data-settings=\"{&quot;background_background&quot;:&quot;classic&quot;}\">\n\t\t\t\t\t\t<div class=\"elementor-container elementor-column-gap-default\">\n\t\t\t\t\t<div class=\"elementor-column elementor-col-100 elementor-top-column elementor-element elementor-element-34b45d49\" data-id=\"34b45d49\" data-element_type=\"column\">\n\t\t\t<div class=\"elementor-widget-wrap elementor-element-populated\">\n\t\t\t\t\t\t<div class=\"elementor-element elementor-element-f1ddedd elementor-invisible elementor-widget elementor-widget-text-editor\" data-id=\"f1ddedd\" data-element_type=\"widget\" data-settings=\"{&quot;_animation&quot;:&quot;fadeIn&quot;}\" data-widget_type=\"text-editor.default\">\n\t\t\t\t<div class=\"elementor-widget-container\">\n\t\t\t\t\t\t\t\t\t<p>Agevolazioni riservate agli associati SIM Guardia di Finanza e i loro familiari<\/p>\t\t\t\t\t\t\t\t<\/div>\n\t\t\t\t<\/div>\n\t\t\t\t\t<\/div>\n\t\t<\/div>\n\t\t\t\t\t<\/div>\n\t\t<\/section>\n\t\t<div class=\"elementor-element elementor-element-a507fd7 e-flex e-con-boxed e-con e-parent\" data-id=\"a507fd7\" data-element_type=\"container\" data-settings=\"{&quot;background_background&quot;:&quot;classic&quot;}\">\n\t\t\t\t\t<div class=\"e-con-inner\">\n\t\t<div class=\"elementor-element elementor-element-ce14547 e-con-full e-flex e-con e-child\" data-id=\"ce14547\" data-element_type=\"container\">\n\t\t<div class=\"elementor-element elementor-element-1785fd8 e-con-full e-flex e-con e-child\" data-id=\"1785fd8\" data-element_type=\"container\" data-settings=\"{&quot;background_background&quot;:&quot;classic&quot;}\">\n\t\t\t\t<div class=\"elementor-element elementor-element-01043cb elementor-widget elementor-widget-text-editor\" data-id=\"01043cb\" data-element_type=\"widget\" data-widget_type=\"text-editor.default\">\n\t\t\t\t<div class=\"elementor-widget-container\">\n\t\t\t\t\t\t\t\t\t<p>SEDI<\/p>\t\t\t\t\t\t\t\t<\/div>\n\t\t\t\t<\/div>\n\t\t\t\t<div class=\"elementor-element elementor-element-25bb788 elementor-widget elementor-widget-text-editor\" data-id=\"25bb788\" data-element_type=\"widget\" data-widget_type=\"text-editor.default\">\n\t\t\t\t<div class=\"elementor-widget-container\">\n\t\t\t\t\t\t\t\t\t<p>\u2022 Via Tiziano Aspetti, 193 \u2013 Padova<br \/>\u2022 Via San Pio X 34 EF \u2013 Castelfranco Veneto (TV)<\/p><p>Ricevo su appuntamento, si concorderanno giorno, ora e sede previo contatto telefonico, contatto tramite piattaforma MioDottore oppure tramite e-mail.<\/p>\t\t\t\t\t\t\t\t<\/div>\n\t\t\t\t<\/div>\n\t\t\t\t<\/div>\n\t\t<div class=\"elementor-element elementor-element-c84fe65 e-con-full e-flex e-con e-child\" data-id=\"c84fe65\" data-element_type=\"container\" data-settings=\"{&quot;background_background&quot;:&quot;classic&quot;}\">\n\t\t\t\t<div class=\"elementor-element elementor-element-fe4f24e elementor-widget elementor-widget-text-editor\" data-id=\"fe4f24e\" data-element_type=\"widget\" data-widget_type=\"text-editor.default\">\n\t\t\t\t<div class=\"elementor-widget-container\">\n\t\t\t\t\t\t\t\t\t<p>CONTATTI<\/p>\t\t\t\t\t\t\t\t<\/div>\n\t\t\t\t<\/div>\n\t\t\t\t<div class=\"elementor-element elementor-element-a947f59 elementor-hidden-tablet elementor-hidden-mobile elementor-widget elementor-widget-text-editor\" data-id=\"a947f59\" data-element_type=\"widget\" data-widget_type=\"text-editor.default\">\n\t\t\t\t<div class=\"elementor-widget-container\">\n\t\t\t\t\t\t\t\t\t<p><strong>Tel:<\/strong> <a style=\"color: #444444;\" href=\"tel:+393889363023\" target=\"_blank\" rel=\"noopener\">+39 388 9363023<\/a><br \/><strong>Mail:<\/strong> <a style=\"color: #444444;\" href=\"mailto:drgiovannileone@gmail.com\" target=\"_blank\" rel=\"noopener\">drgiovannileone@gmail.com<\/a><br \/><strong>Sito web:<\/strong> <a style=\"color: #444444;\" href=\"https:\/\/sites.google.com\/view\/drgiovannileone\" target=\"_blank\" rel=\"noopener\">sites.google.com\/view\/drgiovannileone<\/a><br \/><strong><a style=\"color: #444444;\" href=\"https:\/\/www.miodottore.it\/giovanni-leone-2\/psicoterapeuta-anestesista\/castelfranco-veneto\" target=\"_blank\" rel=\"noopener\">MioDottore<\/a><\/strong><\/p>\t\t\t\t\t\t\t\t<\/div>\n\t\t\t\t<\/div>\n\t\t\t\t<div class=\"elementor-element elementor-element-26c3b2b elementor-hidden-desktop elementor-widget elementor-widget-text-editor\" data-id=\"26c3b2b\" data-element_type=\"widget\" data-widget_type=\"text-editor.default\">\n\t\t\t\t<div class=\"elementor-widget-container\">\n\t\t\t\t\t\t\t\t\t<p><strong>Tel:<\/strong> <a style=\"color: #444444;\" href=\"tel:+393889363023\" target=\"_blank\" rel=\"noopener\">+39 388 9363023<\/a><br \/><strong>Mail:<\/strong> <a style=\"color: #444444;\" href=\"mailto:drgiovannileone@gmail.com\" target=\"_blank\" rel=\"noopener\">drgiovannileone@gmail.com<\/a><br \/><a style=\"color: #444444;\" href=\"https:\/\/sites.google.com\/view\/drgiovannileone\" target=\"_blank\" rel=\"noopener\"><strong>Sito web:<\/strong><\/a><br \/><strong><a style=\"color: #444444;\" href=\"https:\/\/www.miodottore.it\/giovanni-leone-2\/psicoterapeuta-anestesista\/castelfranco-veneto\" target=\"_blank\" rel=\"noopener\">MioDottore<\/a><\/strong><\/p>\t\t\t\t\t\t\t\t<\/div>\n\t\t\t\t<\/div>\n\t\t\t\t<div class=\"elementor-element elementor-element-359f4b5 elementor-widget-divider--view-line_icon elementor-widget-divider--element-align-right elementor-view-default elementor-widget elementor-widget-divider\" data-id=\"359f4b5\" data-element_type=\"widget\" data-widget_type=\"divider.default\">\n\t\t\t\t<div class=\"elementor-widget-container\">\n\t\t\t\t\t\t\t<div class=\"elementor-divider\">\n\t\t\t<span class=\"elementor-divider-separator\">\n\t\t\t\t\t\t\t<div class=\"elementor-icon elementor-divider__element\">\n\t\t\t\t\t<svg aria-hidden=\"true\" class=\"e-font-icon-svg e-fas-heartbeat\" viewBox=\"0 0 512 512\" xmlns=\"http:\/\/www.w3.org\/2000\/svg\"><path d=\"M320.2 243.8l-49.7 99.4c-6 12.1-23.4 11.7-28.9-.6l-56.9-126.3-30 71.7H60.6l182.5 186.5c7.1 7.3 18.6 7.3 25.7 0L451.4 288H342.3l-22.1-44.2zM473.7 73.9l-2.4-2.5c-51.5-52.6-135.8-52.6-187.4 0L256 100l-27.9-28.5c-51.5-52.7-135.9-52.7-187.4 0l-2.4 2.4C-10.4 123.7-12.5 203 31 256h102.4l35.9-86.2c5.4-12.9 23.6-13.2 29.4-.4l58.2 129.3 49-97.9c5.9-11.8 22.7-11.8 28.6 0l27.6 55.2H481c43.5-53 41.4-132.3-7.3-182.1z\"><\/path><\/svg><\/div>\n\t\t\t\t\t\t<\/span>\n\t\t<\/div>\n\t\t\t\t\t\t<\/div>\n\t\t\t\t<\/div>\n\t\t\t\t<\/div>\n\t\t\t\t<\/div>\n\t\t<div class=\"elementor-element elementor-element-5bae721 e-con-full e-flex e-con e-child\" data-id=\"5bae721\" data-element_type=\"container\">\n\t\t\t\t<div class=\"elementor-element elementor-element-cf1b955 elementor-widget elementor-widget-text-editor\" data-id=\"cf1b955\" data-element_type=\"widget\" data-widget_type=\"text-editor.default\">\n\t\t\t\t<div class=\"elementor-widget-container\">\n\t\t\t\t\t\t\t\t\t<p><div id=\"gmw-single-object-locations-wrapper-332\" class=\"gmw-element-wrapper gmw-single-location-wrapper gmw-sl-wrapper gmw-sl-single-post-wrapper post gmw-sl-multiple-locations\" object_type=\"post\" object_id=\"\"  style=\"width:100%\"><div class=\"gmw-sl-map-wrapper\"><div id=\"gmw-map-wrapper-332\" class=\"gmw-map-wrapper  sl single_location \" style=\"width:100%;height:350px;\"> <span id=\"gmw-resize-map-toggle-332\" class=\"gmw-resize-map-toggle gmw-icon-resize-full\" style=\"display:none;\" title=\"Resize map\"><\/span> <div id=\"gmw-map-loader-332\" class=\"gmw-map-loader\"><\/div> <div id=\"gmw-map-332\" class=\"gmw-map sl single_location\" style=\"width:100%; height:100%\" data-map_id=\"332\" data-prefix=\"sl\" data-map_type=\"single_location\" data-icons_usage=\"global\"><\/div> <\/div><\/div><\/div><\/p>\t\t\t\t\t\t\t\t<\/div>\n\t\t\t\t<\/div>\n\t\t\t\t<\/div>\n\t\t\t\t\t<\/div>\n\t\t\t\t<\/div>\n\t\t\t\t<\/div>\n\t\t","protected":false},"excerpt":{"rendered":"<div style=\"display: none;\">Medico Psicoterapeuta, specializzato in Psicoterapia Analitico Transazionale presso la Scuola Superiore in Psicologia Clinica (SSPC-IFREP) di Roma. \u2028Specializzato in Anestesia e Rianimazione presso l\u2019Universit\u00e0 degli Studi Palermo e in Igiene e Medicina Preventiva presso l\u2019Universit\u00e0 degli Studi di Padova.\u2028Iscritto all\u2019Ordine Ordine Provinciale dei Medici Chirurghi e degli Odontoiatri di Padova al numero 13576.<br \/>\nCome Psicoterapeuta mi dedico all&#8217;accompagnamento delle persone nel loro percorso di crescita e di ricerca di benessere. \u2028\u2028La mia pratica si fonda sulla convinzione che ogni individuo possieda risorse interiori e un potenziale di trasformazione unici, che possono essere valorizzati attraverso un percorso terapeutico personalizzato.\u2028\u2028Nel 2023 insieme alla specializzazione in Psicoterapia, ho conseguito anche quella in Igiene e Medicina Preventiva, in questo modo ho ampliato la mia visione alla cura della persona attraverso l\u2019integrazione del benessere mentale ad un approccio preventivo alla salute.\u2028\u2028La mia precedente esperienza come specialista in Anestesia, Rianimazione e Terapia del Dolore, iniziata nel 2009, mi ha permesso di assistere pazienti in situazioni critiche in diversi ospedali italiani, ci\u00f2 ha incluso anche esperienze nell&#8217;ambito delle cure palliative e nell&#8217;assistenza ai migranti a Lampedusa, dove ho avuto modo di lavorare accanto alle donne e agli uomini del Battaglione Mobile dei Carabinieri, delle Compagnie ATP della Guardia di Finanza e del Reparto Mobile della Polizia di Stato impegnati a garantire l&#8217;ordine pubblico nel Centro di Primo Soccorso e Accoglienza.<br \/>\nQueste esperienze professionali diversificate mi hanno aiutato a sviluppare una visione della cura della persona come processo che va oltre il trattamento dei sintomi e che tende a considerare l&#8217;individuo nella sua globalit\u00e0, abbracciando aspetti psicologici, medici, sociali e culturali che influenzano profondamente il benessere e il percorso di guarigione di ciascun paziente.Mi occupo di Supporto psicologico e Psicoterapia in caso di:<br \/>\nDisturbi da Ansia e Stress<br \/>\nDisturbi Depressivi e dell\u2019Umore<br \/>\nDisturbi Emotivi<br \/>\nDisturbi Psicosomatici<br \/>\nDisturbi di Personalit\u00e0<br \/>\nDifficolt\u00e0 Relazionali<br \/>\nTematiche legate alla comunicazione efficace<br \/>\nTematiche legate all\u2019autostima<\/p>\n<p>Modelli utilizzati:<br \/>\nPsicoterapia Analitico Transazionale<br \/>\nPsicoterapia della Gestalt<br \/>\nTerapia Ricostruttiva Interpersonale (Dr.ssa L. Smith Benjamin)<br \/>\nCoherence Therapy (Dr. B. Ecker)<\/p>\n<p>psicoterapia, psicoterapeuta, psicoterapeuti, consulenza psicoterapico, sostengo, sostegno psicoterapico, Disturbi da Ansia e Stress, Disturbi Depressivi, disturbi dell&#8217;umore,<br \/>\nDisturbi Emotivi, Disturbi Psicosomatici, Disturbi di Personalit\u00e0, disturbi della personalit\u00e0, Difficolt\u00e0 Relazionali, Tematiche legate alla comunicazione efficace,<br \/>\nTematiche legate all\u2019autostima, problemi di autostima, disturbi di autostima, disturbo dell&#8217;autostima, problemi relazionali, problemi di autostima, problemi depressivi, depressione, alterazioni dell&#8217;umore, problemi emotivi, difficolt\u00e0 emotive, ansia, stress, gestione dell&#8217;ansia, gestione dello stress,<br \/>\npsicoterapia a Padova, psicoterapeuta a Padova, psicoterapeuti a Padova, consulenza psicoterapico a Padova, sostengo a Padova, sostegno psicoterapico a Padova, Disturbi da Ansia e Stress a Padova, Disturbi Depressivi a Padova, disturbi dell&#8217;umore a Padova,<br \/>\nDisturbi Emotivi a Padova, Disturbi Psicosomatici a Padova, Disturbi di Personalit\u00e0 a Padova, disturbi della personalit\u00e0 a Padova, Difficolt\u00e0 Relazionali a Padova, Tematiche legate alla comunicazione efficace a Padova,<br \/>\nTematiche legate all\u2019autostima a Padova, problemi di autostima a Padova, disturbi di autostima a Padova, disturbo dell&#8217;autostima a Padova, problemi relazionali a Padova, problemi di autostima a Padova, problemi depressivi a Padova, depressione a Padova, alterazioni dell&#8217;umore a Padova, problemi emotivi a Padova, difficolt\u00e0 emotive a Padova, ansia a Padova, stress a Padova, gestione dell&#8217;ansia a Padova, gestione dello stress a Padova,<br \/>\npsicoterapia Padova, psicoterapeuta Padova, psicoterapeuti Padova, consulenza psicoterapico Padova, sostengo Padova, sostegno psicoterapico Padova, Disturbi da Ansia e Stress Padova, Disturbi Depressivi Padova, disturbi dell&#8217;umore Padova,<br \/>\nDisturbi Emotivi Padova, Disturbi Psicosomatici Padova, Disturbi di Personalit\u00e0 Padova, disturbi della personalit\u00e0 Padova, Difficolt\u00e0 Relazionali Padova, Tematiche legate alla comunicazione efficace Padova,<br \/>\nTematiche legate all\u2019autostima Padova, problemi di autostima Padova, disturbi di autostima Padova, disturbo dell&#8217;autostima Padova, problemi relazionali Padova, problemi di autostima Padova, problemi depressivi Padova, depressione Padova, alterazioni dell&#8217;umore Padova, problemi emotivi Padova, difficolt\u00e0 emotive Padova, ansia Padova, stress Padova, gestione dell&#8217;ansia Padova, gestione dello stress Padova,<br \/>\npsicoterapia Castelfranco Veneto, psicoterapeuta Castelfranco Veneto, psicoterapeuti Castelfranco Veneto, consulenza psicoterapico Castelfranco Veneto, sostengo Castelfranco Veneto, sostegno psicoterapico Castelfranco Veneto, Disturbi da Ansia e Stress Castelfranco Veneto, Disturbi Depressivi Castelfranco Veneto, disturbi dell&#8217;umore Castelfranco Veneto,<br \/>\nDisturbi Emotivi Castelfranco Veneto, Disturbi Psicosomatici Castelfranco Veneto, Disturbi di Personalit\u00e0 Castelfranco Veneto, disturbi della personalit\u00e0 Castelfranco Veneto, Difficolt\u00e0 Relazionali Castelfranco Veneto, Tematiche legate alla comunicazione efficace Castelfranco Veneto,<br \/>\nTematiche legate all\u2019autostima Castelfranco Veneto, problemi di autostima Castelfranco Veneto, disturbi di autostima Castelfranco Veneto, disturbo dell&#8217;autostima Castelfranco Veneto, problemi relazionali Castelfranco Veneto, problemi di autostima Castelfranco Veneto, problemi depressivi Castelfranco Veneto, depressione Castelfranco Veneto, alterazioni dell&#8217;umore Castelfranco Veneto, problemi emotivi Castelfranco Veneto, difficolt\u00e0 emotive Castelfranco Veneto, ansia Castelfranco Veneto, stress Castelfranco Veneto, gestione dell&#8217;ansia Castelfranco Veneto, gestione dello stress Castelfranco Veneto,<br \/>\npsicoterapia a Castelfranco Veneto, psicoterapeuta a Castelfranco Veneto, psicoterapeuti a Castelfranco Veneto, consulenza psicoterapico a Castelfranco Veneto, sostengo a Castelfranco Veneto, sostegno psicoterapico a Castelfranco Veneto, Disturbi da Ansia e Stress a Castelfranco Veneto, Disturbi Depressivi a Castelfranco Veneto, disturbi dell&#8217;umore a Castelfranco Veneto,<br \/>\nDisturbi Emotivi a Castelfranco Veneto, Disturbi Psicosomatici a Castelfranco Veneto, Disturbi di Personalit\u00e0 a Castelfranco Veneto, disturbi della personalit\u00e0 a Castelfranco Veneto, Difficolt\u00e0 Relazionali a Castelfranco Veneto, Tematiche legate alla comunicazione efficace a Castelfranco Veneto,<br \/>\nTematiche legate all\u2019autostima a Castelfranco Veneto, problemi di autostima a Castelfranco Veneto, disturbi di autostima a Castelfranco Veneto, disturbo dell&#8217;autostima a Castelfranco Veneto, problemi relazionali a Castelfranco Veneto, problemi di autostima a Castelfranco Veneto, problemi depressivi a Castelfranco Veneto, depressione a Castelfranco Veneto, alterazioni dell&#8217;umore a Castelfranco Veneto, problemi emotivi a Castelfranco Veneto, difficolt\u00e0 emotive a Castelfranco Veneto, ansia a Castelfranco Veneto, stress a Castelfranco Veneto, gestione dell&#8217;ansia a Castelfranco Veneto, gestione dello stress a Castelfranco Veneto,<\/p>\n<\/div>\n","protected":false},"featured_media":67858,"comment_status":"open","ping_status":"closed","template":"elementor_header_footer","meta":{"_acf_changed":false,"_et_pb_use_builder":"","_et_pb_old_content":"","_et_gb_content_width":""},"product_brand":[],"product_cat":[569,408],"product_tag":[2001,1345,11539,1346,5830,2600,1810,2868,5606,3800,11544,3085,11541,2637,11545,8778,2993,1031,7998,6909,8773,3201,805,876,832,10797,11540,1433,11543,11542],"class_list":{"0":"post-67840","1":"product","2":"type-product","3":"status-publish","4":"has-post-thumbnail","6":"product_cat-psicoterapeuti","7":"product_cat-salute","8":"product_tag-alterazioni-dellumore","9":"product_tag-ansia","10":"product_tag-consulenza-psicoterapico","11":"product_tag-depressione","12":"product_tag-difficolta-emotive","13":"product_tag-difficolta-relazionali","14":"product_tag-disturbi-da-ansia-e-stress","15":"product_tag-disturbi-dellumore","16":"product_tag-disturbi-della-personalita","17":"product_tag-disturbi-depressivi","18":"product_tag-disturbi-di-autostima","19":"product_tag-disturbi-di-personalita","20":"product_tag-disturbi-emotivi","21":"product_tag-disturbi-psicosomatici","22":"product_tag-disturbo-dellautostima","23":"product_tag-gestione-dellansia","24":"product_tag-gestione-dello-stress","25":"product_tag-padova","26":"product_tag-problemi-depressivi","27":"product_tag-problemi-di-autostima","28":"product_tag-problemi-emotivi","29":"product_tag-problemi-relazionali","30":"product_tag-psicoterapeuta","31":"product_tag-psicoterapeuti","32":"product_tag-psicoterapia","33":"product_tag-sostegno-psicoterapico","34":"product_tag-sostengo","35":"product_tag-stress","36":"product_tag-tematiche-legate-allautostima","37":"product_tag-tematiche-legate-alla-comunicazione-efficace","39":"first","40":"instock","41":"shipping-taxable","42":"product-type-simple"},"acf":[],"yoast_head":"<!-- This site is optimized with the Yoast SEO plugin v26.4 - https:\/\/yoast.com\/wordpress\/plugins\/seo\/ -->\n<title>Dr. Giovanni Leone - Psicoterapeuta - SIM Guardia di Finanza<\/title>\n<meta name=\"robots\" content=\"index, follow, max-snippet:-1, max-image-preview:large, max-video-preview:-1\" \/>\n<link rel=\"canonical\" href=\"https:\/\/convenzioni.cralnetwork.it\/simguardiadifinanza\/prodotto\/dr-giovanni-leone-psicoterapeuta\/\" \/>\n<meta property=\"og:locale\" content=\"it_IT\" \/>\n<meta property=\"og:type\" content=\"article\" \/>\n<meta property=\"og:title\" content=\"Dr. Giovanni Leone - Psicoterapeuta - SIM Guardia di Finanza\" \/>\n<meta property=\"og:description\" content=\"Medico Psicoterapeuta, specializzato in Psicoterapia Analitico Transazionale presso la Scuola Superiore in Psicologia Clinica (SSPC-IFREP) di Roma. \u2028Specializzato in Anestesia e Rianimazione presso l\u2019Universit\u00e0 degli Studi Palermo e in Igiene e Medicina Preventiva presso l\u2019Universit\u00e0 degli Studi di Padova.\u2028Iscritto all\u2019Ordine Ordine Provinciale dei Medici Chirurghi e degli Odontoiatri di Padova al numero 13576. Come Psicoterapeuta mi dedico all&#039;accompagnamento delle persone nel loro percorso di crescita e di ricerca di benessere. \u2028\u2028La mia pratica si fonda sulla convinzione che ogni individuo possieda risorse interiori e un potenziale di trasformazione unici, che possono essere valorizzati attraverso un percorso terapeutico personalizzato.\u2028\u2028Nel 2023 insieme alla specializzazione in Psicoterapia, ho conseguito anche quella in Igiene e Medicina Preventiva, in questo modo ho ampliato la mia visione alla cura della persona attraverso l\u2019integrazione del benessere mentale ad un approccio preventivo alla salute.\u2028\u2028La mia precedente esperienza come specialista in Anestesia, Rianimazione e Terapia del Dolore, iniziata nel 2009, mi ha permesso di assistere pazienti in situazioni critiche in diversi ospedali italiani, ci\u00f2 ha incluso anche esperienze nell&#039;ambito delle cure palliative e nell&#039;assistenza ai migranti a Lampedusa, dove ho avuto modo di lavorare accanto alle donne e agli uomini del Battaglione Mobile dei Carabinieri, delle Compagnie ATP della Guardia di Finanza e del Reparto Mobile della Polizia di Stato impegnati a garantire l&#039;ordine pubblico nel Centro di Primo Soccorso e Accoglienza. Queste esperienze professionali diversificate mi hanno aiutato a sviluppare una visione della cura della persona come processo che va oltre il trattamento dei sintomi e che tende a considerare l&#039;individuo nella sua globalit\u00e0, abbracciando aspetti psicologici, medici, sociali e culturali che influenzano profondamente il benessere e il percorso di guarigione di ciascun paziente.Mi occupo di Supporto psicologico e Psicoterapia in caso di: Disturbi da Ansia e Stress Disturbi Depressivi e dell\u2019Umore Disturbi Emotivi Disturbi Psicosomatici Disturbi di Personalit\u00e0 Difficolt\u00e0 Relazionali Tematiche legate alla comunicazione efficace Tematiche legate all\u2019autostima  Modelli utilizzati: Psicoterapia Analitico Transazionale Psicoterapia della Gestalt Terapia Ricostruttiva Interpersonale (Dr.ssa L. Smith Benjamin) Coherence Therapy (Dr. B. Ecker)  psicoterapia, psicoterapeuta, psicoterapeuti, consulenza psicoterapico, sostengo, sostegno psicoterapico, Disturbi da Ansia e Stress, Disturbi Depressivi, disturbi dell&#039;umore, Disturbi Emotivi, Disturbi Psicosomatici, Disturbi di Personalit\u00e0, disturbi della personalit\u00e0, Difficolt\u00e0 Relazionali, Tematiche legate alla comunicazione efficace, Tematiche legate all\u2019autostima, problemi di autostima, disturbi di autostima, disturbo dell&#039;autostima, problemi relazionali, problemi di autostima, problemi depressivi, depressione, alterazioni dell&#039;umore, problemi emotivi, difficolt\u00e0 emotive, ansia, stress, gestione dell&#039;ansia, gestione dello stress, psicoterapia a Padova, psicoterapeuta a Padova, psicoterapeuti a Padova, consulenza psicoterapico a Padova, sostengo a Padova, sostegno psicoterapico a Padova, Disturbi da Ansia e Stress a Padova, Disturbi Depressivi a Padova, disturbi dell&#039;umore a Padova, Disturbi Emotivi a Padova, Disturbi Psicosomatici a Padova, Disturbi di Personalit\u00e0 a Padova, disturbi della personalit\u00e0 a Padova, Difficolt\u00e0 Relazionali a Padova, Tematiche legate alla comunicazione efficace a Padova, Tematiche legate all\u2019autostima a Padova, problemi di autostima a Padova, disturbi di autostima a Padova, disturbo dell&#039;autostima a Padova, problemi relazionali a Padova, problemi di autostima a Padova, problemi depressivi a Padova, depressione a Padova, alterazioni dell&#039;umore a Padova, problemi emotivi a Padova, difficolt\u00e0 emotive a Padova, ansia a Padova, stress a Padova, gestione dell&#039;ansia a Padova, gestione dello stress a Padova, psicoterapia Padova, psicoterapeuta Padova, psicoterapeuti Padova, consulenza psicoterapico Padova, sostengo Padova, sostegno psicoterapico Padova, Disturbi da Ansia e Stress Padova, Disturbi Depressivi Padova, disturbi dell&#039;umore Padova, Disturbi Emotivi Padova, Disturbi Psicosomatici Padova, Disturbi di Personalit\u00e0 Padova, disturbi della personalit\u00e0 Padova, Difficolt\u00e0 Relazionali Padova, Tematiche legate alla comunicazione efficace Padova, Tematiche legate all\u2019autostima Padova, problemi di autostima Padova, disturbi di autostima Padova, disturbo dell&#039;autostima Padova, problemi relazionali Padova, problemi di autostima Padova, problemi depressivi Padova, depressione Padova, alterazioni dell&#039;umore Padova, problemi emotivi Padova, difficolt\u00e0 emotive Padova, ansia Padova, stress Padova, gestione dell&#039;ansia Padova, gestione dello stress Padova, psicoterapia Castelfranco Veneto, psicoterapeuta Castelfranco Veneto, psicoterapeuti Castelfranco Veneto, consulenza psicoterapico Castelfranco Veneto, sostengo Castelfranco Veneto, sostegno psicoterapico Castelfranco Veneto, Disturbi da Ansia e Stress Castelfranco Veneto, Disturbi Depressivi Castelfranco Veneto, disturbi dell&#039;umore Castelfranco Veneto, Disturbi Emotivi Castelfranco Veneto, Disturbi Psicosomatici Castelfranco Veneto, Disturbi di Personalit\u00e0 Castelfranco Veneto, disturbi della personalit\u00e0 Castelfranco Veneto, Difficolt\u00e0 Relazionali Castelfranco Veneto, Tematiche legate alla comunicazione efficace Castelfranco Veneto, Tematiche legate all\u2019autostima Castelfranco Veneto, problemi di autostima Castelfranco Veneto, disturbi di autostima Castelfranco Veneto, disturbo dell&#039;autostima Castelfranco Veneto, problemi relazionali Castelfranco Veneto, problemi di autostima Castelfranco Veneto, problemi depressivi Castelfranco Veneto, depressione Castelfranco Veneto, alterazioni dell&#039;umore Castelfranco Veneto, problemi emotivi Castelfranco Veneto, difficolt\u00e0 emotive Castelfranco Veneto, ansia Castelfranco Veneto, stress Castelfranco Veneto, gestione dell&#039;ansia Castelfranco Veneto, gestione dello stress Castelfranco Veneto, psicoterapia a Castelfranco Veneto, psicoterapeuta a Castelfranco Veneto, psicoterapeuti a Castelfranco Veneto, consulenza psicoterapico a Castelfranco Veneto, sostengo a Castelfranco Veneto, sostegno psicoterapico a Castelfranco Veneto, Disturbi da Ansia e Stress a Castelfranco Veneto, Disturbi Depressivi a Castelfranco Veneto, disturbi dell&#039;umore a Castelfranco Veneto, Disturbi Emotivi a Castelfranco Veneto, Disturbi Psicosomatici a Castelfranco Veneto, Disturbi di Personalit\u00e0 a Castelfranco Veneto, disturbi della personalit\u00e0 a Castelfranco Veneto, Difficolt\u00e0 Relazionali a Castelfranco Veneto, Tematiche legate alla comunicazione efficace a Castelfranco Veneto, Tematiche legate all\u2019autostima a Castelfranco Veneto, problemi di autostima a Castelfranco Veneto, disturbi di autostima a Castelfranco Veneto, disturbo dell&#039;autostima a Castelfranco Veneto, problemi relazionali a Castelfranco Veneto, problemi di autostima a Castelfranco Veneto, problemi depressivi a Castelfranco Veneto, depressione a Castelfranco Veneto, alterazioni dell&#039;umore a Castelfranco Veneto, problemi emotivi a Castelfranco Veneto, difficolt\u00e0 emotive a Castelfranco Veneto, ansia a Castelfranco Veneto, stress a Castelfranco Veneto, gestione dell&#039;ansia a Castelfranco Veneto, gestione dello stress a Castelfranco Veneto,\" \/>\n<meta property=\"og:url\" content=\"https:\/\/convenzioni.cralnetwork.it\/simguardiadifinanza\/prodotto\/dr-giovanni-leone-psicoterapeuta\/\" \/>\n<meta property=\"og:site_name\" content=\"SIM Guardia di Finanza\" \/>\n<meta property=\"article:modified_time\" content=\"2025-02-10T08:57:38+00:00\" \/>\n<meta property=\"og:image\" content=\"https:\/\/convenzioni.cralnetwork.it\/simguardiadifinanza\/wp-content\/uploads\/sites\/7\/2025\/02\/Logo-siti-dr-giovanni-leone.png\" \/>\n\t<meta property=\"og:image:width\" content=\"300\" \/>\n\t<meta property=\"og:image:height\" content=\"300\" \/>\n\t<meta property=\"og:image:type\" content=\"image\/png\" \/>\n<meta name=\"twitter:card\" content=\"summary_large_image\" \/>\n<meta name=\"twitter:label1\" content=\"Tempo di lettura stimato\" \/>\n\t<meta name=\"twitter:data1\" content=\"4 minuti\" \/>\n<script type=\"application\/ld+json\" class=\"yoast-schema-graph\">{\"@context\":\"https:\/\/schema.org\",\"@graph\":[{\"@type\":\"WebPage\",\"@id\":\"https:\/\/convenzioni.cralnetwork.it\/simguardiadifinanza\/prodotto\/dr-giovanni-leone-psicoterapeuta\/\",\"url\":\"https:\/\/convenzioni.cralnetwork.it\/simguardiadifinanza\/prodotto\/dr-giovanni-leone-psicoterapeuta\/\",\"name\":\"Dr. Giovanni Leone - Psicoterapeuta - SIM Guardia di Finanza\",\"isPartOf\":{\"@id\":\"https:\/\/convenzioni.cralnetwork.it\/simguardiadifinanza\/#website\"},\"primaryImageOfPage\":{\"@id\":\"https:\/\/convenzioni.cralnetwork.it\/simguardiadifinanza\/prodotto\/dr-giovanni-leone-psicoterapeuta\/#primaryimage\"},\"image\":{\"@id\":\"https:\/\/convenzioni.cralnetwork.it\/simguardiadifinanza\/prodotto\/dr-giovanni-leone-psicoterapeuta\/#primaryimage\"},\"thumbnailUrl\":\"https:\/\/convenzioni.cralnetwork.it\/simguardiadifinanza\/wp-content\/uploads\/sites\/7\/2025\/02\/Logo-siti-dr-giovanni-leone.png\",\"datePublished\":\"2025-02-05T22:12:56+00:00\",\"dateModified\":\"2025-02-10T08:57:38+00:00\",\"breadcrumb\":{\"@id\":\"https:\/\/convenzioni.cralnetwork.it\/simguardiadifinanza\/prodotto\/dr-giovanni-leone-psicoterapeuta\/#breadcrumb\"},\"inLanguage\":\"it-IT\",\"potentialAction\":[{\"@type\":\"ReadAction\",\"target\":[\"https:\/\/convenzioni.cralnetwork.it\/simguardiadifinanza\/prodotto\/dr-giovanni-leone-psicoterapeuta\/\"]}]},{\"@type\":\"ImageObject\",\"inLanguage\":\"it-IT\",\"@id\":\"https:\/\/convenzioni.cralnetwork.it\/simguardiadifinanza\/prodotto\/dr-giovanni-leone-psicoterapeuta\/#primaryimage\",\"url\":\"https:\/\/convenzioni.cralnetwork.it\/simguardiadifinanza\/wp-content\/uploads\/sites\/7\/2025\/02\/Logo-siti-dr-giovanni-leone.png\",\"contentUrl\":\"https:\/\/convenzioni.cralnetwork.it\/simguardiadifinanza\/wp-content\/uploads\/sites\/7\/2025\/02\/Logo-siti-dr-giovanni-leone.png\",\"width\":300,\"height\":300},{\"@type\":\"BreadcrumbList\",\"@id\":\"https:\/\/convenzioni.cralnetwork.it\/simguardiadifinanza\/prodotto\/dr-giovanni-leone-psicoterapeuta\/#breadcrumb\",\"itemListElement\":[{\"@type\":\"ListItem\",\"position\":1,\"name\":\"Home\",\"item\":\"https:\/\/convenzioni.cralnetwork.it\/simguardiadifinanza\/\"},{\"@type\":\"ListItem\",\"position\":2,\"name\":\"Shop\",\"item\":\"https:\/\/convenzioni.cralnetwork.it\/simguardiadifinanza\/negozio\/\"},{\"@type\":\"ListItem\",\"position\":3,\"name\":\"Dr. Giovanni Leone &#8211; Psicoterapeuta\"}]},{\"@type\":\"WebSite\",\"@id\":\"https:\/\/convenzioni.cralnetwork.it\/simguardiadifinanza\/#website\",\"url\":\"https:\/\/convenzioni.cralnetwork.it\/simguardiadifinanza\/\",\"name\":\"SIM Guardia di Finanza\",\"description\":\"Area Convenzioni\",\"potentialAction\":[{\"@type\":\"SearchAction\",\"target\":{\"@type\":\"EntryPoint\",\"urlTemplate\":\"https:\/\/convenzioni.cralnetwork.it\/simguardiadifinanza\/?s={search_term_string}\"},\"query-input\":{\"@type\":\"PropertyValueSpecification\",\"valueRequired\":true,\"valueName\":\"search_term_string\"}}],\"inLanguage\":\"it-IT\"}]}<\/script>\n<!-- \/ Yoast SEO plugin. -->","yoast_head_json":{"title":"Dr. Giovanni Leone - Psicoterapeuta - SIM Guardia di Finanza","robots":{"index":"index","follow":"follow","max-snippet":"max-snippet:-1","max-image-preview":"max-image-preview:large","max-video-preview":"max-video-preview:-1"},"canonical":"https:\/\/convenzioni.cralnetwork.it\/simguardiadifinanza\/prodotto\/dr-giovanni-leone-psicoterapeuta\/","og_locale":"it_IT","og_type":"article","og_title":"Dr. Giovanni Leone - Psicoterapeuta - SIM Guardia di Finanza","og_description":"Medico Psicoterapeuta, specializzato in Psicoterapia Analitico Transazionale presso la Scuola Superiore in Psicologia Clinica (SSPC-IFREP) di Roma. \u2028Specializzato in Anestesia e Rianimazione presso l\u2019Universit\u00e0 degli Studi Palermo e in Igiene e Medicina Preventiva presso l\u2019Universit\u00e0 degli Studi di Padova.\u2028Iscritto all\u2019Ordine Ordine Provinciale dei Medici Chirurghi e degli Odontoiatri di Padova al numero 13576. Come Psicoterapeuta mi dedico all'accompagnamento delle persone nel loro percorso di crescita e di ricerca di benessere. \u2028\u2028La mia pratica si fonda sulla convinzione che ogni individuo possieda risorse interiori e un potenziale di trasformazione unici, che possono essere valorizzati attraverso un percorso terapeutico personalizzato.\u2028\u2028Nel 2023 insieme alla specializzazione in Psicoterapia, ho conseguito anche quella in Igiene e Medicina Preventiva, in questo modo ho ampliato la mia visione alla cura della persona attraverso l\u2019integrazione del benessere mentale ad un approccio preventivo alla salute.\u2028\u2028La mia precedente esperienza come specialista in Anestesia, Rianimazione e Terapia del Dolore, iniziata nel 2009, mi ha permesso di assistere pazienti in situazioni critiche in diversi ospedali italiani, ci\u00f2 ha incluso anche esperienze nell'ambito delle cure palliative e nell'assistenza ai migranti a Lampedusa, dove ho avuto modo di lavorare accanto alle donne e agli uomini del Battaglione Mobile dei Carabinieri, delle Compagnie ATP della Guardia di Finanza e del Reparto Mobile della Polizia di Stato impegnati a garantire l'ordine pubblico nel Centro di Primo Soccorso e Accoglienza. Queste esperienze professionali diversificate mi hanno aiutato a sviluppare una visione della cura della persona come processo che va oltre il trattamento dei sintomi e che tende a considerare l'individuo nella sua globalit\u00e0, abbracciando aspetti psicologici, medici, sociali e culturali che influenzano profondamente il benessere e il percorso di guarigione di ciascun paziente.Mi occupo di Supporto psicologico e Psicoterapia in caso di: Disturbi da Ansia e Stress Disturbi Depressivi e dell\u2019Umore Disturbi Emotivi Disturbi Psicosomatici Disturbi di Personalit\u00e0 Difficolt\u00e0 Relazionali Tematiche legate alla comunicazione efficace Tematiche legate all\u2019autostima  Modelli utilizzati: Psicoterapia Analitico Transazionale Psicoterapia della Gestalt Terapia Ricostruttiva Interpersonale (Dr.ssa L. Smith Benjamin) Coherence Therapy (Dr. B. Ecker)  psicoterapia, psicoterapeuta, psicoterapeuti, consulenza psicoterapico, sostengo, sostegno psicoterapico, Disturbi da Ansia e Stress, Disturbi Depressivi, disturbi dell'umore, Disturbi Emotivi, Disturbi Psicosomatici, Disturbi di Personalit\u00e0, disturbi della personalit\u00e0, Difficolt\u00e0 Relazionali, Tematiche legate alla comunicazione efficace, Tematiche legate all\u2019autostima, problemi di autostima, disturbi di autostima, disturbo dell'autostima, problemi relazionali, problemi di autostima, problemi depressivi, depressione, alterazioni dell'umore, problemi emotivi, difficolt\u00e0 emotive, ansia, stress, gestione dell'ansia, gestione dello stress, psicoterapia a Padova, psicoterapeuta a Padova, psicoterapeuti a Padova, consulenza psicoterapico a Padova, sostengo a Padova, sostegno psicoterapico a Padova, Disturbi da Ansia e Stress a Padova, Disturbi Depressivi a Padova, disturbi dell'umore a Padova, Disturbi Emotivi a Padova, Disturbi Psicosomatici a Padova, Disturbi di Personalit\u00e0 a Padova, disturbi della personalit\u00e0 a Padova, Difficolt\u00e0 Relazionali a Padova, Tematiche legate alla comunicazione efficace a Padova, Tematiche legate all\u2019autostima a Padova, problemi di autostima a Padova, disturbi di autostima a Padova, disturbo dell'autostima a Padova, problemi relazionali a Padova, problemi di autostima a Padova, problemi depressivi a Padova, depressione a Padova, alterazioni dell'umore a Padova, problemi emotivi a Padova, difficolt\u00e0 emotive a Padova, ansia a Padova, stress a Padova, gestione dell'ansia a Padova, gestione dello stress a Padova, psicoterapia Padova, psicoterapeuta Padova, psicoterapeuti Padova, consulenza psicoterapico Padova, sostengo Padova, sostegno psicoterapico Padova, Disturbi da Ansia e Stress Padova, Disturbi Depressivi Padova, disturbi dell'umore Padova, Disturbi Emotivi Padova, Disturbi Psicosomatici Padova, Disturbi di Personalit\u00e0 Padova, disturbi della personalit\u00e0 Padova, Difficolt\u00e0 Relazionali Padova, Tematiche legate alla comunicazione efficace Padova, Tematiche legate all\u2019autostima Padova, problemi di autostima Padova, disturbi di autostima Padova, disturbo dell'autostima Padova, problemi relazionali Padova, problemi di autostima Padova, problemi depressivi Padova, depressione Padova, alterazioni dell'umore Padova, problemi emotivi Padova, difficolt\u00e0 emotive Padova, ansia Padova, stress Padova, gestione dell'ansia Padova, gestione dello stress Padova, psicoterapia Castelfranco Veneto, psicoterapeuta Castelfranco Veneto, psicoterapeuti Castelfranco Veneto, consulenza psicoterapico Castelfranco Veneto, sostengo Castelfranco Veneto, sostegno psicoterapico Castelfranco Veneto, Disturbi da Ansia e Stress Castelfranco Veneto, Disturbi Depressivi Castelfranco Veneto, disturbi dell'umore Castelfranco Veneto, Disturbi Emotivi Castelfranco Veneto, Disturbi Psicosomatici Castelfranco Veneto, Disturbi di Personalit\u00e0 Castelfranco Veneto, disturbi della personalit\u00e0 Castelfranco Veneto, Difficolt\u00e0 Relazionali Castelfranco Veneto, Tematiche legate alla comunicazione efficace Castelfranco Veneto, Tematiche legate all\u2019autostima Castelfranco Veneto, problemi di autostima Castelfranco Veneto, disturbi di autostima Castelfranco Veneto, disturbo dell'autostima Castelfranco Veneto, problemi relazionali Castelfranco Veneto, problemi di autostima Castelfranco Veneto, problemi depressivi Castelfranco Veneto, depressione Castelfranco Veneto, alterazioni dell'umore Castelfranco Veneto, problemi emotivi Castelfranco Veneto, difficolt\u00e0 emotive Castelfranco Veneto, ansia Castelfranco Veneto, stress Castelfranco Veneto, gestione dell'ansia Castelfranco Veneto, gestione dello stress Castelfranco Veneto, psicoterapia a Castelfranco Veneto, psicoterapeuta a Castelfranco Veneto, psicoterapeuti a Castelfranco Veneto, consulenza psicoterapico a Castelfranco Veneto, sostengo a Castelfranco Veneto, sostegno psicoterapico a Castelfranco Veneto, Disturbi da Ansia e Stress a Castelfranco Veneto, Disturbi Depressivi a Castelfranco Veneto, disturbi dell'umore a Castelfranco Veneto, Disturbi Emotivi a Castelfranco Veneto, Disturbi Psicosomatici a Castelfranco Veneto, Disturbi di Personalit\u00e0 a Castelfranco Veneto, disturbi della personalit\u00e0 a Castelfranco Veneto, Difficolt\u00e0 Relazionali a Castelfranco Veneto, Tematiche legate alla comunicazione efficace a Castelfranco Veneto, Tematiche legate all\u2019autostima a Castelfranco Veneto, problemi di autostima a Castelfranco Veneto, disturbi di autostima a Castelfranco Veneto, disturbo dell'autostima a Castelfranco Veneto, problemi relazionali a Castelfranco Veneto, problemi di autostima a Castelfranco Veneto, problemi depressivi a Castelfranco Veneto, depressione a Castelfranco Veneto, alterazioni dell'umore a Castelfranco Veneto, problemi emotivi a Castelfranco Veneto, difficolt\u00e0 emotive a Castelfranco Veneto, ansia a Castelfranco Veneto, stress a Castelfranco Veneto, gestione dell'ansia a Castelfranco Veneto, gestione dello stress a Castelfranco Veneto,","og_url":"https:\/\/convenzioni.cralnetwork.it\/simguardiadifinanza\/prodotto\/dr-giovanni-leone-psicoterapeuta\/","og_site_name":"SIM Guardia di Finanza","article_modified_time":"2025-02-10T08:57:38+00:00","og_image":[{"width":300,"height":300,"url":"https:\/\/convenzioni.cralnetwork.it\/simguardiadifinanza\/wp-content\/uploads\/sites\/7\/2025\/02\/Logo-siti-dr-giovanni-leone.png","type":"image\/png"}],"twitter_card":"summary_large_image","twitter_misc":{"Tempo di lettura stimato":"4 minuti"},"schema":{"@context":"https:\/\/schema.org","@graph":[{"@type":"WebPage","@id":"https:\/\/convenzioni.cralnetwork.it\/simguardiadifinanza\/prodotto\/dr-giovanni-leone-psicoterapeuta\/","url":"https:\/\/convenzioni.cralnetwork.it\/simguardiadifinanza\/prodotto\/dr-giovanni-leone-psicoterapeuta\/","name":"Dr. Giovanni Leone - Psicoterapeuta - SIM Guardia di Finanza","isPartOf":{"@id":"https:\/\/convenzioni.cralnetwork.it\/simguardiadifinanza\/#website"},"primaryImageOfPage":{"@id":"https:\/\/convenzioni.cralnetwork.it\/simguardiadifinanza\/prodotto\/dr-giovanni-leone-psicoterapeuta\/#primaryimage"},"image":{"@id":"https:\/\/convenzioni.cralnetwork.it\/simguardiadifinanza\/prodotto\/dr-giovanni-leone-psicoterapeuta\/#primaryimage"},"thumbnailUrl":"https:\/\/convenzioni.cralnetwork.it\/simguardiadifinanza\/wp-content\/uploads\/sites\/7\/2025\/02\/Logo-siti-dr-giovanni-leone.png","datePublished":"2025-02-05T22:12:56+00:00","dateModified":"2025-02-10T08:57:38+00:00","breadcrumb":{"@id":"https:\/\/convenzioni.cralnetwork.it\/simguardiadifinanza\/prodotto\/dr-giovanni-leone-psicoterapeuta\/#breadcrumb"},"inLanguage":"it-IT","potentialAction":[{"@type":"ReadAction","target":["https:\/\/convenzioni.cralnetwork.it\/simguardiadifinanza\/prodotto\/dr-giovanni-leone-psicoterapeuta\/"]}]},{"@type":"ImageObject","inLanguage":"it-IT","@id":"https:\/\/convenzioni.cralnetwork.it\/simguardiadifinanza\/prodotto\/dr-giovanni-leone-psicoterapeuta\/#primaryimage","url":"https:\/\/convenzioni.cralnetwork.it\/simguardiadifinanza\/wp-content\/uploads\/sites\/7\/2025\/02\/Logo-siti-dr-giovanni-leone.png","contentUrl":"https:\/\/convenzioni.cralnetwork.it\/simguardiadifinanza\/wp-content\/uploads\/sites\/7\/2025\/02\/Logo-siti-dr-giovanni-leone.png","width":300,"height":300},{"@type":"BreadcrumbList","@id":"https:\/\/convenzioni.cralnetwork.it\/simguardiadifinanza\/prodotto\/dr-giovanni-leone-psicoterapeuta\/#breadcrumb","itemListElement":[{"@type":"ListItem","position":1,"name":"Home","item":"https:\/\/convenzioni.cralnetwork.it\/simguardiadifinanza\/"},{"@type":"ListItem","position":2,"name":"Shop","item":"https:\/\/convenzioni.cralnetwork.it\/simguardiadifinanza\/negozio\/"},{"@type":"ListItem","position":3,"name":"Dr. Giovanni Leone &#8211; Psicoterapeuta"}]},{"@type":"WebSite","@id":"https:\/\/convenzioni.cralnetwork.it\/simguardiadifinanza\/#website","url":"https:\/\/convenzioni.cralnetwork.it\/simguardiadifinanza\/","name":"SIM Guardia di Finanza","description":"Area Convenzioni","potentialAction":[{"@type":"SearchAction","target":{"@type":"EntryPoint","urlTemplate":"https:\/\/convenzioni.cralnetwork.it\/simguardiadifinanza\/?s={search_term_string}"},"query-input":{"@type":"PropertyValueSpecification","valueRequired":true,"valueName":"search_term_string"}}],"inLanguage":"it-IT"}]}},"publishpress_future_workflow_manual_trigger":{"enabledWorkflows":[]},"_links":{"self":[{"href":"https:\/\/convenzioni.cralnetwork.it\/simguardiadifinanza\/wp-json\/wp\/v2\/product\/67840","targetHints":{"allow":["GET"]}}],"collection":[{"href":"https:\/\/convenzioni.cralnetwork.it\/simguardiadifinanza\/wp-json\/wp\/v2\/product"}],"about":[{"href":"https:\/\/convenzioni.cralnetwork.it\/simguardiadifinanza\/wp-json\/wp\/v2\/types\/product"}],"replies":[{"embeddable":true,"href":"https:\/\/convenzioni.cralnetwork.it\/simguardiadifinanza\/wp-json\/wp\/v2\/comments?post=67840"}],"version-history":[{"count":21,"href":"https:\/\/convenzioni.cralnetwork.it\/simguardiadifinanza\/wp-json\/wp\/v2\/product\/67840\/revisions"}],"predecessor-version":[{"id":67937,"href":"https:\/\/convenzioni.cralnetwork.it\/simguardiadifinanza\/wp-json\/wp\/v2\/product\/67840\/revisions\/67937"}],"wp:featuredmedia":[{"embeddable":true,"href":"https:\/\/convenzioni.cralnetwork.it\/simguardiadifinanza\/wp-json\/wp\/v2\/media\/67858"}],"wp:attachment":[{"href":"https:\/\/convenzioni.cralnetwork.it\/simguardiadifinanza\/wp-json\/wp\/v2\/media?parent=67840"}],"wp:term":[{"taxonomy":"product_brand","embeddable":true,"href":"https:\/\/convenzioni.cralnetwork.it\/simguardiadifinanza\/wp-json\/wp\/v2\/product_brand?post=67840"},{"taxonomy":"product_cat","embeddable":true,"href":"https:\/\/convenzioni.cralnetwork.it\/simguardiadifinanza\/wp-json\/wp\/v2\/product_cat?post=67840"},{"taxonomy":"product_tag","embeddable":true,"href":"https:\/\/convenzioni.cralnetwork.it\/simguardiadifinanza\/wp-json\/wp\/v2\/product_tag?post=67840"}],"curies":[{"name":"wp","href":"https:\/\/api.w.org\/{rel}","templated":true}]}}