{"id":54114,"date":"2024-06-26T16:42:49","date_gmt":"2024-06-26T14:42:49","guid":{"rendered":"https:\/\/convenzioni.cralnetwork.it\/simguardiadifinanza\/?post_type=product&#038;p=54114"},"modified":"2024-09-12T09:49:10","modified_gmt":"2024-09-12T07:49:10","slug":"dott-ssa-stefania-benozzo-psicologa-e-psicoterapeuta","status":"publish","type":"product","link":"https:\/\/convenzioni.cralnetwork.it\/simguardiadifinanza\/prodotto\/dott-ssa-stefania-benozzo-psicologa-e-psicoterapeuta\/","title":{"rendered":"Dott.ssa Stefania Benozzo &#8211; Psicologa e Psicoterapeuta"},"content":{"rendered":"\t\t<div data-elementor-type=\"wp-post\" data-elementor-id=\"54114\" class=\"elementor elementor-54114\">\n\t\t\t\t<div class=\"elementor-element elementor-element-3e44080 e-flex e-con-boxed e-con e-parent\" data-id=\"3e44080\" data-element_type=\"container\" data-settings=\"{&quot;background_background&quot;:&quot;classic&quot;}\">\n\t\t\t\t\t<div class=\"e-con-inner\">\n\t\t\t\t<div class=\"elementor-element elementor-element-4deed9be elementor-widget elementor-widget-text-editor\" data-id=\"4deed9be\" data-element_type=\"widget\" data-widget_type=\"text-editor.default\">\n\t\t\t\t<div class=\"elementor-widget-container\">\n\t\t\t\t\t\t\t\t\t<p>Dott.ssa Stefania Benozzo<\/p>\t\t\t\t\t\t\t\t<\/div>\n\t\t\t\t<\/div>\n\t\t\t\t<div class=\"elementor-element elementor-element-38bba56b elementor-widget elementor-widget-text-editor\" data-id=\"38bba56b\" data-element_type=\"widget\" data-widget_type=\"text-editor.default\">\n\t\t\t\t<div class=\"elementor-widget-container\">\n\t\t\t\t\t\t\t\t\t<p>Psicologa e Psicoterapeuta<\/p>\t\t\t\t\t\t\t\t<\/div>\n\t\t\t\t<\/div>\n\t\t\t\t\t<\/div>\n\t\t\t\t<\/div>\n\t\t<div class=\"elementor-element elementor-element-22627ac elementor-hidden-desktop e-flex e-con-boxed e-con e-parent\" data-id=\"22627ac\" data-element_type=\"container\">\n\t\t\t\t\t<div class=\"e-con-inner\">\n\t\t<div class=\"elementor-element elementor-element-4d3661bc e-con-full e-flex e-con e-child\" data-id=\"4d3661bc\" data-element_type=\"container\">\n\t\t\t\t<div class=\"elementor-element elementor-element-5ea65f39 elementor-widget elementor-widget-text-editor\" data-id=\"5ea65f39\" data-element_type=\"widget\" data-widget_type=\"text-editor.default\">\n\t\t\t\t<div class=\"elementor-widget-container\">\n\t\t\t\t\t\t\t\t\t<p>Sono <strong>Stefania Benozzo<\/strong>,<br \/>psicologa e psicoterapeuta rogersiana individuale e di gruppo<\/p>\t\t\t\t\t\t\t\t<\/div>\n\t\t\t\t<\/div>\n\t\t\t\t<div class=\"elementor-element elementor-element-30a471e elementor-widget elementor-widget-image\" data-id=\"30a471e\" data-element_type=\"widget\" data-widget_type=\"image.default\">\n\t\t\t\t<div class=\"elementor-widget-container\">\n\t\t\t\t\t\t\t\t\t\t\t\t\t\t\t<img fetchpriority=\"high\" fetchpriority=\"high\" decoding=\"async\" width=\"1536\" height=\"2048\" src=\"https:\/\/convenzioni.cralnetwork.it\/simguardiadifinanza\/wp-content\/uploads\/sites\/7\/2024\/09\/IMG-20231220-WA0008.jpg\" class=\"attachment-full size-full wp-image-59219\" alt=\"\" srcset=\"https:\/\/convenzioni.cralnetwork.it\/simguardiadifinanza\/wp-content\/uploads\/sites\/7\/2024\/09\/IMG-20231220-WA0008.jpg 1536w, https:\/\/convenzioni.cralnetwork.it\/simguardiadifinanza\/wp-content\/uploads\/sites\/7\/2024\/09\/IMG-20231220-WA0008-1280x1707.jpg 1280w, https:\/\/convenzioni.cralnetwork.it\/simguardiadifinanza\/wp-content\/uploads\/sites\/7\/2024\/09\/IMG-20231220-WA0008-980x1307.jpg 980w, https:\/\/convenzioni.cralnetwork.it\/simguardiadifinanza\/wp-content\/uploads\/sites\/7\/2024\/09\/IMG-20231220-WA0008-480x640.jpg 480w\" sizes=\"(min-width: 0px) and (max-width: 480px) 480px, (min-width: 481px) and (max-width: 980px) 980px, (min-width: 981px) and (max-width: 1280px) 1280px, (min-width: 1281px) 1536px, 100vw\" \/>\t\t\t\t\t\t\t\t\t\t\t\t\t\t\t<\/div>\n\t\t\t\t<\/div>\n\t\t\t\t<div class=\"elementor-element elementor-element-70909540 elementor-widget elementor-widget-text-editor\" data-id=\"70909540\" data-element_type=\"widget\" data-widget_type=\"text-editor.default\">\n\t\t\t\t<div class=\"elementor-widget-container\">\n\t\t\t\t\t\t\t\t\t<p>Specializzazione in psicoterapia<\/p>\t\t\t\t\t\t\t\t<\/div>\n\t\t\t\t<\/div>\n\t\t\t\t<div class=\"elementor-element elementor-element-7ad40b23 elementor-widget elementor-widget-text-editor\" data-id=\"7ad40b23\" data-element_type=\"widget\" data-widget_type=\"text-editor.default\">\n\t\t\t\t<div class=\"elementor-widget-container\">\n\t\t\t\t\t\t\t\t\t<p>Il mio approccio di base \u00e8 fenomenologico-umanistico, la teoria che sta alla base \u00e8 quella di Carl Rogers: teoria centrata sulla persona\/cliente. <br \/>La psicologia umanistica \u00e8 caratterizzata dalla centralit\u00e0 all\u2019uomo come persona unica ed irripetibile in grado di autoregolarsi e propenso alla realizzazione e alla crescita personale; la tendenza attualizzante. <br \/>La relazione di cura, caratterizzata da accettazione, positiva incondizionata ed empatia ha lo scopo di aiutare la persona a rimuovere gli ostacoli che si interpongono tra lei e la piena realizzazione di s\u00e9.<\/p>\t\t\t\t\t\t\t\t<\/div>\n\t\t\t\t<\/div>\n\t\t\t\t<div class=\"elementor-element elementor-element-737cfbf0 elementor-widget-divider--view-line elementor-widget elementor-widget-divider\" data-id=\"737cfbf0\" data-element_type=\"widget\" data-widget_type=\"divider.default\">\n\t\t\t\t<div class=\"elementor-widget-container\">\n\t\t\t\t\t\t\t<div class=\"elementor-divider\">\n\t\t\t<span class=\"elementor-divider-separator\">\n\t\t\t\t\t\t<\/span>\n\t\t<\/div>\n\t\t\t\t\t\t<\/div>\n\t\t\t\t<\/div>\n\t\t\t\t<div class=\"elementor-element elementor-element-b543c38 elementor-widget elementor-widget-text-editor\" data-id=\"b543c38\" data-element_type=\"widget\" data-widget_type=\"text-editor.default\">\n\t\t\t\t<div class=\"elementor-widget-container\">\n\t\t\t\t\t\t\t\t\t<p>Attivit\u00e0 Professionale<\/p>\t\t\t\t\t\t\t\t<\/div>\n\t\t\t\t<\/div>\n\t\t\t\t<div class=\"elementor-element elementor-element-2648773c elementor-widget elementor-widget-text-editor\" data-id=\"2648773c\" data-element_type=\"widget\" data-widget_type=\"text-editor.default\">\n\t\t\t\t<div class=\"elementor-widget-container\">\n\t\t\t\t\t\t\t\t\t<p>Svolgo la mia professione presso la <span style=\"text-decoration: underline;\"><span style=\"color: #e26d8b;\"><strong><a style=\"color: #e26d8b; text-decoration: underline;\" href=\"https:\/\/www.parcotigli.it\/\">Casa di Cura Psichiatrica Parco dei Tigli<\/a><\/strong><\/span><\/span> Teolo Padova, ho svolto per 20 anni consulenza psiconcologica presso L\u2019associazione Fiori di Cactus, donne operate al seno Camposampiero (PD) e lavoro in libera professione.<\/p><p>Sono iscritta dell\u2019Ordine degli Psicologi e Psicoterapeuti della Regione Veneto n. 4029.<\/p><p>Mi sono formata EMDR\u00a0 livello I\u00b0. L\u2019EMDR \u00e8 una tecnica che attraverso i movimenti oculari da stimolazione bilaterale e alternata permette in periodi relativamente brevi la rielaborazione di eventi traumatici che creano Ansia e disagi con conseguenze dirette nella vita relazionale e lavorative.<\/p>\t\t\t\t\t\t\t\t<\/div>\n\t\t\t\t<\/div>\n\t\t\t\t<div class=\"elementor-element elementor-element-3124ad5b elementor-widget elementor-widget-image\" data-id=\"3124ad5b\" data-element_type=\"widget\" data-widget_type=\"image.default\">\n\t\t\t\t<div class=\"elementor-widget-container\">\n\t\t\t\t\t\t\t\t\t\t\t\t\t\t\t<img decoding=\"async\" width=\"736\" height=\"736\" src=\"https:\/\/convenzioni.cralnetwork.it\/simguardiadifinanza\/wp-content\/uploads\/sites\/7\/2024\/08\/image-000.jpg\" class=\"attachment-full size-full wp-image-57844\" alt=\"\" srcset=\"https:\/\/convenzioni.cralnetwork.it\/simguardiadifinanza\/wp-content\/uploads\/sites\/7\/2024\/08\/image-000.jpg 736w, https:\/\/convenzioni.cralnetwork.it\/simguardiadifinanza\/wp-content\/uploads\/sites\/7\/2024\/08\/image-000-480x480.jpg 480w\" sizes=\"(min-width: 0px) and (max-width: 480px) 480px, (min-width: 481px) 736px, 100vw\" \/>\t\t\t\t\t\t\t\t\t\t\t\t\t\t\t<\/div>\n\t\t\t\t<\/div>\n\t\t\t\t<div class=\"elementor-element elementor-element-24a5b47c elementor-widget elementor-widget-text-editor\" data-id=\"24a5b47c\" data-element_type=\"widget\" data-widget_type=\"text-editor.default\">\n\t\t\t\t<div class=\"elementor-widget-container\">\n\t\t\t\t\t\t\t\t\t<p>Motivi che spingono a contattare uno psicologo<\/p>\t\t\t\t\t\t\t\t<\/div>\n\t\t\t\t<\/div>\n\t\t\t\t<div class=\"elementor-element elementor-element-5ce2cb50 elementor-widget elementor-widget-text-editor\" data-id=\"5ce2cb50\" data-element_type=\"widget\" data-widget_type=\"text-editor.default\">\n\t\t\t\t<div class=\"elementor-widget-container\">\n\t\t\t\t\t\t\t\t\t<p>\u2022 Riconosco un disagio e dei sintomi che limitano la mia quotidianit\u00e0<br \/>\u2022 Non riesco a reagire diversamente es spesso ho reazioni la cui intensit\u00e0 non fa star bene me e gli altri, ma sono automatiche<br \/>\u2022 Vivo situazioni che non mi fanno stare bene, eventi dolorosi che hanno cambiato la mia vita e non riesco a gestirne le conseguenze<br \/>\u2022 Come genitore sono preoccupato per i miei figli e non so come aiutarli n\u00e8 come stare loro vicino<\/p><p>Le problematiche d\u2019ansia e depressive sono in evidente incremento, soprattutto dopo la pandemia.<br \/>I giovani soprattutto dimostrano di essere stati danneggiati dalla condizione di isolamento in una fase gi\u00e0 delicata del loro percorso di crescita e individuazione. La loro disperata domanda di aiuto passa attraverso comportamenti dirompenti, autolesivi, di chiusura al mondo esterno e di difficili rapporti coi genitori.<\/p>\t\t\t\t\t\t\t\t<\/div>\n\t\t\t\t<\/div>\n\t\t\t\t<\/div>\n\t\t<div class=\"elementor-element elementor-element-7ceb9cb3 e-con-full e-flex e-con e-child\" data-id=\"7ceb9cb3\" data-element_type=\"container\" data-settings=\"{&quot;background_background&quot;:&quot;classic&quot;}\">\n\t\t\t\t<div class=\"elementor-element elementor-element-4b792ccd elementor-widget elementor-widget-text-editor\" data-id=\"4b792ccd\" data-element_type=\"widget\" data-widget_type=\"text-editor.default\">\n\t\t\t\t<div class=\"elementor-widget-container\">\n\t\t\t\t\t\t\t\t\t<p>Come posso aiutarti<\/p>\t\t\t\t\t\t\t\t<\/div>\n\t\t\t\t<\/div>\n\t\t\t\t<div class=\"elementor-element elementor-element-68fb830f elementor-widget elementor-widget-text-editor\" data-id=\"68fb830f\" data-element_type=\"widget\" data-widget_type=\"text-editor.default\">\n\t\t\t\t<div class=\"elementor-widget-container\">\n\t\t\t\t\t\t\t\t\t<p>\u2022 Svolgo colloqui in presenza o on-line<br \/>\u2022 Colloqui clinico-diagnostici<br \/>\u2022 Sostegno psicologico<br \/>\u2022 Psicoterapia sull\u2019ansia, disturbi dell\u2019umore, disturbo Ossessivo-compulsivo e di Personalit\u00e0<br \/>\u2022 Psicoterapia sui Disturbi alimentari<br \/>\u2022 Trattamento EMDR<br \/>\u2022 Colloqui per genitori e familiari<\/p>\t\t\t\t\t\t\t\t<\/div>\n\t\t\t\t<\/div>\n\t\t\t\t<\/div>\n\t\t\t\t\t<\/div>\n\t\t\t\t<\/div>\n\t\t<div class=\"elementor-element elementor-element-37b9c4aa elementor-hidden-tablet elementor-hidden-mobile e-flex e-con-boxed e-con e-parent\" data-id=\"37b9c4aa\" data-element_type=\"container\">\n\t\t\t\t\t<div class=\"e-con-inner\">\n\t\t<div class=\"elementor-element elementor-element-39082213 e-con-full e-flex e-con e-child\" data-id=\"39082213\" data-element_type=\"container\">\n\t\t\t\t<div class=\"elementor-element elementor-element-5db9cca elementor-widget elementor-widget-text-editor\" data-id=\"5db9cca\" data-element_type=\"widget\" data-widget_type=\"text-editor.default\">\n\t\t\t\t<div class=\"elementor-widget-container\">\n\t\t\t\t\t\t\t\t\t<p>Sono <strong>Stefania Benozzo<\/strong>,<br \/>psicologa e psicoterapeuta rogersiana individuale e di gruppo<\/p>\t\t\t\t\t\t\t\t<\/div>\n\t\t\t\t<\/div>\n\t\t\t\t<\/div>\n\t\t<div class=\"elementor-element elementor-element-489a5666 e-con-full e-flex e-con e-child\" data-id=\"489a5666\" data-element_type=\"container\">\n\t\t\t\t<div class=\"elementor-element elementor-element-3e369266 elementor-widget elementor-widget-image\" data-id=\"3e369266\" data-element_type=\"widget\" data-widget_type=\"image.default\">\n\t\t\t\t<div class=\"elementor-widget-container\">\n\t\t\t\t\t\t\t\t\t\t\t\t\t\t\t<img fetchpriority=\"high\" fetchpriority=\"high\" decoding=\"async\" width=\"1536\" height=\"2048\" src=\"https:\/\/convenzioni.cralnetwork.it\/simguardiadifinanza\/wp-content\/uploads\/sites\/7\/2024\/09\/IMG-20231220-WA0008.jpg\" class=\"attachment-full size-full wp-image-59219\" alt=\"\" srcset=\"https:\/\/convenzioni.cralnetwork.it\/simguardiadifinanza\/wp-content\/uploads\/sites\/7\/2024\/09\/IMG-20231220-WA0008.jpg 1536w, https:\/\/convenzioni.cralnetwork.it\/simguardiadifinanza\/wp-content\/uploads\/sites\/7\/2024\/09\/IMG-20231220-WA0008-1280x1707.jpg 1280w, https:\/\/convenzioni.cralnetwork.it\/simguardiadifinanza\/wp-content\/uploads\/sites\/7\/2024\/09\/IMG-20231220-WA0008-980x1307.jpg 980w, https:\/\/convenzioni.cralnetwork.it\/simguardiadifinanza\/wp-content\/uploads\/sites\/7\/2024\/09\/IMG-20231220-WA0008-480x640.jpg 480w\" sizes=\"(min-width: 0px) and (max-width: 480px) 480px, (min-width: 481px) and (max-width: 980px) 980px, (min-width: 981px) and (max-width: 1280px) 1280px, (min-width: 1281px) 1536px, 100vw\" \/>\t\t\t\t\t\t\t\t\t\t\t\t\t\t\t<\/div>\n\t\t\t\t<\/div>\n\t\t\t\t<\/div>\n\t\t<div class=\"elementor-element elementor-element-1ded766c e-con-full e-flex e-con e-child\" data-id=\"1ded766c\" data-element_type=\"container\">\n\t\t\t\t<div class=\"elementor-element elementor-element-7dccbde6 elementor-widget elementor-widget-text-editor\" data-id=\"7dccbde6\" data-element_type=\"widget\" data-widget_type=\"text-editor.default\">\n\t\t\t\t<div class=\"elementor-widget-container\">\n\t\t\t\t\t\t\t\t\t<p>Specializzazione in psicoterapia<\/p>\t\t\t\t\t\t\t\t<\/div>\n\t\t\t\t<\/div>\n\t\t\t\t<div class=\"elementor-element elementor-element-73840b80 elementor-widget elementor-widget-text-editor\" data-id=\"73840b80\" data-element_type=\"widget\" data-widget_type=\"text-editor.default\">\n\t\t\t\t<div class=\"elementor-widget-container\">\n\t\t\t\t\t\t\t\t\t<p>Il mio approccio di base \u00e8 fenomenologico-umanistico, la teoria che sta alla base \u00e8 quella di Carl Rogers: teoria centrata sulla persona\/cliente. <br \/>La psicologia umanistica \u00e8 caratterizzata dalla centralit\u00e0 all\u2019uomo come persona unica ed irripetibile in grado di autoregolarsi e propenso alla realizzazione e alla crescita personale; la tendenza attualizzante. <br \/>La relazione di cura, caratterizzata da accettazione, positiva incondizionata ed empatia ha lo scopo di aiutare la persona a rimuovere gli ostacoli che si interpongono tra lei e la piena realizzazione di s\u00e9.<\/p>\t\t\t\t\t\t\t\t<\/div>\n\t\t\t\t<\/div>\n\t\t\t\t<div class=\"elementor-element elementor-element-7c81e08a elementor-widget-divider--view-line elementor-widget elementor-widget-divider\" data-id=\"7c81e08a\" data-element_type=\"widget\" data-widget_type=\"divider.default\">\n\t\t\t\t<div class=\"elementor-widget-container\">\n\t\t\t\t\t\t\t<div class=\"elementor-divider\">\n\t\t\t<span class=\"elementor-divider-separator\">\n\t\t\t\t\t\t<\/span>\n\t\t<\/div>\n\t\t\t\t\t\t<\/div>\n\t\t\t\t<\/div>\n\t\t\t\t<div class=\"elementor-element elementor-element-6547484a elementor-widget elementor-widget-text-editor\" data-id=\"6547484a\" data-element_type=\"widget\" data-widget_type=\"text-editor.default\">\n\t\t\t\t<div class=\"elementor-widget-container\">\n\t\t\t\t\t\t\t\t\t<p>Attivit\u00e0 Professionale<\/p>\t\t\t\t\t\t\t\t<\/div>\n\t\t\t\t<\/div>\n\t\t\t\t<div class=\"elementor-element elementor-element-70604c67 elementor-widget elementor-widget-text-editor\" data-id=\"70604c67\" data-element_type=\"widget\" data-widget_type=\"text-editor.default\">\n\t\t\t\t<div class=\"elementor-widget-container\">\n\t\t\t\t\t\t\t\t\t<p>Svolgo la mia professione presso la <span style=\"text-decoration: underline;\"><span style=\"color: #e26d8b;\"><strong><a style=\"color: #e26d8b; text-decoration: underline;\" href=\"https:\/\/www.parcotigli.it\/\">Casa di Cura Psichiatrica Parco dei Tigli<\/a><\/strong><\/span><\/span> Teolo Padova, ho svolto per 20 anni consulenza psiconcologica presso L\u2019associazione Fiori di Cactus, donne operate al seno Camposampiero (PD) e lavoro in libera professione.<\/p><p>Sono iscritta dell\u2019Ordine degli Psicologi e Psicoterapeuti della Regione Veneto n. 4029.<\/p><p>Mi sono formata EMDR\u00a0 livello I\u00b0. L\u2019EMDR \u00e8 una tecnica che attraverso i movimenti oculari da stimolazione bilaterale e alternata permette in periodi relativamente brevi la rielaborazione di eventi traumatici che creano Ansia e disagi con conseguenze dirette nella vita relazionale e lavorative.<\/p>\t\t\t\t\t\t\t\t<\/div>\n\t\t\t\t<\/div>\n\t\t\t\t<\/div>\n\t\t<div class=\"elementor-element elementor-element-665db3bf e-con-full e-flex e-con e-child\" data-id=\"665db3bf\" data-element_type=\"container\">\n\t\t\t\t<div class=\"elementor-element elementor-element-6bae9e98 elementor-widget elementor-widget-text-editor\" data-id=\"6bae9e98\" data-element_type=\"widget\" data-widget_type=\"text-editor.default\">\n\t\t\t\t<div class=\"elementor-widget-container\">\n\t\t\t\t\t\t\t\t\t<p>Motivi che spingono a contattare uno psicologo<\/p>\t\t\t\t\t\t\t\t<\/div>\n\t\t\t\t<\/div>\n\t\t\t\t<div class=\"elementor-element elementor-element-3c25eab3 elementor-widget elementor-widget-text-editor\" data-id=\"3c25eab3\" data-element_type=\"widget\" data-widget_type=\"text-editor.default\">\n\t\t\t\t<div class=\"elementor-widget-container\">\n\t\t\t\t\t\t\t\t\t<p>\u2022 Riconosco un disagio e dei sintomi che limitano la mia quotidianit\u00e0<br \/>\u2022 Non riesco a reagire diversamente es spesso ho reazioni la cui intensit\u00e0 non fa star bene me e gli altri, ma sono automatiche<br \/>\u2022 Vivo situazioni che non mi fanno stare bene, eventi dolorosi che hanno cambiato la mia vita e non riesco a gestirne le conseguenze<br \/>\u2022 Come genitore sono preoccupato per i miei figli e non so come aiutarli n\u00e8 come stare loro vicino<\/p><p>Le problematiche d\u2019ansia e depressive sono in evidente incremento, soprattutto dopo la pandemia.<br \/>I giovani soprattutto dimostrano di essere stati danneggiati dalla condizione di isolamento in una fase gi\u00e0 delicata del loro percorso di crescita e individuazione. La loro disperata domanda di aiuto passa attraverso comportamenti dirompenti, autolesivi, di chiusura al mondo esterno e di difficili rapporti coi genitori.<\/p>\t\t\t\t\t\t\t\t<\/div>\n\t\t\t\t<\/div>\n\t\t\t\t<\/div>\n\t\t<div class=\"elementor-element elementor-element-17d5be7c e-con-full e-flex e-con e-child\" data-id=\"17d5be7c\" data-element_type=\"container\">\n\t\t\t\t<div class=\"elementor-element elementor-element-653e5364 elementor-widget elementor-widget-image\" data-id=\"653e5364\" data-element_type=\"widget\" data-widget_type=\"image.default\">\n\t\t\t\t<div class=\"elementor-widget-container\">\n\t\t\t\t\t\t\t\t\t\t\t\t\t\t\t<img decoding=\"async\" width=\"736\" height=\"736\" src=\"https:\/\/convenzioni.cralnetwork.it\/simguardiadifinanza\/wp-content\/uploads\/sites\/7\/2024\/08\/image-000.jpg\" class=\"attachment-full size-full wp-image-57844\" alt=\"\" srcset=\"https:\/\/convenzioni.cralnetwork.it\/simguardiadifinanza\/wp-content\/uploads\/sites\/7\/2024\/08\/image-000.jpg 736w, https:\/\/convenzioni.cralnetwork.it\/simguardiadifinanza\/wp-content\/uploads\/sites\/7\/2024\/08\/image-000-480x480.jpg 480w\" sizes=\"(min-width: 0px) and (max-width: 480px) 480px, (min-width: 481px) 736px, 100vw\" \/>\t\t\t\t\t\t\t\t\t\t\t\t\t\t\t<\/div>\n\t\t\t\t<\/div>\n\t\t\t\t<\/div>\n\t\t<div class=\"elementor-element elementor-element-10010c57 e-con-full e-flex e-con e-child\" data-id=\"10010c57\" data-element_type=\"container\" data-settings=\"{&quot;background_background&quot;:&quot;classic&quot;}\">\n\t\t\t\t<div class=\"elementor-element elementor-element-5161a902 elementor-widget elementor-widget-text-editor\" data-id=\"5161a902\" data-element_type=\"widget\" data-widget_type=\"text-editor.default\">\n\t\t\t\t<div class=\"elementor-widget-container\">\n\t\t\t\t\t\t\t\t\t<p>Come posso aiutarti<\/p>\t\t\t\t\t\t\t\t<\/div>\n\t\t\t\t<\/div>\n\t\t\t\t<div class=\"elementor-element elementor-element-18bfe4be elementor-widget elementor-widget-text-editor\" data-id=\"18bfe4be\" data-element_type=\"widget\" data-widget_type=\"text-editor.default\">\n\t\t\t\t<div class=\"elementor-widget-container\">\n\t\t\t\t\t\t\t\t\t<p>\u2022 Svolgo colloqui in presenza o on-line<br \/>\u2022 Colloqui clinico-diagnostici<br \/>\u2022 Sostegno psicologico<br \/>\u2022 Psicoterapia sull\u2019ansia, disturbi dell\u2019umore, disturbo Ossessivo-compulsivo e di Personalit\u00e0<br \/>\u2022 Psicoterapia sui Disturbi alimentari<br \/>\u2022 Trattamento EMDR<br \/>\u2022 Colloqui per genitori e familiari<\/p>\t\t\t\t\t\t\t\t<\/div>\n\t\t\t\t<\/div>\n\t\t\t\t<\/div>\n\t\t\t\t\t<\/div>\n\t\t\t\t<\/div>\n\t\t<div class=\"elementor-element elementor-element-7c7f5eea e-flex e-con-boxed e-con e-parent\" data-id=\"7c7f5eea\" data-element_type=\"container\" data-settings=\"{&quot;background_background&quot;:&quot;classic&quot;}\">\n\t\t\t\t\t<div class=\"e-con-inner\">\n\t\t\t\t<div class=\"elementor-element elementor-element-4610a4bd elementor-widget elementor-widget-text-editor\" data-id=\"4610a4bd\" data-element_type=\"widget\" data-widget_type=\"text-editor.default\">\n\t\t\t\t<div class=\"elementor-widget-container\">\n\t\t\t\t\t\t\t\t\t<p>Agevolazioni riservate agli associati SIM Guardia di Finanza e i loro familiari<\/p>\t\t\t\t\t\t\t\t<\/div>\n\t\t\t\t<\/div>\n\t\t\t\t\t<\/div>\n\t\t\t\t<\/div>\n\t\t<div class=\"elementor-element elementor-element-482dd280 elementor-hidden-desktop e-flex e-con-boxed e-con e-parent\" data-id=\"482dd280\" data-element_type=\"container\">\n\t\t\t\t\t<div class=\"e-con-inner\">\n\t\t<div class=\"elementor-element elementor-element-61aea290 e-con-full e-flex e-con e-child\" data-id=\"61aea290\" data-element_type=\"container\">\n\t\t\t\t<div class=\"elementor-element elementor-element-632caf5d elementor-widget elementor-widget-text-editor\" data-id=\"632caf5d\" data-element_type=\"widget\" data-widget_type=\"text-editor.default\">\n\t\t\t\t<div class=\"elementor-widget-container\">\n\t\t\t\t\t\t\t\t\t<p><strong>Dott.ssa Stefania Benozzo<\/strong><br \/><em>Psicologa e Psicoterapeuta<\/em><\/p>\t\t\t\t\t\t\t\t<\/div>\n\t\t\t\t<\/div>\n\t\t\t\t<div class=\"elementor-element elementor-element-4746d68 elementor-widget-divider--view-line elementor-widget elementor-widget-divider\" data-id=\"4746d68\" data-element_type=\"widget\" data-widget_type=\"divider.default\">\n\t\t\t\t<div class=\"elementor-widget-container\">\n\t\t\t\t\t\t\t<div class=\"elementor-divider\">\n\t\t\t<span class=\"elementor-divider-separator\">\n\t\t\t\t\t\t<\/span>\n\t\t<\/div>\n\t\t\t\t\t\t<\/div>\n\t\t\t\t<\/div>\n\t\t\t\t<div class=\"elementor-element elementor-element-5d1491b4 elementor-widget elementor-widget-text-editor\" data-id=\"5d1491b4\" data-element_type=\"widget\" data-widget_type=\"text-editor.default\">\n\t\t\t\t<div class=\"elementor-widget-container\">\n\t\t\t\t\t\t\t\t\t<p>Contatti<\/p>\t\t\t\t\t\t\t\t<\/div>\n\t\t\t\t<\/div>\n\t\t\t\t<div class=\"elementor-element elementor-element-6666b257 elementor-widget elementor-widget-text-editor\" data-id=\"6666b257\" data-element_type=\"widget\" data-widget_type=\"text-editor.default\">\n\t\t\t\t<div class=\"elementor-widget-container\">\n\t\t\t\t\t\t\t\t\t<p>Borgo Trento Trieste, 33 &#8211; 35012 Camposampiero (PD)<br \/>Via E. Forlanini, 34 &#8211; 35136 Padova<br \/><strong>Cell:<\/strong> 3471129660<br \/><strong>Mail:<\/strong> <span style=\"color: #e26d8b;\"><a style=\"color: #e26d8b;\" href=\"mailto:benozzostefania@gmail.com\">benozzostefania@gmail.com<\/a><\/span><\/p><p><span style=\"color: #e26d8b;\"><em><strong>Colloqui in presenza o on-line<\/strong><\/em><\/span><\/p>\t\t\t\t\t\t\t\t<\/div>\n\t\t\t\t<\/div>\n\t\t\t\t<div class=\"elementor-element elementor-element-41bf291a elementor-widget elementor-widget-text-editor\" data-id=\"41bf291a\" data-element_type=\"widget\" data-widget_type=\"text-editor.default\">\n\t\t\t\t<div class=\"elementor-widget-container\">\n\t\t\t\t\t\t\t\t\t<p><div id=\"gmw-single-object-locations-wrapper-256\" class=\"gmw-element-wrapper gmw-single-location-wrapper gmw-sl-wrapper gmw-sl-single-post-wrapper post gmw-sl-multiple-locations\" object_type=\"post\" object_id=\"\"  style=\"width:100%\"><div class=\"gmw-sl-map-wrapper\"><div id=\"gmw-map-wrapper-256\" class=\"gmw-map-wrapper  sl single_location \" style=\"width:100%;height:350px;\"> <span id=\"gmw-resize-map-toggle-256\" class=\"gmw-resize-map-toggle gmw-icon-resize-full\" style=\"display:none;\" title=\"Resize map\"><\/span> <div id=\"gmw-map-loader-256\" class=\"gmw-map-loader\"><\/div> <div id=\"gmw-map-256\" class=\"gmw-map sl single_location\" style=\"width:100%; height:100%\" data-map_id=\"256\" data-prefix=\"sl\" data-map_type=\"single_location\" data-icons_usage=\"global\"><\/div> <\/div><\/div><\/div><\/p>\t\t\t\t\t\t\t\t<\/div>\n\t\t\t\t<\/div>\n\t\t\t\t<\/div>\n\t\t\t\t\t<\/div>\n\t\t\t\t<\/div>\n\t\t<div class=\"elementor-element elementor-element-314a473c elementor-hidden-tablet elementor-hidden-mobile e-flex e-con-boxed e-con e-parent\" data-id=\"314a473c\" data-element_type=\"container\">\n\t\t\t\t\t<div class=\"e-con-inner\">\n\t\t<div class=\"elementor-element elementor-element-5dc4baf1 e-con-full e-flex e-con e-child\" data-id=\"5dc4baf1\" data-element_type=\"container\">\n\t\t\t\t<div class=\"elementor-element elementor-element-3aad7560 elementor-widget elementor-widget-text-editor\" data-id=\"3aad7560\" data-element_type=\"widget\" data-widget_type=\"text-editor.default\">\n\t\t\t\t<div class=\"elementor-widget-container\">\n\t\t\t\t\t\t\t\t\t<p><strong>Dott.ssa Stefania Benozzo<\/strong><br \/><em>Psicologa e Psicoterapeuta<\/em><\/p>\t\t\t\t\t\t\t\t<\/div>\n\t\t\t\t<\/div>\n\t\t\t\t<div class=\"elementor-element elementor-element-10e4764d elementor-widget-divider--view-line elementor-widget elementor-widget-divider\" data-id=\"10e4764d\" data-element_type=\"widget\" data-widget_type=\"divider.default\">\n\t\t\t\t<div class=\"elementor-widget-container\">\n\t\t\t\t\t\t\t<div class=\"elementor-divider\">\n\t\t\t<span class=\"elementor-divider-separator\">\n\t\t\t\t\t\t<\/span>\n\t\t<\/div>\n\t\t\t\t\t\t<\/div>\n\t\t\t\t<\/div>\n\t\t\t\t<div class=\"elementor-element elementor-element-f96d593 elementor-widget elementor-widget-text-editor\" data-id=\"f96d593\" data-element_type=\"widget\" data-widget_type=\"text-editor.default\">\n\t\t\t\t<div class=\"elementor-widget-container\">\n\t\t\t\t\t\t\t\t\t<p>Contatti<\/p>\t\t\t\t\t\t\t\t<\/div>\n\t\t\t\t<\/div>\n\t\t\t\t<div class=\"elementor-element elementor-element-c1d7399 elementor-widget elementor-widget-text-editor\" data-id=\"c1d7399\" data-element_type=\"widget\" data-widget_type=\"text-editor.default\">\n\t\t\t\t<div class=\"elementor-widget-container\">\n\t\t\t\t\t\t\t\t\t<p>Borgo Trento Trieste, 33 &#8211; 35012 Camposampiero (PD)<br \/>Via E. Forlanini, 34 &#8211; 35136 Padova<br \/><strong>Cell:<\/strong> 3471129660<br \/><strong>Mail:<\/strong> <span style=\"color: #e26d8b;\"><a style=\"color: #e26d8b;\" href=\"mailto:benozzostefania@gmail.com\">benozzostefania@gmail.com<\/a><\/span><\/p><p><span style=\"color: #e26d8b;\"><em><strong>Colloqui in presenza o on-line<\/strong><\/em><\/span><\/p>\t\t\t\t\t\t\t\t<\/div>\n\t\t\t\t<\/div>\n\t\t\t\t<\/div>\n\t\t<div class=\"elementor-element elementor-element-f486147 e-con-full e-flex e-con e-child\" data-id=\"f486147\" data-element_type=\"container\">\n\t\t\t\t<div class=\"elementor-element elementor-element-133e01a2 elementor-widget elementor-widget-text-editor\" data-id=\"133e01a2\" data-element_type=\"widget\" data-widget_type=\"text-editor.default\">\n\t\t\t\t<div class=\"elementor-widget-container\">\n\t\t\t\t\t\t\t\t\t<p><div id=\"gmw-single-object-locations-wrapper-155\" class=\"gmw-element-wrapper gmw-single-location-wrapper gmw-sl-wrapper gmw-sl-single-post-wrapper post gmw-sl-multiple-locations\" object_type=\"post\" object_id=\"\"  style=\"width:100%\"><div class=\"gmw-sl-map-wrapper\"><div id=\"gmw-map-wrapper-155\" class=\"gmw-map-wrapper  sl single_location \" style=\"width:100%;height:350px;\"> <span id=\"gmw-resize-map-toggle-155\" class=\"gmw-resize-map-toggle gmw-icon-resize-full\" style=\"display:none;\" title=\"Resize map\"><\/span> <div id=\"gmw-map-loader-155\" class=\"gmw-map-loader\"><\/div> <div id=\"gmw-map-155\" class=\"gmw-map sl single_location\" style=\"width:100%; height:100%\" data-map_id=\"155\" data-prefix=\"sl\" data-map_type=\"single_location\" data-icons_usage=\"global\"><\/div> <\/div><\/div><\/div><\/p>\t\t\t\t\t\t\t\t<\/div>\n\t\t\t\t<\/div>\n\t\t\t\t<\/div>\n\t\t\t\t\t<\/div>\n\t\t\t\t<\/div>\n\t\t\t\t<section class=\"elementor-section elementor-top-section elementor-element elementor-element-767ab0d1 elementor-section-content-middle elementor-hidden-desktop elementor-hidden-tablet elementor-hidden-mobile elementor-section-boxed elementor-section-height-default elementor-section-height-default\" data-id=\"767ab0d1\" data-element_type=\"section\" data-settings=\"{&quot;background_background&quot;:&quot;classic&quot;}\">\n\t\t\t\t\t\t<div class=\"elementor-container elementor-column-gap-default\">\n\t\t\t\t\t<div class=\"elementor-column elementor-col-50 elementor-top-column elementor-element elementor-element-f7c31c5\" data-id=\"f7c31c5\" data-element_type=\"column\">\n\t\t\t<div class=\"elementor-widget-wrap elementor-element-populated\">\n\t\t\t\t\t\t<div class=\"elementor-element elementor-element-72f57cb1 elementor-widget elementor-widget-text-editor\" data-id=\"72f57cb1\" data-element_type=\"widget\" data-widget_type=\"text-editor.default\">\n\t\t\t\t<div class=\"elementor-widget-container\">\n\t\t\t\t\t\t\t\t\tContatti\t\t\t\t\t\t\t\t<\/div>\n\t\t\t\t<\/div>\n\t\t\t\t<div class=\"elementor-element elementor-element-58bb1d38 elementor-shape-circle e-grid-align-left elementor-grid-0 elementor-widget elementor-widget-social-icons\" data-id=\"58bb1d38\" data-element_type=\"widget\" data-widget_type=\"social-icons.default\">\n\t\t\t\t<div class=\"elementor-widget-container\">\n\t\t\t\t\t\t\t<div class=\"elementor-social-icons-wrapper elementor-grid\" role=\"list\">\n\t\t\t\t\t\t\t<span class=\"elementor-grid-item\" role=\"listitem\">\n\t\t\t\t\t<a class=\"elementor-icon elementor-social-icon elementor-social-icon-facebook elementor-repeater-item-1539373\" target=\"_blank\">\n\t\t\t\t\t\t<span class=\"elementor-screen-only\">Facebook<\/span>\n\t\t\t\t\t\t<svg aria-hidden=\"true\" class=\"e-font-icon-svg e-fab-facebook\" viewBox=\"0 0 512 512\" xmlns=\"http:\/\/www.w3.org\/2000\/svg\"><path d=\"M504 256C504 119 393 8 256 8S8 119 8 256c0 123.78 90.69 226.38 209.25 245V327.69h-63V256h63v-54.64c0-62.15 37-96.48 93.67-96.48 27.14 0 55.52 4.84 55.52 4.84v61h-31.28c-30.8 0-40.41 19.12-40.41 38.73V256h68.78l-11 71.69h-57.78V501C413.31 482.38 504 379.78 504 256z\"><\/path><\/svg>\t\t\t\t\t<\/a>\n\t\t\t\t<\/span>\n\t\t\t\t\t\t\t<span class=\"elementor-grid-item\" role=\"listitem\">\n\t\t\t\t\t<a class=\"elementor-icon elementor-social-icon elementor-social-icon-twitter elementor-repeater-item-8913cb9\" target=\"_blank\">\n\t\t\t\t\t\t<span class=\"elementor-screen-only\">Twitter<\/span>\n\t\t\t\t\t\t<svg aria-hidden=\"true\" class=\"e-font-icon-svg e-fab-twitter\" viewBox=\"0 0 512 512\" xmlns=\"http:\/\/www.w3.org\/2000\/svg\"><path d=\"M459.37 151.716c.325 4.548.325 9.097.325 13.645 0 138.72-105.583 298.558-298.558 298.558-59.452 0-114.68-17.219-161.137-47.106 8.447.974 16.568 1.299 25.34 1.299 49.055 0 94.213-16.568 130.274-44.832-46.132-.975-84.792-31.188-98.112-72.772 6.498.974 12.995 1.624 19.818 1.624 9.421 0 18.843-1.3 27.614-3.573-48.081-9.747-84.143-51.98-84.143-102.985v-1.299c13.969 7.797 30.214 12.67 47.431 13.319-28.264-18.843-46.781-51.005-46.781-87.391 0-19.492 5.197-37.36 14.294-52.954 51.655 63.675 129.3 105.258 216.365 109.807-1.624-7.797-2.599-15.918-2.599-24.04 0-57.828 46.782-104.934 104.934-104.934 30.213 0 57.502 12.67 76.67 33.137 23.715-4.548 46.456-13.32 66.599-25.34-7.798 24.366-24.366 44.833-46.132 57.827 21.117-2.273 41.584-8.122 60.426-16.243-14.292 20.791-32.161 39.308-52.628 54.253z\"><\/path><\/svg>\t\t\t\t\t<\/a>\n\t\t\t\t<\/span>\n\t\t\t\t\t\t\t<span class=\"elementor-grid-item\" role=\"listitem\">\n\t\t\t\t\t<a class=\"elementor-icon elementor-social-icon elementor-social-icon-youtube elementor-repeater-item-3255c55\" target=\"_blank\">\n\t\t\t\t\t\t<span class=\"elementor-screen-only\">Youtube<\/span>\n\t\t\t\t\t\t<svg aria-hidden=\"true\" class=\"e-font-icon-svg e-fab-youtube\" viewBox=\"0 0 576 512\" xmlns=\"http:\/\/www.w3.org\/2000\/svg\"><path d=\"M549.655 124.083c-6.281-23.65-24.787-42.276-48.284-48.597C458.781 64 288 64 288 64S117.22 64 74.629 75.486c-23.497 6.322-42.003 24.947-48.284 48.597-11.412 42.867-11.412 132.305-11.412 132.305s0 89.438 11.412 132.305c6.281 23.65 24.787 41.5 48.284 47.821C117.22 448 288 448 288 448s170.78 0 213.371-11.486c23.497-6.321 42.003-24.171 48.284-47.821 11.412-42.867 11.412-132.305 11.412-132.305s0-89.438-11.412-132.305zm-317.51 213.508V175.185l142.739 81.205-142.739 81.201z\"><\/path><\/svg>\t\t\t\t\t<\/a>\n\t\t\t\t<\/span>\n\t\t\t\t\t<\/div>\n\t\t\t\t\t\t<\/div>\n\t\t\t\t<\/div>\n\t\t\t\t\t<\/div>\n\t\t<\/div>\n\t\t\t\t<div class=\"elementor-column elementor-col-50 elementor-top-column elementor-element elementor-element-26ac7282\" data-id=\"26ac7282\" data-element_type=\"column\">\n\t\t\t<div class=\"elementor-widget-wrap elementor-element-populated\">\n\t\t\t\t\t\t<div class=\"elementor-element elementor-element-ac6069 elementor-widget elementor-widget-text-editor\" data-id=\"ac6069\" data-element_type=\"widget\" data-widget_type=\"text-editor.default\">\n\t\t\t\t<div class=\"elementor-widget-container\">\n\t\t\t\t\t\t\t\t\t<div id=\"gmw-single-location-wrapper-457\" class=\"gmw-element-wrapper gmw-single-location-wrapper gmw-sl-wrapper gmw-sl-single-post-wrapper post \" object_type=\"post\" object_id=\"54114\"  style=\"width:100%\"><div class=\"gmw-sl-map-wrapper gmw-sl-element\"><div id=\"gmw-map-wrapper-457\" class=\"gmw-map-wrapper  sl single_location \" style=\"width:100%;height:300px;\"> <span id=\"gmw-resize-map-toggle-457\" class=\"gmw-resize-map-toggle gmw-icon-resize-full\" style=\"display:none;\" title=\"Resize map\"><\/span> <div id=\"gmw-map-loader-457\" class=\"gmw-map-loader\"><\/div> <div id=\"gmw-map-457\" class=\"gmw-map sl single_location\" style=\"width:100%; height:100%\" data-map_id=\"457\" data-prefix=\"sl\" data-map_type=\"single_location\" data-icons_usage=\"global\"><\/div> <\/div><\/div><\/div>\t\t\t\t\t\t\t\t<\/div>\n\t\t\t\t<\/div>\n\t\t\t\t<div class=\"elementor-element elementor-element-2dd6067f elementor-widget elementor-widget-text-editor\" data-id=\"2dd6067f\" data-element_type=\"widget\" data-widget_type=\"text-editor.default\">\n\t\t\t\t<div class=\"elementor-widget-container\">\n\t\t\t\t\t\t\t\t\t<p><div id=\"gmw-single-object-locations-wrapper-197\" class=\"gmw-element-wrapper gmw-single-location-wrapper gmw-sl-wrapper gmw-sl-single-post-wrapper post gmw-sl-multiple-locations\" object_type=\"post\" object_id=\"\"  style=\"width:100%\"><div class=\"gmw-sl-map-wrapper\"><div id=\"gmw-map-wrapper-197\" class=\"gmw-map-wrapper  sl single_location \" style=\"width:100%;height:350px;\"> <span id=\"gmw-resize-map-toggle-197\" class=\"gmw-resize-map-toggle gmw-icon-resize-full\" style=\"display:none;\" title=\"Resize map\"><\/span> <div id=\"gmw-map-loader-197\" class=\"gmw-map-loader\"><\/div> <div id=\"gmw-map-197\" class=\"gmw-map sl single_location\" style=\"width:100%; height:100%\" data-map_id=\"197\" data-prefix=\"sl\" data-map_type=\"single_location\" data-icons_usage=\"global\"><\/div> <\/div><\/div><\/div><\/p>\t\t\t\t\t\t\t\t<\/div>\n\t\t\t\t<\/div>\n\t\t\t\t\t<\/div>\n\t\t<\/div>\n\t\t\t\t\t<\/div>\n\t\t<\/section>\n\t\t\t\t<\/div>\n\t\t","protected":false},"excerpt":{"rendered":"<div style=\"display: none;\">\n<p>Sono Stefania Benozzo,<\/p>\n<p>psicologa e psicoterapeuta rogersiana individuale e di gruppo<br \/>\nSpecializzazione in psicoterapia<br \/>\nIl mio approccio di base \u00e8 fenomenologico-umanistico, la teoria che sta alla base \u00e8 quella di Carl Rogers: teoria<br \/>\ncentrata sulla persona. La psicologia umanistica \u00e8 caratterizzata dalla centralit\u00e0 all\u2019uomo come persona unica ed<br \/>\nirripetibile in grado di autoregolarsi, e propenso alla realizzazione e alla crescita personale; la tendenza<br \/>\nattualizzante. La relazione di cura, caratterizzata da accettazione, positiva incondizionata ed empatia ha lo<br \/>\nscopo di aiutare la persona a rimuovere gli ostacoli che si interpongono tra lei e la piena realizzazione di<br \/>\ns\u00e9. protezione e collaborazione, ha lo scopo di aiutare la persona a rimuovere gli ostessionaleAi che si<br \/>\ninterpongono tra lei e la piena realizzazione di s\u00e9. s\u00e9.<br \/>\nAttivit\u00e0 Professionale<br \/>\nSvolgo la mia professione presso la Casa di Cura Psichiatrica Parco dei Tigli Teolo Padova,ho svolto per 20 anni consulenza psiconcologica presso L\u2019associazine Fiori di Cactus, donne operate al seno Camposampiero(pd) e lavoro in libera professione.Sono iscritta dell\u2019Ordine degli Psicologi e Psicoterapeuti della Regione Veneto n. 4029.Mi sono formata EMDR livello I\u00b0. L\u2019 EMDR \u00e8 una tecnica che attraverso i movimenti oculari da stimolazione bilaterale e alternata permette in periodi relativamente brevi la rielaborazione di eventi traumatici che creano Ansia e disagi con conseguenze dirette nella vita relazionale e lavorative.<br \/>\nMotivi che spingono a contattare uno<br \/>\npsicologo<br \/>\n\u2022 Riconosco un disagio e dei sintomi che limitano la mia quotidianit\u00e0;<br \/>\n\u2022 Non riesco a reagire diversamente es spesso ho reazioni la cui intensit\u00e0 non fa star bene me e gli altri, ma sono automatiche.<br \/>\n\u2022 Vivo situazioni che non mi fanno stare bene, eventi dolorosi che hanno cambiato la mia vita e non riesco a gestirne le conseguenze;<br \/>\ncome genitore sono preoccupato per i miei figli e non so come aiutarli n\u00e8 come stare loro vicino;<br \/>\nLe problematiche d\u2019ansia e depressive sono in evidente incremento, soprattutto dopo la pandemia.<br \/>\nI giovani soprattutto dimostrano di essere stati danneggiati dalla condizione di isolamento in una fase gi\u00e0 delicata del loro percorso di crescita e individuazione. La loro disperata domanda di aiuto passa attraverso comportamenti dirompenti, autolesivi, di chiusura al mondo esterno e di difficili rapporti coi genitori.<\/p>\n<p>Svolgo quindi colloqui in presenza o on-line<br \/>\nColloqui clinico-diagnostici<br \/>\nSostegno psicologico<br \/>\nPsicoterapia sull\u2019ansia, disturbi dell\u2019umore, disturbo Ossessivo-compulsivo e di personalit\u00e0.<br \/>\nPsicoterapia sui Disturbi alimentari<br \/>\nTrattamento EMDR<br \/>\nColloqui per genitori e familiari<\/p>\n<p>psicologa, psicoterapeuta rogersiana individuale, psicoterapeuta rogersiana di gruppo, psicoterapia, psicologia, psicoterapeuta , psicoterapia individuale, psicologia individuale, psicoterapia di gruppo, psicologia di gruppo, Psicologi, Psicoterapeuti, problematiche d\u2019ansia, problematiche depressive, Sostegno psicologico, psicoterapia on-line, psicologia on-line,<\/p>\n<p>psicologa a Camposampiero, psicoterapeuta rogersiana individuale a Camposampiero, psicoterapeuta rogersiana di gruppo a Camposampiero, psicoterapia a Camposampiero, psicologia a Camposampiero, psicoterapeuta a Camposampiero , psicoterapia individuale a Camposampiero, psicologia individuale a Camposampiero, psicoterapia di gruppo a Camposampiero, psicologia di gruppo a Camposampiero, Psicologi a Camposampiero, Psicoterapeuti a Camposampiero, problematiche d\u2019ansia a Camposampiero, problematiche depressive a Camposampiero, Sostegno psicologico a Camposampiero,<\/p>\n<\/div>\n","protected":false},"featured_media":57548,"comment_status":"open","ping_status":"closed","template":"elementor_header_footer","meta":{"_acf_changed":false,"_et_pb_use_builder":"","_et_pb_old_content":"","_et_gb_content_width":""},"product_brand":[],"product_cat":[568,569,408],"product_tag":[11014,11015,776,778,777,9975,11013,11017,805,11012,11011,876,832,1236,1237,11016,1230],"class_list":{"0":"post-54114","1":"product","2":"type-product","3":"status-publish","4":"has-post-thumbnail","6":"product_cat-psicologi","7":"product_cat-psicoterapeuti","8":"product_cat-salute","9":"product_tag-problematiche-dansia","10":"product_tag-problematiche-depressive","11":"product_tag-psicologa","12":"product_tag-psicologi","13":"product_tag-psicologia","14":"product_tag-psicologia-di-gruppo","15":"product_tag-psicologia-individuale","16":"product_tag-psicologia-on-line","17":"product_tag-psicoterapeuta","18":"product_tag-psicoterapeuta-rogersiana-di-gruppo","19":"product_tag-psicoterapeuta-rogersiana-individuale","20":"product_tag-psicoterapeuti","21":"product_tag-psicoterapia","22":"product_tag-psicoterapia-di-gruppo","23":"product_tag-psicoterapia-individuale","24":"product_tag-psicoterapia-on-line","25":"product_tag-sostegno-psicologico","27":"first","28":"instock","29":"shipping-taxable","30":"product-type-simple"},"acf":[],"yoast_head":"<!-- This site is optimized with the Yoast SEO plugin v26.4 - https:\/\/yoast.com\/wordpress\/plugins\/seo\/ -->\n<title>Dott.ssa Stefania Benozzo - Psicologa e Psicoterapeuta - SIM Guardia di Finanza<\/title>\n<meta name=\"robots\" content=\"index, follow, max-snippet:-1, max-image-preview:large, max-video-preview:-1\" \/>\n<link rel=\"canonical\" href=\"https:\/\/convenzioni.cralnetwork.it\/simguardiadifinanza\/prodotto\/dott-ssa-stefania-benozzo-psicologa-e-psicoterapeuta\/\" \/>\n<meta property=\"og:locale\" content=\"it_IT\" \/>\n<meta property=\"og:type\" content=\"article\" \/>\n<meta property=\"og:title\" content=\"Dott.ssa Stefania Benozzo - Psicologa e Psicoterapeuta - SIM Guardia di Finanza\" \/>\n<meta property=\"og:description\" content=\"Sono Stefania Benozzo,  psicologa e psicoterapeuta rogersiana individuale e di gruppo Specializzazione in psicoterapia Il mio approccio di base \u00e8 fenomenologico-umanistico, la teoria che sta alla base \u00e8 quella di Carl Rogers: teoria centrata sulla persona. La psicologia umanistica \u00e8 caratterizzata dalla centralit\u00e0 all\u2019uomo come persona unica ed irripetibile in grado di autoregolarsi, e propenso alla realizzazione e alla crescita personale; la tendenza attualizzante. La relazione di cura, caratterizzata da accettazione, positiva incondizionata ed empatia ha lo scopo di aiutare la persona a rimuovere gli ostacoli che si interpongono tra lei e la piena realizzazione di s\u00e9. protezione e collaborazione, ha lo scopo di aiutare la persona a rimuovere gli ostessionaleAi che si interpongono tra lei e la piena realizzazione di s\u00e9. s\u00e9. Attivit\u00e0 Professionale Svolgo la mia professione presso la Casa di Cura Psichiatrica Parco dei Tigli Teolo Padova,ho svolto per 20 anni consulenza psiconcologica presso L\u2019associazine Fiori di Cactus, donne operate al seno Camposampiero(pd) e lavoro in libera professione.Sono iscritta dell\u2019Ordine degli Psicologi e Psicoterapeuti della Regione Veneto n. 4029.Mi sono formata EMDR livello I\u00b0. L\u2019 EMDR \u00e8 una tecnica che attraverso i movimenti oculari da stimolazione bilaterale e alternata permette in periodi relativamente brevi la rielaborazione di eventi traumatici che creano Ansia e disagi con conseguenze dirette nella vita relazionale e lavorative. Motivi che spingono a contattare uno psicologo \u2022 Riconosco un disagio e dei sintomi che limitano la mia quotidianit\u00e0; \u2022 Non riesco a reagire diversamente es spesso ho reazioni la cui intensit\u00e0 non fa star bene me e gli altri, ma sono automatiche. \u2022 Vivo situazioni che non mi fanno stare bene, eventi dolorosi che hanno cambiato la mia vita e non riesco a gestirne le conseguenze; come genitore sono preoccupato per i miei figli e non so come aiutarli n\u00e8 come stare loro vicino; Le problematiche d\u2019ansia e depressive sono in evidente incremento, soprattutto dopo la pandemia. I giovani soprattutto dimostrano di essere stati danneggiati dalla condizione di isolamento in una fase gi\u00e0 delicata del loro percorso di crescita e individuazione. La loro disperata domanda di aiuto passa attraverso comportamenti dirompenti, autolesivi, di chiusura al mondo esterno e di difficili rapporti coi genitori.  Svolgo quindi colloqui in presenza o on-line Colloqui clinico-diagnostici Sostegno psicologico Psicoterapia sull\u2019ansia, disturbi dell\u2019umore, disturbo Ossessivo-compulsivo e di personalit\u00e0. Psicoterapia sui Disturbi alimentari Trattamento EMDR Colloqui per genitori e familiari  psicologa, psicoterapeuta rogersiana individuale, psicoterapeuta rogersiana di gruppo, psicoterapia, psicologia, psicoterapeuta , psicoterapia individuale, psicologia individuale, psicoterapia di gruppo, psicologia di gruppo, Psicologi, Psicoterapeuti, problematiche d\u2019ansia, problematiche depressive, Sostegno psicologico, psicoterapia on-line, psicologia on-line,  psicologa a Camposampiero, psicoterapeuta rogersiana individuale a Camposampiero, psicoterapeuta rogersiana di gruppo a Camposampiero, psicoterapia a Camposampiero, psicologia a Camposampiero, psicoterapeuta a Camposampiero , psicoterapia individuale a Camposampiero, psicologia individuale a Camposampiero, psicoterapia di gruppo a Camposampiero, psicologia di gruppo a Camposampiero, Psicologi a Camposampiero, Psicoterapeuti a Camposampiero, problematiche d\u2019ansia a Camposampiero, problematiche depressive a Camposampiero, Sostegno psicologico a Camposampiero,\" \/>\n<meta property=\"og:url\" content=\"https:\/\/convenzioni.cralnetwork.it\/simguardiadifinanza\/prodotto\/dott-ssa-stefania-benozzo-psicologa-e-psicoterapeuta\/\" \/>\n<meta property=\"og:site_name\" content=\"SIM Guardia di Finanza\" \/>\n<meta property=\"article:modified_time\" content=\"2024-09-12T07:49:10+00:00\" \/>\n<meta property=\"og:image\" content=\"https:\/\/convenzioni.cralnetwork.it\/simguardiadifinanza\/wp-content\/uploads\/sites\/7\/2024\/06\/logo_Dott.ssa-Stefania-Benozzo.jpg\" \/>\n\t<meta property=\"og:image:width\" content=\"300\" \/>\n\t<meta property=\"og:image:height\" content=\"300\" \/>\n\t<meta property=\"og:image:type\" content=\"image\/jpeg\" \/>\n<meta name=\"twitter:card\" content=\"summary_large_image\" \/>\n<meta name=\"twitter:label1\" content=\"Tempo di lettura stimato\" \/>\n\t<meta name=\"twitter:data1\" content=\"6 minuti\" \/>\n<script type=\"application\/ld+json\" class=\"yoast-schema-graph\">{\"@context\":\"https:\/\/schema.org\",\"@graph\":[{\"@type\":\"WebPage\",\"@id\":\"https:\/\/convenzioni.cralnetwork.it\/simguardiadifinanza\/prodotto\/dott-ssa-stefania-benozzo-psicologa-e-psicoterapeuta\/\",\"url\":\"https:\/\/convenzioni.cralnetwork.it\/simguardiadifinanza\/prodotto\/dott-ssa-stefania-benozzo-psicologa-e-psicoterapeuta\/\",\"name\":\"Dott.ssa Stefania Benozzo - Psicologa e Psicoterapeuta - SIM Guardia di Finanza\",\"isPartOf\":{\"@id\":\"https:\/\/convenzioni.cralnetwork.it\/simguardiadifinanza\/#website\"},\"primaryImageOfPage\":{\"@id\":\"https:\/\/convenzioni.cralnetwork.it\/simguardiadifinanza\/prodotto\/dott-ssa-stefania-benozzo-psicologa-e-psicoterapeuta\/#primaryimage\"},\"image\":{\"@id\":\"https:\/\/convenzioni.cralnetwork.it\/simguardiadifinanza\/prodotto\/dott-ssa-stefania-benozzo-psicologa-e-psicoterapeuta\/#primaryimage\"},\"thumbnailUrl\":\"https:\/\/convenzioni.cralnetwork.it\/simguardiadifinanza\/wp-content\/uploads\/sites\/7\/2024\/06\/logo_Dott.ssa-Stefania-Benozzo.jpg\",\"datePublished\":\"2024-06-26T14:42:49+00:00\",\"dateModified\":\"2024-09-12T07:49:10+00:00\",\"breadcrumb\":{\"@id\":\"https:\/\/convenzioni.cralnetwork.it\/simguardiadifinanza\/prodotto\/dott-ssa-stefania-benozzo-psicologa-e-psicoterapeuta\/#breadcrumb\"},\"inLanguage\":\"it-IT\",\"potentialAction\":[{\"@type\":\"ReadAction\",\"target\":[\"https:\/\/convenzioni.cralnetwork.it\/simguardiadifinanza\/prodotto\/dott-ssa-stefania-benozzo-psicologa-e-psicoterapeuta\/\"]}]},{\"@type\":\"ImageObject\",\"inLanguage\":\"it-IT\",\"@id\":\"https:\/\/convenzioni.cralnetwork.it\/simguardiadifinanza\/prodotto\/dott-ssa-stefania-benozzo-psicologa-e-psicoterapeuta\/#primaryimage\",\"url\":\"https:\/\/convenzioni.cralnetwork.it\/simguardiadifinanza\/wp-content\/uploads\/sites\/7\/2024\/06\/logo_Dott.ssa-Stefania-Benozzo.jpg\",\"contentUrl\":\"https:\/\/convenzioni.cralnetwork.it\/simguardiadifinanza\/wp-content\/uploads\/sites\/7\/2024\/06\/logo_Dott.ssa-Stefania-Benozzo.jpg\",\"width\":300,\"height\":300},{\"@type\":\"BreadcrumbList\",\"@id\":\"https:\/\/convenzioni.cralnetwork.it\/simguardiadifinanza\/prodotto\/dott-ssa-stefania-benozzo-psicologa-e-psicoterapeuta\/#breadcrumb\",\"itemListElement\":[{\"@type\":\"ListItem\",\"position\":1,\"name\":\"Home\",\"item\":\"https:\/\/convenzioni.cralnetwork.it\/simguardiadifinanza\/\"},{\"@type\":\"ListItem\",\"position\":2,\"name\":\"Shop\",\"item\":\"https:\/\/convenzioni.cralnetwork.it\/simguardiadifinanza\/negozio\/\"},{\"@type\":\"ListItem\",\"position\":3,\"name\":\"Dott.ssa Stefania Benozzo &#8211; Psicologa e Psicoterapeuta\"}]},{\"@type\":\"WebSite\",\"@id\":\"https:\/\/convenzioni.cralnetwork.it\/simguardiadifinanza\/#website\",\"url\":\"https:\/\/convenzioni.cralnetwork.it\/simguardiadifinanza\/\",\"name\":\"SIM Guardia di Finanza\",\"description\":\"Area Convenzioni\",\"potentialAction\":[{\"@type\":\"SearchAction\",\"target\":{\"@type\":\"EntryPoint\",\"urlTemplate\":\"https:\/\/convenzioni.cralnetwork.it\/simguardiadifinanza\/?s={search_term_string}\"},\"query-input\":{\"@type\":\"PropertyValueSpecification\",\"valueRequired\":true,\"valueName\":\"search_term_string\"}}],\"inLanguage\":\"it-IT\"}]}<\/script>\n<!-- \/ Yoast SEO plugin. -->","yoast_head_json":{"title":"Dott.ssa Stefania Benozzo - Psicologa e Psicoterapeuta - SIM Guardia di Finanza","robots":{"index":"index","follow":"follow","max-snippet":"max-snippet:-1","max-image-preview":"max-image-preview:large","max-video-preview":"max-video-preview:-1"},"canonical":"https:\/\/convenzioni.cralnetwork.it\/simguardiadifinanza\/prodotto\/dott-ssa-stefania-benozzo-psicologa-e-psicoterapeuta\/","og_locale":"it_IT","og_type":"article","og_title":"Dott.ssa Stefania Benozzo - Psicologa e Psicoterapeuta - SIM Guardia di Finanza","og_description":"Sono Stefania Benozzo,  psicologa e psicoterapeuta rogersiana individuale e di gruppo Specializzazione in psicoterapia Il mio approccio di base \u00e8 fenomenologico-umanistico, la teoria che sta alla base \u00e8 quella di Carl Rogers: teoria centrata sulla persona. La psicologia umanistica \u00e8 caratterizzata dalla centralit\u00e0 all\u2019uomo come persona unica ed irripetibile in grado di autoregolarsi, e propenso alla realizzazione e alla crescita personale; la tendenza attualizzante. La relazione di cura, caratterizzata da accettazione, positiva incondizionata ed empatia ha lo scopo di aiutare la persona a rimuovere gli ostacoli che si interpongono tra lei e la piena realizzazione di s\u00e9. protezione e collaborazione, ha lo scopo di aiutare la persona a rimuovere gli ostessionaleAi che si interpongono tra lei e la piena realizzazione di s\u00e9. s\u00e9. Attivit\u00e0 Professionale Svolgo la mia professione presso la Casa di Cura Psichiatrica Parco dei Tigli Teolo Padova,ho svolto per 20 anni consulenza psiconcologica presso L\u2019associazine Fiori di Cactus, donne operate al seno Camposampiero(pd) e lavoro in libera professione.Sono iscritta dell\u2019Ordine degli Psicologi e Psicoterapeuti della Regione Veneto n. 4029.Mi sono formata EMDR livello I\u00b0. L\u2019 EMDR \u00e8 una tecnica che attraverso i movimenti oculari da stimolazione bilaterale e alternata permette in periodi relativamente brevi la rielaborazione di eventi traumatici che creano Ansia e disagi con conseguenze dirette nella vita relazionale e lavorative. Motivi che spingono a contattare uno psicologo \u2022 Riconosco un disagio e dei sintomi che limitano la mia quotidianit\u00e0; \u2022 Non riesco a reagire diversamente es spesso ho reazioni la cui intensit\u00e0 non fa star bene me e gli altri, ma sono automatiche. \u2022 Vivo situazioni che non mi fanno stare bene, eventi dolorosi che hanno cambiato la mia vita e non riesco a gestirne le conseguenze; come genitore sono preoccupato per i miei figli e non so come aiutarli n\u00e8 come stare loro vicino; Le problematiche d\u2019ansia e depressive sono in evidente incremento, soprattutto dopo la pandemia. I giovani soprattutto dimostrano di essere stati danneggiati dalla condizione di isolamento in una fase gi\u00e0 delicata del loro percorso di crescita e individuazione. La loro disperata domanda di aiuto passa attraverso comportamenti dirompenti, autolesivi, di chiusura al mondo esterno e di difficili rapporti coi genitori.  Svolgo quindi colloqui in presenza o on-line Colloqui clinico-diagnostici Sostegno psicologico Psicoterapia sull\u2019ansia, disturbi dell\u2019umore, disturbo Ossessivo-compulsivo e di personalit\u00e0. Psicoterapia sui Disturbi alimentari Trattamento EMDR Colloqui per genitori e familiari  psicologa, psicoterapeuta rogersiana individuale, psicoterapeuta rogersiana di gruppo, psicoterapia, psicologia, psicoterapeuta , psicoterapia individuale, psicologia individuale, psicoterapia di gruppo, psicologia di gruppo, Psicologi, Psicoterapeuti, problematiche d\u2019ansia, problematiche depressive, Sostegno psicologico, psicoterapia on-line, psicologia on-line,  psicologa a Camposampiero, psicoterapeuta rogersiana individuale a Camposampiero, psicoterapeuta rogersiana di gruppo a Camposampiero, psicoterapia a Camposampiero, psicologia a Camposampiero, psicoterapeuta a Camposampiero , psicoterapia individuale a Camposampiero, psicologia individuale a Camposampiero, psicoterapia di gruppo a Camposampiero, psicologia di gruppo a Camposampiero, Psicologi a Camposampiero, Psicoterapeuti a Camposampiero, problematiche d\u2019ansia a Camposampiero, problematiche depressive a Camposampiero, Sostegno psicologico a Camposampiero,","og_url":"https:\/\/convenzioni.cralnetwork.it\/simguardiadifinanza\/prodotto\/dott-ssa-stefania-benozzo-psicologa-e-psicoterapeuta\/","og_site_name":"SIM Guardia di Finanza","article_modified_time":"2024-09-12T07:49:10+00:00","og_image":[{"width":300,"height":300,"url":"https:\/\/convenzioni.cralnetwork.it\/simguardiadifinanza\/wp-content\/uploads\/sites\/7\/2024\/06\/logo_Dott.ssa-Stefania-Benozzo.jpg","type":"image\/jpeg"}],"twitter_card":"summary_large_image","twitter_misc":{"Tempo di lettura stimato":"6 minuti"},"schema":{"@context":"https:\/\/schema.org","@graph":[{"@type":"WebPage","@id":"https:\/\/convenzioni.cralnetwork.it\/simguardiadifinanza\/prodotto\/dott-ssa-stefania-benozzo-psicologa-e-psicoterapeuta\/","url":"https:\/\/convenzioni.cralnetwork.it\/simguardiadifinanza\/prodotto\/dott-ssa-stefania-benozzo-psicologa-e-psicoterapeuta\/","name":"Dott.ssa Stefania Benozzo - Psicologa e Psicoterapeuta - SIM Guardia di Finanza","isPartOf":{"@id":"https:\/\/convenzioni.cralnetwork.it\/simguardiadifinanza\/#website"},"primaryImageOfPage":{"@id":"https:\/\/convenzioni.cralnetwork.it\/simguardiadifinanza\/prodotto\/dott-ssa-stefania-benozzo-psicologa-e-psicoterapeuta\/#primaryimage"},"image":{"@id":"https:\/\/convenzioni.cralnetwork.it\/simguardiadifinanza\/prodotto\/dott-ssa-stefania-benozzo-psicologa-e-psicoterapeuta\/#primaryimage"},"thumbnailUrl":"https:\/\/convenzioni.cralnetwork.it\/simguardiadifinanza\/wp-content\/uploads\/sites\/7\/2024\/06\/logo_Dott.ssa-Stefania-Benozzo.jpg","datePublished":"2024-06-26T14:42:49+00:00","dateModified":"2024-09-12T07:49:10+00:00","breadcrumb":{"@id":"https:\/\/convenzioni.cralnetwork.it\/simguardiadifinanza\/prodotto\/dott-ssa-stefania-benozzo-psicologa-e-psicoterapeuta\/#breadcrumb"},"inLanguage":"it-IT","potentialAction":[{"@type":"ReadAction","target":["https:\/\/convenzioni.cralnetwork.it\/simguardiadifinanza\/prodotto\/dott-ssa-stefania-benozzo-psicologa-e-psicoterapeuta\/"]}]},{"@type":"ImageObject","inLanguage":"it-IT","@id":"https:\/\/convenzioni.cralnetwork.it\/simguardiadifinanza\/prodotto\/dott-ssa-stefania-benozzo-psicologa-e-psicoterapeuta\/#primaryimage","url":"https:\/\/convenzioni.cralnetwork.it\/simguardiadifinanza\/wp-content\/uploads\/sites\/7\/2024\/06\/logo_Dott.ssa-Stefania-Benozzo.jpg","contentUrl":"https:\/\/convenzioni.cralnetwork.it\/simguardiadifinanza\/wp-content\/uploads\/sites\/7\/2024\/06\/logo_Dott.ssa-Stefania-Benozzo.jpg","width":300,"height":300},{"@type":"BreadcrumbList","@id":"https:\/\/convenzioni.cralnetwork.it\/simguardiadifinanza\/prodotto\/dott-ssa-stefania-benozzo-psicologa-e-psicoterapeuta\/#breadcrumb","itemListElement":[{"@type":"ListItem","position":1,"name":"Home","item":"https:\/\/convenzioni.cralnetwork.it\/simguardiadifinanza\/"},{"@type":"ListItem","position":2,"name":"Shop","item":"https:\/\/convenzioni.cralnetwork.it\/simguardiadifinanza\/negozio\/"},{"@type":"ListItem","position":3,"name":"Dott.ssa Stefania Benozzo &#8211; Psicologa e Psicoterapeuta"}]},{"@type":"WebSite","@id":"https:\/\/convenzioni.cralnetwork.it\/simguardiadifinanza\/#website","url":"https:\/\/convenzioni.cralnetwork.it\/simguardiadifinanza\/","name":"SIM Guardia di Finanza","description":"Area Convenzioni","potentialAction":[{"@type":"SearchAction","target":{"@type":"EntryPoint","urlTemplate":"https:\/\/convenzioni.cralnetwork.it\/simguardiadifinanza\/?s={search_term_string}"},"query-input":{"@type":"PropertyValueSpecification","valueRequired":true,"valueName":"search_term_string"}}],"inLanguage":"it-IT"}]}},"publishpress_future_workflow_manual_trigger":{"enabledWorkflows":[]},"_links":{"self":[{"href":"https:\/\/convenzioni.cralnetwork.it\/simguardiadifinanza\/wp-json\/wp\/v2\/product\/54114","targetHints":{"allow":["GET"]}}],"collection":[{"href":"https:\/\/convenzioni.cralnetwork.it\/simguardiadifinanza\/wp-json\/wp\/v2\/product"}],"about":[{"href":"https:\/\/convenzioni.cralnetwork.it\/simguardiadifinanza\/wp-json\/wp\/v2\/types\/product"}],"replies":[{"embeddable":true,"href":"https:\/\/convenzioni.cralnetwork.it\/simguardiadifinanza\/wp-json\/wp\/v2\/comments?post=54114"}],"version-history":[{"count":9,"href":"https:\/\/convenzioni.cralnetwork.it\/simguardiadifinanza\/wp-json\/wp\/v2\/product\/54114\/revisions"}],"predecessor-version":[{"id":59292,"href":"https:\/\/convenzioni.cralnetwork.it\/simguardiadifinanza\/wp-json\/wp\/v2\/product\/54114\/revisions\/59292"}],"wp:featuredmedia":[{"embeddable":true,"href":"https:\/\/convenzioni.cralnetwork.it\/simguardiadifinanza\/wp-json\/wp\/v2\/media\/57548"}],"wp:attachment":[{"href":"https:\/\/convenzioni.cralnetwork.it\/simguardiadifinanza\/wp-json\/wp\/v2\/media?parent=54114"}],"wp:term":[{"taxonomy":"product_brand","embeddable":true,"href":"https:\/\/convenzioni.cralnetwork.it\/simguardiadifinanza\/wp-json\/wp\/v2\/product_brand?post=54114"},{"taxonomy":"product_cat","embeddable":true,"href":"https:\/\/convenzioni.cralnetwork.it\/simguardiadifinanza\/wp-json\/wp\/v2\/product_cat?post=54114"},{"taxonomy":"product_tag","embeddable":true,"href":"https:\/\/convenzioni.cralnetwork.it\/simguardiadifinanza\/wp-json\/wp\/v2\/product_tag?post=54114"}],"curies":[{"name":"wp","href":"https:\/\/api.w.org\/{rel}","templated":true}]}}