{"id":46658,"date":"2024-04-17T17:18:45","date_gmt":"2024-04-17T15:18:45","guid":{"rendered":"https:\/\/convenzioni.cralnetwork.it\/simguardiadifinanza\/?post_type=product&#038;p=46658"},"modified":"2024-04-18T15:29:25","modified_gmt":"2024-04-18T13:29:25","slug":"dott-ssa-giulia-vannucci-psicologa-e-psicoterapeuta","status":"publish","type":"product","link":"https:\/\/convenzioni.cralnetwork.it\/simguardiadifinanza\/prodotto\/dott-ssa-giulia-vannucci-psicologa-e-psicoterapeuta\/","title":{"rendered":"Dott.ssa Giulia Vannucci &#8211; Psicologa e Psicoterapeuta"},"content":{"rendered":"\t\t<div data-elementor-type=\"wp-post\" data-elementor-id=\"46658\" class=\"elementor elementor-46658\">\n\t\t\t\t<div class=\"elementor-element elementor-element-2272182d e-flex e-con-boxed e-con e-parent\" data-id=\"2272182d\" data-element_type=\"container\" data-settings=\"{&quot;background_background&quot;:&quot;classic&quot;}\">\n\t\t\t\t\t<div class=\"e-con-inner\">\n\t\t\t\t<div class=\"elementor-element elementor-element-12ca394e elementor-widget elementor-widget-text-editor\" data-id=\"12ca394e\" data-element_type=\"widget\" data-widget_type=\"text-editor.default\">\n\t\t\t\t<div class=\"elementor-widget-container\">\n\t\t\t\t\t\t\t\t\t<p>Dott.ssa Giulia Vannucci<\/p>\t\t\t\t\t\t\t\t<\/div>\n\t\t\t\t<\/div>\n\t\t\t\t<div class=\"elementor-element elementor-element-15977de6 elementor-widget elementor-widget-text-editor\" data-id=\"15977de6\" data-element_type=\"widget\" data-widget_type=\"text-editor.default\">\n\t\t\t\t<div class=\"elementor-widget-container\">\n\t\t\t\t\t\t\t\t\t<p>Psicologa e Psicoterapeuta<\/p>\t\t\t\t\t\t\t\t<\/div>\n\t\t\t\t<\/div>\n\t\t\t\t<div class=\"elementor-element elementor-element-5219a794 elementor-widget elementor-widget-text-editor\" data-id=\"5219a794\" data-element_type=\"widget\" data-widget_type=\"text-editor.default\">\n\t\t\t\t<div class=\"elementor-widget-container\">\n\t\t\t\t\t\t\t\t\t<p>Consulenza psicologica\u00a0 \u2022\u00a0 Psicoterapia individuale<br \/>Psicoterapia di coppia e familiare\u00a0 \u2022\u00a0 Psicoterapia online<\/p>\t\t\t\t\t\t\t\t<\/div>\n\t\t\t\t<\/div>\n\t\t\t\t\t<\/div>\n\t\t\t\t<\/div>\n\t\t<div class=\"elementor-element elementor-element-35d822cd e-flex e-con-boxed e-con e-parent\" data-id=\"35d822cd\" data-element_type=\"container\" data-settings=\"{&quot;background_background&quot;:&quot;classic&quot;}\">\n\t\t\t\t\t<div class=\"e-con-inner\">\n\t\t<div class=\"elementor-element elementor-element-3d99dc94 e-con-full e-flex e-con e-child\" data-id=\"3d99dc94\" data-element_type=\"container\">\n\t\t\t\t<div class=\"elementor-element elementor-element-c311c6e elementor-widget elementor-widget-image\" data-id=\"c311c6e\" data-element_type=\"widget\" data-widget_type=\"image.default\">\n\t\t\t\t<div class=\"elementor-widget-container\">\n\t\t\t\t\t\t\t\t\t\t\t\t\t\t\t<img fetchpriority=\"high\" fetchpriority=\"high\" decoding=\"async\" width=\"364\" height=\"364\" src=\"https:\/\/convenzioni.cralnetwork.it\/simguardiadifinanza\/wp-content\/uploads\/sites\/7\/2024\/04\/tinywow_img-dottoressa-vannucci-giulia-1_53419823.png\" class=\"attachment-large size-large wp-image-46732\" alt=\"\" srcset=\"https:\/\/convenzioni.cralnetwork.it\/simguardiadifinanza\/wp-content\/uploads\/sites\/7\/2024\/04\/tinywow_img-dottoressa-vannucci-giulia-1_53419823.png 364w, https:\/\/convenzioni.cralnetwork.it\/simguardiadifinanza\/wp-content\/uploads\/sites\/7\/2024\/04\/tinywow_img-dottoressa-vannucci-giulia-1_53419823-300x300.png 300w, https:\/\/convenzioni.cralnetwork.it\/simguardiadifinanza\/wp-content\/uploads\/sites\/7\/2024\/04\/tinywow_img-dottoressa-vannucci-giulia-1_53419823-150x150.png 150w, https:\/\/convenzioni.cralnetwork.it\/simguardiadifinanza\/wp-content\/uploads\/sites\/7\/2024\/04\/tinywow_img-dottoressa-vannucci-giulia-1_53419823-100x100.png 100w\" sizes=\"(max-width: 364px) 100vw, 364px\" \/>\t\t\t\t\t\t\t\t\t\t\t\t\t\t\t<\/div>\n\t\t\t\t<\/div>\n\t\t\t\t<\/div>\n\t\t<div class=\"elementor-element elementor-element-51b55726 e-con-full e-flex e-con e-child\" data-id=\"51b55726\" data-element_type=\"container\">\n\t\t\t\t<div class=\"elementor-element elementor-element-775bf55b elementor-widget elementor-widget-text-editor\" data-id=\"775bf55b\" data-element_type=\"widget\" data-widget_type=\"text-editor.default\">\n\t\t\t\t<div class=\"elementor-widget-container\">\n\t\t\t\t\t\t\t\t\t<p>Chi sono<\/p>\t\t\t\t\t\t\t\t<\/div>\n\t\t\t\t<\/div>\n\t\t\t\t<div class=\"elementor-element elementor-element-14e31e28 elementor-widget elementor-widget-text-editor\" data-id=\"14e31e28\" data-element_type=\"widget\" data-widget_type=\"text-editor.default\">\n\t\t\t\t<div class=\"elementor-widget-container\">\n\t\t\t\t\t\t\t\t\t<p>Ho conseguito la laurea magistrale in \u201cPsicologia Clinica e della Salute\u201d presso l\u2019Universit\u00e0 degli Studi di Firenze nel 2014 (n. iscrizione Albo degli Psicologi della Toscana 7760).<br \/>Successivamente mi sono specializzata in Psicoterapia Relazionale Sistemica presso il Centro Studi e Applicazione della Psicologia Relazionale di Prato.<\/p>\t\t\t\t\t\t\t\t<\/div>\n\t\t\t\t<\/div>\n\t\t\t\t<\/div>\n\t\t\t\t\t<\/div>\n\t\t\t\t<\/div>\n\t\t<div class=\"elementor-element elementor-element-16399dad elementor-hidden-desktop e-flex e-con-boxed e-con e-parent\" data-id=\"16399dad\" data-element_type=\"container\">\n\t\t\t\t\t<div class=\"e-con-inner\">\n\t\t\t\t<div class=\"elementor-element elementor-element-74c01552 elementor-widget elementor-widget-text-editor\" data-id=\"74c01552\" data-element_type=\"widget\" data-widget_type=\"text-editor.default\">\n\t\t\t\t<div class=\"elementor-widget-container\">\n\t\t\t\t\t\t\t\t\t<p>Chi pu\u00f2 rivolgersi a me?<\/p>\t\t\t\t\t\t\t\t<\/div>\n\t\t\t\t<\/div>\n\t\t\t\t<div class=\"elementor-element elementor-element-3987ef75 elementor-widget elementor-widget-text-editor\" data-id=\"3987ef75\" data-element_type=\"widget\" data-widget_type=\"text-editor.default\">\n\t\t\t\t<div class=\"elementor-widget-container\">\n\t\t\t\t\t\t\t\t\t<p>Dal 2016 ad oggi svolgo la mia attivit\u00e0 in libera professione occupandomi di bambini, adolescenti, adulti, coppie e famiglie.<\/p><p>Dal 2019 ho iniziato a formarmi in modo pi\u00f9 dedicato anche al tema del trauma e della violenza di genere e, su questa linea formativa, ho acquisito il primo livello del corso di EMDR sia per adulti che per la fascia d\u2019et\u00e0 0-18.<\/p><p>Da anni sono anche impegnata attivamente nella conduzione di incontri di formazione\/sensibilizzazione a bambini e ragazzi delle scuole di ogni ordine e grado su vari temi, quali ad es.: educazione emotiva; sviluppo delle competenze socio-relazionali; stereotipi di genere; dipendenza e salute digitale.<\/p>\t\t\t\t\t\t\t\t<\/div>\n\t\t\t\t<\/div>\n\t\t\t\t<div class=\"elementor-element elementor-element-d00600e elementor-widget elementor-widget-image\" data-id=\"d00600e\" data-element_type=\"widget\" data-widget_type=\"image.default\">\n\t\t\t\t<div class=\"elementor-widget-container\">\n\t\t\t\t\t\t\t\t\t\t\t\t\t\t\t<img decoding=\"async\" width=\"640\" height=\"475\" src=\"https:\/\/convenzioni.cralnetwork.it\/simguardiadifinanza\/wp-content\/uploads\/sites\/7\/2024\/04\/img-dottoressa-vannucci-giulia-2.jpg\" class=\"attachment-large size-large wp-image-46744\" alt=\"\" srcset=\"https:\/\/convenzioni.cralnetwork.it\/simguardiadifinanza\/wp-content\/uploads\/sites\/7\/2024\/04\/img-dottoressa-vannucci-giulia-2.jpg 640w, https:\/\/convenzioni.cralnetwork.it\/simguardiadifinanza\/wp-content\/uploads\/sites\/7\/2024\/04\/img-dottoressa-vannucci-giulia-2-480x356.jpg 480w\" sizes=\"(min-width: 0px) and (max-width: 480px) 480px, (min-width: 481px) 640px, 100vw\" \/>\t\t\t\t\t\t\t\t\t\t\t\t\t\t\t<\/div>\n\t\t\t\t<\/div>\n\t\t\t\t\t<\/div>\n\t\t\t\t<\/div>\n\t\t<div class=\"elementor-element elementor-element-153a81d1 elementor-hidden-tablet elementor-hidden-mobile e-flex e-con-boxed e-con e-parent\" data-id=\"153a81d1\" data-element_type=\"container\">\n\t\t\t\t\t<div class=\"e-con-inner\">\n\t\t<div class=\"elementor-element elementor-element-194944 e-con-full e-flex e-con e-child\" data-id=\"194944\" data-element_type=\"container\">\n\t\t\t\t<div class=\"elementor-element elementor-element-7a38321 elementor-widget elementor-widget-text-editor\" data-id=\"7a38321\" data-element_type=\"widget\" data-widget_type=\"text-editor.default\">\n\t\t\t\t<div class=\"elementor-widget-container\">\n\t\t\t\t\t\t\t\t\t<p>Chi pu\u00f2 rivolgersi a me?<\/p>\t\t\t\t\t\t\t\t<\/div>\n\t\t\t\t<\/div>\n\t\t\t\t<div class=\"elementor-element elementor-element-4f0a6ce4 elementor-widget elementor-widget-text-editor\" data-id=\"4f0a6ce4\" data-element_type=\"widget\" data-widget_type=\"text-editor.default\">\n\t\t\t\t<div class=\"elementor-widget-container\">\n\t\t\t\t\t\t\t\t\t<p>Dal 2016 ad oggi svolgo la mia attivit\u00e0 in libera professione occupandomi di bambini, adolescenti, adulti, coppie e famiglie.<\/p><p>Dal 2019 ho iniziato a formarmi in modo pi\u00f9 dedicato anche al tema del trauma e della violenza di genere e, su questa linea formativa, ho acquisito il primo livello del corso di EMDR sia per adulti che per la fascia d\u2019et\u00e0 0-18.<\/p><p>Da anni sono anche impegnata attivamente nella conduzione di incontri di formazione\/sensibilizzazione a bambini e ragazzi delle scuole di ogni ordine e grado su vari temi, quali ad es.: educazione emotiva; sviluppo delle competenze socio-relazionali; stereotipi di genere; dipendenza e salute digitale.<\/p>\t\t\t\t\t\t\t\t<\/div>\n\t\t\t\t<\/div>\n\t\t\t\t<\/div>\n\t\t<div class=\"elementor-element elementor-element-7c82a29e e-con-full e-flex e-con e-child\" data-id=\"7c82a29e\" data-element_type=\"container\" data-settings=\"{&quot;background_background&quot;:&quot;classic&quot;}\">\n\t\t\t\t<\/div>\n\t\t\t\t\t<\/div>\n\t\t\t\t<\/div>\n\t\t<div class=\"elementor-element elementor-element-7a9e0a83 e-flex e-con-boxed e-con e-parent\" data-id=\"7a9e0a83\" data-element_type=\"container\" data-settings=\"{&quot;background_background&quot;:&quot;classic&quot;}\">\n\t\t\t\t\t<div class=\"e-con-inner\">\n\t\t<div class=\"elementor-element elementor-element-1051e60 e-flex e-con-boxed e-con e-child\" data-id=\"1051e60\" data-element_type=\"container\" data-settings=\"{&quot;background_background&quot;:&quot;classic&quot;}\">\n\t\t\t\t\t<div class=\"e-con-inner\">\n\t\t\t\t<div class=\"elementor-element elementor-element-1f5d7506 elementor-widget elementor-widget-text-editor\" data-id=\"1f5d7506\" data-element_type=\"widget\" data-widget_type=\"text-editor.default\">\n\t\t\t\t<div class=\"elementor-widget-container\">\n\t\t\t\t\t\t\t\t\t<p>\u201c\u00c8 sorprendente il modo in cui i problemi che sembravano insolubili<br \/>diventano risolvibili quando qualcuno ti ascolta\u201d<\/p>\t\t\t\t\t\t\t\t<\/div>\n\t\t\t\t<\/div>\n\t\t\t\t<div class=\"elementor-element elementor-element-9bf0cb5 elementor-widget elementor-widget-text-editor\" data-id=\"9bf0cb5\" data-element_type=\"widget\" data-widget_type=\"text-editor.default\">\n\t\t\t\t<div class=\"elementor-widget-container\">\n\t\t\t\t\t\t\t\t\t<p>&#8211; Carl Rogers<\/p>\t\t\t\t\t\t\t\t<\/div>\n\t\t\t\t<\/div>\n\t\t\t\t\t<\/div>\n\t\t\t\t<\/div>\n\t\t\t\t\t<\/div>\n\t\t\t\t<\/div>\n\t\t<div class=\"elementor-element elementor-element-20655a48 elementor-hidden-desktop e-flex e-con-boxed e-con e-parent\" data-id=\"20655a48\" data-element_type=\"container\">\n\t\t\t\t\t<div class=\"e-con-inner\">\n\t\t\t\t<div class=\"elementor-element elementor-element-50319e07 elementor-widget elementor-widget-text-editor\" data-id=\"50319e07\" data-element_type=\"widget\" data-widget_type=\"text-editor.default\">\n\t\t\t\t<div class=\"elementor-widget-container\">\n\t\t\t\t\t\t\t\t\t<p>Il percorso psicoterapeutico<\/p>\t\t\t\t\t\t\t\t<\/div>\n\t\t\t\t<\/div>\n\t\t\t\t<div class=\"elementor-element elementor-element-e270fca elementor-widget elementor-widget-text-editor\" data-id=\"e270fca\" data-element_type=\"widget\" data-widget_type=\"text-editor.default\">\n\t\t\t\t<div class=\"elementor-widget-container\">\n\t\t\t\t\t\t\t\t\t<p>La psicoterapia \u00e8 infatti quel viaggio che permette l\u2019acquisizione di nuove prospettive, prima sconosciute, grazie agli occhi e alle parole di un professionista che con pazienza e dedizione accoglie dubbi, nodi e sofferenze.<\/p><p>Iniziare un percorso psicoterapeutico \u00e8 il pi\u00f9 grande atto di coraggio ed amore verso noi stessi; per questo non esiste un tempo giusto per arrivare in terapia, esiste il proprio e fa spesso i conti con pregiudizi, difese e paure.<br \/>Sulla base di queste premesse, nella mia pratica clinica quotidiana, intervengo attraverso l\u2019elaborazione di percorsi terapeutici \u201cad personam\u201d, basati su quelle che sono le problematiche, le richieste e le risorse dei pazienti che di volta in volta mi trovo davanti; partendo dalla ferma convinzione che non esista un modo univoco di promuovere e ottenere la guarigione psichica.<\/p>\t\t\t\t\t\t\t\t<\/div>\n\t\t\t\t<\/div>\n\t\t<div class=\"elementor-element elementor-element-42873163 e-flex e-con-boxed e-con e-child\" data-id=\"42873163\" data-element_type=\"container\" data-settings=\"{&quot;background_background&quot;:&quot;classic&quot;}\">\n\t\t\t\t\t<div class=\"e-con-inner\">\n\t\t\t\t\t<\/div>\n\t\t\t\t<\/div>\n\t\t\t\t\t<\/div>\n\t\t\t\t<\/div>\n\t\t<div class=\"elementor-element elementor-element-4b215cb9 elementor-hidden-tablet elementor-hidden-mobile e-flex e-con-boxed e-con e-parent\" data-id=\"4b215cb9\" data-element_type=\"container\">\n\t\t\t\t\t<div class=\"e-con-inner\">\n\t\t<div class=\"elementor-element elementor-element-b0347e9 e-con-full e-flex e-con e-child\" data-id=\"b0347e9\" data-element_type=\"container\">\n\t\t\t\t<div class=\"elementor-element elementor-element-20d611c2 elementor-widget elementor-widget-text-editor\" data-id=\"20d611c2\" data-element_type=\"widget\" data-widget_type=\"text-editor.default\">\n\t\t\t\t<div class=\"elementor-widget-container\">\n\t\t\t\t\t\t\t\t\t<p>Il percorso psicoterapeutico<\/p>\t\t\t\t\t\t\t\t<\/div>\n\t\t\t\t<\/div>\n\t\t\t\t<div class=\"elementor-element elementor-element-4f66cfe2 elementor-widget elementor-widget-text-editor\" data-id=\"4f66cfe2\" data-element_type=\"widget\" data-widget_type=\"text-editor.default\">\n\t\t\t\t<div class=\"elementor-widget-container\">\n\t\t\t\t\t\t\t\t\t<p>La psicoterapia \u00e8 infatti quel viaggio che permette l\u2019acquisizione di nuove prospettive, prima sconosciute, grazie agli occhi e alle parole di un professionista che con pazienza e dedizione accoglie dubbi, nodi e sofferenze.<\/p><p>Iniziare un percorso psicoterapeutico \u00e8 il pi\u00f9 grande atto di coraggio ed amore verso noi stessi; per questo non esiste un tempo giusto per arrivare in terapia, esiste il proprio e fa spesso i conti con pregiudizi, difese e paure.<br \/>Sulla base di queste premesse, nella mia pratica clinica quotidiana, intervengo attraverso l\u2019elaborazione di percorsi terapeutici \u201cad personam\u201d, basati su quelle che sono le problematiche, le richieste e le risorse dei pazienti che di volta in volta mi trovo davanti; partendo dalla ferma convinzione che non esista un modo univoco di promuovere e ottenere la guarigione psichica.<\/p>\t\t\t\t\t\t\t\t<\/div>\n\t\t\t\t<\/div>\n\t\t\t\t<\/div>\n\t\t<div class=\"elementor-element elementor-element-651d2628 e-con-full e-flex e-con e-child\" data-id=\"651d2628\" data-element_type=\"container\" data-settings=\"{&quot;background_background&quot;:&quot;classic&quot;}\">\n\t\t\t\t<\/div>\n\t\t\t\t\t<\/div>\n\t\t\t\t<\/div>\n\t\t<div class=\"elementor-element elementor-element-72ef52a1 elementor-hidden-desktop e-flex e-con-boxed e-con e-parent\" data-id=\"72ef52a1\" data-element_type=\"container\" data-settings=\"{&quot;background_background&quot;:&quot;classic&quot;}\">\n\t\t\t\t\t<div class=\"e-con-inner\">\n\t\t\t\t<div class=\"elementor-element elementor-element-5c3e28c0 elementor-widget elementor-widget-text-editor\" data-id=\"5c3e28c0\" data-element_type=\"widget\" data-widget_type=\"text-editor.default\">\n\t\t\t\t<div class=\"elementor-widget-container\">\n\t\t\t\t\t\t\t\t\t<p>Tematiche trattate<\/p>\t\t\t\t\t\t\t\t<\/div>\n\t\t\t\t<\/div>\n\t\t\t\t<div class=\"elementor-element elementor-element-7c20c537 elementor-widget elementor-widget-text-editor\" data-id=\"7c20c537\" data-element_type=\"widget\" data-widget_type=\"text-editor.default\">\n\t\t\t\t<div class=\"elementor-widget-container\">\n\t\t\t\t\t\t\t\t\t<p>Trattamento post traumatico, Disturbi del comportamento alimentare, Violenza di genere, Disturbi d\u2019ansia, Elaborazione del lutto traumatico, Dipendenza affettiva, Disturbi di personalit\u00e0, Sostegno alla genitorialit\u00e0, Conflittualit\u00e0 di coppia, Problematiche adolescenziali, Rabbia ed aggressivit\u00e0, Burnout, Disturbi dell\u2019umore<\/p>\t\t\t\t\t\t\t\t<\/div>\n\t\t\t\t<\/div>\n\t\t\t\t\t<\/div>\n\t\t\t\t<\/div>\n\t\t<div class=\"elementor-element elementor-element-60b97ed6 elementor-hidden-desktop e-flex e-con-boxed e-con e-parent\" data-id=\"60b97ed6\" data-element_type=\"container\" data-settings=\"{&quot;background_background&quot;:&quot;classic&quot;}\">\n\t\t\t\t\t<div class=\"e-con-inner\">\n\t\t\t\t<div class=\"elementor-element elementor-element-36f176bc elementor-widget elementor-widget-text-editor\" data-id=\"36f176bc\" data-element_type=\"widget\" data-widget_type=\"text-editor.default\">\n\t\t\t\t<div class=\"elementor-widget-container\">\n\t\t\t\t\t\t\t\t\t<p>Agevolazioni riservate agli associati<br \/>SIM Guardia di Finanza e i loro familiari<\/p>\t\t\t\t\t\t\t\t<\/div>\n\t\t\t\t<\/div>\n\t\t\t\t\t<\/div>\n\t\t\t\t<\/div>\n\t\t<div class=\"elementor-element elementor-element-55a818bd e-con-full elementor-hidden-tablet elementor-hidden-mobile e-flex e-con e-parent\" data-id=\"55a818bd\" data-element_type=\"container\">\n\t\t<div class=\"elementor-element elementor-element-5ba62c0 e-con-full e-flex e-con e-child\" data-id=\"5ba62c0\" data-element_type=\"container\" data-settings=\"{&quot;background_background&quot;:&quot;classic&quot;}\">\n\t\t\t\t<div class=\"elementor-element elementor-element-568af435 elementor-widget elementor-widget-text-editor\" data-id=\"568af435\" data-element_type=\"widget\" data-widget_type=\"text-editor.default\">\n\t\t\t\t<div class=\"elementor-widget-container\">\n\t\t\t\t\t\t\t\t\t<p>Tematiche trattate<\/p>\t\t\t\t\t\t\t\t<\/div>\n\t\t\t\t<\/div>\n\t\t\t\t<div class=\"elementor-element elementor-element-52dd3f66 elementor-widget elementor-widget-text-editor\" data-id=\"52dd3f66\" data-element_type=\"widget\" data-widget_type=\"text-editor.default\">\n\t\t\t\t<div class=\"elementor-widget-container\">\n\t\t\t\t\t\t\t\t\t<p>Trattamento post traumatico, Disturbi del comportamento alimentare, Violenza di genere, Disturbi d\u2019ansia, Elaborazione del lutto traumatico, Dipendenza affettiva, Disturbi di personalit\u00e0, Sostegno alla genitorialit\u00e0, Conflittualit\u00e0 di coppia, Problematiche adolescenziali, Rabbia ed aggressivit\u00e0, Burnout, Disturbi dell\u2019umore<\/p>\t\t\t\t\t\t\t\t<\/div>\n\t\t\t\t<\/div>\n\t\t\t\t<\/div>\n\t\t<div class=\"elementor-element elementor-element-6ad01299 e-con-full e-flex e-con e-child\" data-id=\"6ad01299\" data-element_type=\"container\" data-settings=\"{&quot;background_background&quot;:&quot;classic&quot;}\">\n\t\t\t\t<div class=\"elementor-element elementor-element-6585244f elementor-widget elementor-widget-text-editor\" data-id=\"6585244f\" data-element_type=\"widget\" data-widget_type=\"text-editor.default\">\n\t\t\t\t<div class=\"elementor-widget-container\">\n\t\t\t\t\t\t\t\t\t<p>Agevolazioni riservate agli associati<br \/>SIM Guardia di Finanza<br \/>e i loro familiari<\/p>\t\t\t\t\t\t\t\t<\/div>\n\t\t\t\t<\/div>\n\t\t\t\t<\/div>\n\t\t\t\t<\/div>\n\t\t<div class=\"elementor-element elementor-element-b37a903 elementor-hidden-desktop e-flex e-con-boxed e-con e-parent\" data-id=\"b37a903\" data-element_type=\"container\">\n\t\t\t\t\t<div class=\"e-con-inner\">\n\t\t\t\t<div class=\"elementor-element elementor-element-1fc3d9e4 elementor-widget elementor-widget-text-editor\" data-id=\"1fc3d9e4\" data-element_type=\"widget\" data-widget_type=\"text-editor.default\">\n\t\t\t\t<div class=\"elementor-widget-container\">\n\t\t\t\t\t\t\t\t\t<p>Contatti<\/p>\t\t\t\t\t\t\t\t<\/div>\n\t\t\t\t<\/div>\n\t\t\t\t<div class=\"elementor-element elementor-element-64f37af5 elementor-widget elementor-widget-text-editor\" data-id=\"64f37af5\" data-element_type=\"widget\" data-widget_type=\"text-editor.default\">\n\t\t\t\t<div class=\"elementor-widget-container\">\n\t\t\t\t\t\t\t\t\t<p><strong>Sede 1:<\/strong> Corso Gramsci, 60 \u2013 51100 Pistoia (PT)<br \/><strong>Sede 2:<\/strong> Via Pesciatina 157\/159 \u2013 55100 Lucca (LU)<br \/><strong>Telefono:<\/strong> +39 392 0762804<br \/><strong>Mail:<\/strong> <a href=\"mailto:giulia.vannucci01@tiscali.it\">giulia.vannucci01@tiscali.it<\/a><\/p>\t\t\t\t\t\t\t\t<\/div>\n\t\t\t\t<\/div>\n\t\t\t\t<div class=\"elementor-element elementor-element-10a7c459 elementor-shape-circle e-grid-align-left elementor-grid-0 elementor-widget elementor-widget-social-icons\" data-id=\"10a7c459\" data-element_type=\"widget\" data-widget_type=\"social-icons.default\">\n\t\t\t\t<div class=\"elementor-widget-container\">\n\t\t\t\t\t\t\t<div class=\"elementor-social-icons-wrapper elementor-grid\">\n\t\t\t\t\t\t\t<span class=\"elementor-grid-item\">\n\t\t\t\t\t<a class=\"elementor-icon elementor-social-icon elementor-social-icon-instagram elementor-repeater-item-1539373\" href=\"https:\/\/www.instagram.com\/dott.ssa_giuliavannucci\/\" target=\"_blank\">\n\t\t\t\t\t\t<span class=\"elementor-screen-only\">Instagram<\/span>\n\t\t\t\t\t\t<svg aria-hidden=\"true\" class=\"e-font-icon-svg e-fab-instagram\" viewBox=\"0 0 448 512\" xmlns=\"http:\/\/www.w3.org\/2000\/svg\"><path d=\"M224.1 141c-63.6 0-114.9 51.3-114.9 114.9s51.3 114.9 114.9 114.9S339 319.5 339 255.9 287.7 141 224.1 141zm0 189.6c-41.1 0-74.7-33.5-74.7-74.7s33.5-74.7 74.7-74.7 74.7 33.5 74.7 74.7-33.6 74.7-74.7 74.7zm146.4-194.3c0 14.9-12 26.8-26.8 26.8-14.9 0-26.8-12-26.8-26.8s12-26.8 26.8-26.8 26.8 12 26.8 26.8zm76.1 27.2c-1.7-35.9-9.9-67.7-36.2-93.9-26.2-26.2-58-34.4-93.9-36.2-37-2.1-147.9-2.1-184.9 0-35.8 1.7-67.6 9.9-93.9 36.1s-34.4 58-36.2 93.9c-2.1 37-2.1 147.9 0 184.9 1.7 35.9 9.9 67.7 36.2 93.9s58 34.4 93.9 36.2c37 2.1 147.9 2.1 184.9 0 35.9-1.7 67.7-9.9 93.9-36.2 26.2-26.2 34.4-58 36.2-93.9 2.1-37 2.1-147.8 0-184.8zM398.8 388c-7.8 19.6-22.9 34.7-42.6 42.6-29.5 11.7-99.5 9-132.1 9s-102.7 2.6-132.1-9c-19.6-7.8-34.7-22.9-42.6-42.6-11.7-29.5-9-99.5-9-132.1s-2.6-102.7 9-132.1c7.8-19.6 22.9-34.7 42.6-42.6 29.5-11.7 99.5-9 132.1-9s102.7-2.6 132.1 9c19.6 7.8 34.7 22.9 42.6 42.6 11.7 29.5 9 99.5 9 132.1s2.7 102.7-9 132.1z\"><\/path><\/svg>\t\t\t\t\t<\/a>\n\t\t\t\t<\/span>\n\t\t\t\t\t<\/div>\n\t\t\t\t\t\t<\/div>\n\t\t\t\t<\/div>\n\t\t\t\t<div class=\"elementor-element elementor-element-4e499c40 elementor-widget elementor-widget-text-editor\" data-id=\"4e499c40\" data-element_type=\"widget\" data-widget_type=\"text-editor.default\">\n\t\t\t\t<div class=\"elementor-widget-container\">\n\t\t\t\t\t\t\t\t\t<p><div id=\"gmw-single-object-locations-wrapper-434\" class=\"gmw-element-wrapper gmw-single-location-wrapper gmw-sl-wrapper gmw-sl-single-post-wrapper post gmw-sl-multiple-locations\" object_type=\"post\" object_id=\"\"  style=\"width:100%\"><div class=\"gmw-sl-map-wrapper\"><div id=\"gmw-map-wrapper-434\" class=\"gmw-map-wrapper  sl single_location \" style=\"width:100%;height:280px;\"> <span id=\"gmw-resize-map-toggle-434\" class=\"gmw-resize-map-toggle gmw-icon-resize-full\" style=\"display:none;\" title=\"Resize map\"><\/span> <div id=\"gmw-map-loader-434\" class=\"gmw-map-loader\"><\/div> <div id=\"gmw-map-434\" class=\"gmw-map sl single_location\" style=\"width:100%; height:100%\" data-map_id=\"434\" data-prefix=\"sl\" data-map_type=\"single_location\" data-icons_usage=\"global\"><\/div> <\/div><\/div><\/div><\/p>\t\t\t\t\t\t\t\t<\/div>\n\t\t\t\t<\/div>\n\t\t\t\t\t<\/div>\n\t\t\t\t<\/div>\n\t\t<div class=\"elementor-element elementor-element-618fa59f elementor-hidden-tablet elementor-hidden-mobile e-flex e-con-boxed e-con e-parent\" data-id=\"618fa59f\" data-element_type=\"container\">\n\t\t\t\t\t<div class=\"e-con-inner\">\n\t\t<div class=\"elementor-element elementor-element-67a948b2 e-con-full e-flex e-con e-child\" data-id=\"67a948b2\" data-element_type=\"container\">\n\t\t\t\t<div class=\"elementor-element elementor-element-12ba1145 elementor-widget elementor-widget-text-editor\" data-id=\"12ba1145\" data-element_type=\"widget\" data-widget_type=\"text-editor.default\">\n\t\t\t\t<div class=\"elementor-widget-container\">\n\t\t\t\t\t\t\t\t\t<p>Contatti<\/p>\t\t\t\t\t\t\t\t<\/div>\n\t\t\t\t<\/div>\n\t\t\t\t<div class=\"elementor-element elementor-element-4672ea9a elementor-widget elementor-widget-text-editor\" data-id=\"4672ea9a\" data-element_type=\"widget\" data-widget_type=\"text-editor.default\">\n\t\t\t\t<div class=\"elementor-widget-container\">\n\t\t\t\t\t\t\t\t\t<p><strong>Sede 1:<\/strong> Corso Gramsci, 60 \u2013 51100 Pistoia (PT)<br \/><strong>Sede 2:<\/strong> Via Pesciatina 157\/159 \u2013 55100 Lucca (LU)<br \/><strong>Telefono:<\/strong> +39 392 0762804<br \/><strong>Mail:<\/strong> <a href=\"mailto:giulia.vannucci01@tiscali.it\">giulia.vannucci01@tiscali.it<\/a><\/p>\t\t\t\t\t\t\t\t<\/div>\n\t\t\t\t<\/div>\n\t\t\t\t<div class=\"elementor-element elementor-element-42c24c0a elementor-shape-circle e-grid-align-left elementor-grid-0 elementor-widget elementor-widget-social-icons\" data-id=\"42c24c0a\" data-element_type=\"widget\" data-widget_type=\"social-icons.default\">\n\t\t\t\t<div class=\"elementor-widget-container\">\n\t\t\t\t\t\t\t<div class=\"elementor-social-icons-wrapper elementor-grid\">\n\t\t\t\t\t\t\t<span class=\"elementor-grid-item\">\n\t\t\t\t\t<a class=\"elementor-icon elementor-social-icon elementor-social-icon-instagram elementor-repeater-item-1539373\" href=\"https:\/\/www.instagram.com\/dott.ssa_giuliavannucci\/\" target=\"_blank\">\n\t\t\t\t\t\t<span class=\"elementor-screen-only\">Instagram<\/span>\n\t\t\t\t\t\t<svg aria-hidden=\"true\" class=\"e-font-icon-svg e-fab-instagram\" viewBox=\"0 0 448 512\" xmlns=\"http:\/\/www.w3.org\/2000\/svg\"><path d=\"M224.1 141c-63.6 0-114.9 51.3-114.9 114.9s51.3 114.9 114.9 114.9S339 319.5 339 255.9 287.7 141 224.1 141zm0 189.6c-41.1 0-74.7-33.5-74.7-74.7s33.5-74.7 74.7-74.7 74.7 33.5 74.7 74.7-33.6 74.7-74.7 74.7zm146.4-194.3c0 14.9-12 26.8-26.8 26.8-14.9 0-26.8-12-26.8-26.8s12-26.8 26.8-26.8 26.8 12 26.8 26.8zm76.1 27.2c-1.7-35.9-9.9-67.7-36.2-93.9-26.2-26.2-58-34.4-93.9-36.2-37-2.1-147.9-2.1-184.9 0-35.8 1.7-67.6 9.9-93.9 36.1s-34.4 58-36.2 93.9c-2.1 37-2.1 147.9 0 184.9 1.7 35.9 9.9 67.7 36.2 93.9s58 34.4 93.9 36.2c37 2.1 147.9 2.1 184.9 0 35.9-1.7 67.7-9.9 93.9-36.2 26.2-26.2 34.4-58 36.2-93.9 2.1-37 2.1-147.8 0-184.8zM398.8 388c-7.8 19.6-22.9 34.7-42.6 42.6-29.5 11.7-99.5 9-132.1 9s-102.7 2.6-132.1-9c-19.6-7.8-34.7-22.9-42.6-42.6-11.7-29.5-9-99.5-9-132.1s-2.6-102.7 9-132.1c7.8-19.6 22.9-34.7 42.6-42.6 29.5-11.7 99.5-9 132.1-9s102.7-2.6 132.1 9c19.6 7.8 34.7 22.9 42.6 42.6 11.7 29.5 9 99.5 9 132.1s2.7 102.7-9 132.1z\"><\/path><\/svg>\t\t\t\t\t<\/a>\n\t\t\t\t<\/span>\n\t\t\t\t\t<\/div>\n\t\t\t\t\t\t<\/div>\n\t\t\t\t<\/div>\n\t\t\t\t<\/div>\n\t\t<div class=\"elementor-element elementor-element-25c643d6 e-con-full e-flex e-con e-child\" data-id=\"25c643d6\" data-element_type=\"container\">\n\t\t\t\t<div class=\"elementor-element elementor-element-995ee09 elementor-widget elementor-widget-text-editor\" data-id=\"995ee09\" data-element_type=\"widget\" data-widget_type=\"text-editor.default\">\n\t\t\t\t<div class=\"elementor-widget-container\">\n\t\t\t\t\t\t\t\t\t<p><div id=\"gmw-single-object-locations-wrapper-335\" class=\"gmw-element-wrapper gmw-single-location-wrapper gmw-sl-wrapper gmw-sl-single-post-wrapper post gmw-sl-multiple-locations\" object_type=\"post\" object_id=\"\"  style=\"width:100%\"><div class=\"gmw-sl-map-wrapper\"><div id=\"gmw-map-wrapper-335\" class=\"gmw-map-wrapper  sl single_location \" style=\"width:100%;height:280px;\"> <span id=\"gmw-resize-map-toggle-335\" class=\"gmw-resize-map-toggle gmw-icon-resize-full\" style=\"display:none;\" title=\"Resize map\"><\/span> <div id=\"gmw-map-loader-335\" class=\"gmw-map-loader\"><\/div> <div id=\"gmw-map-335\" class=\"gmw-map sl single_location\" style=\"width:100%; height:100%\" data-map_id=\"335\" data-prefix=\"sl\" data-map_type=\"single_location\" data-icons_usage=\"global\"><\/div> <\/div><\/div><\/div><\/p>\t\t\t\t\t\t\t\t<\/div>\n\t\t\t\t<\/div>\n\t\t\t\t<\/div>\n\t\t\t\t\t<\/div>\n\t\t\t\t<\/div>\n\t\t\t\t<\/div>\n\t\t","protected":false},"excerpt":{"rendered":"<div style=\"display: none;\">Chi sono<br \/>\nHo conseguito la laurea magistrale in \u201cPsicologia Clinica e della Salute\u201d presso l\u2019Universit\u00e0 degli Studi di Firenze nel 2014 (n. iscrizione Albo degli Psicologi della Toscana 7760).<br \/>\nSuccessivamente mi sono specializzata in Psicoterapia Relazionale Sistemica presso il Centro Studi e Applicazione della Psicologia Relazionale di Prato.Chi pu\u00f2 rivolgersi a me<br \/>\nDal 2016 ad oggi svolgo la mia attivit\u00e0 in libera professione occupandomi di bambini, adolescenti, adulti, coppie e famiglie.Dal 2019 ho iniziato a formarmi in modo pi\u00f9 dedicato anche al tema del trauma e della violenza di genere e, su questa linea formativa, ho acquisito il primo livello del corso di EMDR sia per adulti che per la fascia d\u2019et\u00e0 0-18.<\/p>\n<p>Da anni sono anche impegnata attivamente nella conduzione di incontri di formazione\/sensibilizzazione a bambini e ragazzi delle scuole di ogni ordine e grado su vari temi, quali ad es.: educazione emotiva; sviluppo delle competenze socio-relazionali; stereotipi di genere; dipendenza e salute digitale.<\/p>\n<p>Il percorso psicoterapeutico<br \/>\n\u201c\u00c8 sorprendente il modo in cui i problemi che sembravano insolubili diventano<br \/>\nrisolvibili quando qualcuno ti ascolta\u201d diceva Carl Rogers.<\/p>\n<p>La psicoterapia \u00e8 infatti quel viaggio che permette l\u2019acquisizione di nuove prospettive, prima sconosciute, grazie agli occhi e alle parole di un professionista che con pazienza e dedizione accoglie dubbi, nodi e sofferenze.<\/p>\n<p>Iniziare un percorso psicoterapeutico \u00e8 il pi\u00f9 grande atto di coraggio ed amore verso noi stessi; per questo non esiste un tempo giusto per arrivare in terapia, esiste il proprio e fa spesso i conti con pregiudizi, difese e paure.<br \/>\nSulla base di queste premesse, nella mia pratica clinica quotidiana, intervengo attraverso l\u2019elaborazione di percorsi terapeutici \u201cad personam\u201d, basati su quelle che sono le problematiche, le richieste e le risorse dei pazienti che di volta in volta mi trovo davanti; partendo dalla ferma convinzione che non esista un modo univoco di promuovere e ottenere la guarigione psichica.<\/p>\n<p>psicologa, psicologia, psicologia, psicoterapia, psicoterapeuti, psicoterapia, psicoterapeuta, sostegno psicologico, percorso psicoterapeutico, percorsi psicoterapeutici, benessere, aiuto, sostegno<\/p>\n<p>psicologa a Pistoia, psicologia a Pistoia, psicologia a Pistoia, psicoterapia a Pistoia, psicoterapeuti a Pistoia, psicoterapia a Pistoia, psicoterapeuta a Pistoia, sostegno psicologico a Pistoia, percorso psicoterapeutico a Pistoia, percorsi psicoterapeutici a Pistoia<\/p>\n<p>psicologa Pistoia, psicologia Pistoia, psicologia Pistoia, psicoterapia Pistoia, psicoterapeuti Pistoia, psicoterapia Pistoia, psicoterapeuta Pistoia, sostegno psicologico Pistoia, percorso psicoterapeutico Pistoia, percorsi psicoterapeutici Pistoia<\/p>\n<p>psicologa a Lucca, psicologia a Lucca, psicologia a Lucca, psicoterapia a Lucca, psicoterapeuti a Lucca, psicoterapia a Lucca, psicoterapeuta a Lucca, sostegno psicologico a Lucca, percorso psicoterapeutico a Lucca, percorsi psicoterapeutici a Lucca<\/p>\n<p>psicologa Lucca, psicologia Lucca, psicologia Lucca, psicoterapia Lucca, psicoterapeuti Lucca, psicoterapia Lucca, psicoterapeuta Lucca, sostegno psicologico Lucca, percorso psicoterapeutico Lucca, percorsi psicoterapeutici Lucca<\/p>\n<\/div>\n","protected":false},"featured_media":46659,"comment_status":"closed","ping_status":"closed","template":"elementor_header_footer","meta":{"_acf_changed":false,"_et_pb_use_builder":"","_et_pb_old_content":"","_et_gb_content_width":""},"product_brand":[],"product_cat":[568,569,408],"product_tag":[10603,1117,10602,8960,776,777,805,876,832,1875,1230],"class_list":{"0":"post-46658","1":"product","2":"type-product","3":"status-publish","4":"has-post-thumbnail","6":"product_cat-psicologi","7":"product_cat-psicoterapeuti","8":"product_cat-salute","9":"product_tag-aiuto","10":"product_tag-benessere","11":"product_tag-percorsi-psicoterapeutici","12":"product_tag-percorso-psicoterapeutico","13":"product_tag-psicologa","14":"product_tag-psicologia","15":"product_tag-psicoterapeuta","16":"product_tag-psicoterapeuti","17":"product_tag-psicoterapia","18":"product_tag-sostegno","19":"product_tag-sostegno-psicologico","21":"first","22":"instock","23":"shipping-taxable","24":"product-type-simple"},"acf":[],"yoast_head":"<!-- This site is optimized with the Yoast SEO plugin v26.4 - https:\/\/yoast.com\/wordpress\/plugins\/seo\/ -->\n<title>Dott.ssa Giulia Vannucci - Psicologa e Psicoterapeuta - SIM Guardia di Finanza<\/title>\n<meta name=\"robots\" content=\"index, follow, max-snippet:-1, max-image-preview:large, max-video-preview:-1\" \/>\n<link rel=\"canonical\" href=\"https:\/\/convenzioni.cralnetwork.it\/simguardiadifinanza\/prodotto\/dott-ssa-giulia-vannucci-psicologa-e-psicoterapeuta\/\" \/>\n<meta property=\"og:locale\" content=\"it_IT\" \/>\n<meta property=\"og:type\" content=\"article\" \/>\n<meta property=\"og:title\" content=\"Dott.ssa Giulia Vannucci - Psicologa e Psicoterapeuta - SIM Guardia di Finanza\" \/>\n<meta property=\"og:description\" content=\"Chi sono Ho conseguito la laurea magistrale in \u201cPsicologia Clinica e della Salute\u201d presso l\u2019Universit\u00e0 degli Studi di Firenze nel 2014 (n. iscrizione Albo degli Psicologi della Toscana 7760). Successivamente mi sono specializzata in Psicoterapia Relazionale Sistemica presso il Centro Studi e Applicazione della Psicologia Relazionale di Prato.Chi pu\u00f2 rivolgersi a me Dal 2016 ad oggi svolgo la mia attivit\u00e0 in libera professione occupandomi di bambini, adolescenti, adulti, coppie e famiglie.Dal 2019 ho iniziato a formarmi in modo pi\u00f9 dedicato anche al tema del trauma e della violenza di genere e, su questa linea formativa, ho acquisito il primo livello del corso di EMDR sia per adulti che per la fascia d\u2019et\u00e0 0-18.  Da anni sono anche impegnata attivamente nella conduzione di incontri di formazione\/sensibilizzazione a bambini e ragazzi delle scuole di ogni ordine e grado su vari temi, quali ad es.: educazione emotiva; sviluppo delle competenze socio-relazionali; stereotipi di genere; dipendenza e salute digitale.  Il percorso psicoterapeutico \u201c\u00c8 sorprendente il modo in cui i problemi che sembravano insolubili diventano risolvibili quando qualcuno ti ascolta\u201d diceva Carl Rogers.  La psicoterapia \u00e8 infatti quel viaggio che permette l\u2019acquisizione di nuove prospettive, prima sconosciute, grazie agli occhi e alle parole di un professionista che con pazienza e dedizione accoglie dubbi, nodi e sofferenze.  Iniziare un percorso psicoterapeutico \u00e8 il pi\u00f9 grande atto di coraggio ed amore verso noi stessi; per questo non esiste un tempo giusto per arrivare in terapia, esiste il proprio e fa spesso i conti con pregiudizi, difese e paure. Sulla base di queste premesse, nella mia pratica clinica quotidiana, intervengo attraverso l\u2019elaborazione di percorsi terapeutici \u201cad personam\u201d, basati su quelle che sono le problematiche, le richieste e le risorse dei pazienti che di volta in volta mi trovo davanti; partendo dalla ferma convinzione che non esista un modo univoco di promuovere e ottenere la guarigione psichica.  psicologa, psicologia, psicologia, psicoterapia, psicoterapeuti, psicoterapia, psicoterapeuta, sostegno psicologico, percorso psicoterapeutico, percorsi psicoterapeutici, benessere, aiuto, sostegno  psicologa a Pistoia, psicologia a Pistoia, psicologia a Pistoia, psicoterapia a Pistoia, psicoterapeuti a Pistoia, psicoterapia a Pistoia, psicoterapeuta a Pistoia, sostegno psicologico a Pistoia, percorso psicoterapeutico a Pistoia, percorsi psicoterapeutici a Pistoia  psicologa Pistoia, psicologia Pistoia, psicologia Pistoia, psicoterapia Pistoia, psicoterapeuti Pistoia, psicoterapia Pistoia, psicoterapeuta Pistoia, sostegno psicologico Pistoia, percorso psicoterapeutico Pistoia, percorsi psicoterapeutici Pistoia  psicologa a Lucca, psicologia a Lucca, psicologia a Lucca, psicoterapia a Lucca, psicoterapeuti a Lucca, psicoterapia a Lucca, psicoterapeuta a Lucca, sostegno psicologico a Lucca, percorso psicoterapeutico a Lucca, percorsi psicoterapeutici a Lucca  psicologa Lucca, psicologia Lucca, psicologia Lucca, psicoterapia Lucca, psicoterapeuti Lucca, psicoterapia Lucca, psicoterapeuta Lucca, sostegno psicologico Lucca, percorso psicoterapeutico Lucca, percorsi psicoterapeutici Lucca\" \/>\n<meta property=\"og:url\" content=\"https:\/\/convenzioni.cralnetwork.it\/simguardiadifinanza\/prodotto\/dott-ssa-giulia-vannucci-psicologa-e-psicoterapeuta\/\" \/>\n<meta property=\"og:site_name\" content=\"SIM Guardia di Finanza\" \/>\n<meta property=\"article:modified_time\" content=\"2024-04-18T13:29:25+00:00\" \/>\n<meta property=\"og:image\" content=\"https:\/\/convenzioni.cralnetwork.it\/simguardiadifinanza\/wp-content\/uploads\/sites\/7\/2024\/04\/Base-Logo-Giulia-Vannucci.jpg\" \/>\n\t<meta property=\"og:image:width\" content=\"300\" \/>\n\t<meta property=\"og:image:height\" content=\"300\" \/>\n\t<meta property=\"og:image:type\" content=\"image\/jpeg\" \/>\n<meta name=\"twitter:card\" content=\"summary_large_image\" \/>\n<meta name=\"twitter:label1\" content=\"Tempo di lettura stimato\" \/>\n\t<meta name=\"twitter:data1\" content=\"5 minuti\" \/>\n<script type=\"application\/ld+json\" class=\"yoast-schema-graph\">{\"@context\":\"https:\/\/schema.org\",\"@graph\":[{\"@type\":\"WebPage\",\"@id\":\"https:\/\/convenzioni.cralnetwork.it\/simguardiadifinanza\/prodotto\/dott-ssa-giulia-vannucci-psicologa-e-psicoterapeuta\/\",\"url\":\"https:\/\/convenzioni.cralnetwork.it\/simguardiadifinanza\/prodotto\/dott-ssa-giulia-vannucci-psicologa-e-psicoterapeuta\/\",\"name\":\"Dott.ssa Giulia Vannucci - Psicologa e Psicoterapeuta - SIM Guardia di Finanza\",\"isPartOf\":{\"@id\":\"https:\/\/convenzioni.cralnetwork.it\/simguardiadifinanza\/#website\"},\"primaryImageOfPage\":{\"@id\":\"https:\/\/convenzioni.cralnetwork.it\/simguardiadifinanza\/prodotto\/dott-ssa-giulia-vannucci-psicologa-e-psicoterapeuta\/#primaryimage\"},\"image\":{\"@id\":\"https:\/\/convenzioni.cralnetwork.it\/simguardiadifinanza\/prodotto\/dott-ssa-giulia-vannucci-psicologa-e-psicoterapeuta\/#primaryimage\"},\"thumbnailUrl\":\"https:\/\/convenzioni.cralnetwork.it\/simguardiadifinanza\/wp-content\/uploads\/sites\/7\/2024\/04\/Base-Logo-Giulia-Vannucci.jpg\",\"datePublished\":\"2024-04-17T15:18:45+00:00\",\"dateModified\":\"2024-04-18T13:29:25+00:00\",\"breadcrumb\":{\"@id\":\"https:\/\/convenzioni.cralnetwork.it\/simguardiadifinanza\/prodotto\/dott-ssa-giulia-vannucci-psicologa-e-psicoterapeuta\/#breadcrumb\"},\"inLanguage\":\"it-IT\",\"potentialAction\":[{\"@type\":\"ReadAction\",\"target\":[\"https:\/\/convenzioni.cralnetwork.it\/simguardiadifinanza\/prodotto\/dott-ssa-giulia-vannucci-psicologa-e-psicoterapeuta\/\"]}]},{\"@type\":\"ImageObject\",\"inLanguage\":\"it-IT\",\"@id\":\"https:\/\/convenzioni.cralnetwork.it\/simguardiadifinanza\/prodotto\/dott-ssa-giulia-vannucci-psicologa-e-psicoterapeuta\/#primaryimage\",\"url\":\"https:\/\/convenzioni.cralnetwork.it\/simguardiadifinanza\/wp-content\/uploads\/sites\/7\/2024\/04\/Base-Logo-Giulia-Vannucci.jpg\",\"contentUrl\":\"https:\/\/convenzioni.cralnetwork.it\/simguardiadifinanza\/wp-content\/uploads\/sites\/7\/2024\/04\/Base-Logo-Giulia-Vannucci.jpg\",\"width\":300,\"height\":300},{\"@type\":\"BreadcrumbList\",\"@id\":\"https:\/\/convenzioni.cralnetwork.it\/simguardiadifinanza\/prodotto\/dott-ssa-giulia-vannucci-psicologa-e-psicoterapeuta\/#breadcrumb\",\"itemListElement\":[{\"@type\":\"ListItem\",\"position\":1,\"name\":\"Home\",\"item\":\"https:\/\/convenzioni.cralnetwork.it\/simguardiadifinanza\/\"},{\"@type\":\"ListItem\",\"position\":2,\"name\":\"Shop\",\"item\":\"https:\/\/convenzioni.cralnetwork.it\/simguardiadifinanza\/negozio\/\"},{\"@type\":\"ListItem\",\"position\":3,\"name\":\"Dott.ssa Giulia Vannucci &#8211; Psicologa e Psicoterapeuta\"}]},{\"@type\":\"WebSite\",\"@id\":\"https:\/\/convenzioni.cralnetwork.it\/simguardiadifinanza\/#website\",\"url\":\"https:\/\/convenzioni.cralnetwork.it\/simguardiadifinanza\/\",\"name\":\"SIM Guardia di Finanza\",\"description\":\"Area Convenzioni\",\"potentialAction\":[{\"@type\":\"SearchAction\",\"target\":{\"@type\":\"EntryPoint\",\"urlTemplate\":\"https:\/\/convenzioni.cralnetwork.it\/simguardiadifinanza\/?s={search_term_string}\"},\"query-input\":{\"@type\":\"PropertyValueSpecification\",\"valueRequired\":true,\"valueName\":\"search_term_string\"}}],\"inLanguage\":\"it-IT\"}]}<\/script>\n<!-- \/ Yoast SEO plugin. -->","yoast_head_json":{"title":"Dott.ssa Giulia Vannucci - Psicologa e Psicoterapeuta - SIM Guardia di Finanza","robots":{"index":"index","follow":"follow","max-snippet":"max-snippet:-1","max-image-preview":"max-image-preview:large","max-video-preview":"max-video-preview:-1"},"canonical":"https:\/\/convenzioni.cralnetwork.it\/simguardiadifinanza\/prodotto\/dott-ssa-giulia-vannucci-psicologa-e-psicoterapeuta\/","og_locale":"it_IT","og_type":"article","og_title":"Dott.ssa Giulia Vannucci - Psicologa e Psicoterapeuta - SIM Guardia di Finanza","og_description":"Chi sono Ho conseguito la laurea magistrale in \u201cPsicologia Clinica e della Salute\u201d presso l\u2019Universit\u00e0 degli Studi di Firenze nel 2014 (n. iscrizione Albo degli Psicologi della Toscana 7760). Successivamente mi sono specializzata in Psicoterapia Relazionale Sistemica presso il Centro Studi e Applicazione della Psicologia Relazionale di Prato.Chi pu\u00f2 rivolgersi a me Dal 2016 ad oggi svolgo la mia attivit\u00e0 in libera professione occupandomi di bambini, adolescenti, adulti, coppie e famiglie.Dal 2019 ho iniziato a formarmi in modo pi\u00f9 dedicato anche al tema del trauma e della violenza di genere e, su questa linea formativa, ho acquisito il primo livello del corso di EMDR sia per adulti che per la fascia d\u2019et\u00e0 0-18.  Da anni sono anche impegnata attivamente nella conduzione di incontri di formazione\/sensibilizzazione a bambini e ragazzi delle scuole di ogni ordine e grado su vari temi, quali ad es.: educazione emotiva; sviluppo delle competenze socio-relazionali; stereotipi di genere; dipendenza e salute digitale.  Il percorso psicoterapeutico \u201c\u00c8 sorprendente il modo in cui i problemi che sembravano insolubili diventano risolvibili quando qualcuno ti ascolta\u201d diceva Carl Rogers.  La psicoterapia \u00e8 infatti quel viaggio che permette l\u2019acquisizione di nuove prospettive, prima sconosciute, grazie agli occhi e alle parole di un professionista che con pazienza e dedizione accoglie dubbi, nodi e sofferenze.  Iniziare un percorso psicoterapeutico \u00e8 il pi\u00f9 grande atto di coraggio ed amore verso noi stessi; per questo non esiste un tempo giusto per arrivare in terapia, esiste il proprio e fa spesso i conti con pregiudizi, difese e paure. Sulla base di queste premesse, nella mia pratica clinica quotidiana, intervengo attraverso l\u2019elaborazione di percorsi terapeutici \u201cad personam\u201d, basati su quelle che sono le problematiche, le richieste e le risorse dei pazienti che di volta in volta mi trovo davanti; partendo dalla ferma convinzione che non esista un modo univoco di promuovere e ottenere la guarigione psichica.  psicologa, psicologia, psicologia, psicoterapia, psicoterapeuti, psicoterapia, psicoterapeuta, sostegno psicologico, percorso psicoterapeutico, percorsi psicoterapeutici, benessere, aiuto, sostegno  psicologa a Pistoia, psicologia a Pistoia, psicologia a Pistoia, psicoterapia a Pistoia, psicoterapeuti a Pistoia, psicoterapia a Pistoia, psicoterapeuta a Pistoia, sostegno psicologico a Pistoia, percorso psicoterapeutico a Pistoia, percorsi psicoterapeutici a Pistoia  psicologa Pistoia, psicologia Pistoia, psicologia Pistoia, psicoterapia Pistoia, psicoterapeuti Pistoia, psicoterapia Pistoia, psicoterapeuta Pistoia, sostegno psicologico Pistoia, percorso psicoterapeutico Pistoia, percorsi psicoterapeutici Pistoia  psicologa a Lucca, psicologia a Lucca, psicologia a Lucca, psicoterapia a Lucca, psicoterapeuti a Lucca, psicoterapia a Lucca, psicoterapeuta a Lucca, sostegno psicologico a Lucca, percorso psicoterapeutico a Lucca, percorsi psicoterapeutici a Lucca  psicologa Lucca, psicologia Lucca, psicologia Lucca, psicoterapia Lucca, psicoterapeuti Lucca, psicoterapia Lucca, psicoterapeuta Lucca, sostegno psicologico Lucca, percorso psicoterapeutico Lucca, percorsi psicoterapeutici Lucca","og_url":"https:\/\/convenzioni.cralnetwork.it\/simguardiadifinanza\/prodotto\/dott-ssa-giulia-vannucci-psicologa-e-psicoterapeuta\/","og_site_name":"SIM Guardia di Finanza","article_modified_time":"2024-04-18T13:29:25+00:00","og_image":[{"width":300,"height":300,"url":"https:\/\/convenzioni.cralnetwork.it\/simguardiadifinanza\/wp-content\/uploads\/sites\/7\/2024\/04\/Base-Logo-Giulia-Vannucci.jpg","type":"image\/jpeg"}],"twitter_card":"summary_large_image","twitter_misc":{"Tempo di lettura stimato":"5 minuti"},"schema":{"@context":"https:\/\/schema.org","@graph":[{"@type":"WebPage","@id":"https:\/\/convenzioni.cralnetwork.it\/simguardiadifinanza\/prodotto\/dott-ssa-giulia-vannucci-psicologa-e-psicoterapeuta\/","url":"https:\/\/convenzioni.cralnetwork.it\/simguardiadifinanza\/prodotto\/dott-ssa-giulia-vannucci-psicologa-e-psicoterapeuta\/","name":"Dott.ssa Giulia Vannucci - Psicologa e Psicoterapeuta - SIM Guardia di Finanza","isPartOf":{"@id":"https:\/\/convenzioni.cralnetwork.it\/simguardiadifinanza\/#website"},"primaryImageOfPage":{"@id":"https:\/\/convenzioni.cralnetwork.it\/simguardiadifinanza\/prodotto\/dott-ssa-giulia-vannucci-psicologa-e-psicoterapeuta\/#primaryimage"},"image":{"@id":"https:\/\/convenzioni.cralnetwork.it\/simguardiadifinanza\/prodotto\/dott-ssa-giulia-vannucci-psicologa-e-psicoterapeuta\/#primaryimage"},"thumbnailUrl":"https:\/\/convenzioni.cralnetwork.it\/simguardiadifinanza\/wp-content\/uploads\/sites\/7\/2024\/04\/Base-Logo-Giulia-Vannucci.jpg","datePublished":"2024-04-17T15:18:45+00:00","dateModified":"2024-04-18T13:29:25+00:00","breadcrumb":{"@id":"https:\/\/convenzioni.cralnetwork.it\/simguardiadifinanza\/prodotto\/dott-ssa-giulia-vannucci-psicologa-e-psicoterapeuta\/#breadcrumb"},"inLanguage":"it-IT","potentialAction":[{"@type":"ReadAction","target":["https:\/\/convenzioni.cralnetwork.it\/simguardiadifinanza\/prodotto\/dott-ssa-giulia-vannucci-psicologa-e-psicoterapeuta\/"]}]},{"@type":"ImageObject","inLanguage":"it-IT","@id":"https:\/\/convenzioni.cralnetwork.it\/simguardiadifinanza\/prodotto\/dott-ssa-giulia-vannucci-psicologa-e-psicoterapeuta\/#primaryimage","url":"https:\/\/convenzioni.cralnetwork.it\/simguardiadifinanza\/wp-content\/uploads\/sites\/7\/2024\/04\/Base-Logo-Giulia-Vannucci.jpg","contentUrl":"https:\/\/convenzioni.cralnetwork.it\/simguardiadifinanza\/wp-content\/uploads\/sites\/7\/2024\/04\/Base-Logo-Giulia-Vannucci.jpg","width":300,"height":300},{"@type":"BreadcrumbList","@id":"https:\/\/convenzioni.cralnetwork.it\/simguardiadifinanza\/prodotto\/dott-ssa-giulia-vannucci-psicologa-e-psicoterapeuta\/#breadcrumb","itemListElement":[{"@type":"ListItem","position":1,"name":"Home","item":"https:\/\/convenzioni.cralnetwork.it\/simguardiadifinanza\/"},{"@type":"ListItem","position":2,"name":"Shop","item":"https:\/\/convenzioni.cralnetwork.it\/simguardiadifinanza\/negozio\/"},{"@type":"ListItem","position":3,"name":"Dott.ssa Giulia Vannucci &#8211; Psicologa e Psicoterapeuta"}]},{"@type":"WebSite","@id":"https:\/\/convenzioni.cralnetwork.it\/simguardiadifinanza\/#website","url":"https:\/\/convenzioni.cralnetwork.it\/simguardiadifinanza\/","name":"SIM Guardia di Finanza","description":"Area Convenzioni","potentialAction":[{"@type":"SearchAction","target":{"@type":"EntryPoint","urlTemplate":"https:\/\/convenzioni.cralnetwork.it\/simguardiadifinanza\/?s={search_term_string}"},"query-input":{"@type":"PropertyValueSpecification","valueRequired":true,"valueName":"search_term_string"}}],"inLanguage":"it-IT"}]}},"publishpress_future_workflow_manual_trigger":{"enabledWorkflows":[]},"_links":{"self":[{"href":"https:\/\/convenzioni.cralnetwork.it\/simguardiadifinanza\/wp-json\/wp\/v2\/product\/46658","targetHints":{"allow":["GET"]}}],"collection":[{"href":"https:\/\/convenzioni.cralnetwork.it\/simguardiadifinanza\/wp-json\/wp\/v2\/product"}],"about":[{"href":"https:\/\/convenzioni.cralnetwork.it\/simguardiadifinanza\/wp-json\/wp\/v2\/types\/product"}],"replies":[{"embeddable":true,"href":"https:\/\/convenzioni.cralnetwork.it\/simguardiadifinanza\/wp-json\/wp\/v2\/comments?post=46658"}],"version-history":[{"count":16,"href":"https:\/\/convenzioni.cralnetwork.it\/simguardiadifinanza\/wp-json\/wp\/v2\/product\/46658\/revisions"}],"predecessor-version":[{"id":46821,"href":"https:\/\/convenzioni.cralnetwork.it\/simguardiadifinanza\/wp-json\/wp\/v2\/product\/46658\/revisions\/46821"}],"wp:featuredmedia":[{"embeddable":true,"href":"https:\/\/convenzioni.cralnetwork.it\/simguardiadifinanza\/wp-json\/wp\/v2\/media\/46659"}],"wp:attachment":[{"href":"https:\/\/convenzioni.cralnetwork.it\/simguardiadifinanza\/wp-json\/wp\/v2\/media?parent=46658"}],"wp:term":[{"taxonomy":"product_brand","embeddable":true,"href":"https:\/\/convenzioni.cralnetwork.it\/simguardiadifinanza\/wp-json\/wp\/v2\/product_brand?post=46658"},{"taxonomy":"product_cat","embeddable":true,"href":"https:\/\/convenzioni.cralnetwork.it\/simguardiadifinanza\/wp-json\/wp\/v2\/product_cat?post=46658"},{"taxonomy":"product_tag","embeddable":true,"href":"https:\/\/convenzioni.cralnetwork.it\/simguardiadifinanza\/wp-json\/wp\/v2\/product_tag?post=46658"}],"curies":[{"name":"wp","href":"https:\/\/api.w.org\/{rel}","templated":true}]}}