{"id":40148,"date":"2024-02-22T12:07:29","date_gmt":"2024-02-22T11:07:29","guid":{"rendered":"https:\/\/convenzioni.cralnetwork.it\/simguardiadifinanza\/?post_type=product&#038;p=40148"},"modified":"2024-02-28T10:02:50","modified_gmt":"2024-02-28T09:02:50","slug":"studio-massoterapico-di-elisa-drera","status":"publish","type":"product","link":"https:\/\/convenzioni.cralnetwork.it\/simguardiadifinanza\/prodotto\/studio-massoterapico-di-elisa-drera\/","title":{"rendered":"Studio Massoterapico Di Elisa Drera"},"content":{"rendered":"\t\t<div data-elementor-type=\"wp-post\" data-elementor-id=\"40148\" class=\"elementor elementor-40148\">\n\t\t\t\t<div class=\"elementor-element elementor-element-65e23d03 e-flex e-con-boxed e-con e-parent\" data-id=\"65e23d03\" data-element_type=\"container\" data-settings=\"{&quot;background_background&quot;:&quot;gradient&quot;,&quot;shape_divider_bottom&quot;:&quot;opacity-tilt&quot;}\">\n\t\t\t\t\t<div class=\"e-con-inner\">\n\t\t\t\t<div class=\"elementor-shape elementor-shape-bottom\" aria-hidden=\"true\" data-negative=\"false\">\n\t\t\t<svg xmlns=\"http:\/\/www.w3.org\/2000\/svg\" viewBox=\"0 0 2600 131.1\" preserveAspectRatio=\"none\">\n\t<path class=\"elementor-shape-fill\" d=\"M0 0L2600 0 2600 69.1 0 0z\"\/>\n\t<path class=\"elementor-shape-fill\" style=\"opacity:0.5\" d=\"M0 0L2600 0 2600 69.1 0 69.1z\"\/>\n\t<path class=\"elementor-shape-fill\" style=\"opacity:0.25\" d=\"M2600 0L0 0 0 130.1 2600 69.1z\"\/>\n<\/svg>\t\t<\/div>\n\t\t\t\t<div class=\"elementor-element elementor-element-7a6dd921 elementor-widget__width-inherit elementor-widget elementor-widget-text-editor\" data-id=\"7a6dd921\" data-element_type=\"widget\" data-widget_type=\"text-editor.default\">\n\t\t\t\t<div class=\"elementor-widget-container\">\n\t\t\t\t\t\t\t\t\t<p>Dott.ssa Elisa Drera<\/p>\t\t\t\t\t\t\t\t<\/div>\n\t\t\t\t<\/div>\n\t\t\t\t<div class=\"elementor-element elementor-element-11b67bf1 elementor-widget__width-inherit elementor-widget elementor-widget-text-editor\" data-id=\"11b67bf1\" data-element_type=\"widget\" data-widget_type=\"text-editor.default\">\n\t\t\t\t<div class=\"elementor-widget-container\">\n\t\t\t\t\t\t\t\t\t<p>Massoterapista<\/p>\t\t\t\t\t\t\t\t<\/div>\n\t\t\t\t<\/div>\n\t\t\t\t<div class=\"elementor-element elementor-element-5f2bd143 elementor-widget__width-inherit elementor-widget elementor-widget-text-editor\" data-id=\"5f2bd143\" data-element_type=\"widget\" data-widget_type=\"text-editor.default\">\n\t\t\t\t<div class=\"elementor-widget-container\">\n\t\t\t\t\t\t\t\t\t<p>Per il tuo\u00a0 benessere psicofisico<\/p>\t\t\t\t\t\t\t\t<\/div>\n\t\t\t\t<\/div>\n\t\t\t\t\t<\/div>\n\t\t\t\t<\/div>\n\t\t\t\t<section class=\"elementor-section elementor-top-section elementor-element elementor-element-1fdc126 elementor-hidden-tablet elementor-hidden-mobile elementor-section-boxed elementor-section-height-default elementor-section-height-default\" data-id=\"1fdc126\" data-element_type=\"section\">\n\t\t\t\t\t\t<div class=\"elementor-container elementor-column-gap-default\">\n\t\t\t\t\t<div class=\"elementor-column elementor-col-50 elementor-top-column elementor-element elementor-element-0868faf\" data-id=\"0868faf\" data-element_type=\"column\">\n\t\t\t<div class=\"elementor-widget-wrap elementor-element-populated\">\n\t\t\t\t\t\t<div class=\"elementor-element elementor-element-3bc4f05 elementor-widget elementor-widget-image\" data-id=\"3bc4f05\" data-element_type=\"widget\" data-widget_type=\"image.default\">\n\t\t\t\t<div class=\"elementor-widget-container\">\n\t\t\t\t\t\t\t\t\t\t\t\t\t\t\t<img fetchpriority=\"high\" fetchpriority=\"high\" decoding=\"async\" width=\"909\" height=\"1024\" src=\"https:\/\/convenzioni.cralnetwork.it\/simguardiadifinanza\/wp-content\/uploads\/sites\/7\/2024\/02\/Drera-3-909x1024.jpg\" class=\"attachment-large size-large wp-image-40199\" alt=\"\" \/>\t\t\t\t\t\t\t\t\t\t\t\t\t\t\t<\/div>\n\t\t\t\t<\/div>\n\t\t\t\t\t<\/div>\n\t\t<\/div>\n\t\t\t\t<div class=\"elementor-column elementor-col-50 elementor-top-column elementor-element elementor-element-f871ed9\" data-id=\"f871ed9\" data-element_type=\"column\">\n\t\t\t<div class=\"elementor-widget-wrap elementor-element-populated\">\n\t\t\t\t\t\t<div class=\"elementor-element elementor-element-8c0a269 elementor-widget elementor-widget-text-editor\" data-id=\"8c0a269\" data-element_type=\"widget\" data-widget_type=\"text-editor.default\">\n\t\t\t\t<div class=\"elementor-widget-container\">\n\t\t\t\t\t\t\t\t\t<p>La mia formazione<\/p>\t\t\t\t\t\t\t\t<\/div>\n\t\t\t\t<\/div>\n\t\t\t\t<div class=\"elementor-element elementor-element-7951941 elementor-widget elementor-widget-text-editor\" data-id=\"7951941\" data-element_type=\"widget\" data-widget_type=\"text-editor.default\">\n\t\t\t\t<div class=\"elementor-widget-container\">\n\t\t\t\t\t\t\t\t\t<p>Subito dopo essermi diplomata, spinta dai genitori a proseguire l&#8217;attivit\u00e0 di famiglia, inizio a lavorare come impiegata nel settore buste paga e contabilit\u00e0. Nel giro di pochi anni, mi rendo conto che non \u00e8 il lavoro adatto a me.<\/p><p>Decido pertanto di intraprendere un percorso di studi orientato alle discipline olistiche nel campo dei massaggi seguendo la mia naturale inclinazione e passione nata fin dall&#8217;adolescenza.<\/p><p>Nel 2013 frequento il mio primo corso di tecniche del massaggio che rafforza la mia consapevolezza che questa \u00e8 l&#8217;attivit\u00e0 che nella vita voglio svolgere, perci\u00f2 mi iscrivo a varie scuole specializzate che mi permettono di formarmi al meglio.<\/p><p>Dopo anni e dopo aver conseguito vari attestati\/diplomi e le competenze necessarie, apro il mio studio privato nel 2017, continuandola la formazione nel campo.<\/p><p>Grazie alla mia naturale predisposizione al contatto con il pubblico, sono in grado di unire oltre alla professionalit\u00e0 del massaggio, la gentilezza e la cortesia necessarie per far sentire ogni paziente a proprio agio, donandogli quel momento di benessere che coinvolge corpo, mente e spirito.<\/p><p>Tra il 2019\/2021 mi specializzo nel campo del massaggio terapeutico in quanto ho proseguito gli studi in Massoterapia (MCB &#8211; MASSAGGIATORE E CAPO BAGNINO DEGLI STABILIMENTI IDROTERAPICI), arte ausiliaria sanitaria.<\/p>\t\t\t\t\t\t\t\t<\/div>\n\t\t\t\t<\/div>\n\t\t\t\t<div class=\"elementor-element elementor-element-a085c8a elementor-widget elementor-widget-text-editor\" data-id=\"a085c8a\" data-element_type=\"widget\" data-widget_type=\"text-editor.default\">\n\t\t\t\t<div class=\"elementor-widget-container\">\n\t\t\t\t\t\t\t\t\t<p>Servizi offerti<\/p>\t\t\t\t\t\t\t\t<\/div>\n\t\t\t\t<\/div>\n\t\t\t\t<div class=\"elementor-element elementor-element-d811f00 elementor-widget elementor-widget-text-editor\" data-id=\"d811f00\" data-element_type=\"widget\" data-widget_type=\"text-editor.default\">\n\t\t\t\t<div class=\"elementor-widget-container\">\n\t\t\t\t\t\t\t\t\t<p>&#8211; Massaggi Terapeutici<br \/>&#8211; Massaggi Benessere<br \/>&#8211; Riflessologia Plantare<\/p>\t\t\t\t\t\t\t\t<\/div>\n\t\t\t\t<\/div>\n\t\t\t\t\t<\/div>\n\t\t<\/div>\n\t\t\t\t\t<\/div>\n\t\t<\/section>\n\t\t\t\t<section class=\"elementor-section elementor-top-section elementor-element elementor-element-2cc127b3 elementor-hidden-tablet elementor-hidden-mobile elementor-hidden-desktop elementor-section-boxed elementor-section-height-default elementor-section-height-default\" data-id=\"2cc127b3\" data-element_type=\"section\">\n\t\t\t\t\t\t<div class=\"elementor-container elementor-column-gap-default\">\n\t\t\t\t\t<div class=\"elementor-column elementor-col-50 elementor-top-column elementor-element elementor-element-1d0a3556\" data-id=\"1d0a3556\" data-element_type=\"column\">\n\t\t\t<div class=\"elementor-widget-wrap elementor-element-populated\">\n\t\t\t\t\t\t<div class=\"elementor-element elementor-element-159823fc elementor-widget elementor-widget-image\" data-id=\"159823fc\" data-element_type=\"widget\" data-widget_type=\"image.default\">\n\t\t\t\t<div class=\"elementor-widget-container\">\n\t\t\t\t\t\t\t\t\t\t\t\t\t\t\t<img fetchpriority=\"high\" fetchpriority=\"high\" decoding=\"async\" width=\"909\" height=\"1024\" src=\"https:\/\/convenzioni.cralnetwork.it\/simguardiadifinanza\/wp-content\/uploads\/sites\/7\/2024\/02\/Drera-3-909x1024.jpg\" class=\"attachment-large size-large wp-image-40199\" alt=\"\" \/>\t\t\t\t\t\t\t\t\t\t\t\t\t\t\t<\/div>\n\t\t\t\t<\/div>\n\t\t\t\t\t<\/div>\n\t\t<\/div>\n\t\t\t\t<div class=\"elementor-column elementor-col-50 elementor-top-column elementor-element elementor-element-6ce0e8ad\" data-id=\"6ce0e8ad\" data-element_type=\"column\">\n\t\t\t<div class=\"elementor-widget-wrap elementor-element-populated\">\n\t\t\t\t\t\t<div class=\"elementor-element elementor-element-e201bfb elementor-widget elementor-widget-text-editor\" data-id=\"e201bfb\" data-element_type=\"widget\" data-widget_type=\"text-editor.default\">\n\t\t\t\t<div class=\"elementor-widget-container\">\n\t\t\t\t\t\t\t\t\t<p>La mia formazione<\/p>\t\t\t\t\t\t\t\t<\/div>\n\t\t\t\t<\/div>\n\t\t\t\t<div class=\"elementor-element elementor-element-7acfb668 elementor-widget elementor-widget-text-editor\" data-id=\"7acfb668\" data-element_type=\"widget\" data-widget_type=\"text-editor.default\">\n\t\t\t\t<div class=\"elementor-widget-container\">\n\t\t\t\t\t\t\t\t\t<p>Subito dopo essermi diplomata, spinta dai genitori a proseguire l&#8217;attivit\u00e0 di famiglia, inizio a lavorare come impiegata nel settore buste paga e contabilit\u00e0. Nel giro di pochi anni, mi rendo conto che non \u00e8 il lavoro adatto a me.<\/p><p>Decido pertanto di intraprendere un percorso di studi orientato alle discipline olistiche nel campo dei massaggi seguendo la mia naturale inclinazione e passione nata fin dall&#8217;adolescenza.<\/p><p>Nel 2013 frequento il mio primo corso di tecniche del massaggio che rafforza la mia consapevolezza che questa \u00e8 l&#8217;attivit\u00e0 che nella vita voglio svolgere, perci\u00f2 mi iscrivo a varie scuole specializzate che mi permettono di formarmi al meglio.<\/p><p>Dopo anni e dopo aver conseguito vari attestati\/diplomi e le competenze necessarie, apro il mio studio privato nel 2017, continuandola la formazione nel campo.<\/p><p>Grazie alla mia naturale predisposizione al contatto con il pubblico, sono in grado di unire oltre alla professionalit\u00e0 del massaggio, la gentilezza e la cortesia necessarie per far sentire ogni paziente a proprio agio, donandogli quel momento di benessere che coinvolge corpo, mente e spirito.<\/p><p>Tra il 2019\/2021 mi specializzo nel campo del massaggio terapeutico in quanto ho proseguito gli studi in Massoterapia (MCB &#8211; MASSAGGIATORE E CAPO BAGNINO DEGLI STABILIMENTI IDROTERAPICI), arte ausiliaria sanitaria.<\/p>\t\t\t\t\t\t\t\t<\/div>\n\t\t\t\t<\/div>\n\t\t\t\t\t<\/div>\n\t\t<\/div>\n\t\t\t\t\t<\/div>\n\t\t<\/section>\n\t\t\t\t<section class=\"elementor-section elementor-top-section elementor-element elementor-element-8118de5 elementor-hidden-desktop elementor-section-boxed elementor-section-height-default elementor-section-height-default\" data-id=\"8118de5\" data-element_type=\"section\">\n\t\t\t\t\t\t<div class=\"elementor-container elementor-column-gap-default\">\n\t\t\t\t\t<div class=\"elementor-column elementor-col-100 elementor-top-column elementor-element elementor-element-14614be\" data-id=\"14614be\" data-element_type=\"column\">\n\t\t\t<div class=\"elementor-widget-wrap elementor-element-populated\">\n\t\t\t\t\t\t<div class=\"elementor-element elementor-element-ed8f4ef elementor-widget elementor-widget-text-editor\" data-id=\"ed8f4ef\" data-element_type=\"widget\" data-widget_type=\"text-editor.default\">\n\t\t\t\t<div class=\"elementor-widget-container\">\n\t\t\t\t\t\t\t\t\t<p>La mia formazione<\/p>\t\t\t\t\t\t\t\t<\/div>\n\t\t\t\t<\/div>\n\t\t\t\t<div class=\"elementor-element elementor-element-cc98146 elementor-widget elementor-widget-text-editor\" data-id=\"cc98146\" data-element_type=\"widget\" data-widget_type=\"text-editor.default\">\n\t\t\t\t<div class=\"elementor-widget-container\">\n\t\t\t\t\t\t\t\t\t<p>Subito dopo essermi diplomata, spinta dai genitori a proseguire l&#8217;attivit\u00e0 di famiglia, inizio a lavorare come impiegata nel settore buste paga e contabilit\u00e0. Nel giro di pochi anni, mi rendo conto che non \u00e8 il lavoro adatto a me.<\/p><p>Decido pertanto di intraprendere un percorso di studi orientato alle discipline olistiche nel campo dei massaggi seguendo la mia naturale inclinazione e passione nata fin dall&#8217;adolescenza.<\/p><p>Nel 2013 frequento il mio primo corso di tecniche del massaggio che rafforza la mia consapevolezza che questa \u00e8 l&#8217;attivit\u00e0 che nella vita voglio svolgere, perci\u00f2 mi iscrivo a varie scuole specializzate che mi permettono di formarmi al meglio.<\/p><p>Dopo anni e dopo aver conseguito vari attestati\/diplomi e le competenze necessarie, apro il mio studio privato nel 2017, continuandola la formazione nel campo.<\/p><p>Grazie alla mia naturale predisposizione al contatto con il pubblico, sono in grado di unire oltre alla professionalit\u00e0 del massaggio, la gentilezza e la cortesia necessarie per far sentire ogni paziente a proprio agio, donandogli quel momento di benessere che coinvolge corpo, mente e spirito.<\/p><p>Tra il 2019\/2021 mi specializzo nel campo del massaggio terapeutico in quanto ho proseguito gli studi in Massoterapia (MCB &#8211; MASSAGGIATORE E CAPO BAGNINO DEGLI STABILIMENTI IDROTERAPICI), arte ausiliaria sanitaria.<\/p>\t\t\t\t\t\t\t\t<\/div>\n\t\t\t\t<\/div>\n\t\t\t\t<div class=\"elementor-element elementor-element-23b43c0 elementor-widget elementor-widget-text-editor\" data-id=\"23b43c0\" data-element_type=\"widget\" data-widget_type=\"text-editor.default\">\n\t\t\t\t<div class=\"elementor-widget-container\">\n\t\t\t\t\t\t\t\t\t<p>Servizi offerti<\/p>\t\t\t\t\t\t\t\t<\/div>\n\t\t\t\t<\/div>\n\t\t\t\t<div class=\"elementor-element elementor-element-35483fb elementor-widget elementor-widget-text-editor\" data-id=\"35483fb\" data-element_type=\"widget\" data-widget_type=\"text-editor.default\">\n\t\t\t\t<div class=\"elementor-widget-container\">\n\t\t\t\t\t\t\t\t\t<p>&#8211; Massaggi Terapeutici<br \/>&#8211; Massaggi Benessere<br \/>&#8211; Riflessologia Plantare<\/p>\t\t\t\t\t\t\t\t<\/div>\n\t\t\t\t<\/div>\n\t\t\t\t<div class=\"elementor-element elementor-element-e666e9e elementor-widget elementor-widget-image\" data-id=\"e666e9e\" data-element_type=\"widget\" data-widget_type=\"image.default\">\n\t\t\t\t<div class=\"elementor-widget-container\">\n\t\t\t\t\t\t\t\t\t\t\t\t\t\t\t<img fetchpriority=\"high\" fetchpriority=\"high\" decoding=\"async\" width=\"909\" height=\"1024\" src=\"https:\/\/convenzioni.cralnetwork.it\/simguardiadifinanza\/wp-content\/uploads\/sites\/7\/2024\/02\/Drera-3-909x1024.jpg\" class=\"attachment-large size-large wp-image-40199\" alt=\"\" \/>\t\t\t\t\t\t\t\t\t\t\t\t\t\t\t<\/div>\n\t\t\t\t<\/div>\n\t\t\t\t\t<\/div>\n\t\t<\/div>\n\t\t\t\t\t<\/div>\n\t\t<\/section>\n\t\t<div class=\"elementor-element elementor-element-3cebeeaa e-flex e-con-boxed e-con e-parent\" data-id=\"3cebeeaa\" data-element_type=\"container\" data-settings=\"{&quot;background_background&quot;:&quot;gradient&quot;,&quot;shape_divider_top&quot;:&quot;opacity-tilt&quot;,&quot;shape_divider_bottom&quot;:&quot;opacity-tilt&quot;}\">\n\t\t\t\t\t<div class=\"e-con-inner\">\n\t\t\t\t<div class=\"elementor-shape elementor-shape-top\" aria-hidden=\"true\" data-negative=\"false\">\n\t\t\t<svg xmlns=\"http:\/\/www.w3.org\/2000\/svg\" viewBox=\"0 0 2600 131.1\" preserveAspectRatio=\"none\">\n\t<path class=\"elementor-shape-fill\" d=\"M0 0L2600 0 2600 69.1 0 0z\"\/>\n\t<path class=\"elementor-shape-fill\" style=\"opacity:0.5\" d=\"M0 0L2600 0 2600 69.1 0 69.1z\"\/>\n\t<path class=\"elementor-shape-fill\" style=\"opacity:0.25\" d=\"M2600 0L0 0 0 130.1 2600 69.1z\"\/>\n<\/svg>\t\t<\/div>\n\t\t\t\t<div class=\"elementor-shape elementor-shape-bottom\" aria-hidden=\"true\" data-negative=\"false\">\n\t\t\t<svg xmlns=\"http:\/\/www.w3.org\/2000\/svg\" viewBox=\"0 0 2600 131.1\" preserveAspectRatio=\"none\">\n\t<path class=\"elementor-shape-fill\" d=\"M0 0L2600 0 2600 69.1 0 0z\"\/>\n\t<path class=\"elementor-shape-fill\" style=\"opacity:0.5\" d=\"M0 0L2600 0 2600 69.1 0 69.1z\"\/>\n\t<path class=\"elementor-shape-fill\" style=\"opacity:0.25\" d=\"M2600 0L0 0 0 130.1 2600 69.1z\"\/>\n<\/svg>\t\t<\/div>\n\t\t\t\t<div class=\"elementor-element elementor-element-45d00f02 elementor-widget__width-inherit elementor-widget elementor-widget-text-editor\" data-id=\"45d00f02\" data-element_type=\"widget\" data-widget_type=\"text-editor.default\">\n\t\t\t\t<div class=\"elementor-widget-container\">\n\t\t\t\t\t\t\t\t\t<p>Agevolazioni riservate agli associati SIM Guardia di Finanza e i loro familiari<\/p>\t\t\t\t\t\t\t\t<\/div>\n\t\t\t\t<\/div>\n\t\t\t\t\t<\/div>\n\t\t\t\t<\/div>\n\t\t<div class=\"elementor-element elementor-element-6090d7ae elementor-hidden-desktop e-flex e-con-boxed e-con e-parent\" data-id=\"6090d7ae\" data-element_type=\"container\">\n\t\t\t\t\t<div class=\"e-con-inner\">\n\t\t<div class=\"elementor-element elementor-element-2d21da01 e-con-full e-flex e-con e-child\" data-id=\"2d21da01\" data-element_type=\"container\">\n\t\t\t\t<div class=\"elementor-element elementor-element-714c6363 elementor-widget elementor-widget-text-editor\" data-id=\"714c6363\" data-element_type=\"widget\" data-widget_type=\"text-editor.default\">\n\t\t\t\t<div class=\"elementor-widget-container\">\n\t\t\t\t\t\t\t\t\t<p>Contatti<\/p>\t\t\t\t\t\t\t\t<\/div>\n\t\t\t\t<\/div>\n\t\t\t\t<div class=\"elementor-element elementor-element-3e84aae5 elementor-widget elementor-widget-text-editor\" data-id=\"3e84aae5\" data-element_type=\"widget\" data-widget_type=\"text-editor.default\">\n\t\t\t\t<div class=\"elementor-widget-container\">\n\t\t\t\t\t\t\t\t\t<p><span style=\"color: #0021b6;\"><strong>Studio Massoterapico Di Elisa Drera<br \/><\/strong><\/span>Via Roma, 2\/B &#8211; Rovato (BS)<br \/>Si Riceve Solo Su Appuntamento<\/p><p><strong>Cell: <\/strong>328 6460796<br \/><strong>Mail:<\/strong> <a href=\"mailto:benessereinfranciacorta@gmail.com\"><span style=\"color: #0021b6;\">benessereinfranciacorta@gmail.com<\/span><\/a><br \/><strong>Lun &#8211; Ven:<\/strong> 9.00 &#8211; 20.30<br \/><strong>Sab:<\/strong> 9.00 &#8211; 14.00<\/p>\t\t\t\t\t\t\t\t<\/div>\n\t\t\t\t<\/div>\n\t\t\t\t<div class=\"elementor-element elementor-element-372b8ae5 elementor-widget elementor-widget-text-editor\" data-id=\"372b8ae5\" data-element_type=\"widget\" data-widget_type=\"text-editor.default\">\n\t\t\t\t<div class=\"elementor-widget-container\">\n\t\t\t\t\t\t\t\t\t<div id=\"gmw-single-location-wrapper-122\" class=\"gmw-element-wrapper gmw-single-location-wrapper gmw-sl-wrapper gmw-sl-single-post-wrapper post \" object_type=\"post\" object_id=\"40148\"  style=\"width:100%\"><div class=\"gmw-sl-map-wrapper gmw-sl-element\"><div id=\"gmw-map-wrapper-122\" class=\"gmw-map-wrapper  sl single_location \" style=\"width:100%;height:300px;\"> <span id=\"gmw-resize-map-toggle-122\" class=\"gmw-resize-map-toggle gmw-icon-resize-full\" style=\"display:none;\" title=\"Resize map\"><\/span> <div id=\"gmw-map-loader-122\" class=\"gmw-map-loader\"><\/div> <div id=\"gmw-map-122\" class=\"gmw-map sl single_location\" style=\"width:100%; height:100%\" data-map_id=\"122\" data-prefix=\"sl\" data-map_type=\"single_location\" data-icons_usage=\"global\"><\/div> <\/div><\/div><\/div>\t\t\t\t\t\t\t\t<\/div>\n\t\t\t\t<\/div>\n\t\t\t\t<\/div>\n\t\t\t\t\t<\/div>\n\t\t\t\t<\/div>\n\t\t<div class=\"elementor-element elementor-element-43d4fd06 elementor-hidden-tablet elementor-hidden-mobile e-flex e-con-boxed e-con e-parent\" data-id=\"43d4fd06\" data-element_type=\"container\">\n\t\t\t\t\t<div class=\"e-con-inner\">\n\t\t<div class=\"elementor-element elementor-element-2bb71af7 e-con-full e-flex e-con e-child\" data-id=\"2bb71af7\" data-element_type=\"container\">\n\t\t\t\t<div class=\"elementor-element elementor-element-7f434104 elementor-widget elementor-widget-text-editor\" data-id=\"7f434104\" data-element_type=\"widget\" data-widget_type=\"text-editor.default\">\n\t\t\t\t<div class=\"elementor-widget-container\">\n\t\t\t\t\t\t\t\t\t<p>Contatti<\/p>\t\t\t\t\t\t\t\t<\/div>\n\t\t\t\t<\/div>\n\t\t\t\t<div class=\"elementor-element elementor-element-2c12bfd3 elementor-widget elementor-widget-text-editor\" data-id=\"2c12bfd3\" data-element_type=\"widget\" data-widget_type=\"text-editor.default\">\n\t\t\t\t<div class=\"elementor-widget-container\">\n\t\t\t\t\t\t\t\t\t<p><span style=\"color: #0021b6;\"><strong>Studio Massoterapico Di Elisa Drera<br \/><\/strong><\/span>Via Roma, 2\/B &#8211; Rovato (BS)<br \/>Si Riceve Solo Su Appuntamento<\/p><p><strong>Cell: <\/strong>328 6460796<br \/><strong>Mail:<\/strong> <a href=\"mailto:benessereinfranciacorta@gmail.com\"><span style=\"color: #0021b6;\">benessereinfranciacorta@gmail.com<\/span><\/a><br \/><strong>Lun &#8211; Ven:<\/strong> 9.00 &#8211; 20.30<br \/><strong>Sab:<\/strong> 9.00 &#8211; 14.00<\/p>\t\t\t\t\t\t\t\t<\/div>\n\t\t\t\t<\/div>\n\t\t\t\t<\/div>\n\t\t<div class=\"elementor-element elementor-element-6f2cbb72 e-con-full e-flex e-con e-child\" data-id=\"6f2cbb72\" data-element_type=\"container\">\n\t\t\t\t<div class=\"elementor-element elementor-element-6f8314aa elementor-widget elementor-widget-text-editor\" data-id=\"6f8314aa\" data-element_type=\"widget\" data-widget_type=\"text-editor.default\">\n\t\t\t\t<div class=\"elementor-widget-container\">\n\t\t\t\t\t\t\t\t\t<div id=\"gmw-single-location-wrapper-122\" class=\"gmw-element-wrapper gmw-single-location-wrapper gmw-sl-wrapper gmw-sl-single-post-wrapper post \" object_type=\"post\" object_id=\"40148\"  style=\"width:100%\"><div class=\"gmw-sl-map-wrapper gmw-sl-element\"><div id=\"gmw-map-wrapper-122\" class=\"gmw-map-wrapper  sl single_location \" style=\"width:100%;height:300px;\"> <span id=\"gmw-resize-map-toggle-122\" class=\"gmw-resize-map-toggle gmw-icon-resize-full\" style=\"display:none;\" title=\"Resize map\"><\/span> <div id=\"gmw-map-loader-122\" class=\"gmw-map-loader\"><\/div> <div id=\"gmw-map-122\" class=\"gmw-map sl single_location\" style=\"width:100%; height:100%\" data-map_id=\"122\" data-prefix=\"sl\" data-map_type=\"single_location\" data-icons_usage=\"global\"><\/div> <\/div><\/div><\/div>\t\t\t\t\t\t\t\t<\/div>\n\t\t\t\t<\/div>\n\t\t\t\t<\/div>\n\t\t\t\t\t<\/div>\n\t\t\t\t<\/div>\n\t\t\t\t<section class=\"elementor-section elementor-top-section elementor-element elementor-element-50072234 elementor-section-content-middle elementor-hidden-desktop elementor-hidden-tablet elementor-hidden-mobile elementor-section-boxed elementor-section-height-default elementor-section-height-default\" data-id=\"50072234\" data-element_type=\"section\" data-settings=\"{&quot;background_background&quot;:&quot;classic&quot;}\">\n\t\t\t\t\t\t<div class=\"elementor-container elementor-column-gap-default\">\n\t\t\t\t\t<div class=\"elementor-column elementor-col-50 elementor-top-column elementor-element elementor-element-4e85da7d\" data-id=\"4e85da7d\" data-element_type=\"column\">\n\t\t\t<div class=\"elementor-widget-wrap elementor-element-populated\">\n\t\t\t\t\t\t<div class=\"elementor-element elementor-element-510a9683 elementor-widget elementor-widget-text-editor\" data-id=\"510a9683\" data-element_type=\"widget\" data-widget_type=\"text-editor.default\">\n\t\t\t\t<div class=\"elementor-widget-container\">\n\t\t\t\t\t\t\t\t\tContatti\t\t\t\t\t\t\t\t<\/div>\n\t\t\t\t<\/div>\n\t\t\t\t<div class=\"elementor-element elementor-element-1274bd49 elementor-shape-circle e-grid-align-left elementor-grid-0 elementor-widget elementor-widget-social-icons\" data-id=\"1274bd49\" data-element_type=\"widget\" data-widget_type=\"social-icons.default\">\n\t\t\t\t<div class=\"elementor-widget-container\">\n\t\t\t\t\t\t\t<div class=\"elementor-social-icons-wrapper elementor-grid\" role=\"list\">\n\t\t\t\t\t\t\t<span class=\"elementor-grid-item\" role=\"listitem\">\n\t\t\t\t\t<a class=\"elementor-icon elementor-social-icon elementor-social-icon-facebook elementor-repeater-item-1539373\" target=\"_blank\">\n\t\t\t\t\t\t<span class=\"elementor-screen-only\">Facebook<\/span>\n\t\t\t\t\t\t<svg aria-hidden=\"true\" class=\"e-font-icon-svg e-fab-facebook\" viewBox=\"0 0 512 512\" xmlns=\"http:\/\/www.w3.org\/2000\/svg\"><path d=\"M504 256C504 119 393 8 256 8S8 119 8 256c0 123.78 90.69 226.38 209.25 245V327.69h-63V256h63v-54.64c0-62.15 37-96.48 93.67-96.48 27.14 0 55.52 4.84 55.52 4.84v61h-31.28c-30.8 0-40.41 19.12-40.41 38.73V256h68.78l-11 71.69h-57.78V501C413.31 482.38 504 379.78 504 256z\"><\/path><\/svg>\t\t\t\t\t<\/a>\n\t\t\t\t<\/span>\n\t\t\t\t\t\t\t<span class=\"elementor-grid-item\" role=\"listitem\">\n\t\t\t\t\t<a class=\"elementor-icon elementor-social-icon elementor-social-icon-twitter elementor-repeater-item-8913cb9\" target=\"_blank\">\n\t\t\t\t\t\t<span class=\"elementor-screen-only\">Twitter<\/span>\n\t\t\t\t\t\t<svg aria-hidden=\"true\" class=\"e-font-icon-svg e-fab-twitter\" viewBox=\"0 0 512 512\" xmlns=\"http:\/\/www.w3.org\/2000\/svg\"><path d=\"M459.37 151.716c.325 4.548.325 9.097.325 13.645 0 138.72-105.583 298.558-298.558 298.558-59.452 0-114.68-17.219-161.137-47.106 8.447.974 16.568 1.299 25.34 1.299 49.055 0 94.213-16.568 130.274-44.832-46.132-.975-84.792-31.188-98.112-72.772 6.498.974 12.995 1.624 19.818 1.624 9.421 0 18.843-1.3 27.614-3.573-48.081-9.747-84.143-51.98-84.143-102.985v-1.299c13.969 7.797 30.214 12.67 47.431 13.319-28.264-18.843-46.781-51.005-46.781-87.391 0-19.492 5.197-37.36 14.294-52.954 51.655 63.675 129.3 105.258 216.365 109.807-1.624-7.797-2.599-15.918-2.599-24.04 0-57.828 46.782-104.934 104.934-104.934 30.213 0 57.502 12.67 76.67 33.137 23.715-4.548 46.456-13.32 66.599-25.34-7.798 24.366-24.366 44.833-46.132 57.827 21.117-2.273 41.584-8.122 60.426-16.243-14.292 20.791-32.161 39.308-52.628 54.253z\"><\/path><\/svg>\t\t\t\t\t<\/a>\n\t\t\t\t<\/span>\n\t\t\t\t\t\t\t<span class=\"elementor-grid-item\" role=\"listitem\">\n\t\t\t\t\t<a class=\"elementor-icon elementor-social-icon elementor-social-icon-youtube elementor-repeater-item-3255c55\" target=\"_blank\">\n\t\t\t\t\t\t<span class=\"elementor-screen-only\">Youtube<\/span>\n\t\t\t\t\t\t<svg aria-hidden=\"true\" class=\"e-font-icon-svg e-fab-youtube\" viewBox=\"0 0 576 512\" xmlns=\"http:\/\/www.w3.org\/2000\/svg\"><path d=\"M549.655 124.083c-6.281-23.65-24.787-42.276-48.284-48.597C458.781 64 288 64 288 64S117.22 64 74.629 75.486c-23.497 6.322-42.003 24.947-48.284 48.597-11.412 42.867-11.412 132.305-11.412 132.305s0 89.438 11.412 132.305c6.281 23.65 24.787 41.5 48.284 47.821C117.22 448 288 448 288 448s170.78 0 213.371-11.486c23.497-6.321 42.003-24.171 48.284-47.821 11.412-42.867 11.412-132.305 11.412-132.305s0-89.438-11.412-132.305zm-317.51 213.508V175.185l142.739 81.205-142.739 81.201z\"><\/path><\/svg>\t\t\t\t\t<\/a>\n\t\t\t\t<\/span>\n\t\t\t\t\t<\/div>\n\t\t\t\t\t\t<\/div>\n\t\t\t\t<\/div>\n\t\t\t\t\t<\/div>\n\t\t<\/div>\n\t\t\t\t<div class=\"elementor-column elementor-col-50 elementor-top-column elementor-element elementor-element-4f6a88ed\" data-id=\"4f6a88ed\" data-element_type=\"column\">\n\t\t\t<div class=\"elementor-widget-wrap elementor-element-populated\">\n\t\t\t\t\t\t<div class=\"elementor-element elementor-element-2baeec63 elementor-widget elementor-widget-text-editor\" data-id=\"2baeec63\" data-element_type=\"widget\" data-widget_type=\"text-editor.default\">\n\t\t\t\t<div class=\"elementor-widget-container\">\n\t\t\t\t\t\t\t\t\t<div id=\"gmw-single-location-wrapper-238\" class=\"gmw-element-wrapper gmw-single-location-wrapper gmw-sl-wrapper gmw-sl-single-post-wrapper post \" object_type=\"post\" object_id=\"40148\"  style=\"width:100%\"><div class=\"gmw-sl-map-wrapper gmw-sl-element\"><div id=\"gmw-map-wrapper-238\" class=\"gmw-map-wrapper  sl single_location \" style=\"width:100%;height:300px;\"> <span id=\"gmw-resize-map-toggle-238\" class=\"gmw-resize-map-toggle gmw-icon-resize-full\" style=\"display:none;\" title=\"Resize map\"><\/span> <div id=\"gmw-map-loader-238\" class=\"gmw-map-loader\"><\/div> <div id=\"gmw-map-238\" class=\"gmw-map sl single_location\" style=\"width:100%; height:100%\" data-map_id=\"238\" data-prefix=\"sl\" data-map_type=\"single_location\" data-icons_usage=\"global\"><\/div> <\/div><\/div><\/div>\t\t\t\t\t\t\t\t<\/div>\n\t\t\t\t<\/div>\n\t\t\t\t<div class=\"elementor-element elementor-element-6ce7f3b elementor-widget elementor-widget-text-editor\" data-id=\"6ce7f3b\" data-element_type=\"widget\" data-widget_type=\"text-editor.default\">\n\t\t\t\t<div class=\"elementor-widget-container\">\n\t\t\t\t\t\t\t\t\t<p><div id=\"gmw-single-object-locations-wrapper-309\" class=\"gmw-element-wrapper gmw-single-location-wrapper gmw-sl-wrapper gmw-sl-single-post-wrapper post gmw-sl-multiple-locations\" object_type=\"post\" object_id=\"\"  style=\"width:100%\"><div class=\"gmw-sl-map-wrapper\"><div id=\"gmw-map-wrapper-309\" class=\"gmw-map-wrapper  sl single_location \" style=\"width:100%;height:350px;\"> <span id=\"gmw-resize-map-toggle-309\" class=\"gmw-resize-map-toggle gmw-icon-resize-full\" style=\"display:none;\" title=\"Resize map\"><\/span> <div id=\"gmw-map-loader-309\" class=\"gmw-map-loader\"><\/div> <div id=\"gmw-map-309\" class=\"gmw-map sl single_location\" style=\"width:100%; height:100%\" data-map_id=\"309\" data-prefix=\"sl\" data-map_type=\"single_location\" data-icons_usage=\"global\"><\/div> <\/div><\/div><\/div><\/p>\t\t\t\t\t\t\t\t<\/div>\n\t\t\t\t<\/div>\n\t\t\t\t\t<\/div>\n\t\t<\/div>\n\t\t\t\t\t<\/div>\n\t\t<\/section>\n\t\t\t\t<\/div>\n\t\t","protected":false},"excerpt":{"rendered":"<div style=\"display: none;\">\n<p>Subito dopo essermi diplomata, spinta dai genitori a proseguire l&#8217;attivit\u00e0 di famiglia, inizio a lavorare come impiegata nel settore buste paga e contabilit\u00e0.<br \/>\nNel giro di pochi anni, mi rendo conto che non \u00e8 il lavoro adatto a me.<br \/>\nDecido pertanto di intraprendere un percorso di studi orientato alle discipline olistiche nel campo dei massaggi seguendo la mia naturale inclinazione e passione nata fin dall&#8217;adolescenza.<br \/>\nNel 2013 frequento il mio primo corso di tecniche del massaggio che rafforza la mia consapevolezza che questa \u00e8 l&#8217;attivit\u00e0 che nella vita voglio svolgere, percio\u2019 mi iscrivo a varie scuole specializzate che mi permettono di formarmi al meglio.<br \/>\nDopo anni e dopo aver conseguito vari attestati\/diplomi e le competenze necessarie, apro il mio studio privato nel 2017, continuandola la formazione nel campo.<br \/>\nGrazie alla mia naturale predisposizione al contatto con il pubblico, sono in grado di unire oltre alla professionalit\u00e0 del massaggio, la gentilezza e la cortesia necessarie per far sentire ogni paziente a proprio agio, donandogli quel momento di benessere che coinvolge corpo, mente e spirito.<br \/>\nTra il 2019\/2021 mi specializzo nel campo del massaggio terapeutico in quanto ho proseguito gli studi in Massoterapia (MCB &#8211; MASSAGGIATORE E CAPO BAGNINO DEGLI STABILIMENTI IDROTERAPICI), arte ausiliaria sanitaria.<\/p>\n<p>massaggi , massaggi terapeutici, massaggio terapeutico, Massoterapia , Massoterapisti, Massoterapista, massaggiatori, massaggiatrice, massaggiatrici, Studio Massoterapico, Studi Massoterapici,<\/p>\n<p>massaggi a Rovato, massaggi terapeutici a Rovato, massaggio terapeutico a Rovato, Massoterapia a Rovato , Massoterapisti a Rovato, Massoterapista a Rovato, massaggiatori a Rovato, massaggiatrice a Rovato, massaggiatrici a Rovato, Studio Massoterapico a Rovato, Studi Massoterapici a Rovato,<\/p>\n<\/div>\n","protected":false},"featured_media":40149,"comment_status":"open","ping_status":"closed","template":"elementor_header_footer","meta":{"_acf_changed":false,"_et_pb_use_builder":"","_et_pb_old_content":"","_et_gb_content_width":""},"product_brand":[],"product_cat":[614,408],"product_tag":[1118,10135,6285,10136,10131,10141,10132,10142,10133,10143,3930,10137,818,10138,829,10140,820,10139,10134,10145,3972,10144],"class_list":{"0":"post-40148","1":"product","2":"type-product","3":"status-publish","4":"has-post-thumbnail","6":"product_cat-massoterapisti","7":"product_cat-salute","8":"product_tag-massaggi","9":"product_tag-massaggi-a-rovato","10":"product_tag-massaggi-terapeutici","11":"product_tag-massaggi-terapeutici-a-rovato","12":"product_tag-massaggiatori","13":"product_tag-massaggiatori-a-rovato","14":"product_tag-massaggiatrice","15":"product_tag-massaggiatrice-a-rovato","16":"product_tag-massaggiatrici","17":"product_tag-massaggiatrici-a-rovato","18":"product_tag-massaggio-terapeutico","19":"product_tag-massaggio-terapeutico-a-rovato","20":"product_tag-massoterapia","21":"product_tag-massoterapia-a-rovato","22":"product_tag-massoterapista","23":"product_tag-massoterapista-a-rovato","24":"product_tag-massoterapisti","25":"product_tag-massoterapisti-a-rovato","26":"product_tag-studi-massoterapici","27":"product_tag-studi-massoterapici-a-rovato","28":"product_tag-studio-massoterapico","29":"product_tag-studio-massoterapico-a-rovato","31":"first","32":"instock","33":"shipping-taxable","34":"product-type-simple"},"acf":[],"yoast_head":"<!-- This site is optimized with the Yoast SEO plugin v26.4 - https:\/\/yoast.com\/wordpress\/plugins\/seo\/ -->\n<title>Studio Massoterapico Di Elisa Drera - SIM Guardia di Finanza<\/title>\n<meta name=\"robots\" content=\"index, follow, max-snippet:-1, max-image-preview:large, max-video-preview:-1\" \/>\n<link rel=\"canonical\" href=\"https:\/\/convenzioni.cralnetwork.it\/simguardiadifinanza\/prodotto\/studio-massoterapico-di-elisa-drera\/\" \/>\n<meta property=\"og:locale\" content=\"it_IT\" \/>\n<meta property=\"og:type\" content=\"article\" \/>\n<meta property=\"og:title\" content=\"Studio Massoterapico Di Elisa Drera - SIM Guardia di Finanza\" \/>\n<meta property=\"og:description\" content=\"Subito dopo essermi diplomata, spinta dai genitori a proseguire l&#039;attivit\u00e0 di famiglia, inizio a lavorare come impiegata nel settore buste paga e contabilit\u00e0. Nel giro di pochi anni, mi rendo conto che non \u00e8 il lavoro adatto a me. Decido pertanto di intraprendere un percorso di studi orientato alle discipline olistiche nel campo dei massaggi seguendo la mia naturale inclinazione e passione nata fin dall&#039;adolescenza. Nel 2013 frequento il mio primo corso di tecniche del massaggio che rafforza la mia consapevolezza che questa \u00e8 l&#039;attivit\u00e0 che nella vita voglio svolgere, percio\u2019 mi iscrivo a varie scuole specializzate che mi permettono di formarmi al meglio. Dopo anni e dopo aver conseguito vari attestati\/diplomi e le competenze necessarie, apro il mio studio privato nel 2017, continuandola la formazione nel campo. Grazie alla mia naturale predisposizione al contatto con il pubblico, sono in grado di unire oltre alla professionalit\u00e0 del massaggio, la gentilezza e la cortesia necessarie per far sentire ogni paziente a proprio agio, donandogli quel momento di benessere che coinvolge corpo, mente e spirito. Tra il 2019\/2021 mi specializzo nel campo del massaggio terapeutico in quanto ho proseguito gli studi in Massoterapia (MCB - MASSAGGIATORE E CAPO BAGNINO DEGLI STABILIMENTI IDROTERAPICI), arte ausiliaria sanitaria. massaggi , massaggi terapeutici, massaggio terapeutico, Massoterapia , Massoterapisti, Massoterapista, massaggiatori, massaggiatrice, massaggiatrici, Studio Massoterapico, Studi Massoterapici, massaggi a Rovato, massaggi terapeutici a Rovato, massaggio terapeutico a Rovato, Massoterapia a Rovato , Massoterapisti a Rovato, Massoterapista a Rovato, massaggiatori a Rovato, massaggiatrice a Rovato, massaggiatrici a Rovato, Studio Massoterapico a Rovato, Studi Massoterapici a Rovato,\" \/>\n<meta property=\"og:url\" content=\"https:\/\/convenzioni.cralnetwork.it\/simguardiadifinanza\/prodotto\/studio-massoterapico-di-elisa-drera\/\" \/>\n<meta property=\"og:site_name\" content=\"SIM Guardia di Finanza\" \/>\n<meta property=\"article:modified_time\" content=\"2024-02-28T09:02:50+00:00\" \/>\n<meta property=\"og:image\" content=\"https:\/\/convenzioni.cralnetwork.it\/simguardiadifinanza\/wp-content\/uploads\/sites\/7\/2024\/02\/logo_Elisa-Drera.jpg\" \/>\n\t<meta property=\"og:image:width\" content=\"300\" \/>\n\t<meta property=\"og:image:height\" content=\"300\" \/>\n\t<meta property=\"og:image:type\" content=\"image\/jpeg\" \/>\n<meta name=\"twitter:card\" content=\"summary_large_image\" \/>\n<meta name=\"twitter:label1\" content=\"Tempo di lettura stimato\" \/>\n\t<meta name=\"twitter:data1\" content=\"5 minuti\" \/>\n<script type=\"application\/ld+json\" class=\"yoast-schema-graph\">{\"@context\":\"https:\/\/schema.org\",\"@graph\":[{\"@type\":\"WebPage\",\"@id\":\"https:\/\/convenzioni.cralnetwork.it\/simguardiadifinanza\/prodotto\/studio-massoterapico-di-elisa-drera\/\",\"url\":\"https:\/\/convenzioni.cralnetwork.it\/simguardiadifinanza\/prodotto\/studio-massoterapico-di-elisa-drera\/\",\"name\":\"Studio Massoterapico Di Elisa Drera - SIM Guardia di Finanza\",\"isPartOf\":{\"@id\":\"https:\/\/convenzioni.cralnetwork.it\/simguardiadifinanza\/#website\"},\"primaryImageOfPage\":{\"@id\":\"https:\/\/convenzioni.cralnetwork.it\/simguardiadifinanza\/prodotto\/studio-massoterapico-di-elisa-drera\/#primaryimage\"},\"image\":{\"@id\":\"https:\/\/convenzioni.cralnetwork.it\/simguardiadifinanza\/prodotto\/studio-massoterapico-di-elisa-drera\/#primaryimage\"},\"thumbnailUrl\":\"https:\/\/convenzioni.cralnetwork.it\/simguardiadifinanza\/wp-content\/uploads\/sites\/7\/2024\/02\/logo_Elisa-Drera.jpg\",\"datePublished\":\"2024-02-22T11:07:29+00:00\",\"dateModified\":\"2024-02-28T09:02:50+00:00\",\"breadcrumb\":{\"@id\":\"https:\/\/convenzioni.cralnetwork.it\/simguardiadifinanza\/prodotto\/studio-massoterapico-di-elisa-drera\/#breadcrumb\"},\"inLanguage\":\"it-IT\",\"potentialAction\":[{\"@type\":\"ReadAction\",\"target\":[\"https:\/\/convenzioni.cralnetwork.it\/simguardiadifinanza\/prodotto\/studio-massoterapico-di-elisa-drera\/\"]}]},{\"@type\":\"ImageObject\",\"inLanguage\":\"it-IT\",\"@id\":\"https:\/\/convenzioni.cralnetwork.it\/simguardiadifinanza\/prodotto\/studio-massoterapico-di-elisa-drera\/#primaryimage\",\"url\":\"https:\/\/convenzioni.cralnetwork.it\/simguardiadifinanza\/wp-content\/uploads\/sites\/7\/2024\/02\/logo_Elisa-Drera.jpg\",\"contentUrl\":\"https:\/\/convenzioni.cralnetwork.it\/simguardiadifinanza\/wp-content\/uploads\/sites\/7\/2024\/02\/logo_Elisa-Drera.jpg\",\"width\":300,\"height\":300},{\"@type\":\"BreadcrumbList\",\"@id\":\"https:\/\/convenzioni.cralnetwork.it\/simguardiadifinanza\/prodotto\/studio-massoterapico-di-elisa-drera\/#breadcrumb\",\"itemListElement\":[{\"@type\":\"ListItem\",\"position\":1,\"name\":\"Home\",\"item\":\"https:\/\/convenzioni.cralnetwork.it\/simguardiadifinanza\/\"},{\"@type\":\"ListItem\",\"position\":2,\"name\":\"Shop\",\"item\":\"https:\/\/convenzioni.cralnetwork.it\/simguardiadifinanza\/negozio\/\"},{\"@type\":\"ListItem\",\"position\":3,\"name\":\"Studio Massoterapico Di Elisa Drera\"}]},{\"@type\":\"WebSite\",\"@id\":\"https:\/\/convenzioni.cralnetwork.it\/simguardiadifinanza\/#website\",\"url\":\"https:\/\/convenzioni.cralnetwork.it\/simguardiadifinanza\/\",\"name\":\"SIM Guardia di Finanza\",\"description\":\"Area Convenzioni\",\"potentialAction\":[{\"@type\":\"SearchAction\",\"target\":{\"@type\":\"EntryPoint\",\"urlTemplate\":\"https:\/\/convenzioni.cralnetwork.it\/simguardiadifinanza\/?s={search_term_string}\"},\"query-input\":{\"@type\":\"PropertyValueSpecification\",\"valueRequired\":true,\"valueName\":\"search_term_string\"}}],\"inLanguage\":\"it-IT\"}]}<\/script>\n<!-- \/ Yoast SEO plugin. -->","yoast_head_json":{"title":"Studio Massoterapico Di Elisa Drera - SIM Guardia di Finanza","robots":{"index":"index","follow":"follow","max-snippet":"max-snippet:-1","max-image-preview":"max-image-preview:large","max-video-preview":"max-video-preview:-1"},"canonical":"https:\/\/convenzioni.cralnetwork.it\/simguardiadifinanza\/prodotto\/studio-massoterapico-di-elisa-drera\/","og_locale":"it_IT","og_type":"article","og_title":"Studio Massoterapico Di Elisa Drera - SIM Guardia di Finanza","og_description":"Subito dopo essermi diplomata, spinta dai genitori a proseguire l'attivit\u00e0 di famiglia, inizio a lavorare come impiegata nel settore buste paga e contabilit\u00e0. Nel giro di pochi anni, mi rendo conto che non \u00e8 il lavoro adatto a me. Decido pertanto di intraprendere un percorso di studi orientato alle discipline olistiche nel campo dei massaggi seguendo la mia naturale inclinazione e passione nata fin dall'adolescenza. Nel 2013 frequento il mio primo corso di tecniche del massaggio che rafforza la mia consapevolezza che questa \u00e8 l'attivit\u00e0 che nella vita voglio svolgere, percio\u2019 mi iscrivo a varie scuole specializzate che mi permettono di formarmi al meglio. Dopo anni e dopo aver conseguito vari attestati\/diplomi e le competenze necessarie, apro il mio studio privato nel 2017, continuandola la formazione nel campo. Grazie alla mia naturale predisposizione al contatto con il pubblico, sono in grado di unire oltre alla professionalit\u00e0 del massaggio, la gentilezza e la cortesia necessarie per far sentire ogni paziente a proprio agio, donandogli quel momento di benessere che coinvolge corpo, mente e spirito. Tra il 2019\/2021 mi specializzo nel campo del massaggio terapeutico in quanto ho proseguito gli studi in Massoterapia (MCB - MASSAGGIATORE E CAPO BAGNINO DEGLI STABILIMENTI IDROTERAPICI), arte ausiliaria sanitaria. massaggi , massaggi terapeutici, massaggio terapeutico, Massoterapia , Massoterapisti, Massoterapista, massaggiatori, massaggiatrice, massaggiatrici, Studio Massoterapico, Studi Massoterapici, massaggi a Rovato, massaggi terapeutici a Rovato, massaggio terapeutico a Rovato, Massoterapia a Rovato , Massoterapisti a Rovato, Massoterapista a Rovato, massaggiatori a Rovato, massaggiatrice a Rovato, massaggiatrici a Rovato, Studio Massoterapico a Rovato, Studi Massoterapici a Rovato,","og_url":"https:\/\/convenzioni.cralnetwork.it\/simguardiadifinanza\/prodotto\/studio-massoterapico-di-elisa-drera\/","og_site_name":"SIM Guardia di Finanza","article_modified_time":"2024-02-28T09:02:50+00:00","og_image":[{"width":300,"height":300,"url":"https:\/\/convenzioni.cralnetwork.it\/simguardiadifinanza\/wp-content\/uploads\/sites\/7\/2024\/02\/logo_Elisa-Drera.jpg","type":"image\/jpeg"}],"twitter_card":"summary_large_image","twitter_misc":{"Tempo di lettura stimato":"5 minuti"},"schema":{"@context":"https:\/\/schema.org","@graph":[{"@type":"WebPage","@id":"https:\/\/convenzioni.cralnetwork.it\/simguardiadifinanza\/prodotto\/studio-massoterapico-di-elisa-drera\/","url":"https:\/\/convenzioni.cralnetwork.it\/simguardiadifinanza\/prodotto\/studio-massoterapico-di-elisa-drera\/","name":"Studio Massoterapico Di Elisa Drera - SIM Guardia di Finanza","isPartOf":{"@id":"https:\/\/convenzioni.cralnetwork.it\/simguardiadifinanza\/#website"},"primaryImageOfPage":{"@id":"https:\/\/convenzioni.cralnetwork.it\/simguardiadifinanza\/prodotto\/studio-massoterapico-di-elisa-drera\/#primaryimage"},"image":{"@id":"https:\/\/convenzioni.cralnetwork.it\/simguardiadifinanza\/prodotto\/studio-massoterapico-di-elisa-drera\/#primaryimage"},"thumbnailUrl":"https:\/\/convenzioni.cralnetwork.it\/simguardiadifinanza\/wp-content\/uploads\/sites\/7\/2024\/02\/logo_Elisa-Drera.jpg","datePublished":"2024-02-22T11:07:29+00:00","dateModified":"2024-02-28T09:02:50+00:00","breadcrumb":{"@id":"https:\/\/convenzioni.cralnetwork.it\/simguardiadifinanza\/prodotto\/studio-massoterapico-di-elisa-drera\/#breadcrumb"},"inLanguage":"it-IT","potentialAction":[{"@type":"ReadAction","target":["https:\/\/convenzioni.cralnetwork.it\/simguardiadifinanza\/prodotto\/studio-massoterapico-di-elisa-drera\/"]}]},{"@type":"ImageObject","inLanguage":"it-IT","@id":"https:\/\/convenzioni.cralnetwork.it\/simguardiadifinanza\/prodotto\/studio-massoterapico-di-elisa-drera\/#primaryimage","url":"https:\/\/convenzioni.cralnetwork.it\/simguardiadifinanza\/wp-content\/uploads\/sites\/7\/2024\/02\/logo_Elisa-Drera.jpg","contentUrl":"https:\/\/convenzioni.cralnetwork.it\/simguardiadifinanza\/wp-content\/uploads\/sites\/7\/2024\/02\/logo_Elisa-Drera.jpg","width":300,"height":300},{"@type":"BreadcrumbList","@id":"https:\/\/convenzioni.cralnetwork.it\/simguardiadifinanza\/prodotto\/studio-massoterapico-di-elisa-drera\/#breadcrumb","itemListElement":[{"@type":"ListItem","position":1,"name":"Home","item":"https:\/\/convenzioni.cralnetwork.it\/simguardiadifinanza\/"},{"@type":"ListItem","position":2,"name":"Shop","item":"https:\/\/convenzioni.cralnetwork.it\/simguardiadifinanza\/negozio\/"},{"@type":"ListItem","position":3,"name":"Studio Massoterapico Di Elisa Drera"}]},{"@type":"WebSite","@id":"https:\/\/convenzioni.cralnetwork.it\/simguardiadifinanza\/#website","url":"https:\/\/convenzioni.cralnetwork.it\/simguardiadifinanza\/","name":"SIM Guardia di Finanza","description":"Area Convenzioni","potentialAction":[{"@type":"SearchAction","target":{"@type":"EntryPoint","urlTemplate":"https:\/\/convenzioni.cralnetwork.it\/simguardiadifinanza\/?s={search_term_string}"},"query-input":{"@type":"PropertyValueSpecification","valueRequired":true,"valueName":"search_term_string"}}],"inLanguage":"it-IT"}]}},"publishpress_future_workflow_manual_trigger":{"enabledWorkflows":[]},"_links":{"self":[{"href":"https:\/\/convenzioni.cralnetwork.it\/simguardiadifinanza\/wp-json\/wp\/v2\/product\/40148","targetHints":{"allow":["GET"]}}],"collection":[{"href":"https:\/\/convenzioni.cralnetwork.it\/simguardiadifinanza\/wp-json\/wp\/v2\/product"}],"about":[{"href":"https:\/\/convenzioni.cralnetwork.it\/simguardiadifinanza\/wp-json\/wp\/v2\/types\/product"}],"replies":[{"embeddable":true,"href":"https:\/\/convenzioni.cralnetwork.it\/simguardiadifinanza\/wp-json\/wp\/v2\/comments?post=40148"}],"version-history":[{"count":8,"href":"https:\/\/convenzioni.cralnetwork.it\/simguardiadifinanza\/wp-json\/wp\/v2\/product\/40148\/revisions"}],"predecessor-version":[{"id":40468,"href":"https:\/\/convenzioni.cralnetwork.it\/simguardiadifinanza\/wp-json\/wp\/v2\/product\/40148\/revisions\/40468"}],"wp:featuredmedia":[{"embeddable":true,"href":"https:\/\/convenzioni.cralnetwork.it\/simguardiadifinanza\/wp-json\/wp\/v2\/media\/40149"}],"wp:attachment":[{"href":"https:\/\/convenzioni.cralnetwork.it\/simguardiadifinanza\/wp-json\/wp\/v2\/media?parent=40148"}],"wp:term":[{"taxonomy":"product_brand","embeddable":true,"href":"https:\/\/convenzioni.cralnetwork.it\/simguardiadifinanza\/wp-json\/wp\/v2\/product_brand?post=40148"},{"taxonomy":"product_cat","embeddable":true,"href":"https:\/\/convenzioni.cralnetwork.it\/simguardiadifinanza\/wp-json\/wp\/v2\/product_cat?post=40148"},{"taxonomy":"product_tag","embeddable":true,"href":"https:\/\/convenzioni.cralnetwork.it\/simguardiadifinanza\/wp-json\/wp\/v2\/product_tag?post=40148"}],"curies":[{"name":"wp","href":"https:\/\/api.w.org\/{rel}","templated":true}]}}