{"id":39741,"date":"2024-02-09T16:24:37","date_gmt":"2024-02-09T15:24:37","guid":{"rendered":"https:\/\/convenzioni.cralnetwork.it\/simguardiadifinanza\/?post_type=product&#038;p=39741"},"modified":"2024-10-18T14:35:08","modified_gmt":"2024-10-18T12:35:08","slug":"dott-ssa-annalisa-ilari-psicologa-e-psicoterapeuta","status":"publish","type":"product","link":"https:\/\/convenzioni.cralnetwork.it\/simguardiadifinanza\/prodotto\/dott-ssa-annalisa-ilari-psicologa-e-psicoterapeuta\/","title":{"rendered":"Dott.ssa Annalisa Ilari &#8211; Psicologa e psicoterapeuta"},"content":{"rendered":"\t\t<div data-elementor-type=\"wp-post\" data-elementor-id=\"39741\" class=\"elementor elementor-39741\">\n\t\t\t\t<div class=\"elementor-element elementor-element-d8ed658 e-flex e-con-boxed e-con e-parent\" data-id=\"d8ed658\" data-element_type=\"container\" data-settings=\"{&quot;background_background&quot;:&quot;classic&quot;}\">\n\t\t\t\t\t<div class=\"e-con-inner\">\n\t\t\t\t<div class=\"elementor-element elementor-element-a86e89c elementor-widget elementor-widget-image\" data-id=\"a86e89c\" data-element_type=\"widget\" data-widget_type=\"image.default\">\n\t\t\t\t<div class=\"elementor-widget-container\">\n\t\t\t\t\t\t\t\t\t\t\t\t\t\t\t<img fetchpriority=\"high\" fetchpriority=\"high\" decoding=\"async\" width=\"944\" height=\"1024\" src=\"https:\/\/convenzioni.cralnetwork.it\/simguardiadifinanza\/wp-content\/uploads\/sites\/7\/2024\/02\/QUADRATO-PNG--944x1024.png\" class=\"attachment-large size-large wp-image-39754\" alt=\"\" \/>\t\t\t\t\t\t\t\t\t\t\t\t\t\t\t<\/div>\n\t\t\t\t<\/div>\n\t\t\t\t\t<\/div>\n\t\t\t\t<\/div>\n\t\t<div class=\"elementor-element elementor-element-e0f8447 elementor-hidden-desktop e-flex e-con-boxed e-con e-parent\" data-id=\"e0f8447\" data-element_type=\"container\">\n\t\t\t\t\t<div class=\"e-con-inner\">\n\t\t<div class=\"elementor-element elementor-element-30bfe83 e-con-full e-flex e-con e-child\" data-id=\"30bfe83\" data-element_type=\"container\">\n\t\t\t\t<div class=\"elementor-element elementor-element-79c8185 elementor-widget elementor-widget-text-editor\" data-id=\"79c8185\" data-element_type=\"widget\" data-widget_type=\"text-editor.default\">\n\t\t\t\t<div class=\"elementor-widget-container\">\n\t\t\t\t\t\t\t\t\t<p>La mia storia professionale in breve<\/p>\t\t\t\t\t\t\t\t<\/div>\n\t\t\t\t<\/div>\n\t\t\t\t<div class=\"elementor-element elementor-element-fba89a3 elementor-widget elementor-widget-text-editor\" data-id=\"fba89a3\" data-element_type=\"widget\" data-widget_type=\"text-editor.default\">\n\t\t\t\t<div class=\"elementor-widget-container\">\n\t\t\t\t\t\t\t\t\t<p>Dal 2013 al 2020 ho collaborato con l\u2019Universit\u00e0 degli Studi di Firenze come assegnista di ricerca per l\u2019Unit\u00e0 di Ricerca sulle Nuove Patologie Sociali e come Cultore della materia presso la cattedra di Psicologia dello Sviluppo. Come ricercatrice ho partecipato a progetti di ricerca-azione e prevenzione, occupandomi prevalentemente di dipendenze comportamentali e disturbo da gioco d\u2019azzardo. Rispetto a quest\u2019ultimo tema ho prodotto svariate pubblicazioni tra cui anche un libro, in collaborazione con F. Tani, dal titolo <span style=\"color: #cc99ff;\"><a style=\"color: #cc99ff;\" href=\"https:\/\/books.fupress.com\/catalogue\/la-spirale-del-gioco\/3320\"><em><strong>La spirale del gioco<\/strong><\/em><\/a><\/span>, edito da Firenze University Press. Ho maturato anche esperienze in qualit\u00e0 di docente e insegnato in corsi di laurea triennale e magistrale durante l\u2019a.a. 2015-2016. Durante il tirocinio di specializzazione mi sono inoltre occupata di disturbi alimentari.<br \/>Dal 2017 al 2023 ho collaborato con il Centro di Solidariet\u00e0 di Prato presso il quale svolgevo sportello di ascolto per gli adolescenti e partecipavo alla programmazione e alla messa in opera di progetti di prevenzione nelle scuole superiori.<\/p><p><strong>Attualmente svolgo prevalentemente attivit\u00e0 clinica<\/strong>, conduco gruppi di Bioenergetica, Mindfulness, Training autogeno e Meditazioni attive. Mi dedico inoltre alla mia passione di divulgatrice, promuovendo anche progetti di prevenzione e informazione sul territorio.<\/p><p>Nella mia attivit\u00e0 clinica mi occupo del trattamento di disturbi e problematiche relative alla sfera psicologica ed emotiva, quali ad esempio ansia, fobie, depressione, traumi e lutti, stress, dipendenza affettiva, attacchi di panico, crisi esistenziali, disturbi dell&#8217;alimentazione. Mi occupo inoltre di disturbi di carattere psicosomatico e di percorsi di crescita personale di stampo esistenzialista.<br \/>Credo infatti che lo scopo di ogni percorso debba essere quello di fornire conoscenze, strumenti e strategie per affrontare i problemi contingenti ma anche le sfide future che si presenteranno, restituendo senso e significato al percorso di vita.<br \/>La terapia \u00e8 un luogo sicuro, uno spazio-tempo dove accolgo, ascolto e guido affinch\u00e9 ciascuno possa trovare le risorse e le potenzialit\u00e0 espressive utili per vivere appieno, in armonia con se stessi e con gli altri.<br \/>Il percorso psicoterapico \u00e8 un percorso di guarigione e crescita, centrato sulla persona e si avvale di diverse tecniche e metodologie tra le quali, oltre alla classica modalit\u00e0 del colloquio vi sono le meditazioni guidate, l\u2019ipnosi, la terapia EMDR (<span style=\"color: #cc99ff;\"><a style=\"color: #cc99ff;\" href=\"https:\/\/emdr.it\/terapeuti\/toscana\/provincia\/firenze\/comune\/firenze\/\">Terapeuti \u2013 Emdr \u2013 Il sito ufficiale<\/a><\/span>) e la bioenergetica.<br \/>Offre inoltre sostegno per una genitorialit\u00e0 consapevole per coppie con figli di ogni et\u00e0 e percorsi specifici per il periodo della perinatalit\u00e0.<\/p><p><span style=\"color: #cc99ff;\"><strong>Destinatari e modalit\u00e0:<\/strong><\/span><br \/>Adolescenti, giovani adulti e adulti; individualmente, in coppia o in gruppo.<\/p>\t\t\t\t\t\t\t\t<\/div>\n\t\t\t\t<\/div>\n\t\t\t\t<div class=\"elementor-element elementor-element-d3c0f7f elementor-widget__width-inherit elementor-widget elementor-widget-image\" data-id=\"d3c0f7f\" data-element_type=\"widget\" data-widget_type=\"image.default\">\n\t\t\t\t<div class=\"elementor-widget-container\">\n\t\t\t\t\t\t\t\t\t\t\t\t\t\t\t<img decoding=\"async\" width=\"960\" height=\"950\" src=\"https:\/\/convenzioni.cralnetwork.it\/simguardiadifinanza\/wp-content\/uploads\/sites\/7\/2024\/02\/NuovaFotoProfilo.jpg\" class=\"attachment-full size-full wp-image-61376\" alt=\"\" srcset=\"https:\/\/convenzioni.cralnetwork.it\/simguardiadifinanza\/wp-content\/uploads\/sites\/7\/2024\/02\/NuovaFotoProfilo.jpg 960w, https:\/\/convenzioni.cralnetwork.it\/simguardiadifinanza\/wp-content\/uploads\/sites\/7\/2024\/02\/NuovaFotoProfilo-480x475.jpg 480w\" sizes=\"(min-width: 0px) and (max-width: 480px) 480px, (min-width: 481px) 960px, 100vw\" \/>\t\t\t\t\t\t\t\t\t\t\t\t\t\t\t<\/div>\n\t\t\t\t<\/div>\n\t\t\t\t<div class=\"elementor-element elementor-element-a2fa086 elementor-widget elementor-widget-text-editor\" data-id=\"a2fa086\" data-element_type=\"widget\" data-widget_type=\"text-editor.default\">\n\t\t\t\t<div class=\"elementor-widget-container\">\n\t\t\t\t\t\t\t\t\t<p>Aree di intervento<\/p>\t\t\t\t\t\t\t\t<\/div>\n\t\t\t\t<\/div>\n\t\t\t\t<div class=\"elementor-element elementor-element-aaa9685 elementor-widget elementor-widget-text-editor\" data-id=\"aaa9685\" data-element_type=\"widget\" data-widget_type=\"text-editor.default\">\n\t\t\t\t<div class=\"elementor-widget-container\">\n\t\t\t\t\t\t\t\t\t<p>\u2022\u00a0 Disturbi correlati a stress, ansia e depressione<br \/>\u2022\u00a0 Attacchi di panico, fobie, ipocondria e pensieri ossessivo-compulsivi<br \/>\u2022\u00a0 Crisi esistenziali legate al momento evolutivo e al cambiamento<br \/>\u2022\u00a0 Dipendenze comportamentali (gioco d\u2019azzardo, d. affettiva, shopping compulsivo e assimilabili)<br \/>\u2022\u00a0 Disforia di genere, tematiche LGBTQ+<br \/>\u2022\u00a0 Difficolt\u00e0 relazionali<br \/>\u2022\u00a0 Disturbo post-traumatico da stress<br \/>\u2022\u00a0 Disturbi dell\u2019alimentazione<br \/>\u2022\u00a0 Dolore cronico e disturbi psico-somatici<br \/>\u2022\u00a0 Elaborazione del trauma e del lutto con EMDR e rilascio somatico<br \/>\u2022\u00a0 Genitorialit\u00e0 consapevole, perinatalit\u00e0<br \/>\u2022\u00a0 Supporto ai familiari e ai pazienti con malattia (cronica, oncologica, degenerativa&#8230;)<\/p>\t\t\t\t\t\t\t\t<\/div>\n\t\t\t\t<\/div>\n\t\t\t\t<\/div>\n\t\t\t\t\t<\/div>\n\t\t\t\t<\/div>\n\t\t<div class=\"elementor-element elementor-element-01b1c13 elementor-hidden-tablet elementor-hidden-mobile e-flex e-con-boxed e-con e-parent\" data-id=\"01b1c13\" data-element_type=\"container\">\n\t\t\t\t\t<div class=\"e-con-inner\">\n\t\t<div class=\"elementor-element elementor-element-d73c4e1 e-con-full e-flex e-con e-child\" data-id=\"d73c4e1\" data-element_type=\"container\">\n\t\t\t\t<div class=\"elementor-element elementor-element-7035474 elementor-widget elementor-widget-text-editor\" data-id=\"7035474\" data-element_type=\"widget\" data-widget_type=\"text-editor.default\">\n\t\t\t\t<div class=\"elementor-widget-container\">\n\t\t\t\t\t\t\t\t\t<p>La mia storia professionale in breve<\/p>\t\t\t\t\t\t\t\t<\/div>\n\t\t\t\t<\/div>\n\t\t\t\t<div class=\"elementor-element elementor-element-884bd65 elementor-widget elementor-widget-text-editor\" data-id=\"884bd65\" data-element_type=\"widget\" data-widget_type=\"text-editor.default\">\n\t\t\t\t<div class=\"elementor-widget-container\">\n\t\t\t\t\t\t\t\t\t<p>Dal 2013 al 2020 ho collaborato con l\u2019Universit\u00e0 degli Studi di Firenze come assegnista di ricerca per l\u2019Unit\u00e0 di Ricerca sulle Nuove Patologie Sociali e come Cultore della materia presso la cattedra di Psicologia dello Sviluppo. Come ricercatrice ho partecipato a progetti di ricerca-azione e prevenzione, occupandomi prevalentemente di dipendenze comportamentali e disturbo da gioco d\u2019azzardo. Rispetto a quest\u2019ultimo tema ho prodotto svariate pubblicazioni tra cui anche un libro, in collaborazione con F. Tani, dal titolo <span style=\"color: #cc99ff;\"><a style=\"color: #cc99ff;\" href=\"https:\/\/books.fupress.com\/catalogue\/la-spirale-del-gioco\/3320\"><em><strong>La spirale del gioco<\/strong><\/em><\/a><\/span>, edito da Firenze University Press. Ho maturato anche esperienze in qualit\u00e0 di docente e insegnato in corsi di laurea triennale e magistrale durante l\u2019a.a. 2015-2016. Durante il tirocinio di specializzazione mi sono inoltre occupata di disturbi alimentari.<br \/>Dal 2017 al 2023 ho collaborato con il Centro di Solidariet\u00e0 di Prato presso il quale svolgevo sportello di ascolto per gli adolescenti e partecipavo alla programmazione e alla messa in opera di progetti di prevenzione nelle scuole superiori.<\/p><p><strong>Attualmente svolgo prevalentemente attivit\u00e0 clinica<\/strong>, conduco gruppi di Bioenergetica, Mindfulness, Training autogeno e Meditazioni attive. Mi dedico inoltre alla mia passione di divulgatrice, promuovendo anche progetti di prevenzione e informazione sul territorio.<\/p><p>Nella mia attivit\u00e0 clinica mi occupo del trattamento di disturbi e problematiche relative alla sfera psicologica ed emotiva, quali ad esempio ansia, fobie, depressione, traumi e lutti, stress, dipendenza affettiva, attacchi di panico, crisi esistenziali, disturbi dell&#8217;alimentazione. Mi occupo inoltre di disturbi di carattere psicosomatico e di percorsi di crescita personale di stampo esistenzialista.<br \/>Credo infatti che lo scopo di ogni percorso debba essere quello di fornire conoscenze, strumenti e strategie per affrontare i problemi contingenti ma anche le sfide future che si presenteranno, restituendo senso e significato al percorso di vita.<br \/>La terapia \u00e8 un luogo sicuro, uno spazio-tempo dove accolgo, ascolto e guido affinch\u00e9 ciascuno possa trovare le risorse e le potenzialit\u00e0 espressive utili per vivere appieno, in armonia con se stessi e con gli altri.<br \/>Il percorso psicoterapico \u00e8 un percorso di guarigione e crescita, centrato sulla persona e si avvale di diverse tecniche e metodologie tra le quali, oltre alla classica modalit\u00e0 del colloquio vi sono le meditazioni guidate, l\u2019ipnosi, la terapia EMDR (<span style=\"color: #cc99ff;\"><a style=\"color: #cc99ff;\" href=\"https:\/\/emdr.it\/terapeuti\/toscana\/provincia\/firenze\/comune\/firenze\/\">Terapeuti \u2013 Emdr \u2013 Il sito ufficiale<\/a><\/span>) e la bioenergetica.<br \/>Offre inoltre sostegno per una genitorialit\u00e0 consapevole per coppie con figli di ogni et\u00e0 e percorsi specifici per il periodo della perinatalit\u00e0.<\/p><p><span style=\"color: #cc99ff;\"><strong>Destinatari e modalit\u00e0:<\/strong><\/span><br \/>Adolescenti, giovani adulti e adulti; individualmente, in coppia o in gruppo.<\/p>\t\t\t\t\t\t\t\t<\/div>\n\t\t\t\t<\/div>\n\t\t\t\t<\/div>\n\t\t<div class=\"elementor-element elementor-element-0f69bbe e-con-full e-flex e-con e-child\" data-id=\"0f69bbe\" data-element_type=\"container\">\n\t\t\t\t<\/div>\n\t\t<div class=\"elementor-element elementor-element-5d4dcbb e-con-full e-flex e-con e-child\" data-id=\"5d4dcbb\" data-element_type=\"container\">\n\t\t\t\t<div class=\"elementor-element elementor-element-0c7a44b elementor-widget elementor-widget-image\" data-id=\"0c7a44b\" data-element_type=\"widget\" data-widget_type=\"image.default\">\n\t\t\t\t<div class=\"elementor-widget-container\">\n\t\t\t\t\t\t\t\t\t\t\t\t\t\t\t<img decoding=\"async\" width=\"960\" height=\"950\" src=\"https:\/\/convenzioni.cralnetwork.it\/simguardiadifinanza\/wp-content\/uploads\/sites\/7\/2024\/02\/NuovaFotoProfilo.jpg\" class=\"attachment-large size-large wp-image-61376\" alt=\"\" srcset=\"https:\/\/convenzioni.cralnetwork.it\/simguardiadifinanza\/wp-content\/uploads\/sites\/7\/2024\/02\/NuovaFotoProfilo.jpg 960w, https:\/\/convenzioni.cralnetwork.it\/simguardiadifinanza\/wp-content\/uploads\/sites\/7\/2024\/02\/NuovaFotoProfilo-480x475.jpg 480w\" sizes=\"(min-width: 0px) and (max-width: 480px) 480px, (min-width: 481px) 960px, 100vw\" \/>\t\t\t\t\t\t\t\t\t\t\t\t\t\t\t<\/div>\n\t\t\t\t<\/div>\n\t\t\t\t<\/div>\n\t\t<div class=\"elementor-element elementor-element-fdbbf35 e-con-full e-flex e-con e-child\" data-id=\"fdbbf35\" data-element_type=\"container\">\n\t\t\t\t<div class=\"elementor-element elementor-element-89bab6f elementor-widget elementor-widget-text-editor\" data-id=\"89bab6f\" data-element_type=\"widget\" data-widget_type=\"text-editor.default\">\n\t\t\t\t<div class=\"elementor-widget-container\">\n\t\t\t\t\t\t\t\t\t<p>Aree di intervento<\/p>\t\t\t\t\t\t\t\t<\/div>\n\t\t\t\t<\/div>\n\t\t\t\t<div class=\"elementor-element elementor-element-38c1669 elementor-widget elementor-widget-text-editor\" data-id=\"38c1669\" data-element_type=\"widget\" data-widget_type=\"text-editor.default\">\n\t\t\t\t<div class=\"elementor-widget-container\">\n\t\t\t\t\t\t\t\t\t<p>\u2022\u00a0 Disturbi correlati a stress, ansia e depressione<br \/>\u2022\u00a0 Attacchi di panico, fobie, ipocondria e pensieri ossessivo-compulsivi<br \/>\u2022\u00a0 Crisi esistenziali legate al momento evolutivo e al cambiamento<br \/>\u2022\u00a0 Dipendenze comportamentali (gioco d\u2019azzardo, d. affettiva, shopping compulsivo e assimilabili)<br \/>\u2022\u00a0 Disforia di genere, tematiche LGBTQ+<br \/>\u2022\u00a0 Difficolt\u00e0 relazionali<br \/>\u2022\u00a0 Disturbo post-traumatico da stress<br \/>\u2022\u00a0 Disturbi dell\u2019alimentazione<br \/>\u2022\u00a0 Dolore cronico e disturbi psico-somatici<br \/>\u2022\u00a0 Elaborazione del trauma e del lutto con EMDR e rilascio somatico<br \/>\u2022\u00a0 Genitorialit\u00e0 consapevole, perinatalit\u00e0<br \/>\u2022\u00a0 Supporto ai familiari e ai pazienti con malattia (cronica, oncologica, degenerativa&#8230;)<\/p>\t\t\t\t\t\t\t\t<\/div>\n\t\t\t\t<\/div>\n\t\t\t\t<\/div>\n\t\t\t\t\t<\/div>\n\t\t\t\t<\/div>\n\t\t\t\t<section class=\"elementor-section elementor-top-section elementor-element elementor-element-7b253e62 elementor-section-boxed elementor-section-height-default elementor-section-height-default\" data-id=\"7b253e62\" data-element_type=\"section\" data-settings=\"{&quot;background_background&quot;:&quot;classic&quot;}\">\n\t\t\t\t\t\t<div class=\"elementor-container elementor-column-gap-default\">\n\t\t\t\t\t<div class=\"elementor-column elementor-col-100 elementor-top-column elementor-element elementor-element-39005f14\" data-id=\"39005f14\" data-element_type=\"column\">\n\t\t\t<div class=\"elementor-widget-wrap elementor-element-populated\">\n\t\t\t\t\t\t<div class=\"elementor-element elementor-element-67df5a2 elementor-hidden-desktop elementor-hidden-tablet elementor-hidden-mobile elementor-widget elementor-widget-text-editor\" data-id=\"67df5a2\" data-element_type=\"widget\" data-widget_type=\"text-editor.default\">\n\t\t\t\t<div class=\"elementor-widget-container\">\n\t\t\t\t\t\t\t\t\t<p>Per gli associati<\/p>\t\t\t\t\t\t\t\t<\/div>\n\t\t\t\t<\/div>\n\t\t\t\t<div class=\"elementor-element elementor-element-48e98ff elementor-widget elementor-widget-text-editor\" data-id=\"48e98ff\" data-element_type=\"widget\" data-widget_type=\"text-editor.default\">\n\t\t\t\t<div class=\"elementor-widget-container\">\n\t\t\t\t\t\t\t\t\t<p>Per gli associati SIM Guardia di Finanza e i loro familiari<\/p>\t\t\t\t\t\t\t\t<\/div>\n\t\t\t\t<\/div>\n\t\t\t\t<div class=\"elementor-element elementor-element-5cd7f3cd elementor-widget elementor-widget-text-editor\" data-id=\"5cd7f3cd\" data-element_type=\"widget\" data-widget_type=\"text-editor.default\">\n\t\t\t\t<div class=\"elementor-widget-container\">\n\t\t\t\t\t\t\t\t\t<p>Primo colloquio conoscitivo telefonico, gratuito<\/p><p>Percorsi a tariffe agevolate<\/p>\t\t\t\t\t\t\t\t<\/div>\n\t\t\t\t<\/div>\n\t\t\t\t\t<\/div>\n\t\t<\/div>\n\t\t\t\t\t<\/div>\n\t\t<\/section>\n\t\t<div class=\"elementor-element elementor-element-5da512f elementor-hidden-desktop e-flex e-con-boxed e-con e-parent\" data-id=\"5da512f\" data-element_type=\"container\">\n\t\t\t\t\t<div class=\"e-con-inner\">\n\t\t<div class=\"elementor-element elementor-element-059803e e-con-full e-flex e-con e-child\" data-id=\"059803e\" data-element_type=\"container\">\n\t\t\t\t<div class=\"elementor-element elementor-element-97d6758 elementor-widget elementor-widget-text-editor\" data-id=\"97d6758\" data-element_type=\"widget\" data-widget_type=\"text-editor.default\">\n\t\t\t\t<div class=\"elementor-widget-container\">\n\t\t\t\t\t\t\t\t\t<p>Contatti<\/p>\t\t\t\t\t\t\t\t<\/div>\n\t\t\t\t<\/div>\n\t\t\t\t<div class=\"elementor-element elementor-element-6361709 elementor-hidden-mobile elementor-widget elementor-widget-text-editor\" data-id=\"6361709\" data-element_type=\"widget\" data-widget_type=\"text-editor.default\">\n\t\t\t\t<div class=\"elementor-widget-container\">\n\t\t\t\t\t\t\t\t\t<p><strong>Annalisa Ilari<br \/>Psicologa, Psicoterapeuta ad orientamento umanistico &#8211; bioenergetico e Terapeuta EMDR<\/strong><br \/><em>Iscritta all\u2019Ordine degli Psicologi della Toscana con il n. 7679 dal 2015<\/em><\/p><p>Largo Gaspare Spontini, 25 &#8211; 50018 Scandicci (FI)<br \/>Ricevo su appuntamento e online<br \/><strong>Tel:<\/strong> 333 4552915<br \/><b>Mail: <\/b><span style=\"color: #cc99ff;\"><a style=\"color: #cc99ff;\" href=\"mailto:annalisa.ilari@yahoo.it\">annalisa.ilari@yahoo.it<\/a>\u00a0<\/span> \u00a0|\u00a0 \u00a0<span style=\"color: #cc99ff;\"><a style=\"color: #cc99ff;\" href=\"mailto:trame.psi@gmail.com\">trame.psi@gmail.com<\/a><\/span><br \/><strong>Lun &#8211; Ven:<\/strong> 08.00 &#8211; 13.00 \/ 16.00 &#8211; 19.30<br \/>Il luned\u00ec solo in modalit\u00e0 online<\/p>\t\t\t\t\t\t\t\t<\/div>\n\t\t\t\t<\/div>\n\t\t\t\t<div class=\"elementor-element elementor-element-72f0a9b elementor-hidden-desktop elementor-hidden-tablet elementor-widget elementor-widget-text-editor\" data-id=\"72f0a9b\" data-element_type=\"widget\" data-widget_type=\"text-editor.default\">\n\t\t\t\t<div class=\"elementor-widget-container\">\n\t\t\t\t\t\t\t\t\t<p><strong>Dott.ssa Annalisa Ilari <br \/>Psicologa e psicoterapeuta terapeuta EMDR<\/strong><br \/><em>Iscritta all\u2019Ordine degli Psicologi della Toscana con il n. 7679 dal 2015<\/em><\/p><p>Largo Gaspare Spontini, 25 &#8211; 50018 Scandicci (FI)<br \/>Ricevo su appuntamento e online<br \/><strong>Tel:<\/strong> 333 4552915<br \/><b>Mail: <\/b><span style=\"color: #cc99ff;\"><a style=\"color: #cc99ff;\" href=\"mailto:annalisa.ilari@yahoo.it\">annalisa.ilari@yahoo.it<\/a><\/span>\u00a0\u00a0<br \/><span style=\"color: #cc99ff;\"><a style=\"color: #cc99ff;\" href=\"mailto:trame.psi@gmail.com\">trame.psi@gmail.com<\/a><\/span><br \/><strong>Lun &#8211; Ven:<\/strong> 08.00 &#8211; 13.00 \/ 16.00 &#8211; 19.30<br \/>Il luned\u00ec solo in modalit\u00e0 online<\/p>\t\t\t\t\t\t\t\t<\/div>\n\t\t\t\t<\/div>\n\t\t\t\t<div class=\"elementor-element elementor-element-fc3bb49 elementor-shape-circle e-grid-align-left elementor-grid-0 elementor-widget elementor-widget-social-icons\" data-id=\"fc3bb49\" data-element_type=\"widget\" data-widget_type=\"social-icons.default\">\n\t\t\t\t<div class=\"elementor-widget-container\">\n\t\t\t\t\t\t\t<div class=\"elementor-social-icons-wrapper elementor-grid\" role=\"list\">\n\t\t\t\t\t\t\t<span class=\"elementor-grid-item\" role=\"listitem\">\n\t\t\t\t\t<a class=\"elementor-icon elementor-social-icon elementor-social-icon-facebook elementor-repeater-item-1539373\" href=\"https:\/\/www.facebook.com\/AnnalisaIlariPsicologa\" target=\"_blank\">\n\t\t\t\t\t\t<span class=\"elementor-screen-only\">Facebook<\/span>\n\t\t\t\t\t\t<svg aria-hidden=\"true\" class=\"e-font-icon-svg e-fab-facebook\" viewBox=\"0 0 512 512\" xmlns=\"http:\/\/www.w3.org\/2000\/svg\"><path d=\"M504 256C504 119 393 8 256 8S8 119 8 256c0 123.78 90.69 226.38 209.25 245V327.69h-63V256h63v-54.64c0-62.15 37-96.48 93.67-96.48 27.14 0 55.52 4.84 55.52 4.84v61h-31.28c-30.8 0-40.41 19.12-40.41 38.73V256h68.78l-11 71.69h-57.78V501C413.31 482.38 504 379.78 504 256z\"><\/path><\/svg>\t\t\t\t\t<\/a>\n\t\t\t\t<\/span>\n\t\t\t\t\t\t\t<span class=\"elementor-grid-item\" role=\"listitem\">\n\t\t\t\t\t<a class=\"elementor-icon elementor-social-icon elementor-social-icon-instagram elementor-repeater-item-1f06d7e\" href=\"https:\/\/www.instagram.com\/annalisa.ilari.psy\" target=\"_blank\">\n\t\t\t\t\t\t<span class=\"elementor-screen-only\">Instagram<\/span>\n\t\t\t\t\t\t<svg aria-hidden=\"true\" class=\"e-font-icon-svg e-fab-instagram\" viewBox=\"0 0 448 512\" xmlns=\"http:\/\/www.w3.org\/2000\/svg\"><path d=\"M224.1 141c-63.6 0-114.9 51.3-114.9 114.9s51.3 114.9 114.9 114.9S339 319.5 339 255.9 287.7 141 224.1 141zm0 189.6c-41.1 0-74.7-33.5-74.7-74.7s33.5-74.7 74.7-74.7 74.7 33.5 74.7 74.7-33.6 74.7-74.7 74.7zm146.4-194.3c0 14.9-12 26.8-26.8 26.8-14.9 0-26.8-12-26.8-26.8s12-26.8 26.8-26.8 26.8 12 26.8 26.8zm76.1 27.2c-1.7-35.9-9.9-67.7-36.2-93.9-26.2-26.2-58-34.4-93.9-36.2-37-2.1-147.9-2.1-184.9 0-35.8 1.7-67.6 9.9-93.9 36.1s-34.4 58-36.2 93.9c-2.1 37-2.1 147.9 0 184.9 1.7 35.9 9.9 67.7 36.2 93.9s58 34.4 93.9 36.2c37 2.1 147.9 2.1 184.9 0 35.9-1.7 67.7-9.9 93.9-36.2 26.2-26.2 34.4-58 36.2-93.9 2.1-37 2.1-147.8 0-184.8zM398.8 388c-7.8 19.6-22.9 34.7-42.6 42.6-29.5 11.7-99.5 9-132.1 9s-102.7 2.6-132.1-9c-19.6-7.8-34.7-22.9-42.6-42.6-11.7-29.5-9-99.5-9-132.1s-2.6-102.7 9-132.1c7.8-19.6 22.9-34.7 42.6-42.6 29.5-11.7 99.5-9 132.1-9s102.7-2.6 132.1 9c19.6 7.8 34.7 22.9 42.6 42.6 11.7 29.5 9 99.5 9 132.1s2.7 102.7-9 132.1z\"><\/path><\/svg>\t\t\t\t\t<\/a>\n\t\t\t\t<\/span>\n\t\t\t\t\t<\/div>\n\t\t\t\t\t\t<\/div>\n\t\t\t\t<\/div>\n\t\t\t\t<div class=\"elementor-element elementor-element-d4385a2 elementor-widget elementor-widget-text-editor\" data-id=\"d4385a2\" data-element_type=\"widget\" data-widget_type=\"text-editor.default\">\n\t\t\t\t<div class=\"elementor-widget-container\">\n\t\t\t\t\t\t\t\t\t<div id=\"gmw-single-location-wrapper-190\" class=\"gmw-element-wrapper gmw-single-location-wrapper gmw-sl-wrapper gmw-sl-single-post-wrapper post \" object_type=\"post\" object_id=\"39741\"  style=\"width:100%\"><div class=\"gmw-sl-map-wrapper gmw-sl-element\"><div id=\"gmw-map-wrapper-190\" class=\"gmw-map-wrapper  sl single_location \" style=\"width:100%;height:300px;\"> <span id=\"gmw-resize-map-toggle-190\" class=\"gmw-resize-map-toggle gmw-icon-resize-full\" style=\"display:none;\" title=\"Resize map\"><\/span> <div id=\"gmw-map-loader-190\" class=\"gmw-map-loader\"><\/div> <div id=\"gmw-map-190\" class=\"gmw-map sl single_location\" style=\"width:100%; height:100%\" data-map_id=\"190\" data-prefix=\"sl\" data-map_type=\"single_location\" data-icons_usage=\"global\"><\/div> <\/div><\/div><\/div>\t\t\t\t\t\t\t\t<\/div>\n\t\t\t\t<\/div>\n\t\t\t\t<\/div>\n\t\t\t\t\t<\/div>\n\t\t\t\t<\/div>\n\t\t<div class=\"elementor-element elementor-element-26ccb37 elementor-hidden-tablet elementor-hidden-mobile e-flex e-con-boxed e-con e-parent\" data-id=\"26ccb37\" data-element_type=\"container\">\n\t\t\t\t\t<div class=\"e-con-inner\">\n\t\t<div class=\"elementor-element elementor-element-746553a e-con-full e-flex e-con e-child\" data-id=\"746553a\" data-element_type=\"container\">\n\t\t\t\t<div class=\"elementor-element elementor-element-f3c3d54 elementor-widget elementor-widget-text-editor\" data-id=\"f3c3d54\" data-element_type=\"widget\" data-widget_type=\"text-editor.default\">\n\t\t\t\t<div class=\"elementor-widget-container\">\n\t\t\t\t\t\t\t\t\t<p>Contatti<\/p>\t\t\t\t\t\t\t\t<\/div>\n\t\t\t\t<\/div>\n\t\t\t\t<div class=\"elementor-element elementor-element-ca61089 elementor-widget elementor-widget-text-editor\" data-id=\"ca61089\" data-element_type=\"widget\" data-widget_type=\"text-editor.default\">\n\t\t\t\t<div class=\"elementor-widget-container\">\n\t\t\t\t\t\t\t\t\t<p><strong>Annalisa Ilari<br \/>Psicologa, Psicoterapeuta ad orientamento umanistico &#8211; bioenergetico e Terapeuta EMDR<\/strong><br \/><em>Iscritta all\u2019Ordine degli Psicologi della Toscana con il n. 7679 dal 2015<\/em><\/p><p>Largo Gaspare Spontini, 25 &#8211; 50018 Scandicci (FI)<br \/>Ricevo su appuntamento e online<br \/><strong>Tel:<\/strong> 333 4552915<br \/><b>Mail: <\/b><span style=\"color: #cc99ff;\"><a style=\"color: #cc99ff;\" href=\"mailto:annalisa.ilari@yahoo.it\">annalisa.ilari@yahoo.it<\/a>\u00a0<\/span> \u00a0|\u00a0 \u00a0<span style=\"color: #cc99ff;\"><a style=\"color: #cc99ff;\" href=\"mailto:trame.psi@gmail.com\">trame.psi@gmail.com<\/a><\/span><br \/><strong>Lun &#8211; Ven:<\/strong> 08.00 &#8211; 13.00 \/ 16.00 &#8211; 19.30<br \/>Il luned\u00ec solo in modalit\u00e0 online<\/p>\t\t\t\t\t\t\t\t<\/div>\n\t\t\t\t<\/div>\n\t\t\t\t<div class=\"elementor-element elementor-element-d824bfc elementor-shape-circle e-grid-align-left elementor-grid-0 elementor-widget elementor-widget-social-icons\" data-id=\"d824bfc\" data-element_type=\"widget\" data-widget_type=\"social-icons.default\">\n\t\t\t\t<div class=\"elementor-widget-container\">\n\t\t\t\t\t\t\t<div class=\"elementor-social-icons-wrapper elementor-grid\" role=\"list\">\n\t\t\t\t\t\t\t<span class=\"elementor-grid-item\" role=\"listitem\">\n\t\t\t\t\t<a class=\"elementor-icon elementor-social-icon elementor-social-icon-facebook elementor-repeater-item-1539373\" href=\"https:\/\/www.facebook.com\/AnnalisaIlariPsicologa\" target=\"_blank\">\n\t\t\t\t\t\t<span class=\"elementor-screen-only\">Facebook<\/span>\n\t\t\t\t\t\t<svg aria-hidden=\"true\" class=\"e-font-icon-svg e-fab-facebook\" viewBox=\"0 0 512 512\" xmlns=\"http:\/\/www.w3.org\/2000\/svg\"><path d=\"M504 256C504 119 393 8 256 8S8 119 8 256c0 123.78 90.69 226.38 209.25 245V327.69h-63V256h63v-54.64c0-62.15 37-96.48 93.67-96.48 27.14 0 55.52 4.84 55.52 4.84v61h-31.28c-30.8 0-40.41 19.12-40.41 38.73V256h68.78l-11 71.69h-57.78V501C413.31 482.38 504 379.78 504 256z\"><\/path><\/svg>\t\t\t\t\t<\/a>\n\t\t\t\t<\/span>\n\t\t\t\t\t\t\t<span class=\"elementor-grid-item\" role=\"listitem\">\n\t\t\t\t\t<a class=\"elementor-icon elementor-social-icon elementor-social-icon-instagram elementor-repeater-item-1f06d7e\" href=\"https:\/\/www.instagram.com\/annalisa.ilari.psy\" target=\"_blank\">\n\t\t\t\t\t\t<span class=\"elementor-screen-only\">Instagram<\/span>\n\t\t\t\t\t\t<svg aria-hidden=\"true\" class=\"e-font-icon-svg e-fab-instagram\" viewBox=\"0 0 448 512\" xmlns=\"http:\/\/www.w3.org\/2000\/svg\"><path d=\"M224.1 141c-63.6 0-114.9 51.3-114.9 114.9s51.3 114.9 114.9 114.9S339 319.5 339 255.9 287.7 141 224.1 141zm0 189.6c-41.1 0-74.7-33.5-74.7-74.7s33.5-74.7 74.7-74.7 74.7 33.5 74.7 74.7-33.6 74.7-74.7 74.7zm146.4-194.3c0 14.9-12 26.8-26.8 26.8-14.9 0-26.8-12-26.8-26.8s12-26.8 26.8-26.8 26.8 12 26.8 26.8zm76.1 27.2c-1.7-35.9-9.9-67.7-36.2-93.9-26.2-26.2-58-34.4-93.9-36.2-37-2.1-147.9-2.1-184.9 0-35.8 1.7-67.6 9.9-93.9 36.1s-34.4 58-36.2 93.9c-2.1 37-2.1 147.9 0 184.9 1.7 35.9 9.9 67.7 36.2 93.9s58 34.4 93.9 36.2c37 2.1 147.9 2.1 184.9 0 35.9-1.7 67.7-9.9 93.9-36.2 26.2-26.2 34.4-58 36.2-93.9 2.1-37 2.1-147.8 0-184.8zM398.8 388c-7.8 19.6-22.9 34.7-42.6 42.6-29.5 11.7-99.5 9-132.1 9s-102.7 2.6-132.1-9c-19.6-7.8-34.7-22.9-42.6-42.6-11.7-29.5-9-99.5-9-132.1s-2.6-102.7 9-132.1c7.8-19.6 22.9-34.7 42.6-42.6 29.5-11.7 99.5-9 132.1-9s102.7-2.6 132.1 9c19.6 7.8 34.7 22.9 42.6 42.6 11.7 29.5 9 99.5 9 132.1s2.7 102.7-9 132.1z\"><\/path><\/svg>\t\t\t\t\t<\/a>\n\t\t\t\t<\/span>\n\t\t\t\t\t<\/div>\n\t\t\t\t\t\t<\/div>\n\t\t\t\t<\/div>\n\t\t\t\t<\/div>\n\t\t<div class=\"elementor-element elementor-element-f40489c e-con-full e-flex e-con e-child\" data-id=\"f40489c\" data-element_type=\"container\">\n\t\t\t\t<div class=\"elementor-element elementor-element-4eefb0c elementor-widget elementor-widget-text-editor\" data-id=\"4eefb0c\" data-element_type=\"widget\" data-widget_type=\"text-editor.default\">\n\t\t\t\t<div class=\"elementor-widget-container\">\n\t\t\t\t\t\t\t\t\t<div id=\"gmw-single-location-wrapper-328\" class=\"gmw-element-wrapper gmw-single-location-wrapper gmw-sl-wrapper gmw-sl-single-post-wrapper post \" object_type=\"post\" object_id=\"39741\"  style=\"width:100%\"><div class=\"gmw-sl-map-wrapper gmw-sl-element\"><div id=\"gmw-map-wrapper-328\" class=\"gmw-map-wrapper  sl single_location \" style=\"width:100%;height:300px;\"> <span id=\"gmw-resize-map-toggle-328\" class=\"gmw-resize-map-toggle gmw-icon-resize-full\" style=\"display:none;\" title=\"Resize map\"><\/span> <div id=\"gmw-map-loader-328\" class=\"gmw-map-loader\"><\/div> <div id=\"gmw-map-328\" class=\"gmw-map sl single_location\" style=\"width:100%; height:100%\" data-map_id=\"328\" data-prefix=\"sl\" data-map_type=\"single_location\" data-icons_usage=\"global\"><\/div> <\/div><\/div><\/div>\t\t\t\t\t\t\t\t<\/div>\n\t\t\t\t<\/div>\n\t\t\t\t<\/div>\n\t\t\t\t\t<\/div>\n\t\t\t\t<\/div>\n\t\t\t\t<section class=\"elementor-section elementor-top-section elementor-element elementor-element-1a434580 elementor-section-content-middle elementor-hidden-desktop elementor-hidden-tablet elementor-hidden-mobile elementor-section-boxed elementor-section-height-default elementor-section-height-default\" data-id=\"1a434580\" data-element_type=\"section\" data-settings=\"{&quot;background_background&quot;:&quot;classic&quot;}\">\n\t\t\t\t\t\t<div class=\"elementor-container elementor-column-gap-default\">\n\t\t\t\t\t<div class=\"elementor-column elementor-col-50 elementor-top-column elementor-element elementor-element-1b6ec1e1\" data-id=\"1b6ec1e1\" data-element_type=\"column\">\n\t\t\t<div class=\"elementor-widget-wrap elementor-element-populated\">\n\t\t\t\t\t\t<div class=\"elementor-element elementor-element-6364491e elementor-widget elementor-widget-text-editor\" data-id=\"6364491e\" data-element_type=\"widget\" data-widget_type=\"text-editor.default\">\n\t\t\t\t<div class=\"elementor-widget-container\">\n\t\t\t\t\t\t\t\t\tContatti\t\t\t\t\t\t\t\t<\/div>\n\t\t\t\t<\/div>\n\t\t\t\t<div class=\"elementor-element elementor-element-5e0b638d elementor-shape-circle e-grid-align-left elementor-grid-0 elementor-widget elementor-widget-social-icons\" data-id=\"5e0b638d\" data-element_type=\"widget\" data-widget_type=\"social-icons.default\">\n\t\t\t\t<div class=\"elementor-widget-container\">\n\t\t\t\t\t\t\t<div class=\"elementor-social-icons-wrapper elementor-grid\" role=\"list\">\n\t\t\t\t\t\t\t<span class=\"elementor-grid-item\" role=\"listitem\">\n\t\t\t\t\t<a class=\"elementor-icon elementor-social-icon elementor-social-icon-facebook elementor-repeater-item-1539373\" target=\"_blank\">\n\t\t\t\t\t\t<span class=\"elementor-screen-only\">Facebook<\/span>\n\t\t\t\t\t\t<svg aria-hidden=\"true\" class=\"e-font-icon-svg e-fab-facebook\" viewBox=\"0 0 512 512\" xmlns=\"http:\/\/www.w3.org\/2000\/svg\"><path d=\"M504 256C504 119 393 8 256 8S8 119 8 256c0 123.78 90.69 226.38 209.25 245V327.69h-63V256h63v-54.64c0-62.15 37-96.48 93.67-96.48 27.14 0 55.52 4.84 55.52 4.84v61h-31.28c-30.8 0-40.41 19.12-40.41 38.73V256h68.78l-11 71.69h-57.78V501C413.31 482.38 504 379.78 504 256z\"><\/path><\/svg>\t\t\t\t\t<\/a>\n\t\t\t\t<\/span>\n\t\t\t\t\t\t\t<span class=\"elementor-grid-item\" role=\"listitem\">\n\t\t\t\t\t<a class=\"elementor-icon elementor-social-icon elementor-social-icon-twitter elementor-repeater-item-8913cb9\" target=\"_blank\">\n\t\t\t\t\t\t<span class=\"elementor-screen-only\">Twitter<\/span>\n\t\t\t\t\t\t<svg aria-hidden=\"true\" class=\"e-font-icon-svg e-fab-twitter\" viewBox=\"0 0 512 512\" xmlns=\"http:\/\/www.w3.org\/2000\/svg\"><path d=\"M459.37 151.716c.325 4.548.325 9.097.325 13.645 0 138.72-105.583 298.558-298.558 298.558-59.452 0-114.68-17.219-161.137-47.106 8.447.974 16.568 1.299 25.34 1.299 49.055 0 94.213-16.568 130.274-44.832-46.132-.975-84.792-31.188-98.112-72.772 6.498.974 12.995 1.624 19.818 1.624 9.421 0 18.843-1.3 27.614-3.573-48.081-9.747-84.143-51.98-84.143-102.985v-1.299c13.969 7.797 30.214 12.67 47.431 13.319-28.264-18.843-46.781-51.005-46.781-87.391 0-19.492 5.197-37.36 14.294-52.954 51.655 63.675 129.3 105.258 216.365 109.807-1.624-7.797-2.599-15.918-2.599-24.04 0-57.828 46.782-104.934 104.934-104.934 30.213 0 57.502 12.67 76.67 33.137 23.715-4.548 46.456-13.32 66.599-25.34-7.798 24.366-24.366 44.833-46.132 57.827 21.117-2.273 41.584-8.122 60.426-16.243-14.292 20.791-32.161 39.308-52.628 54.253z\"><\/path><\/svg>\t\t\t\t\t<\/a>\n\t\t\t\t<\/span>\n\t\t\t\t\t\t\t<span class=\"elementor-grid-item\" role=\"listitem\">\n\t\t\t\t\t<a class=\"elementor-icon elementor-social-icon elementor-social-icon-youtube elementor-repeater-item-3255c55\" target=\"_blank\">\n\t\t\t\t\t\t<span class=\"elementor-screen-only\">Youtube<\/span>\n\t\t\t\t\t\t<svg aria-hidden=\"true\" class=\"e-font-icon-svg e-fab-youtube\" viewBox=\"0 0 576 512\" xmlns=\"http:\/\/www.w3.org\/2000\/svg\"><path d=\"M549.655 124.083c-6.281-23.65-24.787-42.276-48.284-48.597C458.781 64 288 64 288 64S117.22 64 74.629 75.486c-23.497 6.322-42.003 24.947-48.284 48.597-11.412 42.867-11.412 132.305-11.412 132.305s0 89.438 11.412 132.305c6.281 23.65 24.787 41.5 48.284 47.821C117.22 448 288 448 288 448s170.78 0 213.371-11.486c23.497-6.321 42.003-24.171 48.284-47.821 11.412-42.867 11.412-132.305 11.412-132.305s0-89.438-11.412-132.305zm-317.51 213.508V175.185l142.739 81.205-142.739 81.201z\"><\/path><\/svg>\t\t\t\t\t<\/a>\n\t\t\t\t<\/span>\n\t\t\t\t\t<\/div>\n\t\t\t\t\t\t<\/div>\n\t\t\t\t<\/div>\n\t\t\t\t\t<\/div>\n\t\t<\/div>\n\t\t\t\t<div class=\"elementor-column elementor-col-50 elementor-top-column elementor-element elementor-element-1aa981f\" data-id=\"1aa981f\" data-element_type=\"column\">\n\t\t\t<div class=\"elementor-widget-wrap elementor-element-populated\">\n\t\t\t\t\t\t<div class=\"elementor-element elementor-element-4360c3ec elementor-widget elementor-widget-text-editor\" data-id=\"4360c3ec\" data-element_type=\"widget\" data-widget_type=\"text-editor.default\">\n\t\t\t\t<div class=\"elementor-widget-container\">\n\t\t\t\t\t\t\t\t\t<div id=\"gmw-single-location-wrapper-472\" class=\"gmw-element-wrapper gmw-single-location-wrapper gmw-sl-wrapper gmw-sl-single-post-wrapper post \" object_type=\"post\" object_id=\"39741\"  style=\"width:100%\"><div class=\"gmw-sl-map-wrapper gmw-sl-element\"><div id=\"gmw-map-wrapper-472\" class=\"gmw-map-wrapper  sl single_location \" style=\"width:100%;height:300px;\"> <span id=\"gmw-resize-map-toggle-472\" class=\"gmw-resize-map-toggle gmw-icon-resize-full\" style=\"display:none;\" title=\"Resize map\"><\/span> <div id=\"gmw-map-loader-472\" class=\"gmw-map-loader\"><\/div> <div id=\"gmw-map-472\" class=\"gmw-map sl single_location\" style=\"width:100%; height:100%\" data-map_id=\"472\" data-prefix=\"sl\" data-map_type=\"single_location\" data-icons_usage=\"global\"><\/div> <\/div><\/div><\/div>\t\t\t\t\t\t\t\t<\/div>\n\t\t\t\t<\/div>\n\t\t\t\t<div class=\"elementor-element elementor-element-1339935d elementor-widget elementor-widget-text-editor\" data-id=\"1339935d\" data-element_type=\"widget\" data-widget_type=\"text-editor.default\">\n\t\t\t\t<div class=\"elementor-widget-container\">\n\t\t\t\t\t\t\t\t\t<p><div id=\"gmw-single-object-locations-wrapper-131\" class=\"gmw-element-wrapper gmw-single-location-wrapper gmw-sl-wrapper gmw-sl-single-post-wrapper post gmw-sl-multiple-locations\" object_type=\"post\" object_id=\"\"  style=\"width:100%\"><div class=\"gmw-sl-map-wrapper\"><div id=\"gmw-map-wrapper-131\" class=\"gmw-map-wrapper  sl single_location \" style=\"width:100%;height:350px;\"> <span id=\"gmw-resize-map-toggle-131\" class=\"gmw-resize-map-toggle gmw-icon-resize-full\" style=\"display:none;\" title=\"Resize map\"><\/span> <div id=\"gmw-map-loader-131\" class=\"gmw-map-loader\"><\/div> <div id=\"gmw-map-131\" class=\"gmw-map sl single_location\" style=\"width:100%; height:100%\" data-map_id=\"131\" data-prefix=\"sl\" data-map_type=\"single_location\" data-icons_usage=\"global\"><\/div> <\/div><\/div><\/div><\/p>\t\t\t\t\t\t\t\t<\/div>\n\t\t\t\t<\/div>\n\t\t\t\t\t<\/div>\n\t\t<\/div>\n\t\t\t\t\t<\/div>\n\t\t<\/section>\n\t\t\t\t<\/div>\n\t\t","protected":false},"excerpt":{"rendered":"<div style=\"display: none;\">\n<p>Annalisa Ilari psicologa, psicoterapeuta ad orientamento umanistico &#8211; bioenergetico e terapeuta EMDR.<br \/>\nRicevo, su appuntamento, presso il mio studio privato a Scandicci e ONLINE. Sono iscritta all\u2019Ordine degli Psicologi della Toscana con il n. 7679 dal 2015.<\/p>\n<p>La mia storia professionale in breve<br \/>\nDal 2013 al 2020 ho collaborato con l\u2019Universit\u00e0 degli Studi di Firenze come assegnista di ricerca per l\u2019Unit\u00e0 di Ricerca sulle Nuove Patologie Sociali e come Cultore della materia presso la cattedra di Psicologia dello Sviluppo. Come ricercatrice ho partecipato a progetti di ricerca-azione e prevenzione, occupandomi prevalentemente di dipendenze comportamentali e disturbo da gioco d\u2019azzardo. Rispetto a quest\u2019ultimo tema ho prodotto svariate pubblicazioni tra cui anche un libro, in collaborazione con F. Tani, dal titolo La spirale del gioco, edito da Firenze University Press (https:\/\/books.fupress.com\/catalogue\/la-spirale-del-gioco\/3320). Ho maturato anche esperienze in qualit\u00e0 di docente e insegnato in corsi di laurea triennale e magistrale durante l\u2019a.a. 2015-2016. Durante il tirocinio di specializzazione mi sono inoltre occupata di disturbi alimentari.<br \/>\nDal 2017 al 2023 ho collaborato con il Centro di Solidariet\u00e0 di Prato presso il quale svolgevo sportello di ascolto per gli adolescenti e partecipavo alla programmazione e alla messa in opera di progetti di prevenzione nelle scuole superiori.<br \/>\nAttualmente svolgo prevalentemente attivit\u00e0 clinica, conduco gruppi di Bioenergetica, Mindfulness, Training autogeno e Meditazioni attive. Mi dedico inoltre alla mia passione di divulgatrice, promuovendo anche progetti di prevenzione e informazione sul territorio.<br \/>\nNella mia attivit\u00e0 clinica mi occupo del trattamento di disturbi e problematiche relative alla sfera psicologica ed emotiva, quali ad esempio ansia, fobie, depressione, traumi e lutti, stress, dipendenza affettiva, attacchi di panico, crisi esistenziali, disturbi dell&#8217;alimentazione. Mi occupo inoltre di disturbi di carattere psicosomatico e di percorsi di crescita personale di stampo esistenzialista.<br \/>\nCredo infatti che lo scopo di ogni percorso debba essere quello di fornire conoscenze, strumenti e strategie per affrontare i problemi contingenti ma anche le sfide future che si presenteranno, restituendo senso e significato al percorso di vita.<br \/>\nLa terapia \u00e8 un luogo sicuro, uno spazio-tempo dove accolgo, ascolto e guido affinch\u00e9 ciascuno possa trovare le risorse e le potenzialit\u00e0 espressive utili per vivere appieno, in armonia con se stessi e con gli altri.<br \/>\nIl percorso psicoterapico \u00e8 un percorso di guarigione e crescita, centrato sulla persona e si avvale di diverse tecniche e metodologie tra le quali, oltre alla classica modalit\u00e0 del colloquio vi sono le meditazioni guidate, l\u2019ipnosi, la terapia EMDR (Terapeuti \u2013 Emdr \u2013 Il sito ufficiale) e la bioenergetica.<br \/>\nOffre inoltre sostegno per una genitorialit\u00e0 consapevole per coppie con figli di ogni et\u00e0 e percorsi specifici per il periodo della perinatalit\u00e0.<br \/>\nDestinatari e modalit\u00e0:<br \/>\nAdolescenti, giovani adulti e adulti; individualmente, in coppia o in gruppo.<br \/>\nAree di intervento<br \/>\nDisturbi correlati a stress, ansia e depressione<\/p>\n<p>Attacchi di panico, fobie, ipocondria e pensieri ossessivo-compulsivi<br \/>\nCrisi esistenziali legate al momento evolutivo e al cambiamento<br \/>\nDipendenze comportamentali (gioco d\u2019azzardo, d. affettiva, shopping compulsivo e assimilabili)<br \/>\nDisforia di genere, tematiche LGBTQ+<br \/>\nDifficolt\u00e0 relazionali<br \/>\nDisturbo post-traumatico da stress<br \/>\nDisturbi dell\u2019alimentazione<br \/>\nDolore cronico e disturbi psico-somatici<br \/>\nElaborazione del trauma e del lutto con EMDR e rilascio somatico<br \/>\nGenitorialit\u00e0 consapevole, perinatalit\u00e0<br \/>\nSupporto ai familiari e ai pazienti con malattia (cronica, oncologica, degenerativa&#8230;)<\/p>\n<p>psicologa, psicoterapeuta, psicologi, psicoterapeuti, psicologia, psicoterapia, dipendenze comportamentali, disturbo da gioco d\u2019azzardo, disturbi alimentari, ansia, fobie, depressione, traumi, lutti, stress, dipendenza affettiva, attacchi di panico, crisi esistenziali, disturbi dell&#8217;alimentazione, disturbi di carattere psicosomatico, percorsi di crescita personale, percorso psicoterapico, sostegno alla genitorialit\u00e0, psicologia per Adolescenti, psicologia per giovani adulti , psicologia per adulti, psicologia di coppia, psicologia di gruppo, terapia per Adolescenti, terapia per giovani adulti , terapia per adulti, terapia di coppia, terapia di gruppo, ipocondria, pensieri ossessivo-compulsivi, Crisi esistenziali, shopping compulsivo, Disforia di genere, tematiche LGBTQ+, Difficolt\u00e0 relazionali, Disturbo post-traumatico da stress, Dolore cronico, disturbi psico-somatici, Elaborazione del trauma, Elaborazione del lutto, Genitorialit\u00e0 consapevole, perinatalit\u00e0, Supporto ai familiari, Supporto ai pazienti, supporto psicologico, supporto mentale,<\/p>\n<p>psicologa a Firenze, psicoterapeuta a Firenze, psicologi a Firenze, psicoterapeuti a Firenze, psicologia a Firenze, psicoterapia a Firenze, percorsi di crescita personale a Firenze, percorso psicoterapico a Firenze, sostegno alla genitorialit\u00e0 a Firenze, psicologia per Adolescenti a Firenze, psicologia per giovani adulti a Firenze , psicologia per adulti a Firenze, psicologia di coppia a Firenze, psicologia di gruppo a Firenze, terapia per Adolescenti a Firenze, terapia per giovani adulti a Firenze , terapia per adulti a Firenze, terapia di coppia a Firenze, terapia di gruppo a Firenze, Supporto ai familiari a Firenze, Supporto ai pazienti a Firenze, supporto psicologico a Firenze, supporto mentale a Firenze,<\/p>\n<\/div>\n","protected":false},"featured_media":39742,"comment_status":"open","ping_status":"closed","template":"elementor_header_footer","meta":{"_acf_changed":false,"_et_pb_use_builder":"","_et_pb_old_content":"","_et_gb_content_width":""},"product_brand":[],"product_cat":[568,569,408],"product_tag":[776,9980,778,9217,777,9218,9974,9975,8012,8013,9973,805,9221,876,9223,832,9225,9978,9979,9834,1343,3708,1636,9063,9977,9976],"class_list":{"0":"post-39741","1":"product","2":"type-product","3":"status-publish","4":"has-post-thumbnail","6":"product_cat-psicologi","7":"product_cat-psicoterapeuti","8":"product_cat-salute","9":"product_tag-psicologa","10":"product_tag-psicologa-a-firenze","11":"product_tag-psicologi","12":"product_tag-psicologi-a-firenze","13":"product_tag-psicologia","14":"product_tag-psicologia-a-firenze","15":"product_tag-psicologia-di-coppia","16":"product_tag-psicologia-di-gruppo","17":"product_tag-psicologia-per-adolescenti","18":"product_tag-psicologia-per-adulti","19":"product_tag-psicologia-per-giovani-adulti","20":"product_tag-psicoterapeuta","21":"product_tag-psicoterapeuta-a-firenze","22":"product_tag-psicoterapeuti","23":"product_tag-psicoterapeuti-a-firenze","24":"product_tag-psicoterapia","25":"product_tag-psicoterapia-a-firenze","26":"product_tag-supporto-ai-familiari","27":"product_tag-supporto-ai-pazienti","28":"product_tag-supporto-mentale","29":"product_tag-supporto-psicologico","30":"product_tag-terapia-di-coppia","31":"product_tag-terapia-di-gruppo","32":"product_tag-terapia-per-adolescenti","33":"product_tag-terapia-per-adulti","34":"product_tag-terapia-per-giovani-adulti","36":"first","37":"instock","38":"shipping-taxable","39":"product-type-simple"},"acf":[],"yoast_head":"<!-- This site is optimized with the Yoast SEO plugin v26.4 - https:\/\/yoast.com\/wordpress\/plugins\/seo\/ -->\n<title>Dott.ssa Annalisa Ilari - Psicologa e psicoterapeuta - SIM Guardia di Finanza<\/title>\n<meta name=\"robots\" content=\"index, follow, max-snippet:-1, max-image-preview:large, max-video-preview:-1\" \/>\n<link rel=\"canonical\" href=\"https:\/\/convenzioni.cralnetwork.it\/simguardiadifinanza\/prodotto\/dott-ssa-annalisa-ilari-psicologa-e-psicoterapeuta\/\" \/>\n<meta property=\"og:locale\" content=\"it_IT\" \/>\n<meta property=\"og:type\" content=\"article\" \/>\n<meta property=\"og:title\" content=\"Dott.ssa Annalisa Ilari - Psicologa e psicoterapeuta - SIM Guardia di Finanza\" \/>\n<meta property=\"og:description\" content=\"Annalisa Ilari psicologa, psicoterapeuta ad orientamento umanistico - bioenergetico e terapeuta EMDR. Ricevo, su appuntamento, presso il mio studio privato a Scandicci e ONLINE. Sono iscritta all\u2019Ordine degli Psicologi della Toscana con il n. 7679 dal 2015.  La mia storia professionale in breve Dal 2013 al 2020 ho collaborato con l\u2019Universit\u00e0 degli Studi di Firenze come assegnista di ricerca per l\u2019Unit\u00e0 di Ricerca sulle Nuove Patologie Sociali e come Cultore della materia presso la cattedra di Psicologia dello Sviluppo. Come ricercatrice ho partecipato a progetti di ricerca-azione e prevenzione, occupandomi prevalentemente di dipendenze comportamentali e disturbo da gioco d\u2019azzardo. Rispetto a quest\u2019ultimo tema ho prodotto svariate pubblicazioni tra cui anche un libro, in collaborazione con F. Tani, dal titolo La spirale del gioco, edito da Firenze University Press (https:\/\/books.fupress.com\/catalogue\/la-spirale-del-gioco\/3320). Ho maturato anche esperienze in qualit\u00e0 di docente e insegnato in corsi di laurea triennale e magistrale durante l\u2019a.a. 2015-2016. Durante il tirocinio di specializzazione mi sono inoltre occupata di disturbi alimentari. Dal 2017 al 2023 ho collaborato con il Centro di Solidariet\u00e0 di Prato presso il quale svolgevo sportello di ascolto per gli adolescenti e partecipavo alla programmazione e alla messa in opera di progetti di prevenzione nelle scuole superiori. Attualmente svolgo prevalentemente attivit\u00e0 clinica, conduco gruppi di Bioenergetica, Mindfulness, Training autogeno e Meditazioni attive. Mi dedico inoltre alla mia passione di divulgatrice, promuovendo anche progetti di prevenzione e informazione sul territorio. Nella mia attivit\u00e0 clinica mi occupo del trattamento di disturbi e problematiche relative alla sfera psicologica ed emotiva, quali ad esempio ansia, fobie, depressione, traumi e lutti, stress, dipendenza affettiva, attacchi di panico, crisi esistenziali, disturbi dell&#039;alimentazione. Mi occupo inoltre di disturbi di carattere psicosomatico e di percorsi di crescita personale di stampo esistenzialista. Credo infatti che lo scopo di ogni percorso debba essere quello di fornire conoscenze, strumenti e strategie per affrontare i problemi contingenti ma anche le sfide future che si presenteranno, restituendo senso e significato al percorso di vita. La terapia \u00e8 un luogo sicuro, uno spazio-tempo dove accolgo, ascolto e guido affinch\u00e9 ciascuno possa trovare le risorse e le potenzialit\u00e0 espressive utili per vivere appieno, in armonia con se stessi e con gli altri. Il percorso psicoterapico \u00e8 un percorso di guarigione e crescita, centrato sulla persona e si avvale di diverse tecniche e metodologie tra le quali, oltre alla classica modalit\u00e0 del colloquio vi sono le meditazioni guidate, l\u2019ipnosi, la terapia EMDR (Terapeuti \u2013 Emdr \u2013 Il sito ufficiale) e la bioenergetica. Offre inoltre sostegno per una genitorialit\u00e0 consapevole per coppie con figli di ogni et\u00e0 e percorsi specifici per il periodo della perinatalit\u00e0. Destinatari e modalit\u00e0: Adolescenti, giovani adulti e adulti; individualmente, in coppia o in gruppo. Aree di intervento Disturbi correlati a stress, ansia e depressione  Attacchi di panico, fobie, ipocondria e pensieri ossessivo-compulsivi Crisi esistenziali legate al momento evolutivo e al cambiamento Dipendenze comportamentali (gioco d\u2019azzardo, d. affettiva, shopping compulsivo e assimilabili) Disforia di genere, tematiche LGBTQ+ Difficolt\u00e0 relazionali Disturbo post-traumatico da stress Disturbi dell\u2019alimentazione Dolore cronico e disturbi psico-somatici Elaborazione del trauma e del lutto con EMDR e rilascio somatico Genitorialit\u00e0 consapevole, perinatalit\u00e0 Supporto ai familiari e ai pazienti con malattia (cronica, oncologica, degenerativa...)  psicologa, psicoterapeuta, psicologi, psicoterapeuti, psicologia, psicoterapia, dipendenze comportamentali, disturbo da gioco d\u2019azzardo, disturbi alimentari, ansia, fobie, depressione, traumi, lutti, stress, dipendenza affettiva, attacchi di panico, crisi esistenziali, disturbi dell&#039;alimentazione, disturbi di carattere psicosomatico, percorsi di crescita personale, percorso psicoterapico, sostegno alla genitorialit\u00e0, psicologia per Adolescenti, psicologia per giovani adulti , psicologia per adulti, psicologia di coppia, psicologia di gruppo, terapia per Adolescenti, terapia per giovani adulti , terapia per adulti, terapia di coppia, terapia di gruppo, ipocondria, pensieri ossessivo-compulsivi, Crisi esistenziali, shopping compulsivo, Disforia di genere, tematiche LGBTQ+, Difficolt\u00e0 relazionali, Disturbo post-traumatico da stress, Dolore cronico, disturbi psico-somatici, Elaborazione del trauma, Elaborazione del lutto, Genitorialit\u00e0 consapevole, perinatalit\u00e0, Supporto ai familiari, Supporto ai pazienti, supporto psicologico, supporto mentale,  psicologa a Firenze, psicoterapeuta a Firenze, psicologi a Firenze, psicoterapeuti a Firenze, psicologia a Firenze, psicoterapia a Firenze, percorsi di crescita personale a Firenze, percorso psicoterapico a Firenze, sostegno alla genitorialit\u00e0 a Firenze, psicologia per Adolescenti a Firenze, psicologia per giovani adulti a Firenze , psicologia per adulti a Firenze, psicologia di coppia a Firenze, psicologia di gruppo a Firenze, terapia per Adolescenti a Firenze, terapia per giovani adulti a Firenze , terapia per adulti a Firenze, terapia di coppia a Firenze, terapia di gruppo a Firenze, Supporto ai familiari a Firenze, Supporto ai pazienti a Firenze, supporto psicologico a Firenze, supporto mentale a Firenze,\" \/>\n<meta property=\"og:url\" content=\"https:\/\/convenzioni.cralnetwork.it\/simguardiadifinanza\/prodotto\/dott-ssa-annalisa-ilari-psicologa-e-psicoterapeuta\/\" \/>\n<meta property=\"og:site_name\" content=\"SIM Guardia di Finanza\" \/>\n<meta property=\"article:modified_time\" content=\"2024-10-18T12:35:08+00:00\" \/>\n<meta property=\"og:image\" content=\"https:\/\/convenzioni.cralnetwork.it\/simguardiadifinanza\/wp-content\/uploads\/sites\/7\/2024\/02\/Logo_Annalisa-Ilari.jpg\" \/>\n\t<meta property=\"og:image:width\" content=\"300\" \/>\n\t<meta property=\"og:image:height\" content=\"300\" \/>\n\t<meta property=\"og:image:type\" content=\"image\/jpeg\" \/>\n<meta name=\"twitter:card\" content=\"summary_large_image\" \/>\n<meta name=\"twitter:label1\" content=\"Tempo di lettura stimato\" \/>\n\t<meta name=\"twitter:data1\" content=\"7 minuti\" \/>\n<script type=\"application\/ld+json\" class=\"yoast-schema-graph\">{\"@context\":\"https:\/\/schema.org\",\"@graph\":[{\"@type\":\"WebPage\",\"@id\":\"https:\/\/convenzioni.cralnetwork.it\/simguardiadifinanza\/prodotto\/dott-ssa-annalisa-ilari-psicologa-e-psicoterapeuta\/\",\"url\":\"https:\/\/convenzioni.cralnetwork.it\/simguardiadifinanza\/prodotto\/dott-ssa-annalisa-ilari-psicologa-e-psicoterapeuta\/\",\"name\":\"Dott.ssa Annalisa Ilari - Psicologa e psicoterapeuta - SIM Guardia di Finanza\",\"isPartOf\":{\"@id\":\"https:\/\/convenzioni.cralnetwork.it\/simguardiadifinanza\/#website\"},\"primaryImageOfPage\":{\"@id\":\"https:\/\/convenzioni.cralnetwork.it\/simguardiadifinanza\/prodotto\/dott-ssa-annalisa-ilari-psicologa-e-psicoterapeuta\/#primaryimage\"},\"image\":{\"@id\":\"https:\/\/convenzioni.cralnetwork.it\/simguardiadifinanza\/prodotto\/dott-ssa-annalisa-ilari-psicologa-e-psicoterapeuta\/#primaryimage\"},\"thumbnailUrl\":\"https:\/\/convenzioni.cralnetwork.it\/simguardiadifinanza\/wp-content\/uploads\/sites\/7\/2024\/02\/Logo_Annalisa-Ilari.jpg\",\"datePublished\":\"2024-02-09T15:24:37+00:00\",\"dateModified\":\"2024-10-18T12:35:08+00:00\",\"breadcrumb\":{\"@id\":\"https:\/\/convenzioni.cralnetwork.it\/simguardiadifinanza\/prodotto\/dott-ssa-annalisa-ilari-psicologa-e-psicoterapeuta\/#breadcrumb\"},\"inLanguage\":\"it-IT\",\"potentialAction\":[{\"@type\":\"ReadAction\",\"target\":[\"https:\/\/convenzioni.cralnetwork.it\/simguardiadifinanza\/prodotto\/dott-ssa-annalisa-ilari-psicologa-e-psicoterapeuta\/\"]}]},{\"@type\":\"ImageObject\",\"inLanguage\":\"it-IT\",\"@id\":\"https:\/\/convenzioni.cralnetwork.it\/simguardiadifinanza\/prodotto\/dott-ssa-annalisa-ilari-psicologa-e-psicoterapeuta\/#primaryimage\",\"url\":\"https:\/\/convenzioni.cralnetwork.it\/simguardiadifinanza\/wp-content\/uploads\/sites\/7\/2024\/02\/Logo_Annalisa-Ilari.jpg\",\"contentUrl\":\"https:\/\/convenzioni.cralnetwork.it\/simguardiadifinanza\/wp-content\/uploads\/sites\/7\/2024\/02\/Logo_Annalisa-Ilari.jpg\",\"width\":300,\"height\":300},{\"@type\":\"BreadcrumbList\",\"@id\":\"https:\/\/convenzioni.cralnetwork.it\/simguardiadifinanza\/prodotto\/dott-ssa-annalisa-ilari-psicologa-e-psicoterapeuta\/#breadcrumb\",\"itemListElement\":[{\"@type\":\"ListItem\",\"position\":1,\"name\":\"Home\",\"item\":\"https:\/\/convenzioni.cralnetwork.it\/simguardiadifinanza\/\"},{\"@type\":\"ListItem\",\"position\":2,\"name\":\"Shop\",\"item\":\"https:\/\/convenzioni.cralnetwork.it\/simguardiadifinanza\/negozio\/\"},{\"@type\":\"ListItem\",\"position\":3,\"name\":\"Dott.ssa Annalisa Ilari &#8211; Psicologa e psicoterapeuta\"}]},{\"@type\":\"WebSite\",\"@id\":\"https:\/\/convenzioni.cralnetwork.it\/simguardiadifinanza\/#website\",\"url\":\"https:\/\/convenzioni.cralnetwork.it\/simguardiadifinanza\/\",\"name\":\"SIM Guardia di Finanza\",\"description\":\"Area Convenzioni\",\"potentialAction\":[{\"@type\":\"SearchAction\",\"target\":{\"@type\":\"EntryPoint\",\"urlTemplate\":\"https:\/\/convenzioni.cralnetwork.it\/simguardiadifinanza\/?s={search_term_string}\"},\"query-input\":{\"@type\":\"PropertyValueSpecification\",\"valueRequired\":true,\"valueName\":\"search_term_string\"}}],\"inLanguage\":\"it-IT\"}]}<\/script>\n<!-- \/ Yoast SEO plugin. -->","yoast_head_json":{"title":"Dott.ssa Annalisa Ilari - Psicologa e psicoterapeuta - SIM Guardia di Finanza","robots":{"index":"index","follow":"follow","max-snippet":"max-snippet:-1","max-image-preview":"max-image-preview:large","max-video-preview":"max-video-preview:-1"},"canonical":"https:\/\/convenzioni.cralnetwork.it\/simguardiadifinanza\/prodotto\/dott-ssa-annalisa-ilari-psicologa-e-psicoterapeuta\/","og_locale":"it_IT","og_type":"article","og_title":"Dott.ssa Annalisa Ilari - Psicologa e psicoterapeuta - SIM Guardia di Finanza","og_description":"Annalisa Ilari psicologa, psicoterapeuta ad orientamento umanistico - bioenergetico e terapeuta EMDR. Ricevo, su appuntamento, presso il mio studio privato a Scandicci e ONLINE. Sono iscritta all\u2019Ordine degli Psicologi della Toscana con il n. 7679 dal 2015.  La mia storia professionale in breve Dal 2013 al 2020 ho collaborato con l\u2019Universit\u00e0 degli Studi di Firenze come assegnista di ricerca per l\u2019Unit\u00e0 di Ricerca sulle Nuove Patologie Sociali e come Cultore della materia presso la cattedra di Psicologia dello Sviluppo. Come ricercatrice ho partecipato a progetti di ricerca-azione e prevenzione, occupandomi prevalentemente di dipendenze comportamentali e disturbo da gioco d\u2019azzardo. Rispetto a quest\u2019ultimo tema ho prodotto svariate pubblicazioni tra cui anche un libro, in collaborazione con F. Tani, dal titolo La spirale del gioco, edito da Firenze University Press (https:\/\/books.fupress.com\/catalogue\/la-spirale-del-gioco\/3320). Ho maturato anche esperienze in qualit\u00e0 di docente e insegnato in corsi di laurea triennale e magistrale durante l\u2019a.a. 2015-2016. Durante il tirocinio di specializzazione mi sono inoltre occupata di disturbi alimentari. Dal 2017 al 2023 ho collaborato con il Centro di Solidariet\u00e0 di Prato presso il quale svolgevo sportello di ascolto per gli adolescenti e partecipavo alla programmazione e alla messa in opera di progetti di prevenzione nelle scuole superiori. Attualmente svolgo prevalentemente attivit\u00e0 clinica, conduco gruppi di Bioenergetica, Mindfulness, Training autogeno e Meditazioni attive. Mi dedico inoltre alla mia passione di divulgatrice, promuovendo anche progetti di prevenzione e informazione sul territorio. Nella mia attivit\u00e0 clinica mi occupo del trattamento di disturbi e problematiche relative alla sfera psicologica ed emotiva, quali ad esempio ansia, fobie, depressione, traumi e lutti, stress, dipendenza affettiva, attacchi di panico, crisi esistenziali, disturbi dell'alimentazione. Mi occupo inoltre di disturbi di carattere psicosomatico e di percorsi di crescita personale di stampo esistenzialista. Credo infatti che lo scopo di ogni percorso debba essere quello di fornire conoscenze, strumenti e strategie per affrontare i problemi contingenti ma anche le sfide future che si presenteranno, restituendo senso e significato al percorso di vita. La terapia \u00e8 un luogo sicuro, uno spazio-tempo dove accolgo, ascolto e guido affinch\u00e9 ciascuno possa trovare le risorse e le potenzialit\u00e0 espressive utili per vivere appieno, in armonia con se stessi e con gli altri. Il percorso psicoterapico \u00e8 un percorso di guarigione e crescita, centrato sulla persona e si avvale di diverse tecniche e metodologie tra le quali, oltre alla classica modalit\u00e0 del colloquio vi sono le meditazioni guidate, l\u2019ipnosi, la terapia EMDR (Terapeuti \u2013 Emdr \u2013 Il sito ufficiale) e la bioenergetica. Offre inoltre sostegno per una genitorialit\u00e0 consapevole per coppie con figli di ogni et\u00e0 e percorsi specifici per il periodo della perinatalit\u00e0. Destinatari e modalit\u00e0: Adolescenti, giovani adulti e adulti; individualmente, in coppia o in gruppo. Aree di intervento Disturbi correlati a stress, ansia e depressione  Attacchi di panico, fobie, ipocondria e pensieri ossessivo-compulsivi Crisi esistenziali legate al momento evolutivo e al cambiamento Dipendenze comportamentali (gioco d\u2019azzardo, d. affettiva, shopping compulsivo e assimilabili) Disforia di genere, tematiche LGBTQ+ Difficolt\u00e0 relazionali Disturbo post-traumatico da stress Disturbi dell\u2019alimentazione Dolore cronico e disturbi psico-somatici Elaborazione del trauma e del lutto con EMDR e rilascio somatico Genitorialit\u00e0 consapevole, perinatalit\u00e0 Supporto ai familiari e ai pazienti con malattia (cronica, oncologica, degenerativa...)  psicologa, psicoterapeuta, psicologi, psicoterapeuti, psicologia, psicoterapia, dipendenze comportamentali, disturbo da gioco d\u2019azzardo, disturbi alimentari, ansia, fobie, depressione, traumi, lutti, stress, dipendenza affettiva, attacchi di panico, crisi esistenziali, disturbi dell'alimentazione, disturbi di carattere psicosomatico, percorsi di crescita personale, percorso psicoterapico, sostegno alla genitorialit\u00e0, psicologia per Adolescenti, psicologia per giovani adulti , psicologia per adulti, psicologia di coppia, psicologia di gruppo, terapia per Adolescenti, terapia per giovani adulti , terapia per adulti, terapia di coppia, terapia di gruppo, ipocondria, pensieri ossessivo-compulsivi, Crisi esistenziali, shopping compulsivo, Disforia di genere, tematiche LGBTQ+, Difficolt\u00e0 relazionali, Disturbo post-traumatico da stress, Dolore cronico, disturbi psico-somatici, Elaborazione del trauma, Elaborazione del lutto, Genitorialit\u00e0 consapevole, perinatalit\u00e0, Supporto ai familiari, Supporto ai pazienti, supporto psicologico, supporto mentale,  psicologa a Firenze, psicoterapeuta a Firenze, psicologi a Firenze, psicoterapeuti a Firenze, psicologia a Firenze, psicoterapia a Firenze, percorsi di crescita personale a Firenze, percorso psicoterapico a Firenze, sostegno alla genitorialit\u00e0 a Firenze, psicologia per Adolescenti a Firenze, psicologia per giovani adulti a Firenze , psicologia per adulti a Firenze, psicologia di coppia a Firenze, psicologia di gruppo a Firenze, terapia per Adolescenti a Firenze, terapia per giovani adulti a Firenze , terapia per adulti a Firenze, terapia di coppia a Firenze, terapia di gruppo a Firenze, Supporto ai familiari a Firenze, Supporto ai pazienti a Firenze, supporto psicologico a Firenze, supporto mentale a Firenze,","og_url":"https:\/\/convenzioni.cralnetwork.it\/simguardiadifinanza\/prodotto\/dott-ssa-annalisa-ilari-psicologa-e-psicoterapeuta\/","og_site_name":"SIM Guardia di Finanza","article_modified_time":"2024-10-18T12:35:08+00:00","og_image":[{"width":300,"height":300,"url":"https:\/\/convenzioni.cralnetwork.it\/simguardiadifinanza\/wp-content\/uploads\/sites\/7\/2024\/02\/Logo_Annalisa-Ilari.jpg","type":"image\/jpeg"}],"twitter_card":"summary_large_image","twitter_misc":{"Tempo di lettura stimato":"7 minuti"},"schema":{"@context":"https:\/\/schema.org","@graph":[{"@type":"WebPage","@id":"https:\/\/convenzioni.cralnetwork.it\/simguardiadifinanza\/prodotto\/dott-ssa-annalisa-ilari-psicologa-e-psicoterapeuta\/","url":"https:\/\/convenzioni.cralnetwork.it\/simguardiadifinanza\/prodotto\/dott-ssa-annalisa-ilari-psicologa-e-psicoterapeuta\/","name":"Dott.ssa Annalisa Ilari - Psicologa e psicoterapeuta - SIM Guardia di Finanza","isPartOf":{"@id":"https:\/\/convenzioni.cralnetwork.it\/simguardiadifinanza\/#website"},"primaryImageOfPage":{"@id":"https:\/\/convenzioni.cralnetwork.it\/simguardiadifinanza\/prodotto\/dott-ssa-annalisa-ilari-psicologa-e-psicoterapeuta\/#primaryimage"},"image":{"@id":"https:\/\/convenzioni.cralnetwork.it\/simguardiadifinanza\/prodotto\/dott-ssa-annalisa-ilari-psicologa-e-psicoterapeuta\/#primaryimage"},"thumbnailUrl":"https:\/\/convenzioni.cralnetwork.it\/simguardiadifinanza\/wp-content\/uploads\/sites\/7\/2024\/02\/Logo_Annalisa-Ilari.jpg","datePublished":"2024-02-09T15:24:37+00:00","dateModified":"2024-10-18T12:35:08+00:00","breadcrumb":{"@id":"https:\/\/convenzioni.cralnetwork.it\/simguardiadifinanza\/prodotto\/dott-ssa-annalisa-ilari-psicologa-e-psicoterapeuta\/#breadcrumb"},"inLanguage":"it-IT","potentialAction":[{"@type":"ReadAction","target":["https:\/\/convenzioni.cralnetwork.it\/simguardiadifinanza\/prodotto\/dott-ssa-annalisa-ilari-psicologa-e-psicoterapeuta\/"]}]},{"@type":"ImageObject","inLanguage":"it-IT","@id":"https:\/\/convenzioni.cralnetwork.it\/simguardiadifinanza\/prodotto\/dott-ssa-annalisa-ilari-psicologa-e-psicoterapeuta\/#primaryimage","url":"https:\/\/convenzioni.cralnetwork.it\/simguardiadifinanza\/wp-content\/uploads\/sites\/7\/2024\/02\/Logo_Annalisa-Ilari.jpg","contentUrl":"https:\/\/convenzioni.cralnetwork.it\/simguardiadifinanza\/wp-content\/uploads\/sites\/7\/2024\/02\/Logo_Annalisa-Ilari.jpg","width":300,"height":300},{"@type":"BreadcrumbList","@id":"https:\/\/convenzioni.cralnetwork.it\/simguardiadifinanza\/prodotto\/dott-ssa-annalisa-ilari-psicologa-e-psicoterapeuta\/#breadcrumb","itemListElement":[{"@type":"ListItem","position":1,"name":"Home","item":"https:\/\/convenzioni.cralnetwork.it\/simguardiadifinanza\/"},{"@type":"ListItem","position":2,"name":"Shop","item":"https:\/\/convenzioni.cralnetwork.it\/simguardiadifinanza\/negozio\/"},{"@type":"ListItem","position":3,"name":"Dott.ssa Annalisa Ilari &#8211; Psicologa e psicoterapeuta"}]},{"@type":"WebSite","@id":"https:\/\/convenzioni.cralnetwork.it\/simguardiadifinanza\/#website","url":"https:\/\/convenzioni.cralnetwork.it\/simguardiadifinanza\/","name":"SIM Guardia di Finanza","description":"Area Convenzioni","potentialAction":[{"@type":"SearchAction","target":{"@type":"EntryPoint","urlTemplate":"https:\/\/convenzioni.cralnetwork.it\/simguardiadifinanza\/?s={search_term_string}"},"query-input":{"@type":"PropertyValueSpecification","valueRequired":true,"valueName":"search_term_string"}}],"inLanguage":"it-IT"}]}},"publishpress_future_workflow_manual_trigger":{"enabledWorkflows":[]},"_links":{"self":[{"href":"https:\/\/convenzioni.cralnetwork.it\/simguardiadifinanza\/wp-json\/wp\/v2\/product\/39741","targetHints":{"allow":["GET"]}}],"collection":[{"href":"https:\/\/convenzioni.cralnetwork.it\/simguardiadifinanza\/wp-json\/wp\/v2\/product"}],"about":[{"href":"https:\/\/convenzioni.cralnetwork.it\/simguardiadifinanza\/wp-json\/wp\/v2\/types\/product"}],"replies":[{"embeddable":true,"href":"https:\/\/convenzioni.cralnetwork.it\/simguardiadifinanza\/wp-json\/wp\/v2\/comments?post=39741"}],"version-history":[{"count":61,"href":"https:\/\/convenzioni.cralnetwork.it\/simguardiadifinanza\/wp-json\/wp\/v2\/product\/39741\/revisions"}],"predecessor-version":[{"id":61379,"href":"https:\/\/convenzioni.cralnetwork.it\/simguardiadifinanza\/wp-json\/wp\/v2\/product\/39741\/revisions\/61379"}],"wp:featuredmedia":[{"embeddable":true,"href":"https:\/\/convenzioni.cralnetwork.it\/simguardiadifinanza\/wp-json\/wp\/v2\/media\/39742"}],"wp:attachment":[{"href":"https:\/\/convenzioni.cralnetwork.it\/simguardiadifinanza\/wp-json\/wp\/v2\/media?parent=39741"}],"wp:term":[{"taxonomy":"product_brand","embeddable":true,"href":"https:\/\/convenzioni.cralnetwork.it\/simguardiadifinanza\/wp-json\/wp\/v2\/product_brand?post=39741"},{"taxonomy":"product_cat","embeddable":true,"href":"https:\/\/convenzioni.cralnetwork.it\/simguardiadifinanza\/wp-json\/wp\/v2\/product_cat?post=39741"},{"taxonomy":"product_tag","embeddable":true,"href":"https:\/\/convenzioni.cralnetwork.it\/simguardiadifinanza\/wp-json\/wp\/v2\/product_tag?post=39741"}],"curies":[{"name":"wp","href":"https:\/\/api.w.org\/{rel}","templated":true}]}}