{"id":39698,"date":"2024-02-08T11:50:34","date_gmt":"2024-02-08T10:50:34","guid":{"rendered":"https:\/\/convenzioni.cralnetwork.it\/simguardiadifinanza\/?post_type=product&#038;p=39698"},"modified":"2024-02-19T15:00:45","modified_gmt":"2024-02-19T14:00:45","slug":"studio-odontoiatrico-pacini","status":"publish","type":"product","link":"https:\/\/convenzioni.cralnetwork.it\/simguardiadifinanza\/prodotto\/studio-odontoiatrico-pacini\/","title":{"rendered":"Studio Odontoiatrico Pacini"},"content":{"rendered":"\t\t<div data-elementor-type=\"wp-post\" data-elementor-id=\"39698\" class=\"elementor elementor-39698\">\n\t\t\t\t<div class=\"elementor-element elementor-element-251673c7 e-con-full elementor-hidden-tablet elementor-hidden-mobile e-flex e-con e-parent\" data-id=\"251673c7\" data-element_type=\"container\">\n\t\t<div class=\"elementor-element elementor-element-2f344515 e-con-full e-flex e-con e-child\" data-id=\"2f344515\" data-element_type=\"container\" data-settings=\"{&quot;background_background&quot;:&quot;classic&quot;}\">\n\t\t\t\t<div class=\"elementor-element elementor-element-30586812 elementor-widget elementor-widget-image\" data-id=\"30586812\" data-element_type=\"widget\" data-widget_type=\"image.default\">\n\t\t\t\t<div class=\"elementor-widget-container\">\n\t\t\t\t\t\t\t\t\t\t\t\t\t\t\t<img fetchpriority=\"high\" fetchpriority=\"high\" decoding=\"async\" width=\"580\" height=\"198\" src=\"https:\/\/convenzioni.cralnetwork.it\/simguardiadifinanza\/wp-content\/uploads\/sites\/7\/2024\/02\/logo-studio-pacini.jpg\" class=\"attachment-large size-large wp-image-40087\" alt=\"\" srcset=\"https:\/\/convenzioni.cralnetwork.it\/simguardiadifinanza\/wp-content\/uploads\/sites\/7\/2024\/02\/logo-studio-pacini.jpg 580w, https:\/\/convenzioni.cralnetwork.it\/simguardiadifinanza\/wp-content\/uploads\/sites\/7\/2024\/02\/logo-studio-pacini-480x164.jpg 480w\" sizes=\"(min-width: 0px) and (max-width: 480px) 480px, (min-width: 481px) 580px, 100vw\" \/>\t\t\t\t\t\t\t\t\t\t\t\t\t\t\t<\/div>\n\t\t\t\t<\/div>\n\t\t\t\t<div class=\"elementor-element elementor-element-6f194311 elementor-widget elementor-widget-text-editor\" data-id=\"6f194311\" data-element_type=\"widget\" data-widget_type=\"text-editor.default\">\n\t\t\t\t<div class=\"elementor-widget-container\">\n\t\t\t\t\t\t\t\t\t<p>Dr. VITTORIO PACINI<br \/>Ig. PAOLA PACINI<\/p>\t\t\t\t\t\t\t\t<\/div>\n\t\t\t\t<\/div>\n\t\t\t\t<\/div>\n\t\t<div class=\"elementor-element elementor-element-477346f9 e-con-full e-flex e-con e-child\" data-id=\"477346f9\" data-element_type=\"container\" data-settings=\"{&quot;background_background&quot;:&quot;classic&quot;}\">\n\t\t\t\t<\/div>\n\t\t\t\t<\/div>\n\t\t<div class=\"elementor-element elementor-element-717d6ee6 elementor-hidden-desktop e-flex e-con-boxed e-con e-parent\" data-id=\"717d6ee6\" data-element_type=\"container\">\n\t\t\t\t\t<div class=\"e-con-inner\">\n\t\t\t\t<div class=\"elementor-element elementor-element-2c50bbc8 elementor-widget elementor-widget-image\" data-id=\"2c50bbc8\" data-element_type=\"widget\" data-widget_type=\"image.default\">\n\t\t\t\t<div class=\"elementor-widget-container\">\n\t\t\t\t\t\t\t\t\t\t\t\t\t\t\t<img fetchpriority=\"high\" fetchpriority=\"high\" decoding=\"async\" width=\"580\" height=\"198\" src=\"https:\/\/convenzioni.cralnetwork.it\/simguardiadifinanza\/wp-content\/uploads\/sites\/7\/2024\/02\/logo-studio-pacini.jpg\" class=\"attachment-large size-large wp-image-40087\" alt=\"\" srcset=\"https:\/\/convenzioni.cralnetwork.it\/simguardiadifinanza\/wp-content\/uploads\/sites\/7\/2024\/02\/logo-studio-pacini.jpg 580w, https:\/\/convenzioni.cralnetwork.it\/simguardiadifinanza\/wp-content\/uploads\/sites\/7\/2024\/02\/logo-studio-pacini-480x164.jpg 480w\" sizes=\"(min-width: 0px) and (max-width: 480px) 480px, (min-width: 481px) 580px, 100vw\" \/>\t\t\t\t\t\t\t\t\t\t\t\t\t\t\t<\/div>\n\t\t\t\t<\/div>\n\t\t\t\t<div class=\"elementor-element elementor-element-5de68ca4 elementor-widget elementor-widget-text-editor\" data-id=\"5de68ca4\" data-element_type=\"widget\" data-widget_type=\"text-editor.default\">\n\t\t\t\t<div class=\"elementor-widget-container\">\n\t\t\t\t\t\t\t\t\t<p>Dr. VITTORIO PACINI<br \/>Ig. PAOLA PACINI<\/p>\t\t\t\t\t\t\t\t<\/div>\n\t\t\t\t<\/div>\n\t\t\t\t\t<\/div>\n\t\t\t\t<\/div>\n\t\t<div class=\"elementor-element elementor-element-25ab1085 elementor-hidden-desktop e-flex e-con-boxed e-con e-parent\" data-id=\"25ab1085\" data-element_type=\"container\" data-settings=\"{&quot;background_background&quot;:&quot;classic&quot;}\">\n\t\t\t\t\t<div class=\"e-con-inner\">\n\t\t\t\t<div class=\"elementor-element elementor-element-76b30942 elementor-widget elementor-widget-text-editor\" data-id=\"76b30942\" data-element_type=\"widget\" data-widget_type=\"text-editor.default\">\n\t\t\t\t<div class=\"elementor-widget-container\">\n\t\t\t\t\t\t\t\t\t<p>Chi siamo<\/p>\t\t\t\t\t\t\t\t<\/div>\n\t\t\t\t<\/div>\n\t\t\t\t<div class=\"elementor-element elementor-element-1ee6c487 elementor-widget elementor-widget-text-editor\" data-id=\"1ee6c487\" data-element_type=\"widget\" data-widget_type=\"text-editor.default\">\n\t\t\t\t<div class=\"elementor-widget-container\">\n\t\t\t\t\t\t\t\t\t<p>Lo Studio Odontoiatrico Pacini da 60 anni \u00e8 al servizio del paziente e ha come obiettivo la salute orale.<\/p><p>La nostra filosofia mette al centro il paziente, considerandolo una persona prima di tutto.<br \/>Le prestazioni sanitarie si distinguono per la qualit\u00e0 e l&#8217;ampiezza del servizio offerto ai propri pazienti.<br \/>Un servizio reso efficiente e in continua crescita, grazie all&#8217;ascolto delle necessit\u00e0 del paziente.<\/p>\t\t\t\t\t\t\t\t<\/div>\n\t\t\t\t<\/div>\n\t\t\t\t<div class=\"elementor-element elementor-element-207b660c elementor-widget elementor-widget-text-editor\" data-id=\"207b660c\" data-element_type=\"widget\" data-widget_type=\"text-editor.default\">\n\t\t\t\t<div class=\"elementor-widget-container\">\n\t\t\t\t\t\t\t\t\t<p>Il Dott. Vittorio Pacini, che appartiene ad una terza generazione di dentisti, \u00e8 laureato in Medicina e Chirurgia e in Odontoiatria, \u00e8 perfezionato in Protesi Fissa Tradizionale e Implantare all\u2019Universit\u00e0 di Milano, ha inoltre un Master in Chirurgia Orale all\u2019Universit\u00e0 di Pisa.<\/p><p>L\u2019igienista Paola Pacini \u00e8 laureata in igiene dentale nel 1989, ha una esperienza trentennale nel trattamento e prevenzione dell\u2019igiene orale, e nello sbiancamento dentale.<\/p>\t\t\t\t\t\t\t\t<\/div>\n\t\t\t\t<\/div>\n\t\t\t\t\t<\/div>\n\t\t\t\t<\/div>\n\t\t<div class=\"elementor-element elementor-element-575b4942 elementor-hidden-tablet elementor-hidden-mobile e-flex e-con-boxed e-con e-parent\" data-id=\"575b4942\" data-element_type=\"container\" data-settings=\"{&quot;background_background&quot;:&quot;classic&quot;}\">\n\t\t\t\t\t<div class=\"e-con-inner\">\n\t\t\t\t<div class=\"elementor-element elementor-element-34b24793 elementor-widget elementor-widget-text-editor\" data-id=\"34b24793\" data-element_type=\"widget\" data-widget_type=\"text-editor.default\">\n\t\t\t\t<div class=\"elementor-widget-container\">\n\t\t\t\t\t\t\t\t\t<p>Chi siamo<\/p>\t\t\t\t\t\t\t\t<\/div>\n\t\t\t\t<\/div>\n\t\t\t\t\t<\/div>\n\t\t\t\t<\/div>\n\t\t<div class=\"elementor-element elementor-element-61ec9347 elementor-hidden-tablet elementor-hidden-mobile e-flex e-con-boxed e-con e-parent\" data-id=\"61ec9347\" data-element_type=\"container\" data-settings=\"{&quot;background_background&quot;:&quot;classic&quot;}\">\n\t\t\t\t\t<div class=\"e-con-inner\">\n\t\t<div class=\"elementor-element elementor-element-7310af9a e-con-full e-flex e-con e-child\" data-id=\"7310af9a\" data-element_type=\"container\">\n\t\t\t\t<div class=\"elementor-element elementor-element-69a4ff1a elementor-widget elementor-widget-text-editor\" data-id=\"69a4ff1a\" data-element_type=\"widget\" data-widget_type=\"text-editor.default\">\n\t\t\t\t<div class=\"elementor-widget-container\">\n\t\t\t\t\t\t\t\t\t<p>Lo Studio Odontoiatrico Pacini da 60 anni \u00e8 al servizio del paziente e ha come obiettivo la salute orale.<\/p><p>La nostra filosofia mette al centro il paziente, considerandolo una persona prima di tutto.<br \/>Le prestazioni sanitarie si distinguono per la qualit\u00e0 e l&#8217;ampiezza del servizio offerto ai propri pazienti.<br \/>Un servizio reso efficiente e in continua crescita, grazie all&#8217;ascolto delle necessit\u00e0 del paziente.<\/p>\t\t\t\t\t\t\t\t<\/div>\n\t\t\t\t<\/div>\n\t\t\t\t<\/div>\n\t\t<div class=\"elementor-element elementor-element-7c1cd486 e-con-full e-flex e-con e-child\" data-id=\"7c1cd486\" data-element_type=\"container\">\n\t\t\t\t<div class=\"elementor-element elementor-element-63b8900b elementor-widget elementor-widget-text-editor\" data-id=\"63b8900b\" data-element_type=\"widget\" data-widget_type=\"text-editor.default\">\n\t\t\t\t<div class=\"elementor-widget-container\">\n\t\t\t\t\t\t\t\t\t<p>Il Dott. Vittorio Pacini, che appartiene ad una terza generazione di dentisti, \u00e8 laureato in Medicina e Chirurgia e in Odontoiatria, \u00e8 perfezionato in Protesi Fissa Tradizionale e Implantare all\u2019Universit\u00e0 di Milano, ha inoltre un Master in Chirurgia Orale all\u2019Universit\u00e0 di Pisa.<\/p><p>L\u2019igienista Paola Pacini \u00e8 laureata in igiene dentale nel 1989, ha una esperienza trentennale nel trattamento e prevenzione dell\u2019igiene orale, e nello sbiancamento dentale.<\/p>\t\t\t\t\t\t\t\t<\/div>\n\t\t\t\t<\/div>\n\t\t\t\t<\/div>\n\t\t\t\t\t<\/div>\n\t\t\t\t<\/div>\n\t\t<div class=\"elementor-element elementor-element-52851e32 elementor-hidden-desktop e-flex e-con-boxed e-con e-parent\" data-id=\"52851e32\" data-element_type=\"container\" data-settings=\"{&quot;background_background&quot;:&quot;classic&quot;}\">\n\t\t\t\t\t<div class=\"e-con-inner\">\n\t\t\t\t<div class=\"elementor-element elementor-element-a13ef37 elementor-widget elementor-widget-image\" data-id=\"a13ef37\" data-element_type=\"widget\" data-widget_type=\"image.default\">\n\t\t\t\t<div class=\"elementor-widget-container\">\n\t\t\t\t\t\t\t\t\t\t\t\t\t\t\t<img decoding=\"async\" width=\"768\" height=\"1024\" src=\"https:\/\/convenzioni.cralnetwork.it\/simguardiadifinanza\/wp-content\/uploads\/sites\/7\/2024\/02\/Sala-di-attesa-studio-Pacini-768x1024.jpg\" class=\"attachment-large size-large wp-image-40089\" alt=\"\" \/>\t\t\t\t\t\t\t\t\t\t\t\t\t\t\t<\/div>\n\t\t\t\t<\/div>\n\t\t\t\t<div class=\"elementor-element elementor-element-240d64e4 elementor-widget elementor-widget-image\" data-id=\"240d64e4\" data-element_type=\"widget\" data-widget_type=\"image.default\">\n\t\t\t\t<div class=\"elementor-widget-container\">\n\t\t\t\t\t\t\t\t\t\t\t\t\t\t\t<img decoding=\"async\" width=\"768\" height=\"1024\" src=\"https:\/\/convenzioni.cralnetwork.it\/simguardiadifinanza\/wp-content\/uploads\/sites\/7\/2024\/02\/Sala-operativa-2-768x1024.jpg\" class=\"attachment-large size-large wp-image-40090\" alt=\"\" \/>\t\t\t\t\t\t\t\t\t\t\t\t\t\t\t<\/div>\n\t\t\t\t<\/div>\n\t\t\t\t<div class=\"elementor-element elementor-element-1e4ffb32 elementor-widget elementor-widget-image\" data-id=\"1e4ffb32\" data-element_type=\"widget\" data-widget_type=\"image.default\">\n\t\t\t\t<div class=\"elementor-widget-container\">\n\t\t\t\t\t\t\t\t\t\t\t\t\t\t\t<img loading=\"lazy\" loading=\"lazy\" decoding=\"async\" width=\"768\" height=\"1024\" src=\"https:\/\/convenzioni.cralnetwork.it\/simguardiadifinanza\/wp-content\/uploads\/sites\/7\/2024\/02\/Sala-operativa-1-768x1024.jpg\" class=\"attachment-large size-large wp-image-40091\" alt=\"\" \/>\t\t\t\t\t\t\t\t\t\t\t\t\t\t\t<\/div>\n\t\t\t\t<\/div>\n\t\t\t\t\t<\/div>\n\t\t\t\t<\/div>\n\t\t<div class=\"elementor-element elementor-element-6db3ba30 elementor-hidden-tablet elementor-hidden-mobile e-flex e-con-boxed e-con e-parent\" data-id=\"6db3ba30\" data-element_type=\"container\" data-settings=\"{&quot;background_background&quot;:&quot;classic&quot;}\">\n\t\t\t\t\t<div class=\"e-con-inner\">\n\t\t<div class=\"elementor-element elementor-element-4ba6a6c3 e-con-full e-flex e-con e-child\" data-id=\"4ba6a6c3\" data-element_type=\"container\">\n\t\t\t\t<div class=\"elementor-element elementor-element-177487f6 elementor-widget elementor-widget-image\" data-id=\"177487f6\" data-element_type=\"widget\" data-widget_type=\"image.default\">\n\t\t\t\t<div class=\"elementor-widget-container\">\n\t\t\t\t\t\t\t\t\t\t\t\t\t\t\t<img decoding=\"async\" width=\"768\" height=\"1024\" src=\"https:\/\/convenzioni.cralnetwork.it\/simguardiadifinanza\/wp-content\/uploads\/sites\/7\/2024\/02\/Sala-di-attesa-studio-Pacini-768x1024.jpg\" class=\"attachment-large size-large wp-image-40089\" alt=\"\" \/>\t\t\t\t\t\t\t\t\t\t\t\t\t\t\t<\/div>\n\t\t\t\t<\/div>\n\t\t\t\t<\/div>\n\t\t<div class=\"elementor-element elementor-element-162e2007 e-con-full e-flex e-con e-child\" data-id=\"162e2007\" data-element_type=\"container\">\n\t\t\t\t<div class=\"elementor-element elementor-element-f2681a6 elementor-widget elementor-widget-image\" data-id=\"f2681a6\" data-element_type=\"widget\" data-widget_type=\"image.default\">\n\t\t\t\t<div class=\"elementor-widget-container\">\n\t\t\t\t\t\t\t\t\t\t\t\t\t\t\t<img decoding=\"async\" width=\"768\" height=\"1024\" src=\"https:\/\/convenzioni.cralnetwork.it\/simguardiadifinanza\/wp-content\/uploads\/sites\/7\/2024\/02\/Sala-operativa-2-768x1024.jpg\" class=\"attachment-large size-large wp-image-40090\" alt=\"\" \/>\t\t\t\t\t\t\t\t\t\t\t\t\t\t\t<\/div>\n\t\t\t\t<\/div>\n\t\t\t\t<\/div>\n\t\t<div class=\"elementor-element elementor-element-12e90c7a e-con-full e-flex e-con e-child\" data-id=\"12e90c7a\" data-element_type=\"container\">\n\t\t\t\t<div class=\"elementor-element elementor-element-751bb2dd elementor-widget elementor-widget-image\" data-id=\"751bb2dd\" data-element_type=\"widget\" data-widget_type=\"image.default\">\n\t\t\t\t<div class=\"elementor-widget-container\">\n\t\t\t\t\t\t\t\t\t\t\t\t\t\t\t<img loading=\"lazy\" loading=\"lazy\" decoding=\"async\" width=\"768\" height=\"1024\" src=\"https:\/\/convenzioni.cralnetwork.it\/simguardiadifinanza\/wp-content\/uploads\/sites\/7\/2024\/02\/Sala-operativa-1-768x1024.jpg\" class=\"attachment-large size-large wp-image-40091\" alt=\"\" \/>\t\t\t\t\t\t\t\t\t\t\t\t\t\t\t<\/div>\n\t\t\t\t<\/div>\n\t\t\t\t<\/div>\n\t\t\t\t\t<\/div>\n\t\t\t\t<\/div>\n\t\t<div class=\"elementor-element elementor-element-25c7ee99 elementor-hidden-desktop e-flex e-con-boxed e-con e-parent\" data-id=\"25c7ee99\" data-element_type=\"container\">\n\t\t\t\t\t<div class=\"e-con-inner\">\n\t\t\t\t<div class=\"elementor-element elementor-element-6e106900 elementor-widget elementor-widget-text-editor\" data-id=\"6e106900\" data-element_type=\"widget\" data-widget_type=\"text-editor.default\">\n\t\t\t\t<div class=\"elementor-widget-container\">\n\t\t\t\t\t\t\t\t\t<p>Lo Studio Odontoiatrico Pacini comprende l\u2019ambulatorio di Odontoiatria con i servizi di:<\/p>\t\t\t\t\t\t\t\t<\/div>\n\t\t\t\t<\/div>\n\t\t\t\t<div class=\"elementor-element elementor-element-776dfc4 elementor-widget elementor-widget-text-editor\" data-id=\"776dfc4\" data-element_type=\"widget\" data-widget_type=\"text-editor.default\">\n\t\t\t\t<div class=\"elementor-widget-container\">\n\t\t\t\t\t\t\t\t\t<p>\u2022 Conservativa<br \/>\u2022 Protesi Fissa e Rimovibile<br \/>\u2022 Chirurgia Orale<br \/>\u2022 Implantologia Immediata e Differita computer guidata senza bisturi<br \/>\u2022 Ambulatorio di Medicina e Patologia Orale per la diagnosi precoce di malattie tumorali, e non.<\/p>\t\t\t\t\t\t\t\t<\/div>\n\t\t\t\t<\/div>\n\t\t\t\t<div class=\"elementor-element elementor-element-6e05816f elementor-widget elementor-widget-text-editor\" data-id=\"6e05816f\" data-element_type=\"widget\" data-widget_type=\"text-editor.default\">\n\t\t\t\t<div class=\"elementor-widget-container\">\n\t\t\t\t\t\t\t\t\t<p>Sono presenti inoltre i seguenti servizi:<\/p>\t\t\t\t\t\t\t\t<\/div>\n\t\t\t\t<\/div>\n\t\t\t\t<div class=\"elementor-element elementor-element-3e1a5e46 elementor-widget elementor-widget-text-editor\" data-id=\"3e1a5e46\" data-element_type=\"widget\" data-widget_type=\"text-editor.default\">\n\t\t\t\t<div class=\"elementor-widget-container\">\n\t\t\t\t\t\t\t\t\t<p>L\u2019ambulatorio di Ortodonzia per ristabilire i corretti rapporti occlusali degli elementi dentali.<br \/>L\u2019ambulatorio di Igiene e Profilassi Orale e di sbiancamento dentale.<br \/>Disponiamo di apparecchiature per esami strumentali come la TAC dentale.<br \/>La nostra sala sterilizzazione \u00e8 dotata delle pi\u00f9 sofisticate attrezzature.<\/p>\t\t\t\t\t\t\t\t<\/div>\n\t\t\t\t<\/div>\n\t\t\t\t\t<\/div>\n\t\t\t\t<\/div>\n\t\t<div class=\"elementor-element elementor-element-4880e4ff elementor-hidden-desktop e-flex e-con-boxed e-con e-parent\" data-id=\"4880e4ff\" data-element_type=\"container\" data-settings=\"{&quot;background_background&quot;:&quot;classic&quot;}\">\n\t\t\t\t\t<div class=\"e-con-inner\">\n\t\t\t\t<div class=\"elementor-element elementor-element-427ab21c elementor-widget elementor-widget-text-editor\" data-id=\"427ab21c\" data-element_type=\"widget\" data-widget_type=\"text-editor.default\">\n\t\t\t\t<div class=\"elementor-widget-container\">\n\t\t\t\t\t\t\t\t\t<p>Gli associati SIM Guardia di Finanza e i loro familiari avranno a disposizione il<\/p>\t\t\t\t\t\t\t\t<\/div>\n\t\t\t\t<\/div>\n\t\t\t\t<div class=\"elementor-element elementor-element-42bde7e0 elementor-widget elementor-widget-text-editor\" data-id=\"42bde7e0\" data-element_type=\"widget\" data-widget_type=\"text-editor.default\">\n\t\t\t\t<div class=\"elementor-widget-container\">\n\t\t\t\t\t\t\t\t\t<p>15%<\/p>\t\t\t\t\t\t\t\t<\/div>\n\t\t\t\t<\/div>\n\t\t\t\t<div class=\"elementor-element elementor-element-461249c4 elementor-widget elementor-widget-text-editor\" data-id=\"461249c4\" data-element_type=\"widget\" data-widget_type=\"text-editor.default\">\n\t\t\t\t<div class=\"elementor-widget-container\">\n\t\t\t\t\t\t\t\t\t<p>di sconto<br \/>su presentazione tessera<\/p>\t\t\t\t\t\t\t\t<\/div>\n\t\t\t\t<\/div>\n\t\t\t\t\t<\/div>\n\t\t\t\t<\/div>\n\t\t<div class=\"elementor-element elementor-element-38c19d38 elementor-hidden-tablet elementor-hidden-mobile e-flex e-con-boxed e-con e-parent\" data-id=\"38c19d38\" data-element_type=\"container\" data-settings=\"{&quot;background_background&quot;:&quot;classic&quot;}\">\n\t\t\t\t\t<div class=\"e-con-inner\">\n\t\t<div class=\"elementor-element elementor-element-39c00e68 e-con-full e-flex e-con e-child\" data-id=\"39c00e68\" data-element_type=\"container\" data-settings=\"{&quot;background_background&quot;:&quot;classic&quot;}\">\n\t\t\t\t<div class=\"elementor-element elementor-element-4a015703 elementor-widget elementor-widget-text-editor\" data-id=\"4a015703\" data-element_type=\"widget\" data-widget_type=\"text-editor.default\">\n\t\t\t\t<div class=\"elementor-widget-container\">\n\t\t\t\t\t\t\t\t\t<p>Gli associati SIM Guardia di Finanza e i loro familiari avranno a disposizione il<\/p>\t\t\t\t\t\t\t\t<\/div>\n\t\t\t\t<\/div>\n\t\t\t\t<div class=\"elementor-element elementor-element-2e354780 elementor-widget elementor-widget-text-editor\" data-id=\"2e354780\" data-element_type=\"widget\" data-widget_type=\"text-editor.default\">\n\t\t\t\t<div class=\"elementor-widget-container\">\n\t\t\t\t\t\t\t\t\t<p>15%<\/p>\t\t\t\t\t\t\t\t<\/div>\n\t\t\t\t<\/div>\n\t\t\t\t<div class=\"elementor-element elementor-element-22f13c6b elementor-widget elementor-widget-text-editor\" data-id=\"22f13c6b\" data-element_type=\"widget\" data-widget_type=\"text-editor.default\">\n\t\t\t\t<div class=\"elementor-widget-container\">\n\t\t\t\t\t\t\t\t\t<p>di sconto<br \/>su presentazione tessera<\/p>\t\t\t\t\t\t\t\t<\/div>\n\t\t\t\t<\/div>\n\t\t\t\t<\/div>\n\t\t<div class=\"elementor-element elementor-element-74633b78 e-con-full e-flex e-con e-child\" data-id=\"74633b78\" data-element_type=\"container\">\n\t\t\t\t<div class=\"elementor-element elementor-element-68cbb3e5 elementor-widget elementor-widget-text-editor\" data-id=\"68cbb3e5\" data-element_type=\"widget\" data-widget_type=\"text-editor.default\">\n\t\t\t\t<div class=\"elementor-widget-container\">\n\t\t\t\t\t\t\t\t\t<p>Lo Studio Odontoiatrico Pacini comprende l\u2019ambulatorio di Odontoiatria con i servizi di:<\/p>\t\t\t\t\t\t\t\t<\/div>\n\t\t\t\t<\/div>\n\t\t\t\t<div class=\"elementor-element elementor-element-326318ba elementor-widget elementor-widget-text-editor\" data-id=\"326318ba\" data-element_type=\"widget\" data-widget_type=\"text-editor.default\">\n\t\t\t\t<div class=\"elementor-widget-container\">\n\t\t\t\t\t\t\t\t\t<p>\u2022 Conservativa<br \/>\u2022 Protesi Fissa e Rimovibile<br \/>\u2022 Chirurgia Orale<br \/>\u2022 Implantologia Immediata e Differita computer guidata senza bisturi<br \/>\u2022 Ambulatorio di Medicina e Patologia Orale per la diagnosi precoce di malattie tumorali, e non.<\/p>\t\t\t\t\t\t\t\t<\/div>\n\t\t\t\t<\/div>\n\t\t\t\t<div class=\"elementor-element elementor-element-576c115e elementor-widget elementor-widget-text-editor\" data-id=\"576c115e\" data-element_type=\"widget\" data-widget_type=\"text-editor.default\">\n\t\t\t\t<div class=\"elementor-widget-container\">\n\t\t\t\t\t\t\t\t\t<p>Sono presenti inoltre i seguenti servizi:<\/p>\t\t\t\t\t\t\t\t<\/div>\n\t\t\t\t<\/div>\n\t\t\t\t<div class=\"elementor-element elementor-element-39665d1e elementor-widget elementor-widget-text-editor\" data-id=\"39665d1e\" data-element_type=\"widget\" data-widget_type=\"text-editor.default\">\n\t\t\t\t<div class=\"elementor-widget-container\">\n\t\t\t\t\t\t\t\t\t<p>L\u2019ambulatorio di Ortodonzia per ristabilire i corretti rapporti occlusali degli elementi dentali.<br \/>L\u2019ambulatorio di Igiene e Profilassi Orale e di sbiancamento dentale.<br \/>Disponiamo di apparecchiature per esami strumentali come la TAC dentale.<br \/>La nostra sala sterilizzazione \u00e8 dotata delle pi\u00f9 sofisticate attrezzature.<\/p>\t\t\t\t\t\t\t\t<\/div>\n\t\t\t\t<\/div>\n\t\t\t\t<\/div>\n\t\t\t\t\t<\/div>\n\t\t\t\t<\/div>\n\t\t<div class=\"elementor-element elementor-element-6c38df6f e-flex e-con-boxed e-con e-parent\" data-id=\"6c38df6f\" data-element_type=\"container\" data-settings=\"{&quot;background_background&quot;:&quot;classic&quot;}\">\n\t\t\t\t\t<div class=\"e-con-inner\">\n\t\t\t\t<div class=\"elementor-element elementor-element-70b042f7 elementor-widget elementor-widget-text-editor\" data-id=\"70b042f7\" data-element_type=\"widget\" data-widget_type=\"text-editor.default\">\n\t\t\t\t<div class=\"elementor-widget-container\">\n\t\t\t\t\t\t\t\t\t<p>Contatti<\/p>\t\t\t\t\t\t\t\t<\/div>\n\t\t\t\t<\/div>\n\t\t\t\t<div class=\"elementor-element elementor-element-1802db81 elementor-widget elementor-widget-text-editor\" data-id=\"1802db81\" data-element_type=\"widget\" data-widget_type=\"text-editor.default\">\n\t\t\t\t<div class=\"elementor-widget-container\">\n\t\t\t\t\t\t\t\t\t<p><strong>Dove trovarci:<\/strong> Calata Italia, 26 &#8211; 57037 Portoferraio (LI)<br \/><strong>Prenota ora:<\/strong> +39 0565 915097<\/p>\t\t\t\t\t\t\t\t<\/div>\n\t\t\t\t<\/div>\n\t\t\t\t<div class=\"elementor-element elementor-element-122055ff elementor-widget elementor-widget-text-editor\" data-id=\"122055ff\" data-element_type=\"widget\" data-widget_type=\"text-editor.default\">\n\t\t\t\t<div class=\"elementor-widget-container\">\n\t\t\t\t\t\t\t\t\t<div id=\"gmw-single-location-wrapper-467\" class=\"gmw-element-wrapper gmw-single-location-wrapper gmw-sl-wrapper gmw-sl-single-post-wrapper post \" object_type=\"post\" object_id=\"39698\"  style=\"width:100%\"><div class=\"gmw-sl-map-wrapper gmw-sl-element\"><div id=\"gmw-map-wrapper-467\" class=\"gmw-map-wrapper  sl single_location \" style=\"width:100%;height:300px;\"> <span id=\"gmw-resize-map-toggle-467\" class=\"gmw-resize-map-toggle gmw-icon-resize-full\" style=\"display:none;\" title=\"Resize map\"><\/span> <div id=\"gmw-map-loader-467\" class=\"gmw-map-loader\"><\/div> <div id=\"gmw-map-467\" class=\"gmw-map sl single_location\" style=\"width:100%; height:100%\" data-map_id=\"467\" data-prefix=\"sl\" data-map_type=\"single_location\" data-icons_usage=\"global\"><\/div> <\/div><\/div><\/div>\t\t\t\t\t\t\t\t<\/div>\n\t\t\t\t<\/div>\n\t\t\t\t\t<\/div>\n\t\t\t\t<\/div>\n\t\t\t\t<\/div>\n\t\t","protected":false},"excerpt":{"rendered":"<div style=\"display: none\">\nLo Studio Odontoiatrico Pacini da 60 anni \u00e8 al servizio del paziente e ha come obiettivo la salute orale.<br \/>\nLa nostra filosofia mette al centro il paziente, considerandolo una persona prima di tutto. Le prestazioni sanitarie si distinguono per la qualit\u00e0 e l&#8217;ampiezza del servizio offerto ai propri pazienti. Un servizio reso efficiente e in continua crescita, grazie all&#8217;ascolto delle necessit\u00e0 del paziente.<\/p>\n<p>Il Dott. Vittorio Pacini, che appartiene ad una terza generazione di dentisti, \u00e8 laureato in Medicina e Chirurgia e in Odontoiatria, \u00e8 perfezionato in Protesi Fissa Tradizionale e Implantare all\u2019Universit\u00e0 di Milano, ha inoltre un Master in Chirurgia Orale all\u2019Universit\u00e0 di Pisa.<\/p>\n<p>L\u2019igienista Paola Pacini \u00e8 laureata in igiene dentale nel 1989, ha una esperienza trentennale nel trattamento e prevenzione dell\u2019igiene orale, e nello sbiancamento dentale.<\/p>\n<p>Lo Studio Odontoiatrico Pacini comprende l\u2019ambulatorio di Odontoiatria con i servizi di:<br \/>\nConservativa,<br \/>\nProtesi Fissa e Rimovibile,<br \/>\nChirurgia Orale,<br \/>\nImplantologia Immediata e Differita computer guidata senza bisturi,<br \/>\nAmbulatorio di Medicina e Patologia Orale per la diagnosi precoce di malattie tumorali, e non.<\/p>\n<p>Sono presenti inoltre i seguenti servizi:<br \/>\nl\u2019ambulatorio di Ortodonzia per ristabilire i corretti rapporti occlusali degli elementi dentali.<br \/>\nL\u2019ambulatorio di Igiene e Profilassi Orale e di sbiancamento dentale.<br \/>\nDisponiamo di apparecchiature per esami strumentali come la TAC dentale.<br \/>\nLa nostra sala sterilizzazione \u00e8 dotata delle pi\u00f9 sofisticate attrezzature.<\/p>\n<p>Conservativa, Protesi Fissa, protesi Rimovibile, Chirurgia Orale, Implantologia Immediata, Ambulatorio di Medicina, Patologia Orale, Ortodonzia, sbiancamento dentale, igiene dentale, igiene orale, cura dentale, dentista, dentisti, odontoiatra, odontoiatri, studio dentistico, studi dentistici, studio odontoiatrico, studi odontoiatrici<\/p>\n<p>Conservativa a Portoferraio, Protesi Fissa a Portoferraio, protesi Rimovibile a Portoferraio, Chirurgia Orale a Portoferraio, Implantologia Immediata a Portoferraio, Ambulatorio di Medicina a Portoferraio, Patologia Orale a Portoferraio, Ortodonzia a Portoferraio, sbiancamento dentale a Portoferraio, igiene dentale a Portoferraio, igiene orale a Portoferraio, cura dentale a Portoferraio, dentista a Portoferraio, dentisti a Portoferraio, odontoiatra a Portoferraio, odontoiatri a Portoferraio, studio dentistico a Portoferraio, studi dentistici a Portoferraio, studio odontoiatrico a Portoferraio, studi odontoiatrici a Portoferraio<\/p>\n<p>Conservativa Portoferraio, Protesi Fissa Portoferraio, protesi Rimovibile Portoferraio, Chirurgia Orale Portoferraio, Implantologia Immediata Portoferraio, Ambulatorio di Medicina Portoferraio, Patologia Orale Portoferraio, Ortodonzia Portoferraio, sbiancamento dentale Portoferraio, igiene dentale Portoferraio, igiene orale Portoferraio, cura dentale Portoferraio, dentista Portoferraio, dentisti Portoferraio, odontoiatra Portoferraio, odontoiatri Portoferraio, studio dentistico Portoferraio, studi dentistici Portoferraio, studio odontoiatrico Portoferraio, studi odontoiatrici Portoferraio\n<\/p><\/div>\n","protected":false},"featured_media":39953,"comment_status":"open","ping_status":"closed","template":"elementor_header_footer","meta":{"_acf_changed":false,"_et_pb_use_builder":"off","_et_pb_old_content":"","_et_gb_content_width":""},"product_brand":[],"product_cat":[571,408],"product_tag":[10053,2147,1544,3827,929,758,1853,1678,10052,1225,3981,1270,10054,3597,8869,3725,1677,5621,756,779],"class_list":{"0":"post-39698","1":"product","2":"type-product","3":"status-publish","4":"has-post-thumbnail","6":"product_cat-dentisti","7":"product_cat-salute","8":"product_tag-ambulatorio-di-medicina","9":"product_tag-chirurgia-orale","10":"product_tag-conservativa","11":"product_tag-cura-dentale","12":"product_tag-dentista","13":"product_tag-dentisti","14":"product_tag-igiene-dentale","15":"product_tag-igiene-orale","16":"product_tag-implantologia-immediata","17":"product_tag-odontoiatra","18":"product_tag-odontoiatri","19":"product_tag-ortodonzia","20":"product_tag-patologia-orale","21":"product_tag-protesi-fissa","22":"product_tag-protesi-rimovibile","23":"product_tag-sbiancamento-dentale","24":"product_tag-studi-dentistici","25":"product_tag-studi-odontoiatrici","26":"product_tag-studio-dentistico","27":"product_tag-studio-odontoiatrico","29":"first","30":"instock","31":"shipping-taxable","32":"product-type-simple"},"acf":[],"yoast_head":"<!-- This site is optimized with the Yoast SEO plugin v26.4 - https:\/\/yoast.com\/wordpress\/plugins\/seo\/ -->\n<title>Studio Odontoiatrico Pacini - SIM Guardia di Finanza<\/title>\n<meta name=\"robots\" content=\"index, follow, max-snippet:-1, max-image-preview:large, max-video-preview:-1\" \/>\n<link rel=\"canonical\" href=\"https:\/\/convenzioni.cralnetwork.it\/simguardiadifinanza\/prodotto\/studio-odontoiatrico-pacini\/\" \/>\n<meta property=\"og:locale\" content=\"it_IT\" \/>\n<meta property=\"og:type\" content=\"article\" \/>\n<meta property=\"og:title\" content=\"Studio Odontoiatrico Pacini - SIM Guardia di Finanza\" \/>\n<meta property=\"og:description\" content=\"Lo Studio Odontoiatrico Pacini da 60 anni \u00e8 al servizio del paziente e ha come obiettivo la salute orale. La nostra filosofia mette al centro il paziente, considerandolo una persona prima di tutto. Le prestazioni sanitarie si distinguono per la qualit\u00e0 e l&#039;ampiezza del servizio offerto ai propri pazienti. Un servizio reso efficiente e in continua crescita, grazie all&#039;ascolto delle necessit\u00e0 del paziente.  Il Dott. Vittorio Pacini, che appartiene ad una terza generazione di dentisti, \u00e8 laureato in Medicina e Chirurgia e in Odontoiatria, \u00e8 perfezionato in Protesi Fissa Tradizionale e Implantare all\u2019Universit\u00e0 di Milano, ha inoltre un Master in Chirurgia Orale all\u2019Universit\u00e0 di Pisa.  L\u2019igienista Paola Pacini \u00e8 laureata in igiene dentale nel 1989, ha una esperienza trentennale nel trattamento e prevenzione dell\u2019igiene orale, e nello sbiancamento dentale.  Lo Studio Odontoiatrico Pacini comprende l\u2019ambulatorio di Odontoiatria con i servizi di: Conservativa, Protesi Fissa e Rimovibile, Chirurgia Orale, Implantologia Immediata e Differita computer guidata senza bisturi, Ambulatorio di Medicina e Patologia Orale per la diagnosi precoce di malattie tumorali, e non.  Sono presenti inoltre i seguenti servizi: l\u2019ambulatorio di Ortodonzia per ristabilire i corretti rapporti occlusali degli elementi dentali. L\u2019ambulatorio di Igiene e Profilassi Orale e di sbiancamento dentale. Disponiamo di apparecchiature per esami strumentali come la TAC dentale. La nostra sala sterilizzazione \u00e8 dotata delle pi\u00f9 sofisticate attrezzature.   Conservativa, Protesi Fissa, protesi Rimovibile, Chirurgia Orale, Implantologia Immediata, Ambulatorio di Medicina, Patologia Orale, Ortodonzia, sbiancamento dentale, igiene dentale, igiene orale, cura dentale, dentista, dentisti, odontoiatra, odontoiatri, studio dentistico, studi dentistici, studio odontoiatrico, studi odontoiatrici  Conservativa a Portoferraio, Protesi Fissa a Portoferraio, protesi Rimovibile a Portoferraio, Chirurgia Orale a Portoferraio, Implantologia Immediata a Portoferraio, Ambulatorio di Medicina a Portoferraio, Patologia Orale a Portoferraio, Ortodonzia a Portoferraio, sbiancamento dentale a Portoferraio, igiene dentale a Portoferraio, igiene orale a Portoferraio, cura dentale a Portoferraio, dentista a Portoferraio, dentisti a Portoferraio, odontoiatra a Portoferraio, odontoiatri a Portoferraio, studio dentistico a Portoferraio, studi dentistici a Portoferraio, studio odontoiatrico a Portoferraio, studi odontoiatrici a Portoferraio  Conservativa Portoferraio, Protesi Fissa Portoferraio, protesi Rimovibile Portoferraio, Chirurgia Orale Portoferraio, Implantologia Immediata Portoferraio, Ambulatorio di Medicina Portoferraio, Patologia Orale Portoferraio, Ortodonzia Portoferraio, sbiancamento dentale Portoferraio, igiene dentale Portoferraio, igiene orale Portoferraio, cura dentale Portoferraio, dentista Portoferraio, dentisti Portoferraio, odontoiatra Portoferraio, odontoiatri Portoferraio, studio dentistico Portoferraio, studi dentistici Portoferraio, studio odontoiatrico Portoferraio, studi odontoiatrici Portoferraio\" \/>\n<meta property=\"og:url\" content=\"https:\/\/convenzioni.cralnetwork.it\/simguardiadifinanza\/prodotto\/studio-odontoiatrico-pacini\/\" \/>\n<meta property=\"og:site_name\" content=\"SIM Guardia di Finanza\" \/>\n<meta property=\"article:modified_time\" content=\"2024-02-19T14:00:45+00:00\" \/>\n<meta property=\"og:image\" content=\"https:\/\/convenzioni.cralnetwork.it\/simguardiadifinanza\/wp-content\/uploads\/sites\/7\/2024\/02\/Base-Logo-Studio-Pacini.jpg\" \/>\n\t<meta property=\"og:image:width\" content=\"300\" \/>\n\t<meta property=\"og:image:height\" content=\"300\" \/>\n\t<meta property=\"og:image:type\" content=\"image\/jpeg\" \/>\n<meta name=\"twitter:card\" content=\"summary_large_image\" \/>\n<meta name=\"twitter:label1\" content=\"Tempo di lettura stimato\" \/>\n\t<meta name=\"twitter:data1\" content=\"5 minuti\" \/>\n<script type=\"application\/ld+json\" class=\"yoast-schema-graph\">{\"@context\":\"https:\/\/schema.org\",\"@graph\":[{\"@type\":\"WebPage\",\"@id\":\"https:\/\/convenzioni.cralnetwork.it\/simguardiadifinanza\/prodotto\/studio-odontoiatrico-pacini\/\",\"url\":\"https:\/\/convenzioni.cralnetwork.it\/simguardiadifinanza\/prodotto\/studio-odontoiatrico-pacini\/\",\"name\":\"Studio Odontoiatrico Pacini - SIM Guardia di Finanza\",\"isPartOf\":{\"@id\":\"https:\/\/convenzioni.cralnetwork.it\/simguardiadifinanza\/#website\"},\"primaryImageOfPage\":{\"@id\":\"https:\/\/convenzioni.cralnetwork.it\/simguardiadifinanza\/prodotto\/studio-odontoiatrico-pacini\/#primaryimage\"},\"image\":{\"@id\":\"https:\/\/convenzioni.cralnetwork.it\/simguardiadifinanza\/prodotto\/studio-odontoiatrico-pacini\/#primaryimage\"},\"thumbnailUrl\":\"https:\/\/convenzioni.cralnetwork.it\/simguardiadifinanza\/wp-content\/uploads\/sites\/7\/2024\/02\/Base-Logo-Studio-Pacini.jpg\",\"datePublished\":\"2024-02-08T10:50:34+00:00\",\"dateModified\":\"2024-02-19T14:00:45+00:00\",\"breadcrumb\":{\"@id\":\"https:\/\/convenzioni.cralnetwork.it\/simguardiadifinanza\/prodotto\/studio-odontoiatrico-pacini\/#breadcrumb\"},\"inLanguage\":\"it-IT\",\"potentialAction\":[{\"@type\":\"ReadAction\",\"target\":[\"https:\/\/convenzioni.cralnetwork.it\/simguardiadifinanza\/prodotto\/studio-odontoiatrico-pacini\/\"]}]},{\"@type\":\"ImageObject\",\"inLanguage\":\"it-IT\",\"@id\":\"https:\/\/convenzioni.cralnetwork.it\/simguardiadifinanza\/prodotto\/studio-odontoiatrico-pacini\/#primaryimage\",\"url\":\"https:\/\/convenzioni.cralnetwork.it\/simguardiadifinanza\/wp-content\/uploads\/sites\/7\/2024\/02\/Base-Logo-Studio-Pacini.jpg\",\"contentUrl\":\"https:\/\/convenzioni.cralnetwork.it\/simguardiadifinanza\/wp-content\/uploads\/sites\/7\/2024\/02\/Base-Logo-Studio-Pacini.jpg\",\"width\":300,\"height\":300},{\"@type\":\"BreadcrumbList\",\"@id\":\"https:\/\/convenzioni.cralnetwork.it\/simguardiadifinanza\/prodotto\/studio-odontoiatrico-pacini\/#breadcrumb\",\"itemListElement\":[{\"@type\":\"ListItem\",\"position\":1,\"name\":\"Home\",\"item\":\"https:\/\/convenzioni.cralnetwork.it\/simguardiadifinanza\/\"},{\"@type\":\"ListItem\",\"position\":2,\"name\":\"Shop\",\"item\":\"https:\/\/convenzioni.cralnetwork.it\/simguardiadifinanza\/negozio\/\"},{\"@type\":\"ListItem\",\"position\":3,\"name\":\"Studio Odontoiatrico Pacini\"}]},{\"@type\":\"WebSite\",\"@id\":\"https:\/\/convenzioni.cralnetwork.it\/simguardiadifinanza\/#website\",\"url\":\"https:\/\/convenzioni.cralnetwork.it\/simguardiadifinanza\/\",\"name\":\"SIM Guardia di Finanza\",\"description\":\"Area Convenzioni\",\"potentialAction\":[{\"@type\":\"SearchAction\",\"target\":{\"@type\":\"EntryPoint\",\"urlTemplate\":\"https:\/\/convenzioni.cralnetwork.it\/simguardiadifinanza\/?s={search_term_string}\"},\"query-input\":{\"@type\":\"PropertyValueSpecification\",\"valueRequired\":true,\"valueName\":\"search_term_string\"}}],\"inLanguage\":\"it-IT\"}]}<\/script>\n<!-- \/ Yoast SEO plugin. -->","yoast_head_json":{"title":"Studio Odontoiatrico Pacini - SIM Guardia di Finanza","robots":{"index":"index","follow":"follow","max-snippet":"max-snippet:-1","max-image-preview":"max-image-preview:large","max-video-preview":"max-video-preview:-1"},"canonical":"https:\/\/convenzioni.cralnetwork.it\/simguardiadifinanza\/prodotto\/studio-odontoiatrico-pacini\/","og_locale":"it_IT","og_type":"article","og_title":"Studio Odontoiatrico Pacini - SIM Guardia di Finanza","og_description":"Lo Studio Odontoiatrico Pacini da 60 anni \u00e8 al servizio del paziente e ha come obiettivo la salute orale. La nostra filosofia mette al centro il paziente, considerandolo una persona prima di tutto. Le prestazioni sanitarie si distinguono per la qualit\u00e0 e l'ampiezza del servizio offerto ai propri pazienti. Un servizio reso efficiente e in continua crescita, grazie all'ascolto delle necessit\u00e0 del paziente.  Il Dott. Vittorio Pacini, che appartiene ad una terza generazione di dentisti, \u00e8 laureato in Medicina e Chirurgia e in Odontoiatria, \u00e8 perfezionato in Protesi Fissa Tradizionale e Implantare all\u2019Universit\u00e0 di Milano, ha inoltre un Master in Chirurgia Orale all\u2019Universit\u00e0 di Pisa.  L\u2019igienista Paola Pacini \u00e8 laureata in igiene dentale nel 1989, ha una esperienza trentennale nel trattamento e prevenzione dell\u2019igiene orale, e nello sbiancamento dentale.  Lo Studio Odontoiatrico Pacini comprende l\u2019ambulatorio di Odontoiatria con i servizi di: Conservativa, Protesi Fissa e Rimovibile, Chirurgia Orale, Implantologia Immediata e Differita computer guidata senza bisturi, Ambulatorio di Medicina e Patologia Orale per la diagnosi precoce di malattie tumorali, e non.  Sono presenti inoltre i seguenti servizi: l\u2019ambulatorio di Ortodonzia per ristabilire i corretti rapporti occlusali degli elementi dentali. L\u2019ambulatorio di Igiene e Profilassi Orale e di sbiancamento dentale. Disponiamo di apparecchiature per esami strumentali come la TAC dentale. La nostra sala sterilizzazione \u00e8 dotata delle pi\u00f9 sofisticate attrezzature.   Conservativa, Protesi Fissa, protesi Rimovibile, Chirurgia Orale, Implantologia Immediata, Ambulatorio di Medicina, Patologia Orale, Ortodonzia, sbiancamento dentale, igiene dentale, igiene orale, cura dentale, dentista, dentisti, odontoiatra, odontoiatri, studio dentistico, studi dentistici, studio odontoiatrico, studi odontoiatrici  Conservativa a Portoferraio, Protesi Fissa a Portoferraio, protesi Rimovibile a Portoferraio, Chirurgia Orale a Portoferraio, Implantologia Immediata a Portoferraio, Ambulatorio di Medicina a Portoferraio, Patologia Orale a Portoferraio, Ortodonzia a Portoferraio, sbiancamento dentale a Portoferraio, igiene dentale a Portoferraio, igiene orale a Portoferraio, cura dentale a Portoferraio, dentista a Portoferraio, dentisti a Portoferraio, odontoiatra a Portoferraio, odontoiatri a Portoferraio, studio dentistico a Portoferraio, studi dentistici a Portoferraio, studio odontoiatrico a Portoferraio, studi odontoiatrici a Portoferraio  Conservativa Portoferraio, Protesi Fissa Portoferraio, protesi Rimovibile Portoferraio, Chirurgia Orale Portoferraio, Implantologia Immediata Portoferraio, Ambulatorio di Medicina Portoferraio, Patologia Orale Portoferraio, Ortodonzia Portoferraio, sbiancamento dentale Portoferraio, igiene dentale Portoferraio, igiene orale Portoferraio, cura dentale Portoferraio, dentista Portoferraio, dentisti Portoferraio, odontoiatra Portoferraio, odontoiatri Portoferraio, studio dentistico Portoferraio, studi dentistici Portoferraio, studio odontoiatrico Portoferraio, studi odontoiatrici Portoferraio","og_url":"https:\/\/convenzioni.cralnetwork.it\/simguardiadifinanza\/prodotto\/studio-odontoiatrico-pacini\/","og_site_name":"SIM Guardia di Finanza","article_modified_time":"2024-02-19T14:00:45+00:00","og_image":[{"width":300,"height":300,"url":"https:\/\/convenzioni.cralnetwork.it\/simguardiadifinanza\/wp-content\/uploads\/sites\/7\/2024\/02\/Base-Logo-Studio-Pacini.jpg","type":"image\/jpeg"}],"twitter_card":"summary_large_image","twitter_misc":{"Tempo di lettura stimato":"5 minuti"},"schema":{"@context":"https:\/\/schema.org","@graph":[{"@type":"WebPage","@id":"https:\/\/convenzioni.cralnetwork.it\/simguardiadifinanza\/prodotto\/studio-odontoiatrico-pacini\/","url":"https:\/\/convenzioni.cralnetwork.it\/simguardiadifinanza\/prodotto\/studio-odontoiatrico-pacini\/","name":"Studio Odontoiatrico Pacini - SIM Guardia di Finanza","isPartOf":{"@id":"https:\/\/convenzioni.cralnetwork.it\/simguardiadifinanza\/#website"},"primaryImageOfPage":{"@id":"https:\/\/convenzioni.cralnetwork.it\/simguardiadifinanza\/prodotto\/studio-odontoiatrico-pacini\/#primaryimage"},"image":{"@id":"https:\/\/convenzioni.cralnetwork.it\/simguardiadifinanza\/prodotto\/studio-odontoiatrico-pacini\/#primaryimage"},"thumbnailUrl":"https:\/\/convenzioni.cralnetwork.it\/simguardiadifinanza\/wp-content\/uploads\/sites\/7\/2024\/02\/Base-Logo-Studio-Pacini.jpg","datePublished":"2024-02-08T10:50:34+00:00","dateModified":"2024-02-19T14:00:45+00:00","breadcrumb":{"@id":"https:\/\/convenzioni.cralnetwork.it\/simguardiadifinanza\/prodotto\/studio-odontoiatrico-pacini\/#breadcrumb"},"inLanguage":"it-IT","potentialAction":[{"@type":"ReadAction","target":["https:\/\/convenzioni.cralnetwork.it\/simguardiadifinanza\/prodotto\/studio-odontoiatrico-pacini\/"]}]},{"@type":"ImageObject","inLanguage":"it-IT","@id":"https:\/\/convenzioni.cralnetwork.it\/simguardiadifinanza\/prodotto\/studio-odontoiatrico-pacini\/#primaryimage","url":"https:\/\/convenzioni.cralnetwork.it\/simguardiadifinanza\/wp-content\/uploads\/sites\/7\/2024\/02\/Base-Logo-Studio-Pacini.jpg","contentUrl":"https:\/\/convenzioni.cralnetwork.it\/simguardiadifinanza\/wp-content\/uploads\/sites\/7\/2024\/02\/Base-Logo-Studio-Pacini.jpg","width":300,"height":300},{"@type":"BreadcrumbList","@id":"https:\/\/convenzioni.cralnetwork.it\/simguardiadifinanza\/prodotto\/studio-odontoiatrico-pacini\/#breadcrumb","itemListElement":[{"@type":"ListItem","position":1,"name":"Home","item":"https:\/\/convenzioni.cralnetwork.it\/simguardiadifinanza\/"},{"@type":"ListItem","position":2,"name":"Shop","item":"https:\/\/convenzioni.cralnetwork.it\/simguardiadifinanza\/negozio\/"},{"@type":"ListItem","position":3,"name":"Studio Odontoiatrico Pacini"}]},{"@type":"WebSite","@id":"https:\/\/convenzioni.cralnetwork.it\/simguardiadifinanza\/#website","url":"https:\/\/convenzioni.cralnetwork.it\/simguardiadifinanza\/","name":"SIM Guardia di Finanza","description":"Area Convenzioni","potentialAction":[{"@type":"SearchAction","target":{"@type":"EntryPoint","urlTemplate":"https:\/\/convenzioni.cralnetwork.it\/simguardiadifinanza\/?s={search_term_string}"},"query-input":{"@type":"PropertyValueSpecification","valueRequired":true,"valueName":"search_term_string"}}],"inLanguage":"it-IT"}]}},"publishpress_future_workflow_manual_trigger":{"enabledWorkflows":[]},"_links":{"self":[{"href":"https:\/\/convenzioni.cralnetwork.it\/simguardiadifinanza\/wp-json\/wp\/v2\/product\/39698","targetHints":{"allow":["GET"]}}],"collection":[{"href":"https:\/\/convenzioni.cralnetwork.it\/simguardiadifinanza\/wp-json\/wp\/v2\/product"}],"about":[{"href":"https:\/\/convenzioni.cralnetwork.it\/simguardiadifinanza\/wp-json\/wp\/v2\/types\/product"}],"replies":[{"embeddable":true,"href":"https:\/\/convenzioni.cralnetwork.it\/simguardiadifinanza\/wp-json\/wp\/v2\/comments?post=39698"}],"version-history":[{"count":13,"href":"https:\/\/convenzioni.cralnetwork.it\/simguardiadifinanza\/wp-json\/wp\/v2\/product\/39698\/revisions"}],"predecessor-version":[{"id":40103,"href":"https:\/\/convenzioni.cralnetwork.it\/simguardiadifinanza\/wp-json\/wp\/v2\/product\/39698\/revisions\/40103"}],"wp:featuredmedia":[{"embeddable":true,"href":"https:\/\/convenzioni.cralnetwork.it\/simguardiadifinanza\/wp-json\/wp\/v2\/media\/39953"}],"wp:attachment":[{"href":"https:\/\/convenzioni.cralnetwork.it\/simguardiadifinanza\/wp-json\/wp\/v2\/media?parent=39698"}],"wp:term":[{"taxonomy":"product_brand","embeddable":true,"href":"https:\/\/convenzioni.cralnetwork.it\/simguardiadifinanza\/wp-json\/wp\/v2\/product_brand?post=39698"},{"taxonomy":"product_cat","embeddable":true,"href":"https:\/\/convenzioni.cralnetwork.it\/simguardiadifinanza\/wp-json\/wp\/v2\/product_cat?post=39698"},{"taxonomy":"product_tag","embeddable":true,"href":"https:\/\/convenzioni.cralnetwork.it\/simguardiadifinanza\/wp-json\/wp\/v2\/product_tag?post=39698"}],"curies":[{"name":"wp","href":"https:\/\/api.w.org\/{rel}","templated":true}]}}