{"id":37975,"date":"2023-11-07T11:58:33","date_gmt":"2023-11-07T10:58:33","guid":{"rendered":"https:\/\/convenzioni.cralnetwork.it\/simguardiadifinanza\/?post_type=product&#038;p=37975"},"modified":"2023-11-07T16:10:59","modified_gmt":"2023-11-07T15:10:59","slug":"dott-ssa-veronica-costelli-biologa-nutrizionista","status":"publish","type":"product","link":"https:\/\/convenzioni.cralnetwork.it\/simguardiadifinanza\/prodotto\/dott-ssa-veronica-costelli-biologa-nutrizionista\/","title":{"rendered":"Dott.ssa Veronica Costelli &#8211; Biologa Nutrizionista"},"content":{"rendered":"<p>[et_pb_section fb_built=&#8221;1&#8243; custom_padding_last_edited=&#8221;on|phone&#8221; admin_label=&#8221;Hero Section&#8221; _builder_version=&#8221;4.21.0&#8243; use_background_color_gradient=&#8221;on&#8221; background_color_gradient_stops=&#8221;rgba(250,160,9,0.7) 0%|rgba(250,160,9,0.7) 100%&#8221; background_color_gradient_overlays_image=&#8221;on&#8221; background_color_gradient_start=&#8221;rgba(0,0,0,0.4)&#8221; background_color_gradient_end=&#8221;rgba(0,0,0,0.4)&#8221; background_image=&#8221;https:\/\/convenzioni.cralnetwork.it\/simguardiadifinanza\/wp-content\/uploads\/sites\/7\/2023\/11\/AdobeStock_294255126-1-scaled.jpeg&#8221; custom_padding=&#8221;90px||90px||true|false&#8221; custom_padding_tablet=&#8221;90px||90px||true|false&#8221; custom_padding_phone=&#8221;60px||60px||true|false&#8221; bottom_divider_height=&#8221;60px&#8221; global_colors_info=&#8221;{}&#8221; background_color_gradient_direction__hover=&#8221;180deg&#8221; background_color_gradient_direction__hover_enabled=&#8221;180deg&#8221; background_color_gradient_start_position__hover=&#8221;0%&#8221; background_color_gradient_start_position__hover_enabled=&#8221;0%&#8221; background_color_gradient_end_position__hover=&#8221;100%&#8221; background_color_gradient_end_position__hover_enabled=&#8221;100%&#8221; background_color_gradient_stops__hover=&#8221;rgba(0,0,0,0.4) 0%|rgba(0,0,0,0.4) 100%&#8221;][et_pb_row _builder_version=&#8221;4.16&#8243; global_colors_info=&#8221;{}&#8221;][et_pb_column type=&#8221;4_4&#8243; _builder_version=&#8221;4.16&#8243; custom_padding=&#8221;|||&#8221; global_colors_info=&#8221;{}&#8221; custom_padding__hover=&#8221;|||&#8221;][et_pb_text admin_label=&#8221;Nome azienda&#8221; _builder_version=&#8221;4.21.0&#8243; text_font=&#8221;||||||||&#8221; header_font=&#8221;Montserrat|600|||||||&#8221; header_font_size=&#8221;48px&#8221; header_letter_spacing=&#8221;3px&#8221; header_line_height=&#8221;1.3em&#8221; header_2_font=&#8221;Poppins|700|||||||&#8221; header_2_text_color=&#8221;#FFFFFF&#8221; header_2_font_size=&#8221;75px&#8221; header_2_line_height=&#8221;1.5em&#8221; text_orientation=&#8221;center&#8221; background_layout=&#8221;dark&#8221; module_alignment=&#8221;center&#8221; custom_margin=&#8221;||||false|false&#8221; custom_padding_tablet=&#8221;&#8221; custom_padding_phone=&#8221;50px||||false|false&#8221; custom_padding_last_edited=&#8221;on|phone&#8221; animation_style=&#8221;slide&#8221; animation_direction=&#8221;bottom&#8221; animation_intensity_slide=&#8221;5%&#8221; header_font_size_tablet=&#8221;&#8221; header_font_size_phone=&#8221;28px&#8221; header_font_size_last_edited=&#8221;on|phone&#8221; header_2_font_size_tablet=&#8221;45px&#8221; header_2_font_size_phone=&#8221;36px&#8221; header_2_font_size_last_edited=&#8221;on|phone&#8221; global_colors_info=&#8221;{}&#8221;]<\/p>\n<h2>Dott.ssa Veronica Costelli<\/h2>\n<p>[\/et_pb_text][et_pb_text admin_label=&#8221;Nome azienda&#8221; _builder_version=&#8221;4.21.0&#8243; text_font=&#8221;||||||||&#8221; header_font=&#8221;Montserrat|600|||||||&#8221; header_font_size=&#8221;48px&#8221; header_letter_spacing=&#8221;3px&#8221; header_line_height=&#8221;1.3em&#8221; header_2_font=&#8221;Poppins|300|||||||&#8221; header_2_text_color=&#8221;#FFFFFF&#8221; header_2_font_size=&#8221;37px&#8221; header_2_letter_spacing=&#8221;5px&#8221; header_2_line_height=&#8221;1.5em&#8221; text_orientation=&#8221;center&#8221; background_layout=&#8221;dark&#8221; module_alignment=&#8221;center&#8221; custom_margin=&#8221;||||false|false&#8221; animation_style=&#8221;slide&#8221; animation_direction=&#8221;bottom&#8221; animation_intensity_slide=&#8221;5%&#8221; header_font_size_tablet=&#8221;&#8221; header_font_size_phone=&#8221;28px&#8221; header_font_size_last_edited=&#8221;on|phone&#8221; header_2_font_size_tablet=&#8221;31px&#8221; header_2_font_size_phone=&#8221;23px&#8221; header_2_font_size_last_edited=&#8221;on|phone&#8221; global_colors_info=&#8221;{}&#8221;]<\/p>\n<h2>BIOLOGA NUTRIZIONISTA<\/h2>\n<p>[\/et_pb_text][\/et_pb_column][\/et_pb_row][\/et_pb_section][et_pb_section fb_built=&#8221;1&#8243; _builder_version=&#8221;4.21.0&#8243; _module_preset=&#8221;default&#8221; global_colors_info=&#8221;{}&#8221;][et_pb_row _builder_version=&#8221;4.21.0&#8243; _module_preset=&#8221;default&#8221; custom_padding=&#8221;||0px||false|false&#8221; global_colors_info=&#8221;{}&#8221;][et_pb_column type=&#8221;4_4&#8243; _builder_version=&#8221;4.21.0&#8243; _module_preset=&#8221;default&#8221; global_colors_info=&#8221;{}&#8221;][et_pb_text _builder_version=&#8221;4.21.0&#8243; _module_preset=&#8221;default&#8221; text_font=&#8221;Poppins|700|||||||&#8221; text_text_color=&#8221;#faa009&#8243; text_font_size=&#8221;30px&#8221; text_letter_spacing=&#8221;1px&#8221; text_line_height=&#8221;1.8em&#8221; text_orientation=&#8221;justified&#8221; custom_margin=&#8221;||10px||false|false&#8221; text_font_size_tablet=&#8221;30px&#8221; text_font_size_phone=&#8221;27px&#8221; text_font_size_last_edited=&#8221;on|phone&#8221; global_colors_info=&#8221;{}&#8221;]<\/p>\n<p>CHI SONO<\/p>\n<p>[\/et_pb_text][et_pb_wc_description disabled_on=&#8221;on|on|on&#8221; admin_label=&#8221;descrizione convenzione&#8221; module_class=&#8221;descrizione-salute&#8221; _builder_version=&#8221;4.16&#8243; body_font=&#8221;||||||||&#8221; body_font_size=&#8221;18px&#8221; disabled=&#8221;on&#8221; global_colors_info=&#8221;{}&#8221;][\/et_pb_wc_description][\/et_pb_column][\/et_pb_row][et_pb_row column_structure=&#8221;1_2,1_2&#8243; _builder_version=&#8221;4.21.0&#8243; _module_preset=&#8221;default&#8221; custom_padding=&#8221;0px||||false|false&#8221; global_colors_info=&#8221;{}&#8221;][et_pb_column type=&#8221;1_2&#8243; _builder_version=&#8221;4.21.0&#8243; _module_preset=&#8221;default&#8221; global_colors_info=&#8221;{}&#8221;][et_pb_text _builder_version=&#8221;4.21.0&#8243; _module_preset=&#8221;default&#8221; text_font=&#8221;Poppins|300|||||||&#8221; text_font_size=&#8221;15px&#8221; text_line_height=&#8221;1.8em&#8221; text_orientation=&#8221;justified&#8221; global_colors_info=&#8221;{}&#8221;]<\/p>\n<p>Mi chiamo Veronica Costelli, sono una biologa nutrizionista laureata magistrale in Nutrizione Umana presso l&#8217;Universit\u00e0 di Parma. Le mie visite prevedono <strong>percorsi nutrizionali<\/strong> per diverse esigenze, aiuto pazienti che desiderano tornare in forma e perdere peso, o che richiedono una dieta personalizzata, per esempio per vegani o vegetariani, mamme o future mamme e bambini.<\/p>\n<p>Mi occupo inoltre di <strong>educazione alimentare<\/strong>, non solo per adulti che hanno bisogno di recuperare un buon rapporto con il cibo ma anche per bambini e adolescenti che accompagno in un percorso di educazione alimentare dallo svezzamento in poi.<\/p>\n<p>[\/et_pb_text][et_pb_wc_description disabled_on=&#8221;on|on|on&#8221; admin_label=&#8221;descrizione convenzione&#8221; module_class=&#8221;descrizione-salute&#8221; _builder_version=&#8221;4.16&#8243; body_font=&#8221;||||||||&#8221; body_font_size=&#8221;18px&#8221; disabled=&#8221;on&#8221; global_colors_info=&#8221;{}&#8221;][\/et_pb_wc_description][\/et_pb_column][et_pb_column type=&#8221;1_2&#8243; _builder_version=&#8221;4.21.0&#8243; _module_preset=&#8221;default&#8221; global_colors_info=&#8221;{}&#8221;][et_pb_text _builder_version=&#8221;4.21.0&#8243; _module_preset=&#8221;default&#8221; text_font=&#8221;Poppins|300|||||||&#8221; text_font_size=&#8221;15px&#8221; text_line_height=&#8221;1.8em&#8221; text_orientation=&#8221;justified&#8221; global_colors_info=&#8221;{}&#8221;]<\/p>\n<p>Il mio approccio si basa prima di tutto nell\u2019apprendere i <strong>bisogni<\/strong> e le <strong>necessit\u00e0<\/strong> della persona che ho davanti; nelle mie visite attraverso una breve intervista col paziente cerco di capire le sue abitudini e stili di vita cos\u00ec da poter stilare un adeguato piano alimentare \u201csu misura\u201d, senza che vada a stravolgere la quotidianit\u00e0.<\/p>\n<p>[\/et_pb_text][et_pb_button button_url=&#8221;https:\/\/www.miodottore.it\/veronica-costelli\/nutrizionista\/udine#address-id=%5B927217%5D&#038;filters%5Bspecializations%5D%5B%5D=108&#8243; url_new_window=&#8221;on&#8221; button_text=&#8221;PRENOTA ORA&#8221; button_alignment=&#8221;right&#8221; _builder_version=&#8221;4.21.0&#8243; _module_preset=&#8221;default&#8221; custom_button=&#8221;on&#8221; button_text_size=&#8221;15px&#8221; button_text_color=&#8221;#faa009&#8243; button_bg_color=&#8221;RGBA(255,255,255,0)&#8221; button_border_width=&#8221;0px&#8221; button_border_radius=&#8221;0px&#8221; button_letter_spacing=&#8221;1px&#8221; button_font=&#8221;Poppins||||||||&#8221; button_icon=&#8221;&#x24;||divi||400&#8243; global_colors_info=&#8221;{}&#8221;][\/et_pb_button][\/et_pb_column][\/et_pb_row][\/et_pb_section][et_pb_section fb_built=&#8221;1&#8243; _builder_version=&#8221;4.21.0&#8243; _module_preset=&#8221;default&#8221; background_color=&#8221;#f9f9f9&#8243; global_colors_info=&#8221;{}&#8221;][et_pb_row column_structure=&#8221;3_5,2_5&#8243; _builder_version=&#8221;4.21.0&#8243; _module_preset=&#8221;default&#8221; global_colors_info=&#8221;{}&#8221;][et_pb_column type=&#8221;3_5&#8243; _builder_version=&#8221;4.21.0&#8243; _module_preset=&#8221;default&#8221; global_colors_info=&#8221;{}&#8221;][et_pb_text _builder_version=&#8221;4.21.0&#8243; _module_preset=&#8221;default&#8221; text_font=&#8221;Poppins|700|||||||&#8221; text_text_color=&#8221;#faa009&#8243; text_font_size=&#8221;30px&#8221; text_letter_spacing=&#8221;1px&#8221; text_line_height=&#8221;1.8em&#8221; text_orientation=&#8221;justified&#8221; custom_margin=&#8221;||10px||false|false&#8221; text_font_size_tablet=&#8221;30px&#8221; text_font_size_phone=&#8221;27px&#8221; text_font_size_last_edited=&#8221;on|phone&#8221; global_colors_info=&#8221;{}&#8221;]<\/p>\n<p>PRESTAZIONI<\/p>\n<p>[\/et_pb_text][et_pb_text _builder_version=&#8221;4.21.0&#8243; _module_preset=&#8221;default&#8221; text_font=&#8221;Poppins|300|||||||&#8221; text_font_size=&#8221;15px&#8221; text_line_height=&#8221;1.8em&#8221; text_orientation=&#8221;justified&#8221; custom_padding=&#8221;10px|||20px|false|false&#8221; border_width_left=&#8221;3px&#8221; border_color_left=&#8221;#faa009&#8243; global_colors_info=&#8221;{}&#8221;]<\/p>\n<ul>\n<li>Prima visita nutrizionale<\/li>\n<li>Controllo nutrizionale<\/li>\n<li>Consulenza online<\/li>\n<li>Dieta personalizzata<\/li>\n<li>Dieta per perdere peso<\/li>\n<li>Dieta per sportivi<\/li>\n<li>Dieta in gravidanza<\/li>\n<li>Dieta vegetariana\/vegana<\/li>\n<li>Dieta per bambin e adolescenti<\/li>\n<li>Dieta per malattie metaboliche (diabete, gotta, ipercolesterolemia, sindrome metabolica, celiachia)<\/li>\n<li>Dieta per colon irritabile<\/li>\n<\/ul>\n<p>[\/et_pb_text][et_pb_text _builder_version=&#8221;4.21.0&#8243; _module_preset=&#8221;default&#8221; text_font=&#8221;Poppins||on||||||&#8221; text_text_color=&#8221;#faa009&#8243; text_font_size=&#8221;15px&#8221; text_line_height=&#8221;1.8em&#8221; text_orientation=&#8221;justified&#8221; global_colors_info=&#8221;{}&#8221;]<\/p>\n<p>Il percorso nutrizionale non \u00e8 solamente volto a far perdere peso, ma \u00e8 anche occasione di educazione alimentare sui corretti abbinamenti dei cibi e le loro frequenze e sull\u2019apprendere stili di vita pi\u00f9 sani.<\/p>\n<p>[\/et_pb_text][et_pb_wc_description disabled_on=&#8221;on|on|on&#8221; admin_label=&#8221;descrizione convenzione&#8221; module_class=&#8221;descrizione-salute&#8221; _builder_version=&#8221;4.16&#8243; body_font=&#8221;||||||||&#8221; body_font_size=&#8221;18px&#8221; disabled=&#8221;on&#8221; global_colors_info=&#8221;{}&#8221;][\/et_pb_wc_description][\/et_pb_column][et_pb_column type=&#8221;2_5&#8243; _builder_version=&#8221;4.21.0&#8243; _module_preset=&#8221;default&#8221; global_colors_info=&#8221;{}&#8221;][et_pb_image src=&#8221;https:\/\/convenzioni.cralnetwork.it\/simguardiadifinanza\/wp-content\/uploads\/sites\/7\/2023\/11\/Foto-Veronica-Costelli-scaled.jpg&#8221; title_text=&#8221;Foto Veronica Costelli&#8221; _builder_version=&#8221;4.21.0&#8243; _module_preset=&#8221;default&#8221; global_colors_info=&#8221;{}&#8221;][\/et_pb_image][\/et_pb_column][\/et_pb_row][\/et_pb_section][et_pb_section fb_built=&#8221;1&#8243; _builder_version=&#8221;4.21.0&#8243; _module_preset=&#8221;default&#8221; use_background_color_gradient=&#8221;on&#8221; background_color_gradient_stops=&#8221;rgba(250,160,9,0.8) 0%|rgba(250,160,9,0.8) 100%&#8221; background_color_gradient_overlays_image=&#8221;on&#8221; background_image=&#8221;https:\/\/convenzioni.cralnetwork.it\/simguardiadifinanza\/wp-content\/uploads\/sites\/7\/2023\/11\/AdobeStock_294255126-1-scaled.jpeg&#8221; parallax=&#8221;on&#8221; parallax_method=&#8221;off&#8221; global_colors_info=&#8221;{}&#8221;][et_pb_row _builder_version=&#8221;4.21.0&#8243; _module_preset=&#8221;default&#8221; global_colors_info=&#8221;{}&#8221;][et_pb_column type=&#8221;4_4&#8243; _builder_version=&#8221;4.21.0&#8243; _module_preset=&#8221;default&#8221; global_colors_info=&#8221;{}&#8221;][et_pb_text admin_label=&#8221;Sconto&#8221; _builder_version=&#8221;4.21.0&#8243; text_font=&#8221;||||||||&#8221; header_font=&#8221;||||||||&#8221; header_2_font=&#8221;Poppins|700|||||||&#8221; header_2_text_align=&#8221;center&#8221; header_2_text_color=&#8221;#FFFFFF&#8221; header_2_font_size=&#8221;38px&#8221; header_2_line_height=&#8221;1.6em&#8221; custom_margin=&#8221;||||false|false&#8221; animation_style=&#8221;slide&#8221; animation_direction=&#8221;top&#8221; animation_intensity_slide=&#8221;20%&#8221; animation_starting_opacity=&#8221;100%&#8221; header_2_font_size_tablet=&#8221;31px&#8221; header_2_font_size_phone=&#8221;26px&#8221; header_2_font_size_last_edited=&#8221;on|tablet&#8221; global_colors_info=&#8221;{}&#8221;]<\/p>\n<h2>Agevolazioni riservate agli associati<br \/>SIM Guardia di Finanza e i loro familiari<\/h2>\n<p>[\/et_pb_text][\/et_pb_column][\/et_pb_row][\/et_pb_section][et_pb_section fb_built=&#8221;1&#8243; _builder_version=&#8221;4.21.0&#8243; _module_preset=&#8221;default&#8221; global_colors_info=&#8221;{}&#8221;][et_pb_row column_structure=&#8221;2_5,3_5&#8243; _builder_version=&#8221;4.21.0&#8243; _module_preset=&#8221;default&#8221; global_colors_info=&#8221;{}&#8221;][et_pb_column type=&#8221;2_5&#8243; _builder_version=&#8221;4.21.0&#8243; _module_preset=&#8221;default&#8221; global_colors_info=&#8221;{}&#8221;][et_pb_text _builder_version=&#8221;4.21.0&#8243; _module_preset=&#8221;default&#8221; text_font=&#8221;Poppins|700|||||||&#8221; text_text_color=&#8221;#faa009&#8243; text_font_size=&#8221;30px&#8221; text_letter_spacing=&#8221;1px&#8221; text_line_height=&#8221;1.8em&#8221; text_orientation=&#8221;justified&#8221; custom_margin=&#8221;||10px||false|false&#8221; text_font_size_tablet=&#8221;30px&#8221; text_font_size_phone=&#8221;27px&#8221; text_font_size_last_edited=&#8221;on|phone&#8221; global_colors_info=&#8221;{}&#8221;]<\/p>\n<p>CONTATTI<\/p>\n<p>[\/et_pb_text][et_pb_text _builder_version=&#8221;4.21.0&#8243; _module_preset=&#8221;default&#8221; text_font=&#8221;Poppins|300|||||||&#8221; text_font_size=&#8221;15px&#8221; text_line_height=&#8221;1.9em&#8221; link_text_color=&#8221;#faa009&#8243; global_colors_info=&#8221;{}&#8221;]<\/p>\n<p><strong>Indirizzo:<\/strong> <span>Via Cesare Battisti, 7 &#8211; 33100 Udine<\/span><br \/><strong>Cellulare:<\/strong> +39 3420430093<br \/><strong>Mail:<\/strong> <a href=\"mailto:veronicacostelli.bio@gmail.com\">veronicacostelli.bio@gmail.com<\/a>\u00a0<\/p>\n<p>[\/et_pb_text][et_pb_social_media_follow _builder_version=&#8221;4.21.0&#8243; _module_preset=&#8221;default&#8221; custom_margin=&#8221;-10px||||false|false&#8221; custom_padding=&#8221;||||false|false&#8221; border_radii=&#8221;on|25px|25px|25px|25px&#8221; global_colors_info=&#8221;{}&#8221;][et_pb_social_media_follow_network social_network=&#8221;instagram&#8221; url=&#8221;https:\/\/www.instagram.com\/dieta_e_pianeta\/?hl=it&#8221; use_icon_font_size=&#8221;on&#8221; icon_font_size=&#8221;15px&#8221; _builder_version=&#8221;4.21.0&#8243; _module_preset=&#8221;default&#8221; background_color=&#8221;#faa009&#8243; background_enable_color=&#8221;on&#8221; global_colors_info=&#8221;{}&#8221; follow_button=&#8221;off&#8221; url_new_window=&#8221;on&#8221;]instagram[\/et_pb_social_media_follow_network][\/et_pb_social_media_follow][\/et_pb_column][et_pb_column type=&#8221;3_5&#8243; _builder_version=&#8221;4.21.0&#8243; _module_preset=&#8221;default&#8221; global_colors_info=&#8221;{}&#8221;][et_pb_code admin_label=&#8221;mappa singola&#8221; _builder_version=&#8221;4.16&#8243; _module_preset=&#8221;default&#8221; global_colors_info=&#8221;{}&#8221;]<div id=\"gmw-single-location-wrapper-237\" class=\"gmw-element-wrapper gmw-single-location-wrapper gmw-sl-wrapper gmw-sl-single-post-wrapper post \" object_type=\"post\" object_id=\"37975\"  style=\"width:100%\"><div class=\"gmw-sl-map-wrapper gmw-sl-element\"><div id=\"gmw-map-wrapper-237\" class=\"gmw-map-wrapper  sl single_location \" style=\"width:100%;height:300px;\"> <span id=\"gmw-resize-map-toggle-237\" class=\"gmw-resize-map-toggle gmw-icon-resize-full\" style=\"display:none;\" title=\"Resize map\"><\/span> <div id=\"gmw-map-loader-237\" class=\"gmw-map-loader\"><\/div> <div id=\"gmw-map-237\" class=\"gmw-map sl single_location\" style=\"width:100%; height:100%\" data-map_id=\"237\" data-prefix=\"sl\" data-map_type=\"single_location\" data-icons_usage=\"global\"><\/div> <\/div><\/div><\/div>[\/et_pb_code][et_pb_code disabled_on=&#8221;on|on|on&#8221; admin_label=&#8221;dati aziendali&#8221; module_class=&#8221;contatti-salute&#8221; _builder_version=&#8221;4.16&#8243; _module_preset=&#8221;default&#8221; custom_margin=&#8221;||0px||false|false&#8221; custom_padding=&#8221;0px||0px||false|false&#8221; disabled=&#8221;on&#8221; global_colors_info=&#8221;{}&#8221;]<br \/><p><strong>Indirizzo:<\/strong> The Lab studio associato di fisioterapia Passoni & Naccari, Via Cesare Battisti, 7, Udine, UD <br>\n<strong>Telefono:<\/strong> +39 3420430093 <br><strong>Sito web:<\/strong> <a href=\"http:\/\/\"><\/a> <br> \n<strong>Mail:<\/strong> <a href=\"mailto:veronicacostelli.bio@gmail.com\">veronicacostelli.bio@gmail.com<\/a> \n<\/p><br \/>[\/et_pb_code][\/et_pb_column][\/et_pb_row][\/et_pb_section]<\/p>\n","protected":false},"excerpt":{"rendered":"<div style=\"display: none\">\nMi chiamo Veronica Costelli, sono una biologa nutrizionista laureata magistrale in Nutrizione Umana presso l&#8217;Universit\u00e0 di Parma. Le mie visite prevedono percorsi nutrizionali per diverse esigenze, aiuto pazienti che desiderano tornare in forma e perdere peso, o che richiedono una dieta personalizzata, per esempio per vegani o vegetariani, mamme o future mamme e bambini.<br \/>\nMi occupo inoltre di educazione alimentare, non solo per adulti che hanno bisogno di recuperare un buon rapporto con il cibo ma anche per bambini e adolescenti che accompagno in un percorso di educazione alimentare dallo svezzamento in poi.<\/p>\n<p>Il mio approccio si basa prima di tutto nell\u2019apprendere i bisogni e le necessit\u00e0 della persona che ho davanti; nelle mie visite attraverso una breve intervista col paziente cerco di capire le sue abitudini e stili di vita cos\u00ec da poter stilare un adeguato piano alimentare \u201csu misura\u201d, senza che vada a stravolgere la quotidianit\u00e0.<\/p>\n<p>Il percorso nutrizionale non \u00e8 solamente volto a far perdere peso, ma \u00e8 anche occasione di educazione alimentare sui corretti abbinamenti dei cibi e le loro frequenze e sull\u2019apprendere stili di vita pi\u00f9 sani.<\/p>\n<p>biologa nutrizionista, biologi nutrizionisti, nutrizionista, nutrizionisti, alimentazione sana, mantenimento peso, perdita peso, visite nutrizionali, dieta, diete, alimentazione corretta<br \/>\nbiologa nutrizionista a Udine, biologi nutrizionisti a Udine, nutrizionista a Udine, nutrizionisti a Udine, visite nutrizionali a Udine, biologa nutrizionista Udine, biologi nutrizionisti Udine, nutrizionista Udine, nutrizionisti Udine, visite nutrizionali Udine\n<\/p><\/div>\n","protected":false},"featured_media":37978,"comment_status":"open","ping_status":"closed","template":"","meta":{"_acf_changed":false,"_et_pb_use_builder":"on","_et_pb_old_content":"","_et_gb_content_width":""},"product_brand":[],"product_cat":[585,408],"product_tag":[5698,1016,3165,4054,1017,5046,4692,885,3117,4795,8056],"class_list":{"0":"post-37975","1":"product","2":"type-product","3":"status-publish","4":"has-post-thumbnail","6":"product_cat-biologi-nutrizionisti","7":"product_cat-salute","8":"product_tag-alimentazione-corretta","9":"product_tag-alimentazione-sana","10":"product_tag-biologa-nutrizionista","11":"product_tag-biologi-nutrizionisti","12":"product_tag-dieta","13":"product_tag-diete","14":"product_tag-mantenimento-peso","15":"product_tag-nutrizionista","16":"product_tag-nutrizionisti","17":"product_tag-perdita-peso","18":"product_tag-visite-nutrizionali","20":"first","21":"instock","22":"shipping-taxable","23":"product-type-simple"},"acf":[],"yoast_head":"<!-- This site is optimized with the Yoast SEO plugin v26.4 - https:\/\/yoast.com\/wordpress\/plugins\/seo\/ -->\n<title>Dott.ssa Veronica Costelli - Biologa Nutrizionista - SIM Guardia di Finanza<\/title>\n<meta name=\"robots\" content=\"index, follow, max-snippet:-1, max-image-preview:large, max-video-preview:-1\" \/>\n<link rel=\"canonical\" href=\"https:\/\/convenzioni.cralnetwork.it\/simguardiadifinanza\/prodotto\/dott-ssa-veronica-costelli-biologa-nutrizionista\/\" \/>\n<meta property=\"og:locale\" content=\"it_IT\" \/>\n<meta property=\"og:type\" content=\"article\" \/>\n<meta property=\"og:title\" content=\"Dott.ssa Veronica Costelli - Biologa Nutrizionista - SIM Guardia di Finanza\" \/>\n<meta property=\"og:description\" content=\"Mi chiamo Veronica Costelli, sono una biologa nutrizionista laureata magistrale in Nutrizione Umana presso l&#039;Universit\u00e0 di Parma. Le mie visite prevedono percorsi nutrizionali per diverse esigenze, aiuto pazienti che desiderano tornare in forma e perdere peso, o che richiedono una dieta personalizzata, per esempio per vegani o vegetariani, mamme o future mamme e bambini. Mi occupo inoltre di educazione alimentare, non solo per adulti che hanno bisogno di recuperare un buon rapporto con il cibo ma anche per bambini e adolescenti che accompagno in un percorso di educazione alimentare dallo svezzamento in poi.  Il mio approccio si basa prima di tutto nell\u2019apprendere i bisogni e le necessit\u00e0 della persona che ho davanti; nelle mie visite attraverso una breve intervista col paziente cerco di capire le sue abitudini e stili di vita cos\u00ec da poter stilare un adeguato piano alimentare \u201csu misura\u201d, senza che vada a stravolgere la quotidianit\u00e0.  Il percorso nutrizionale non \u00e8 solamente volto a far perdere peso, ma \u00e8 anche occasione di educazione alimentare sui corretti abbinamenti dei cibi e le loro frequenze e sull\u2019apprendere stili di vita pi\u00f9 sani.  biologa nutrizionista, biologi nutrizionisti, nutrizionista, nutrizionisti, alimentazione sana, mantenimento peso, perdita peso, visite nutrizionali, dieta, diete, alimentazione corretta biologa nutrizionista a Udine, biologi nutrizionisti a Udine, nutrizionista a Udine, nutrizionisti a Udine, visite nutrizionali a Udine, biologa nutrizionista Udine, biologi nutrizionisti Udine, nutrizionista Udine, nutrizionisti Udine, visite nutrizionali Udine\" \/>\n<meta property=\"og:url\" content=\"https:\/\/convenzioni.cralnetwork.it\/simguardiadifinanza\/prodotto\/dott-ssa-veronica-costelli-biologa-nutrizionista\/\" \/>\n<meta property=\"og:site_name\" content=\"SIM Guardia di Finanza\" \/>\n<meta property=\"article:modified_time\" content=\"2023-11-07T15:10:59+00:00\" \/>\n<meta property=\"og:image\" content=\"https:\/\/convenzioni.cralnetwork.it\/simguardiadifinanza\/wp-content\/uploads\/sites\/7\/2023\/11\/Base-Logo-Veronica-Costelli.jpg\" \/>\n\t<meta property=\"og:image:width\" content=\"300\" \/>\n\t<meta property=\"og:image:height\" content=\"300\" \/>\n\t<meta property=\"og:image:type\" content=\"image\/jpeg\" \/>\n<meta name=\"twitter:card\" content=\"summary_large_image\" \/>\n<meta name=\"twitter:label1\" content=\"Tempo di lettura stimato\" \/>\n\t<meta name=\"twitter:data1\" content=\"4 minuti\" \/>\n<script type=\"application\/ld+json\" class=\"yoast-schema-graph\">{\"@context\":\"https:\/\/schema.org\",\"@graph\":[{\"@type\":\"WebPage\",\"@id\":\"https:\/\/convenzioni.cralnetwork.it\/simguardiadifinanza\/prodotto\/dott-ssa-veronica-costelli-biologa-nutrizionista\/\",\"url\":\"https:\/\/convenzioni.cralnetwork.it\/simguardiadifinanza\/prodotto\/dott-ssa-veronica-costelli-biologa-nutrizionista\/\",\"name\":\"Dott.ssa Veronica Costelli - Biologa Nutrizionista - SIM Guardia di Finanza\",\"isPartOf\":{\"@id\":\"https:\/\/convenzioni.cralnetwork.it\/simguardiadifinanza\/#website\"},\"primaryImageOfPage\":{\"@id\":\"https:\/\/convenzioni.cralnetwork.it\/simguardiadifinanza\/prodotto\/dott-ssa-veronica-costelli-biologa-nutrizionista\/#primaryimage\"},\"image\":{\"@id\":\"https:\/\/convenzioni.cralnetwork.it\/simguardiadifinanza\/prodotto\/dott-ssa-veronica-costelli-biologa-nutrizionista\/#primaryimage\"},\"thumbnailUrl\":\"https:\/\/convenzioni.cralnetwork.it\/simguardiadifinanza\/wp-content\/uploads\/sites\/7\/2023\/11\/Base-Logo-Veronica-Costelli.jpg\",\"datePublished\":\"2023-11-07T10:58:33+00:00\",\"dateModified\":\"2023-11-07T15:10:59+00:00\",\"breadcrumb\":{\"@id\":\"https:\/\/convenzioni.cralnetwork.it\/simguardiadifinanza\/prodotto\/dott-ssa-veronica-costelli-biologa-nutrizionista\/#breadcrumb\"},\"inLanguage\":\"it-IT\",\"potentialAction\":[{\"@type\":\"ReadAction\",\"target\":[\"https:\/\/convenzioni.cralnetwork.it\/simguardiadifinanza\/prodotto\/dott-ssa-veronica-costelli-biologa-nutrizionista\/\"]}]},{\"@type\":\"ImageObject\",\"inLanguage\":\"it-IT\",\"@id\":\"https:\/\/convenzioni.cralnetwork.it\/simguardiadifinanza\/prodotto\/dott-ssa-veronica-costelli-biologa-nutrizionista\/#primaryimage\",\"url\":\"https:\/\/convenzioni.cralnetwork.it\/simguardiadifinanza\/wp-content\/uploads\/sites\/7\/2023\/11\/Base-Logo-Veronica-Costelli.jpg\",\"contentUrl\":\"https:\/\/convenzioni.cralnetwork.it\/simguardiadifinanza\/wp-content\/uploads\/sites\/7\/2023\/11\/Base-Logo-Veronica-Costelli.jpg\",\"width\":300,\"height\":300},{\"@type\":\"BreadcrumbList\",\"@id\":\"https:\/\/convenzioni.cralnetwork.it\/simguardiadifinanza\/prodotto\/dott-ssa-veronica-costelli-biologa-nutrizionista\/#breadcrumb\",\"itemListElement\":[{\"@type\":\"ListItem\",\"position\":1,\"name\":\"Home\",\"item\":\"https:\/\/convenzioni.cralnetwork.it\/simguardiadifinanza\/\"},{\"@type\":\"ListItem\",\"position\":2,\"name\":\"Shop\",\"item\":\"https:\/\/convenzioni.cralnetwork.it\/simguardiadifinanza\/negozio\/\"},{\"@type\":\"ListItem\",\"position\":3,\"name\":\"Dott.ssa Veronica Costelli &#8211; Biologa Nutrizionista\"}]},{\"@type\":\"WebSite\",\"@id\":\"https:\/\/convenzioni.cralnetwork.it\/simguardiadifinanza\/#website\",\"url\":\"https:\/\/convenzioni.cralnetwork.it\/simguardiadifinanza\/\",\"name\":\"SIM Guardia di Finanza\",\"description\":\"Area Convenzioni\",\"potentialAction\":[{\"@type\":\"SearchAction\",\"target\":{\"@type\":\"EntryPoint\",\"urlTemplate\":\"https:\/\/convenzioni.cralnetwork.it\/simguardiadifinanza\/?s={search_term_string}\"},\"query-input\":{\"@type\":\"PropertyValueSpecification\",\"valueRequired\":true,\"valueName\":\"search_term_string\"}}],\"inLanguage\":\"it-IT\"}]}<\/script>\n<!-- \/ Yoast SEO plugin. -->","yoast_head_json":{"title":"Dott.ssa Veronica Costelli - Biologa Nutrizionista - SIM Guardia di Finanza","robots":{"index":"index","follow":"follow","max-snippet":"max-snippet:-1","max-image-preview":"max-image-preview:large","max-video-preview":"max-video-preview:-1"},"canonical":"https:\/\/convenzioni.cralnetwork.it\/simguardiadifinanza\/prodotto\/dott-ssa-veronica-costelli-biologa-nutrizionista\/","og_locale":"it_IT","og_type":"article","og_title":"Dott.ssa Veronica Costelli - Biologa Nutrizionista - SIM Guardia di Finanza","og_description":"Mi chiamo Veronica Costelli, sono una biologa nutrizionista laureata magistrale in Nutrizione Umana presso l'Universit\u00e0 di Parma. Le mie visite prevedono percorsi nutrizionali per diverse esigenze, aiuto pazienti che desiderano tornare in forma e perdere peso, o che richiedono una dieta personalizzata, per esempio per vegani o vegetariani, mamme o future mamme e bambini. Mi occupo inoltre di educazione alimentare, non solo per adulti che hanno bisogno di recuperare un buon rapporto con il cibo ma anche per bambini e adolescenti che accompagno in un percorso di educazione alimentare dallo svezzamento in poi.  Il mio approccio si basa prima di tutto nell\u2019apprendere i bisogni e le necessit\u00e0 della persona che ho davanti; nelle mie visite attraverso una breve intervista col paziente cerco di capire le sue abitudini e stili di vita cos\u00ec da poter stilare un adeguato piano alimentare \u201csu misura\u201d, senza che vada a stravolgere la quotidianit\u00e0.  Il percorso nutrizionale non \u00e8 solamente volto a far perdere peso, ma \u00e8 anche occasione di educazione alimentare sui corretti abbinamenti dei cibi e le loro frequenze e sull\u2019apprendere stili di vita pi\u00f9 sani.  biologa nutrizionista, biologi nutrizionisti, nutrizionista, nutrizionisti, alimentazione sana, mantenimento peso, perdita peso, visite nutrizionali, dieta, diete, alimentazione corretta biologa nutrizionista a Udine, biologi nutrizionisti a Udine, nutrizionista a Udine, nutrizionisti a Udine, visite nutrizionali a Udine, biologa nutrizionista Udine, biologi nutrizionisti Udine, nutrizionista Udine, nutrizionisti Udine, visite nutrizionali Udine","og_url":"https:\/\/convenzioni.cralnetwork.it\/simguardiadifinanza\/prodotto\/dott-ssa-veronica-costelli-biologa-nutrizionista\/","og_site_name":"SIM Guardia di Finanza","article_modified_time":"2023-11-07T15:10:59+00:00","og_image":[{"width":300,"height":300,"url":"https:\/\/convenzioni.cralnetwork.it\/simguardiadifinanza\/wp-content\/uploads\/sites\/7\/2023\/11\/Base-Logo-Veronica-Costelli.jpg","type":"image\/jpeg"}],"twitter_card":"summary_large_image","twitter_misc":{"Tempo di lettura stimato":"4 minuti"},"schema":{"@context":"https:\/\/schema.org","@graph":[{"@type":"WebPage","@id":"https:\/\/convenzioni.cralnetwork.it\/simguardiadifinanza\/prodotto\/dott-ssa-veronica-costelli-biologa-nutrizionista\/","url":"https:\/\/convenzioni.cralnetwork.it\/simguardiadifinanza\/prodotto\/dott-ssa-veronica-costelli-biologa-nutrizionista\/","name":"Dott.ssa Veronica Costelli - Biologa Nutrizionista - SIM Guardia di Finanza","isPartOf":{"@id":"https:\/\/convenzioni.cralnetwork.it\/simguardiadifinanza\/#website"},"primaryImageOfPage":{"@id":"https:\/\/convenzioni.cralnetwork.it\/simguardiadifinanza\/prodotto\/dott-ssa-veronica-costelli-biologa-nutrizionista\/#primaryimage"},"image":{"@id":"https:\/\/convenzioni.cralnetwork.it\/simguardiadifinanza\/prodotto\/dott-ssa-veronica-costelli-biologa-nutrizionista\/#primaryimage"},"thumbnailUrl":"https:\/\/convenzioni.cralnetwork.it\/simguardiadifinanza\/wp-content\/uploads\/sites\/7\/2023\/11\/Base-Logo-Veronica-Costelli.jpg","datePublished":"2023-11-07T10:58:33+00:00","dateModified":"2023-11-07T15:10:59+00:00","breadcrumb":{"@id":"https:\/\/convenzioni.cralnetwork.it\/simguardiadifinanza\/prodotto\/dott-ssa-veronica-costelli-biologa-nutrizionista\/#breadcrumb"},"inLanguage":"it-IT","potentialAction":[{"@type":"ReadAction","target":["https:\/\/convenzioni.cralnetwork.it\/simguardiadifinanza\/prodotto\/dott-ssa-veronica-costelli-biologa-nutrizionista\/"]}]},{"@type":"ImageObject","inLanguage":"it-IT","@id":"https:\/\/convenzioni.cralnetwork.it\/simguardiadifinanza\/prodotto\/dott-ssa-veronica-costelli-biologa-nutrizionista\/#primaryimage","url":"https:\/\/convenzioni.cralnetwork.it\/simguardiadifinanza\/wp-content\/uploads\/sites\/7\/2023\/11\/Base-Logo-Veronica-Costelli.jpg","contentUrl":"https:\/\/convenzioni.cralnetwork.it\/simguardiadifinanza\/wp-content\/uploads\/sites\/7\/2023\/11\/Base-Logo-Veronica-Costelli.jpg","width":300,"height":300},{"@type":"BreadcrumbList","@id":"https:\/\/convenzioni.cralnetwork.it\/simguardiadifinanza\/prodotto\/dott-ssa-veronica-costelli-biologa-nutrizionista\/#breadcrumb","itemListElement":[{"@type":"ListItem","position":1,"name":"Home","item":"https:\/\/convenzioni.cralnetwork.it\/simguardiadifinanza\/"},{"@type":"ListItem","position":2,"name":"Shop","item":"https:\/\/convenzioni.cralnetwork.it\/simguardiadifinanza\/negozio\/"},{"@type":"ListItem","position":3,"name":"Dott.ssa Veronica Costelli &#8211; Biologa Nutrizionista"}]},{"@type":"WebSite","@id":"https:\/\/convenzioni.cralnetwork.it\/simguardiadifinanza\/#website","url":"https:\/\/convenzioni.cralnetwork.it\/simguardiadifinanza\/","name":"SIM Guardia di Finanza","description":"Area Convenzioni","potentialAction":[{"@type":"SearchAction","target":{"@type":"EntryPoint","urlTemplate":"https:\/\/convenzioni.cralnetwork.it\/simguardiadifinanza\/?s={search_term_string}"},"query-input":{"@type":"PropertyValueSpecification","valueRequired":true,"valueName":"search_term_string"}}],"inLanguage":"it-IT"}]}},"publishpress_future_workflow_manual_trigger":{"enabledWorkflows":[]},"_links":{"self":[{"href":"https:\/\/convenzioni.cralnetwork.it\/simguardiadifinanza\/wp-json\/wp\/v2\/product\/37975","targetHints":{"allow":["GET"]}}],"collection":[{"href":"https:\/\/convenzioni.cralnetwork.it\/simguardiadifinanza\/wp-json\/wp\/v2\/product"}],"about":[{"href":"https:\/\/convenzioni.cralnetwork.it\/simguardiadifinanza\/wp-json\/wp\/v2\/types\/product"}],"replies":[{"embeddable":true,"href":"https:\/\/convenzioni.cralnetwork.it\/simguardiadifinanza\/wp-json\/wp\/v2\/comments?post=37975"}],"version-history":[{"count":0,"href":"https:\/\/convenzioni.cralnetwork.it\/simguardiadifinanza\/wp-json\/wp\/v2\/product\/37975\/revisions"}],"wp:featuredmedia":[{"embeddable":true,"href":"https:\/\/convenzioni.cralnetwork.it\/simguardiadifinanza\/wp-json\/wp\/v2\/media\/37978"}],"wp:attachment":[{"href":"https:\/\/convenzioni.cralnetwork.it\/simguardiadifinanza\/wp-json\/wp\/v2\/media?parent=37975"}],"wp:term":[{"taxonomy":"product_brand","embeddable":true,"href":"https:\/\/convenzioni.cralnetwork.it\/simguardiadifinanza\/wp-json\/wp\/v2\/product_brand?post=37975"},{"taxonomy":"product_cat","embeddable":true,"href":"https:\/\/convenzioni.cralnetwork.it\/simguardiadifinanza\/wp-json\/wp\/v2\/product_cat?post=37975"},{"taxonomy":"product_tag","embeddable":true,"href":"https:\/\/convenzioni.cralnetwork.it\/simguardiadifinanza\/wp-json\/wp\/v2\/product_tag?post=37975"}],"curies":[{"name":"wp","href":"https:\/\/api.w.org\/{rel}","templated":true}]}}