{"id":36706,"date":"2023-09-07T17:03:54","date_gmt":"2023-09-07T15:03:54","guid":{"rendered":"https:\/\/convenzioni.cralnetwork.it\/simguardiadifinanza\/?post_type=product&#038;p=36706"},"modified":"2023-09-07T17:04:03","modified_gmt":"2023-09-07T15:04:03","slug":"dott-ssa-giorgia-fantini-psicologa-e-psicoterapeuta","status":"publish","type":"product","link":"https:\/\/convenzioni.cralnetwork.it\/simguardiadifinanza\/prodotto\/dott-ssa-giorgia-fantini-psicologa-e-psicoterapeuta\/","title":{"rendered":"Dott.ssa Giorgia Fantini &#8211; Psicologa e Psicoterapeuta"},"content":{"rendered":"<p>[et_pb_section fb_built=&#8221;1&#8243; custom_padding_last_edited=&#8221;on|desktop&#8221; _builder_version=&#8221;4.21.0&#8243; _module_preset=&#8221;default&#8221; use_background_color_gradient=&#8221;on&#8221; background_color_gradient_stops=&#8221;rgba(0,0,0,0.5) 0%|#000000 100%&#8221; background_color_gradient_overlays_image=&#8221;on&#8221; background_image=&#8221;https:\/\/convenzioni.cralnetwork.it\/simguardiadifinanza\/wp-content\/uploads\/sites\/7\/2023\/09\/2-1.jpg&#8221; custom_padding=&#8221;10vw||10vw||true|false&#8221; custom_padding_tablet=&#8221;10vw||10vw||true|false&#8221; custom_padding_phone=&#8221;10vw||10vw||true|false&#8221; global_colors_info=&#8221;{}&#8221; theme_builder_area=&#8221;post_content&#8221;][et_pb_row _builder_version=&#8221;4.21.0&#8243; _module_preset=&#8221;default&#8221; global_colors_info=&#8221;{}&#8221; theme_builder_area=&#8221;post_content&#8221;][et_pb_column type=&#8221;4_4&#8243; _builder_version=&#8221;4.21.0&#8243; _module_preset=&#8221;default&#8221; global_colors_info=&#8221;{}&#8221; theme_builder_area=&#8221;post_content&#8221;][et_pb_text _builder_version=&#8221;4.21.0&#8243; _module_preset=&#8221;default&#8221; text_font=&#8221;Poppins|300|||||||&#8221; text_text_color=&#8221;#444444&#8243; text_line_height=&#8221;1.9em&#8221; header_font=&#8221;DM Serif Display|700|on||||||&#8221; header_text_align=&#8221;center&#8221; header_text_color=&#8221;#ffffff&#8221; header_font_size=&#8221;100px&#8221; header_letter_spacing=&#8221;1px&#8221; header_line_height=&#8221;1.2em&#8221; header_2_font=&#8221;Poppins|200|on||||||&#8221; header_2_text_align=&#8221;center&#8221; header_2_text_color=&#8221;#ffffff&#8221; header_2_font_size=&#8221;35px&#8221; header_2_line_height=&#8221;1.2em&#8221; text_orientation=&#8221;justified&#8221; header_font_size_tablet=&#8221;60px&#8221; header_font_size_phone=&#8221;45px&#8221; header_font_size_last_edited=&#8221;on|desktop&#8221; header_2_font_size_tablet=&#8221;30px&#8221; header_2_font_size_phone=&#8221;23px&#8221; header_2_font_size_last_edited=&#8221;on|desktop&#8221; global_colors_info=&#8221;{}&#8221; theme_builder_area=&#8221;post_content&#8221;]<\/p>\n<h1>Dott.ssa Giorgia Fantini<\/h1>\n<h2>Psicologa e Psicoterapeuta<\/h2>\n<p>[\/et_pb_text][\/et_pb_column][\/et_pb_row][\/et_pb_section][et_pb_section fb_built=&#8221;1&#8243; _builder_version=&#8221;4.21.0&#8243; _module_preset=&#8221;default&#8221; global_colors_info=&#8221;{}&#8221; theme_builder_area=&#8221;post_content&#8221;][et_pb_row column_structure=&#8221;2_3,1_3&#8243; disabled_on=&#8221;off|off|on&#8221; _builder_version=&#8221;4.21.0&#8243; _module_preset=&#8221;default&#8221; global_colors_info=&#8221;{}&#8221; theme_builder_area=&#8221;post_content&#8221;][et_pb_column type=&#8221;2_3&#8243; _builder_version=&#8221;4.21.0&#8243; _module_preset=&#8221;default&#8221; global_colors_info=&#8221;{}&#8221; theme_builder_area=&#8221;post_content&#8221;][et_pb_text _builder_version=&#8221;4.21.0&#8243; _module_preset=&#8221;default&#8221; text_font=&#8221;Poppins|300|||||||&#8221; text_text_color=&#8221;#444444&#8243; text_line_height=&#8221;1.9em&#8221; header_font=&#8221;DM Serif Display|700|on||||||&#8221; header_text_align=&#8221;left&#8221; header_text_color=&#8221;#959b53&#8243; header_font_size=&#8221;65px&#8221; header_letter_spacing=&#8221;1px&#8221; header_line_height=&#8221;1.1em&#8221; custom_margin=&#8221;0px||||false|false&#8221; text_font_size_tablet=&#8221;15px&#8221; text_font_size_phone=&#8221;15px&#8221; text_font_size_last_edited=&#8221;off|desktop&#8221; header_font_size_tablet=&#8221;35px&#8221; header_font_size_phone=&#8221;30px&#8221; header_font_size_last_edited=&#8221;on|desktop&#8221; global_colors_info=&#8221;{}&#8221; theme_builder_area=&#8221;post_content&#8221;]<\/p>\n<h1>Chi <span style=\"color: #666c58;\">sono<\/span><\/h1>\n<p>Mi chiamo Giorgia Fantini, sono nata a Faenza e vivo e lavoro a Pesaro svolgendo attivit\u00e0 libero professionale in qualit\u00e0 di Psicologa Psicoterapeuta.<\/p>\n<p>Sono iscritta dal 2003 all&#8217;Albo degli Psicologi della regione Marche al n. 896 ed abilitata all&#8217;esercizio della Psicoterapia.<\/p>\n<p>[\/et_pb_text][\/et_pb_column][et_pb_column type=&#8221;1_3&#8243; _builder_version=&#8221;4.21.0&#8243; _module_preset=&#8221;default&#8221; global_colors_info=&#8221;{}&#8221; theme_builder_area=&#8221;post_content&#8221;][et_pb_image src=&#8221;https:\/\/convenzioni.cralnetwork.it\/simguardiadifinanza\/wp-content\/uploads\/sites\/7\/2023\/09\/IMG_20230531_131521502-scaled-1.jpg&#8221; title_text=&#8221;IMG_20230531_131521502&#8243; _builder_version=&#8221;4.21.0&#8243; _module_preset=&#8221;default&#8221; border_radii=&#8221;on|20px|20px|20px|20px&#8221; global_colors_info=&#8221;{}&#8221; theme_builder_area=&#8221;post_content&#8221;][\/et_pb_image][\/et_pb_column][\/et_pb_row][et_pb_row column_structure=&#8221;1_3,2_3&#8243; disabled_on=&#8221;on|on|off&#8221; _builder_version=&#8221;4.21.0&#8243; _module_preset=&#8221;default&#8221; global_colors_info=&#8221;{}&#8221; theme_builder_area=&#8221;post_content&#8221;][et_pb_column type=&#8221;1_3&#8243; _builder_version=&#8221;4.21.0&#8243; _module_preset=&#8221;default&#8221; global_colors_info=&#8221;{}&#8221; theme_builder_area=&#8221;post_content&#8221;][et_pb_image src=&#8221;https:\/\/convenzioni.cralnetwork.it\/simguardiadifinanza\/wp-content\/uploads\/sites\/7\/2023\/09\/IMG_20230531_131521502-scaled-1.jpg&#8221; title_text=&#8221;IMG_20230531_131521502&#8243; _builder_version=&#8221;4.21.0&#8243; _module_preset=&#8221;default&#8221; border_radii=&#8221;on|20px|20px|20px|20px&#8221; global_colors_info=&#8221;{}&#8221; theme_builder_area=&#8221;post_content&#8221;][\/et_pb_image][\/et_pb_column][et_pb_column type=&#8221;2_3&#8243; _builder_version=&#8221;4.21.0&#8243; _module_preset=&#8221;default&#8221; global_colors_info=&#8221;{}&#8221; theme_builder_area=&#8221;post_content&#8221;][et_pb_text _builder_version=&#8221;4.21.0&#8243; _module_preset=&#8221;default&#8221; text_font=&#8221;Poppins|300|||||||&#8221; text_text_color=&#8221;#444444&#8243; text_font_size=&#8221;17px&#8221; text_line_height=&#8221;1.9em&#8221; header_font=&#8221;DM Serif Display|700|on||||||&#8221; header_text_align=&#8221;left&#8221; header_text_color=&#8221;#959b53&#8243; header_font_size=&#8221;65px&#8221; header_letter_spacing=&#8221;1px&#8221; header_line_height=&#8221;1.1em&#8221; custom_margin=&#8221;70px||||false|false&#8221; text_font_size_tablet=&#8221;15px&#8221; text_font_size_phone=&#8221;15px&#8221; text_font_size_last_edited=&#8221;on|desktop&#8221; header_font_size_tablet=&#8221;35px&#8221; header_font_size_phone=&#8221;35px&#8221; header_font_size_last_edited=&#8221;on|desktop&#8221; global_colors_info=&#8221;{}&#8221; theme_builder_area=&#8221;post_content&#8221;]<\/p>\n<h1>Chi <span style=\"color: #666c58;\">sono<\/span><\/h1>\n<p>Mi chiamo Giorgia Fantini, sono nata a Faenza e vivo e lavoro a Pesaro svolgendo attivit\u00e0 libero professionale in qualit\u00e0 di Psicologa Psicoterapeuta.<\/p>\n<p>Sono iscritta dal 2003 all&#8217;Albo degli Psicologi della regione Marche al n. 896 ed abilitata all&#8217;esercizio della Psicoterapia.<\/p>\n<p>[\/et_pb_text][\/et_pb_column][\/et_pb_row][et_pb_row column_structure=&#8221;1_2,1_2&#8243; _builder_version=&#8221;4.21.0&#8243; _module_preset=&#8221;default&#8221; global_colors_info=&#8221;{}&#8221; theme_builder_area=&#8221;post_content&#8221;][et_pb_column type=&#8221;1_2&#8243; _builder_version=&#8221;4.21.0&#8243; _module_preset=&#8221;default&#8221; global_colors_info=&#8221;{}&#8221; theme_builder_area=&#8221;post_content&#8221;][et_pb_text _builder_version=&#8221;4.21.0&#8243; _module_preset=&#8221;default&#8221; text_font=&#8221;Poppins|300|||||||&#8221; text_text_color=&#8221;#9a574c&#8221; text_line_height=&#8221;1.9em&#8221; header_font=&#8221;DM Serif Display|700|||||||&#8221; header_text_align=&#8221;left&#8221; header_text_color=&#8221;#bf7f74&#8243; header_letter_spacing=&#8221;1px&#8221; background_color=&#8221;rgba(191,127,116,0.1)&#8221; text_orientation=&#8221;justified&#8221; custom_padding=&#8221;35px|50px|35px|50px|true|true&#8221; custom_padding_tablet=&#8221;25px|30px|25px|30px|true|true&#8221; custom_padding_phone=&#8221;35px|20px|35px|20px|true|true&#8221; custom_padding_last_edited=&#8221;on|desktop&#8221; text_font_size_tablet=&#8221;15px&#8221; text_font_size_phone=&#8221;15px&#8221; text_font_size_last_edited=&#8221;off|desktop&#8221; header_font_size_tablet=&#8221;25px&#8221; header_font_size_phone=&#8221;20px&#8221; header_font_size_last_edited=&#8221;on|desktop&#8221; border_radii=&#8221;on|20px|20px|20px|20px&#8221; box_shadow_style=&#8221;preset2&#8243; box_shadow_horizontal=&#8221;5px&#8221; box_shadow_vertical=&#8221;5px&#8221; box_shadow_blur=&#8221;15px&#8221; box_shadow_color=&#8221;rgba(0,0,0,0.13)&#8221; global_colors_info=&#8221;{}&#8221; theme_builder_area=&#8221;post_content&#8221;]<\/p>\n<h1>Formazione <span style=\"color: #9a574c;\">personale<\/span><\/h1>\n<p>Laureata presso l&#8217;Universit\u00e0 degli Studi \u201cCarlo B\u00f2\u201d di Urbino, ho effettuato training di formazione individuale e di gruppo presso il \u201cCentro Studi di Terapia Familiare e Relazionale\u201d della Scuola di Luigi Cancrini di Roma seguendo l&#8217;attivit\u00e0 didattica, effettuando un&#8217;analisi personale e training formativo individuale e di gruppo per quattro anni. A conclusione di questo percorso ho ottenuto il Diploma di Specializzazione in \u201cPsicoterapia Familiare e Sistemico Relazionale\u201d.<\/p>\n<p>Dal 2001 lavoro con minori con disabilit\u00e0 e disagio.<\/p>\n<p>Dal 2007 ho lavorato presso l\u2019Associazione AIAS svolgendo incarichi di responsabilit\u00e0 fino al 2013. Sono stata tutor ed ho seguito i laureati in Psicologia per il tirocinio obbligatorio per l&#8217;esame di Stato della Professione di Psicologo e per i tirocini delle Scuole di Specializzazione in Psicoterapia presso, ho seguito minori e adulti in collaborazione con il SERT, con il Tribunale di Pesaro e l\u2019USSM di Ancona.<\/p>\n<p>Dal 2010 al 2012 ho svolto attivit\u00e0 di coordinatore\/psicologo presso \u201cCasa Penelope\u201d, un Centro Socio Educativo Riabilitativo a Fano rivolto a adulti con disabilit\u00e0 gravi e gravissime.<\/p>\n<p>[\/et_pb_text][\/et_pb_column][et_pb_column type=&#8221;1_2&#8243; _builder_version=&#8221;4.21.0&#8243; _module_preset=&#8221;default&#8221; global_colors_info=&#8221;{}&#8221; theme_builder_area=&#8221;post_content&#8221;][et_pb_text _builder_version=&#8221;4.21.0&#8243; _module_preset=&#8221;default&#8221; text_font=&#8221;Poppins|300|||||||&#8221; text_text_color=&#8221;#6c7a52&#8243; text_line_height=&#8221;1.9em&#8221; header_font=&#8221;DM Serif Display|700|||||||&#8221; header_text_align=&#8221;left&#8221; header_text_color=&#8221;#6c7a52&#8243; header_letter_spacing=&#8221;1px&#8221; header_line_height=&#8221;1.1em&#8221; background_color=&#8221;rgba(162,204,38,0.14)&#8221; text_orientation=&#8221;justified&#8221; custom_padding=&#8221;35px|50px|35px|50px|true|true&#8221; custom_padding_tablet=&#8221;25px|30px|25px|30px|true|true&#8221; custom_padding_phone=&#8221;35px|25px|35px|25px|true|true&#8221; custom_padding_last_edited=&#8221;on|desktop&#8221; header_font_size_tablet=&#8221;25px&#8221; header_font_size_phone=&#8221;19px&#8221; header_font_size_last_edited=&#8221;on|desktop&#8221; border_radii=&#8221;on|20px|20px|20px|20px&#8221; box_shadow_style=&#8221;preset2&#8243; box_shadow_horizontal=&#8221;5px&#8221; box_shadow_vertical=&#8221;5px&#8221; box_shadow_blur=&#8221;15px&#8221; box_shadow_color=&#8221;rgba(0,0,0,0.13)&#8221; global_colors_info=&#8221;{}&#8221; theme_builder_area=&#8221;post_content&#8221;]<\/p>\n<h1>Problematiche da me trattate nella <span style=\"color: #a2cc26;\">pratica clinica<\/span><\/h1>\n<ul>\n<li>Disturbi d&#8217;ansia (disturbo d\u2019ansia generalizzato, disturbo post-traumatico da stress, disturbi del sonno)<\/li>\n<li>Disordini di tipo alimentare (compreso il sostegno psicologico a trattamenti dietetici)<\/li>\n<li>Difficolt\u00e0 legate alla fase di crescita personale e nelle fasi di cambiamento (adolescenza, gravidanza, infertilit\u00e0, menopausa, pensionamento, lutto, perdite, mancanza di autostima, incapacit\u00e0 decisionali, disagi emotivi ed esistenziali)<\/li>\n<li>Problematiche relazionali e affettive del singolo, della coppia, sociali, lavorative<\/li>\n<li>Sostegno alla genitorialit\u00e0<\/li>\n<li>Mediazione familiare (separazioni, divorzi, rapporto con i figli)<\/li>\n<\/ul>\n<p>La mia formazione professionale mi consente di elaborare un piano di lavoro personalizzato e adeguato alle necessit\u00e0 del paziente ed al tipo di problema o disturbo che presenta prevedendo incontri online ed in presenza<\/p>\n<p>Mi riservo di applicare una scontistica ai possessori di tesserino di riconoscimento delle forze dell\u2019ordine e loro familiari pi\u00f9 stretti (1\u00b0 grado di parentela)<\/p>\n<p>[\/et_pb_text][\/et_pb_column][\/et_pb_row][\/et_pb_section][et_pb_section fb_built=&#8221;1&#8243; custom_padding_last_edited=&#8221;on|desktop&#8221; admin_label=&#8221;About Section&#8221; _builder_version=&#8221;4.21.0&#8243; use_background_color_gradient=&#8221;on&#8221; background_color_gradient_stops=&#8221;rgba(0,0,0,0.5) 0%|#000000 100%&#8221; background_color_gradient_overlays_image=&#8221;on&#8221; background_image=&#8221;https:\/\/convenzioni.cralnetwork.it\/simguardiadifinanza\/wp-content\/uploads\/sites\/7\/2023\/09\/fant.jpg&#8221; custom_padding=&#8221;7vw||7vw||true|false&#8221; custom_padding_tablet=&#8221;5vw||5vw||true|false&#8221; custom_padding_phone=&#8221;5vw||5vw||true|false&#8221; global_colors_info=&#8221;{}&#8221; theme_builder_area=&#8221;post_content&#8221;][et_pb_row _builder_version=&#8221;4.16&#8243; locked=&#8221;off&#8221; global_colors_info=&#8221;{}&#8221; theme_builder_area=&#8221;post_content&#8221;][et_pb_column type=&#8221;4_4&#8243; _builder_version=&#8221;4.16&#8243; custom_padding=&#8221;|||&#8221; global_colors_info=&#8221;{}&#8221; custom_padding__hover=&#8221;|||&#8221; theme_builder_area=&#8221;post_content&#8221;][et_pb_text disabled_on=&#8221;off|off|off&#8221; admin_label=&#8221;Sconto&#8221; _builder_version=&#8221;4.21.0&#8243; text_font=&#8221;Poppins|300|||||||&#8221; text_text_color=&#8221;#444444&#8243; text_line_height=&#8221;1.9em&#8221; header_font=&#8221;DM Serif Display|700|on||||||&#8221; header_text_align=&#8221;center&#8221; header_text_color=&#8221;#ffffff&#8221; header_font_size=&#8221;65px&#8221; header_letter_spacing=&#8221;2px&#8221; header_line_height=&#8221;1.3em&#8221; header_2_font=&#8221;Poppins|200|on||||||&#8221; header_2_text_align=&#8221;center&#8221; header_2_text_color=&#8221;#ffffff&#8221; header_2_font_size=&#8221;35px&#8221; header_2_line_height=&#8221;1.2em&#8221; text_orientation=&#8221;justified&#8221; header_font_size_tablet=&#8221;40px&#8221; header_font_size_phone=&#8221;28px&#8221; header_font_size_last_edited=&#8221;on|desktop&#8221; header_2_font_size_tablet=&#8221;35px&#8221; header_2_font_size_phone=&#8221;35px&#8221; header_2_font_size_last_edited=&#8221;on|desktop&#8221; global_colors_info=&#8221;{}&#8221; theme_builder_area=&#8221;post_content&#8221;]<\/p>\n<h1>Agevolazioni riservate agli associati SIM Guardia di Finanza e i loro familiari<\/h1>\n<p>[\/et_pb_text][\/et_pb_column][\/et_pb_row][\/et_pb_section][et_pb_section fb_built=&#8221;1&#8243; _builder_version=&#8221;4.21.0&#8243; _module_preset=&#8221;default&#8221; use_background_color_gradient=&#8221;on&#8221; background_color_gradient_direction=&#8221;90deg&#8221; background_color_gradient_stops=&#8221;rgba(255,255,255,0.85) 0%|#ffffff 100%&#8221; background_color_gradient_overlays_image=&#8221;on&#8221; background_image=&#8221;https:\/\/convenzioni.cralnetwork.it\/simguardiadifinanza\/wp-content\/uploads\/sites\/7\/2023\/09\/3-rotated-1.jpg&#8221; background_size=&#8221;initial&#8221; background_position=&#8221;top_left&#8221; custom_padding=&#8221;5vw||5vw||true|false&#8221; background_last_edited=&#8221;on|tablet&#8221; use_background_color_gradient_tablet=&#8221;on&#8221; background_color_gradient_stops_tablet=&#8221;rgba(255,255,255,0.9) 0%|#ffffff 100%&#8221; global_colors_info=&#8221;{}&#8221; theme_builder_area=&#8221;post_content&#8221;][et_pb_row column_structure=&#8221;1_2,1_2&#8243; _builder_version=&#8221;4.21.0&#8243; _module_preset=&#8221;default&#8221; global_colors_info=&#8221;{}&#8221; theme_builder_area=&#8221;post_content&#8221;][et_pb_column type=&#8221;1_2&#8243; _builder_version=&#8221;4.21.0&#8243; _module_preset=&#8221;default&#8221; global_colors_info=&#8221;{}&#8221; theme_builder_area=&#8221;post_content&#8221;][et_pb_text _builder_version=&#8221;4.21.0&#8243; _module_preset=&#8221;default&#8221; text_font=&#8221;Poppins|300|||||||&#8221; text_text_color=&#8221;#444444&#8243; text_font_size=&#8221;15px&#8221; text_line_height=&#8221;2em&#8221; link_text_color=&#8221;#959b53&#8243; header_font=&#8221;DM Serif Display|700|on||||||&#8221; header_text_align=&#8221;left&#8221; header_text_color=&#8221;#959b53&#8243; header_font_size=&#8221;50px&#8221; header_letter_spacing=&#8221;1px&#8221; header_line_height=&#8221;1.2em&#8221; text_font_size_tablet=&#8221;14px&#8221; text_font_size_phone=&#8221;14px&#8221; text_font_size_last_edited=&#8221;on|desktop&#8221; header_font_size_tablet=&#8221;35px&#8221; header_font_size_phone=&#8221;30px&#8221; header_font_size_last_edited=&#8221;on|desktop&#8221; locked=&#8221;off&#8221; global_colors_info=&#8221;{}&#8221; link_text_color__hover_enabled=&#8221;on|desktop&#8221; link_text_color__hover=&#8221;#9a574c&#8221; theme_builder_area=&#8221;post_content&#8221;]<\/p>\n<h1>Contatti<\/h1>\n<p>Via de Pretis, 13 &#8211; 61121 Pesaro (PU)<br \/><strong>Cell:<\/strong> 3405295987<br \/><b>Pec: <\/b><a href=\"mailto:giorgia.fantini.404@psypec.it\">giorgia.fantini.404@psypec.it<\/a><br \/><strong>Mail:<\/strong> <a href=\"mailto:g.fantini73@gmail.it\">g.fantini73@gmail.it<\/a><\/p>\n<p>[\/et_pb_text][\/et_pb_column][et_pb_column type=&#8221;1_2&#8243; _builder_version=&#8221;4.21.0&#8243; _module_preset=&#8221;default&#8221; global_colors_info=&#8221;{}&#8221; theme_builder_area=&#8221;post_content&#8221;][et_pb_code admin_label=&#8221;mappa singola&#8221; _builder_version=&#8221;4.16&#8243; _module_preset=&#8221;default&#8221; global_colors_info=&#8221;{}&#8221; theme_builder_area=&#8221;post_content&#8221;]<div id=\"gmw-single-location-wrapper-440\" class=\"gmw-element-wrapper gmw-single-location-wrapper gmw-sl-wrapper gmw-sl-single-post-wrapper post \" object_type=\"post\" object_id=\"36706\"  style=\"width:100%\"><div class=\"gmw-sl-map-wrapper gmw-sl-element\"><div id=\"gmw-map-wrapper-440\" class=\"gmw-map-wrapper  sl single_location \" style=\"width:100%;height:300px;\"> <span id=\"gmw-resize-map-toggle-440\" class=\"gmw-resize-map-toggle gmw-icon-resize-full\" style=\"display:none;\" title=\"Resize map\"><\/span> <div id=\"gmw-map-loader-440\" class=\"gmw-map-loader\"><\/div> <div id=\"gmw-map-440\" class=\"gmw-map sl single_location\" style=\"width:100%; height:100%\" data-map_id=\"440\" data-prefix=\"sl\" data-map_type=\"single_location\" data-icons_usage=\"global\"><\/div> <\/div><\/div><\/div>[\/et_pb_code][\/et_pb_column][\/et_pb_row][\/et_pb_section][et_pb_section fb_built=&#8221;1&#8243; disabled_on=&#8221;on|on|on&#8221; _builder_version=&#8221;4.21.0&#8243; _module_preset=&#8221;default&#8221; background_color=&#8221;#e7f3fd&#8221; disabled=&#8221;on&#8221; global_colors_info=&#8221;{}&#8221; theme_builder_area=&#8221;post_content&#8221;][et_pb_row column_structure=&#8221;2_5,3_5&#8243; _builder_version=&#8221;4.16&#8243; _module_preset=&#8221;default&#8221; locked=&#8221;off&#8221; global_colors_info=&#8221;{}&#8221; theme_builder_area=&#8221;post_content&#8221;][et_pb_column type=&#8221;2_5&#8243; _builder_version=&#8221;4.16&#8243; _module_preset=&#8221;default&#8221; global_colors_info=&#8221;{}&#8221; theme_builder_area=&#8221;post_content&#8221;][et_pb_wc_description admin_label=&#8221;descrizione convenzione&#8221; module_class=&#8221;descrizione-salute&#8221; _builder_version=&#8221;4.16&#8243; body_font=&#8221;||||||||&#8221; body_font_size=&#8221;18px&#8221; global_colors_info=&#8221;{}&#8221; theme_builder_area=&#8221;post_content&#8221;][\/et_pb_wc_description][et_pb_code admin_label=&#8221;dati aziendali&#8221; module_class=&#8221;contatti-salute&#8221; _builder_version=&#8221;4.16&#8243; _module_preset=&#8221;default&#8221; custom_margin=&#8221;||0px||false|false&#8221; custom_padding=&#8221;0px||0px||false|false&#8221; global_colors_info=&#8221;{}&#8221; theme_builder_area=&#8221;post_content&#8221;]<br \/><p><strong>Indirizzo:<\/strong> Via de Pretis, 13, 61121 Pesaro PU <br>\n<strong>Telefono:<\/strong> 3405295987 <br><strong>Sito web:<\/strong> <a href=\"http:\/\/\"><\/a> <br> \n<strong>Mail:<\/strong> <a href=\"mailto:g.fantini73@gmail.it\">g.fantini73@gmail.it<\/a> \n<\/p><br \/>[\/et_pb_code][\/et_pb_column][et_pb_column type=&#8221;3_5&#8243; _builder_version=&#8221;4.16&#8243; _module_preset=&#8221;default&#8221; global_colors_info=&#8221;{}&#8221; theme_builder_area=&#8221;post_content&#8221;][et_pb_code admin_label=&#8221;mappa singola&#8221; _builder_version=&#8221;4.16&#8243; _module_preset=&#8221;default&#8221; global_colors_info=&#8221;{}&#8221; theme_builder_area=&#8221;post_content&#8221;]<div id=\"gmw-single-location-wrapper-141\" class=\"gmw-element-wrapper gmw-single-location-wrapper gmw-sl-wrapper gmw-sl-single-post-wrapper post \" object_type=\"post\" object_id=\"36706\"  style=\"width:100%\"><div class=\"gmw-sl-map-wrapper gmw-sl-element\"><div id=\"gmw-map-wrapper-141\" class=\"gmw-map-wrapper  sl single_location \" style=\"width:100%;height:300px;\"> <span id=\"gmw-resize-map-toggle-141\" class=\"gmw-resize-map-toggle gmw-icon-resize-full\" style=\"display:none;\" title=\"Resize map\"><\/span> <div id=\"gmw-map-loader-141\" class=\"gmw-map-loader\"><\/div> <div id=\"gmw-map-141\" class=\"gmw-map sl single_location\" style=\"width:100%; height:100%\" data-map_id=\"141\" data-prefix=\"sl\" data-map_type=\"single_location\" data-icons_usage=\"global\"><\/div> <\/div><\/div><\/div>[\/et_pb_code][et_pb_code admin_label=&#8221;mappa multipla&#8221; _builder_version=&#8221;4.16&#8243; _module_preset=&#8221;default&#8221; global_colors_info=&#8221;{}&#8221; theme_builder_area=&#8221;post_content&#8221;]<div id=\"gmw-single-object-locations-wrapper-519\" class=\"gmw-element-wrapper gmw-single-location-wrapper gmw-sl-wrapper gmw-sl-single-post-wrapper post gmw-sl-multiple-locations\" object_type=\"post\" object_id=\"\"  style=\"width:100%\"><div class=\"gmw-sl-map-wrapper\"><div id=\"gmw-map-wrapper-519\" class=\"gmw-map-wrapper  sl single_location \" style=\"width:100%;height:350px;\"> <span id=\"gmw-resize-map-toggle-519\" class=\"gmw-resize-map-toggle gmw-icon-resize-full\" style=\"display:none;\" title=\"Resize map\"><\/span> <div id=\"gmw-map-loader-519\" class=\"gmw-map-loader\"><\/div> <div id=\"gmw-map-519\" class=\"gmw-map sl single_location\" style=\"width:100%; height:100%\" data-map_id=\"519\" data-prefix=\"sl\" data-map_type=\"single_location\" data-icons_usage=\"global\"><\/div> <\/div><\/div><\/div>[\/et_pb_code][\/et_pb_column][\/et_pb_row][\/et_pb_section]<\/p>\n","protected":false},"excerpt":{"rendered":"<div style= \"display: none\">\n<p>Mi chiamo Giorgia Fantini, sono nata a Faenza e vivo e lavoro a Pesaro svolgendo attivit\u00e0 libero professionale in qualit\u00e0 di Psicologa Psicoterapeuta.<\/p>\n<p>Sono iscritta dal 2003 all&#8217;Albo degli Psicologi della regione Marche al n. 896 ed abilitata all&#8217;esercizio della Psicoterapia.<\/p>\n<p>Formazione personale<\/p>\n<p>Laureata presso l&#8217;Universit\u00e0 degli Studi \u201cCarlo B\u00f2\u201d di Urbino, ho effettuato training di formazione individuale e di gruppo presso il \u201cCentro Studi di Terapia Familiare e Relazionale\u201d della Scuola di Luigi Cancrini di Roma seguendo l&#8217;attivit\u00e0 didattica, effettuando un&#8217;analisi personale e training formativo individuale e di gruppo per quattro anni. A conclusione di questo percorso ho ottenuto il Diploma di Specializzazione in \u201cPsicoterapia Familiare e Sistemico Relazionale\u201d.<\/p>\n<p>Dal 2001 lavoro con minori con disabilit\u00e0 e disagio.<\/p>\n<p>Dal 2007 ho lavorato presso l\u2019Associazione AIAS svolgendo incarichi di responsabilit\u00e0 fino al 2013. Sono stata tutor ed ho seguito i laureati in Psicologia per il tirocinio obbligatorio per l&#8217;esame di Stato della Professione di Psicologo e per i tirocini delle Scuole di Specializzazione in Psicoterapia presso, ho seguito minori e adulti in collaborazione con il SERT, con il Tribunale di Pesaro e l\u2019USSM di Ancona.<\/p>\n<p>Dal 2010 al 2012 ho svolto attivit\u00e0 di coordinatore\/psicologo presso \u201cCasa Penelope\u201d, un Centro Socio Educativo Riabilitativo a Fano rivolto a adulti con disabilit\u00e0 gravi e gravissime.<\/p>\n<p>Problematiche trattate<br \/>\nDisturbi d&#8217;ansia (disturbo d\u2019ansia generalizzato, disturbo post-traumatico da stress, disturbi del sonno)<br \/>\nDisordini di tipo alimentare (compreso il sostegno psicologico a trattamenti dietetici)<br \/>\nDifficolt\u00e0 legate alla fase di crescita personale e nelle fasi di cambiamento (adolescenza, gravidanza, infertilit\u00e0, menopausa, pensionamento, lutto, perdite&#8230; mancanza di autostima, incapacit\u00e0 decisionali, disagi emotivi ed esistenziali)<br \/>\nProblematiche relazionali e affettive del singolo, della coppia, sociali, lavorative<br \/>\nSostegno alla genitorialit\u00e0<br \/>\nMediazione familiare (separazioni, divorzi, rapporto con i figli)<\/p>\n<p>La mia formazione professionale mi consente di elaborare un piano di lavoro personalizzato e adeguato alle necessit\u00e0 del paziente ed al tipo di problema o disturbo che presenta prevedendo incontri online ed in presenza<\/p>\n<p>Mi riservo di applicare una scontistica ai possessori di tesserino di riconoscimento delle forze dell\u2019ordine e loro familiari pi\u00f9 stretti (1\u00b0 grado di parentela)<\/p>\n<p>Psicologa, Psicoterapeuta, Psicologi, Psicologia, Psicoterapia, Terapia Familiare, Terapia Relazionale, Disturbi d&#8217;ansia, disturbo post-traumatico da stress, disturbi del sonno, Disordini alimentari, adolescenza, gravidanza, infertilit\u00e0, menopausa, pensionamento, lutto, perdite, mancanza di autostima, incapacit\u00e0 decisionali, disagi emotivi ed esistenziali, Problematiche relazionali, Problematiche affettive, Problematiche della coppia, Problematiche sociali, Problematiche lavorative, Mediazione familiare, separazioni, divorzi, rapporto con i figli, salute mentale, sostegno Psicologico, aiuto Psicologico, terapia, <\/p>\n<p>Psicologa a Pesaro , Psicoterapeuta Pesaro , Psicologi a Pesaro , Sostegno alla genitorialit\u00e0 a Pesaro , Terapia Familiare a Pesaro<\/p>\n<\/div>\n","protected":false},"featured_media":36712,"comment_status":"open","ping_status":"closed","template":"","meta":{"_acf_changed":false,"_et_pb_use_builder":"on","_et_pb_old_content":"","_et_gb_content_width":""},"product_brand":[],"product_cat":[568,569,408],"product_tag":[1682,6669,7098,4451,1186,1962,3161,1507,2133,7099,7100,2831,7101,6494,4888,7102,7103,5019,7104,7105,4171,7106,776,7107,778,7108,777,805,7109,832,7110,1063,1512,1230,1325,1064,7111],"class_list":{"0":"post-36706","1":"product","2":"type-product","3":"status-publish","4":"has-post-thumbnail","6":"product_cat-psicologi","7":"product_cat-psicoterapeuti","8":"product_cat-salute","9":"product_tag-adolescenza","10":"product_tag-aiuto-psicologico","11":"product_tag-disagi-emotivi-ed-esistenziali","12":"product_tag-disordini-alimentari","13":"product_tag-disturbi-dansia","14":"product_tag-disturbi-del-sonno","15":"product_tag-disturbo-post-traumatico-da-stress","16":"product_tag-divorzi","17":"product_tag-gravidanza","18":"product_tag-incapacita-decisionali","19":"product_tag-infertilita","20":"product_tag-lutto","21":"product_tag-mancanza-di-autostima","22":"product_tag-mediazione-familiare","23":"product_tag-menopausa","24":"product_tag-pensionamento","25":"product_tag-perdite","26":"product_tag-problematiche-affettive","27":"product_tag-problematiche-della-coppia","28":"product_tag-problematiche-lavorative","29":"product_tag-problematiche-relazionali","30":"product_tag-problematiche-sociali","31":"product_tag-psicologa","32":"product_tag-psicologa-a-pesaro","33":"product_tag-psicologi","34":"product_tag-psicologi-a-pesaro","35":"product_tag-psicologia","36":"product_tag-psicoterapeuta","37":"product_tag-psicoterapeuta-pesaro","38":"product_tag-psicoterapia","39":"product_tag-rapporto-con-i-figli","40":"product_tag-salute-mentale","41":"product_tag-separazioni","42":"product_tag-sostegno-psicologico","43":"product_tag-terapia","44":"product_tag-terapia-familiare","45":"product_tag-terapia-relazionale","47":"first","48":"instock","49":"shipping-taxable","50":"product-type-simple"},"acf":[],"yoast_head":"<!-- This site is optimized with the Yoast SEO plugin v26.4 - https:\/\/yoast.com\/wordpress\/plugins\/seo\/ -->\n<title>Dott.ssa Giorgia Fantini - Psicologa e Psicoterapeuta - SIM Guardia di Finanza<\/title>\n<meta name=\"robots\" content=\"index, follow, max-snippet:-1, max-image-preview:large, max-video-preview:-1\" \/>\n<link rel=\"canonical\" href=\"https:\/\/convenzioni.cralnetwork.it\/simguardiadifinanza\/prodotto\/dott-ssa-giorgia-fantini-psicologa-e-psicoterapeuta\/\" \/>\n<meta property=\"og:locale\" content=\"it_IT\" \/>\n<meta property=\"og:type\" content=\"article\" \/>\n<meta property=\"og:title\" content=\"Dott.ssa Giorgia Fantini - Psicologa e Psicoterapeuta - SIM Guardia di Finanza\" \/>\n<meta property=\"og:description\" content=\"Mi chiamo Giorgia Fantini, sono nata a Faenza e vivo e lavoro a Pesaro svolgendo attivit\u00e0 libero professionale in qualit\u00e0 di Psicologa Psicoterapeuta.  Sono iscritta dal 2003 all&#039;Albo degli Psicologi della regione Marche al n. 896 ed abilitata all&#039;esercizio della Psicoterapia.  Formazione personale  Laureata presso l&#039;Universit\u00e0 degli Studi \u201cCarlo B\u00f2\u201d di Urbino, ho effettuato training di formazione individuale e di gruppo presso il \u201cCentro Studi di Terapia Familiare e Relazionale\u201d della Scuola di Luigi Cancrini di Roma seguendo l&#039;attivit\u00e0 didattica, effettuando un&#039;analisi personale e training formativo individuale e di gruppo per quattro anni. A conclusione di questo percorso ho ottenuto il Diploma di Specializzazione in \u201cPsicoterapia Familiare e Sistemico Relazionale\u201d.  Dal 2001 lavoro con minori con disabilit\u00e0 e disagio.  Dal 2007 ho lavorato presso l\u2019Associazione AIAS svolgendo incarichi di responsabilit\u00e0 fino al 2013. Sono stata tutor ed ho seguito i laureati in Psicologia per il tirocinio obbligatorio per l&#039;esame di Stato della Professione di Psicologo e per i tirocini delle Scuole di Specializzazione in Psicoterapia presso, ho seguito minori e adulti in collaborazione con il SERT, con il Tribunale di Pesaro e l\u2019USSM di Ancona.  Dal 2010 al 2012 ho svolto attivit\u00e0 di coordinatore\/psicologo presso \u201cCasa Penelope\u201d, un Centro Socio Educativo Riabilitativo a Fano rivolto a adulti con disabilit\u00e0 gravi e gravissime.  Problematiche trattate Disturbi d&#039;ansia (disturbo d\u2019ansia generalizzato, disturbo post-traumatico da stress, disturbi del sonno) Disordini di tipo alimentare (compreso il sostegno psicologico a trattamenti dietetici) Difficolt\u00e0 legate alla fase di crescita personale e nelle fasi di cambiamento (adolescenza, gravidanza, infertilit\u00e0, menopausa, pensionamento, lutto, perdite... mancanza di autostima, incapacit\u00e0 decisionali, disagi emotivi ed esistenziali) Problematiche relazionali e affettive del singolo, della coppia, sociali, lavorative Sostegno alla genitorialit\u00e0 Mediazione familiare (separazioni, divorzi, rapporto con i figli)  La mia formazione professionale mi consente di elaborare un piano di lavoro personalizzato e adeguato alle necessit\u00e0 del paziente ed al tipo di problema o disturbo che presenta prevedendo incontri online ed in presenza  Mi riservo di applicare una scontistica ai possessori di tesserino di riconoscimento delle forze dell\u2019ordine e loro familiari pi\u00f9 stretti (1\u00b0 grado di parentela)    Psicologa, Psicoterapeuta, Psicologi, Psicologia, Psicoterapia, Terapia Familiare, Terapia Relazionale, Disturbi d&#039;ansia, disturbo post-traumatico da stress, disturbi del sonno, Disordini alimentari, adolescenza, gravidanza, infertilit\u00e0, menopausa, pensionamento, lutto, perdite, mancanza di autostima, incapacit\u00e0 decisionali, disagi emotivi ed esistenziali, Problematiche relazionali, Problematiche affettive, Problematiche della coppia, Problematiche sociali, Problematiche lavorative, Mediazione familiare, separazioni, divorzi, rapporto con i figli, salute mentale, sostegno Psicologico, aiuto Psicologico, terapia,    Psicologa a Pesaro , Psicoterapeuta Pesaro , Psicologi a Pesaro , Sostegno alla genitorialit\u00e0 a Pesaro , Terapia Familiare a Pesaro\" \/>\n<meta property=\"og:url\" content=\"https:\/\/convenzioni.cralnetwork.it\/simguardiadifinanza\/prodotto\/dott-ssa-giorgia-fantini-psicologa-e-psicoterapeuta\/\" \/>\n<meta property=\"og:site_name\" content=\"SIM Guardia di Finanza\" \/>\n<meta property=\"article:modified_time\" content=\"2023-09-07T15:04:03+00:00\" \/>\n<meta property=\"og:image\" content=\"https:\/\/convenzioni.cralnetwork.it\/simguardiadifinanza\/wp-content\/uploads\/sites\/7\/2023\/09\/logo_Giorgia-Fantini.jpg\" \/>\n\t<meta property=\"og:image:width\" content=\"300\" \/>\n\t<meta property=\"og:image:height\" content=\"300\" \/>\n\t<meta property=\"og:image:type\" content=\"image\/jpeg\" \/>\n<meta name=\"twitter:card\" content=\"summary_large_image\" \/>\n<script type=\"application\/ld+json\" class=\"yoast-schema-graph\">{\"@context\":\"https:\/\/schema.org\",\"@graph\":[{\"@type\":\"WebPage\",\"@id\":\"https:\/\/convenzioni.cralnetwork.it\/simguardiadifinanza\/prodotto\/dott-ssa-giorgia-fantini-psicologa-e-psicoterapeuta\/\",\"url\":\"https:\/\/convenzioni.cralnetwork.it\/simguardiadifinanza\/prodotto\/dott-ssa-giorgia-fantini-psicologa-e-psicoterapeuta\/\",\"name\":\"Dott.ssa Giorgia Fantini - Psicologa e Psicoterapeuta - SIM Guardia di Finanza\",\"isPartOf\":{\"@id\":\"https:\/\/convenzioni.cralnetwork.it\/simguardiadifinanza\/#website\"},\"primaryImageOfPage\":{\"@id\":\"https:\/\/convenzioni.cralnetwork.it\/simguardiadifinanza\/prodotto\/dott-ssa-giorgia-fantini-psicologa-e-psicoterapeuta\/#primaryimage\"},\"image\":{\"@id\":\"https:\/\/convenzioni.cralnetwork.it\/simguardiadifinanza\/prodotto\/dott-ssa-giorgia-fantini-psicologa-e-psicoterapeuta\/#primaryimage\"},\"thumbnailUrl\":\"https:\/\/convenzioni.cralnetwork.it\/simguardiadifinanza\/wp-content\/uploads\/sites\/7\/2023\/09\/logo_Giorgia-Fantini.jpg\",\"datePublished\":\"2023-09-07T15:03:54+00:00\",\"dateModified\":\"2023-09-07T15:04:03+00:00\",\"breadcrumb\":{\"@id\":\"https:\/\/convenzioni.cralnetwork.it\/simguardiadifinanza\/prodotto\/dott-ssa-giorgia-fantini-psicologa-e-psicoterapeuta\/#breadcrumb\"},\"inLanguage\":\"it-IT\",\"potentialAction\":[{\"@type\":\"ReadAction\",\"target\":[\"https:\/\/convenzioni.cralnetwork.it\/simguardiadifinanza\/prodotto\/dott-ssa-giorgia-fantini-psicologa-e-psicoterapeuta\/\"]}]},{\"@type\":\"ImageObject\",\"inLanguage\":\"it-IT\",\"@id\":\"https:\/\/convenzioni.cralnetwork.it\/simguardiadifinanza\/prodotto\/dott-ssa-giorgia-fantini-psicologa-e-psicoterapeuta\/#primaryimage\",\"url\":\"https:\/\/convenzioni.cralnetwork.it\/simguardiadifinanza\/wp-content\/uploads\/sites\/7\/2023\/09\/logo_Giorgia-Fantini.jpg\",\"contentUrl\":\"https:\/\/convenzioni.cralnetwork.it\/simguardiadifinanza\/wp-content\/uploads\/sites\/7\/2023\/09\/logo_Giorgia-Fantini.jpg\",\"width\":300,\"height\":300},{\"@type\":\"BreadcrumbList\",\"@id\":\"https:\/\/convenzioni.cralnetwork.it\/simguardiadifinanza\/prodotto\/dott-ssa-giorgia-fantini-psicologa-e-psicoterapeuta\/#breadcrumb\",\"itemListElement\":[{\"@type\":\"ListItem\",\"position\":1,\"name\":\"Home\",\"item\":\"https:\/\/convenzioni.cralnetwork.it\/simguardiadifinanza\/\"},{\"@type\":\"ListItem\",\"position\":2,\"name\":\"Shop\",\"item\":\"https:\/\/convenzioni.cralnetwork.it\/simguardiadifinanza\/negozio\/\"},{\"@type\":\"ListItem\",\"position\":3,\"name\":\"Dott.ssa Giorgia Fantini &#8211; Psicologa e Psicoterapeuta\"}]},{\"@type\":\"WebSite\",\"@id\":\"https:\/\/convenzioni.cralnetwork.it\/simguardiadifinanza\/#website\",\"url\":\"https:\/\/convenzioni.cralnetwork.it\/simguardiadifinanza\/\",\"name\":\"SIM Guardia di Finanza\",\"description\":\"Area Convenzioni\",\"potentialAction\":[{\"@type\":\"SearchAction\",\"target\":{\"@type\":\"EntryPoint\",\"urlTemplate\":\"https:\/\/convenzioni.cralnetwork.it\/simguardiadifinanza\/?s={search_term_string}\"},\"query-input\":{\"@type\":\"PropertyValueSpecification\",\"valueRequired\":true,\"valueName\":\"search_term_string\"}}],\"inLanguage\":\"it-IT\"}]}<\/script>\n<!-- \/ Yoast SEO plugin. -->","yoast_head_json":{"title":"Dott.ssa Giorgia Fantini - Psicologa e Psicoterapeuta - SIM Guardia di Finanza","robots":{"index":"index","follow":"follow","max-snippet":"max-snippet:-1","max-image-preview":"max-image-preview:large","max-video-preview":"max-video-preview:-1"},"canonical":"https:\/\/convenzioni.cralnetwork.it\/simguardiadifinanza\/prodotto\/dott-ssa-giorgia-fantini-psicologa-e-psicoterapeuta\/","og_locale":"it_IT","og_type":"article","og_title":"Dott.ssa Giorgia Fantini - Psicologa e Psicoterapeuta - SIM Guardia di Finanza","og_description":"Mi chiamo Giorgia Fantini, sono nata a Faenza e vivo e lavoro a Pesaro svolgendo attivit\u00e0 libero professionale in qualit\u00e0 di Psicologa Psicoterapeuta.  Sono iscritta dal 2003 all'Albo degli Psicologi della regione Marche al n. 896 ed abilitata all'esercizio della Psicoterapia.  Formazione personale  Laureata presso l'Universit\u00e0 degli Studi \u201cCarlo B\u00f2\u201d di Urbino, ho effettuato training di formazione individuale e di gruppo presso il \u201cCentro Studi di Terapia Familiare e Relazionale\u201d della Scuola di Luigi Cancrini di Roma seguendo l'attivit\u00e0 didattica, effettuando un'analisi personale e training formativo individuale e di gruppo per quattro anni. A conclusione di questo percorso ho ottenuto il Diploma di Specializzazione in \u201cPsicoterapia Familiare e Sistemico Relazionale\u201d.  Dal 2001 lavoro con minori con disabilit\u00e0 e disagio.  Dal 2007 ho lavorato presso l\u2019Associazione AIAS svolgendo incarichi di responsabilit\u00e0 fino al 2013. Sono stata tutor ed ho seguito i laureati in Psicologia per il tirocinio obbligatorio per l'esame di Stato della Professione di Psicologo e per i tirocini delle Scuole di Specializzazione in Psicoterapia presso, ho seguito minori e adulti in collaborazione con il SERT, con il Tribunale di Pesaro e l\u2019USSM di Ancona.  Dal 2010 al 2012 ho svolto attivit\u00e0 di coordinatore\/psicologo presso \u201cCasa Penelope\u201d, un Centro Socio Educativo Riabilitativo a Fano rivolto a adulti con disabilit\u00e0 gravi e gravissime.  Problematiche trattate Disturbi d'ansia (disturbo d\u2019ansia generalizzato, disturbo post-traumatico da stress, disturbi del sonno) Disordini di tipo alimentare (compreso il sostegno psicologico a trattamenti dietetici) Difficolt\u00e0 legate alla fase di crescita personale e nelle fasi di cambiamento (adolescenza, gravidanza, infertilit\u00e0, menopausa, pensionamento, lutto, perdite... mancanza di autostima, incapacit\u00e0 decisionali, disagi emotivi ed esistenziali) Problematiche relazionali e affettive del singolo, della coppia, sociali, lavorative Sostegno alla genitorialit\u00e0 Mediazione familiare (separazioni, divorzi, rapporto con i figli)  La mia formazione professionale mi consente di elaborare un piano di lavoro personalizzato e adeguato alle necessit\u00e0 del paziente ed al tipo di problema o disturbo che presenta prevedendo incontri online ed in presenza  Mi riservo di applicare una scontistica ai possessori di tesserino di riconoscimento delle forze dell\u2019ordine e loro familiari pi\u00f9 stretti (1\u00b0 grado di parentela)    Psicologa, Psicoterapeuta, Psicologi, Psicologia, Psicoterapia, Terapia Familiare, Terapia Relazionale, Disturbi d'ansia, disturbo post-traumatico da stress, disturbi del sonno, Disordini alimentari, adolescenza, gravidanza, infertilit\u00e0, menopausa, pensionamento, lutto, perdite, mancanza di autostima, incapacit\u00e0 decisionali, disagi emotivi ed esistenziali, Problematiche relazionali, Problematiche affettive, Problematiche della coppia, Problematiche sociali, Problematiche lavorative, Mediazione familiare, separazioni, divorzi, rapporto con i figli, salute mentale, sostegno Psicologico, aiuto Psicologico, terapia,    Psicologa a Pesaro , Psicoterapeuta Pesaro , Psicologi a Pesaro , Sostegno alla genitorialit\u00e0 a Pesaro , Terapia Familiare a Pesaro","og_url":"https:\/\/convenzioni.cralnetwork.it\/simguardiadifinanza\/prodotto\/dott-ssa-giorgia-fantini-psicologa-e-psicoterapeuta\/","og_site_name":"SIM Guardia di Finanza","article_modified_time":"2023-09-07T15:04:03+00:00","og_image":[{"width":300,"height":300,"url":"https:\/\/convenzioni.cralnetwork.it\/simguardiadifinanza\/wp-content\/uploads\/sites\/7\/2023\/09\/logo_Giorgia-Fantini.jpg","type":"image\/jpeg"}],"twitter_card":"summary_large_image","schema":{"@context":"https:\/\/schema.org","@graph":[{"@type":"WebPage","@id":"https:\/\/convenzioni.cralnetwork.it\/simguardiadifinanza\/prodotto\/dott-ssa-giorgia-fantini-psicologa-e-psicoterapeuta\/","url":"https:\/\/convenzioni.cralnetwork.it\/simguardiadifinanza\/prodotto\/dott-ssa-giorgia-fantini-psicologa-e-psicoterapeuta\/","name":"Dott.ssa Giorgia Fantini - Psicologa e Psicoterapeuta - SIM Guardia di Finanza","isPartOf":{"@id":"https:\/\/convenzioni.cralnetwork.it\/simguardiadifinanza\/#website"},"primaryImageOfPage":{"@id":"https:\/\/convenzioni.cralnetwork.it\/simguardiadifinanza\/prodotto\/dott-ssa-giorgia-fantini-psicologa-e-psicoterapeuta\/#primaryimage"},"image":{"@id":"https:\/\/convenzioni.cralnetwork.it\/simguardiadifinanza\/prodotto\/dott-ssa-giorgia-fantini-psicologa-e-psicoterapeuta\/#primaryimage"},"thumbnailUrl":"https:\/\/convenzioni.cralnetwork.it\/simguardiadifinanza\/wp-content\/uploads\/sites\/7\/2023\/09\/logo_Giorgia-Fantini.jpg","datePublished":"2023-09-07T15:03:54+00:00","dateModified":"2023-09-07T15:04:03+00:00","breadcrumb":{"@id":"https:\/\/convenzioni.cralnetwork.it\/simguardiadifinanza\/prodotto\/dott-ssa-giorgia-fantini-psicologa-e-psicoterapeuta\/#breadcrumb"},"inLanguage":"it-IT","potentialAction":[{"@type":"ReadAction","target":["https:\/\/convenzioni.cralnetwork.it\/simguardiadifinanza\/prodotto\/dott-ssa-giorgia-fantini-psicologa-e-psicoterapeuta\/"]}]},{"@type":"ImageObject","inLanguage":"it-IT","@id":"https:\/\/convenzioni.cralnetwork.it\/simguardiadifinanza\/prodotto\/dott-ssa-giorgia-fantini-psicologa-e-psicoterapeuta\/#primaryimage","url":"https:\/\/convenzioni.cralnetwork.it\/simguardiadifinanza\/wp-content\/uploads\/sites\/7\/2023\/09\/logo_Giorgia-Fantini.jpg","contentUrl":"https:\/\/convenzioni.cralnetwork.it\/simguardiadifinanza\/wp-content\/uploads\/sites\/7\/2023\/09\/logo_Giorgia-Fantini.jpg","width":300,"height":300},{"@type":"BreadcrumbList","@id":"https:\/\/convenzioni.cralnetwork.it\/simguardiadifinanza\/prodotto\/dott-ssa-giorgia-fantini-psicologa-e-psicoterapeuta\/#breadcrumb","itemListElement":[{"@type":"ListItem","position":1,"name":"Home","item":"https:\/\/convenzioni.cralnetwork.it\/simguardiadifinanza\/"},{"@type":"ListItem","position":2,"name":"Shop","item":"https:\/\/convenzioni.cralnetwork.it\/simguardiadifinanza\/negozio\/"},{"@type":"ListItem","position":3,"name":"Dott.ssa Giorgia Fantini &#8211; Psicologa e Psicoterapeuta"}]},{"@type":"WebSite","@id":"https:\/\/convenzioni.cralnetwork.it\/simguardiadifinanza\/#website","url":"https:\/\/convenzioni.cralnetwork.it\/simguardiadifinanza\/","name":"SIM Guardia di Finanza","description":"Area Convenzioni","potentialAction":[{"@type":"SearchAction","target":{"@type":"EntryPoint","urlTemplate":"https:\/\/convenzioni.cralnetwork.it\/simguardiadifinanza\/?s={search_term_string}"},"query-input":{"@type":"PropertyValueSpecification","valueRequired":true,"valueName":"search_term_string"}}],"inLanguage":"it-IT"}]}},"publishpress_future_workflow_manual_trigger":{"enabledWorkflows":[]},"_links":{"self":[{"href":"https:\/\/convenzioni.cralnetwork.it\/simguardiadifinanza\/wp-json\/wp\/v2\/product\/36706","targetHints":{"allow":["GET"]}}],"collection":[{"href":"https:\/\/convenzioni.cralnetwork.it\/simguardiadifinanza\/wp-json\/wp\/v2\/product"}],"about":[{"href":"https:\/\/convenzioni.cralnetwork.it\/simguardiadifinanza\/wp-json\/wp\/v2\/types\/product"}],"replies":[{"embeddable":true,"href":"https:\/\/convenzioni.cralnetwork.it\/simguardiadifinanza\/wp-json\/wp\/v2\/comments?post=36706"}],"version-history":[{"count":0,"href":"https:\/\/convenzioni.cralnetwork.it\/simguardiadifinanza\/wp-json\/wp\/v2\/product\/36706\/revisions"}],"wp:featuredmedia":[{"embeddable":true,"href":"https:\/\/convenzioni.cralnetwork.it\/simguardiadifinanza\/wp-json\/wp\/v2\/media\/36712"}],"wp:attachment":[{"href":"https:\/\/convenzioni.cralnetwork.it\/simguardiadifinanza\/wp-json\/wp\/v2\/media?parent=36706"}],"wp:term":[{"taxonomy":"product_brand","embeddable":true,"href":"https:\/\/convenzioni.cralnetwork.it\/simguardiadifinanza\/wp-json\/wp\/v2\/product_brand?post=36706"},{"taxonomy":"product_cat","embeddable":true,"href":"https:\/\/convenzioni.cralnetwork.it\/simguardiadifinanza\/wp-json\/wp\/v2\/product_cat?post=36706"},{"taxonomy":"product_tag","embeddable":true,"href":"https:\/\/convenzioni.cralnetwork.it\/simguardiadifinanza\/wp-json\/wp\/v2\/product_tag?post=36706"}],"curies":[{"name":"wp","href":"https:\/\/api.w.org\/{rel}","templated":true}]}}