{"id":33633,"date":"2023-05-08T16:12:53","date_gmt":"2023-05-08T14:12:53","guid":{"rendered":"https:\/\/convenzioni.cralnetwork.it\/simguardiadifinanza\/?post_type=product&#038;p=33633"},"modified":"2023-05-08T17:56:34","modified_gmt":"2023-05-08T15:56:34","slug":"progetto-casa","status":"publish","type":"product","link":"https:\/\/convenzioni.cralnetwork.it\/simguardiadifinanza\/prodotto\/progetto-casa\/","title":{"rendered":"Progetto Casa"},"content":{"rendered":"<p>[et_pb_section fb_built=&#8221;1&#8243; _builder_version=&#8221;4.9.4&#8243; _module_preset=&#8221;default&#8221; custom_padding=&#8221;0px||0px||true|false&#8221;][et_pb_row column_structure=&#8221;1_2,1_2&#8243; use_custom_gutter=&#8221;on&#8221; gutter_width=&#8221;1&#8243; make_equal=&#8221;on&#8221; _builder_version=&#8221;4.9.4&#8243; _module_preset=&#8221;default&#8221; width=&#8221;100%&#8221; max_width=&#8221;2560px&#8221; custom_padding=&#8221;0px|0px|0px|0px|true|true&#8221;][et_pb_column type=&#8221;1_2&#8243; _builder_version=&#8221;4.9.4&#8243; _module_preset=&#8221;default&#8221; custom_padding=&#8221;4%|14%|4%|14%|true|true&#8221; border_width_bottom=&#8221;2px&#8221; border_color_bottom=&#8221;#75bb9c&#8221;][et_pb_image src=&#8221;https:\/\/convenzioni.cralnetwork.it\/simguardiadifinanza\/wp-content\/uploads\/sites\/7\/2023\/05\/logo-per-web.jpg&#8221; title_text=&#8221;logo per web&#8221; align=&#8221;center&#8221; _builder_version=&#8221;4.9.4&#8243; _module_preset=&#8221;default&#8221; max_width_tablet=&#8221;55%&#8221; max_width_phone=&#8221;80%&#8221; max_width_last_edited=&#8221;on|phone&#8221;][\/et_pb_image][\/et_pb_column][et_pb_column type=&#8221;1_2&#8243; _builder_version=&#8221;4.9.4&#8243; _module_preset=&#8221;default&#8221; background_image=&#8221;https:\/\/convenzioni.cralnetwork.it\/simguardiadifinanza\/wp-content\/uploads\/sites\/7\/2023\/05\/IMG_20200918_120844-scaled.jpg&#8221;][\/et_pb_column][\/et_pb_row][\/et_pb_section][et_pb_section fb_built=&#8221;1&#8243; admin_label=&#8221;About&#8221; _builder_version=&#8221;4.9.4&#8243; custom_padding=&#8221;80px||80px||true|false&#8221;][et_pb_row column_structure=&#8221;1_2,1_2&#8243; make_equal=&#8221;on&#8221; _builder_version=&#8221;4.9.4&#8243; _module_preset=&#8221;default&#8221; max_width=&#8221;1263px&#8221;][et_pb_column type=&#8221;1_2&#8243; _builder_version=&#8221;4.9.4&#8243; _module_preset=&#8221;default&#8221; background_image=&#8221;https:\/\/convenzioni.cralnetwork.it\/simguardiadifinanza\/wp-content\/uploads\/sites\/7\/2023\/05\/IMG_20200918_120927-scaled.jpg&#8221;][\/et_pb_column][et_pb_column type=&#8221;1_2&#8243; _builder_version=&#8221;4.9.4&#8243; _module_preset=&#8221;default&#8221;][et_pb_text admin_label=&#8221;Titolo Chi siamo&#8221; _builder_version=&#8221;4.9.4&#8243; text_font=&#8221;||||||||&#8221; text_font_size=&#8221;16px&#8221; header_font=&#8221;||||||||&#8221; header_2_font=&#8221;Poppins|300|||||||&#8221; header_2_text_color=&#8221;#75bb9c&#8221; header_2_font_size=&#8221;40px&#8221; header_2_line_height=&#8221;1.2em&#8221; max_width=&#8221;600px&#8221; custom_margin=&#8221;||0px||false|false&#8221; header_2_font_size_tablet=&#8221;35px&#8221; header_2_font_size_phone=&#8221;30px&#8221; header_2_font_size_last_edited=&#8221;on|phone&#8221; locked=&#8221;off&#8221;]<\/p>\n<h2>Chi sono<\/h2>\n<p>[\/et_pb_text][et_pb_wc_description admin_label=&#8221;descrizione convenzione&#8221; _builder_version=&#8221;4.9.4&#8243; body_font=&#8221;||||||||&#8221; body_font_size=&#8221;16px&#8221;][\/et_pb_wc_description][et_pb_image src=&#8221;https:\/\/convenzioni.cralnetwork.it\/simguardiadifinanza\/wp-content\/uploads\/sites\/7\/2023\/05\/IMG_20200918_120844-scaled.jpg&#8221; title_text=&#8221;dav&#8221; disabled_on=&#8221;off|off|on&#8221; _builder_version=&#8221;4.9.4&#8243; _module_preset=&#8221;default&#8221;][\/et_pb_image][et_pb_image src=&#8221;https:\/\/convenzioni.cralnetwork.it\/simguardiadifinanza\/wp-content\/uploads\/sites\/7\/2023\/05\/IMG_20200918_120927-scaled.jpg&#8221; title_text=&#8221;dav&#8221; disabled_on=&#8221;off|off|on&#8221; _builder_version=&#8221;4.9.4&#8243; _module_preset=&#8221;default&#8221;][\/et_pb_image][\/et_pb_column][\/et_pb_row][\/et_pb_section][et_pb_section fb_built=&#8221;1&#8243; custom_padding_last_edited=&#8221;on|desktop&#8221; admin_label=&#8221;Services&#8221; _builder_version=&#8221;4.9.4&#8243; background_color=&#8221;rgba(248,210,130,0.18)&#8221; background_enable_image=&#8221;off&#8221; background_size=&#8221;initial&#8221; background_position=&#8221;top_center&#8221; custom_padding=&#8221;||||false|false&#8221; custom_padding_tablet=&#8221;6%|||&#8221; custom_padding_phone=&#8221;&#8221;][et_pb_row _builder_version=&#8221;3.25&#8243;][et_pb_column type=&#8221;4_4&#8243; _builder_version=&#8221;3.25&#8243; custom_padding=&#8221;|||&#8221; custom_padding_tablet=&#8221;&#8221; custom_padding_phone=&#8221;&#8221; custom_padding_last_edited=&#8221;on|phone&#8221; padding_last_edited=&#8221;on|phone&#8221; custom_padding__hover=&#8221;|||&#8221;][et_pb_text admin_label=&#8221;Titolo Chi siamo&#8221; _builder_version=&#8221;4.9.4&#8243; text_font=&#8221;||||||||&#8221; text_font_size=&#8221;16px&#8221; header_font=&#8221;||||||||&#8221; header_2_font=&#8221;Poppins|300|||||||&#8221; header_2_text_align=&#8221;center&#8221; header_2_text_color=&#8221;#75bb9c&#8221; header_2_font_size=&#8221;40px&#8221; header_2_line_height=&#8221;1.2em&#8221; custom_margin=&#8221;||0px||false|false&#8221; header_2_font_size_tablet=&#8221;35px&#8221; header_2_font_size_phone=&#8221;30px&#8221; header_2_font_size_last_edited=&#8221;on|phone&#8221; locked=&#8221;off&#8221;]<\/p>\n<h2>Servizi offerti<\/h2>\n<p>[\/et_pb_text][\/et_pb_column][\/et_pb_row][et_pb_row column_structure=&#8221;1_5,1_5,1_5,1_5,1_5&#8243; _builder_version=&#8221;4.9.4&#8243; _module_preset=&#8221;default&#8221; max_width=&#8221;2560px&#8221;][et_pb_column type=&#8221;1_5&#8243; _builder_version=&#8221;4.9.4&#8243; _module_preset=&#8221;default&#8221;][et_pb_blurb title=&#8221;Locazioni&#8221; use_icon=&#8221;on&#8221; font_icon=&#8221;%%102%%&#8221; icon_color=&#8221;#75bb9c&#8221; use_icon_font_size=&#8221;on&#8221; icon_font_size=&#8221;45px&#8221; _builder_version=&#8221;4.9.4&#8243; _module_preset=&#8221;default&#8221; header_font=&#8221;Poppins|600|||||||&#8221; header_text_align=&#8221;center&#8221; header_font_size=&#8221;20px&#8221;][\/et_pb_blurb][\/et_pb_column][et_pb_column type=&#8221;1_5&#8243; _builder_version=&#8221;4.9.4&#8243; _module_preset=&#8221;default&#8221;][et_pb_blurb title=&#8221;Compravendita&#8221; use_icon=&#8221;on&#8221; font_icon=&#8221;%%102%%&#8221; icon_color=&#8221;#75bb9c&#8221; use_icon_font_size=&#8221;on&#8221; icon_font_size=&#8221;45px&#8221; _builder_version=&#8221;4.9.4&#8243; _module_preset=&#8221;default&#8221; header_font=&#8221;Poppins|600|||||||&#8221; header_text_align=&#8221;center&#8221; header_font_size=&#8221;20px&#8221;][\/et_pb_blurb][\/et_pb_column][et_pb_column type=&#8221;1_5&#8243; _builder_version=&#8221;4.9.4&#8243; _module_preset=&#8221;default&#8221;][et_pb_blurb title=&#8221;Voltura Utenze&#8221; use_icon=&#8221;on&#8221; font_icon=&#8221;%%102%%&#8221; icon_color=&#8221;#75bb9c&#8221; use_icon_font_size=&#8221;on&#8221; icon_font_size=&#8221;45px&#8221; _builder_version=&#8221;4.9.4&#8243; _module_preset=&#8221;default&#8221; header_font=&#8221;Poppins|600|||||||&#8221; header_text_align=&#8221;center&#8221; header_font_size=&#8221;20px&#8221;][\/et_pb_blurb][\/et_pb_column][et_pb_column type=&#8221;1_5&#8243; _builder_version=&#8221;4.9.4&#8243; _module_preset=&#8221;default&#8221;][et_pb_blurb title=&#8221;Tari&#8221; use_icon=&#8221;on&#8221; font_icon=&#8221;%%102%%&#8221; icon_color=&#8221;#75bb9c&#8221; use_icon_font_size=&#8221;on&#8221; icon_font_size=&#8221;45px&#8221; _builder_version=&#8221;4.9.4&#8243; _module_preset=&#8221;default&#8221; header_font=&#8221;Poppins|600|||||||&#8221; header_text_align=&#8221;center&#8221; header_font_size=&#8221;20px&#8221;][\/et_pb_blurb][\/et_pb_column][et_pb_column type=&#8221;1_5&#8243; _builder_version=&#8221;4.9.4&#8243; _module_preset=&#8221;default&#8221;][et_pb_blurb title=&#8221;Valutazioni Immobili&#8221; use_icon=&#8221;on&#8221; font_icon=&#8221;%%102%%&#8221; icon_color=&#8221;#75bb9c&#8221; use_icon_font_size=&#8221;on&#8221; icon_font_size=&#8221;45px&#8221; _builder_version=&#8221;4.9.4&#8243; _module_preset=&#8221;default&#8221; header_font=&#8221;Poppins|600|||||||&#8221; header_text_align=&#8221;center&#8221; header_font_size=&#8221;20px&#8221;][\/et_pb_blurb][\/et_pb_column][\/et_pb_row][\/et_pb_section][et_pb_section fb_built=&#8221;1&#8243; admin_label=&#8221;Stats&#8221; _builder_version=&#8221;4.9.4&#8243; background_color=&#8221;#75bb9c&#8221; max_width_tablet=&#8221;&#8221; max_width_phone=&#8221;&#8221; max_width_last_edited=&#8221;on|phone&#8221;][et_pb_row _builder_version=&#8221;4.9.4&#8243; custom_padding=&#8221;0px||0px||true|false&#8221;][et_pb_column type=&#8221;4_4&#8243; _builder_version=&#8221;4.9.4&#8243; custom_padding=&#8221;|||&#8221; custom_padding__hover=&#8221;|||&#8221;][et_pb_text _builder_version=&#8221;4.9.4&#8243; _module_preset=&#8221;default&#8221; header_3_font=&#8221;Poppins|300|||||||&#8221; header_3_text_align=&#8221;center&#8221; header_3_text_color=&#8221;#FFFFFF&#8221; header_3_font_size=&#8221;36px&#8221; header_3_line_height=&#8221;1.5em&#8221; header_3_font_size_tablet=&#8221;30px&#8221; header_3_font_size_phone=&#8221;27px&#8221; header_3_font_size_last_edited=&#8221;on|phone&#8221;]<\/p>\n<h3>Agevolazioni riservate agli associati<br \/>SIM Guardia di Finanza e i loro familiari<\/h3>\n<p>[\/et_pb_text][\/et_pb_column][\/et_pb_row][\/et_pb_section][et_pb_section fb_built=&#8221;1&#8243; admin_label=&#8221;Gallery&#8221; _builder_version=&#8221;4.9.4&#8243; background_enable_color=&#8221;off&#8221; background_size=&#8221;initial&#8221; background_position=&#8221;bottom_left&#8221;][et_pb_row column_structure=&#8221;2_5,3_5&#8243; make_equal=&#8221;on&#8221; _builder_version=&#8221;4.9.4&#8243; _module_preset=&#8221;default&#8221; max_width=&#8221;1160px&#8221;][et_pb_column type=&#8221;2_5&#8243; _builder_version=&#8221;4.9.4&#8243; _module_preset=&#8221;default&#8221; background_image=&#8221;https:\/\/convenzioni.cralnetwork.it\/simguardiadifinanza\/wp-content\/uploads\/sites\/7\/2023\/05\/IMG_20200918_164921-scaled.jpg&#8221;][\/et_pb_column][et_pb_column type=&#8221;3_5&#8243; _builder_version=&#8221;4.9.4&#8243; _module_preset=&#8221;default&#8221;][et_pb_image src=&#8221;https:\/\/convenzioni.cralnetwork.it\/simguardiadifinanza\/wp-content\/uploads\/sites\/7\/2023\/05\/IMG_20200918_164921-scaled.jpg&#8221; title_text=&#8221;dav&#8221; disabled_on=&#8221;off|off|on&#8221; _builder_version=&#8221;4.9.4&#8243; _module_preset=&#8221;default&#8221;][\/et_pb_image][et_pb_text admin_label=&#8221;Titolo Contatti&#8221; _builder_version=&#8221;4.9.4&#8243; text_font=&#8221;||||||||&#8221; text_font_size=&#8221;16px&#8221; text_line_height=&#8221;2em&#8221; header_font=&#8221;||||||||&#8221; header_2_font=&#8221;Source Sans Pro|700|||||||&#8221; header_2_font_size=&#8221;60px&#8221; header_2_line_height=&#8221;1.2em&#8221; header_4_font=&#8221;Poppins|300|||||||&#8221; header_4_text_color=&#8221;#75bb9c&#8221; header_4_font_size=&#8221;33px&#8221; max_width=&#8221;600px&#8221; header_2_font_size_tablet=&#8221;50px&#8221; header_2_font_size_phone=&#8221;32px&#8221; header_2_font_size_last_edited=&#8221;on|desktop&#8221;]<\/p>\n<h4>Contatti<\/h4>\n<p>[\/et_pb_text][et_pb_code admin_label=&#8221;dati aziendali&#8221; module_class=&#8221;contatti-auto&#8221; _builder_version=&#8221;4.9.4&#8243; _module_preset=&#8221;default&#8221; custom_margin=&#8221;-60px||0px||false|false&#8221; custom_padding=&#8221;0px||0px||false|false&#8221;]<\/p>\n<div style=\"font-family: Poppins, sans-serif; font-size: 15px; font-weight: 400; line-height: 25px\"><!-- [et_pb_line_break_holder] -->  <br \/><p><strong>Indirizzo:<\/strong> Subborgo Federico Comandini, 1B, 47521 Cesena FC, Italia <br>\n<strong>Telefono:<\/strong> +39 391 772 1061 <br><strong>Sito web:<\/strong> <a href=\"http:\/\/www.progettocasa.cloud\">www.progettocasa.cloud<\/a> <br> \n<strong>Mail:<\/strong> <a href=\"mailto:\"><\/a> \n<\/p><br \/><!-- [et_pb_line_break_holder] --><\/div>\n<p>[\/et_pb_code][et_pb_social_media_follow use_icon_font_size=&#8221;on&#8221; icon_font_size=&#8221;14px&#8221; _builder_version=&#8221;4.9.4&#8243; _module_preset=&#8221;default&#8221; custom_margin=&#8221;-20px||||false|false&#8221; custom_padding=&#8221;0px||||false|false&#8221; border_radii=&#8221;on|25px|25px|25px|25px&#8221;][et_pb_social_media_follow_network social_network=&#8221;facebook&#8221; url=&#8221;https:\/\/www.facebook.com\/ProgettoCasaCesena\/&#8221; _builder_version=&#8221;4.9.4&#8243; _module_preset=&#8221;default&#8221; background_color=&#8221;#75bb9c&#8221; background_enable_color=&#8221;on&#8221; follow_button=&#8221;off&#8221; url_new_window=&#8221;on&#8221;]facebook[\/et_pb_social_media_follow_network][\/et_pb_social_media_follow][et_pb_text admin_label=&#8221;Titolo Contatti&#8221; _builder_version=&#8221;4.9.4&#8243; text_font=&#8221;||||||||&#8221; text_font_size=&#8221;16px&#8221; text_line_height=&#8221;2em&#8221; header_font=&#8221;||||||||&#8221; header_2_font=&#8221;Source Sans Pro|700|||||||&#8221; header_2_font_size=&#8221;60px&#8221; header_2_line_height=&#8221;1.2em&#8221; header_4_font=&#8221;Poppins|300|||||||&#8221; header_4_text_color=&#8221;#75bb9c&#8221; header_4_font_size=&#8221;33px&#8221; max_width=&#8221;600px&#8221; custom_margin=&#8221;-20px||||false|false&#8221; header_2_font_size_tablet=&#8221;50px&#8221; header_2_font_size_phone=&#8221;32px&#8221; header_2_font_size_last_edited=&#8221;on|desktop&#8221;]<\/p>\n<h4>Orari<\/h4>\n<p>[\/et_pb_text][et_pb_code admin_label=&#8221;dati aziendali&#8221; module_class=&#8221;contatti-auto&#8221; _builder_version=&#8221;4.9.4&#8243; _module_preset=&#8221;default&#8221; custom_margin=&#8221;-36px||0px||false|false&#8221; custom_padding=&#8221;0px||0px||false|false&#8221;]<\/p>\n<div style=\"font-family: Poppins, sans-serif; font-size: 15px; font-weight: 400; line-height: 25px\"><!-- [et_pb_line_break_holder] --><strong>Luned\u00ec &#8211; Venerd\u00ec:<\/strong> 9.00 &#8211; 13.00 \/ 15.00 &#8211; 19.30<!\u2013- [et_pb_br_holder] -\u2013><!-- [et_pb_line_break_holder] -->  <strong>Sabato:<\/strong> 9.00 &#8211; 12.30<!-- [et_pb_line_break_holder] --><\/div>\n<p>[\/et_pb_code][et_pb_code admin_label=&#8221;mappa singola&#8221; _builder_version=&#8221;4.9.4&#8243; _module_preset=&#8221;default&#8221; custom_margin=&#8221;50px||||false|false&#8221; custom_padding=&#8221;||||false|false&#8221;]<div id=\"gmw-single-location-wrapper-378\" class=\"gmw-element-wrapper gmw-single-location-wrapper gmw-sl-wrapper gmw-sl-single-post-wrapper post \" object_type=\"post\" object_id=\"33633\"  style=\"width:100%\"><div class=\"gmw-sl-map-wrapper gmw-sl-element\"><div id=\"gmw-map-wrapper-378\" class=\"gmw-map-wrapper  sl single_location \" style=\"width:100%;height:300px;\"> <span id=\"gmw-resize-map-toggle-378\" class=\"gmw-resize-map-toggle gmw-icon-resize-full\" style=\"display:none;\" title=\"Resize map\"><\/span> <div id=\"gmw-map-loader-378\" class=\"gmw-map-loader\"><\/div> <div id=\"gmw-map-378\" class=\"gmw-map sl single_location\" style=\"width:100%; height:100%\" data-map_id=\"378\" data-prefix=\"sl\" data-map_type=\"single_location\" data-icons_usage=\"global\"><\/div> <\/div><\/div><\/div>[\/et_pb_code][\/et_pb_column][\/et_pb_row][\/et_pb_section]<\/p>\n","protected":false},"excerpt":{"rendered":"<div style=\"font-family: Poppins, sans-serif; font-size: 15px; text-align: justify; line-height: 25px; font-weight: 300;\">Sono <strong>Sara Ranieri<\/strong> una giovane e professionale agente immobiliare in attivit\u00e0 dal 2015. In questi anni ho costruito il mio mestiere, dopo gli studi come ragioniera.<br \/>\nAvendo un innato interesse per l\u2019architettura, ho potuto cos\u00ec coniugare lavoro e passione.<br \/>\nHo maturato la capacit\u00e0 di gestire in autonomia le trattative e portare a conclusione i contratti. Il mio motto \u00e8 \u201cla pazienza \u00e8 la virt\u00f9 dei forti\u201d che in questo mestiere \u00e8 fondamentale, insieme alla capacit\u00e0 di ascoltare e capire le esigenze del cliente, per meglio poter soddisfare i suoi bisogni e aiutarlo a realizzare i suoi progetti.<\/p>\n<p>Oggi sono titolare di <strong>Progetto Casa<\/strong> agenzia immobiliare nata nel 2020 a Cesena che si occupa di <strong>compravendita d\u2019immobili, locazione e valutazioni<\/strong>.<\/div>\n","protected":false},"featured_media":33653,"comment_status":"open","ping_status":"closed","template":"","meta":{"_acf_changed":false,"_et_pb_use_builder":"on","_et_pb_old_content":"","_et_gb_content_width":""},"product_brand":[],"product_cat":[459,403],"product_tag":[1022,1023,1387,2304,3040,5989,5990,5991],"class_list":{"0":"post-33633","1":"product","2":"type-product","3":"status-publish","4":"has-post-thumbnail","6":"product_cat-agenzie-immobiliari","7":"product_cat-casa","8":"product_tag-agenti-immobiliari","9":"product_tag-agenzia-immobiliare","10":"product_tag-casa","11":"product_tag-compravendita-immobili","12":"product_tag-locazioni","13":"product_tag-tari","14":"product_tag-valutazioni-immobili","15":"product_tag-voltura-utenze","17":"first","18":"instock","19":"shipping-taxable","20":"product-type-simple"},"acf":[],"yoast_head":"<!-- This site is optimized with the Yoast SEO plugin v26.4 - https:\/\/yoast.com\/wordpress\/plugins\/seo\/ -->\n<title>Progetto Casa - SIM Guardia di Finanza<\/title>\n<meta name=\"robots\" content=\"index, follow, max-snippet:-1, max-image-preview:large, max-video-preview:-1\" \/>\n<link rel=\"canonical\" href=\"https:\/\/convenzioni.cralnetwork.it\/simguardiadifinanza\/prodotto\/progetto-casa\/\" \/>\n<meta property=\"og:locale\" content=\"it_IT\" \/>\n<meta property=\"og:type\" content=\"article\" \/>\n<meta property=\"og:title\" content=\"Progetto Casa - SIM Guardia di Finanza\" \/>\n<meta property=\"og:description\" content=\"Sono Sara Ranieri una giovane e professionale agente immobiliare in attivit\u00e0 dal 2015. In questi anni ho costruito il mio mestiere, dopo gli studi come ragioniera. Avendo un innato interesse per l\u2019architettura, ho potuto cos\u00ec coniugare lavoro e passione. Ho maturato la capacit\u00e0 di gestire in autonomia le trattative e portare a conclusione i contratti. Il mio motto \u00e8 \u201cla pazienza \u00e8 la virt\u00f9 dei forti\u201d che in questo mestiere \u00e8 fondamentale, insieme alla capacit\u00e0 di ascoltare e capire le esigenze del cliente, per meglio poter soddisfare i suoi bisogni e aiutarlo a realizzare i suoi progetti.  Oggi sono titolare di Progetto Casa agenzia immobiliare nata nel 2020 a Cesena che si occupa di compravendita d\u2019immobili, locazione e valutazioni.\" \/>\n<meta property=\"og:url\" content=\"https:\/\/convenzioni.cralnetwork.it\/simguardiadifinanza\/prodotto\/progetto-casa\/\" \/>\n<meta property=\"og:site_name\" content=\"SIM Guardia di Finanza\" \/>\n<meta property=\"article:modified_time\" content=\"2023-05-08T15:56:34+00:00\" \/>\n<meta property=\"og:image\" content=\"https:\/\/convenzioni.cralnetwork.it\/simguardiadifinanza\/wp-content\/uploads\/sites\/7\/2023\/05\/Base-Logo-Progetto-Casa-Sara-Ranieri.jpg\" \/>\n\t<meta property=\"og:image:width\" content=\"300\" \/>\n\t<meta property=\"og:image:height\" content=\"300\" \/>\n\t<meta property=\"og:image:type\" content=\"image\/jpeg\" \/>\n<meta name=\"twitter:card\" content=\"summary_large_image\" \/>\n<meta name=\"twitter:label1\" content=\"Tempo di lettura stimato\" \/>\n\t<meta name=\"twitter:data1\" content=\"2 minuti\" \/>\n<script type=\"application\/ld+json\" class=\"yoast-schema-graph\">{\"@context\":\"https:\/\/schema.org\",\"@graph\":[{\"@type\":\"WebPage\",\"@id\":\"https:\/\/convenzioni.cralnetwork.it\/simguardiadifinanza\/prodotto\/progetto-casa\/\",\"url\":\"https:\/\/convenzioni.cralnetwork.it\/simguardiadifinanza\/prodotto\/progetto-casa\/\",\"name\":\"Progetto Casa - SIM Guardia di Finanza\",\"isPartOf\":{\"@id\":\"https:\/\/convenzioni.cralnetwork.it\/simguardiadifinanza\/#website\"},\"primaryImageOfPage\":{\"@id\":\"https:\/\/convenzioni.cralnetwork.it\/simguardiadifinanza\/prodotto\/progetto-casa\/#primaryimage\"},\"image\":{\"@id\":\"https:\/\/convenzioni.cralnetwork.it\/simguardiadifinanza\/prodotto\/progetto-casa\/#primaryimage\"},\"thumbnailUrl\":\"https:\/\/convenzioni.cralnetwork.it\/simguardiadifinanza\/wp-content\/uploads\/sites\/7\/2023\/05\/Base-Logo-Progetto-Casa-Sara-Ranieri.jpg\",\"datePublished\":\"2023-05-08T14:12:53+00:00\",\"dateModified\":\"2023-05-08T15:56:34+00:00\",\"breadcrumb\":{\"@id\":\"https:\/\/convenzioni.cralnetwork.it\/simguardiadifinanza\/prodotto\/progetto-casa\/#breadcrumb\"},\"inLanguage\":\"it-IT\",\"potentialAction\":[{\"@type\":\"ReadAction\",\"target\":[\"https:\/\/convenzioni.cralnetwork.it\/simguardiadifinanza\/prodotto\/progetto-casa\/\"]}]},{\"@type\":\"ImageObject\",\"inLanguage\":\"it-IT\",\"@id\":\"https:\/\/convenzioni.cralnetwork.it\/simguardiadifinanza\/prodotto\/progetto-casa\/#primaryimage\",\"url\":\"https:\/\/convenzioni.cralnetwork.it\/simguardiadifinanza\/wp-content\/uploads\/sites\/7\/2023\/05\/Base-Logo-Progetto-Casa-Sara-Ranieri.jpg\",\"contentUrl\":\"https:\/\/convenzioni.cralnetwork.it\/simguardiadifinanza\/wp-content\/uploads\/sites\/7\/2023\/05\/Base-Logo-Progetto-Casa-Sara-Ranieri.jpg\",\"width\":300,\"height\":300},{\"@type\":\"BreadcrumbList\",\"@id\":\"https:\/\/convenzioni.cralnetwork.it\/simguardiadifinanza\/prodotto\/progetto-casa\/#breadcrumb\",\"itemListElement\":[{\"@type\":\"ListItem\",\"position\":1,\"name\":\"Home\",\"item\":\"https:\/\/convenzioni.cralnetwork.it\/simguardiadifinanza\/\"},{\"@type\":\"ListItem\",\"position\":2,\"name\":\"Shop\",\"item\":\"https:\/\/convenzioni.cralnetwork.it\/simguardiadifinanza\/negozio\/\"},{\"@type\":\"ListItem\",\"position\":3,\"name\":\"Progetto Casa\"}]},{\"@type\":\"WebSite\",\"@id\":\"https:\/\/convenzioni.cralnetwork.it\/simguardiadifinanza\/#website\",\"url\":\"https:\/\/convenzioni.cralnetwork.it\/simguardiadifinanza\/\",\"name\":\"SIM Guardia di Finanza\",\"description\":\"Area Convenzioni\",\"potentialAction\":[{\"@type\":\"SearchAction\",\"target\":{\"@type\":\"EntryPoint\",\"urlTemplate\":\"https:\/\/convenzioni.cralnetwork.it\/simguardiadifinanza\/?s={search_term_string}\"},\"query-input\":{\"@type\":\"PropertyValueSpecification\",\"valueRequired\":true,\"valueName\":\"search_term_string\"}}],\"inLanguage\":\"it-IT\"}]}<\/script>\n<!-- \/ Yoast SEO plugin. -->","yoast_head_json":{"title":"Progetto Casa - SIM Guardia di Finanza","robots":{"index":"index","follow":"follow","max-snippet":"max-snippet:-1","max-image-preview":"max-image-preview:large","max-video-preview":"max-video-preview:-1"},"canonical":"https:\/\/convenzioni.cralnetwork.it\/simguardiadifinanza\/prodotto\/progetto-casa\/","og_locale":"it_IT","og_type":"article","og_title":"Progetto Casa - SIM Guardia di Finanza","og_description":"Sono Sara Ranieri una giovane e professionale agente immobiliare in attivit\u00e0 dal 2015. In questi anni ho costruito il mio mestiere, dopo gli studi come ragioniera. Avendo un innato interesse per l\u2019architettura, ho potuto cos\u00ec coniugare lavoro e passione. Ho maturato la capacit\u00e0 di gestire in autonomia le trattative e portare a conclusione i contratti. Il mio motto \u00e8 \u201cla pazienza \u00e8 la virt\u00f9 dei forti\u201d che in questo mestiere \u00e8 fondamentale, insieme alla capacit\u00e0 di ascoltare e capire le esigenze del cliente, per meglio poter soddisfare i suoi bisogni e aiutarlo a realizzare i suoi progetti.  Oggi sono titolare di Progetto Casa agenzia immobiliare nata nel 2020 a Cesena che si occupa di compravendita d\u2019immobili, locazione e valutazioni.","og_url":"https:\/\/convenzioni.cralnetwork.it\/simguardiadifinanza\/prodotto\/progetto-casa\/","og_site_name":"SIM Guardia di Finanza","article_modified_time":"2023-05-08T15:56:34+00:00","og_image":[{"width":300,"height":300,"url":"https:\/\/convenzioni.cralnetwork.it\/simguardiadifinanza\/wp-content\/uploads\/sites\/7\/2023\/05\/Base-Logo-Progetto-Casa-Sara-Ranieri.jpg","type":"image\/jpeg"}],"twitter_card":"summary_large_image","twitter_misc":{"Tempo di lettura stimato":"2 minuti"},"schema":{"@context":"https:\/\/schema.org","@graph":[{"@type":"WebPage","@id":"https:\/\/convenzioni.cralnetwork.it\/simguardiadifinanza\/prodotto\/progetto-casa\/","url":"https:\/\/convenzioni.cralnetwork.it\/simguardiadifinanza\/prodotto\/progetto-casa\/","name":"Progetto Casa - SIM Guardia di Finanza","isPartOf":{"@id":"https:\/\/convenzioni.cralnetwork.it\/simguardiadifinanza\/#website"},"primaryImageOfPage":{"@id":"https:\/\/convenzioni.cralnetwork.it\/simguardiadifinanza\/prodotto\/progetto-casa\/#primaryimage"},"image":{"@id":"https:\/\/convenzioni.cralnetwork.it\/simguardiadifinanza\/prodotto\/progetto-casa\/#primaryimage"},"thumbnailUrl":"https:\/\/convenzioni.cralnetwork.it\/simguardiadifinanza\/wp-content\/uploads\/sites\/7\/2023\/05\/Base-Logo-Progetto-Casa-Sara-Ranieri.jpg","datePublished":"2023-05-08T14:12:53+00:00","dateModified":"2023-05-08T15:56:34+00:00","breadcrumb":{"@id":"https:\/\/convenzioni.cralnetwork.it\/simguardiadifinanza\/prodotto\/progetto-casa\/#breadcrumb"},"inLanguage":"it-IT","potentialAction":[{"@type":"ReadAction","target":["https:\/\/convenzioni.cralnetwork.it\/simguardiadifinanza\/prodotto\/progetto-casa\/"]}]},{"@type":"ImageObject","inLanguage":"it-IT","@id":"https:\/\/convenzioni.cralnetwork.it\/simguardiadifinanza\/prodotto\/progetto-casa\/#primaryimage","url":"https:\/\/convenzioni.cralnetwork.it\/simguardiadifinanza\/wp-content\/uploads\/sites\/7\/2023\/05\/Base-Logo-Progetto-Casa-Sara-Ranieri.jpg","contentUrl":"https:\/\/convenzioni.cralnetwork.it\/simguardiadifinanza\/wp-content\/uploads\/sites\/7\/2023\/05\/Base-Logo-Progetto-Casa-Sara-Ranieri.jpg","width":300,"height":300},{"@type":"BreadcrumbList","@id":"https:\/\/convenzioni.cralnetwork.it\/simguardiadifinanza\/prodotto\/progetto-casa\/#breadcrumb","itemListElement":[{"@type":"ListItem","position":1,"name":"Home","item":"https:\/\/convenzioni.cralnetwork.it\/simguardiadifinanza\/"},{"@type":"ListItem","position":2,"name":"Shop","item":"https:\/\/convenzioni.cralnetwork.it\/simguardiadifinanza\/negozio\/"},{"@type":"ListItem","position":3,"name":"Progetto Casa"}]},{"@type":"WebSite","@id":"https:\/\/convenzioni.cralnetwork.it\/simguardiadifinanza\/#website","url":"https:\/\/convenzioni.cralnetwork.it\/simguardiadifinanza\/","name":"SIM Guardia di Finanza","description":"Area Convenzioni","potentialAction":[{"@type":"SearchAction","target":{"@type":"EntryPoint","urlTemplate":"https:\/\/convenzioni.cralnetwork.it\/simguardiadifinanza\/?s={search_term_string}"},"query-input":{"@type":"PropertyValueSpecification","valueRequired":true,"valueName":"search_term_string"}}],"inLanguage":"it-IT"}]}},"publishpress_future_workflow_manual_trigger":{"enabledWorkflows":[]},"_links":{"self":[{"href":"https:\/\/convenzioni.cralnetwork.it\/simguardiadifinanza\/wp-json\/wp\/v2\/product\/33633","targetHints":{"allow":["GET"]}}],"collection":[{"href":"https:\/\/convenzioni.cralnetwork.it\/simguardiadifinanza\/wp-json\/wp\/v2\/product"}],"about":[{"href":"https:\/\/convenzioni.cralnetwork.it\/simguardiadifinanza\/wp-json\/wp\/v2\/types\/product"}],"replies":[{"embeddable":true,"href":"https:\/\/convenzioni.cralnetwork.it\/simguardiadifinanza\/wp-json\/wp\/v2\/comments?post=33633"}],"version-history":[{"count":0,"href":"https:\/\/convenzioni.cralnetwork.it\/simguardiadifinanza\/wp-json\/wp\/v2\/product\/33633\/revisions"}],"wp:featuredmedia":[{"embeddable":true,"href":"https:\/\/convenzioni.cralnetwork.it\/simguardiadifinanza\/wp-json\/wp\/v2\/media\/33653"}],"wp:attachment":[{"href":"https:\/\/convenzioni.cralnetwork.it\/simguardiadifinanza\/wp-json\/wp\/v2\/media?parent=33633"}],"wp:term":[{"taxonomy":"product_brand","embeddable":true,"href":"https:\/\/convenzioni.cralnetwork.it\/simguardiadifinanza\/wp-json\/wp\/v2\/product_brand?post=33633"},{"taxonomy":"product_cat","embeddable":true,"href":"https:\/\/convenzioni.cralnetwork.it\/simguardiadifinanza\/wp-json\/wp\/v2\/product_cat?post=33633"},{"taxonomy":"product_tag","embeddable":true,"href":"https:\/\/convenzioni.cralnetwork.it\/simguardiadifinanza\/wp-json\/wp\/v2\/product_tag?post=33633"}],"curies":[{"name":"wp","href":"https:\/\/api.w.org\/{rel}","templated":true}]}}