{"id":81684,"date":"2026-08-31T12:30:03","date_gmt":"2026-08-31T10:30:03","guid":{"rendered":"https:\/\/convenzioni.cralnetwork.it\/pubblicidipendenti\/?post_type=product&#038;p=81684"},"modified":"2026-08-31T15:18:14","modified_gmt":"2026-08-31T13:18:14","slug":"palazzo-manganelli","status":"publish","type":"product","link":"https:\/\/convenzioni.cralnetwork.it\/pubblicidipendenti\/prodotto\/palazzo-manganelli\/","title":{"rendered":"Palazzo Manganelli"},"content":{"rendered":"\t\t<div data-elementor-type=\"wp-post\" data-elementor-id=\"81684\" class=\"elementor elementor-81684\">\n\t\t\t\t<div class=\"elementor-element elementor-element-9d62d64 e-flex e-con-boxed e-con e-parent\" data-id=\"9d62d64\" data-element_type=\"container\" data-settings=\"{&quot;background_background&quot;:&quot;classic&quot;}\">\n\t\t\t\t\t<div class=\"e-con-inner\">\n\t\t<div class=\"elementor-element elementor-element-1b9621c e-con-full e-flex e-con e-child\" data-id=\"1b9621c\" data-element_type=\"container\">\n\t\t\t\t<div class=\"elementor-element elementor-element-63db669 elementor-widget__width-initial elementor-widget elementor-widget-image\" data-id=\"63db669\" data-element_type=\"widget\" data-widget_type=\"image.default\">\n\t\t\t\t<div class=\"elementor-widget-container\">\n\t\t\t\t\t\t\t\t\t\t\t\t\t\t\t<img decoding=\"async\" width=\"135\" height=\"250\" src=\"https:\/\/convenzioni.cralnetwork.it\/pubblicidipendenti\/wp-content\/uploads\/sites\/8\/2026\/08\/fregio.png\" class=\"attachment-full size-full wp-image-81694\" alt=\"\" \/>\t\t\t\t\t\t\t\t\t\t\t\t\t\t\t<\/div>\n\t\t\t\t<\/div>\n\t\t\t\t<div class=\"elementor-element elementor-element-e57db33 elementor-widget elementor-widget-text-editor\" data-id=\"e57db33\" data-element_type=\"widget\" data-widget_type=\"text-editor.default\">\n\t\t\t\t<div class=\"elementor-widget-container\">\n\t\t\t\t\t\t\t\t\tPalazzo Manganelli\t\t\t\t\t\t\t\t<\/div>\n\t\t\t\t<\/div>\n\t\t\t\t<div class=\"elementor-element elementor-element-f6ab5a9 elementor-widget elementor-widget-text-editor\" data-id=\"f6ab5a9\" data-element_type=\"widget\" data-widget_type=\"text-editor.default\">\n\t\t\t\t<div class=\"elementor-widget-container\">\n\t\t\t\t\t\t\t\t\t<p>Ricevimenti\u00a0 \u00a0\u2022\u00a0 \u00a0Banqueting\u00a0 \u00a0\u2022\u00a0 \u00a0Matrimoni<\/p>\t\t\t\t\t\t\t\t<\/div>\n\t\t\t\t<\/div>\n\t\t\t\t<\/div>\n\t\t\t\t\t<\/div>\n\t\t\t\t<\/div>\n\t\t<div class=\"elementor-element elementor-element-e8be98c e-flex e-con-boxed e-con e-parent\" data-id=\"e8be98c\" data-element_type=\"container\" data-settings=\"{&quot;background_background&quot;:&quot;classic&quot;}\">\n\t\t\t\t\t<div class=\"e-con-inner\">\n\t\t<div class=\"elementor-element elementor-element-f85bfbf e-con-full e-flex e-con e-child\" data-id=\"f85bfbf\" data-element_type=\"container\">\n\t\t\t\t<div class=\"elementor-element elementor-element-ad71185 elementor-widget elementor-widget-text-editor\" data-id=\"ad71185\" data-element_type=\"widget\" data-widget_type=\"text-editor.default\">\n\t\t\t\t<div class=\"elementor-widget-container\">\n\t\t\t\t\t\t\t\t\tCenni storici\t\t\t\t\t\t\t\t<\/div>\n\t\t\t\t<\/div>\n\t\t\t\t<div class=\"elementor-element elementor-element-e118a30 elementor-widget elementor-widget-text-editor\" data-id=\"e118a30\" data-element_type=\"widget\" data-widget_type=\"text-editor.default\">\n\t\t\t\t<div class=\"elementor-widget-container\">\n\t\t\t\t\t\t\t\t\t<p>Costruito dalla famiglia Tornabene nel 1400, passato alla famiglia Sigona fu venduto nel 1505 a don Alvaro Patern\u00f2 pretore e senatore di Catania, Ambasciatore alla Regina, al Vicer\u00e9 e ai Parlamenti Riuniti ecc. all\u2019epoca il Palazzo aveva un solo piano e in stile catalano. Danneggiato pesantemente nel terremoto del 1693, fu da don Antonio Patern\u00f2 VI Barone dei Manganelli ricostruito con gli architetti Alonzo Di Benedetto e Felice Palazzotto. I garibaldini nel 1860 saccheggiarono il Palazzo distruggendo il mobilio settecentesco. Il Palazzo fu restaurato e ampliato nella seconda met\u00e0 del ottocento con l\u2019aggiunta del secondo piano (dove oggi vi \u00e8 un ottimo hotel), gli interni furono riccamente ridecorati nello stile dell\u2019epoca secondo nuove concezioni architettoniche, dove lavor\u00f2 il noto pittore catanese Giuseppe Sciuti, il tutto su impulso della principessa Angela Patern\u00f2 di Manganelli Torresi.<\/p><p>Attualmente il Palazzo ha una facciata in puro stile tardo barocco\/rococ\u00f2, splendido risulta essere il giardino pensile, rinomatissimo nella citt\u00e0 di Catania, esteso su due livelli uniti da una romantica scala con due fontane e un ninfeo, che si appoggia su una parte delle antiche mura cittadine oramai demolite. Nel XX secolo dai Patern\u00f2 il Palazzo \u00e8 pervenuto ai Principi Borghese di Roma per il matrimonio di donna Angela Patern\u00f2 VII principessa di Sperlinga dei Manganelli dama di corte della Regina d\u2019Italia Maria Jos\u00e9 di Savoia con don Flavio Principe Borghese XII principe di Sulmona. attualmente \u00e8 di propriet\u00e0 dei discendenti, Principi Borghese che lo utilizzano come dimora.<\/p>\t\t\t\t\t\t\t\t<\/div>\n\t\t\t\t<\/div>\n\t\t\t\t<\/div>\n\t\t<div class=\"elementor-element elementor-element-38fc958 e-con-full e-flex e-con e-child\" data-id=\"38fc958\" data-element_type=\"container\" data-settings=\"{&quot;background_background&quot;:&quot;classic&quot;}\">\n\t\t\t\t<div class=\"elementor-element elementor-element-61daf38 elementor-widget elementor-widget-text-editor\" data-id=\"61daf38\" data-element_type=\"widget\" data-widget_type=\"text-editor.default\">\n\t\t\t\t<div class=\"elementor-widget-container\">\n\t\t\t\t\t\t\t\t\t<p>Contattaci per scoprire Palazzo Manganelli<\/p>\t\t\t\t\t\t\t\t<\/div>\n\t\t\t\t<\/div>\n\t\t\t\t<div class=\"elementor-element elementor-element-e22968f elementor-widget elementor-widget-text-editor\" data-id=\"e22968f\" data-element_type=\"widget\" data-widget_type=\"text-editor.default\">\n\t\t\t\t<div class=\"elementor-widget-container\">\n\t\t\t\t\t\t\t\t\t<p>Per maggiori informazioni, visite, eventi o richieste, non esitare a contattarci.<\/p><p>Ci troviamo in<br \/>Piazza Manganelli, 16 &#8211; 95131 Catania<\/p><p>Chiamaci al <a href=\"tel:+39095313272\">095 313272<\/a>, oppure al <a href=\"tel:+393921398171\">392 1398171<\/a>.<br \/>Scrivici una mail <a href=\"mailto:info@palazzomanganelli.it\">info@palazzomanganelli.it<\/a>.<\/p>\t\t\t\t\t\t\t\t<\/div>\n\t\t\t\t<\/div>\n\t\t\t\t<div class=\"elementor-element elementor-element-9ff333d elementor-widget elementor-widget-text-editor\" data-id=\"9ff333d\" data-element_type=\"widget\" data-widget_type=\"text-editor.default\">\n\t\t\t\t<div class=\"elementor-widget-container\">\n\t\t\t\t\t\t\t\t\t<p><a href=\"https:\/\/www.palazzomanganelli.it\/\">www.palazzomanganelli.it<\/a><\/p>\t\t\t\t\t\t\t\t<\/div>\n\t\t\t\t<\/div>\n\t\t\t\t<div class=\"elementor-element elementor-element-9e9b05a elementor-widget-divider--view-line elementor-widget elementor-widget-divider\" data-id=\"9e9b05a\" data-element_type=\"widget\" data-widget_type=\"divider.default\">\n\t\t\t\t<div class=\"elementor-widget-container\">\n\t\t\t\t\t\t\t<div class=\"elementor-divider\">\n\t\t\t<span class=\"elementor-divider-separator\">\n\t\t\t\t\t\t<\/span>\n\t\t<\/div>\n\t\t\t\t\t\t<\/div>\n\t\t\t\t<\/div>\n\t\t\t\t<div class=\"elementor-element elementor-element-b8b71de elementor-widget elementor-widget-text-editor\" data-id=\"b8b71de\" data-element_type=\"widget\" data-widget_type=\"text-editor.default\">\n\t\t\t\t<div class=\"elementor-widget-container\">\n\t\t\t\t\t\t\t\t\t<p>Agevolazioni riservate agli associati<\/p>\t\t\t\t\t\t\t\t<\/div>\n\t\t\t\t<\/div>\n\t\t\t\t<\/div>\n\t\t<div class=\"elementor-element elementor-element-57c2003 e-con-full e-flex e-con e-child\" data-id=\"57c2003\" data-element_type=\"container\" data-settings=\"{&quot;background_background&quot;:&quot;slideshow&quot;,&quot;background_slideshow_gallery&quot;:[{&quot;id&quot;:81695,&quot;url&quot;:&quot;https:\\\/\\\/convenzioni.cralnetwork.it\\\/pubblicidipendenti\\\/wp-content\\\/uploads\\\/sites\\\/8\\\/2026\\\/08\\\/manganelli-01.jpg&quot;},{&quot;id&quot;:81693,&quot;url&quot;:&quot;https:\\\/\\\/convenzioni.cralnetwork.it\\\/pubblicidipendenti\\\/wp-content\\\/uploads\\\/sites\\\/8\\\/2026\\\/08\\\/manganelli-16.jpg&quot;},{&quot;id&quot;:81691,&quot;url&quot;:&quot;https:\\\/\\\/convenzioni.cralnetwork.it\\\/pubblicidipendenti\\\/wp-content\\\/uploads\\\/sites\\\/8\\\/2026\\\/08\\\/manganelli-09.jpg&quot;},{&quot;id&quot;:81692,&quot;url&quot;:&quot;https:\\\/\\\/convenzioni.cralnetwork.it\\\/pubblicidipendenti\\\/wp-content\\\/uploads\\\/sites\\\/8\\\/2026\\\/08\\\/manganelli-15.jpg&quot;},{&quot;id&quot;:81696,&quot;url&quot;:&quot;https:\\\/\\\/convenzioni.cralnetwork.it\\\/pubblicidipendenti\\\/wp-content\\\/uploads\\\/sites\\\/8\\\/2026\\\/08\\\/manganelli-02.jpg&quot;},{&quot;id&quot;:81689,&quot;url&quot;:&quot;https:\\\/\\\/convenzioni.cralnetwork.it\\\/pubblicidipendenti\\\/wp-content\\\/uploads\\\/sites\\\/8\\\/2026\\\/08\\\/manganelli-04.jpg&quot;},{&quot;id&quot;:81690,&quot;url&quot;:&quot;https:\\\/\\\/convenzioni.cralnetwork.it\\\/pubblicidipendenti\\\/wp-content\\\/uploads\\\/sites\\\/8\\\/2026\\\/08\\\/manganelli-08.jpg&quot;}],&quot;background_slideshow_slide_duration&quot;:2000,&quot;background_slideshow_transition_duration&quot;:200,&quot;background_slideshow_ken_burns&quot;:&quot;yes&quot;,&quot;background_slideshow_loop&quot;:&quot;yes&quot;,&quot;background_slideshow_slide_transition&quot;:&quot;fade&quot;,&quot;background_slideshow_ken_burns_zoom_direction&quot;:&quot;in&quot;}\">\n\t\t\t\t<div class=\"elementor-element elementor-element-445859c elementor-widget elementor-widget-spacer\" data-id=\"445859c\" data-element_type=\"widget\" data-widget_type=\"spacer.default\">\n\t\t\t\t<div class=\"elementor-widget-container\">\n\t\t\t\t\t\t\t<div class=\"elementor-spacer\">\n\t\t\t<div class=\"elementor-spacer-inner\"><\/div>\n\t\t<\/div>\n\t\t\t\t\t\t<\/div>\n\t\t\t\t<\/div>\n\t\t\t\t<\/div>\n\t\t\t\t\t<\/div>\n\t\t\t\t<\/div>\n\t\t<div class=\"elementor-element elementor-element-589536a e-con-full e-flex e-con e-parent\" data-id=\"589536a\" data-element_type=\"container\">\n\t\t\t\t<div class=\"elementor-element elementor-element-afe72d3 elementor-widget__width-inherit elementor-widget elementor-widget-text-editor\" data-id=\"afe72d3\" data-element_type=\"widget\" data-widget_type=\"text-editor.default\">\n\t\t\t\t<div class=\"elementor-widget-container\">\n\t\t\t\t\t\t\t\t\t<p><div id=\"gmw-single-location-wrapper-492\" class=\"gmw-element-wrapper gmw-single-location-wrapper gmw-sl-wrapper gmw-sl-single-post-wrapper post \" object_type=\"post\" object_id=\"81684\"  style=\"width:100%\"><div class=\"gmw-sl-map-wrapper gmw-sl-element\"><div id=\"gmw-map-wrapper-492\" class=\"gmw-map-wrapper  sl single_location \" style=\"width:100%;height:600px;\"> <span id=\"gmw-resize-map-toggle-492\" class=\"gmw-resize-map-toggle gmw-icon-resize-full\" style=\"display:none;\" title=\"Resize map\"><\/span> <div id=\"gmw-map-loader-492\" class=\"gmw-map-loader\"><\/div> <div id=\"gmw-map-492\" class=\"gmw-map sl single_location\" style=\"width:100%; height:100%\" data-map_id=\"492\" data-prefix=\"sl\" data-map_type=\"single_location\" data-icons_usage=\"global\"><\/div> <\/div><\/div><\/div><\/p>\t\t\t\t\t\t\t\t<\/div>\n\t\t\t\t<\/div>\n\t\t\t\t<\/div>\n\t\t<div class=\"elementor-element elementor-element-0ab600f elementor-hidden-desktop elementor-hidden-tablet elementor-hidden-mobile e-flex e-con-boxed e-con e-parent\" data-id=\"0ab600f\" data-element_type=\"container\">\n\t\t\t\t\t<div class=\"e-con-inner\">\n\t\t\t\t<div class=\"elementor-element elementor-element-cf307ca elementor-widget elementor-widget-text-editor\" data-id=\"cf307ca\" data-element_type=\"widget\" data-widget_type=\"text-editor.default\">\n\t\t\t\t<div class=\"elementor-widget-container\">\n\t\t\t\t\t\t\t\t\t<p>&lt;div style= &#8220;display: none&#8221;&gt;<\/p><p>PALAZZO MANGANELLI<br \/>CENNI STORICI<br \/>Costruito dalla famiglia Tornabene nel 1400, passato alla famiglia Sigona fu venduto nel 1505 a don Alvaro Patern\u00f2 pretore e senatore di Catania, Ambasciatore alla Regina, al Vicer\u00e9 e ai Parlamenti Riuniti ecc. all\u2019epoca il Palazzo aveva un solo piano e in stile catalano. Danneggiato pesantemente nel terremoto del 1693, fu da don Antonio Patern\u00f2 VI Barone dei Manganelli ricostruito con gli architetti Alonzo Di Benedetto e Felice Palazzotto. I garibaldini nel 1860 saccheggiarono il Palazzo distruggendo il mobilio settecentesco. Il Palazzo fu restaurato e ampliato nella seconda met\u00e0 del ottocento con l\u2019aggiunta del secondo piano (dove oggi vi \u00e8 un ottimo hotel), gli interni furono riccamente ridecorati nello stile dell\u2019epoca secondo nuove concezioni architettoniche, dove lavor\u00f2 il noto pittore catanese Giuseppe Sciuti, il tutto su impulso della principessa Angela Patern\u00f2 di Manganelli Torresi.<br \/>Attualmente il Palazzo ha una facciata in puro stile tardo barocco\/rococ\u00f2, splendido risulta essere il giardino pensile, rinomatissimo nella citt\u00e0 di Catania, esteso su due livelli uniti da una romantica scala con due fontane e un ninfeo, che si appoggia su una parte delle antiche mura cittadine oramai demolite. Nel XX secolo dai Patern\u00f2 il Palazzo \u00e8 pervenuto ai Principi Borghese di Roma per il matrimonio di donna Angela Patern\u00f2 VII principessa di Sperlinga dei Manganelli dama di corte della Regina d\u2019Italia Maria Jos\u00e9 di Savoia con don Flavio Principe Borghese XII principe di Sulmona. attualmente \u00e8 di propriet\u00e0 dei discendenti, Principi Borghese che lo utilizzano come dimora.<\/p><p><br \/>location eventi, location per eventi, eventi catania, eventi sicilia, location storica, palazzo storico, dimora storica, location di lusso, location esclusiva, location elegante, location matrimonio, matrimonio catania, wedding venue, wedding catania, ricevimenti, ricevimento matrimonio, cerimonie, eventi privati, eventi aziendali, meeting, gala, cocktail party, feste private, eventi di lusso, giardino pensile, giardino storico, giardino per eventi, terrazza, architettura barocca, rococ\u00f2, barocco siciliano, centro storico catania, location suggestiva, location romantica, location prestigiosa, eventi culturali, shooting fotografici, servizi fotografici, eventi corporate, convention, inaugurazioni, catania centro, sicilia orientale, venue catania, luxury venue, historic venue, exclusive venue<\/p><p>location eventi Sicilia, location eventi Catania, location per eventi Sicilia, location per eventi Catania, eventi catania Sicilia, eventi catania Catania, eventi sicilia Sicilia, eventi sicilia Catania, location storica Sicilia, location storica Catania, palazzo storico Sicilia, palazzo storico Catania, dimora storica Sicilia, dimora storica Catania, location di lusso Sicilia, location di lusso Catania, location esclusiva Sicilia, location esclusiva Catania, location elegante Sicilia, location elegante Catania, location matrimonio Sicilia, location matrimonio Catania, matrimonio catania Sicilia, matrimonio catania Catania, wedding venue Sicilia, wedding venue Catania, wedding catania Sicilia, wedding catania Catania, ricevimenti Sicilia, ricevimenti Catania, ricevimento matrimonio Sicilia, ricevimento matrimonio Catania, cerimonie Sicilia, cerimonie Catania, eventi privati Sicilia, eventi privati Catania, eventi aziendali Sicilia, eventi aziendali Catania, meeting Sicilia, meeting Catania, gala Sicilia, gala Catania, cocktail party Sicilia, cocktail party Catania, feste private Sicilia, feste private Catania, eventi di lusso Sicilia, eventi di lusso Catania, giardino pensile Sicilia, giardino pensile Catania, giardino storico Sicilia, giardino storico Catania, giardino per eventi Sicilia, giardino per eventi Catania, terrazza Sicilia, terrazza Catania, architettura barocca Sicilia, architettura barocca Catania, rococ\u00f2 Sicilia, rococ\u00f2 Catania, barocco siciliano Sicilia, barocco siciliano Catania, centro storico catania Sicilia, centro storico catania Catania, location suggestiva Sicilia, location suggestiva Catania, location romantica Sicilia, location romantica Catania, location prestigiosa Sicilia, location prestigiosa Catania, eventi culturali Sicilia, eventi culturali Catania, shooting fotografici Sicilia, shooting fotografici Catania, servizi fotografici Sicilia, servizi fotografici Catania, eventi corporate Sicilia, eventi corporate Catania, convention Sicilia, convention Catania, inaugurazioni Sicilia, inaugurazioni Catania, catania centro Sicilia, catania centro Catania, sicilia orientale Sicilia, sicilia orientale Catania, venue catania Sicilia, venue catania Catania, luxury venue Sicilia, luxury venue Catania, historic venue Sicilia, historic venue Catania, exclusive venue Sicilia, exclusive venue Catania.<\/p><p>&lt;\/div&gt;<\/p>\t\t\t\t\t\t\t\t<\/div>\n\t\t\t\t<\/div>\n\t\t\t\t\t<\/div>\n\t\t\t\t<\/div>\n\t\t\t\t<\/div>\n\t\t","protected":false},"excerpt":{"rendered":"<div style=\"display: none;\">\n<p>PALAZZO MANGANELLI<br \/>\nCENNI STORICI<br \/>\nCostruito dalla famiglia Tornabene nel 1400, passato alla famiglia Sigona fu venduto nel 1505 a don Alvaro Patern\u00f2 pretore e senatore di Catania, Ambasciatore alla Regina, al Vicer\u00e9 e ai Parlamenti Riuniti ecc. all\u2019epoca il Palazzo aveva un solo piano e in stile catalano. Danneggiato pesantemente nel terremoto del 1693, fu da don Antonio Patern\u00f2 VI Barone dei Manganelli ricostruito con gli architetti Alonzo Di Benedetto e Felice Palazzotto. I garibaldini nel 1860 saccheggiarono il Palazzo distruggendo il mobilio settecentesco. Il Palazzo fu restaurato e ampliato nella seconda met\u00e0 del ottocento con l\u2019aggiunta del secondo piano (dove oggi vi \u00e8 un ottimo hotel), gli interni furono riccamente ridecorati nello stile dell\u2019epoca secondo nuove concezioni architettoniche, dove lavor\u00f2 il noto pittore catanese Giuseppe Sciuti, il tutto su impulso della principessa Angela Patern\u00f2 di Manganelli Torresi.<br \/>\nAttualmente il Palazzo ha una facciata in puro stile tardo barocco\/rococ\u00f2, splendido risulta essere il giardino pensile, rinomatissimo nella citt\u00e0 di Catania, esteso su due livelli uniti da una romantica scala con due fontane e un ninfeo, che si appoggia su una parte delle antiche mura cittadine oramai demolite. Nel XX secolo dai Patern\u00f2 il Palazzo \u00e8 pervenuto ai Principi Borghese di Roma per il matrimonio di donna Angela Patern\u00f2 VII principessa di Sperlinga dei Manganelli dama di corte della Regina d\u2019Italia Maria Jos\u00e9 di Savoia con don Flavio Principe Borghese XII principe di Sulmona. attualmente \u00e8 di propriet\u00e0 dei discendenti, Principi Borghese che lo utilizzano come dimora.<\/p>\n<p>location eventi, location per eventi, eventi catania, eventi sicilia, location storica, palazzo storico, dimora storica, location di lusso, location esclusiva, location elegante, location matrimonio, matrimonio catania, wedding venue, wedding catania, ricevimenti, ricevimento matrimonio, cerimonie, eventi privati, eventi aziendali, meeting, gala, cocktail party, feste private, eventi di lusso, giardino pensile, giardino storico, giardino per eventi, terrazza, architettura barocca, rococ\u00f2, barocco siciliano, centro storico catania, location suggestiva, location romantica, location prestigiosa, eventi culturali, shooting fotografici, servizi fotografici, eventi corporate, convention, inaugurazioni, catania centro, sicilia orientale, venue catania, luxury venue, historic venue, exclusive venue<\/p>\n<p>location eventi Sicilia, location eventi Catania, location per eventi Sicilia, location per eventi Catania, eventi catania Sicilia, eventi catania Catania, eventi sicilia Sicilia, eventi sicilia Catania, location storica Sicilia, location storica Catania, palazzo storico Sicilia, palazzo storico Catania, dimora storica Sicilia, dimora storica Catania, location di lusso Sicilia, location di lusso Catania, location esclusiva Sicilia, location esclusiva Catania, location elegante Sicilia, location elegante Catania, location matrimonio Sicilia, location matrimonio Catania, matrimonio catania Sicilia, matrimonio catania Catania, wedding venue Sicilia, wedding venue Catania, wedding catania Sicilia, wedding catania Catania, ricevimenti Sicilia, ricevimenti Catania, ricevimento matrimonio Sicilia, ricevimento matrimonio Catania, cerimonie Sicilia, cerimonie Catania, eventi privati Sicilia, eventi privati Catania, eventi aziendali Sicilia, eventi aziendali Catania, meeting Sicilia, meeting Catania, gala Sicilia, gala Catania, cocktail party Sicilia, cocktail party Catania, feste private Sicilia, feste private Catania, eventi di lusso Sicilia, eventi di lusso Catania, giardino pensile Sicilia, giardino pensile Catania, giardino storico Sicilia, giardino storico Catania, giardino per eventi Sicilia, giardino per eventi Catania, terrazza Sicilia, terrazza Catania, architettura barocca Sicilia, architettura barocca Catania, rococ\u00f2 Sicilia, rococ\u00f2 Catania, barocco siciliano Sicilia, barocco siciliano Catania, centro storico catania Sicilia, centro storico catania Catania, location suggestiva Sicilia, location suggestiva Catania, location romantica Sicilia, location romantica Catania, location prestigiosa Sicilia, location prestigiosa Catania, eventi culturali Sicilia, eventi culturali Catania, shooting fotografici Sicilia, shooting fotografici Catania, servizi fotografici Sicilia, servizi fotografici Catania, eventi corporate Sicilia, eventi corporate Catania, convention Sicilia, convention Catania, inaugurazioni Sicilia, inaugurazioni Catania, catania centro Sicilia, catania centro Catania, sicilia orientale Sicilia, sicilia orientale Catania, venue catania Sicilia, venue catania Catania, luxury venue Sicilia, luxury venue Catania, historic venue Sicilia, historic venue Catania, exclusive venue Sicilia, exclusive venue Catania.<\/p>\n<\/div>\n","protected":false},"featured_media":81685,"comment_status":"open","ping_status":"closed","template":"","meta":{"_acf_changed":false,"_et_pb_use_builder":"","_et_pb_old_content":"","_et_gb_content_width":""},"product_brand":[],"product_cat":[4935,80],"product_tag":[26586,26588,26594,26589,3595,26581,7646,18041,4937,26575,26592,11224,26582,8599,9477,26599,10431,26580,26583,26585,26584,26598,26593,21418,26577,18032,4942,10435,3597,26590,24569,21407,21419,26597,26578,2555,26576,3611,18207,26587,15961,26591,26595,26487,26596,26579,18060],"class_list":{"0":"post-81684","1":"product","2":"type-product","3":"status-publish","4":"has-post-thumbnail","6":"product_cat-location-per-eventi","7":"product_cat-servizi","8":"product_tag-architettura-barocca","9":"product_tag-barocco-siciliano","10":"product_tag-catania-centro","11":"product_tag-centro-storico-catania","12":"product_tag-cerimonie","13":"product_tag-cocktail-party","14":"product_tag-convention","15":"product_tag-dimora-storica","16":"product_tag-eventi-aziendali","17":"product_tag-eventi-catania","18":"product_tag-eventi-corporate","19":"product_tag-eventi-culturali","20":"product_tag-eventi-di-lusso","21":"product_tag-eventi-privati","22":"product_tag-eventi-sicilia","23":"product_tag-exclusive-venue","24":"product_tag-feste-private","25":"product_tag-gala","26":"product_tag-giardino-pensile","27":"product_tag-giardino-per-eventi","28":"product_tag-giardino-storico","29":"product_tag-historic-venue","30":"product_tag-inaugurazioni","31":"product_tag-location-di-lusso","32":"product_tag-location-elegante","33":"product_tag-location-esclusiva","34":"product_tag-location-eventi","35":"product_tag-location-matrimonio","36":"product_tag-location-per-eventi","37":"product_tag-location-prestigiosa","38":"product_tag-location-romantica","39":"product_tag-location-storica","40":"product_tag-location-suggestiva","41":"product_tag-luxury-venue","42":"product_tag-matrimonio-catania","43":"product_tag-meeting","44":"product_tag-palazzo-storico","45":"product_tag-ricevimenti","46":"product_tag-ricevimento-matrimonio","47":"product_tag-rococo","48":"product_tag-servizi-fotografici","49":"product_tag-shooting-fotografici","50":"product_tag-sicilia-orientale","51":"product_tag-terrazza","52":"product_tag-venue-catania","53":"product_tag-wedding-catania","54":"product_tag-wedding-venue","56":"first","57":"instock","58":"shipping-taxable","59":"product-type-simple"},"acf":[],"yoast_head":"<!-- This site is optimized with the Yoast SEO plugin v26.4 - https:\/\/yoast.com\/wordpress\/plugins\/seo\/ -->\n<title>Palazzo Manganelli - Pubblici Dipendenti<\/title>\n<meta name=\"robots\" content=\"index, follow, max-snippet:-1, max-image-preview:large, max-video-preview:-1\" \/>\n<link rel=\"canonical\" href=\"https:\/\/convenzioni.cralnetwork.it\/pubblicidipendenti\/prodotto\/palazzo-manganelli\/\" \/>\n<meta property=\"og:locale\" content=\"it_IT\" \/>\n<meta property=\"og:type\" content=\"article\" \/>\n<meta property=\"og:title\" content=\"Palazzo Manganelli - Pubblici Dipendenti\" \/>\n<meta property=\"og:description\" content=\"PALAZZO MANGANELLI CENNI STORICI Costruito dalla famiglia Tornabene nel 1400, passato alla famiglia Sigona fu venduto nel 1505 a don Alvaro Patern\u00f2 pretore e senatore di Catania, Ambasciatore alla Regina, al Vicer\u00e9 e ai Parlamenti Riuniti ecc. all\u2019epoca il Palazzo aveva un solo piano e in stile catalano. Danneggiato pesantemente nel terremoto del 1693, fu da don Antonio Patern\u00f2 VI Barone dei Manganelli ricostruito con gli architetti Alonzo Di Benedetto e Felice Palazzotto. I garibaldini nel 1860 saccheggiarono il Palazzo distruggendo il mobilio settecentesco. Il Palazzo fu restaurato e ampliato nella seconda met\u00e0 del ottocento con l\u2019aggiunta del secondo piano (dove oggi vi \u00e8 un ottimo hotel), gli interni furono riccamente ridecorati nello stile dell\u2019epoca secondo nuove concezioni architettoniche, dove lavor\u00f2 il noto pittore catanese Giuseppe Sciuti, il tutto su impulso della principessa Angela Patern\u00f2 di Manganelli Torresi. Attualmente il Palazzo ha una facciata in puro stile tardo barocco\/rococ\u00f2, splendido risulta essere il giardino pensile, rinomatissimo nella citt\u00e0 di Catania, esteso su due livelli uniti da una romantica scala con due fontane e un ninfeo, che si appoggia su una parte delle antiche mura cittadine oramai demolite. Nel XX secolo dai Patern\u00f2 il Palazzo \u00e8 pervenuto ai Principi Borghese di Roma per il matrimonio di donna Angela Patern\u00f2 VII principessa di Sperlinga dei Manganelli dama di corte della Regina d\u2019Italia Maria Jos\u00e9 di Savoia con don Flavio Principe Borghese XII principe di Sulmona. attualmente \u00e8 di propriet\u00e0 dei discendenti, Principi Borghese che lo utilizzano come dimora.  location eventi, location per eventi, eventi catania, eventi sicilia, location storica, palazzo storico, dimora storica, location di lusso, location esclusiva, location elegante, location matrimonio, matrimonio catania, wedding venue, wedding catania, ricevimenti, ricevimento matrimonio, cerimonie, eventi privati, eventi aziendali, meeting, gala, cocktail party, feste private, eventi di lusso, giardino pensile, giardino storico, giardino per eventi, terrazza, architettura barocca, rococ\u00f2, barocco siciliano, centro storico catania, location suggestiva, location romantica, location prestigiosa, eventi culturali, shooting fotografici, servizi fotografici, eventi corporate, convention, inaugurazioni, catania centro, sicilia orientale, venue catania, luxury venue, historic venue, exclusive venue  location eventi Sicilia, location eventi Catania, location per eventi Sicilia, location per eventi Catania, eventi catania Sicilia, eventi catania Catania, eventi sicilia Sicilia, eventi sicilia Catania, location storica Sicilia, location storica Catania, palazzo storico Sicilia, palazzo storico Catania, dimora storica Sicilia, dimora storica Catania, location di lusso Sicilia, location di lusso Catania, location esclusiva Sicilia, location esclusiva Catania, location elegante Sicilia, location elegante Catania, location matrimonio Sicilia, location matrimonio Catania, matrimonio catania Sicilia, matrimonio catania Catania, wedding venue Sicilia, wedding venue Catania, wedding catania Sicilia, wedding catania Catania, ricevimenti Sicilia, ricevimenti Catania, ricevimento matrimonio Sicilia, ricevimento matrimonio Catania, cerimonie Sicilia, cerimonie Catania, eventi privati Sicilia, eventi privati Catania, eventi aziendali Sicilia, eventi aziendali Catania, meeting Sicilia, meeting Catania, gala Sicilia, gala Catania, cocktail party Sicilia, cocktail party Catania, feste private Sicilia, feste private Catania, eventi di lusso Sicilia, eventi di lusso Catania, giardino pensile Sicilia, giardino pensile Catania, giardino storico Sicilia, giardino storico Catania, giardino per eventi Sicilia, giardino per eventi Catania, terrazza Sicilia, terrazza Catania, architettura barocca Sicilia, architettura barocca Catania, rococ\u00f2 Sicilia, rococ\u00f2 Catania, barocco siciliano Sicilia, barocco siciliano Catania, centro storico catania Sicilia, centro storico catania Catania, location suggestiva Sicilia, location suggestiva Catania, location romantica Sicilia, location romantica Catania, location prestigiosa Sicilia, location prestigiosa Catania, eventi culturali Sicilia, eventi culturali Catania, shooting fotografici Sicilia, shooting fotografici Catania, servizi fotografici Sicilia, servizi fotografici Catania, eventi corporate Sicilia, eventi corporate Catania, convention Sicilia, convention Catania, inaugurazioni Sicilia, inaugurazioni Catania, catania centro Sicilia, catania centro Catania, sicilia orientale Sicilia, sicilia orientale Catania, venue catania Sicilia, venue catania Catania, luxury venue Sicilia, luxury venue Catania, historic venue Sicilia, historic venue Catania, exclusive venue Sicilia, exclusive venue Catania.\" \/>\n<meta property=\"og:url\" content=\"https:\/\/convenzioni.cralnetwork.it\/pubblicidipendenti\/prodotto\/palazzo-manganelli\/\" \/>\n<meta property=\"og:site_name\" content=\"Pubblici Dipendenti\" \/>\n<meta property=\"article:modified_time\" content=\"2026-08-31T13:18:14+00:00\" \/>\n<meta property=\"og:image\" content=\"https:\/\/convenzioni.cralnetwork.it\/pubblicidipendenti\/wp-content\/uploads\/sites\/8\/2026\/08\/logo_Palazzo-Manganelli.png\" \/>\n\t<meta property=\"og:image:width\" content=\"300\" \/>\n\t<meta property=\"og:image:height\" content=\"300\" \/>\n\t<meta property=\"og:image:type\" content=\"image\/png\" \/>\n<meta name=\"twitter:card\" content=\"summary_large_image\" \/>\n<meta name=\"twitter:label1\" content=\"Tempo di lettura stimato\" \/>\n\t<meta name=\"twitter:data1\" content=\"6 minuti\" \/>\n<script type=\"application\/ld+json\" class=\"yoast-schema-graph\">{\"@context\":\"https:\/\/schema.org\",\"@graph\":[{\"@type\":\"WebPage\",\"@id\":\"https:\/\/convenzioni.cralnetwork.it\/pubblicidipendenti\/prodotto\/palazzo-manganelli\/\",\"url\":\"https:\/\/convenzioni.cralnetwork.it\/pubblicidipendenti\/prodotto\/palazzo-manganelli\/\",\"name\":\"Palazzo Manganelli - Pubblici Dipendenti\",\"isPartOf\":{\"@id\":\"https:\/\/convenzioni.cralnetwork.it\/pubblicidipendenti\/#website\"},\"primaryImageOfPage\":{\"@id\":\"https:\/\/convenzioni.cralnetwork.it\/pubblicidipendenti\/prodotto\/palazzo-manganelli\/#primaryimage\"},\"image\":{\"@id\":\"https:\/\/convenzioni.cralnetwork.it\/pubblicidipendenti\/prodotto\/palazzo-manganelli\/#primaryimage\"},\"thumbnailUrl\":\"https:\/\/convenzioni.cralnetwork.it\/pubblicidipendenti\/wp-content\/uploads\/sites\/8\/2026\/08\/logo_Palazzo-Manganelli.png\",\"datePublished\":\"2026-08-31T10:30:03+00:00\",\"dateModified\":\"2026-08-31T13:18:14+00:00\",\"breadcrumb\":{\"@id\":\"https:\/\/convenzioni.cralnetwork.it\/pubblicidipendenti\/prodotto\/palazzo-manganelli\/#breadcrumb\"},\"inLanguage\":\"it-IT\",\"potentialAction\":[{\"@type\":\"ReadAction\",\"target\":[\"https:\/\/convenzioni.cralnetwork.it\/pubblicidipendenti\/prodotto\/palazzo-manganelli\/\"]}]},{\"@type\":\"ImageObject\",\"inLanguage\":\"it-IT\",\"@id\":\"https:\/\/convenzioni.cralnetwork.it\/pubblicidipendenti\/prodotto\/palazzo-manganelli\/#primaryimage\",\"url\":\"https:\/\/convenzioni.cralnetwork.it\/pubblicidipendenti\/wp-content\/uploads\/sites\/8\/2026\/08\/logo_Palazzo-Manganelli.png\",\"contentUrl\":\"https:\/\/convenzioni.cralnetwork.it\/pubblicidipendenti\/wp-content\/uploads\/sites\/8\/2026\/08\/logo_Palazzo-Manganelli.png\",\"width\":300,\"height\":300},{\"@type\":\"BreadcrumbList\",\"@id\":\"https:\/\/convenzioni.cralnetwork.it\/pubblicidipendenti\/prodotto\/palazzo-manganelli\/#breadcrumb\",\"itemListElement\":[{\"@type\":\"ListItem\",\"position\":1,\"name\":\"Home\",\"item\":\"https:\/\/convenzioni.cralnetwork.it\/pubblicidipendenti\/\"},{\"@type\":\"ListItem\",\"position\":2,\"name\":\"Shop\",\"item\":\"https:\/\/convenzioni.cralnetwork.it\/pubblicidipendenti\/negozio\/\"},{\"@type\":\"ListItem\",\"position\":3,\"name\":\"Palazzo Manganelli\"}]},{\"@type\":\"WebSite\",\"@id\":\"https:\/\/convenzioni.cralnetwork.it\/pubblicidipendenti\/#website\",\"url\":\"https:\/\/convenzioni.cralnetwork.it\/pubblicidipendenti\/\",\"name\":\"Pubblici Dipendenti\",\"description\":\"Area Convenzioni\",\"potentialAction\":[{\"@type\":\"SearchAction\",\"target\":{\"@type\":\"EntryPoint\",\"urlTemplate\":\"https:\/\/convenzioni.cralnetwork.it\/pubblicidipendenti\/?s={search_term_string}\"},\"query-input\":{\"@type\":\"PropertyValueSpecification\",\"valueRequired\":true,\"valueName\":\"search_term_string\"}}],\"inLanguage\":\"it-IT\"}]}<\/script>\n<!-- \/ Yoast SEO plugin. -->","yoast_head_json":{"title":"Palazzo Manganelli - Pubblici Dipendenti","robots":{"index":"index","follow":"follow","max-snippet":"max-snippet:-1","max-image-preview":"max-image-preview:large","max-video-preview":"max-video-preview:-1"},"canonical":"https:\/\/convenzioni.cralnetwork.it\/pubblicidipendenti\/prodotto\/palazzo-manganelli\/","og_locale":"it_IT","og_type":"article","og_title":"Palazzo Manganelli - Pubblici Dipendenti","og_description":"PALAZZO MANGANELLI CENNI STORICI Costruito dalla famiglia Tornabene nel 1400, passato alla famiglia Sigona fu venduto nel 1505 a don Alvaro Patern\u00f2 pretore e senatore di Catania, Ambasciatore alla Regina, al Vicer\u00e9 e ai Parlamenti Riuniti ecc. all\u2019epoca il Palazzo aveva un solo piano e in stile catalano. Danneggiato pesantemente nel terremoto del 1693, fu da don Antonio Patern\u00f2 VI Barone dei Manganelli ricostruito con gli architetti Alonzo Di Benedetto e Felice Palazzotto. I garibaldini nel 1860 saccheggiarono il Palazzo distruggendo il mobilio settecentesco. Il Palazzo fu restaurato e ampliato nella seconda met\u00e0 del ottocento con l\u2019aggiunta del secondo piano (dove oggi vi \u00e8 un ottimo hotel), gli interni furono riccamente ridecorati nello stile dell\u2019epoca secondo nuove concezioni architettoniche, dove lavor\u00f2 il noto pittore catanese Giuseppe Sciuti, il tutto su impulso della principessa Angela Patern\u00f2 di Manganelli Torresi. Attualmente il Palazzo ha una facciata in puro stile tardo barocco\/rococ\u00f2, splendido risulta essere il giardino pensile, rinomatissimo nella citt\u00e0 di Catania, esteso su due livelli uniti da una romantica scala con due fontane e un ninfeo, che si appoggia su una parte delle antiche mura cittadine oramai demolite. Nel XX secolo dai Patern\u00f2 il Palazzo \u00e8 pervenuto ai Principi Borghese di Roma per il matrimonio di donna Angela Patern\u00f2 VII principessa di Sperlinga dei Manganelli dama di corte della Regina d\u2019Italia Maria Jos\u00e9 di Savoia con don Flavio Principe Borghese XII principe di Sulmona. attualmente \u00e8 di propriet\u00e0 dei discendenti, Principi Borghese che lo utilizzano come dimora.  location eventi, location per eventi, eventi catania, eventi sicilia, location storica, palazzo storico, dimora storica, location di lusso, location esclusiva, location elegante, location matrimonio, matrimonio catania, wedding venue, wedding catania, ricevimenti, ricevimento matrimonio, cerimonie, eventi privati, eventi aziendali, meeting, gala, cocktail party, feste private, eventi di lusso, giardino pensile, giardino storico, giardino per eventi, terrazza, architettura barocca, rococ\u00f2, barocco siciliano, centro storico catania, location suggestiva, location romantica, location prestigiosa, eventi culturali, shooting fotografici, servizi fotografici, eventi corporate, convention, inaugurazioni, catania centro, sicilia orientale, venue catania, luxury venue, historic venue, exclusive venue  location eventi Sicilia, location eventi Catania, location per eventi Sicilia, location per eventi Catania, eventi catania Sicilia, eventi catania Catania, eventi sicilia Sicilia, eventi sicilia Catania, location storica Sicilia, location storica Catania, palazzo storico Sicilia, palazzo storico Catania, dimora storica Sicilia, dimora storica Catania, location di lusso Sicilia, location di lusso Catania, location esclusiva Sicilia, location esclusiva Catania, location elegante Sicilia, location elegante Catania, location matrimonio Sicilia, location matrimonio Catania, matrimonio catania Sicilia, matrimonio catania Catania, wedding venue Sicilia, wedding venue Catania, wedding catania Sicilia, wedding catania Catania, ricevimenti Sicilia, ricevimenti Catania, ricevimento matrimonio Sicilia, ricevimento matrimonio Catania, cerimonie Sicilia, cerimonie Catania, eventi privati Sicilia, eventi privati Catania, eventi aziendali Sicilia, eventi aziendali Catania, meeting Sicilia, meeting Catania, gala Sicilia, gala Catania, cocktail party Sicilia, cocktail party Catania, feste private Sicilia, feste private Catania, eventi di lusso Sicilia, eventi di lusso Catania, giardino pensile Sicilia, giardino pensile Catania, giardino storico Sicilia, giardino storico Catania, giardino per eventi Sicilia, giardino per eventi Catania, terrazza Sicilia, terrazza Catania, architettura barocca Sicilia, architettura barocca Catania, rococ\u00f2 Sicilia, rococ\u00f2 Catania, barocco siciliano Sicilia, barocco siciliano Catania, centro storico catania Sicilia, centro storico catania Catania, location suggestiva Sicilia, location suggestiva Catania, location romantica Sicilia, location romantica Catania, location prestigiosa Sicilia, location prestigiosa Catania, eventi culturali Sicilia, eventi culturali Catania, shooting fotografici Sicilia, shooting fotografici Catania, servizi fotografici Sicilia, servizi fotografici Catania, eventi corporate Sicilia, eventi corporate Catania, convention Sicilia, convention Catania, inaugurazioni Sicilia, inaugurazioni Catania, catania centro Sicilia, catania centro Catania, sicilia orientale Sicilia, sicilia orientale Catania, venue catania Sicilia, venue catania Catania, luxury venue Sicilia, luxury venue Catania, historic venue Sicilia, historic venue Catania, exclusive venue Sicilia, exclusive venue Catania.","og_url":"https:\/\/convenzioni.cralnetwork.it\/pubblicidipendenti\/prodotto\/palazzo-manganelli\/","og_site_name":"Pubblici Dipendenti","article_modified_time":"2026-08-31T13:18:14+00:00","og_image":[{"width":300,"height":300,"url":"https:\/\/convenzioni.cralnetwork.it\/pubblicidipendenti\/wp-content\/uploads\/sites\/8\/2026\/08\/logo_Palazzo-Manganelli.png","type":"image\/png"}],"twitter_card":"summary_large_image","twitter_misc":{"Tempo di lettura stimato":"6 minuti"},"schema":{"@context":"https:\/\/schema.org","@graph":[{"@type":"WebPage","@id":"https:\/\/convenzioni.cralnetwork.it\/pubblicidipendenti\/prodotto\/palazzo-manganelli\/","url":"https:\/\/convenzioni.cralnetwork.it\/pubblicidipendenti\/prodotto\/palazzo-manganelli\/","name":"Palazzo Manganelli - Pubblici Dipendenti","isPartOf":{"@id":"https:\/\/convenzioni.cralnetwork.it\/pubblicidipendenti\/#website"},"primaryImageOfPage":{"@id":"https:\/\/convenzioni.cralnetwork.it\/pubblicidipendenti\/prodotto\/palazzo-manganelli\/#primaryimage"},"image":{"@id":"https:\/\/convenzioni.cralnetwork.it\/pubblicidipendenti\/prodotto\/palazzo-manganelli\/#primaryimage"},"thumbnailUrl":"https:\/\/convenzioni.cralnetwork.it\/pubblicidipendenti\/wp-content\/uploads\/sites\/8\/2026\/08\/logo_Palazzo-Manganelli.png","datePublished":"2026-08-31T10:30:03+00:00","dateModified":"2026-08-31T13:18:14+00:00","breadcrumb":{"@id":"https:\/\/convenzioni.cralnetwork.it\/pubblicidipendenti\/prodotto\/palazzo-manganelli\/#breadcrumb"},"inLanguage":"it-IT","potentialAction":[{"@type":"ReadAction","target":["https:\/\/convenzioni.cralnetwork.it\/pubblicidipendenti\/prodotto\/palazzo-manganelli\/"]}]},{"@type":"ImageObject","inLanguage":"it-IT","@id":"https:\/\/convenzioni.cralnetwork.it\/pubblicidipendenti\/prodotto\/palazzo-manganelli\/#primaryimage","url":"https:\/\/convenzioni.cralnetwork.it\/pubblicidipendenti\/wp-content\/uploads\/sites\/8\/2026\/08\/logo_Palazzo-Manganelli.png","contentUrl":"https:\/\/convenzioni.cralnetwork.it\/pubblicidipendenti\/wp-content\/uploads\/sites\/8\/2026\/08\/logo_Palazzo-Manganelli.png","width":300,"height":300},{"@type":"BreadcrumbList","@id":"https:\/\/convenzioni.cralnetwork.it\/pubblicidipendenti\/prodotto\/palazzo-manganelli\/#breadcrumb","itemListElement":[{"@type":"ListItem","position":1,"name":"Home","item":"https:\/\/convenzioni.cralnetwork.it\/pubblicidipendenti\/"},{"@type":"ListItem","position":2,"name":"Shop","item":"https:\/\/convenzioni.cralnetwork.it\/pubblicidipendenti\/negozio\/"},{"@type":"ListItem","position":3,"name":"Palazzo Manganelli"}]},{"@type":"WebSite","@id":"https:\/\/convenzioni.cralnetwork.it\/pubblicidipendenti\/#website","url":"https:\/\/convenzioni.cralnetwork.it\/pubblicidipendenti\/","name":"Pubblici Dipendenti","description":"Area Convenzioni","potentialAction":[{"@type":"SearchAction","target":{"@type":"EntryPoint","urlTemplate":"https:\/\/convenzioni.cralnetwork.it\/pubblicidipendenti\/?s={search_term_string}"},"query-input":{"@type":"PropertyValueSpecification","valueRequired":true,"valueName":"search_term_string"}}],"inLanguage":"it-IT"}]}},"publishpress_future_workflow_manual_trigger":{"enabledWorkflows":[]},"_links":{"self":[{"href":"https:\/\/convenzioni.cralnetwork.it\/pubblicidipendenti\/wp-json\/wp\/v2\/product\/81684","targetHints":{"allow":["GET"]}}],"collection":[{"href":"https:\/\/convenzioni.cralnetwork.it\/pubblicidipendenti\/wp-json\/wp\/v2\/product"}],"about":[{"href":"https:\/\/convenzioni.cralnetwork.it\/pubblicidipendenti\/wp-json\/wp\/v2\/types\/product"}],"replies":[{"embeddable":true,"href":"https:\/\/convenzioni.cralnetwork.it\/pubblicidipendenti\/wp-json\/wp\/v2\/comments?post=81684"}],"version-history":[{"count":12,"href":"https:\/\/convenzioni.cralnetwork.it\/pubblicidipendenti\/wp-json\/wp\/v2\/product\/81684\/revisions"}],"predecessor-version":[{"id":81709,"href":"https:\/\/convenzioni.cralnetwork.it\/pubblicidipendenti\/wp-json\/wp\/v2\/product\/81684\/revisions\/81709"}],"wp:featuredmedia":[{"embeddable":true,"href":"https:\/\/convenzioni.cralnetwork.it\/pubblicidipendenti\/wp-json\/wp\/v2\/media\/81685"}],"wp:attachment":[{"href":"https:\/\/convenzioni.cralnetwork.it\/pubblicidipendenti\/wp-json\/wp\/v2\/media?parent=81684"}],"wp:term":[{"taxonomy":"product_brand","embeddable":true,"href":"https:\/\/convenzioni.cralnetwork.it\/pubblicidipendenti\/wp-json\/wp\/v2\/product_brand?post=81684"},{"taxonomy":"product_cat","embeddable":true,"href":"https:\/\/convenzioni.cralnetwork.it\/pubblicidipendenti\/wp-json\/wp\/v2\/product_cat?post=81684"},{"taxonomy":"product_tag","embeddable":true,"href":"https:\/\/convenzioni.cralnetwork.it\/pubblicidipendenti\/wp-json\/wp\/v2\/product_tag?post=81684"}],"curies":[{"name":"wp","href":"https:\/\/api.w.org\/{rel}","templated":true}]}}