{"id":81513,"date":"2026-08-28T12:21:37","date_gmt":"2026-08-28T10:21:37","guid":{"rendered":"https:\/\/convenzioni.cralnetwork.it\/pubblicidipendenti\/?post_type=product&#038;p=81513"},"modified":"2026-08-28T14:46:21","modified_gmt":"2026-08-28T12:46:21","slug":"san-domenico-rb","status":"publish","type":"product","link":"https:\/\/convenzioni.cralnetwork.it\/pubblicidipendenti\/prodotto\/san-domenico-rb\/","title":{"rendered":"San Domenico R&#038;B"},"content":{"rendered":"\t\t<div data-elementor-type=\"wp-post\" data-elementor-id=\"81513\" class=\"elementor elementor-81513\">\n\t\t\t\t<div class=\"elementor-element elementor-element-6720ddcc e-flex e-con-boxed e-con e-parent\" data-id=\"6720ddcc\" data-element_type=\"container\" data-settings=\"{&quot;background_background&quot;:&quot;classic&quot;}\">\n\t\t\t\t\t<div class=\"e-con-inner\">\n\t\t<div class=\"elementor-element elementor-element-360bcf47 e-con-full e-flex e-con e-child\" data-id=\"360bcf47\" data-element_type=\"container\">\n\t\t\t\t<div class=\"elementor-element elementor-element-4dfe1194 elementor-widget__width-initial elementor-widget-tablet__width-initial elementor-widget elementor-widget-image\" data-id=\"4dfe1194\" data-element_type=\"widget\" data-widget_type=\"image.default\">\n\t\t\t\t<div class=\"elementor-widget-container\">\n\t\t\t\t\t\t\t\t\t\t\t\t\t\t\t<img fetchpriority=\"high\" fetchpriority=\"high\" decoding=\"async\" width=\"1000\" height=\"407\" src=\"https:\/\/convenzioni.cralnetwork.it\/pubblicidipendenti\/wp-content\/uploads\/sites\/8\/2026\/08\/Logo-SD-White.png\" class=\"attachment-full size-full wp-image-81518\" alt=\"\" srcset=\"https:\/\/convenzioni.cralnetwork.it\/pubblicidipendenti\/wp-content\/uploads\/sites\/8\/2026\/08\/Logo-SD-White.png 1000w, https:\/\/convenzioni.cralnetwork.it\/pubblicidipendenti\/wp-content\/uploads\/sites\/8\/2026\/08\/Logo-SD-White-980x399.png 980w, https:\/\/convenzioni.cralnetwork.it\/pubblicidipendenti\/wp-content\/uploads\/sites\/8\/2026\/08\/Logo-SD-White-480x195.png 480w\" sizes=\"(min-width: 0px) and (max-width: 480px) 480px, (min-width: 481px) and (max-width: 980px) 980px, (min-width: 981px) 1000px, 100vw\" \/>\t\t\t\t\t\t\t\t\t\t\t\t\t\t\t<\/div>\n\t\t\t\t<\/div>\n\t\t\t\t<div class=\"elementor-element elementor-element-2cc43f3b elementor-widget__width-initial elementor-widget elementor-widget-text-editor\" data-id=\"2cc43f3b\" data-element_type=\"widget\" data-widget_type=\"text-editor.default\">\n\t\t\t\t<div class=\"elementor-widget-container\">\n\t\t\t\t\t\t\t\t\tRelax in our R&#038;B\n\t\t\t\t\t\t\t\t<\/div>\n\t\t\t\t<\/div>\n\t\t\t\t<\/div>\n\t\t\t\t\t<\/div>\n\t\t\t\t<\/div>\n\t\t<div class=\"elementor-element elementor-element-5edeb516 e-flex e-con-boxed e-con e-parent\" data-id=\"5edeb516\" data-element_type=\"container\" data-settings=\"{&quot;background_background&quot;:&quot;classic&quot;}\">\n\t\t\t\t\t<div class=\"e-con-inner\">\n\t\t<div class=\"elementor-element elementor-element-74834d62 e-con-full e-flex e-con e-child\" data-id=\"74834d62\" data-element_type=\"container\">\n\t\t\t\t<div class=\"elementor-element elementor-element-dbd720d elementor-widget elementor-widget-text-editor\" data-id=\"dbd720d\" data-element_type=\"widget\" data-widget_type=\"text-editor.default\">\n\t\t\t\t<div class=\"elementor-widget-container\">\n\t\t\t\t\t\t\t\t\t<p>chi siamo<\/p>\t\t\t\t\t\t\t\t<\/div>\n\t\t\t\t<\/div>\n\t\t\t\t<div class=\"elementor-element elementor-element-6630ef36 elementor-widget elementor-widget-text-editor\" data-id=\"6630ef36\" data-element_type=\"widget\" data-widget_type=\"text-editor.default\">\n\t\t\t\t<div class=\"elementor-widget-container\">\n\t\t\t\t\t\t\t\t\t<p>Dove la storia incontra il design<\/p>\t\t\t\t\t\t\t\t<\/div>\n\t\t\t\t<\/div>\n\t\t\t\t<div class=\"elementor-element elementor-element-7a182067 elementor-widget elementor-widget-text-editor\" data-id=\"7a182067\" data-element_type=\"widget\" data-widget_type=\"text-editor.default\">\n\t\t\t\t<div class=\"elementor-widget-container\">\n\t\t\t\t\t\t\t\t\t<p>SANDOMENICO Room &amp; Breakfast offre sistemazioni di alta qualit\u00e0 nel centro storico di Ravenna, a soli 400 metri dalla Basilica di San Vitale.<\/p><p>La struttura si trova accanto alla Chiesa di San Domenico, uno degli edifici pi\u00f9 imponenti di Ravenna. Come suggerisce il nome stesso, la chiesa \u00e8 dedicata a Domenico di Guzm\u00e1n, fondatore spagnolo dell\u2019Ordine dei Predicatori, meglio conosciuto come Ordine Domenicano.<\/p><p>All\u2019interno del R&amp;B, struttura Adult Only (et\u00e0 minima 14 anni), si trovano sei camere distribuite su due piani e una suite mansardata, dalle cui ampie finestre \u00e8 possibile ammirare la Chiesa di San Domenico. L\u2019atmosfera nasce dall\u2019equilibrio tra storia e design. Tutte le camere dispongono di bagno privato, aria condizionata, TV a schermo piatto, bollitore e frigorifero. La suite offre inoltre una piccola cucina e una terrazza con una splendida vista.<\/p><p>Al R&amp;B \u00e8 possibile gustare una deliziosa colazione, con un\u2019ampia scelta di proposte.<\/p>\t\t\t\t\t\t\t\t<\/div>\n\t\t\t\t<\/div>\n\t\t\t\t<\/div>\n\t\t<div class=\"elementor-element elementor-element-5a999c53 e-con-full e-flex e-con e-child\" data-id=\"5a999c53\" data-element_type=\"container\" data-settings=\"{&quot;background_background&quot;:&quot;slideshow&quot;,&quot;background_slideshow_gallery&quot;:[{&quot;id&quot;:81523,&quot;url&quot;:&quot;https:\\\/\\\/convenzioni.cralnetwork.it\\\/pubblicidipendenti\\\/wp-content\\\/uploads\\\/sites\\\/8\\\/2026\\\/08\\\/DSCF2833-1024x768-1.jpg&quot;},{&quot;id&quot;:81524,&quot;url&quot;:&quot;https:\\\/\\\/convenzioni.cralnetwork.it\\\/pubblicidipendenti\\\/wp-content\\\/uploads\\\/sites\\\/8\\\/2026\\\/08\\\/DSCF2156-copia-1024x853-1.jpg&quot;},{&quot;id&quot;:81525,&quot;url&quot;:&quot;https:\\\/\\\/convenzioni.cralnetwork.it\\\/pubblicidipendenti\\\/wp-content\\\/uploads\\\/sites\\\/8\\\/2026\\\/08\\\/DSCF2566.jpg&quot;},{&quot;id&quot;:81526,&quot;url&quot;:&quot;https:\\\/\\\/convenzioni.cralnetwork.it\\\/pubblicidipendenti\\\/wp-content\\\/uploads\\\/sites\\\/8\\\/2026\\\/08\\\/DSCF2474.jpg&quot;},{&quot;id&quot;:81527,&quot;url&quot;:&quot;https:\\\/\\\/convenzioni.cralnetwork.it\\\/pubblicidipendenti\\\/wp-content\\\/uploads\\\/sites\\\/8\\\/2026\\\/08\\\/DSCF2148.jpg&quot;},{&quot;id&quot;:81528,&quot;url&quot;:&quot;https:\\\/\\\/convenzioni.cralnetwork.it\\\/pubblicidipendenti\\\/wp-content\\\/uploads\\\/sites\\\/8\\\/2026\\\/08\\\/DSCF2176.jpg&quot;},{&quot;id&quot;:81529,&quot;url&quot;:&quot;https:\\\/\\\/convenzioni.cralnetwork.it\\\/pubblicidipendenti\\\/wp-content\\\/uploads\\\/sites\\\/8\\\/2026\\\/08\\\/DSCF2510-1024x768-1.jpg&quot;},{&quot;id&quot;:81530,&quot;url&quot;:&quot;https:\\\/\\\/convenzioni.cralnetwork.it\\\/pubblicidipendenti\\\/wp-content\\\/uploads\\\/sites\\\/8\\\/2026\\\/08\\\/DSCF2795-1024x768-1.jpg&quot;},{&quot;id&quot;:81531,&quot;url&quot;:&quot;https:\\\/\\\/convenzioni.cralnetwork.it\\\/pubblicidipendenti\\\/wp-content\\\/uploads\\\/sites\\\/8\\\/2026\\\/08\\\/DSCF2565.jpg&quot;},{&quot;id&quot;:81532,&quot;url&quot;:&quot;https:\\\/\\\/convenzioni.cralnetwork.it\\\/pubblicidipendenti\\\/wp-content\\\/uploads\\\/sites\\\/8\\\/2026\\\/08\\\/DSCF2807.jpg&quot;},{&quot;id&quot;:81533,&quot;url&quot;:&quot;https:\\\/\\\/convenzioni.cralnetwork.it\\\/pubblicidipendenti\\\/wp-content\\\/uploads\\\/sites\\\/8\\\/2026\\\/08\\\/DSCF2559.jpg&quot;},{&quot;id&quot;:81534,&quot;url&quot;:&quot;https:\\\/\\\/convenzioni.cralnetwork.it\\\/pubblicidipendenti\\\/wp-content\\\/uploads\\\/sites\\\/8\\\/2026\\\/08\\\/DSCF2170.jpg&quot;},{&quot;id&quot;:81535,&quot;url&quot;:&quot;https:\\\/\\\/convenzioni.cralnetwork.it\\\/pubblicidipendenti\\\/wp-content\\\/uploads\\\/sites\\\/8\\\/2026\\\/08\\\/DSCF2456.jpg&quot;},{&quot;id&quot;:81536,&quot;url&quot;:&quot;https:\\\/\\\/convenzioni.cralnetwork.it\\\/pubblicidipendenti\\\/wp-content\\\/uploads\\\/sites\\\/8\\\/2026\\\/08\\\/DSCF2471.jpg&quot;}],&quot;background_slideshow_slide_duration&quot;:2000,&quot;background_slideshow_transition_duration&quot;:200,&quot;background_slideshow_ken_burns&quot;:&quot;yes&quot;,&quot;background_slideshow_loop&quot;:&quot;yes&quot;,&quot;background_slideshow_slide_transition&quot;:&quot;fade&quot;,&quot;background_slideshow_ken_burns_zoom_direction&quot;:&quot;in&quot;}\">\n\t\t\t\t<div class=\"elementor-element elementor-element-63719239 elementor-widget elementor-widget-spacer\" data-id=\"63719239\" data-element_type=\"widget\" data-widget_type=\"spacer.default\">\n\t\t\t\t<div class=\"elementor-widget-container\">\n\t\t\t\t\t\t\t<div class=\"elementor-spacer\">\n\t\t\t<div class=\"elementor-spacer-inner\"><\/div>\n\t\t<\/div>\n\t\t\t\t\t\t<\/div>\n\t\t\t\t<\/div>\n\t\t\t\t<\/div>\n\t\t<div class=\"elementor-element elementor-element-2fc70c7d e-con-full e-flex e-con e-child\" data-id=\"2fc70c7d\" data-element_type=\"container\">\n\t\t\t\t<div class=\"elementor-element elementor-element-6aa5e119 elementor-widget elementor-widget-text-editor\" data-id=\"6aa5e119\" data-element_type=\"widget\" data-widget_type=\"text-editor.default\">\n\t\t\t\t<div class=\"elementor-widget-container\">\n\t\t\t\t\t\t\t\t\t<p>I nostri Partner e Prodotti Selezionati<\/p>\t\t\t\t\t\t\t\t<\/div>\n\t\t\t\t<\/div>\n\t\t\t\t<div class=\"elementor-element elementor-element-6cf9ba1a elementor-widget elementor-widget-text-editor\" data-id=\"6cf9ba1a\" data-element_type=\"widget\" data-widget_type=\"text-editor.default\">\n\t\t\t\t<div class=\"elementor-widget-container\">\n\t\t\t\t\t\t\t\t\t<p>A SANDOMENICO, ogni dettaglio \u00e8 stato accuratamente selezionato per esprimere un\u2019estetica raffinata e contemporanea. Gli ambienti sono arricchiti da elementi di design che uniscono bellezza, funzionalit\u00e0 e stile senza tempo.<\/p><p>Piatti, bicchieri e tazze da caff\u00e8 sono firmati da Piet Boon e Vincent Van Duysen, mentre le posate portano la firma di Sergio Herman. Le lampade e i vasi decorativi di Marie Michielssen donano calore e carattere agli ambienti, insieme agli iconici vasi di Gaetano Pesce e Bela Silva. A completare lo spazio, sculture in metallo di Antonino Sciortino ed eleganti accessori da tavola firmati Ann Demeulemeester.<\/p><p>Il comfort \u00e8 una priorit\u00e0: i nostri letti sono dotati di materassi e cuscini Simmons, rivestiti con la pregiata biancheria Frette. L\u2019atmosfera \u00e8 completata dalle fragranze per ambiente Dr. Vranjes, dall\u2019illuminazione Flos e da un\u2019iconica poltrona firmata Philippe Starck.<\/p><p>Tutti gli armadi sono realizzati su misura da Rimadesio, coniugando eleganza minimalista ed eccellenza artigianale.<\/p>\t\t\t\t\t\t\t\t<\/div>\n\t\t\t\t<\/div>\n\t\t\t\t<div class=\"elementor-element elementor-element-7563ffda elementor-align-center elementor-widget elementor-widget-button\" data-id=\"7563ffda\" data-element_type=\"widget\" data-widget_type=\"button.default\">\n\t\t\t\t<div class=\"elementor-widget-container\">\n\t\t\t\t\t\t\t\t\t<div class=\"elementor-button-wrapper\">\n\t\t\t\t\t<a class=\"elementor-button elementor-button-link elementor-size-sm\" href=\"https:\/\/sandomenicoluxuryrooms.com\/search\/\">\n\t\t\t\t\t\t<span class=\"elementor-button-content-wrapper\">\n\t\t\t\t\t\t\t\t\t<span class=\"elementor-button-text\">le nostre camere<\/span>\n\t\t\t\t\t<\/span>\n\t\t\t\t\t<\/a>\n\t\t\t\t<\/div>\n\t\t\t\t\t\t\t\t<\/div>\n\t\t\t\t<\/div>\n\t\t\t\t<\/div>\n\t\t\t\t\t<\/div>\n\t\t\t\t<\/div>\n\t\t<div class=\"elementor-element elementor-element-47ffaa02 e-flex e-con-boxed e-con e-parent\" data-id=\"47ffaa02\" data-element_type=\"container\" data-settings=\"{&quot;background_background&quot;:&quot;classic&quot;}\">\n\t\t\t\t\t<div class=\"e-con-inner\">\n\t\t\t\t<div class=\"elementor-element elementor-element-311a2071 elementor-widget__width-initial elementor-widget elementor-widget-text-editor\" data-id=\"311a2071\" data-element_type=\"widget\" data-widget_type=\"text-editor.default\">\n\t\t\t\t<div class=\"elementor-widget-container\">\n\t\t\t\t\t\t\t\t\t<p>Agevolazioni riservate agli associati<\/p>\t\t\t\t\t\t\t\t<\/div>\n\t\t\t\t<\/div>\n\t\t\t\t\t<\/div>\n\t\t\t\t<\/div>\n\t\t<div class=\"elementor-element elementor-element-3926d0 e-flex e-con-boxed e-con e-parent\" data-id=\"3926d0\" data-element_type=\"container\" data-settings=\"{&quot;background_background&quot;:&quot;classic&quot;}\">\n\t\t\t\t\t<div class=\"e-con-inner\">\n\t\t<div class=\"elementor-element elementor-element-2f969ee5 e-con-full e-flex e-con e-child\" data-id=\"2f969ee5\" data-element_type=\"container\">\n\t\t\t\t<div class=\"elementor-element elementor-element-61ab2711 elementor-widget elementor-widget-text-editor\" data-id=\"61ab2711\" data-element_type=\"widget\" data-widget_type=\"text-editor.default\">\n\t\t\t\t<div class=\"elementor-widget-container\">\n\t\t\t\t\t\t\t\t\t<p>San Domenico R&amp;B<\/p>\t\t\t\t\t\t\t\t<\/div>\n\t\t\t\t<\/div>\n\t\t\t\t<div class=\"elementor-element elementor-element-5ca98331 elementor-widget elementor-widget-text-editor\" data-id=\"5ca98331\" data-element_type=\"widget\" data-widget_type=\"text-editor.default\">\n\t\t\t\t<div class=\"elementor-widget-container\">\n\t\t\t\t\t\t\t\t\t<p>Vieni a trovarci<\/p>\t\t\t\t\t\t\t\t<\/div>\n\t\t\t\t<\/div>\n\t\t\t\t<div class=\"elementor-element elementor-element-6c5b321d elementor-widget elementor-widget-text-editor\" data-id=\"6c5b321d\" data-element_type=\"widget\" data-widget_type=\"text-editor.default\">\n\t\t\t\t<div class=\"elementor-widget-container\">\n\t\t\t\t\t\t\t\t\t<p>Via Giacomo Matteotti, 26 &#8211; 48121 Ravenna (RA)<br \/><strong>Cell: <\/strong><a href=\"tel:+393311616767\">3311616767<\/a><br \/><strong>Mail: <\/strong><a href=\"mailto:info@sandomenicoluxuryrooms.com\">info@sandomenicoluxuryrooms.com<\/a><br \/><strong>Sito web: <\/strong><a href=\"https:\/\/sandomenicoluxuryrooms.com\/\">sandomenicoluxuryrooms.com<\/a><\/p>\t\t\t\t\t\t\t\t<\/div>\n\t\t\t\t<\/div>\n\t\t\t\t<div class=\"elementor-element elementor-element-722a91bb elementor-shape-circle e-grid-align-mobile-center elementor-grid-0 e-grid-align-center elementor-widget elementor-widget-social-icons\" data-id=\"722a91bb\" data-element_type=\"widget\" data-widget_type=\"social-icons.default\">\n\t\t\t\t<div class=\"elementor-widget-container\">\n\t\t\t\t\t\t\t<div class=\"elementor-social-icons-wrapper elementor-grid\" role=\"list\">\n\t\t\t\t\t\t\t<span class=\"elementor-grid-item\" role=\"listitem\">\n\t\t\t\t\t<a class=\"elementor-icon elementor-social-icon elementor-social-icon-facebook elementor-repeater-item-71b27df\" href=\"https:\/\/www.facebook.com\/sandomenicoluxuryrooms\/\" target=\"_blank\">\n\t\t\t\t\t\t<span class=\"elementor-screen-only\">Facebook<\/span>\n\t\t\t\t\t\t<svg aria-hidden=\"true\" class=\"e-font-icon-svg e-fab-facebook\" viewBox=\"0 0 512 512\" xmlns=\"http:\/\/www.w3.org\/2000\/svg\"><path d=\"M504 256C504 119 393 8 256 8S8 119 8 256c0 123.78 90.69 226.38 209.25 245V327.69h-63V256h63v-54.64c0-62.15 37-96.48 93.67-96.48 27.14 0 55.52 4.84 55.52 4.84v61h-31.28c-30.8 0-40.41 19.12-40.41 38.73V256h68.78l-11 71.69h-57.78V501C413.31 482.38 504 379.78 504 256z\"><\/path><\/svg>\t\t\t\t\t<\/a>\n\t\t\t\t<\/span>\n\t\t\t\t\t\t\t<span class=\"elementor-grid-item\" role=\"listitem\">\n\t\t\t\t\t<a class=\"elementor-icon elementor-social-icon elementor-social-icon-instagram elementor-repeater-item-5d75e63\" href=\"https:\/\/www.instagram.com\/sandomenico.luxuryrooms\/\" target=\"_blank\">\n\t\t\t\t\t\t<span class=\"elementor-screen-only\">Instagram<\/span>\n\t\t\t\t\t\t<svg aria-hidden=\"true\" class=\"e-font-icon-svg e-fab-instagram\" viewBox=\"0 0 448 512\" xmlns=\"http:\/\/www.w3.org\/2000\/svg\"><path d=\"M224.1 141c-63.6 0-114.9 51.3-114.9 114.9s51.3 114.9 114.9 114.9S339 319.5 339 255.9 287.7 141 224.1 141zm0 189.6c-41.1 0-74.7-33.5-74.7-74.7s33.5-74.7 74.7-74.7 74.7 33.5 74.7 74.7-33.6 74.7-74.7 74.7zm146.4-194.3c0 14.9-12 26.8-26.8 26.8-14.9 0-26.8-12-26.8-26.8s12-26.8 26.8-26.8 26.8 12 26.8 26.8zm76.1 27.2c-1.7-35.9-9.9-67.7-36.2-93.9-26.2-26.2-58-34.4-93.9-36.2-37-2.1-147.9-2.1-184.9 0-35.8 1.7-67.6 9.9-93.9 36.1s-34.4 58-36.2 93.9c-2.1 37-2.1 147.9 0 184.9 1.7 35.9 9.9 67.7 36.2 93.9s58 34.4 93.9 36.2c37 2.1 147.9 2.1 184.9 0 35.9-1.7 67.7-9.9 93.9-36.2 26.2-26.2 34.4-58 36.2-93.9 2.1-37 2.1-147.8 0-184.8zM398.8 388c-7.8 19.6-22.9 34.7-42.6 42.6-29.5 11.7-99.5 9-132.1 9s-102.7 2.6-132.1-9c-19.6-7.8-34.7-22.9-42.6-42.6-11.7-29.5-9-99.5-9-132.1s-2.6-102.7 9-132.1c7.8-19.6 22.9-34.7 42.6-42.6 29.5-11.7 99.5-9 132.1-9s102.7-2.6 132.1 9c19.6 7.8 34.7 22.9 42.6 42.6 11.7 29.5 9 99.5 9 132.1s2.7 102.7-9 132.1z\"><\/path><\/svg>\t\t\t\t\t<\/a>\n\t\t\t\t<\/span>\n\t\t\t\t\t\t\t<span class=\"elementor-grid-item\" role=\"listitem\">\n\t\t\t\t\t<a class=\"elementor-icon elementor-social-icon elementor-social-icon-linkedin elementor-repeater-item-f7d288c\" href=\"https:\/\/www.linkedin.com\/company\/sandomenico-luxury-rooms\/\" target=\"_blank\">\n\t\t\t\t\t\t<span class=\"elementor-screen-only\">Linkedin<\/span>\n\t\t\t\t\t\t<svg aria-hidden=\"true\" class=\"e-font-icon-svg e-fab-linkedin\" viewBox=\"0 0 448 512\" xmlns=\"http:\/\/www.w3.org\/2000\/svg\"><path d=\"M416 32H31.9C14.3 32 0 46.5 0 64.3v383.4C0 465.5 14.3 480 31.9 480H416c17.6 0 32-14.5 32-32.3V64.3c0-17.8-14.4-32.3-32-32.3zM135.4 416H69V202.2h66.5V416zm-33.2-243c-21.3 0-38.5-17.3-38.5-38.5S80.9 96 102.2 96c21.2 0 38.5 17.3 38.5 38.5 0 21.3-17.2 38.5-38.5 38.5zm282.1 243h-66.4V312c0-24.8-.5-56.7-34.5-56.7-34.6 0-39.9 27-39.9 54.9V416h-66.4V202.2h63.7v29.2h.9c8.9-16.8 30.6-34.5 62.9-34.5 67.2 0 79.7 44.3 79.7 101.9V416z\"><\/path><\/svg>\t\t\t\t\t<\/a>\n\t\t\t\t<\/span>\n\t\t\t\t\t<\/div>\n\t\t\t\t\t\t<\/div>\n\t\t\t\t<\/div>\n\t\t\t\t<\/div>\n\t\t<div class=\"elementor-element elementor-element-1ff93a49 e-con-full e-flex e-con e-child\" data-id=\"1ff93a49\" data-element_type=\"container\">\n\t\t\t\t<div class=\"elementor-element elementor-element-6845f9ae elementor-widget__width-inherit elementor-widget elementor-widget-text-editor\" data-id=\"6845f9ae\" data-element_type=\"widget\" data-widget_type=\"text-editor.default\">\n\t\t\t\t<div class=\"elementor-widget-container\">\n\t\t\t\t\t\t\t\t\t<p><div id=\"gmw-single-location-wrapper-489\" class=\"gmw-element-wrapper gmw-single-location-wrapper gmw-sl-wrapper gmw-sl-single-post-wrapper post \" object_type=\"post\" object_id=\"81513\"  style=\"width:100%\"><div class=\"gmw-sl-map-wrapper gmw-sl-element\"><div id=\"gmw-map-wrapper-489\" class=\"gmw-map-wrapper  sl single_location \" style=\"width:100%;height:400px;\"> <span id=\"gmw-resize-map-toggle-489\" class=\"gmw-resize-map-toggle gmw-icon-resize-full\" style=\"display:none;\" title=\"Resize map\"><\/span> <div id=\"gmw-map-loader-489\" class=\"gmw-map-loader\"><\/div> <div id=\"gmw-map-489\" class=\"gmw-map sl single_location\" style=\"width:100%; height:100%\" data-map_id=\"489\" data-prefix=\"sl\" data-map_type=\"single_location\" data-icons_usage=\"global\"><\/div> <\/div><\/div><\/div><\/p>\t\t\t\t\t\t\t\t<\/div>\n\t\t\t\t<\/div>\n\t\t\t\t<\/div>\n\t\t\t\t\t<\/div>\n\t\t\t\t<\/div>\n\t\t<div class=\"elementor-element elementor-element-659070f3 elementor-hidden-desktop elementor-hidden-tablet elementor-hidden-mobile e-flex e-con-boxed e-con e-parent\" data-id=\"659070f3\" data-element_type=\"container\">\n\t\t\t\t\t<div class=\"e-con-inner\">\n\t\t\t\t<div class=\"elementor-element elementor-element-372b6418 elementor-widget elementor-widget-text-editor\" data-id=\"372b6418\" data-element_type=\"widget\" data-widget_type=\"text-editor.default\">\n\t\t\t\t<div class=\"elementor-widget-container\">\n\t\t\t\t\t\t\t\t\t<p>&lt;div style= &#8220;display: none&#8221;&gt;<\/p><p><br \/>CAMERA E COLAZIONE SAN DOMENICO<br \/>Rilassati nel nostro R&amp;B<br \/>Un lussuoso Room &amp; Breakfast dove frammenti storici incontrano un gusto contemporaneo.<br \/>Famosa in tutto il mondo per i suoi tesori artistici, Ravenna conserva il pi\u00f9 grande patrimonio musivo risalente al periodo compreso tra il V e il VI secolo d.C., che adorna monumenti paleocristiani e bizantini dichiarati Patrimonio Mondiale dell&#8217;UNESCO. Otto monumenti UNESCO testimoniano la grandezza di Ravenna nel corso dei secoli.<br \/>Rendi il tuo soggiorno al SANDOMENICO ancora pi\u00f9 memorabile scoprendo una selezione di tour esclusivi ed esperienze locali autentiche, dalle visite guidate agli iconici mosaici e ai monumenti storici di Ravenna alle degustazioni enogastronomiche e agli itinerari culturali. Sfoglia e prenota facilmente le attivit\u00e0 che preferisci in pochi clic utilizzando il pulsante qui sotto.<br \/>L&#8217;ANDOMENICO Room &amp; Breakfast offre sistemazioni di alta qualit\u00e0 nel centro storico di Ravenna, a 400 metri da San Vitale.<br \/>L&#8217;edificio si trova accanto alla Chiesa di San Domenico , uno degli edifici pi\u00f9 imponenti di Ravenna. Come il nome stesso suggerisce, la chiesa \u00e8 consacrata a Domenico di Guzm\u00e1n, fondatore spagnolo dell&#8217;Ordine Domenicano dei Predicatori.<br \/>All&#8217;interno dell&#8217;R&amp;B, struttura riservata esclusivamente agli adulti (et\u00e0 minima 14 anni), si trovano sei camere distribuite su due piani e una suite mansardata, da cui ampie finestre si gode di una splendida vista sulla chiesa. L&#8217;atmosfera \u00e8 un perfetto equilibrio tra storia e design . Tutte le camere dispongono di bagno privato , aria condizionata , TV a schermo piatto , bollitore e frigorifero . La suite include anche un angolo cottura e una terrazza con una vista molto suggestiva.<br \/>Presso l&#8217;R&amp;B potrete gustare una deliziosa colazione con un&#8217;ampia scelta.<br \/>I nostri partner e prodotti selezionati<br \/>Da SANDOMENICO, ogni dettaglio \u00e8 stato accuratamente selezionato per riflettere un&#8217;estetica raffinata e contemporanea. I nostri spazi sono arricchiti da pezzi di design che coniugano bellezza, funzionalit\u00e0 e stile senza tempo . Stoviglie, bicchieri e tazze da caff\u00e8 sono disegnati da Piet Boon e Vincent Van Duysen , mentre le posate portano la firma di Sergio Herman . Lampade e vasi decorativi di Marie Michielssen aggiungono calore e carattere, insieme a vasi iconici di Gaetano Pesce e Bela Silva . L&#8217;ambiente \u00e8 ulteriormente impreziosito da sculture in metallo di Antonino Sciortino ed eleganti accessori da tavola di Ann Demeulemeester .<br \/>Il comfort \u00e8 fondamentale: i nostri letti sono dotati di materassi e cuscini Simmons , rivestiti con la pregiata biancheria Frette . L&#8217;atmosfera \u00e8 completata dalle fragranze per ambienti Dr. Vranjes , dalle lampade Flos e da un&#8217;iconica poltrona di Philippe Starck . Tutti gli armadi sono realizzati su misura da Rimadesio , coniugando eleganza minimalista e maestria artigianale.<\/p><p>\u00a0<\/p><p>bed and breakfast, room and breakfast, soggiorno di lusso, ospitalit\u00e0 di charme, struttura per adulti, camere di alta qualit\u00e0, suite mansardata, centro storico, edificio storico, design contemporaneo, interior design, atmosfera raffinata, comfort, colazione, colazione inclusa, bagno privato, aria condizionata, TV a schermo piatto, bollitore, frigorifero, angolo cottura, terrazza, vista panoramica, soggiorno esclusivo, esperienza autentica, esperienze culturali, visite guidate, tour esclusivi, monumenti storici, patrimonio culturale, mosaici, arte musiva, degustazioni enogastronomiche, itinerari culturali, turismo culturale, turismo esperienziale, vacanza culturale, soggiorno romantico, ospitalit\u00e0 elegante, arredamento di design, design italiano, estetica contemporanea, stile senza tempo, arredamento su misura, materiali pregiati, biancheria di lusso, materassi di qualit\u00e0, cuscini di qualit\u00e0, comfort premium, atmosfera accogliente, eleganza minimalista, artigianato, accessori di design, illuminazione di design, dettagli ricercati, ospitalit\u00e0 esclusiva, soggiorno memorabile, struttura di charme, hotel<br \/>bed and breakfast Ravenna, room and breakfast Ravenna, soggiorno di lusso Ravenna, ospitalit\u00e0 di charme Ravenna, struttura per adulti Ravenna, camere di alta qualit\u00e0 Ravenna, suite mansardata Ravenna, centro storico Ravenna, edificio storico Ravenna, design contemporaneo Ravenna, interior design Ravenna, atmosfera raffinata Ravenna, comfort Ravenna, colazione Ravenna, colazione inclusa Ravenna, bagno privato Ravenna, aria condizionata Ravenna, TV a schermo piatto Ravenna, bollitore Ravenna, frigorifero Ravenna, angolo cottura Ravenna, terrazza Ravenna, vista panoramica Ravenna, soggiorno esclusivo Ravenna, esperienza autentica Ravenna, esperienze culturali Ravenna, visite guidate Ravenna, tour esclusivi Ravenna, monumenti storici Ravenna, patrimonio culturale Ravenna, mosaici Ravenna, arte musiva Ravenna, degustazioni enogastronomiche Ravenna, itinerari culturali Ravenna, turismo culturale Ravenna, turismo esperienziale Ravenna, vacanza culturale Ravenna, soggiorno romantico Ravenna, ospitalit\u00e0 elegante Ravenna, arredamento di design Ravenna, design italiano Ravenna, estetica contemporanea Ravenna, stile senza tempo Ravenna, arredamento su misura Ravenna, materiali pregiati Ravenna, biancheria di lusso Ravenna, materassi di qualit\u00e0 Ravenna, cuscini di qualit\u00e0 Ravenna, comfort premium Ravenna, atmosfera accogliente Ravenna, eleganza minimalista Ravenna, artigianato Ravenna, accessori di design Ravenna, illuminazione di design Ravenna, dettagli ricercati Ravenna, ospitalit\u00e0 esclusiva Ravenna, soggiorno memorabile Ravenna, struttura di charme Ravenna, hotel Ravenna.<\/p><p>\u00a0<\/p><p>&lt;\/div&gt;<\/p>\t\t\t\t\t\t\t\t<\/div>\n\t\t\t\t<\/div>\n\t\t\t\t\t<\/div>\n\t\t\t\t<\/div>\n\t\t\t\t<\/div>\n\t\t","protected":false},"excerpt":{"rendered":"<div style= \"display: none\">\n<p>CAMERA E COLAZIONE SAN DOMENICO<br \/>\nRilassati nel nostro R&#038;B<br \/>\nUn lussuoso Room &#038; Breakfast dove frammenti storici incontrano un gusto contemporaneo.<br \/>\nFamosa in tutto il mondo per i suoi tesori artistici, Ravenna conserva il pi\u00f9 grande patrimonio musivo risalente al periodo compreso tra il V e il VI secolo d.C., che adorna monumenti paleocristiani e bizantini dichiarati Patrimonio Mondiale dell&#8217;UNESCO. Otto monumenti UNESCO testimoniano la grandezza di Ravenna nel corso dei secoli.<br \/>\nRendi il tuo soggiorno al SANDOMENICO ancora pi\u00f9 memorabile scoprendo una selezione di tour esclusivi ed esperienze locali autentiche, dalle visite guidate agli iconici mosaici e ai monumenti storici di Ravenna alle degustazioni enogastronomiche e agli itinerari culturali. Sfoglia e prenota facilmente le attivit\u00e0 che preferisci in pochi clic utilizzando il pulsante qui sotto.<br \/>\nL&#8217;ANDOMENICO Room &#038; Breakfast offre sistemazioni di alta qualit\u00e0 nel centro storico di Ravenna, a 400 metri da San Vitale.<br \/>\nL&#8217;edificio si trova accanto alla Chiesa di San Domenico , uno degli edifici pi\u00f9 imponenti di Ravenna. Come il nome stesso suggerisce, la chiesa \u00e8 consacrata a Domenico di Guzm\u00e1n, fondatore spagnolo dell&#8217;Ordine Domenicano dei Predicatori.<br \/>\nAll&#8217;interno dell&#8217;R&#038;B, struttura riservata esclusivamente agli adulti (et\u00e0 minima 14 anni), si trovano sei camere distribuite su due piani e una suite mansardata, da cui ampie finestre si gode di una splendida vista sulla chiesa. L&#8217;atmosfera \u00e8 un perfetto equilibrio tra storia e design . Tutte le camere dispongono di bagno privato , aria condizionata , TV a schermo piatto , bollitore e frigorifero . La suite include anche un angolo cottura e una terrazza con una vista molto suggestiva.<br \/>\nPresso l&#8217;R&#038;B potrete gustare una deliziosa colazione con un&#8217;ampia scelta.<br \/>\nI nostri partner e prodotti selezionati<br \/>\nDa SANDOMENICO, ogni dettaglio \u00e8 stato accuratamente selezionato per riflettere un&#8217;estetica raffinata e contemporanea. I nostri spazi sono arricchiti da pezzi di design che coniugano bellezza, funzionalit\u00e0 e stile senza tempo . Stoviglie, bicchieri e tazze da caff\u00e8 sono disegnati da Piet Boon e Vincent Van Duysen , mentre le posate portano la firma di Sergio Herman . Lampade e vasi decorativi di Marie Michielssen aggiungono calore e carattere, insieme a vasi iconici di Gaetano Pesce e Bela Silva . L&#8217;ambiente \u00e8 ulteriormente impreziosito da sculture in metallo di Antonino Sciortino ed eleganti accessori da tavola di Ann Demeulemeester .<br \/>\nIl comfort \u00e8 fondamentale: i nostri letti sono dotati di materassi e cuscini Simmons , rivestiti con la pregiata biancheria Frette . L&#8217;atmosfera \u00e8 completata dalle fragranze per ambienti Dr. Vranjes , dalle lampade Flos e da un&#8217;iconica poltrona di Philippe Starck . Tutti gli armadi sono realizzati su misura da Rimadesio , coniugando eleganza minimalista e maestria artigianale.<\/p>\n<p>bed and breakfast, room and breakfast, soggiorno di lusso, ospitalit\u00e0 di charme, struttura per adulti, camere di alta qualit\u00e0, suite mansardata, centro storico, edificio storico, design contemporaneo, interior design, atmosfera raffinata, comfort, colazione, colazione inclusa, bagno privato, aria condizionata, TV a schermo piatto, bollitore, frigorifero, angolo cottura, terrazza, vista panoramica, soggiorno esclusivo, esperienza autentica, esperienze culturali, visite guidate, tour esclusivi, monumenti storici, patrimonio culturale, mosaici, arte musiva, degustazioni enogastronomiche, itinerari culturali, turismo culturale, turismo esperienziale, vacanza culturale, soggiorno romantico, ospitalit\u00e0 elegante, arredamento di design, design italiano, estetica contemporanea, stile senza tempo, arredamento su misura, materiali pregiati, biancheria di lusso, materassi di qualit\u00e0, cuscini di qualit\u00e0, comfort premium, atmosfera accogliente, eleganza minimalista, artigianato, accessori di design, illuminazione di design, dettagli ricercati, ospitalit\u00e0 esclusiva, soggiorno memorabile, struttura di charme, hotel<br \/>\nbed and breakfast Ravenna, room and breakfast Ravenna, soggiorno di lusso Ravenna, ospitalit\u00e0 di charme Ravenna, struttura per adulti Ravenna, camere di alta qualit\u00e0 Ravenna, suite mansardata Ravenna, centro storico Ravenna, edificio storico Ravenna, design contemporaneo Ravenna, interior design Ravenna, atmosfera raffinata Ravenna, comfort Ravenna, colazione Ravenna, colazione inclusa Ravenna, bagno privato Ravenna, aria condizionata Ravenna, TV a schermo piatto Ravenna, bollitore Ravenna, frigorifero Ravenna, angolo cottura Ravenna, terrazza Ravenna, vista panoramica Ravenna, soggiorno esclusivo Ravenna, esperienza autentica Ravenna, esperienze culturali Ravenna, visite guidate Ravenna, tour esclusivi Ravenna, monumenti storici Ravenna, patrimonio culturale Ravenna, mosaici Ravenna, arte musiva Ravenna, degustazioni enogastronomiche Ravenna, itinerari culturali Ravenna, turismo culturale Ravenna, turismo esperienziale Ravenna, vacanza culturale Ravenna, soggiorno romantico Ravenna, ospitalit\u00e0 elegante Ravenna, arredamento di design Ravenna, design italiano Ravenna, estetica contemporanea Ravenna, stile senza tempo Ravenna, arredamento su misura Ravenna, materiali pregiati Ravenna, biancheria di lusso Ravenna, materassi di qualit\u00e0 Ravenna, cuscini di qualit\u00e0 Ravenna, comfort premium Ravenna, atmosfera accogliente Ravenna, eleganza minimalista Ravenna, artigianato Ravenna, accessori di design Ravenna, illuminazione di design Ravenna, dettagli ricercati Ravenna, ospitalit\u00e0 esclusiva Ravenna, soggiorno memorabile Ravenna, struttura di charme Ravenna, hotel Ravenna.<\/p>\n<\/div>\n","protected":false},"featured_media":81514,"comment_status":"open","ping_status":"closed","template":"","meta":{"_acf_changed":false,"_et_pb_use_builder":"","_et_pb_old_content":"","_et_gb_content_width":""},"product_brand":[],"product_cat":[87,83],"product_tag":[26506,17537,9778,19283,6348,26493,16343,26504,26485,24545,5064,26501,24547,26481,8509,24548,7751,7593,26503,26502,26494,26484,26497,26508,26483,26505,24633,26488,26498,26486,632,26507,3512,26495,18530,26500,26490,26492,26479,26496,26509,26491,26478,18159,22405,26510,22204,26499,26511,26480,26482,26487,26489,21536,20809,24544,13204,4770,10872],"class_list":{"0":"post-81513","1":"product","2":"type-product","3":"status-publish","4":"has-post-thumbnail","6":"product_cat-hotel","7":"product_cat-turismo-e-viaggi","8":"product_tag-accessori-di-design","9":"product_tag-angolo-cottura","10":"product_tag-aria-condizionata","11":"product_tag-arredamento-di-design","12":"product_tag-arredamento-su-misura","13":"product_tag-arte-musiva","14":"product_tag-artigianato","15":"product_tag-atmosfera-accogliente","16":"product_tag-atmosfera-raffinata","17":"product_tag-bagno-privato","18":"product_tag-bed-and-breakfast","19":"product_tag-biancheria-di-lusso","20":"product_tag-bollitore","21":"product_tag-camere-di-alta-qualita","22":"product_tag-centro-storico","23":"product_tag-colazione","24":"product_tag-colazione-inclusa","25":"product_tag-comfort","26":"product_tag-comfort-premium","27":"product_tag-cuscini-di-qualita","28":"product_tag-degustazioni-enogastronomiche","29":"product_tag-design-contemporaneo","30":"product_tag-design-italiano","31":"product_tag-dettagli-ricercati","32":"product_tag-edificio-storico","33":"product_tag-eleganza-minimalista","34":"product_tag-esperienza-autentica","35":"product_tag-esperienze-culturali","36":"product_tag-estetica-contemporanea","37":"product_tag-frigorifero","38":"product_tag-hotel","39":"product_tag-illuminazione-di-design","40":"product_tag-interior-design","41":"product_tag-itinerari-culturali","42":"product_tag-materassi-di-qualita","43":"product_tag-materiali-pregiati","44":"product_tag-monumenti-storici","45":"product_tag-mosaici","46":"product_tag-ospitalita-di-charme","47":"product_tag-ospitalita-elegante","48":"product_tag-ospitalita-esclusiva","49":"product_tag-patrimonio-culturale","50":"product_tag-room-and-breakfast","51":"product_tag-soggiorno-di-lusso","52":"product_tag-soggiorno-esclusivo","53":"product_tag-soggiorno-memorabile","54":"product_tag-soggiorno-romantico","55":"product_tag-stile-senza-tempo","56":"product_tag-struttura-di-charme","57":"product_tag-struttura-per-adulti","58":"product_tag-suite-mansardata","59":"product_tag-terrazza","60":"product_tag-tour-esclusivi","61":"product_tag-turismo-culturale","62":"product_tag-turismo-esperienziale","63":"product_tag-tv-a-schermo-piatto","64":"product_tag-vacanza-culturale","65":"product_tag-visite-guidate","66":"product_tag-vista-panoramica","68":"first","69":"instock","70":"shipping-taxable","71":"product-type-simple"},"acf":[],"yoast_head":"<!-- This site is optimized with the Yoast SEO plugin v26.4 - https:\/\/yoast.com\/wordpress\/plugins\/seo\/ -->\n<title>San Domenico R&amp;B - Pubblici Dipendenti<\/title>\n<meta name=\"robots\" content=\"index, follow, max-snippet:-1, max-image-preview:large, max-video-preview:-1\" \/>\n<link rel=\"canonical\" href=\"https:\/\/convenzioni.cralnetwork.it\/pubblicidipendenti\/prodotto\/san-domenico-rb\/\" \/>\n<meta property=\"og:locale\" content=\"it_IT\" \/>\n<meta property=\"og:type\" content=\"article\" \/>\n<meta property=\"og:title\" content=\"San Domenico R&amp;B - Pubblici Dipendenti\" \/>\n<meta property=\"og:description\" content=\"CAMERA E COLAZIONE SAN DOMENICO Rilassati nel nostro R&amp;B Un lussuoso Room &amp; Breakfast dove frammenti storici incontrano un gusto contemporaneo. Famosa in tutto il mondo per i suoi tesori artistici, Ravenna conserva il pi\u00f9 grande patrimonio musivo risalente al periodo compreso tra il V e il VI secolo d.C., che adorna monumenti paleocristiani e bizantini dichiarati Patrimonio Mondiale dell&#039;UNESCO. Otto monumenti UNESCO testimoniano la grandezza di Ravenna nel corso dei secoli. Rendi il tuo soggiorno al SANDOMENICO ancora pi\u00f9 memorabile scoprendo una selezione di tour esclusivi ed esperienze locali autentiche, dalle visite guidate agli iconici mosaici e ai monumenti storici di Ravenna alle degustazioni enogastronomiche e agli itinerari culturali. Sfoglia e prenota facilmente le attivit\u00e0 che preferisci in pochi clic utilizzando il pulsante qui sotto. L&#039;ANDOMENICO Room &amp; Breakfast offre sistemazioni di alta qualit\u00e0 nel centro storico di Ravenna, a 400 metri da San Vitale. L&#039;edificio si trova accanto alla Chiesa di San Domenico , uno degli edifici pi\u00f9 imponenti di Ravenna. Come il nome stesso suggerisce, la chiesa \u00e8 consacrata a Domenico di Guzm\u00e1n, fondatore spagnolo dell&#039;Ordine Domenicano dei Predicatori. All&#039;interno dell&#039;R&amp;B, struttura riservata esclusivamente agli adulti (et\u00e0 minima 14 anni), si trovano sei camere distribuite su due piani e una suite mansardata, da cui ampie finestre si gode di una splendida vista sulla chiesa. L&#039;atmosfera \u00e8 un perfetto equilibrio tra storia e design . Tutte le camere dispongono di bagno privato , aria condizionata , TV a schermo piatto , bollitore e frigorifero . La suite include anche un angolo cottura e una terrazza con una vista molto suggestiva. Presso l&#039;R&amp;B potrete gustare una deliziosa colazione con un&#039;ampia scelta. I nostri partner e prodotti selezionati Da SANDOMENICO, ogni dettaglio \u00e8 stato accuratamente selezionato per riflettere un&#039;estetica raffinata e contemporanea. I nostri spazi sono arricchiti da pezzi di design che coniugano bellezza, funzionalit\u00e0 e stile senza tempo . Stoviglie, bicchieri e tazze da caff\u00e8 sono disegnati da Piet Boon e Vincent Van Duysen , mentre le posate portano la firma di Sergio Herman . Lampade e vasi decorativi di Marie Michielssen aggiungono calore e carattere, insieme a vasi iconici di Gaetano Pesce e Bela Silva . L&#039;ambiente \u00e8 ulteriormente impreziosito da sculture in metallo di Antonino Sciortino ed eleganti accessori da tavola di Ann Demeulemeester . Il comfort \u00e8 fondamentale: i nostri letti sono dotati di materassi e cuscini Simmons , rivestiti con la pregiata biancheria Frette . L&#039;atmosfera \u00e8 completata dalle fragranze per ambienti Dr. Vranjes , dalle lampade Flos e da un&#039;iconica poltrona di Philippe Starck . Tutti gli armadi sono realizzati su misura da Rimadesio , coniugando eleganza minimalista e maestria artigianale.    bed and breakfast, room and breakfast, soggiorno di lusso, ospitalit\u00e0 di charme, struttura per adulti, camere di alta qualit\u00e0, suite mansardata, centro storico, edificio storico, design contemporaneo, interior design, atmosfera raffinata, comfort, colazione, colazione inclusa, bagno privato, aria condizionata, TV a schermo piatto, bollitore, frigorifero, angolo cottura, terrazza, vista panoramica, soggiorno esclusivo, esperienza autentica, esperienze culturali, visite guidate, tour esclusivi, monumenti storici, patrimonio culturale, mosaici, arte musiva, degustazioni enogastronomiche, itinerari culturali, turismo culturale, turismo esperienziale, vacanza culturale, soggiorno romantico, ospitalit\u00e0 elegante, arredamento di design, design italiano, estetica contemporanea, stile senza tempo, arredamento su misura, materiali pregiati, biancheria di lusso, materassi di qualit\u00e0, cuscini di qualit\u00e0, comfort premium, atmosfera accogliente, eleganza minimalista, artigianato, accessori di design, illuminazione di design, dettagli ricercati, ospitalit\u00e0 esclusiva, soggiorno memorabile, struttura di charme, hotel bed and breakfast Ravenna, room and breakfast Ravenna, soggiorno di lusso Ravenna, ospitalit\u00e0 di charme Ravenna, struttura per adulti Ravenna, camere di alta qualit\u00e0 Ravenna, suite mansardata Ravenna, centro storico Ravenna, edificio storico Ravenna, design contemporaneo Ravenna, interior design Ravenna, atmosfera raffinata Ravenna, comfort Ravenna, colazione Ravenna, colazione inclusa Ravenna, bagno privato Ravenna, aria condizionata Ravenna, TV a schermo piatto Ravenna, bollitore Ravenna, frigorifero Ravenna, angolo cottura Ravenna, terrazza Ravenna, vista panoramica Ravenna, soggiorno esclusivo Ravenna, esperienza autentica Ravenna, esperienze culturali Ravenna, visite guidate Ravenna, tour esclusivi Ravenna, monumenti storici Ravenna, patrimonio culturale Ravenna, mosaici Ravenna, arte musiva Ravenna, degustazioni enogastronomiche Ravenna, itinerari culturali Ravenna, turismo culturale Ravenna, turismo esperienziale Ravenna, vacanza culturale Ravenna, soggiorno romantico Ravenna, ospitalit\u00e0 elegante Ravenna, arredamento di design Ravenna, design italiano Ravenna, estetica contemporanea Ravenna, stile senza tempo Ravenna, arredamento su misura Ravenna, materiali pregiati Ravenna, biancheria di lusso Ravenna, materassi di qualit\u00e0 Ravenna, cuscini di qualit\u00e0 Ravenna, comfort premium Ravenna, atmosfera accogliente Ravenna, eleganza minimalista Ravenna, artigianato Ravenna, accessori di design Ravenna, illuminazione di design Ravenna, dettagli ricercati Ravenna, ospitalit\u00e0 esclusiva Ravenna, soggiorno memorabile Ravenna, struttura di charme Ravenna, hotel Ravenna.\" \/>\n<meta property=\"og:url\" content=\"https:\/\/convenzioni.cralnetwork.it\/pubblicidipendenti\/prodotto\/san-domenico-rb\/\" \/>\n<meta property=\"og:site_name\" content=\"Pubblici Dipendenti\" \/>\n<meta property=\"article:modified_time\" content=\"2026-08-28T12:46:21+00:00\" \/>\n<meta property=\"og:image\" content=\"https:\/\/convenzioni.cralnetwork.it\/pubblicidipendenti\/wp-content\/uploads\/sites\/8\/2026\/08\/logo_sandomenico.png\" \/>\n\t<meta property=\"og:image:width\" content=\"300\" \/>\n\t<meta property=\"og:image:height\" content=\"300\" \/>\n\t<meta property=\"og:image:type\" content=\"image\/png\" \/>\n<meta name=\"twitter:card\" content=\"summary_large_image\" \/>\n<meta name=\"twitter:label1\" content=\"Tempo di lettura stimato\" \/>\n\t<meta name=\"twitter:data1\" content=\"6 minuti\" \/>\n<script type=\"application\/ld+json\" class=\"yoast-schema-graph\">{\"@context\":\"https:\/\/schema.org\",\"@graph\":[{\"@type\":\"WebPage\",\"@id\":\"https:\/\/convenzioni.cralnetwork.it\/pubblicidipendenti\/prodotto\/san-domenico-rb\/\",\"url\":\"https:\/\/convenzioni.cralnetwork.it\/pubblicidipendenti\/prodotto\/san-domenico-rb\/\",\"name\":\"San Domenico R&B - Pubblici Dipendenti\",\"isPartOf\":{\"@id\":\"https:\/\/convenzioni.cralnetwork.it\/pubblicidipendenti\/#website\"},\"primaryImageOfPage\":{\"@id\":\"https:\/\/convenzioni.cralnetwork.it\/pubblicidipendenti\/prodotto\/san-domenico-rb\/#primaryimage\"},\"image\":{\"@id\":\"https:\/\/convenzioni.cralnetwork.it\/pubblicidipendenti\/prodotto\/san-domenico-rb\/#primaryimage\"},\"thumbnailUrl\":\"https:\/\/convenzioni.cralnetwork.it\/pubblicidipendenti\/wp-content\/uploads\/sites\/8\/2026\/08\/logo_sandomenico.png\",\"datePublished\":\"2026-08-28T10:21:37+00:00\",\"dateModified\":\"2026-08-28T12:46:21+00:00\",\"breadcrumb\":{\"@id\":\"https:\/\/convenzioni.cralnetwork.it\/pubblicidipendenti\/prodotto\/san-domenico-rb\/#breadcrumb\"},\"inLanguage\":\"it-IT\",\"potentialAction\":[{\"@type\":\"ReadAction\",\"target\":[\"https:\/\/convenzioni.cralnetwork.it\/pubblicidipendenti\/prodotto\/san-domenico-rb\/\"]}]},{\"@type\":\"ImageObject\",\"inLanguage\":\"it-IT\",\"@id\":\"https:\/\/convenzioni.cralnetwork.it\/pubblicidipendenti\/prodotto\/san-domenico-rb\/#primaryimage\",\"url\":\"https:\/\/convenzioni.cralnetwork.it\/pubblicidipendenti\/wp-content\/uploads\/sites\/8\/2026\/08\/logo_sandomenico.png\",\"contentUrl\":\"https:\/\/convenzioni.cralnetwork.it\/pubblicidipendenti\/wp-content\/uploads\/sites\/8\/2026\/08\/logo_sandomenico.png\",\"width\":300,\"height\":300},{\"@type\":\"BreadcrumbList\",\"@id\":\"https:\/\/convenzioni.cralnetwork.it\/pubblicidipendenti\/prodotto\/san-domenico-rb\/#breadcrumb\",\"itemListElement\":[{\"@type\":\"ListItem\",\"position\":1,\"name\":\"Home\",\"item\":\"https:\/\/convenzioni.cralnetwork.it\/pubblicidipendenti\/\"},{\"@type\":\"ListItem\",\"position\":2,\"name\":\"Shop\",\"item\":\"https:\/\/convenzioni.cralnetwork.it\/pubblicidipendenti\/negozio\/\"},{\"@type\":\"ListItem\",\"position\":3,\"name\":\"San Domenico R&#038;B\"}]},{\"@type\":\"WebSite\",\"@id\":\"https:\/\/convenzioni.cralnetwork.it\/pubblicidipendenti\/#website\",\"url\":\"https:\/\/convenzioni.cralnetwork.it\/pubblicidipendenti\/\",\"name\":\"Pubblici Dipendenti\",\"description\":\"Area Convenzioni\",\"potentialAction\":[{\"@type\":\"SearchAction\",\"target\":{\"@type\":\"EntryPoint\",\"urlTemplate\":\"https:\/\/convenzioni.cralnetwork.it\/pubblicidipendenti\/?s={search_term_string}\"},\"query-input\":{\"@type\":\"PropertyValueSpecification\",\"valueRequired\":true,\"valueName\":\"search_term_string\"}}],\"inLanguage\":\"it-IT\"}]}<\/script>\n<!-- \/ Yoast SEO plugin. -->","yoast_head_json":{"title":"San Domenico R&B - Pubblici Dipendenti","robots":{"index":"index","follow":"follow","max-snippet":"max-snippet:-1","max-image-preview":"max-image-preview:large","max-video-preview":"max-video-preview:-1"},"canonical":"https:\/\/convenzioni.cralnetwork.it\/pubblicidipendenti\/prodotto\/san-domenico-rb\/","og_locale":"it_IT","og_type":"article","og_title":"San Domenico R&B - Pubblici Dipendenti","og_description":"CAMERA E COLAZIONE SAN DOMENICO Rilassati nel nostro R&B Un lussuoso Room & Breakfast dove frammenti storici incontrano un gusto contemporaneo. Famosa in tutto il mondo per i suoi tesori artistici, Ravenna conserva il pi\u00f9 grande patrimonio musivo risalente al periodo compreso tra il V e il VI secolo d.C., che adorna monumenti paleocristiani e bizantini dichiarati Patrimonio Mondiale dell'UNESCO. Otto monumenti UNESCO testimoniano la grandezza di Ravenna nel corso dei secoli. Rendi il tuo soggiorno al SANDOMENICO ancora pi\u00f9 memorabile scoprendo una selezione di tour esclusivi ed esperienze locali autentiche, dalle visite guidate agli iconici mosaici e ai monumenti storici di Ravenna alle degustazioni enogastronomiche e agli itinerari culturali. Sfoglia e prenota facilmente le attivit\u00e0 che preferisci in pochi clic utilizzando il pulsante qui sotto. L'ANDOMENICO Room & Breakfast offre sistemazioni di alta qualit\u00e0 nel centro storico di Ravenna, a 400 metri da San Vitale. L'edificio si trova accanto alla Chiesa di San Domenico , uno degli edifici pi\u00f9 imponenti di Ravenna. Come il nome stesso suggerisce, la chiesa \u00e8 consacrata a Domenico di Guzm\u00e1n, fondatore spagnolo dell'Ordine Domenicano dei Predicatori. All'interno dell'R&B, struttura riservata esclusivamente agli adulti (et\u00e0 minima 14 anni), si trovano sei camere distribuite su due piani e una suite mansardata, da cui ampie finestre si gode di una splendida vista sulla chiesa. L'atmosfera \u00e8 un perfetto equilibrio tra storia e design . Tutte le camere dispongono di bagno privato , aria condizionata , TV a schermo piatto , bollitore e frigorifero . La suite include anche un angolo cottura e una terrazza con una vista molto suggestiva. Presso l'R&B potrete gustare una deliziosa colazione con un'ampia scelta. I nostri partner e prodotti selezionati Da SANDOMENICO, ogni dettaglio \u00e8 stato accuratamente selezionato per riflettere un'estetica raffinata e contemporanea. I nostri spazi sono arricchiti da pezzi di design che coniugano bellezza, funzionalit\u00e0 e stile senza tempo . Stoviglie, bicchieri e tazze da caff\u00e8 sono disegnati da Piet Boon e Vincent Van Duysen , mentre le posate portano la firma di Sergio Herman . Lampade e vasi decorativi di Marie Michielssen aggiungono calore e carattere, insieme a vasi iconici di Gaetano Pesce e Bela Silva . L'ambiente \u00e8 ulteriormente impreziosito da sculture in metallo di Antonino Sciortino ed eleganti accessori da tavola di Ann Demeulemeester . Il comfort \u00e8 fondamentale: i nostri letti sono dotati di materassi e cuscini Simmons , rivestiti con la pregiata biancheria Frette . L'atmosfera \u00e8 completata dalle fragranze per ambienti Dr. Vranjes , dalle lampade Flos e da un'iconica poltrona di Philippe Starck . Tutti gli armadi sono realizzati su misura da Rimadesio , coniugando eleganza minimalista e maestria artigianale.    bed and breakfast, room and breakfast, soggiorno di lusso, ospitalit\u00e0 di charme, struttura per adulti, camere di alta qualit\u00e0, suite mansardata, centro storico, edificio storico, design contemporaneo, interior design, atmosfera raffinata, comfort, colazione, colazione inclusa, bagno privato, aria condizionata, TV a schermo piatto, bollitore, frigorifero, angolo cottura, terrazza, vista panoramica, soggiorno esclusivo, esperienza autentica, esperienze culturali, visite guidate, tour esclusivi, monumenti storici, patrimonio culturale, mosaici, arte musiva, degustazioni enogastronomiche, itinerari culturali, turismo culturale, turismo esperienziale, vacanza culturale, soggiorno romantico, ospitalit\u00e0 elegante, arredamento di design, design italiano, estetica contemporanea, stile senza tempo, arredamento su misura, materiali pregiati, biancheria di lusso, materassi di qualit\u00e0, cuscini di qualit\u00e0, comfort premium, atmosfera accogliente, eleganza minimalista, artigianato, accessori di design, illuminazione di design, dettagli ricercati, ospitalit\u00e0 esclusiva, soggiorno memorabile, struttura di charme, hotel bed and breakfast Ravenna, room and breakfast Ravenna, soggiorno di lusso Ravenna, ospitalit\u00e0 di charme Ravenna, struttura per adulti Ravenna, camere di alta qualit\u00e0 Ravenna, suite mansardata Ravenna, centro storico Ravenna, edificio storico Ravenna, design contemporaneo Ravenna, interior design Ravenna, atmosfera raffinata Ravenna, comfort Ravenna, colazione Ravenna, colazione inclusa Ravenna, bagno privato Ravenna, aria condizionata Ravenna, TV a schermo piatto Ravenna, bollitore Ravenna, frigorifero Ravenna, angolo cottura Ravenna, terrazza Ravenna, vista panoramica Ravenna, soggiorno esclusivo Ravenna, esperienza autentica Ravenna, esperienze culturali Ravenna, visite guidate Ravenna, tour esclusivi Ravenna, monumenti storici Ravenna, patrimonio culturale Ravenna, mosaici Ravenna, arte musiva Ravenna, degustazioni enogastronomiche Ravenna, itinerari culturali Ravenna, turismo culturale Ravenna, turismo esperienziale Ravenna, vacanza culturale Ravenna, soggiorno romantico Ravenna, ospitalit\u00e0 elegante Ravenna, arredamento di design Ravenna, design italiano Ravenna, estetica contemporanea Ravenna, stile senza tempo Ravenna, arredamento su misura Ravenna, materiali pregiati Ravenna, biancheria di lusso Ravenna, materassi di qualit\u00e0 Ravenna, cuscini di qualit\u00e0 Ravenna, comfort premium Ravenna, atmosfera accogliente Ravenna, eleganza minimalista Ravenna, artigianato Ravenna, accessori di design Ravenna, illuminazione di design Ravenna, dettagli ricercati Ravenna, ospitalit\u00e0 esclusiva Ravenna, soggiorno memorabile Ravenna, struttura di charme Ravenna, hotel Ravenna.","og_url":"https:\/\/convenzioni.cralnetwork.it\/pubblicidipendenti\/prodotto\/san-domenico-rb\/","og_site_name":"Pubblici Dipendenti","article_modified_time":"2026-08-28T12:46:21+00:00","og_image":[{"width":300,"height":300,"url":"https:\/\/convenzioni.cralnetwork.it\/pubblicidipendenti\/wp-content\/uploads\/sites\/8\/2026\/08\/logo_sandomenico.png","type":"image\/png"}],"twitter_card":"summary_large_image","twitter_misc":{"Tempo di lettura stimato":"6 minuti"},"schema":{"@context":"https:\/\/schema.org","@graph":[{"@type":"WebPage","@id":"https:\/\/convenzioni.cralnetwork.it\/pubblicidipendenti\/prodotto\/san-domenico-rb\/","url":"https:\/\/convenzioni.cralnetwork.it\/pubblicidipendenti\/prodotto\/san-domenico-rb\/","name":"San Domenico R&B - Pubblici Dipendenti","isPartOf":{"@id":"https:\/\/convenzioni.cralnetwork.it\/pubblicidipendenti\/#website"},"primaryImageOfPage":{"@id":"https:\/\/convenzioni.cralnetwork.it\/pubblicidipendenti\/prodotto\/san-domenico-rb\/#primaryimage"},"image":{"@id":"https:\/\/convenzioni.cralnetwork.it\/pubblicidipendenti\/prodotto\/san-domenico-rb\/#primaryimage"},"thumbnailUrl":"https:\/\/convenzioni.cralnetwork.it\/pubblicidipendenti\/wp-content\/uploads\/sites\/8\/2026\/08\/logo_sandomenico.png","datePublished":"2026-08-28T10:21:37+00:00","dateModified":"2026-08-28T12:46:21+00:00","breadcrumb":{"@id":"https:\/\/convenzioni.cralnetwork.it\/pubblicidipendenti\/prodotto\/san-domenico-rb\/#breadcrumb"},"inLanguage":"it-IT","potentialAction":[{"@type":"ReadAction","target":["https:\/\/convenzioni.cralnetwork.it\/pubblicidipendenti\/prodotto\/san-domenico-rb\/"]}]},{"@type":"ImageObject","inLanguage":"it-IT","@id":"https:\/\/convenzioni.cralnetwork.it\/pubblicidipendenti\/prodotto\/san-domenico-rb\/#primaryimage","url":"https:\/\/convenzioni.cralnetwork.it\/pubblicidipendenti\/wp-content\/uploads\/sites\/8\/2026\/08\/logo_sandomenico.png","contentUrl":"https:\/\/convenzioni.cralnetwork.it\/pubblicidipendenti\/wp-content\/uploads\/sites\/8\/2026\/08\/logo_sandomenico.png","width":300,"height":300},{"@type":"BreadcrumbList","@id":"https:\/\/convenzioni.cralnetwork.it\/pubblicidipendenti\/prodotto\/san-domenico-rb\/#breadcrumb","itemListElement":[{"@type":"ListItem","position":1,"name":"Home","item":"https:\/\/convenzioni.cralnetwork.it\/pubblicidipendenti\/"},{"@type":"ListItem","position":2,"name":"Shop","item":"https:\/\/convenzioni.cralnetwork.it\/pubblicidipendenti\/negozio\/"},{"@type":"ListItem","position":3,"name":"San Domenico R&#038;B"}]},{"@type":"WebSite","@id":"https:\/\/convenzioni.cralnetwork.it\/pubblicidipendenti\/#website","url":"https:\/\/convenzioni.cralnetwork.it\/pubblicidipendenti\/","name":"Pubblici Dipendenti","description":"Area Convenzioni","potentialAction":[{"@type":"SearchAction","target":{"@type":"EntryPoint","urlTemplate":"https:\/\/convenzioni.cralnetwork.it\/pubblicidipendenti\/?s={search_term_string}"},"query-input":{"@type":"PropertyValueSpecification","valueRequired":true,"valueName":"search_term_string"}}],"inLanguage":"it-IT"}]}},"publishpress_future_workflow_manual_trigger":{"enabledWorkflows":[]},"_links":{"self":[{"href":"https:\/\/convenzioni.cralnetwork.it\/pubblicidipendenti\/wp-json\/wp\/v2\/product\/81513","targetHints":{"allow":["GET"]}}],"collection":[{"href":"https:\/\/convenzioni.cralnetwork.it\/pubblicidipendenti\/wp-json\/wp\/v2\/product"}],"about":[{"href":"https:\/\/convenzioni.cralnetwork.it\/pubblicidipendenti\/wp-json\/wp\/v2\/types\/product"}],"replies":[{"embeddable":true,"href":"https:\/\/convenzioni.cralnetwork.it\/pubblicidipendenti\/wp-json\/wp\/v2\/comments?post=81513"}],"version-history":[{"count":5,"href":"https:\/\/convenzioni.cralnetwork.it\/pubblicidipendenti\/wp-json\/wp\/v2\/product\/81513\/revisions"}],"predecessor-version":[{"id":81559,"href":"https:\/\/convenzioni.cralnetwork.it\/pubblicidipendenti\/wp-json\/wp\/v2\/product\/81513\/revisions\/81559"}],"wp:featuredmedia":[{"embeddable":true,"href":"https:\/\/convenzioni.cralnetwork.it\/pubblicidipendenti\/wp-json\/wp\/v2\/media\/81514"}],"wp:attachment":[{"href":"https:\/\/convenzioni.cralnetwork.it\/pubblicidipendenti\/wp-json\/wp\/v2\/media?parent=81513"}],"wp:term":[{"taxonomy":"product_brand","embeddable":true,"href":"https:\/\/convenzioni.cralnetwork.it\/pubblicidipendenti\/wp-json\/wp\/v2\/product_brand?post=81513"},{"taxonomy":"product_cat","embeddable":true,"href":"https:\/\/convenzioni.cralnetwork.it\/pubblicidipendenti\/wp-json\/wp\/v2\/product_cat?post=81513"},{"taxonomy":"product_tag","embeddable":true,"href":"https:\/\/convenzioni.cralnetwork.it\/pubblicidipendenti\/wp-json\/wp\/v2\/product_tag?post=81513"}],"curies":[{"name":"wp","href":"https:\/\/api.w.org\/{rel}","templated":true}]}}