{"id":349891,"date":"2024-11-08T10:48:20","date_gmt":"2024-11-08T09:48:20","guid":{"rendered":"https:\/\/convenzioni.cralnetwork.it\/cralpolizia\/?post_type=product&#038;p=349891"},"modified":"2024-11-12T16:01:26","modified_gmt":"2024-11-12T15:01:26","slug":"studio-legale-exedra","status":"publish","type":"product","link":"https:\/\/convenzioni.cralnetwork.it\/cralpolizia\/prodotto\/studio-legale-exedra\/","title":{"rendered":"Studio Legale Exedra"},"content":{"rendered":"\t\t<div data-elementor-type=\"wp-post\" data-elementor-id=\"349891\" class=\"elementor elementor-349891\">\n\t\t\t\t<div class=\"elementor-element elementor-element-e849dc9 e-flex e-con-boxed wpr-particle-no wpr-jarallax-no wpr-parallax-no wpr-sticky-section-no e-con e-parent\" data-id=\"e849dc9\" data-element_type=\"container\" data-settings=\"{&quot;background_background&quot;:&quot;classic&quot;}\">\n\t\t\t\t\t<div class=\"e-con-inner\">\n\t\t<div class=\"elementor-element elementor-element-ffdb6e2 e-con-full e-flex wpr-particle-no wpr-jarallax-no wpr-parallax-no wpr-sticky-section-no e-con e-child\" data-id=\"ffdb6e2\" data-element_type=\"container\">\n\t\t\t\t<div class=\"elementor-element elementor-element-57a14a2 elementor-widget__width-inherit elementor-widget elementor-widget-image\" data-id=\"57a14a2\" data-element_type=\"widget\" data-widget_type=\"image.default\">\n\t\t\t\t<div class=\"elementor-widget-container\">\n\t\t\t\t\t\t\t\t\t\t\t\t\t\t\t<img fetchpriority=\"high\" fetchpriority=\"high\" decoding=\"async\" width=\"800\" height=\"905\" src=\"https:\/\/convenzioni.cralnetwork.it\/cralpolizia\/wp-content\/uploads\/sites\/35\/2024\/11\/law-firm-02.jpg\" class=\"attachment-full size-full wp-image-349896\" alt=\"\" srcset=\"https:\/\/convenzioni.cralnetwork.it\/cralpolizia\/wp-content\/uploads\/sites\/35\/2024\/11\/law-firm-02.jpg 800w, https:\/\/convenzioni.cralnetwork.it\/cralpolizia\/wp-content\/uploads\/sites\/35\/2024\/11\/law-firm-02-480x543.jpg 480w\" sizes=\"(min-width: 0px) and (max-width: 480px) 480px, (min-width: 481px) 800px, 100vw\" \/>\t\t\t\t\t\t\t\t\t\t\t\t\t\t\t<\/div>\n\t\t\t\t<\/div>\n\t\t\t\t<\/div>\n\t\t<div class=\"elementor-element elementor-element-7a14834 e-con-full e-flex wpr-particle-no wpr-jarallax-no wpr-parallax-no wpr-sticky-section-no e-con e-child\" data-id=\"7a14834\" data-element_type=\"container\">\n\t\t\t\t<div class=\"elementor-element elementor-element-a2e516b elementor-widget__width-initial elementor-widget elementor-widget-image\" data-id=\"a2e516b\" data-element_type=\"widget\" data-widget_type=\"image.default\">\n\t\t\t\t<div class=\"elementor-widget-container\">\n\t\t\t\t\t\t\t\t\t\t\t\t\t\t\t<img decoding=\"async\" width=\"2560\" height=\"2216\" src=\"https:\/\/convenzioni.cralnetwork.it\/cralpolizia\/wp-content\/uploads\/sites\/35\/2024\/11\/Exedra_bc.png\" class=\"attachment-full size-full wp-image-349898\" alt=\"\" srcset=\"https:\/\/convenzioni.cralnetwork.it\/cralpolizia\/wp-content\/uploads\/sites\/35\/2024\/11\/Exedra_bc.png 2560w, https:\/\/convenzioni.cralnetwork.it\/cralpolizia\/wp-content\/uploads\/sites\/35\/2024\/11\/Exedra_bc-1280x1108.png 1280w, https:\/\/convenzioni.cralnetwork.it\/cralpolizia\/wp-content\/uploads\/sites\/35\/2024\/11\/Exedra_bc-980x848.png 980w, https:\/\/convenzioni.cralnetwork.it\/cralpolizia\/wp-content\/uploads\/sites\/35\/2024\/11\/Exedra_bc-480x416.png 480w\" sizes=\"(min-width: 0px) and (max-width: 480px) 480px, (min-width: 481px) and (max-width: 980px) 980px, (min-width: 981px) and (max-width: 1280px) 1280px, (min-width: 1281px) 2560px, 100vw\" \/>\t\t\t\t\t\t\t\t\t\t\t\t\t\t\t<\/div>\n\t\t\t\t<\/div>\n\t\t\t\t<\/div>\n\t\t\t\t\t<\/div>\n\t\t\t\t<\/div>\n\t\t<div class=\"elementor-element elementor-element-1076d62 elementor-hidden-desktop e-flex e-con-boxed wpr-particle-no wpr-jarallax-no wpr-parallax-no wpr-sticky-section-no e-con e-parent\" data-id=\"1076d62\" data-element_type=\"container\">\n\t\t\t\t\t<div class=\"e-con-inner\">\n\t\t<div class=\"elementor-element elementor-element-d420669 e-flex e-con-boxed wpr-particle-no wpr-jarallax-no wpr-parallax-no wpr-sticky-section-no e-con e-child\" data-id=\"d420669\" data-element_type=\"container\">\n\t\t\t\t\t<div class=\"e-con-inner\">\n\t\t\t\t<div class=\"elementor-element elementor-element-65178c8 elementor-widget elementor-widget-text-editor\" data-id=\"65178c8\" data-element_type=\"widget\" data-widget_type=\"text-editor.default\">\n\t\t\t\t<div class=\"elementor-widget-container\">\n\t\t\t\t\t\t\t\t\t<p>Presentazione dello Studio<\/p>\t\t\t\t\t\t\t\t<\/div>\n\t\t\t\t<\/div>\n\t\t\t\t<div class=\"elementor-element elementor-element-c56a470 elementor-widget elementor-widget-text-editor\" data-id=\"c56a470\" data-element_type=\"widget\" data-widget_type=\"text-editor.default\">\n\t\t\t\t<div class=\"elementor-widget-container\">\n\t\t\t\t\t\t\t\t\t<p>Lo Studio Legale Exedra costituisce l\u2019evoluzione naturale di anni di collaborazione fra numerosi professionisti che nel corso del tempo hanno maturato una profonda e specializzata esperienza nei rispettivi settori di competenza a livello nazionale ed internazionale.<br \/>Costituito da un solido gruppo di Professionisti &#8211; tra cui Architetti, Geometri, Notai e Commercialisti &#8211; garantisce assistenza e consulenza altamente qualificata in tutti i settori del diritto e dell\u2019economia, distinguendosi per la propria abilit\u00e0 nella gestione di situazioni giuridiche complesse.<\/p><p>Lo Studio Legale Associato Exedra nasce dalla consapevolezza e necessit\u00e0 di rispondere alle sempre pi\u00f9 numerose esigenze della clientela, che richiede oramai un sostegno continuo e completo non pi\u00f9 legato alle sole sfere tradizionali del diritto.<br \/>Lo Studio fornisce assistenza professionale a 360 gradi ad imprese, enti pubblici e privati cittadini in tutti i settori del diritto civile e penale.<\/p>\t\t\t\t\t\t\t\t<\/div>\n\t\t\t\t<\/div>\n\t\t\t\t<div class=\"elementor-element elementor-element-d9a7255 elementor-widget-divider--view-line elementor-widget elementor-widget-divider\" data-id=\"d9a7255\" data-element_type=\"widget\" data-widget_type=\"divider.default\">\n\t\t\t\t<div class=\"elementor-widget-container\">\n\t\t\t\t\t\t\t<div class=\"elementor-divider\">\n\t\t\t<span class=\"elementor-divider-separator\">\n\t\t\t\t\t\t<\/span>\n\t\t<\/div>\n\t\t\t\t\t\t<\/div>\n\t\t\t\t<\/div>\n\t\t\t\t<div class=\"elementor-element elementor-element-2d98ac8 elementor-widget elementor-widget-text-editor\" data-id=\"2d98ac8\" data-element_type=\"widget\" data-widget_type=\"text-editor.default\">\n\t\t\t\t<div class=\"elementor-widget-container\">\n\t\t\t\t\t\t\t\t\t<p>Aree di specializzazione<\/p>\t\t\t\t\t\t\t\t<\/div>\n\t\t\t\t<\/div>\n\t\t\t\t<div class=\"elementor-element elementor-element-786a1e2 elementor-widget elementor-widget-text-editor\" data-id=\"786a1e2\" data-element_type=\"widget\" data-widget_type=\"text-editor.default\">\n\t\t\t\t<div class=\"elementor-widget-container\">\n\t\t\t\t\t\t\t\t\t<p>\u2022 Diritto delle successioni<br \/>\u2022 Diritto di famiglia e testamentario<br \/>\u2022 Invalidit\u00e0 INPS e INAIL<br \/>\u2022 Diritto immobiliare<br \/>\u2022 Risarcimento danni infortuni, da circolazione e responsabilit\u00e0 professionale<br \/>\u2022 Marchi e brevetti, propriet\u00e0 intellettuale<br \/>\u2022 Diritto condominiale<br \/>\u2022 Diritto penale<br \/>\u2022 Recupero crediti<\/p>\t\t\t\t\t\t\t\t<\/div>\n\t\t\t\t<\/div>\n\t\t\t\t\t<\/div>\n\t\t\t\t<\/div>\n\t\t<div class=\"elementor-element elementor-element-27604e4 e-flex e-con-boxed wpr-particle-no wpr-jarallax-no wpr-parallax-no wpr-sticky-section-no e-con e-child\" data-id=\"27604e4\" data-element_type=\"container\" data-settings=\"{&quot;background_background&quot;:&quot;classic&quot;}\">\n\t\t\t\t\t<div class=\"e-con-inner\">\n\t\t\t\t<div class=\"elementor-element elementor-element-9d96691 elementor-widget__width-inherit elementor-widget-tablet__width-inherit elementor-widget elementor-widget-image\" data-id=\"9d96691\" data-element_type=\"widget\" data-widget_type=\"image.default\">\n\t\t\t\t<div class=\"elementor-widget-container\">\n\t\t\t\t\t\t\t\t\t\t\t\t\t\t\t<img decoding=\"async\" width=\"622\" height=\"698\" src=\"https:\/\/convenzioni.cralnetwork.it\/cralpolizia\/wp-content\/uploads\/sites\/35\/2024\/11\/foto-giovanni-tosti-croce.png\" class=\"attachment-full size-full wp-image-349895\" alt=\"\" srcset=\"https:\/\/convenzioni.cralnetwork.it\/cralpolizia\/wp-content\/uploads\/sites\/35\/2024\/11\/foto-giovanni-tosti-croce.png 622w, https:\/\/convenzioni.cralnetwork.it\/cralpolizia\/wp-content\/uploads\/sites\/35\/2024\/11\/foto-giovanni-tosti-croce-480x539.png 480w\" sizes=\"(min-width: 0px) and (max-width: 480px) 480px, (min-width: 481px) 622px, 100vw\" \/>\t\t\t\t\t\t\t\t\t\t\t\t\t\t\t<\/div>\n\t\t\t\t<\/div>\n\t\t\t\t<div class=\"elementor-element elementor-element-e367e5a elementor-widget elementor-widget-text-editor\" data-id=\"e367e5a\" data-element_type=\"widget\" data-widget_type=\"text-editor.default\">\n\t\t\t\t<div class=\"elementor-widget-container\">\n\t\t\t\t\t\t\t\t\t<p>Titoli e formazione Avv. Tosti Croce<\/p>\t\t\t\t\t\t\t\t<\/div>\n\t\t\t\t<\/div>\n\t\t\t\t<div class=\"elementor-element elementor-element-78110e0 elementor-widget elementor-widget-text-editor\" data-id=\"78110e0\" data-element_type=\"widget\" data-widget_type=\"text-editor.default\">\n\t\t\t\t<div class=\"elementor-widget-container\">\n\t\t\t\t\t\t\t\t\t<p>2023 | Master Luiss di II\u00b0 livello &#8220;Diritto della concorrenza e dell&#8217;innovazione&#8221;<br \/>2022 | Master Treccani &#8220;Diritto e fiscalit\u00e0 nel mercato dell&#8217;arte&#8221;<br \/>2021 | Master \u2018Il Sole 24 Ore\u2019 \u201cDiritto del Lavoro e Relazioni sindacali\u201d<br \/>2022 | Master \u2018Il Sole 24 Ore\u2019 \u201cTutela e trasmissione dei patrimoni\u201d<br \/>2019 | \u201cCorso di alta formazione in diritto di famiglia e minorile\u201d tenuto da A.I.D.I.F.<br \/>2017 | \u201cCorso di alta formazione in Diritto e contenzioso bancario e finanziario\u201d tenuto da Altalex<\/p>\t\t\t\t\t\t\t\t<\/div>\n\t\t\t\t<\/div>\n\t\t\t\t\t<\/div>\n\t\t\t\t<\/div>\n\t\t\t\t\t<\/div>\n\t\t\t\t<\/div>\n\t\t<div class=\"elementor-element elementor-element-c793a71 elementor-hidden-tablet elementor-hidden-mobile e-flex e-con-boxed wpr-particle-no wpr-jarallax-no wpr-parallax-no wpr-sticky-section-no e-con e-parent\" data-id=\"c793a71\" data-element_type=\"container\">\n\t\t\t\t\t<div class=\"e-con-inner\">\n\t\t<div class=\"elementor-element elementor-element-4f9805b e-con-full e-flex wpr-particle-no wpr-jarallax-no wpr-parallax-no wpr-sticky-section-no e-con e-child\" data-id=\"4f9805b\" data-element_type=\"container\">\n\t\t\t\t<div class=\"elementor-element elementor-element-c73fde9 elementor-widget elementor-widget-text-editor\" data-id=\"c73fde9\" data-element_type=\"widget\" data-widget_type=\"text-editor.default\">\n\t\t\t\t<div class=\"elementor-widget-container\">\n\t\t\t\t\t\t\t\t\t<p>Presentazione dello Studio<\/p>\t\t\t\t\t\t\t\t<\/div>\n\t\t\t\t<\/div>\n\t\t\t\t<div class=\"elementor-element elementor-element-9e13a02 elementor-widget elementor-widget-text-editor\" data-id=\"9e13a02\" data-element_type=\"widget\" data-widget_type=\"text-editor.default\">\n\t\t\t\t<div class=\"elementor-widget-container\">\n\t\t\t\t\t\t\t\t\t<p>Lo Studio Legale Exedra costituisce l\u2019evoluzione naturale di anni di collaborazione fra numerosi professionisti che nel corso del tempo hanno maturato una profonda e specializzata esperienza nei rispettivi settori di competenza a livello nazionale ed internazionale.<br \/>Costituito da un solido gruppo di Professionisti &#8211; tra cui Architetti, Geometri, Notai e Commercialisti &#8211; garantisce assistenza e consulenza altamente qualificata in tutti i settori del diritto e dell\u2019economia, distinguendosi per la propria abilit\u00e0 nella gestione di situazioni giuridiche complesse.<\/p><p>Lo Studio Legale Associato Exedra nasce dalla consapevolezza e necessit\u00e0 di rispondere alle sempre pi\u00f9 numerose esigenze della clientela, che richiede oramai un sostegno continuo e completo non pi\u00f9 legato alle sole sfere tradizionali del diritto.<br \/>Lo Studio fornisce assistenza professionale a 360 gradi ad imprese, enti pubblici e privati cittadini in tutti i settori del diritto civile e penale.<\/p>\t\t\t\t\t\t\t\t<\/div>\n\t\t\t\t<\/div>\n\t\t\t\t<div class=\"elementor-element elementor-element-ae8d61e elementor-widget-divider--view-line elementor-widget elementor-widget-divider\" data-id=\"ae8d61e\" data-element_type=\"widget\" data-widget_type=\"divider.default\">\n\t\t\t\t<div class=\"elementor-widget-container\">\n\t\t\t\t\t\t\t<div class=\"elementor-divider\">\n\t\t\t<span class=\"elementor-divider-separator\">\n\t\t\t\t\t\t<\/span>\n\t\t<\/div>\n\t\t\t\t\t\t<\/div>\n\t\t\t\t<\/div>\n\t\t\t\t<div class=\"elementor-element elementor-element-62d910a elementor-widget elementor-widget-text-editor\" data-id=\"62d910a\" data-element_type=\"widget\" data-widget_type=\"text-editor.default\">\n\t\t\t\t<div class=\"elementor-widget-container\">\n\t\t\t\t\t\t\t\t\t<p>Aree di specializzazione<\/p>\t\t\t\t\t\t\t\t<\/div>\n\t\t\t\t<\/div>\n\t\t\t\t<div class=\"elementor-element elementor-element-236791d elementor-widget elementor-widget-text-editor\" data-id=\"236791d\" data-element_type=\"widget\" data-widget_type=\"text-editor.default\">\n\t\t\t\t<div class=\"elementor-widget-container\">\n\t\t\t\t\t\t\t\t\t<p>\u2022 Diritto delle successioni<br \/>\u2022 Diritto di famiglia e testamentario<br \/>\u2022 Invalidit\u00e0 INPS e INAIL<br \/>\u2022 Diritto immobiliare<br \/>\u2022 Risarcimento danni infortuni, da circolazione e responsabilit\u00e0 professionale<br \/>\u2022 Marchi e brevetti, propriet\u00e0 intellettuale<br \/>\u2022 Diritto condominiale<br \/>\u2022 Diritto penale<br \/>\u2022 Recupero crediti<\/p>\t\t\t\t\t\t\t\t<\/div>\n\t\t\t\t<\/div>\n\t\t\t\t<\/div>\n\t\t<div class=\"elementor-element elementor-element-f463376 e-con-full e-flex wpr-particle-no wpr-jarallax-no wpr-parallax-no wpr-sticky-section-no e-con e-child\" data-id=\"f463376\" data-element_type=\"container\" data-settings=\"{&quot;background_background&quot;:&quot;classic&quot;}\">\n\t\t\t\t<div class=\"elementor-element elementor-element-4045b92 elementor-widget__width-inherit elementor-widget-tablet__width-inherit elementor-widget elementor-widget-image\" data-id=\"4045b92\" data-element_type=\"widget\" data-widget_type=\"image.default\">\n\t\t\t\t<div class=\"elementor-widget-container\">\n\t\t\t\t\t\t\t\t\t\t\t\t\t\t\t<img decoding=\"async\" width=\"622\" height=\"698\" src=\"https:\/\/convenzioni.cralnetwork.it\/cralpolizia\/wp-content\/uploads\/sites\/35\/2024\/11\/foto-giovanni-tosti-croce.png\" class=\"attachment-full size-full wp-image-349895\" alt=\"\" srcset=\"https:\/\/convenzioni.cralnetwork.it\/cralpolizia\/wp-content\/uploads\/sites\/35\/2024\/11\/foto-giovanni-tosti-croce.png 622w, https:\/\/convenzioni.cralnetwork.it\/cralpolizia\/wp-content\/uploads\/sites\/35\/2024\/11\/foto-giovanni-tosti-croce-480x539.png 480w\" sizes=\"(min-width: 0px) and (max-width: 480px) 480px, (min-width: 481px) 622px, 100vw\" \/>\t\t\t\t\t\t\t\t\t\t\t\t\t\t\t<\/div>\n\t\t\t\t<\/div>\n\t\t\t\t<div class=\"elementor-element elementor-element-bcc3901 elementor-widget elementor-widget-text-editor\" data-id=\"bcc3901\" data-element_type=\"widget\" data-widget_type=\"text-editor.default\">\n\t\t\t\t<div class=\"elementor-widget-container\">\n\t\t\t\t\t\t\t\t\t<p>Titoli e formazione Avv. Tosti Croce<\/p>\t\t\t\t\t\t\t\t<\/div>\n\t\t\t\t<\/div>\n\t\t\t\t<div class=\"elementor-element elementor-element-078281f elementor-widget elementor-widget-text-editor\" data-id=\"078281f\" data-element_type=\"widget\" data-widget_type=\"text-editor.default\">\n\t\t\t\t<div class=\"elementor-widget-container\">\n\t\t\t\t\t\t\t\t\t<p>2023 | Master Luiss di II\u00b0 livello &#8220;Diritto della concorrenza e dell&#8217;innovazione&#8221;<br \/>2022 | Master Treccani &#8220;Diritto e fiscalit\u00e0 nel mercato dell&#8217;arte&#8221;<br \/>2021 | Master \u2018Il Sole 24 Ore\u2019 \u201cDiritto del Lavoro e Relazioni sindacali\u201d<br \/>2022 | Master \u2018Il Sole 24 Ore\u2019 \u201cTutela e trasmissione dei patrimoni\u201d<br \/>2019 | \u201cCorso di alta formazione in diritto di famiglia e minorile\u201d tenuto da A.I.D.I.F.<br \/>2017 | \u201cCorso di alta formazione in Diritto e contenzioso bancario e finanziario\u201d tenuto da Altalex<\/p>\t\t\t\t\t\t\t\t<\/div>\n\t\t\t\t<\/div>\n\t\t\t\t<\/div>\n\t\t\t\t\t<\/div>\n\t\t\t\t<\/div>\n\t\t\t\t<section class=\"elementor-section elementor-top-section elementor-element elementor-element-5c6dd798 elementor-section-boxed elementor-section-height-default elementor-section-height-default wpr-particle-no wpr-jarallax-no wpr-parallax-no wpr-sticky-section-no\" data-id=\"5c6dd798\" data-element_type=\"section\" data-settings=\"{&quot;background_background&quot;:&quot;classic&quot;}\">\n\t\t\t\t\t\t<div class=\"elementor-container elementor-column-gap-default\">\n\t\t\t\t\t<div class=\"elementor-column elementor-col-100 elementor-top-column elementor-element elementor-element-cd9a57d\" data-id=\"cd9a57d\" data-element_type=\"column\">\n\t\t\t<div class=\"elementor-widget-wrap elementor-element-populated\">\n\t\t\t\t\t\t<div class=\"elementor-element elementor-element-7c499e84 elementor-widget elementor-widget-text-editor\" data-id=\"7c499e84\" data-element_type=\"widget\" data-widget_type=\"text-editor.default\">\n\t\t\t\t<div class=\"elementor-widget-container\">\n\t\t\t\t\t\t\t\t\t<p>Trattamento riservato su presentazione tessera<\/p>\t\t\t\t\t\t\t\t<\/div>\n\t\t\t\t<\/div>\n\t\t\t\t\t<\/div>\n\t\t<\/div>\n\t\t\t\t\t<\/div>\n\t\t<\/section>\n\t\t<div class=\"elementor-element elementor-element-9f29577 elementor-hidden-desktop e-flex e-con-boxed wpr-particle-no wpr-jarallax-no wpr-parallax-no wpr-sticky-section-no e-con e-parent\" data-id=\"9f29577\" data-element_type=\"container\">\n\t\t\t\t\t<div class=\"e-con-inner\">\n\t\t<div class=\"elementor-element elementor-element-295a4eb e-con-full e-flex wpr-particle-no wpr-jarallax-no wpr-parallax-no wpr-sticky-section-no e-con e-child\" data-id=\"295a4eb\" data-element_type=\"container\">\n\t\t\t\t<div class=\"elementor-element elementor-element-1886dcb elementor-widget elementor-widget-text-editor\" data-id=\"1886dcb\" data-element_type=\"widget\" data-widget_type=\"text-editor.default\">\n\t\t\t\t<div class=\"elementor-widget-container\">\n\t\t\t\t\t\t\t\t\t<p>Studio Legale Exedra<\/p>\t\t\t\t\t\t\t\t<\/div>\n\t\t\t\t<\/div>\n\t\t\t\t<div class=\"elementor-element elementor-element-f664945 elementor-widget elementor-widget-text-editor\" data-id=\"f664945\" data-element_type=\"widget\" data-widget_type=\"text-editor.default\">\n\t\t\t\t<div class=\"elementor-widget-container\">\n\t\t\t\t\t\t\t\t\t<p>Contatti<\/p>\t\t\t\t\t\t\t\t<\/div>\n\t\t\t\t<\/div>\n\t\t\t\t<div class=\"elementor-element elementor-element-b0c2913 elementor-widget elementor-widget-text-editor\" data-id=\"b0c2913\" data-element_type=\"widget\" data-widget_type=\"text-editor.default\">\n\t\t\t\t<div class=\"elementor-widget-container\">\n\t\t\t\t\t\t\t\t\t<p><span style=\"color: #333333;\">Via Fabio Massimo, 60 &#8211; 00192 Roma<\/span><br \/><span style=\"color: #333333;\">Via Ardea, 27 &#8211; 00183 Roma<\/span><\/p><p><span style=\"color: #333333;\"><strong>Tel: <\/strong>06 91132264<\/span><br \/><span style=\"color: #333333;\"><b>Cell: <\/b>340 5292985<\/span><br \/><span style=\"color: #333333;\"><strong>Mail:<\/strong> <a style=\"color: #333333;\" href=\"mailto:gtosticroce@exedra.legal\">gtosticroce@exedra.legal<\/a><\/span><br \/><span style=\"color: #333333;\"><strong>Mail: <\/strong><a style=\"color: #333333;\" href=\"mailto:segreteria@exedra.legal\">segreteria@exedra.legal<\/a><\/span><br \/><span style=\"color: #333333;\"><strong>Pec:<\/strong> <a style=\"color: #333333;\" href=\"mailto:giovannitosticroce@ordineavvocatiroma.org\">giovannitosticroce@ordineavvocatiroma.org<\/a><\/span><br \/><span style=\"color: #333333;\"><strong>Sito web:<\/strong><a style=\"color: #333333;\" href=\"https:\/\/www.exedra.legal\/\"> www.exedra.legal<\/a><\/span><\/p>\t\t\t\t\t\t\t\t<\/div>\n\t\t\t\t<\/div>\n\t\t\t\t<div class=\"elementor-element elementor-element-5067b12 elementor-widget elementor-widget-text-editor\" data-id=\"5067b12\" data-element_type=\"widget\" data-widget_type=\"text-editor.default\">\n\t\t\t\t<div class=\"elementor-widget-container\">\n\t\t\t\t\t\t\t\t\t<p><div id=\"gmw-single-object-locations-wrapper-371\" class=\"gmw-element-wrapper gmw-single-location-wrapper gmw-sl-wrapper gmw-sl-single-post-wrapper post gmw-sl-multiple-locations\" object_type=\"post\" object_id=\"\"  style=\"width:100%\"><div class=\"gmw-sl-map-wrapper\"><div id=\"gmw-map-wrapper-371\" class=\"gmw-map-wrapper  sl single_location \" style=\"width:100%;height:350px;\"> <span id=\"gmw-resize-map-toggle-371\" class=\"gmw-resize-map-toggle gmw-icon-resize-full\" style=\"display:none;\" title=\"Resize map\"><\/span> <div id=\"gmw-map-loader-371\" class=\"gmw-map-loader\"><\/div> <div id=\"gmw-map-371\" class=\"gmw-map sl single_location\" style=\"width:100%; height:100%\" data-map_id=\"371\" data-prefix=\"sl\" data-map_type=\"single_location\" data-icons_usage=\"global\"><\/div> <\/div><\/div><\/div><\/p>\t\t\t\t\t\t\t\t<\/div>\n\t\t\t\t<\/div>\n\t\t\t\t<\/div>\n\t\t\t\t\t<\/div>\n\t\t\t\t<\/div>\n\t\t<div class=\"elementor-element elementor-element-3d9e69c elementor-hidden-tablet elementor-hidden-mobile e-flex e-con-boxed wpr-particle-no wpr-jarallax-no wpr-parallax-no wpr-sticky-section-no e-con e-parent\" data-id=\"3d9e69c\" data-element_type=\"container\">\n\t\t\t\t\t<div class=\"e-con-inner\">\n\t\t<div class=\"elementor-element elementor-element-1da88e7 e-con-full e-flex wpr-particle-no wpr-jarallax-no wpr-parallax-no wpr-sticky-section-no e-con e-child\" data-id=\"1da88e7\" data-element_type=\"container\">\n\t\t\t\t<div class=\"elementor-element elementor-element-feb8a9b elementor-widget elementor-widget-text-editor\" data-id=\"feb8a9b\" data-element_type=\"widget\" data-widget_type=\"text-editor.default\">\n\t\t\t\t<div class=\"elementor-widget-container\">\n\t\t\t\t\t\t\t\t\t<p>Studio Legale Exedra<\/p>\t\t\t\t\t\t\t\t<\/div>\n\t\t\t\t<\/div>\n\t\t\t\t<div class=\"elementor-element elementor-element-2998059 elementor-widget elementor-widget-text-editor\" data-id=\"2998059\" data-element_type=\"widget\" data-widget_type=\"text-editor.default\">\n\t\t\t\t<div class=\"elementor-widget-container\">\n\t\t\t\t\t\t\t\t\t<p>Contatti<\/p>\t\t\t\t\t\t\t\t<\/div>\n\t\t\t\t<\/div>\n\t\t\t\t<div class=\"elementor-element elementor-element-ed13a67 elementor-widget elementor-widget-text-editor\" data-id=\"ed13a67\" data-element_type=\"widget\" data-widget_type=\"text-editor.default\">\n\t\t\t\t<div class=\"elementor-widget-container\">\n\t\t\t\t\t\t\t\t\t<p><span style=\"color: #333333;\">Via Fabio Massimo, 60 &#8211; 00192 Roma<\/span><br \/><span style=\"color: #333333;\">Via Ardea, 27 &#8211; 00183 Roma<\/span><\/p><p><span style=\"color: #333333;\"><strong>Tel: <\/strong>06 91132264<\/span><br \/><span style=\"color: #333333;\"><b>Cell: <\/b>340 5292985<\/span><br \/><span style=\"color: #333333;\"><strong>Mail:<\/strong> <a style=\"color: #333333;\" href=\"mailto:gtosticroce@exedra.legal\">gtosticroce@exedra.legal<\/a><\/span><br \/><span style=\"color: #333333;\"><strong>Mail: <\/strong><a style=\"color: #333333;\" href=\"mailto:segreteria@exedra.legal\">segreteria@exedra.legal<\/a><\/span><br \/><span style=\"color: #333333;\"><strong>Pec:<\/strong> <a style=\"color: #333333;\" href=\"mailto:giovannitosticroce@ordineavvocatiroma.org\">giovannitosticroce@ordineavvocatiroma.org<\/a><\/span><br \/><span style=\"color: #333333;\"><strong>Sito web:<\/strong><a style=\"color: #333333;\" href=\"https:\/\/www.exedra.legal\/\"> www.exedra.legal<\/a><\/span><\/p>\t\t\t\t\t\t\t\t<\/div>\n\t\t\t\t<\/div>\n\t\t\t\t<\/div>\n\t\t<div class=\"elementor-element elementor-element-875b608 e-con-full e-flex wpr-particle-no wpr-jarallax-no wpr-parallax-no wpr-sticky-section-no e-con e-child\" data-id=\"875b608\" data-element_type=\"container\">\n\t\t\t\t<div class=\"elementor-element elementor-element-3b1ce2a elementor-widget elementor-widget-text-editor\" data-id=\"3b1ce2a\" data-element_type=\"widget\" data-widget_type=\"text-editor.default\">\n\t\t\t\t<div class=\"elementor-widget-container\">\n\t\t\t\t\t\t\t\t\t<p><div id=\"gmw-single-object-locations-wrapper-398\" class=\"gmw-element-wrapper gmw-single-location-wrapper gmw-sl-wrapper gmw-sl-single-post-wrapper post gmw-sl-multiple-locations\" object_type=\"post\" object_id=\"\"  style=\"width:100%\"><div class=\"gmw-sl-map-wrapper\"><div id=\"gmw-map-wrapper-398\" class=\"gmw-map-wrapper  sl single_location \" style=\"width:100%;height:350px;\"> <span id=\"gmw-resize-map-toggle-398\" class=\"gmw-resize-map-toggle gmw-icon-resize-full\" style=\"display:none;\" title=\"Resize map\"><\/span> <div id=\"gmw-map-loader-398\" class=\"gmw-map-loader\"><\/div> <div id=\"gmw-map-398\" class=\"gmw-map sl single_location\" style=\"width:100%; height:100%\" data-map_id=\"398\" data-prefix=\"sl\" data-map_type=\"single_location\" data-icons_usage=\"global\"><\/div> <\/div><\/div><\/div><\/p>\t\t\t\t\t\t\t\t<\/div>\n\t\t\t\t<\/div>\n\t\t\t\t<\/div>\n\t\t\t\t\t<\/div>\n\t\t\t\t<\/div>\n\t\t\t\t<section class=\"elementor-section elementor-top-section elementor-element elementor-element-55b02b3a elementor-section-content-middle elementor-hidden-desktop elementor-hidden-tablet elementor-hidden-mobile elementor-section-boxed elementor-section-height-default elementor-section-height-default wpr-particle-no wpr-jarallax-no wpr-parallax-no wpr-sticky-section-no\" data-id=\"55b02b3a\" data-element_type=\"section\" data-settings=\"{&quot;background_background&quot;:&quot;classic&quot;}\">\n\t\t\t\t\t\t<div class=\"elementor-container elementor-column-gap-default\">\n\t\t\t\t\t<div class=\"elementor-column elementor-col-50 elementor-top-column elementor-element elementor-element-5ad1be4d\" data-id=\"5ad1be4d\" data-element_type=\"column\">\n\t\t\t<div class=\"elementor-widget-wrap elementor-element-populated\">\n\t\t\t\t\t\t<div class=\"elementor-element elementor-element-2c8d5b7e elementor-widget elementor-widget-text-editor\" data-id=\"2c8d5b7e\" data-element_type=\"widget\" data-widget_type=\"text-editor.default\">\n\t\t\t\t<div class=\"elementor-widget-container\">\n\t\t\t\t\t\t\t\t\tContatti\t\t\t\t\t\t\t\t<\/div>\n\t\t\t\t<\/div>\n\t\t\t\t<div class=\"elementor-element elementor-element-2a31d820 elementor-shape-circle e-grid-align-left elementor-grid-0 elementor-widget elementor-widget-social-icons\" data-id=\"2a31d820\" data-element_type=\"widget\" data-widget_type=\"social-icons.default\">\n\t\t\t\t<div class=\"elementor-widget-container\">\n\t\t\t\t\t\t\t<div class=\"elementor-social-icons-wrapper elementor-grid\" role=\"list\">\n\t\t\t\t\t\t\t<span class=\"elementor-grid-item\" role=\"listitem\">\n\t\t\t\t\t<a class=\"elementor-icon elementor-social-icon elementor-social-icon-facebook elementor-repeater-item-1539373\" target=\"_blank\">\n\t\t\t\t\t\t<span class=\"elementor-screen-only\">Facebook<\/span>\n\t\t\t\t\t\t<svg aria-hidden=\"true\" class=\"e-font-icon-svg e-fab-facebook\" viewBox=\"0 0 512 512\" xmlns=\"http:\/\/www.w3.org\/2000\/svg\"><path d=\"M504 256C504 119 393 8 256 8S8 119 8 256c0 123.78 90.69 226.38 209.25 245V327.69h-63V256h63v-54.64c0-62.15 37-96.48 93.67-96.48 27.14 0 55.52 4.84 55.52 4.84v61h-31.28c-30.8 0-40.41 19.12-40.41 38.73V256h68.78l-11 71.69h-57.78V501C413.31 482.38 504 379.78 504 256z\"><\/path><\/svg>\t\t\t\t\t<\/a>\n\t\t\t\t<\/span>\n\t\t\t\t\t\t\t<span class=\"elementor-grid-item\" role=\"listitem\">\n\t\t\t\t\t<a class=\"elementor-icon elementor-social-icon elementor-social-icon-twitter elementor-repeater-item-8913cb9\" target=\"_blank\">\n\t\t\t\t\t\t<span class=\"elementor-screen-only\">Twitter<\/span>\n\t\t\t\t\t\t<svg aria-hidden=\"true\" class=\"e-font-icon-svg e-fab-twitter\" viewBox=\"0 0 512 512\" xmlns=\"http:\/\/www.w3.org\/2000\/svg\"><path d=\"M459.37 151.716c.325 4.548.325 9.097.325 13.645 0 138.72-105.583 298.558-298.558 298.558-59.452 0-114.68-17.219-161.137-47.106 8.447.974 16.568 1.299 25.34 1.299 49.055 0 94.213-16.568 130.274-44.832-46.132-.975-84.792-31.188-98.112-72.772 6.498.974 12.995 1.624 19.818 1.624 9.421 0 18.843-1.3 27.614-3.573-48.081-9.747-84.143-51.98-84.143-102.985v-1.299c13.969 7.797 30.214 12.67 47.431 13.319-28.264-18.843-46.781-51.005-46.781-87.391 0-19.492 5.197-37.36 14.294-52.954 51.655 63.675 129.3 105.258 216.365 109.807-1.624-7.797-2.599-15.918-2.599-24.04 0-57.828 46.782-104.934 104.934-104.934 30.213 0 57.502 12.67 76.67 33.137 23.715-4.548 46.456-13.32 66.599-25.34-7.798 24.366-24.366 44.833-46.132 57.827 21.117-2.273 41.584-8.122 60.426-16.243-14.292 20.791-32.161 39.308-52.628 54.253z\"><\/path><\/svg>\t\t\t\t\t<\/a>\n\t\t\t\t<\/span>\n\t\t\t\t\t\t\t<span class=\"elementor-grid-item\" role=\"listitem\">\n\t\t\t\t\t<a class=\"elementor-icon elementor-social-icon elementor-social-icon-youtube elementor-repeater-item-3255c55\" target=\"_blank\">\n\t\t\t\t\t\t<span class=\"elementor-screen-only\">Youtube<\/span>\n\t\t\t\t\t\t<svg aria-hidden=\"true\" class=\"e-font-icon-svg e-fab-youtube\" viewBox=\"0 0 576 512\" xmlns=\"http:\/\/www.w3.org\/2000\/svg\"><path d=\"M549.655 124.083c-6.281-23.65-24.787-42.276-48.284-48.597C458.781 64 288 64 288 64S117.22 64 74.629 75.486c-23.497 6.322-42.003 24.947-48.284 48.597-11.412 42.867-11.412 132.305-11.412 132.305s0 89.438 11.412 132.305c6.281 23.65 24.787 41.5 48.284 47.821C117.22 448 288 448 288 448s170.78 0 213.371-11.486c23.497-6.321 42.003-24.171 48.284-47.821 11.412-42.867 11.412-132.305 11.412-132.305s0-89.438-11.412-132.305zm-317.51 213.508V175.185l142.739 81.205-142.739 81.201z\"><\/path><\/svg>\t\t\t\t\t<\/a>\n\t\t\t\t<\/span>\n\t\t\t\t\t<\/div>\n\t\t\t\t\t\t<\/div>\n\t\t\t\t<\/div>\n\t\t\t\t\t<\/div>\n\t\t<\/div>\n\t\t\t\t<div class=\"elementor-column elementor-col-50 elementor-top-column elementor-element elementor-element-7b65c720\" data-id=\"7b65c720\" data-element_type=\"column\">\n\t\t\t<div class=\"elementor-widget-wrap elementor-element-populated\">\n\t\t\t\t\t\t<div class=\"elementor-element elementor-element-57716c9e elementor-widget elementor-widget-text-editor\" data-id=\"57716c9e\" data-element_type=\"widget\" data-widget_type=\"text-editor.default\">\n\t\t\t\t<div class=\"elementor-widget-container\">\n\t\t\t\t\t\t\t\t\t<div id=\"gmw-single-location-wrapper-273\" class=\"gmw-element-wrapper gmw-single-location-wrapper gmw-sl-wrapper gmw-sl-single-post-wrapper post \" object_type=\"post\" object_id=\"349891\"  style=\"width:100%\"><div class=\"gmw-sl-map-wrapper gmw-sl-element\"><div id=\"gmw-map-wrapper-273\" class=\"gmw-map-wrapper  sl single_location \" style=\"width:100%;height:300px;\"> <span id=\"gmw-resize-map-toggle-273\" class=\"gmw-resize-map-toggle gmw-icon-resize-full\" style=\"display:none;\" title=\"Resize map\"><\/span> <div id=\"gmw-map-loader-273\" class=\"gmw-map-loader\"><\/div> <div id=\"gmw-map-273\" class=\"gmw-map sl single_location\" style=\"width:100%; height:100%\" data-map_id=\"273\" data-prefix=\"sl\" data-map_type=\"single_location\" data-icons_usage=\"global\"><\/div> <\/div><\/div><\/div>\t\t\t\t\t\t\t\t<\/div>\n\t\t\t\t<\/div>\n\t\t\t\t<div class=\"elementor-element elementor-element-dff0801 elementor-widget elementor-widget-text-editor\" data-id=\"dff0801\" data-element_type=\"widget\" data-widget_type=\"text-editor.default\">\n\t\t\t\t<div class=\"elementor-widget-container\">\n\t\t\t\t\t\t\t\t\t<p><div id=\"gmw-single-object-locations-wrapper-149\" class=\"gmw-element-wrapper gmw-single-location-wrapper gmw-sl-wrapper gmw-sl-single-post-wrapper post gmw-sl-multiple-locations\" object_type=\"post\" object_id=\"\"  style=\"width:100%\"><div class=\"gmw-sl-map-wrapper\"><div id=\"gmw-map-wrapper-149\" class=\"gmw-map-wrapper  sl single_location \" style=\"width:100%;height:350px;\"> <span id=\"gmw-resize-map-toggle-149\" class=\"gmw-resize-map-toggle gmw-icon-resize-full\" style=\"display:none;\" title=\"Resize map\"><\/span> <div id=\"gmw-map-loader-149\" class=\"gmw-map-loader\"><\/div> <div id=\"gmw-map-149\" class=\"gmw-map sl single_location\" style=\"width:100%; height:100%\" data-map_id=\"149\" data-prefix=\"sl\" data-map_type=\"single_location\" data-icons_usage=\"global\"><\/div> <\/div><\/div><\/div><\/p>\t\t\t\t\t\t\t\t<\/div>\n\t\t\t\t<\/div>\n\t\t\t\t\t<\/div>\n\t\t<\/div>\n\t\t\t\t\t<\/div>\n\t\t<\/section>\n\t\t\t\t<\/div>\n\t\t","protected":false},"excerpt":{"rendered":"<div style=\"display: none;\">\n<p>diritto delle successioni<br \/>\n&#8211; diritto di famiglia e testamentario,<br \/>\n&#8211; invalidit\u00e0 INPS e INAIL<br \/>\n&#8211; diritto immobiliare<br \/>\n&#8211; risarcimento danni infortuni, da circolazione e responsabilit\u00e0 professionale<br \/>\n&#8211; marchi e brevetti, propriet\u00e0 intellettuale<br \/>\n&#8211; diritto condominiale<br \/>\n&#8211; diritto penale<br \/>\n&#8211; recupero crediti<\/p>\n<p>&#8220;Lo Studio Legale Exedra costituisce l\u2019evoluzione naturale di anni di collaborazione fra numerosi professionisti che nel corso del tempo hanno maturato una profonda e specializzata esperienza nei rispettivi settori di competenza a livello nazionale ed internazionale.<br \/>\nCostituito da un solido gruppo di Professionisti &#8211; tra cui Architetti, Geometri, Notai e Commercialisti &#8211; garantisce assistenza e consulenza altamente qualificata in tutti i settori del diritto e dell\u2019economia, distinguendosi per la propria abilit\u00e0 nella gestione di situazioni giuridiche complesse.<br \/>\nLo Studio Legale Associato Exedra nasce dalla consapevolezza e necessit\u00e0 di rispondere alle sempre pi\u00f9 numerose esigenze della clientela, che richiede oramai un sostegno continuo e completo non pi\u00f9 legato alle sole sfere tradizionali del diritto.<br \/>\nLo Studio fornisce assistenza professionale a 360 gradi ad imprese, enti pubblici e privati cittadini in tutti i settori del diritto civile e penale.<\/p>\n<p>Studio Legale, Studi Legali, assistenza Legale, consulenza Legale, assistenza professionale, avvocato, avvocati,<\/p>\n<p>Studio Legale a Roma, Studi Legali a Roma, assistenza Legale a Roma, consulenza Legale a Roma, assistenza professionale a Roma, avvocato a Roma, avvocati a Roma,<\/p>\n<\/div>\n","protected":false},"featured_media":349892,"comment_status":"open","ping_status":"closed","template":"elementor_header_footer","meta":{"_acf_changed":false,"_et_pb_use_builder":"","_et_pb_old_content":"","_et_gb_content_width":""},"product_brand":[],"product_cat":[25,35],"product_tag":[108,3611,74,73,2106,76,75],"class_list":{"0":"post-349891","1":"product","2":"type-product","3":"status-publish","4":"has-post-thumbnail","6":"product_cat-professionisti","7":"product_cat-studi-legali","8":"product_tag-assistenza-legale","9":"product_tag-assistenza-professionale","10":"product_tag-avvocati","11":"product_tag-avvocato","12":"product_tag-consulenza-legale","13":"product_tag-studi-legali","14":"product_tag-studio-legale","16":"first","17":"instock","18":"shipping-taxable","19":"product-type-simple"},"acf":[],"yoast_head":"<!-- This site is optimized with the Yoast SEO plugin v26.4 - https:\/\/yoast.com\/wordpress\/plugins\/seo\/ -->\n<title>Studio Legale Exedra - Intercral Polizia Italia<\/title>\n<meta name=\"robots\" content=\"index, follow, max-snippet:-1, max-image-preview:large, max-video-preview:-1\" \/>\n<link rel=\"canonical\" href=\"https:\/\/convenzioni.cralnetwork.it\/cralpolizia\/prodotto\/studio-legale-exedra\/\" \/>\n<meta property=\"og:locale\" content=\"it_IT\" \/>\n<meta property=\"og:type\" content=\"article\" \/>\n<meta property=\"og:title\" content=\"Studio Legale Exedra - Intercral Polizia Italia\" \/>\n<meta property=\"og:description\" content=\"diritto delle successioni - diritto di famiglia e testamentario, - invalidit\u00e0 INPS e INAIL - diritto immobiliare - risarcimento danni infortuni, da circolazione e responsabilit\u00e0 professionale - marchi e brevetti, propriet\u00e0 intellettuale - diritto condominiale - diritto penale - recupero crediti  &quot;Lo Studio Legale Exedra costituisce l\u2019evoluzione naturale di anni di collaborazione fra numerosi professionisti che nel corso del tempo hanno maturato una profonda e specializzata esperienza nei rispettivi settori di competenza a livello nazionale ed internazionale. Costituito da un solido gruppo di Professionisti - tra cui Architetti, Geometri, Notai e Commercialisti - garantisce assistenza e consulenza altamente qualificata in tutti i settori del diritto e dell\u2019economia, distinguendosi per la propria abilit\u00e0 nella gestione di situazioni giuridiche complesse. Lo Studio Legale Associato Exedra nasce dalla consapevolezza e necessit\u00e0 di rispondere alle sempre pi\u00f9 numerose esigenze della clientela, che richiede oramai un sostegno continuo e completo non pi\u00f9 legato alle sole sfere tradizionali del diritto. Lo Studio fornisce assistenza professionale a 360 gradi ad imprese, enti pubblici e privati cittadini in tutti i settori del diritto civile e penale.  Studio Legale, Studi Legali, assistenza Legale, consulenza Legale, assistenza professionale, avvocato, avvocati,  Studio Legale a Roma, Studi Legali a Roma, assistenza Legale a Roma, consulenza Legale a Roma, assistenza professionale a Roma, avvocato a Roma, avvocati a Roma,\" \/>\n<meta property=\"og:url\" content=\"https:\/\/convenzioni.cralnetwork.it\/cralpolizia\/prodotto\/studio-legale-exedra\/\" \/>\n<meta property=\"og:site_name\" content=\"Intercral Polizia Italia\" \/>\n<meta property=\"article:modified_time\" content=\"2024-11-12T15:01:26+00:00\" \/>\n<meta property=\"og:image\" content=\"https:\/\/convenzioni.cralnetwork.it\/cralpolizia\/wp-content\/uploads\/sites\/35\/2024\/11\/logo_Studio-Legale-Exedra.jpg\" \/>\n\t<meta property=\"og:image:width\" content=\"300\" \/>\n\t<meta property=\"og:image:height\" content=\"300\" \/>\n\t<meta property=\"og:image:type\" content=\"image\/jpeg\" \/>\n<meta name=\"twitter:card\" content=\"summary_large_image\" \/>\n<meta name=\"twitter:label1\" content=\"Tempo di lettura stimato\" \/>\n\t<meta name=\"twitter:data1\" content=\"5 minuti\" \/>\n<script type=\"application\/ld+json\" class=\"yoast-schema-graph\">{\"@context\":\"https:\/\/schema.org\",\"@graph\":[{\"@type\":\"WebPage\",\"@id\":\"https:\/\/convenzioni.cralnetwork.it\/cralpolizia\/prodotto\/studio-legale-exedra\/\",\"url\":\"https:\/\/convenzioni.cralnetwork.it\/cralpolizia\/prodotto\/studio-legale-exedra\/\",\"name\":\"Studio Legale Exedra - Intercral Polizia Italia\",\"isPartOf\":{\"@id\":\"https:\/\/convenzioni.cralnetwork.it\/cralpolizia\/#website\"},\"primaryImageOfPage\":{\"@id\":\"https:\/\/convenzioni.cralnetwork.it\/cralpolizia\/prodotto\/studio-legale-exedra\/#primaryimage\"},\"image\":{\"@id\":\"https:\/\/convenzioni.cralnetwork.it\/cralpolizia\/prodotto\/studio-legale-exedra\/#primaryimage\"},\"thumbnailUrl\":\"https:\/\/convenzioni.cralnetwork.it\/cralpolizia\/wp-content\/uploads\/sites\/35\/2024\/11\/logo_Studio-Legale-Exedra.jpg\",\"datePublished\":\"2024-11-08T09:48:20+00:00\",\"dateModified\":\"2024-11-12T15:01:26+00:00\",\"breadcrumb\":{\"@id\":\"https:\/\/convenzioni.cralnetwork.it\/cralpolizia\/prodotto\/studio-legale-exedra\/#breadcrumb\"},\"inLanguage\":\"it-IT\",\"potentialAction\":[{\"@type\":\"ReadAction\",\"target\":[\"https:\/\/convenzioni.cralnetwork.it\/cralpolizia\/prodotto\/studio-legale-exedra\/\"]}]},{\"@type\":\"ImageObject\",\"inLanguage\":\"it-IT\",\"@id\":\"https:\/\/convenzioni.cralnetwork.it\/cralpolizia\/prodotto\/studio-legale-exedra\/#primaryimage\",\"url\":\"https:\/\/convenzioni.cralnetwork.it\/cralpolizia\/wp-content\/uploads\/sites\/35\/2024\/11\/logo_Studio-Legale-Exedra.jpg\",\"contentUrl\":\"https:\/\/convenzioni.cralnetwork.it\/cralpolizia\/wp-content\/uploads\/sites\/35\/2024\/11\/logo_Studio-Legale-Exedra.jpg\",\"width\":300,\"height\":300},{\"@type\":\"BreadcrumbList\",\"@id\":\"https:\/\/convenzioni.cralnetwork.it\/cralpolizia\/prodotto\/studio-legale-exedra\/#breadcrumb\",\"itemListElement\":[{\"@type\":\"ListItem\",\"position\":1,\"name\":\"Home\",\"item\":\"https:\/\/convenzioni.cralnetwork.it\/cralpolizia\/\"},{\"@type\":\"ListItem\",\"position\":2,\"name\":\"Shop\",\"item\":\"https:\/\/convenzioni.cralnetwork.it\/cralpolizia\/negozio\/\"},{\"@type\":\"ListItem\",\"position\":3,\"name\":\"Studio Legale Exedra\"}]},{\"@type\":\"WebSite\",\"@id\":\"https:\/\/convenzioni.cralnetwork.it\/cralpolizia\/#website\",\"url\":\"https:\/\/convenzioni.cralnetwork.it\/cralpolizia\/\",\"name\":\"Intercral Polizia Italia\",\"description\":\"Area Convenzioni\",\"potentialAction\":[{\"@type\":\"SearchAction\",\"target\":{\"@type\":\"EntryPoint\",\"urlTemplate\":\"https:\/\/convenzioni.cralnetwork.it\/cralpolizia\/?s={search_term_string}\"},\"query-input\":{\"@type\":\"PropertyValueSpecification\",\"valueRequired\":true,\"valueName\":\"search_term_string\"}}],\"inLanguage\":\"it-IT\"}]}<\/script>\n<!-- \/ Yoast SEO plugin. -->","yoast_head_json":{"title":"Studio Legale Exedra - Intercral Polizia Italia","robots":{"index":"index","follow":"follow","max-snippet":"max-snippet:-1","max-image-preview":"max-image-preview:large","max-video-preview":"max-video-preview:-1"},"canonical":"https:\/\/convenzioni.cralnetwork.it\/cralpolizia\/prodotto\/studio-legale-exedra\/","og_locale":"it_IT","og_type":"article","og_title":"Studio Legale Exedra - Intercral Polizia Italia","og_description":"diritto delle successioni - diritto di famiglia e testamentario, - invalidit\u00e0 INPS e INAIL - diritto immobiliare - risarcimento danni infortuni, da circolazione e responsabilit\u00e0 professionale - marchi e brevetti, propriet\u00e0 intellettuale - diritto condominiale - diritto penale - recupero crediti  \"Lo Studio Legale Exedra costituisce l\u2019evoluzione naturale di anni di collaborazione fra numerosi professionisti che nel corso del tempo hanno maturato una profonda e specializzata esperienza nei rispettivi settori di competenza a livello nazionale ed internazionale. Costituito da un solido gruppo di Professionisti - tra cui Architetti, Geometri, Notai e Commercialisti - garantisce assistenza e consulenza altamente qualificata in tutti i settori del diritto e dell\u2019economia, distinguendosi per la propria abilit\u00e0 nella gestione di situazioni giuridiche complesse. Lo Studio Legale Associato Exedra nasce dalla consapevolezza e necessit\u00e0 di rispondere alle sempre pi\u00f9 numerose esigenze della clientela, che richiede oramai un sostegno continuo e completo non pi\u00f9 legato alle sole sfere tradizionali del diritto. Lo Studio fornisce assistenza professionale a 360 gradi ad imprese, enti pubblici e privati cittadini in tutti i settori del diritto civile e penale.  Studio Legale, Studi Legali, assistenza Legale, consulenza Legale, assistenza professionale, avvocato, avvocati,  Studio Legale a Roma, Studi Legali a Roma, assistenza Legale a Roma, consulenza Legale a Roma, assistenza professionale a Roma, avvocato a Roma, avvocati a Roma,","og_url":"https:\/\/convenzioni.cralnetwork.it\/cralpolizia\/prodotto\/studio-legale-exedra\/","og_site_name":"Intercral Polizia Italia","article_modified_time":"2024-11-12T15:01:26+00:00","og_image":[{"width":300,"height":300,"url":"https:\/\/convenzioni.cralnetwork.it\/cralpolizia\/wp-content\/uploads\/sites\/35\/2024\/11\/logo_Studio-Legale-Exedra.jpg","type":"image\/jpeg"}],"twitter_card":"summary_large_image","twitter_misc":{"Tempo di lettura stimato":"5 minuti"},"schema":{"@context":"https:\/\/schema.org","@graph":[{"@type":"WebPage","@id":"https:\/\/convenzioni.cralnetwork.it\/cralpolizia\/prodotto\/studio-legale-exedra\/","url":"https:\/\/convenzioni.cralnetwork.it\/cralpolizia\/prodotto\/studio-legale-exedra\/","name":"Studio Legale Exedra - Intercral Polizia Italia","isPartOf":{"@id":"https:\/\/convenzioni.cralnetwork.it\/cralpolizia\/#website"},"primaryImageOfPage":{"@id":"https:\/\/convenzioni.cralnetwork.it\/cralpolizia\/prodotto\/studio-legale-exedra\/#primaryimage"},"image":{"@id":"https:\/\/convenzioni.cralnetwork.it\/cralpolizia\/prodotto\/studio-legale-exedra\/#primaryimage"},"thumbnailUrl":"https:\/\/convenzioni.cralnetwork.it\/cralpolizia\/wp-content\/uploads\/sites\/35\/2024\/11\/logo_Studio-Legale-Exedra.jpg","datePublished":"2024-11-08T09:48:20+00:00","dateModified":"2024-11-12T15:01:26+00:00","breadcrumb":{"@id":"https:\/\/convenzioni.cralnetwork.it\/cralpolizia\/prodotto\/studio-legale-exedra\/#breadcrumb"},"inLanguage":"it-IT","potentialAction":[{"@type":"ReadAction","target":["https:\/\/convenzioni.cralnetwork.it\/cralpolizia\/prodotto\/studio-legale-exedra\/"]}]},{"@type":"ImageObject","inLanguage":"it-IT","@id":"https:\/\/convenzioni.cralnetwork.it\/cralpolizia\/prodotto\/studio-legale-exedra\/#primaryimage","url":"https:\/\/convenzioni.cralnetwork.it\/cralpolizia\/wp-content\/uploads\/sites\/35\/2024\/11\/logo_Studio-Legale-Exedra.jpg","contentUrl":"https:\/\/convenzioni.cralnetwork.it\/cralpolizia\/wp-content\/uploads\/sites\/35\/2024\/11\/logo_Studio-Legale-Exedra.jpg","width":300,"height":300},{"@type":"BreadcrumbList","@id":"https:\/\/convenzioni.cralnetwork.it\/cralpolizia\/prodotto\/studio-legale-exedra\/#breadcrumb","itemListElement":[{"@type":"ListItem","position":1,"name":"Home","item":"https:\/\/convenzioni.cralnetwork.it\/cralpolizia\/"},{"@type":"ListItem","position":2,"name":"Shop","item":"https:\/\/convenzioni.cralnetwork.it\/cralpolizia\/negozio\/"},{"@type":"ListItem","position":3,"name":"Studio Legale Exedra"}]},{"@type":"WebSite","@id":"https:\/\/convenzioni.cralnetwork.it\/cralpolizia\/#website","url":"https:\/\/convenzioni.cralnetwork.it\/cralpolizia\/","name":"Intercral Polizia Italia","description":"Area Convenzioni","potentialAction":[{"@type":"SearchAction","target":{"@type":"EntryPoint","urlTemplate":"https:\/\/convenzioni.cralnetwork.it\/cralpolizia\/?s={search_term_string}"},"query-input":{"@type":"PropertyValueSpecification","valueRequired":true,"valueName":"search_term_string"}}],"inLanguage":"it-IT"}]}},"publishpress_future_workflow_manual_trigger":{"enabledWorkflows":[]},"_links":{"self":[{"href":"https:\/\/convenzioni.cralnetwork.it\/cralpolizia\/wp-json\/wp\/v2\/product\/349891","targetHints":{"allow":["GET"]}}],"collection":[{"href":"https:\/\/convenzioni.cralnetwork.it\/cralpolizia\/wp-json\/wp\/v2\/product"}],"about":[{"href":"https:\/\/convenzioni.cralnetwork.it\/cralpolizia\/wp-json\/wp\/v2\/types\/product"}],"replies":[{"embeddable":true,"href":"https:\/\/convenzioni.cralnetwork.it\/cralpolizia\/wp-json\/wp\/v2\/comments?post=349891"}],"version-history":[{"count":29,"href":"https:\/\/convenzioni.cralnetwork.it\/cralpolizia\/wp-json\/wp\/v2\/product\/349891\/revisions"}],"predecessor-version":[{"id":350176,"href":"https:\/\/convenzioni.cralnetwork.it\/cralpolizia\/wp-json\/wp\/v2\/product\/349891\/revisions\/350176"}],"wp:featuredmedia":[{"embeddable":true,"href":"https:\/\/convenzioni.cralnetwork.it\/cralpolizia\/wp-json\/wp\/v2\/media\/349892"}],"wp:attachment":[{"href":"https:\/\/convenzioni.cralnetwork.it\/cralpolizia\/wp-json\/wp\/v2\/media?parent=349891"}],"wp:term":[{"taxonomy":"product_brand","embeddable":true,"href":"https:\/\/convenzioni.cralnetwork.it\/cralpolizia\/wp-json\/wp\/v2\/product_brand?post=349891"},{"taxonomy":"product_cat","embeddable":true,"href":"https:\/\/convenzioni.cralnetwork.it\/cralpolizia\/wp-json\/wp\/v2\/product_cat?post=349891"},{"taxonomy":"product_tag","embeddable":true,"href":"https:\/\/convenzioni.cralnetwork.it\/cralpolizia\/wp-json\/wp\/v2\/product_tag?post=349891"}],"curies":[{"name":"wp","href":"https:\/\/api.w.org\/{rel}","templated":true}]}}