{"id":340932,"date":"2024-02-05T11:00:09","date_gmt":"2024-02-05T10:00:09","guid":{"rendered":"https:\/\/convenzioni.cralnetwork.it\/cralpolizia\/?post_type=product&#038;p=340932"},"modified":"2025-06-09T17:22:25","modified_gmt":"2025-06-09T15:22:25","slug":"fotovoltaico-verona","status":"publish","type":"product","link":"https:\/\/convenzioni.cralnetwork.it\/cralpolizia\/prodotto\/fotovoltaico-verona\/","title":{"rendered":"Fotovoltaico Verona"},"content":{"rendered":"<p>[et_pb_section fb_built=&#8221;1&#8243; custom_padding_last_edited=&#8221;on|desktop&#8221; _builder_version=&#8221;4.21.0&#8243; _module_preset=&#8221;default&#8221; use_background_color_gradient=&#8221;on&#8221; background_color_gradient_stops=&#8221;rgba(23,65,127,0.8) 0%|#00034c 79%&#8221; background_color_gradient_overlays_image=&#8221;on&#8221; background_image=&#8221;https:\/\/convenzioni.cralnetwork.it\/cralpolizia\/wp-content\/uploads\/sites\/35\/2024\/02\/solar-panel-surface-2021-08-26-23-02-48-utc-1.jpg&#8221; parallax=&#8221;on&#8221; parallax_method=&#8221;off&#8221; custom_padding=&#8221;10vw||10vw||true|false&#8221; custom_padding_tablet=&#8221;10vw||10vw||true|false&#8221; custom_padding_phone=&#8221;10vw||10vw||true|false&#8221; background_last_edited=&#8221;on|desktop&#8221; use_background_color_gradient_tablet=&#8221;on&#8221; background_color_gradient_stops_tablet=&#8221;rgba(23,65,127,0.8) 0%|#00034c 64%&#8221; global_colors_info=&#8221;{}&#8221;][et_pb_row _builder_version=&#8221;4.21.0&#8243; _module_preset=&#8221;default&#8221; global_colors_info=&#8221;{}&#8221;][et_pb_column type=&#8221;4_4&#8243; _builder_version=&#8221;4.21.0&#8243; _module_preset=&#8221;default&#8221; global_colors_info=&#8221;{}&#8221;][et_pb_image src=&#8221;https:\/\/convenzioni.cralnetwork.it\/cralpolizia\/wp-content\/uploads\/sites\/35\/2024\/02\/Energy-Italia-copia.png&#8221; title_text=&#8221;Energy-Italia-copia&#8221; align=&#8221;center&#8221; _builder_version=&#8221;4.21.0&#8243; _module_preset=&#8221;default&#8221; global_colors_info=&#8221;{}&#8221;][\/et_pb_image][\/et_pb_column][\/et_pb_row][\/et_pb_section][et_pb_section fb_built=&#8221;1&#8243; admin_label=&#8221;About&#8221; _builder_version=&#8221;4.21.0&#8243; background_color=&#8221;#00034c&#8221; global_colors_info=&#8221;{}&#8221;][et_pb_row column_structure=&#8221;1_4,1_4,1_4,1_4&#8243; use_custom_gutter=&#8221;on&#8221; gutter_width=&#8221;2&#8243; _builder_version=&#8221;4.21.0&#8243; _module_preset=&#8221;default&#8221; max_width=&#8221;1800px&#8221; custom_padding=&#8221;5vw||5vw||true|false&#8221; global_colors_info=&#8221;{}&#8221;][et_pb_column type=&#8221;1_4&#8243; _builder_version=&#8221;4.21.0&#8243; _module_preset=&#8221;default&#8221; custom_padding=&#8221;20px|20px|20px|20px|true|true&#8221; custom_padding_tablet=&#8221;20px|20px|20px|20px|true|true&#8221; custom_padding_phone=&#8221;20px|20px|20px|20px|true|true&#8221; custom_padding_last_edited=&#8221;on|desktop&#8221; border_radii=&#8221;on|20px|20px|20px|20px&#8221; box_shadow_style=&#8221;preset1&#8243; box_shadow_blur=&#8221;15px&#8221; box_shadow_spread=&#8221;-5px&#8221; box_shadow_color=&#8221;#00c4e1&#8243; global_colors_info=&#8221;{}&#8221;][et_pb_image src=&#8221;https:\/\/convenzioni.cralnetwork.it\/cralpolizia\/wp-content\/uploads\/sites\/35\/2024\/02\/Energy-Italia-1.png&#8221; title_text=&#8221;Energy-Italia-1&#8243; _builder_version=&#8221;4.21.0&#8243; _module_preset=&#8221;default&#8221; width=&#8221;30%&#8221; width_tablet=&#8221;25%&#8221; width_phone=&#8221;20%&#8221; width_last_edited=&#8221;on|desktop&#8221; global_colors_info=&#8221;{}&#8221;][\/et_pb_image][et_pb_text _builder_version=&#8221;4.21.0&#8243; _module_preset=&#8221;default&#8221; text_font=&#8221;Poppins||||||||&#8221; text_text_color=&#8221;#FFFFFF&#8221; text_line_height=&#8221;1.9em&#8221; header_font=&#8221;Poppins|600|||||||&#8221; header_text_align=&#8221;left&#8221; header_text_color=&#8221;#FFFFFF&#8221; header_font_size=&#8221;20px&#8221; header_line_height=&#8221;1.3em&#8221; header_font_size_tablet=&#8221;17px&#8221; header_font_size_phone=&#8221;&#8221; header_font_size_last_edited=&#8221;on|desktop&#8221; global_colors_info=&#8221;{}&#8221;]<\/p>\n<h1>Installazione pannelli fotovoltaici di ultima generazione<\/h1>\n<p>Garantiamo l&#8217;installazione di <strong>pannelli fotovoltaici<\/strong> moderni in grado di produrre energia per <strong>oltre 25 anni!<\/strong><\/p>\n<p>[\/et_pb_text][\/et_pb_column][et_pb_column type=&#8221;1_4&#8243; _builder_version=&#8221;4.21.0&#8243; _module_preset=&#8221;default&#8221; custom_padding=&#8221;20px|20px|47px|20px|false|true&#8221; custom_padding_tablet=&#8221;20px|20px|47px|20px|false|true&#8221; custom_padding_phone=&#8221;20px||20px||true|false&#8221; custom_padding_last_edited=&#8221;on|desktop&#8221; border_radii=&#8221;on|20px|20px|20px|20px&#8221; box_shadow_style=&#8221;preset1&#8243; box_shadow_blur=&#8221;15px&#8221; box_shadow_spread=&#8221;-5px&#8221; box_shadow_color=&#8221;#00c4e1&#8243; global_colors_info=&#8221;{}&#8221;][et_pb_image src=&#8221;https:\/\/convenzioni.cralnetwork.it\/cralpolizia\/wp-content\/uploads\/sites\/35\/2024\/02\/Energy-Italia-1.png&#8221; title_text=&#8221;Energy-Italia-1&#8243; _builder_version=&#8221;4.21.0&#8243; _module_preset=&#8221;default&#8221; width=&#8221;30%&#8221; width_tablet=&#8221;25%&#8221; width_phone=&#8221;20%&#8221; width_last_edited=&#8221;on|desktop&#8221; global_colors_info=&#8221;{}&#8221;][\/et_pb_image][et_pb_text _builder_version=&#8221;4.21.0&#8243; _module_preset=&#8221;default&#8221; text_font=&#8221;Poppins||||||||&#8221; text_text_color=&#8221;#FFFFFF&#8221; text_line_height=&#8221;1.9em&#8221; header_font=&#8221;Poppins|600|||||||&#8221; header_text_align=&#8221;left&#8221; header_text_color=&#8221;#FFFFFF&#8221; header_font_size=&#8221;20px&#8221; header_line_height=&#8221;1.3em&#8221; header_font_size_tablet=&#8221;17px&#8221; header_font_size_phone=&#8221;&#8221; header_font_size_last_edited=&#8221;on|desktop&#8221; global_colors_info=&#8221;{}&#8221;]<\/p>\n<h1>Risparmia notevolmente sulle spese energetiche<\/h1>\n<p>Confrontati con un nostro esperto per calcolare l&#8217;effettivo <strong>risparmio della tua azienda <\/strong>o abitazione<\/p>\n<p>[\/et_pb_text][\/et_pb_column][et_pb_column type=&#8221;1_4&#8243; _builder_version=&#8221;4.21.0&#8243; _module_preset=&#8221;default&#8221; custom_padding=&#8221;20px|20px|20px|20px|true|true&#8221; custom_padding_tablet=&#8221;20px|20px|20px|20px|true|true&#8221; custom_padding_phone=&#8221;20px|20px|20px|20px|true|true&#8221; custom_padding_last_edited=&#8221;on|desktop&#8221; border_radii=&#8221;on|20px|20px|20px|20px&#8221; box_shadow_style=&#8221;preset1&#8243; box_shadow_blur=&#8221;15px&#8221; box_shadow_spread=&#8221;-5px&#8221; box_shadow_color=&#8221;#00c4e1&#8243; global_colors_info=&#8221;{}&#8221;][et_pb_image src=&#8221;https:\/\/convenzioni.cralnetwork.it\/cralpolizia\/wp-content\/uploads\/sites\/35\/2024\/02\/Energy-Italia-1.png&#8221; title_text=&#8221;Energy-Italia-1&#8243; _builder_version=&#8221;4.21.0&#8243; _module_preset=&#8221;default&#8221; width=&#8221;30%&#8221; width_tablet=&#8221;25%&#8221; width_phone=&#8221;20%&#8221; width_last_edited=&#8221;on|desktop&#8221; global_colors_info=&#8221;{}&#8221;][\/et_pb_image][et_pb_text _builder_version=&#8221;4.21.0&#8243; _module_preset=&#8221;default&#8221; text_font=&#8221;Poppins||||||||&#8221; text_text_color=&#8221;#FFFFFF&#8221; text_line_height=&#8221;1.9em&#8221; header_font=&#8221;Poppins|600|||||||&#8221; header_text_align=&#8221;left&#8221; header_text_color=&#8221;#FFFFFF&#8221; header_font_size=&#8221;20px&#8221; header_line_height=&#8221;1.3em&#8221; header_font_size_tablet=&#8221;17px&#8221; header_font_size_phone=&#8221;&#8221; header_font_size_last_edited=&#8221;on|desktop&#8221; global_colors_info=&#8221;{}&#8221;]<\/p>\n<h1>Incentivi fiscali e crediti di imposta per le imprese<\/h1>\n<p>Scopri quali sono gli <strong>incentivi fiscali<\/strong> per le aziende che decidono di installare un <strong>impianto fotovoltaico<\/strong><\/p>\n<p>[\/et_pb_text][\/et_pb_column][et_pb_column type=&#8221;1_4&#8243; _builder_version=&#8221;4.21.0&#8243; _module_preset=&#8221;default&#8221; custom_padding=&#8221;20px|20px|20px|20px|true|true&#8221; custom_padding_tablet=&#8221;20px|20px|20px|20px|true|true&#8221; custom_padding_phone=&#8221;20px|20px|20px|20px|true|true&#8221; custom_padding_last_edited=&#8221;on|desktop&#8221; border_radii=&#8221;on|20px|20px|20px|20px&#8221; box_shadow_style=&#8221;preset1&#8243; box_shadow_blur=&#8221;15px&#8221; box_shadow_spread=&#8221;-5px&#8221; box_shadow_color=&#8221;#00c4e1&#8243; global_colors_info=&#8221;{}&#8221;][et_pb_image src=&#8221;https:\/\/convenzioni.cralnetwork.it\/cralpolizia\/wp-content\/uploads\/sites\/35\/2024\/02\/Energy-Italia-1.png&#8221; title_text=&#8221;Energy-Italia-1&#8243; _builder_version=&#8221;4.21.0&#8243; _module_preset=&#8221;default&#8221; width=&#8221;30%&#8221; width_tablet=&#8221;25%&#8221; width_phone=&#8221;20%&#8221; width_last_edited=&#8221;on|desktop&#8221; global_colors_info=&#8221;{}&#8221;][\/et_pb_image][et_pb_text _builder_version=&#8221;4.21.0&#8243; _module_preset=&#8221;default&#8221; text_font=&#8221;Poppins||||||||&#8221; text_text_color=&#8221;#FFFFFF&#8221; text_line_height=&#8221;1.9em&#8221; header_font=&#8221;Poppins|600|||||||&#8221; header_text_align=&#8221;left&#8221; header_text_color=&#8221;#FFFFFF&#8221; header_font_size=&#8221;20px&#8221; header_line_height=&#8221;1.3em&#8221; header_font_size_tablet=&#8221;17px&#8221; header_font_size_phone=&#8221;&#8221; header_font_size_last_edited=&#8221;on|desktop&#8221; global_colors_info=&#8221;{}&#8221;]<\/p>\n<h1>Noleggio operativo e leasing finanziario<\/h1>\n<p>Realizza un impianto fotovoltaico anche <strong>senza anticipo<\/strong>, o scegli un <strong>leasing finanziario<\/strong> grazie al risparmio<\/p>\n<p>[\/et_pb_text][\/et_pb_column][\/et_pb_row][\/et_pb_section][et_pb_section fb_built=&#8221;1&#8243; _builder_version=&#8221;4.21.0&#8243; _module_preset=&#8221;default&#8221; use_background_color_gradient=&#8221;on&#8221; background_color_gradient_stops=&#8221;rgba(23,65,127,0.8) 0%|#00034c 79%&#8221; background_color_gradient_overlays_image=&#8221;on&#8221; background_image=&#8221;https:\/\/convenzioni.cralnetwork.it\/cralpolizia\/wp-content\/uploads\/sites\/35\/2024\/02\/solar-panel-surface-2021-08-26-23-02-48-utc-1.jpg&#8221; parallax=&#8221;on&#8221; parallax_method=&#8221;off&#8221; background_last_edited=&#8221;on|desktop&#8221; global_colors_info=&#8221;{}&#8221;][et_pb_row column_structure=&#8221;1_3,1_3,1_3&#8243; use_custom_gutter=&#8221;on&#8221; gutter_width=&#8221;2&#8243; _builder_version=&#8221;4.21.0&#8243; _module_preset=&#8221;default&#8221; max_width=&#8221;1800px&#8221; global_colors_info=&#8221;{}&#8221;][et_pb_column type=&#8221;1_3&#8243; _builder_version=&#8221;4.21.0&#8243; _module_preset=&#8221;default&#8221; global_colors_info=&#8221;{}&#8221;][et_pb_image src=&#8221;https:\/\/convenzioni.cralnetwork.it\/cralpolizia\/wp-content\/uploads\/sites\/35\/2024\/02\/1.jpg&#8221; title_text=&#8221;1&#8243; _builder_version=&#8221;4.21.0&#8243; _module_preset=&#8221;default&#8221; width=&#8221;85%&#8221; width_tablet=&#8221;50%&#8221; width_phone=&#8221;70%&#8221; width_last_edited=&#8221;on|desktop&#8221; border_radii=&#8221;on|5px|5px|5px|5px&#8221; global_colors_info=&#8221;{}&#8221;][\/et_pb_image][et_pb_text _builder_version=&#8221;4.21.0&#8243; _module_preset=&#8221;default&#8221; text_font=&#8221;Poppins||||||||&#8221; text_text_color=&#8221;#FFFFFF&#8221; text_line_height=&#8221;1.9em&#8221; header_font=&#8221;Poppins|600|||||||&#8221; header_text_align=&#8221;left&#8221; header_text_color=&#8221;#FFFFFF&#8221; header_line_height=&#8221;1.2em&#8221; header_2_font=&#8221;Poppins|600|||||||&#8221; header_2_text_align=&#8221;left&#8221; header_2_text_color=&#8221;#FFFFFF&#8221; header_2_font_size=&#8221;20px&#8221; header_2_line_height=&#8221;1.2em&#8221; header_font_size_tablet=&#8221;30px&#8221; header_font_size_phone=&#8221;25px&#8221; header_font_size_last_edited=&#8221;on|desktop&#8221; header_2_font_size_tablet=&#8221;22px&#8221; header_2_font_size_phone=&#8221;19px&#8221; header_2_font_size_last_edited=&#8221;on|desktop&#8221; global_colors_info=&#8221;{}&#8221;]<\/p>\n<h1>FOTOVOLTAICO PER AZIENDE VERONA<\/h1>\n<h2>Abbatti i costi della tua azienda<\/h2>\n<p>Impianti fotovoltaici di ultima generazione utilizzano pannelli <strong>Nuove Energie Viessmann, Trina Solar, Longi Solar e Jinko Solar, Inverter ZCS HUAWEI, Sch\u00fcco e kit di batterie Azzurro ZCS e HUAWEI<\/strong>.<br \/>\nUna divisione altamente qualificata si occupa di aziende <strong>commerciali, artigianali e industriali<\/strong>.<\/p>\n<p>[\/et_pb_text][et_pb_button button_url=&#8221;https:\/\/www.fotovoltaico-verona.com\/fotovoltaico-aziende-verona&#8221; url_new_window=&#8221;on&#8221; button_text=&#8221; RIDUCI I COSTI DELLA TUA AZIENDA&#8221; _builder_version=&#8221;4.21.0&#8243; _module_preset=&#8221;default&#8221; custom_button=&#8221;on&#8221; button_text_size=&#8221;16px&#8221; button_text_color=&#8221;#06e487&#8243; button_border_width=&#8221;1px&#8221; button_border_radius=&#8221;7px&#8221; button_font=&#8221;Poppins||||||||&#8221; button_icon=&#8221;\uf0e7||fa||900&#8243; custom_margin_tablet=&#8221;-10px||40px||false|false&#8221; custom_margin_phone=&#8221;-10px||40px||false|false&#8221; custom_margin_last_edited=&#8221;on|tablet&#8221; global_colors_info=&#8221;{}&#8221;][\/et_pb_button][\/et_pb_column][et_pb_column type=&#8221;1_3&#8243; _builder_version=&#8221;4.21.0&#8243; _module_preset=&#8221;default&#8221; global_colors_info=&#8221;{}&#8221;][et_pb_image src=&#8221;https:\/\/convenzioni.cralnetwork.it\/cralpolizia\/wp-content\/uploads\/sites\/35\/2024\/02\/2.jpg&#8221; title_text=&#8221;Solar panels on the roof. (Solar cell)&#8221; _builder_version=&#8221;4.21.0&#8243; _module_preset=&#8221;default&#8221; width_tablet=&#8221;50%&#8221; width_phone=&#8221;70%&#8221; width_last_edited=&#8221;on|tablet&#8221; border_radii=&#8221;on|5px|5px|5px|5px&#8221; global_colors_info=&#8221;{}&#8221;][\/et_pb_image][et_pb_text _builder_version=&#8221;4.21.0&#8243; _module_preset=&#8221;default&#8221; text_font=&#8221;Poppins||||||||&#8221; text_text_color=&#8221;#FFFFFF&#8221; text_line_height=&#8221;1.9em&#8221; header_font=&#8221;Poppins|600|||||||&#8221; header_text_align=&#8221;left&#8221; header_text_color=&#8221;#FFFFFF&#8221; header_line_height=&#8221;1.2em&#8221; header_2_font=&#8221;Poppins|600|||||||&#8221; header_2_text_align=&#8221;left&#8221; header_2_text_color=&#8221;#FFFFFF&#8221; header_2_font_size=&#8221;20px&#8221; header_2_line_height=&#8221;1.2em&#8221; header_font_size_tablet=&#8221;30px&#8221; header_font_size_phone=&#8221;25px&#8221; header_font_size_last_edited=&#8221;on|desktop&#8221; header_2_font_size_tablet=&#8221;22px&#8221; header_2_font_size_phone=&#8221;20px&#8221; header_2_font_size_last_edited=&#8221;on|desktop&#8221; global_colors_info=&#8221;{}&#8221;]<\/p>\n<h1>FOTOVOLTAICO PER ABITAZIONI PRIVATE<\/h1>\n<h2>Investi in modo intelligente<\/h2>\n<p>L\u2019Italia \u00e8 da sempre considerato il \u201cPaese del Sole\u201d, <strong>quindi perch\u00e9 non sfruttare a nostro favore qualcosa che abbiamo gratuitamente<\/strong>? Trasformare l\u2019energia del sole, in energia elettrica \u00e8 una delle invenzioni pi\u00f9 belle che potessimo fare.<\/p>\n<p>[\/et_pb_text][et_pb_button button_url=&#8221;https:\/\/www.fotovoltaico-verona.com\/fotovoltaico-privati-verona&#8221; url_new_window=&#8221;on&#8221; button_text=&#8221;RISPARMIA CON LE BOLLETTE&#8221; _builder_version=&#8221;4.21.0&#8243; _module_preset=&#8221;default&#8221; custom_button=&#8221;on&#8221; button_text_size=&#8221;16px&#8221; button_text_color=&#8221;#06e487&#8243; button_border_width=&#8221;1px&#8221; button_border_radius=&#8221;7px&#8221; button_font=&#8221;Poppins||||||||&#8221; button_icon=&#8221;\uf0e7||fa||900&#8243; custom_margin_tablet=&#8221;-10px||40px||false|false&#8221; custom_margin_phone=&#8221;-10px||40px||false|false&#8221; custom_margin_last_edited=&#8221;on|tablet&#8221; global_colors_info=&#8221;{}&#8221;][\/et_pb_button][\/et_pb_column][et_pb_column type=&#8221;1_3&#8243; _builder_version=&#8221;4.21.0&#8243; _module_preset=&#8221;default&#8221; global_colors_info=&#8221;{}&#8221;][et_pb_image src=&#8221;https:\/\/convenzioni.cralnetwork.it\/cralpolizia\/wp-content\/uploads\/sites\/35\/2024\/02\/3.jpg&#8221; title_text=&#8221;3&#8243; _builder_version=&#8221;4.21.0&#8243; _module_preset=&#8221;default&#8221; width_tablet=&#8221;50%&#8221; width_phone=&#8221;75%&#8221; width_last_edited=&#8221;on|tablet&#8221; border_radii=&#8221;on|5px|5px|5px|5px&#8221; global_colors_info=&#8221;{}&#8221;][\/et_pb_image][et_pb_text _builder_version=&#8221;4.21.0&#8243; _module_preset=&#8221;default&#8221; text_font=&#8221;Poppins||||||||&#8221; text_text_color=&#8221;#FFFFFF&#8221; text_line_height=&#8221;1.9em&#8221; header_font=&#8221;Poppins|600|||||||&#8221; header_text_align=&#8221;left&#8221; header_text_color=&#8221;#FFFFFF&#8221; header_line_height=&#8221;1.2em&#8221; header_2_font=&#8221;Poppins|600|||||||&#8221; header_2_text_align=&#8221;left&#8221; header_2_text_color=&#8221;#FFFFFF&#8221; header_2_font_size=&#8221;20px&#8221; header_2_line_height=&#8221;1.2em&#8221; header_font_size_tablet=&#8221;30px&#8221; header_font_size_phone=&#8221;25px&#8221; header_font_size_last_edited=&#8221;on|desktop&#8221; header_2_font_size_tablet=&#8221;22px&#8221; header_2_font_size_phone=&#8221;19px&#8221; header_2_font_size_last_edited=&#8221;on|desktop&#8221; global_colors_info=&#8221;{}&#8221;]<\/p>\n<h1>COLONNINE RICARICA AUTO ELETTRICHE<\/h1>\n<h2>Privati e attivit\u00e0 commerciali<\/h2>\n<p>Sviluppate da <strong>Digital Energy Solutions<\/strong> <strong>(DES)<\/strong>, joint venture nata dalla collaborazione tra <strong>Viessmann e BMW<\/strong>, ora al 100% propriet\u00e0 di Viessmann, le colonnine di ricarica per auto elettriche <strong>EVE MINI<\/strong> completano l&#8217;offerta legata al fotovoltaico e allo sfruttamento ottimale dell&#8217;<strong>energia elettrica autoprodotta con un impianto fotovoltaico.<\/strong><\/p>\n<p>[\/et_pb_text][\/et_pb_column][\/et_pb_row][\/et_pb_section][et_pb_section fb_built=&#8221;1&#8243; _builder_version=&#8221;4.21.0&#8243; _module_preset=&#8221;default&#8221; custom_padding=&#8221;0px||0px||true|false&#8221; global_colors_info=&#8221;{}&#8221;][et_pb_row column_structure=&#8221;1_4,1_4,1_4,1_4&#8243; use_custom_gutter=&#8221;on&#8221; gutter_width=&#8221;1&#8243; make_equal=&#8221;on&#8221; _builder_version=&#8221;4.21.0&#8243; _module_preset=&#8221;default&#8221; width=&#8221;100%&#8221; max_width=&#8221;2560px&#8221; custom_padding=&#8221;0px||0px||true|false&#8221; global_colors_info=&#8221;{}&#8221;][et_pb_column type=&#8221;1_4&#8243; _builder_version=&#8221;4.21.0&#8243; _module_preset=&#8221;default&#8221; global_colors_info=&#8221;{}&#8221;][et_pb_image src=&#8221;https:\/\/convenzioni.cralnetwork.it\/cralpolizia\/wp-content\/uploads\/sites\/35\/2024\/02\/volt-ver-4.jpg&#8221; title_text=&#8221;volt ver (4)&#8221; _builder_version=&#8221;4.21.0&#8243; _module_preset=&#8221;default&#8221; custom_padding=&#8221;2px|2px|2px|2px|true|true&#8221; global_colors_info=&#8221;{}&#8221;][\/et_pb_image][\/et_pb_column][et_pb_column type=&#8221;1_4&#8243; _builder_version=&#8221;4.21.0&#8243; _module_preset=&#8221;default&#8221; global_colors_info=&#8221;{}&#8221;][et_pb_image src=&#8221;https:\/\/convenzioni.cralnetwork.it\/cralpolizia\/wp-content\/uploads\/sites\/35\/2024\/02\/volt-ver-3.jpg&#8221; title_text=&#8221;volt ver (3)&#8221; _builder_version=&#8221;4.21.0&#8243; _module_preset=&#8221;default&#8221; custom_padding=&#8221;2px|2px|2px|2px|true|true&#8221; global_colors_info=&#8221;{}&#8221;][\/et_pb_image][\/et_pb_column][et_pb_column type=&#8221;1_4&#8243; _builder_version=&#8221;4.21.0&#8243; _module_preset=&#8221;default&#8221; global_colors_info=&#8221;{}&#8221;][et_pb_image src=&#8221;https:\/\/convenzioni.cralnetwork.it\/cralpolizia\/wp-content\/uploads\/sites\/35\/2024\/02\/volt-ver-2.jpg&#8221; title_text=&#8221;volt ver (2)&#8221; _builder_version=&#8221;4.21.0&#8243; _module_preset=&#8221;default&#8221; custom_padding=&#8221;2px|2px|2px|2px|true|true&#8221; global_colors_info=&#8221;{}&#8221;][\/et_pb_image][\/et_pb_column][et_pb_column type=&#8221;1_4&#8243; _builder_version=&#8221;4.21.0&#8243; _module_preset=&#8221;default&#8221; global_colors_info=&#8221;{}&#8221;][et_pb_image src=&#8221;https:\/\/convenzioni.cralnetwork.it\/cralpolizia\/wp-content\/uploads\/sites\/35\/2024\/02\/volt-ver-1.jpg&#8221; title_text=&#8221;volt ver (1)&#8221; _builder_version=&#8221;4.21.0&#8243; _module_preset=&#8221;default&#8221; custom_padding=&#8221;2px|2px|2px|2px|true|true&#8221; global_colors_info=&#8221;{}&#8221;][\/et_pb_image][\/et_pb_column][\/et_pb_row][\/et_pb_section][et_pb_section fb_built=&#8221;1&#8243; disabled_on=&#8221;off|off|on&#8221; admin_label=&#8221;Stats&#8221; _builder_version=&#8221;4.21.0&#8243; background_color=&#8221;#00034c&#8221; max_width_tablet=&#8221;&#8221; max_width_phone=&#8221;&#8221; max_width_last_edited=&#8221;on|phone&#8221; global_colors_info=&#8221;{}&#8221;][et_pb_row column_structure=&#8221;1_2,1_2&#8243; _builder_version=&#8221;4.21.0&#8243; _module_preset=&#8221;default&#8221; custom_padding=&#8221;0px||0px||true|false&#8221; global_colors_info=&#8221;{}&#8221;][et_pb_column type=&#8221;1_2&#8243; _builder_version=&#8221;4.21.0&#8243; _module_preset=&#8221;default&#8221; global_colors_info=&#8221;{}&#8221;][et_pb_text _builder_version=&#8221;4.21.0&#8243; _module_preset=&#8221;default&#8221; text_font=&#8221;Poppins||||||||&#8221; text_text_color=&#8221;#FFFFFF&#8221; text_line_height=&#8221;1.9em&#8221; header_font=&#8221;Poppins|600|||||||&#8221; header_text_align=&#8221;left&#8221; header_text_color=&#8221;#FFFFFF&#8221; header_font_size=&#8221;47px&#8221; header_line_height=&#8221;1.3em&#8221; header_font_size_tablet=&#8221;34px&#8221; header_font_size_phone=&#8221;27px&#8221; header_font_size_last_edited=&#8221;on|desktop&#8221; global_colors_info=&#8221;{}&#8221;]<\/p>\n<h1>Agevolazioni riservate agli associati<\/h1>\n<p>[\/et_pb_text][et_pb_image src=&#8221;https:\/\/convenzioni.cralnetwork.it\/cralpolizia\/wp-content\/uploads\/sites\/35\/2024\/02\/volt-ver5.jpg&#8221; title_text=&#8221;volt ver5&#8243; _builder_version=&#8221;4.21.0&#8243; _module_preset=&#8221;default&#8221; global_colors_info=&#8221;{}&#8221;][\/et_pb_image][et_pb_text _builder_version=&#8221;4.21.0&#8243; _module_preset=&#8221;default&#8221; text_font=&#8221;Poppins||||||||&#8221; text_text_color=&#8221;#FFFFFF&#8221; text_line_height=&#8221;1.9em&#8221; link_text_color=&#8221;#FFFFFF&#8221; header_font=&#8221;Poppins|600|||||||&#8221; header_text_align=&#8221;left&#8221; header_text_color=&#8221;#FFFFFF&#8221; header_font_size=&#8221;40px&#8221; header_line_height=&#8221;1.2em&#8221; header_2_font=&#8221;Poppins|600|||||||&#8221; header_2_text_align=&#8221;left&#8221; header_2_text_color=&#8221;#FFFFFF&#8221; header_2_font_size=&#8221;20px&#8221; header_2_line_height=&#8221;1.2em&#8221; header_font_size_tablet=&#8221;30px&#8221; header_font_size_phone=&#8221;25px&#8221; header_font_size_last_edited=&#8221;on|desktop&#8221; header_2_font_size_tablet=&#8221;25px&#8221; header_2_font_size_phone=&#8221;25px&#8221; header_2_font_size_last_edited=&#8221;on|desktop&#8221; locked=&#8221;off&#8221; global_colors_info=&#8221;{}&#8221; link_text_color__hover_enabled=&#8221;on|desktop&#8221; link_text_color__hover=&#8221;#0C71C3&#8243;]<\/p>\n<h1>Contatti<\/h1>\n<p>Via Francia, 21\/C &#8211; 37125 Verona<br \/>\n<strong>Cell: <\/strong>3398182865<br \/>\n<strong>Sito web: <\/strong><a href=\"https:\/\/www.fotovoltaico-verona.com\/\">www.fotovoltaico-verona.com<\/a><br \/>\n<strong>Lun &#8211; Ven:<\/strong> 9.00 &#8211; 18.00<\/p>\n<p>[\/et_pb_text][et_pb_button button_url=&#8221;https:\/\/www.fotovoltaico-verona.com\/fissa-un-appuntamento&#8221; url_new_window=&#8221;on&#8221; button_text=&#8221;FISSA UN APPUNTAMENTO&#8221; _builder_version=&#8221;4.21.0&#8243; _module_preset=&#8221;default&#8221; custom_button=&#8221;on&#8221; button_text_size=&#8221;17px&#8221; button_text_color=&#8221;#06e487&#8243; button_border_width=&#8221;1px&#8221; button_border_radius=&#8221;7px&#8221; button_font=&#8221;Poppins||||||||&#8221; button_icon=&#8221;\uf0e7||fa||900&#8243; custom_margin=&#8221;0px||||false|false&#8221; locked=&#8221;off&#8221; global_colors_info=&#8221;{}&#8221;][\/et_pb_button][\/et_pb_column][et_pb_column type=&#8221;1_2&#8243; _builder_version=&#8221;4.21.0&#8243; _module_preset=&#8221;default&#8221; global_colors_info=&#8221;{}&#8221;][et_pb_code admin_label=&#8221;mappa&#8221; _builder_version=&#8221;4.21.0&#8243; _module_preset=&#8221;default&#8221; global_colors_info=&#8221;{}&#8221;]<div id=\"gmw-single-location-wrapper-419\" class=\"gmw-element-wrapper gmw-single-location-wrapper gmw-sl-wrapper gmw-sl-single-post-wrapper post \" object_type=\"post\" object_id=\"340932\"  style=\"width:100%\"><div class=\"gmw-sl-map-wrapper gmw-sl-element\"><div id=\"gmw-map-wrapper-419\" class=\"gmw-map-wrapper  sl single_location \" style=\"width:100%;height:300px;\"> <span id=\"gmw-resize-map-toggle-419\" class=\"gmw-resize-map-toggle gmw-icon-resize-full\" style=\"display:none;\" title=\"Resize map\"><\/span> <div id=\"gmw-map-loader-419\" class=\"gmw-map-loader\"><\/div> <div id=\"gmw-map-419\" class=\"gmw-map sl single_location\" style=\"width:100%; height:100%\" data-map_id=\"419\" data-prefix=\"sl\" data-map_type=\"single_location\" data-icons_usage=\"global\"><\/div> <\/div><\/div><\/div>[\/et_pb_code][\/et_pb_column][\/et_pb_row][\/et_pb_section][et_pb_section fb_built=&#8221;1&#8243; disabled_on=&#8221;on|on|off&#8221; admin_label=&#8221;Stats&#8221; _builder_version=&#8221;4.21.0&#8243; background_color=&#8221;#00034c&#8221; max_width_tablet=&#8221;&#8221; max_width_phone=&#8221;&#8221; max_width_last_edited=&#8221;on|phone&#8221; custom_padding=&#8221;0px||0px||true|false&#8221; global_colors_info=&#8221;{}&#8221;][et_pb_row column_structure=&#8221;3_5,2_5&#8243; use_custom_gutter=&#8221;on&#8221; gutter_width=&#8221;2&#8243; _builder_version=&#8221;4.21.0&#8243; _module_preset=&#8221;default&#8221; max_width=&#8221;1800px&#8221; custom_padding=&#8221;0px||0px||true|false&#8221; global_colors_info=&#8221;{}&#8221;][et_pb_column type=&#8221;3_5&#8243; _builder_version=&#8221;4.21.0&#8243; _module_preset=&#8221;default&#8221; custom_padding=&#8221;120px||120px||true|false&#8221; custom_padding_tablet=&#8221;50px||50px||true|false&#8221; custom_padding_phone=&#8221;50px||50px||true|false&#8221; custom_padding_last_edited=&#8221;on|tablet&#8221; global_colors_info=&#8221;{}&#8221;][et_pb_text _builder_version=&#8221;4.21.0&#8243; _module_preset=&#8221;default&#8221; text_font=&#8221;Poppins||||||||&#8221; text_text_color=&#8221;#FFFFFF&#8221; text_line_height=&#8221;1.9em&#8221; header_font=&#8221;Poppins|600|||||||&#8221; header_text_align=&#8221;left&#8221; header_text_color=&#8221;#FFFFFF&#8221; header_font_size=&#8221;47px&#8221; header_line_height=&#8221;1.3em&#8221; header_font_size_tablet=&#8221;34px&#8221; header_font_size_phone=&#8221;27px&#8221; header_font_size_last_edited=&#8221;on|desktop&#8221; global_colors_info=&#8221;{}&#8221;]<\/p>\n<h1>Agevolazioni riservate agli associati<\/h1>\n<p>[\/et_pb_text][et_pb_image src=&#8221;https:\/\/convenzioni.cralnetwork.it\/cralpolizia\/wp-content\/uploads\/sites\/35\/2024\/02\/volt-ver5.jpg&#8221; title_text=&#8221;volt ver5&#8243; _builder_version=&#8221;4.21.0&#8243; _module_preset=&#8221;default&#8221; global_colors_info=&#8221;{}&#8221;][\/et_pb_image][et_pb_text _builder_version=&#8221;4.21.0&#8243; _module_preset=&#8221;default&#8221; text_font=&#8221;Poppins||||||||&#8221; text_text_color=&#8221;#FFFFFF&#8221; text_line_height=&#8221;1.9em&#8221; link_text_color=&#8221;#FFFFFF&#8221; header_font=&#8221;Poppins|600|||||||&#8221; header_text_align=&#8221;left&#8221; header_text_color=&#8221;#FFFFFF&#8221; header_font_size=&#8221;40px&#8221; header_line_height=&#8221;1.2em&#8221; header_2_font=&#8221;Poppins|600|||||||&#8221; header_2_text_align=&#8221;left&#8221; header_2_text_color=&#8221;#FFFFFF&#8221; header_2_font_size=&#8221;20px&#8221; header_2_line_height=&#8221;1.2em&#8221; header_font_size_tablet=&#8221;30px&#8221; header_font_size_phone=&#8221;25px&#8221; header_font_size_last_edited=&#8221;on|desktop&#8221; header_2_font_size_tablet=&#8221;25px&#8221; header_2_font_size_phone=&#8221;25px&#8221; header_2_font_size_last_edited=&#8221;on|desktop&#8221; locked=&#8221;off&#8221; global_colors_info=&#8221;{}&#8221; link_text_color__hover_enabled=&#8221;on|desktop&#8221; link_text_color__hover=&#8221;#0C71C3&#8243;]<\/p>\n<h1>Contatti<\/h1>\n<p>Via Francia, 21\/C &#8211; 37125 Verona<br \/>\n<strong>Cell: <\/strong>3398182865<br \/>\n<strong>Sito web: <\/strong><a href=\"https:\/\/www.fotovoltaico-verona.com\/\">www.fotovoltaico-verona.com<\/a><br \/>\n<strong>Lun &#8211; Ven:<\/strong> 9.00 &#8211; 18.00<\/p>\n<p>[\/et_pb_text][et_pb_button button_url=&#8221;https:\/\/www.fotovoltaico-verona.com\/fissa-un-appuntamento&#8221; url_new_window=&#8221;on&#8221; button_text=&#8221;FISSA UN APPUNTAMENTO&#8221; _builder_version=&#8221;4.21.0&#8243; _module_preset=&#8221;default&#8221; custom_button=&#8221;on&#8221; button_text_size=&#8221;17px&#8221; button_text_color=&#8221;#06e487&#8243; button_border_width=&#8221;1px&#8221; button_border_radius=&#8221;7px&#8221; button_font=&#8221;Poppins||||||||&#8221; button_icon=&#8221;\uf0e7||fa||900&#8243; custom_margin=&#8221;0px||||false|false&#8221; locked=&#8221;off&#8221; global_colors_info=&#8221;{}&#8221;][\/et_pb_button][\/et_pb_column][et_pb_column type=&#8221;2_5&#8243; _builder_version=&#8221;4.21.0&#8243; _module_preset=&#8221;default&#8221; global_colors_info=&#8221;{}&#8221;][et_pb_code admin_label=&#8221;mappa&#8221; _builder_version=&#8221;4.21.0&#8243; _module_preset=&#8221;default&#8221; global_colors_info=&#8221;{}&#8221;]<div id=\"gmw-single-location-wrapper-534\" class=\"gmw-element-wrapper gmw-single-location-wrapper gmw-sl-wrapper gmw-sl-single-post-wrapper post \" object_type=\"post\" object_id=\"340932\"  style=\"width:100%\"><div class=\"gmw-sl-map-wrapper gmw-sl-element\"><div id=\"gmw-map-wrapper-534\" class=\"gmw-map-wrapper  sl single_location \" style=\"width:100%;height:750px;\"> <span id=\"gmw-resize-map-toggle-534\" class=\"gmw-resize-map-toggle gmw-icon-resize-full\" style=\"display:none;\" title=\"Resize map\"><\/span> <div id=\"gmw-map-loader-534\" class=\"gmw-map-loader\"><\/div> <div id=\"gmw-map-534\" class=\"gmw-map sl single_location\" style=\"width:100%; height:100%\" data-map_id=\"534\" data-prefix=\"sl\" data-map_type=\"single_location\" data-icons_usage=\"global\"><\/div> <\/div><\/div><\/div>[\/et_pb_code][\/et_pb_column][\/et_pb_row][\/et_pb_section][et_pb_section fb_built=&#8221;1&#8243; disabled_on=&#8221;on|on|on&#8221; admin_label=&#8221;Gallery&#8221; _builder_version=&#8221;4.21.0&#8243; background_color=&#8221;#f9f9fb&#8221; background_size=&#8221;initial&#8221; background_position=&#8221;bottom_left&#8221; disabled=&#8221;on&#8221; global_colors_info=&#8221;{}&#8221;][et_pb_row _builder_version=&#8221;4.16&#8243; _module_preset=&#8221;default&#8221; global_colors_info=&#8221;{}&#8221;][et_pb_column type=&#8221;4_4&#8243; _builder_version=&#8221;4.16&#8243; _module_preset=&#8221;default&#8221; global_colors_info=&#8221;{}&#8221;][et_pb_wc_description admin_label=&#8221;descrizione convenzione&#8221; _builder_version=&#8221;4.16&#8243; body_font=&#8221;||||||||&#8221; body_font_size=&#8221;16px&#8221; global_colors_info=&#8221;{}&#8221;][\/et_pb_wc_description][et_pb_code admin_label=&#8221;dati aziendali&#8221; module_class=&#8221;contatti-auto&#8221; _builder_version=&#8221;4.16&#8243; _module_preset=&#8221;default&#8221; custom_margin=&#8221;||0px||false|false&#8221; custom_padding=&#8221;0px||0px||false|false&#8221; global_colors_info=&#8221;{}&#8221;]<br \/><p><strong>Indirizzo:<\/strong> Via Francia, 21\/C, 37135 Verona VR, Italia <br>\n<strong>Telefono:<\/strong> 3398182865 <br><strong>Sito web:<\/strong> <a href=\"http:\/\/www.fotovoltaico-verona.com\">www.fotovoltaico-verona.com<\/a> <br> \n<strong>Mail:<\/strong> <a href=\"mailto:\"><\/a> \n<\/p><br \/>[\/et_pb_code][et_pb_code admin_label=&#8221;mappa&#8221; _builder_version=&#8221;4.16&#8243; _module_preset=&#8221;default&#8221; global_colors_info=&#8221;{}&#8221;]<div id=\"gmw-single-location-wrapper-526\" class=\"gmw-element-wrapper gmw-single-location-wrapper gmw-sl-wrapper gmw-sl-single-post-wrapper post \" object_type=\"post\" object_id=\"340932\"  style=\"width:100%\"><div class=\"gmw-sl-map-wrapper gmw-sl-element\"><div id=\"gmw-map-wrapper-526\" class=\"gmw-map-wrapper  sl single_location \" style=\"width:100%;height:300px;\"> <span id=\"gmw-resize-map-toggle-526\" class=\"gmw-resize-map-toggle gmw-icon-resize-full\" style=\"display:none;\" title=\"Resize map\"><\/span> <div id=\"gmw-map-loader-526\" class=\"gmw-map-loader\"><\/div> <div id=\"gmw-map-526\" class=\"gmw-map sl single_location\" style=\"width:100%; height:100%\" data-map_id=\"526\" data-prefix=\"sl\" data-map_type=\"single_location\" data-icons_usage=\"global\"><\/div> <\/div><\/div><\/div>[\/et_pb_code][\/et_pb_column][\/et_pb_row][\/et_pb_section]<\/p>\n","protected":false},"excerpt":{"rendered":"<div style=\"display: none;\">\n<p>Installazione pannelli fotovoltaici di ultima generazione<br \/>\nGarantiamo l&#8217;installazione di pannelli fotovoltaici moderni in grado di produrre energia per oltre 25 anni!<\/p>\n<p>Risparmia notevolmente sulle spese energetiche<br \/>\nConfrontati con un nostro esperto per calcolare l&#8217;effettivo risparmio della tua azienda o abitazione<\/p>\n<p>Incentivi fiscali e crediti di imposta per le imprese<br \/>\nScopri quali sono gli incentivi fiscali per le aziende che decidono di installare un impianto fotovoltaico<\/p>\n<p>Noleggio operativo e leasing finanziario<br \/>\nRealizza un impianto fotovoltaico anche senza anticipo, o scegli un leasing finanziario grazie al risparmio.<\/p>\n<p>Abbatti i costi della tua azienda<br \/>\nImpianti fotovoltaici di ultima generazione utilizzano pannelli Nuove Energie Viessmann, Trina Solar, Longi Solar e Jinko Solar, Inverter ZCS HUAWEI, Sch\u00fcco e kit di batterie Azzurro ZCS e HUAWEI<br \/>\nUna divisione altamente qualificata si occupa di aziende commerciali, artigianali e industriali.<\/p>\n<p>FOTOVOLTAICO PER ABITAZIONI PRIVATE<br \/>\nFotovoltaico Aziende Verona<br \/>\nInvesti in modo intelligente<br \/>\nL\u2019Italia \u00e8 da sempre considerato il \u201cPaese del Sole\u201d, quindi perch\u00e9 non sfruttare a nostro favore qualcosa che abbiamo gratuitamente? Trasformare l\u2019energia del sole, in energia elettrica \u00e8 una delle invenzioni pi\u00f9 belle che potessimo fare.<\/p>\n<p>COLONNINE RICARICA AUTO ELETTRICHE<br \/>\nFotovoltaico Aziende Verona<br \/>\nPrivati e attivit\u00e0 commerciali<br \/>\nSviluppate da Digital Energy Solutions (DES), joint venture nata dalla collaborazione tra Viessmann e BMW, ora al 100% propriet\u00e0 di Viessmann, le colonnine di ricarica per auto elettriche EVE MINI completano l&#8217;offerta legata al fotovoltaico e allo sfruttamento ottimale dell&#8217;energia elettrica autoprodotta con un impianto fotovoltaico.<\/p>\n<p>Installazione pannelli fotovoltaici, pannelli fotovoltaici, pannello fotovoltaico, Risparmiare energia, Risparmia energia, risparmio energia, impianto fotovoltaico, impianti fotovoltaici, Fotovoltaico per Aziende, Fotovoltaico per Privati , Fotovoltaico per attivit\u00e0 commerciali,<\/p>\n<p>Installazione pannelli fotovoltaici a Verona , pannelli fotovoltaici a Verona, Risparmiare energia a Verona , impianti fotovoltaici a Verona , Fotovoltaico per Aziende a Verona , Fotovoltaico per Privati a Verona , Fotovoltaico per attivit\u00e0 commerciali a Verona ,<\/p>\n<\/div>\n","protected":false},"featured_media":340934,"comment_status":"open","ping_status":"closed","template":"","meta":{"_acf_changed":false,"_et_pb_use_builder":"on","_et_pb_old_content":"","_et_gb_content_width":""},"product_brand":[],"product_cat":[21,2944],"product_tag":[2955,2962,2953,2960,2954,2961,2952,2959,2951,2945,2956,2946,2957,2947,2949,2948,2958,2950],"class_list":{"0":"post-340932","1":"product","2":"type-product","3":"status-publish","4":"has-post-thumbnail","6":"product_cat-casa","7":"product_cat-fotovoltaico","8":"product_tag-fotovoltaico-per-attivita-commerciali","9":"product_tag-fotovoltaico-per-attivita-commerciali-a-verona","10":"product_tag-fotovoltaico-per-aziende","11":"product_tag-fotovoltaico-per-aziende-a-verona","12":"product_tag-fotovoltaico-per-privati","13":"product_tag-fotovoltaico-per-privati-a-verona","14":"product_tag-impianti-fotovoltaici","15":"product_tag-impianti-fotovoltaici-a-verona","16":"product_tag-impianto-fotovoltaico","17":"product_tag-installazione-pannelli-fotovoltaici","18":"product_tag-installazione-pannelli-fotovoltaici-a-verona","19":"product_tag-pannelli-fotovoltaici","20":"product_tag-pannelli-fotovoltaici-a-verona","21":"product_tag-pannello-fotovoltaico","22":"product_tag-risparmia-energia","23":"product_tag-risparmiare-energia","24":"product_tag-risparmiare-energia-a-verona","25":"product_tag-risparmio-energia","27":"first","28":"instock","29":"shipping-taxable","30":"product-type-simple"},"acf":[],"yoast_head":"<!-- This site is optimized with the Yoast SEO plugin v26.4 - https:\/\/yoast.com\/wordpress\/plugins\/seo\/ -->\n<title>Fotovoltaico Verona - Intercral Polizia Italia<\/title>\n<meta name=\"robots\" content=\"index, follow, max-snippet:-1, max-image-preview:large, max-video-preview:-1\" \/>\n<link rel=\"canonical\" href=\"https:\/\/convenzioni.cralnetwork.it\/cralpolizia\/prodotto\/fotovoltaico-verona\/\" \/>\n<meta property=\"og:locale\" content=\"it_IT\" \/>\n<meta property=\"og:type\" content=\"article\" \/>\n<meta property=\"og:title\" content=\"Fotovoltaico Verona - Intercral Polizia Italia\" \/>\n<meta property=\"og:description\" content=\"Installazione pannelli fotovoltaici di ultima generazione Garantiamo l&#039;installazione di pannelli fotovoltaici moderni in grado di produrre energia per oltre 25 anni!  Risparmia notevolmente sulle spese energetiche Confrontati con un nostro esperto per calcolare l&#039;effettivo risparmio della tua azienda o abitazione  Incentivi fiscali e crediti di imposta per le imprese Scopri quali sono gli incentivi fiscali per le aziende che decidono di installare un impianto fotovoltaico  Noleggio operativo e leasing finanziario Realizza un impianto fotovoltaico anche senza anticipo, o scegli un leasing finanziario grazie al risparmio.  Abbatti i costi della tua azienda Impianti fotovoltaici di ultima generazione utilizzano pannelli Nuove Energie Viessmann, Trina Solar, Longi Solar e Jinko Solar, Inverter ZCS HUAWEI, Sch\u00fcco e kit di batterie Azzurro ZCS e HUAWEI Una divisione altamente qualificata si occupa di aziende commerciali, artigianali e industriali.  FOTOVOLTAICO PER ABITAZIONI PRIVATE Fotovoltaico Aziende Verona Investi in modo intelligente L\u2019Italia \u00e8 da sempre considerato il \u201cPaese del Sole\u201d, quindi perch\u00e9 non sfruttare a nostro favore qualcosa che abbiamo gratuitamente? Trasformare l\u2019energia del sole, in energia elettrica \u00e8 una delle invenzioni pi\u00f9 belle che potessimo fare.  COLONNINE RICARICA AUTO ELETTRICHE Fotovoltaico Aziende Verona Privati e attivit\u00e0 commerciali Sviluppate da Digital Energy Solutions (DES), joint venture nata dalla collaborazione tra Viessmann e BMW, ora al 100% propriet\u00e0 di Viessmann, le colonnine di ricarica per auto elettriche EVE MINI completano l&#039;offerta legata al fotovoltaico e allo sfruttamento ottimale dell&#039;energia elettrica autoprodotta con un impianto fotovoltaico.  Installazione pannelli fotovoltaici, pannelli fotovoltaici, pannello fotovoltaico, Risparmiare energia, Risparmia energia, risparmio energia, impianto fotovoltaico, impianti fotovoltaici, Fotovoltaico per Aziende, Fotovoltaico per Privati , Fotovoltaico per attivit\u00e0 commerciali,  Installazione pannelli fotovoltaici a Verona , pannelli fotovoltaici a Verona, Risparmiare energia a Verona , impianti fotovoltaici a Verona , Fotovoltaico per Aziende a Verona , Fotovoltaico per Privati a Verona , Fotovoltaico per attivit\u00e0 commerciali a Verona ,\" \/>\n<meta property=\"og:url\" content=\"https:\/\/convenzioni.cralnetwork.it\/cralpolizia\/prodotto\/fotovoltaico-verona\/\" \/>\n<meta property=\"og:site_name\" content=\"Intercral Polizia Italia\" \/>\n<meta property=\"article:modified_time\" content=\"2025-06-09T15:22:25+00:00\" \/>\n<meta property=\"og:image\" content=\"https:\/\/convenzioni.cralnetwork.it\/cralpolizia\/wp-content\/uploads\/sites\/35\/2024\/02\/logo_Fotovoltaico-Verona.jpg\" \/>\n\t<meta property=\"og:image:width\" content=\"300\" \/>\n\t<meta property=\"og:image:height\" content=\"300\" \/>\n\t<meta property=\"og:image:type\" content=\"image\/jpeg\" \/>\n<meta name=\"twitter:card\" content=\"summary_large_image\" \/>\n<meta name=\"twitter:label1\" content=\"Tempo di lettura stimato\" \/>\n\t<meta name=\"twitter:data1\" content=\"5 minuti\" \/>\n<script type=\"application\/ld+json\" class=\"yoast-schema-graph\">{\"@context\":\"https:\/\/schema.org\",\"@graph\":[{\"@type\":\"WebPage\",\"@id\":\"https:\/\/convenzioni.cralnetwork.it\/cralpolizia\/prodotto\/fotovoltaico-verona\/\",\"url\":\"https:\/\/convenzioni.cralnetwork.it\/cralpolizia\/prodotto\/fotovoltaico-verona\/\",\"name\":\"Fotovoltaico Verona - Intercral Polizia Italia\",\"isPartOf\":{\"@id\":\"https:\/\/convenzioni.cralnetwork.it\/cralpolizia\/#website\"},\"primaryImageOfPage\":{\"@id\":\"https:\/\/convenzioni.cralnetwork.it\/cralpolizia\/prodotto\/fotovoltaico-verona\/#primaryimage\"},\"image\":{\"@id\":\"https:\/\/convenzioni.cralnetwork.it\/cralpolizia\/prodotto\/fotovoltaico-verona\/#primaryimage\"},\"thumbnailUrl\":\"https:\/\/convenzioni.cralnetwork.it\/cralpolizia\/wp-content\/uploads\/sites\/35\/2024\/02\/logo_Fotovoltaico-Verona.jpg\",\"datePublished\":\"2024-02-05T10:00:09+00:00\",\"dateModified\":\"2025-06-09T15:22:25+00:00\",\"breadcrumb\":{\"@id\":\"https:\/\/convenzioni.cralnetwork.it\/cralpolizia\/prodotto\/fotovoltaico-verona\/#breadcrumb\"},\"inLanguage\":\"it-IT\",\"potentialAction\":[{\"@type\":\"ReadAction\",\"target\":[\"https:\/\/convenzioni.cralnetwork.it\/cralpolizia\/prodotto\/fotovoltaico-verona\/\"]}]},{\"@type\":\"ImageObject\",\"inLanguage\":\"it-IT\",\"@id\":\"https:\/\/convenzioni.cralnetwork.it\/cralpolizia\/prodotto\/fotovoltaico-verona\/#primaryimage\",\"url\":\"https:\/\/convenzioni.cralnetwork.it\/cralpolizia\/wp-content\/uploads\/sites\/35\/2024\/02\/logo_Fotovoltaico-Verona.jpg\",\"contentUrl\":\"https:\/\/convenzioni.cralnetwork.it\/cralpolizia\/wp-content\/uploads\/sites\/35\/2024\/02\/logo_Fotovoltaico-Verona.jpg\",\"width\":300,\"height\":300},{\"@type\":\"BreadcrumbList\",\"@id\":\"https:\/\/convenzioni.cralnetwork.it\/cralpolizia\/prodotto\/fotovoltaico-verona\/#breadcrumb\",\"itemListElement\":[{\"@type\":\"ListItem\",\"position\":1,\"name\":\"Home\",\"item\":\"https:\/\/convenzioni.cralnetwork.it\/cralpolizia\/\"},{\"@type\":\"ListItem\",\"position\":2,\"name\":\"Shop\",\"item\":\"https:\/\/convenzioni.cralnetwork.it\/cralpolizia\/negozio\/\"},{\"@type\":\"ListItem\",\"position\":3,\"name\":\"Fotovoltaico Verona\"}]},{\"@type\":\"WebSite\",\"@id\":\"https:\/\/convenzioni.cralnetwork.it\/cralpolizia\/#website\",\"url\":\"https:\/\/convenzioni.cralnetwork.it\/cralpolizia\/\",\"name\":\"Intercral Polizia Italia\",\"description\":\"Area Convenzioni\",\"potentialAction\":[{\"@type\":\"SearchAction\",\"target\":{\"@type\":\"EntryPoint\",\"urlTemplate\":\"https:\/\/convenzioni.cralnetwork.it\/cralpolizia\/?s={search_term_string}\"},\"query-input\":{\"@type\":\"PropertyValueSpecification\",\"valueRequired\":true,\"valueName\":\"search_term_string\"}}],\"inLanguage\":\"it-IT\"}]}<\/script>\n<!-- \/ Yoast SEO plugin. -->","yoast_head_json":{"title":"Fotovoltaico Verona - Intercral Polizia Italia","robots":{"index":"index","follow":"follow","max-snippet":"max-snippet:-1","max-image-preview":"max-image-preview:large","max-video-preview":"max-video-preview:-1"},"canonical":"https:\/\/convenzioni.cralnetwork.it\/cralpolizia\/prodotto\/fotovoltaico-verona\/","og_locale":"it_IT","og_type":"article","og_title":"Fotovoltaico Verona - Intercral Polizia Italia","og_description":"Installazione pannelli fotovoltaici di ultima generazione Garantiamo l'installazione di pannelli fotovoltaici moderni in grado di produrre energia per oltre 25 anni!  Risparmia notevolmente sulle spese energetiche Confrontati con un nostro esperto per calcolare l'effettivo risparmio della tua azienda o abitazione  Incentivi fiscali e crediti di imposta per le imprese Scopri quali sono gli incentivi fiscali per le aziende che decidono di installare un impianto fotovoltaico  Noleggio operativo e leasing finanziario Realizza un impianto fotovoltaico anche senza anticipo, o scegli un leasing finanziario grazie al risparmio.  Abbatti i costi della tua azienda Impianti fotovoltaici di ultima generazione utilizzano pannelli Nuove Energie Viessmann, Trina Solar, Longi Solar e Jinko Solar, Inverter ZCS HUAWEI, Sch\u00fcco e kit di batterie Azzurro ZCS e HUAWEI Una divisione altamente qualificata si occupa di aziende commerciali, artigianali e industriali.  FOTOVOLTAICO PER ABITAZIONI PRIVATE Fotovoltaico Aziende Verona Investi in modo intelligente L\u2019Italia \u00e8 da sempre considerato il \u201cPaese del Sole\u201d, quindi perch\u00e9 non sfruttare a nostro favore qualcosa che abbiamo gratuitamente? Trasformare l\u2019energia del sole, in energia elettrica \u00e8 una delle invenzioni pi\u00f9 belle che potessimo fare.  COLONNINE RICARICA AUTO ELETTRICHE Fotovoltaico Aziende Verona Privati e attivit\u00e0 commerciali Sviluppate da Digital Energy Solutions (DES), joint venture nata dalla collaborazione tra Viessmann e BMW, ora al 100% propriet\u00e0 di Viessmann, le colonnine di ricarica per auto elettriche EVE MINI completano l'offerta legata al fotovoltaico e allo sfruttamento ottimale dell'energia elettrica autoprodotta con un impianto fotovoltaico.  Installazione pannelli fotovoltaici, pannelli fotovoltaici, pannello fotovoltaico, Risparmiare energia, Risparmia energia, risparmio energia, impianto fotovoltaico, impianti fotovoltaici, Fotovoltaico per Aziende, Fotovoltaico per Privati , Fotovoltaico per attivit\u00e0 commerciali,  Installazione pannelli fotovoltaici a Verona , pannelli fotovoltaici a Verona, Risparmiare energia a Verona , impianti fotovoltaici a Verona , Fotovoltaico per Aziende a Verona , Fotovoltaico per Privati a Verona , Fotovoltaico per attivit\u00e0 commerciali a Verona ,","og_url":"https:\/\/convenzioni.cralnetwork.it\/cralpolizia\/prodotto\/fotovoltaico-verona\/","og_site_name":"Intercral Polizia Italia","article_modified_time":"2025-06-09T15:22:25+00:00","og_image":[{"width":300,"height":300,"url":"https:\/\/convenzioni.cralnetwork.it\/cralpolizia\/wp-content\/uploads\/sites\/35\/2024\/02\/logo_Fotovoltaico-Verona.jpg","type":"image\/jpeg"}],"twitter_card":"summary_large_image","twitter_misc":{"Tempo di lettura stimato":"5 minuti"},"schema":{"@context":"https:\/\/schema.org","@graph":[{"@type":"WebPage","@id":"https:\/\/convenzioni.cralnetwork.it\/cralpolizia\/prodotto\/fotovoltaico-verona\/","url":"https:\/\/convenzioni.cralnetwork.it\/cralpolizia\/prodotto\/fotovoltaico-verona\/","name":"Fotovoltaico Verona - Intercral Polizia Italia","isPartOf":{"@id":"https:\/\/convenzioni.cralnetwork.it\/cralpolizia\/#website"},"primaryImageOfPage":{"@id":"https:\/\/convenzioni.cralnetwork.it\/cralpolizia\/prodotto\/fotovoltaico-verona\/#primaryimage"},"image":{"@id":"https:\/\/convenzioni.cralnetwork.it\/cralpolizia\/prodotto\/fotovoltaico-verona\/#primaryimage"},"thumbnailUrl":"https:\/\/convenzioni.cralnetwork.it\/cralpolizia\/wp-content\/uploads\/sites\/35\/2024\/02\/logo_Fotovoltaico-Verona.jpg","datePublished":"2024-02-05T10:00:09+00:00","dateModified":"2025-06-09T15:22:25+00:00","breadcrumb":{"@id":"https:\/\/convenzioni.cralnetwork.it\/cralpolizia\/prodotto\/fotovoltaico-verona\/#breadcrumb"},"inLanguage":"it-IT","potentialAction":[{"@type":"ReadAction","target":["https:\/\/convenzioni.cralnetwork.it\/cralpolizia\/prodotto\/fotovoltaico-verona\/"]}]},{"@type":"ImageObject","inLanguage":"it-IT","@id":"https:\/\/convenzioni.cralnetwork.it\/cralpolizia\/prodotto\/fotovoltaico-verona\/#primaryimage","url":"https:\/\/convenzioni.cralnetwork.it\/cralpolizia\/wp-content\/uploads\/sites\/35\/2024\/02\/logo_Fotovoltaico-Verona.jpg","contentUrl":"https:\/\/convenzioni.cralnetwork.it\/cralpolizia\/wp-content\/uploads\/sites\/35\/2024\/02\/logo_Fotovoltaico-Verona.jpg","width":300,"height":300},{"@type":"BreadcrumbList","@id":"https:\/\/convenzioni.cralnetwork.it\/cralpolizia\/prodotto\/fotovoltaico-verona\/#breadcrumb","itemListElement":[{"@type":"ListItem","position":1,"name":"Home","item":"https:\/\/convenzioni.cralnetwork.it\/cralpolizia\/"},{"@type":"ListItem","position":2,"name":"Shop","item":"https:\/\/convenzioni.cralnetwork.it\/cralpolizia\/negozio\/"},{"@type":"ListItem","position":3,"name":"Fotovoltaico Verona"}]},{"@type":"WebSite","@id":"https:\/\/convenzioni.cralnetwork.it\/cralpolizia\/#website","url":"https:\/\/convenzioni.cralnetwork.it\/cralpolizia\/","name":"Intercral Polizia Italia","description":"Area Convenzioni","potentialAction":[{"@type":"SearchAction","target":{"@type":"EntryPoint","urlTemplate":"https:\/\/convenzioni.cralnetwork.it\/cralpolizia\/?s={search_term_string}"},"query-input":{"@type":"PropertyValueSpecification","valueRequired":true,"valueName":"search_term_string"}}],"inLanguage":"it-IT"}]}},"publishpress_future_workflow_manual_trigger":{"enabledWorkflows":[]},"_links":{"self":[{"href":"https:\/\/convenzioni.cralnetwork.it\/cralpolizia\/wp-json\/wp\/v2\/product\/340932","targetHints":{"allow":["GET"]}}],"collection":[{"href":"https:\/\/convenzioni.cralnetwork.it\/cralpolizia\/wp-json\/wp\/v2\/product"}],"about":[{"href":"https:\/\/convenzioni.cralnetwork.it\/cralpolizia\/wp-json\/wp\/v2\/types\/product"}],"replies":[{"embeddable":true,"href":"https:\/\/convenzioni.cralnetwork.it\/cralpolizia\/wp-json\/wp\/v2\/comments?post=340932"}],"version-history":[{"count":3,"href":"https:\/\/convenzioni.cralnetwork.it\/cralpolizia\/wp-json\/wp\/v2\/product\/340932\/revisions"}],"predecessor-version":[{"id":361619,"href":"https:\/\/convenzioni.cralnetwork.it\/cralpolizia\/wp-json\/wp\/v2\/product\/340932\/revisions\/361619"}],"wp:featuredmedia":[{"embeddable":true,"href":"https:\/\/convenzioni.cralnetwork.it\/cralpolizia\/wp-json\/wp\/v2\/media\/340934"}],"wp:attachment":[{"href":"https:\/\/convenzioni.cralnetwork.it\/cralpolizia\/wp-json\/wp\/v2\/media?parent=340932"}],"wp:term":[{"taxonomy":"product_brand","embeddable":true,"href":"https:\/\/convenzioni.cralnetwork.it\/cralpolizia\/wp-json\/wp\/v2\/product_brand?post=340932"},{"taxonomy":"product_cat","embeddable":true,"href":"https:\/\/convenzioni.cralnetwork.it\/cralpolizia\/wp-json\/wp\/v2\/product_cat?post=340932"},{"taxonomy":"product_tag","embeddable":true,"href":"https:\/\/convenzioni.cralnetwork.it\/cralpolizia\/wp-json\/wp\/v2\/product_tag?post=340932"}],"curies":[{"name":"wp","href":"https:\/\/api.w.org\/{rel}","templated":true}]}}