{"id":340871,"date":"2024-01-25T11:34:40","date_gmt":"2024-01-25T10:34:40","guid":{"rendered":"https:\/\/convenzioni.cralnetwork.it\/cralpolizia\/?post_type=product&#038;p=340871"},"modified":"2024-01-31T16:35:40","modified_gmt":"2024-01-31T15:35:40","slug":"lb-sdf-agathemis","status":"publish","type":"product","link":"https:\/\/convenzioni.cralnetwork.it\/cralpolizia\/prodotto\/lb-sdf-agathemis\/","title":{"rendered":"LB &#038; SDF Agathemis"},"content":{"rendered":"<p>[et_pb_section fb_built=&#8221;1&#8243; admin_label=&#8221;Hero&#8221; _builder_version=&#8221;4.16&#8243; custom_padding=&#8221;0px|0px|0px|0px&#8221; animation_style=&#8221;zoom&#8221; animation_intensity_zoom=&#8221;4%&#8221; global_colors_info=&#8221;{}&#8221;][et_pb_row column_structure=&#8221;1_2,1_2&#8243; use_custom_gutter=&#8221;on&#8221; gutter_width=&#8221;1&#8243; make_equal=&#8221;on&#8221; module_class=&#8221; et_pb_row_fullwidth&#8221; _builder_version=&#8221;4.21.0&#8243; background_color=&#8221;#fcfeff&#8221; background_enable_image=&#8221;off&#8221; width=&#8221;100%&#8221; width_tablet=&#8221;100%&#8221; width_phone=&#8221;&#8221; width_last_edited=&#8221;on|desktop&#8221; max_width=&#8221;100%&#8221; max_width_tablet=&#8221;100%&#8221; max_width_phone=&#8221;&#8221; max_width_last_edited=&#8221;on|desktop&#8221; custom_padding=&#8221;0px||0px|&#8221; animation_style=&#8221;slide&#8221; animation_direction=&#8221;top&#8221; animation_intensity_slide=&#8221;3%&#8221; make_fullwidth=&#8221;on&#8221; global_colors_info=&#8221;{}&#8221;][et_pb_column type=&#8221;1_2&#8243; _builder_version=&#8221;4.21.0&#8243; custom_padding=&#8221;5%|9%|5%|9%|true|true&#8221; custom_padding_tablet=&#8221;10%|20%|10%|20%|true|true&#8221; custom_padding_phone=&#8221;20%|12%|20%|12%|true|true&#8221; custom_padding_last_edited=&#8221;on|phone&#8221; global_colors_info=&#8221;{}&#8221; custom_padding__hover=&#8221;|||&#8221;][et_pb_image src=&#8221;https:\/\/convenzioni.cralnetwork.it\/cralpolizia\/wp-content\/uploads\/sites\/35\/2024\/01\/LBSDF_Agathemis-tracciati.jpg&#8221; title_text=&#8221;carta intestata pantone&#8221; _builder_version=&#8221;4.21.0&#8243; _module_preset=&#8221;default&#8221; global_colors_info=&#8221;{}&#8221;][\/et_pb_image][\/et_pb_column][et_pb_column type=&#8221;1_2&#8243; _builder_version=&#8221;4.21.0&#8243; background_image=&#8221;https:\/\/convenzioni.cralnetwork.it\/cralpolizia\/wp-content\/uploads\/sites\/35\/2024\/01\/AdobeStock_482450555-1-scaled.jpeg&#8221; custom_padding=&#8221;|||&#8221; global_colors_info=&#8221;{}&#8221; custom_padding__hover=&#8221;|||&#8221;][\/et_pb_column][\/et_pb_row][\/et_pb_section][et_pb_section fb_built=&#8221;1&#8243; _builder_version=&#8221;4.21.0&#8243; _module_preset=&#8221;default&#8221; global_colors_info=&#8221;{}&#8221;][et_pb_row _builder_version=&#8221;4.21.0&#8243; _module_preset=&#8221;default&#8221; global_colors_info=&#8221;{}&#8221;][et_pb_column type=&#8221;4_4&#8243; _builder_version=&#8221;4.21.0&#8243; _module_preset=&#8221;default&#8221; global_colors_info=&#8221;{}&#8221;][et_pb_text _builder_version=&#8221;4.21.0&#8243; _module_preset=&#8221;default&#8221; text_font=&#8221;Poppins|300|||||||&#8221; text_text_color=&#8221;#a11b47&#8243; text_font_size=&#8221;30px&#8221; text_line_height=&#8221;1.8em&#8221; text_orientation=&#8221;justified&#8221; global_colors_info=&#8221;{}&#8221;]<\/p>\n<p>Lo studio<\/p>\n<p>[\/et_pb_text][et_pb_text _builder_version=&#8221;4.21.0&#8243; _module_preset=&#8221;default&#8221; text_font=&#8221;Poppins|300|||||||&#8221; text_font_size=&#8221;15px&#8221; text_line_height=&#8221;1.8em&#8221; text_orientation=&#8221;justified&#8221; custom_margin=&#8221;-20px||||false|false&#8221; global_colors_info=&#8221;{}&#8221;]<\/p>\n<p>L\u2019Avv. Lucilla Bacci insieme all\u2019Avv. Salvatore De Francesco sono soci fondatori dello Studio Legale Associato \u201c<em><strong>LB &amp; SDF Agathemis<\/strong><\/em>\u201d, che offre assistenza legale e stragiudiziale.<\/p>\n<p>Lo Studio \u201cLB &amp; SDF Agathemis\u201d \u00e8 un punto di riferimento affidabile e professionale nel campo legale a Roma e sul territorio nazionale ed \u00e8 costituito da un team di professionisti dedicati a fornire ai clienti assistenza legale di alta qualit\u00e0 e servizi legali personalizzati nelle aree del diritto civile, penale e tributario.<\/p>\n<p>Con un approccio orientato alla soluzione e una profonda competenza e grande esperienza, i clienti sono rappresentati ed assistiti con impegno e professionalit\u00e0 per garantire la massima tutela dei loro diritti e interessi, con adozione di strategie legali personalizzate.<\/p>\n<p>[\/et_pb_text][\/et_pb_column][\/et_pb_row][\/et_pb_section][et_pb_section fb_built=&#8221;1&#8243; _builder_version=&#8221;4.21.0&#8243; _module_preset=&#8221;default&#8221; background_color=&#8221;#f9f9fb&#8221; global_colors_info=&#8221;{}&#8221;][et_pb_row _builder_version=&#8221;4.21.0&#8243; _module_preset=&#8221;default&#8221; global_colors_info=&#8221;{}&#8221;][et_pb_column type=&#8221;4_4&#8243; _builder_version=&#8221;4.21.0&#8243; _module_preset=&#8221;default&#8221; global_colors_info=&#8221;{}&#8221;][et_pb_text _builder_version=&#8221;4.21.0&#8243; _module_preset=&#8221;default&#8221; text_font=&#8221;Poppins|300|||||||&#8221; text_text_color=&#8221;#a11b47&#8243; text_font_size=&#8221;30px&#8221; text_line_height=&#8221;1.8em&#8221; text_orientation=&#8221;justified&#8221; global_colors_info=&#8221;{}&#8221;]<\/p>\n<p>Ambito Civile<\/p>\n<p>[\/et_pb_text][et_pb_text _builder_version=&#8221;4.21.0&#8243; _module_preset=&#8221;default&#8221; text_font=&#8221;Poppins|300|||||||&#8221; text_font_size=&#8221;15px&#8221; text_line_height=&#8221;1.8em&#8221; text_orientation=&#8221;justified&#8221; custom_margin=&#8221;-20px||||false|false&#8221; text_orientation_tablet=&#8221;justified&#8221; text_orientation_phone=&#8221;left&#8221; text_orientation_last_edited=&#8221;on|phone&#8221; global_colors_info=&#8221;{}&#8221;]<\/p>\n<p>In particolare, in <span style=\"text-decoration: underline;\">ambito civile<\/span>, i professionisti, vantano competenze in materia di:<\/p>\n<ul>\n<li>responsabilit\u00e0 professionale di medici e strutture sanitarie, diritto sanitario<\/li>\n<li>responsabilit\u00e0 professionale civile e disciplinare dei professionisti<\/li>\n<li>responsabilit\u00e0 amministrativa persone giuridiche ex D.lgs 231\/2001<\/li>\n<li>diritto del lavoro; infortuni sul lavoro<\/li>\n<li>contrattualistica e negoziazione commerciale<\/li>\n<li>locazioni<\/li>\n<li>recupero credito<\/li>\n<li>infortunistica stradale<\/li>\n<li>compravendite immobiliari<\/li>\n<li>diritto di famiglia<\/li>\n<li>mediazioni e conciliazioni<\/li>\n<\/ul>\n<p>[\/et_pb_text][\/et_pb_column][\/et_pb_row][et_pb_row _builder_version=&#8221;4.21.0&#8243; _module_preset=&#8221;default&#8221; border_width_top=&#8221;1px&#8221; border_color_top=&#8221;#cccccc&#8221; global_colors_info=&#8221;{}&#8221;][et_pb_column type=&#8221;4_4&#8243; _builder_version=&#8221;4.21.0&#8243; _module_preset=&#8221;default&#8221; global_colors_info=&#8221;{}&#8221;][et_pb_text _builder_version=&#8221;4.21.0&#8243; _module_preset=&#8221;default&#8221; text_font=&#8221;Poppins|300|||||||&#8221; text_text_color=&#8221;#a11b47&#8243; text_font_size=&#8221;30px&#8221; text_line_height=&#8221;1.8em&#8221; text_orientation=&#8221;justified&#8221; global_colors_info=&#8221;{}&#8221;]<\/p>\n<p>Ambito Penale<\/p>\n<p>[\/et_pb_text][et_pb_text _builder_version=&#8221;4.21.0&#8243; _module_preset=&#8221;default&#8221; text_font=&#8221;Poppins|300|||||||&#8221; text_font_size=&#8221;15px&#8221; text_line_height=&#8221;1.8em&#8221; text_orientation=&#8221;justified&#8221; custom_margin=&#8221;-20px||||false|false&#8221; text_orientation_tablet=&#8221;justified&#8221; text_orientation_phone=&#8221;left&#8221; text_orientation_last_edited=&#8221;on|phone&#8221; global_colors_info=&#8221;{}&#8221;]<\/p>\n<p>In <span style=\"text-decoration: underline;\">ambito penale<\/span>, lo Studio offre assistenza e difesa nella fase stragiudiziale delle attivit\u00e0 che coinvolgono profili di rilevanza penale nonch\u00e9 la difesa dei propri assistiti nei procedimenti penali delle indagini penali e di eventuale applicazione di misure cautelari; in fase di appello e di legittimit\u00e0, per tipologie di reato quali a titolo esemplificativo e non esaustivo:<\/p>\n<ul>\n<li>reati contro l\u2019onore: diffamazione, reati concernenti la privacy<\/li>\n<li>reati contro la persona e la libert\u00e0 personale: omicidio (anche derivante dalla circolazione stradale), lesioni personali, stalking, maltrattamenti, violenza sessuale<\/li>\n<li>reati in materia di armi e stupefacenti: Detenzione abusiva e porto abusivo di armi, Detenzione e spaccio di sostanze stupefacenti<\/li>\n<li>reati contro il patrimonio: Furto, truffa<\/li>\n<li>reati contro la pubblica amministrazione: violenza, minaccia e resistenza a pubblico ufficiale; peculato; concussione; diritto penale del lavoro: reati in materia di sicurezza e di igiene del lavoro<\/li>\n<li>illeciti amministrativi ex D.Lvo n. 231\/01: consulenza con specifico riguardo alla predisposizione di idonei Modelli di Organizzazione e di Gestione ai sensi del Decreto Legislativo 8 giugno 2001 n. 231 sulla responsabilit\u00e0 amministrativa delle persone giuridiche e delle societ\u00e0:<\/li>\n<li>assistenza giudiziale dinnanzi il Tribunale Sorveglianza: per misure alternative alla detenzione (affidamento in prova al servizio sociale, detenzione domiciliare, semilibert\u00e0 ecc.) e per richieste di riabilitazione.<\/li>\n<\/ul>\n<p>[\/et_pb_text][et_pb_wc_description disabled_on=&#8221;on|on|on&#8221; admin_label=&#8221;descrizione convenzione&#8221; module_class=&#8221;descrizione-professionisti&#8221; _builder_version=&#8221;4.16&#8243; body_font=&#8221;||||||||&#8221; body_font_size=&#8221;18px&#8221; disabled=&#8221;on&#8221; global_colors_info=&#8221;{}&#8221;][\/et_pb_wc_description][\/et_pb_column][\/et_pb_row][\/et_pb_section][et_pb_section fb_built=&#8221;1&#8243; _builder_version=&#8221;4.21.0&#8243; _module_preset=&#8221;default&#8221; global_colors_info=&#8221;{}&#8221;][et_pb_row _builder_version=&#8221;4.21.0&#8243; _module_preset=&#8221;default&#8221; global_colors_info=&#8221;{}&#8221;][et_pb_column type=&#8221;4_4&#8243; _builder_version=&#8221;4.21.0&#8243; _module_preset=&#8221;default&#8221; global_colors_info=&#8221;{}&#8221;][et_pb_text _builder_version=&#8221;4.21.0&#8243; _module_preset=&#8221;default&#8221; text_font=&#8221;Poppins|300|||||||&#8221; text_text_color=&#8221;#a11b47&#8243; text_font_size=&#8221;30px&#8221; text_line_height=&#8221;1.8em&#8221; text_orientation=&#8221;justified&#8221; global_colors_info=&#8221;{}&#8221;]<\/p>\n<p>Inoltre<\/p>\n<p>[\/et_pb_text][et_pb_text _builder_version=&#8221;4.21.0&#8243; _module_preset=&#8221;default&#8221; text_font=&#8221;Poppins|300|||||||&#8221; text_font_size=&#8221;15px&#8221; text_line_height=&#8221;1.8em&#8221; text_orientation=&#8221;justified&#8221; custom_margin=&#8221;-20px||||false|false&#8221; global_colors_info=&#8221;{}&#8221;]Lo Studio ha, inoltre, consolidato e pu\u00f2 vantare una rete di corrispondenti esterni di alto profilo professionale che gli consentono di assumere, con rapidit\u00e0, qualit\u00e0, efficienza e flessibilit\u00e0 il contenzioso stragiudiziale e\/o giudiziale (per tutte le fasi e gradi di giudizio) sull&#8217;intero territorio nazionale nei suddetti ambiti di competenza.[\/et_pb_text][\/et_pb_column][\/et_pb_row][\/et_pb_section][et_pb_section fb_built=&#8221;1&#8243; _builder_version=&#8221;4.21.0&#8243; _module_preset=&#8221;default&#8221; background_color=&#8221;#a11b47&#8243; background_enable_image=&#8221;off&#8221; background_enable_pattern_style=&#8221;on&#8221; background_pattern_style=&#8221;scallops&#8221; background_pattern_size=&#8221;custom&#8221; background_pattern_width=&#8221;1000px&#8221; global_colors_info=&#8221;{}&#8221;][et_pb_row _builder_version=&#8221;4.16&#8243; _module_preset=&#8221;default&#8221; global_colors_info=&#8221;{}&#8221;][et_pb_column type=&#8221;4_4&#8243; _builder_version=&#8221;4.16&#8243; _module_preset=&#8221;default&#8221; global_colors_info=&#8221;{}&#8221;][et_pb_text _builder_version=&#8221;4.21.0&#8243; _module_preset=&#8221;default&#8221; text_font=&#8221;Poppins|300|||||||&#8221; text_text_color=&#8221;#FFFFFF&#8221; text_font_size=&#8221;45px&#8221; text_line_height=&#8221;1.8em&#8221; text_orientation=&#8221;center&#8221; text_font_size_tablet=&#8221;35px&#8221; text_font_size_phone=&#8221;26px&#8221; text_font_size_last_edited=&#8221;on|phone&#8221; global_colors_info=&#8221;{}&#8221;]<\/p>\n<p>Trattamento riservato su presentazione tessera<\/p>\n<p>[\/et_pb_text][\/et_pb_column][\/et_pb_row][\/et_pb_section][et_pb_section fb_built=&#8221;1&#8243; admin_label=&#8221;Gallery&#8221; _builder_version=&#8221;4.16&#8243; background_color=&#8221;#f9f9fb&#8221; background_size=&#8221;initial&#8221; background_position=&#8221;bottom_left&#8221; locked=&#8221;off&#8221; global_colors_info=&#8221;{}&#8221;][et_pb_row column_structure=&#8221;1_2,1_2&#8243; _builder_version=&#8221;4.21.0&#8243; _module_preset=&#8221;default&#8221; global_colors_info=&#8221;{}&#8221;][et_pb_column type=&#8221;1_2&#8243; _builder_version=&#8221;4.21.0&#8243; _module_preset=&#8221;default&#8221; global_colors_info=&#8221;{}&#8221;][et_pb_text _builder_version=&#8221;4.21.0&#8243; _module_preset=&#8221;default&#8221; text_font=&#8221;Poppins|300|||||||&#8221; text_text_color=&#8221;#a11b47&#8243; text_font_size=&#8221;22px&#8221; text_line_height=&#8221;1.8em&#8221; text_orientation=&#8221;center&#8221; global_colors_info=&#8221;{}&#8221;]Avv. Salvatore De Francesco[\/et_pb_text][et_pb_image src=&#8221;https:\/\/convenzioni.cralnetwork.it\/cralpolizia\/wp-content\/uploads\/sites\/35\/2024\/01\/foto-Avv.-De-Francesco.jpg&#8221; title_text=&#8221;foto Avv. De Francesco&#8221; _builder_version=&#8221;4.21.0&#8243; _module_preset=&#8221;default&#8221; global_colors_info=&#8221;{}&#8221;][\/et_pb_image][\/et_pb_column][et_pb_column type=&#8221;1_2&#8243; _builder_version=&#8221;4.21.0&#8243; _module_preset=&#8221;default&#8221; global_colors_info=&#8221;{}&#8221;][et_pb_text _builder_version=&#8221;4.21.0&#8243; _module_preset=&#8221;default&#8221; text_font=&#8221;Poppins|300|||||||&#8221; text_text_color=&#8221;#a11b47&#8243; text_font_size=&#8221;22px&#8221; text_line_height=&#8221;1.8em&#8221; text_orientation=&#8221;center&#8221; custom_margin_tablet=&#8221;50px||||false|false&#8221; custom_margin_phone=&#8221;50px||||false|false&#8221; custom_margin_last_edited=&#8221;on|tablet&#8221; global_colors_info=&#8221;{}&#8221;]<\/p>\n<p>Avv. Lucilla Bacci<\/p>\n<p>[\/et_pb_text][et_pb_image src=&#8221;https:\/\/convenzioni.cralnetwork.it\/cralpolizia\/wp-content\/uploads\/sites\/35\/2024\/01\/Avv-Lucilla-Bacci.jpg&#8221; title_text=&#8221;Avv-Lucilla-Bacci&#8221; force_fullwidth=&#8221;on&#8221; _builder_version=&#8221;4.21.0&#8243; _module_preset=&#8221;default&#8221; global_colors_info=&#8221;{}&#8221;][\/et_pb_image][\/et_pb_column][\/et_pb_row][et_pb_row column_structure=&#8221;1_2,1_2&#8243; _builder_version=&#8221;4.21.0&#8243; _module_preset=&#8221;default&#8221; global_colors_info=&#8221;{}&#8221;][et_pb_column type=&#8221;1_2&#8243; _builder_version=&#8221;4.21.0&#8243; _module_preset=&#8221;default&#8221; custom_padding=&#8221;10px||||false|false&#8221; global_colors_info=&#8221;{}&#8221;][et_pb_text _builder_version=&#8221;4.21.0&#8243; _module_preset=&#8221;default&#8221; text_font=&#8221;Poppins|300|||||||&#8221; text_text_color=&#8221;#a11b47&#8243; text_font_size=&#8221;30px&#8221; text_line_height=&#8221;1.8em&#8221; text_orientation=&#8221;justified&#8221; custom_margin=&#8221;||0px||false|false&#8221; global_colors_info=&#8221;{}&#8221;]<\/p>\n<p>Contatti<\/p>\n<p>[\/et_pb_text][et_pb_text _builder_version=&#8221;4.21.0&#8243; _module_preset=&#8221;default&#8221; text_font=&#8221;Poppins|300|||||||&#8221; text_font_size=&#8221;15px&#8221; text_line_height=&#8221;2.2em&#8221; link_text_color=&#8221;#a11b47&#8243; global_colors_info=&#8221;{}&#8221;]<\/p>\n<p>Via L. Angeloni, 94 &#8211; 00149 Roma<br \/>Via XX Settembre, 118 &#8211; 00187 Roma<br \/><strong>Telefono:<\/strong> +39 06 47825609<br \/><strong>Cellulare:<\/strong> +39 338 23 24 216<br \/><strong>Cellulare:<\/strong> + 39 338 37 03 689<br \/><strong>Mail:<\/strong> <a href=\"mailto:bacci.lucilla@gmail.com\">bacci.lucilla@gmail.com<\/a><br \/><strong>Mail:<\/strong> <a href=\"mailto:avvocatilbsdf.agathemis@gmail.com\">avvocatilbsdf.agathemis@gmail.com<\/a><\/p>\n<p>[\/et_pb_text][\/et_pb_column][et_pb_column type=&#8221;1_2&#8243; _builder_version=&#8221;4.21.0&#8243; _module_preset=&#8221;default&#8221; global_colors_info=&#8221;{}&#8221;][et_pb_code disabled_on=&#8221;off|off|off&#8221; admin_label=&#8221;mappa multipla&#8221; _builder_version=&#8221;4.16&#8243; _module_preset=&#8221;default&#8221; custom_margin=&#8221;15px||||false|false&#8221; global_colors_info=&#8221;{}&#8221;]<div id=\"gmw-single-object-locations-wrapper-219\" class=\"gmw-element-wrapper gmw-single-location-wrapper gmw-sl-wrapper gmw-sl-single-post-wrapper post gmw-sl-multiple-locations\" object_type=\"post\" object_id=\"\"  style=\"width:100%\"><div class=\"gmw-sl-map-wrapper\"><div id=\"gmw-map-wrapper-219\" class=\"gmw-map-wrapper  sl single_location \" style=\"width:100%;height:350px;\"> <span id=\"gmw-resize-map-toggle-219\" class=\"gmw-resize-map-toggle gmw-icon-resize-full\" style=\"display:none;\" title=\"Resize map\"><\/span> <div id=\"gmw-map-loader-219\" class=\"gmw-map-loader\"><\/div> <div id=\"gmw-map-219\" class=\"gmw-map sl single_location\" style=\"width:100%; height:100%\" data-map_id=\"219\" data-prefix=\"sl\" data-map_type=\"single_location\" data-icons_usage=\"global\"><\/div> <\/div><\/div><\/div>[\/et_pb_code][et_pb_code disabled_on=&#8221;on|on|on&#8221; admin_label=&#8221;dati aziendali&#8221; module_class=&#8221;contatti-professionisti&#8221; _builder_version=&#8221;4.16&#8243; _module_preset=&#8221;default&#8221; custom_margin=&#8221;||0px||false|false&#8221; custom_padding=&#8221;0px||0px||false|false&#8221; disabled=&#8221;on&#8221; global_colors_info=&#8221;{}&#8221;]<br \/><p><strong>Indirizzo:<\/strong> Via Venti Settembre, 118, 00184 Roma RM, Italia <br>\n<strong>Telefono:<\/strong> +39 06 47825609 <br><strong>Sito web:<\/strong> <a href=\"http:\/\/\"><\/a> <br> \n<strong>Mail:<\/strong> <a href=\"mailto:avvocatilbsdf.agathemis@gmail.com\">avvocatilbsdf.agathemis@gmail.com<\/a> \n<\/p><br \/>[\/et_pb_code][\/et_pb_column][\/et_pb_row][\/et_pb_section]<\/p>\n","protected":false},"excerpt":{"rendered":"<div style=\"display: none;\">L\u2019Avv. Lucilla Bacci insieme all\u2019Avv. Salvatore De Francesco sono soci fondatori dello Studio Legale Associato \u201cLB &amp; SDF Agathemis\u201d, che offre assistenza legale e stragiudiziale.Lo Studio \u201cLB &amp; SDF Agathemis\u201d \u00e8 un punto di riferimento affidabile e professionale nel campo legale a Roma e sul territorio nazionale ed \u00e8 costituito da un team di professionisti dedicati a fornire ai clienti assistenza legale di alta qualit\u00e0 e servizi legali personalizzati nelle aree del diritto civile, penale e tributario.<\/p>\n<p>Con un approccio orientato alla soluzione e una profonda competenza e grande esperienza, i clienti sono rappresentati ed assistiti con impegno e professionalit\u00e0 per garantire la massima tutela dei loro diritti e interessi, con adozione di strategie legali personalizzate.<\/p>\n<p>In particolare, in ambito civile, i professionisti, vantano competenze in materia di:<br \/>\nresponsabilit\u00e0 professionale di medici e strutture sanitarie, diritto sanitario<br \/>\nresponsabilit\u00e0 professionale civile e disciplinare dei professionisti<br \/>\nresponsabilit\u00e0 amministrativa persone giuridiche ex D.lgs 231\/2001<br \/>\ndiritto del lavoro; infortuni sul lavoro<br \/>\ncontrattualistica e negoziazione commerciale<br \/>\nlocazioni<br \/>\nrecupero credito<br \/>\ninfortunistica stradale<br \/>\ncompravendite immobiliari<br \/>\ndiritto di famiglia<br \/>\nmediazioni e conciliazioni<\/p>\n<p>In ambito penale, lo Studio offre assistenza e difesa nella fase stragiudiziale delle attivit\u00e0 che coinvolgono profili di rilevanza penale nonch\u00e9 la difesa dei propri assistiti nei procedimenti penali delle indagini penali e di eventuale applicazione di misure cautelari; in fase di appello e di legittimit\u00e0, per tipologie di reato quali a titolo esemplificativo e non esaustivo:<br \/>\n&#8211; reati contro l\u2019onore: diffamazione, reati concernenti la privacy<br \/>\n&#8211; reati contro la persona e la libert\u00e0 personale: omicidio (anche\u00a0derivante dalla circolazione stradale),\u00a0lesioni personali,\u00a0stalking,\u00a0maltrattamenti,\u00a0violenza sessuale<br \/>\n&#8211; reati in materia di armi e stupefacenti: Detenzione abusiva e porto abusivo di armi,\u00a0Detenzione e spaccio di sostanze stupefacenti<br \/>\n&#8211; reati contro il patrimonio: Furto, truffa<br \/>\n&#8211; reati contro la pubblica amministrazione: violenza, minaccia e resistenza a pubblico ufficiale; peculato; concussione; diritto penale del lavoro: reati in materia di sicurezza e di igiene del lavoro<br \/>\n&#8211; illeciti amministrativi ex D.Lvo n. 231\/01: consulenza con specifico riguardo alla predisposizione di idonei Modelli di Organizzazione e di Gestione ai sensi del Decreto Legislativo 8 giugno 2001 n. 231 sulla\u00a0responsabilit\u00e0 amministrativa\u00a0delle persone giuridiche e delle societ\u00e0:<br \/>\n&#8211; assistenza giudiziale dinnanzi il Tribunale Sorveglianza: per misure alternative alla detenzione (affidamento in prova al servizio sociale, detenzione domiciliare, semilibert\u00e0 ecc.) e per\u00a0richieste di riabilitazione.<\/p>\n<p>Lo Studio ha, inoltre, consolidato e pu\u00f2 vantare una rete di corrispondenti esterni di alto profilo professionale che gli consentono di assumere, con rapidit\u00e0, qualit\u00e0, efficienza e flessibilit\u00e0 il contenzioso stragiudiziale e\/o giudiziale (per tutte le fasi e gradi di giudizio) sull&#8217;intero territorio nazionale nei suddetti ambiti di competenza.<\/p>\n<p>responsabilit\u00e0 professionale di medici, diritto sanitario, responsabilit\u00e0 professionale, responsabilit\u00e0 amministrativa, diritto del lavoro, infortuni sul lavoro, contrattualistica, negoziazione commerciale, locazioni, recupero credito, infortunistica stradale, compravendite immobiliari, diritto di famiglia, mediazioni, conciliazioni, indagini penali, studio legale, studi legali, avv, avv., avvocato, avvocati<\/p>\n<p>responsabilit\u00e0 professionale di medici a Roma, diritto sanitario a Roma, responsabilit\u00e0 professionale a Roma, responsabilit\u00e0 amministrativa a Roma, diritto del lavoro a Roma, infortuni sul lavoro a Roma, contrattualistica a Roma, negoziazione commerciale a Roma, locazioni a Roma, recupero credito a Roma, infortunistica stradale a Roma, compravendite immobiliari a Roma, diritto di famiglia a Roma, mediazioni a Roma, conciliazioni a Roma, indagini penali a Roma, studio legale a Roma, studi legali a Roma, avv a Roma, avv. a Roma, avvocato a Roma, avvocati a Roma<\/p>\n<p>responsabilit\u00e0 professionale di medici Roma, diritto sanitario Roma, responsabilit\u00e0 professionale Roma, responsabilit\u00e0 amministrativa Roma, diritto del lavoro Roma, infortuni sul lavoro Roma, contrattualistica Roma, negoziazione commerciale Roma, locazioni Roma, recupero credito Roma, infortunistica stradale Roma, compravendite immobiliari Roma, diritto di famiglia Roma, mediazioni Roma, conciliazioni Roma, indagini penali Roma, studio legale Roma, studi legali Roma, avv Roma, avv. Roma, avvocato Roma, avvocati Roma<\/p>\n<\/div>\n","protected":false},"featured_media":340919,"comment_status":"open","ping_status":"closed","template":"","meta":{"_acf_changed":false,"_et_pb_use_builder":"on","_et_pb_old_content":"","_et_gb_content_width":""},"product_brand":[],"product_cat":[25,35],"product_tag":[2788,74,73,2940,2942,142,144,268,2936,2943,1223,356,147,2941,2938,2939,2937,357,2935,76,75],"class_list":{"0":"post-340871","1":"product","2":"type-product","3":"status-publish","4":"has-post-thumbnail","6":"product_cat-professionisti","7":"product_cat-studi-legali","8":"product_tag-avv","9":"product_tag-avvocati","10":"product_tag-avvocato","11":"product_tag-compravendite-immobiliari","12":"product_tag-conciliazioni","13":"product_tag-contrattualistica","14":"product_tag-diritto-del-lavoro","15":"product_tag-diritto-di-famiglia","16":"product_tag-diritto-sanitario","17":"product_tag-indagini-penali","18":"product_tag-infortuni-sul-lavoro","19":"product_tag-infortunistica-stradale","20":"product_tag-locazioni","21":"product_tag-mediazioni","22":"product_tag-negoziazione-commerciale","23":"product_tag-recupero-credito","24":"product_tag-responsabilita-amministrativa","25":"product_tag-responsabilita-professionale","26":"product_tag-responsabilita-professionale-di-medici","27":"product_tag-studi-legali","28":"product_tag-studio-legale","30":"first","31":"instock","32":"shipping-taxable","33":"product-type-simple"},"acf":[],"yoast_head":"<!-- This site is optimized with the Yoast SEO plugin v26.4 - https:\/\/yoast.com\/wordpress\/plugins\/seo\/ -->\n<title>LB &amp; SDF Agathemis - Intercral Polizia Italia<\/title>\n<meta name=\"robots\" content=\"index, follow, max-snippet:-1, max-image-preview:large, max-video-preview:-1\" \/>\n<link rel=\"canonical\" href=\"https:\/\/convenzioni.cralnetwork.it\/cralpolizia\/prodotto\/lb-sdf-agathemis\/\" \/>\n<meta property=\"og:locale\" content=\"it_IT\" \/>\n<meta property=\"og:type\" content=\"article\" \/>\n<meta property=\"og:title\" content=\"LB &amp; SDF Agathemis - Intercral Polizia Italia\" \/>\n<meta property=\"og:description\" content=\"L\u2019Avv. Lucilla Bacci insieme all\u2019Avv. Salvatore De Francesco sono soci fondatori dello Studio Legale Associato \u201cLB &amp; SDF Agathemis\u201d, che offre assistenza legale e stragiudiziale.Lo Studio \u201cLB &amp; SDF Agathemis\u201d \u00e8 un punto di riferimento affidabile e professionale nel campo legale a Roma e sul territorio nazionale ed \u00e8 costituito da un team di professionisti dedicati a fornire ai clienti assistenza legale di alta qualit\u00e0 e servizi legali personalizzati nelle aree del diritto civile, penale e tributario.  Con un approccio orientato alla soluzione e una profonda competenza e grande esperienza, i clienti sono rappresentati ed assistiti con impegno e professionalit\u00e0 per garantire la massima tutela dei loro diritti e interessi, con adozione di strategie legali personalizzate.  In particolare, in ambito civile, i professionisti, vantano competenze in materia di: responsabilit\u00e0 professionale di medici e strutture sanitarie, diritto sanitario responsabilit\u00e0 professionale civile e disciplinare dei professionisti responsabilit\u00e0 amministrativa persone giuridiche ex D.lgs 231\/2001 diritto del lavoro; infortuni sul lavoro contrattualistica e negoziazione commerciale locazioni recupero credito infortunistica stradale compravendite immobiliari diritto di famiglia mediazioni e conciliazioni  In ambito penale, lo Studio offre assistenza e difesa nella fase stragiudiziale delle attivit\u00e0 che coinvolgono profili di rilevanza penale nonch\u00e9 la difesa dei propri assistiti nei procedimenti penali delle indagini penali e di eventuale applicazione di misure cautelari; in fase di appello e di legittimit\u00e0, per tipologie di reato quali a titolo esemplificativo e non esaustivo: - reati contro l\u2019onore: diffamazione, reati concernenti la privacy - reati contro la persona e la libert\u00e0 personale: omicidio (anche\u00a0derivante dalla circolazione stradale),\u00a0lesioni personali,\u00a0stalking,\u00a0maltrattamenti,\u00a0violenza sessuale - reati in materia di armi e stupefacenti: Detenzione abusiva e porto abusivo di armi,\u00a0Detenzione e spaccio di sostanze stupefacenti - reati contro il patrimonio: Furto, truffa - reati contro la pubblica amministrazione: violenza, minaccia e resistenza a pubblico ufficiale; peculato; concussione; diritto penale del lavoro: reati in materia di sicurezza e di igiene del lavoro - illeciti amministrativi ex D.Lvo n. 231\/01: consulenza con specifico riguardo alla predisposizione di idonei Modelli di Organizzazione e di Gestione ai sensi del Decreto Legislativo 8 giugno 2001 n. 231 sulla\u00a0responsabilit\u00e0 amministrativa\u00a0delle persone giuridiche e delle societ\u00e0: - assistenza giudiziale dinnanzi il Tribunale Sorveglianza: per misure alternative alla detenzione (affidamento in prova al servizio sociale, detenzione domiciliare, semilibert\u00e0 ecc.) e per\u00a0richieste di riabilitazione.  Lo Studio ha, inoltre, consolidato e pu\u00f2 vantare una rete di corrispondenti esterni di alto profilo professionale che gli consentono di assumere, con rapidit\u00e0, qualit\u00e0, efficienza e flessibilit\u00e0 il contenzioso stragiudiziale e\/o giudiziale (per tutte le fasi e gradi di giudizio) sull&#039;intero territorio nazionale nei suddetti ambiti di competenza.  responsabilit\u00e0 professionale di medici, diritto sanitario, responsabilit\u00e0 professionale, responsabilit\u00e0 amministrativa, diritto del lavoro, infortuni sul lavoro, contrattualistica, negoziazione commerciale, locazioni, recupero credito, infortunistica stradale, compravendite immobiliari, diritto di famiglia, mediazioni, conciliazioni, indagini penali, studio legale, studi legali, avv, avv., avvocato, avvocati  responsabilit\u00e0 professionale di medici a Roma, diritto sanitario a Roma, responsabilit\u00e0 professionale a Roma, responsabilit\u00e0 amministrativa a Roma, diritto del lavoro a Roma, infortuni sul lavoro a Roma, contrattualistica a Roma, negoziazione commerciale a Roma, locazioni a Roma, recupero credito a Roma, infortunistica stradale a Roma, compravendite immobiliari a Roma, diritto di famiglia a Roma, mediazioni a Roma, conciliazioni a Roma, indagini penali a Roma, studio legale a Roma, studi legali a Roma, avv a Roma, avv. a Roma, avvocato a Roma, avvocati a Roma  responsabilit\u00e0 professionale di medici Roma, diritto sanitario Roma, responsabilit\u00e0 professionale Roma, responsabilit\u00e0 amministrativa Roma, diritto del lavoro Roma, infortuni sul lavoro Roma, contrattualistica Roma, negoziazione commerciale Roma, locazioni Roma, recupero credito Roma, infortunistica stradale Roma, compravendite immobiliari Roma, diritto di famiglia Roma, mediazioni Roma, conciliazioni Roma, indagini penali Roma, studio legale Roma, studi legali Roma, avv Roma, avv. Roma, avvocato Roma, avvocati Roma\" \/>\n<meta property=\"og:url\" content=\"https:\/\/convenzioni.cralnetwork.it\/cralpolizia\/prodotto\/lb-sdf-agathemis\/\" \/>\n<meta property=\"og:site_name\" content=\"Intercral Polizia Italia\" \/>\n<meta property=\"article:modified_time\" content=\"2024-01-31T15:35:40+00:00\" \/>\n<meta property=\"og:image\" content=\"https:\/\/convenzioni.cralnetwork.it\/cralpolizia\/wp-content\/uploads\/sites\/35\/2024\/01\/Base-Logo-lucilla-bacci-salvatore-de-francesco.jpg\" \/>\n\t<meta property=\"og:image:width\" content=\"300\" \/>\n\t<meta property=\"og:image:height\" content=\"300\" \/>\n\t<meta property=\"og:image:type\" content=\"image\/jpeg\" \/>\n<meta name=\"twitter:card\" content=\"summary_large_image\" \/>\n<meta name=\"twitter:label1\" content=\"Tempo di lettura stimato\" \/>\n\t<meta name=\"twitter:data1\" content=\"5 minuti\" \/>\n<script type=\"application\/ld+json\" class=\"yoast-schema-graph\">{\"@context\":\"https:\/\/schema.org\",\"@graph\":[{\"@type\":\"WebPage\",\"@id\":\"https:\/\/convenzioni.cralnetwork.it\/cralpolizia\/prodotto\/lb-sdf-agathemis\/\",\"url\":\"https:\/\/convenzioni.cralnetwork.it\/cralpolizia\/prodotto\/lb-sdf-agathemis\/\",\"name\":\"LB & SDF Agathemis - Intercral Polizia Italia\",\"isPartOf\":{\"@id\":\"https:\/\/convenzioni.cralnetwork.it\/cralpolizia\/#website\"},\"primaryImageOfPage\":{\"@id\":\"https:\/\/convenzioni.cralnetwork.it\/cralpolizia\/prodotto\/lb-sdf-agathemis\/#primaryimage\"},\"image\":{\"@id\":\"https:\/\/convenzioni.cralnetwork.it\/cralpolizia\/prodotto\/lb-sdf-agathemis\/#primaryimage\"},\"thumbnailUrl\":\"https:\/\/convenzioni.cralnetwork.it\/cralpolizia\/wp-content\/uploads\/sites\/35\/2024\/01\/Base-Logo-lucilla-bacci-salvatore-de-francesco.jpg\",\"datePublished\":\"2024-01-25T10:34:40+00:00\",\"dateModified\":\"2024-01-31T15:35:40+00:00\",\"breadcrumb\":{\"@id\":\"https:\/\/convenzioni.cralnetwork.it\/cralpolizia\/prodotto\/lb-sdf-agathemis\/#breadcrumb\"},\"inLanguage\":\"it-IT\",\"potentialAction\":[{\"@type\":\"ReadAction\",\"target\":[\"https:\/\/convenzioni.cralnetwork.it\/cralpolizia\/prodotto\/lb-sdf-agathemis\/\"]}]},{\"@type\":\"ImageObject\",\"inLanguage\":\"it-IT\",\"@id\":\"https:\/\/convenzioni.cralnetwork.it\/cralpolizia\/prodotto\/lb-sdf-agathemis\/#primaryimage\",\"url\":\"https:\/\/convenzioni.cralnetwork.it\/cralpolizia\/wp-content\/uploads\/sites\/35\/2024\/01\/Base-Logo-lucilla-bacci-salvatore-de-francesco.jpg\",\"contentUrl\":\"https:\/\/convenzioni.cralnetwork.it\/cralpolizia\/wp-content\/uploads\/sites\/35\/2024\/01\/Base-Logo-lucilla-bacci-salvatore-de-francesco.jpg\",\"width\":300,\"height\":300},{\"@type\":\"BreadcrumbList\",\"@id\":\"https:\/\/convenzioni.cralnetwork.it\/cralpolizia\/prodotto\/lb-sdf-agathemis\/#breadcrumb\",\"itemListElement\":[{\"@type\":\"ListItem\",\"position\":1,\"name\":\"Home\",\"item\":\"https:\/\/convenzioni.cralnetwork.it\/cralpolizia\/\"},{\"@type\":\"ListItem\",\"position\":2,\"name\":\"Shop\",\"item\":\"https:\/\/convenzioni.cralnetwork.it\/cralpolizia\/negozio\/\"},{\"@type\":\"ListItem\",\"position\":3,\"name\":\"LB &#038; SDF Agathemis\"}]},{\"@type\":\"WebSite\",\"@id\":\"https:\/\/convenzioni.cralnetwork.it\/cralpolizia\/#website\",\"url\":\"https:\/\/convenzioni.cralnetwork.it\/cralpolizia\/\",\"name\":\"Intercral Polizia Italia\",\"description\":\"Area Convenzioni\",\"potentialAction\":[{\"@type\":\"SearchAction\",\"target\":{\"@type\":\"EntryPoint\",\"urlTemplate\":\"https:\/\/convenzioni.cralnetwork.it\/cralpolizia\/?s={search_term_string}\"},\"query-input\":{\"@type\":\"PropertyValueSpecification\",\"valueRequired\":true,\"valueName\":\"search_term_string\"}}],\"inLanguage\":\"it-IT\"}]}<\/script>\n<!-- \/ Yoast SEO plugin. -->","yoast_head_json":{"title":"LB & SDF Agathemis - Intercral Polizia Italia","robots":{"index":"index","follow":"follow","max-snippet":"max-snippet:-1","max-image-preview":"max-image-preview:large","max-video-preview":"max-video-preview:-1"},"canonical":"https:\/\/convenzioni.cralnetwork.it\/cralpolizia\/prodotto\/lb-sdf-agathemis\/","og_locale":"it_IT","og_type":"article","og_title":"LB & SDF Agathemis - Intercral Polizia Italia","og_description":"L\u2019Avv. Lucilla Bacci insieme all\u2019Avv. Salvatore De Francesco sono soci fondatori dello Studio Legale Associato \u201cLB &amp; SDF Agathemis\u201d, che offre assistenza legale e stragiudiziale.Lo Studio \u201cLB &amp; SDF Agathemis\u201d \u00e8 un punto di riferimento affidabile e professionale nel campo legale a Roma e sul territorio nazionale ed \u00e8 costituito da un team di professionisti dedicati a fornire ai clienti assistenza legale di alta qualit\u00e0 e servizi legali personalizzati nelle aree del diritto civile, penale e tributario.  Con un approccio orientato alla soluzione e una profonda competenza e grande esperienza, i clienti sono rappresentati ed assistiti con impegno e professionalit\u00e0 per garantire la massima tutela dei loro diritti e interessi, con adozione di strategie legali personalizzate.  In particolare, in ambito civile, i professionisti, vantano competenze in materia di: responsabilit\u00e0 professionale di medici e strutture sanitarie, diritto sanitario responsabilit\u00e0 professionale civile e disciplinare dei professionisti responsabilit\u00e0 amministrativa persone giuridiche ex D.lgs 231\/2001 diritto del lavoro; infortuni sul lavoro contrattualistica e negoziazione commerciale locazioni recupero credito infortunistica stradale compravendite immobiliari diritto di famiglia mediazioni e conciliazioni  In ambito penale, lo Studio offre assistenza e difesa nella fase stragiudiziale delle attivit\u00e0 che coinvolgono profili di rilevanza penale nonch\u00e9 la difesa dei propri assistiti nei procedimenti penali delle indagini penali e di eventuale applicazione di misure cautelari; in fase di appello e di legittimit\u00e0, per tipologie di reato quali a titolo esemplificativo e non esaustivo: - reati contro l\u2019onore: diffamazione, reati concernenti la privacy - reati contro la persona e la libert\u00e0 personale: omicidio (anche\u00a0derivante dalla circolazione stradale),\u00a0lesioni personali,\u00a0stalking,\u00a0maltrattamenti,\u00a0violenza sessuale - reati in materia di armi e stupefacenti: Detenzione abusiva e porto abusivo di armi,\u00a0Detenzione e spaccio di sostanze stupefacenti - reati contro il patrimonio: Furto, truffa - reati contro la pubblica amministrazione: violenza, minaccia e resistenza a pubblico ufficiale; peculato; concussione; diritto penale del lavoro: reati in materia di sicurezza e di igiene del lavoro - illeciti amministrativi ex D.Lvo n. 231\/01: consulenza con specifico riguardo alla predisposizione di idonei Modelli di Organizzazione e di Gestione ai sensi del Decreto Legislativo 8 giugno 2001 n. 231 sulla\u00a0responsabilit\u00e0 amministrativa\u00a0delle persone giuridiche e delle societ\u00e0: - assistenza giudiziale dinnanzi il Tribunale Sorveglianza: per misure alternative alla detenzione (affidamento in prova al servizio sociale, detenzione domiciliare, semilibert\u00e0 ecc.) e per\u00a0richieste di riabilitazione.  Lo Studio ha, inoltre, consolidato e pu\u00f2 vantare una rete di corrispondenti esterni di alto profilo professionale che gli consentono di assumere, con rapidit\u00e0, qualit\u00e0, efficienza e flessibilit\u00e0 il contenzioso stragiudiziale e\/o giudiziale (per tutte le fasi e gradi di giudizio) sull'intero territorio nazionale nei suddetti ambiti di competenza.  responsabilit\u00e0 professionale di medici, diritto sanitario, responsabilit\u00e0 professionale, responsabilit\u00e0 amministrativa, diritto del lavoro, infortuni sul lavoro, contrattualistica, negoziazione commerciale, locazioni, recupero credito, infortunistica stradale, compravendite immobiliari, diritto di famiglia, mediazioni, conciliazioni, indagini penali, studio legale, studi legali, avv, avv., avvocato, avvocati  responsabilit\u00e0 professionale di medici a Roma, diritto sanitario a Roma, responsabilit\u00e0 professionale a Roma, responsabilit\u00e0 amministrativa a Roma, diritto del lavoro a Roma, infortuni sul lavoro a Roma, contrattualistica a Roma, negoziazione commerciale a Roma, locazioni a Roma, recupero credito a Roma, infortunistica stradale a Roma, compravendite immobiliari a Roma, diritto di famiglia a Roma, mediazioni a Roma, conciliazioni a Roma, indagini penali a Roma, studio legale a Roma, studi legali a Roma, avv a Roma, avv. a Roma, avvocato a Roma, avvocati a Roma  responsabilit\u00e0 professionale di medici Roma, diritto sanitario Roma, responsabilit\u00e0 professionale Roma, responsabilit\u00e0 amministrativa Roma, diritto del lavoro Roma, infortuni sul lavoro Roma, contrattualistica Roma, negoziazione commerciale Roma, locazioni Roma, recupero credito Roma, infortunistica stradale Roma, compravendite immobiliari Roma, diritto di famiglia Roma, mediazioni Roma, conciliazioni Roma, indagini penali Roma, studio legale Roma, studi legali Roma, avv Roma, avv. Roma, avvocato Roma, avvocati Roma","og_url":"https:\/\/convenzioni.cralnetwork.it\/cralpolizia\/prodotto\/lb-sdf-agathemis\/","og_site_name":"Intercral Polizia Italia","article_modified_time":"2024-01-31T15:35:40+00:00","og_image":[{"width":300,"height":300,"url":"https:\/\/convenzioni.cralnetwork.it\/cralpolizia\/wp-content\/uploads\/sites\/35\/2024\/01\/Base-Logo-lucilla-bacci-salvatore-de-francesco.jpg","type":"image\/jpeg"}],"twitter_card":"summary_large_image","twitter_misc":{"Tempo di lettura stimato":"5 minuti"},"schema":{"@context":"https:\/\/schema.org","@graph":[{"@type":"WebPage","@id":"https:\/\/convenzioni.cralnetwork.it\/cralpolizia\/prodotto\/lb-sdf-agathemis\/","url":"https:\/\/convenzioni.cralnetwork.it\/cralpolizia\/prodotto\/lb-sdf-agathemis\/","name":"LB & SDF Agathemis - Intercral Polizia Italia","isPartOf":{"@id":"https:\/\/convenzioni.cralnetwork.it\/cralpolizia\/#website"},"primaryImageOfPage":{"@id":"https:\/\/convenzioni.cralnetwork.it\/cralpolizia\/prodotto\/lb-sdf-agathemis\/#primaryimage"},"image":{"@id":"https:\/\/convenzioni.cralnetwork.it\/cralpolizia\/prodotto\/lb-sdf-agathemis\/#primaryimage"},"thumbnailUrl":"https:\/\/convenzioni.cralnetwork.it\/cralpolizia\/wp-content\/uploads\/sites\/35\/2024\/01\/Base-Logo-lucilla-bacci-salvatore-de-francesco.jpg","datePublished":"2024-01-25T10:34:40+00:00","dateModified":"2024-01-31T15:35:40+00:00","breadcrumb":{"@id":"https:\/\/convenzioni.cralnetwork.it\/cralpolizia\/prodotto\/lb-sdf-agathemis\/#breadcrumb"},"inLanguage":"it-IT","potentialAction":[{"@type":"ReadAction","target":["https:\/\/convenzioni.cralnetwork.it\/cralpolizia\/prodotto\/lb-sdf-agathemis\/"]}]},{"@type":"ImageObject","inLanguage":"it-IT","@id":"https:\/\/convenzioni.cralnetwork.it\/cralpolizia\/prodotto\/lb-sdf-agathemis\/#primaryimage","url":"https:\/\/convenzioni.cralnetwork.it\/cralpolizia\/wp-content\/uploads\/sites\/35\/2024\/01\/Base-Logo-lucilla-bacci-salvatore-de-francesco.jpg","contentUrl":"https:\/\/convenzioni.cralnetwork.it\/cralpolizia\/wp-content\/uploads\/sites\/35\/2024\/01\/Base-Logo-lucilla-bacci-salvatore-de-francesco.jpg","width":300,"height":300},{"@type":"BreadcrumbList","@id":"https:\/\/convenzioni.cralnetwork.it\/cralpolizia\/prodotto\/lb-sdf-agathemis\/#breadcrumb","itemListElement":[{"@type":"ListItem","position":1,"name":"Home","item":"https:\/\/convenzioni.cralnetwork.it\/cralpolizia\/"},{"@type":"ListItem","position":2,"name":"Shop","item":"https:\/\/convenzioni.cralnetwork.it\/cralpolizia\/negozio\/"},{"@type":"ListItem","position":3,"name":"LB &#038; SDF Agathemis"}]},{"@type":"WebSite","@id":"https:\/\/convenzioni.cralnetwork.it\/cralpolizia\/#website","url":"https:\/\/convenzioni.cralnetwork.it\/cralpolizia\/","name":"Intercral Polizia Italia","description":"Area Convenzioni","potentialAction":[{"@type":"SearchAction","target":{"@type":"EntryPoint","urlTemplate":"https:\/\/convenzioni.cralnetwork.it\/cralpolizia\/?s={search_term_string}"},"query-input":{"@type":"PropertyValueSpecification","valueRequired":true,"valueName":"search_term_string"}}],"inLanguage":"it-IT"}]}},"publishpress_future_workflow_manual_trigger":{"enabledWorkflows":[]},"_links":{"self":[{"href":"https:\/\/convenzioni.cralnetwork.it\/cralpolizia\/wp-json\/wp\/v2\/product\/340871","targetHints":{"allow":["GET"]}}],"collection":[{"href":"https:\/\/convenzioni.cralnetwork.it\/cralpolizia\/wp-json\/wp\/v2\/product"}],"about":[{"href":"https:\/\/convenzioni.cralnetwork.it\/cralpolizia\/wp-json\/wp\/v2\/types\/product"}],"replies":[{"embeddable":true,"href":"https:\/\/convenzioni.cralnetwork.it\/cralpolizia\/wp-json\/wp\/v2\/comments?post=340871"}],"version-history":[{"count":0,"href":"https:\/\/convenzioni.cralnetwork.it\/cralpolizia\/wp-json\/wp\/v2\/product\/340871\/revisions"}],"wp:featuredmedia":[{"embeddable":true,"href":"https:\/\/convenzioni.cralnetwork.it\/cralpolizia\/wp-json\/wp\/v2\/media\/340919"}],"wp:attachment":[{"href":"https:\/\/convenzioni.cralnetwork.it\/cralpolizia\/wp-json\/wp\/v2\/media?parent=340871"}],"wp:term":[{"taxonomy":"product_brand","embeddable":true,"href":"https:\/\/convenzioni.cralnetwork.it\/cralpolizia\/wp-json\/wp\/v2\/product_brand?post=340871"},{"taxonomy":"product_cat","embeddable":true,"href":"https:\/\/convenzioni.cralnetwork.it\/cralpolizia\/wp-json\/wp\/v2\/product_cat?post=340871"},{"taxonomy":"product_tag","embeddable":true,"href":"https:\/\/convenzioni.cralnetwork.it\/cralpolizia\/wp-json\/wp\/v2\/product_tag?post=340871"}],"curies":[{"name":"wp","href":"https:\/\/api.w.org\/{rel}","templated":true}]}}