{"id":336347,"date":"2022-09-12T15:06:07","date_gmt":"2022-09-12T13:06:07","guid":{"rendered":"https:\/\/convenzioni.cralnetwork.it\/cralpolizia\/?post_type=product&#038;p=336347"},"modified":"2024-10-02T10:52:07","modified_gmt":"2024-10-02T08:52:07","slug":"scr-infermieri-via-recanati","status":"publish","type":"product","link":"https:\/\/convenzioni.cralnetwork.it\/cralpolizia\/prodotto\/scr-infermieri-via-recanati\/","title":{"rendered":"SCR Infermieri (Via Recanati)"},"content":{"rendered":"<p>[et_pb_section fb_built=&#8221;1&#8243; custom_padding_last_edited=&#8221;on|tablet&#8221; next_background_color=&#8221;#FFFFFF&#8221; admin_label=&#8221;Hero Section&#8221; _builder_version=&#8221;4.9.4&#8243; background_image=&#8221;https:\/\/convenzioni.cralnetwork.it\/cralpolizia\/wp-content\/uploads\/sites\/35\/2022\/09\/1-11.jpg&#8221; background_position=&#8221;center_right&#8221; custom_padding=&#8221;250px||250px||true|false&#8221; custom_padding_tablet=&#8221;100px||100px||true|false&#8221; custom_padding_phone=&#8221;80px||50px||false|false&#8221; bottom_divider_style=&#8221;slant&#8221; bottom_divider_height=&#8221;60px&#8221; background_last_edited=&#8221;on|tablet&#8221; use_background_color_gradient_tablet=&#8221;on&#8221; use_background_color_gradient_phone=&#8221;on&#8221; background_color_gradient_start_tablet=&#8221;rgba(0,0,0,0.17)&#8221; background_color_gradient_start_phone=&#8221;rgba(255,255,255,0.42)&#8221; background_color_gradient_end_tablet=&#8221;#ffffff&#8221; background_color_gradient_overlays_image_tablet=&#8221;on&#8221; background_size_phone=&#8221;cover&#8221; background_position_tablet=&#8221;center_right&#8221; background_position_phone=&#8221;center_right&#8221; background_color_gradient_direction__hover=&#8221;180deg&#8221; background_color_gradient_direction__hover_enabled=&#8221;180deg&#8221; background_color_gradient_start_position__hover=&#8221;0%&#8221; background_color_gradient_start_position__hover_enabled=&#8221;0%&#8221; background_color_gradient_end_position__hover=&#8221;100%&#8221; background_color_gradient_end_position__hover_enabled=&#8221;100%&#8221;][et_pb_row _builder_version=&#8221;3.25&#8243;][et_pb_column type=&#8221;4_4&#8243; _builder_version=&#8221;3.25&#8243; custom_padding=&#8221;|||&#8221; custom_padding__hover=&#8221;|||&#8221;][et_pb_text admin_label=&#8221;Nome azienda&#8221; _builder_version=&#8221;4.9.4&#8243; text_font=&#8221;||||||||&#8221; header_font=&#8221;Montserrat|600|||||||&#8221; header_font_size=&#8221;48px&#8221; header_letter_spacing=&#8221;3px&#8221; header_line_height=&#8221;1.3em&#8221; header_2_font=&#8221;Poppins|700||on|||||&#8221; header_2_text_align=&#8221;left&#8221; header_2_text_color=&#8221;#00a4ef&#8221; header_2_font_size=&#8221;90px&#8221; header_2_letter_spacing=&#8221;2px&#8221; header_2_line_height=&#8221;1.1em&#8221; text_orientation=&#8221;center&#8221; background_layout=&#8221;dark&#8221; module_alignment=&#8221;center&#8221; custom_margin=&#8221;||0px||false|false&#8221; animation_style=&#8221;slide&#8221; animation_direction=&#8221;bottom&#8221; animation_intensity_slide=&#8221;5%&#8221; header_font_size_tablet=&#8221;&#8221; header_font_size_phone=&#8221;28px&#8221; header_font_size_last_edited=&#8221;on|phone&#8221; header_2_font_size_tablet=&#8221;&#8221; header_2_font_size_phone=&#8221;50px&#8221; header_2_font_size_last_edited=&#8221;on|phone&#8221;]<\/p>\n<h2>SCR Infermieri<\/h2>\n<p>[\/et_pb_text][et_pb_text admin_label=&#8221;Nome azienda&#8221; _builder_version=&#8221;4.9.4&#8243; text_font=&#8221;||||||||&#8221; header_font=&#8221;Montserrat|600|||||||&#8221; header_font_size=&#8221;48px&#8221; header_letter_spacing=&#8221;3px&#8221; header_line_height=&#8221;1.3em&#8221; header_2_font=&#8221;Poppins|200|||||||&#8221; header_2_text_align=&#8221;left&#8221; header_2_text_color=&#8221;#3c3950&#8243; header_2_font_size=&#8221;50px&#8221; header_2_line_height=&#8221;1.1em&#8221; text_orientation=&#8221;center&#8221; background_layout=&#8221;dark&#8221; module_alignment=&#8221;center&#8221; custom_margin=&#8221;||||false|false&#8221; animation_style=&#8221;slide&#8221; animation_direction=&#8221;bottom&#8221; animation_intensity_slide=&#8221;5%&#8221; header_font_size_tablet=&#8221;&#8221; header_font_size_phone=&#8221;28px&#8221; header_font_size_last_edited=&#8221;on|phone&#8221; header_2_font_size_tablet=&#8221;&#8221; header_2_font_size_phone=&#8221;30px&#8221; header_2_font_size_last_edited=&#8221;on|phone&#8221;]<\/p>\n<h2>Infermieri a domicilio<\/h2>\n<p>[\/et_pb_text][\/et_pb_column][\/et_pb_row][\/et_pb_section][et_pb_section fb_built=&#8221;1&#8243; admin_label=&#8221;About Section&#8221; _builder_version=&#8221;4.9.4&#8243; background_color=&#8221;#FFFFFF&#8221; custom_padding=&#8221;90px||90px|&#8221;][et_pb_row column_structure=&#8221;1_2,1_2&#8243; admin_label=&#8221;Section Title&#8221; _builder_version=&#8221;4.9.4&#8243; custom_margin=&#8221;|||&#8221; custom_padding=&#8221;27px|0px|27px|0px&#8221; locked=&#8221;off&#8221;][et_pb_column type=&#8221;1_2&#8243; _builder_version=&#8221;3.25&#8243; custom_padding=&#8221;|||&#8221; custom_padding__hover=&#8221;|||&#8221;][et_pb_text admin_label=&#8221;Titolo Chi siamo&#8221; _builder_version=&#8221;4.9.4&#8243; text_font=&#8221;||||||||&#8221; header_font=&#8221;||||||||&#8221; header_2_font=&#8221;Poppins|300|||||||&#8221; header_2_text_align=&#8221;left&#8221; header_2_text_color=&#8221;#000000&#8243; header_2_font_size=&#8221;25px&#8221; header_2_line_height=&#8221;1.3em&#8221; custom_margin=&#8221;||5px|&#8221; animation_style=&#8221;slide&#8221; animation_direction=&#8221;top&#8221; animation_intensity_slide=&#8221;20%&#8221; animation_starting_opacity=&#8221;100%&#8221;]<\/p>\n<h2>Passione, Seriet\u00e0, Impegno, Volont\u00e0 ed Esperienza sono i nostri punti di forza. <br \/>Noi crediamo in un\u2019assistenza alla portata di tutti.<\/h2>\n<p>[\/et_pb_text][et_pb_wc_description admin_label=&#8221;descrizione convenzione&#8221; module_class=&#8221;descrizione-salute&#8221; _builder_version=&#8221;4.9.4&#8243; body_font=&#8221;||||||||&#8221; body_font_size=&#8221;18px&#8221;][\/et_pb_wc_description][\/et_pb_column][et_pb_column type=&#8221;1_2&#8243; _builder_version=&#8221;4.9.4&#8243; _module_preset=&#8221;default&#8221;][et_pb_image src=&#8221;https:\/\/convenzioni.cralnetwork.it\/cralpolizia\/wp-content\/uploads\/sites\/35\/2022\/09\/infermieri-chi-siamo-scr-infermieri.jpg&#8221; title_text=&#8221;infermieri-chi-siamo-scr-infermieri&#8221; _builder_version=&#8221;4.9.4&#8243; _module_preset=&#8221;default&#8221; custom_margin=&#8221;|-10vw|||false|false&#8221; custom_margin_tablet=&#8221;|0vw|||false|false&#8221; custom_margin_phone=&#8221;&#8221; custom_margin_last_edited=&#8221;on|tablet&#8221; border_radii=&#8221;off||30px|30px|30px&#8221;][\/et_pb_image][\/et_pb_column][\/et_pb_row][\/et_pb_section][et_pb_section fb_built=&#8221;1&#8243; prev_background_color=&#8221;#FFFFFF&#8221; next_background_color=&#8221;#FFFFFF&#8221; admin_label=&#8221;About Section&#8221; _builder_version=&#8221;4.9.4&#8243; background_color=&#8221;#e0f6ff&#8221; use_background_color_gradient=&#8221;on&#8221; background_color_gradient_start=&#8221;#e0f6ff&#8221; background_color_gradient_end=&#8221;#008fef&#8221; background_color_gradient_start_position=&#8221;56%&#8221; custom_padding=&#8221;90px||25px||false|false&#8221; top_divider_style=&#8221;wave2&#8243; top_divider_flip=&#8221;horizontal&#8221; bottom_divider_style=&#8221;wave2&#8243; background_last_edited=&#8221;on|tablet&#8221; background_color_gradient_start_position_tablet=&#8221;18%&#8221;][et_pb_row admin_label=&#8221;Section Title&#8221; _builder_version=&#8221;4.9.4&#8243; custom_margin=&#8221;50px||||false|false&#8221; custom_margin_tablet=&#8221;50px||||false|false&#8221; custom_margin_phone=&#8221;&#8221; custom_margin_last_edited=&#8221;on|tablet&#8221; custom_padding=&#8221;|||0px|false|false&#8221; locked=&#8221;off&#8221;][et_pb_column type=&#8221;4_4&#8243; _builder_version=&#8221;3.25&#8243; custom_padding=&#8221;|||&#8221; custom_padding__hover=&#8221;|||&#8221;][et_pb_text admin_label=&#8221;Titolo Servizi&#8221; _builder_version=&#8221;4.9.4&#8243; text_font=&#8221;||||||||&#8221; header_font=&#8221;||||||||&#8221; header_2_font=&#8221;Poppins|700||on|||||&#8221; header_2_text_align=&#8221;center&#8221; header_2_text_color=&#8221;#0da2dd&#8221; header_2_font_size=&#8221;33px&#8221; custom_margin=&#8221;||5px|&#8221; animation_style=&#8221;slide&#8221; animation_direction=&#8221;top&#8221; animation_intensity_slide=&#8221;20%&#8221; animation_starting_opacity=&#8221;100%&#8221;]<\/p>\n<h2>i nostri SERVIZI<\/h2>\n<p>[\/et_pb_text][et_pb_text _builder_version=&#8221;4.9.4&#8243; _module_preset=&#8221;default&#8221; text_font=&#8221;Poppins|300|||||||&#8221; text_text_color=&#8221;#4f4f4f&#8221; text_font_size=&#8221;16px&#8221; text_orientation=&#8221;center&#8221;]<\/p>\n<div class=\"vc_row wpb_row vc_inner vc_row-fluid vc_custom_1544611021788 custom-inner-column-631f03feed7cb\">\n<div class=\"wpb_column vc_column_container vc_col-sm-12 vc_col-lg-offset-2 vc_col-lg-8 vc_col-md-offset-1 vc_col-md-10\">\n<div class=\"vc_column-inner thegem-custom-inner-631f03fef0d6c \">\n<div class=\"wpb_wrapper\">\n<div class=\"wpb_text_column wpb_content_element  thegem-vc-text thegem-custom-631f03fef116d4657\">\n<div class=\"wpb_wrapper\">\n<p>SCR Infermieri offre servizi sanitari tempestivi, professionali e personalizzati direttamente a casa di ogni paziente. Tutti i servizi erogati sono altamente professionali, flessibili e adattabili alle diverse esigenze di ciascun paziente.<\/p>\n<\/div>\n<\/div>\n<\/div>\n<\/div>\n<\/div>\n<\/div>\n<div class=\"clearboth\"><\/div>\n<p>[\/et_pb_text][\/et_pb_column][\/et_pb_row][et_pb_row column_structure=&#8221;1_4,1_4,1_4,1_4&#8243; admin_label=&#8221;Service Area&#8221; _builder_version=&#8221;4.9.4&#8243;][et_pb_column type=&#8221;1_4&#8243; _builder_version=&#8221;3.25&#8243; custom_padding=&#8221;|||&#8221; custom_padding__hover=&#8221;|||&#8221;][et_pb_blurb title=&#8221;TERAPIE FARMACOLOGICHE&#8221; image=&#8221;https:\/\/convenzioni.cralnetwork.it\/cralpolizia\/wp-content\/uploads\/sites\/35\/2022\/09\/Somministrazioni-farmacologiche-icon-thegem-person-80.png&#8221; _builder_version=&#8221;4.9.4&#8243; header_font=&#8221;Poppins|600|||||||&#8221; header_text_align=&#8221;center&#8221; header_text_color=&#8221;#00a4ef&#8221; header_font_size=&#8221;21px&#8221; header_line_height=&#8221;1.2em&#8221; body_font=&#8221;||||||||&#8221; body_font_size=&#8221;16px&#8221; body_line_height=&#8221;1.8em&#8221; background_color=&#8221;#FFFFFF&#8221; custom_padding=&#8221;10px||||false|false&#8221; animation_style=&#8221;fade&#8221; animation_direction=&#8221;bottom&#8221; animation_starting_opacity=&#8221;100%&#8221; header_font_size_tablet=&#8221;19px&#8221; header_font_size_phone=&#8221;&#8221; header_font_size_last_edited=&#8221;on|tablet&#8221; border_radii=&#8221;off||20px|20px|20px&#8221;][\/et_pb_blurb][et_pb_blurb title=&#8221;POSIZIONAMENTO DEVICE&#8221; image=&#8221;https:\/\/convenzioni.cralnetwork.it\/cralpolizia\/wp-content\/uploads\/sites\/35\/2022\/09\/Device-medico-icon-thegem-person-80.png&#8221; _builder_version=&#8221;4.9.4&#8243; header_font=&#8221;Poppins|600|||||||&#8221; header_text_align=&#8221;center&#8221; header_text_color=&#8221;#00a4ef&#8221; header_font_size=&#8221;21px&#8221; header_line_height=&#8221;1.2em&#8221; body_font=&#8221;||||||||&#8221; body_font_size=&#8221;16px&#8221; body_line_height=&#8221;1.8em&#8221; background_color=&#8221;#FFFFFF&#8221; custom_padding=&#8221;10px||||false|false&#8221; animation_style=&#8221;fade&#8221; animation_direction=&#8221;bottom&#8221; animation_starting_opacity=&#8221;100%&#8221; header_font_size_tablet=&#8221;19px&#8221; header_font_size_phone=&#8221;&#8221; header_font_size_last_edited=&#8221;on|tablet&#8221; border_radii=&#8221;off||20px|20px|20px&#8221;][\/et_pb_blurb][\/et_pb_column][et_pb_column type=&#8221;1_4&#8243; _builder_version=&#8221;3.25&#8243; custom_padding=&#8221;|||&#8221; custom_padding__hover=&#8221;|||&#8221;][et_pb_blurb title=&#8221;GESTIONE MEDICAZIONI&#8221; image=&#8221;https:\/\/convenzioni.cralnetwork.it\/cralpolizia\/wp-content\/uploads\/sites\/35\/2022\/09\/Medicazioni-icon-1-thegem-person-80.png&#8221; _builder_version=&#8221;4.9.4&#8243; header_font=&#8221;Poppins|600|||||||&#8221; header_text_align=&#8221;center&#8221; header_text_color=&#8221;#00a4ef&#8221; header_font_size=&#8221;21px&#8221; header_line_height=&#8221;1.2em&#8221; body_font=&#8221;||||||||&#8221; body_font_size=&#8221;16px&#8221; body_line_height=&#8221;1.8em&#8221; background_color=&#8221;#FFFFFF&#8221; custom_padding=&#8221;10px||||false|false&#8221; animation_style=&#8221;fade&#8221; animation_direction=&#8221;bottom&#8221; animation_starting_opacity=&#8221;100%&#8221; header_font_size_tablet=&#8221;19px&#8221; header_font_size_phone=&#8221;&#8221; header_font_size_last_edited=&#8221;on|tablet&#8221; border_radii=&#8221;off||20px|20px|20px&#8221;][\/et_pb_blurb][et_pb_blurb title=&#8221;ASSISTENZA ALLA PERSONA&#8221; image=&#8221;https:\/\/convenzioni.cralnetwork.it\/cralpolizia\/wp-content\/uploads\/sites\/35\/2022\/09\/Assistenza-alla-persona-icon-thegem-person-80.png&#8221; _builder_version=&#8221;4.9.4&#8243; header_font=&#8221;Poppins|600|||||||&#8221; header_text_align=&#8221;center&#8221; header_text_color=&#8221;#00a4ef&#8221; header_font_size=&#8221;21px&#8221; header_line_height=&#8221;1.2em&#8221; body_font=&#8221;||||||||&#8221; body_font_size=&#8221;16px&#8221; body_line_height=&#8221;1.8em&#8221; background_color=&#8221;#FFFFFF&#8221; custom_padding=&#8221;10px||||false|false&#8221; animation_style=&#8221;fade&#8221; animation_direction=&#8221;bottom&#8221; animation_starting_opacity=&#8221;100%&#8221; header_font_size_tablet=&#8221;19px&#8221; header_font_size_phone=&#8221;&#8221; header_font_size_last_edited=&#8221;on|tablet&#8221; border_radii=&#8221;off||20px|20px|20px&#8221;][\/et_pb_blurb][\/et_pb_column][et_pb_column type=&#8221;1_4&#8243; _builder_version=&#8221;3.25&#8243; custom_padding=&#8221;|||&#8221; custom_padding__hover=&#8221;|||&#8221;][et_pb_blurb title=&#8221;GESTIONE VIE RESPIRATORIE&#8221; image=&#8221;https:\/\/convenzioni.cralnetwork.it\/cralpolizia\/wp-content\/uploads\/sites\/35\/2022\/09\/Accesso-alle-vie-respiratorie-icon-thegem-person-80.png&#8221; _builder_version=&#8221;4.9.4&#8243; header_font=&#8221;Poppins|600|||||||&#8221; header_text_align=&#8221;center&#8221; header_text_color=&#8221;#00a4ef&#8221; header_font_size=&#8221;21px&#8221; header_line_height=&#8221;1.2em&#8221; body_font=&#8221;||||||||&#8221; body_font_size=&#8221;16px&#8221; body_line_height=&#8221;1.8em&#8221; background_color=&#8221;#FFFFFF&#8221; custom_padding=&#8221;10px||||false|false&#8221; animation_style=&#8221;fade&#8221; animation_direction=&#8221;bottom&#8221; animation_starting_opacity=&#8221;100%&#8221; header_font_size_tablet=&#8221;19px&#8221; header_font_size_phone=&#8221;&#8221; header_font_size_last_edited=&#8221;on|tablet&#8221; border_radii=&#8221;off||20px|20px|20px&#8221;][\/et_pb_blurb][et_pb_blurb title=&#8221;FORMAZIONE CORSI BLSD \u2013 PBSD&#8221; image=&#8221;https:\/\/convenzioni.cralnetwork.it\/cralpolizia\/wp-content\/uploads\/sites\/35\/2022\/09\/Corsi-thegem-person-80.png&#8221; _builder_version=&#8221;4.9.4&#8243; header_font=&#8221;Poppins|600|||||||&#8221; header_text_align=&#8221;center&#8221; header_text_color=&#8221;#00a4ef&#8221; header_font_size=&#8221;21px&#8221; header_line_height=&#8221;1.2em&#8221; body_font=&#8221;||||||||&#8221; body_font_size=&#8221;16px&#8221; body_line_height=&#8221;1.8em&#8221; background_color=&#8221;#FFFFFF&#8221; custom_padding=&#8221;10px||||false|false&#8221; animation_style=&#8221;fade&#8221; animation_direction=&#8221;bottom&#8221; animation_starting_opacity=&#8221;100%&#8221; header_font_size_tablet=&#8221;19px&#8221; header_font_size_phone=&#8221;&#8221; header_font_size_last_edited=&#8221;on|tablet&#8221; header_letter_spacing_tablet=&#8221;0px&#8221; header_letter_spacing_phone=&#8221;-0.3px&#8221; header_letter_spacing_last_edited=&#8221;on|tablet&#8221; border_radii=&#8221;off||20px|20px|20px&#8221;][\/et_pb_blurb][\/et_pb_column][et_pb_column type=&#8221;1_4&#8243; _builder_version=&#8221;3.25&#8243; custom_padding=&#8221;|||&#8221; custom_padding__hover=&#8221;|||&#8221;][et_pb_blurb title=&#8221;ESAMI MEDICI&#8221; image=&#8221;https:\/\/convenzioni.cralnetwork.it\/cralpolizia\/wp-content\/uploads\/sites\/35\/2022\/09\/Esami-medici-icon-1-thegem-person-80.png&#8221; _builder_version=&#8221;4.9.4&#8243; header_font=&#8221;Poppins|600|||||||&#8221; header_text_align=&#8221;center&#8221; header_text_color=&#8221;#00a4ef&#8221; header_font_size=&#8221;21px&#8221; header_line_height=&#8221;2.4em&#8221; body_font=&#8221;||||||||&#8221; body_font_size=&#8221;16px&#8221; body_line_height=&#8221;1.8em&#8221; background_color=&#8221;#FFFFFF&#8221; custom_padding=&#8221;10px||||false|false&#8221; animation_style=&#8221;fade&#8221; animation_direction=&#8221;bottom&#8221; animation_starting_opacity=&#8221;100%&#8221; header_font_size_tablet=&#8221;19px&#8221; header_font_size_phone=&#8221;&#8221; header_font_size_last_edited=&#8221;on|tablet&#8221; header_line_height_tablet=&#8221;1.2em&#8221; header_line_height_phone=&#8221;&#8221; header_line_height_last_edited=&#8221;on|tablet&#8221; border_radii=&#8221;off||20px|20px|20px&#8221;][\/et_pb_blurb][et_pb_blurb title=&#8221;ESAMI DIAGNOSTICI&#8221; image=&#8221;https:\/\/convenzioni.cralnetwork.it\/cralpolizia\/wp-content\/uploads\/sites\/35\/2022\/09\/ecg-thegem-person-80.png&#8221; _builder_version=&#8221;4.9.4&#8243; header_font=&#8221;Poppins|600|||||||&#8221; header_text_align=&#8221;center&#8221; header_text_color=&#8221;#00a4ef&#8221; header_font_size=&#8221;21px&#8221; header_line_height=&#8221;1.2em&#8221; body_font=&#8221;||||||||&#8221; body_font_size=&#8221;16px&#8221; body_line_height=&#8221;1.8em&#8221; background_color=&#8221;#FFFFFF&#8221; custom_padding=&#8221;10px|20px||20px|false|true&#8221; animation_style=&#8221;fade&#8221; animation_direction=&#8221;bottom&#8221; animation_starting_opacity=&#8221;100%&#8221; header_font_size_tablet=&#8221;19px&#8221; header_font_size_phone=&#8221;&#8221; header_font_size_last_edited=&#8221;on|tablet&#8221; header_line_height_tablet=&#8221;2.3em&#8221; header_line_height_phone=&#8221;1.2em&#8221; header_line_height_last_edited=&#8221;on|tablet&#8221; border_radii=&#8221;off||20px|20px|20px&#8221;][\/et_pb_blurb][\/et_pb_column][\/et_pb_row][et_pb_row column_structure=&#8221;1_2,1_2&#8243; _builder_version=&#8221;4.9.4&#8243; custom_margin=&#8221;80px||150px||false|false&#8221; locked=&#8221;off&#8221;][et_pb_column type=&#8221;1_2&#8243; _builder_version=&#8221;3.25&#8243; custom_padding=&#8221;|||&#8221; custom_padding__hover=&#8221;|||&#8221;][et_pb_text disabled_on=&#8221;off|off|on&#8221; admin_label=&#8221;Sconto&#8221; _builder_version=&#8221;4.9.4&#8243; text_font=&#8221;||||||||&#8221; header_font=&#8221;||||||||&#8221; header_2_font=&#8221;Poppins|800||on|||||&#8221; header_2_text_align=&#8221;left&#8221; header_2_text_color=&#8221;#FFFFFF&#8221; header_2_font_size=&#8221;62px&#8221; header_2_line_height=&#8221;1.2em&#8221; custom_margin=&#8221;70px|||-50px|false|false&#8221; custom_margin_tablet=&#8221;0px|||0px|false|false&#8221; custom_margin_phone=&#8221;&#8221; custom_margin_last_edited=&#8221;on|tablet&#8221; animation_style=&#8221;slide&#8221; animation_direction=&#8221;top&#8221; animation_intensity_slide=&#8221;20%&#8221; animation_starting_opacity=&#8221;100%&#8221; header_2_text_align_tablet=&#8221;center&#8221; header_2_text_align_phone=&#8221;&#8221; header_2_text_align_last_edited=&#8221;on|tablet&#8221; header_2_font_size_tablet=&#8221;&#8221; header_2_font_size_phone=&#8221;40px&#8221; header_2_font_size_last_edited=&#8221;on|phone&#8221;]<\/p>\n<h2>Agevolazioni riservate agli associati<\/h2>\n<p>[\/et_pb_text][dsm_card_carousel slide_to_show=&#8221;1&#8243; equal_height=&#8221;on&#8221; arrows=&#8221;off&#8221; dots_active_color=&#8221;#FFFFFF&#8221; dots_inactive_color=&#8221;rgba(255,255,255,0.2)&#8221; image_alignment=&#8221;center&#8221; _builder_version=&#8221;4.9.4&#8243; _module_preset=&#8221;default&#8221; custom_margin=&#8221;||0px||false|false&#8221; custom_margin_tablet=&#8221;||0px||false|false&#8221; custom_margin_phone=&#8221;&#8221; custom_margin_last_edited=&#8221;on|tablet&#8221; border_color_all=&#8221;#000000&#8243;][dsm_card_carousel_child image=&#8221;https:\/\/convenzioni.cralnetwork.it\/cralpolizia\/wp-content\/uploads\/sites\/35\/2022\/09\/prelievo-sangue-pesaro-thegem-gallery-justified-3x.jpg&#8221; image_as_background=&#8221;off&#8221; content_padding=&#8221;||||true|true&#8221; button_url_new_window=&#8221;1&#8243; _builder_version=&#8221;4.9.4&#8243; _module_preset=&#8221;default&#8221; border_width_all=&#8221;0px&#8221;][\/dsm_card_carousel_child][dsm_card_carousel_child image=&#8221;https:\/\/convenzioni.cralnetwork.it\/cralpolizia\/wp-content\/uploads\/sites\/35\/2022\/09\/elettrocardiogramma-paziente-thegem-gallery-justified-3x.jpg&#8221; image_as_background=&#8221;off&#8221; content_padding=&#8221;||||true|true&#8221; button_url_new_window=&#8221;1&#8243; _builder_version=&#8221;4.9.4&#8243; _module_preset=&#8221;default&#8221; border_width_all=&#8221;0px&#8221;][\/dsm_card_carousel_child][dsm_card_carousel_child image=&#8221;https:\/\/convenzioni.cralnetwork.it\/cralpolizia\/wp-content\/uploads\/sites\/35\/2022\/09\/elettrocardiogramma-thegem-gallery-justified-3x.jpg&#8221; image_as_background=&#8221;off&#8221; content_padding=&#8221;||||true|true&#8221; button_url_new_window=&#8221;1&#8243; _builder_version=&#8221;4.9.4&#8243; _module_preset=&#8221;default&#8221; border_width_all=&#8221;0px&#8221;][\/dsm_card_carousel_child][\/dsm_card_carousel][\/et_pb_column][et_pb_column type=&#8221;1_2&#8243; _builder_version=&#8221;3.25&#8243; custom_padding=&#8221;|||&#8221; custom_padding__hover=&#8221;|||&#8221;][et_pb_text disabled_on=&#8221;on|on|off&#8221; admin_label=&#8221;Sconto&#8221; _builder_version=&#8221;4.9.4&#8243; text_font=&#8221;||||||||&#8221; header_font=&#8221;||||||||&#8221; header_2_font=&#8221;Poppins|800||on|||||&#8221; header_2_text_align=&#8221;left&#8221; header_2_text_color=&#8221;#FFFFFF&#8221; header_2_font_size=&#8221;62px&#8221; header_2_line_height=&#8221;1.2em&#8221; custom_margin=&#8221;70px|||-50px|false|false&#8221; custom_margin_tablet=&#8221;0px|||0px|false|false&#8221; custom_margin_phone=&#8221;&#8221; custom_margin_last_edited=&#8221;on|tablet&#8221; animation_style=&#8221;slide&#8221; animation_direction=&#8221;top&#8221; animation_intensity_slide=&#8221;20%&#8221; animation_starting_opacity=&#8221;100%&#8221; header_2_text_align_tablet=&#8221;center&#8221; header_2_text_align_phone=&#8221;&#8221; header_2_text_align_last_edited=&#8221;on|tablet&#8221;]<\/p>\n<h2>Agevolazioni riservate agli associati<\/h2>\n<p>[\/et_pb_text][\/et_pb_column][\/et_pb_row][\/et_pb_section][et_pb_section fb_built=&#8221;1&#8243; _builder_version=&#8221;4.9.4&#8243; _module_preset=&#8221;default&#8221; background_color=&#8221;#FFFFFF&#8221;][et_pb_row column_structure=&#8221;2_5,3_5&#8243; _builder_version=&#8221;4.9.4&#8243; _module_preset=&#8221;default&#8221; locked=&#8221;off&#8221;][et_pb_column type=&#8221;2_5&#8243; _builder_version=&#8221;4.9.4&#8243; _module_preset=&#8221;default&#8221;][et_pb_text admin_label=&#8221;Titolo Contatti&#8221; _builder_version=&#8221;4.9.4&#8243; text_font=&#8221;||||||||&#8221; header_font=&#8221;||||||||&#8221; header_2_font=&#8221;Poppins|700||on|||||&#8221; header_2_text_align=&#8221;left&#8221; header_2_text_color=&#8221;#00bbff&#8221; header_2_font_size=&#8221;36px&#8221; custom_margin=&#8221;||45px||false|false&#8221; animation_style=&#8221;slide&#8221; animation_direction=&#8221;top&#8221; animation_intensity_slide=&#8221;20%&#8221; animation_starting_opacity=&#8221;100%&#8221;]<\/p>\n<h2>Contatti<\/h2>\n<p>[\/et_pb_text][et_pb_code admin_label=&#8221;dati aziendali&#8221; module_class=&#8221;contatti-salute&#8221; _builder_version=&#8221;4.9.4&#8243; _module_preset=&#8221;default&#8221; custom_margin=&#8221;||0px||false|false&#8221; custom_padding=&#8221;0px||0px||false|false&#8221;]<\/p>\n<div style=\"font-family: 'Poppins', sans-serif; font-size: 15px; color: black; line-height: 28px\"><!-- [et_pb_line_break_holder] -->  <br \/><p><strong>Indirizzo:<\/strong> Via Recanati, 15, 61122 Pesaro PU, Italia <br>\n<strong>Telefono:<\/strong> 388 4364682 <br><strong>Sito web:<\/strong> <a href=\"http:\/\/www.scrinfermieri.it\">www.scrinfermieri.it<\/a> <br> \n<strong>Mail:<\/strong> <a href=\"mailto:info@scrinfermieri.it\">info@scrinfermieri.it<\/a> \n<\/p><br \/><\/div>\n<p><!-- [et_pb_line_break_holder] --><\/p>\n<div style=\"font-family: 'Poppins', sans-serif; font-size: 15px; color: black; line-height: 28px; margin-top: -25px\"><!-- [et_pb_line_break_holder] --><strong>Cell: <\/strong>388 7230206<!\u2013- [et_pb_br_holder] -\u2013><!-- [et_pb_line_break_holder] --><strong>Cell: <\/strong>388 7781436<!\u2013- [et_pb_br_holder] -\u2013><!-- [et_pb_line_break_holder] -->  <strong>Lun &#8211; Dom: <\/strong>9.00 \u2013 18.00<\/div>\n<p>[\/et_pb_code][et_pb_social_media_follow _builder_version=&#8221;4.9.4&#8243; _module_preset=&#8221;default&#8221; custom_margin=&#8221;5px||||false|false&#8221; custom_padding=&#8221;||||false|false&#8221; border_radii=&#8221;on|25px|25px|25px|25px&#8221;][et_pb_social_media_follow_network social_network=&#8221;facebook&#8221; url=&#8221;https:\/\/www.facebook.com\/scrinferimieri&#8221; icon_color=&#8221;#00bbff&#8221; _builder_version=&#8221;4.9.4&#8243; _module_preset=&#8221;default&#8221; background_enable_color=&#8221;off&#8221; border_width_all=&#8221;1px&#8221; border_color_all=&#8221;#00bbff&#8221; follow_button=&#8221;off&#8221; url_new_window=&#8221;on&#8221;]facebook[\/et_pb_social_media_follow_network][et_pb_social_media_follow_network social_network=&#8221;instagram&#8221; url=&#8221;https:\/\/www.instagram.com\/scrinfermieri\/&#8221; icon_color=&#8221;#00bbff&#8221; _builder_version=&#8221;4.9.4&#8243; _module_preset=&#8221;default&#8221; background_enable_color=&#8221;off&#8221; border_width_all=&#8221;1px&#8221; border_color_all=&#8221;#00bbff&#8221; follow_button=&#8221;off&#8221; url_new_window=&#8221;on&#8221;]instagram[\/et_pb_social_media_follow_network][\/et_pb_social_media_follow][\/et_pb_column][et_pb_column type=&#8221;3_5&#8243; _builder_version=&#8221;4.9.4&#8243; _module_preset=&#8221;default&#8221;][et_pb_code admin_label=&#8221;mappa&#8221; _builder_version=&#8221;4.9.4&#8243; _module_preset=&#8221;default&#8221;]<div id=\"gmw-single-location-wrapper-536\" class=\"gmw-element-wrapper gmw-single-location-wrapper gmw-sl-wrapper gmw-sl-single-post-wrapper post \" object_type=\"post\" object_id=\"336347\"  style=\"width:100%\"><div class=\"gmw-sl-map-wrapper gmw-sl-element\"><div id=\"gmw-map-wrapper-536\" class=\"gmw-map-wrapper  sl single_location \" style=\"width:100%;height:300px;\"> <span id=\"gmw-resize-map-toggle-536\" class=\"gmw-resize-map-toggle gmw-icon-resize-full\" style=\"display:none;\" title=\"Resize map\"><\/span> <div id=\"gmw-map-loader-536\" class=\"gmw-map-loader\"><\/div> <div id=\"gmw-map-536\" class=\"gmw-map sl single_location\" style=\"width:100%; height:100%\" data-map_id=\"536\" data-prefix=\"sl\" data-map_type=\"single_location\" data-icons_usage=\"global\"><\/div> <\/div><\/div><\/div>[\/et_pb_code][\/et_pb_column][\/et_pb_row][\/et_pb_section]<\/p>\n","protected":false},"excerpt":{"rendered":"<div style=\"font-family: 'Poppins', sans-serif; font-size: 15px; color: black; line-height: 26px; text-align: left\">\nIl progetto di SCR Infermieri Associati nasce dall\u2019incontro di una comune idea di tre infermieri di voler offrire un servizio di assistenza infermieristica sul territorio, che incontri i bisogni di una popolazione fragile non autosufficiente, con patologie croniche e a lungo corso, di anziani e disabili che hanno bisogno del sostegno di professionisti per poter meglio affrontare la loro condizione di salute pur rimanendo al loro domicilio. Da questa idea nasce cos\u00ed la nostra societ\u00e1 infermieristica.<\/p>\n<p>L\u2019obiettivo \u00e8 offrire, con professionalit\u00e0, una vasta gamma di servizi, puntando alla qualit\u00e0 e alla sicurezza dell\u2019assistenza infermieristica ponendo al centro dell\u2019attenzione il benessere fisico e bio-psico-sociale dell\u2019assistito. La nostra professione \u00e8 messa a disposizione delle esigenze dell\u2019assistito, offrendo un\u2019educazione mirata al Self Care e al Caregiving la quale pu\u00f2 incentivare una riduzione dei tempi di ospedalizzazione, che a volte essendo troppo lunghi portano ad una ricaduta della condizione di salute degli assistiti.<\/p><\/div>\n","protected":false},"featured_media":336321,"comment_status":"open","ping_status":"closed","template":"","meta":{"_acf_changed":false,"_et_pb_use_builder":"on","_et_pb_old_content":"","_et_gb_content_width":""},"product_brand":[],"product_cat":[3513,26],"product_tag":[727,726,730,728,725,729],"class_list":{"0":"post-336347","1":"product","2":"type-product","3":"status-publish","4":"has-post-thumbnail","6":"product_cat-assistenza-domiciliare","7":"product_cat-salute","8":"product_tag-anziani","9":"product_tag-assistenza-infermieristica","10":"product_tag-assistenza-infermieristica-domiciliare","11":"product_tag-disabili","12":"product_tag-infermieri","13":"product_tag-societa-infermieristica","15":"first","16":"instock","17":"shipping-taxable","18":"product-type-simple"},"acf":[],"yoast_head":"<!-- This site is optimized with the Yoast SEO plugin v26.4 - https:\/\/yoast.com\/wordpress\/plugins\/seo\/ -->\n<title>SCR Infermieri (Via Recanati) - Intercral Polizia Italia<\/title>\n<meta name=\"robots\" content=\"index, follow, max-snippet:-1, max-image-preview:large, max-video-preview:-1\" \/>\n<link rel=\"canonical\" href=\"https:\/\/convenzioni.cralnetwork.it\/cralpolizia\/prodotto\/scr-infermieri-via-recanati\/\" \/>\n<meta property=\"og:locale\" content=\"it_IT\" \/>\n<meta property=\"og:type\" content=\"article\" \/>\n<meta property=\"og:title\" content=\"SCR Infermieri (Via Recanati) - Intercral Polizia Italia\" \/>\n<meta property=\"og:description\" content=\"Il progetto di SCR Infermieri Associati nasce dall\u2019incontro di una comune idea di tre infermieri di voler offrire un servizio di assistenza infermieristica sul territorio, che incontri i bisogni di una popolazione fragile non autosufficiente, con patologie croniche e a lungo corso, di anziani e disabili che hanno bisogno del sostegno di professionisti per poter meglio affrontare la loro condizione di salute pur rimanendo al loro domicilio. Da questa idea nasce cos\u00ed la nostra societ\u00e1 infermieristica.  L\u2019obiettivo \u00e8 offrire, con professionalit\u00e0, una vasta gamma di servizi, puntando alla qualit\u00e0 e alla sicurezza dell\u2019assistenza infermieristica ponendo al centro dell\u2019attenzione il benessere fisico e bio-psico-sociale dell\u2019assistito. La nostra professione \u00e8 messa a disposizione delle esigenze dell\u2019assistito, offrendo un\u2019educazione mirata al Self Care e al Caregiving la quale pu\u00f2 incentivare una riduzione dei tempi di ospedalizzazione, che a volte essendo troppo lunghi portano ad una ricaduta della condizione di salute degli assistiti.\" \/>\n<meta property=\"og:url\" content=\"https:\/\/convenzioni.cralnetwork.it\/cralpolizia\/prodotto\/scr-infermieri-via-recanati\/\" \/>\n<meta property=\"og:site_name\" content=\"Intercral Polizia Italia\" \/>\n<meta property=\"article:modified_time\" content=\"2024-10-02T08:52:07+00:00\" \/>\n<meta property=\"og:image\" content=\"https:\/\/convenzioni.cralnetwork.it\/cralpolizia\/wp-content\/uploads\/sites\/35\/2022\/09\/logo_scr-Infermieri.jpg\" \/>\n\t<meta property=\"og:image:width\" content=\"300\" \/>\n\t<meta property=\"og:image:height\" content=\"300\" \/>\n\t<meta property=\"og:image:type\" content=\"image\/jpeg\" \/>\n<meta name=\"twitter:card\" content=\"summary_large_image\" \/>\n<meta name=\"twitter:label1\" content=\"Tempo di lettura stimato\" \/>\n\t<meta name=\"twitter:data1\" content=\"12 minuti\" \/>\n<script type=\"application\/ld+json\" class=\"yoast-schema-graph\">{\"@context\":\"https:\/\/schema.org\",\"@graph\":[{\"@type\":\"WebPage\",\"@id\":\"https:\/\/convenzioni.cralnetwork.it\/cralpolizia\/prodotto\/scr-infermieri-via-recanati\/\",\"url\":\"https:\/\/convenzioni.cralnetwork.it\/cralpolizia\/prodotto\/scr-infermieri-via-recanati\/\",\"name\":\"SCR Infermieri (Via Recanati) - Intercral Polizia Italia\",\"isPartOf\":{\"@id\":\"https:\/\/convenzioni.cralnetwork.it\/cralpolizia\/#website\"},\"primaryImageOfPage\":{\"@id\":\"https:\/\/convenzioni.cralnetwork.it\/cralpolizia\/prodotto\/scr-infermieri-via-recanati\/#primaryimage\"},\"image\":{\"@id\":\"https:\/\/convenzioni.cralnetwork.it\/cralpolizia\/prodotto\/scr-infermieri-via-recanati\/#primaryimage\"},\"thumbnailUrl\":\"https:\/\/convenzioni.cralnetwork.it\/cralpolizia\/wp-content\/uploads\/sites\/35\/2022\/09\/logo_scr-Infermieri.jpg\",\"datePublished\":\"2022-09-12T13:06:07+00:00\",\"dateModified\":\"2024-10-02T08:52:07+00:00\",\"breadcrumb\":{\"@id\":\"https:\/\/convenzioni.cralnetwork.it\/cralpolizia\/prodotto\/scr-infermieri-via-recanati\/#breadcrumb\"},\"inLanguage\":\"it-IT\",\"potentialAction\":[{\"@type\":\"ReadAction\",\"target\":[\"https:\/\/convenzioni.cralnetwork.it\/cralpolizia\/prodotto\/scr-infermieri-via-recanati\/\"]}]},{\"@type\":\"ImageObject\",\"inLanguage\":\"it-IT\",\"@id\":\"https:\/\/convenzioni.cralnetwork.it\/cralpolizia\/prodotto\/scr-infermieri-via-recanati\/#primaryimage\",\"url\":\"https:\/\/convenzioni.cralnetwork.it\/cralpolizia\/wp-content\/uploads\/sites\/35\/2022\/09\/logo_scr-Infermieri.jpg\",\"contentUrl\":\"https:\/\/convenzioni.cralnetwork.it\/cralpolizia\/wp-content\/uploads\/sites\/35\/2022\/09\/logo_scr-Infermieri.jpg\",\"width\":300,\"height\":300},{\"@type\":\"BreadcrumbList\",\"@id\":\"https:\/\/convenzioni.cralnetwork.it\/cralpolizia\/prodotto\/scr-infermieri-via-recanati\/#breadcrumb\",\"itemListElement\":[{\"@type\":\"ListItem\",\"position\":1,\"name\":\"Home\",\"item\":\"https:\/\/convenzioni.cralnetwork.it\/cralpolizia\/\"},{\"@type\":\"ListItem\",\"position\":2,\"name\":\"Shop\",\"item\":\"https:\/\/convenzioni.cralnetwork.it\/cralpolizia\/negozio\/\"},{\"@type\":\"ListItem\",\"position\":3,\"name\":\"SCR Infermieri (Via Recanati)\"}]},{\"@type\":\"WebSite\",\"@id\":\"https:\/\/convenzioni.cralnetwork.it\/cralpolizia\/#website\",\"url\":\"https:\/\/convenzioni.cralnetwork.it\/cralpolizia\/\",\"name\":\"Intercral Polizia Italia\",\"description\":\"Area Convenzioni\",\"potentialAction\":[{\"@type\":\"SearchAction\",\"target\":{\"@type\":\"EntryPoint\",\"urlTemplate\":\"https:\/\/convenzioni.cralnetwork.it\/cralpolizia\/?s={search_term_string}\"},\"query-input\":{\"@type\":\"PropertyValueSpecification\",\"valueRequired\":true,\"valueName\":\"search_term_string\"}}],\"inLanguage\":\"it-IT\"}]}<\/script>\n<!-- \/ Yoast SEO plugin. -->","yoast_head_json":{"title":"SCR Infermieri (Via Recanati) - Intercral Polizia Italia","robots":{"index":"index","follow":"follow","max-snippet":"max-snippet:-1","max-image-preview":"max-image-preview:large","max-video-preview":"max-video-preview:-1"},"canonical":"https:\/\/convenzioni.cralnetwork.it\/cralpolizia\/prodotto\/scr-infermieri-via-recanati\/","og_locale":"it_IT","og_type":"article","og_title":"SCR Infermieri (Via Recanati) - Intercral Polizia Italia","og_description":"Il progetto di SCR Infermieri Associati nasce dall\u2019incontro di una comune idea di tre infermieri di voler offrire un servizio di assistenza infermieristica sul territorio, che incontri i bisogni di una popolazione fragile non autosufficiente, con patologie croniche e a lungo corso, di anziani e disabili che hanno bisogno del sostegno di professionisti per poter meglio affrontare la loro condizione di salute pur rimanendo al loro domicilio. Da questa idea nasce cos\u00ed la nostra societ\u00e1 infermieristica.  L\u2019obiettivo \u00e8 offrire, con professionalit\u00e0, una vasta gamma di servizi, puntando alla qualit\u00e0 e alla sicurezza dell\u2019assistenza infermieristica ponendo al centro dell\u2019attenzione il benessere fisico e bio-psico-sociale dell\u2019assistito. La nostra professione \u00e8 messa a disposizione delle esigenze dell\u2019assistito, offrendo un\u2019educazione mirata al Self Care e al Caregiving la quale pu\u00f2 incentivare una riduzione dei tempi di ospedalizzazione, che a volte essendo troppo lunghi portano ad una ricaduta della condizione di salute degli assistiti.","og_url":"https:\/\/convenzioni.cralnetwork.it\/cralpolizia\/prodotto\/scr-infermieri-via-recanati\/","og_site_name":"Intercral Polizia Italia","article_modified_time":"2024-10-02T08:52:07+00:00","og_image":[{"width":300,"height":300,"url":"https:\/\/convenzioni.cralnetwork.it\/cralpolizia\/wp-content\/uploads\/sites\/35\/2022\/09\/logo_scr-Infermieri.jpg","type":"image\/jpeg"}],"twitter_card":"summary_large_image","twitter_misc":{"Tempo di lettura stimato":"12 minuti"},"schema":{"@context":"https:\/\/schema.org","@graph":[{"@type":"WebPage","@id":"https:\/\/convenzioni.cralnetwork.it\/cralpolizia\/prodotto\/scr-infermieri-via-recanati\/","url":"https:\/\/convenzioni.cralnetwork.it\/cralpolizia\/prodotto\/scr-infermieri-via-recanati\/","name":"SCR Infermieri (Via Recanati) - Intercral Polizia Italia","isPartOf":{"@id":"https:\/\/convenzioni.cralnetwork.it\/cralpolizia\/#website"},"primaryImageOfPage":{"@id":"https:\/\/convenzioni.cralnetwork.it\/cralpolizia\/prodotto\/scr-infermieri-via-recanati\/#primaryimage"},"image":{"@id":"https:\/\/convenzioni.cralnetwork.it\/cralpolizia\/prodotto\/scr-infermieri-via-recanati\/#primaryimage"},"thumbnailUrl":"https:\/\/convenzioni.cralnetwork.it\/cralpolizia\/wp-content\/uploads\/sites\/35\/2022\/09\/logo_scr-Infermieri.jpg","datePublished":"2022-09-12T13:06:07+00:00","dateModified":"2024-10-02T08:52:07+00:00","breadcrumb":{"@id":"https:\/\/convenzioni.cralnetwork.it\/cralpolizia\/prodotto\/scr-infermieri-via-recanati\/#breadcrumb"},"inLanguage":"it-IT","potentialAction":[{"@type":"ReadAction","target":["https:\/\/convenzioni.cralnetwork.it\/cralpolizia\/prodotto\/scr-infermieri-via-recanati\/"]}]},{"@type":"ImageObject","inLanguage":"it-IT","@id":"https:\/\/convenzioni.cralnetwork.it\/cralpolizia\/prodotto\/scr-infermieri-via-recanati\/#primaryimage","url":"https:\/\/convenzioni.cralnetwork.it\/cralpolizia\/wp-content\/uploads\/sites\/35\/2022\/09\/logo_scr-Infermieri.jpg","contentUrl":"https:\/\/convenzioni.cralnetwork.it\/cralpolizia\/wp-content\/uploads\/sites\/35\/2022\/09\/logo_scr-Infermieri.jpg","width":300,"height":300},{"@type":"BreadcrumbList","@id":"https:\/\/convenzioni.cralnetwork.it\/cralpolizia\/prodotto\/scr-infermieri-via-recanati\/#breadcrumb","itemListElement":[{"@type":"ListItem","position":1,"name":"Home","item":"https:\/\/convenzioni.cralnetwork.it\/cralpolizia\/"},{"@type":"ListItem","position":2,"name":"Shop","item":"https:\/\/convenzioni.cralnetwork.it\/cralpolizia\/negozio\/"},{"@type":"ListItem","position":3,"name":"SCR Infermieri (Via Recanati)"}]},{"@type":"WebSite","@id":"https:\/\/convenzioni.cralnetwork.it\/cralpolizia\/#website","url":"https:\/\/convenzioni.cralnetwork.it\/cralpolizia\/","name":"Intercral Polizia Italia","description":"Area Convenzioni","potentialAction":[{"@type":"SearchAction","target":{"@type":"EntryPoint","urlTemplate":"https:\/\/convenzioni.cralnetwork.it\/cralpolizia\/?s={search_term_string}"},"query-input":{"@type":"PropertyValueSpecification","valueRequired":true,"valueName":"search_term_string"}}],"inLanguage":"it-IT"}]}},"publishpress_future_workflow_manual_trigger":{"enabledWorkflows":[]},"_links":{"self":[{"href":"https:\/\/convenzioni.cralnetwork.it\/cralpolizia\/wp-json\/wp\/v2\/product\/336347","targetHints":{"allow":["GET"]}}],"collection":[{"href":"https:\/\/convenzioni.cralnetwork.it\/cralpolizia\/wp-json\/wp\/v2\/product"}],"about":[{"href":"https:\/\/convenzioni.cralnetwork.it\/cralpolizia\/wp-json\/wp\/v2\/types\/product"}],"replies":[{"embeddable":true,"href":"https:\/\/convenzioni.cralnetwork.it\/cralpolizia\/wp-json\/wp\/v2\/comments?post=336347"}],"version-history":[{"count":1,"href":"https:\/\/convenzioni.cralnetwork.it\/cralpolizia\/wp-json\/wp\/v2\/product\/336347\/revisions"}],"predecessor-version":[{"id":347654,"href":"https:\/\/convenzioni.cralnetwork.it\/cralpolizia\/wp-json\/wp\/v2\/product\/336347\/revisions\/347654"}],"wp:featuredmedia":[{"embeddable":true,"href":"https:\/\/convenzioni.cralnetwork.it\/cralpolizia\/wp-json\/wp\/v2\/media\/336321"}],"wp:attachment":[{"href":"https:\/\/convenzioni.cralnetwork.it\/cralpolizia\/wp-json\/wp\/v2\/media?parent=336347"}],"wp:term":[{"taxonomy":"product_brand","embeddable":true,"href":"https:\/\/convenzioni.cralnetwork.it\/cralpolizia\/wp-json\/wp\/v2\/product_brand?post=336347"},{"taxonomy":"product_cat","embeddable":true,"href":"https:\/\/convenzioni.cralnetwork.it\/cralpolizia\/wp-json\/wp\/v2\/product_cat?post=336347"},{"taxonomy":"product_tag","embeddable":true,"href":"https:\/\/convenzioni.cralnetwork.it\/cralpolizia\/wp-json\/wp\/v2\/product_tag?post=336347"}],"curies":[{"name":"wp","href":"https:\/\/api.w.org\/{rel}","templated":true}]}}