{"id":25263,"date":"2025-11-27T17:36:17","date_gmt":"2025-11-27T16:36:17","guid":{"rendered":"https:\/\/convenzioni.cralnetwork.it\/cralmangiagalli\/?post_type=product&#038;p=25263"},"modified":"2025-11-28T11:19:30","modified_gmt":"2025-11-28T10:19:30","slug":"emporio-mobili-melgrati","status":"publish","type":"product","link":"https:\/\/convenzioni.cralnetwork.it\/cralmangiagalli\/convenzione\/emporio-mobili-melgrati\/","title":{"rendered":"Emporio Mobili Melgrati"},"content":{"rendered":"\t\t<div data-elementor-type=\"wp-post\" data-elementor-id=\"25263\" class=\"elementor elementor-25263\">\n\t\t\t\t<div class=\"elementor-element elementor-element-2145958a e-con-full e-flex e-con e-parent\" data-id=\"2145958a\" data-element_type=\"container\">\n\t\t\t\t<div class=\"elementor-element elementor-element-737aac60 elementor-pagination-position-inside elementor-widget elementor-widget-image-carousel\" data-id=\"737aac60\" data-element_type=\"widget\" data-settings=\"{&quot;slides_to_show&quot;:&quot;4&quot;,&quot;slides_to_show_tablet&quot;:&quot;2&quot;,&quot;navigation&quot;:&quot;dots&quot;,&quot;slides_to_show_mobile&quot;:&quot;1&quot;,&quot;autoplay&quot;:&quot;yes&quot;,&quot;pause_on_hover&quot;:&quot;yes&quot;,&quot;pause_on_interaction&quot;:&quot;yes&quot;,&quot;autoplay_speed&quot;:5000,&quot;infinite&quot;:&quot;yes&quot;,&quot;speed&quot;:500}\" data-widget_type=\"image-carousel.default\">\n\t\t\t\t<div class=\"elementor-widget-container\">\n\t\t\t\t\t\t\t<div class=\"elementor-image-carousel-wrapper swiper\" role=\"region\" aria-roledescription=\"carousel\" aria-label=\"Carosello d&#039;immagini\" dir=\"ltr\">\n\t\t\t<div class=\"elementor-image-carousel swiper-wrapper\" aria-live=\"off\">\n\t\t\t\t\t\t\t\t<div class=\"swiper-slide\" role=\"group\" aria-roledescription=\"slide\" aria-label=\"1 di 6\"><figure class=\"swiper-slide-inner\"><img decoding=\"async\" class=\"swiper-slide-image\" src=\"https:\/\/convenzioni.cralnetwork.it\/cralmangiagalli\/wp-content\/uploads\/sites\/30\/2025\/11\/emporiomobili1.jpg\" alt=\"emporiomobili1\" \/><\/figure><\/div><div class=\"swiper-slide\" role=\"group\" aria-roledescription=\"slide\" aria-label=\"2 di 6\"><figure class=\"swiper-slide-inner\"><img decoding=\"async\" class=\"swiper-slide-image\" src=\"https:\/\/convenzioni.cralnetwork.it\/cralmangiagalli\/wp-content\/uploads\/sites\/30\/2025\/11\/emporiomobili2.jpg\" alt=\"emporiomobili2\" \/><\/figure><\/div><div class=\"swiper-slide\" role=\"group\" aria-roledescription=\"slide\" aria-label=\"3 di 6\"><figure class=\"swiper-slide-inner\"><img decoding=\"async\" class=\"swiper-slide-image\" src=\"https:\/\/convenzioni.cralnetwork.it\/cralmangiagalli\/wp-content\/uploads\/sites\/30\/2025\/11\/emporiomobili3.jpg\" alt=\"emporiomobili3\" \/><\/figure><\/div><div class=\"swiper-slide\" role=\"group\" aria-roledescription=\"slide\" aria-label=\"4 di 6\"><figure class=\"swiper-slide-inner\"><img decoding=\"async\" class=\"swiper-slide-image\" src=\"https:\/\/convenzioni.cralnetwork.it\/cralmangiagalli\/wp-content\/uploads\/sites\/30\/2025\/11\/emporiomobili4.jpg\" alt=\"emporiomobili4\" \/><\/figure><\/div><div class=\"swiper-slide\" role=\"group\" aria-roledescription=\"slide\" aria-label=\"5 di 6\"><figure class=\"swiper-slide-inner\"><img decoding=\"async\" class=\"swiper-slide-image\" src=\"https:\/\/convenzioni.cralnetwork.it\/cralmangiagalli\/wp-content\/uploads\/sites\/30\/2025\/11\/emporiomobili5.jpg\" alt=\"emporiomobili5\" \/><\/figure><\/div><div class=\"swiper-slide\" role=\"group\" aria-roledescription=\"slide\" aria-label=\"6 di 6\"><figure class=\"swiper-slide-inner\"><img decoding=\"async\" class=\"swiper-slide-image\" src=\"https:\/\/convenzioni.cralnetwork.it\/cralmangiagalli\/wp-content\/uploads\/sites\/30\/2025\/11\/emporiomobili6.jpg\" alt=\"emporiomobili6\" \/><\/figure><\/div>\t\t\t<\/div>\n\t\t\t\t\t\t\t\n\t\t\t\t\t\t\t\t\t<div class=\"swiper-pagination\"><\/div>\n\t\t\t\t\t\t\t\t\t<\/div>\n\t\t\t\t\t\t<\/div>\n\t\t\t\t<\/div>\n\t\t\t\t<\/div>\n\t\t<div class=\"elementor-element elementor-element-5a6141b1 e-flex e-con-boxed e-con e-parent\" data-id=\"5a6141b1\" data-element_type=\"container\">\n\t\t\t\t\t<div class=\"e-con-inner\">\n\t\t<div class=\"elementor-element elementor-element-c47715d e-con-full e-flex e-con e-child\" data-id=\"c47715d\" data-element_type=\"container\">\n\t\t\t\t<div class=\"elementor-element elementor-element-54fcec17 elementor-widget elementor-widget-text-editor\" data-id=\"54fcec17\" data-element_type=\"widget\" data-widget_type=\"text-editor.default\">\n\t\t\t\t<div class=\"elementor-widget-container\">\n\t\t\t\t\t\t\t\t\tCHI SIAMO\t\t\t\t\t\t\t\t<\/div>\n\t\t\t\t<\/div>\n\t\t\t\t<div class=\"elementor-element elementor-element-19c2cc96 elementor-widget elementor-widget-text-editor\" data-id=\"19c2cc96\" data-element_type=\"widget\" data-widget_type=\"text-editor.default\">\n\t\t\t\t<div class=\"elementor-widget-container\">\n\t\t\t\t\t\t\t\t\t<p>MELGRATI MOBILI SRL. Melgrati Mobili \u00e8 azienda storica fondata nel lontano 1896 e punto di riferimento per tutte quelle persone in cerca di qualit\u00e0 al giusto prezzo, design accessibile ed autentico Made in Italy nell\u2019arredamento.<br \/>Ci pregiamo di offrire ai Vostri iscritti un trattamento esclusivo nel nostro Showroom e Sede principale di Lissone (MB) in Via Carducci 102.<\/p>\t\t\t\t\t\t\t\t<\/div>\n\t\t\t\t<\/div>\n\t\t\t\t<\/div>\n\t\t<div class=\"elementor-element elementor-element-5a2ce54 e-con-full e-flex e-con e-child\" data-id=\"5a2ce54\" data-element_type=\"container\" data-settings=\"{&quot;background_background&quot;:&quot;classic&quot;}\">\n\t\t\t\t<div class=\"elementor-element elementor-element-f3bef34 elementor-widget elementor-widget-text-editor\" data-id=\"f3bef34\" data-element_type=\"widget\" data-widget_type=\"text-editor.default\">\n\t\t\t\t<div class=\"elementor-widget-container\">\n\t\t\t\t\t\t\t\t\t<p>Riassumiamo perch\u00e9 scegliere Melgrati Mobili:<\/p>\t\t\t\t\t\t\t\t<\/div>\n\t\t\t\t<\/div>\n\t\t\t\t<div class=\"elementor-element elementor-element-29385ad elementor-align-center elementor-icon-list--layout-traditional elementor-list-item-link-full_width elementor-widget elementor-widget-icon-list\" data-id=\"29385ad\" data-element_type=\"widget\" data-widget_type=\"icon-list.default\">\n\t\t\t\t<div class=\"elementor-widget-container\">\n\t\t\t\t\t\t\t<ul class=\"elementor-icon-list-items\">\n\t\t\t\t\t\t\t<li class=\"elementor-icon-list-item\">\n\t\t\t\t\t\t\t\t\t\t\t<span class=\"elementor-icon-list-icon\">\n\t\t\t\t\t\t\t<svg aria-hidden=\"true\" class=\"e-font-icon-svg e-fas-circle\" viewBox=\"0 0 512 512\" xmlns=\"http:\/\/www.w3.org\/2000\/svg\"><path d=\"M256 8C119 8 8 119 8 256s111 248 248 248 248-111 248-248S393 8 256 8z\"><\/path><\/svg>\t\t\t\t\t\t<\/span>\n\t\t\t\t\t\t\t\t\t\t<span class=\"elementor-icon-list-text\">Perch\u00e9 se hai un\u2019idea, Noi la rendiamo realt\u00e0. Un arredatore dedicato ti aspetta per creare insieme la casa che racconta chi sei.<\/span>\n\t\t\t\t\t\t\t\t\t<\/li>\n\t\t\t\t\t\t\t\t<li class=\"elementor-icon-list-item\">\n\t\t\t\t\t\t\t\t\t\t\t<span class=\"elementor-icon-list-icon\">\n\t\t\t\t\t\t\t<svg aria-hidden=\"true\" class=\"e-font-icon-svg e-fas-circle\" viewBox=\"0 0 512 512\" xmlns=\"http:\/\/www.w3.org\/2000\/svg\"><path d=\"M256 8C119 8 8 119 8 256s111 248 248 248 248-111 248-248S393 8 256 8z\"><\/path><\/svg>\t\t\t\t\t\t<\/span>\n\t\t\t\t\t\t\t\t\t\t<span class=\"elementor-icon-list-text\">Perch\u00e9 ogni casa ha una storia, noi, ad esempio, abbiamo 130 anni di storia. Aiutaci a scrivere la tua: compila la scheda e vieni a conoscerci in showroom.<\/span>\n\t\t\t\t\t\t\t\t\t<\/li>\n\t\t\t\t\t\t\t\t<li class=\"elementor-icon-list-item\">\n\t\t\t\t\t\t\t\t\t\t\t<span class=\"elementor-icon-list-icon\">\n\t\t\t\t\t\t\t<svg aria-hidden=\"true\" class=\"e-font-icon-svg e-fas-circle\" viewBox=\"0 0 512 512\" xmlns=\"http:\/\/www.w3.org\/2000\/svg\"><path d=\"M256 8C119 8 8 119 8 256s111 248 248 248 248-111 248-248S393 8 256 8z\"><\/path><\/svg>\t\t\t\t\t\t<\/span>\n\t\t\t\t\t\t\t\t\t\t<span class=\"elementor-icon-list-text\">Perch\u00e8 non serve immaginare, serve incontrarsi. Prenota il tuo appuntamento e guarda la tua casa prendere forma.<\/span>\n\t\t\t\t\t\t\t\t\t<\/li>\n\t\t\t\t\t\t\t\t<li class=\"elementor-icon-list-item\">\n\t\t\t\t\t\t\t\t\t\t\t<span class=\"elementor-icon-list-icon\">\n\t\t\t\t\t\t\t<svg aria-hidden=\"true\" class=\"e-font-icon-svg e-fas-circle\" viewBox=\"0 0 512 512\" xmlns=\"http:\/\/www.w3.org\/2000\/svg\"><path d=\"M256 8C119 8 8 119 8 256s111 248 248 248 248-111 248-248S393 8 256 8z\"><\/path><\/svg>\t\t\t\t\t\t<\/span>\n\t\t\t\t\t\t\t\t\t\t<span class=\"elementor-icon-list-text\">Perch\u00e9 siamo storia, design, emozione e funzionalit\u00e0. Raccontaci la tua idea di casa: un arredatore la trasformer\u00e0 in realt\u00e0.<\/span>\n\t\t\t\t\t\t\t\t\t<\/li>\n\t\t\t\t\t\t\t\t<li class=\"elementor-icon-list-item\">\n\t\t\t\t\t\t\t\t\t\t\t<span class=\"elementor-icon-list-icon\">\n\t\t\t\t\t\t\t<svg aria-hidden=\"true\" class=\"e-font-icon-svg e-fas-circle\" viewBox=\"0 0 512 512\" xmlns=\"http:\/\/www.w3.org\/2000\/svg\"><path d=\"M256 8C119 8 8 119 8 256s111 248 248 248 248-111 248-248S393 8 256 8z\"><\/path><\/svg>\t\t\t\t\t\t<\/span>\n\t\t\t\t\t\t\t\t\t\t<span class=\"elementor-icon-list-text\">Perch\u00e9 non \u00e8 un semplice appuntamento, ma l\u2019inizio del tuo nuovo modo di vivere casa.<\/span>\n\t\t\t\t\t\t\t\t\t<\/li>\n\t\t\t\t\t\t<\/ul>\n\t\t\t\t\t\t<\/div>\n\t\t\t\t<\/div>\n\t\t\t\t<\/div>\n\t\t\t\t\t<\/div>\n\t\t\t\t<\/div>\n\t\t<div class=\"elementor-element elementor-element-203b5735 e-flex e-con-boxed e-con e-parent\" data-id=\"203b5735\" data-element_type=\"container\" data-settings=\"{&quot;background_background&quot;:&quot;classic&quot;}\">\n\t\t\t\t\t<div class=\"e-con-inner\">\n\t\t\t\t<div class=\"elementor-element elementor-element-13c3342a elementor-widget elementor-widget-text-editor\" data-id=\"13c3342a\" data-element_type=\"widget\" data-widget_type=\"text-editor.default\">\n\t\t\t\t<div class=\"elementor-widget-container\">\n\t\t\t\t\t\t\t\t\t<p>Per gli associati:<\/p>\t\t\t\t\t\t\t\t<\/div>\n\t\t\t\t<\/div>\n\t\t\t\t<div class=\"elementor-element elementor-element-1343087 elementor-widget elementor-widget-text-editor\" data-id=\"1343087\" data-element_type=\"widget\" data-widget_type=\"text-editor.default\">\n\t\t\t\t<div class=\"elementor-widget-container\">\n\t\t\t\t\t\t\t\t\tSconto riservato 30% e\/o promozioni speciali su cucine, camere, salotti, arredo bagno \u2026 chiavi in mano con consegna in tutta Italia.\t\t\t\t\t\t\t\t<\/div>\n\t\t\t\t<\/div>\n\t\t\t\t<div class=\"elementor-element elementor-element-82c4180 elementor-widget elementor-widget-text-editor\" data-id=\"82c4180\" data-element_type=\"widget\" data-widget_type=\"text-editor.default\">\n\t\t\t\t<div class=\"elementor-widget-container\">\n\t\t\t\t\t\t\t\t\t<p><strong>La procedura \u00e8 molto semplice:<\/strong><br \/>Accesso esclusivo su appuntamento chiamando o messaggio WAPP al numero <a href=\"https:\/\/wa.me\/393520271156\" target=\"_blank\" rel=\"noopener\" data-wplink-edit=\"true\">352.0271156<\/a> e successiva presentazione della tessera associativa in Showroom MELGRATI a Lissone (Mb), Via Carducci 102.<\/p>\t\t\t\t\t\t\t\t<\/div>\n\t\t\t\t<\/div>\n\t\t\t\t<div class=\"elementor-element elementor-element-f7ff761 elementor-widget elementor-widget-text-editor\" data-id=\"f7ff761\" data-element_type=\"widget\" data-widget_type=\"text-editor.default\">\n\t\t\t\t<div class=\"elementor-widget-container\">\n\t\t\t\t\t\t\t\t\t<p>Accoglienza in Azienda con consulenza dedicata \u2022 Progetti di Interior Design personalizzati su richiesta<\/p>\t\t\t\t\t\t\t\t<\/div>\n\t\t\t\t<\/div>\n\t\t\t\t\t<\/div>\n\t\t\t\t<\/div>\n\t\t<div class=\"elementor-element elementor-element-13138864 e-flex e-con-boxed e-con e-parent\" data-id=\"13138864\" data-element_type=\"container\" data-settings=\"{&quot;background_background&quot;:&quot;classic&quot;}\">\n\t\t\t\t\t<div class=\"e-con-inner\">\n\t\t<div class=\"elementor-element elementor-element-57eaec3a e-con-full e-flex e-con e-child\" data-id=\"57eaec3a\" data-element_type=\"container\">\n\t\t\t\t<div class=\"elementor-element elementor-element-460b816a elementor-widget elementor-widget-text-editor\" data-id=\"460b816a\" data-element_type=\"widget\" data-widget_type=\"text-editor.default\">\n\t\t\t\t<div class=\"elementor-widget-container\">\n\t\t\t\t\t\t\t\t\tContatti\t\t\t\t\t\t\t\t<\/div>\n\t\t\t\t<\/div>\n\t\t\t\t<\/div>\n\t\t<div class=\"elementor-element elementor-element-730d46e0 e-con-full e-grid e-con e-child\" data-id=\"730d46e0\" data-element_type=\"container\">\n\t\t\t\t<div class=\"elementor-element elementor-element-1bbd03e6 elementor-view-default elementor-position-top elementor-mobile-position-top elementor-widget elementor-widget-icon-box\" data-id=\"1bbd03e6\" data-element_type=\"widget\" data-widget_type=\"icon-box.default\">\n\t\t\t\t<div class=\"elementor-widget-container\">\n\t\t\t\t\t\t\t<div class=\"elementor-icon-box-wrapper\">\n\n\t\t\t\t\t\t<div class=\"elementor-icon-box-icon\">\n\t\t\t\t<a href=\"https:\/\/www.loverlock.it\/\" class=\"elementor-icon\" tabindex=\"-1\" aria-label=\"Indirizzo\">\n\t\t\t\t<svg aria-hidden=\"true\" class=\"e-font-icon-svg e-fas-map-marker-alt\" viewBox=\"0 0 384 512\" xmlns=\"http:\/\/www.w3.org\/2000\/svg\"><path d=\"M172.268 501.67C26.97 291.031 0 269.413 0 192 0 85.961 85.961 0 192 0s192 85.961 192 192c0 77.413-26.97 99.031-172.268 309.67-9.535 13.774-29.93 13.773-39.464 0zM192 272c44.183 0 80-35.817 80-80s-35.817-80-80-80-80 35.817-80 80 35.817 80 80 80z\"><\/path><\/svg>\t\t\t\t<\/a>\n\t\t\t<\/div>\n\t\t\t\n\t\t\t\t\t\t<div class=\"elementor-icon-box-content\">\n\n\t\t\t\t\t\t\t\t\t<h3 class=\"elementor-icon-box-title\">\n\t\t\t\t\t\t<a href=\"https:\/\/www.loverlock.it\/\" >\n\t\t\t\t\t\t\tIndirizzo\t\t\t\t\t\t<\/a>\n\t\t\t\t\t<\/h3>\n\t\t\t\t\n\t\t\t\t\t\t\t\t\t<p class=\"elementor-icon-box-description\">\n\t\t\t\t\t\tVia Carducci, 102 - 20851 Lissone (MB)\t\t\t\t\t<\/p>\n\t\t\t\t\n\t\t\t<\/div>\n\t\t\t\n\t\t<\/div>\n\t\t\t\t\t\t<\/div>\n\t\t\t\t<\/div>\n\t\t\t\t<div class=\"elementor-element elementor-element-65676f67 elementor-view-default elementor-position-top elementor-mobile-position-top elementor-widget elementor-widget-icon-box\" data-id=\"65676f67\" data-element_type=\"widget\" data-widget_type=\"icon-box.default\">\n\t\t\t\t<div class=\"elementor-widget-container\">\n\t\t\t\t\t\t\t<div class=\"elementor-icon-box-wrapper\">\n\n\t\t\t\t\t\t<div class=\"elementor-icon-box-icon\">\n\t\t\t\t<a href=\"https:\/\/wa.me\/393520271156\" target=\"_blank\" class=\"elementor-icon\" tabindex=\"-1\" aria-label=\"WhatsApp\">\n\t\t\t\t<svg aria-hidden=\"true\" class=\"e-font-icon-svg e-fab-whatsapp\" viewBox=\"0 0 448 512\" xmlns=\"http:\/\/www.w3.org\/2000\/svg\"><path d=\"M380.9 97.1C339 55.1 283.2 32 223.9 32c-122.4 0-222 99.6-222 222 0 39.1 10.2 77.3 29.6 111L0 480l117.7-30.9c32.4 17.7 68.9 27 106.1 27h.1c122.3 0 224.1-99.6 224.1-222 0-59.3-25.2-115-67.1-157zm-157 341.6c-33.2 0-65.7-8.9-94-25.7l-6.7-4-69.8 18.3L72 359.2l-4.4-7c-18.5-29.4-28.2-63.3-28.2-98.2 0-101.7 82.8-184.5 184.6-184.5 49.3 0 95.6 19.2 130.4 54.1 34.8 34.9 56.2 81.2 56.1 130.5 0 101.8-84.9 184.6-186.6 184.6zm101.2-138.2c-5.5-2.8-32.8-16.2-37.9-18-5.1-1.9-8.8-2.8-12.5 2.8-3.7 5.6-14.3 18-17.6 21.8-3.2 3.7-6.5 4.2-12 1.4-32.6-16.3-54-29.1-75.5-66-5.7-9.8 5.7-9.1 16.3-30.3 1.8-3.7.9-6.9-.5-9.7-1.4-2.8-12.5-30.1-17.1-41.2-4.5-10.8-9.1-9.3-12.5-9.5-3.2-.2-6.9-.2-10.6-.2-3.7 0-9.7 1.4-14.8 6.9-5.1 5.6-19.4 19-19.4 46.3 0 27.3 19.9 53.7 22.6 57.4 2.8 3.7 39.1 59.7 94.8 83.8 35.2 15.2 49 16.5 66.6 13.9 10.7-1.6 32.8-13.4 37.4-26.4 4.6-13 4.6-24.1 3.2-26.4-1.3-2.5-5-3.9-10.5-6.6z\"><\/path><\/svg>\t\t\t\t<\/a>\n\t\t\t<\/div>\n\t\t\t\n\t\t\t\t\t\t<div class=\"elementor-icon-box-content\">\n\n\t\t\t\t\t\t\t\t\t<h3 class=\"elementor-icon-box-title\">\n\t\t\t\t\t\t<a href=\"https:\/\/wa.me\/393520271156\" target=\"_blank\" >\n\t\t\t\t\t\t\tWhatsApp\t\t\t\t\t\t<\/a>\n\t\t\t\t\t<\/h3>\n\t\t\t\t\n\t\t\t\t\t\t\t\t\t<p class=\"elementor-icon-box-description\">\n\t\t\t\t\t\t352.0271156\t\t\t\t\t<\/p>\n\t\t\t\t\n\t\t\t<\/div>\n\t\t\t\n\t\t<\/div>\n\t\t\t\t\t\t<\/div>\n\t\t\t\t<\/div>\n\t\t\t\t<div class=\"elementor-element elementor-element-1aad6e27 elementor-view-default elementor-position-top elementor-mobile-position-top elementor-widget elementor-widget-icon-box\" data-id=\"1aad6e27\" data-element_type=\"widget\" data-widget_type=\"icon-box.default\">\n\t\t\t\t<div class=\"elementor-widget-container\">\n\t\t\t\t\t\t\t<div class=\"elementor-icon-box-wrapper\">\n\n\t\t\t\t\t\t<div class=\"elementor-icon-box-icon\">\n\t\t\t\t<a href=\"mailto:luigi.bauce@melgrati.it\" class=\"elementor-icon\" tabindex=\"-1\" aria-label=\"Mail\">\n\t\t\t\t<svg aria-hidden=\"true\" class=\"e-font-icon-svg e-fas-envelope\" viewBox=\"0 0 512 512\" xmlns=\"http:\/\/www.w3.org\/2000\/svg\"><path d=\"M502.3 190.8c3.9-3.1 9.7-.2 9.7 4.7V400c0 26.5-21.5 48-48 48H48c-26.5 0-48-21.5-48-48V195.6c0-5 5.7-7.8 9.7-4.7 22.4 17.4 52.1 39.5 154.1 113.6 21.1 15.4 56.7 47.8 92.2 47.6 35.7.3 72-32.8 92.3-47.6 102-74.1 131.6-96.3 154-113.7zM256 320c23.2.4 56.6-29.2 73.4-41.4 132.7-96.3 142.8-104.7 173.4-128.7 5.8-4.5 9.2-11.5 9.2-18.9v-19c0-26.5-21.5-48-48-48H48C21.5 64 0 85.5 0 112v19c0 7.4 3.4 14.3 9.2 18.9 30.6 23.9 40.7 32.4 173.4 128.7 16.8 12.2 50.2 41.8 73.4 41.4z\"><\/path><\/svg>\t\t\t\t<\/a>\n\t\t\t<\/div>\n\t\t\t\n\t\t\t\t\t\t<div class=\"elementor-icon-box-content\">\n\n\t\t\t\t\t\t\t\t\t<h3 class=\"elementor-icon-box-title\">\n\t\t\t\t\t\t<a href=\"mailto:luigi.bauce@melgrati.it\" >\n\t\t\t\t\t\t\tMail\t\t\t\t\t\t<\/a>\n\t\t\t\t\t<\/h3>\n\t\t\t\t\n\t\t\t\t\t\t\t\t\t<p class=\"elementor-icon-box-description\">\n\t\t\t\t\t\t luigi.bauce@melgrati.it\t\t\t\t\t<\/p>\n\t\t\t\t\n\t\t\t<\/div>\n\t\t\t\n\t\t<\/div>\n\t\t\t\t\t\t<\/div>\n\t\t\t\t<\/div>\n\t\t\t\t<\/div>\n\t\t<div class=\"elementor-element elementor-element-6a9d49b5 e-con-full e-flex e-con e-child\" data-id=\"6a9d49b5\" data-element_type=\"container\">\n\t\t\t\t<div class=\"elementor-element elementor-element-b69108c elementor-view-default elementor-position-top elementor-mobile-position-top elementor-widget elementor-widget-icon-box\" data-id=\"b69108c\" data-element_type=\"widget\" data-widget_type=\"icon-box.default\">\n\t\t\t\t<div class=\"elementor-widget-container\">\n\t\t\t\t\t\t\t<div class=\"elementor-icon-box-wrapper\">\n\n\t\t\t\t\t\t<div class=\"elementor-icon-box-icon\">\n\t\t\t\t<a href=\"https:\/\/wa.me\/393520271156\" target=\"_blank\" class=\"elementor-icon\" tabindex=\"-1\" aria-label=\"Orari di apertura dello Showroom\">\n\t\t\t\t<svg aria-hidden=\"true\" class=\"e-font-icon-svg e-fas-clock\" viewBox=\"0 0 512 512\" xmlns=\"http:\/\/www.w3.org\/2000\/svg\"><path d=\"M256,8C119,8,8,119,8,256S119,504,256,504,504,393,504,256,393,8,256,8Zm92.49,313h0l-20,25a16,16,0,0,1-22.49,2.5h0l-67-49.72a40,40,0,0,1-15-31.23V112a16,16,0,0,1,16-16h32a16,16,0,0,1,16,16V256l58,42.5A16,16,0,0,1,348.49,321Z\"><\/path><\/svg>\t\t\t\t<\/a>\n\t\t\t<\/div>\n\t\t\t\n\t\t\t\t\t\t<div class=\"elementor-icon-box-content\">\n\n\t\t\t\t\t\t\t\t\t<h3 class=\"elementor-icon-box-title\">\n\t\t\t\t\t\t<a href=\"https:\/\/wa.me\/393520271156\" target=\"_blank\" >\n\t\t\t\t\t\t\tOrari di apertura dello Showroom\t\t\t\t\t\t<\/a>\n\t\t\t\t\t<\/h3>\n\t\t\t\t\n\t\t\t\t\t\t\t\t\t<p class=\"elementor-icon-box-description\">\n\t\t\t\t\t\t<b>da Luned\u00ec a Venerd\u00ec:<\/b> 9.30-12.30 \/ 15.30-19.30<br>\n\n<b>Sabato<\/b> orario continuato 09:30 \/ 19:30<br>\n\n<b>Luned\u00ec mattina e Domenica pomeriggio su appuntamento<\/b>\t\t\t\t\t<\/p>\n\t\t\t\t\n\t\t\t<\/div>\n\t\t\t\n\t\t<\/div>\n\t\t\t\t\t\t<\/div>\n\t\t\t\t<\/div>\n\t\t\t\t<\/div>\n\t\t\t\t\t<\/div>\n\t\t\t\t<\/div>\n\t\t<div class=\"elementor-element elementor-element-766372fc e-flex e-con-boxed e-con e-parent\" data-id=\"766372fc\" data-element_type=\"container\">\n\t\t\t\t\t<div class=\"e-con-inner\">\n\t\t\t\t<div class=\"elementor-element elementor-element-523084c9 elementor-widget elementor-widget-text-editor\" data-id=\"523084c9\" data-element_type=\"widget\" data-widget_type=\"text-editor.default\">\n\t\t\t\t<div class=\"elementor-widget-container\">\n\t\t\t\t\t\t\t\t\t<p><div id=\"gmw-single-object-locations-wrapper-129\" class=\"gmw-element-wrapper gmw-single-location-wrapper gmw-sl-wrapper gmw-sl-single-post-wrapper post gmw-sl-multiple-locations\" object_type=\"post\" object_id=\"\"  style=\"width:100%\"><div class=\"gmw-sl-map-wrapper\"><div id=\"gmw-map-wrapper-129\" class=\"gmw-map-wrapper  sl single_location \" style=\"width:100%;height:350px;\"> <span id=\"gmw-resize-map-toggle-129\" class=\"gmw-resize-map-toggle gmw-icon-resize-full\" style=\"display:none;\" title=\"Resize map\"><\/span> <div id=\"gmw-map-loader-129\" class=\"gmw-map-loader\"><\/div> <div id=\"gmw-map-129\" class=\"gmw-map sl single_location\" style=\"width:100%; height:100%\" data-map_id=\"129\" data-prefix=\"sl\" data-map_type=\"single_location\" data-icons_usage=\"global\"><\/div> <\/div><\/div><\/div><\/p>\t\t\t\t\t\t\t\t<\/div>\n\t\t\t\t<\/div>\n\t\t\t\t\t<\/div>\n\t\t\t\t<\/div>\n\t\t<div class=\"elementor-element elementor-element-e2b217d elementor-hidden-desktop elementor-hidden-tablet elementor-hidden-mobile e-flex e-con-boxed e-con e-parent\" data-id=\"e2b217d\" data-element_type=\"container\">\n\t\t\t\t\t<div class=\"e-con-inner\">\n\t\t\t\t<div class=\"elementor-element elementor-element-7d528eb elementor-widget elementor-widget-text-editor\" data-id=\"7d528eb\" data-element_type=\"widget\" data-widget_type=\"text-editor.default\">\n\t\t\t\t<div class=\"elementor-widget-container\">\n\t\t\t\t\t\t\t\t\t<p>arredamenti, arredamento, finiture, design di interni, arredo casa, arredamento casa, arredamenti casa, design, cucine, salotti, camere da letto, camerette, cucina, salotto, camera da letto, cameretta, mobili, acquistare mobili,<\/p>\t\t\t\t\t\t\t\t<\/div>\n\t\t\t\t<\/div>\n\t\t\t\t\t<\/div>\n\t\t\t\t<\/div>\n\t\t\t\t<\/div>\n\t\t","protected":false},"excerpt":{"rendered":"<p>MELGRATI MOBILI SRL. Melgrati Mobili \u00e8 azienda storica fondata nel lontano 1896 e punto di riferimento per tutte quelle persone in cerca di qualit\u00e0 al giusto prezzo, design accessibile ed autentico Made in Italy nell\u2019arredamento.<br \/>\nCi pregiamo di offrire ai Vostri iscritti un trattamento esclusivo nel nostro Showroom e Sede principale di Lissone (Mb) in Via Carducci 102:<\/p>\n<p>SETTORE MERCEOLOGICO: ARREDAMENTO, FINITURE, DESIGN DI INTERNI<\/p>\n<p>DESCRIZIONE OFFERTA SOCI CRAL<\/p>\n<p>Sconto riservato 30% e\/o promozioni speciali su cucine, camere, salotti, arredo bagno \u2026 chiavi in mano con consegna in tutta Italia.<br \/>\nAccoglienza in Azienda con consulenza dedicata<br \/>\nProgetti di Interior Design personalizzati su richiesta<\/p>\n<p>Riassumiamo perch\u00e9 scegliere Melgrati Mobili:<\/p>\n<p>&#8211; Perch\u00e9 se hai un\u2019idea, Noi la rendiamo realt\u00e0. Un arredatore dedicato ti aspetta per creare insieme la casa che racconta chi sei.<\/p>\n<p>&#8211; Perch\u00e9 ogni casa ha una storia, noi, ad esempio, abbiamo 130 anni di storia. Aiutaci a scrivere la tua: compila la scheda e vieni a conoscerci in showroom.<\/p>\n<p>&#8211; Perch\u00e8 non serve immaginare, serve incontrarsi. Prenota il tuo appuntamento e guarda la tua casa prendere forma.<\/p>\n<p>&#8211; Perch\u00e9 siamo storia, design, emozione e funzionalit\u00e0. Raccontaci la tua idea di casa: un arredatore la trasformer\u00e0 in realt\u00e0.<\/p>\n<p>&#8211; Perch\u00e9 non \u00e8 un semplice appuntamento, ma l\u2019inizio del tuo nuovo modo di vivere casa.<\/p>\n<p>Orari di apertura dello Showroom di Lissone (Mb)<br \/>\nda Luned\u00ec a Venerd\u00ec: 9.30-12.30 \/ 15.30-19.30 Sabato orario continuato 09:30 \/ 19:30\u2028Luned\u00ec mattina e Domenica pomeriggio su appuntamento<\/p>\n<p>La procedura \u00e8 molto semplice:<br \/>\nAccesso esclusivo su appuntamento chiamando o messaggio WAPP al numero 352.0271156 e successiva presentazione della tessera associativa in Showroom MELGRATI a Lissone (Mb), Via Carducci 102.<\/p>\n<p>Contatto per accordi: Dr. Luigi Bauce<br \/>\nMob\/Wa 352.0271156<br \/>\nemail: luigi.bauce@melgrati.it<\/p>\n<p>arredamenti, arredamento, finiture, design di interni, arredo casa, arredamento casa, arredamenti casa, design, cucine, salotti, camere da letto, camerette, cucina, salotto, camera da letto, cameretta, mobili, acquistare mobili,<\/p>\n","protected":false},"featured_media":25264,"comment_status":"closed","ping_status":"closed","template":"elementor_header_footer","meta":{"_acf_changed":false,"_et_pb_use_builder":"","_et_pb_old_content":"","_et_gb_content_width":""},"product_brand":[],"product_cat":[68,21,263],"product_tag":[4716,289,5519,328,2760,1321,5218,5520,5522,3420,5216,2687,332,5518,5517,902,5217,5521],"class_list":{"0":"post-25263","1":"product","2":"type-product","3":"status-publish","4":"has-post-thumbnail","6":"product_cat-arredamenti","7":"product_cat-casa","8":"product_cat-shop-online","9":"product_tag-acquistare-immobili","10":"product_tag-arredamenti","11":"product_tag-arredamenti-casa","12":"product_tag-arredamento","13":"product_tag-arredamento-casa","14":"product_tag-arredo-casa","15":"product_tag-camera-da-letto","16":"product_tag-camere-da-letto","17":"product_tag-cameretta","18":"product_tag-camerette","19":"product_tag-cucina","20":"product_tag-cucine","21":"product_tag-design","22":"product_tag-design-di-interni","23":"product_tag-finiture","24":"product_tag-mobili","25":"product_tag-salotti","26":"product_tag-salotto","28":"first","29":"instock","30":"shipping-taxable","31":"product-type-simple"},"acf":[],"yoast_head":"<!-- This site is optimized with the Yoast SEO plugin v26.4 - https:\/\/yoast.com\/wordpress\/plugins\/seo\/ -->\n<title>Emporio Mobili Melgrati - Cral Policlinico di Milano<\/title>\n<meta name=\"robots\" content=\"index, follow, max-snippet:-1, max-image-preview:large, max-video-preview:-1\" \/>\n<link rel=\"canonical\" href=\"https:\/\/convenzioni.cralnetwork.it\/cralmangiagalli\/convenzione\/emporio-mobili-melgrati\/\" \/>\n<meta property=\"og:locale\" content=\"it_IT\" \/>\n<meta property=\"og:type\" content=\"article\" \/>\n<meta property=\"og:title\" content=\"Emporio Mobili Melgrati - Cral Policlinico di Milano\" \/>\n<meta property=\"og:description\" content=\"MELGRATI MOBILI SRL. Melgrati Mobili \u00e8 azienda storica fondata nel lontano 1896 e punto di riferimento per tutte quelle persone in cerca di qualit\u00e0 al giusto prezzo, design accessibile ed autentico Made in Italy nell\u2019arredamento. Ci pregiamo di offrire ai Vostri iscritti un trattamento esclusivo nel nostro Showroom e Sede principale di Lissone (Mb) in Via Carducci 102:  SETTORE MERCEOLOGICO: ARREDAMENTO, FINITURE, DESIGN DI INTERNI  DESCRIZIONE OFFERTA SOCI CRAL  Sconto riservato 30% e\/o promozioni speciali su cucine, camere, salotti, arredo bagno \u2026 chiavi in mano con consegna in tutta Italia. Accoglienza in Azienda con consulenza dedicata Progetti di Interior Design personalizzati su richiesta  Riassumiamo perch\u00e9 scegliere Melgrati Mobili:  - Perch\u00e9 se hai un\u2019idea, Noi la rendiamo realt\u00e0. Un arredatore dedicato ti aspetta per creare insieme la casa che racconta chi sei.  - Perch\u00e9 ogni casa ha una storia, noi, ad esempio, abbiamo 130 anni di storia. Aiutaci a scrivere la tua: compila la scheda e vieni a conoscerci in showroom.  - Perch\u00e8 non serve immaginare, serve incontrarsi. Prenota il tuo appuntamento e guarda la tua casa prendere forma.  - Perch\u00e9 siamo storia, design, emozione e funzionalit\u00e0. Raccontaci la tua idea di casa: un arredatore la trasformer\u00e0 in realt\u00e0.  - Perch\u00e9 non \u00e8 un semplice appuntamento, ma l\u2019inizio del tuo nuovo modo di vivere casa.  Orari di apertura dello Showroom di Lissone (Mb) da Luned\u00ec a Venerd\u00ec: 9.30-12.30 \/ 15.30-19.30 Sabato orario continuato 09:30 \/ 19:30\u2028Luned\u00ec mattina e Domenica pomeriggio su appuntamento  La procedura \u00e8 molto semplice: Accesso esclusivo su appuntamento chiamando o messaggio WAPP al numero 352.0271156 e successiva presentazione della tessera associativa in Showroom MELGRATI a Lissone (Mb), Via Carducci 102.  Contatto per accordi: Dr. Luigi Bauce Mob\/Wa 352.0271156 email: luigi.bauce@melgrati.it  arredamenti, arredamento, finiture, design di interni, arredo casa, arredamento casa, arredamenti casa, design, cucine, salotti, camere da letto, camerette, cucina, salotto, camera da letto, cameretta, mobili, acquistare mobili,\" \/>\n<meta property=\"og:url\" content=\"https:\/\/convenzioni.cralnetwork.it\/cralmangiagalli\/convenzione\/emporio-mobili-melgrati\/\" \/>\n<meta property=\"og:site_name\" content=\"Cral Policlinico di Milano\" \/>\n<meta property=\"article:modified_time\" content=\"2025-11-28T10:19:30+00:00\" \/>\n<meta property=\"og:image\" content=\"https:\/\/convenzioni.cralnetwork.it\/cralmangiagalli\/wp-content\/uploads\/sites\/30\/2025\/11\/Logo-Melgrati-Mobili.jpg\" \/>\n\t<meta property=\"og:image:width\" content=\"300\" \/>\n\t<meta property=\"og:image:height\" content=\"300\" \/>\n\t<meta property=\"og:image:type\" content=\"image\/jpeg\" \/>\n<meta name=\"twitter:card\" content=\"summary_large_image\" \/>\n<meta name=\"twitter:label1\" content=\"Tempo di lettura stimato\" \/>\n\t<meta name=\"twitter:data1\" content=\"5 minuti\" \/>\n<script type=\"application\/ld+json\" class=\"yoast-schema-graph\">{\"@context\":\"https:\/\/schema.org\",\"@graph\":[{\"@type\":\"WebPage\",\"@id\":\"https:\/\/convenzioni.cralnetwork.it\/cralmangiagalli\/convenzione\/emporio-mobili-melgrati\/\",\"url\":\"https:\/\/convenzioni.cralnetwork.it\/cralmangiagalli\/convenzione\/emporio-mobili-melgrati\/\",\"name\":\"Emporio Mobili Melgrati - Cral Policlinico di Milano\",\"isPartOf\":{\"@id\":\"https:\/\/convenzioni.cralnetwork.it\/cralmangiagalli\/#website\"},\"primaryImageOfPage\":{\"@id\":\"https:\/\/convenzioni.cralnetwork.it\/cralmangiagalli\/convenzione\/emporio-mobili-melgrati\/#primaryimage\"},\"image\":{\"@id\":\"https:\/\/convenzioni.cralnetwork.it\/cralmangiagalli\/convenzione\/emporio-mobili-melgrati\/#primaryimage\"},\"thumbnailUrl\":\"https:\/\/convenzioni.cralnetwork.it\/cralmangiagalli\/wp-content\/uploads\/sites\/30\/2025\/11\/Logo-Melgrati-Mobili.jpg\",\"datePublished\":\"2025-11-27T16:36:17+00:00\",\"dateModified\":\"2025-11-28T10:19:30+00:00\",\"breadcrumb\":{\"@id\":\"https:\/\/convenzioni.cralnetwork.it\/cralmangiagalli\/convenzione\/emporio-mobili-melgrati\/#breadcrumb\"},\"inLanguage\":\"it-IT\",\"potentialAction\":[{\"@type\":\"ReadAction\",\"target\":[\"https:\/\/convenzioni.cralnetwork.it\/cralmangiagalli\/convenzione\/emporio-mobili-melgrati\/\"]}]},{\"@type\":\"ImageObject\",\"inLanguage\":\"it-IT\",\"@id\":\"https:\/\/convenzioni.cralnetwork.it\/cralmangiagalli\/convenzione\/emporio-mobili-melgrati\/#primaryimage\",\"url\":\"https:\/\/convenzioni.cralnetwork.it\/cralmangiagalli\/wp-content\/uploads\/sites\/30\/2025\/11\/Logo-Melgrati-Mobili.jpg\",\"contentUrl\":\"https:\/\/convenzioni.cralnetwork.it\/cralmangiagalli\/wp-content\/uploads\/sites\/30\/2025\/11\/Logo-Melgrati-Mobili.jpg\",\"width\":300,\"height\":300},{\"@type\":\"BreadcrumbList\",\"@id\":\"https:\/\/convenzioni.cralnetwork.it\/cralmangiagalli\/convenzione\/emporio-mobili-melgrati\/#breadcrumb\",\"itemListElement\":[{\"@type\":\"ListItem\",\"position\":1,\"name\":\"Home\",\"item\":\"https:\/\/convenzioni.cralnetwork.it\/cralmangiagalli\/\"},{\"@type\":\"ListItem\",\"position\":2,\"name\":\"Shop\",\"item\":\"https:\/\/convenzioni.cralnetwork.it\/cralmangiagalli\/negozio\/\"},{\"@type\":\"ListItem\",\"position\":3,\"name\":\"Emporio Mobili Melgrati\"}]},{\"@type\":\"WebSite\",\"@id\":\"https:\/\/convenzioni.cralnetwork.it\/cralmangiagalli\/#website\",\"url\":\"https:\/\/convenzioni.cralnetwork.it\/cralmangiagalli\/\",\"name\":\"Cral Policlinico di Milano\",\"description\":\"Area Convenzioni\",\"potentialAction\":[{\"@type\":\"SearchAction\",\"target\":{\"@type\":\"EntryPoint\",\"urlTemplate\":\"https:\/\/convenzioni.cralnetwork.it\/cralmangiagalli\/?s={search_term_string}\"},\"query-input\":{\"@type\":\"PropertyValueSpecification\",\"valueRequired\":true,\"valueName\":\"search_term_string\"}}],\"inLanguage\":\"it-IT\"}]}<\/script>\n<!-- \/ Yoast SEO plugin. -->","yoast_head_json":{"title":"Emporio Mobili Melgrati - Cral Policlinico di Milano","robots":{"index":"index","follow":"follow","max-snippet":"max-snippet:-1","max-image-preview":"max-image-preview:large","max-video-preview":"max-video-preview:-1"},"canonical":"https:\/\/convenzioni.cralnetwork.it\/cralmangiagalli\/convenzione\/emporio-mobili-melgrati\/","og_locale":"it_IT","og_type":"article","og_title":"Emporio Mobili Melgrati - Cral Policlinico di Milano","og_description":"MELGRATI MOBILI SRL. Melgrati Mobili \u00e8 azienda storica fondata nel lontano 1896 e punto di riferimento per tutte quelle persone in cerca di qualit\u00e0 al giusto prezzo, design accessibile ed autentico Made in Italy nell\u2019arredamento. Ci pregiamo di offrire ai Vostri iscritti un trattamento esclusivo nel nostro Showroom e Sede principale di Lissone (Mb) in Via Carducci 102:  SETTORE MERCEOLOGICO: ARREDAMENTO, FINITURE, DESIGN DI INTERNI  DESCRIZIONE OFFERTA SOCI CRAL  Sconto riservato 30% e\/o promozioni speciali su cucine, camere, salotti, arredo bagno \u2026 chiavi in mano con consegna in tutta Italia. Accoglienza in Azienda con consulenza dedicata Progetti di Interior Design personalizzati su richiesta  Riassumiamo perch\u00e9 scegliere Melgrati Mobili:  - Perch\u00e9 se hai un\u2019idea, Noi la rendiamo realt\u00e0. Un arredatore dedicato ti aspetta per creare insieme la casa che racconta chi sei.  - Perch\u00e9 ogni casa ha una storia, noi, ad esempio, abbiamo 130 anni di storia. Aiutaci a scrivere la tua: compila la scheda e vieni a conoscerci in showroom.  - Perch\u00e8 non serve immaginare, serve incontrarsi. Prenota il tuo appuntamento e guarda la tua casa prendere forma.  - Perch\u00e9 siamo storia, design, emozione e funzionalit\u00e0. Raccontaci la tua idea di casa: un arredatore la trasformer\u00e0 in realt\u00e0.  - Perch\u00e9 non \u00e8 un semplice appuntamento, ma l\u2019inizio del tuo nuovo modo di vivere casa.  Orari di apertura dello Showroom di Lissone (Mb) da Luned\u00ec a Venerd\u00ec: 9.30-12.30 \/ 15.30-19.30 Sabato orario continuato 09:30 \/ 19:30\u2028Luned\u00ec mattina e Domenica pomeriggio su appuntamento  La procedura \u00e8 molto semplice: Accesso esclusivo su appuntamento chiamando o messaggio WAPP al numero 352.0271156 e successiva presentazione della tessera associativa in Showroom MELGRATI a Lissone (Mb), Via Carducci 102.  Contatto per accordi: Dr. Luigi Bauce Mob\/Wa 352.0271156 email: luigi.bauce@melgrati.it  arredamenti, arredamento, finiture, design di interni, arredo casa, arredamento casa, arredamenti casa, design, cucine, salotti, camere da letto, camerette, cucina, salotto, camera da letto, cameretta, mobili, acquistare mobili,","og_url":"https:\/\/convenzioni.cralnetwork.it\/cralmangiagalli\/convenzione\/emporio-mobili-melgrati\/","og_site_name":"Cral Policlinico di Milano","article_modified_time":"2025-11-28T10:19:30+00:00","og_image":[{"width":300,"height":300,"url":"https:\/\/convenzioni.cralnetwork.it\/cralmangiagalli\/wp-content\/uploads\/sites\/30\/2025\/11\/Logo-Melgrati-Mobili.jpg","type":"image\/jpeg"}],"twitter_card":"summary_large_image","twitter_misc":{"Tempo di lettura stimato":"5 minuti"},"schema":{"@context":"https:\/\/schema.org","@graph":[{"@type":"WebPage","@id":"https:\/\/convenzioni.cralnetwork.it\/cralmangiagalli\/convenzione\/emporio-mobili-melgrati\/","url":"https:\/\/convenzioni.cralnetwork.it\/cralmangiagalli\/convenzione\/emporio-mobili-melgrati\/","name":"Emporio Mobili Melgrati - Cral Policlinico di Milano","isPartOf":{"@id":"https:\/\/convenzioni.cralnetwork.it\/cralmangiagalli\/#website"},"primaryImageOfPage":{"@id":"https:\/\/convenzioni.cralnetwork.it\/cralmangiagalli\/convenzione\/emporio-mobili-melgrati\/#primaryimage"},"image":{"@id":"https:\/\/convenzioni.cralnetwork.it\/cralmangiagalli\/convenzione\/emporio-mobili-melgrati\/#primaryimage"},"thumbnailUrl":"https:\/\/convenzioni.cralnetwork.it\/cralmangiagalli\/wp-content\/uploads\/sites\/30\/2025\/11\/Logo-Melgrati-Mobili.jpg","datePublished":"2025-11-27T16:36:17+00:00","dateModified":"2025-11-28T10:19:30+00:00","breadcrumb":{"@id":"https:\/\/convenzioni.cralnetwork.it\/cralmangiagalli\/convenzione\/emporio-mobili-melgrati\/#breadcrumb"},"inLanguage":"it-IT","potentialAction":[{"@type":"ReadAction","target":["https:\/\/convenzioni.cralnetwork.it\/cralmangiagalli\/convenzione\/emporio-mobili-melgrati\/"]}]},{"@type":"ImageObject","inLanguage":"it-IT","@id":"https:\/\/convenzioni.cralnetwork.it\/cralmangiagalli\/convenzione\/emporio-mobili-melgrati\/#primaryimage","url":"https:\/\/convenzioni.cralnetwork.it\/cralmangiagalli\/wp-content\/uploads\/sites\/30\/2025\/11\/Logo-Melgrati-Mobili.jpg","contentUrl":"https:\/\/convenzioni.cralnetwork.it\/cralmangiagalli\/wp-content\/uploads\/sites\/30\/2025\/11\/Logo-Melgrati-Mobili.jpg","width":300,"height":300},{"@type":"BreadcrumbList","@id":"https:\/\/convenzioni.cralnetwork.it\/cralmangiagalli\/convenzione\/emporio-mobili-melgrati\/#breadcrumb","itemListElement":[{"@type":"ListItem","position":1,"name":"Home","item":"https:\/\/convenzioni.cralnetwork.it\/cralmangiagalli\/"},{"@type":"ListItem","position":2,"name":"Shop","item":"https:\/\/convenzioni.cralnetwork.it\/cralmangiagalli\/negozio\/"},{"@type":"ListItem","position":3,"name":"Emporio Mobili Melgrati"}]},{"@type":"WebSite","@id":"https:\/\/convenzioni.cralnetwork.it\/cralmangiagalli\/#website","url":"https:\/\/convenzioni.cralnetwork.it\/cralmangiagalli\/","name":"Cral Policlinico di Milano","description":"Area Convenzioni","potentialAction":[{"@type":"SearchAction","target":{"@type":"EntryPoint","urlTemplate":"https:\/\/convenzioni.cralnetwork.it\/cralmangiagalli\/?s={search_term_string}"},"query-input":{"@type":"PropertyValueSpecification","valueRequired":true,"valueName":"search_term_string"}}],"inLanguage":"it-IT"}]}},"publishpress_future_workflow_manual_trigger":{"enabledWorkflows":[]},"_links":{"self":[{"href":"https:\/\/convenzioni.cralnetwork.it\/cralmangiagalli\/wp-json\/wp\/v2\/product\/25263","targetHints":{"allow":["GET"]}}],"collection":[{"href":"https:\/\/convenzioni.cralnetwork.it\/cralmangiagalli\/wp-json\/wp\/v2\/product"}],"about":[{"href":"https:\/\/convenzioni.cralnetwork.it\/cralmangiagalli\/wp-json\/wp\/v2\/types\/product"}],"replies":[{"embeddable":true,"href":"https:\/\/convenzioni.cralnetwork.it\/cralmangiagalli\/wp-json\/wp\/v2\/comments?post=25263"}],"version-history":[{"count":20,"href":"https:\/\/convenzioni.cralnetwork.it\/cralmangiagalli\/wp-json\/wp\/v2\/product\/25263\/revisions"}],"predecessor-version":[{"id":25296,"href":"https:\/\/convenzioni.cralnetwork.it\/cralmangiagalli\/wp-json\/wp\/v2\/product\/25263\/revisions\/25296"}],"wp:featuredmedia":[{"embeddable":true,"href":"https:\/\/convenzioni.cralnetwork.it\/cralmangiagalli\/wp-json\/wp\/v2\/media\/25264"}],"wp:attachment":[{"href":"https:\/\/convenzioni.cralnetwork.it\/cralmangiagalli\/wp-json\/wp\/v2\/media?parent=25263"}],"wp:term":[{"taxonomy":"product_brand","embeddable":true,"href":"https:\/\/convenzioni.cralnetwork.it\/cralmangiagalli\/wp-json\/wp\/v2\/product_brand?post=25263"},{"taxonomy":"product_cat","embeddable":true,"href":"https:\/\/convenzioni.cralnetwork.it\/cralmangiagalli\/wp-json\/wp\/v2\/product_cat?post=25263"},{"taxonomy":"product_tag","embeddable":true,"href":"https:\/\/convenzioni.cralnetwork.it\/cralmangiagalli\/wp-json\/wp\/v2\/product_tag?post=25263"}],"curies":[{"name":"wp","href":"https:\/\/api.w.org\/{rel}","templated":true}]}}