{"id":11128,"date":"2024-07-26T14:14:13","date_gmt":"2024-07-26T12:14:13","guid":{"rendered":"https:\/\/convenzioni.cralnetwork.it\/cralmangiagalli\/?post_type=product&#038;p=11128"},"modified":"2024-07-29T15:22:02","modified_gmt":"2024-07-29T13:22:02","slug":"dott-davide-borghetti-fisioterapista","status":"publish","type":"product","link":"https:\/\/convenzioni.cralnetwork.it\/cralmangiagalli\/convenzione\/dott-davide-borghetti-fisioterapista\/","title":{"rendered":"Dott. Davide Borghetti &#8211; Fisioterapista"},"content":{"rendered":"\t\t<div data-elementor-type=\"wp-post\" data-elementor-id=\"11128\" class=\"elementor elementor-11128\">\n\t\t\t\t<div class=\"elementor-element elementor-element-35a7b20 e-flex e-con-boxed e-con e-parent\" data-id=\"35a7b20\" data-element_type=\"container\" data-settings=\"{&quot;background_background&quot;:&quot;classic&quot;}\">\n\t\t\t\t\t<div class=\"e-con-inner\">\n\t\t\t\t<div class=\"elementor-element elementor-element-251550c0 elementor-widget elementor-widget-image\" data-id=\"251550c0\" data-element_type=\"widget\" data-widget_type=\"image.default\">\n\t\t\t\t<div class=\"elementor-widget-container\">\n\t\t\t\t\t\t\t\t\t\t\t\t\t\t\t<img fetchpriority=\"high\" fetchpriority=\"high\" decoding=\"async\" width=\"1024\" height=\"945\" src=\"https:\/\/convenzioni.cralnetwork.it\/cralmangiagalli\/wp-content\/uploads\/sites\/30\/2024\/07\/LOGO_borghetti-1-1024x945.png\" class=\"attachment-large size-large wp-image-11136\" alt=\"\" srcset=\"https:\/\/convenzioni.cralnetwork.it\/cralmangiagalli\/wp-content\/uploads\/sites\/30\/2024\/07\/LOGO_borghetti-1-1024x945.png 1024w, https:\/\/convenzioni.cralnetwork.it\/cralmangiagalli\/wp-content\/uploads\/sites\/30\/2024\/07\/LOGO_borghetti-1-980x905.png 980w, https:\/\/convenzioni.cralnetwork.it\/cralmangiagalli\/wp-content\/uploads\/sites\/30\/2024\/07\/LOGO_borghetti-1-480x443.png 480w\" sizes=\"(min-width: 0px) and (max-width: 480px) 480px, (min-width: 481px) and (max-width: 980px) 980px, (min-width: 981px) 1024px, 100vw\" \/>\t\t\t\t\t\t\t\t\t\t\t\t\t\t\t<\/div>\n\t\t\t\t<\/div>\n\t\t\t\t\t<\/div>\n\t\t\t\t<\/div>\n\t\t<div class=\"elementor-element elementor-element-6443ec53 e-flex e-con-boxed e-con e-parent\" data-id=\"6443ec53\" data-element_type=\"container\" data-settings=\"{&quot;background_background&quot;:&quot;classic&quot;}\">\n\t\t\t\t\t<div class=\"e-con-inner\">\n\t\t<div class=\"elementor-element elementor-element-2cac2f09 e-con-full e-flex e-con e-child\" data-id=\"2cac2f09\" data-element_type=\"container\">\n\t\t\t\t<div class=\"elementor-element elementor-element-34f8a219 elementor-widget elementor-widget-text-editor\" data-id=\"34f8a219\" data-element_type=\"widget\" data-widget_type=\"text-editor.default\">\n\t\t\t\t<div class=\"elementor-widget-container\">\n\t\t\t\t\t\t\t\t\t<p>CHI SONO<\/p>\t\t\t\t\t\t\t\t<\/div>\n\t\t\t\t<\/div>\n\t\t\t\t<\/div>\n\t\t<div class=\"elementor-element elementor-element-11c8176a e-flex e-con-boxed e-con e-child\" data-id=\"11c8176a\" data-element_type=\"container\">\n\t\t\t\t\t<div class=\"e-con-inner\">\n\t\t\t\t<div class=\"elementor-element elementor-element-41b7fd9d elementor-widget elementor-widget-text-editor\" data-id=\"41b7fd9d\" data-element_type=\"widget\" data-widget_type=\"text-editor.default\">\n\t\t\t\t<div class=\"elementor-widget-container\">\n\t\t\t\t\t\t\t\t\t<p>Mi sono laureato in Fisioterapia all&#8217;Universit\u00e0 degli Studi di Milano nel 2016 e da allora la mia formazione non si \u00e8 mai fermata. Ho conseguito un Master in Terapia Manuale e Fisioterapia Muscoloscheletrica, ottenendo la lode. Attualmente, sono in procinto di ricevere la certificazione come Fisioterapista Ortokinetico.<br \/>Il mio lavoro \u00e8 guidato dall&#8217;impegno costante nel fornire trattamenti basati sulle migliori evidenze scientifiche, su misura per le esigenze specifiche di ogni paziente.<\/p>\t\t\t\t\t\t\t\t<\/div>\n\t\t\t\t<\/div>\n\t\t\t\t\t<\/div>\n\t\t\t\t<\/div>\n\t\t\t\t\t<\/div>\n\t\t\t\t<\/div>\n\t\t<div class=\"elementor-element elementor-element-7a4a296a e-flex e-con-boxed e-con e-parent\" data-id=\"7a4a296a\" data-element_type=\"container\" data-settings=\"{&quot;background_background&quot;:&quot;classic&quot;}\">\n\t\t\t\t\t<div class=\"e-con-inner\">\n\t\t<div class=\"elementor-element elementor-element-6e724448 e-con-full e-flex e-con e-child\" data-id=\"6e724448\" data-element_type=\"container\" data-settings=\"{&quot;background_background&quot;:&quot;classic&quot;}\">\n\t\t\t\t<\/div>\n\t\t<div class=\"elementor-element elementor-element-3c2c5c3 e-flex e-con-boxed e-con e-child\" data-id=\"3c2c5c3\" data-element_type=\"container\">\n\t\t\t\t\t<div class=\"e-con-inner\">\n\t\t\t\t<div class=\"elementor-element elementor-element-6b776332 elementor-widget elementor-widget-text-editor\" data-id=\"6b776332\" data-element_type=\"widget\" data-widget_type=\"text-editor.default\">\n\t\t\t\t<div class=\"elementor-widget-container\">\n\t\t\t\t\t\t\t\t\t<p>MISSION<\/p>\t\t\t\t\t\t\t\t<\/div>\n\t\t\t\t<\/div>\n\t\t\t\t<div class=\"elementor-element elementor-element-75f6623c elementor-widget elementor-widget-text-editor\" data-id=\"75f6623c\" data-element_type=\"widget\" data-widget_type=\"text-editor.default\">\n\t\t\t\t<div class=\"elementor-widget-container\">\n\t\t\t\t\t\t\t\t\t<p>La mia mission come fisioterapista non si limita al trattamento dei sintomi.<br \/>Adotto un approccio biopsicosociale che considera le dimensioni fisiche, psicologiche e sociali della salute. Attraverso l&#8217;ascolto attivo, approfondisco le esigenze di ogni paziente e gestisco il dolore persistente attraverso metodi basati su evidenze scientifiche.<\/p><p>Nel mio lavoro includo tecniche di fisioterapia psicologicamente informata, che mi permette di accompagnare la persona non solo verso il sollievo dal dolore, ma consente ai pazienti di sviluppare la capacit\u00e0 di gestire la loro salute nel lungo termine.<\/p>\t\t\t\t\t\t\t\t<\/div>\n\t\t\t\t<\/div>\n\t\t<div class=\"elementor-element elementor-element-7a83dbe0 e-con-full e-flex e-con e-child\" data-id=\"7a83dbe0\" data-element_type=\"container\">\n\t\t<div class=\"elementor-element elementor-element-1382041d e-flex e-con-boxed e-con e-child\" data-id=\"1382041d\" data-element_type=\"container\">\n\t\t\t\t\t<div class=\"e-con-inner\">\n\t\t\t\t<div class=\"elementor-element elementor-element-6dd4c7db elementor-widget elementor-widget-text-editor\" data-id=\"6dd4c7db\" data-element_type=\"widget\" data-widget_type=\"text-editor.default\">\n\t\t\t\t<div class=\"elementor-widget-container\">\n\t\t\t\t\t\t\t\t\t<p>Servizi offerti<\/p>\t\t\t\t\t\t\t\t<\/div>\n\t\t\t\t<\/div>\n\t\t\t\t<div class=\"elementor-element elementor-element-72b3fc70 elementor-widget elementor-widget-text-editor\" data-id=\"72b3fc70\" data-element_type=\"widget\" data-widget_type=\"text-editor.default\">\n\t\t\t\t<div class=\"elementor-widget-container\">\n\t\t\t\t\t\t\t\t\t<p>\u2022 Trattamenti personalizzati per lombalgia, cervicalgia, dolori muscolari, sciatica, scoliosi, epicondilite (gomito del tennista), sindrome di De Quervain ed altre<br \/>\u2022 Riabilitazione Post-Chirurgica di anca, spalla, ginocchio, gomito, caviglia ecc&#8230;<br \/>\u2022 Riabilitazione sportiva<\/p>\t\t\t\t\t\t\t\t<\/div>\n\t\t\t\t<\/div>\n\t\t\t\t\t<\/div>\n\t\t\t\t<\/div>\n\t\t\t\t<\/div>\n\t\t\t\t\t<\/div>\n\t\t\t\t<\/div>\n\t\t\t\t\t<\/div>\n\t\t\t\t<\/div>\n\t\t<div class=\"elementor-element elementor-element-733653e5 e-flex e-con-boxed e-con e-parent\" data-id=\"733653e5\" data-element_type=\"container\" data-settings=\"{&quot;background_background&quot;:&quot;classic&quot;}\">\n\t\t\t\t\t<div class=\"e-con-inner\">\n\t\t\t\t<div class=\"elementor-element elementor-element-11ca9f06 elementor-widget elementor-widget-text-editor\" data-id=\"11ca9f06\" data-element_type=\"widget\" data-widget_type=\"text-editor.default\">\n\t\t\t\t<div class=\"elementor-widget-container\">\n\t\t\t\t\t\t\t\t\t<p>Agevolazioni riservate agli associati<\/p>\t\t\t\t\t\t\t\t<\/div>\n\t\t\t\t<\/div>\n\t\t\t\t\t<\/div>\n\t\t\t\t<\/div>\n\t\t<div class=\"elementor-element elementor-element-4f18e080 e-flex e-con-boxed e-con e-parent\" data-id=\"4f18e080\" data-element_type=\"container\">\n\t\t\t\t\t<div class=\"e-con-inner\">\n\t\t<div class=\"elementor-element elementor-element-3e4ba956 e-flex e-con-boxed e-con e-child\" data-id=\"3e4ba956\" data-element_type=\"container\">\n\t\t\t\t\t<div class=\"e-con-inner\">\n\t\t<div class=\"elementor-element elementor-element-34a1903b e-flex e-con-boxed e-con e-child\" data-id=\"34a1903b\" data-element_type=\"container\">\n\t\t\t\t\t<div class=\"e-con-inner\">\n\t\t\t\t<div class=\"elementor-element elementor-element-494023f6 elementor-widget elementor-widget-text-editor\" data-id=\"494023f6\" data-element_type=\"widget\" data-widget_type=\"text-editor.default\">\n\t\t\t\t<div class=\"elementor-widget-container\">\n\t\t\t\t\t\t\t\t\t<p>Studio Privato<\/p>\t\t\t\t\t\t\t\t<\/div>\n\t\t\t\t<\/div>\n\t\t\t\t<div class=\"elementor-element elementor-element-5d3e42ec elementor-widget elementor-widget-text-editor\" data-id=\"5d3e42ec\" data-element_type=\"widget\" data-widget_type=\"text-editor.default\">\n\t\t\t\t<div class=\"elementor-widget-container\">\n\t\t\t\t\t\t\t\t\t<p>Via Papa Giovanni XXIII, 6 &#8211; 20006 Pregnana Milanese (MI)<br \/><span style=\"color: #3f90a7;\"><strong>ORARI:<\/strong><\/span><br \/>Marted\u00ec: 15.30 &#8211; 19.30<br \/>Venerd\u00ec: 9.30 &#8211; 12.30 &#8211; 15.00 &#8211; 19.30<\/p>\t\t\t\t\t\t\t\t<\/div>\n\t\t\t\t<\/div>\n\t\t\t\t\t<\/div>\n\t\t\t\t<\/div>\n\t\t<div class=\"elementor-element elementor-element-1d0e85d6 e-flex e-con-boxed e-con e-child\" data-id=\"1d0e85d6\" data-element_type=\"container\">\n\t\t\t\t\t<div class=\"e-con-inner\">\n\t\t\t\t<div class=\"elementor-element elementor-element-7c118fc elementor-widget elementor-widget-text-editor\" data-id=\"7c118fc\" data-element_type=\"widget\" data-widget_type=\"text-editor.default\">\n\t\t\t\t<div class=\"elementor-widget-container\">\n\t\t\t\t\t\t\t\t\t<p>Studio Fisioterapico MAR:<\/p>\t\t\t\t\t\t\t\t<\/div>\n\t\t\t\t<\/div>\n\t\t\t\t<div class=\"elementor-element elementor-element-75560343 elementor-widget elementor-widget-text-editor\" data-id=\"75560343\" data-element_type=\"widget\" data-widget_type=\"text-editor.default\">\n\t\t\t\t<div class=\"elementor-widget-container\">\n\t\t\t\t\t\t\t\t\t<p>Via Cadore, 4 &#8211; 20015 Parabiago (MI)<br \/><span style=\"color: #3f90a7;\"><strong>ORARI:<\/strong><\/span><br \/>Luned\u00ec &#8211; Mercoled\u00ec &#8211; Gioved\u00ec: 9.00 &#8211; 20.00<br \/>Marted\u00ec: 9.00 &#8211; 14.00<\/p>\t\t\t\t\t\t\t\t<\/div>\n\t\t\t\t<\/div>\n\t\t\t\t\t<\/div>\n\t\t\t\t<\/div>\n\t\t<div class=\"elementor-element elementor-element-358b437d e-flex e-con-boxed e-con e-child\" data-id=\"358b437d\" data-element_type=\"container\">\n\t\t\t\t\t<div class=\"e-con-inner\">\n\t\t\t\t<div class=\"elementor-element elementor-element-13067e22 elementor-widget elementor-widget-text-editor\" data-id=\"13067e22\" data-element_type=\"widget\" data-widget_type=\"text-editor.default\">\n\t\t\t\t<div class=\"elementor-widget-container\">\n\t\t\t\t\t\t\t\t\t<p>PRENOTA ORA IL TUO APPUNTAMENTO<\/p>\t\t\t\t\t\t\t\t<\/div>\n\t\t\t\t<\/div>\n\t\t\t\t<div class=\"elementor-element elementor-element-306a2494 elementor-widget elementor-widget-text-editor\" data-id=\"306a2494\" data-element_type=\"widget\" data-widget_type=\"text-editor.default\">\n\t\t\t\t<div class=\"elementor-widget-container\">\n\t\t\t\t\t\t\t\t\t<p>Telefono: 339 632 4218<br \/>Mail: <a href=\"mailto:davideborghettifisioterapista@gmail.com\">davideborghettifisioterapista@gmail.com<\/a><\/p>\t\t\t\t\t\t\t\t<\/div>\n\t\t\t\t<\/div>\n\t\t\t\t\t<\/div>\n\t\t\t\t<\/div>\n\t\t\t\t\t<\/div>\n\t\t\t\t<\/div>\n\t\t\t\t<div class=\"elementor-element elementor-element-32c84b32 elementor-widget elementor-widget-text-editor\" data-id=\"32c84b32\" data-element_type=\"widget\" data-widget_type=\"text-editor.default\">\n\t\t\t\t<div class=\"elementor-widget-container\">\n\t\t\t\t\t\t\t\t\t<p><div id=\"gmw-single-object-locations-wrapper-327\" class=\"gmw-element-wrapper gmw-single-location-wrapper gmw-sl-wrapper gmw-sl-single-post-wrapper post gmw-sl-multiple-locations\" object_type=\"post\" object_id=\"\"  style=\"width:100%\"><div class=\"gmw-sl-map-wrapper\"><div id=\"gmw-map-wrapper-327\" class=\"gmw-map-wrapper  sl single_location \" style=\"width:100%;height:350px;\"> <span id=\"gmw-resize-map-toggle-327\" class=\"gmw-resize-map-toggle gmw-icon-resize-full\" style=\"display:none;\" title=\"Resize map\"><\/span> <div id=\"gmw-map-loader-327\" class=\"gmw-map-loader\"><\/div> <div id=\"gmw-map-327\" class=\"gmw-map sl single_location\" style=\"width:100%; height:100%\" data-map_id=\"327\" data-prefix=\"sl\" data-map_type=\"single_location\" data-icons_usage=\"global\"><\/div> <\/div><\/div><\/div><\/p>\t\t\t\t\t\t\t\t<\/div>\n\t\t\t\t<\/div>\n\t\t\t\t\t<\/div>\n\t\t\t\t<\/div>\n\t\t\t\t<\/div>\n\t\t","protected":false},"excerpt":{"rendered":"<div style=\"display: none;\">Mi sono laureato in Fisioterapia all&#8217;Universit\u00e0 degli Studi di Milano nel 2016 e da allora la mia formazione non si \u00e8 mai fermata. Ho conseguito un Master in Terapia Manuale e Fisioterapia Muscoloscheletrica, ottenendo la lode.<br \/>\nAttualmente, sono in procinto di ricevere la certificazione come Fisioterapista Ortokinetico.Il mio lavoro \u00e8 guidato dall&#8217;impegno costante nel fornire trattamenti basati sulle migliori evidenze scientifiche, su misura per le esigenze specifiche di ogni paziente.La mia mission come fisioterapista non si limita al trattamento dei sintomi.<br \/>\nAdotto un approccio biopsicosociale che considera le dimensioni fisiche, psicologiche e sociali della salute. Attraverso l&#8217;ascolto attivo, approfondisco le esigenze di ogni paziente e gestisco il dolore persistente attraverso metodi basati su evidenze scientifiche.<\/p>\n<p>Nel mio lavoro includo tecniche di fisioterapia psicologicamente informata, che mi permette di accompagnare la persona non solo verso il sollievo dal dolore, ma consente ai pazienti di sviluppare la capacit\u00e0 di gestire la loro salute nel lungo termine.<\/p>\n<p>Servizi offerti<br \/>\nTrattamenti personalizzati per lombalgia, cervicalgia, dolori muscolari, sciatica, scoliosi, epicondilite (gomito del tennista), sindrome di De Quervain ed altre Riabilitazione Post-Chirurgica di anca, spalla, ginocchio, gomito, caviglia ecc&#8230;<br \/>\nRiabilitazione sportiva<\/p>\n<p>fisioterapista, fisioterapisti, fisioterapia, trattamento fisioterapico, riabilitazione, riabilitazione post-chirurgica, riabilitazione sportiva<\/p>\n<p>fisioterapista a Pregnana Milanese, fisioterapisti a Pregnana Milanese, fisioterapia a Pregnana Milanese, trattamento fisioterapico a Pregnana Milanese, riabilitazione a Pregnana Milanese, riabilitazione post-chirurgica a Pregnana Milanese, riabilitazione sportiva a Pregnana Milanese, fisioterapista Pregnana Milanese, fisioterapisti Pregnana Milanese, fisioterapia Pregnana Milanese, trattamento fisioterapico Pregnana Milanese, riabilitazione Pregnana Milanese, riabilitazione post-chirurgica Pregnana Milanese, riabilitazione sportiva Pregnana Milanese, fisioterapista a Parabiago, fisioterapisti a Parabiago, fisioterapia a Parabiago, trattamento fisioterapico a Parabiago, riabilitazione a Parabiago, riabilitazione post-chirurgica a Parabiago, riabilitazione sportiva a Parabiago, fisioterapista Parabiago, fisioterapisti Parabiago, fisioterapia Parabiago, trattamento fisioterapico Parabiago, riabilitazione Parabiago, riabilitazione post-chirurgica Parabiago, riabilitazione sportiva Parabiago<\/p>\n<\/div>\n","protected":false},"featured_media":11134,"comment_status":"closed","ping_status":"closed","template":"elementor_header_footer","meta":{"_acf_changed":false,"_et_pb_use_builder":"","_et_pb_old_content":"","_et_gb_content_width":""},"product_brand":[],"product_cat":[143,26],"product_tag":[2106,2109,2110,1199,2641,2436,2448],"class_list":{"0":"post-11128","1":"product","2":"type-product","3":"status-publish","4":"has-post-thumbnail","6":"product_cat-fisioterapisti","7":"product_cat-salute","8":"product_tag-fisioterapia","9":"product_tag-fisioterapista","10":"product_tag-fisioterapisti","11":"product_tag-riabilitazione","12":"product_tag-riabilitazione-post-chirurgica","13":"product_tag-riabilitazione-sportiva","14":"product_tag-trattamento-fisioterapico","16":"first","17":"instock","18":"shipping-taxable","19":"product-type-simple"},"acf":[],"yoast_head":"<!-- This site is optimized with the Yoast SEO plugin v26.4 - https:\/\/yoast.com\/wordpress\/plugins\/seo\/ -->\n<title>Dott. Davide Borghetti - Fisioterapista - Cral Policlinico di Milano<\/title>\n<meta name=\"robots\" content=\"index, follow, max-snippet:-1, max-image-preview:large, max-video-preview:-1\" \/>\n<link rel=\"canonical\" href=\"https:\/\/convenzioni.cralnetwork.it\/cralmangiagalli\/convenzione\/dott-davide-borghetti-fisioterapista\/\" \/>\n<meta property=\"og:locale\" content=\"it_IT\" \/>\n<meta property=\"og:type\" content=\"article\" \/>\n<meta property=\"og:title\" content=\"Dott. Davide Borghetti - Fisioterapista - Cral Policlinico di Milano\" \/>\n<meta property=\"og:description\" content=\"Mi sono laureato in Fisioterapia all&#039;Universit\u00e0 degli Studi di Milano nel 2016 e da allora la mia formazione non si \u00e8 mai fermata. Ho conseguito un Master in Terapia Manuale e Fisioterapia Muscoloscheletrica, ottenendo la lode. Attualmente, sono in procinto di ricevere la certificazione come Fisioterapista Ortokinetico.Il mio lavoro \u00e8 guidato dall&#039;impegno costante nel fornire trattamenti basati sulle migliori evidenze scientifiche, su misura per le esigenze specifiche di ogni paziente.La mia mission come fisioterapista non si limita al trattamento dei sintomi. Adotto un approccio biopsicosociale che considera le dimensioni fisiche, psicologiche e sociali della salute. Attraverso l&#039;ascolto attivo, approfondisco le esigenze di ogni paziente e gestisco il dolore persistente attraverso metodi basati su evidenze scientifiche.  Nel mio lavoro includo tecniche di fisioterapia psicologicamente informata, che mi permette di accompagnare la persona non solo verso il sollievo dal dolore, ma consente ai pazienti di sviluppare la capacit\u00e0 di gestire la loro salute nel lungo termine.  Servizi offerti Trattamenti personalizzati per lombalgia, cervicalgia, dolori muscolari, sciatica, scoliosi, epicondilite (gomito del tennista), sindrome di De Quervain ed altre Riabilitazione Post-Chirurgica di anca, spalla, ginocchio, gomito, caviglia ecc... Riabilitazione sportiva  fisioterapista, fisioterapisti, fisioterapia, trattamento fisioterapico, riabilitazione, riabilitazione post-chirurgica, riabilitazione sportiva  fisioterapista a Pregnana Milanese, fisioterapisti a Pregnana Milanese, fisioterapia a Pregnana Milanese, trattamento fisioterapico a Pregnana Milanese, riabilitazione a Pregnana Milanese, riabilitazione post-chirurgica a Pregnana Milanese, riabilitazione sportiva a Pregnana Milanese, fisioterapista Pregnana Milanese, fisioterapisti Pregnana Milanese, fisioterapia Pregnana Milanese, trattamento fisioterapico Pregnana Milanese, riabilitazione Pregnana Milanese, riabilitazione post-chirurgica Pregnana Milanese, riabilitazione sportiva Pregnana Milanese, fisioterapista a Parabiago, fisioterapisti a Parabiago, fisioterapia a Parabiago, trattamento fisioterapico a Parabiago, riabilitazione a Parabiago, riabilitazione post-chirurgica a Parabiago, riabilitazione sportiva a Parabiago, fisioterapista Parabiago, fisioterapisti Parabiago, fisioterapia Parabiago, trattamento fisioterapico Parabiago, riabilitazione Parabiago, riabilitazione post-chirurgica Parabiago, riabilitazione sportiva Parabiago\" \/>\n<meta property=\"og:url\" content=\"https:\/\/convenzioni.cralnetwork.it\/cralmangiagalli\/convenzione\/dott-davide-borghetti-fisioterapista\/\" \/>\n<meta property=\"og:site_name\" content=\"Cral Policlinico di Milano\" \/>\n<meta property=\"article:modified_time\" content=\"2024-07-29T13:22:02+00:00\" \/>\n<meta property=\"og:image\" content=\"https:\/\/convenzioni.cralnetwork.it\/cralmangiagalli\/wp-content\/uploads\/sites\/30\/2024\/07\/Base-Logo-Davide-Borghetti.jpg\" \/>\n\t<meta property=\"og:image:width\" content=\"300\" \/>\n\t<meta property=\"og:image:height\" content=\"300\" \/>\n\t<meta property=\"og:image:type\" content=\"image\/jpeg\" \/>\n<meta name=\"twitter:card\" content=\"summary_large_image\" \/>\n<meta name=\"twitter:label1\" content=\"Tempo di lettura stimato\" \/>\n\t<meta name=\"twitter:data1\" content=\"2 minuti\" \/>\n<script type=\"application\/ld+json\" class=\"yoast-schema-graph\">{\"@context\":\"https:\/\/schema.org\",\"@graph\":[{\"@type\":\"WebPage\",\"@id\":\"https:\/\/convenzioni.cralnetwork.it\/cralmangiagalli\/convenzione\/dott-davide-borghetti-fisioterapista\/\",\"url\":\"https:\/\/convenzioni.cralnetwork.it\/cralmangiagalli\/convenzione\/dott-davide-borghetti-fisioterapista\/\",\"name\":\"Dott. Davide Borghetti - Fisioterapista - Cral Policlinico di Milano\",\"isPartOf\":{\"@id\":\"https:\/\/convenzioni.cralnetwork.it\/cralmangiagalli\/#website\"},\"primaryImageOfPage\":{\"@id\":\"https:\/\/convenzioni.cralnetwork.it\/cralmangiagalli\/convenzione\/dott-davide-borghetti-fisioterapista\/#primaryimage\"},\"image\":{\"@id\":\"https:\/\/convenzioni.cralnetwork.it\/cralmangiagalli\/convenzione\/dott-davide-borghetti-fisioterapista\/#primaryimage\"},\"thumbnailUrl\":\"https:\/\/convenzioni.cralnetwork.it\/cralmangiagalli\/wp-content\/uploads\/sites\/30\/2024\/07\/Base-Logo-Davide-Borghetti.jpg\",\"datePublished\":\"2024-07-26T12:14:13+00:00\",\"dateModified\":\"2024-07-29T13:22:02+00:00\",\"breadcrumb\":{\"@id\":\"https:\/\/convenzioni.cralnetwork.it\/cralmangiagalli\/convenzione\/dott-davide-borghetti-fisioterapista\/#breadcrumb\"},\"inLanguage\":\"it-IT\",\"potentialAction\":[{\"@type\":\"ReadAction\",\"target\":[\"https:\/\/convenzioni.cralnetwork.it\/cralmangiagalli\/convenzione\/dott-davide-borghetti-fisioterapista\/\"]}]},{\"@type\":\"ImageObject\",\"inLanguage\":\"it-IT\",\"@id\":\"https:\/\/convenzioni.cralnetwork.it\/cralmangiagalli\/convenzione\/dott-davide-borghetti-fisioterapista\/#primaryimage\",\"url\":\"https:\/\/convenzioni.cralnetwork.it\/cralmangiagalli\/wp-content\/uploads\/sites\/30\/2024\/07\/Base-Logo-Davide-Borghetti.jpg\",\"contentUrl\":\"https:\/\/convenzioni.cralnetwork.it\/cralmangiagalli\/wp-content\/uploads\/sites\/30\/2024\/07\/Base-Logo-Davide-Borghetti.jpg\",\"width\":300,\"height\":300},{\"@type\":\"BreadcrumbList\",\"@id\":\"https:\/\/convenzioni.cralnetwork.it\/cralmangiagalli\/convenzione\/dott-davide-borghetti-fisioterapista\/#breadcrumb\",\"itemListElement\":[{\"@type\":\"ListItem\",\"position\":1,\"name\":\"Home\",\"item\":\"https:\/\/convenzioni.cralnetwork.it\/cralmangiagalli\/\"},{\"@type\":\"ListItem\",\"position\":2,\"name\":\"Shop\",\"item\":\"https:\/\/convenzioni.cralnetwork.it\/cralmangiagalli\/negozio\/\"},{\"@type\":\"ListItem\",\"position\":3,\"name\":\"Dott. Davide Borghetti &#8211; Fisioterapista\"}]},{\"@type\":\"WebSite\",\"@id\":\"https:\/\/convenzioni.cralnetwork.it\/cralmangiagalli\/#website\",\"url\":\"https:\/\/convenzioni.cralnetwork.it\/cralmangiagalli\/\",\"name\":\"Cral Policlinico di Milano\",\"description\":\"Area Convenzioni\",\"potentialAction\":[{\"@type\":\"SearchAction\",\"target\":{\"@type\":\"EntryPoint\",\"urlTemplate\":\"https:\/\/convenzioni.cralnetwork.it\/cralmangiagalli\/?s={search_term_string}\"},\"query-input\":{\"@type\":\"PropertyValueSpecification\",\"valueRequired\":true,\"valueName\":\"search_term_string\"}}],\"inLanguage\":\"it-IT\"}]}<\/script>\n<!-- \/ Yoast SEO plugin. -->","yoast_head_json":{"title":"Dott. Davide Borghetti - Fisioterapista - Cral Policlinico di Milano","robots":{"index":"index","follow":"follow","max-snippet":"max-snippet:-1","max-image-preview":"max-image-preview:large","max-video-preview":"max-video-preview:-1"},"canonical":"https:\/\/convenzioni.cralnetwork.it\/cralmangiagalli\/convenzione\/dott-davide-borghetti-fisioterapista\/","og_locale":"it_IT","og_type":"article","og_title":"Dott. Davide Borghetti - Fisioterapista - Cral Policlinico di Milano","og_description":"Mi sono laureato in Fisioterapia all'Universit\u00e0 degli Studi di Milano nel 2016 e da allora la mia formazione non si \u00e8 mai fermata. Ho conseguito un Master in Terapia Manuale e Fisioterapia Muscoloscheletrica, ottenendo la lode. Attualmente, sono in procinto di ricevere la certificazione come Fisioterapista Ortokinetico.Il mio lavoro \u00e8 guidato dall'impegno costante nel fornire trattamenti basati sulle migliori evidenze scientifiche, su misura per le esigenze specifiche di ogni paziente.La mia mission come fisioterapista non si limita al trattamento dei sintomi. Adotto un approccio biopsicosociale che considera le dimensioni fisiche, psicologiche e sociali della salute. Attraverso l'ascolto attivo, approfondisco le esigenze di ogni paziente e gestisco il dolore persistente attraverso metodi basati su evidenze scientifiche.  Nel mio lavoro includo tecniche di fisioterapia psicologicamente informata, che mi permette di accompagnare la persona non solo verso il sollievo dal dolore, ma consente ai pazienti di sviluppare la capacit\u00e0 di gestire la loro salute nel lungo termine.  Servizi offerti Trattamenti personalizzati per lombalgia, cervicalgia, dolori muscolari, sciatica, scoliosi, epicondilite (gomito del tennista), sindrome di De Quervain ed altre Riabilitazione Post-Chirurgica di anca, spalla, ginocchio, gomito, caviglia ecc... Riabilitazione sportiva  fisioterapista, fisioterapisti, fisioterapia, trattamento fisioterapico, riabilitazione, riabilitazione post-chirurgica, riabilitazione sportiva  fisioterapista a Pregnana Milanese, fisioterapisti a Pregnana Milanese, fisioterapia a Pregnana Milanese, trattamento fisioterapico a Pregnana Milanese, riabilitazione a Pregnana Milanese, riabilitazione post-chirurgica a Pregnana Milanese, riabilitazione sportiva a Pregnana Milanese, fisioterapista Pregnana Milanese, fisioterapisti Pregnana Milanese, fisioterapia Pregnana Milanese, trattamento fisioterapico Pregnana Milanese, riabilitazione Pregnana Milanese, riabilitazione post-chirurgica Pregnana Milanese, riabilitazione sportiva Pregnana Milanese, fisioterapista a Parabiago, fisioterapisti a Parabiago, fisioterapia a Parabiago, trattamento fisioterapico a Parabiago, riabilitazione a Parabiago, riabilitazione post-chirurgica a Parabiago, riabilitazione sportiva a Parabiago, fisioterapista Parabiago, fisioterapisti Parabiago, fisioterapia Parabiago, trattamento fisioterapico Parabiago, riabilitazione Parabiago, riabilitazione post-chirurgica Parabiago, riabilitazione sportiva Parabiago","og_url":"https:\/\/convenzioni.cralnetwork.it\/cralmangiagalli\/convenzione\/dott-davide-borghetti-fisioterapista\/","og_site_name":"Cral Policlinico di Milano","article_modified_time":"2024-07-29T13:22:02+00:00","og_image":[{"width":300,"height":300,"url":"https:\/\/convenzioni.cralnetwork.it\/cralmangiagalli\/wp-content\/uploads\/sites\/30\/2024\/07\/Base-Logo-Davide-Borghetti.jpg","type":"image\/jpeg"}],"twitter_card":"summary_large_image","twitter_misc":{"Tempo di lettura stimato":"2 minuti"},"schema":{"@context":"https:\/\/schema.org","@graph":[{"@type":"WebPage","@id":"https:\/\/convenzioni.cralnetwork.it\/cralmangiagalli\/convenzione\/dott-davide-borghetti-fisioterapista\/","url":"https:\/\/convenzioni.cralnetwork.it\/cralmangiagalli\/convenzione\/dott-davide-borghetti-fisioterapista\/","name":"Dott. Davide Borghetti - Fisioterapista - Cral Policlinico di Milano","isPartOf":{"@id":"https:\/\/convenzioni.cralnetwork.it\/cralmangiagalli\/#website"},"primaryImageOfPage":{"@id":"https:\/\/convenzioni.cralnetwork.it\/cralmangiagalli\/convenzione\/dott-davide-borghetti-fisioterapista\/#primaryimage"},"image":{"@id":"https:\/\/convenzioni.cralnetwork.it\/cralmangiagalli\/convenzione\/dott-davide-borghetti-fisioterapista\/#primaryimage"},"thumbnailUrl":"https:\/\/convenzioni.cralnetwork.it\/cralmangiagalli\/wp-content\/uploads\/sites\/30\/2024\/07\/Base-Logo-Davide-Borghetti.jpg","datePublished":"2024-07-26T12:14:13+00:00","dateModified":"2024-07-29T13:22:02+00:00","breadcrumb":{"@id":"https:\/\/convenzioni.cralnetwork.it\/cralmangiagalli\/convenzione\/dott-davide-borghetti-fisioterapista\/#breadcrumb"},"inLanguage":"it-IT","potentialAction":[{"@type":"ReadAction","target":["https:\/\/convenzioni.cralnetwork.it\/cralmangiagalli\/convenzione\/dott-davide-borghetti-fisioterapista\/"]}]},{"@type":"ImageObject","inLanguage":"it-IT","@id":"https:\/\/convenzioni.cralnetwork.it\/cralmangiagalli\/convenzione\/dott-davide-borghetti-fisioterapista\/#primaryimage","url":"https:\/\/convenzioni.cralnetwork.it\/cralmangiagalli\/wp-content\/uploads\/sites\/30\/2024\/07\/Base-Logo-Davide-Borghetti.jpg","contentUrl":"https:\/\/convenzioni.cralnetwork.it\/cralmangiagalli\/wp-content\/uploads\/sites\/30\/2024\/07\/Base-Logo-Davide-Borghetti.jpg","width":300,"height":300},{"@type":"BreadcrumbList","@id":"https:\/\/convenzioni.cralnetwork.it\/cralmangiagalli\/convenzione\/dott-davide-borghetti-fisioterapista\/#breadcrumb","itemListElement":[{"@type":"ListItem","position":1,"name":"Home","item":"https:\/\/convenzioni.cralnetwork.it\/cralmangiagalli\/"},{"@type":"ListItem","position":2,"name":"Shop","item":"https:\/\/convenzioni.cralnetwork.it\/cralmangiagalli\/negozio\/"},{"@type":"ListItem","position":3,"name":"Dott. Davide Borghetti &#8211; Fisioterapista"}]},{"@type":"WebSite","@id":"https:\/\/convenzioni.cralnetwork.it\/cralmangiagalli\/#website","url":"https:\/\/convenzioni.cralnetwork.it\/cralmangiagalli\/","name":"Cral Policlinico di Milano","description":"Area Convenzioni","potentialAction":[{"@type":"SearchAction","target":{"@type":"EntryPoint","urlTemplate":"https:\/\/convenzioni.cralnetwork.it\/cralmangiagalli\/?s={search_term_string}"},"query-input":{"@type":"PropertyValueSpecification","valueRequired":true,"valueName":"search_term_string"}}],"inLanguage":"it-IT"}]}},"publishpress_future_workflow_manual_trigger":{"enabledWorkflows":[]},"_links":{"self":[{"href":"https:\/\/convenzioni.cralnetwork.it\/cralmangiagalli\/wp-json\/wp\/v2\/product\/11128","targetHints":{"allow":["GET"]}}],"collection":[{"href":"https:\/\/convenzioni.cralnetwork.it\/cralmangiagalli\/wp-json\/wp\/v2\/product"}],"about":[{"href":"https:\/\/convenzioni.cralnetwork.it\/cralmangiagalli\/wp-json\/wp\/v2\/types\/product"}],"replies":[{"embeddable":true,"href":"https:\/\/convenzioni.cralnetwork.it\/cralmangiagalli\/wp-json\/wp\/v2\/comments?post=11128"}],"version-history":[{"count":11,"href":"https:\/\/convenzioni.cralnetwork.it\/cralmangiagalli\/wp-json\/wp\/v2\/product\/11128\/revisions"}],"predecessor-version":[{"id":11190,"href":"https:\/\/convenzioni.cralnetwork.it\/cralmangiagalli\/wp-json\/wp\/v2\/product\/11128\/revisions\/11190"}],"wp:featuredmedia":[{"embeddable":true,"href":"https:\/\/convenzioni.cralnetwork.it\/cralmangiagalli\/wp-json\/wp\/v2\/media\/11134"}],"wp:attachment":[{"href":"https:\/\/convenzioni.cralnetwork.it\/cralmangiagalli\/wp-json\/wp\/v2\/media?parent=11128"}],"wp:term":[{"taxonomy":"product_brand","embeddable":true,"href":"https:\/\/convenzioni.cralnetwork.it\/cralmangiagalli\/wp-json\/wp\/v2\/product_brand?post=11128"},{"taxonomy":"product_cat","embeddable":true,"href":"https:\/\/convenzioni.cralnetwork.it\/cralmangiagalli\/wp-json\/wp\/v2\/product_cat?post=11128"},{"taxonomy":"product_tag","embeddable":true,"href":"https:\/\/convenzioni.cralnetwork.it\/cralmangiagalli\/wp-json\/wp\/v2\/product_tag?post=11128"}],"curies":[{"name":"wp","href":"https:\/\/api.w.org\/{rel}","templated":true}]}}