{"id":55762,"date":"2026-05-05T10:16:31","date_gmt":"2026-05-05T08:16:31","guid":{"rendered":"https:\/\/convenzioni.cralnetwork.it\/assodifesa\/?post_type=product&#038;p=55762"},"modified":"2026-05-06T10:50:30","modified_gmt":"2026-05-06T08:50:30","slug":"studio-legale-lovo-avv-marco-lovo","status":"publish","type":"product","link":"https:\/\/convenzioni.cralnetwork.it\/assodifesa\/prodotto\/studio-legale-lovo-avv-marco-lovo\/","title":{"rendered":"Studio Legale Lovo &#8211; Avv. Marco Lovo"},"content":{"rendered":"\t\t<div data-elementor-type=\"wp-post\" data-elementor-id=\"55762\" class=\"elementor elementor-55762\">\n\t\t\t\t<div class=\"elementor-element elementor-element-50291f8f e-flex e-con-boxed wpr-particle-no wpr-jarallax-no wpr-parallax-no wpr-sticky-section-no e-con e-parent\" data-id=\"50291f8f\" data-element_type=\"container\" data-settings=\"{&quot;background_background&quot;:&quot;classic&quot;}\">\n\t\t\t\t\t<div class=\"e-con-inner\">\n\t\t<div class=\"elementor-element elementor-element-347d3882 e-con-full e-flex wpr-particle-no wpr-jarallax-no wpr-parallax-no wpr-sticky-section-no e-con e-child\" data-id=\"347d3882\" data-element_type=\"container\">\n\t\t<div class=\"elementor-element elementor-element-093901e e-con-full e-flex wpr-particle-no wpr-jarallax-no wpr-parallax-no wpr-sticky-section-no e-con e-child\" data-id=\"093901e\" data-element_type=\"container\" data-settings=\"{&quot;background_background&quot;:&quot;classic&quot;}\">\n\t\t\t\t<div class=\"elementor-element elementor-element-c060cc3 elementor-widget elementor-widget-image\" data-id=\"c060cc3\" data-element_type=\"widget\" data-widget_type=\"image.default\">\n\t\t\t\t<div class=\"elementor-widget-container\">\n\t\t\t\t\t\t\t\t\t\t\t\t\t\t\t<img fetchpriority=\"high\" fetchpriority=\"high\" decoding=\"async\" width=\"1024\" height=\"220\" src=\"https:\/\/convenzioni.cralnetwork.it\/assodifesa\/wp-content\/uploads\/sites\/45\/2026\/05\/lovo-img-avv-marco-lovo-1024x220.png\" class=\"attachment-large size-large wp-image-55768\" alt=\"\" srcset=\"https:\/\/convenzioni.cralnetwork.it\/assodifesa\/wp-content\/uploads\/sites\/45\/2026\/05\/lovo-img-avv-marco-lovo-1024x220.png 1024w, https:\/\/convenzioni.cralnetwork.it\/assodifesa\/wp-content\/uploads\/sites\/45\/2026\/05\/lovo-img-avv-marco-lovo-980x210.png 980w, https:\/\/convenzioni.cralnetwork.it\/assodifesa\/wp-content\/uploads\/sites\/45\/2026\/05\/lovo-img-avv-marco-lovo-480x103.png 480w\" sizes=\"(min-width: 0px) and (max-width: 480px) 480px, (min-width: 481px) and (max-width: 980px) 980px, (min-width: 981px) 1024px, 100vw\" \/>\t\t\t\t\t\t\t\t\t\t\t\t\t\t\t<\/div>\n\t\t\t\t<\/div>\n\t\t\t\t<\/div>\n\t\t\t\t<\/div>\n\t\t\t\t\t<\/div>\n\t\t\t\t<\/div>\n\t\t<div class=\"elementor-element elementor-element-5f2e1c8b e-flex e-con-boxed wpr-particle-no wpr-jarallax-no wpr-parallax-no wpr-sticky-section-no e-con e-parent\" data-id=\"5f2e1c8b\" data-element_type=\"container\" data-settings=\"{&quot;background_background&quot;:&quot;classic&quot;}\">\n\t\t\t\t\t<div class=\"e-con-inner\">\n\t\t<div class=\"elementor-element elementor-element-4cb9d6ae e-con-full e-flex wpr-particle-no wpr-jarallax-no wpr-parallax-no wpr-sticky-section-no e-con e-child\" data-id=\"4cb9d6ae\" data-element_type=\"container\">\n\t\t<div class=\"elementor-element elementor-element-3d0b0913 e-con-full e-flex wpr-particle-no wpr-jarallax-no wpr-parallax-no wpr-sticky-section-no e-con e-child\" data-id=\"3d0b0913\" data-element_type=\"container\" data-settings=\"{&quot;background_background&quot;:&quot;classic&quot;}\">\n\t\t\t\t<div class=\"elementor-element elementor-element-1945eea2 elementor-widget elementor-widget-image\" data-id=\"1945eea2\" data-element_type=\"widget\" data-widget_type=\"image.default\">\n\t\t\t\t<div class=\"elementor-widget-container\">\n\t\t\t\t\t\t\t\t\t\t\t\t\t\t\t<img decoding=\"async\" width=\"900\" height=\"632\" src=\"https:\/\/convenzioni.cralnetwork.it\/assodifesa\/wp-content\/uploads\/sites\/45\/2026\/05\/img-avv-marco-lovo-2-edited.jpg\" class=\"attachment-large size-large wp-image-55767\" alt=\"\" srcset=\"https:\/\/convenzioni.cralnetwork.it\/assodifesa\/wp-content\/uploads\/sites\/45\/2026\/05\/img-avv-marco-lovo-2-edited.jpg 900w, https:\/\/convenzioni.cralnetwork.it\/assodifesa\/wp-content\/uploads\/sites\/45\/2026\/05\/img-avv-marco-lovo-2-edited-480x337.jpg 480w\" sizes=\"(min-width: 0px) and (max-width: 480px) 480px, (min-width: 481px) 900px, 100vw\" \/>\t\t\t\t\t\t\t\t\t\t\t\t\t\t\t<\/div>\n\t\t\t\t<\/div>\n\t\t\t\t<\/div>\n\t\t<div class=\"elementor-element elementor-element-46b7117b e-con-full e-flex wpr-particle-no wpr-jarallax-no wpr-parallax-no wpr-sticky-section-no e-con e-child\" data-id=\"46b7117b\" data-element_type=\"container\" data-settings=\"{&quot;animation&quot;:&quot;none&quot;}\">\n\t\t\t\t<div class=\"elementor-element elementor-element-73fdf5f8 elementor-widget elementor-widget-text-editor\" data-id=\"73fdf5f8\" data-element_type=\"widget\" id=\"chisono\" data-widget_type=\"text-editor.default\">\n\t\t\t\t<div class=\"elementor-widget-container\">\n\t\t\t\t\t\t\t\t\t<p>presentazione<\/p>\t\t\t\t\t\t\t\t<\/div>\n\t\t\t\t<\/div>\n\t\t\t\t<div class=\"elementor-element elementor-element-77a2b05e elementor-invisible elementor-widget elementor-widget-text-editor\" data-id=\"77a2b05e\" data-element_type=\"widget\" data-settings=\"{&quot;_animation&quot;:&quot;fadeIn&quot;}\" data-widget_type=\"text-editor.default\">\n\t\t\t\t<div class=\"elementor-widget-container\">\n\t\t\t\t\t\t\t\t\t<p>Lo Studio Legale Lovo, con oltre 30 anni di esperienza, \u00e8 specializzato in consulenza e assistenza sia stragiudiziale che giudiziale in ambito di diritto civile, amministrativo e del lavoro pubblico e privato.<\/p><p>Dal 2010 l\u2019Avv. Marco Lovo, titolare dello studio e laureato con lode all\u2019Universit\u00e0 di Pisa nel 1994, \u00e8 abilitato al patrocinio presso le giurisdizioni superiori.<\/p>\t\t\t\t\t\t\t\t<\/div>\n\t\t\t\t<\/div>\n\t\t\t\t<\/div>\n\t\t\t\t<\/div>\n\t\t<div class=\"elementor-element elementor-element-80bdba1 e-con-full e-flex wpr-particle-no wpr-jarallax-no wpr-parallax-no wpr-sticky-section-no e-con e-child\" data-id=\"80bdba1\" data-element_type=\"container\">\n\t\t<div class=\"elementor-element elementor-element-1f72358 e-con-full e-flex wpr-particle-no wpr-jarallax-no wpr-parallax-no wpr-sticky-section-no e-con e-child\" data-id=\"1f72358\" data-element_type=\"container\" data-settings=\"{&quot;animation&quot;:&quot;none&quot;}\">\n\t\t\t\t<div class=\"elementor-element elementor-element-aa9eace elementor-invisible elementor-widget elementor-widget-text-editor\" data-id=\"aa9eace\" data-element_type=\"widget\" data-settings=\"{&quot;_animation&quot;:&quot;fadeIn&quot;}\" data-widget_type=\"text-editor.default\">\n\t\t\t\t<div class=\"elementor-widget-container\">\n\t\t\t\t\t\t\t\t\t<p>Lo Studio vanta un&#8217;importante attivit\u00e0 di formazione svolta per istituzioni pubbliche e private, inclusa una collaborazione pluriennale con l\u2019Istituto di Management e Sanit\u00e0 della Scuola Superiore S. Anna.<\/p><p>Inoltre, ha all\u2019attivo numerose pubblicazioni giuridiche, tra cui due opere coordinate dall&#8217;Avv. Lovo: una sul Testo Unico post-riforma Brunetta e l\u2019altra sulla riforma della responsabilit\u00e0 sanitaria.<\/p>\t\t\t\t\t\t\t\t<\/div>\n\t\t\t\t<\/div>\n\t\t\t\t<\/div>\n\t\t\t\t<\/div>\n\t\t\t\t\t<\/div>\n\t\t\t\t<\/div>\n\t\t<div class=\"elementor-element elementor-element-890ecfa e-flex e-con-boxed wpr-particle-no wpr-jarallax-no wpr-parallax-no wpr-sticky-section-no e-con e-parent\" data-id=\"890ecfa\" data-element_type=\"container\" data-settings=\"{&quot;background_background&quot;:&quot;classic&quot;}\">\n\t\t\t\t\t<div class=\"e-con-inner\">\n\t\t<div class=\"elementor-element elementor-element-12e05b3 e-con-full e-flex wpr-particle-no wpr-jarallax-no wpr-parallax-no wpr-sticky-section-no e-con e-child\" data-id=\"12e05b3\" data-element_type=\"container\">\n\t\t<div class=\"elementor-element elementor-element-6fe155d e-con-full e-flex wpr-particle-no wpr-jarallax-no wpr-parallax-no wpr-sticky-section-no e-con e-child\" data-id=\"6fe155d\" data-element_type=\"container\" data-settings=\"{&quot;animation&quot;:&quot;none&quot;}\">\n\t\t\t\t<div class=\"elementor-element elementor-element-6aabbe2 elementor-widget elementor-widget-text-editor\" data-id=\"6aabbe2\" data-element_type=\"widget\" data-widget_type=\"text-editor.default\">\n\t\t\t\t<div class=\"elementor-widget-container\">\n\t\t\t\t\t\t\t\t\tAree di attivit\u00c0\t\t\t\t\t\t\t\t<\/div>\n\t\t\t\t<\/div>\n\t\t\t\t<div class=\"elementor-element elementor-element-e46e2fe elementor-invisible elementor-widget elementor-widget-text-editor\" data-id=\"e46e2fe\" data-element_type=\"widget\" data-settings=\"{&quot;_animation&quot;:&quot;fadeIn&quot;}\" data-widget_type=\"text-editor.default\">\n\t\t\t\t<div class=\"elementor-widget-container\">\n\t\t\t\t\t\t\t\t\t<p>L\u2019esperienza dello Studio si estende al <b>diritto del lavoro<\/b>, sia pubblico che privato, trattando casi legati a contratti flessibili, demansionamento, mobbing, licenziamenti, sanzioni disciplinari, incarichi dirigenziali e indennit\u00e0 di esclusivit\u00e0.&nbsp;<\/p><p>Significativa \u00e8 anche l\u2019attivit\u00e0 in <b>ambito sanitario<\/b>, come il conferimento di incarichi dirigenziali e la gestione di graduatorie aziendali.  <\/p>\n<p>In <b>ambito amministrativo<\/b>, lo Studio si occupa principalmente di concorsi pubblici, procedimenti amministrativi e diritto di accesso. Il diritto civile rappresenta un ulteriore settore chiave dello Studio, con particolare attenzione alla <b>responsabilit\u00e0 sanitaria e amministrativa<\/b>; quest\u2019ultima anche con patrocinio davanti alla Corte dei Conti.  <\/p>\n<p>Infine, grazie all\u2019esperienza maturata all\u2019interno di organi indipendenti di valutazione da parte dell\u2019Avv. Lovo, lo Studio approfondisce temi legati al <b>diritto previdenziale<\/b> e alla qualificazione dei rapporti lavorativi tra autonomia e subordinazione.<\/p>\t\t\t\t\t\t\t\t<\/div>\n\t\t\t\t<\/div>\n\t\t\t\t<\/div>\n\t\t<div class=\"elementor-element elementor-element-0936152 e-con-full e-flex wpr-particle-no wpr-jarallax-no wpr-parallax-no wpr-sticky-section-no e-con e-child\" data-id=\"0936152\" data-element_type=\"container\" data-settings=\"{&quot;background_background&quot;:&quot;classic&quot;}\">\n\t\t\t\t<div class=\"elementor-element elementor-element-bb572be elementor-widget-divider--view-line elementor-widget elementor-widget-divider\" data-id=\"bb572be\" data-element_type=\"widget\" data-widget_type=\"divider.default\">\n\t\t\t\t<div class=\"elementor-widget-container\">\n\t\t\t\t\t\t\t<div class=\"elementor-divider\">\n\t\t\t<span class=\"elementor-divider-separator\">\n\t\t\t\t\t\t<\/span>\n\t\t<\/div>\n\t\t\t\t\t\t<\/div>\n\t\t\t\t<\/div>\n\t\t\t\t<\/div>\n\t\t\t\t<\/div>\n\t\t\t\t\t<\/div>\n\t\t\t\t<\/div>\n\t\t<div class=\"elementor-element elementor-element-23132b73 e-flex e-con-boxed wpr-particle-no wpr-jarallax-no wpr-parallax-no wpr-sticky-section-no e-con e-parent\" data-id=\"23132b73\" data-element_type=\"container\" data-settings=\"{&quot;background_background&quot;:&quot;classic&quot;}\">\n\t\t\t\t\t<div class=\"e-con-inner\">\n\t\t\t\t<div class=\"elementor-element elementor-element-395c51b5 elementor-widget elementor-widget-text-editor\" data-id=\"395c51b5\" data-element_type=\"widget\" data-widget_type=\"text-editor.default\">\n\t\t\t\t<div class=\"elementor-widget-container\">\n\t\t\t\t\t\t\t\t\t<p>Trattamento riservato su presentazione tessera<\/p>\t\t\t\t\t\t\t\t<\/div>\n\t\t\t\t<\/div>\n\t\t\t\t\t<\/div>\n\t\t\t\t<\/div>\n\t\t<div class=\"elementor-element elementor-element-6893569d e-flex e-con-boxed wpr-particle-no wpr-jarallax-no wpr-parallax-no wpr-sticky-section-no e-con e-parent\" data-id=\"6893569d\" data-element_type=\"container\" data-settings=\"{&quot;background_background&quot;:&quot;classic&quot;}\">\n\t\t\t\t\t<div class=\"e-con-inner\">\n\t\t<div class=\"elementor-element elementor-element-d7c936c e-con-full e-flex wpr-particle-no wpr-jarallax-no wpr-parallax-no wpr-sticky-section-no e-con e-child\" data-id=\"d7c936c\" data-element_type=\"container\">\n\t\t<div class=\"elementor-element elementor-element-61ad2f9 e-con-full e-flex wpr-particle-no wpr-jarallax-no wpr-parallax-no wpr-sticky-section-no e-con e-child\" data-id=\"61ad2f9\" data-element_type=\"container\" data-settings=\"{&quot;animation&quot;:&quot;none&quot;}\">\n\t\t\t\t<div class=\"elementor-element elementor-element-5c3c7ee elementor-widget elementor-widget-text-editor\" data-id=\"5c3c7ee\" data-element_type=\"widget\" data-widget_type=\"text-editor.default\">\n\t\t\t\t<div class=\"elementor-widget-container\">\n\t\t\t\t\t\t\t\t\t<p>contatti<\/p>\t\t\t\t\t\t\t\t<\/div>\n\t\t\t\t<\/div>\n\t\t\t\t<div class=\"elementor-element elementor-element-4b6f07a5 elementor-invisible elementor-widget elementor-widget-text-editor\" data-id=\"4b6f07a5\" data-element_type=\"widget\" data-settings=\"{&quot;_animation&quot;:&quot;fadeIn&quot;}\" data-widget_type=\"text-editor.default\">\n\t\t\t\t<div class=\"elementor-widget-container\">\n\t\t\t\t\t\t\t\t\t<p>Borgo Stretto, 46 \u2013 56127 Pisa (PI)<br \/>Tel: +39 050 577171<br \/>Mail: <a href=\"mailto:info@studiolegalelovo.com\" target=\"_blank\" rel=\"noopener\">info@studiolegalelovo.com<\/a><br \/>Sito: <a href=\"https:\/\/www.studiolegalelovo.com\/\" target=\"_blank\" rel=\"noopener\">www.studiolegalelovo.com<\/a><\/p>\t\t\t\t\t\t\t\t<\/div>\n\t\t\t\t<\/div>\n\t\t\t\t<div class=\"elementor-element elementor-element-166016a elementor-shape-circle e-grid-align-left e-grid-align-tablet-center elementor-grid-0 elementor-widget elementor-widget-social-icons\" data-id=\"166016a\" data-element_type=\"widget\" data-widget_type=\"social-icons.default\">\n\t\t\t\t<div class=\"elementor-widget-container\">\n\t\t\t\t\t\t\t<div class=\"elementor-social-icons-wrapper elementor-grid\">\n\t\t\t\t\t\t\t<span class=\"elementor-grid-item\">\n\t\t\t\t\t<a class=\"elementor-icon elementor-social-icon elementor-social-icon-linkedin elementor-repeater-item-b0c6575\" href=\"https:\/\/it.linkedin.com\/in\/marco-lovo-a14164106\" target=\"_blank\">\n\t\t\t\t\t\t<span class=\"elementor-screen-only\">Linkedin<\/span>\n\t\t\t\t\t\t<svg aria-hidden=\"true\" class=\"e-font-icon-svg e-fab-linkedin\" viewBox=\"0 0 448 512\" xmlns=\"http:\/\/www.w3.org\/2000\/svg\"><path d=\"M416 32H31.9C14.3 32 0 46.5 0 64.3v383.4C0 465.5 14.3 480 31.9 480H416c17.6 0 32-14.5 32-32.3V64.3c0-17.8-14.4-32.3-32-32.3zM135.4 416H69V202.2h66.5V416zm-33.2-243c-21.3 0-38.5-17.3-38.5-38.5S80.9 96 102.2 96c21.2 0 38.5 17.3 38.5 38.5 0 21.3-17.2 38.5-38.5 38.5zm282.1 243h-66.4V312c0-24.8-.5-56.7-34.5-56.7-34.6 0-39.9 27-39.9 54.9V416h-66.4V202.2h63.7v29.2h.9c8.9-16.8 30.6-34.5 62.9-34.5 67.2 0 79.7 44.3 79.7 101.9V416z\"><\/path><\/svg>\t\t\t\t\t<\/a>\n\t\t\t\t<\/span>\n\t\t\t\t\t<\/div>\n\t\t\t\t\t\t<\/div>\n\t\t\t\t<\/div>\n\t\t\t\t<\/div>\n\t\t<div class=\"elementor-element elementor-element-12805abc e-con-full e-flex wpr-particle-no wpr-jarallax-no wpr-parallax-no wpr-sticky-section-no e-con e-child\" data-id=\"12805abc\" data-element_type=\"container\" data-settings=\"{&quot;animation&quot;:&quot;none&quot;}\">\n\t\t\t\t<div class=\"elementor-element elementor-element-49464043 elementor-widget elementor-widget-text-editor\" data-id=\"49464043\" data-element_type=\"widget\" data-widget_type=\"text-editor.default\">\n\t\t\t\t<div class=\"elementor-widget-container\">\n\t\t\t\t\t\t\t\t\t<p><div id=\"gmw-single-location-wrapper-378\" class=\"gmw-element-wrapper gmw-single-location-wrapper gmw-sl-wrapper gmw-sl-single-post-wrapper post \" object_type=\"post\" object_id=\"55762\"  style=\"width:100%\"><div class=\"gmw-sl-map-wrapper gmw-sl-element\"><div id=\"gmw-map-wrapper-378\" class=\"gmw-map-wrapper  sl single_location \" style=\"width:100%;height:300px;\"> <span id=\"gmw-resize-map-toggle-378\" class=\"gmw-resize-map-toggle gmw-icon-resize-full\" style=\"display:none;\" title=\"Resize map\"><\/span> <div id=\"gmw-map-loader-378\" class=\"gmw-map-loader\"><\/div> <div id=\"gmw-map-378\" class=\"gmw-map sl single_location\" style=\"width:100%; height:100%\" data-map_id=\"378\" data-prefix=\"sl\" data-map_type=\"single_location\" data-icons_usage=\"global\"><\/div> <\/div><\/div><\/div><\/p>\t\t\t\t\t\t\t\t<\/div>\n\t\t\t\t<\/div>\n\t\t\t\t<\/div>\n\t\t\t\t<\/div>\n\t\t\t\t\t<\/div>\n\t\t\t\t<\/div>\n\t\t\t\t<section class=\"elementor-section elementor-top-section elementor-element elementor-element-7eae7771 elementor-section-content-middle elementor-hidden-desktop elementor-hidden-tablet elementor-hidden-mobile elementor-section-boxed elementor-section-height-default elementor-section-height-default wpr-particle-no wpr-jarallax-no wpr-parallax-no wpr-sticky-section-no\" data-id=\"7eae7771\" data-element_type=\"section\" data-settings=\"{&quot;background_background&quot;:&quot;classic&quot;}\">\n\t\t\t\t\t\t<div class=\"elementor-container elementor-column-gap-default\">\n\t\t\t\t\t<div class=\"elementor-column elementor-col-50 elementor-top-column elementor-element elementor-element-229611c\" data-id=\"229611c\" data-element_type=\"column\">\n\t\t\t<div class=\"elementor-widget-wrap elementor-element-populated\">\n\t\t\t\t\t\t<div class=\"elementor-element elementor-element-2e6233ef elementor-widget elementor-widget-text-editor\" data-id=\"2e6233ef\" data-element_type=\"widget\" data-widget_type=\"text-editor.default\">\n\t\t\t\t<div class=\"elementor-widget-container\">\n\t\t\t\t\t\t\t\t\tContatti\t\t\t\t\t\t\t\t<\/div>\n\t\t\t\t<\/div>\n\t\t\t\t<div class=\"elementor-element elementor-element-c63974c elementor-shape-circle e-grid-align-left elementor-grid-0 elementor-widget elementor-widget-social-icons\" data-id=\"c63974c\" data-element_type=\"widget\" data-widget_type=\"social-icons.default\">\n\t\t\t\t<div class=\"elementor-widget-container\">\n\t\t\t\t\t\t\t<div class=\"elementor-social-icons-wrapper elementor-grid\" role=\"list\">\n\t\t\t\t\t\t\t<span class=\"elementor-grid-item\" role=\"listitem\">\n\t\t\t\t\t<a class=\"elementor-icon elementor-social-icon elementor-social-icon-facebook elementor-repeater-item-1539373\" target=\"_blank\">\n\t\t\t\t\t\t<span class=\"elementor-screen-only\">Facebook<\/span>\n\t\t\t\t\t\t<svg aria-hidden=\"true\" class=\"e-font-icon-svg e-fab-facebook\" viewBox=\"0 0 512 512\" xmlns=\"http:\/\/www.w3.org\/2000\/svg\"><path d=\"M504 256C504 119 393 8 256 8S8 119 8 256c0 123.78 90.69 226.38 209.25 245V327.69h-63V256h63v-54.64c0-62.15 37-96.48 93.67-96.48 27.14 0 55.52 4.84 55.52 4.84v61h-31.28c-30.8 0-40.41 19.12-40.41 38.73V256h68.78l-11 71.69h-57.78V501C413.31 482.38 504 379.78 504 256z\"><\/path><\/svg>\t\t\t\t\t<\/a>\n\t\t\t\t<\/span>\n\t\t\t\t\t\t\t<span class=\"elementor-grid-item\" role=\"listitem\">\n\t\t\t\t\t<a class=\"elementor-icon elementor-social-icon elementor-social-icon-twitter elementor-repeater-item-8913cb9\" target=\"_blank\">\n\t\t\t\t\t\t<span class=\"elementor-screen-only\">Twitter<\/span>\n\t\t\t\t\t\t<svg aria-hidden=\"true\" class=\"e-font-icon-svg e-fab-twitter\" viewBox=\"0 0 512 512\" xmlns=\"http:\/\/www.w3.org\/2000\/svg\"><path d=\"M459.37 151.716c.325 4.548.325 9.097.325 13.645 0 138.72-105.583 298.558-298.558 298.558-59.452 0-114.68-17.219-161.137-47.106 8.447.974 16.568 1.299 25.34 1.299 49.055 0 94.213-16.568 130.274-44.832-46.132-.975-84.792-31.188-98.112-72.772 6.498.974 12.995 1.624 19.818 1.624 9.421 0 18.843-1.3 27.614-3.573-48.081-9.747-84.143-51.98-84.143-102.985v-1.299c13.969 7.797 30.214 12.67 47.431 13.319-28.264-18.843-46.781-51.005-46.781-87.391 0-19.492 5.197-37.36 14.294-52.954 51.655 63.675 129.3 105.258 216.365 109.807-1.624-7.797-2.599-15.918-2.599-24.04 0-57.828 46.782-104.934 104.934-104.934 30.213 0 57.502 12.67 76.67 33.137 23.715-4.548 46.456-13.32 66.599-25.34-7.798 24.366-24.366 44.833-46.132 57.827 21.117-2.273 41.584-8.122 60.426-16.243-14.292 20.791-32.161 39.308-52.628 54.253z\"><\/path><\/svg>\t\t\t\t\t<\/a>\n\t\t\t\t<\/span>\n\t\t\t\t\t\t\t<span class=\"elementor-grid-item\" role=\"listitem\">\n\t\t\t\t\t<a class=\"elementor-icon elementor-social-icon elementor-social-icon-youtube elementor-repeater-item-3255c55\" target=\"_blank\">\n\t\t\t\t\t\t<span class=\"elementor-screen-only\">Youtube<\/span>\n\t\t\t\t\t\t<svg aria-hidden=\"true\" class=\"e-font-icon-svg e-fab-youtube\" viewBox=\"0 0 576 512\" xmlns=\"http:\/\/www.w3.org\/2000\/svg\"><path d=\"M549.655 124.083c-6.281-23.65-24.787-42.276-48.284-48.597C458.781 64 288 64 288 64S117.22 64 74.629 75.486c-23.497 6.322-42.003 24.947-48.284 48.597-11.412 42.867-11.412 132.305-11.412 132.305s0 89.438 11.412 132.305c6.281 23.65 24.787 41.5 48.284 47.821C117.22 448 288 448 288 448s170.78 0 213.371-11.486c23.497-6.321 42.003-24.171 48.284-47.821 11.412-42.867 11.412-132.305 11.412-132.305s0-89.438-11.412-132.305zm-317.51 213.508V175.185l142.739 81.205-142.739 81.201z\"><\/path><\/svg>\t\t\t\t\t<\/a>\n\t\t\t\t<\/span>\n\t\t\t\t\t<\/div>\n\t\t\t\t\t\t<\/div>\n\t\t\t\t<\/div>\n\t\t\t\t\t<\/div>\n\t\t<\/div>\n\t\t\t\t<div class=\"elementor-column elementor-col-50 elementor-top-column elementor-element elementor-element-75628ae9\" data-id=\"75628ae9\" data-element_type=\"column\">\n\t\t\t<div class=\"elementor-widget-wrap elementor-element-populated\">\n\t\t\t\t\t\t<div class=\"elementor-element elementor-element-27cf9e7e elementor-widget elementor-widget-text-editor\" data-id=\"27cf9e7e\" data-element_type=\"widget\" data-widget_type=\"text-editor.default\">\n\t\t\t\t<div class=\"elementor-widget-container\">\n\t\t\t\t\t\t\t\t\t<p><div id=\"gmw-single-location-wrapper-381\" class=\"gmw-element-wrapper gmw-single-location-wrapper gmw-sl-wrapper gmw-sl-single-post-wrapper post \" object_type=\"post\" object_id=\"55762\"  style=\"width:100%\"><div class=\"gmw-sl-map-wrapper gmw-sl-element\"><div id=\"gmw-map-wrapper-381\" class=\"gmw-map-wrapper  sl single_location \" style=\"width:100%;height:300px;\"> <span id=\"gmw-resize-map-toggle-381\" class=\"gmw-resize-map-toggle gmw-icon-resize-full\" style=\"display:none;\" title=\"Resize map\"><\/span> <div id=\"gmw-map-loader-381\" class=\"gmw-map-loader\"><\/div> <div id=\"gmw-map-381\" class=\"gmw-map sl single_location\" style=\"width:100%; height:100%\" data-map_id=\"381\" data-prefix=\"sl\" data-map_type=\"single_location\" data-icons_usage=\"global\"><\/div> <\/div><\/div><\/div><\/p>\t\t\t\t\t\t\t\t<\/div>\n\t\t\t\t<\/div>\n\t\t\t\t<div class=\"elementor-element elementor-element-1b9b6932 elementor-widget elementor-widget-text-editor\" data-id=\"1b9b6932\" data-element_type=\"widget\" data-widget_type=\"text-editor.default\">\n\t\t\t\t<div class=\"elementor-widget-container\">\n\t\t\t\t\t\t\t\t\t<p><div id=\"gmw-single-object-locations-wrapper-125\" class=\"gmw-element-wrapper gmw-single-location-wrapper gmw-sl-wrapper gmw-sl-single-post-wrapper post gmw-sl-multiple-locations\" object_type=\"post\" object_id=\"\"  style=\"width:100%\"><div class=\"gmw-sl-map-wrapper\"><div id=\"gmw-map-wrapper-125\" class=\"gmw-map-wrapper  sl single_location \" style=\"width:100%;height:350px;\"> <span id=\"gmw-resize-map-toggle-125\" class=\"gmw-resize-map-toggle gmw-icon-resize-full\" style=\"display:none;\" title=\"Resize map\"><\/span> <div id=\"gmw-map-loader-125\" class=\"gmw-map-loader\"><\/div> <div id=\"gmw-map-125\" class=\"gmw-map sl single_location\" style=\"width:100%; height:100%\" data-map_id=\"125\" data-prefix=\"sl\" data-map_type=\"single_location\" data-icons_usage=\"global\"><\/div> <\/div><\/div><\/div><\/p>\t\t\t\t\t\t\t\t<\/div>\n\t\t\t\t<\/div>\n\t\t\t\t\t<\/div>\n\t\t<\/div>\n\t\t\t\t\t<\/div>\n\t\t<\/section>\n\t\t<div class=\"elementor-element elementor-element-e918bc9 elementor-hidden-desktop elementor-hidden-tablet elementor-hidden-mobile e-flex e-con-boxed wpr-particle-no wpr-jarallax-no wpr-parallax-no wpr-sticky-section-no e-con e-parent\" data-id=\"e918bc9\" data-element_type=\"container\">\n\t\t\t\t\t<div class=\"e-con-inner\">\n\t\t\t\t<div class=\"elementor-element elementor-element-c05f4fa elementor-widget elementor-widget-text-editor\" data-id=\"c05f4fa\" data-element_type=\"widget\" data-widget_type=\"text-editor.default\">\n\t\t\t\t<div class=\"elementor-widget-container\">\n\t\t\t\t\t\t\t\t\tL\u2019esperienza dello Studio si estende al diritto del lavoro, sia pubblico che privato, trattando casi legati a contratti flessibili, demansionamento, mobbing, licenziamenti, sanzioni disciplinari, incarichi dirigenziali e indennit\u00e0 di esclusivit\u00e0. Significativa \u00e8 anche l\u2019attivit\u00e0 in ambito sanitario, come il conferimento di incarichi dirigenziali e la gestione di graduatorie aziendali.  \n\nIn ambito amministrativo, lo Studio si occupa principalmente di concorsi pubblici, procedimenti amministrativi e diritto di accesso. Il diritto civile rappresenta un ulteriore settore chiave dello Studio, con particolare attenzione alla responsabilit\u00e0 sanitaria e amministrativa; quest\u2019ultima anche con patrocinio davanti alla Corte dei Conti.  \n\nInfine, grazie all\u2019esperienza maturata all\u2019interno di organi indipendenti di valutazione da parte dell\u2019Avv. Lovo, lo Studio approfondisce temi legati al diritto previdenziale e alla qualificazione dei rapporti lavorativi tra autonomia e subordinazione.\n\nStudio legale, studi legale, assistenza legale, consulenza legale, supporto legale, avvocato, avvocati, diritto del lavoro, diritto pubblico, diritto privato, contratti flessibili, demansionamento, mobbing, licenziamenti, sanzioni disciplinari, incarichi dirigenziali, indennit\u00e0 di esclusivit\u00e0, ambito sanitario, graduatorie aziendali, diritto amministrativo, concorsi pubblici, procedimenti amministrativi, diritto di accesso, diritto civile, responsabilit\u00e0 sanitaria, responsabilit\u00e0 amministrativa, Corte dei Conti, diritto previdenziale, qualificazione rapporti lavorativi, autonomia lavorativa, subordinazione lavorativa, Pisa,\n\nStudio legale Pisa, studi legale Pisa, assistenza legale Pisa, consulenza legale Pisa, supporto legale Pisa, avvocato Pisa, avvocati Pisa, diritto del lavoro Pisa, diritto pubblico Pisa, diritto privato Pisa, contratti flessibili Pisa, demansionamento Pisa, mobbing Pisa, licenziamenti Pisa, sanzioni disciplinari Pisa, incarichi dirigenziali Pisa, indennit\u00e0 di esclusivit\u00e0 Pisa, ambito sanitario Pisa, graduatorie aziendali Pisa, diritto amministrativo Pisa, concorsi pubblici Pisa, procedimenti amministrativi Pisa, diritto di accesso Pisa, diritto civile Pisa, responsabilit\u00e0 sanitaria Pisa, responsabilit\u00e0 amministrativa Pisa, Corte dei Conti Pisa, diritto previdenziale Pisa, qualificazione rapporti lavorativi Pisa, autonomia lavorativa Pisa, subordinazione lavorativa Pisa, \n\nStudio legale a Pisa, studi legale a Pisa, assistenza legale a Pisa, consulenza legale a Pisa, supporto legale a Pisa, avvocato a Pisa, avvocati a Pisa, diritto del lavoro a Pisa, diritto pubblico a Pisa, diritto privato a Pisa, contratti flessibili a Pisa, demansionamento a Pisa, mobbing a Pisa, licenziamenti a Pisa, sanzioni disciplinari a Pisa, incarichi dirigenziali a Pisa, indennit\u00e0 di esclusivit\u00e0 a Pisa, ambito sanitario a Pisa, graduatorie aziendali a Pisa, diritto amministrativo a Pisa, concorsi pubblici a Pisa, procedimenti amministrativi a Pisa, diritto di accesso a Pisa, diritto civile a Pisa, responsabilit\u00e0 sanitaria a Pisa, responsabilit\u00e0 amministrativa a Pisa, Corte dei Conti a Pisa, diritto previdenziale a Pisa, qualificazione rapporti lavorativi a Pisa, autonomia lavorativa a Pisa, subordinazione lavorativa a Pisa, \n\t\t\t\t\t\t\t\t<\/div>\n\t\t\t\t<\/div>\n\t\t\t\t\t<\/div>\n\t\t\t\t<\/div>\n\t\t\t\t<\/div>\n\t\t","protected":false},"excerpt":{"rendered":"<div style=\"display: none;\">\n<p>L\u2019esperienza dello Studio si estende al diritto del lavoro, sia pubblico che privato, trattando casi legati a contratti flessibili, demansionamento, mobbing, licenziamenti, sanzioni disciplinari, incarichi dirigenziali e indennit\u00e0 di esclusivit\u00e0. Significativa \u00e8 anche l\u2019attivit\u00e0 in ambito sanitario, come il conferimento di incarichi dirigenziali e la gestione di graduatorie aziendali.<\/p>\n<p>In ambito amministrativo, lo Studio si occupa principalmente di concorsi pubblici, procedimenti amministrativi e diritto di accesso. Il diritto civile rappresenta un ulteriore settore chiave dello Studio, con particolare attenzione alla responsabilit\u00e0 sanitaria e amministrativa; quest\u2019ultima anche con patrocinio davanti alla Corte dei Conti.<\/p>\n<p>Infine, grazie all\u2019esperienza maturata all\u2019interno di organi indipendenti di valutazione da parte dell\u2019Avv. Lovo, lo Studio approfondisce temi legati al diritto previdenziale e alla qualificazione dei rapporti lavorativi tra autonomia e subordinazione.<\/p>\n<p>Studio legale, studi legale, assistenza legale, consulenza legale, supporto legale, avvocato, avvocati, diritto del lavoro, diritto pubblico, diritto privato, contratti flessibili, demansionamento, mobbing, licenziamenti, sanzioni disciplinari, incarichi dirigenziali, indennit\u00e0 di esclusivit\u00e0, ambito sanitario, graduatorie aziendali, diritto amministrativo, concorsi pubblici, procedimenti amministrativi, diritto di accesso, diritto civile, responsabilit\u00e0 sanitaria, responsabilit\u00e0 amministrativa, Corte dei Conti, diritto previdenziale, qualificazione rapporti lavorativi, autonomia lavorativa, subordinazione lavorativa, Pisa,<\/p>\n<p>Studio legale Pisa, studi legale Pisa, assistenza legale Pisa, consulenza legale Pisa, supporto legale Pisa, avvocato Pisa, avvocati Pisa, diritto del lavoro Pisa, diritto pubblico Pisa, diritto privato Pisa, contratti flessibili Pisa, demansionamento Pisa, mobbing Pisa, licenziamenti Pisa, sanzioni disciplinari Pisa, incarichi dirigenziali Pisa, indennit\u00e0 di esclusivit\u00e0 Pisa, ambito sanitario Pisa, graduatorie aziendali Pisa, diritto amministrativo Pisa, concorsi pubblici Pisa, procedimenti amministrativi Pisa, diritto di accesso Pisa, diritto civile Pisa, responsabilit\u00e0 sanitaria Pisa, responsabilit\u00e0 amministrativa Pisa, Corte dei Conti Pisa, diritto previdenziale Pisa, qualificazione rapporti lavorativi Pisa, autonomia lavorativa Pisa, subordinazione lavorativa Pisa,<\/p>\n<p>Studio legale a Pisa, studi legale a Pisa, assistenza legale a Pisa, consulenza legale a Pisa, supporto legale a Pisa, avvocato a Pisa, avvocati a Pisa, diritto del lavoro a Pisa, diritto pubblico a Pisa, diritto privato a Pisa, contratti flessibili a Pisa, demansionamento a Pisa, mobbing a Pisa, licenziamenti a Pisa, sanzioni disciplinari a Pisa, incarichi dirigenziali a Pisa, indennit\u00e0 di esclusivit\u00e0 a Pisa, ambito sanitario a Pisa, graduatorie aziendali a Pisa, diritto amministrativo a Pisa, concorsi pubblici a Pisa, procedimenti amministrativi a Pisa, diritto di accesso a Pisa, diritto civile a Pisa, responsabilit\u00e0 sanitaria a Pisa, responsabilit\u00e0 amministrativa a Pisa, Corte dei Conti a Pisa, diritto previdenziale a Pisa, qualificazione rapporti lavorativi a Pisa, autonomia lavorativa a Pisa, subordinazione lavorativa a Pisa,<\/p>\n<\/div>\n","protected":false},"featured_media":55772,"comment_status":"open","ping_status":"closed","template":"elementor_header_footer","meta":{"_acf_changed":false,"_et_pb_use_builder":"","_et_pb_old_content":"","_et_gb_content_width":""},"product_brand":[],"product_cat":[25,67],"product_tag":[6653,149,6660,155,145,483,160,6646,6658,6647,496,163,680,6656,5065,5076,497,6654,6651,6652,6649,6648,6662,6655,6659,4920,6657,6650,2228,142,6661,3424],"class_list":{"0":"post-55762","1":"product","2":"type-product","3":"status-publish","4":"has-post-thumbnail","6":"product_cat-professionisti","7":"product_cat-studi-legali","8":"product_tag-ambito-sanitario","9":"product_tag-assistenza-legale","10":"product_tag-autonomia-lavorativa","11":"product_tag-avvocati","12":"product_tag-avvocato","13":"product_tag-concorsi-pubblici","14":"product_tag-consulenza-legale","15":"product_tag-contratti-flessibili","16":"product_tag-corte-dei-conti","17":"product_tag-demansionamento","18":"product_tag-diritto-amministrativo","19":"product_tag-diritto-civile","20":"product_tag-diritto-del-lavoro","21":"product_tag-diritto-di-accesso","22":"product_tag-diritto-previdenziale","23":"product_tag-diritto-privato","24":"product_tag-diritto-pubblico","25":"product_tag-graduatorie-aziendali","26":"product_tag-incarichi-dirigenziali","27":"product_tag-indennita-di-esclusivita","28":"product_tag-licenziamenti","29":"product_tag-mobbing","30":"product_tag-pisa","31":"product_tag-procedimenti-amministrativi","32":"product_tag-qualificazione-rapporti-lavorativi","33":"product_tag-responsabilita-amministrativa","34":"product_tag-responsabilita-sanitaria","35":"product_tag-sanzioni-disciplinari","36":"product_tag-studi-legale","37":"product_tag-studio-legale","38":"product_tag-subordinazione-lavorativa","39":"product_tag-supporto-legale","41":"first","42":"instock","43":"shipping-taxable","44":"product-type-simple"},"acf":[],"yoast_head":"<!-- This site is optimized with the Yoast SEO plugin v26.4 - https:\/\/yoast.com\/wordpress\/plugins\/seo\/ -->\n<title>Studio Legale Lovo - Avv. Marco Lovo - Assodifesa<\/title>\n<meta name=\"robots\" content=\"index, follow, max-snippet:-1, max-image-preview:large, max-video-preview:-1\" \/>\n<link rel=\"canonical\" href=\"https:\/\/convenzioni.cralnetwork.it\/assodifesa\/prodotto\/studio-legale-lovo-avv-marco-lovo\/\" \/>\n<meta property=\"og:locale\" content=\"it_IT\" \/>\n<meta property=\"og:type\" content=\"article\" \/>\n<meta property=\"og:title\" content=\"Studio Legale Lovo - Avv. Marco Lovo - Assodifesa\" \/>\n<meta property=\"og:description\" content=\"L\u2019esperienza dello Studio si estende al diritto del lavoro, sia pubblico che privato, trattando casi legati a contratti flessibili, demansionamento, mobbing, licenziamenti, sanzioni disciplinari, incarichi dirigenziali e indennit\u00e0 di esclusivit\u00e0. Significativa \u00e8 anche l\u2019attivit\u00e0 in ambito sanitario, come il conferimento di incarichi dirigenziali e la gestione di graduatorie aziendali.  In ambito amministrativo, lo Studio si occupa principalmente di concorsi pubblici, procedimenti amministrativi e diritto di accesso. Il diritto civile rappresenta un ulteriore settore chiave dello Studio, con particolare attenzione alla responsabilit\u00e0 sanitaria e amministrativa; quest\u2019ultima anche con patrocinio davanti alla Corte dei Conti.  Infine, grazie all\u2019esperienza maturata all\u2019interno di organi indipendenti di valutazione da parte dell\u2019Avv. Lovo, lo Studio approfondisce temi legati al diritto previdenziale e alla qualificazione dei rapporti lavorativi tra autonomia e subordinazione.  Studio legale, studi legale, assistenza legale, consulenza legale, supporto legale, avvocato, avvocati, diritto del lavoro, diritto pubblico, diritto privato, contratti flessibili, demansionamento, mobbing, licenziamenti, sanzioni disciplinari, incarichi dirigenziali, indennit\u00e0 di esclusivit\u00e0, ambito sanitario, graduatorie aziendali, diritto amministrativo, concorsi pubblici, procedimenti amministrativi, diritto di accesso, diritto civile, responsabilit\u00e0 sanitaria, responsabilit\u00e0 amministrativa, Corte dei Conti, diritto previdenziale, qualificazione rapporti lavorativi, autonomia lavorativa, subordinazione lavorativa, Pisa,  Studio legale Pisa, studi legale Pisa, assistenza legale Pisa, consulenza legale Pisa, supporto legale Pisa, avvocato Pisa, avvocati Pisa, diritto del lavoro Pisa, diritto pubblico Pisa, diritto privato Pisa, contratti flessibili Pisa, demansionamento Pisa, mobbing Pisa, licenziamenti Pisa, sanzioni disciplinari Pisa, incarichi dirigenziali Pisa, indennit\u00e0 di esclusivit\u00e0 Pisa, ambito sanitario Pisa, graduatorie aziendali Pisa, diritto amministrativo Pisa, concorsi pubblici Pisa, procedimenti amministrativi Pisa, diritto di accesso Pisa, diritto civile Pisa, responsabilit\u00e0 sanitaria Pisa, responsabilit\u00e0 amministrativa Pisa, Corte dei Conti Pisa, diritto previdenziale Pisa, qualificazione rapporti lavorativi Pisa, autonomia lavorativa Pisa, subordinazione lavorativa Pisa,  Studio legale a Pisa, studi legale a Pisa, assistenza legale a Pisa, consulenza legale a Pisa, supporto legale a Pisa, avvocato a Pisa, avvocati a Pisa, diritto del lavoro a Pisa, diritto pubblico a Pisa, diritto privato a Pisa, contratti flessibili a Pisa, demansionamento a Pisa, mobbing a Pisa, licenziamenti a Pisa, sanzioni disciplinari a Pisa, incarichi dirigenziali a Pisa, indennit\u00e0 di esclusivit\u00e0 a Pisa, ambito sanitario a Pisa, graduatorie aziendali a Pisa, diritto amministrativo a Pisa, concorsi pubblici a Pisa, procedimenti amministrativi a Pisa, diritto di accesso a Pisa, diritto civile a Pisa, responsabilit\u00e0 sanitaria a Pisa, responsabilit\u00e0 amministrativa a Pisa, Corte dei Conti a Pisa, diritto previdenziale a Pisa, qualificazione rapporti lavorativi a Pisa, autonomia lavorativa a Pisa, subordinazione lavorativa a Pisa,\" \/>\n<meta property=\"og:url\" content=\"https:\/\/convenzioni.cralnetwork.it\/assodifesa\/prodotto\/studio-legale-lovo-avv-marco-lovo\/\" \/>\n<meta property=\"og:site_name\" content=\"Assodifesa\" \/>\n<meta property=\"article:modified_time\" content=\"2026-05-06T08:50:30+00:00\" \/>\n<meta property=\"og:image\" content=\"https:\/\/convenzioni.cralnetwork.it\/assodifesa\/wp-content\/uploads\/sites\/45\/2026\/05\/Logo-siti-avv-marco-lovo.png\" \/>\n\t<meta property=\"og:image:width\" content=\"300\" \/>\n\t<meta property=\"og:image:height\" content=\"300\" \/>\n\t<meta property=\"og:image:type\" content=\"image\/png\" \/>\n<meta name=\"twitter:card\" content=\"summary_large_image\" \/>\n<meta name=\"twitter:label1\" content=\"Tempo di lettura stimato\" \/>\n\t<meta name=\"twitter:data1\" content=\"5 minuti\" \/>\n<script type=\"application\/ld+json\" class=\"yoast-schema-graph\">{\"@context\":\"https:\/\/schema.org\",\"@graph\":[{\"@type\":\"WebPage\",\"@id\":\"https:\/\/convenzioni.cralnetwork.it\/assodifesa\/prodotto\/studio-legale-lovo-avv-marco-lovo\/\",\"url\":\"https:\/\/convenzioni.cralnetwork.it\/assodifesa\/prodotto\/studio-legale-lovo-avv-marco-lovo\/\",\"name\":\"Studio Legale Lovo - Avv. Marco Lovo - Assodifesa\",\"isPartOf\":{\"@id\":\"https:\/\/convenzioni.cralnetwork.it\/assodifesa\/#website\"},\"primaryImageOfPage\":{\"@id\":\"https:\/\/convenzioni.cralnetwork.it\/assodifesa\/prodotto\/studio-legale-lovo-avv-marco-lovo\/#primaryimage\"},\"image\":{\"@id\":\"https:\/\/convenzioni.cralnetwork.it\/assodifesa\/prodotto\/studio-legale-lovo-avv-marco-lovo\/#primaryimage\"},\"thumbnailUrl\":\"https:\/\/convenzioni.cralnetwork.it\/assodifesa\/wp-content\/uploads\/sites\/45\/2026\/05\/Logo-siti-avv-marco-lovo.png\",\"datePublished\":\"2026-05-05T08:16:31+00:00\",\"dateModified\":\"2026-05-06T08:50:30+00:00\",\"breadcrumb\":{\"@id\":\"https:\/\/convenzioni.cralnetwork.it\/assodifesa\/prodotto\/studio-legale-lovo-avv-marco-lovo\/#breadcrumb\"},\"inLanguage\":\"it-IT\",\"potentialAction\":[{\"@type\":\"ReadAction\",\"target\":[\"https:\/\/convenzioni.cralnetwork.it\/assodifesa\/prodotto\/studio-legale-lovo-avv-marco-lovo\/\"]}]},{\"@type\":\"ImageObject\",\"inLanguage\":\"it-IT\",\"@id\":\"https:\/\/convenzioni.cralnetwork.it\/assodifesa\/prodotto\/studio-legale-lovo-avv-marco-lovo\/#primaryimage\",\"url\":\"https:\/\/convenzioni.cralnetwork.it\/assodifesa\/wp-content\/uploads\/sites\/45\/2026\/05\/Logo-siti-avv-marco-lovo.png\",\"contentUrl\":\"https:\/\/convenzioni.cralnetwork.it\/assodifesa\/wp-content\/uploads\/sites\/45\/2026\/05\/Logo-siti-avv-marco-lovo.png\",\"width\":300,\"height\":300},{\"@type\":\"BreadcrumbList\",\"@id\":\"https:\/\/convenzioni.cralnetwork.it\/assodifesa\/prodotto\/studio-legale-lovo-avv-marco-lovo\/#breadcrumb\",\"itemListElement\":[{\"@type\":\"ListItem\",\"position\":1,\"name\":\"Home\",\"item\":\"https:\/\/convenzioni.cralnetwork.it\/assodifesa\/\"},{\"@type\":\"ListItem\",\"position\":2,\"name\":\"Shop\",\"item\":\"https:\/\/convenzioni.cralnetwork.it\/assodifesa\/negozio\/\"},{\"@type\":\"ListItem\",\"position\":3,\"name\":\"Studio Legale Lovo &#8211; Avv. Marco Lovo\"}]},{\"@type\":\"WebSite\",\"@id\":\"https:\/\/convenzioni.cralnetwork.it\/assodifesa\/#website\",\"url\":\"https:\/\/convenzioni.cralnetwork.it\/assodifesa\/\",\"name\":\"Assodifesa\",\"description\":\"Area convenzioni\",\"potentialAction\":[{\"@type\":\"SearchAction\",\"target\":{\"@type\":\"EntryPoint\",\"urlTemplate\":\"https:\/\/convenzioni.cralnetwork.it\/assodifesa\/?s={search_term_string}\"},\"query-input\":{\"@type\":\"PropertyValueSpecification\",\"valueRequired\":true,\"valueName\":\"search_term_string\"}}],\"inLanguage\":\"it-IT\"}]}<\/script>\n<!-- \/ Yoast SEO plugin. -->","yoast_head_json":{"title":"Studio Legale Lovo - Avv. Marco Lovo - Assodifesa","robots":{"index":"index","follow":"follow","max-snippet":"max-snippet:-1","max-image-preview":"max-image-preview:large","max-video-preview":"max-video-preview:-1"},"canonical":"https:\/\/convenzioni.cralnetwork.it\/assodifesa\/prodotto\/studio-legale-lovo-avv-marco-lovo\/","og_locale":"it_IT","og_type":"article","og_title":"Studio Legale Lovo - Avv. Marco Lovo - Assodifesa","og_description":"L\u2019esperienza dello Studio si estende al diritto del lavoro, sia pubblico che privato, trattando casi legati a contratti flessibili, demansionamento, mobbing, licenziamenti, sanzioni disciplinari, incarichi dirigenziali e indennit\u00e0 di esclusivit\u00e0. Significativa \u00e8 anche l\u2019attivit\u00e0 in ambito sanitario, come il conferimento di incarichi dirigenziali e la gestione di graduatorie aziendali.  In ambito amministrativo, lo Studio si occupa principalmente di concorsi pubblici, procedimenti amministrativi e diritto di accesso. Il diritto civile rappresenta un ulteriore settore chiave dello Studio, con particolare attenzione alla responsabilit\u00e0 sanitaria e amministrativa; quest\u2019ultima anche con patrocinio davanti alla Corte dei Conti.  Infine, grazie all\u2019esperienza maturata all\u2019interno di organi indipendenti di valutazione da parte dell\u2019Avv. Lovo, lo Studio approfondisce temi legati al diritto previdenziale e alla qualificazione dei rapporti lavorativi tra autonomia e subordinazione.  Studio legale, studi legale, assistenza legale, consulenza legale, supporto legale, avvocato, avvocati, diritto del lavoro, diritto pubblico, diritto privato, contratti flessibili, demansionamento, mobbing, licenziamenti, sanzioni disciplinari, incarichi dirigenziali, indennit\u00e0 di esclusivit\u00e0, ambito sanitario, graduatorie aziendali, diritto amministrativo, concorsi pubblici, procedimenti amministrativi, diritto di accesso, diritto civile, responsabilit\u00e0 sanitaria, responsabilit\u00e0 amministrativa, Corte dei Conti, diritto previdenziale, qualificazione rapporti lavorativi, autonomia lavorativa, subordinazione lavorativa, Pisa,  Studio legale Pisa, studi legale Pisa, assistenza legale Pisa, consulenza legale Pisa, supporto legale Pisa, avvocato Pisa, avvocati Pisa, diritto del lavoro Pisa, diritto pubblico Pisa, diritto privato Pisa, contratti flessibili Pisa, demansionamento Pisa, mobbing Pisa, licenziamenti Pisa, sanzioni disciplinari Pisa, incarichi dirigenziali Pisa, indennit\u00e0 di esclusivit\u00e0 Pisa, ambito sanitario Pisa, graduatorie aziendali Pisa, diritto amministrativo Pisa, concorsi pubblici Pisa, procedimenti amministrativi Pisa, diritto di accesso Pisa, diritto civile Pisa, responsabilit\u00e0 sanitaria Pisa, responsabilit\u00e0 amministrativa Pisa, Corte dei Conti Pisa, diritto previdenziale Pisa, qualificazione rapporti lavorativi Pisa, autonomia lavorativa Pisa, subordinazione lavorativa Pisa,  Studio legale a Pisa, studi legale a Pisa, assistenza legale a Pisa, consulenza legale a Pisa, supporto legale a Pisa, avvocato a Pisa, avvocati a Pisa, diritto del lavoro a Pisa, diritto pubblico a Pisa, diritto privato a Pisa, contratti flessibili a Pisa, demansionamento a Pisa, mobbing a Pisa, licenziamenti a Pisa, sanzioni disciplinari a Pisa, incarichi dirigenziali a Pisa, indennit\u00e0 di esclusivit\u00e0 a Pisa, ambito sanitario a Pisa, graduatorie aziendali a Pisa, diritto amministrativo a Pisa, concorsi pubblici a Pisa, procedimenti amministrativi a Pisa, diritto di accesso a Pisa, diritto civile a Pisa, responsabilit\u00e0 sanitaria a Pisa, responsabilit\u00e0 amministrativa a Pisa, Corte dei Conti a Pisa, diritto previdenziale a Pisa, qualificazione rapporti lavorativi a Pisa, autonomia lavorativa a Pisa, subordinazione lavorativa a Pisa,","og_url":"https:\/\/convenzioni.cralnetwork.it\/assodifesa\/prodotto\/studio-legale-lovo-avv-marco-lovo\/","og_site_name":"Assodifesa","article_modified_time":"2026-05-06T08:50:30+00:00","og_image":[{"width":300,"height":300,"url":"https:\/\/convenzioni.cralnetwork.it\/assodifesa\/wp-content\/uploads\/sites\/45\/2026\/05\/Logo-siti-avv-marco-lovo.png","type":"image\/png"}],"twitter_card":"summary_large_image","twitter_misc":{"Tempo di lettura stimato":"5 minuti"},"schema":{"@context":"https:\/\/schema.org","@graph":[{"@type":"WebPage","@id":"https:\/\/convenzioni.cralnetwork.it\/assodifesa\/prodotto\/studio-legale-lovo-avv-marco-lovo\/","url":"https:\/\/convenzioni.cralnetwork.it\/assodifesa\/prodotto\/studio-legale-lovo-avv-marco-lovo\/","name":"Studio Legale Lovo - Avv. Marco Lovo - Assodifesa","isPartOf":{"@id":"https:\/\/convenzioni.cralnetwork.it\/assodifesa\/#website"},"primaryImageOfPage":{"@id":"https:\/\/convenzioni.cralnetwork.it\/assodifesa\/prodotto\/studio-legale-lovo-avv-marco-lovo\/#primaryimage"},"image":{"@id":"https:\/\/convenzioni.cralnetwork.it\/assodifesa\/prodotto\/studio-legale-lovo-avv-marco-lovo\/#primaryimage"},"thumbnailUrl":"https:\/\/convenzioni.cralnetwork.it\/assodifesa\/wp-content\/uploads\/sites\/45\/2026\/05\/Logo-siti-avv-marco-lovo.png","datePublished":"2026-05-05T08:16:31+00:00","dateModified":"2026-05-06T08:50:30+00:00","breadcrumb":{"@id":"https:\/\/convenzioni.cralnetwork.it\/assodifesa\/prodotto\/studio-legale-lovo-avv-marco-lovo\/#breadcrumb"},"inLanguage":"it-IT","potentialAction":[{"@type":"ReadAction","target":["https:\/\/convenzioni.cralnetwork.it\/assodifesa\/prodotto\/studio-legale-lovo-avv-marco-lovo\/"]}]},{"@type":"ImageObject","inLanguage":"it-IT","@id":"https:\/\/convenzioni.cralnetwork.it\/assodifesa\/prodotto\/studio-legale-lovo-avv-marco-lovo\/#primaryimage","url":"https:\/\/convenzioni.cralnetwork.it\/assodifesa\/wp-content\/uploads\/sites\/45\/2026\/05\/Logo-siti-avv-marco-lovo.png","contentUrl":"https:\/\/convenzioni.cralnetwork.it\/assodifesa\/wp-content\/uploads\/sites\/45\/2026\/05\/Logo-siti-avv-marco-lovo.png","width":300,"height":300},{"@type":"BreadcrumbList","@id":"https:\/\/convenzioni.cralnetwork.it\/assodifesa\/prodotto\/studio-legale-lovo-avv-marco-lovo\/#breadcrumb","itemListElement":[{"@type":"ListItem","position":1,"name":"Home","item":"https:\/\/convenzioni.cralnetwork.it\/assodifesa\/"},{"@type":"ListItem","position":2,"name":"Shop","item":"https:\/\/convenzioni.cralnetwork.it\/assodifesa\/negozio\/"},{"@type":"ListItem","position":3,"name":"Studio Legale Lovo &#8211; Avv. Marco Lovo"}]},{"@type":"WebSite","@id":"https:\/\/convenzioni.cralnetwork.it\/assodifesa\/#website","url":"https:\/\/convenzioni.cralnetwork.it\/assodifesa\/","name":"Assodifesa","description":"Area convenzioni","potentialAction":[{"@type":"SearchAction","target":{"@type":"EntryPoint","urlTemplate":"https:\/\/convenzioni.cralnetwork.it\/assodifesa\/?s={search_term_string}"},"query-input":{"@type":"PropertyValueSpecification","valueRequired":true,"valueName":"search_term_string"}}],"inLanguage":"it-IT"}]}},"publishpress_future_workflow_manual_trigger":{"enabledWorkflows":[]},"_links":{"self":[{"href":"https:\/\/convenzioni.cralnetwork.it\/assodifesa\/wp-json\/wp\/v2\/product\/55762","targetHints":{"allow":["GET"]}}],"collection":[{"href":"https:\/\/convenzioni.cralnetwork.it\/assodifesa\/wp-json\/wp\/v2\/product"}],"about":[{"href":"https:\/\/convenzioni.cralnetwork.it\/assodifesa\/wp-json\/wp\/v2\/types\/product"}],"replies":[{"embeddable":true,"href":"https:\/\/convenzioni.cralnetwork.it\/assodifesa\/wp-json\/wp\/v2\/comments?post=55762"}],"version-history":[{"count":14,"href":"https:\/\/convenzioni.cralnetwork.it\/assodifesa\/wp-json\/wp\/v2\/product\/55762\/revisions"}],"predecessor-version":[{"id":55889,"href":"https:\/\/convenzioni.cralnetwork.it\/assodifesa\/wp-json\/wp\/v2\/product\/55762\/revisions\/55889"}],"wp:featuredmedia":[{"embeddable":true,"href":"https:\/\/convenzioni.cralnetwork.it\/assodifesa\/wp-json\/wp\/v2\/media\/55772"}],"wp:attachment":[{"href":"https:\/\/convenzioni.cralnetwork.it\/assodifesa\/wp-json\/wp\/v2\/media?parent=55762"}],"wp:term":[{"taxonomy":"product_brand","embeddable":true,"href":"https:\/\/convenzioni.cralnetwork.it\/assodifesa\/wp-json\/wp\/v2\/product_brand?post=55762"},{"taxonomy":"product_cat","embeddable":true,"href":"https:\/\/convenzioni.cralnetwork.it\/assodifesa\/wp-json\/wp\/v2\/product_cat?post=55762"},{"taxonomy":"product_tag","embeddable":true,"href":"https:\/\/convenzioni.cralnetwork.it\/assodifesa\/wp-json\/wp\/v2\/product_tag?post=55762"}],"curies":[{"name":"wp","href":"https:\/\/api.w.org\/{rel}","templated":true}]}}