{"id":31689,"date":"2025-02-14T14:17:35","date_gmt":"2025-02-14T13:17:35","guid":{"rendered":"https:\/\/convenzioni.cralnetwork.it\/assodifesa\/?post_type=product&#038;p=31689"},"modified":"2025-06-04T15:15:32","modified_gmt":"2025-06-04T13:15:32","slug":"casa-di-riposo-villa-fidelis","status":"publish","type":"product","link":"https:\/\/convenzioni.cralnetwork.it\/assodifesa\/prodotto\/casa-di-riposo-villa-fidelis\/","title":{"rendered":"Casa di riposo Villa Fidelis"},"content":{"rendered":"\t\t<div data-elementor-type=\"wp-post\" data-elementor-id=\"31689\" class=\"elementor elementor-31689\">\n\t\t\t\t<div class=\"elementor-element elementor-element-20e66e0 e-flex e-con-boxed wpr-particle-no wpr-jarallax-no wpr-parallax-no wpr-sticky-section-no e-con e-parent\" data-id=\"20e66e0\" data-element_type=\"container\" data-settings=\"{&quot;background_background&quot;:&quot;classic&quot;}\">\n\t\t\t\t\t<div class=\"e-con-inner\">\n\t\t\t\t<div class=\"elementor-element elementor-element-4f5594e elementor-widget elementor-widget-text-editor\" data-id=\"4f5594e\" data-element_type=\"widget\" data-widget_type=\"text-editor.default\">\n\t\t\t\t<div class=\"elementor-widget-container\">\n\t\t\t\t\t\t\t\t\t<p>Casa di riposo Villa Fidelis,<br \/>luogo di relazioni e di accoglienza<\/p>\t\t\t\t\t\t\t\t<\/div>\n\t\t\t\t<\/div>\n\t\t\t\t<div class=\"elementor-element elementor-element-9fad9ee elementor-widget__width-initial elementor-widget elementor-widget-text-editor\" data-id=\"9fad9ee\" data-element_type=\"widget\" data-widget_type=\"text-editor.default\">\n\t\t\t\t<div class=\"elementor-widget-container\">\n\t\t\t\t\t\t\t\t\t<p>Villa Fidelis \u00e8 una casa di riposo per anziani che offre ai propri ospiti un luogo accogliente e familiare, i comfort di un servizio alberghiero abbinato al supporto socio-assistenziale professionale e personalizzato in base alle diverse esigenze di assistenza.<\/p>\t\t\t\t\t\t\t\t<\/div>\n\t\t\t\t<\/div>\n\t\t\t\t<div class=\"elementor-element elementor-element-7fb42bc elementor-widget__width-initial elementor-widget elementor-widget-image\" data-id=\"7fb42bc\" data-element_type=\"widget\" data-widget_type=\"image.default\">\n\t\t\t\t<div class=\"elementor-widget-container\">\n\t\t\t\t\t\t\t\t\t\t\t\t\t\t\t<img decoding=\"async\" width=\"300\" height=\"120\" src=\"https:\/\/convenzioni.cralnetwork.it\/assodifesa\/wp-content\/uploads\/sites\/45\/2025\/02\/logoWEBbc.png\" class=\"attachment-full size-full wp-image-31693\" alt=\"\" \/>\t\t\t\t\t\t\t\t\t\t\t\t\t\t\t<\/div>\n\t\t\t\t<\/div>\n\t\t<div class=\"elementor-element elementor-element-1eae64e elementor-hidden-desktop elementor-hidden-tablet e-flex e-con-boxed wpr-particle-no wpr-jarallax-no wpr-parallax-no wpr-sticky-section-no e-con e-child\" data-id=\"1eae64e\" data-element_type=\"container\">\n\t\t\t\t\t<div class=\"e-con-inner\">\n\t\t\t\t<div class=\"elementor-element elementor-element-cfcd09e elementor-widget-mobile__width-inherit elementor-widget elementor-widget-image\" data-id=\"cfcd09e\" data-element_type=\"widget\" data-widget_type=\"image.default\">\n\t\t\t\t<div class=\"elementor-widget-container\">\n\t\t\t\t\t\t\t\t\t\t\t\t\t\t\t<img fetchpriority=\"high\" fetchpriority=\"high\" decoding=\"async\" width=\"2048\" height=\"1365\" src=\"https:\/\/convenzioni.cralnetwork.it\/assodifesa\/wp-content\/uploads\/sites\/45\/2025\/02\/fid.png\" class=\"attachment-full size-full wp-image-31694\" alt=\"\" srcset=\"https:\/\/convenzioni.cralnetwork.it\/assodifesa\/wp-content\/uploads\/sites\/45\/2025\/02\/fid.png 2048w, https:\/\/convenzioni.cralnetwork.it\/assodifesa\/wp-content\/uploads\/sites\/45\/2025\/02\/fid-1280x853.png 1280w, https:\/\/convenzioni.cralnetwork.it\/assodifesa\/wp-content\/uploads\/sites\/45\/2025\/02\/fid-980x653.png 980w, https:\/\/convenzioni.cralnetwork.it\/assodifesa\/wp-content\/uploads\/sites\/45\/2025\/02\/fid-480x320.png 480w\" sizes=\"(min-width: 0px) and (max-width: 480px) 480px, (min-width: 481px) and (max-width: 980px) 980px, (min-width: 981px) and (max-width: 1280px) 1280px, (min-width: 1281px) 2048px, 100vw\" \/>\t\t\t\t\t\t\t\t\t\t\t\t\t\t\t<\/div>\n\t\t\t\t<\/div>\n\t\t\t\t\t<\/div>\n\t\t\t\t<\/div>\n\t\t\t\t\t<\/div>\n\t\t\t\t<\/div>\n\t\t<div class=\"elementor-element elementor-element-d0e5e70 elementor-hidden-tablet elementor-hidden-mobile e-flex e-con-boxed wpr-particle-no wpr-jarallax-no wpr-parallax-no wpr-sticky-section-no e-con e-parent\" data-id=\"d0e5e70\" data-element_type=\"container\">\n\t\t\t\t\t<div class=\"e-con-inner\">\n\t\t<a class=\"elementor-element elementor-element-8538b85 e-con-full e-flex wpr-particle-no wpr-jarallax-no wpr-parallax-no wpr-sticky-section-no e-con e-child\" data-id=\"8538b85\" data-element_type=\"container\" data-settings=\"{&quot;background_background&quot;:&quot;classic&quot;}\" href=\"https:\/\/casadiriposovillafidelis.it\/servizi\/\">\n\t\t\t\t<div class=\"elementor-element elementor-element-e477f35 elementor-view-default elementor-widget elementor-widget-icon\" data-id=\"e477f35\" data-element_type=\"widget\" data-widget_type=\"icon.default\">\n\t\t\t\t<div class=\"elementor-widget-container\">\n\t\t\t\t\t\t\t<div class=\"elementor-icon-wrapper\">\n\t\t\t<div class=\"elementor-icon\">\n\t\t\t<svg aria-hidden=\"true\" class=\"e-font-icon-svg e-fas-hotel\" viewBox=\"0 0 576 512\" xmlns=\"http:\/\/www.w3.org\/2000\/svg\"><path d=\"M560 64c8.84 0 16-7.16 16-16V16c0-8.84-7.16-16-16-16H16C7.16 0 0 7.16 0 16v32c0 8.84 7.16 16 16 16h15.98v384H16c-8.84 0-16 7.16-16 16v32c0 8.84 7.16 16 16 16h240v-80c0-8.8 7.2-16 16-16h32c8.8 0 16 7.2 16 16v80h240c8.84 0 16-7.16 16-16v-32c0-8.84-7.16-16-16-16h-16V64h16zm-304 44.8c0-6.4 6.4-12.8 12.8-12.8h38.4c6.4 0 12.8 6.4 12.8 12.8v38.4c0 6.4-6.4 12.8-12.8 12.8h-38.4c-6.4 0-12.8-6.4-12.8-12.8v-38.4zm0 96c0-6.4 6.4-12.8 12.8-12.8h38.4c6.4 0 12.8 6.4 12.8 12.8v38.4c0 6.4-6.4 12.8-12.8 12.8h-38.4c-6.4 0-12.8-6.4-12.8-12.8v-38.4zm-128-96c0-6.4 6.4-12.8 12.8-12.8h38.4c6.4 0 12.8 6.4 12.8 12.8v38.4c0 6.4-6.4 12.8-12.8 12.8h-38.4c-6.4 0-12.8-6.4-12.8-12.8v-38.4zM179.2 256h-38.4c-6.4 0-12.8-6.4-12.8-12.8v-38.4c0-6.4 6.4-12.8 12.8-12.8h38.4c6.4 0 12.8 6.4 12.8 12.8v38.4c0 6.4-6.4 12.8-12.8 12.8zM192 384c0-53.02 42.98-96 96-96s96 42.98 96 96H192zm256-140.8c0 6.4-6.4 12.8-12.8 12.8h-38.4c-6.4 0-12.8-6.4-12.8-12.8v-38.4c0-6.4 6.4-12.8 12.8-12.8h38.4c6.4 0 12.8 6.4 12.8 12.8v38.4zm0-96c0 6.4-6.4 12.8-12.8 12.8h-38.4c-6.4 0-12.8-6.4-12.8-12.8v-38.4c0-6.4 6.4-12.8 12.8-12.8h38.4c6.4 0 12.8 6.4 12.8 12.8v38.4z\"><\/path><\/svg>\t\t\t<\/div>\n\t\t<\/div>\n\t\t\t\t\t\t<\/div>\n\t\t\t\t<\/div>\n\t\t\t\t<div class=\"elementor-element elementor-element-b28fa27 elementor-widget__width-inherit elementor-widget elementor-widget-text-editor\" data-id=\"b28fa27\" data-element_type=\"widget\" data-widget_type=\"text-editor.default\">\n\t\t\t\t<div class=\"elementor-widget-container\">\n\t\t\t\t\t\t\t\t\t<p>SERVIZIO ALBERGHIERO<\/p>\t\t\t\t\t\t\t\t<\/div>\n\t\t\t\t<\/div>\n\t\t\t\t<div class=\"elementor-element elementor-element-a363d4d elementor-widget__width-inherit elementor-widget elementor-widget-text-editor\" data-id=\"a363d4d\" data-element_type=\"widget\" data-widget_type=\"text-editor.default\">\n\t\t\t\t<div class=\"elementor-widget-container\">\n\t\t\t\t\t\t\t\t\t<p>Villa Fidelis offre un servizio alberghiero completo con 12 camere singole di cui una parte con servizi privati.<\/p>\t\t\t\t\t\t\t\t<\/div>\n\t\t\t\t<\/div>\n\t\t\t\t<\/a>\n\t\t<a class=\"elementor-element elementor-element-5ff9321 e-con-full e-flex wpr-particle-no wpr-jarallax-no wpr-parallax-no wpr-sticky-section-no e-con e-child\" data-id=\"5ff9321\" data-element_type=\"container\" data-settings=\"{&quot;background_background&quot;:&quot;classic&quot;}\" href=\"https:\/\/casadiriposovillafidelis.it\/servizi\/\">\n\t\t\t\t<div class=\"elementor-element elementor-element-7c0f6c5 elementor-view-default elementor-widget elementor-widget-icon\" data-id=\"7c0f6c5\" data-element_type=\"widget\" data-widget_type=\"icon.default\">\n\t\t\t\t<div class=\"elementor-widget-container\">\n\t\t\t\t\t\t\t<div class=\"elementor-icon-wrapper\">\n\t\t\t<div class=\"elementor-icon\">\n\t\t\t<svg aria-hidden=\"true\" class=\"e-font-icon-svg e-fas-hand-holding-medical\" viewBox=\"0 0 576 512\" xmlns=\"http:\/\/www.w3.org\/2000\/svg\"><path d=\"M159.88,175.82h64v64a16,16,0,0,0,16,16h64a16,16,0,0,0,16-16v-64h64a16,16,0,0,0,16-16v-64a16,16,0,0,0-16-16h-64v-64a16,16,0,0,0-16-16h-64a16,16,0,0,0-16,16v64h-64a16,16,0,0,0-16,16v64A16,16,0,0,0,159.88,175.82ZM568.07,336.13a39.91,39.91,0,0,0-55.93-8.47L392.47,415.84H271.86a16,16,0,0,1,0-32H350.1c16,0,30.75-10.87,33.37-26.61a32.06,32.06,0,0,0-31.62-37.38h-160a117.7,117.7,0,0,0-74.12,26.25l-46.5,37.74H15.87a16.11,16.11,0,0,0-16,16v96a16.11,16.11,0,0,0,16,16h347a104.8,104.8,0,0,0,61.7-20.27L559.6,392A40,40,0,0,0,568.07,336.13Z\"><\/path><\/svg>\t\t\t<\/div>\n\t\t<\/div>\n\t\t\t\t\t\t<\/div>\n\t\t\t\t<\/div>\n\t\t\t\t<div class=\"elementor-element elementor-element-3459b22 elementor-widget__width-inherit elementor-widget elementor-widget-text-editor\" data-id=\"3459b22\" data-element_type=\"widget\" data-widget_type=\"text-editor.default\">\n\t\t\t\t<div class=\"elementor-widget-container\">\n\t\t\t\t\t\t\t\t\t<p>SERVIZIO<br \/>INFERMIERISTICO H24<\/p>\t\t\t\t\t\t\t\t<\/div>\n\t\t\t\t<\/div>\n\t\t\t\t<div class=\"elementor-element elementor-element-6433d05 elementor-widget__width-inherit elementor-widget elementor-widget-text-editor\" data-id=\"6433d05\" data-element_type=\"widget\" data-widget_type=\"text-editor.default\">\n\t\t\t\t<div class=\"elementor-widget-container\">\n\t\t\t\t\t\t\t\t\t<p>Gli operatori OSS di Villa Fidelis garantiscono un servizio infermieristico H24.<\/p>\t\t\t\t\t\t\t\t<\/div>\n\t\t\t\t<\/div>\n\t\t\t\t<\/a>\n\t\t<a class=\"elementor-element elementor-element-9eac703 e-con-full e-flex wpr-particle-no wpr-jarallax-no wpr-parallax-no wpr-sticky-section-no e-con e-child\" data-id=\"9eac703\" data-element_type=\"container\" data-settings=\"{&quot;background_background&quot;:&quot;classic&quot;}\" href=\"https:\/\/casadiriposovillafidelis.it\/servizi\/\">\n\t\t\t\t<div class=\"elementor-element elementor-element-2bd8533 elementor-view-default elementor-widget elementor-widget-icon\" data-id=\"2bd8533\" data-element_type=\"widget\" data-widget_type=\"icon.default\">\n\t\t\t\t<div class=\"elementor-widget-container\">\n\t\t\t\t\t\t\t<div class=\"elementor-icon-wrapper\">\n\t\t\t<div class=\"elementor-icon\">\n\t\t\t<svg aria-hidden=\"true\" class=\"e-font-icon-svg e-fas-paint-brush\" viewBox=\"0 0 512 512\" xmlns=\"http:\/\/www.w3.org\/2000\/svg\"><path d=\"M167.02 309.34c-40.12 2.58-76.53 17.86-97.19 72.3-2.35 6.21-8 9.98-14.59 9.98-11.11 0-45.46-27.67-55.25-34.35C0 439.62 37.93 512 128 512c75.86 0 128-43.77 128-120.19 0-3.11-.65-6.08-.97-9.13l-88.01-73.34zM457.89 0c-15.16 0-29.37 6.71-40.21 16.45C213.27 199.05 192 203.34 192 257.09c0 13.7 3.25 26.76 8.73 38.7l63.82 53.18c7.21 1.8 14.64 3.03 22.39 3.03 62.11 0 98.11-45.47 211.16-256.46 7.38-14.35 13.9-29.85 13.9-45.99C512 20.64 486 0 457.89 0z\"><\/path><\/svg>\t\t\t<\/div>\n\t\t<\/div>\n\t\t\t\t\t\t<\/div>\n\t\t\t\t<\/div>\n\t\t\t\t<div class=\"elementor-element elementor-element-4b25bff elementor-widget__width-inherit elementor-widget elementor-widget-text-editor\" data-id=\"4b25bff\" data-element_type=\"widget\" data-widget_type=\"text-editor.default\">\n\t\t\t\t<div class=\"elementor-widget-container\">\n\t\t\t\t\t\t\t\t\tTERAPIE OCCUPAZIONALI\t\t\t\t\t\t\t\t<\/div>\n\t\t\t\t<\/div>\n\t\t\t\t<div class=\"elementor-element elementor-element-587a547 elementor-widget__width-inherit elementor-widget elementor-widget-text-editor\" data-id=\"587a547\" data-element_type=\"widget\" data-widget_type=\"text-editor.default\">\n\t\t\t\t<div class=\"elementor-widget-container\">\n\t\t\t\t\t\t\t\t\t<p>Villa Fidelis \u00e8 dotata di una figura professionale specializzata in terapia occupazionale.<\/p>\t\t\t\t\t\t\t\t<\/div>\n\t\t\t\t<\/div>\n\t\t\t\t<\/a>\n\t\t\t\t\t<\/div>\n\t\t\t\t<\/div>\n\t\t<div class=\"elementor-element elementor-element-7598783 elementor-hidden-desktop e-flex e-con-boxed wpr-particle-no wpr-jarallax-no wpr-parallax-no wpr-sticky-section-no e-con e-parent\" data-id=\"7598783\" data-element_type=\"container\">\n\t\t\t\t\t<div class=\"e-con-inner\">\n\t\t<a class=\"elementor-element elementor-element-996309d e-con-full e-flex wpr-particle-no wpr-jarallax-no wpr-parallax-no wpr-sticky-section-no e-con e-child\" data-id=\"996309d\" data-element_type=\"container\" data-settings=\"{&quot;background_background&quot;:&quot;classic&quot;}\" href=\"https:\/\/casadiriposovillafidelis.it\/servizi\/\">\n\t\t\t\t<div class=\"elementor-element elementor-element-cc8cea4 elementor-view-default elementor-widget elementor-widget-icon\" data-id=\"cc8cea4\" data-element_type=\"widget\" data-widget_type=\"icon.default\">\n\t\t\t\t<div class=\"elementor-widget-container\">\n\t\t\t\t\t\t\t<div class=\"elementor-icon-wrapper\">\n\t\t\t<div class=\"elementor-icon\">\n\t\t\t<svg aria-hidden=\"true\" class=\"e-font-icon-svg e-fas-hotel\" viewBox=\"0 0 576 512\" xmlns=\"http:\/\/www.w3.org\/2000\/svg\"><path d=\"M560 64c8.84 0 16-7.16 16-16V16c0-8.84-7.16-16-16-16H16C7.16 0 0 7.16 0 16v32c0 8.84 7.16 16 16 16h15.98v384H16c-8.84 0-16 7.16-16 16v32c0 8.84 7.16 16 16 16h240v-80c0-8.8 7.2-16 16-16h32c8.8 0 16 7.2 16 16v80h240c8.84 0 16-7.16 16-16v-32c0-8.84-7.16-16-16-16h-16V64h16zm-304 44.8c0-6.4 6.4-12.8 12.8-12.8h38.4c6.4 0 12.8 6.4 12.8 12.8v38.4c0 6.4-6.4 12.8-12.8 12.8h-38.4c-6.4 0-12.8-6.4-12.8-12.8v-38.4zm0 96c0-6.4 6.4-12.8 12.8-12.8h38.4c6.4 0 12.8 6.4 12.8 12.8v38.4c0 6.4-6.4 12.8-12.8 12.8h-38.4c-6.4 0-12.8-6.4-12.8-12.8v-38.4zm-128-96c0-6.4 6.4-12.8 12.8-12.8h38.4c6.4 0 12.8 6.4 12.8 12.8v38.4c0 6.4-6.4 12.8-12.8 12.8h-38.4c-6.4 0-12.8-6.4-12.8-12.8v-38.4zM179.2 256h-38.4c-6.4 0-12.8-6.4-12.8-12.8v-38.4c0-6.4 6.4-12.8 12.8-12.8h38.4c6.4 0 12.8 6.4 12.8 12.8v38.4c0 6.4-6.4 12.8-12.8 12.8zM192 384c0-53.02 42.98-96 96-96s96 42.98 96 96H192zm256-140.8c0 6.4-6.4 12.8-12.8 12.8h-38.4c-6.4 0-12.8-6.4-12.8-12.8v-38.4c0-6.4 6.4-12.8 12.8-12.8h38.4c6.4 0 12.8 6.4 12.8 12.8v38.4zm0-96c0 6.4-6.4 12.8-12.8 12.8h-38.4c-6.4 0-12.8-6.4-12.8-12.8v-38.4c0-6.4 6.4-12.8 12.8-12.8h38.4c6.4 0 12.8 6.4 12.8 12.8v38.4z\"><\/path><\/svg>\t\t\t<\/div>\n\t\t<\/div>\n\t\t\t\t\t\t<\/div>\n\t\t\t\t<\/div>\n\t\t\t\t<div class=\"elementor-element elementor-element-53bfae0 elementor-widget__width-inherit elementor-widget elementor-widget-text-editor\" data-id=\"53bfae0\" data-element_type=\"widget\" data-widget_type=\"text-editor.default\">\n\t\t\t\t<div class=\"elementor-widget-container\">\n\t\t\t\t\t\t\t\t\t<p>SERVIZIO ALBERGHIERO<\/p>\t\t\t\t\t\t\t\t<\/div>\n\t\t\t\t<\/div>\n\t\t\t\t<div class=\"elementor-element elementor-element-e9dbc4e elementor-widget__width-inherit elementor-widget elementor-widget-text-editor\" data-id=\"e9dbc4e\" data-element_type=\"widget\" data-widget_type=\"text-editor.default\">\n\t\t\t\t<div class=\"elementor-widget-container\">\n\t\t\t\t\t\t\t\t\t<p>Villa Fidelis offre un servizio alberghiero completo con 12 camere singole di cui una parte con servizi privati.<\/p>\t\t\t\t\t\t\t\t<\/div>\n\t\t\t\t<\/div>\n\t\t\t\t<\/a>\n\t\t<a class=\"elementor-element elementor-element-18f6dd4 e-con-full e-flex wpr-particle-no wpr-jarallax-no wpr-parallax-no wpr-sticky-section-no e-con e-child\" data-id=\"18f6dd4\" data-element_type=\"container\" data-settings=\"{&quot;background_background&quot;:&quot;classic&quot;}\" href=\"https:\/\/casadiriposovillafidelis.it\/servizi\/\">\n\t\t\t\t<div class=\"elementor-element elementor-element-7609110 elementor-view-default elementor-widget elementor-widget-icon\" data-id=\"7609110\" data-element_type=\"widget\" data-widget_type=\"icon.default\">\n\t\t\t\t<div class=\"elementor-widget-container\">\n\t\t\t\t\t\t\t<div class=\"elementor-icon-wrapper\">\n\t\t\t<div class=\"elementor-icon\">\n\t\t\t<svg aria-hidden=\"true\" class=\"e-font-icon-svg e-fas-hand-holding-medical\" viewBox=\"0 0 576 512\" xmlns=\"http:\/\/www.w3.org\/2000\/svg\"><path d=\"M159.88,175.82h64v64a16,16,0,0,0,16,16h64a16,16,0,0,0,16-16v-64h64a16,16,0,0,0,16-16v-64a16,16,0,0,0-16-16h-64v-64a16,16,0,0,0-16-16h-64a16,16,0,0,0-16,16v64h-64a16,16,0,0,0-16,16v64A16,16,0,0,0,159.88,175.82ZM568.07,336.13a39.91,39.91,0,0,0-55.93-8.47L392.47,415.84H271.86a16,16,0,0,1,0-32H350.1c16,0,30.75-10.87,33.37-26.61a32.06,32.06,0,0,0-31.62-37.38h-160a117.7,117.7,0,0,0-74.12,26.25l-46.5,37.74H15.87a16.11,16.11,0,0,0-16,16v96a16.11,16.11,0,0,0,16,16h347a104.8,104.8,0,0,0,61.7-20.27L559.6,392A40,40,0,0,0,568.07,336.13Z\"><\/path><\/svg>\t\t\t<\/div>\n\t\t<\/div>\n\t\t\t\t\t\t<\/div>\n\t\t\t\t<\/div>\n\t\t\t\t<div class=\"elementor-element elementor-element-85ca89d elementor-widget__width-inherit elementor-widget elementor-widget-text-editor\" data-id=\"85ca89d\" data-element_type=\"widget\" data-widget_type=\"text-editor.default\">\n\t\t\t\t<div class=\"elementor-widget-container\">\n\t\t\t\t\t\t\t\t\t<p>SERVIZIO<br \/>INFERMIERISTICO H24<\/p>\t\t\t\t\t\t\t\t<\/div>\n\t\t\t\t<\/div>\n\t\t\t\t<div class=\"elementor-element elementor-element-9254f4c elementor-widget__width-inherit elementor-widget elementor-widget-text-editor\" data-id=\"9254f4c\" data-element_type=\"widget\" data-widget_type=\"text-editor.default\">\n\t\t\t\t<div class=\"elementor-widget-container\">\n\t\t\t\t\t\t\t\t\t<p>Gli operatori OSS di Villa Fidelis garantiscono un servizio infermieristico H24.<\/p>\t\t\t\t\t\t\t\t<\/div>\n\t\t\t\t<\/div>\n\t\t\t\t<\/a>\n\t\t<a class=\"elementor-element elementor-element-6bf370f e-con-full e-flex wpr-particle-no wpr-jarallax-no wpr-parallax-no wpr-sticky-section-no e-con e-child\" data-id=\"6bf370f\" data-element_type=\"container\" data-settings=\"{&quot;background_background&quot;:&quot;classic&quot;}\" href=\"https:\/\/casadiriposovillafidelis.it\/servizi\/\">\n\t\t\t\t<div class=\"elementor-element elementor-element-3f1f398 elementor-view-default elementor-widget elementor-widget-icon\" data-id=\"3f1f398\" data-element_type=\"widget\" data-widget_type=\"icon.default\">\n\t\t\t\t<div class=\"elementor-widget-container\">\n\t\t\t\t\t\t\t<div class=\"elementor-icon-wrapper\">\n\t\t\t<div class=\"elementor-icon\">\n\t\t\t<svg aria-hidden=\"true\" class=\"e-font-icon-svg e-fas-paint-brush\" viewBox=\"0 0 512 512\" xmlns=\"http:\/\/www.w3.org\/2000\/svg\"><path d=\"M167.02 309.34c-40.12 2.58-76.53 17.86-97.19 72.3-2.35 6.21-8 9.98-14.59 9.98-11.11 0-45.46-27.67-55.25-34.35C0 439.62 37.93 512 128 512c75.86 0 128-43.77 128-120.19 0-3.11-.65-6.08-.97-9.13l-88.01-73.34zM457.89 0c-15.16 0-29.37 6.71-40.21 16.45C213.27 199.05 192 203.34 192 257.09c0 13.7 3.25 26.76 8.73 38.7l63.82 53.18c7.21 1.8 14.64 3.03 22.39 3.03 62.11 0 98.11-45.47 211.16-256.46 7.38-14.35 13.9-29.85 13.9-45.99C512 20.64 486 0 457.89 0z\"><\/path><\/svg>\t\t\t<\/div>\n\t\t<\/div>\n\t\t\t\t\t\t<\/div>\n\t\t\t\t<\/div>\n\t\t\t\t<div class=\"elementor-element elementor-element-7d77805 elementor-widget__width-inherit elementor-widget elementor-widget-text-editor\" data-id=\"7d77805\" data-element_type=\"widget\" data-widget_type=\"text-editor.default\">\n\t\t\t\t<div class=\"elementor-widget-container\">\n\t\t\t\t\t\t\t\t\tTERAPIE OCCUPAZIONALI\t\t\t\t\t\t\t\t<\/div>\n\t\t\t\t<\/div>\n\t\t\t\t<div class=\"elementor-element elementor-element-877c778 elementor-widget__width-inherit elementor-widget elementor-widget-text-editor\" data-id=\"877c778\" data-element_type=\"widget\" data-widget_type=\"text-editor.default\">\n\t\t\t\t<div class=\"elementor-widget-container\">\n\t\t\t\t\t\t\t\t\t<p>Villa Fidelis \u00e8 dotata di una figura professionale specializzata in terapia occupazionale.<\/p>\t\t\t\t\t\t\t\t<\/div>\n\t\t\t\t<\/div>\n\t\t\t\t<\/a>\n\t\t\t\t\t<\/div>\n\t\t\t\t<\/div>\n\t\t<div class=\"elementor-element elementor-element-0807178 elementor-hidden-desktop e-flex e-con-boxed wpr-particle-no wpr-jarallax-no wpr-parallax-no wpr-sticky-section-no e-con e-parent\" data-id=\"0807178\" data-element_type=\"container\">\n\t\t\t\t\t<div class=\"e-con-inner\">\n\t\t<div class=\"elementor-element elementor-element-45d9e7d e-con-full e-flex wpr-particle-no wpr-jarallax-no wpr-parallax-no wpr-sticky-section-no e-con e-child\" data-id=\"45d9e7d\" data-element_type=\"container\">\n\t\t\t\t<div class=\"elementor-element elementor-element-15b3543 elementor-widget__width-inherit elementor-widget elementor-widget-text-editor\" data-id=\"15b3543\" data-element_type=\"widget\" data-widget_type=\"text-editor.default\">\n\t\t\t\t<div class=\"elementor-widget-container\">\n\t\t\t\t\t\t\t\t\tGli OPERATORi\t\t\t\t\t\t\t\t<\/div>\n\t\t\t\t<\/div>\n\t\t\t\t<div class=\"elementor-element elementor-element-e078e5c elementor-widget__width-inherit elementor-widget elementor-widget-text-editor\" data-id=\"e078e5c\" data-element_type=\"widget\" data-widget_type=\"text-editor.default\">\n\t\t\t\t<div class=\"elementor-widget-container\">\n\t\t\t\t\t\t\t\t\tPerch\u00e8 l&#8217;operatore \u00e8 importante\n\t\t\t\t\t\t\t\t<\/div>\n\t\t\t\t<\/div>\n\t\t\t\t<div class=\"elementor-element elementor-element-99b4058 elementor-widget__width-inherit elementor-widget elementor-widget-text-editor\" data-id=\"99b4058\" data-element_type=\"widget\" data-widget_type=\"text-editor.default\">\n\t\t\t\t<div class=\"elementor-widget-container\">\n\t\t\t\t\t\t\t\t\t<p>Le persone che risiedono a Villa Fidelis sono considerate &#8220;ospiti&#8221; e come tali devono godere di tutta l&#8217;accoglienza possibile, gli operatori che lavorano a Villafidelis sono preparati professionalmente per rendere un soggiorno di qualit\u00e0.<\/p><p>Le doti personali che contraddistinguono gli operatori Villa Fidelis si possono riassumere in:<br \/><strong>Professionalit\u00e0\u00a0 \u2022\u00a0 \u00a0Rispetto\u00a0 \u2022\u00a0 \u00a0Disponibilit\u00e0\u00a0 \u2022\u00a0 \u00a0Comprensione<\/strong><\/p>\t\t\t\t\t\t\t\t<\/div>\n\t\t\t\t<\/div>\n\t\t\t\t<div class=\"elementor-element elementor-element-3d799a5 elementor-widget-divider--view-line elementor-widget elementor-widget-divider\" data-id=\"3d799a5\" data-element_type=\"widget\" data-widget_type=\"divider.default\">\n\t\t\t\t<div class=\"elementor-widget-container\">\n\t\t\t\t\t\t\t<div class=\"elementor-divider\">\n\t\t\t<span class=\"elementor-divider-separator\">\n\t\t\t\t\t\t<\/span>\n\t\t<\/div>\n\t\t\t\t\t\t<\/div>\n\t\t\t\t<\/div>\n\t\t\t\t<div class=\"elementor-element elementor-element-117857f elementor-widget__width-inherit elementor-widget elementor-widget-text-editor\" data-id=\"117857f\" data-element_type=\"widget\" data-widget_type=\"text-editor.default\">\n\t\t\t\t<div class=\"elementor-widget-container\">\n\t\t\t\t\t\t\t\t\tLOCATION\t\t\t\t\t\t\t\t<\/div>\n\t\t\t\t<\/div>\n\t\t\t\t<div class=\"elementor-element elementor-element-d50087f elementor-widget__width-inherit elementor-widget elementor-widget-text-editor\" data-id=\"d50087f\" data-element_type=\"widget\" data-widget_type=\"text-editor.default\">\n\t\t\t\t<div class=\"elementor-widget-container\">\n\t\t\t\t\t\t\t\t\tUna struttura accogliente come una casa\t\t\t\t\t\t\t\t<\/div>\n\t\t\t\t<\/div>\n\t\t\t\t<div class=\"elementor-element elementor-element-42d217a elementor-widget__width-inherit elementor-widget elementor-widget-text-editor\" data-id=\"42d217a\" data-element_type=\"widget\" data-widget_type=\"text-editor.default\">\n\t\t\t\t<div class=\"elementor-widget-container\">\n\t\t\t\t\t\t\t\t\t<p>Villa Fdelis \u00e8 una casa di riposo che sorge nel cuore dei Castelli Romani, a Grottaferrata. La villa \u00e8 circondata da un ampio giardino che consente agli ospiti passeggiate e in estate attivit\u00e0 motorie.<\/p><p>La casa di riposo Villa Fidelis, gi\u00e0 operativa sul territorio da diversi anni, ha subito recentemente un rinnovamento, non solo strutturale ma anche gestionale. La nuova gestione Villa Fidelis vede il suo punto di forza nella dimensione della familiarit\u00e0 intorno a cui ruota l\u2019intera organizzazione.<br \/>Il Responsabile Villa Fidelis, insieme ai componenti della propria famiglia, garantisce una presenza costante, diventando per gli ospiti un punto di riferimento a livello affettivo-relazionale.<\/p>\t\t\t\t\t\t\t\t<\/div>\n\t\t\t\t<\/div>\n\t\t\t\t<div class=\"elementor-element elementor-element-85f287a elementor-widget elementor-widget-button\" data-id=\"85f287a\" data-element_type=\"widget\" data-widget_type=\"button.default\">\n\t\t\t\t<div class=\"elementor-widget-container\">\n\t\t\t\t\t\t\t\t\t<div class=\"elementor-button-wrapper\">\n\t\t\t\t\t<a class=\"elementor-button elementor-button-link elementor-size-sm\" href=\"https:\/\/casadiriposovillafidelis.it\/struttura\/\">\n\t\t\t\t\t\t<span class=\"elementor-button-content-wrapper\">\n\t\t\t\t\t\t\t\t\t<span class=\"elementor-button-text\">Scopri di pi\u00f9<\/span>\n\t\t\t\t\t<\/span>\n\t\t\t\t\t<\/a>\n\t\t\t\t<\/div>\n\t\t\t\t\t\t\t\t<\/div>\n\t\t\t\t<\/div>\n\t\t<div class=\"elementor-element elementor-element-749763b e-con-full e-flex wpr-particle-no wpr-jarallax-no wpr-parallax-no wpr-sticky-section-no e-con e-child\" data-id=\"749763b\" data-element_type=\"container\" data-settings=\"{&quot;background_background&quot;:&quot;slideshow&quot;,&quot;background_slideshow_gallery&quot;:[{&quot;id&quot;:31709,&quot;url&quot;:&quot;https:\\\/\\\/convenzioni.cralnetwork.it\\\/assodifesa\\\/wp-content\\\/uploads\\\/sites\\\/45\\\/2025\\\/02\\\/Villafidelis_11_Orizz.jpg&quot;},{&quot;id&quot;:31724,&quot;url&quot;:&quot;https:\\\/\\\/convenzioni.cralnetwork.it\\\/assodifesa\\\/wp-content\\\/uploads\\\/sites\\\/45\\\/2025\\\/02\\\/0396_NZ6IIIaMDA4926.jpg&quot;},{&quot;id&quot;:31722,&quot;url&quot;:&quot;https:\\\/\\\/convenzioni.cralnetwork.it\\\/assodifesa\\\/wp-content\\\/uploads\\\/sites\\\/45\\\/2025\\\/02\\\/0333_NZ6IIIaMDA4863.jpg&quot;},{&quot;id&quot;:31723,&quot;url&quot;:&quot;https:\\\/\\\/convenzioni.cralnetwork.it\\\/assodifesa\\\/wp-content\\\/uploads\\\/sites\\\/45\\\/2025\\\/02\\\/0347_NZ6IIIaMDA4877.jpg&quot;},{&quot;id&quot;:31707,&quot;url&quot;:&quot;https:\\\/\\\/convenzioni.cralnetwork.it\\\/assodifesa\\\/wp-content\\\/uploads\\\/sites\\\/45\\\/2025\\\/02\\\/Villafidelis_4_Orizz.jpg&quot;},{&quot;id&quot;:31714,&quot;url&quot;:&quot;https:\\\/\\\/convenzioni.cralnetwork.it\\\/assodifesa\\\/wp-content\\\/uploads\\\/sites\\\/45\\\/2025\\\/02\\\/Villafidelis_27_Orizz.jpg&quot;},{&quot;id&quot;:31727,&quot;url&quot;:&quot;https:\\\/\\\/convenzioni.cralnetwork.it\\\/assodifesa\\\/wp-content\\\/uploads\\\/sites\\\/45\\\/2025\\\/02\\\/251111776_213440377563481_1048297303858485270_n.jpeg&quot;},{&quot;id&quot;:31703,&quot;url&quot;:&quot;https:\\\/\\\/convenzioni.cralnetwork.it\\\/assodifesa\\\/wp-content\\\/uploads\\\/sites\\\/45\\\/2025\\\/02\\\/397071859_666456245595040_2020131962005066649_n.jpeg&quot;},{&quot;id&quot;:31701,&quot;url&quot;:&quot;https:\\\/\\\/convenzioni.cralnetwork.it\\\/assodifesa\\\/wp-content\\\/uploads\\\/sites\\\/45\\\/2025\\\/02\\\/317637885_480735500833783_4588636326953979655_n.jpeg&quot;},{&quot;id&quot;:31705,&quot;url&quot;:&quot;https:\\\/\\\/convenzioni.cralnetwork.it\\\/assodifesa\\\/wp-content\\\/uploads\\\/sites\\\/45\\\/2025\\\/02\\\/Contact_Villafidelis2.jpg&quot;},{&quot;id&quot;:31712,&quot;url&quot;:&quot;https:\\\/\\\/convenzioni.cralnetwork.it\\\/assodifesa\\\/wp-content\\\/uploads\\\/sites\\\/45\\\/2025\\\/02\\\/Villafidelis_21_Orizz.jpg&quot;},{&quot;id&quot;:31704,&quot;url&quot;:&quot;https:\\\/\\\/convenzioni.cralnetwork.it\\\/assodifesa\\\/wp-content\\\/uploads\\\/sites\\\/45\\\/2025\\\/02\\\/415929056_699230145650983_4020791961697149793_n.jpeg&quot;},{&quot;id&quot;:31717,&quot;url&quot;:&quot;https:\\\/\\\/convenzioni.cralnetwork.it\\\/assodifesa\\\/wp-content\\\/uploads\\\/sites\\\/45\\\/2025\\\/02\\\/Villafidelis_31_Orizz.jpg&quot;},{&quot;id&quot;:31706,&quot;url&quot;:&quot;https:\\\/\\\/convenzioni.cralnetwork.it\\\/assodifesa\\\/wp-content\\\/uploads\\\/sites\\\/45\\\/2025\\\/02\\\/Villafidelis_1_Orizz.jpg&quot;},{&quot;id&quot;:31708,&quot;url&quot;:&quot;https:\\\/\\\/convenzioni.cralnetwork.it\\\/assodifesa\\\/wp-content\\\/uploads\\\/sites\\\/45\\\/2025\\\/02\\\/Villafidelis_10_Orizz.jpg&quot;},{&quot;id&quot;:31700,&quot;url&quot;:&quot;https:\\\/\\\/convenzioni.cralnetwork.it\\\/assodifesa\\\/wp-content\\\/uploads\\\/sites\\\/45\\\/2025\\\/02\\\/306740832_420618743512126_8411836643023174808_n.jpeg&quot;},{&quot;id&quot;:31710,&quot;url&quot;:&quot;https:\\\/\\\/convenzioni.cralnetwork.it\\\/assodifesa\\\/wp-content\\\/uploads\\\/sites\\\/45\\\/2025\\\/02\\\/Villafidelis_15_Orizz.jpg&quot;},{&quot;id&quot;:31719,&quot;url&quot;:&quot;https:\\\/\\\/convenzioni.cralnetwork.it\\\/assodifesa\\\/wp-content\\\/uploads\\\/sites\\\/45\\\/2025\\\/02\\\/0276_NZ6IIIaMDA4806-2.jpg&quot;},{&quot;id&quot;:31715,&quot;url&quot;:&quot;https:\\\/\\\/convenzioni.cralnetwork.it\\\/assodifesa\\\/wp-content\\\/uploads\\\/sites\\\/45\\\/2025\\\/02\\\/Villafidelis_29_Orizz.jpg&quot;},{&quot;id&quot;:31702,&quot;url&quot;:&quot;https:\\\/\\\/convenzioni.cralnetwork.it\\\/assodifesa\\\/wp-content\\\/uploads\\\/sites\\\/45\\\/2025\\\/02\\\/385916114_650590770514921_6678974471489037683_n.jpeg&quot;},{&quot;id&quot;:31721,&quot;url&quot;:&quot;https:\\\/\\\/convenzioni.cralnetwork.it\\\/assodifesa\\\/wp-content\\\/uploads\\\/sites\\\/45\\\/2025\\\/02\\\/0322_NZ6IIIaMDA4852.jpg&quot;},{&quot;id&quot;:31699,&quot;url&quot;:&quot;https:\\\/\\\/convenzioni.cralnetwork.it\\\/assodifesa\\\/wp-content\\\/uploads\\\/sites\\\/45\\\/2025\\\/02\\\/276153519_302307565343245_3082110042433047869_n.jpeg&quot;},{&quot;id&quot;:31698,&quot;url&quot;:&quot;https:\\\/\\\/convenzioni.cralnetwork.it\\\/assodifesa\\\/wp-content\\\/uploads\\\/sites\\\/45\\\/2025\\\/02\\\/274586170_281594617414723_4937064947914003046_n.jpeg&quot;},{&quot;id&quot;:31711,&quot;url&quot;:&quot;https:\\\/\\\/convenzioni.cralnetwork.it\\\/assodifesa\\\/wp-content\\\/uploads\\\/sites\\\/45\\\/2025\\\/02\\\/Villafidelis_18_Orizz.jpg&quot;},{&quot;id&quot;:31713,&quot;url&quot;:&quot;https:\\\/\\\/convenzioni.cralnetwork.it\\\/assodifesa\\\/wp-content\\\/uploads\\\/sites\\\/45\\\/2025\\\/02\\\/Villafidelis_24_Orizz.jpg&quot;},{&quot;id&quot;:31726,&quot;url&quot;:&quot;https:\\\/\\\/convenzioni.cralnetwork.it\\\/assodifesa\\\/wp-content\\\/uploads\\\/sites\\\/45\\\/2025\\\/02\\\/192368915_773644460014872_7918313371871350182_n.jpg&quot;},{&quot;id&quot;:31716,&quot;url&quot;:&quot;https:\\\/\\\/convenzioni.cralnetwork.it\\\/assodifesa\\\/wp-content\\\/uploads\\\/sites\\\/45\\\/2025\\\/02\\\/Villafidelis_30_Orizz.jpg&quot;},{&quot;id&quot;:31718,&quot;url&quot;:&quot;https:\\\/\\\/convenzioni.cralnetwork.it\\\/assodifesa\\\/wp-content\\\/uploads\\\/sites\\\/45\\\/2025\\\/02\\\/0241_NZ6IIIaMDA4771.jpg&quot;},{&quot;id&quot;:31720,&quot;url&quot;:&quot;https:\\\/\\\/convenzioni.cralnetwork.it\\\/assodifesa\\\/wp-content\\\/uploads\\\/sites\\\/45\\\/2025\\\/02\\\/0304_NZ6IIIaMDA4834.jpg&quot;},{&quot;id&quot;:31725,&quot;url&quot;:&quot;https:\\\/\\\/convenzioni.cralnetwork.it\\\/assodifesa\\\/wp-content\\\/uploads\\\/sites\\\/45\\\/2025\\\/02\\\/185603287_928143037981099_8386742160660244321_n.jpg&quot;}],&quot;background_slideshow_slide_duration&quot;:1280,&quot;background_slideshow_transition_duration&quot;:200,&quot;background_slideshow_ken_burns&quot;:&quot;yes&quot;,&quot;background_slideshow_loop&quot;:&quot;yes&quot;,&quot;background_slideshow_slide_transition&quot;:&quot;fade&quot;,&quot;background_slideshow_ken_burns_zoom_direction&quot;:&quot;in&quot;}\">\n\t\t\t\t<div class=\"elementor-element elementor-element-453c130 elementor-widget elementor-widget-spacer\" data-id=\"453c130\" data-element_type=\"widget\" data-widget_type=\"spacer.default\">\n\t\t\t\t<div class=\"elementor-widget-container\">\n\t\t\t\t\t\t\t<div class=\"elementor-spacer\">\n\t\t\t<div class=\"elementor-spacer-inner\"><\/div>\n\t\t<\/div>\n\t\t\t\t\t\t<\/div>\n\t\t\t\t<\/div>\n\t\t\t\t<\/div>\n\t\t\t\t<\/div>\n\t\t<div class=\"elementor-element elementor-element-7deca14 e-con-full e-flex wpr-particle-no wpr-jarallax-no wpr-parallax-no wpr-sticky-section-no e-con e-child\" data-id=\"7deca14\" data-element_type=\"container\" data-settings=\"{&quot;background_background&quot;:&quot;classic&quot;}\">\n\t\t\t\t<div class=\"elementor-element elementor-element-1963570 elementor-widget__width-inherit elementor-widget elementor-widget-text-editor\" data-id=\"1963570\" data-element_type=\"widget\" data-widget_type=\"text-editor.default\">\n\t\t\t\t<div class=\"elementor-widget-container\">\n\t\t\t\t\t\t\t\t\t<p>Dicono di noi<\/p>\t\t\t\t\t\t\t\t<\/div>\n\t\t\t\t<\/div>\n\t\t\t\t<div class=\"elementor-element elementor-element-5300542 elementor-widget__width-inherit elementor-widget elementor-widget-text-editor\" data-id=\"5300542\" data-element_type=\"widget\" data-widget_type=\"text-editor.default\">\n\t\t\t\t<div class=\"elementor-widget-container\">\n\t\t\t\t\t\t\t\t\t<p>Dedizione e professionalit\u00e0<\/p>\t\t\t\t\t\t\t\t<\/div>\n\t\t\t\t<\/div>\n\t\t\t\t<div class=\"elementor-element elementor-element-2739604 elementor-widget__width-inherit elementor-widget elementor-widget-text-editor\" data-id=\"2739604\" data-element_type=\"widget\" data-widget_type=\"text-editor.default\">\n\t\t\t\t<div class=\"elementor-widget-container\">\n\t\t\t\t\t\t\t\t\t<p>Le persone che alloggiano a Villafidelis sono nostri \u201cOSPITI\u201d ed il nostro obiettivo \u00e8 rendere la loro permanenza il pi\u00f9 confortevole possibile offrendo loro accoglienza, calore e familiarit\u00e0.<\/p><p>Il nostro obiettivo \u00e8 offrire un servizio personalizzato in grado di rispondere nel miglior modo, possibile alle diverse esigenze dei nostri ospiti.<\/p><p>Villa Fidelis \u00e8 una casa di riposo che sorge nel cuore dei Castelli Romani, a Grottaferrata, in un contesto residenziale molto signorile e offre ospitalit\u00e0 a chi desidera trascorrervi soggiorni di breve e lunga durata. La villa \u00e8 circondata da un ampio e fiorito giardino che permette agli ospiti di godere degli effetti benefichi dell\u2019aria salubre dei Castelli Romani.<\/p>\t\t\t\t\t\t\t\t<\/div>\n\t\t\t\t<\/div>\n\t\t\t\t<div class=\"elementor-element elementor-element-33b46e3 elementor-widget elementor-widget-button\" data-id=\"33b46e3\" data-element_type=\"widget\" data-widget_type=\"button.default\">\n\t\t\t\t<div class=\"elementor-widget-container\">\n\t\t\t\t\t\t\t\t\t<div class=\"elementor-button-wrapper\">\n\t\t\t\t\t<a class=\"elementor-button elementor-button-link elementor-size-sm\" href=\"https:\/\/casadiriposovillafidelis.it\/dicono-di-noi\/\">\n\t\t\t\t\t\t<span class=\"elementor-button-content-wrapper\">\n\t\t\t\t\t\t\t\t\t<span class=\"elementor-button-text\">Scopri di pi\u00f9<\/span>\n\t\t\t\t\t<\/span>\n\t\t\t\t\t<\/a>\n\t\t\t\t<\/div>\n\t\t\t\t\t\t\t\t<\/div>\n\t\t\t\t<\/div>\n\t\t\t\t<\/div>\n\t\t\t\t\t<\/div>\n\t\t\t\t<\/div>\n\t\t<div class=\"elementor-element elementor-element-875a2a3 elementor-hidden-tablet elementor-hidden-mobile e-flex e-con-boxed wpr-particle-no wpr-jarallax-no wpr-parallax-no wpr-sticky-section-no e-con e-parent\" data-id=\"875a2a3\" data-element_type=\"container\">\n\t\t\t\t\t<div class=\"e-con-inner\">\n\t\t<div class=\"elementor-element elementor-element-9dbc261 e-con-full e-flex wpr-particle-no wpr-jarallax-no wpr-parallax-no wpr-sticky-section-no e-con e-child\" data-id=\"9dbc261\" data-element_type=\"container\">\n\t\t\t\t<div class=\"elementor-element elementor-element-2c71b46 elementor-widget__width-inherit elementor-widget elementor-widget-text-editor\" data-id=\"2c71b46\" data-element_type=\"widget\" data-widget_type=\"text-editor.default\">\n\t\t\t\t<div class=\"elementor-widget-container\">\n\t\t\t\t\t\t\t\t\tGli OPERATORi\t\t\t\t\t\t\t\t<\/div>\n\t\t\t\t<\/div>\n\t\t\t\t<div class=\"elementor-element elementor-element-9fa87e5 elementor-widget__width-inherit elementor-widget elementor-widget-text-editor\" data-id=\"9fa87e5\" data-element_type=\"widget\" data-widget_type=\"text-editor.default\">\n\t\t\t\t<div class=\"elementor-widget-container\">\n\t\t\t\t\t\t\t\t\tPerch\u00e8 l&#8217;operatore \u00e8 importante\n\t\t\t\t\t\t\t\t<\/div>\n\t\t\t\t<\/div>\n\t\t\t\t<div class=\"elementor-element elementor-element-1f52635 elementor-widget__width-inherit elementor-widget elementor-widget-text-editor\" data-id=\"1f52635\" data-element_type=\"widget\" data-widget_type=\"text-editor.default\">\n\t\t\t\t<div class=\"elementor-widget-container\">\n\t\t\t\t\t\t\t\t\t<p>Le persone che risiedono a Villa Fidelis sono considerate &#8220;ospiti&#8221; e come tali devono godere di tutta l&#8217;accoglienza possibile, gli operatori che lavorano a Villafidelis sono preparati professionalmente per rendere un soggiorno di qualit\u00e0.<\/p><p>Le doti personali che contraddistinguono gli operatori Villa Fidelis si possono riassumere in:<br \/><strong>Professionalit\u00e0\u00a0 \u2022\u00a0 \u00a0Rispetto\u00a0 \u2022\u00a0 \u00a0Disponibilit\u00e0\u00a0 \u2022\u00a0 \u00a0Comprensione<\/strong><\/p>\t\t\t\t\t\t\t\t<\/div>\n\t\t\t\t<\/div>\n\t\t\t\t<div class=\"elementor-element elementor-element-db0c4ab elementor-widget-divider--view-line elementor-widget elementor-widget-divider\" data-id=\"db0c4ab\" data-element_type=\"widget\" data-widget_type=\"divider.default\">\n\t\t\t\t<div class=\"elementor-widget-container\">\n\t\t\t\t\t\t\t<div class=\"elementor-divider\">\n\t\t\t<span class=\"elementor-divider-separator\">\n\t\t\t\t\t\t<\/span>\n\t\t<\/div>\n\t\t\t\t\t\t<\/div>\n\t\t\t\t<\/div>\n\t\t\t\t<div class=\"elementor-element elementor-element-c287980 elementor-widget__width-inherit elementor-widget elementor-widget-text-editor\" data-id=\"c287980\" data-element_type=\"widget\" data-widget_type=\"text-editor.default\">\n\t\t\t\t<div class=\"elementor-widget-container\">\n\t\t\t\t\t\t\t\t\tLOCATION\t\t\t\t\t\t\t\t<\/div>\n\t\t\t\t<\/div>\n\t\t\t\t<div class=\"elementor-element elementor-element-45c37ab elementor-widget__width-inherit elementor-widget elementor-widget-text-editor\" data-id=\"45c37ab\" data-element_type=\"widget\" data-widget_type=\"text-editor.default\">\n\t\t\t\t<div class=\"elementor-widget-container\">\n\t\t\t\t\t\t\t\t\tUna struttura accogliente come una casa\t\t\t\t\t\t\t\t<\/div>\n\t\t\t\t<\/div>\n\t\t\t\t<div class=\"elementor-element elementor-element-e90df8d elementor-widget__width-inherit elementor-widget elementor-widget-text-editor\" data-id=\"e90df8d\" data-element_type=\"widget\" data-widget_type=\"text-editor.default\">\n\t\t\t\t<div class=\"elementor-widget-container\">\n\t\t\t\t\t\t\t\t\t<p>Villa Fdelis \u00e8 una casa di riposo che sorge nel cuore dei Castelli Romani, a Grottaferrata. La villa \u00e8 circondata da un ampio giardino che consente agli ospiti passeggiate e in estate attivit\u00e0 motorie.<\/p><p>La casa di riposo Villa Fidelis, gi\u00e0 operativa sul territorio da diversi anni, ha subito recentemente un rinnovamento, non solo strutturale ma anche gestionale. La nuova gestione Villa Fidelis vede il suo punto di forza nella dimensione della familiarit\u00e0 intorno a cui ruota l\u2019intera organizzazione.<br \/>Il Responsabile Villa Fidelis, insieme ai componenti della propria famiglia, garantisce una presenza costante, diventando per gli ospiti un punto di riferimento a livello affettivo-relazionale.<\/p>\t\t\t\t\t\t\t\t<\/div>\n\t\t\t\t<\/div>\n\t\t\t\t<div class=\"elementor-element elementor-element-8e49984 elementor-widget elementor-widget-button\" data-id=\"8e49984\" data-element_type=\"widget\" data-widget_type=\"button.default\">\n\t\t\t\t<div class=\"elementor-widget-container\">\n\t\t\t\t\t\t\t\t\t<div class=\"elementor-button-wrapper\">\n\t\t\t\t\t<a class=\"elementor-button elementor-button-link elementor-size-sm\" href=\"https:\/\/casadiriposovillafidelis.it\/struttura\/\">\n\t\t\t\t\t\t<span class=\"elementor-button-content-wrapper\">\n\t\t\t\t\t\t\t\t\t<span class=\"elementor-button-text\">Scopri di pi\u00f9<\/span>\n\t\t\t\t\t<\/span>\n\t\t\t\t\t<\/a>\n\t\t\t\t<\/div>\n\t\t\t\t\t\t\t\t<\/div>\n\t\t\t\t<\/div>\n\t\t\t\t<\/div>\n\t\t<div class=\"elementor-element elementor-element-b8a573b e-con-full e-flex wpr-particle-no wpr-jarallax-no wpr-parallax-no wpr-sticky-section-no e-con e-child\" data-id=\"b8a573b\" data-element_type=\"container\" data-settings=\"{&quot;background_background&quot;:&quot;slideshow&quot;,&quot;background_slideshow_gallery&quot;:[{&quot;id&quot;:31709,&quot;url&quot;:&quot;https:\\\/\\\/convenzioni.cralnetwork.it\\\/assodifesa\\\/wp-content\\\/uploads\\\/sites\\\/45\\\/2025\\\/02\\\/Villafidelis_11_Orizz.jpg&quot;},{&quot;id&quot;:31724,&quot;url&quot;:&quot;https:\\\/\\\/convenzioni.cralnetwork.it\\\/assodifesa\\\/wp-content\\\/uploads\\\/sites\\\/45\\\/2025\\\/02\\\/0396_NZ6IIIaMDA4926.jpg&quot;},{&quot;id&quot;:31722,&quot;url&quot;:&quot;https:\\\/\\\/convenzioni.cralnetwork.it\\\/assodifesa\\\/wp-content\\\/uploads\\\/sites\\\/45\\\/2025\\\/02\\\/0333_NZ6IIIaMDA4863.jpg&quot;},{&quot;id&quot;:31723,&quot;url&quot;:&quot;https:\\\/\\\/convenzioni.cralnetwork.it\\\/assodifesa\\\/wp-content\\\/uploads\\\/sites\\\/45\\\/2025\\\/02\\\/0347_NZ6IIIaMDA4877.jpg&quot;},{&quot;id&quot;:31707,&quot;url&quot;:&quot;https:\\\/\\\/convenzioni.cralnetwork.it\\\/assodifesa\\\/wp-content\\\/uploads\\\/sites\\\/45\\\/2025\\\/02\\\/Villafidelis_4_Orizz.jpg&quot;},{&quot;id&quot;:31714,&quot;url&quot;:&quot;https:\\\/\\\/convenzioni.cralnetwork.it\\\/assodifesa\\\/wp-content\\\/uploads\\\/sites\\\/45\\\/2025\\\/02\\\/Villafidelis_27_Orizz.jpg&quot;},{&quot;id&quot;:31727,&quot;url&quot;:&quot;https:\\\/\\\/convenzioni.cralnetwork.it\\\/assodifesa\\\/wp-content\\\/uploads\\\/sites\\\/45\\\/2025\\\/02\\\/251111776_213440377563481_1048297303858485270_n.jpeg&quot;},{&quot;id&quot;:31703,&quot;url&quot;:&quot;https:\\\/\\\/convenzioni.cralnetwork.it\\\/assodifesa\\\/wp-content\\\/uploads\\\/sites\\\/45\\\/2025\\\/02\\\/397071859_666456245595040_2020131962005066649_n.jpeg&quot;},{&quot;id&quot;:31701,&quot;url&quot;:&quot;https:\\\/\\\/convenzioni.cralnetwork.it\\\/assodifesa\\\/wp-content\\\/uploads\\\/sites\\\/45\\\/2025\\\/02\\\/317637885_480735500833783_4588636326953979655_n.jpeg&quot;},{&quot;id&quot;:31705,&quot;url&quot;:&quot;https:\\\/\\\/convenzioni.cralnetwork.it\\\/assodifesa\\\/wp-content\\\/uploads\\\/sites\\\/45\\\/2025\\\/02\\\/Contact_Villafidelis2.jpg&quot;},{&quot;id&quot;:31712,&quot;url&quot;:&quot;https:\\\/\\\/convenzioni.cralnetwork.it\\\/assodifesa\\\/wp-content\\\/uploads\\\/sites\\\/45\\\/2025\\\/02\\\/Villafidelis_21_Orizz.jpg&quot;},{&quot;id&quot;:31704,&quot;url&quot;:&quot;https:\\\/\\\/convenzioni.cralnetwork.it\\\/assodifesa\\\/wp-content\\\/uploads\\\/sites\\\/45\\\/2025\\\/02\\\/415929056_699230145650983_4020791961697149793_n.jpeg&quot;},{&quot;id&quot;:31717,&quot;url&quot;:&quot;https:\\\/\\\/convenzioni.cralnetwork.it\\\/assodifesa\\\/wp-content\\\/uploads\\\/sites\\\/45\\\/2025\\\/02\\\/Villafidelis_31_Orizz.jpg&quot;},{&quot;id&quot;:31706,&quot;url&quot;:&quot;https:\\\/\\\/convenzioni.cralnetwork.it\\\/assodifesa\\\/wp-content\\\/uploads\\\/sites\\\/45\\\/2025\\\/02\\\/Villafidelis_1_Orizz.jpg&quot;},{&quot;id&quot;:31708,&quot;url&quot;:&quot;https:\\\/\\\/convenzioni.cralnetwork.it\\\/assodifesa\\\/wp-content\\\/uploads\\\/sites\\\/45\\\/2025\\\/02\\\/Villafidelis_10_Orizz.jpg&quot;},{&quot;id&quot;:31700,&quot;url&quot;:&quot;https:\\\/\\\/convenzioni.cralnetwork.it\\\/assodifesa\\\/wp-content\\\/uploads\\\/sites\\\/45\\\/2025\\\/02\\\/306740832_420618743512126_8411836643023174808_n.jpeg&quot;},{&quot;id&quot;:31710,&quot;url&quot;:&quot;https:\\\/\\\/convenzioni.cralnetwork.it\\\/assodifesa\\\/wp-content\\\/uploads\\\/sites\\\/45\\\/2025\\\/02\\\/Villafidelis_15_Orizz.jpg&quot;},{&quot;id&quot;:31719,&quot;url&quot;:&quot;https:\\\/\\\/convenzioni.cralnetwork.it\\\/assodifesa\\\/wp-content\\\/uploads\\\/sites\\\/45\\\/2025\\\/02\\\/0276_NZ6IIIaMDA4806-2.jpg&quot;},{&quot;id&quot;:31715,&quot;url&quot;:&quot;https:\\\/\\\/convenzioni.cralnetwork.it\\\/assodifesa\\\/wp-content\\\/uploads\\\/sites\\\/45\\\/2025\\\/02\\\/Villafidelis_29_Orizz.jpg&quot;},{&quot;id&quot;:31702,&quot;url&quot;:&quot;https:\\\/\\\/convenzioni.cralnetwork.it\\\/assodifesa\\\/wp-content\\\/uploads\\\/sites\\\/45\\\/2025\\\/02\\\/385916114_650590770514921_6678974471489037683_n.jpeg&quot;},{&quot;id&quot;:31721,&quot;url&quot;:&quot;https:\\\/\\\/convenzioni.cralnetwork.it\\\/assodifesa\\\/wp-content\\\/uploads\\\/sites\\\/45\\\/2025\\\/02\\\/0322_NZ6IIIaMDA4852.jpg&quot;},{&quot;id&quot;:31699,&quot;url&quot;:&quot;https:\\\/\\\/convenzioni.cralnetwork.it\\\/assodifesa\\\/wp-content\\\/uploads\\\/sites\\\/45\\\/2025\\\/02\\\/276153519_302307565343245_3082110042433047869_n.jpeg&quot;},{&quot;id&quot;:31698,&quot;url&quot;:&quot;https:\\\/\\\/convenzioni.cralnetwork.it\\\/assodifesa\\\/wp-content\\\/uploads\\\/sites\\\/45\\\/2025\\\/02\\\/274586170_281594617414723_4937064947914003046_n.jpeg&quot;},{&quot;id&quot;:31711,&quot;url&quot;:&quot;https:\\\/\\\/convenzioni.cralnetwork.it\\\/assodifesa\\\/wp-content\\\/uploads\\\/sites\\\/45\\\/2025\\\/02\\\/Villafidelis_18_Orizz.jpg&quot;},{&quot;id&quot;:31713,&quot;url&quot;:&quot;https:\\\/\\\/convenzioni.cralnetwork.it\\\/assodifesa\\\/wp-content\\\/uploads\\\/sites\\\/45\\\/2025\\\/02\\\/Villafidelis_24_Orizz.jpg&quot;},{&quot;id&quot;:31726,&quot;url&quot;:&quot;https:\\\/\\\/convenzioni.cralnetwork.it\\\/assodifesa\\\/wp-content\\\/uploads\\\/sites\\\/45\\\/2025\\\/02\\\/192368915_773644460014872_7918313371871350182_n.jpg&quot;},{&quot;id&quot;:31716,&quot;url&quot;:&quot;https:\\\/\\\/convenzioni.cralnetwork.it\\\/assodifesa\\\/wp-content\\\/uploads\\\/sites\\\/45\\\/2025\\\/02\\\/Villafidelis_30_Orizz.jpg&quot;},{&quot;id&quot;:31718,&quot;url&quot;:&quot;https:\\\/\\\/convenzioni.cralnetwork.it\\\/assodifesa\\\/wp-content\\\/uploads\\\/sites\\\/45\\\/2025\\\/02\\\/0241_NZ6IIIaMDA4771.jpg&quot;},{&quot;id&quot;:31720,&quot;url&quot;:&quot;https:\\\/\\\/convenzioni.cralnetwork.it\\\/assodifesa\\\/wp-content\\\/uploads\\\/sites\\\/45\\\/2025\\\/02\\\/0304_NZ6IIIaMDA4834.jpg&quot;},{&quot;id&quot;:31725,&quot;url&quot;:&quot;https:\\\/\\\/convenzioni.cralnetwork.it\\\/assodifesa\\\/wp-content\\\/uploads\\\/sites\\\/45\\\/2025\\\/02\\\/185603287_928143037981099_8386742160660244321_n.jpg&quot;}],&quot;background_slideshow_slide_duration&quot;:1280,&quot;background_slideshow_transition_duration&quot;:200,&quot;background_slideshow_ken_burns&quot;:&quot;yes&quot;,&quot;background_slideshow_loop&quot;:&quot;yes&quot;,&quot;background_slideshow_slide_transition&quot;:&quot;fade&quot;,&quot;background_slideshow_ken_burns_zoom_direction&quot;:&quot;in&quot;}\">\n\t\t\t\t<\/div>\n\t\t<div class=\"elementor-element elementor-element-62045aa e-con-full e-flex wpr-particle-no wpr-jarallax-no wpr-parallax-no wpr-sticky-section-no e-con e-child\" data-id=\"62045aa\" data-element_type=\"container\" data-settings=\"{&quot;background_background&quot;:&quot;classic&quot;}\">\n\t\t\t\t<div class=\"elementor-element elementor-element-cf75522 elementor-widget__width-inherit elementor-widget elementor-widget-text-editor\" data-id=\"cf75522\" data-element_type=\"widget\" data-widget_type=\"text-editor.default\">\n\t\t\t\t<div class=\"elementor-widget-container\">\n\t\t\t\t\t\t\t\t\t<p>Dicono di noi<\/p>\t\t\t\t\t\t\t\t<\/div>\n\t\t\t\t<\/div>\n\t\t\t\t<div class=\"elementor-element elementor-element-95410a7 elementor-widget__width-inherit elementor-widget elementor-widget-text-editor\" data-id=\"95410a7\" data-element_type=\"widget\" data-widget_type=\"text-editor.default\">\n\t\t\t\t<div class=\"elementor-widget-container\">\n\t\t\t\t\t\t\t\t\t<p>Dedizione e professionalit\u00e0<\/p>\t\t\t\t\t\t\t\t<\/div>\n\t\t\t\t<\/div>\n\t\t\t\t<div class=\"elementor-element elementor-element-dd540f0 elementor-widget__width-inherit elementor-widget elementor-widget-text-editor\" data-id=\"dd540f0\" data-element_type=\"widget\" data-widget_type=\"text-editor.default\">\n\t\t\t\t<div class=\"elementor-widget-container\">\n\t\t\t\t\t\t\t\t\t<p>Le persone che alloggiano a Villafidelis sono nostri \u201cOSPITI\u201d ed il nostro obiettivo \u00e8 rendere la loro permanenza il pi\u00f9 confortevole possibile offrendo loro accoglienza, calore e familiarit\u00e0.<\/p><p>Il nostro obiettivo \u00e8 offrire un servizio personalizzato in grado di rispondere nel miglior modo, possibile alle diverse esigenze dei nostri ospiti.<\/p><p>Villa Fidelis \u00e8 una casa di riposo che sorge nel cuore dei Castelli Romani, a Grottaferrata, in un contesto residenziale molto signorile e offre ospitalit\u00e0 a chi desidera trascorrervi soggiorni di breve e lunga durata. La villa \u00e8 circondata da un ampio e fiorito giardino che permette agli ospiti di godere degli effetti benefichi dell\u2019aria salubre dei Castelli Romani.<\/p>\t\t\t\t\t\t\t\t<\/div>\n\t\t\t\t<\/div>\n\t\t\t\t<div class=\"elementor-element elementor-element-7c709e6 elementor-widget elementor-widget-button\" data-id=\"7c709e6\" data-element_type=\"widget\" data-widget_type=\"button.default\">\n\t\t\t\t<div class=\"elementor-widget-container\">\n\t\t\t\t\t\t\t\t\t<div class=\"elementor-button-wrapper\">\n\t\t\t\t\t<a class=\"elementor-button elementor-button-link elementor-size-sm\" href=\"https:\/\/casadiriposovillafidelis.it\/dicono-di-noi\/\">\n\t\t\t\t\t\t<span class=\"elementor-button-content-wrapper\">\n\t\t\t\t\t\t\t\t\t<span class=\"elementor-button-text\">Scopri di pi\u00f9<\/span>\n\t\t\t\t\t<\/span>\n\t\t\t\t\t<\/a>\n\t\t\t\t<\/div>\n\t\t\t\t\t\t\t\t<\/div>\n\t\t\t\t<\/div>\n\t\t\t\t<\/div>\n\t\t\t\t\t<\/div>\n\t\t\t\t<\/div>\n\t\t<div class=\"elementor-element elementor-element-fb00c06 e-con-full e-flex wpr-particle-no wpr-jarallax-no wpr-parallax-no wpr-sticky-section-no e-con e-parent\" data-id=\"fb00c06\" data-element_type=\"container\">\n\t\t\t\t<div class=\"elementor-element elementor-element-4885e6a elementor-widget__width-inherit elementor-widget elementor-widget-image\" data-id=\"4885e6a\" data-element_type=\"widget\" data-widget_type=\"image.default\">\n\t\t\t\t<div class=\"elementor-widget-container\">\n\t\t\t\t\t\t\t\t\t\t\t\t\t\t\t<img decoding=\"async\" width=\"2560\" height=\"530\" src=\"https:\/\/convenzioni.cralnetwork.it\/assodifesa\/wp-content\/uploads\/sites\/45\/2025\/02\/Villafidelis_casa-1.jpg\" class=\"attachment-full size-full wp-image-31733\" alt=\"\" srcset=\"https:\/\/convenzioni.cralnetwork.it\/assodifesa\/wp-content\/uploads\/sites\/45\/2025\/02\/Villafidelis_casa-1.jpg 2560w, https:\/\/convenzioni.cralnetwork.it\/assodifesa\/wp-content\/uploads\/sites\/45\/2025\/02\/Villafidelis_casa-1-1280x265.jpg 1280w, https:\/\/convenzioni.cralnetwork.it\/assodifesa\/wp-content\/uploads\/sites\/45\/2025\/02\/Villafidelis_casa-1-980x203.jpg 980w, https:\/\/convenzioni.cralnetwork.it\/assodifesa\/wp-content\/uploads\/sites\/45\/2025\/02\/Villafidelis_casa-1-480x99.jpg 480w\" sizes=\"(min-width: 0px) and (max-width: 480px) 480px, (min-width: 481px) and (max-width: 980px) 980px, (min-width: 981px) and (max-width: 1280px) 1280px, (min-width: 1281px) 2560px, 100vw\" \/>\t\t\t\t\t\t\t\t\t\t\t\t\t\t\t<\/div>\n\t\t\t\t<\/div>\n\t\t\t\t<div class=\"elementor-element elementor-element-1d0d45c elementor-widget__width-inherit elementor-widget elementor-widget-image\" data-id=\"1d0d45c\" data-element_type=\"widget\" data-widget_type=\"image.default\">\n\t\t\t\t<div class=\"elementor-widget-container\">\n\t\t\t\t\t\t\t\t\t\t\t\t\t\t\t<img loading=\"lazy\" loading=\"lazy\" decoding=\"async\" width=\"2560\" height=\"530\" src=\"https:\/\/convenzioni.cralnetwork.it\/assodifesa\/wp-content\/uploads\/sites\/45\/2025\/02\/Villafidelids_casa.jpg\" class=\"attachment-full size-full wp-image-31734\" alt=\"\" srcset=\"https:\/\/convenzioni.cralnetwork.it\/assodifesa\/wp-content\/uploads\/sites\/45\/2025\/02\/Villafidelids_casa.jpg 2560w, https:\/\/convenzioni.cralnetwork.it\/assodifesa\/wp-content\/uploads\/sites\/45\/2025\/02\/Villafidelids_casa-1280x265.jpg 1280w, https:\/\/convenzioni.cralnetwork.it\/assodifesa\/wp-content\/uploads\/sites\/45\/2025\/02\/Villafidelids_casa-980x203.jpg 980w, https:\/\/convenzioni.cralnetwork.it\/assodifesa\/wp-content\/uploads\/sites\/45\/2025\/02\/Villafidelids_casa-480x99.jpg 480w\" sizes=\"auto, (min-width: 0px) and (max-width: 480px) 480px, (min-width: 481px) and (max-width: 980px) 980px, (min-width: 981px) and (max-width: 1280px) 1280px, (min-width: 1281px) 2560px, 100vw\" \/>\t\t\t\t\t\t\t\t\t\t\t\t\t\t\t<\/div>\n\t\t\t\t<\/div>\n\t\t\t\t<\/div>\n\t\t<div class=\"elementor-element elementor-element-9fbf427 elementor-hidden-desktop e-flex e-con-boxed wpr-particle-no wpr-jarallax-no wpr-parallax-no wpr-sticky-section-no e-con e-parent\" data-id=\"9fbf427\" data-element_type=\"container\" data-settings=\"{&quot;background_background&quot;:&quot;classic&quot;}\">\n\t\t\t\t\t<div class=\"e-con-inner\">\n\t\t<div class=\"elementor-element elementor-element-d9f00c2 e-flex e-con-boxed wpr-particle-no wpr-jarallax-no wpr-parallax-no wpr-sticky-section-no e-con e-child\" data-id=\"d9f00c2\" data-element_type=\"container\">\n\t\t\t\t\t<div class=\"e-con-inner\">\n\t\t\t\t<div class=\"elementor-element elementor-element-01e76b7 elementor-widget__width-inherit elementor-widget elementor-widget-text-editor\" data-id=\"01e76b7\" data-element_type=\"widget\" data-widget_type=\"text-editor.default\">\n\t\t\t\t<div class=\"elementor-widget-container\">\n\t\t\t\t\t\t\t\t\t<p>Agevolazioni <br \/>riservate agli associati<\/p>\t\t\t\t\t\t\t\t<\/div>\n\t\t\t\t<\/div>\n\t\t\t\t<div class=\"elementor-element elementor-element-fda4be9 elementor-widget-divider--view-line elementor-widget elementor-widget-divider\" data-id=\"fda4be9\" data-element_type=\"widget\" data-widget_type=\"divider.default\">\n\t\t\t\t<div class=\"elementor-widget-container\">\n\t\t\t\t\t\t\t<div class=\"elementor-divider\">\n\t\t\t<span class=\"elementor-divider-separator\">\n\t\t\t\t\t\t<\/span>\n\t\t<\/div>\n\t\t\t\t\t\t<\/div>\n\t\t\t\t<\/div>\n\t\t\t\t<div class=\"elementor-element elementor-element-edad923 elementor-widget__width-inherit elementor-widget elementor-widget-text-editor\" data-id=\"edad923\" data-element_type=\"widget\" data-widget_type=\"text-editor.default\">\n\t\t\t\t<div class=\"elementor-widget-container\">\n\t\t\t\t\t\t\t\t\t<p>Casa di riposo Villa Fidelis<\/p>\t\t\t\t\t\t\t\t<\/div>\n\t\t\t\t<\/div>\n\t\t\t\t<div class=\"elementor-element elementor-element-605407a elementor-widget elementor-widget-text-editor\" data-id=\"605407a\" data-element_type=\"widget\" data-widget_type=\"text-editor.default\">\n\t\t\t\t<div class=\"elementor-widget-container\">\n\t\t\t\t\t\t\t\t\t<p>Contatti<\/p>\t\t\t\t\t\t\t\t<\/div>\n\t\t\t\t<\/div>\n\t\t\t\t<div class=\"elementor-element elementor-element-8dc2296 elementor-widget__width-inherit elementor-widget elementor-widget-text-editor\" data-id=\"8dc2296\" data-element_type=\"widget\" data-widget_type=\"text-editor.default\">\n\t\t\t\t<div class=\"elementor-widget-container\">\n\t\t\t\t\t\t\t\t\t<p>Via Anagnina, 185 &#8211; 00046 Grottaferrata (RM)<\/p><p>La nostra segreteria riceve solo su appuntamento<br \/><strong>Tel:<\/strong> <span style=\"color: #ffffff;\"><a style=\"color: #ffffff;\" href=\"tel:3394644033\">339 464 4033<\/a><\/span><\/p><p><strong>Mail: <\/strong><span style=\"color: #ffffff;\"><a style=\"color: #ffffff;\" href=\"mailto:info@casadiriposovillafidelis.it\">info@casadiriposovillafidelis.it<\/a><\/span><\/p><p><strong>Visite: tutti giorni (compresi i festivi)<\/strong><br \/>10:30 &#8211; 12:00 \/ 15:00 &#8211; 16:00 \/ 6:30 &#8211; 18:00<\/p>\t\t\t\t\t\t\t\t<\/div>\n\t\t\t\t<\/div>\n\t\t<div class=\"elementor-element elementor-element-2ab6d87 e-flex e-con-boxed wpr-particle-no wpr-jarallax-no wpr-parallax-no wpr-sticky-section-no e-con e-child\" data-id=\"2ab6d87\" data-element_type=\"container\">\n\t\t\t\t\t<div class=\"e-con-inner\">\n\t\t\t\t<div class=\"elementor-element elementor-element-66eae30 elementor-widget elementor-widget-text-editor\" data-id=\"66eae30\" data-element_type=\"widget\" data-widget_type=\"text-editor.default\">\n\t\t\t\t<div class=\"elementor-widget-container\">\n\t\t\t\t\t\t\t\t\t<p><span style=\"color: #ffffff;\"><a style=\"color: #ffffff;\" href=\"https:\/\/casadiriposovillafidelis.it\/\">casadiriposovillafidelis.it<\/a><\/span><\/p>\t\t\t\t\t\t\t\t<\/div>\n\t\t\t\t<\/div>\n\t\t\t\t<div class=\"elementor-element elementor-element-20ab192 elementor-shape-circle e-grid-align-left elementor-grid-0 elementor-widget elementor-widget-social-icons\" data-id=\"20ab192\" data-element_type=\"widget\" data-widget_type=\"social-icons.default\">\n\t\t\t\t<div class=\"elementor-widget-container\">\n\t\t\t\t\t\t\t<div class=\"elementor-social-icons-wrapper elementor-grid\" role=\"list\">\n\t\t\t\t\t\t\t<span class=\"elementor-grid-item\" role=\"listitem\">\n\t\t\t\t\t<a class=\"elementor-icon elementor-social-icon elementor-social-icon-facebook elementor-repeater-item-1539373\" href=\"https:\/\/www.facebook.com\/people\/Villa-Fidelis-Casa-Di-Riposo\/100066920115447\/?locale=it_IT\" target=\"_blank\">\n\t\t\t\t\t\t<span class=\"elementor-screen-only\">Facebook<\/span>\n\t\t\t\t\t\t<svg aria-hidden=\"true\" class=\"e-font-icon-svg e-fab-facebook\" viewBox=\"0 0 512 512\" xmlns=\"http:\/\/www.w3.org\/2000\/svg\"><path d=\"M504 256C504 119 393 8 256 8S8 119 8 256c0 123.78 90.69 226.38 209.25 245V327.69h-63V256h63v-54.64c0-62.15 37-96.48 93.67-96.48 27.14 0 55.52 4.84 55.52 4.84v61h-31.28c-30.8 0-40.41 19.12-40.41 38.73V256h68.78l-11 71.69h-57.78V501C413.31 482.38 504 379.78 504 256z\"><\/path><\/svg>\t\t\t\t\t<\/a>\n\t\t\t\t<\/span>\n\t\t\t\t\t\t\t<span class=\"elementor-grid-item\" role=\"listitem\">\n\t\t\t\t\t<a class=\"elementor-icon elementor-social-icon elementor-social-icon-instagram elementor-repeater-item-feeae89\" href=\"https:\/\/www.instagram.com\/villa_fidelis\/\" target=\"_blank\">\n\t\t\t\t\t\t<span class=\"elementor-screen-only\">Instagram<\/span>\n\t\t\t\t\t\t<svg aria-hidden=\"true\" class=\"e-font-icon-svg e-fab-instagram\" viewBox=\"0 0 448 512\" xmlns=\"http:\/\/www.w3.org\/2000\/svg\"><path d=\"M224.1 141c-63.6 0-114.9 51.3-114.9 114.9s51.3 114.9 114.9 114.9S339 319.5 339 255.9 287.7 141 224.1 141zm0 189.6c-41.1 0-74.7-33.5-74.7-74.7s33.5-74.7 74.7-74.7 74.7 33.5 74.7 74.7-33.6 74.7-74.7 74.7zm146.4-194.3c0 14.9-12 26.8-26.8 26.8-14.9 0-26.8-12-26.8-26.8s12-26.8 26.8-26.8 26.8 12 26.8 26.8zm76.1 27.2c-1.7-35.9-9.9-67.7-36.2-93.9-26.2-26.2-58-34.4-93.9-36.2-37-2.1-147.9-2.1-184.9 0-35.8 1.7-67.6 9.9-93.9 36.1s-34.4 58-36.2 93.9c-2.1 37-2.1 147.9 0 184.9 1.7 35.9 9.9 67.7 36.2 93.9s58 34.4 93.9 36.2c37 2.1 147.9 2.1 184.9 0 35.9-1.7 67.7-9.9 93.9-36.2 26.2-26.2 34.4-58 36.2-93.9 2.1-37 2.1-147.8 0-184.8zM398.8 388c-7.8 19.6-22.9 34.7-42.6 42.6-29.5 11.7-99.5 9-132.1 9s-102.7 2.6-132.1-9c-19.6-7.8-34.7-22.9-42.6-42.6-11.7-29.5-9-99.5-9-132.1s-2.6-102.7 9-132.1c7.8-19.6 22.9-34.7 42.6-42.6 29.5-11.7 99.5-9 132.1-9s102.7-2.6 132.1 9c19.6 7.8 34.7 22.9 42.6 42.6 11.7 29.5 9 99.5 9 132.1s2.7 102.7-9 132.1z\"><\/path><\/svg>\t\t\t\t\t<\/a>\n\t\t\t\t<\/span>\n\t\t\t\t\t<\/div>\n\t\t\t\t\t\t<\/div>\n\t\t\t\t<\/div>\n\t\t\t\t\t<\/div>\n\t\t\t\t<\/div>\n\t\t\t\t<div class=\"elementor-element elementor-element-30ae1be elementor-widget__width-initial elementor-widget elementor-widget-image\" data-id=\"30ae1be\" data-element_type=\"widget\" data-widget_type=\"image.default\">\n\t\t\t\t<div class=\"elementor-widget-container\">\n\t\t\t\t\t\t\t\t\t\t\t\t\t\t\t<img decoding=\"async\" width=\"300\" height=\"120\" src=\"https:\/\/convenzioni.cralnetwork.it\/assodifesa\/wp-content\/uploads\/sites\/45\/2025\/02\/logoWEBbc.png\" class=\"attachment-full size-full wp-image-31693\" alt=\"\" \/>\t\t\t\t\t\t\t\t\t\t\t\t\t\t\t<\/div>\n\t\t\t\t<\/div>\n\t\t\t\t\t<\/div>\n\t\t\t\t<\/div>\n\t\t\t\t\t<\/div>\n\t\t\t\t<\/div>\n\t\t<div class=\"elementor-element elementor-element-aee1279 elementor-hidden-tablet elementor-hidden-mobile e-flex e-con-boxed wpr-particle-no wpr-jarallax-no wpr-parallax-no wpr-sticky-section-no e-con e-parent\" data-id=\"aee1279\" data-element_type=\"container\" data-settings=\"{&quot;background_background&quot;:&quot;classic&quot;}\">\n\t\t\t\t\t<div class=\"e-con-inner\">\n\t\t<div class=\"elementor-element elementor-element-a5b4200 e-con-full e-flex wpr-particle-no wpr-jarallax-no wpr-parallax-no wpr-sticky-section-no e-con e-child\" data-id=\"a5b4200\" data-element_type=\"container\">\n\t\t\t\t<div class=\"elementor-element elementor-element-8b56eb0 elementor-widget__width-inherit elementor-widget elementor-widget-text-editor\" data-id=\"8b56eb0\" data-element_type=\"widget\" data-widget_type=\"text-editor.default\">\n\t\t\t\t<div class=\"elementor-widget-container\">\n\t\t\t\t\t\t\t\t\t<p>Agevolazioni <br \/>riservate agli associati<\/p>\t\t\t\t\t\t\t\t<\/div>\n\t\t\t\t<\/div>\n\t\t\t\t<div class=\"elementor-element elementor-element-27c9d7a elementor-widget-divider--view-line elementor-widget elementor-widget-divider\" data-id=\"27c9d7a\" data-element_type=\"widget\" data-widget_type=\"divider.default\">\n\t\t\t\t<div class=\"elementor-widget-container\">\n\t\t\t\t\t\t\t<div class=\"elementor-divider\">\n\t\t\t<span class=\"elementor-divider-separator\">\n\t\t\t\t\t\t<\/span>\n\t\t<\/div>\n\t\t\t\t\t\t<\/div>\n\t\t\t\t<\/div>\n\t\t\t\t<div class=\"elementor-element elementor-element-94fdf54 elementor-widget__width-inherit elementor-widget elementor-widget-text-editor\" data-id=\"94fdf54\" data-element_type=\"widget\" data-widget_type=\"text-editor.default\">\n\t\t\t\t<div class=\"elementor-widget-container\">\n\t\t\t\t\t\t\t\t\t<p>Casa di riposo Villa Fidelis<\/p>\t\t\t\t\t\t\t\t<\/div>\n\t\t\t\t<\/div>\n\t\t\t\t<div class=\"elementor-element elementor-element-1a7bc15 elementor-widget elementor-widget-text-editor\" data-id=\"1a7bc15\" data-element_type=\"widget\" data-widget_type=\"text-editor.default\">\n\t\t\t\t<div class=\"elementor-widget-container\">\n\t\t\t\t\t\t\t\t\t<p>Contatti<\/p>\t\t\t\t\t\t\t\t<\/div>\n\t\t\t\t<\/div>\n\t\t\t\t<div class=\"elementor-element elementor-element-89de640 elementor-widget__width-inherit elementor-widget elementor-widget-text-editor\" data-id=\"89de640\" data-element_type=\"widget\" data-widget_type=\"text-editor.default\">\n\t\t\t\t<div class=\"elementor-widget-container\">\n\t\t\t\t\t\t\t\t\t<p>Via Anagnina, 185 &#8211; 00046 Grottaferrata (RM)<\/p><p>La nostra segreteria riceve solo su appuntamento<br \/><strong>Tel:<\/strong> <span style=\"color: #ffffff;\"><a style=\"color: #ffffff;\" href=\"tel:3394644033\">339 464 4033<\/a><\/span><\/p><p><strong>Mail: <\/strong><span style=\"color: #ffffff;\"><a style=\"color: #ffffff;\" href=\"mailto:info@casadiriposovillafidelis.it\">info@casadiriposovillafidelis.it<\/a><\/span><\/p><p><strong>Visite: tutti giorni (compresi i festivi)<\/strong><br \/>10:30 &#8211; 12:00 \/ 15:00 &#8211; 16:00 \/ 6:30 &#8211; 18:00<\/p>\t\t\t\t\t\t\t\t<\/div>\n\t\t\t\t<\/div>\n\t\t<div class=\"elementor-element elementor-element-ba24265 e-flex e-con-boxed wpr-particle-no wpr-jarallax-no wpr-parallax-no wpr-sticky-section-no e-con e-child\" data-id=\"ba24265\" data-element_type=\"container\">\n\t\t\t\t\t<div class=\"e-con-inner\">\n\t\t\t\t<div class=\"elementor-element elementor-element-8628a16 elementor-widget elementor-widget-text-editor\" data-id=\"8628a16\" data-element_type=\"widget\" data-widget_type=\"text-editor.default\">\n\t\t\t\t<div class=\"elementor-widget-container\">\n\t\t\t\t\t\t\t\t\t<p><span style=\"color: #ffffff;\"><a style=\"color: #ffffff;\" href=\"https:\/\/casadiriposovillafidelis.it\/\">casadiriposovillafidelis.it<\/a><\/span><\/p>\t\t\t\t\t\t\t\t<\/div>\n\t\t\t\t<\/div>\n\t\t\t\t<div class=\"elementor-element elementor-element-4411baf elementor-shape-circle e-grid-align-left elementor-grid-0 elementor-widget elementor-widget-social-icons\" data-id=\"4411baf\" data-element_type=\"widget\" data-widget_type=\"social-icons.default\">\n\t\t\t\t<div class=\"elementor-widget-container\">\n\t\t\t\t\t\t\t<div class=\"elementor-social-icons-wrapper elementor-grid\" role=\"list\">\n\t\t\t\t\t\t\t<span class=\"elementor-grid-item\" role=\"listitem\">\n\t\t\t\t\t<a class=\"elementor-icon elementor-social-icon elementor-social-icon-facebook elementor-repeater-item-1539373\" href=\"https:\/\/www.facebook.com\/people\/Villa-Fidelis-Casa-Di-Riposo\/100066920115447\/?locale=it_IT\" target=\"_blank\">\n\t\t\t\t\t\t<span class=\"elementor-screen-only\">Facebook<\/span>\n\t\t\t\t\t\t<svg aria-hidden=\"true\" class=\"e-font-icon-svg e-fab-facebook\" viewBox=\"0 0 512 512\" xmlns=\"http:\/\/www.w3.org\/2000\/svg\"><path d=\"M504 256C504 119 393 8 256 8S8 119 8 256c0 123.78 90.69 226.38 209.25 245V327.69h-63V256h63v-54.64c0-62.15 37-96.48 93.67-96.48 27.14 0 55.52 4.84 55.52 4.84v61h-31.28c-30.8 0-40.41 19.12-40.41 38.73V256h68.78l-11 71.69h-57.78V501C413.31 482.38 504 379.78 504 256z\"><\/path><\/svg>\t\t\t\t\t<\/a>\n\t\t\t\t<\/span>\n\t\t\t\t\t\t\t<span class=\"elementor-grid-item\" role=\"listitem\">\n\t\t\t\t\t<a class=\"elementor-icon elementor-social-icon elementor-social-icon-instagram elementor-repeater-item-feeae89\" href=\"https:\/\/www.instagram.com\/villa_fidelis\/\" target=\"_blank\">\n\t\t\t\t\t\t<span class=\"elementor-screen-only\">Instagram<\/span>\n\t\t\t\t\t\t<svg aria-hidden=\"true\" class=\"e-font-icon-svg e-fab-instagram\" viewBox=\"0 0 448 512\" xmlns=\"http:\/\/www.w3.org\/2000\/svg\"><path d=\"M224.1 141c-63.6 0-114.9 51.3-114.9 114.9s51.3 114.9 114.9 114.9S339 319.5 339 255.9 287.7 141 224.1 141zm0 189.6c-41.1 0-74.7-33.5-74.7-74.7s33.5-74.7 74.7-74.7 74.7 33.5 74.7 74.7-33.6 74.7-74.7 74.7zm146.4-194.3c0 14.9-12 26.8-26.8 26.8-14.9 0-26.8-12-26.8-26.8s12-26.8 26.8-26.8 26.8 12 26.8 26.8zm76.1 27.2c-1.7-35.9-9.9-67.7-36.2-93.9-26.2-26.2-58-34.4-93.9-36.2-37-2.1-147.9-2.1-184.9 0-35.8 1.7-67.6 9.9-93.9 36.1s-34.4 58-36.2 93.9c-2.1 37-2.1 147.9 0 184.9 1.7 35.9 9.9 67.7 36.2 93.9s58 34.4 93.9 36.2c37 2.1 147.9 2.1 184.9 0 35.9-1.7 67.7-9.9 93.9-36.2 26.2-26.2 34.4-58 36.2-93.9 2.1-37 2.1-147.8 0-184.8zM398.8 388c-7.8 19.6-22.9 34.7-42.6 42.6-29.5 11.7-99.5 9-132.1 9s-102.7 2.6-132.1-9c-19.6-7.8-34.7-22.9-42.6-42.6-11.7-29.5-9-99.5-9-132.1s-2.6-102.7 9-132.1c7.8-19.6 22.9-34.7 42.6-42.6 29.5-11.7 99.5-9 132.1-9s102.7-2.6 132.1 9c19.6 7.8 34.7 22.9 42.6 42.6 11.7 29.5 9 99.5 9 132.1s2.7 102.7-9 132.1z\"><\/path><\/svg>\t\t\t\t\t<\/a>\n\t\t\t\t<\/span>\n\t\t\t\t\t<\/div>\n\t\t\t\t\t\t<\/div>\n\t\t\t\t<\/div>\n\t\t\t\t\t<\/div>\n\t\t\t\t<\/div>\n\t\t\t\t<div class=\"elementor-element elementor-element-678f714 elementor-widget__width-initial elementor-widget elementor-widget-image\" data-id=\"678f714\" data-element_type=\"widget\" data-widget_type=\"image.default\">\n\t\t\t\t<div class=\"elementor-widget-container\">\n\t\t\t\t\t\t\t\t\t\t\t\t\t\t\t<img decoding=\"async\" width=\"300\" height=\"120\" src=\"https:\/\/convenzioni.cralnetwork.it\/assodifesa\/wp-content\/uploads\/sites\/45\/2025\/02\/logoWEBbc.png\" class=\"attachment-full size-full wp-image-31693\" alt=\"\" \/>\t\t\t\t\t\t\t\t\t\t\t\t\t\t\t<\/div>\n\t\t\t\t<\/div>\n\t\t\t\t<\/div>\n\t\t\t\t\t<\/div>\n\t\t\t\t<\/div>\n\t\t<div class=\"elementor-element elementor-element-ff7452a e-con-full e-flex wpr-particle-no wpr-jarallax-no wpr-parallax-no wpr-sticky-section-no e-con e-parent\" data-id=\"ff7452a\" data-element_type=\"container\">\n\t\t\t\t<div class=\"elementor-element elementor-element-0b0533a elementor-widget elementor-widget-text-editor\" data-id=\"0b0533a\" data-element_type=\"widget\" data-widget_type=\"text-editor.default\">\n\t\t\t\t<div class=\"elementor-widget-container\">\n\t\t\t\t\t\t\t\t\t<p><div id=\"gmw-single-location-wrapper-178\" class=\"gmw-element-wrapper gmw-single-location-wrapper gmw-sl-wrapper gmw-sl-single-post-wrapper post \" object_type=\"post\" object_id=\"31689\"  style=\"width:100%\"><div class=\"gmw-sl-map-wrapper gmw-sl-element\"><div id=\"gmw-map-wrapper-178\" class=\"gmw-map-wrapper  sl single_location \" style=\"width:100%;height:450px;\"> <span id=\"gmw-resize-map-toggle-178\" class=\"gmw-resize-map-toggle gmw-icon-resize-full\" style=\"display:none;\" title=\"Resize map\"><\/span> <div id=\"gmw-map-loader-178\" class=\"gmw-map-loader\"><\/div> <div id=\"gmw-map-178\" class=\"gmw-map sl single_location\" style=\"width:100%; height:100%\" data-map_id=\"178\" data-prefix=\"sl\" data-map_type=\"single_location\" data-icons_usage=\"global\"><\/div> <\/div><\/div><\/div>\u00a0<\/p>\t\t\t\t\t\t\t\t<\/div>\n\t\t\t\t<\/div>\n\t\t\t\t<\/div>\n\t\t\t\t<section class=\"elementor-section elementor-top-section elementor-element elementor-element-29569066 elementor-section-content-middle elementor-hidden-desktop elementor-hidden-tablet elementor-hidden-mobile elementor-section-boxed elementor-section-height-default elementor-section-height-default wpr-particle-no wpr-jarallax-no wpr-parallax-no wpr-sticky-section-no\" data-id=\"29569066\" data-element_type=\"section\" data-settings=\"{&quot;background_background&quot;:&quot;classic&quot;}\">\n\t\t\t\t\t\t<div class=\"elementor-container elementor-column-gap-default\">\n\t\t\t\t\t<div class=\"elementor-column elementor-col-50 elementor-top-column elementor-element elementor-element-57c1d0e7\" data-id=\"57c1d0e7\" data-element_type=\"column\">\n\t\t\t<div class=\"elementor-widget-wrap elementor-element-populated\">\n\t\t\t\t\t\t<div class=\"elementor-element elementor-element-513303be elementor-widget elementor-widget-text-editor\" data-id=\"513303be\" data-element_type=\"widget\" data-widget_type=\"text-editor.default\">\n\t\t\t\t<div class=\"elementor-widget-container\">\n\t\t\t\t\t\t\t\t\tContatti\t\t\t\t\t\t\t\t<\/div>\n\t\t\t\t<\/div>\n\t\t\t\t<div class=\"elementor-element elementor-element-33bdb2cd elementor-shape-circle e-grid-align-left elementor-grid-0 elementor-widget elementor-widget-social-icons\" data-id=\"33bdb2cd\" data-element_type=\"widget\" data-widget_type=\"social-icons.default\">\n\t\t\t\t<div class=\"elementor-widget-container\">\n\t\t\t\t\t\t\t<div class=\"elementor-social-icons-wrapper elementor-grid\" role=\"list\">\n\t\t\t\t\t\t\t<span class=\"elementor-grid-item\" role=\"listitem\">\n\t\t\t\t\t<a class=\"elementor-icon elementor-social-icon elementor-social-icon-facebook elementor-repeater-item-1539373\" target=\"_blank\">\n\t\t\t\t\t\t<span class=\"elementor-screen-only\">Facebook<\/span>\n\t\t\t\t\t\t<svg aria-hidden=\"true\" class=\"e-font-icon-svg e-fab-facebook\" viewBox=\"0 0 512 512\" xmlns=\"http:\/\/www.w3.org\/2000\/svg\"><path d=\"M504 256C504 119 393 8 256 8S8 119 8 256c0 123.78 90.69 226.38 209.25 245V327.69h-63V256h63v-54.64c0-62.15 37-96.48 93.67-96.48 27.14 0 55.52 4.84 55.52 4.84v61h-31.28c-30.8 0-40.41 19.12-40.41 38.73V256h68.78l-11 71.69h-57.78V501C413.31 482.38 504 379.78 504 256z\"><\/path><\/svg>\t\t\t\t\t<\/a>\n\t\t\t\t<\/span>\n\t\t\t\t\t\t\t<span class=\"elementor-grid-item\" role=\"listitem\">\n\t\t\t\t\t<a class=\"elementor-icon elementor-social-icon elementor-social-icon-twitter elementor-repeater-item-8913cb9\" target=\"_blank\">\n\t\t\t\t\t\t<span class=\"elementor-screen-only\">Twitter<\/span>\n\t\t\t\t\t\t<svg aria-hidden=\"true\" class=\"e-font-icon-svg e-fab-twitter\" viewBox=\"0 0 512 512\" xmlns=\"http:\/\/www.w3.org\/2000\/svg\"><path d=\"M459.37 151.716c.325 4.548.325 9.097.325 13.645 0 138.72-105.583 298.558-298.558 298.558-59.452 0-114.68-17.219-161.137-47.106 8.447.974 16.568 1.299 25.34 1.299 49.055 0 94.213-16.568 130.274-44.832-46.132-.975-84.792-31.188-98.112-72.772 6.498.974 12.995 1.624 19.818 1.624 9.421 0 18.843-1.3 27.614-3.573-48.081-9.747-84.143-51.98-84.143-102.985v-1.299c13.969 7.797 30.214 12.67 47.431 13.319-28.264-18.843-46.781-51.005-46.781-87.391 0-19.492 5.197-37.36 14.294-52.954 51.655 63.675 129.3 105.258 216.365 109.807-1.624-7.797-2.599-15.918-2.599-24.04 0-57.828 46.782-104.934 104.934-104.934 30.213 0 57.502 12.67 76.67 33.137 23.715-4.548 46.456-13.32 66.599-25.34-7.798 24.366-24.366 44.833-46.132 57.827 21.117-2.273 41.584-8.122 60.426-16.243-14.292 20.791-32.161 39.308-52.628 54.253z\"><\/path><\/svg>\t\t\t\t\t<\/a>\n\t\t\t\t<\/span>\n\t\t\t\t\t\t\t<span class=\"elementor-grid-item\" role=\"listitem\">\n\t\t\t\t\t<a class=\"elementor-icon elementor-social-icon elementor-social-icon-youtube elementor-repeater-item-3255c55\" target=\"_blank\">\n\t\t\t\t\t\t<span class=\"elementor-screen-only\">Youtube<\/span>\n\t\t\t\t\t\t<svg aria-hidden=\"true\" class=\"e-font-icon-svg e-fab-youtube\" viewBox=\"0 0 576 512\" xmlns=\"http:\/\/www.w3.org\/2000\/svg\"><path d=\"M549.655 124.083c-6.281-23.65-24.787-42.276-48.284-48.597C458.781 64 288 64 288 64S117.22 64 74.629 75.486c-23.497 6.322-42.003 24.947-48.284 48.597-11.412 42.867-11.412 132.305-11.412 132.305s0 89.438 11.412 132.305c6.281 23.65 24.787 41.5 48.284 47.821C117.22 448 288 448 288 448s170.78 0 213.371-11.486c23.497-6.321 42.003-24.171 48.284-47.821 11.412-42.867 11.412-132.305 11.412-132.305s0-89.438-11.412-132.305zm-317.51 213.508V175.185l142.739 81.205-142.739 81.201z\"><\/path><\/svg>\t\t\t\t\t<\/a>\n\t\t\t\t<\/span>\n\t\t\t\t\t<\/div>\n\t\t\t\t\t\t<\/div>\n\t\t\t\t<\/div>\n\t\t\t\t\t<\/div>\n\t\t<\/div>\n\t\t\t\t<div class=\"elementor-column elementor-col-50 elementor-top-column elementor-element elementor-element-79fc89f9\" data-id=\"79fc89f9\" data-element_type=\"column\">\n\t\t\t<div class=\"elementor-widget-wrap elementor-element-populated\">\n\t\t\t\t\t\t<div class=\"elementor-element elementor-element-7305eff9 elementor-widget elementor-widget-text-editor\" data-id=\"7305eff9\" data-element_type=\"widget\" data-widget_type=\"text-editor.default\">\n\t\t\t\t<div class=\"elementor-widget-container\">\n\t\t\t\t\t\t\t\t\t<div id=\"gmw-single-location-wrapper-349\" class=\"gmw-element-wrapper gmw-single-location-wrapper gmw-sl-wrapper gmw-sl-single-post-wrapper post \" object_type=\"post\" object_id=\"31689\"  style=\"width:100%\"><div class=\"gmw-sl-map-wrapper gmw-sl-element\"><div id=\"gmw-map-wrapper-349\" class=\"gmw-map-wrapper  sl single_location \" style=\"width:100%;height:300px;\"> <span id=\"gmw-resize-map-toggle-349\" class=\"gmw-resize-map-toggle gmw-icon-resize-full\" style=\"display:none;\" title=\"Resize map\"><\/span> <div id=\"gmw-map-loader-349\" class=\"gmw-map-loader\"><\/div> <div id=\"gmw-map-349\" class=\"gmw-map sl single_location\" style=\"width:100%; height:100%\" data-map_id=\"349\" data-prefix=\"sl\" data-map_type=\"single_location\" data-icons_usage=\"global\"><\/div> <\/div><\/div><\/div>\t\t\t\t\t\t\t\t<\/div>\n\t\t\t\t<\/div>\n\t\t\t\t<div class=\"elementor-element elementor-element-1a34d7dc elementor-widget elementor-widget-text-editor\" data-id=\"1a34d7dc\" data-element_type=\"widget\" data-widget_type=\"text-editor.default\">\n\t\t\t\t<div class=\"elementor-widget-container\">\n\t\t\t\t\t\t\t\t\t<p><div id=\"gmw-single-object-locations-wrapper-525\" class=\"gmw-element-wrapper gmw-single-location-wrapper gmw-sl-wrapper gmw-sl-single-post-wrapper post gmw-sl-multiple-locations\" object_type=\"post\" object_id=\"\"  style=\"width:100%\"><div class=\"gmw-sl-map-wrapper\"><div id=\"gmw-map-wrapper-525\" class=\"gmw-map-wrapper  sl single_location \" style=\"width:100%;height:350px;\"> <span id=\"gmw-resize-map-toggle-525\" class=\"gmw-resize-map-toggle gmw-icon-resize-full\" style=\"display:none;\" title=\"Resize map\"><\/span> <div id=\"gmw-map-loader-525\" class=\"gmw-map-loader\"><\/div> <div id=\"gmw-map-525\" class=\"gmw-map sl single_location\" style=\"width:100%; height:100%\" data-map_id=\"525\" data-prefix=\"sl\" data-map_type=\"single_location\" data-icons_usage=\"global\"><\/div> <\/div><\/div><\/div><\/p>\t\t\t\t\t\t\t\t<\/div>\n\t\t\t\t<\/div>\n\t\t\t\t\t<\/div>\n\t\t<\/div>\n\t\t\t\t\t<\/div>\n\t\t<\/section>\n\t\t\t\t<\/div>\n\t\t","protected":false},"excerpt":{"rendered":"<div style=\"display: none;\">\n<p>Casa di riposo Villa Fidelis, luogo di relazioni e di accoglienza<br \/>\nVilla Fidelis \u00e8 una casa di riposo per anziani che offre ai propri ospiti un luogo accogliente e familiare, i comfort di un servizio alberghiero abbinato al supporto socio-assistenziale professionale e personalizzato in base alle diverse esigenze di assistenza.<br \/>\nSERVIZIO ALBERGHIERO<br \/>\nVilla Fidelis offre un servizio alberghiero completo con 12 camere singole di cui una parte con servizi privati.<br \/>\nSERVIZIO INFERMIERISTICO H24<br \/>\nGli operatori OSS di Villa Fidelis garantiscono un servizio infermieristico H24.<br \/>\nTERAPIE OCCUPAZIONALI<br \/>\nVilla Fidelis \u00e8 dotata di una figura professionale specializzata in terapia occupazionale.<br \/>\nGli OPERATORI<br \/>\nPerch\u00e8 l&#8217;operatore \u00e8 importante<br \/>\nLe persone che risiedono a Villa Fidelis sono considerate &#8220;ospiti&#8221; e come tali devono godere di tutta l&#8217;accoglienza possibile, gli operatori che lavorano a Villafidelis sono preparati professionalmente per rendere un soggiorno di qualit\u00e0.<br \/>\nLa casa di riposo Villa Fidelis, gi\u00e0 operativa sul territorio da diversi anni, ha subito recentemente un rinnovamento, non solo strutturale ma anche gestionale. La nuova gestione Villa Fidelis vede il suo punto di forza nella dimensione della familiarit\u00e0 intorno a cui ruota l\u2019intera organizzazione.<br \/>\nIl Responsabile Villa Fidelis, insieme ai componenti della propria famiglia, garantisce una presenza costante, diventando per gli ospiti un punto di riferimento a livello affettivo-relazionale.<br \/>\nSiamo convinti che per far sentire una persona \u201ccome a casa\u201d, sia fondamentale creare un clima non solo accogliente ma soprattutto familiare.<br \/>\nSomministrazione diretta di colazione, su richiesta anche in camera, pranzo, merenda e cena. La casa di riposo dispone di una cucina interna con approvvigionamento giornaliero di prodotti freschi e di qualit\u00e0. Il men\u00f9, definito sulla base di precise indicazioni della ASL, rispetta tutte le necessit\u00e0 nutrizionali delle persone anziane senza mai tralasciare il valore della cucina tradizionale e casalinga<br \/>\nSOGGIORNO<br \/>\nGli ambienti vengono igienizzati quotidianamente ed ogni volta ve ne sia bisogno dal nostro personale interno, che ne garantisce la cura e l\u2019igiene per l\u2019intero arco della giornata.<br \/>\nASSISTENZA RELIGIOSA<br \/>\nLa messa si effettua ogni domenica nella nostra chiesa interna alla struttura.<br \/>\nLAVANDERIA<br \/>\nSi effettua su richiesta specifica da parte dell\u2019ospite o dei familiari (che in alternativa potranno provvedere personalmente).<br \/>\nPARRUCCHERIA E PODOLOGO<br \/>\nSi effettua su richiesta specifica da parte dell\u2019ospite o dei familiari.<br \/>\nASSISTENZA INFERMIERISTICA E ASSISTENZA MEDICA H24<br \/>\nSERVIZIO INFERMIERISTICO H24<br \/>\nPresenza h24 di OSS (operatori Socio Sanitari) che si occupano dell\u2019assistenza alla persona: gli OSS hanno il compito di assistere la persona fornendole tutto l\u2019aiuto necessario nelle azioni di cura della persona ed igiene personale quotidiana, incentivandone sempre l\u2019autonomia di gestione ed il protagonismo: ogni attivit\u00e0 pu\u00f2 diventare motivo di stimolo quotidiano a migliore e\/o mantenere le proprie autonomie funzionali.<br \/>\nASSISTENZA MEDICA<br \/>\nL\u2019assistenza \u00e8 garantita dalla presenza quotidiana delle nostre infermiere le quali oltre a predisporre la terapia farmacologia prescritta dal medico, garantiscono una sorveglianza quotidiana sulle condizioni generali dell\u2019ospite e la possibilit\u00e0 di attivare tempestivamente i soccorsi qualora se ne presentasse la necessit\u00e0.<br \/>\nTERAPIE OCCUPAZIONALI<br \/>\nASSISTENZA SOCIALE<br \/>\nPresenza programmata dell\u2019assistente sociale che, dopo un\u2019attenta analisi dei bisogni dell\u2019ospite, in sinergia con l\u2019intera \u00e9quipe socio-assistenziale e con l\u2019ospite stesso, provvede ad elaborare un PPA (Piano di Assistenza Personalizzato) che rappresenta lo strumento di raccordo multidimensionale degli obiettivi, delle risorse, degli strumenti e delle strategie da attuare per favorire il benessere dell\u2019ospite all\u2019interno della casa di riposo. L\u2019assistente sociale svolge, inoltre, un importante ruolo di raccolta dei bisogni ed istanze provenienti dagli ospiti della casa e dai loro familiari.<br \/>\nASSISTENZA FISIOTERAPICA<br \/>\nHa come finalit\u00e0 il contrasto o la riduzione del declino delle potenzialit\u00e0 psicomotorie (e conseguentemente anche relazionali) che si osservano comunemente negli anziani.<br \/>\nSERVIZIO EDUCAZIONE E TERAPIE OCCUPAZIONALI<br \/>\nE\u2019 l\u2019aspetto che riteniamo fondamentale per il mantenimento ed il potenziamento delle capacit\u00e0 e competenze cognitive, sociali e relazionali dell\u2019ospite. Siamo convinti che l\u2019unico modo per permettere ad una persona di sentirsi accolta e valorizzata sia dare spazio ad ogni aspetto della propria personalit\u00e0; proprio per questo l\u2019offerta del Piano Educativo elaborato \u00e8 molto ampia ed in continua evoluzione. Il servizio viene garantito OGNI GIORNO, svolto da personale altamente qualificato e prevede:<\/p>\n<p>Casa di riposo, Case di riposo, servizio infermieristico per anziani, terapie per anziani, accoglienza per anziani, assistenza infermieristica, assistenza medica, operatori Socio Sanitari, assistenza per anziani, assistenza alla persona, assistenza sociale, assistenza fisioterapica, fisioterapia per anziani,<\/p>\n<p>Casa di riposo a Grottaferrata , Case di riposo a Grottaferrata , servizio infermieristico per anziani a Grottaferrata , terapie per anziani a Grottaferrata , accoglienza per anziani a Grottaferrata , assistenza infermieristica a Grottaferrata , assistenza medica a Grottaferrata , operatori Socio Sanitari a Grottaferrata , assistenza per anziani a Grottaferrata , assistenza alla persona a Grottaferrata , assistenza sociale a Grottaferrata , assistenza fisioterapica a Grottaferrata , fisioterapia per anziani a Grottaferrata ,<\/p>\n<\/div>\n","protected":false},"featured_media":31690,"comment_status":"open","ping_status":"closed","template":"elementor_header_footer","meta":{"_acf_changed":false,"_et_pb_use_builder":"","_et_pb_old_content":"","_et_gb_content_width":""},"product_brand":[],"product_cat":[2213,2923,26],"product_tag":[3297,3300,3302,3298,3205,2975,3301,2962,2963,2971,3299,3295,3296],"class_list":{"0":"post-31689","1":"product","2":"type-product","3":"status-publish","4":"has-post-thumbnail","6":"product_cat-assistenza-per-anziani","7":"product_cat-case-di-riposo","8":"product_cat-salute","9":"product_tag-accoglienza-per-anziani","10":"product_tag-assistenza-alla-persona","11":"product_tag-assistenza-fisioterapica","12":"product_tag-assistenza-infermieristica","13":"product_tag-assistenza-medica","14":"product_tag-assistenza-per-anziani","15":"product_tag-assistenza-sociale","16":"product_tag-casa-di-riposo","17":"product_tag-case-di-riposo","18":"product_tag-fisioterapia-per-anziani","19":"product_tag-operatori-socio-sanitari","20":"product_tag-servizio-infermieristico-per-anziani","21":"product_tag-terapie-per-anziani","23":"first","24":"instock","25":"shipping-taxable","26":"product-type-simple"},"acf":[],"yoast_head":"<!-- This site is optimized with the Yoast SEO plugin v26.4 - https:\/\/yoast.com\/wordpress\/plugins\/seo\/ -->\n<title>Casa di riposo Villa Fidelis - Assodifesa<\/title>\n<meta name=\"robots\" content=\"index, follow, max-snippet:-1, max-image-preview:large, max-video-preview:-1\" \/>\n<link rel=\"canonical\" href=\"https:\/\/convenzioni.cralnetwork.it\/assodifesa\/prodotto\/casa-di-riposo-villa-fidelis\/\" \/>\n<meta property=\"og:locale\" content=\"it_IT\" \/>\n<meta property=\"og:type\" content=\"article\" \/>\n<meta property=\"og:title\" content=\"Casa di riposo Villa Fidelis - Assodifesa\" \/>\n<meta property=\"og:description\" content=\"Casa di riposo Villa Fidelis, luogo di relazioni e di accoglienza Villa Fidelis \u00e8 una casa di riposo per anziani che offre ai propri ospiti un luogo accogliente e familiare, i comfort di un servizio alberghiero abbinato al supporto socio-assistenziale professionale e personalizzato in base alle diverse esigenze di assistenza. SERVIZIO ALBERGHIERO Villa Fidelis offre un servizio alberghiero completo con 12 camere singole di cui una parte con servizi privati. SERVIZIO INFERMIERISTICO H24 Gli operatori OSS di Villa Fidelis garantiscono un servizio infermieristico H24. TERAPIE OCCUPAZIONALI Villa Fidelis \u00e8 dotata di una figura professionale specializzata in terapia occupazionale. Gli OPERATORI Perch\u00e8 l&#039;operatore \u00e8 importante Le persone che risiedono a Villa Fidelis sono considerate &quot;ospiti&quot; e come tali devono godere di tutta l&#039;accoglienza possibile, gli operatori che lavorano a Villafidelis sono preparati professionalmente per rendere un soggiorno di qualit\u00e0. La casa di riposo Villa Fidelis, gi\u00e0 operativa sul territorio da diversi anni, ha subito recentemente un rinnovamento, non solo strutturale ma anche gestionale. La nuova gestione Villa Fidelis vede il suo punto di forza nella dimensione della familiarit\u00e0 intorno a cui ruota l\u2019intera organizzazione. Il Responsabile Villa Fidelis, insieme ai componenti della propria famiglia, garantisce una presenza costante, diventando per gli ospiti un punto di riferimento a livello affettivo-relazionale. Siamo convinti che per far sentire una persona \u201ccome a casa\u201d, sia fondamentale creare un clima non solo accogliente ma soprattutto familiare. Somministrazione diretta di colazione, su richiesta anche in camera, pranzo, merenda e cena. La casa di riposo dispone di una cucina interna con approvvigionamento giornaliero di prodotti freschi e di qualit\u00e0. Il men\u00f9, definito sulla base di precise indicazioni della ASL, rispetta tutte le necessit\u00e0 nutrizionali delle persone anziane senza mai tralasciare il valore della cucina tradizionale e casalinga SOGGIORNO Gli ambienti vengono igienizzati quotidianamente ed ogni volta ve ne sia bisogno dal nostro personale interno, che ne garantisce la cura e l\u2019igiene per l\u2019intero arco della giornata. ASSISTENZA RELIGIOSA La messa si effettua ogni domenica nella nostra chiesa interna alla struttura. LAVANDERIA Si effettua su richiesta specifica da parte dell\u2019ospite o dei familiari (che in alternativa potranno provvedere personalmente). PARRUCCHERIA E PODOLOGO Si effettua su richiesta specifica da parte dell\u2019ospite o dei familiari. ASSISTENZA INFERMIERISTICA E ASSISTENZA MEDICA H24 SERVIZIO INFERMIERISTICO H24 Presenza h24 di OSS (operatori Socio Sanitari) che si occupano dell\u2019assistenza alla persona: gli OSS hanno il compito di assistere la persona fornendole tutto l\u2019aiuto necessario nelle azioni di cura della persona ed igiene personale quotidiana, incentivandone sempre l\u2019autonomia di gestione ed il protagonismo: ogni attivit\u00e0 pu\u00f2 diventare motivo di stimolo quotidiano a migliore e\/o mantenere le proprie autonomie funzionali. ASSISTENZA MEDICA L\u2019assistenza \u00e8 garantita dalla presenza quotidiana delle nostre infermiere le quali oltre a predisporre la terapia farmacologia prescritta dal medico, garantiscono una sorveglianza quotidiana sulle condizioni generali dell\u2019ospite e la possibilit\u00e0 di attivare tempestivamente i soccorsi qualora se ne presentasse la necessit\u00e0. TERAPIE OCCUPAZIONALI ASSISTENZA SOCIALE Presenza programmata dell\u2019assistente sociale che, dopo un\u2019attenta analisi dei bisogni dell\u2019ospite, in sinergia con l\u2019intera \u00e9quipe socio-assistenziale e con l\u2019ospite stesso, provvede ad elaborare un PPA (Piano di Assistenza Personalizzato) che rappresenta lo strumento di raccordo multidimensionale degli obiettivi, delle risorse, degli strumenti e delle strategie da attuare per favorire il benessere dell\u2019ospite all\u2019interno della casa di riposo. L\u2019assistente sociale svolge, inoltre, un importante ruolo di raccolta dei bisogni ed istanze provenienti dagli ospiti della casa e dai loro familiari. ASSISTENZA FISIOTERAPICA Ha come finalit\u00e0 il contrasto o la riduzione del declino delle potenzialit\u00e0 psicomotorie (e conseguentemente anche relazionali) che si osservano comunemente negli anziani. SERVIZIO EDUCAZIONE E TERAPIE OCCUPAZIONALI E\u2019 l\u2019aspetto che riteniamo fondamentale per il mantenimento ed il potenziamento delle capacit\u00e0 e competenze cognitive, sociali e relazionali dell\u2019ospite. Siamo convinti che l\u2019unico modo per permettere ad una persona di sentirsi accolta e valorizzata sia dare spazio ad ogni aspetto della propria personalit\u00e0; proprio per questo l\u2019offerta del Piano Educativo elaborato \u00e8 molto ampia ed in continua evoluzione. Il servizio viene garantito OGNI GIORNO, svolto da personale altamente qualificato e prevede:  Casa di riposo, Case di riposo, servizio infermieristico per anziani, terapie per anziani, accoglienza per anziani, assistenza infermieristica, assistenza medica, operatori Socio Sanitari, assistenza per anziani, assistenza alla persona, assistenza sociale, assistenza fisioterapica, fisioterapia per anziani,  Casa di riposo a Grottaferrata , Case di riposo a Grottaferrata , servizio infermieristico per anziani a Grottaferrata , terapie per anziani a Grottaferrata , accoglienza per anziani a Grottaferrata , assistenza infermieristica a Grottaferrata , assistenza medica a Grottaferrata , operatori Socio Sanitari a Grottaferrata , assistenza per anziani a Grottaferrata , assistenza alla persona a Grottaferrata , assistenza sociale a Grottaferrata , assistenza fisioterapica a Grottaferrata , fisioterapia per anziani a Grottaferrata ,\" \/>\n<meta property=\"og:url\" content=\"https:\/\/convenzioni.cralnetwork.it\/assodifesa\/prodotto\/casa-di-riposo-villa-fidelis\/\" \/>\n<meta property=\"og:site_name\" content=\"Assodifesa\" \/>\n<meta property=\"article:modified_time\" content=\"2025-06-04T13:15:32+00:00\" \/>\n<meta property=\"og:image\" content=\"https:\/\/convenzioni.cralnetwork.it\/assodifesa\/wp-content\/uploads\/sites\/45\/2025\/02\/logo_Villa-Fidelis.jpg\" \/>\n\t<meta property=\"og:image:width\" content=\"300\" \/>\n\t<meta property=\"og:image:height\" content=\"300\" \/>\n\t<meta property=\"og:image:type\" content=\"image\/jpeg\" \/>\n<meta name=\"twitter:card\" content=\"summary_large_image\" \/>\n<meta name=\"twitter:label1\" content=\"Tempo di lettura stimato\" \/>\n\t<meta name=\"twitter:data1\" content=\"6 minuti\" \/>\n<script type=\"application\/ld+json\" class=\"yoast-schema-graph\">{\"@context\":\"https:\/\/schema.org\",\"@graph\":[{\"@type\":\"WebPage\",\"@id\":\"https:\/\/convenzioni.cralnetwork.it\/assodifesa\/prodotto\/casa-di-riposo-villa-fidelis\/\",\"url\":\"https:\/\/convenzioni.cralnetwork.it\/assodifesa\/prodotto\/casa-di-riposo-villa-fidelis\/\",\"name\":\"Casa di riposo Villa Fidelis - Assodifesa\",\"isPartOf\":{\"@id\":\"https:\/\/convenzioni.cralnetwork.it\/assodifesa\/#website\"},\"primaryImageOfPage\":{\"@id\":\"https:\/\/convenzioni.cralnetwork.it\/assodifesa\/prodotto\/casa-di-riposo-villa-fidelis\/#primaryimage\"},\"image\":{\"@id\":\"https:\/\/convenzioni.cralnetwork.it\/assodifesa\/prodotto\/casa-di-riposo-villa-fidelis\/#primaryimage\"},\"thumbnailUrl\":\"https:\/\/convenzioni.cralnetwork.it\/assodifesa\/wp-content\/uploads\/sites\/45\/2025\/02\/logo_Villa-Fidelis.jpg\",\"datePublished\":\"2025-02-14T13:17:35+00:00\",\"dateModified\":\"2025-06-04T13:15:32+00:00\",\"breadcrumb\":{\"@id\":\"https:\/\/convenzioni.cralnetwork.it\/assodifesa\/prodotto\/casa-di-riposo-villa-fidelis\/#breadcrumb\"},\"inLanguage\":\"it-IT\",\"potentialAction\":[{\"@type\":\"ReadAction\",\"target\":[\"https:\/\/convenzioni.cralnetwork.it\/assodifesa\/prodotto\/casa-di-riposo-villa-fidelis\/\"]}]},{\"@type\":\"ImageObject\",\"inLanguage\":\"it-IT\",\"@id\":\"https:\/\/convenzioni.cralnetwork.it\/assodifesa\/prodotto\/casa-di-riposo-villa-fidelis\/#primaryimage\",\"url\":\"https:\/\/convenzioni.cralnetwork.it\/assodifesa\/wp-content\/uploads\/sites\/45\/2025\/02\/logo_Villa-Fidelis.jpg\",\"contentUrl\":\"https:\/\/convenzioni.cralnetwork.it\/assodifesa\/wp-content\/uploads\/sites\/45\/2025\/02\/logo_Villa-Fidelis.jpg\",\"width\":300,\"height\":300},{\"@type\":\"BreadcrumbList\",\"@id\":\"https:\/\/convenzioni.cralnetwork.it\/assodifesa\/prodotto\/casa-di-riposo-villa-fidelis\/#breadcrumb\",\"itemListElement\":[{\"@type\":\"ListItem\",\"position\":1,\"name\":\"Home\",\"item\":\"https:\/\/convenzioni.cralnetwork.it\/assodifesa\/\"},{\"@type\":\"ListItem\",\"position\":2,\"name\":\"Shop\",\"item\":\"https:\/\/convenzioni.cralnetwork.it\/assodifesa\/negozio\/\"},{\"@type\":\"ListItem\",\"position\":3,\"name\":\"Casa di riposo Villa Fidelis\"}]},{\"@type\":\"WebSite\",\"@id\":\"https:\/\/convenzioni.cralnetwork.it\/assodifesa\/#website\",\"url\":\"https:\/\/convenzioni.cralnetwork.it\/assodifesa\/\",\"name\":\"Assodifesa\",\"description\":\"Area convenzioni\",\"potentialAction\":[{\"@type\":\"SearchAction\",\"target\":{\"@type\":\"EntryPoint\",\"urlTemplate\":\"https:\/\/convenzioni.cralnetwork.it\/assodifesa\/?s={search_term_string}\"},\"query-input\":{\"@type\":\"PropertyValueSpecification\",\"valueRequired\":true,\"valueName\":\"search_term_string\"}}],\"inLanguage\":\"it-IT\"}]}<\/script>\n<!-- \/ Yoast SEO plugin. -->","yoast_head_json":{"title":"Casa di riposo Villa Fidelis - Assodifesa","robots":{"index":"index","follow":"follow","max-snippet":"max-snippet:-1","max-image-preview":"max-image-preview:large","max-video-preview":"max-video-preview:-1"},"canonical":"https:\/\/convenzioni.cralnetwork.it\/assodifesa\/prodotto\/casa-di-riposo-villa-fidelis\/","og_locale":"it_IT","og_type":"article","og_title":"Casa di riposo Villa Fidelis - Assodifesa","og_description":"Casa di riposo Villa Fidelis, luogo di relazioni e di accoglienza Villa Fidelis \u00e8 una casa di riposo per anziani che offre ai propri ospiti un luogo accogliente e familiare, i comfort di un servizio alberghiero abbinato al supporto socio-assistenziale professionale e personalizzato in base alle diverse esigenze di assistenza. SERVIZIO ALBERGHIERO Villa Fidelis offre un servizio alberghiero completo con 12 camere singole di cui una parte con servizi privati. SERVIZIO INFERMIERISTICO H24 Gli operatori OSS di Villa Fidelis garantiscono un servizio infermieristico H24. TERAPIE OCCUPAZIONALI Villa Fidelis \u00e8 dotata di una figura professionale specializzata in terapia occupazionale. Gli OPERATORI Perch\u00e8 l'operatore \u00e8 importante Le persone che risiedono a Villa Fidelis sono considerate \"ospiti\" e come tali devono godere di tutta l'accoglienza possibile, gli operatori che lavorano a Villafidelis sono preparati professionalmente per rendere un soggiorno di qualit\u00e0. La casa di riposo Villa Fidelis, gi\u00e0 operativa sul territorio da diversi anni, ha subito recentemente un rinnovamento, non solo strutturale ma anche gestionale. La nuova gestione Villa Fidelis vede il suo punto di forza nella dimensione della familiarit\u00e0 intorno a cui ruota l\u2019intera organizzazione. Il Responsabile Villa Fidelis, insieme ai componenti della propria famiglia, garantisce una presenza costante, diventando per gli ospiti un punto di riferimento a livello affettivo-relazionale. Siamo convinti che per far sentire una persona \u201ccome a casa\u201d, sia fondamentale creare un clima non solo accogliente ma soprattutto familiare. Somministrazione diretta di colazione, su richiesta anche in camera, pranzo, merenda e cena. La casa di riposo dispone di una cucina interna con approvvigionamento giornaliero di prodotti freschi e di qualit\u00e0. Il men\u00f9, definito sulla base di precise indicazioni della ASL, rispetta tutte le necessit\u00e0 nutrizionali delle persone anziane senza mai tralasciare il valore della cucina tradizionale e casalinga SOGGIORNO Gli ambienti vengono igienizzati quotidianamente ed ogni volta ve ne sia bisogno dal nostro personale interno, che ne garantisce la cura e l\u2019igiene per l\u2019intero arco della giornata. ASSISTENZA RELIGIOSA La messa si effettua ogni domenica nella nostra chiesa interna alla struttura. LAVANDERIA Si effettua su richiesta specifica da parte dell\u2019ospite o dei familiari (che in alternativa potranno provvedere personalmente). PARRUCCHERIA E PODOLOGO Si effettua su richiesta specifica da parte dell\u2019ospite o dei familiari. ASSISTENZA INFERMIERISTICA E ASSISTENZA MEDICA H24 SERVIZIO INFERMIERISTICO H24 Presenza h24 di OSS (operatori Socio Sanitari) che si occupano dell\u2019assistenza alla persona: gli OSS hanno il compito di assistere la persona fornendole tutto l\u2019aiuto necessario nelle azioni di cura della persona ed igiene personale quotidiana, incentivandone sempre l\u2019autonomia di gestione ed il protagonismo: ogni attivit\u00e0 pu\u00f2 diventare motivo di stimolo quotidiano a migliore e\/o mantenere le proprie autonomie funzionali. ASSISTENZA MEDICA L\u2019assistenza \u00e8 garantita dalla presenza quotidiana delle nostre infermiere le quali oltre a predisporre la terapia farmacologia prescritta dal medico, garantiscono una sorveglianza quotidiana sulle condizioni generali dell\u2019ospite e la possibilit\u00e0 di attivare tempestivamente i soccorsi qualora se ne presentasse la necessit\u00e0. TERAPIE OCCUPAZIONALI ASSISTENZA SOCIALE Presenza programmata dell\u2019assistente sociale che, dopo un\u2019attenta analisi dei bisogni dell\u2019ospite, in sinergia con l\u2019intera \u00e9quipe socio-assistenziale e con l\u2019ospite stesso, provvede ad elaborare un PPA (Piano di Assistenza Personalizzato) che rappresenta lo strumento di raccordo multidimensionale degli obiettivi, delle risorse, degli strumenti e delle strategie da attuare per favorire il benessere dell\u2019ospite all\u2019interno della casa di riposo. L\u2019assistente sociale svolge, inoltre, un importante ruolo di raccolta dei bisogni ed istanze provenienti dagli ospiti della casa e dai loro familiari. ASSISTENZA FISIOTERAPICA Ha come finalit\u00e0 il contrasto o la riduzione del declino delle potenzialit\u00e0 psicomotorie (e conseguentemente anche relazionali) che si osservano comunemente negli anziani. SERVIZIO EDUCAZIONE E TERAPIE OCCUPAZIONALI E\u2019 l\u2019aspetto che riteniamo fondamentale per il mantenimento ed il potenziamento delle capacit\u00e0 e competenze cognitive, sociali e relazionali dell\u2019ospite. Siamo convinti che l\u2019unico modo per permettere ad una persona di sentirsi accolta e valorizzata sia dare spazio ad ogni aspetto della propria personalit\u00e0; proprio per questo l\u2019offerta del Piano Educativo elaborato \u00e8 molto ampia ed in continua evoluzione. Il servizio viene garantito OGNI GIORNO, svolto da personale altamente qualificato e prevede:  Casa di riposo, Case di riposo, servizio infermieristico per anziani, terapie per anziani, accoglienza per anziani, assistenza infermieristica, assistenza medica, operatori Socio Sanitari, assistenza per anziani, assistenza alla persona, assistenza sociale, assistenza fisioterapica, fisioterapia per anziani,  Casa di riposo a Grottaferrata , Case di riposo a Grottaferrata , servizio infermieristico per anziani a Grottaferrata , terapie per anziani a Grottaferrata , accoglienza per anziani a Grottaferrata , assistenza infermieristica a Grottaferrata , assistenza medica a Grottaferrata , operatori Socio Sanitari a Grottaferrata , assistenza per anziani a Grottaferrata , assistenza alla persona a Grottaferrata , assistenza sociale a Grottaferrata , assistenza fisioterapica a Grottaferrata , fisioterapia per anziani a Grottaferrata ,","og_url":"https:\/\/convenzioni.cralnetwork.it\/assodifesa\/prodotto\/casa-di-riposo-villa-fidelis\/","og_site_name":"Assodifesa","article_modified_time":"2025-06-04T13:15:32+00:00","og_image":[{"width":300,"height":300,"url":"https:\/\/convenzioni.cralnetwork.it\/assodifesa\/wp-content\/uploads\/sites\/45\/2025\/02\/logo_Villa-Fidelis.jpg","type":"image\/jpeg"}],"twitter_card":"summary_large_image","twitter_misc":{"Tempo di lettura stimato":"6 minuti"},"schema":{"@context":"https:\/\/schema.org","@graph":[{"@type":"WebPage","@id":"https:\/\/convenzioni.cralnetwork.it\/assodifesa\/prodotto\/casa-di-riposo-villa-fidelis\/","url":"https:\/\/convenzioni.cralnetwork.it\/assodifesa\/prodotto\/casa-di-riposo-villa-fidelis\/","name":"Casa di riposo Villa Fidelis - Assodifesa","isPartOf":{"@id":"https:\/\/convenzioni.cralnetwork.it\/assodifesa\/#website"},"primaryImageOfPage":{"@id":"https:\/\/convenzioni.cralnetwork.it\/assodifesa\/prodotto\/casa-di-riposo-villa-fidelis\/#primaryimage"},"image":{"@id":"https:\/\/convenzioni.cralnetwork.it\/assodifesa\/prodotto\/casa-di-riposo-villa-fidelis\/#primaryimage"},"thumbnailUrl":"https:\/\/convenzioni.cralnetwork.it\/assodifesa\/wp-content\/uploads\/sites\/45\/2025\/02\/logo_Villa-Fidelis.jpg","datePublished":"2025-02-14T13:17:35+00:00","dateModified":"2025-06-04T13:15:32+00:00","breadcrumb":{"@id":"https:\/\/convenzioni.cralnetwork.it\/assodifesa\/prodotto\/casa-di-riposo-villa-fidelis\/#breadcrumb"},"inLanguage":"it-IT","potentialAction":[{"@type":"ReadAction","target":["https:\/\/convenzioni.cralnetwork.it\/assodifesa\/prodotto\/casa-di-riposo-villa-fidelis\/"]}]},{"@type":"ImageObject","inLanguage":"it-IT","@id":"https:\/\/convenzioni.cralnetwork.it\/assodifesa\/prodotto\/casa-di-riposo-villa-fidelis\/#primaryimage","url":"https:\/\/convenzioni.cralnetwork.it\/assodifesa\/wp-content\/uploads\/sites\/45\/2025\/02\/logo_Villa-Fidelis.jpg","contentUrl":"https:\/\/convenzioni.cralnetwork.it\/assodifesa\/wp-content\/uploads\/sites\/45\/2025\/02\/logo_Villa-Fidelis.jpg","width":300,"height":300},{"@type":"BreadcrumbList","@id":"https:\/\/convenzioni.cralnetwork.it\/assodifesa\/prodotto\/casa-di-riposo-villa-fidelis\/#breadcrumb","itemListElement":[{"@type":"ListItem","position":1,"name":"Home","item":"https:\/\/convenzioni.cralnetwork.it\/assodifesa\/"},{"@type":"ListItem","position":2,"name":"Shop","item":"https:\/\/convenzioni.cralnetwork.it\/assodifesa\/negozio\/"},{"@type":"ListItem","position":3,"name":"Casa di riposo Villa Fidelis"}]},{"@type":"WebSite","@id":"https:\/\/convenzioni.cralnetwork.it\/assodifesa\/#website","url":"https:\/\/convenzioni.cralnetwork.it\/assodifesa\/","name":"Assodifesa","description":"Area convenzioni","potentialAction":[{"@type":"SearchAction","target":{"@type":"EntryPoint","urlTemplate":"https:\/\/convenzioni.cralnetwork.it\/assodifesa\/?s={search_term_string}"},"query-input":{"@type":"PropertyValueSpecification","valueRequired":true,"valueName":"search_term_string"}}],"inLanguage":"it-IT"}]}},"publishpress_future_workflow_manual_trigger":{"enabledWorkflows":[]},"_links":{"self":[{"href":"https:\/\/convenzioni.cralnetwork.it\/assodifesa\/wp-json\/wp\/v2\/product\/31689","targetHints":{"allow":["GET"]}}],"collection":[{"href":"https:\/\/convenzioni.cralnetwork.it\/assodifesa\/wp-json\/wp\/v2\/product"}],"about":[{"href":"https:\/\/convenzioni.cralnetwork.it\/assodifesa\/wp-json\/wp\/v2\/types\/product"}],"replies":[{"embeddable":true,"href":"https:\/\/convenzioni.cralnetwork.it\/assodifesa\/wp-json\/wp\/v2\/comments?post=31689"}],"version-history":[{"count":40,"href":"https:\/\/convenzioni.cralnetwork.it\/assodifesa\/wp-json\/wp\/v2\/product\/31689\/revisions"}],"predecessor-version":[{"id":42217,"href":"https:\/\/convenzioni.cralnetwork.it\/assodifesa\/wp-json\/wp\/v2\/product\/31689\/revisions\/42217"}],"wp:featuredmedia":[{"embeddable":true,"href":"https:\/\/convenzioni.cralnetwork.it\/assodifesa\/wp-json\/wp\/v2\/media\/31690"}],"wp:attachment":[{"href":"https:\/\/convenzioni.cralnetwork.it\/assodifesa\/wp-json\/wp\/v2\/media?parent=31689"}],"wp:term":[{"taxonomy":"product_brand","embeddable":true,"href":"https:\/\/convenzioni.cralnetwork.it\/assodifesa\/wp-json\/wp\/v2\/product_brand?post=31689"},{"taxonomy":"product_cat","embeddable":true,"href":"https:\/\/convenzioni.cralnetwork.it\/assodifesa\/wp-json\/wp\/v2\/product_cat?post=31689"},{"taxonomy":"product_tag","embeddable":true,"href":"https:\/\/convenzioni.cralnetwork.it\/assodifesa\/wp-json\/wp\/v2\/product_tag?post=31689"}],"curies":[{"name":"wp","href":"https:\/\/api.w.org\/{rel}","templated":true}]}}