{"id":28052,"date":"2025-01-03T15:19:04","date_gmt":"2025-01-03T14:19:04","guid":{"rendered":"https:\/\/convenzioni.cralnetwork.it\/assodifesa\/?post_type=product&#038;p=28052"},"modified":"2025-03-19T17:37:57","modified_gmt":"2025-03-19T16:37:57","slug":"audiocontrol-centro-sordita","status":"publish","type":"product","link":"https:\/\/convenzioni.cralnetwork.it\/assodifesa\/prodotto\/audiocontrol-centro-sordita\/","title":{"rendered":"Audiocontrol Centro Sordit\u00e0"},"content":{"rendered":"\t\t<div data-elementor-type=\"wp-post\" data-elementor-id=\"28052\" class=\"elementor elementor-28052\">\n\t\t\t\t<div class=\"elementor-element elementor-element-24d34c4 e-flex e-con-boxed wpr-particle-no wpr-jarallax-no wpr-parallax-no wpr-sticky-section-no e-con e-parent\" data-id=\"24d34c4\" data-element_type=\"container\" data-settings=\"{&quot;background_background&quot;:&quot;classic&quot;}\">\n\t\t\t\t\t<div class=\"e-con-inner\">\n\t\t<div class=\"elementor-element elementor-element-5f0727e e-con-full e-flex wpr-particle-no wpr-jarallax-no wpr-parallax-no wpr-sticky-section-no e-con e-child\" data-id=\"5f0727e\" data-element_type=\"container\">\n\t\t\t\t<div class=\"elementor-element elementor-element-6706bc3 elementor-widget elementor-widget-image\" data-id=\"6706bc3\" data-element_type=\"widget\" data-widget_type=\"image.default\">\n\t\t\t\t<div class=\"elementor-widget-container\">\n\t\t\t\t\t\t\t\t\t\t\t\t\t\t\t<img fetchpriority=\"high\" fetchpriority=\"high\" decoding=\"async\" width=\"1024\" height=\"334\" src=\"https:\/\/convenzioni.cralnetwork.it\/assodifesa\/wp-content\/uploads\/sites\/45\/2025\/03\/logo-4-1024x334.png\" class=\"attachment-large size-large wp-image-34290\" alt=\"\" srcset=\"https:\/\/convenzioni.cralnetwork.it\/assodifesa\/wp-content\/uploads\/sites\/45\/2025\/03\/logo-4-980x320.png 980w, https:\/\/convenzioni.cralnetwork.it\/assodifesa\/wp-content\/uploads\/sites\/45\/2025\/03\/logo-4-480x157.png 480w\" sizes=\"(min-width: 0px) and (max-width: 480px) 480px, (min-width: 481px) and (max-width: 980px) 980px, (min-width: 981px) 1024px, 100vw\" \/>\t\t\t\t\t\t\t\t\t\t\t\t\t\t\t<\/div>\n\t\t\t\t<\/div>\n\t\t\t\t<\/div>\n\t\t\t\t\t<\/div>\n\t\t\t\t<\/div>\n\t\t<div class=\"elementor-element elementor-element-b1b4022 elementor-hidden-desktop elementor-hidden-tablet elementor-hidden-mobile e-flex e-con-boxed wpr-particle-no wpr-jarallax-no wpr-parallax-no wpr-sticky-section-no e-con e-parent\" data-id=\"b1b4022\" data-element_type=\"container\" data-settings=\"{&quot;background_background&quot;:&quot;classic&quot;}\">\n\t\t\t\t\t<div class=\"e-con-inner\">\n\t\t<div class=\"elementor-element elementor-element-6673d83 e-con-full e-flex wpr-particle-no wpr-jarallax-no wpr-parallax-no wpr-sticky-section-no e-con e-child\" data-id=\"6673d83\" data-element_type=\"container\">\n\t\t<div class=\"elementor-element elementor-element-0d2589b e-con-full e-flex wpr-particle-no wpr-jarallax-no wpr-parallax-no wpr-sticky-section-no e-con e-child\" data-id=\"0d2589b\" data-element_type=\"container\">\n\t\t\t\t<div class=\"elementor-element elementor-element-1764aef elementor-widget elementor-widget-text-editor\" data-id=\"1764aef\" data-element_type=\"widget\" data-widget_type=\"text-editor.default\">\n\t\t\t\t<div class=\"elementor-widget-container\">\n\t\t\t\t\t\t\t\t\t<p>CENTRI ACUSTICI IN ABRUZZO<\/p>\t\t\t\t\t\t\t\t<\/div>\n\t\t\t\t<\/div>\n\t\t\t\t<div class=\"elementor-element elementor-element-9cacd70 elementor-widget elementor-widget-text-editor\" data-id=\"9cacd70\" data-element_type=\"widget\" data-widget_type=\"text-editor.default\">\n\t\t\t\t<div class=\"elementor-widget-container\">\n\t\t\t\t\t\t\t\t\tDa oltre 40 anni ci prendiamo cura del vostro udito\t\t\t\t\t\t\t\t<\/div>\n\t\t\t\t<\/div>\n\t\t\t\t<div class=\"elementor-element elementor-element-ef98dcc elementor-widget elementor-widget-text-editor\" data-id=\"ef98dcc\" data-element_type=\"widget\" data-widget_type=\"text-editor.default\">\n\t\t\t\t<div class=\"elementor-widget-container\">\n\t\t\t\t\t\t\t\t\t<p>Audiocontrol Centri Acustici \u00e8 il punto di riferimento per la cura del tuo udito.<br \/><br \/>\u00c8 presente nel settore audioprotesico per la fornitura e l&#8217;assistenza di protesi acustiche realizzate su misura dai nostri partner internazionali.<br \/>Basta un semplice test gratuito dell\u2019udito per prendere consapevolezza della tua capacit\u00e0 di ascolto.<\/p><p>I nostri audioprotesisti saranno pronti ad offrirti una consulenza personalizzata.<\/p><p>Inoltre, potrai provare gratuitamente un apparecchio acustico per 30 giorni, e riscoprire il piacere di tornare a sentire la vita.<\/p>\t\t\t\t\t\t\t\t<\/div>\n\t\t\t\t<\/div>\n\t\t\t\t<div class=\"elementor-element elementor-element-d0d52d4 elementor-align-left elementor-mobile-align-center elementor-widget elementor-widget-button\" data-id=\"d0d52d4\" data-element_type=\"widget\" data-widget_type=\"button.default\">\n\t\t\t\t<div class=\"elementor-widget-container\">\n\t\t\t\t\t\t\t\t\t<div class=\"elementor-button-wrapper\">\n\t\t\t\t\t<a class=\"elementor-button elementor-button-link elementor-size-sm elementor-animation-grow\" href=\"https:\/\/centriaudiocontrol.it\/chi-siamo\/\">\n\t\t\t\t\t\t<span class=\"elementor-button-content-wrapper\">\n\t\t\t\t\t\t\t\t\t<span class=\"elementor-button-text\">CHI SIAMO<\/span>\n\t\t\t\t\t<\/span>\n\t\t\t\t\t<\/a>\n\t\t\t\t<\/div>\n\t\t\t\t\t\t\t\t<\/div>\n\t\t\t\t<\/div>\n\t\t\t\t<\/div>\n\t\t<div class=\"elementor-element elementor-element-bf60b30 e-con-full e-flex wpr-particle-no wpr-jarallax-no wpr-parallax-no wpr-sticky-section-no e-con e-child\" data-id=\"bf60b30\" data-element_type=\"container\">\n\t\t\t\t<div class=\"elementor-element elementor-element-cb2a114 elementor-widget elementor-widget-image\" data-id=\"cb2a114\" data-element_type=\"widget\" data-widget_type=\"image.default\">\n\t\t\t\t<div class=\"elementor-widget-container\">\n\t\t\t\t\t\t\t\t\t\t\t\t\t\t\t<img decoding=\"async\" width=\"1024\" height=\"1024\" src=\"https:\/\/convenzioni.cralnetwork.it\/assodifesa\/wp-content\/uploads\/sites\/45\/2025\/03\/WalterValloreo-1024x1024.png\" class=\"attachment-large size-large wp-image-34313\" alt=\"\" srcset=\"https:\/\/convenzioni.cralnetwork.it\/assodifesa\/wp-content\/uploads\/sites\/45\/2025\/03\/WalterValloreo-1024x1024.png 1024w, https:\/\/convenzioni.cralnetwork.it\/assodifesa\/wp-content\/uploads\/sites\/45\/2025\/03\/WalterValloreo-980x980.png 980w, https:\/\/convenzioni.cralnetwork.it\/assodifesa\/wp-content\/uploads\/sites\/45\/2025\/03\/WalterValloreo-480x480.png 480w\" sizes=\"(min-width: 0px) and (max-width: 480px) 480px, (min-width: 481px) and (max-width: 980px) 980px, (min-width: 981px) 1024px, 100vw\" \/>\t\t\t\t\t\t\t\t\t\t\t\t\t\t\t<\/div>\n\t\t\t\t<\/div>\n\t\t\t\t<\/div>\n\t\t\t\t<\/div>\n\t\t<div class=\"elementor-element elementor-element-60ece82 e-con-full e-flex wpr-particle-no wpr-jarallax-no wpr-parallax-no wpr-sticky-section-no e-con e-child\" data-id=\"60ece82\" data-element_type=\"container\">\n\t\t<div class=\"elementor-element elementor-element-41039fd e-con-full e-flex wpr-particle-no wpr-jarallax-no wpr-parallax-no wpr-sticky-section-no e-con e-child\" data-id=\"41039fd\" data-element_type=\"container\">\n\t\t\t\t<div class=\"elementor-element elementor-element-ab0d111 elementor-widget elementor-widget-text-editor\" data-id=\"ab0d111\" data-element_type=\"widget\" data-widget_type=\"text-editor.default\">\n\t\t\t\t<div class=\"elementor-widget-container\">\n\t\t\t\t\t\t\t\t\tTEST DELL\u2019UDITO ONLINE\t\t\t\t\t\t\t\t<\/div>\n\t\t\t\t<\/div>\n\t\t\t\t<div class=\"elementor-element elementor-element-139f67f elementor-widget elementor-widget-text-editor\" data-id=\"139f67f\" data-element_type=\"widget\" data-widget_type=\"text-editor.default\">\n\t\t\t\t<div class=\"elementor-widget-container\">\n\t\t\t\t\t\t\t\t\tControlla il tuo udito comodamente da casa\n\t\t\t\t\t\t\t\t<\/div>\n\t\t\t\t<\/div>\n\t\t\t\t<div class=\"elementor-element elementor-element-f890868 elementor-widget elementor-widget-text-editor\" data-id=\"f890868\" data-element_type=\"widget\" data-widget_type=\"text-editor.default\">\n\t\t\t\t<div class=\"elementor-widget-container\">\n\t\t\t\t\t\t\t\t\t<p>Scopri in pochi minuti la qualit\u00e0 del tuo udito con un semplice test che potrai fare tranquillamente da casa!<\/p><p>Scegli un ambiente silenzioso e utilizza delle cuffie o auricolari.<\/p><p>Al termine del test di chiederemo di fornire i tuoi dati per ricevere, tramite mail, una prima valutazione della tua salute uditiva.<\/p><p>Riceverai, inoltre, informazioni sui servizi e sui prodotti di Audiocontrol Centri Acustici e potrai richiedere una consulenza personalizzata e suggerimenti per prenderti cura del tuo udito.<\/p>\t\t\t\t\t\t\t\t<\/div>\n\t\t\t\t<\/div>\n\t\t\t\t<div class=\"elementor-element elementor-element-a58ec69 elementor-align-left elementor-mobile-align-center elementor-widget elementor-widget-button\" data-id=\"a58ec69\" data-element_type=\"widget\" data-widget_type=\"button.default\">\n\t\t\t\t<div class=\"elementor-widget-container\">\n\t\t\t\t\t\t\t\t\t<div class=\"elementor-button-wrapper\">\n\t\t\t\t\t<a class=\"elementor-button elementor-button-link elementor-size-sm elementor-animation-grow\" href=\"https:\/\/centriaudiocontrol.it\/test-delludito-online\/\">\n\t\t\t\t\t\t<span class=\"elementor-button-content-wrapper\">\n\t\t\t\t\t\t\t\t\t<span class=\"elementor-button-text\">INIZIA ORA<\/span>\n\t\t\t\t\t<\/span>\n\t\t\t\t\t<\/a>\n\t\t\t\t<\/div>\n\t\t\t\t\t\t\t\t<\/div>\n\t\t\t\t<\/div>\n\t\t\t\t<\/div>\n\t\t<div class=\"elementor-element elementor-element-3d68a6c e-con-full e-flex wpr-particle-no wpr-jarallax-no wpr-parallax-no wpr-sticky-section-no e-con e-child\" data-id=\"3d68a6c\" data-element_type=\"container\">\n\t\t\t\t<div class=\"elementor-element elementor-element-c662eab elementor-widget elementor-widget-image\" data-id=\"c662eab\" data-element_type=\"widget\" data-widget_type=\"image.default\">\n\t\t\t\t<div class=\"elementor-widget-container\">\n\t\t\t\t\t\t\t\t\t\t\t\t\t\t\t<img decoding=\"async\" width=\"1024\" height=\"1024\" src=\"https:\/\/convenzioni.cralnetwork.it\/assodifesa\/wp-content\/uploads\/sites\/45\/2025\/03\/Test-delludito-1024x1024.png\" class=\"attachment-large size-large wp-image-34334\" alt=\"\" srcset=\"https:\/\/convenzioni.cralnetwork.it\/assodifesa\/wp-content\/uploads\/sites\/45\/2025\/03\/Test-delludito-1024x1024.png 1024w, https:\/\/convenzioni.cralnetwork.it\/assodifesa\/wp-content\/uploads\/sites\/45\/2025\/03\/Test-delludito-980x980.png 980w, https:\/\/convenzioni.cralnetwork.it\/assodifesa\/wp-content\/uploads\/sites\/45\/2025\/03\/Test-delludito-480x480.png 480w\" sizes=\"(min-width: 0px) and (max-width: 480px) 480px, (min-width: 481px) and (max-width: 980px) 980px, (min-width: 981px) 1024px, 100vw\" \/>\t\t\t\t\t\t\t\t\t\t\t\t\t\t\t<\/div>\n\t\t\t\t<\/div>\n\t\t\t\t<\/div>\n\t\t\t\t<\/div>\n\t\t<div class=\"elementor-element elementor-element-eb6ad02 e-con-full e-flex wpr-particle-no wpr-jarallax-no wpr-parallax-no wpr-sticky-section-no e-con e-child\" data-id=\"eb6ad02\" data-element_type=\"container\">\n\t\t<div class=\"elementor-element elementor-element-e49c999 e-con-full e-flex wpr-particle-no wpr-jarallax-no wpr-parallax-no wpr-sticky-section-no e-con e-child\" data-id=\"e49c999\" data-element_type=\"container\">\n\t\t\t\t<div class=\"elementor-element elementor-element-bfe2556 elementor-widget elementor-widget-text-editor\" data-id=\"bfe2556\" data-element_type=\"widget\" data-widget_type=\"text-editor.default\">\n\t\t\t\t<div class=\"elementor-widget-container\">\n\t\t\t\t\t\t\t\t\t<p>Sempre al vostro fianco<\/p>\t\t\t\t\t\t\t\t<\/div>\n\t\t\t\t<\/div>\n\t\t\t\t<div class=\"elementor-element elementor-element-9d615d8 elementor-widget elementor-widget-text-editor\" data-id=\"9d615d8\" data-element_type=\"widget\" data-widget_type=\"text-editor.default\">\n\t\t\t\t<div class=\"elementor-widget-container\">\n\t\t\t\t\t\t\t\t\tServizi\t\t\t\t\t\t\t\t<\/div>\n\t\t\t\t<\/div>\n\t\t\t\t<div class=\"elementor-element elementor-element-9861f77 elementor-widget elementor-widget-text-editor\" data-id=\"9861f77\" data-element_type=\"widget\" data-widget_type=\"text-editor.default\">\n\t\t\t\t<div class=\"elementor-widget-container\">\n\t\t\t\t\t\t\t\t\t<p>\u2022 Prova Gratuita 30 Giorni<br \/>\u2022 Visite Domiciliari<br \/>\u2022 Convenzione ASL &amp; INAIL<br \/>\u2022 Manutenzione Apparecchi<br \/>\u2022 Sostituzione Temporanea<br \/>\u2022 Garanzia Smarrimento<br \/>\u2022 Assistenza e Tagliando<br \/>\u2022 Auricolari &amp; Tappi<br \/>\u2022 Linea Diretta Otorino<\/p>\t\t\t\t\t\t\t\t<\/div>\n\t\t\t\t<\/div>\n\t\t\t\t<div class=\"elementor-element elementor-element-a301534 elementor-align-left elementor-mobile-align-center elementor-widget elementor-widget-button\" data-id=\"a301534\" data-element_type=\"widget\" data-widget_type=\"button.default\">\n\t\t\t\t<div class=\"elementor-widget-container\">\n\t\t\t\t\t\t\t\t\t<div class=\"elementor-button-wrapper\">\n\t\t\t\t\t<a class=\"elementor-button elementor-button-link elementor-size-sm elementor-animation-grow\" href=\"https:\/\/centriaudiocontrol.it\/servizi\/\">\n\t\t\t\t\t\t<span class=\"elementor-button-content-wrapper\">\n\t\t\t\t\t\t\t\t\t<span class=\"elementor-button-text\">scopri di pi\u00f9<\/span>\n\t\t\t\t\t<\/span>\n\t\t\t\t\t<\/a>\n\t\t\t\t<\/div>\n\t\t\t\t\t\t\t\t<\/div>\n\t\t\t\t<\/div>\n\t\t\t\t<\/div>\n\t\t<div class=\"elementor-element elementor-element-0201ae7 e-con-full e-flex wpr-particle-no wpr-jarallax-no wpr-parallax-no wpr-sticky-section-no e-con e-child\" data-id=\"0201ae7\" data-element_type=\"container\">\n\t\t\t\t<div class=\"elementor-element elementor-element-3bdc5b3 elementor-widget elementor-widget-image\" data-id=\"3bdc5b3\" data-element_type=\"widget\" data-widget_type=\"image.default\">\n\t\t\t\t<div class=\"elementor-widget-container\">\n\t\t\t\t\t\t\t\t\t\t\t\t\t\t\t<img loading=\"lazy\" loading=\"lazy\" decoding=\"async\" width=\"1024\" height=\"1024\" src=\"https:\/\/convenzioni.cralnetwork.it\/assodifesa\/wp-content\/uploads\/sites\/45\/2025\/03\/servizi-1024x1024.png\" class=\"attachment-large size-large wp-image-34355\" alt=\"\" srcset=\"https:\/\/convenzioni.cralnetwork.it\/assodifesa\/wp-content\/uploads\/sites\/45\/2025\/03\/servizi-1024x1024.png 1024w, https:\/\/convenzioni.cralnetwork.it\/assodifesa\/wp-content\/uploads\/sites\/45\/2025\/03\/servizi-980x980.png 980w, https:\/\/convenzioni.cralnetwork.it\/assodifesa\/wp-content\/uploads\/sites\/45\/2025\/03\/servizi-480x480.png 480w\" sizes=\"auto, (min-width: 0px) and (max-width: 480px) 480px, (min-width: 481px) and (max-width: 980px) 980px, (min-width: 981px) 1024px, 100vw\" \/>\t\t\t\t\t\t\t\t\t\t\t\t\t\t\t<\/div>\n\t\t\t\t<\/div>\n\t\t\t\t<\/div>\n\t\t\t\t<\/div>\n\t\t\t\t\t<\/div>\n\t\t\t\t<\/div>\n\t\t<div class=\"elementor-element elementor-element-71a4a2c e-flex e-con-boxed wpr-particle-no wpr-jarallax-no wpr-parallax-no wpr-sticky-section-no e-con e-parent\" data-id=\"71a4a2c\" data-element_type=\"container\" data-settings=\"{&quot;background_background&quot;:&quot;classic&quot;}\">\n\t\t\t\t\t<div class=\"e-con-inner\">\n\t\t<div class=\"elementor-element elementor-element-fcf52b5 e-con-full e-flex wpr-particle-no wpr-jarallax-no wpr-parallax-no wpr-sticky-section-no e-con e-child\" data-id=\"fcf52b5\" data-element_type=\"container\">\n\t\t<div class=\"elementor-element elementor-element-150d9f3 e-con-full e-flex wpr-particle-no wpr-jarallax-no wpr-parallax-no wpr-sticky-section-no e-con e-child\" data-id=\"150d9f3\" data-element_type=\"container\">\n\t\t\t\t<div class=\"elementor-element elementor-element-93c4fef elementor-widget elementor-widget-text-editor\" data-id=\"93c4fef\" data-element_type=\"widget\" data-widget_type=\"text-editor.default\">\n\t\t\t\t<div class=\"elementor-widget-container\">\n\t\t\t\t\t\t\t\t\t<p>CENTRI ACUSTICI IN ABRUZZO<\/p>\t\t\t\t\t\t\t\t<\/div>\n\t\t\t\t<\/div>\n\t\t\t\t<div class=\"elementor-element elementor-element-9403322 elementor-widget elementor-widget-text-editor\" data-id=\"9403322\" data-element_type=\"widget\" data-widget_type=\"text-editor.default\">\n\t\t\t\t<div class=\"elementor-widget-container\">\n\t\t\t\t\t\t\t\t\t<p>Da oltre 40 anni ci prendiamo cura del vostro udito<\/p>\t\t\t\t\t\t\t\t<\/div>\n\t\t\t\t<\/div>\n\t\t\t\t<div class=\"elementor-element elementor-element-2950c25 elementor-widget elementor-widget-text-editor\" data-id=\"2950c25\" data-element_type=\"widget\" data-widget_type=\"text-editor.default\">\n\t\t\t\t<div class=\"elementor-widget-container\">\n\t\t\t\t\t\t\t\t\t<p>Audiocontrol Centri Acustici \u00e8 il punto di riferimento per la cura del tuo udito.<\/p><p>\u00c8 presente nel settore audioprotesico per la fornitura e l&#8217;assistenza di protesi acustiche realizzate su misura dai nostri partner internazionali.<br \/>Basta un semplice test gratuito dell\u2019udito per prendere consapevolezza della tua capacit\u00e0 di ascolto.<\/p><p>I nostri audioprotesisti saranno pronti ad offrirti una consulenza personalizzata.<\/p><p>Inoltre, potrai provare gratuitamente un apparecchio acustico per 30 giorni, e riscoprire il piacere di tornare a sentire la vita.<\/p>\t\t\t\t\t\t\t\t<\/div>\n\t\t\t\t<\/div>\n\t\t\t\t<div class=\"elementor-element elementor-element-67b9ddb elementor-align-left elementor-mobile-align-center elementor-widget elementor-widget-button\" data-id=\"67b9ddb\" data-element_type=\"widget\" data-widget_type=\"button.default\">\n\t\t\t\t<div class=\"elementor-widget-container\">\n\t\t\t\t\t\t\t\t\t<div class=\"elementor-button-wrapper\">\n\t\t\t\t\t<a class=\"elementor-button elementor-button-link elementor-size-sm elementor-animation-grow\" href=\"https:\/\/centriaudiocontrol.it\/chi-siamo\/\">\n\t\t\t\t\t\t<span class=\"elementor-button-content-wrapper\">\n\t\t\t\t\t\t\t\t\t<span class=\"elementor-button-text\">CHI SIAMO<\/span>\n\t\t\t\t\t<\/span>\n\t\t\t\t\t<\/a>\n\t\t\t\t<\/div>\n\t\t\t\t\t\t\t\t<\/div>\n\t\t\t\t<\/div>\n\t\t\t\t<\/div>\n\t\t<div class=\"elementor-element elementor-element-740d5c7 e-con-full e-flex wpr-particle-no wpr-jarallax-no wpr-parallax-no wpr-sticky-section-no e-con e-child\" data-id=\"740d5c7\" data-element_type=\"container\">\n\t\t\t\t<div class=\"elementor-element elementor-element-f37c35c elementor-widget elementor-widget-image\" data-id=\"f37c35c\" data-element_type=\"widget\" data-widget_type=\"image.default\">\n\t\t\t\t<div class=\"elementor-widget-container\">\n\t\t\t\t\t\t\t\t\t\t\t\t\t\t\t<img decoding=\"async\" width=\"1024\" height=\"1024\" src=\"https:\/\/convenzioni.cralnetwork.it\/assodifesa\/wp-content\/uploads\/sites\/45\/2025\/03\/WalterValloreo-1024x1024.png\" class=\"attachment-large size-large wp-image-34313\" alt=\"\" srcset=\"https:\/\/convenzioni.cralnetwork.it\/assodifesa\/wp-content\/uploads\/sites\/45\/2025\/03\/WalterValloreo-1024x1024.png 1024w, https:\/\/convenzioni.cralnetwork.it\/assodifesa\/wp-content\/uploads\/sites\/45\/2025\/03\/WalterValloreo-980x980.png 980w, https:\/\/convenzioni.cralnetwork.it\/assodifesa\/wp-content\/uploads\/sites\/45\/2025\/03\/WalterValloreo-480x480.png 480w\" sizes=\"(min-width: 0px) and (max-width: 480px) 480px, (min-width: 481px) and (max-width: 980px) 980px, (min-width: 981px) 1024px, 100vw\" \/>\t\t\t\t\t\t\t\t\t\t\t\t\t\t\t<\/div>\n\t\t\t\t<\/div>\n\t\t\t\t<\/div>\n\t\t\t\t<\/div>\n\t\t<div class=\"elementor-element elementor-element-5a5039b e-con-full e-flex wpr-particle-no wpr-jarallax-no wpr-parallax-no wpr-sticky-section-no e-con e-child\" data-id=\"5a5039b\" data-element_type=\"container\">\n\t\t<div class=\"elementor-element elementor-element-0415cf5 e-con-full e-flex wpr-particle-no wpr-jarallax-no wpr-parallax-no wpr-sticky-section-no e-con e-child\" data-id=\"0415cf5\" data-element_type=\"container\">\n\t\t\t\t<div class=\"elementor-element elementor-element-24b914f elementor-widget elementor-widget-text-editor\" data-id=\"24b914f\" data-element_type=\"widget\" data-widget_type=\"text-editor.default\">\n\t\t\t\t<div class=\"elementor-widget-container\">\n\t\t\t\t\t\t\t\t\tTEST DELL\u2019UDITO ONLINE\t\t\t\t\t\t\t\t<\/div>\n\t\t\t\t<\/div>\n\t\t\t\t<div class=\"elementor-element elementor-element-c42e4fc elementor-widget elementor-widget-text-editor\" data-id=\"c42e4fc\" data-element_type=\"widget\" data-widget_type=\"text-editor.default\">\n\t\t\t\t<div class=\"elementor-widget-container\">\n\t\t\t\t\t\t\t\t\t<p>Controlla il tuo udito comodamente da casa<\/p>\t\t\t\t\t\t\t\t<\/div>\n\t\t\t\t<\/div>\n\t\t\t\t<div class=\"elementor-element elementor-element-f490fa2 elementor-widget elementor-widget-text-editor\" data-id=\"f490fa2\" data-element_type=\"widget\" data-widget_type=\"text-editor.default\">\n\t\t\t\t<div class=\"elementor-widget-container\">\n\t\t\t\t\t\t\t\t\t<p>Scopri in pochi minuti la qualit\u00e0 del tuo udito con un semplice test che potrai fare tranquillamente da casa!<\/p><p>Scegli un ambiente silenzioso e utilizza delle cuffie o auricolari.<\/p><p>Al termine del test di chiederemo di fornire i tuoi dati per ricevere, tramite mail, una prima valutazione della tua salute uditiva.<\/p><p>Riceverai, inoltre, informazioni sui servizi e sui prodotti di Audiocontrol Centri Acustici e potrai richiedere una consulenza personalizzata e suggerimenti per prenderti cura del tuo udito.<\/p>\t\t\t\t\t\t\t\t<\/div>\n\t\t\t\t<\/div>\n\t\t\t\t<div class=\"elementor-element elementor-element-975c474 elementor-align-left elementor-mobile-align-center elementor-widget elementor-widget-button\" data-id=\"975c474\" data-element_type=\"widget\" data-widget_type=\"button.default\">\n\t\t\t\t<div class=\"elementor-widget-container\">\n\t\t\t\t\t\t\t\t\t<div class=\"elementor-button-wrapper\">\n\t\t\t\t\t<a class=\"elementor-button elementor-button-link elementor-size-sm elementor-animation-grow\" href=\"https:\/\/centriaudiocontrol.it\/test-delludito-online\/\">\n\t\t\t\t\t\t<span class=\"elementor-button-content-wrapper\">\n\t\t\t\t\t\t\t\t\t<span class=\"elementor-button-text\">INIZIA ORA<\/span>\n\t\t\t\t\t<\/span>\n\t\t\t\t\t<\/a>\n\t\t\t\t<\/div>\n\t\t\t\t\t\t\t\t<\/div>\n\t\t\t\t<\/div>\n\t\t\t\t<\/div>\n\t\t<div class=\"elementor-element elementor-element-1f1396f e-con-full e-flex wpr-particle-no wpr-jarallax-no wpr-parallax-no wpr-sticky-section-no e-con e-child\" data-id=\"1f1396f\" data-element_type=\"container\">\n\t\t\t\t<div class=\"elementor-element elementor-element-aafb324 elementor-widget elementor-widget-image\" data-id=\"aafb324\" data-element_type=\"widget\" data-widget_type=\"image.default\">\n\t\t\t\t<div class=\"elementor-widget-container\">\n\t\t\t\t\t\t\t\t\t\t\t\t\t\t\t<img decoding=\"async\" width=\"1024\" height=\"1024\" src=\"https:\/\/convenzioni.cralnetwork.it\/assodifesa\/wp-content\/uploads\/sites\/45\/2025\/03\/Test-delludito-1024x1024.png\" class=\"attachment-large size-large wp-image-34334\" alt=\"\" srcset=\"https:\/\/convenzioni.cralnetwork.it\/assodifesa\/wp-content\/uploads\/sites\/45\/2025\/03\/Test-delludito-1024x1024.png 1024w, https:\/\/convenzioni.cralnetwork.it\/assodifesa\/wp-content\/uploads\/sites\/45\/2025\/03\/Test-delludito-980x980.png 980w, https:\/\/convenzioni.cralnetwork.it\/assodifesa\/wp-content\/uploads\/sites\/45\/2025\/03\/Test-delludito-480x480.png 480w\" sizes=\"(min-width: 0px) and (max-width: 480px) 480px, (min-width: 481px) and (max-width: 980px) 980px, (min-width: 981px) 1024px, 100vw\" \/>\t\t\t\t\t\t\t\t\t\t\t\t\t\t\t<\/div>\n\t\t\t\t<\/div>\n\t\t\t\t<\/div>\n\t\t\t\t<\/div>\n\t\t<div class=\"elementor-element elementor-element-25193d2 e-con-full e-flex wpr-particle-no wpr-jarallax-no wpr-parallax-no wpr-sticky-section-no e-con e-child\" data-id=\"25193d2\" data-element_type=\"container\">\n\t\t<div class=\"elementor-element elementor-element-c6e5ec9 e-con-full e-flex wpr-particle-no wpr-jarallax-no wpr-parallax-no wpr-sticky-section-no e-con e-child\" data-id=\"c6e5ec9\" data-element_type=\"container\">\n\t\t\t\t<div class=\"elementor-element elementor-element-32e6a5a elementor-widget elementor-widget-text-editor\" data-id=\"32e6a5a\" data-element_type=\"widget\" data-widget_type=\"text-editor.default\">\n\t\t\t\t<div class=\"elementor-widget-container\">\n\t\t\t\t\t\t\t\t\t<p>Sempre al vostro fianco<\/p>\t\t\t\t\t\t\t\t<\/div>\n\t\t\t\t<\/div>\n\t\t\t\t<div class=\"elementor-element elementor-element-7ba8491 elementor-widget elementor-widget-text-editor\" data-id=\"7ba8491\" data-element_type=\"widget\" data-widget_type=\"text-editor.default\">\n\t\t\t\t<div class=\"elementor-widget-container\">\n\t\t\t\t\t\t\t\t\tServizi\t\t\t\t\t\t\t\t<\/div>\n\t\t\t\t<\/div>\n\t\t\t\t<div class=\"elementor-element elementor-element-b96e3fe elementor-widget elementor-widget-text-editor\" data-id=\"b96e3fe\" data-element_type=\"widget\" data-widget_type=\"text-editor.default\">\n\t\t\t\t<div class=\"elementor-widget-container\">\n\t\t\t\t\t\t\t\t\t<p>\u2022 Prova Gratuita 30 Giorni<br \/>\u2022 Visite Domiciliari<br \/>\u2022 Convenzione ASL &amp; INAIL<br \/>\u2022 Manutenzione Apparecchi<br \/>\u2022 Sostituzione Temporanea<br \/>\u2022 Garanzia Smarrimento<br \/>\u2022 Assistenza e Tagliando<br \/>\u2022 Auricolari &amp; Tappi<br \/>\u2022 Linea Diretta Otorino<\/p>\t\t\t\t\t\t\t\t<\/div>\n\t\t\t\t<\/div>\n\t\t\t\t<div class=\"elementor-element elementor-element-4e78711 elementor-align-left elementor-mobile-align-center elementor-widget elementor-widget-button\" data-id=\"4e78711\" data-element_type=\"widget\" data-widget_type=\"button.default\">\n\t\t\t\t<div class=\"elementor-widget-container\">\n\t\t\t\t\t\t\t\t\t<div class=\"elementor-button-wrapper\">\n\t\t\t\t\t<a class=\"elementor-button elementor-button-link elementor-size-sm elementor-animation-grow\" href=\"https:\/\/centriaudiocontrol.it\/servizi\/\">\n\t\t\t\t\t\t<span class=\"elementor-button-content-wrapper\">\n\t\t\t\t\t\t\t\t\t<span class=\"elementor-button-text\">scopri di pi\u00f9<\/span>\n\t\t\t\t\t<\/span>\n\t\t\t\t\t<\/a>\n\t\t\t\t<\/div>\n\t\t\t\t\t\t\t\t<\/div>\n\t\t\t\t<\/div>\n\t\t\t\t<\/div>\n\t\t<div class=\"elementor-element elementor-element-c6a7b26 e-con-full e-flex wpr-particle-no wpr-jarallax-no wpr-parallax-no wpr-sticky-section-no e-con e-child\" data-id=\"c6a7b26\" data-element_type=\"container\">\n\t\t\t\t<div class=\"elementor-element elementor-element-669459d elementor-widget elementor-widget-image\" data-id=\"669459d\" data-element_type=\"widget\" data-widget_type=\"image.default\">\n\t\t\t\t<div class=\"elementor-widget-container\">\n\t\t\t\t\t\t\t\t\t\t\t\t\t\t\t<img loading=\"lazy\" loading=\"lazy\" decoding=\"async\" width=\"1024\" height=\"1024\" src=\"https:\/\/convenzioni.cralnetwork.it\/assodifesa\/wp-content\/uploads\/sites\/45\/2025\/03\/servizi-1024x1024.png\" class=\"attachment-large size-large wp-image-34355\" alt=\"\" srcset=\"https:\/\/convenzioni.cralnetwork.it\/assodifesa\/wp-content\/uploads\/sites\/45\/2025\/03\/servizi-1024x1024.png 1024w, https:\/\/convenzioni.cralnetwork.it\/assodifesa\/wp-content\/uploads\/sites\/45\/2025\/03\/servizi-980x980.png 980w, https:\/\/convenzioni.cralnetwork.it\/assodifesa\/wp-content\/uploads\/sites\/45\/2025\/03\/servizi-480x480.png 480w\" sizes=\"auto, (min-width: 0px) and (max-width: 480px) 480px, (min-width: 481px) and (max-width: 980px) 980px, (min-width: 981px) 1024px, 100vw\" \/>\t\t\t\t\t\t\t\t\t\t\t\t\t\t\t<\/div>\n\t\t\t\t<\/div>\n\t\t\t\t<\/div>\n\t\t\t\t<\/div>\n\t\t\t\t\t<\/div>\n\t\t\t\t<\/div>\n\t\t<div class=\"elementor-element elementor-element-2383be4 e-flex e-con-boxed wpr-particle-no wpr-jarallax-no wpr-parallax-no wpr-sticky-section-no e-con e-parent\" data-id=\"2383be4\" data-element_type=\"container\" data-settings=\"{&quot;background_background&quot;:&quot;classic&quot;}\">\n\t\t\t\t\t<div class=\"e-con-inner\">\n\t\t<div class=\"elementor-element elementor-element-19a40ba e-con-full e-flex wpr-particle-no wpr-jarallax-no wpr-parallax-no wpr-sticky-section-no elementor-invisible e-con e-child\" data-id=\"19a40ba\" data-element_type=\"container\" data-settings=\"{&quot;animation&quot;:&quot;fadeInUp&quot;}\">\n\t\t\t\t<div class=\"elementor-element elementor-element-01ae047 elementor-widget elementor-widget-text-editor\" data-id=\"01ae047\" data-element_type=\"widget\" data-widget_type=\"text-editor.default\">\n\t\t\t\t<div class=\"elementor-widget-container\">\n\t\t\t\t\t\t\t\t\t<p>AGEVOLAZIONI RISERVATE AGLI ASSOCIATI<\/p>\t\t\t\t\t\t\t\t<\/div>\n\t\t\t\t<\/div>\n\t\t\t\t<div class=\"elementor-element elementor-element-d201119 elementor-widget elementor-widget-text-editor\" data-id=\"d201119\" data-element_type=\"widget\" data-widget_type=\"text-editor.default\">\n\t\t\t\t<div class=\"elementor-widget-container\">\n\t\t\t\t\t\t\t\t\t<p><strong>\u2022 sconto del 15%<\/strong> sul prezzo di listino per apparecchi acustici monoaurali<br \/><strong>\u2022 sconto del 20%<\/strong> sul prezzo di listino per apparecchi acustici binaurali<\/p>\t\t\t\t\t\t\t\t<\/div>\n\t\t\t\t<\/div>\n\t\t\t\t<\/div>\n\t\t\t\t\t<\/div>\n\t\t\t\t<\/div>\n\t\t<div class=\"elementor-element elementor-element-cc276cb e-con-full e-flex wpr-particle-no wpr-jarallax-no wpr-parallax-no wpr-sticky-section-no e-con e-parent\" data-id=\"cc276cb\" data-element_type=\"container\">\n\t\t<div class=\"elementor-element elementor-element-f1b440e e-con-full e-flex wpr-particle-no wpr-jarallax-no wpr-parallax-no wpr-sticky-section-no e-con e-child\" data-id=\"f1b440e\" data-element_type=\"container\" data-settings=\"{&quot;background_background&quot;:&quot;classic&quot;}\">\n\t\t<div class=\"elementor-element elementor-element-255a923 e-con-full e-flex wpr-particle-no wpr-jarallax-no wpr-parallax-no wpr-sticky-section-no e-con e-child\" data-id=\"255a923\" data-element_type=\"container\">\n\t\t\t\t<div class=\"elementor-element elementor-element-e9303c7 elementor-widget elementor-widget-text-editor\" data-id=\"e9303c7\" data-element_type=\"widget\" data-widget_type=\"text-editor.default\">\n\t\t\t\t<div class=\"elementor-widget-container\">\n\t\t\t\t\t\t\t\t\t<p>CONTATTI<\/p>\t\t\t\t\t\t\t\t<\/div>\n\t\t\t\t<\/div>\n\t\t\t\t<div class=\"elementor-element elementor-element-a879fac elementor-widget elementor-widget-text-editor\" data-id=\"a879fac\" data-element_type=\"widget\" data-widget_type=\"text-editor.default\">\n\t\t\t\t<div class=\"elementor-widget-container\">\n\t\t\t\t\t\t\t\t\t<p>LE NOSTRE SEDI<\/p>\t\t\t\t\t\t\t\t<\/div>\n\t\t\t\t<\/div>\n\t\t\t\t<div class=\"elementor-element elementor-element-77a3206 elementor-widget elementor-widget-text-editor\" data-id=\"77a3206\" data-element_type=\"widget\" data-widget_type=\"text-editor.default\">\n\t\t\t\t<div class=\"elementor-widget-container\">\n\t\t\t\t\t\t\t\t\t<p>Via Strinella, 70 &#8211; L&#8217;Aquila<br \/><b>Tel: <\/b><a style=\"color: #666666;\" href=\"tel:+390862414894\" target=\"_blank\" rel=\"noopener\">0862 414894<\/a><br \/><strong>Mail: <\/strong><a style=\"color: #666666;\" href=\"mailto:laquila@centriaudiocontrol.it\">laquila@centriaudiocontrol.it<\/a><\/p><p>Via Roma, 87 &#8211; Avezzano<br \/><b>Tel: <\/b><a style=\"color: #666666;\" href=\"tel:+390863416301\" target=\"_blank\" rel=\"noopener\">0863 416301<\/a><br \/><strong>Mail: <\/strong><a style=\"color: #666666;\" href=\"mailto:avezzano@centriaudiocontrol.it\">avezzano@centriaudiocontrol.it<\/a><\/p><p>Corso Ovidio, 75 &#8211; Sulmona<br \/><b>Tel: <\/b><a style=\"color: #666666;\" href=\"tel:+390864210297\" target=\"_blank\" rel=\"noopener\">0864 210297<\/a><br \/><strong>Mail: <\/strong><a style=\"color: #666666;\" href=\"mailto:sulmona@centriaudiocontrol.it\">sulmona@centriaudiocontrol.it<\/a><\/p><p>Via del Santuario, 168 &#8211; Pescara<br \/><b>Tel: <\/b><a style=\"color: #666666;\" href=\"tel:+390852908592\" target=\"_blank\" rel=\"noopener\">0852908592<\/a><br \/><strong>Mail: <\/strong><a style=\"color: #666666;\" href=\"mailto:sulmona@centriaudiocontrol.it\">pescara@centriaudiocontrol.it <\/a><\/p>\t\t\t\t\t\t\t\t<\/div>\n\t\t\t\t<\/div>\n\t\t\t\t<div class=\"elementor-element elementor-element-b557b0d elementor-align-left elementor-tablet-align-center elementor-mobile-align-center elementor-widget elementor-widget-button\" data-id=\"b557b0d\" data-element_type=\"widget\" data-widget_type=\"button.default\">\n\t\t\t\t<div class=\"elementor-widget-container\">\n\t\t\t\t\t\t\t\t\t<div class=\"elementor-button-wrapper\">\n\t\t\t\t\t<a class=\"elementor-button elementor-button-link elementor-size-sm elementor-animation-grow\" href=\"https:\/\/centriaudiocontrol.it\/prenota-un-appuntamento\/\">\n\t\t\t\t\t\t<span class=\"elementor-button-content-wrapper\">\n\t\t\t\t\t\t\t\t\t<span class=\"elementor-button-text\">PRENOTA UN APPUNTAMENTO<\/span>\n\t\t\t\t\t<\/span>\n\t\t\t\t\t<\/a>\n\t\t\t\t<\/div>\n\t\t\t\t\t\t\t\t<\/div>\n\t\t\t\t<\/div>\n\t\t\t\t<\/div>\n\t\t\t\t<\/div>\n\t\t<div class=\"elementor-element elementor-element-2c7bbfd e-con-full e-flex wpr-particle-no wpr-jarallax-no wpr-parallax-no wpr-sticky-section-no e-con e-child\" data-id=\"2c7bbfd\" data-element_type=\"container\">\n\t\t\t\t<div class=\"elementor-element elementor-element-d045da9 elementor-widget elementor-widget-text-editor\" data-id=\"d045da9\" data-element_type=\"widget\" data-widget_type=\"text-editor.default\">\n\t\t\t\t<div class=\"elementor-widget-container\">\n\t\t\t\t\t\t\t\t\t<p><div id=\"gmw-single-object-locations-wrapper-491\" class=\"gmw-element-wrapper gmw-single-location-wrapper gmw-sl-wrapper gmw-sl-single-post-wrapper post gmw-sl-multiple-locations\" object_type=\"post\" object_id=\"\"  style=\"width:100%\"><div class=\"gmw-sl-map-wrapper\"><div id=\"gmw-map-wrapper-491\" class=\"gmw-map-wrapper  sl single_location \" style=\"width:100%;height:700px;\"> <span id=\"gmw-resize-map-toggle-491\" class=\"gmw-resize-map-toggle gmw-icon-resize-full\" style=\"display:none;\" title=\"Resize map\"><\/span> <div id=\"gmw-map-loader-491\" class=\"gmw-map-loader\"><\/div> <div id=\"gmw-map-491\" class=\"gmw-map sl single_location\" style=\"width:100%; height:100%\" data-map_id=\"491\" data-prefix=\"sl\" data-map_type=\"single_location\" data-icons_usage=\"global\"><\/div> <\/div><\/div><\/div><\/p>\t\t\t\t\t\t\t\t<\/div>\n\t\t\t\t<\/div>\n\t\t\t\t<\/div>\n\t\t\t\t<\/div>\n\t\t\t\t<\/div>\n\t\t","protected":false},"excerpt":{"rendered":"<div style=\"display: none;\">\n<p>CENTRI ACUSTICI IN ABRUZZO<br \/>\nAffidati ai nostri Audioprotesisti<\/p>\n<p>Per controllare la salute del tuo udito basta un test veloce, indolore e non invasivo.<br \/>\nTroveremo la soluzione su misura per te grazie alle tecnologie acustiche pi\u00f9 avanzate.<br \/>\nPotrai provare l\u2019apparecchio acustico gratis, per 30 giorni, senza impegno e direttamente a casa tua.<\/p>\n<p>Servizi<br \/>\nProva Gratuita 30 Giorni<br \/>\nVisite Domiciliari<br \/>\nConvenzione ASL &amp; INAIL<br \/>\nManutenzione Apparecchi<br \/>\nSostituzione Temporanea<br \/>\nGaranzia Smarrimento<br \/>\nAssistenza e Tagliando<br \/>\nAuricolari &amp; Tappi<br \/>\nLinea Diretta Otorino<\/p>\n<p>SU DI NOI<\/p>\n<p>Siamo dei professionisti nel settore delle protesi acustiche, con partnership che ci garantiscono laboratori di altissimo livello tecnico per la creazione e riparazione degli apparecchi acustici.<\/p>\n<p>I NOSTRI VALORI<\/p>\n<p>Tecnologia e attenzione ai tuoi problemi: affidati alla nostra competenza, forniamo consulenze altamente qualificate e ti assicuriamo il massimo livello tecnico per &#8220;l\u2019adattamento&#8221; del tuo apparecchio acustico.<\/p>\n<p>I NOSTRI OBIETTIVI<\/p>\n<p>L\u2019udito \u00e8 un bene troppo prezioso per essere trascurato. Il nostro obiettivo \u00e8 quello di instaurare una relazione continua con i nostri clienti e tornare a far sentir bene l&#8217;Abruzzo.<\/p>\n<p>apparecchio acustico, apparecchi acustici, Manutenzione Apparecchi, Otorino, protesi acustiche, acustica, centro acustico, centri acustici, Centro Sordit\u00e0, problemi all&#8217;udito, rimedi per sordit\u00e0, Centri per la cura delle sordit\u00e0, recuperare l&#8217;udito,<\/p>\n<p>centro acustico L&#8217;Aquila , centri acustici L&#8217;Aquila , Centro Sordit\u00e0 L&#8217;Aquila , centro acustico ad Avezzano, centri acustici ad Avezzano, Centro Sordit\u00e0 ad Avezzano, centro acustico a Sulmona, centri acustici a Sulmona, Centro Sordit\u00e0 a Sulmona, centro acustico Pescara, centri acustici Pescara, Centro Sordit\u00e0 Pescara,<\/p>\n<\/div>\n","protected":false},"featured_media":28053,"comment_status":"open","ping_status":"closed","template":"","meta":{"_acf_changed":false,"_et_pb_use_builder":"on","_et_pb_old_content":"","_et_gb_content_width":""},"product_brand":[],"product_cat":[57,26],"product_tag":[2237,1172,3042,1170,3043,3044,3045,1169,3046,3047,3048,3049,3050,3051,3052,3053,463,3054,3055,3056,3057,3058],"class_list":{"0":"post-28052","1":"product","2":"type-product","3":"status-publish","4":"has-post-thumbnail","6":"product_cat-acustica","7":"product_cat-salute","8":"product_tag-acustica","9":"product_tag-apparecchi-acustici","10":"product_tag-apparecchio-acustico","11":"product_tag-centri-acustici","12":"product_tag-centri-acustici-a-sulmona","13":"product_tag-centri-acustici-ad-avezzano","14":"product_tag-centri-acustici-laquila","15":"product_tag-centro-acustico","16":"product_tag-centro-acustico-a-sulmona","17":"product_tag-centro-acustico-ad-avezzano","18":"product_tag-centro-acustico-laquila","19":"product_tag-centro-sordita","20":"product_tag-centro-sordita-a-sulmona","21":"product_tag-centro-sordita-ad-avezzano","22":"product_tag-centro-sordita-laquila","23":"product_tag-manutenzione-apparecchi","24":"product_tag-otorino","25":"product_tag-pescara","26":"product_tag-problemi-alludito","27":"product_tag-protesi-acustiche","28":"product_tag-recuperare-ludito","29":"product_tag-rimedi-per-sordita","31":"first","32":"instock","33":"shipping-taxable","34":"product-type-simple"},"acf":[],"yoast_head":"<!-- This site is optimized with the Yoast SEO plugin v26.4 - https:\/\/yoast.com\/wordpress\/plugins\/seo\/ -->\n<title>Audiocontrol Centro Sordit\u00e0 - Assodifesa<\/title>\n<meta name=\"robots\" content=\"index, follow, max-snippet:-1, max-image-preview:large, max-video-preview:-1\" \/>\n<link rel=\"canonical\" href=\"https:\/\/convenzioni.cralnetwork.it\/assodifesa\/prodotto\/audiocontrol-centro-sordita\/\" \/>\n<meta property=\"og:locale\" content=\"it_IT\" \/>\n<meta property=\"og:type\" content=\"article\" \/>\n<meta property=\"og:title\" content=\"Audiocontrol Centro Sordit\u00e0 - Assodifesa\" \/>\n<meta property=\"og:description\" content=\"CENTRI ACUSTICI IN ABRUZZO Affidati ai nostri Audioprotesisti  Per controllare la salute del tuo udito basta un test veloce, indolore e non invasivo. Troveremo la soluzione su misura per te grazie alle tecnologie acustiche pi\u00f9 avanzate. Potrai provare l\u2019apparecchio acustico gratis, per 30 giorni, senza impegno e direttamente a casa tua.  Servizi Prova Gratuita 30 Giorni Visite Domiciliari Convenzione ASL &amp; INAIL Manutenzione Apparecchi Sostituzione Temporanea Garanzia Smarrimento Assistenza e Tagliando Auricolari &amp; Tappi Linea Diretta Otorino  SU DI NOI  Siamo dei professionisti nel settore delle protesi acustiche, con partnership che ci garantiscono laboratori di altissimo livello tecnico per la creazione e riparazione degli apparecchi acustici.  I NOSTRI VALORI  Tecnologia e attenzione ai tuoi problemi: affidati alla nostra competenza, forniamo consulenze altamente qualificate e ti assicuriamo il massimo livello tecnico per &quot;l\u2019adattamento&quot; del tuo apparecchio acustico.  I NOSTRI OBIETTIVI  L\u2019udito \u00e8 un bene troppo prezioso per essere trascurato. Il nostro obiettivo \u00e8 quello di instaurare una relazione continua con i nostri clienti e tornare a far sentir bene l&#039;Abruzzo.  apparecchio acustico, apparecchi acustici, Manutenzione Apparecchi, Otorino, protesi acustiche, acustica, centro acustico, centri acustici, Centro Sordit\u00e0, problemi all&#039;udito, rimedi per sordit\u00e0, Centri per la cura delle sordit\u00e0, recuperare l&#039;udito,  centro acustico L&#039;Aquila , centri acustici L&#039;Aquila , Centro Sordit\u00e0 L&#039;Aquila , centro acustico ad Avezzano, centri acustici ad Avezzano, Centro Sordit\u00e0 ad Avezzano, centro acustico a Sulmona, centri acustici a Sulmona, Centro Sordit\u00e0 a Sulmona, centro acustico Pescara, centri acustici Pescara, Centro Sordit\u00e0 Pescara,\" \/>\n<meta property=\"og:url\" content=\"https:\/\/convenzioni.cralnetwork.it\/assodifesa\/prodotto\/audiocontrol-centro-sordita\/\" \/>\n<meta property=\"og:site_name\" content=\"Assodifesa\" \/>\n<meta property=\"article:modified_time\" content=\"2025-03-19T16:37:57+00:00\" \/>\n<meta property=\"og:image\" content=\"https:\/\/convenzioni.cralnetwork.it\/assodifesa\/wp-content\/uploads\/sites\/45\/2025\/01\/logo_Audiocontrol_integrazione.png\" \/>\n\t<meta property=\"og:image:width\" content=\"300\" \/>\n\t<meta property=\"og:image:height\" content=\"300\" \/>\n\t<meta property=\"og:image:type\" content=\"image\/png\" \/>\n<meta name=\"twitter:card\" content=\"summary_large_image\" \/>\n<meta name=\"twitter:label1\" content=\"Tempo di lettura stimato\" \/>\n\t<meta name=\"twitter:data1\" content=\"5 minuti\" \/>\n<script type=\"application\/ld+json\" class=\"yoast-schema-graph\">{\"@context\":\"https:\/\/schema.org\",\"@graph\":[{\"@type\":\"WebPage\",\"@id\":\"https:\/\/convenzioni.cralnetwork.it\/assodifesa\/prodotto\/audiocontrol-centro-sordita\/\",\"url\":\"https:\/\/convenzioni.cralnetwork.it\/assodifesa\/prodotto\/audiocontrol-centro-sordita\/\",\"name\":\"Audiocontrol Centro Sordit\u00e0 - Assodifesa\",\"isPartOf\":{\"@id\":\"https:\/\/convenzioni.cralnetwork.it\/assodifesa\/#website\"},\"primaryImageOfPage\":{\"@id\":\"https:\/\/convenzioni.cralnetwork.it\/assodifesa\/prodotto\/audiocontrol-centro-sordita\/#primaryimage\"},\"image\":{\"@id\":\"https:\/\/convenzioni.cralnetwork.it\/assodifesa\/prodotto\/audiocontrol-centro-sordita\/#primaryimage\"},\"thumbnailUrl\":\"https:\/\/convenzioni.cralnetwork.it\/assodifesa\/wp-content\/uploads\/sites\/45\/2025\/01\/logo_Audiocontrol_integrazione.png\",\"datePublished\":\"2025-01-03T14:19:04+00:00\",\"dateModified\":\"2025-03-19T16:37:57+00:00\",\"breadcrumb\":{\"@id\":\"https:\/\/convenzioni.cralnetwork.it\/assodifesa\/prodotto\/audiocontrol-centro-sordita\/#breadcrumb\"},\"inLanguage\":\"it-IT\",\"potentialAction\":[{\"@type\":\"ReadAction\",\"target\":[\"https:\/\/convenzioni.cralnetwork.it\/assodifesa\/prodotto\/audiocontrol-centro-sordita\/\"]}]},{\"@type\":\"ImageObject\",\"inLanguage\":\"it-IT\",\"@id\":\"https:\/\/convenzioni.cralnetwork.it\/assodifesa\/prodotto\/audiocontrol-centro-sordita\/#primaryimage\",\"url\":\"https:\/\/convenzioni.cralnetwork.it\/assodifesa\/wp-content\/uploads\/sites\/45\/2025\/01\/logo_Audiocontrol_integrazione.png\",\"contentUrl\":\"https:\/\/convenzioni.cralnetwork.it\/assodifesa\/wp-content\/uploads\/sites\/45\/2025\/01\/logo_Audiocontrol_integrazione.png\",\"width\":300,\"height\":300},{\"@type\":\"BreadcrumbList\",\"@id\":\"https:\/\/convenzioni.cralnetwork.it\/assodifesa\/prodotto\/audiocontrol-centro-sordita\/#breadcrumb\",\"itemListElement\":[{\"@type\":\"ListItem\",\"position\":1,\"name\":\"Home\",\"item\":\"https:\/\/convenzioni.cralnetwork.it\/assodifesa\/\"},{\"@type\":\"ListItem\",\"position\":2,\"name\":\"Shop\",\"item\":\"https:\/\/convenzioni.cralnetwork.it\/assodifesa\/negozio\/\"},{\"@type\":\"ListItem\",\"position\":3,\"name\":\"Audiocontrol Centro Sordit\u00e0\"}]},{\"@type\":\"WebSite\",\"@id\":\"https:\/\/convenzioni.cralnetwork.it\/assodifesa\/#website\",\"url\":\"https:\/\/convenzioni.cralnetwork.it\/assodifesa\/\",\"name\":\"Assodifesa\",\"description\":\"Area convenzioni\",\"potentialAction\":[{\"@type\":\"SearchAction\",\"target\":{\"@type\":\"EntryPoint\",\"urlTemplate\":\"https:\/\/convenzioni.cralnetwork.it\/assodifesa\/?s={search_term_string}\"},\"query-input\":{\"@type\":\"PropertyValueSpecification\",\"valueRequired\":true,\"valueName\":\"search_term_string\"}}],\"inLanguage\":\"it-IT\"}]}<\/script>\n<!-- \/ Yoast SEO plugin. -->","yoast_head_json":{"title":"Audiocontrol Centro Sordit\u00e0 - Assodifesa","robots":{"index":"index","follow":"follow","max-snippet":"max-snippet:-1","max-image-preview":"max-image-preview:large","max-video-preview":"max-video-preview:-1"},"canonical":"https:\/\/convenzioni.cralnetwork.it\/assodifesa\/prodotto\/audiocontrol-centro-sordita\/","og_locale":"it_IT","og_type":"article","og_title":"Audiocontrol Centro Sordit\u00e0 - Assodifesa","og_description":"CENTRI ACUSTICI IN ABRUZZO Affidati ai nostri Audioprotesisti  Per controllare la salute del tuo udito basta un test veloce, indolore e non invasivo. Troveremo la soluzione su misura per te grazie alle tecnologie acustiche pi\u00f9 avanzate. Potrai provare l\u2019apparecchio acustico gratis, per 30 giorni, senza impegno e direttamente a casa tua.  Servizi Prova Gratuita 30 Giorni Visite Domiciliari Convenzione ASL &amp; INAIL Manutenzione Apparecchi Sostituzione Temporanea Garanzia Smarrimento Assistenza e Tagliando Auricolari &amp; Tappi Linea Diretta Otorino  SU DI NOI  Siamo dei professionisti nel settore delle protesi acustiche, con partnership che ci garantiscono laboratori di altissimo livello tecnico per la creazione e riparazione degli apparecchi acustici.  I NOSTRI VALORI  Tecnologia e attenzione ai tuoi problemi: affidati alla nostra competenza, forniamo consulenze altamente qualificate e ti assicuriamo il massimo livello tecnico per \"l\u2019adattamento\" del tuo apparecchio acustico.  I NOSTRI OBIETTIVI  L\u2019udito \u00e8 un bene troppo prezioso per essere trascurato. Il nostro obiettivo \u00e8 quello di instaurare una relazione continua con i nostri clienti e tornare a far sentir bene l'Abruzzo.  apparecchio acustico, apparecchi acustici, Manutenzione Apparecchi, Otorino, protesi acustiche, acustica, centro acustico, centri acustici, Centro Sordit\u00e0, problemi all'udito, rimedi per sordit\u00e0, Centri per la cura delle sordit\u00e0, recuperare l'udito,  centro acustico L'Aquila , centri acustici L'Aquila , Centro Sordit\u00e0 L'Aquila , centro acustico ad Avezzano, centri acustici ad Avezzano, Centro Sordit\u00e0 ad Avezzano, centro acustico a Sulmona, centri acustici a Sulmona, Centro Sordit\u00e0 a Sulmona, centro acustico Pescara, centri acustici Pescara, Centro Sordit\u00e0 Pescara,","og_url":"https:\/\/convenzioni.cralnetwork.it\/assodifesa\/prodotto\/audiocontrol-centro-sordita\/","og_site_name":"Assodifesa","article_modified_time":"2025-03-19T16:37:57+00:00","og_image":[{"width":300,"height":300,"url":"https:\/\/convenzioni.cralnetwork.it\/assodifesa\/wp-content\/uploads\/sites\/45\/2025\/01\/logo_Audiocontrol_integrazione.png","type":"image\/png"}],"twitter_card":"summary_large_image","twitter_misc":{"Tempo di lettura stimato":"5 minuti"},"schema":{"@context":"https:\/\/schema.org","@graph":[{"@type":"WebPage","@id":"https:\/\/convenzioni.cralnetwork.it\/assodifesa\/prodotto\/audiocontrol-centro-sordita\/","url":"https:\/\/convenzioni.cralnetwork.it\/assodifesa\/prodotto\/audiocontrol-centro-sordita\/","name":"Audiocontrol Centro Sordit\u00e0 - Assodifesa","isPartOf":{"@id":"https:\/\/convenzioni.cralnetwork.it\/assodifesa\/#website"},"primaryImageOfPage":{"@id":"https:\/\/convenzioni.cralnetwork.it\/assodifesa\/prodotto\/audiocontrol-centro-sordita\/#primaryimage"},"image":{"@id":"https:\/\/convenzioni.cralnetwork.it\/assodifesa\/prodotto\/audiocontrol-centro-sordita\/#primaryimage"},"thumbnailUrl":"https:\/\/convenzioni.cralnetwork.it\/assodifesa\/wp-content\/uploads\/sites\/45\/2025\/01\/logo_Audiocontrol_integrazione.png","datePublished":"2025-01-03T14:19:04+00:00","dateModified":"2025-03-19T16:37:57+00:00","breadcrumb":{"@id":"https:\/\/convenzioni.cralnetwork.it\/assodifesa\/prodotto\/audiocontrol-centro-sordita\/#breadcrumb"},"inLanguage":"it-IT","potentialAction":[{"@type":"ReadAction","target":["https:\/\/convenzioni.cralnetwork.it\/assodifesa\/prodotto\/audiocontrol-centro-sordita\/"]}]},{"@type":"ImageObject","inLanguage":"it-IT","@id":"https:\/\/convenzioni.cralnetwork.it\/assodifesa\/prodotto\/audiocontrol-centro-sordita\/#primaryimage","url":"https:\/\/convenzioni.cralnetwork.it\/assodifesa\/wp-content\/uploads\/sites\/45\/2025\/01\/logo_Audiocontrol_integrazione.png","contentUrl":"https:\/\/convenzioni.cralnetwork.it\/assodifesa\/wp-content\/uploads\/sites\/45\/2025\/01\/logo_Audiocontrol_integrazione.png","width":300,"height":300},{"@type":"BreadcrumbList","@id":"https:\/\/convenzioni.cralnetwork.it\/assodifesa\/prodotto\/audiocontrol-centro-sordita\/#breadcrumb","itemListElement":[{"@type":"ListItem","position":1,"name":"Home","item":"https:\/\/convenzioni.cralnetwork.it\/assodifesa\/"},{"@type":"ListItem","position":2,"name":"Shop","item":"https:\/\/convenzioni.cralnetwork.it\/assodifesa\/negozio\/"},{"@type":"ListItem","position":3,"name":"Audiocontrol Centro Sordit\u00e0"}]},{"@type":"WebSite","@id":"https:\/\/convenzioni.cralnetwork.it\/assodifesa\/#website","url":"https:\/\/convenzioni.cralnetwork.it\/assodifesa\/","name":"Assodifesa","description":"Area convenzioni","potentialAction":[{"@type":"SearchAction","target":{"@type":"EntryPoint","urlTemplate":"https:\/\/convenzioni.cralnetwork.it\/assodifesa\/?s={search_term_string}"},"query-input":{"@type":"PropertyValueSpecification","valueRequired":true,"valueName":"search_term_string"}}],"inLanguage":"it-IT"}]}},"publishpress_future_workflow_manual_trigger":{"enabledWorkflows":[]},"_links":{"self":[{"href":"https:\/\/convenzioni.cralnetwork.it\/assodifesa\/wp-json\/wp\/v2\/product\/28052","targetHints":{"allow":["GET"]}}],"collection":[{"href":"https:\/\/convenzioni.cralnetwork.it\/assodifesa\/wp-json\/wp\/v2\/product"}],"about":[{"href":"https:\/\/convenzioni.cralnetwork.it\/assodifesa\/wp-json\/wp\/v2\/types\/product"}],"replies":[{"embeddable":true,"href":"https:\/\/convenzioni.cralnetwork.it\/assodifesa\/wp-json\/wp\/v2\/comments?post=28052"}],"version-history":[{"count":16,"href":"https:\/\/convenzioni.cralnetwork.it\/assodifesa\/wp-json\/wp\/v2\/product\/28052\/revisions"}],"predecessor-version":[{"id":34499,"href":"https:\/\/convenzioni.cralnetwork.it\/assodifesa\/wp-json\/wp\/v2\/product\/28052\/revisions\/34499"}],"wp:featuredmedia":[{"embeddable":true,"href":"https:\/\/convenzioni.cralnetwork.it\/assodifesa\/wp-json\/wp\/v2\/media\/28053"}],"wp:attachment":[{"href":"https:\/\/convenzioni.cralnetwork.it\/assodifesa\/wp-json\/wp\/v2\/media?parent=28052"}],"wp:term":[{"taxonomy":"product_brand","embeddable":true,"href":"https:\/\/convenzioni.cralnetwork.it\/assodifesa\/wp-json\/wp\/v2\/product_brand?post=28052"},{"taxonomy":"product_cat","embeddable":true,"href":"https:\/\/convenzioni.cralnetwork.it\/assodifesa\/wp-json\/wp\/v2\/product_cat?post=28052"},{"taxonomy":"product_tag","embeddable":true,"href":"https:\/\/convenzioni.cralnetwork.it\/assodifesa\/wp-json\/wp\/v2\/product_tag?post=28052"}],"curies":[{"name":"wp","href":"https:\/\/api.w.org\/{rel}","templated":true}]}}