{"id":24327,"date":"2024-10-18T16:28:39","date_gmt":"2024-10-18T14:28:39","guid":{"rendered":"https:\/\/convenzioni.cralnetwork.it\/assodifesa\/?post_type=product&#038;p=24327"},"modified":"2024-10-18T16:36:05","modified_gmt":"2024-10-18T14:36:05","slug":"atelier-ottico-snc-di-ferrari-stefano-e-sara","status":"publish","type":"product","link":"https:\/\/convenzioni.cralnetwork.it\/assodifesa\/prodotto\/atelier-ottico-snc-di-ferrari-stefano-e-sara\/","title":{"rendered":"Atelier Ottico snc di Ferrari Stefano e Sara"},"content":{"rendered":"\t\t<div data-elementor-type=\"wp-post\" data-elementor-id=\"24327\" class=\"elementor elementor-24327\">\n\t\t\t\t<div class=\"elementor-element elementor-element-7d66b5dd e-flex e-con-boxed wpr-particle-no wpr-jarallax-no wpr-parallax-no wpr-sticky-section-no e-con e-parent\" data-id=\"7d66b5dd\" data-element_type=\"container\" data-settings=\"{&quot;background_background&quot;:&quot;classic&quot;}\">\n\t\t\t\t\t<div class=\"e-con-inner\">\n\t\t\t\t<div class=\"elementor-element elementor-element-37bace41 elementor-widget elementor-widget-text-editor\" data-id=\"37bace41\" data-element_type=\"widget\" data-widget_type=\"text-editor.default\">\n\t\t\t\t<div class=\"elementor-widget-container\">\n\t\t\t\t\t\t\t\t\t<p>Atelier Ottico<\/p>\t\t\t\t\t\t\t\t<\/div>\n\t\t\t\t<\/div>\n\t\t\t\t<div class=\"elementor-element elementor-element-2f4c12f6 elementor-widget elementor-widget-text-editor\" data-id=\"2f4c12f6\" data-element_type=\"widget\" data-widget_type=\"text-editor.default\">\n\t\t\t\t<div class=\"elementor-widget-container\">\n\t\t\t\t\t\t\t\t\t<p>L&#8217;Atelier Ottico di Montecchio \u00e8 un punto di riferimento per chi cerca soluzioni ottiche di alta qualit\u00e0 e personalizzate.<\/p>\t\t\t\t\t\t\t\t<\/div>\n\t\t\t\t<\/div>\n\t\t\t\t\t<\/div>\n\t\t\t\t<\/div>\n\t\t<div class=\"elementor-element elementor-element-7c46672d e-flex e-con-boxed wpr-particle-no wpr-jarallax-no wpr-parallax-no wpr-sticky-section-no e-con e-parent\" data-id=\"7c46672d\" data-element_type=\"container\">\n\t\t\t\t\t<div class=\"e-con-inner\">\n\t\t<div class=\"elementor-element elementor-element-13aef837 e-con-full e-flex wpr-particle-no wpr-jarallax-no wpr-parallax-no wpr-sticky-section-no e-con e-child\" data-id=\"13aef837\" data-element_type=\"container\">\n\t\t\t\t<div class=\"elementor-element elementor-element-64fe0c20 elementor-widget elementor-widget-image\" data-id=\"64fe0c20\" data-element_type=\"widget\" data-widget_type=\"image.default\">\n\t\t\t\t<div class=\"elementor-widget-container\">\n\t\t\t\t\t\t\t\t\t\t\t\t\t\t\t<img fetchpriority=\"high\" fetchpriority=\"high\" decoding=\"async\" width=\"1024\" height=\"683\" src=\"https:\/\/convenzioni.cralnetwork.it\/assodifesa\/wp-content\/uploads\/sites\/45\/2024\/10\/glassesshop-GPMxRobmrAw-unsplash-1-scaled-1-1024x683.jpg\" class=\"attachment-large size-large wp-image-24338\" alt=\"\" srcset=\"https:\/\/convenzioni.cralnetwork.it\/assodifesa\/wp-content\/uploads\/sites\/45\/2024\/10\/glassesshop-GPMxRobmrAw-unsplash-1-scaled-1-980x654.jpg 980w, https:\/\/convenzioni.cralnetwork.it\/assodifesa\/wp-content\/uploads\/sites\/45\/2024\/10\/glassesshop-GPMxRobmrAw-unsplash-1-scaled-1-480x320.jpg 480w\" sizes=\"(min-width: 0px) and (max-width: 480px) 480px, (min-width: 481px) and (max-width: 980px) 980px, (min-width: 981px) 1024px, 100vw\" \/>\t\t\t\t\t\t\t\t\t\t\t\t\t\t\t<\/div>\n\t\t\t\t<\/div>\n\t\t\t\t<\/div>\n\t\t<div class=\"elementor-element elementor-element-15ae1f5a e-con-full e-flex wpr-particle-no wpr-jarallax-no wpr-parallax-no wpr-sticky-section-no e-con e-child\" data-id=\"15ae1f5a\" data-element_type=\"container\">\n\t\t\t\t<div class=\"elementor-element elementor-element-584ad065 elementor-widget elementor-widget-text-editor\" data-id=\"584ad065\" data-element_type=\"widget\" data-widget_type=\"text-editor.default\">\n\t\t\t\t<div class=\"elementor-widget-container\">\n\t\t\t\t\t\t\t\t\t<p>Il negozio<\/p>\t\t\t\t\t\t\t\t<\/div>\n\t\t\t\t<\/div>\n\t\t\t\t<div class=\"elementor-element elementor-element-75a4781f elementor-widget elementor-widget-text-editor\" data-id=\"75a4781f\" data-element_type=\"widget\" data-widget_type=\"text-editor.default\">\n\t\t\t\t<div class=\"elementor-widget-container\">\n\t\t\t\t\t\t\t\t\t<p>Situato nel cuore di Montecchio, questo negozio unisce <strong>tradizione<\/strong> e <strong>innovazione<\/strong> per offrire ai clienti un&#8217;esperienza unica.<br \/>L&#8217;Atelier \u00e8 noto per il suo vasto assortimento di <strong>occhiali delle migliori marche<\/strong>, che spazia dai modelli classici a quelli pi\u00f9 alla moda e all&#8217;avanguardia.<br \/>Il team di esperti ottici \u00e8 sempre pronto a fornire <strong>consulenze personalizzate<\/strong>, garantendo un <strong>servizio attento<\/strong> e <strong>professionale<\/strong>.<\/p><p>Oltre alla vendita di occhiali da vista e da sole, l&#8217;Atelier Ottico di Montecchio offre servizi di controllo della vista, montaggio e riparazione occhiali, utilizzando attrezzature di ultima generazione per assicurare la massima precisione.<br \/>L&#8217;<strong>ambiente accogliente<\/strong> e moderno del negozio rende ogni visita un piacere, mentre la<strong> passione per l&#8217;ottica<\/strong> e l&#8217;<strong>attenzione ai dettagli<\/strong> assicurano che ogni cliente trovi la <strong>soluzione perfetta<\/strong> per le proprie esigenze visive.<\/p>\t\t\t\t\t\t\t\t<\/div>\n\t\t\t\t<\/div>\n\t\t\t\t<\/div>\n\t\t\t\t\t<\/div>\n\t\t\t\t<\/div>\n\t\t<div class=\"elementor-element elementor-element-1f985c17 e-flex e-con-boxed wpr-particle-no wpr-jarallax-no wpr-parallax-no wpr-sticky-section-no e-con e-parent\" data-id=\"1f985c17\" data-element_type=\"container\" data-settings=\"{&quot;background_background&quot;:&quot;classic&quot;}\">\n\t\t\t\t\t<div class=\"e-con-inner\">\n\t\t\t\t<div class=\"elementor-element elementor-element-4563a234 elementor-widget elementor-widget-text-editor\" data-id=\"4563a234\" data-element_type=\"widget\" data-widget_type=\"text-editor.default\">\n\t\t\t\t<div class=\"elementor-widget-container\">\n\t\t\t\t\t\t\t\t\t<p>Per gli associati e i loro familiari<\/p>\t\t\t\t\t\t\t\t<\/div>\n\t\t\t\t<\/div>\n\t\t<div class=\"elementor-element elementor-element-225b3859 e-flex e-con-boxed wpr-particle-no wpr-jarallax-no wpr-parallax-no wpr-sticky-section-no e-con e-child\" data-id=\"225b3859\" data-element_type=\"container\">\n\t\t\t\t\t<div class=\"e-con-inner\">\n\t\t<div class=\"elementor-element elementor-element-2599554d e-flex e-con-boxed wpr-particle-no wpr-jarallax-no wpr-parallax-no wpr-sticky-section-no e-con e-child\" data-id=\"2599554d\" data-element_type=\"container\">\n\t\t\t\t\t<div class=\"e-con-inner\">\n\t\t\t\t<div class=\"elementor-element elementor-element-59f7d383 elementor-widget elementor-widget-text-editor\" data-id=\"59f7d383\" data-element_type=\"widget\" data-widget_type=\"text-editor.default\">\n\t\t\t\t<div class=\"elementor-widget-container\">\n\t\t\t\t\t\t\t\t\t<p>Gratuito<\/p>\t\t\t\t\t\t\t\t<\/div>\n\t\t\t\t<\/div>\n\t\t\t\t<div class=\"elementor-element elementor-element-43bf4f79 elementor-widget elementor-widget-text-editor\" data-id=\"43bf4f79\" data-element_type=\"widget\" data-widget_type=\"text-editor.default\">\n\t\t\t\t<div class=\"elementor-widget-container\">\n\t\t\t\t\t\t\t\t\t<p>test efficienza visiva (su prenotazione)<\/p>\t\t\t\t\t\t\t\t<\/div>\n\t\t\t\t<\/div>\n\t\t\t\t\t<\/div>\n\t\t\t\t<\/div>\n\t\t<div class=\"elementor-element elementor-element-2a2c0913 e-flex e-con-boxed wpr-particle-no wpr-jarallax-no wpr-parallax-no wpr-sticky-section-no e-con e-child\" data-id=\"2a2c0913\" data-element_type=\"container\">\n\t\t\t\t\t<div class=\"e-con-inner\">\n\t\t\t\t<div class=\"elementor-element elementor-element-4c9f0bf1 elementor-widget elementor-widget-text-editor\" data-id=\"4c9f0bf1\" data-element_type=\"widget\" data-widget_type=\"text-editor.default\">\n\t\t\t\t<div class=\"elementor-widget-container\">\n\t\t\t\t\t\t\t\t\t<p>Sconto del 20%<\/p>\t\t\t\t\t\t\t\t<\/div>\n\t\t\t\t<\/div>\n\t\t\t\t<div class=\"elementor-element elementor-element-6020ddf2 elementor-widget elementor-widget-text-editor\" data-id=\"6020ddf2\" data-element_type=\"widget\" data-widget_type=\"text-editor.default\">\n\t\t\t\t<div class=\"elementor-widget-container\">\n\t\t\t\t\t\t\t\t\t<p>su tutti gli occhiali da sole<\/p>\t\t\t\t\t\t\t\t<\/div>\n\t\t\t\t<\/div>\n\t\t\t\t\t<\/div>\n\t\t\t\t<\/div>\n\t\t<div class=\"elementor-element elementor-element-7a441a7c e-flex e-con-boxed wpr-particle-no wpr-jarallax-no wpr-parallax-no wpr-sticky-section-no e-con e-child\" data-id=\"7a441a7c\" data-element_type=\"container\">\n\t\t\t\t\t<div class=\"e-con-inner\">\n\t\t\t\t<div class=\"elementor-element elementor-element-7ec89341 elementor-widget elementor-widget-text-editor\" data-id=\"7ec89341\" data-element_type=\"widget\" data-widget_type=\"text-editor.default\">\n\t\t\t\t<div class=\"elementor-widget-container\">\n\t\t\t\t\t\t\t\t\t<p>Sconto di 100\u20ac<\/p>\t\t\t\t\t\t\t\t<\/div>\n\t\t\t\t<\/div>\n\t\t\t\t<div class=\"elementor-element elementor-element-7c180e5b elementor-widget elementor-widget-text-editor\" data-id=\"7c180e5b\" data-element_type=\"widget\" data-widget_type=\"text-editor.default\">\n\t\t\t\t<div class=\"elementor-widget-container\">\n\t\t\t\t\t\t\t\t\t<p>sull&#8217;acquisto di un&#8217;occhiale da vista o da sole con lenti monofocali ZEISS<\/p>\t\t\t\t\t\t\t\t<\/div>\n\t\t\t\t<\/div>\n\t\t\t\t\t<\/div>\n\t\t\t\t<\/div>\n\t\t<div class=\"elementor-element elementor-element-63cc0744 e-flex e-con-boxed wpr-particle-no wpr-jarallax-no wpr-parallax-no wpr-sticky-section-no e-con e-child\" data-id=\"63cc0744\" data-element_type=\"container\">\n\t\t\t\t\t<div class=\"e-con-inner\">\n\t\t\t\t<div class=\"elementor-element elementor-element-5a833448 elementor-widget elementor-widget-text-editor\" data-id=\"5a833448\" data-element_type=\"widget\" data-widget_type=\"text-editor.default\">\n\t\t\t\t<div class=\"elementor-widget-container\">\n\t\t\t\t\t\t\t\t\t<p>Sconto di 200\u20ac<\/p>\t\t\t\t\t\t\t\t<\/div>\n\t\t\t\t<\/div>\n\t\t\t\t<div class=\"elementor-element elementor-element-7ee0c386 elementor-widget elementor-widget-text-editor\" data-id=\"7ee0c386\" data-element_type=\"widget\" data-widget_type=\"text-editor.default\">\n\t\t\t\t<div class=\"elementor-widget-container\">\n\t\t\t\t\t\t\t\t\t<p>sull&#8217;acquisto di un&#8217;occhiale da vista o da sole progressivo con lenti progressive ZEISS.<\/p>\t\t\t\t\t\t\t\t<\/div>\n\t\t\t\t<\/div>\n\t\t\t\t\t<\/div>\n\t\t\t\t<\/div>\n\t\t\t\t\t<\/div>\n\t\t\t\t<\/div>\n\t\t\t\t<div class=\"elementor-element elementor-element-5fedb986 elementor-widget elementor-widget-text-editor\" data-id=\"5fedb986\" data-element_type=\"widget\" data-widget_type=\"text-editor.default\">\n\t\t\t\t<div class=\"elementor-widget-container\">\n\t\t\t\t\t\t\t\t\t<p>Codice sconto <strong>CRALGDF\u00a0<\/strong>valido sul nostro shop online<\/p>\t\t\t\t\t\t\t\t<\/div>\n\t\t\t\t<\/div>\n\t\t\t\t<div class=\"elementor-element elementor-element-7251920b elementor-align-center elementor-widget elementor-widget-button\" data-id=\"7251920b\" data-element_type=\"widget\" data-widget_type=\"button.default\">\n\t\t\t\t<div class=\"elementor-widget-container\">\n\t\t\t\t\t\t\t\t\t<div class=\"elementor-button-wrapper\">\n\t\t\t\t\t<a class=\"elementor-button elementor-button-link elementor-size-sm elementor-animation-shrink\" href=\"https:\/\/www.atelierottico.shop\/\">\n\t\t\t\t\t\t<span class=\"elementor-button-content-wrapper\">\n\t\t\t\t\t\t\t\t\t<span class=\"elementor-button-text\">www.atelierottico.shop<\/span>\n\t\t\t\t\t<\/span>\n\t\t\t\t\t<\/a>\n\t\t\t\t<\/div>\n\t\t\t\t\t\t\t\t<\/div>\n\t\t\t\t<\/div>\n\t\t\t\t\t<\/div>\n\t\t\t\t<\/div>\n\t\t<div class=\"elementor-element elementor-element-7c72029b e-flex e-con-boxed wpr-particle-no wpr-jarallax-no wpr-parallax-no wpr-sticky-section-no e-con e-parent\" data-id=\"7c72029b\" data-element_type=\"container\">\n\t\t\t\t\t<div class=\"e-con-inner\">\n\t\t<div class=\"elementor-element elementor-element-3410f1c2 e-con-full e-flex wpr-particle-no wpr-jarallax-no wpr-parallax-no wpr-sticky-section-no e-con e-child\" data-id=\"3410f1c2\" data-element_type=\"container\">\n\t\t\t\t<div class=\"elementor-element elementor-element-51b589d elementor-widget elementor-widget-text-editor\" data-id=\"51b589d\" data-element_type=\"widget\" data-widget_type=\"text-editor.default\">\n\t\t\t\t<div class=\"elementor-widget-container\">\n\t\t\t\t\t\t\t\t\t<p>Vieni a trovarci!<\/p>\t\t\t\t\t\t\t\t<\/div>\n\t\t\t\t<\/div>\n\t\t\t\t<div class=\"elementor-element elementor-element-cc3512e elementor-widget elementor-widget-text-editor\" data-id=\"cc3512e\" data-element_type=\"widget\" data-widget_type=\"text-editor.default\">\n\t\t\t\t<div class=\"elementor-widget-container\">\n\t\t\t\t\t\t\t\t\t<p>Via delle Scienze, 17 &#8211; 42027 Montecchio Emilia (RE)<br \/><strong>Telefono:<\/strong> +39 0522 866726<br \/><strong>Cellulare:<\/strong> +39 392 392 9804<br \/><strong>Sito web:<\/strong> <span style=\"color: #810a0f;\"><a style=\"color: #810a0f;\" href=\"https:\/\/www.atelierottico.it\/\">www.atelierottico.it<\/a><br \/><\/span><strong>Shop online:<\/strong> <span style=\"color: #810a0f;\"><a style=\"color: #810a0f;\" href=\"https:\/\/www.atelierottico.shop\/\">www.atelierottico.shop<\/a><br \/><\/span><strong>Dal Luned\u00ec al Sabato:<\/strong> dalle 9:00 alle 19:30<br \/><strong>Domenica:<\/strong> Chiuso<span style=\"color: #810a0f;\"><br \/><\/span><\/p>\t\t\t\t\t\t\t\t<\/div>\n\t\t\t\t<\/div>\n\t\t\t\t<div class=\"elementor-element elementor-element-40be050a elementor-shape-circle e-grid-align-left elementor-grid-0 elementor-widget elementor-widget-social-icons\" data-id=\"40be050a\" data-element_type=\"widget\" data-widget_type=\"social-icons.default\">\n\t\t\t\t<div class=\"elementor-widget-container\">\n\t\t\t\t\t\t\t<div class=\"elementor-social-icons-wrapper elementor-grid\">\n\t\t\t\t\t\t\t<span class=\"elementor-grid-item\">\n\t\t\t\t\t<a class=\"elementor-icon elementor-social-icon elementor-social-icon-whatsapp elementor-repeater-item-1539373\" href=\"https:\/\/api.whatsapp.com\/send?phone=393923929804\" target=\"_blank\">\n\t\t\t\t\t\t<span class=\"elementor-screen-only\">Whatsapp<\/span>\n\t\t\t\t\t\t<svg aria-hidden=\"true\" class=\"e-font-icon-svg e-fab-whatsapp\" viewBox=\"0 0 448 512\" xmlns=\"http:\/\/www.w3.org\/2000\/svg\"><path d=\"M380.9 97.1C339 55.1 283.2 32 223.9 32c-122.4 0-222 99.6-222 222 0 39.1 10.2 77.3 29.6 111L0 480l117.7-30.9c32.4 17.7 68.9 27 106.1 27h.1c122.3 0 224.1-99.6 224.1-222 0-59.3-25.2-115-67.1-157zm-157 341.6c-33.2 0-65.7-8.9-94-25.7l-6.7-4-69.8 18.3L72 359.2l-4.4-7c-18.5-29.4-28.2-63.3-28.2-98.2 0-101.7 82.8-184.5 184.6-184.5 49.3 0 95.6 19.2 130.4 54.1 34.8 34.9 56.2 81.2 56.1 130.5 0 101.8-84.9 184.6-186.6 184.6zm101.2-138.2c-5.5-2.8-32.8-16.2-37.9-18-5.1-1.9-8.8-2.8-12.5 2.8-3.7 5.6-14.3 18-17.6 21.8-3.2 3.7-6.5 4.2-12 1.4-32.6-16.3-54-29.1-75.5-66-5.7-9.8 5.7-9.1 16.3-30.3 1.8-3.7.9-6.9-.5-9.7-1.4-2.8-12.5-30.1-17.1-41.2-4.5-10.8-9.1-9.3-12.5-9.5-3.2-.2-6.9-.2-10.6-.2-3.7 0-9.7 1.4-14.8 6.9-5.1 5.6-19.4 19-19.4 46.3 0 27.3 19.9 53.7 22.6 57.4 2.8 3.7 39.1 59.7 94.8 83.8 35.2 15.2 49 16.5 66.6 13.9 10.7-1.6 32.8-13.4 37.4-26.4 4.6-13 4.6-24.1 3.2-26.4-1.3-2.5-5-3.9-10.5-6.6z\"><\/path><\/svg>\t\t\t\t\t<\/a>\n\t\t\t\t<\/span>\n\t\t\t\t\t<\/div>\n\t\t\t\t\t\t<\/div>\n\t\t\t\t<\/div>\n\t\t\t\t<\/div>\n\t\t<div class=\"elementor-element elementor-element-7c4532f2 e-con-full e-flex wpr-particle-no wpr-jarallax-no wpr-parallax-no wpr-sticky-section-no e-con e-child\" data-id=\"7c4532f2\" data-element_type=\"container\">\n\t\t\t\t<div class=\"elementor-element elementor-element-5bae0f06 elementor-widget elementor-widget-text-editor\" data-id=\"5bae0f06\" data-element_type=\"widget\" data-widget_type=\"text-editor.default\">\n\t\t\t\t<div class=\"elementor-widget-container\">\n\t\t\t\t\t\t\t\t\t<div id=\"gmw-single-location-wrapper-118\" class=\"gmw-element-wrapper gmw-single-location-wrapper gmw-sl-wrapper gmw-sl-single-post-wrapper post \" object_type=\"post\" object_id=\"24327\"  style=\"width:100%\"><div class=\"gmw-sl-map-wrapper gmw-sl-element\"><div id=\"gmw-map-wrapper-118\" class=\"gmw-map-wrapper  sl single_location \" style=\"width:100%;height:300px;\"> <span id=\"gmw-resize-map-toggle-118\" class=\"gmw-resize-map-toggle gmw-icon-resize-full\" style=\"display:none;\" title=\"Resize map\"><\/span> <div id=\"gmw-map-loader-118\" class=\"gmw-map-loader\"><\/div> <div id=\"gmw-map-118\" class=\"gmw-map sl single_location\" style=\"width:100%; height:100%\" data-map_id=\"118\" data-prefix=\"sl\" data-map_type=\"single_location\" data-icons_usage=\"global\"><\/div> <\/div><\/div><\/div>\t\t\t\t\t\t\t\t<\/div>\n\t\t\t\t<\/div>\n\t\t\t\t<\/div>\n\t\t\t\t\t<\/div>\n\t\t\t\t<\/div>\n\t\t<div class=\"elementor-element elementor-element-9206986 e-flex e-con-boxed wpr-particle-no wpr-jarallax-no wpr-parallax-no wpr-sticky-section-no e-con e-parent\" data-id=\"9206986\" data-element_type=\"container\">\n\t\t\t\t\t<div class=\"e-con-inner\">\n\t\t\t\t<div class=\"elementor-element elementor-element-ad4605f elementor-widget-divider--view-line elementor-widget elementor-widget-divider\" data-id=\"ad4605f\" data-element_type=\"widget\" data-widget_type=\"divider.default\">\n\t\t\t\t<div class=\"elementor-widget-container\">\n\t\t\t\t\t\t\t<div class=\"elementor-divider\">\n\t\t\t<span class=\"elementor-divider-separator\">\n\t\t\t\t\t\t<\/span>\n\t\t<\/div>\n\t\t\t\t\t\t<\/div>\n\t\t\t\t<\/div>\n\t\t\t\t\t<\/div>\n\t\t\t\t<\/div>\n\t\t\t\t<\/div>\n\t\t","protected":false},"excerpt":{"rendered":"<div style=\"display: none;\">L&#8217;Atelier Ottico di Montecchio \u00e8 un punto di riferimento per chi cerca soluzioni ottiche di alta qualit\u00e0 e personalizzate.Situato nel cuore di Montecchio, questo negozio unisce tradizione e innovazione per offrire ai clienti un&#8217;esperienza unica.<br \/>\nL&#8217;Atelier \u00e8 noto per il suo vasto assortimento di occhiali delle migliori marche, che spazia dai modelli classici a quelli pi\u00f9 alla moda e all&#8217;avanguardia.<br \/>\nIl team di esperti ottici \u00e8 sempre pronto a fornire consulenze personalizzate, garantendo un servizio attento e professionale.Oltre alla vendita di occhiali da vista e da sole, l&#8217;Atelier Ottico di Montecchio offre servizi di controllo della vista, montaggio e riparazione occhiali, utilizzando attrezzature di ultima generazione per assicurare la massima precisione.<br \/>\nL&#8217;ambiente accogliente e moderno del negozio rende ogni visita un piacere, mentre la passione per l&#8217;ottica e l&#8217;attenzione ai dettagli assicurano che ogni cliente trovi la soluzione perfetta per le proprie esigenze visive.Servizi Offerti nella convenzione:<br \/>\n\u2022 test efficienza visiva gratuita (su prenotazione)<br \/>\n\u2022 sconto del 20% su tutti gli occhiali da sole<br \/>\n\u2022 sconto di 100\u20ac sull&#8217;acquisto di un&#8217;occhiale da vista o da sole con lenti monofocali ZEISS<br \/>\n\u2022 sconto di 200\u20ac sull&#8217;acquisto di un&#8217;occhiale da vista o da sole progressivo con lenti progressive ZEISS. ottico, ottici, occhiali, vendita occhiali, vendita occhiali da sole, vendita occhiali da vista, controllo visivo, ottico a Montecchio Emilia, ottici a Montecchio Emilia, occhiali a Montecchio Emilia, vendita occhiali a Montecchio Emilia, vendita occhiali da sole a Montecchio Emilia, vendita occhiali da vista a Montecchio Emilia, controllo visivo a Montecchio Emilia, ottico Montecchio Emilia, ottici Montecchio Emilia, occhiali Montecchio Emilia, vendita occhiali Montecchio Emilia, vendita occhiali da sole Montecchio Emilia, vendita occhiali da vista Montecchio Emilia, controllo visivo Montecchio Emilia<\/div>\n","protected":false},"featured_media":24328,"comment_status":"open","ping_status":"closed","template":"elementor_header_footer","meta":{"_acf_changed":false,"_et_pb_use_builder":"","_et_pb_old_content":"","_et_gb_content_width":""},"product_brand":[],"product_cat":[115,26],"product_tag":[2634,665,117,118,670,125,126],"class_list":{"0":"post-24327","1":"product","2":"type-product","3":"status-publish","4":"has-post-thumbnail","6":"product_cat-ottici","7":"product_cat-salute","8":"product_tag-controllo-visivo","9":"product_tag-occhiali","10":"product_tag-ottici","11":"product_tag-ottico","12":"product_tag-vendita-occhiali","13":"product_tag-vendita-occhiali-da-sole","14":"product_tag-vendita-occhiali-da-vista","16":"first","17":"instock","18":"shipping-taxable","19":"product-type-simple"},"acf":[],"yoast_head":"<!-- This site is optimized with the Yoast SEO plugin v26.4 - https:\/\/yoast.com\/wordpress\/plugins\/seo\/ -->\n<title>Atelier Ottico snc di Ferrari Stefano e Sara - Assodifesa<\/title>\n<meta name=\"robots\" content=\"index, follow, max-snippet:-1, max-image-preview:large, max-video-preview:-1\" \/>\n<link rel=\"canonical\" href=\"https:\/\/convenzioni.cralnetwork.it\/assodifesa\/prodotto\/atelier-ottico-snc-di-ferrari-stefano-e-sara\/\" \/>\n<meta property=\"og:locale\" content=\"it_IT\" \/>\n<meta property=\"og:type\" content=\"article\" \/>\n<meta property=\"og:title\" content=\"Atelier Ottico snc di Ferrari Stefano e Sara - Assodifesa\" \/>\n<meta property=\"og:description\" content=\"L&#039;Atelier Ottico di Montecchio \u00e8 un punto di riferimento per chi cerca soluzioni ottiche di alta qualit\u00e0 e personalizzate.Situato nel cuore di Montecchio, questo negozio unisce tradizione e innovazione per offrire ai clienti un&#039;esperienza unica. L&#039;Atelier \u00e8 noto per il suo vasto assortimento di occhiali delle migliori marche, che spazia dai modelli classici a quelli pi\u00f9 alla moda e all&#039;avanguardia. Il team di esperti ottici \u00e8 sempre pronto a fornire consulenze personalizzate, garantendo un servizio attento e professionale.Oltre alla vendita di occhiali da vista e da sole, l&#039;Atelier Ottico di Montecchio offre servizi di controllo della vista, montaggio e riparazione occhiali, utilizzando attrezzature di ultima generazione per assicurare la massima precisione. L&#039;ambiente accogliente e moderno del negozio rende ogni visita un piacere, mentre la passione per l&#039;ottica e l&#039;attenzione ai dettagli assicurano che ogni cliente trovi la soluzione perfetta per le proprie esigenze visive.Servizi Offerti nella convenzione: \u2022 test efficienza visiva gratuita (su prenotazione) \u2022 sconto del 20% su tutti gli occhiali da sole \u2022 sconto di 100\u20ac sull&#039;acquisto di un&#039;occhiale da vista o da sole con lenti monofocali ZEISS \u2022 sconto di 200\u20ac sull&#039;acquisto di un&#039;occhiale da vista o da sole progressivo con lenti progressive ZEISS. ottico, ottici, occhiali, vendita occhiali, vendita occhiali da sole, vendita occhiali da vista, controllo visivo, ottico a Montecchio Emilia, ottici a Montecchio Emilia, occhiali a Montecchio Emilia, vendita occhiali a Montecchio Emilia, vendita occhiali da sole a Montecchio Emilia, vendita occhiali da vista a Montecchio Emilia, controllo visivo a Montecchio Emilia, ottico Montecchio Emilia, ottici Montecchio Emilia, occhiali Montecchio Emilia, vendita occhiali Montecchio Emilia, vendita occhiali da sole Montecchio Emilia, vendita occhiali da vista Montecchio Emilia, controllo visivo Montecchio Emilia\" \/>\n<meta property=\"og:url\" content=\"https:\/\/convenzioni.cralnetwork.it\/assodifesa\/prodotto\/atelier-ottico-snc-di-ferrari-stefano-e-sara\/\" \/>\n<meta property=\"og:site_name\" content=\"Assodifesa\" \/>\n<meta property=\"article:modified_time\" content=\"2024-10-18T14:36:05+00:00\" \/>\n<meta property=\"og:image\" content=\"https:\/\/convenzioni.cralnetwork.it\/assodifesa\/wp-content\/uploads\/sites\/45\/2024\/10\/Base-logo-siti-aterlier-ottico-montecchio.jpg\" \/>\n\t<meta property=\"og:image:width\" content=\"300\" \/>\n\t<meta property=\"og:image:height\" content=\"300\" \/>\n\t<meta property=\"og:image:type\" content=\"image\/jpeg\" \/>\n<meta name=\"twitter:card\" content=\"summary_large_image\" \/>\n<meta name=\"twitter:label1\" content=\"Tempo di lettura stimato\" \/>\n\t<meta name=\"twitter:data1\" content=\"2 minuti\" \/>\n<script type=\"application\/ld+json\" class=\"yoast-schema-graph\">{\"@context\":\"https:\/\/schema.org\",\"@graph\":[{\"@type\":\"WebPage\",\"@id\":\"https:\/\/convenzioni.cralnetwork.it\/assodifesa\/prodotto\/atelier-ottico-snc-di-ferrari-stefano-e-sara\/\",\"url\":\"https:\/\/convenzioni.cralnetwork.it\/assodifesa\/prodotto\/atelier-ottico-snc-di-ferrari-stefano-e-sara\/\",\"name\":\"Atelier Ottico snc di Ferrari Stefano e Sara - Assodifesa\",\"isPartOf\":{\"@id\":\"https:\/\/convenzioni.cralnetwork.it\/assodifesa\/#website\"},\"primaryImageOfPage\":{\"@id\":\"https:\/\/convenzioni.cralnetwork.it\/assodifesa\/prodotto\/atelier-ottico-snc-di-ferrari-stefano-e-sara\/#primaryimage\"},\"image\":{\"@id\":\"https:\/\/convenzioni.cralnetwork.it\/assodifesa\/prodotto\/atelier-ottico-snc-di-ferrari-stefano-e-sara\/#primaryimage\"},\"thumbnailUrl\":\"https:\/\/convenzioni.cralnetwork.it\/assodifesa\/wp-content\/uploads\/sites\/45\/2024\/10\/Base-logo-siti-aterlier-ottico-montecchio.jpg\",\"datePublished\":\"2024-10-18T14:28:39+00:00\",\"dateModified\":\"2024-10-18T14:36:05+00:00\",\"breadcrumb\":{\"@id\":\"https:\/\/convenzioni.cralnetwork.it\/assodifesa\/prodotto\/atelier-ottico-snc-di-ferrari-stefano-e-sara\/#breadcrumb\"},\"inLanguage\":\"it-IT\",\"potentialAction\":[{\"@type\":\"ReadAction\",\"target\":[\"https:\/\/convenzioni.cralnetwork.it\/assodifesa\/prodotto\/atelier-ottico-snc-di-ferrari-stefano-e-sara\/\"]}]},{\"@type\":\"ImageObject\",\"inLanguage\":\"it-IT\",\"@id\":\"https:\/\/convenzioni.cralnetwork.it\/assodifesa\/prodotto\/atelier-ottico-snc-di-ferrari-stefano-e-sara\/#primaryimage\",\"url\":\"https:\/\/convenzioni.cralnetwork.it\/assodifesa\/wp-content\/uploads\/sites\/45\/2024\/10\/Base-logo-siti-aterlier-ottico-montecchio.jpg\",\"contentUrl\":\"https:\/\/convenzioni.cralnetwork.it\/assodifesa\/wp-content\/uploads\/sites\/45\/2024\/10\/Base-logo-siti-aterlier-ottico-montecchio.jpg\",\"width\":300,\"height\":300},{\"@type\":\"BreadcrumbList\",\"@id\":\"https:\/\/convenzioni.cralnetwork.it\/assodifesa\/prodotto\/atelier-ottico-snc-di-ferrari-stefano-e-sara\/#breadcrumb\",\"itemListElement\":[{\"@type\":\"ListItem\",\"position\":1,\"name\":\"Home\",\"item\":\"https:\/\/convenzioni.cralnetwork.it\/assodifesa\/\"},{\"@type\":\"ListItem\",\"position\":2,\"name\":\"Shop\",\"item\":\"https:\/\/convenzioni.cralnetwork.it\/assodifesa\/negozio\/\"},{\"@type\":\"ListItem\",\"position\":3,\"name\":\"Atelier Ottico snc di Ferrari Stefano e Sara\"}]},{\"@type\":\"WebSite\",\"@id\":\"https:\/\/convenzioni.cralnetwork.it\/assodifesa\/#website\",\"url\":\"https:\/\/convenzioni.cralnetwork.it\/assodifesa\/\",\"name\":\"Assodifesa\",\"description\":\"Area convenzioni\",\"potentialAction\":[{\"@type\":\"SearchAction\",\"target\":{\"@type\":\"EntryPoint\",\"urlTemplate\":\"https:\/\/convenzioni.cralnetwork.it\/assodifesa\/?s={search_term_string}\"},\"query-input\":{\"@type\":\"PropertyValueSpecification\",\"valueRequired\":true,\"valueName\":\"search_term_string\"}}],\"inLanguage\":\"it-IT\"}]}<\/script>\n<!-- \/ Yoast SEO plugin. -->","yoast_head_json":{"title":"Atelier Ottico snc di Ferrari Stefano e Sara - Assodifesa","robots":{"index":"index","follow":"follow","max-snippet":"max-snippet:-1","max-image-preview":"max-image-preview:large","max-video-preview":"max-video-preview:-1"},"canonical":"https:\/\/convenzioni.cralnetwork.it\/assodifesa\/prodotto\/atelier-ottico-snc-di-ferrari-stefano-e-sara\/","og_locale":"it_IT","og_type":"article","og_title":"Atelier Ottico snc di Ferrari Stefano e Sara - Assodifesa","og_description":"L'Atelier Ottico di Montecchio \u00e8 un punto di riferimento per chi cerca soluzioni ottiche di alta qualit\u00e0 e personalizzate.Situato nel cuore di Montecchio, questo negozio unisce tradizione e innovazione per offrire ai clienti un'esperienza unica. L'Atelier \u00e8 noto per il suo vasto assortimento di occhiali delle migliori marche, che spazia dai modelli classici a quelli pi\u00f9 alla moda e all'avanguardia. Il team di esperti ottici \u00e8 sempre pronto a fornire consulenze personalizzate, garantendo un servizio attento e professionale.Oltre alla vendita di occhiali da vista e da sole, l'Atelier Ottico di Montecchio offre servizi di controllo della vista, montaggio e riparazione occhiali, utilizzando attrezzature di ultima generazione per assicurare la massima precisione. L'ambiente accogliente e moderno del negozio rende ogni visita un piacere, mentre la passione per l'ottica e l'attenzione ai dettagli assicurano che ogni cliente trovi la soluzione perfetta per le proprie esigenze visive.Servizi Offerti nella convenzione: \u2022 test efficienza visiva gratuita (su prenotazione) \u2022 sconto del 20% su tutti gli occhiali da sole \u2022 sconto di 100\u20ac sull'acquisto di un'occhiale da vista o da sole con lenti monofocali ZEISS \u2022 sconto di 200\u20ac sull'acquisto di un'occhiale da vista o da sole progressivo con lenti progressive ZEISS. ottico, ottici, occhiali, vendita occhiali, vendita occhiali da sole, vendita occhiali da vista, controllo visivo, ottico a Montecchio Emilia, ottici a Montecchio Emilia, occhiali a Montecchio Emilia, vendita occhiali a Montecchio Emilia, vendita occhiali da sole a Montecchio Emilia, vendita occhiali da vista a Montecchio Emilia, controllo visivo a Montecchio Emilia, ottico Montecchio Emilia, ottici Montecchio Emilia, occhiali Montecchio Emilia, vendita occhiali Montecchio Emilia, vendita occhiali da sole Montecchio Emilia, vendita occhiali da vista Montecchio Emilia, controllo visivo Montecchio Emilia","og_url":"https:\/\/convenzioni.cralnetwork.it\/assodifesa\/prodotto\/atelier-ottico-snc-di-ferrari-stefano-e-sara\/","og_site_name":"Assodifesa","article_modified_time":"2024-10-18T14:36:05+00:00","og_image":[{"width":300,"height":300,"url":"https:\/\/convenzioni.cralnetwork.it\/assodifesa\/wp-content\/uploads\/sites\/45\/2024\/10\/Base-logo-siti-aterlier-ottico-montecchio.jpg","type":"image\/jpeg"}],"twitter_card":"summary_large_image","twitter_misc":{"Tempo di lettura stimato":"2 minuti"},"schema":{"@context":"https:\/\/schema.org","@graph":[{"@type":"WebPage","@id":"https:\/\/convenzioni.cralnetwork.it\/assodifesa\/prodotto\/atelier-ottico-snc-di-ferrari-stefano-e-sara\/","url":"https:\/\/convenzioni.cralnetwork.it\/assodifesa\/prodotto\/atelier-ottico-snc-di-ferrari-stefano-e-sara\/","name":"Atelier Ottico snc di Ferrari Stefano e Sara - Assodifesa","isPartOf":{"@id":"https:\/\/convenzioni.cralnetwork.it\/assodifesa\/#website"},"primaryImageOfPage":{"@id":"https:\/\/convenzioni.cralnetwork.it\/assodifesa\/prodotto\/atelier-ottico-snc-di-ferrari-stefano-e-sara\/#primaryimage"},"image":{"@id":"https:\/\/convenzioni.cralnetwork.it\/assodifesa\/prodotto\/atelier-ottico-snc-di-ferrari-stefano-e-sara\/#primaryimage"},"thumbnailUrl":"https:\/\/convenzioni.cralnetwork.it\/assodifesa\/wp-content\/uploads\/sites\/45\/2024\/10\/Base-logo-siti-aterlier-ottico-montecchio.jpg","datePublished":"2024-10-18T14:28:39+00:00","dateModified":"2024-10-18T14:36:05+00:00","breadcrumb":{"@id":"https:\/\/convenzioni.cralnetwork.it\/assodifesa\/prodotto\/atelier-ottico-snc-di-ferrari-stefano-e-sara\/#breadcrumb"},"inLanguage":"it-IT","potentialAction":[{"@type":"ReadAction","target":["https:\/\/convenzioni.cralnetwork.it\/assodifesa\/prodotto\/atelier-ottico-snc-di-ferrari-stefano-e-sara\/"]}]},{"@type":"ImageObject","inLanguage":"it-IT","@id":"https:\/\/convenzioni.cralnetwork.it\/assodifesa\/prodotto\/atelier-ottico-snc-di-ferrari-stefano-e-sara\/#primaryimage","url":"https:\/\/convenzioni.cralnetwork.it\/assodifesa\/wp-content\/uploads\/sites\/45\/2024\/10\/Base-logo-siti-aterlier-ottico-montecchio.jpg","contentUrl":"https:\/\/convenzioni.cralnetwork.it\/assodifesa\/wp-content\/uploads\/sites\/45\/2024\/10\/Base-logo-siti-aterlier-ottico-montecchio.jpg","width":300,"height":300},{"@type":"BreadcrumbList","@id":"https:\/\/convenzioni.cralnetwork.it\/assodifesa\/prodotto\/atelier-ottico-snc-di-ferrari-stefano-e-sara\/#breadcrumb","itemListElement":[{"@type":"ListItem","position":1,"name":"Home","item":"https:\/\/convenzioni.cralnetwork.it\/assodifesa\/"},{"@type":"ListItem","position":2,"name":"Shop","item":"https:\/\/convenzioni.cralnetwork.it\/assodifesa\/negozio\/"},{"@type":"ListItem","position":3,"name":"Atelier Ottico snc di Ferrari Stefano e Sara"}]},{"@type":"WebSite","@id":"https:\/\/convenzioni.cralnetwork.it\/assodifesa\/#website","url":"https:\/\/convenzioni.cralnetwork.it\/assodifesa\/","name":"Assodifesa","description":"Area convenzioni","potentialAction":[{"@type":"SearchAction","target":{"@type":"EntryPoint","urlTemplate":"https:\/\/convenzioni.cralnetwork.it\/assodifesa\/?s={search_term_string}"},"query-input":{"@type":"PropertyValueSpecification","valueRequired":true,"valueName":"search_term_string"}}],"inLanguage":"it-IT"}]}},"publishpress_future_workflow_manual_trigger":{"enabledWorkflows":[]},"_links":{"self":[{"href":"https:\/\/convenzioni.cralnetwork.it\/assodifesa\/wp-json\/wp\/v2\/product\/24327","targetHints":{"allow":["GET"]}}],"collection":[{"href":"https:\/\/convenzioni.cralnetwork.it\/assodifesa\/wp-json\/wp\/v2\/product"}],"about":[{"href":"https:\/\/convenzioni.cralnetwork.it\/assodifesa\/wp-json\/wp\/v2\/types\/product"}],"replies":[{"embeddable":true,"href":"https:\/\/convenzioni.cralnetwork.it\/assodifesa\/wp-json\/wp\/v2\/comments?post=24327"}],"version-history":[{"count":14,"href":"https:\/\/convenzioni.cralnetwork.it\/assodifesa\/wp-json\/wp\/v2\/product\/24327\/revisions"}],"predecessor-version":[{"id":24437,"href":"https:\/\/convenzioni.cralnetwork.it\/assodifesa\/wp-json\/wp\/v2\/product\/24327\/revisions\/24437"}],"wp:featuredmedia":[{"embeddable":true,"href":"https:\/\/convenzioni.cralnetwork.it\/assodifesa\/wp-json\/wp\/v2\/media\/24328"}],"wp:attachment":[{"href":"https:\/\/convenzioni.cralnetwork.it\/assodifesa\/wp-json\/wp\/v2\/media?parent=24327"}],"wp:term":[{"taxonomy":"product_brand","embeddable":true,"href":"https:\/\/convenzioni.cralnetwork.it\/assodifesa\/wp-json\/wp\/v2\/product_brand?post=24327"},{"taxonomy":"product_cat","embeddable":true,"href":"https:\/\/convenzioni.cralnetwork.it\/assodifesa\/wp-json\/wp\/v2\/product_cat?post=24327"},{"taxonomy":"product_tag","embeddable":true,"href":"https:\/\/convenzioni.cralnetwork.it\/assodifesa\/wp-json\/wp\/v2\/product_tag?post=24327"}],"curies":[{"name":"wp","href":"https:\/\/api.w.org\/{rel}","templated":true}]}}