{"id":22189,"date":"2024-08-30T17:08:43","date_gmt":"2024-08-30T15:08:43","guid":{"rendered":"https:\/\/convenzioni.cralnetwork.it\/assodifesa\/?post_type=product&#038;p=22189"},"modified":"2024-09-12T12:24:25","modified_gmt":"2024-09-12T10:24:25","slug":"alfapi-srl","status":"publish","type":"product","link":"https:\/\/convenzioni.cralnetwork.it\/assodifesa\/prodotto\/alfapi-srl\/","title":{"rendered":"Alfapi Srl"},"content":{"rendered":"\t\t<div data-elementor-type=\"wp-post\" data-elementor-id=\"22189\" class=\"elementor elementor-22189\">\n\t\t\t\t<div class=\"elementor-element elementor-element-472eee8 e-flex e-con-boxed wpr-particle-no wpr-jarallax-no wpr-parallax-no wpr-sticky-section-no e-con e-parent\" data-id=\"472eee8\" data-element_type=\"container\">\n\t\t\t\t\t<div class=\"e-con-inner\">\n\t\t\t\t<div class=\"elementor-element elementor-element-af57ba0 elementor-widget elementor-widget-image\" data-id=\"af57ba0\" data-element_type=\"widget\" data-widget_type=\"image.default\">\n\t\t\t\t<div class=\"elementor-widget-container\">\n\t\t\t\t\t\t\t\t\t\t\t\t\t\t\t<img fetchpriority=\"high\" fetchpriority=\"high\" decoding=\"async\" width=\"1024\" height=\"450\" src=\"https:\/\/convenzioni.cralnetwork.it\/assodifesa\/wp-content\/uploads\/sites\/45\/2024\/08\/Immagine-2023-02-23-161221-1024x450.png\" class=\"attachment-large size-large wp-image-22209\" alt=\"\" srcset=\"https:\/\/convenzioni.cralnetwork.it\/assodifesa\/wp-content\/uploads\/sites\/45\/2024\/08\/Immagine-2023-02-23-161221-980x431.png 980w, https:\/\/convenzioni.cralnetwork.it\/assodifesa\/wp-content\/uploads\/sites\/45\/2024\/08\/Immagine-2023-02-23-161221-480x211.png 480w\" sizes=\"(min-width: 0px) and (max-width: 480px) 480px, (min-width: 481px) and (max-width: 980px) 980px, (min-width: 981px) 1024px, 100vw\" \/>\t\t\t\t\t\t\t\t\t\t\t\t\t\t\t<\/div>\n\t\t\t\t<\/div>\n\t\t\t\t<div class=\"elementor-element elementor-element-db3a440 elementor-widget elementor-widget-text-editor\" data-id=\"db3a440\" data-element_type=\"widget\" data-widget_type=\"text-editor.default\">\n\t\t\t\t<div class=\"elementor-widget-container\">\n\t\t\t\t\t\t\t\t\t<p>Da oltre 16 anni siamo specializzati nell\u2019efficientamento energetico di<br \/>immobili di privati e aziende che intendono ridurre i costi in bolletta.<\/p>\t\t\t\t\t\t\t\t<\/div>\n\t\t\t\t<\/div>\n\t\t\t\t\t<\/div>\n\t\t\t\t<\/div>\n\t\t<div class=\"elementor-element elementor-element-dce35b7 e-flex e-con-boxed wpr-particle-no wpr-jarallax-no wpr-parallax-no wpr-sticky-section-no e-con e-parent\" data-id=\"dce35b7\" data-element_type=\"container\" data-settings=\"{&quot;background_background&quot;:&quot;classic&quot;}\">\n\t\t\t\t\t<div class=\"e-con-inner\">\n\t\t\t\t\t<\/div>\n\t\t\t\t<\/div>\n\t\t<div class=\"elementor-element elementor-element-e010f44 e-flex e-con-boxed wpr-particle-no wpr-jarallax-no wpr-parallax-no wpr-sticky-section-no e-con e-parent\" data-id=\"e010f44\" data-element_type=\"container\">\n\t\t\t\t\t<div class=\"e-con-inner\">\n\t\t<div class=\"elementor-element elementor-element-fabbb32 e-flex e-con-boxed wpr-particle-no wpr-jarallax-no wpr-parallax-no wpr-sticky-section-no e-con e-child\" data-id=\"fabbb32\" data-element_type=\"container\">\n\t\t\t\t\t<div class=\"e-con-inner\">\n\t\t<div class=\"elementor-element elementor-element-d405939 e-flex e-con-boxed wpr-particle-no wpr-jarallax-no wpr-parallax-no wpr-sticky-section-no e-con e-child\" data-id=\"d405939\" data-element_type=\"container\">\n\t\t\t\t\t<div class=\"e-con-inner\">\n\t\t\t\t<div class=\"elementor-element elementor-element-8d10654 elementor-widget elementor-widget-text-editor\" data-id=\"8d10654\" data-element_type=\"widget\" data-widget_type=\"text-editor.default\">\n\t\t\t\t<div class=\"elementor-widget-container\">\n\t\t\t\t\t\t\t\t\t<p>CHI SIAMO<\/p>\t\t\t\t\t\t\t\t<\/div>\n\t\t\t\t<\/div>\n\t\t\t\t<div class=\"elementor-element elementor-element-c5d5813 elementor-widget elementor-widget-text-editor\" data-id=\"c5d5813\" data-element_type=\"widget\" data-widget_type=\"text-editor.default\">\n\t\t\t\t<div class=\"elementor-widget-container\">\n\t\t\t\t\t\t\t\t\t<p><span style=\"font-weight: bold;\">Energie Rinnovabili Torino<\/span><br \/>i maestri del fotovoltaico<\/p>\t\t\t\t\t\t\t\t<\/div>\n\t\t\t\t<\/div>\n\t\t\t\t<div class=\"elementor-element elementor-element-0b00728 elementor-widget elementor-widget-text-editor\" data-id=\"0b00728\" data-element_type=\"widget\" data-widget_type=\"text-editor.default\">\n\t\t\t\t<div class=\"elementor-widget-container\">\n\t\t\t\t\t\t\t\t\t<p>Progettiamo, installiamo e assicuriamo la manutenzione a impianti fotovoltaici, sistemi di accumulo, caldaie in pompa di calore ibride e caldaie a condensazione.<br \/><br \/>Azienda torinese, fermamente radicata in Piemonte con un numero molto rilevante di impianti installati, in ogni provincia. Operiamo ora con successo anche in Lombardia.<\/p>\t\t\t\t\t\t\t\t<\/div>\n\t\t\t\t<\/div>\n\t\t\t\t\t<\/div>\n\t\t\t\t<\/div>\n\t\t<div class=\"elementor-element elementor-element-bdec06e e-flex e-con-boxed wpr-particle-no wpr-jarallax-no wpr-parallax-no wpr-sticky-section-no e-con e-child\" data-id=\"bdec06e\" data-element_type=\"container\">\n\t\t\t\t\t<div class=\"e-con-inner\">\n\t\t<div class=\"elementor-element elementor-element-1b02815 e-flex e-con-boxed wpr-particle-no wpr-jarallax-no wpr-parallax-no wpr-sticky-section-no e-con e-child\" data-id=\"1b02815\" data-element_type=\"container\" data-settings=\"{&quot;background_background&quot;:&quot;classic&quot;}\">\n\t\t\t\t\t<div class=\"e-con-inner\">\n\t\t<div class=\"elementor-element elementor-element-7c5b0bb e-flex e-con-boxed wpr-particle-no wpr-jarallax-no wpr-parallax-no wpr-sticky-section-no e-con e-child\" data-id=\"7c5b0bb\" data-element_type=\"container\" data-settings=\"{&quot;background_background&quot;:&quot;classic&quot;}\">\n\t\t\t\t\t<div class=\"e-con-inner\">\n\t\t\t\t\t<\/div>\n\t\t\t\t<\/div>\n\t\t\t\t\t<\/div>\n\t\t\t\t<\/div>\n\t\t<div class=\"elementor-element elementor-element-5033fe6 e-flex e-con-boxed wpr-particle-no wpr-jarallax-no wpr-parallax-no wpr-sticky-section-no e-con e-child\" data-id=\"5033fe6\" data-element_type=\"container\">\n\t\t\t\t\t<div class=\"e-con-inner\">\n\t\t<div class=\"elementor-element elementor-element-6a417a8 e-flex e-con-boxed wpr-particle-no wpr-jarallax-no wpr-parallax-no wpr-sticky-section-no e-con e-child\" data-id=\"6a417a8\" data-element_type=\"container\" data-settings=\"{&quot;background_background&quot;:&quot;classic&quot;}\">\n\t\t\t\t\t<div class=\"e-con-inner\">\n\t\t\t\t\t<\/div>\n\t\t\t\t<\/div>\n\t\t<div class=\"elementor-element elementor-element-7b66d88 e-flex e-con-boxed wpr-particle-no wpr-jarallax-no wpr-parallax-no wpr-sticky-section-no e-con e-child\" data-id=\"7b66d88\" data-element_type=\"container\" data-settings=\"{&quot;background_background&quot;:&quot;classic&quot;}\">\n\t\t\t\t\t<div class=\"e-con-inner\">\n\t\t\t\t\t<\/div>\n\t\t\t\t<\/div>\n\t\t\t\t\t<\/div>\n\t\t\t\t<\/div>\n\t\t\t\t\t<\/div>\n\t\t\t\t<\/div>\n\t\t\t\t\t<\/div>\n\t\t\t\t<\/div>\n\t\t<div class=\"elementor-element elementor-element-ac27097 e-flex e-con-boxed wpr-particle-no wpr-jarallax-no wpr-parallax-no wpr-sticky-section-no e-con e-child\" data-id=\"ac27097\" data-element_type=\"container\">\n\t\t\t\t\t<div class=\"e-con-inner\">\n\t\t<div class=\"elementor-element elementor-element-5bba251 e-flex e-con-boxed wpr-particle-no wpr-jarallax-no wpr-parallax-no wpr-sticky-section-no e-con e-child\" data-id=\"5bba251\" data-element_type=\"container\">\n\t\t\t\t\t<div class=\"e-con-inner\">\n\t\t\t\t<div class=\"elementor-element elementor-element-4400016 elementor-widget elementor-widget-text-editor\" data-id=\"4400016\" data-element_type=\"widget\" data-widget_type=\"text-editor.default\">\n\t\t\t\t<div class=\"elementor-widget-container\">\n\t\t\t\t\t\t\t\t\t<p>COME LAVORIAMO<\/p>\t\t\t\t\t\t\t\t<\/div>\n\t\t\t\t<\/div>\n\t\t\t\t<div class=\"elementor-element elementor-element-50ed0e9 elementor-widget elementor-widget-text-editor\" data-id=\"50ed0e9\" data-element_type=\"widget\" data-widget_type=\"text-editor.default\">\n\t\t\t\t<div class=\"elementor-widget-container\">\n\t\t\t\t\t\t\t\t\t<p>Perch\u00e9 sceglierci?<\/p>\t\t\t\t\t\t\t\t<\/div>\n\t\t\t\t<\/div>\n\t\t\t\t<div class=\"elementor-element elementor-element-ad43b17 elementor-widget elementor-widget-text-editor\" data-id=\"ad43b17\" data-element_type=\"widget\" data-widget_type=\"text-editor.default\">\n\t\t\t\t<div class=\"elementor-widget-container\">\n\t\t\t\t\t\t\t\t\t<p>I vantaggi competitivi che perseguiamo e che ci guidano permettendoci di lavorare principalmente mediante il passaparola da parte di clienti soddisfatti, sono Reattivit\u00e0 e Precisione, qualit\u00e0 maniacale delle installazioni e preventivazione sulle reali necessit\u00e0 della famiglia cliente, con accurato audit energetico.<\/p><p>Se ci sceglierai, avrai un unico referente che seguir\u00e0 il tuo impianto fotovoltaico o termico dalla progettazione all\u2019attivazione, comprese pratiche burocratiche e detrazioni e risponder\u00e0 ad ogni tua domanda con tempestivit\u00e0 e precisione.<\/p>\t\t\t\t\t\t\t\t<\/div>\n\t\t\t\t<\/div>\n\t\t\t\t\t<\/div>\n\t\t\t\t<\/div>\n\t\t<div class=\"elementor-element elementor-element-b811628 e-flex e-con-boxed wpr-particle-no wpr-jarallax-no wpr-parallax-no wpr-sticky-section-no e-con e-child\" data-id=\"b811628\" data-element_type=\"container\">\n\t\t\t\t\t<div class=\"e-con-inner\">\n\t\t<div class=\"elementor-element elementor-element-d27f7d8 e-flex e-con-boxed wpr-particle-no wpr-jarallax-no wpr-parallax-no wpr-sticky-section-no e-con e-child\" data-id=\"d27f7d8\" data-element_type=\"container\" data-settings=\"{&quot;background_background&quot;:&quot;classic&quot;}\">\n\t\t\t\t\t<div class=\"e-con-inner\">\n\t\t<div class=\"elementor-element elementor-element-d1d0437 e-flex e-con-boxed wpr-particle-no wpr-jarallax-no wpr-parallax-no wpr-sticky-section-no e-con e-child\" data-id=\"d1d0437\" data-element_type=\"container\" data-settings=\"{&quot;background_background&quot;:&quot;classic&quot;}\">\n\t\t\t\t\t<div class=\"e-con-inner\">\n\t\t\t\t\t<\/div>\n\t\t\t\t<\/div>\n\t\t\t\t\t<\/div>\n\t\t\t\t<\/div>\n\t\t<div class=\"elementor-element elementor-element-205ffc4 e-flex e-con-boxed wpr-particle-no wpr-jarallax-no wpr-parallax-no wpr-sticky-section-no e-con e-child\" data-id=\"205ffc4\" data-element_type=\"container\">\n\t\t\t\t\t<div class=\"e-con-inner\">\n\t\t<div class=\"elementor-element elementor-element-31102d8 e-flex e-con-boxed wpr-particle-no wpr-jarallax-no wpr-parallax-no wpr-sticky-section-no e-con e-child\" data-id=\"31102d8\" data-element_type=\"container\" data-settings=\"{&quot;background_background&quot;:&quot;classic&quot;}\">\n\t\t\t\t\t<div class=\"e-con-inner\">\n\t\t\t\t\t<\/div>\n\t\t\t\t<\/div>\n\t\t<div class=\"elementor-element elementor-element-a9981b6 e-flex e-con-boxed wpr-particle-no wpr-jarallax-no wpr-parallax-no wpr-sticky-section-no e-con e-child\" data-id=\"a9981b6\" data-element_type=\"container\" data-settings=\"{&quot;background_background&quot;:&quot;classic&quot;}\">\n\t\t\t\t\t<div class=\"e-con-inner\">\n\t\t\t\t\t<\/div>\n\t\t\t\t<\/div>\n\t\t\t\t\t<\/div>\n\t\t\t\t<\/div>\n\t\t\t\t\t<\/div>\n\t\t\t\t<\/div>\n\t\t\t\t\t<\/div>\n\t\t\t\t<\/div>\n\t\t\t\t\t<\/div>\n\t\t\t\t<\/div>\n\t\t<div class=\"elementor-element elementor-element-c3ee245 e-flex e-con-boxed wpr-particle-no wpr-jarallax-no wpr-parallax-no wpr-sticky-section-no e-con e-parent\" data-id=\"c3ee245\" data-element_type=\"container\" data-settings=\"{&quot;background_background&quot;:&quot;classic&quot;}\">\n\t\t\t\t\t<div class=\"e-con-inner\">\n\t\t\t\t<div class=\"elementor-element elementor-element-513f84c elementor-widget elementor-widget-text-editor\" data-id=\"513f84c\" data-element_type=\"widget\" data-widget_type=\"text-editor.default\">\n\t\t\t\t<div class=\"elementor-widget-container\">\n\t\t\t\t\t\t\t\t\t<p>Progettiamo, installiamo e assicuriamo la manutenzione a impianti fotovoltaici, sistemi di accumulo, caldaie in pompa di calore ibride e caldaie a condensazione.<\/p>\t\t\t\t\t\t\t\t<\/div>\n\t\t\t\t<\/div>\n\t\t<div class=\"elementor-element elementor-element-6d2a43f e-flex e-con-boxed wpr-particle-no wpr-jarallax-no wpr-parallax-no wpr-sticky-section-no e-con e-child\" data-id=\"6d2a43f\" data-element_type=\"container\">\n\t\t\t\t\t<div class=\"e-con-inner\">\n\t\t<div class=\"elementor-element elementor-element-2839b82 e-flex e-con-boxed wpr-particle-no wpr-jarallax-no wpr-parallax-no wpr-sticky-section-no e-con e-child\" data-id=\"2839b82\" data-element_type=\"container\">\n\t\t\t\t\t<div class=\"e-con-inner\">\n\t\t\t\t<div class=\"elementor-element elementor-element-6d6f305 elementor-position-top elementor-widget elementor-widget-image-box\" data-id=\"6d6f305\" data-element_type=\"widget\" data-widget_type=\"image-box.default\">\n\t\t\t\t<div class=\"elementor-widget-container\">\n\t\t\t\t\t<div class=\"elementor-image-box-wrapper\"><figure class=\"elementor-image-box-img\"><img decoding=\"async\" width=\"512\" height=\"512\" src=\"https:\/\/convenzioni.cralnetwork.it\/assodifesa\/wp-content\/uploads\/sites\/45\/2024\/08\/eco-light-1.png\" class=\"attachment-full size-full wp-image-22221\" alt=\"\" srcset=\"https:\/\/convenzioni.cralnetwork.it\/assodifesa\/wp-content\/uploads\/sites\/45\/2024\/08\/eco-light-1.png 512w, https:\/\/convenzioni.cralnetwork.it\/assodifesa\/wp-content\/uploads\/sites\/45\/2024\/08\/eco-light-1-480x480.png 480w\" sizes=\"(min-width: 0px) and (max-width: 480px) 480px, (min-width: 481px) 512px, 100vw\" \/><\/figure><div class=\"elementor-image-box-content\"><h3 class=\"elementor-image-box-title\">01. Sopralluogo<\/h3><p class=\"elementor-image-box-description\">Il sopralluogo ci consente di valutare in situ le caratteristiche della tua abitazione: esposizione delle falde, zone d\u2019ombra, rete elettrica, idrica e caldaia.<\/p><\/div><\/div>\t\t\t\t<\/div>\n\t\t\t\t<\/div>\n\t\t\t\t<div class=\"elementor-element elementor-element-326976e elementor-position-top elementor-widget elementor-widget-image-box\" data-id=\"326976e\" data-element_type=\"widget\" data-widget_type=\"image-box.default\">\n\t\t\t\t<div class=\"elementor-widget-container\">\n\t\t\t\t\t<div class=\"elementor-image-box-wrapper\"><figure class=\"elementor-image-box-img\"><img decoding=\"async\" width=\"512\" height=\"512\" src=\"https:\/\/convenzioni.cralnetwork.it\/assodifesa\/wp-content\/uploads\/sites\/45\/2024\/08\/eco-light-1.png\" class=\"attachment-full size-full wp-image-22221\" alt=\"\" srcset=\"https:\/\/convenzioni.cralnetwork.it\/assodifesa\/wp-content\/uploads\/sites\/45\/2024\/08\/eco-light-1.png 512w, https:\/\/convenzioni.cralnetwork.it\/assodifesa\/wp-content\/uploads\/sites\/45\/2024\/08\/eco-light-1-480x480.png 480w\" sizes=\"(min-width: 0px) and (max-width: 480px) 480px, (min-width: 481px) 512px, 100vw\" \/><\/figure><div class=\"elementor-image-box-content\"><h3 class=\"elementor-image-box-title\">02. Audit Energetico<\/h3><p class=\"elementor-image-box-description\">Analizziamo e interpretiamo i dati relativi ai consumi valutando il fabbisogno energetico della tua casa, identificando le aree di spreco e individuando soluzioni che ti consentano di ottimizzare i consumi.<\/p><\/div><\/div>\t\t\t\t<\/div>\n\t\t\t\t<\/div>\n\t\t\t\t\t<\/div>\n\t\t\t\t<\/div>\n\t\t<div class=\"elementor-element elementor-element-1d527e8 e-flex e-con-boxed wpr-particle-no wpr-jarallax-no wpr-parallax-no wpr-sticky-section-no e-con e-child\" data-id=\"1d527e8\" data-element_type=\"container\" data-settings=\"{&quot;background_background&quot;:&quot;classic&quot;}\">\n\t\t\t\t\t<div class=\"e-con-inner\">\n\t\t\t\t\t<\/div>\n\t\t\t\t<\/div>\n\t\t\t\t\t<\/div>\n\t\t\t\t<\/div>\n\t\t<div class=\"elementor-element elementor-element-f741a7b e-flex e-con-boxed wpr-particle-no wpr-jarallax-no wpr-parallax-no wpr-sticky-section-no e-con e-child\" data-id=\"f741a7b\" data-element_type=\"container\">\n\t\t\t\t\t<div class=\"e-con-inner\">\n\t\t<div class=\"elementor-element elementor-element-60eb371 e-flex e-con-boxed wpr-particle-no wpr-jarallax-no wpr-parallax-no wpr-sticky-section-no e-con e-child\" data-id=\"60eb371\" data-element_type=\"container\">\n\t\t\t\t\t<div class=\"e-con-inner\">\n\t\t\t\t<div class=\"elementor-element elementor-element-f21244c elementor-position-top elementor-widget elementor-widget-image-box\" data-id=\"f21244c\" data-element_type=\"widget\" data-widget_type=\"image-box.default\">\n\t\t\t\t<div class=\"elementor-widget-container\">\n\t\t\t\t\t<div class=\"elementor-image-box-wrapper\"><figure class=\"elementor-image-box-img\"><img decoding=\"async\" width=\"512\" height=\"512\" src=\"https:\/\/convenzioni.cralnetwork.it\/assodifesa\/wp-content\/uploads\/sites\/45\/2024\/08\/eco-light-1.png\" class=\"attachment-full size-full wp-image-22221\" alt=\"\" srcset=\"https:\/\/convenzioni.cralnetwork.it\/assodifesa\/wp-content\/uploads\/sites\/45\/2024\/08\/eco-light-1.png 512w, https:\/\/convenzioni.cralnetwork.it\/assodifesa\/wp-content\/uploads\/sites\/45\/2024\/08\/eco-light-1-480x480.png 480w\" sizes=\"(min-width: 0px) and (max-width: 480px) 480px, (min-width: 481px) 512px, 100vw\" \/><\/figure><div class=\"elementor-image-box-content\"><h3 class=\"elementor-image-box-title\">03. Progettazione<\/h3><p class=\"elementor-image-box-description\">Elaboriamo il progetto dell\u2019impianto fotovoltaico pi\u00f9 adatto a renderti energeticamente autosufficiente e ti forniamo un piano energia con stima della produzione e dei consumi.<\/p><\/div><\/div>\t\t\t\t<\/div>\n\t\t\t\t<\/div>\n\t\t\t\t<div class=\"elementor-element elementor-element-197c111 elementor-position-top elementor-widget elementor-widget-image-box\" data-id=\"197c111\" data-element_type=\"widget\" data-widget_type=\"image-box.default\">\n\t\t\t\t<div class=\"elementor-widget-container\">\n\t\t\t\t\t<div class=\"elementor-image-box-wrapper\"><figure class=\"elementor-image-box-img\"><img decoding=\"async\" width=\"512\" height=\"512\" src=\"https:\/\/convenzioni.cralnetwork.it\/assodifesa\/wp-content\/uploads\/sites\/45\/2024\/08\/eco-light-1.png\" class=\"attachment-full size-full wp-image-22221\" alt=\"\" srcset=\"https:\/\/convenzioni.cralnetwork.it\/assodifesa\/wp-content\/uploads\/sites\/45\/2024\/08\/eco-light-1.png 512w, https:\/\/convenzioni.cralnetwork.it\/assodifesa\/wp-content\/uploads\/sites\/45\/2024\/08\/eco-light-1-480x480.png 480w\" sizes=\"(min-width: 0px) and (max-width: 480px) 480px, (min-width: 481px) 512px, 100vw\" \/><\/figure><div class=\"elementor-image-box-content\"><h3 class=\"elementor-image-box-title\">04. Installazione<\/h3><p class=\"elementor-image-box-description\">Procediamo alla messa in opera dell\u2019impianto e al collegamento alla rete, permettendoti di cominciare a produrre energia fin da subito.<\/p><\/div><\/div>\t\t\t\t<\/div>\n\t\t\t\t<\/div>\n\t\t\t\t\t<\/div>\n\t\t\t\t<\/div>\n\t\t<div class=\"elementor-element elementor-element-7f570d2 e-flex e-con-boxed wpr-particle-no wpr-jarallax-no wpr-parallax-no wpr-sticky-section-no e-con e-child\" data-id=\"7f570d2\" data-element_type=\"container\" data-settings=\"{&quot;background_background&quot;:&quot;classic&quot;}\">\n\t\t\t\t\t<div class=\"e-con-inner\">\n\t\t\t\t\t<\/div>\n\t\t\t\t<\/div>\n\t\t\t\t\t<\/div>\n\t\t\t\t<\/div>\n\t\t<div class=\"elementor-element elementor-element-ef11451 e-flex e-con-boxed wpr-particle-no wpr-jarallax-no wpr-parallax-no wpr-sticky-section-no e-con e-child\" data-id=\"ef11451\" data-element_type=\"container\">\n\t\t\t\t\t<div class=\"e-con-inner\">\n\t\t<div class=\"elementor-element elementor-element-395da75 e-flex e-con-boxed wpr-particle-no wpr-jarallax-no wpr-parallax-no wpr-sticky-section-no e-con e-child\" data-id=\"395da75\" data-element_type=\"container\">\n\t\t\t\t\t<div class=\"e-con-inner\">\n\t\t\t\t<div class=\"elementor-element elementor-element-b692aac elementor-position-top elementor-widget elementor-widget-image-box\" data-id=\"b692aac\" data-element_type=\"widget\" data-widget_type=\"image-box.default\">\n\t\t\t\t<div class=\"elementor-widget-container\">\n\t\t\t\t\t<div class=\"elementor-image-box-wrapper\"><figure class=\"elementor-image-box-img\"><img decoding=\"async\" width=\"512\" height=\"512\" src=\"https:\/\/convenzioni.cralnetwork.it\/assodifesa\/wp-content\/uploads\/sites\/45\/2024\/08\/eco-light-1.png\" class=\"attachment-full size-full wp-image-22221\" alt=\"\" srcset=\"https:\/\/convenzioni.cralnetwork.it\/assodifesa\/wp-content\/uploads\/sites\/45\/2024\/08\/eco-light-1.png 512w, https:\/\/convenzioni.cralnetwork.it\/assodifesa\/wp-content\/uploads\/sites\/45\/2024\/08\/eco-light-1-480x480.png 480w\" sizes=\"(min-width: 0px) and (max-width: 480px) 480px, (min-width: 481px) 512px, 100vw\" \/><\/figure><div class=\"elementor-image-box-content\"><h3 class=\"elementor-image-box-title\">05. Pratiche burocratiche<\/h3><p class=\"elementor-image-box-description\">Rilasciamo la documentazione per l\u2019ottenimento dell\u2019ECO-BONUS e la ricevuta della pratica ENEA. Seguiamo in prima persona le pratiche GSE, Terna-Gaud\u00ec ai fini dell\u2019allaccio dell\u2019impianto fotovoltaico alla rete nazionale.<\/p><\/div><\/div>\t\t\t\t<\/div>\n\t\t\t\t<\/div>\n\t\t\t\t<div class=\"elementor-element elementor-element-52cccdb elementor-position-top elementor-widget elementor-widget-image-box\" data-id=\"52cccdb\" data-element_type=\"widget\" data-widget_type=\"image-box.default\">\n\t\t\t\t<div class=\"elementor-widget-container\">\n\t\t\t\t\t<div class=\"elementor-image-box-wrapper\"><figure class=\"elementor-image-box-img\"><img decoding=\"async\" width=\"512\" height=\"512\" src=\"https:\/\/convenzioni.cralnetwork.it\/assodifesa\/wp-content\/uploads\/sites\/45\/2024\/08\/eco-light-1.png\" class=\"attachment-full size-full wp-image-22221\" alt=\"\" srcset=\"https:\/\/convenzioni.cralnetwork.it\/assodifesa\/wp-content\/uploads\/sites\/45\/2024\/08\/eco-light-1.png 512w, https:\/\/convenzioni.cralnetwork.it\/assodifesa\/wp-content\/uploads\/sites\/45\/2024\/08\/eco-light-1-480x480.png 480w\" sizes=\"(min-width: 0px) and (max-width: 480px) 480px, (min-width: 481px) 512px, 100vw\" \/><\/figure><div class=\"elementor-image-box-content\"><h3 class=\"elementor-image-box-title\">06. Assistenza<\/h3><p class=\"elementor-image-box-description\">Monitoriamo l\u2019impianto in remoto. Attraverso l\u2019analisi della produzione siamo in grado di capire quando \u00e8 necessario intervenire per pulizia e manutenzione.<\/p><\/div><\/div>\t\t\t\t<\/div>\n\t\t\t\t<\/div>\n\t\t\t\t\t<\/div>\n\t\t\t\t<\/div>\n\t\t<div class=\"elementor-element elementor-element-ba94b8b e-flex e-con-boxed wpr-particle-no wpr-jarallax-no wpr-parallax-no wpr-sticky-section-no e-con e-child\" data-id=\"ba94b8b\" data-element_type=\"container\" data-settings=\"{&quot;background_background&quot;:&quot;classic&quot;}\">\n\t\t\t\t\t<div class=\"e-con-inner\">\n\t\t\t\t\t<\/div>\n\t\t\t\t<\/div>\n\t\t\t\t\t<\/div>\n\t\t\t\t<\/div>\n\t\t\t\t\t<\/div>\n\t\t\t\t<\/div>\n\t\t<div class=\"elementor-element elementor-element-a799649 e-con-full elementor-hidden-desktop elementor-hidden-tablet elementor-hidden-mobile e-flex wpr-particle-no wpr-jarallax-no wpr-parallax-no wpr-sticky-section-no e-con e-parent\" data-id=\"a799649\" data-element_type=\"container\">\n\t\t<div class=\"elementor-element elementor-element-63ba55e e-con-full e-flex wpr-particle-no wpr-jarallax-no wpr-parallax-no wpr-sticky-section-no e-con e-child\" data-id=\"63ba55e\" data-element_type=\"container\">\n\t\t\t\t<div class=\"elementor-element elementor-element-96841b3 elementor-widget elementor-widget-image\" data-id=\"96841b3\" data-element_type=\"widget\" data-widget_type=\"image.default\">\n\t\t\t\t<div class=\"elementor-widget-container\">\n\t\t\t\t\t\t\t\t\t\t\t\t\t\t\t<img fetchpriority=\"high\" fetchpriority=\"high\" decoding=\"async\" width=\"1024\" height=\"450\" src=\"https:\/\/convenzioni.cralnetwork.it\/assodifesa\/wp-content\/uploads\/sites\/45\/2024\/08\/Immagine-2023-02-23-161221-1024x450.png\" class=\"attachment-large size-large wp-image-22209\" alt=\"\" srcset=\"https:\/\/convenzioni.cralnetwork.it\/assodifesa\/wp-content\/uploads\/sites\/45\/2024\/08\/Immagine-2023-02-23-161221-980x431.png 980w, https:\/\/convenzioni.cralnetwork.it\/assodifesa\/wp-content\/uploads\/sites\/45\/2024\/08\/Immagine-2023-02-23-161221-480x211.png 480w\" sizes=\"(min-width: 0px) and (max-width: 480px) 480px, (min-width: 481px) and (max-width: 980px) 980px, (min-width: 981px) 1024px, 100vw\" \/>\t\t\t\t\t\t\t\t\t\t\t\t\t\t\t<\/div>\n\t\t\t\t<\/div>\n\t\t\t\t<div class=\"elementor-element elementor-element-19bc19b elementor-widget elementor-widget-text-editor\" data-id=\"19bc19b\" data-element_type=\"widget\" data-widget_type=\"text-editor.default\">\n\t\t\t\t<div class=\"elementor-widget-container\">\n\t\t\t\t\t\t\t\t\t<p>Da oltre 16 anni siamo specializzati nell\u2019efficientamento energetico di immobili di privati e aziende che intendono ridurre i costi in bolletta.<\/p>\t\t\t\t\t\t\t\t<\/div>\n\t\t\t\t<\/div>\n\t\t\t\t<\/div>\n\t\t<div class=\"elementor-element elementor-element-8e7a029 e-con-full e-flex wpr-particle-no wpr-jarallax-no wpr-parallax-no wpr-sticky-section-no e-con e-child\" data-id=\"8e7a029\" data-element_type=\"container\" data-settings=\"{&quot;background_background&quot;:&quot;classic&quot;}\">\n\t\t\t\t<\/div>\n\t\t\t\t<\/div>\n\t\t<div class=\"elementor-element elementor-element-f7d8cc2 elementor-hidden-desktop elementor-hidden-tablet elementor-hidden-mobile e-flex e-con-boxed wpr-particle-no wpr-jarallax-no wpr-parallax-no wpr-sticky-section-no e-con e-parent\" data-id=\"f7d8cc2\" data-element_type=\"container\">\n\t\t\t\t\t<div class=\"e-con-inner\">\n\t\t<div class=\"elementor-element elementor-element-d96ea7c e-con-full e-flex wpr-particle-no wpr-jarallax-no wpr-parallax-no wpr-sticky-section-no e-con e-child\" data-id=\"d96ea7c\" data-element_type=\"container\">\n\t\t\t\t<div class=\"elementor-element elementor-element-85f54cb elementor-widget elementor-widget-text-editor\" data-id=\"85f54cb\" data-element_type=\"widget\" data-widget_type=\"text-editor.default\">\n\t\t\t\t<div class=\"elementor-widget-container\">\n\t\t\t\t\t\t\t\t\t<p><span style=\"font-weight: bold;\">Energie Rinnovabili Torino<\/span><br \/>i maestri del fotovoltaico<\/p>\t\t\t\t\t\t\t\t<\/div>\n\t\t\t\t<\/div>\n\t\t<div class=\"elementor-element elementor-element-af9d750 e-flex e-con-boxed wpr-particle-no wpr-jarallax-no wpr-parallax-no wpr-sticky-section-no e-con e-child\" data-id=\"af9d750\" data-element_type=\"container\">\n\t\t\t\t\t<div class=\"e-con-inner\">\n\t\t<div class=\"elementor-element elementor-element-30f4ff3 e-flex e-con-boxed wpr-particle-no wpr-jarallax-no wpr-parallax-no wpr-sticky-section-no e-con e-child\" data-id=\"30f4ff3\" data-element_type=\"container\" data-settings=\"{&quot;background_background&quot;:&quot;classic&quot;}\">\n\t\t\t\t\t<div class=\"e-con-inner\">\n\t\t<div class=\"elementor-element elementor-element-a3ffbad e-flex e-con-boxed wpr-particle-no wpr-jarallax-no wpr-parallax-no wpr-sticky-section-no e-con e-child\" data-id=\"a3ffbad\" data-element_type=\"container\" data-settings=\"{&quot;background_background&quot;:&quot;classic&quot;}\">\n\t\t\t\t\t<div class=\"e-con-inner\">\n\t\t\t\t\t<\/div>\n\t\t\t\t<\/div>\n\t\t\t\t\t<\/div>\n\t\t\t\t<\/div>\n\t\t<div class=\"elementor-element elementor-element-ca28788 e-flex e-con-boxed wpr-particle-no wpr-jarallax-no wpr-parallax-no wpr-sticky-section-no e-con e-child\" data-id=\"ca28788\" data-element_type=\"container\">\n\t\t\t\t\t<div class=\"e-con-inner\">\n\t\t<div class=\"elementor-element elementor-element-858375f e-flex e-con-boxed wpr-particle-no wpr-jarallax-no wpr-parallax-no wpr-sticky-section-no e-con e-child\" data-id=\"858375f\" data-element_type=\"container\" data-settings=\"{&quot;background_background&quot;:&quot;classic&quot;}\">\n\t\t\t\t\t<div class=\"e-con-inner\">\n\t\t\t\t\t<\/div>\n\t\t\t\t<\/div>\n\t\t<div class=\"elementor-element elementor-element-1f94d19 e-flex e-con-boxed wpr-particle-no wpr-jarallax-no wpr-parallax-no wpr-sticky-section-no e-con e-child\" data-id=\"1f94d19\" data-element_type=\"container\" data-settings=\"{&quot;background_background&quot;:&quot;classic&quot;}\">\n\t\t\t\t\t<div class=\"e-con-inner\">\n\t\t\t\t\t<\/div>\n\t\t\t\t<\/div>\n\t\t\t\t\t<\/div>\n\t\t\t\t<\/div>\n\t\t\t\t\t<\/div>\n\t\t\t\t<\/div>\n\t\t\t\t<\/div>\n\t\t<div class=\"elementor-element elementor-element-10d0b33 e-con-full e-flex wpr-particle-no wpr-jarallax-no wpr-parallax-no wpr-sticky-section-no e-con e-child\" data-id=\"10d0b33\" data-element_type=\"container\">\n\t\t\t\t<div class=\"elementor-element elementor-element-c84835c elementor-widget elementor-widget-text-editor\" data-id=\"c84835c\" data-element_type=\"widget\" data-widget_type=\"text-editor.default\">\n\t\t\t\t<div class=\"elementor-widget-container\">\n\t\t\t\t\t\t\t\t\t<p>CHI SIAMO<\/p>\t\t\t\t\t\t\t\t<\/div>\n\t\t\t\t<\/div>\n\t\t\t\t<div class=\"elementor-element elementor-element-3e04731 elementor-widget elementor-widget-text-editor\" data-id=\"3e04731\" data-element_type=\"widget\" data-widget_type=\"text-editor.default\">\n\t\t\t\t<div class=\"elementor-widget-container\">\n\t\t\t\t\t\t\t\t\t<p>Progettiamo, installiamo e assicuriamo la manutenzione a impianti fotovoltaici, sistemi di accumulo, caldaie in pompa di calore ibride e caldaie a condensazione.<br \/><br \/>Azienda torinese, fermamente radicata in Piemonte con un numero molto rilevante di impianti installati, in ogni provincia. Operiamo ora con successo anche in Lombardia.<\/p>\t\t\t\t\t\t\t\t<\/div>\n\t\t\t\t<\/div>\n\t\t\t\t<div class=\"elementor-element elementor-element-3bbfde9 elementor-widget elementor-widget-text-editor\" data-id=\"3bbfde9\" data-element_type=\"widget\" data-widget_type=\"text-editor.default\">\n\t\t\t\t<div class=\"elementor-widget-container\">\n\t\t\t\t\t\t\t\t\t<p>Perch\u00e9 sceglierci?<\/p>\t\t\t\t\t\t\t\t<\/div>\n\t\t\t\t<\/div>\n\t\t\t\t<div class=\"elementor-element elementor-element-6dfdae6 elementor-widget elementor-widget-text-editor\" data-id=\"6dfdae6\" data-element_type=\"widget\" data-widget_type=\"text-editor.default\">\n\t\t\t\t<div class=\"elementor-widget-container\">\n\t\t\t\t\t\t\t\t\t<p>I vantaggi competitivi che perseguiamo e che ci guidano permettendoci di lavorare principalmente mediante il passaparola da parte di clienti soddisfatti, sono Reattivit\u00e0 e Precisione, qualit\u00e0 maniacale delle installazioni e preventivazione sulle reali necessit\u00e0 della famiglia cliente, con accurato audit energetico.<\/p><p>Se ci sceglierai, avrai un unico referente che seguir\u00e0 il tuo impianto fotovoltaico o termico dalla progettazione all\u2019attivazione, comprese pratiche burocratiche e detrazioni e risponder\u00e0 ad ogni tua domanda con tempestivit\u00e0 e precisione.<\/p>\t\t\t\t\t\t\t\t<\/div>\n\t\t\t\t<\/div>\n\t\t\t\t<div class=\"elementor-element elementor-element-0e58298 elementor-widget elementor-widget-button\" data-id=\"0e58298\" data-element_type=\"widget\" data-widget_type=\"button.default\">\n\t\t\t\t<div class=\"elementor-widget-container\">\n\t\t\t\t\t\t\t\t\t<div class=\"elementor-button-wrapper\">\n\t\t\t\t\t<a class=\"elementor-button elementor-button-link elementor-size-sm elementor-animation-shrink\" href=\"#\">\n\t\t\t\t\t\t<span class=\"elementor-button-content-wrapper\">\n\t\t\t\t\t\t\t\t\t<span class=\"elementor-button-text\">VISITA IL SITO<\/span>\n\t\t\t\t\t<\/span>\n\t\t\t\t\t<\/a>\n\t\t\t\t<\/div>\n\t\t\t\t\t\t\t\t<\/div>\n\t\t\t\t<\/div>\n\t\t\t\t<\/div>\n\t\t\t\t\t<\/div>\n\t\t\t\t<\/div>\n\t\t<div class=\"elementor-element elementor-element-80e5c11 elementor-hidden-desktop elementor-hidden-tablet elementor-hidden-mobile e-flex e-con-boxed wpr-particle-no wpr-jarallax-no wpr-parallax-no wpr-sticky-section-no e-con e-parent\" data-id=\"80e5c11\" data-element_type=\"container\" data-settings=\"{&quot;background_background&quot;:&quot;classic&quot;}\">\n\t\t\t\t\t<div class=\"e-con-inner\">\n\t\t<div class=\"elementor-element elementor-element-3c20ffe e-flex e-con-boxed wpr-particle-no wpr-jarallax-no wpr-parallax-no wpr-sticky-section-no e-con e-child\" data-id=\"3c20ffe\" data-element_type=\"container\">\n\t\t\t\t\t<div class=\"e-con-inner\">\n\t\t<div class=\"elementor-element elementor-element-c4cab50 e-flex e-con-boxed wpr-particle-no wpr-jarallax-no wpr-parallax-no wpr-sticky-section-no e-con e-child\" data-id=\"c4cab50\" data-element_type=\"container\">\n\t\t\t\t\t<div class=\"e-con-inner\">\n\t\t\t\t<div class=\"elementor-element elementor-element-85e3b0a elementor-widget elementor-widget-text-editor\" data-id=\"85e3b0a\" data-element_type=\"widget\" data-widget_type=\"text-editor.default\">\n\t\t\t\t<div class=\"elementor-widget-container\">\n\t\t\t\t\t\t\t\t\t<p><strong>Progettiamo<\/strong>, <strong>installiamo<\/strong> e <strong>assicuriamo<\/strong> la manutenzione a impianti fotovoltaici, sistemi di accumulo, caldaie in pompa di calore ibride e caldaie a condensazione.<\/p>\t\t\t\t\t\t\t\t<\/div>\n\t\t\t\t<\/div>\n\t\t\t\t<div class=\"elementor-element elementor-element-40258b8 elementor-position-top elementor-widget elementor-widget-image-box\" data-id=\"40258b8\" data-element_type=\"widget\" data-widget_type=\"image-box.default\">\n\t\t\t\t<div class=\"elementor-widget-container\">\n\t\t\t\t\t<div class=\"elementor-image-box-wrapper\"><figure class=\"elementor-image-box-img\"><img decoding=\"async\" width=\"512\" height=\"512\" src=\"https:\/\/convenzioni.cralnetwork.it\/assodifesa\/wp-content\/uploads\/sites\/45\/2024\/08\/eco-light-1.png\" class=\"attachment-full size-full wp-image-22221\" alt=\"\" srcset=\"https:\/\/convenzioni.cralnetwork.it\/assodifesa\/wp-content\/uploads\/sites\/45\/2024\/08\/eco-light-1.png 512w, https:\/\/convenzioni.cralnetwork.it\/assodifesa\/wp-content\/uploads\/sites\/45\/2024\/08\/eco-light-1-480x480.png 480w\" sizes=\"(min-width: 0px) and (max-width: 480px) 480px, (min-width: 481px) 512px, 100vw\" \/><\/figure><div class=\"elementor-image-box-content\"><h3 class=\"elementor-image-box-title\">01. Sopralluogo<\/h3><p class=\"elementor-image-box-description\">Il sopralluogo ci consente di valutare in situ le caratteristiche della tua abitazione: esposizione delle falde, zone d\u2019ombra, rete elettrica, idrica e caldaia.<\/p><\/div><\/div>\t\t\t\t<\/div>\n\t\t\t\t<\/div>\n\t\t\t\t<div class=\"elementor-element elementor-element-bb66851 elementor-position-top elementor-widget elementor-widget-image-box\" data-id=\"bb66851\" data-element_type=\"widget\" data-widget_type=\"image-box.default\">\n\t\t\t\t<div class=\"elementor-widget-container\">\n\t\t\t\t\t<div class=\"elementor-image-box-wrapper\"><figure class=\"elementor-image-box-img\"><img decoding=\"async\" width=\"512\" height=\"512\" src=\"https:\/\/convenzioni.cralnetwork.it\/assodifesa\/wp-content\/uploads\/sites\/45\/2024\/08\/eco-light-1.png\" class=\"attachment-full size-full wp-image-22221\" alt=\"\" srcset=\"https:\/\/convenzioni.cralnetwork.it\/assodifesa\/wp-content\/uploads\/sites\/45\/2024\/08\/eco-light-1.png 512w, https:\/\/convenzioni.cralnetwork.it\/assodifesa\/wp-content\/uploads\/sites\/45\/2024\/08\/eco-light-1-480x480.png 480w\" sizes=\"(min-width: 0px) and (max-width: 480px) 480px, (min-width: 481px) 512px, 100vw\" \/><\/figure><div class=\"elementor-image-box-content\"><h3 class=\"elementor-image-box-title\">02. Audit Energetico<\/h3><p class=\"elementor-image-box-description\">Analizziamo e interpretiamo i dati relativi ai consumi valutando il fabbisogno energetico della tua casa, identificando le aree di spreco e individuando soluzioni che ti consentano di ottimizzare i consumi.<\/p><\/div><\/div>\t\t\t\t<\/div>\n\t\t\t\t<\/div>\n\t\t\t\t\t<\/div>\n\t\t\t\t<\/div>\n\t\t<div class=\"elementor-element elementor-element-4f7464e e-flex e-con-boxed wpr-particle-no wpr-jarallax-no wpr-parallax-no wpr-sticky-section-no e-con e-child\" data-id=\"4f7464e\" data-element_type=\"container\" data-settings=\"{&quot;background_background&quot;:&quot;classic&quot;}\">\n\t\t\t\t\t<div class=\"e-con-inner\">\n\t\t\t\t\t<\/div>\n\t\t\t\t<\/div>\n\t\t\t\t\t<\/div>\n\t\t\t\t<\/div>\n\t\t<div class=\"elementor-element elementor-element-7eaabc1 e-flex e-con-boxed wpr-particle-no wpr-jarallax-no wpr-parallax-no wpr-sticky-section-no e-con e-child\" data-id=\"7eaabc1\" data-element_type=\"container\">\n\t\t\t\t\t<div class=\"e-con-inner\">\n\t\t<div class=\"elementor-element elementor-element-1f73561 e-flex e-con-boxed wpr-particle-no wpr-jarallax-no wpr-parallax-no wpr-sticky-section-no e-con e-child\" data-id=\"1f73561\" data-element_type=\"container\">\n\t\t\t\t\t<div class=\"e-con-inner\">\n\t\t\t\t<div class=\"elementor-element elementor-element-e61ea3e elementor-position-top elementor-widget elementor-widget-image-box\" data-id=\"e61ea3e\" data-element_type=\"widget\" data-widget_type=\"image-box.default\">\n\t\t\t\t<div class=\"elementor-widget-container\">\n\t\t\t\t\t<div class=\"elementor-image-box-wrapper\"><figure class=\"elementor-image-box-img\"><img decoding=\"async\" width=\"512\" height=\"512\" src=\"https:\/\/convenzioni.cralnetwork.it\/assodifesa\/wp-content\/uploads\/sites\/45\/2024\/08\/eco-light-1.png\" class=\"attachment-full size-full wp-image-22221\" alt=\"\" srcset=\"https:\/\/convenzioni.cralnetwork.it\/assodifesa\/wp-content\/uploads\/sites\/45\/2024\/08\/eco-light-1.png 512w, https:\/\/convenzioni.cralnetwork.it\/assodifesa\/wp-content\/uploads\/sites\/45\/2024\/08\/eco-light-1-480x480.png 480w\" sizes=\"(min-width: 0px) and (max-width: 480px) 480px, (min-width: 481px) 512px, 100vw\" \/><\/figure><div class=\"elementor-image-box-content\"><h3 class=\"elementor-image-box-title\">03. Progettazione<\/h3><p class=\"elementor-image-box-description\">Elaboriamo il progetto dell\u2019impianto fotovoltaico pi\u00f9 adatto a renderti energeticamente autosufficiente e ti forniamo un piano energia con stima della produzione e dei consumi.<\/p><\/div><\/div>\t\t\t\t<\/div>\n\t\t\t\t<\/div>\n\t\t\t\t<div class=\"elementor-element elementor-element-bdb3807 elementor-position-top elementor-widget elementor-widget-image-box\" data-id=\"bdb3807\" data-element_type=\"widget\" data-widget_type=\"image-box.default\">\n\t\t\t\t<div class=\"elementor-widget-container\">\n\t\t\t\t\t<div class=\"elementor-image-box-wrapper\"><figure class=\"elementor-image-box-img\"><img decoding=\"async\" width=\"512\" height=\"512\" src=\"https:\/\/convenzioni.cralnetwork.it\/assodifesa\/wp-content\/uploads\/sites\/45\/2024\/08\/eco-light-1.png\" class=\"attachment-full size-full wp-image-22221\" alt=\"\" srcset=\"https:\/\/convenzioni.cralnetwork.it\/assodifesa\/wp-content\/uploads\/sites\/45\/2024\/08\/eco-light-1.png 512w, https:\/\/convenzioni.cralnetwork.it\/assodifesa\/wp-content\/uploads\/sites\/45\/2024\/08\/eco-light-1-480x480.png 480w\" sizes=\"(min-width: 0px) and (max-width: 480px) 480px, (min-width: 481px) 512px, 100vw\" \/><\/figure><div class=\"elementor-image-box-content\"><h3 class=\"elementor-image-box-title\">04. Installazione<\/h3><p class=\"elementor-image-box-description\">Procediamo alla messa in opera dell\u2019impianto e al collegamento alla rete, permettendoti di cominciare a produrre energia fin da subito.<\/p><\/div><\/div>\t\t\t\t<\/div>\n\t\t\t\t<\/div>\n\t\t\t\t\t<\/div>\n\t\t\t\t<\/div>\n\t\t<div class=\"elementor-element elementor-element-b72c2ed e-flex e-con-boxed wpr-particle-no wpr-jarallax-no wpr-parallax-no wpr-sticky-section-no e-con e-child\" data-id=\"b72c2ed\" data-element_type=\"container\" data-settings=\"{&quot;background_background&quot;:&quot;classic&quot;}\">\n\t\t\t\t\t<div class=\"e-con-inner\">\n\t\t\t\t\t<\/div>\n\t\t\t\t<\/div>\n\t\t\t\t\t<\/div>\n\t\t\t\t<\/div>\n\t\t<div class=\"elementor-element elementor-element-2def7d6 e-flex e-con-boxed wpr-particle-no wpr-jarallax-no wpr-parallax-no wpr-sticky-section-no e-con e-child\" data-id=\"2def7d6\" data-element_type=\"container\">\n\t\t\t\t\t<div class=\"e-con-inner\">\n\t\t<div class=\"elementor-element elementor-element-bf1c9e0 e-flex e-con-boxed wpr-particle-no wpr-jarallax-no wpr-parallax-no wpr-sticky-section-no e-con e-child\" data-id=\"bf1c9e0\" data-element_type=\"container\">\n\t\t\t\t\t<div class=\"e-con-inner\">\n\t\t\t\t<div class=\"elementor-element elementor-element-9180914 elementor-position-top elementor-widget elementor-widget-image-box\" data-id=\"9180914\" data-element_type=\"widget\" data-widget_type=\"image-box.default\">\n\t\t\t\t<div class=\"elementor-widget-container\">\n\t\t\t\t\t<div class=\"elementor-image-box-wrapper\"><figure class=\"elementor-image-box-img\"><img decoding=\"async\" width=\"512\" height=\"512\" src=\"https:\/\/convenzioni.cralnetwork.it\/assodifesa\/wp-content\/uploads\/sites\/45\/2024\/08\/eco-light-1.png\" class=\"attachment-full size-full wp-image-22221\" alt=\"\" srcset=\"https:\/\/convenzioni.cralnetwork.it\/assodifesa\/wp-content\/uploads\/sites\/45\/2024\/08\/eco-light-1.png 512w, https:\/\/convenzioni.cralnetwork.it\/assodifesa\/wp-content\/uploads\/sites\/45\/2024\/08\/eco-light-1-480x480.png 480w\" sizes=\"(min-width: 0px) and (max-width: 480px) 480px, (min-width: 481px) 512px, 100vw\" \/><\/figure><div class=\"elementor-image-box-content\"><h3 class=\"elementor-image-box-title\">05. Pratiche burocratiche<\/h3><p class=\"elementor-image-box-description\">Rilasciamo la documentazione per l\u2019ottenimento dell\u2019ECO-BONUS e la ricevuta della pratica ENEA. Seguiamo in prima persona le pratiche GSE, Terna-Gaud\u00ec ai fini dell\u2019allaccio dell\u2019impianto fotovoltaico alla rete nazionale.<\/p><\/div><\/div>\t\t\t\t<\/div>\n\t\t\t\t<\/div>\n\t\t\t\t<div class=\"elementor-element elementor-element-e3ec64f elementor-position-top elementor-widget elementor-widget-image-box\" data-id=\"e3ec64f\" data-element_type=\"widget\" data-widget_type=\"image-box.default\">\n\t\t\t\t<div class=\"elementor-widget-container\">\n\t\t\t\t\t<div class=\"elementor-image-box-wrapper\"><figure class=\"elementor-image-box-img\"><img decoding=\"async\" width=\"512\" height=\"512\" src=\"https:\/\/convenzioni.cralnetwork.it\/assodifesa\/wp-content\/uploads\/sites\/45\/2024\/08\/eco-light-1.png\" class=\"attachment-full size-full wp-image-22221\" alt=\"\" srcset=\"https:\/\/convenzioni.cralnetwork.it\/assodifesa\/wp-content\/uploads\/sites\/45\/2024\/08\/eco-light-1.png 512w, https:\/\/convenzioni.cralnetwork.it\/assodifesa\/wp-content\/uploads\/sites\/45\/2024\/08\/eco-light-1-480x480.png 480w\" sizes=\"(min-width: 0px) and (max-width: 480px) 480px, (min-width: 481px) 512px, 100vw\" \/><\/figure><div class=\"elementor-image-box-content\"><h3 class=\"elementor-image-box-title\">06. Assistenza<\/h3><p class=\"elementor-image-box-description\">Monitoriamo l\u2019impianto in remoto. Attraverso l\u2019analisi della produzione siamo in grado di capire quando \u00e8 necessario intervenire per pulizia e manutenzione.<\/p><\/div><\/div>\t\t\t\t<\/div>\n\t\t\t\t<\/div>\n\t\t\t\t\t<\/div>\n\t\t\t\t<\/div>\n\t\t<div class=\"elementor-element elementor-element-874e661 e-flex e-con-boxed wpr-particle-no wpr-jarallax-no wpr-parallax-no wpr-sticky-section-no e-con e-child\" data-id=\"874e661\" data-element_type=\"container\" data-settings=\"{&quot;background_background&quot;:&quot;classic&quot;}\">\n\t\t\t\t\t<div class=\"e-con-inner\">\n\t\t\t\t\t<\/div>\n\t\t\t\t<\/div>\n\t\t\t\t\t<\/div>\n\t\t\t\t<\/div>\n\t\t\t\t\t<\/div>\n\t\t\t\t<\/div>\n\t\t\t\t<section class=\"elementor-section elementor-top-section elementor-element elementor-element-78e70cee elementor-section-boxed elementor-section-height-default elementor-section-height-default wpr-particle-no wpr-jarallax-no wpr-parallax-no wpr-sticky-section-no\" data-id=\"78e70cee\" data-element_type=\"section\" data-settings=\"{&quot;background_background&quot;:&quot;classic&quot;}\">\n\t\t\t\t\t\t<div class=\"elementor-container elementor-column-gap-default\">\n\t\t\t\t\t<div class=\"elementor-column elementor-col-100 elementor-top-column elementor-element elementor-element-566cd87f\" data-id=\"566cd87f\" data-element_type=\"column\">\n\t\t\t<div class=\"elementor-widget-wrap elementor-element-populated\">\n\t\t\t\t\t\t<div class=\"elementor-element elementor-element-359916b7 elementor-widget elementor-widget-text-editor\" data-id=\"359916b7\" data-element_type=\"widget\" data-widget_type=\"text-editor.default\">\n\t\t\t\t<div class=\"elementor-widget-container\">\n\t\t\t\t\t\t\t\t\t<p>Agevolazioni riservate agli associati<\/p>\t\t\t\t\t\t\t\t<\/div>\n\t\t\t\t<\/div>\n\t\t\t\t\t<\/div>\n\t\t<\/div>\n\t\t\t\t\t<\/div>\n\t\t<\/section>\n\t\t<div class=\"elementor-element elementor-element-080227e e-flex e-con-boxed wpr-particle-no wpr-jarallax-no wpr-parallax-no wpr-sticky-section-no e-con e-parent\" data-id=\"080227e\" data-element_type=\"container\">\n\t\t\t\t\t<div class=\"e-con-inner\">\n\t\t<div class=\"elementor-element elementor-element-e42d80e e-con-full e-flex wpr-particle-no wpr-jarallax-no wpr-parallax-no wpr-sticky-section-no e-con e-child\" data-id=\"e42d80e\" data-element_type=\"container\">\n\t\t\t\t<div class=\"elementor-element elementor-element-5c0b451 elementor-widget elementor-widget-text-editor\" data-id=\"5c0b451\" data-element_type=\"widget\" data-widget_type=\"text-editor.default\">\n\t\t\t\t<div class=\"elementor-widget-container\">\n\t\t\t\t\t\t\t\t\t<p>TI ASPETTIAMO<\/p>\t\t\t\t\t\t\t\t<\/div>\n\t\t\t\t<\/div>\n\t\t\t\t<div class=\"elementor-element elementor-element-72de080 elementor-widget elementor-widget-text-editor\" data-id=\"72de080\" data-element_type=\"widget\" data-widget_type=\"text-editor.default\">\n\t\t\t\t<div class=\"elementor-widget-container\">\n\t\t\t\t\t\t\t\t\t<p>Contatti<\/p>\t\t\t\t\t\t\t\t<\/div>\n\t\t\t\t<\/div>\n\t\t\t\t<div class=\"elementor-element elementor-element-814601f elementor-widget elementor-widget-text-editor\" data-id=\"814601f\" data-element_type=\"widget\" data-widget_type=\"text-editor.default\">\n\t\t\t\t<div class=\"elementor-widget-container\">\n\t\t\t\t\t\t\t\t\t<p>Corso Unione Sovietica, 612\/21 &#8211; 10135 Torino<br \/><strong>Telefono:<\/strong> +39 011 198 38 057<br \/><strong>Mail:<\/strong> <span style=\"color: #a6c824;\"><a style=\"color: #a6c824;\" href=\"mailto:info@alfapisrl.net\">info@alfapisrl.net<\/a><\/span><br \/><strong>Sito:<\/strong> <span style=\"color: #a6c824;\"><a style=\"color: #a6c824;\" href=\"https:\/\/www.alfapisrl.net\/\">www.alfapisrl.net<\/a><\/span><\/p>\t\t\t\t\t\t\t\t<\/div>\n\t\t\t\t<\/div>\n\t\t\t\t<\/div>\n\t\t<div class=\"elementor-element elementor-element-dff991a e-con-full e-flex wpr-particle-no wpr-jarallax-no wpr-parallax-no wpr-sticky-section-no e-con e-child\" data-id=\"dff991a\" data-element_type=\"container\">\n\t\t\t\t<div class=\"elementor-element elementor-element-84b6216 elementor-widget elementor-widget-text-editor\" data-id=\"84b6216\" data-element_type=\"widget\" data-widget_type=\"text-editor.default\">\n\t\t\t\t<div class=\"elementor-widget-container\">\n\t\t\t\t\t\t\t\t\t<p><div id=\"gmw-single-location-wrapper-158\" class=\"gmw-element-wrapper gmw-single-location-wrapper gmw-sl-wrapper gmw-sl-single-post-wrapper post \" object_type=\"post\" object_id=\"22189\"  style=\"width:100%\"><div class=\"gmw-sl-map-wrapper gmw-sl-element\"><div id=\"gmw-map-wrapper-158\" class=\"gmw-map-wrapper  sl single_location \" style=\"width:100%;height:300px;\"> <span id=\"gmw-resize-map-toggle-158\" class=\"gmw-resize-map-toggle gmw-icon-resize-full\" style=\"display:none;\" title=\"Resize map\"><\/span> <div id=\"gmw-map-loader-158\" class=\"gmw-map-loader\"><\/div> <div id=\"gmw-map-158\" class=\"gmw-map sl single_location\" style=\"width:100%; height:100%\" data-map_id=\"158\" data-prefix=\"sl\" data-map_type=\"single_location\" data-icons_usage=\"global\"><\/div> <\/div><\/div><\/div><\/p>\t\t\t\t\t\t\t\t<\/div>\n\t\t\t\t<\/div>\n\t\t\t\t<\/div>\n\t\t\t\t\t<\/div>\n\t\t\t\t<\/div>\n\t\t\t\t<\/div>\n\t\t","protected":false},"excerpt":{"rendered":"<div style=\"display: none;\">Da oltre 16 anni siamo specializzati nell\u2019efficientamento energetico di immobili di privati e aziende che intendono ridurre i costi in bolletta.Energie Rinnovabili Torino &#8211; i maestri del fotovoltaico<br \/>\nProgettiamo, installiamo e assicuriamo la manutenzione a impianti fotovoltaici, sistemi di accumulo, caldaie in pompa di calore ibride e caldaie a condensazione.<br \/>\nAzienda torinese, fermamente radicata in Piemonte con un numero molto rilevante di impianti installati, in ogni provincia. Operiamo ora con successo anche in Lombardia.<br \/>\nI vantaggi competitivi che perseguiamo e che ci guidano permettendoci di lavorare principalmente mediante il passaparola da parte di clienti soddisfatti, sono Reattivit\u00e0 e Precisione, qualit\u00e0 maniacale delle installazioni e preventivazione sulle reali necessit\u00e0 della famiglia cliente, con accurato audit energetico.<br \/>\nSe ci sceglierai, avrai un unico referente che seguir\u00e0 il tuo impianto fotovoltaico o termico dalla progettazione all\u2019attivazione, comprese pratiche burocratiche e detrazioni e risponder\u00e0 ad ogni tua domanda con tempestivit\u00e0 e precisione.01. Sopralluogo<br \/>\nIl sopralluogo ci consente di valutare in situ le caratteristiche della tua abitazione: esposizione delle falde, zone d\u2019ombra, rete elettrica, idrica e caldaia.02. Audit Energetico<br \/>\nAnalizziamo e interpretiamo i dati relativi ai consumi valutando il fabbisogno energetico della tua casa, identificando le aree di spreco e individuando soluzioni che ti consentano di ottimizzare i consumi.03. Progettazione<br \/>\nElaboriamo il progetto dell\u2019impianto fotovoltaico pi\u00f9 adatto a renderti energeticamente autosufficiente e ti forniamo un piano energia con stima della produzione e dei consumi.<\/p>\n<p>04. Installazione<br \/>\nProcediamo alla messa in opera dell\u2019impianto e al collegamento alla rete, permettendoti di cominciare a produrre energia fin da subito.<\/p>\n<p>05. Pratiche burocratiche<br \/>\nRilasciamo la documentazione per l\u2019ottenimento dell\u2019ECO-BONUS e la ricevuta della pratica ENEA. Seguiamo in prima persona le pratiche GSE, Terna-Gaud\u00ec ai fini dell\u2019allaccio dell\u2019impianto fotovoltaico alla rete nazionale.<\/p>\n<p>06. Assistenza<br \/>\nMonitoriamo l\u2019impianto in remoto. Attraverso l\u2019analisi della produzione siamo in grado di capire quando \u00e8 necessario intervenire per pulizia e manutenzione.<\/p>\n<p>energia, energie, fotovoltaico, fotovoltaici, fotovoltaico, impianti fotovoltaici, impianto fotovoltaico, sistemi di accumulo, caldaie, energia a Torino, energie a Torino, fotovoltaico a Torino, fotovoltaici a Torino, fotovoltaico a Torino, impianti fotovoltaici a Torino, impianto fotovoltaico a Torino, sistemi di accumulo a Torino, caldaie a Torino, energia Torino, energie Torino, fotovoltaico Torino, fotovoltaici Torino, fotovoltaico Torino, impianti fotovoltaici Torino, impianto fotovoltaico Torino, sistemi di accumulo Torino, caldaie Torino<\/p>\n<\/div>\n","protected":false},"featured_media":22830,"comment_status":"open","ping_status":"closed","template":"elementor_header_footer","meta":{"_acf_changed":false,"_et_pb_use_builder":"","_et_pb_old_content":"","_et_gb_content_width":""},"product_brand":[],"product_cat":[21,720,1591],"product_tag":[2495,1688,2536,1925,1931,726,1090,2215],"class_list":{"0":"post-22189","1":"product","2":"type-product","3":"status-publish","4":"has-post-thumbnail","6":"product_cat-casa","7":"product_cat-fotovoltaico","8":"product_cat-impianti-di-riscaldamento","9":"product_tag-caldaie","10":"product_tag-energia","11":"product_tag-energie","12":"product_tag-fotovoltaici","13":"product_tag-fotovoltaico","14":"product_tag-impianti-fotovoltaici","15":"product_tag-impianto-fotovoltaico","16":"product_tag-sistemi-di-accumulo","18":"first","19":"instock","20":"shipping-taxable","21":"product-type-simple"},"acf":[],"yoast_head":"<!-- This site is optimized with the Yoast SEO plugin v26.4 - https:\/\/yoast.com\/wordpress\/plugins\/seo\/ -->\n<title>Alfapi Srl - Assodifesa<\/title>\n<meta name=\"robots\" content=\"index, follow, max-snippet:-1, max-image-preview:large, max-video-preview:-1\" \/>\n<link rel=\"canonical\" href=\"https:\/\/convenzioni.cralnetwork.it\/assodifesa\/prodotto\/alfapi-srl\/\" \/>\n<meta property=\"og:locale\" content=\"it_IT\" \/>\n<meta property=\"og:type\" content=\"article\" \/>\n<meta property=\"og:title\" content=\"Alfapi Srl - Assodifesa\" \/>\n<meta property=\"og:description\" content=\"Da oltre 16 anni siamo specializzati nell\u2019efficientamento energetico di immobili di privati e aziende che intendono ridurre i costi in bolletta.Energie Rinnovabili Torino - i maestri del fotovoltaico Progettiamo, installiamo e assicuriamo la manutenzione a impianti fotovoltaici, sistemi di accumulo, caldaie in pompa di calore ibride e caldaie a condensazione. Azienda torinese, fermamente radicata in Piemonte con un numero molto rilevante di impianti installati, in ogni provincia. Operiamo ora con successo anche in Lombardia. I vantaggi competitivi che perseguiamo e che ci guidano permettendoci di lavorare principalmente mediante il passaparola da parte di clienti soddisfatti, sono Reattivit\u00e0 e Precisione, qualit\u00e0 maniacale delle installazioni e preventivazione sulle reali necessit\u00e0 della famiglia cliente, con accurato audit energetico. Se ci sceglierai, avrai un unico referente che seguir\u00e0 il tuo impianto fotovoltaico o termico dalla progettazione all\u2019attivazione, comprese pratiche burocratiche e detrazioni e risponder\u00e0 ad ogni tua domanda con tempestivit\u00e0 e precisione.01. Sopralluogo Il sopralluogo ci consente di valutare in situ le caratteristiche della tua abitazione: esposizione delle falde, zone d\u2019ombra, rete elettrica, idrica e caldaia.02. Audit Energetico Analizziamo e interpretiamo i dati relativi ai consumi valutando il fabbisogno energetico della tua casa, identificando le aree di spreco e individuando soluzioni che ti consentano di ottimizzare i consumi.03. Progettazione Elaboriamo il progetto dell\u2019impianto fotovoltaico pi\u00f9 adatto a renderti energeticamente autosufficiente e ti forniamo un piano energia con stima della produzione e dei consumi.  04. Installazione Procediamo alla messa in opera dell\u2019impianto e al collegamento alla rete, permettendoti di cominciare a produrre energia fin da subito.  05. Pratiche burocratiche Rilasciamo la documentazione per l\u2019ottenimento dell\u2019ECO-BONUS e la ricevuta della pratica ENEA. Seguiamo in prima persona le pratiche GSE, Terna-Gaud\u00ec ai fini dell\u2019allaccio dell\u2019impianto fotovoltaico alla rete nazionale.  06. Assistenza Monitoriamo l\u2019impianto in remoto. Attraverso l\u2019analisi della produzione siamo in grado di capire quando \u00e8 necessario intervenire per pulizia e manutenzione.  energia, energie, fotovoltaico, fotovoltaici, fotovoltaico, impianti fotovoltaici, impianto fotovoltaico, sistemi di accumulo, caldaie, energia a Torino, energie a Torino, fotovoltaico a Torino, fotovoltaici a Torino, fotovoltaico a Torino, impianti fotovoltaici a Torino, impianto fotovoltaico a Torino, sistemi di accumulo a Torino, caldaie a Torino, energia Torino, energie Torino, fotovoltaico Torino, fotovoltaici Torino, fotovoltaico Torino, impianti fotovoltaici Torino, impianto fotovoltaico Torino, sistemi di accumulo Torino, caldaie Torino\" \/>\n<meta property=\"og:url\" content=\"https:\/\/convenzioni.cralnetwork.it\/assodifesa\/prodotto\/alfapi-srl\/\" \/>\n<meta property=\"og:site_name\" content=\"Assodifesa\" \/>\n<meta property=\"article:modified_time\" content=\"2024-09-12T10:24:25+00:00\" \/>\n<meta property=\"og:image\" content=\"https:\/\/convenzioni.cralnetwork.it\/assodifesa\/wp-content\/uploads\/sites\/45\/2024\/08\/Logo-siti-alfapi.jpg\" \/>\n\t<meta property=\"og:image:width\" content=\"300\" \/>\n\t<meta property=\"og:image:height\" content=\"300\" \/>\n\t<meta property=\"og:image:type\" content=\"image\/jpeg\" \/>\n<meta name=\"twitter:card\" content=\"summary_large_image\" \/>\n<meta name=\"twitter:label1\" content=\"Tempo di lettura stimato\" \/>\n\t<meta name=\"twitter:data1\" content=\"7 minuti\" \/>\n<script type=\"application\/ld+json\" class=\"yoast-schema-graph\">{\"@context\":\"https:\/\/schema.org\",\"@graph\":[{\"@type\":\"WebPage\",\"@id\":\"https:\/\/convenzioni.cralnetwork.it\/assodifesa\/prodotto\/alfapi-srl\/\",\"url\":\"https:\/\/convenzioni.cralnetwork.it\/assodifesa\/prodotto\/alfapi-srl\/\",\"name\":\"Alfapi Srl - Assodifesa\",\"isPartOf\":{\"@id\":\"https:\/\/convenzioni.cralnetwork.it\/assodifesa\/#website\"},\"primaryImageOfPage\":{\"@id\":\"https:\/\/convenzioni.cralnetwork.it\/assodifesa\/prodotto\/alfapi-srl\/#primaryimage\"},\"image\":{\"@id\":\"https:\/\/convenzioni.cralnetwork.it\/assodifesa\/prodotto\/alfapi-srl\/#primaryimage\"},\"thumbnailUrl\":\"https:\/\/convenzioni.cralnetwork.it\/assodifesa\/wp-content\/uploads\/sites\/45\/2024\/08\/Logo-siti-alfapi.jpg\",\"datePublished\":\"2024-08-30T15:08:43+00:00\",\"dateModified\":\"2024-09-12T10:24:25+00:00\",\"breadcrumb\":{\"@id\":\"https:\/\/convenzioni.cralnetwork.it\/assodifesa\/prodotto\/alfapi-srl\/#breadcrumb\"},\"inLanguage\":\"it-IT\",\"potentialAction\":[{\"@type\":\"ReadAction\",\"target\":[\"https:\/\/convenzioni.cralnetwork.it\/assodifesa\/prodotto\/alfapi-srl\/\"]}]},{\"@type\":\"ImageObject\",\"inLanguage\":\"it-IT\",\"@id\":\"https:\/\/convenzioni.cralnetwork.it\/assodifesa\/prodotto\/alfapi-srl\/#primaryimage\",\"url\":\"https:\/\/convenzioni.cralnetwork.it\/assodifesa\/wp-content\/uploads\/sites\/45\/2024\/08\/Logo-siti-alfapi.jpg\",\"contentUrl\":\"https:\/\/convenzioni.cralnetwork.it\/assodifesa\/wp-content\/uploads\/sites\/45\/2024\/08\/Logo-siti-alfapi.jpg\",\"width\":300,\"height\":300},{\"@type\":\"BreadcrumbList\",\"@id\":\"https:\/\/convenzioni.cralnetwork.it\/assodifesa\/prodotto\/alfapi-srl\/#breadcrumb\",\"itemListElement\":[{\"@type\":\"ListItem\",\"position\":1,\"name\":\"Home\",\"item\":\"https:\/\/convenzioni.cralnetwork.it\/assodifesa\/\"},{\"@type\":\"ListItem\",\"position\":2,\"name\":\"Shop\",\"item\":\"https:\/\/convenzioni.cralnetwork.it\/assodifesa\/negozio\/\"},{\"@type\":\"ListItem\",\"position\":3,\"name\":\"Alfapi Srl\"}]},{\"@type\":\"WebSite\",\"@id\":\"https:\/\/convenzioni.cralnetwork.it\/assodifesa\/#website\",\"url\":\"https:\/\/convenzioni.cralnetwork.it\/assodifesa\/\",\"name\":\"Assodifesa\",\"description\":\"Area convenzioni\",\"potentialAction\":[{\"@type\":\"SearchAction\",\"target\":{\"@type\":\"EntryPoint\",\"urlTemplate\":\"https:\/\/convenzioni.cralnetwork.it\/assodifesa\/?s={search_term_string}\"},\"query-input\":{\"@type\":\"PropertyValueSpecification\",\"valueRequired\":true,\"valueName\":\"search_term_string\"}}],\"inLanguage\":\"it-IT\"}]}<\/script>\n<!-- \/ Yoast SEO plugin. -->","yoast_head_json":{"title":"Alfapi Srl - Assodifesa","robots":{"index":"index","follow":"follow","max-snippet":"max-snippet:-1","max-image-preview":"max-image-preview:large","max-video-preview":"max-video-preview:-1"},"canonical":"https:\/\/convenzioni.cralnetwork.it\/assodifesa\/prodotto\/alfapi-srl\/","og_locale":"it_IT","og_type":"article","og_title":"Alfapi Srl - Assodifesa","og_description":"Da oltre 16 anni siamo specializzati nell\u2019efficientamento energetico di immobili di privati e aziende che intendono ridurre i costi in bolletta.Energie Rinnovabili Torino - i maestri del fotovoltaico Progettiamo, installiamo e assicuriamo la manutenzione a impianti fotovoltaici, sistemi di accumulo, caldaie in pompa di calore ibride e caldaie a condensazione. Azienda torinese, fermamente radicata in Piemonte con un numero molto rilevante di impianti installati, in ogni provincia. Operiamo ora con successo anche in Lombardia. I vantaggi competitivi che perseguiamo e che ci guidano permettendoci di lavorare principalmente mediante il passaparola da parte di clienti soddisfatti, sono Reattivit\u00e0 e Precisione, qualit\u00e0 maniacale delle installazioni e preventivazione sulle reali necessit\u00e0 della famiglia cliente, con accurato audit energetico. Se ci sceglierai, avrai un unico referente che seguir\u00e0 il tuo impianto fotovoltaico o termico dalla progettazione all\u2019attivazione, comprese pratiche burocratiche e detrazioni e risponder\u00e0 ad ogni tua domanda con tempestivit\u00e0 e precisione.01. Sopralluogo Il sopralluogo ci consente di valutare in situ le caratteristiche della tua abitazione: esposizione delle falde, zone d\u2019ombra, rete elettrica, idrica e caldaia.02. Audit Energetico Analizziamo e interpretiamo i dati relativi ai consumi valutando il fabbisogno energetico della tua casa, identificando le aree di spreco e individuando soluzioni che ti consentano di ottimizzare i consumi.03. Progettazione Elaboriamo il progetto dell\u2019impianto fotovoltaico pi\u00f9 adatto a renderti energeticamente autosufficiente e ti forniamo un piano energia con stima della produzione e dei consumi.  04. Installazione Procediamo alla messa in opera dell\u2019impianto e al collegamento alla rete, permettendoti di cominciare a produrre energia fin da subito.  05. Pratiche burocratiche Rilasciamo la documentazione per l\u2019ottenimento dell\u2019ECO-BONUS e la ricevuta della pratica ENEA. Seguiamo in prima persona le pratiche GSE, Terna-Gaud\u00ec ai fini dell\u2019allaccio dell\u2019impianto fotovoltaico alla rete nazionale.  06. Assistenza Monitoriamo l\u2019impianto in remoto. Attraverso l\u2019analisi della produzione siamo in grado di capire quando \u00e8 necessario intervenire per pulizia e manutenzione.  energia, energie, fotovoltaico, fotovoltaici, fotovoltaico, impianti fotovoltaici, impianto fotovoltaico, sistemi di accumulo, caldaie, energia a Torino, energie a Torino, fotovoltaico a Torino, fotovoltaici a Torino, fotovoltaico a Torino, impianti fotovoltaici a Torino, impianto fotovoltaico a Torino, sistemi di accumulo a Torino, caldaie a Torino, energia Torino, energie Torino, fotovoltaico Torino, fotovoltaici Torino, fotovoltaico Torino, impianti fotovoltaici Torino, impianto fotovoltaico Torino, sistemi di accumulo Torino, caldaie Torino","og_url":"https:\/\/convenzioni.cralnetwork.it\/assodifesa\/prodotto\/alfapi-srl\/","og_site_name":"Assodifesa","article_modified_time":"2024-09-12T10:24:25+00:00","og_image":[{"width":300,"height":300,"url":"https:\/\/convenzioni.cralnetwork.it\/assodifesa\/wp-content\/uploads\/sites\/45\/2024\/08\/Logo-siti-alfapi.jpg","type":"image\/jpeg"}],"twitter_card":"summary_large_image","twitter_misc":{"Tempo di lettura stimato":"7 minuti"},"schema":{"@context":"https:\/\/schema.org","@graph":[{"@type":"WebPage","@id":"https:\/\/convenzioni.cralnetwork.it\/assodifesa\/prodotto\/alfapi-srl\/","url":"https:\/\/convenzioni.cralnetwork.it\/assodifesa\/prodotto\/alfapi-srl\/","name":"Alfapi Srl - Assodifesa","isPartOf":{"@id":"https:\/\/convenzioni.cralnetwork.it\/assodifesa\/#website"},"primaryImageOfPage":{"@id":"https:\/\/convenzioni.cralnetwork.it\/assodifesa\/prodotto\/alfapi-srl\/#primaryimage"},"image":{"@id":"https:\/\/convenzioni.cralnetwork.it\/assodifesa\/prodotto\/alfapi-srl\/#primaryimage"},"thumbnailUrl":"https:\/\/convenzioni.cralnetwork.it\/assodifesa\/wp-content\/uploads\/sites\/45\/2024\/08\/Logo-siti-alfapi.jpg","datePublished":"2024-08-30T15:08:43+00:00","dateModified":"2024-09-12T10:24:25+00:00","breadcrumb":{"@id":"https:\/\/convenzioni.cralnetwork.it\/assodifesa\/prodotto\/alfapi-srl\/#breadcrumb"},"inLanguage":"it-IT","potentialAction":[{"@type":"ReadAction","target":["https:\/\/convenzioni.cralnetwork.it\/assodifesa\/prodotto\/alfapi-srl\/"]}]},{"@type":"ImageObject","inLanguage":"it-IT","@id":"https:\/\/convenzioni.cralnetwork.it\/assodifesa\/prodotto\/alfapi-srl\/#primaryimage","url":"https:\/\/convenzioni.cralnetwork.it\/assodifesa\/wp-content\/uploads\/sites\/45\/2024\/08\/Logo-siti-alfapi.jpg","contentUrl":"https:\/\/convenzioni.cralnetwork.it\/assodifesa\/wp-content\/uploads\/sites\/45\/2024\/08\/Logo-siti-alfapi.jpg","width":300,"height":300},{"@type":"BreadcrumbList","@id":"https:\/\/convenzioni.cralnetwork.it\/assodifesa\/prodotto\/alfapi-srl\/#breadcrumb","itemListElement":[{"@type":"ListItem","position":1,"name":"Home","item":"https:\/\/convenzioni.cralnetwork.it\/assodifesa\/"},{"@type":"ListItem","position":2,"name":"Shop","item":"https:\/\/convenzioni.cralnetwork.it\/assodifesa\/negozio\/"},{"@type":"ListItem","position":3,"name":"Alfapi Srl"}]},{"@type":"WebSite","@id":"https:\/\/convenzioni.cralnetwork.it\/assodifesa\/#website","url":"https:\/\/convenzioni.cralnetwork.it\/assodifesa\/","name":"Assodifesa","description":"Area convenzioni","potentialAction":[{"@type":"SearchAction","target":{"@type":"EntryPoint","urlTemplate":"https:\/\/convenzioni.cralnetwork.it\/assodifesa\/?s={search_term_string}"},"query-input":{"@type":"PropertyValueSpecification","valueRequired":true,"valueName":"search_term_string"}}],"inLanguage":"it-IT"}]}},"publishpress_future_workflow_manual_trigger":{"enabledWorkflows":[]},"_links":{"self":[{"href":"https:\/\/convenzioni.cralnetwork.it\/assodifesa\/wp-json\/wp\/v2\/product\/22189","targetHints":{"allow":["GET"]}}],"collection":[{"href":"https:\/\/convenzioni.cralnetwork.it\/assodifesa\/wp-json\/wp\/v2\/product"}],"about":[{"href":"https:\/\/convenzioni.cralnetwork.it\/assodifesa\/wp-json\/wp\/v2\/types\/product"}],"replies":[{"embeddable":true,"href":"https:\/\/convenzioni.cralnetwork.it\/assodifesa\/wp-json\/wp\/v2\/comments?post=22189"}],"version-history":[{"count":55,"href":"https:\/\/convenzioni.cralnetwork.it\/assodifesa\/wp-json\/wp\/v2\/product\/22189\/revisions"}],"predecessor-version":[{"id":22831,"href":"https:\/\/convenzioni.cralnetwork.it\/assodifesa\/wp-json\/wp\/v2\/product\/22189\/revisions\/22831"}],"wp:featuredmedia":[{"embeddable":true,"href":"https:\/\/convenzioni.cralnetwork.it\/assodifesa\/wp-json\/wp\/v2\/media\/22830"}],"wp:attachment":[{"href":"https:\/\/convenzioni.cralnetwork.it\/assodifesa\/wp-json\/wp\/v2\/media?parent=22189"}],"wp:term":[{"taxonomy":"product_brand","embeddable":true,"href":"https:\/\/convenzioni.cralnetwork.it\/assodifesa\/wp-json\/wp\/v2\/product_brand?post=22189"},{"taxonomy":"product_cat","embeddable":true,"href":"https:\/\/convenzioni.cralnetwork.it\/assodifesa\/wp-json\/wp\/v2\/product_cat?post=22189"},{"taxonomy":"product_tag","embeddable":true,"href":"https:\/\/convenzioni.cralnetwork.it\/assodifesa\/wp-json\/wp\/v2\/product_tag?post=22189"}],"curies":[{"name":"wp","href":"https:\/\/api.w.org\/{rel}","templated":true}]}}