{"id":14909,"date":"2024-05-16T17:53:09","date_gmt":"2024-05-16T15:53:09","guid":{"rendered":"https:\/\/convenzioni.cralnetwork.it\/assodifesa\/?post_type=product&#038;p=14909"},"modified":"2024-05-22T10:54:32","modified_gmt":"2024-05-22T08:54:32","slug":"progetti-evolutivi","status":"publish","type":"product","link":"https:\/\/convenzioni.cralnetwork.it\/assodifesa\/prodotto\/progetti-evolutivi\/","title":{"rendered":"Progetti Evolutivi"},"content":{"rendered":"\t\t<div data-elementor-type=\"wp-post\" data-elementor-id=\"14909\" class=\"elementor elementor-14909\">\n\t\t\t\t<div class=\"elementor-element elementor-element-732b3cd elementor-hidden-mobile e-flex e-con-boxed wpr-particle-no wpr-jarallax-no wpr-parallax-no wpr-sticky-section-no e-con e-parent\" data-id=\"732b3cd\" data-element_type=\"container\" data-settings=\"{&quot;background_background&quot;:&quot;classic&quot;}\">\n\t\t\t\t\t<div class=\"e-con-inner\">\n\t\t\t\t<div class=\"elementor-element elementor-element-5aef9e4 elementor-widget elementor-widget-image\" data-id=\"5aef9e4\" data-element_type=\"widget\" data-widget_type=\"image.default\">\n\t\t\t\t<div class=\"elementor-widget-container\">\n\t\t\t\t\t\t\t\t\t\t\t\t\t\t\t<img fetchpriority=\"high\" fetchpriority=\"high\" decoding=\"async\" width=\"534\" height=\"157\" src=\"https:\/\/convenzioni.cralnetwork.it\/assodifesa\/wp-content\/uploads\/sites\/45\/2024\/05\/logo.png\" class=\"attachment-full size-full wp-image-15121\" alt=\"\" srcset=\"https:\/\/convenzioni.cralnetwork.it\/assodifesa\/wp-content\/uploads\/sites\/45\/2024\/05\/logo.png 534w, https:\/\/convenzioni.cralnetwork.it\/assodifesa\/wp-content\/uploads\/sites\/45\/2024\/05\/logo-480x141.png 480w\" sizes=\"(min-width: 0px) and (max-width: 480px) 480px, (min-width: 481px) 534px, 100vw\" \/>\t\t\t\t\t\t\t\t\t\t\t\t\t\t\t<\/div>\n\t\t\t\t<\/div>\n\t\t\t\t\t<\/div>\n\t\t\t\t<\/div>\n\t\t<div class=\"elementor-element elementor-element-adffaf5 elementor-hidden-desktop elementor-hidden-tablet e-flex e-con-boxed wpr-particle-no wpr-jarallax-no wpr-parallax-no wpr-sticky-section-no e-con e-parent\" data-id=\"adffaf5\" data-element_type=\"container\" data-settings=\"{&quot;background_background&quot;:&quot;classic&quot;}\">\n\t\t\t\t\t<div class=\"e-con-inner\">\n\t\t\t\t<div class=\"elementor-element elementor-element-0a90644 elementor-widget elementor-widget-image\" data-id=\"0a90644\" data-element_type=\"widget\" data-widget_type=\"image.default\">\n\t\t\t\t<div class=\"elementor-widget-container\">\n\t\t\t\t\t\t\t\t\t\t\t\t\t\t\t<img fetchpriority=\"high\" fetchpriority=\"high\" decoding=\"async\" width=\"534\" height=\"157\" src=\"https:\/\/convenzioni.cralnetwork.it\/assodifesa\/wp-content\/uploads\/sites\/45\/2024\/05\/logo.png\" class=\"attachment-full size-full wp-image-15121\" alt=\"\" srcset=\"https:\/\/convenzioni.cralnetwork.it\/assodifesa\/wp-content\/uploads\/sites\/45\/2024\/05\/logo.png 534w, https:\/\/convenzioni.cralnetwork.it\/assodifesa\/wp-content\/uploads\/sites\/45\/2024\/05\/logo-480x141.png 480w\" sizes=\"(min-width: 0px) and (max-width: 480px) 480px, (min-width: 481px) 534px, 100vw\" \/>\t\t\t\t\t\t\t\t\t\t\t\t\t\t\t<\/div>\n\t\t\t\t<\/div>\n\t\t\t\t\t<\/div>\n\t\t\t\t<\/div>\n\t\t<div class=\"elementor-element elementor-element-9e88f90 elementor-hidden-desktop elementor-hidden-tablet e-flex e-con-boxed wpr-particle-no wpr-jarallax-no wpr-parallax-no wpr-sticky-section-no e-con e-parent\" data-id=\"9e88f90\" data-element_type=\"container\" data-settings=\"{&quot;background_background&quot;:&quot;classic&quot;}\">\n\t\t\t\t\t<div class=\"e-con-inner\">\n\t\t\t\t<div class=\"elementor-element elementor-element-10543ae elementor-widget elementor-widget-spacer\" data-id=\"10543ae\" data-element_type=\"widget\" data-widget_type=\"spacer.default\">\n\t\t\t\t<div class=\"elementor-widget-container\">\n\t\t\t\t\t\t\t<div class=\"elementor-spacer\">\n\t\t\t<div class=\"elementor-spacer-inner\"><\/div>\n\t\t<\/div>\n\t\t\t\t\t\t<\/div>\n\t\t\t\t<\/div>\n\t\t\t\t\t<\/div>\n\t\t\t\t<\/div>\n\t\t<div class=\"elementor-element elementor-element-6e25299 elementor-hidden-desktop e-flex e-con-boxed wpr-particle-no wpr-jarallax-no wpr-parallax-no wpr-sticky-section-no e-con e-parent\" data-id=\"6e25299\" data-element_type=\"container\">\n\t\t\t\t\t<div class=\"e-con-inner\">\n\t\t<div class=\"elementor-element elementor-element-d0ea7a0 e-con-full e-flex wpr-particle-no wpr-jarallax-no wpr-parallax-no wpr-sticky-section-no e-con e-child\" data-id=\"d0ea7a0\" data-element_type=\"container\">\n\t\t\t\t<div class=\"elementor-element elementor-element-96ca6da elementor-widget elementor-widget-text-editor\" data-id=\"96ca6da\" data-element_type=\"widget\" data-widget_type=\"text-editor.default\">\n\t\t\t\t<div class=\"elementor-widget-container\">\n\t\t\t\t\t\t\t\t\t<p>La Mission di Progetti Evolutivi<\/p>\t\t\t\t\t\t\t\t<\/div>\n\t\t\t\t<\/div>\n\t\t\t\t<div class=\"elementor-element elementor-element-c4556bd elementor-widget elementor-widget-text-editor\" data-id=\"c4556bd\" data-element_type=\"widget\" data-widget_type=\"text-editor.default\">\n\t\t\t\t<div class=\"elementor-widget-container\">\n\t\t\t\t\t\t\t\t\t<p>Progetti Evolutivi si occupa di <strong>prevenzione, diagnosi e cura<\/strong> dei <strong>disturbi dell\u2019et\u00e0 evolutiva<\/strong> e anche di <strong>perinatalit\u00e0<\/strong>.<\/p><p>Nasce dall\u2019idea di due psicologhe di creare uno spazio in grado di <strong>accogliere le famiglie<\/strong> in un ambiente professionale e confortevole, <strong>prendendole in carico dalla diagnosi alla riabilitazione<\/strong>, o supportandole durante i cambiamenti importanti della vita come l\u2019attesa di un figlio.<\/p><p>Il nostro \u00e8 un team specializzato formato da Psicologi, Psichiatri, Logopedisti, Terapisti, Ostetriche, Tutor DSA e personale di supporto, per fornire i migliori servizi alle famiglie.<\/p><p><strong>La nostra Equipe ha ottenuto l\u2019autorizzazione dalla Regione Lazio a rilasciare certificazioni DSA riconosciuta ai fini legali (DGR 32\/2020).<\/strong><\/p>\t\t\t\t\t\t\t\t<\/div>\n\t\t\t\t<\/div>\n\t\t\t\t<div class=\"elementor-element elementor-element-b50b096 elementor-widget-divider--view-line elementor-widget elementor-widget-divider\" data-id=\"b50b096\" data-element_type=\"widget\" data-widget_type=\"divider.default\">\n\t\t\t\t<div class=\"elementor-widget-container\">\n\t\t\t\t\t\t\t<div class=\"elementor-divider\">\n\t\t\t<span class=\"elementor-divider-separator\">\n\t\t\t\t\t\t<\/span>\n\t\t<\/div>\n\t\t\t\t\t\t<\/div>\n\t\t\t\t<\/div>\n\t\t\t\t<div class=\"elementor-element elementor-element-dd5683c elementor-widget elementor-widget-text-editor\" data-id=\"dd5683c\" data-element_type=\"widget\" data-widget_type=\"text-editor.default\">\n\t\t\t\t<div class=\"elementor-widget-container\">\n\t\t\t\t\t\t\t\t\t<p>I nostri servizi<\/p>\t\t\t\t\t\t\t\t<\/div>\n\t\t\t\t<\/div>\n\t\t\t\t<div class=\"elementor-element elementor-element-f07ec00 elementor-widget elementor-widget-text-editor\" data-id=\"f07ec00\" data-element_type=\"widget\" data-widget_type=\"text-editor.default\">\n\t\t\t\t<div class=\"elementor-widget-container\">\n\t\t\t\t\t\t\t\t\t<p><em><span style=\"color: #808080;\">Clicca le voci per maggiori informazioni<\/span><\/em><br \/><span style=\"color: #444444;\">\u2022 <a style=\"color: #444444;\" href=\"https:\/\/progettievolutivi.it\/visita-neuropsichiatrica\/\">Visita neuropsichiatrica<\/a><\/span><br \/><span style=\"color: #444444;\">\u2022 <a style=\"color: #444444;\" href=\"https:\/\/progettievolutivi.it\/certificazione-dsa\/\">Certificazione DSA<\/a><\/span><br \/><span style=\"color: #444444;\">\u2022 <a style=\"color: #444444;\" href=\"https:\/\/progettievolutivi.it\/supporto-psicologico\/\">Supporto psicologico<\/a><\/span><br \/><span style=\"color: #444444;\">\u2022 <a style=\"color: #444444;\" href=\"https:\/\/progettievolutivi.it\/logopedia\/\">Logopedia<\/a><\/span><br \/><span style=\"color: #444444;\">\u2022 <a style=\"color: #444444;\" href=\"https:\/\/progettievolutivi.it\/neuropsicomotricita\/\">Neuropsicomotricit\u00e0<\/a><\/span><br \/><span style=\"color: #444444;\">\u2022 <a style=\"color: #444444;\" href=\"https:\/\/progettievolutivi.it\/tutor-dsa\/\">Tutor DSA<\/a><\/span><br \/><span style=\"color: #444444;\">\u2022 <a style=\"color: #444444;\" href=\"https:\/\/progettievolutivi.it\/laboratori-cognitivi\/\">Laboratori cognitivi<\/a><\/span><br \/><span style=\"color: #444444;\">\u2022 <a style=\"color: #444444;\" href=\"https:\/\/progettievolutivi.it\/psicologia-perinatale\/\">Psicologia perinatale<\/a><\/span><br \/><span style=\"color: #444444;\">\u2022 <a style=\"color: #444444;\" href=\"https:\/\/progettievolutivi.it\/parent-training\/\">Parent training<\/a><\/span><\/p>\t\t\t\t\t\t\t\t<\/div>\n\t\t\t\t<\/div>\n\t\t\t\t<div class=\"elementor-element elementor-element-3fa86e0 elementor-widget elementor-widget-accordion\" data-id=\"3fa86e0\" data-element_type=\"widget\" data-widget_type=\"accordion.default\">\n\t\t\t\t<div class=\"elementor-widget-container\">\n\t\t\t\t\t\t\t<div class=\"elementor-accordion\">\n\t\t\t\t\t\t\t<div class=\"elementor-accordion-item\">\n\t\t\t\t\t<div id=\"elementor-tab-title-6671\" class=\"elementor-tab-title\" data-tab=\"1\" role=\"button\" aria-controls=\"elementor-tab-content-6671\" aria-expanded=\"false\">\n\t\t\t\t\t\t\t\t\t\t\t\t\t<span class=\"elementor-accordion-icon elementor-accordion-icon-right\" aria-hidden=\"true\">\n\t\t\t\t\t\t\t\t\t\t\t\t\t\t\t<span class=\"elementor-accordion-icon-closed\"><svg class=\"e-font-icon-svg e-far-heart\" viewBox=\"0 0 512 512\" xmlns=\"http:\/\/www.w3.org\/2000\/svg\"><path d=\"M458.4 64.3C400.6 15.7 311.3 23 256 79.3 200.7 23 111.4 15.6 53.6 64.3-21.6 127.6-10.6 230.8 43 285.5l175.4 178.7c10 10.2 23.4 15.9 37.6 15.9 14.3 0 27.6-5.6 37.6-15.8L469 285.6c53.5-54.7 64.7-157.9-10.6-221.3zm-23.6 187.5L259.4 430.5c-2.4 2.4-4.4 2.4-6.8 0L77.2 251.8c-36.5-37.2-43.9-107.6 7.3-150.7 38.9-32.7 98.9-27.8 136.5 10.5l35 35.7 35-35.7c37.8-38.5 97.8-43.2 136.5-10.6 51.1 43.1 43.5 113.9 7.3 150.8z\"><\/path><\/svg><\/span>\n\t\t\t\t\t\t\t\t<span class=\"elementor-accordion-icon-opened\"><svg class=\"e-font-icon-svg e-fas-heart\" viewBox=\"0 0 512 512\" xmlns=\"http:\/\/www.w3.org\/2000\/svg\"><path d=\"M462.3 62.6C407.5 15.9 326 24.3 275.7 76.2L256 96.5l-19.7-20.3C186.1 24.3 104.5 15.9 49.7 62.6c-62.8 53.6-66.1 149.8-9.9 207.9l193.5 199.8c12.5 12.9 32.8 12.9 45.3 0l193.5-199.8c56.3-58.1 53-154.3-9.8-207.9z\"><\/path><\/svg><\/span>\n\t\t\t\t\t\t\t\t\t\t\t\t\t\t<\/span>\n\t\t\t\t\t\t\t\t\t\t\t\t<a class=\"elementor-accordion-title\" tabindex=\"0\">Et\u00e0 evolutiva<\/a>\n\t\t\t\t\t<\/div>\n\t\t\t\t\t<div id=\"elementor-tab-content-6671\" class=\"elementor-tab-content elementor-clearfix\" data-tab=\"1\" role=\"region\" aria-labelledby=\"elementor-tab-title-6671\"><p>Il nostro metodo d\u2019intervento \u00e8 basato sull\u2019evidenza scientifica e personalizzato sul paziente.<\/p><p>Sviluppiamo piani di trattamento che utilizzano una gamma di approcci, combinando terapia riabilitativa con psicoeducazione.<\/p><p>Incoraggiamo e coinvolgiamo attivamente bambini e genitori in ogni fase del percorso di trattamento: ogni bambino \u00e8 unico, e deve essere trattato come tale, indipendentemente dai sintomi o dalla diagnosi che potrebbe avere.<\/p><p>Studieremo per creare il progetto pi\u00f9 adatto a lui, mettendolo a proprio agio e accogliendo le sue necessit\u00e0: \u00e8 fondamentale che si senta al sicuro, supportato e compreso quando parla con un professionista.<\/p><p>In caso di diagnosi di un disturbo dell\u2019et\u00e0 evolutiva o eventuali altre difficolt\u00e0, svilupperemo un piano di trattamento personalizzato e specifico, discutendo insieme le opzioni disponibili, tenendo in considerazione le vostre preferenze ed esigenze. Il trattamento includer\u00e0 un approccio integrato per aiutare il bambino a raggiungere il suo pieno potenziale in termini di senso di benessere e fiducia nelle proprie abilit\u00e0 relazionali e sociali, o rendimento scolastico.<\/p><\/div>\n\t\t\t\t<\/div>\n\t\t\t\t\t\t\t<div class=\"elementor-accordion-item\">\n\t\t\t\t\t<div id=\"elementor-tab-title-6672\" class=\"elementor-tab-title\" data-tab=\"2\" role=\"button\" aria-controls=\"elementor-tab-content-6672\" aria-expanded=\"false\">\n\t\t\t\t\t\t\t\t\t\t\t\t\t<span class=\"elementor-accordion-icon elementor-accordion-icon-right\" aria-hidden=\"true\">\n\t\t\t\t\t\t\t\t\t\t\t\t\t\t\t<span class=\"elementor-accordion-icon-closed\"><svg class=\"e-font-icon-svg e-far-heart\" viewBox=\"0 0 512 512\" xmlns=\"http:\/\/www.w3.org\/2000\/svg\"><path d=\"M458.4 64.3C400.6 15.7 311.3 23 256 79.3 200.7 23 111.4 15.6 53.6 64.3-21.6 127.6-10.6 230.8 43 285.5l175.4 178.7c10 10.2 23.4 15.9 37.6 15.9 14.3 0 27.6-5.6 37.6-15.8L469 285.6c53.5-54.7 64.7-157.9-10.6-221.3zm-23.6 187.5L259.4 430.5c-2.4 2.4-4.4 2.4-6.8 0L77.2 251.8c-36.5-37.2-43.9-107.6 7.3-150.7 38.9-32.7 98.9-27.8 136.5 10.5l35 35.7 35-35.7c37.8-38.5 97.8-43.2 136.5-10.6 51.1 43.1 43.5 113.9 7.3 150.8z\"><\/path><\/svg><\/span>\n\t\t\t\t\t\t\t\t<span class=\"elementor-accordion-icon-opened\"><svg class=\"e-font-icon-svg e-fas-heart\" viewBox=\"0 0 512 512\" xmlns=\"http:\/\/www.w3.org\/2000\/svg\"><path d=\"M462.3 62.6C407.5 15.9 326 24.3 275.7 76.2L256 96.5l-19.7-20.3C186.1 24.3 104.5 15.9 49.7 62.6c-62.8 53.6-66.1 149.8-9.9 207.9l193.5 199.8c12.5 12.9 32.8 12.9 45.3 0l193.5-199.8c56.3-58.1 53-154.3-9.8-207.9z\"><\/path><\/svg><\/span>\n\t\t\t\t\t\t\t\t\t\t\t\t\t\t<\/span>\n\t\t\t\t\t\t\t\t\t\t\t\t<a class=\"elementor-accordion-title\" tabindex=\"0\">Perinatalit\u00e0<\/a>\n\t\t\t\t\t<\/div>\n\t\t\t\t\t<div id=\"elementor-tab-content-6672\" class=\"elementor-tab-content elementor-clearfix\" data-tab=\"2\" role=\"region\" aria-labelledby=\"elementor-tab-title-6672\"><p>L\u2019obiettivo dei progetti legati alla perinatalit\u00e0 \u00e8 quello di accogliere le famiglie affiancandole e sostenendole nel cammino verso una genitorialit\u00e0 consapevole e positiva.<\/p><p>Organizziamo corsi di accompagnamento alla nascita, corsi di massaggio infantile, consulenza professionale sull\u2019allattamento, sostegno alla maternit\u00e0.<\/p><p>Al centro del nostro lavoro c\u2019\u00e8 sempre la famiglia come parte attiva di tutto il processo dalla nascita al il primo anno di vita del bambino.<\/p><p>Partendo dalla convinzione che ogni famiglia deve poter scegliere il percorso migliore per se stessa, con il nostro lavoro la supportiamo attraverso un\u2019adeguata informazione, e la trasmissione di strumenti utili per prepararle a vivere un esperienza positiva di genitorialit\u00e0.<\/p><\/div>\n\t\t\t\t<\/div>\n\t\t\t\t\t\t\t\t<\/div>\n\t\t\t\t\t\t<\/div>\n\t\t\t\t<\/div>\n\t\t\t\t<\/div>\n\t\t<div class=\"elementor-element elementor-element-153af72 e-con-full e-flex wpr-particle-no wpr-jarallax-no wpr-parallax-no wpr-sticky-section-no e-con e-child\" data-id=\"153af72\" data-element_type=\"container\">\n\t\t<div class=\"elementor-element elementor-element-8dcd24f e-flex e-con-boxed wpr-particle-no wpr-jarallax-no wpr-parallax-no wpr-sticky-section-no e-con e-child\" data-id=\"8dcd24f\" data-element_type=\"container\" data-settings=\"{&quot;background_background&quot;:&quot;classic&quot;}\">\n\t\t\t\t\t<div class=\"e-con-inner\">\n\t\t<div class=\"elementor-element elementor-element-b6da055 e-con-full e-flex wpr-particle-no wpr-jarallax-no wpr-parallax-no wpr-sticky-section-no e-con e-child\" data-id=\"b6da055\" data-element_type=\"container\">\n\t\t\t\t<div class=\"elementor-element elementor-element-1df1324 elementor-widget elementor-widget-text-editor\" data-id=\"1df1324\" data-element_type=\"widget\" data-widget_type=\"text-editor.default\">\n\t\t\t\t<div class=\"elementor-widget-container\">\n\t\t\t\t\t\t\t\t\t<p>Il nostro team<\/p>\t\t\t\t\t\t\t\t<\/div>\n\t\t\t\t<\/div>\n\t\t\t\t<\/div>\n\t\t<div class=\"elementor-element elementor-element-6d1bcd8 e-con-full e-flex wpr-particle-no wpr-jarallax-no wpr-parallax-no wpr-sticky-section-no e-con e-child\" data-id=\"6d1bcd8\" data-element_type=\"container\">\n\t\t\t\t<div class=\"elementor-element elementor-element-2ccd74b elementor-widget__width-inherit elementor-widget elementor-widget-image\" data-id=\"2ccd74b\" data-element_type=\"widget\" data-widget_type=\"image.default\">\n\t\t\t\t<div class=\"elementor-widget-container\">\n\t\t\t\t\t\t\t\t\t\t\t\t\t\t\t<img decoding=\"async\" width=\"947\" height=\"1422\" src=\"https:\/\/convenzioni.cralnetwork.it\/assodifesa\/wp-content\/uploads\/sites\/45\/2024\/05\/marcella-cicerchia-e1695743812748.jpg\" class=\"attachment-full size-full wp-image-15122\" alt=\"\" srcset=\"https:\/\/convenzioni.cralnetwork.it\/assodifesa\/wp-content\/uploads\/sites\/45\/2024\/05\/marcella-cicerchia-e1695743812748.jpg 947w, https:\/\/convenzioni.cralnetwork.it\/assodifesa\/wp-content\/uploads\/sites\/45\/2024\/05\/marcella-cicerchia-e1695743812748-480x721.jpg 480w\" sizes=\"(min-width: 0px) and (max-width: 480px) 480px, (min-width: 481px) 947px, 100vw\" \/>\t\t\t\t\t\t\t\t\t\t\t\t\t\t\t<\/div>\n\t\t\t\t<\/div>\n\t\t\t\t<div class=\"elementor-element elementor-element-62c19e4 elementor-widget elementor-widget-text-editor\" data-id=\"62c19e4\" data-element_type=\"widget\" data-widget_type=\"text-editor.default\">\n\t\t\t\t<div class=\"elementor-widget-container\">\n\t\t\t\t\t\t\t\t\t<p><strong>Marcella Cicerchia<\/strong><br \/>Psicologa psicoterapeuta e pedagogista<\/p>\t\t\t\t\t\t\t\t<\/div>\n\t\t\t\t<\/div>\n\t\t\t\t<div class=\"elementor-element elementor-element-0e16728 elementor-align-center elementor-widget elementor-widget-button\" data-id=\"0e16728\" data-element_type=\"widget\" data-widget_type=\"button.default\">\n\t\t\t\t<div class=\"elementor-widget-container\">\n\t\t\t\t\t\t\t\t\t<div class=\"elementor-button-wrapper\">\n\t\t\t\t\t<a class=\"elementor-button elementor-button-link elementor-size-sm\" href=\"https:\/\/progettievolutivi.it\/dott-ssa-marcella-cicerchia\/\">\n\t\t\t\t\t\t<span class=\"elementor-button-content-wrapper\">\n\t\t\t\t\t\t\t\t\t<span class=\"elementor-button-text\">Scopri di pi\u00f9<\/span>\n\t\t\t\t\t<\/span>\n\t\t\t\t\t<\/a>\n\t\t\t\t<\/div>\n\t\t\t\t\t\t\t\t<\/div>\n\t\t\t\t<\/div>\n\t\t\t\t<\/div>\n\t\t<div class=\"elementor-element elementor-element-a4e4879 e-con-full e-flex wpr-particle-no wpr-jarallax-no wpr-parallax-no wpr-sticky-section-no e-con e-child\" data-id=\"a4e4879\" data-element_type=\"container\">\n\t\t\t\t<div class=\"elementor-element elementor-element-dbfac2e elementor-widget__width-inherit elementor-widget elementor-widget-image\" data-id=\"dbfac2e\" data-element_type=\"widget\" data-widget_type=\"image.default\">\n\t\t\t\t<div class=\"elementor-widget-container\">\n\t\t\t\t\t\t\t\t\t\t\t\t\t\t\t<img decoding=\"async\" width=\"500\" height=\"751\" src=\"https:\/\/convenzioni.cralnetwork.it\/assodifesa\/wp-content\/uploads\/sites\/45\/2024\/05\/giuliana-sarno.jpg\" class=\"attachment-full size-full wp-image-15124\" alt=\"\" srcset=\"https:\/\/convenzioni.cralnetwork.it\/assodifesa\/wp-content\/uploads\/sites\/45\/2024\/05\/giuliana-sarno.jpg 500w, https:\/\/convenzioni.cralnetwork.it\/assodifesa\/wp-content\/uploads\/sites\/45\/2024\/05\/giuliana-sarno-480x721.jpg 480w\" sizes=\"(min-width: 0px) and (max-width: 480px) 480px, (min-width: 481px) 500px, 100vw\" \/>\t\t\t\t\t\t\t\t\t\t\t\t\t\t\t<\/div>\n\t\t\t\t<\/div>\n\t\t\t\t<div class=\"elementor-element elementor-element-8c4f6fe elementor-widget elementor-widget-text-editor\" data-id=\"8c4f6fe\" data-element_type=\"widget\" data-widget_type=\"text-editor.default\">\n\t\t\t\t<div class=\"elementor-widget-container\">\n\t\t\t\t\t\t\t\t\t<p><strong>Giuliana Sarno<\/strong><br \/>Psicologa<\/p>\t\t\t\t\t\t\t\t<\/div>\n\t\t\t\t<\/div>\n\t\t\t\t<div class=\"elementor-element elementor-element-bcb923d elementor-align-center elementor-widget elementor-widget-button\" data-id=\"bcb923d\" data-element_type=\"widget\" data-widget_type=\"button.default\">\n\t\t\t\t<div class=\"elementor-widget-container\">\n\t\t\t\t\t\t\t\t\t<div class=\"elementor-button-wrapper\">\n\t\t\t\t\t<a class=\"elementor-button elementor-button-link elementor-size-sm\" href=\"https:\/\/progettievolutivi.it\/dott-ssa-giuliana-sarno\/\">\n\t\t\t\t\t\t<span class=\"elementor-button-content-wrapper\">\n\t\t\t\t\t\t\t\t\t<span class=\"elementor-button-text\">Scopri di pi\u00f9<\/span>\n\t\t\t\t\t<\/span>\n\t\t\t\t\t<\/a>\n\t\t\t\t<\/div>\n\t\t\t\t\t\t\t\t<\/div>\n\t\t\t\t<\/div>\n\t\t\t\t<\/div>\n\t\t\t\t\t<\/div>\n\t\t\t\t<\/div>\n\t\t\t\t<\/div>\n\t\t\t\t\t<\/div>\n\t\t\t\t<\/div>\n\t\t<div class=\"elementor-element elementor-element-3e0b922 elementor-hidden-tablet elementor-hidden-mobile e-flex e-con-boxed wpr-particle-no wpr-jarallax-no wpr-parallax-no wpr-sticky-section-no e-con e-parent\" data-id=\"3e0b922\" data-element_type=\"container\">\n\t\t\t\t\t<div class=\"e-con-inner\">\n\t\t<div class=\"elementor-element elementor-element-8873681 e-con-full e-flex wpr-particle-no wpr-jarallax-no wpr-parallax-no wpr-sticky-section-no e-con e-child\" data-id=\"8873681\" data-element_type=\"container\">\n\t\t\t\t<div class=\"elementor-element elementor-element-30a6e50 elementor-widget elementor-widget-text-editor\" data-id=\"30a6e50\" data-element_type=\"widget\" data-widget_type=\"text-editor.default\">\n\t\t\t\t<div class=\"elementor-widget-container\">\n\t\t\t\t\t\t\t\t\t<p>La Mission di Progetti Evolutivi<\/p>\t\t\t\t\t\t\t\t<\/div>\n\t\t\t\t<\/div>\n\t\t\t\t<div class=\"elementor-element elementor-element-2899412 elementor-widget elementor-widget-text-editor\" data-id=\"2899412\" data-element_type=\"widget\" data-widget_type=\"text-editor.default\">\n\t\t\t\t<div class=\"elementor-widget-container\">\n\t\t\t\t\t\t\t\t\t<p>Progetti Evolutivi si occupa di <strong>prevenzione, diagnosi e cura<\/strong> dei <strong>disturbi dell\u2019et\u00e0 evolutiva<\/strong> e anche di <strong>perinatalit\u00e0<\/strong>.<\/p><p>Nasce dall\u2019idea di due psicologhe di creare uno spazio in grado di <strong>accogliere le famiglie<\/strong> in un ambiente professionale e confortevole, <strong>prendendole in carico dalla diagnosi alla riabilitazione<\/strong>, o supportandole durante i cambiamenti importanti della vita come l\u2019attesa di un figlio.<\/p><p>Il nostro \u00e8 un team specializzato formato da Psicologi, Psichiatri, Logopedisti, Terapisti, Ostetriche, Tutor DSA e personale di supporto, per fornire i migliori servizi alle famiglie.<\/p><p><strong>La nostra Equipe ha ottenuto l\u2019autorizzazione dalla Regione Lazio a rilasciare certificazioni DSA riconosciuta ai fini legali (DGR 32\/2020).<\/strong><\/p>\t\t\t\t\t\t\t\t<\/div>\n\t\t\t\t<\/div>\n\t\t\t\t<\/div>\n\t\t<div class=\"elementor-element elementor-element-353c1a5 e-con-full e-flex wpr-particle-no wpr-jarallax-no wpr-parallax-no wpr-sticky-section-no e-con e-child\" data-id=\"353c1a5\" data-element_type=\"container\" data-settings=\"{&quot;background_background&quot;:&quot;classic&quot;}\">\n\t\t<div class=\"elementor-element elementor-element-de07dd8 e-con-full e-flex wpr-particle-no wpr-jarallax-no wpr-parallax-no wpr-sticky-section-no e-con e-child\" data-id=\"de07dd8\" data-element_type=\"container\">\n\t\t\t\t<div class=\"elementor-element elementor-element-cbe2ae4 elementor-widget elementor-widget-text-editor\" data-id=\"cbe2ae4\" data-element_type=\"widget\" data-widget_type=\"text-editor.default\">\n\t\t\t\t<div class=\"elementor-widget-container\">\n\t\t\t\t\t\t\t\t\t<p>I nostri servizi<\/p>\t\t\t\t\t\t\t\t<\/div>\n\t\t\t\t<\/div>\n\t\t\t\t<div class=\"elementor-element elementor-element-ae8cf97 elementor-widget elementor-widget-text-editor\" data-id=\"ae8cf97\" data-element_type=\"widget\" data-widget_type=\"text-editor.default\">\n\t\t\t\t<div class=\"elementor-widget-container\">\n\t\t\t\t\t\t\t\t\t<p><em><span style=\"color: #808080;\">Clicca le voci per maggiori informazioni<\/span><\/em><br \/><span style=\"color: #444444;\">\u2022 <a style=\"color: #444444;\" href=\"https:\/\/progettievolutivi.it\/visita-neuropsichiatrica\/\">Visita neuropsichiatrica<\/a><\/span><br \/><span style=\"color: #444444;\">\u2022 <a style=\"color: #444444;\" href=\"https:\/\/progettievolutivi.it\/certificazione-dsa\/\">Certificazione DSA<\/a><\/span><br \/><span style=\"color: #444444;\">\u2022 <a style=\"color: #444444;\" href=\"https:\/\/progettievolutivi.it\/supporto-psicologico\/\">Supporto psicologico<\/a><\/span><br \/><span style=\"color: #444444;\">\u2022 <a style=\"color: #444444;\" href=\"https:\/\/progettievolutivi.it\/logopedia\/\">Logopedia<\/a><\/span><br \/><span style=\"color: #444444;\">\u2022 <a style=\"color: #444444;\" href=\"https:\/\/progettievolutivi.it\/neuropsicomotricita\/\">Neuropsicomotricit\u00e0<\/a><\/span><br \/><span style=\"color: #444444;\">\u2022 <a style=\"color: #444444;\" href=\"https:\/\/progettievolutivi.it\/tutor-dsa\/\">Tutor DSA<\/a><\/span><br \/><span style=\"color: #444444;\">\u2022 <a style=\"color: #444444;\" href=\"https:\/\/progettievolutivi.it\/laboratori-cognitivi\/\">Laboratori cognitivi<\/a><\/span><br \/><span style=\"color: #444444;\">\u2022 <a style=\"color: #444444;\" href=\"https:\/\/progettievolutivi.it\/psicologia-perinatale\/\">Psicologia perinatale<\/a><\/span><br \/><span style=\"color: #444444;\">\u2022 <a style=\"color: #444444;\" href=\"https:\/\/progettievolutivi.it\/parent-training\/\">Parent training<\/a><\/span><\/p>\t\t\t\t\t\t\t\t<\/div>\n\t\t\t\t<\/div>\n\t\t\t\t<\/div>\n\t\t\t\t<\/div>\n\t\t<div class=\"elementor-element elementor-element-7a850c3 e-con-full e-flex wpr-particle-no wpr-jarallax-no wpr-parallax-no wpr-sticky-section-no e-con e-child\" data-id=\"7a850c3\" data-element_type=\"container\">\n\t\t\t\t<div class=\"elementor-element elementor-element-210543e elementor-widget elementor-widget-accordion\" data-id=\"210543e\" data-element_type=\"widget\" data-widget_type=\"accordion.default\">\n\t\t\t\t<div class=\"elementor-widget-container\">\n\t\t\t\t\t\t\t<div class=\"elementor-accordion\">\n\t\t\t\t\t\t\t<div class=\"elementor-accordion-item\">\n\t\t\t\t\t<div id=\"elementor-tab-title-3461\" class=\"elementor-tab-title\" data-tab=\"1\" role=\"button\" aria-controls=\"elementor-tab-content-3461\" aria-expanded=\"false\">\n\t\t\t\t\t\t\t\t\t\t\t\t\t<span class=\"elementor-accordion-icon elementor-accordion-icon-right\" aria-hidden=\"true\">\n\t\t\t\t\t\t\t\t\t\t\t\t\t\t\t<span class=\"elementor-accordion-icon-closed\"><svg class=\"e-font-icon-svg e-far-heart\" viewBox=\"0 0 512 512\" xmlns=\"http:\/\/www.w3.org\/2000\/svg\"><path d=\"M458.4 64.3C400.6 15.7 311.3 23 256 79.3 200.7 23 111.4 15.6 53.6 64.3-21.6 127.6-10.6 230.8 43 285.5l175.4 178.7c10 10.2 23.4 15.9 37.6 15.9 14.3 0 27.6-5.6 37.6-15.8L469 285.6c53.5-54.7 64.7-157.9-10.6-221.3zm-23.6 187.5L259.4 430.5c-2.4 2.4-4.4 2.4-6.8 0L77.2 251.8c-36.5-37.2-43.9-107.6 7.3-150.7 38.9-32.7 98.9-27.8 136.5 10.5l35 35.7 35-35.7c37.8-38.5 97.8-43.2 136.5-10.6 51.1 43.1 43.5 113.9 7.3 150.8z\"><\/path><\/svg><\/span>\n\t\t\t\t\t\t\t\t<span class=\"elementor-accordion-icon-opened\"><svg class=\"e-font-icon-svg e-fas-heart\" viewBox=\"0 0 512 512\" xmlns=\"http:\/\/www.w3.org\/2000\/svg\"><path d=\"M462.3 62.6C407.5 15.9 326 24.3 275.7 76.2L256 96.5l-19.7-20.3C186.1 24.3 104.5 15.9 49.7 62.6c-62.8 53.6-66.1 149.8-9.9 207.9l193.5 199.8c12.5 12.9 32.8 12.9 45.3 0l193.5-199.8c56.3-58.1 53-154.3-9.8-207.9z\"><\/path><\/svg><\/span>\n\t\t\t\t\t\t\t\t\t\t\t\t\t\t<\/span>\n\t\t\t\t\t\t\t\t\t\t\t\t<a class=\"elementor-accordion-title\" tabindex=\"0\">Et\u00e0 evolutiva<\/a>\n\t\t\t\t\t<\/div>\n\t\t\t\t\t<div id=\"elementor-tab-content-3461\" class=\"elementor-tab-content elementor-clearfix\" data-tab=\"1\" role=\"region\" aria-labelledby=\"elementor-tab-title-3461\"><p>Il nostro metodo d\u2019intervento \u00e8 basato sull\u2019evidenza scientifica e personalizzato sul paziente.<\/p><p>Sviluppiamo piani di trattamento che utilizzano una gamma di approcci, combinando terapia riabilitativa con psicoeducazione.<\/p><p>Incoraggiamo e coinvolgiamo attivamente bambini e genitori in ogni fase del percorso di trattamento: ogni bambino \u00e8 unico, e deve essere trattato come tale, indipendentemente dai sintomi o dalla diagnosi che potrebbe avere.<\/p><p>Studieremo per creare il progetto pi\u00f9 adatto a lui, mettendolo a proprio agio e accogliendo le sue necessit\u00e0: \u00e8 fondamentale che si senta al sicuro, supportato e compreso quando parla con un professionista.<\/p><p>In caso di diagnosi di un disturbo dell\u2019et\u00e0 evolutiva o eventuali altre difficolt\u00e0, svilupperemo un piano di trattamento personalizzato e specifico, discutendo insieme le opzioni disponibili, tenendo in considerazione le vostre preferenze ed esigenze. Il trattamento includer\u00e0 un approccio integrato per aiutare il bambino a raggiungere il suo pieno potenziale in termini di senso di benessere e fiducia nelle proprie abilit\u00e0 relazionali e sociali, o rendimento scolastico.<\/p><\/div>\n\t\t\t\t<\/div>\n\t\t\t\t\t\t\t<div class=\"elementor-accordion-item\">\n\t\t\t\t\t<div id=\"elementor-tab-title-3462\" class=\"elementor-tab-title\" data-tab=\"2\" role=\"button\" aria-controls=\"elementor-tab-content-3462\" aria-expanded=\"false\">\n\t\t\t\t\t\t\t\t\t\t\t\t\t<span class=\"elementor-accordion-icon elementor-accordion-icon-right\" aria-hidden=\"true\">\n\t\t\t\t\t\t\t\t\t\t\t\t\t\t\t<span class=\"elementor-accordion-icon-closed\"><svg class=\"e-font-icon-svg e-far-heart\" viewBox=\"0 0 512 512\" xmlns=\"http:\/\/www.w3.org\/2000\/svg\"><path d=\"M458.4 64.3C400.6 15.7 311.3 23 256 79.3 200.7 23 111.4 15.6 53.6 64.3-21.6 127.6-10.6 230.8 43 285.5l175.4 178.7c10 10.2 23.4 15.9 37.6 15.9 14.3 0 27.6-5.6 37.6-15.8L469 285.6c53.5-54.7 64.7-157.9-10.6-221.3zm-23.6 187.5L259.4 430.5c-2.4 2.4-4.4 2.4-6.8 0L77.2 251.8c-36.5-37.2-43.9-107.6 7.3-150.7 38.9-32.7 98.9-27.8 136.5 10.5l35 35.7 35-35.7c37.8-38.5 97.8-43.2 136.5-10.6 51.1 43.1 43.5 113.9 7.3 150.8z\"><\/path><\/svg><\/span>\n\t\t\t\t\t\t\t\t<span class=\"elementor-accordion-icon-opened\"><svg class=\"e-font-icon-svg e-fas-heart\" viewBox=\"0 0 512 512\" xmlns=\"http:\/\/www.w3.org\/2000\/svg\"><path d=\"M462.3 62.6C407.5 15.9 326 24.3 275.7 76.2L256 96.5l-19.7-20.3C186.1 24.3 104.5 15.9 49.7 62.6c-62.8 53.6-66.1 149.8-9.9 207.9l193.5 199.8c12.5 12.9 32.8 12.9 45.3 0l193.5-199.8c56.3-58.1 53-154.3-9.8-207.9z\"><\/path><\/svg><\/span>\n\t\t\t\t\t\t\t\t\t\t\t\t\t\t<\/span>\n\t\t\t\t\t\t\t\t\t\t\t\t<a class=\"elementor-accordion-title\" tabindex=\"0\">Perinatalit\u00e0<\/a>\n\t\t\t\t\t<\/div>\n\t\t\t\t\t<div id=\"elementor-tab-content-3462\" class=\"elementor-tab-content elementor-clearfix\" data-tab=\"2\" role=\"region\" aria-labelledby=\"elementor-tab-title-3462\"><p>L\u2019obiettivo dei progetti legati alla perinatalit\u00e0 \u00e8 quello di accogliere le famiglie affiancandole e sostenendole nel cammino verso una genitorialit\u00e0 consapevole e positiva.<\/p><p>Organizziamo corsi di accompagnamento alla nascita, corsi di massaggio infantile, consulenza professionale sull\u2019allattamento, sostegno alla maternit\u00e0.<\/p><p>Al centro del nostro lavoro c\u2019\u00e8 sempre la famiglia come parte attiva di tutto il processo dalla nascita al il primo anno di vita del bambino.<\/p><p>Partendo dalla convinzione che ogni famiglia deve poter scegliere il percorso migliore per se stessa, con il nostro lavoro la supportiamo attraverso un\u2019adeguata informazione, e la trasmissione di strumenti utili per prepararle a vivere un esperienza positiva di genitorialit\u00e0.<\/p><\/div>\n\t\t\t\t<\/div>\n\t\t\t\t\t\t\t\t<\/div>\n\t\t\t\t\t\t<\/div>\n\t\t\t\t<\/div>\n\t\t<div class=\"elementor-element elementor-element-4ab2b82 e-con-full e-flex wpr-particle-no wpr-jarallax-no wpr-parallax-no wpr-sticky-section-no e-con e-child\" data-id=\"4ab2b82\" data-element_type=\"container\" data-settings=\"{&quot;background_background&quot;:&quot;classic&quot;}\">\n\t\t<div class=\"elementor-element elementor-element-8caa1fc e-con-full e-flex wpr-particle-no wpr-jarallax-no wpr-parallax-no wpr-sticky-section-no e-con e-child\" data-id=\"8caa1fc\" data-element_type=\"container\">\n\t\t\t\t<div class=\"elementor-element elementor-element-c1c57c0 elementor-widget elementor-widget-text-editor\" data-id=\"c1c57c0\" data-element_type=\"widget\" data-widget_type=\"text-editor.default\">\n\t\t\t\t<div class=\"elementor-widget-container\">\n\t\t\t\t\t\t\t\t\t<p>Il nostro team<\/p>\t\t\t\t\t\t\t\t<\/div>\n\t\t\t\t<\/div>\n\t\t\t\t<\/div>\n\t\t<div class=\"elementor-element elementor-element-6508525 e-con-full e-flex wpr-particle-no wpr-jarallax-no wpr-parallax-no wpr-sticky-section-no e-con e-child\" data-id=\"6508525\" data-element_type=\"container\">\n\t\t\t\t<div class=\"elementor-element elementor-element-6db6119 elementor-widget__width-inherit elementor-widget elementor-widget-image\" data-id=\"6db6119\" data-element_type=\"widget\" data-widget_type=\"image.default\">\n\t\t\t\t<div class=\"elementor-widget-container\">\n\t\t\t\t\t\t\t\t\t\t\t\t\t\t\t<img decoding=\"async\" width=\"947\" height=\"1422\" src=\"https:\/\/convenzioni.cralnetwork.it\/assodifesa\/wp-content\/uploads\/sites\/45\/2024\/05\/marcella-cicerchia-e1695743812748.jpg\" class=\"attachment-full size-full wp-image-15122\" alt=\"\" srcset=\"https:\/\/convenzioni.cralnetwork.it\/assodifesa\/wp-content\/uploads\/sites\/45\/2024\/05\/marcella-cicerchia-e1695743812748.jpg 947w, https:\/\/convenzioni.cralnetwork.it\/assodifesa\/wp-content\/uploads\/sites\/45\/2024\/05\/marcella-cicerchia-e1695743812748-480x721.jpg 480w\" sizes=\"(min-width: 0px) and (max-width: 480px) 480px, (min-width: 481px) 947px, 100vw\" \/>\t\t\t\t\t\t\t\t\t\t\t\t\t\t\t<\/div>\n\t\t\t\t<\/div>\n\t\t\t\t<div class=\"elementor-element elementor-element-4e0d5e8 elementor-widget elementor-widget-text-editor\" data-id=\"4e0d5e8\" data-element_type=\"widget\" data-widget_type=\"text-editor.default\">\n\t\t\t\t<div class=\"elementor-widget-container\">\n\t\t\t\t\t\t\t\t\t<p><strong>Marcella Cicerchia<\/strong><br \/>Psicologa psicoterapeuta e pedagogista<\/p>\t\t\t\t\t\t\t\t<\/div>\n\t\t\t\t<\/div>\n\t\t\t\t<div class=\"elementor-element elementor-element-c89e35d elementor-align-center elementor-widget elementor-widget-button\" data-id=\"c89e35d\" data-element_type=\"widget\" data-widget_type=\"button.default\">\n\t\t\t\t<div class=\"elementor-widget-container\">\n\t\t\t\t\t\t\t\t\t<div class=\"elementor-button-wrapper\">\n\t\t\t\t\t<a class=\"elementor-button elementor-button-link elementor-size-sm\" href=\"https:\/\/progettievolutivi.it\/dott-ssa-marcella-cicerchia\/\">\n\t\t\t\t\t\t<span class=\"elementor-button-content-wrapper\">\n\t\t\t\t\t\t\t\t\t<span class=\"elementor-button-text\">Scopri di pi\u00f9<\/span>\n\t\t\t\t\t<\/span>\n\t\t\t\t\t<\/a>\n\t\t\t\t<\/div>\n\t\t\t\t\t\t\t\t<\/div>\n\t\t\t\t<\/div>\n\t\t\t\t<\/div>\n\t\t<div class=\"elementor-element elementor-element-de2454b e-con-full e-flex wpr-particle-no wpr-jarallax-no wpr-parallax-no wpr-sticky-section-no e-con e-child\" data-id=\"de2454b\" data-element_type=\"container\">\n\t\t\t\t<div class=\"elementor-element elementor-element-2364f46 elementor-widget__width-inherit elementor-widget elementor-widget-image\" data-id=\"2364f46\" data-element_type=\"widget\" data-widget_type=\"image.default\">\n\t\t\t\t<div class=\"elementor-widget-container\">\n\t\t\t\t\t\t\t\t\t\t\t\t\t\t\t<img decoding=\"async\" width=\"500\" height=\"751\" src=\"https:\/\/convenzioni.cralnetwork.it\/assodifesa\/wp-content\/uploads\/sites\/45\/2024\/05\/giuliana-sarno.jpg\" class=\"attachment-full size-full wp-image-15124\" alt=\"\" srcset=\"https:\/\/convenzioni.cralnetwork.it\/assodifesa\/wp-content\/uploads\/sites\/45\/2024\/05\/giuliana-sarno.jpg 500w, https:\/\/convenzioni.cralnetwork.it\/assodifesa\/wp-content\/uploads\/sites\/45\/2024\/05\/giuliana-sarno-480x721.jpg 480w\" sizes=\"(min-width: 0px) and (max-width: 480px) 480px, (min-width: 481px) 500px, 100vw\" \/>\t\t\t\t\t\t\t\t\t\t\t\t\t\t\t<\/div>\n\t\t\t\t<\/div>\n\t\t\t\t<div class=\"elementor-element elementor-element-b59bbe9 elementor-widget elementor-widget-text-editor\" data-id=\"b59bbe9\" data-element_type=\"widget\" data-widget_type=\"text-editor.default\">\n\t\t\t\t<div class=\"elementor-widget-container\">\n\t\t\t\t\t\t\t\t\t<p><strong>Giuliana Sarno<\/strong><br \/>Psicologa<\/p>\t\t\t\t\t\t\t\t<\/div>\n\t\t\t\t<\/div>\n\t\t\t\t<div class=\"elementor-element elementor-element-f4d162c elementor-align-center elementor-widget elementor-widget-button\" data-id=\"f4d162c\" data-element_type=\"widget\" data-widget_type=\"button.default\">\n\t\t\t\t<div class=\"elementor-widget-container\">\n\t\t\t\t\t\t\t\t\t<div class=\"elementor-button-wrapper\">\n\t\t\t\t\t<a class=\"elementor-button elementor-button-link elementor-size-sm\" href=\"https:\/\/progettievolutivi.it\/dott-ssa-giuliana-sarno\/\">\n\t\t\t\t\t\t<span class=\"elementor-button-content-wrapper\">\n\t\t\t\t\t\t\t\t\t<span class=\"elementor-button-text\">Scopri di pi\u00f9<\/span>\n\t\t\t\t\t<\/span>\n\t\t\t\t\t<\/a>\n\t\t\t\t<\/div>\n\t\t\t\t\t\t\t\t<\/div>\n\t\t\t\t<\/div>\n\t\t\t\t<\/div>\n\t\t\t\t<\/div>\n\t\t\t\t<\/div>\n\t\t\t\t\t<\/div>\n\t\t\t\t<\/div>\n\t\t\t\t<section class=\"elementor-section elementor-top-section elementor-element elementor-element-727523f0 elementor-section-boxed elementor-section-height-default elementor-section-height-default wpr-particle-no wpr-jarallax-no wpr-parallax-no wpr-sticky-section-no\" data-id=\"727523f0\" data-element_type=\"section\" data-settings=\"{&quot;background_background&quot;:&quot;classic&quot;}\">\n\t\t\t\t\t\t<div class=\"elementor-container elementor-column-gap-default\">\n\t\t\t\t\t<div class=\"elementor-column elementor-col-100 elementor-top-column elementor-element elementor-element-6aac4647\" data-id=\"6aac4647\" data-element_type=\"column\">\n\t\t\t<div class=\"elementor-widget-wrap elementor-element-populated\">\n\t\t\t\t\t\t<div class=\"elementor-element elementor-element-6f20995f elementor-widget elementor-widget-text-editor\" data-id=\"6f20995f\" data-element_type=\"widget\" data-widget_type=\"text-editor.default\">\n\t\t\t\t<div class=\"elementor-widget-container\">\n\t\t\t\t\t\t\t\t\t<p>Agevolazioni riservate agli associati<\/p>\t\t\t\t\t\t\t\t<\/div>\n\t\t\t\t<\/div>\n\t\t\t\t<div class=\"elementor-element elementor-element-7f67ece elementor-align-center elementor-widget elementor-widget-button\" data-id=\"7f67ece\" data-element_type=\"widget\" data-widget_type=\"button.default\">\n\t\t\t\t<div class=\"elementor-widget-container\">\n\t\t\t\t\t\t\t\t\t<div class=\"elementor-button-wrapper\">\n\t\t\t\t\t<a class=\"elementor-button elementor-button-link elementor-size-sm\" href=\"https:\/\/progettievolutivi.it\/#contatti\">\n\t\t\t\t\t\t<span class=\"elementor-button-content-wrapper\">\n\t\t\t\t\t\t\t\t\t<span class=\"elementor-button-text\">Compila il form e Prenota il tuo primo colloquio gratuito<\/span>\n\t\t\t\t\t<\/span>\n\t\t\t\t\t<\/a>\n\t\t\t\t<\/div>\n\t\t\t\t\t\t\t\t<\/div>\n\t\t\t\t<\/div>\n\t\t\t\t\t<\/div>\n\t\t<\/div>\n\t\t\t\t\t<\/div>\n\t\t<\/section>\n\t\t<div class=\"elementor-element elementor-element-b625856 e-flex e-con-boxed wpr-particle-no wpr-jarallax-no wpr-parallax-no wpr-sticky-section-no e-con e-parent\" data-id=\"b625856\" data-element_type=\"container\" data-settings=\"{&quot;background_background&quot;:&quot;classic&quot;}\">\n\t\t\t\t\t<div class=\"e-con-inner\">\n\t\t<div class=\"elementor-element elementor-element-f6b6b91 e-con-full e-flex wpr-particle-no wpr-jarallax-no wpr-parallax-no wpr-sticky-section-no e-con e-child\" data-id=\"f6b6b91\" data-element_type=\"container\" data-settings=\"{&quot;background_background&quot;:&quot;classic&quot;}\">\n\t\t\t\t<div class=\"elementor-element elementor-element-1c69d5d elementor-widget elementor-widget-text-editor\" data-id=\"1c69d5d\" data-element_type=\"widget\" data-widget_type=\"text-editor.default\">\n\t\t\t\t<div class=\"elementor-widget-container\">\n\t\t\t\t\t\t\t\t\t<p>Contatti<\/p>\t\t\t\t\t\t\t\t<\/div>\n\t\t\t\t<\/div>\n\t\t\t\t<div class=\"elementor-element elementor-element-658d519 elementor-widget elementor-widget-text-editor\" data-id=\"658d519\" data-element_type=\"widget\" data-widget_type=\"text-editor.default\">\n\t\t\t\t<div class=\"elementor-widget-container\">\n\t\t\t\t\t\t\t\t\t<p>Il nostro studio si trova a Roma nel quartiere Nuovo Salario\/Prati Fiscali.<br \/>Siamo facilmente raggiungibili dalle zone di Conca D\u2019Oro, Talenti e Monte Sacro. <br \/>Distiamo circa 600m dalla metro B1 JONIO.<\/p><p>Via dei Prati Fiscali, 158 &#8211; 00141 Roma<b><br \/>Cell: <\/b>379 1758050<br \/><strong>Mail: <\/strong><span style=\"color: #eeab58;\"><a style=\"color: #eeab58;\" href=\"mailto:info@progettievolutivi.it\">info@progettievolutivi.it<\/a><\/span><br \/><strong>Sito web: <\/strong><span style=\"color: #eeab58;\"><a style=\"color: #eeab58;\" href=\"https:\/\/progettievolutivi.it\/\">progettievolutivi.it<\/a><\/span><br \/><strong>Lun &#8211; Ven:<\/strong> 9.00 &#8211; 20.00<br \/><strong>Sab:<\/strong> 9.00 &#8211; 13.00<\/p>\t\t\t\t\t\t\t\t<\/div>\n\t\t\t\t<\/div>\n\t\t\t\t<div class=\"elementor-element elementor-element-2e677fe elementor-shape-circle e-grid-align-left elementor-grid-0 elementor-widget elementor-widget-social-icons\" data-id=\"2e677fe\" data-element_type=\"widget\" data-widget_type=\"social-icons.default\">\n\t\t\t\t<div class=\"elementor-widget-container\">\n\t\t\t\t\t\t\t<div class=\"elementor-social-icons-wrapper elementor-grid\" role=\"list\">\n\t\t\t\t\t\t\t<span class=\"elementor-grid-item\" role=\"listitem\">\n\t\t\t\t\t<a class=\"elementor-icon elementor-social-icon elementor-social-icon-facebook elementor-repeater-item-1539373\" href=\"https:\/\/www.facebook.com\/progettievolutivi\" target=\"_blank\">\n\t\t\t\t\t\t<span class=\"elementor-screen-only\">Facebook<\/span>\n\t\t\t\t\t\t<svg aria-hidden=\"true\" class=\"e-font-icon-svg e-fab-facebook\" viewBox=\"0 0 512 512\" xmlns=\"http:\/\/www.w3.org\/2000\/svg\"><path d=\"M504 256C504 119 393 8 256 8S8 119 8 256c0 123.78 90.69 226.38 209.25 245V327.69h-63V256h63v-54.64c0-62.15 37-96.48 93.67-96.48 27.14 0 55.52 4.84 55.52 4.84v61h-31.28c-30.8 0-40.41 19.12-40.41 38.73V256h68.78l-11 71.69h-57.78V501C413.31 482.38 504 379.78 504 256z\"><\/path><\/svg>\t\t\t\t\t<\/a>\n\t\t\t\t<\/span>\n\t\t\t\t\t\t\t<span class=\"elementor-grid-item\" role=\"listitem\">\n\t\t\t\t\t<a class=\"elementor-icon elementor-social-icon elementor-social-icon-instagram elementor-repeater-item-6528d29\" href=\"https:\/\/www.instagram.com\/progettievolutivi\/\" target=\"_blank\">\n\t\t\t\t\t\t<span class=\"elementor-screen-only\">Instagram<\/span>\n\t\t\t\t\t\t<svg aria-hidden=\"true\" class=\"e-font-icon-svg e-fab-instagram\" viewBox=\"0 0 448 512\" xmlns=\"http:\/\/www.w3.org\/2000\/svg\"><path d=\"M224.1 141c-63.6 0-114.9 51.3-114.9 114.9s51.3 114.9 114.9 114.9S339 319.5 339 255.9 287.7 141 224.1 141zm0 189.6c-41.1 0-74.7-33.5-74.7-74.7s33.5-74.7 74.7-74.7 74.7 33.5 74.7 74.7-33.6 74.7-74.7 74.7zm146.4-194.3c0 14.9-12 26.8-26.8 26.8-14.9 0-26.8-12-26.8-26.8s12-26.8 26.8-26.8 26.8 12 26.8 26.8zm76.1 27.2c-1.7-35.9-9.9-67.7-36.2-93.9-26.2-26.2-58-34.4-93.9-36.2-37-2.1-147.9-2.1-184.9 0-35.8 1.7-67.6 9.9-93.9 36.1s-34.4 58-36.2 93.9c-2.1 37-2.1 147.9 0 184.9 1.7 35.9 9.9 67.7 36.2 93.9s58 34.4 93.9 36.2c37 2.1 147.9 2.1 184.9 0 35.9-1.7 67.7-9.9 93.9-36.2 26.2-26.2 34.4-58 36.2-93.9 2.1-37 2.1-147.8 0-184.8zM398.8 388c-7.8 19.6-22.9 34.7-42.6 42.6-29.5 11.7-99.5 9-132.1 9s-102.7 2.6-132.1-9c-19.6-7.8-34.7-22.9-42.6-42.6-11.7-29.5-9-99.5-9-132.1s-2.6-102.7 9-132.1c7.8-19.6 22.9-34.7 42.6-42.6 29.5-11.7 99.5-9 132.1-9s102.7-2.6 132.1 9c19.6 7.8 34.7 22.9 42.6 42.6 11.7 29.5 9 99.5 9 132.1s2.7 102.7-9 132.1z\"><\/path><\/svg>\t\t\t\t\t<\/a>\n\t\t\t\t<\/span>\n\t\t\t\t\t<\/div>\n\t\t\t\t\t\t<\/div>\n\t\t\t\t<\/div>\n\t\t\t\t<div class=\"elementor-element elementor-element-cb800f6 elementor-widget elementor-widget-text-editor\" data-id=\"cb800f6\" data-element_type=\"widget\" data-widget_type=\"text-editor.default\">\n\t\t\t\t<div class=\"elementor-widget-container\">\n\t\t\t\t\t\t\t\t\t<div id=\"gmw-single-location-wrapper-169\" class=\"gmw-element-wrapper gmw-single-location-wrapper gmw-sl-wrapper gmw-sl-single-post-wrapper post \" object_type=\"post\" object_id=\"14909\"  style=\"width:100%\"><div class=\"gmw-sl-map-wrapper gmw-sl-element\"><div id=\"gmw-map-wrapper-169\" class=\"gmw-map-wrapper  sl single_location \" style=\"width:100%;height:300px;\"> <span id=\"gmw-resize-map-toggle-169\" class=\"gmw-resize-map-toggle gmw-icon-resize-full\" style=\"display:none;\" title=\"Resize map\"><\/span> <div id=\"gmw-map-loader-169\" class=\"gmw-map-loader\"><\/div> <div id=\"gmw-map-169\" class=\"gmw-map sl single_location\" style=\"width:100%; height:100%\" data-map_id=\"169\" data-prefix=\"sl\" data-map_type=\"single_location\" data-icons_usage=\"global\"><\/div> <\/div><\/div><\/div>\t\t\t\t\t\t\t\t<\/div>\n\t\t\t\t<\/div>\n\t\t\t\t<\/div>\n\t\t\t\t\t<\/div>\n\t\t\t\t<\/div>\n\t\t\t\t<section class=\"elementor-section elementor-top-section elementor-element elementor-element-6a94bb74 elementor-section-content-middle elementor-hidden-desktop elementor-hidden-tablet elementor-hidden-mobile elementor-section-boxed elementor-section-height-default elementor-section-height-default wpr-particle-no wpr-jarallax-no wpr-parallax-no wpr-sticky-section-no\" data-id=\"6a94bb74\" data-element_type=\"section\" data-settings=\"{&quot;background_background&quot;:&quot;classic&quot;}\">\n\t\t\t\t\t\t<div class=\"elementor-container elementor-column-gap-default\">\n\t\t\t\t\t<div class=\"elementor-column elementor-col-50 elementor-top-column elementor-element elementor-element-61afb052\" data-id=\"61afb052\" data-element_type=\"column\">\n\t\t\t<div class=\"elementor-widget-wrap elementor-element-populated\">\n\t\t\t\t\t\t<div class=\"elementor-element elementor-element-360ceec7 elementor-widget elementor-widget-text-editor\" data-id=\"360ceec7\" data-element_type=\"widget\" data-widget_type=\"text-editor.default\">\n\t\t\t\t<div class=\"elementor-widget-container\">\n\t\t\t\t\t\t\t\t\tContatti\t\t\t\t\t\t\t\t<\/div>\n\t\t\t\t<\/div>\n\t\t\t\t<div class=\"elementor-element elementor-element-55a81d92 elementor-shape-circle e-grid-align-left elementor-grid-0 elementor-widget elementor-widget-social-icons\" data-id=\"55a81d92\" data-element_type=\"widget\" data-widget_type=\"social-icons.default\">\n\t\t\t\t<div class=\"elementor-widget-container\">\n\t\t\t\t\t\t\t<div class=\"elementor-social-icons-wrapper elementor-grid\" role=\"list\">\n\t\t\t\t\t\t\t<span class=\"elementor-grid-item\" role=\"listitem\">\n\t\t\t\t\t<a class=\"elementor-icon elementor-social-icon elementor-social-icon-facebook elementor-repeater-item-1539373\" target=\"_blank\">\n\t\t\t\t\t\t<span class=\"elementor-screen-only\">Facebook<\/span>\n\t\t\t\t\t\t<svg aria-hidden=\"true\" class=\"e-font-icon-svg e-fab-facebook\" viewBox=\"0 0 512 512\" xmlns=\"http:\/\/www.w3.org\/2000\/svg\"><path d=\"M504 256C504 119 393 8 256 8S8 119 8 256c0 123.78 90.69 226.38 209.25 245V327.69h-63V256h63v-54.64c0-62.15 37-96.48 93.67-96.48 27.14 0 55.52 4.84 55.52 4.84v61h-31.28c-30.8 0-40.41 19.12-40.41 38.73V256h68.78l-11 71.69h-57.78V501C413.31 482.38 504 379.78 504 256z\"><\/path><\/svg>\t\t\t\t\t<\/a>\n\t\t\t\t<\/span>\n\t\t\t\t\t\t\t<span class=\"elementor-grid-item\" role=\"listitem\">\n\t\t\t\t\t<a class=\"elementor-icon elementor-social-icon elementor-social-icon-twitter elementor-repeater-item-8913cb9\" target=\"_blank\">\n\t\t\t\t\t\t<span class=\"elementor-screen-only\">Twitter<\/span>\n\t\t\t\t\t\t<svg aria-hidden=\"true\" class=\"e-font-icon-svg e-fab-twitter\" viewBox=\"0 0 512 512\" xmlns=\"http:\/\/www.w3.org\/2000\/svg\"><path d=\"M459.37 151.716c.325 4.548.325 9.097.325 13.645 0 138.72-105.583 298.558-298.558 298.558-59.452 0-114.68-17.219-161.137-47.106 8.447.974 16.568 1.299 25.34 1.299 49.055 0 94.213-16.568 130.274-44.832-46.132-.975-84.792-31.188-98.112-72.772 6.498.974 12.995 1.624 19.818 1.624 9.421 0 18.843-1.3 27.614-3.573-48.081-9.747-84.143-51.98-84.143-102.985v-1.299c13.969 7.797 30.214 12.67 47.431 13.319-28.264-18.843-46.781-51.005-46.781-87.391 0-19.492 5.197-37.36 14.294-52.954 51.655 63.675 129.3 105.258 216.365 109.807-1.624-7.797-2.599-15.918-2.599-24.04 0-57.828 46.782-104.934 104.934-104.934 30.213 0 57.502 12.67 76.67 33.137 23.715-4.548 46.456-13.32 66.599-25.34-7.798 24.366-24.366 44.833-46.132 57.827 21.117-2.273 41.584-8.122 60.426-16.243-14.292 20.791-32.161 39.308-52.628 54.253z\"><\/path><\/svg>\t\t\t\t\t<\/a>\n\t\t\t\t<\/span>\n\t\t\t\t\t\t\t<span class=\"elementor-grid-item\" role=\"listitem\">\n\t\t\t\t\t<a class=\"elementor-icon elementor-social-icon elementor-social-icon-youtube elementor-repeater-item-3255c55\" target=\"_blank\">\n\t\t\t\t\t\t<span class=\"elementor-screen-only\">Youtube<\/span>\n\t\t\t\t\t\t<svg aria-hidden=\"true\" class=\"e-font-icon-svg e-fab-youtube\" viewBox=\"0 0 576 512\" xmlns=\"http:\/\/www.w3.org\/2000\/svg\"><path d=\"M549.655 124.083c-6.281-23.65-24.787-42.276-48.284-48.597C458.781 64 288 64 288 64S117.22 64 74.629 75.486c-23.497 6.322-42.003 24.947-48.284 48.597-11.412 42.867-11.412 132.305-11.412 132.305s0 89.438 11.412 132.305c6.281 23.65 24.787 41.5 48.284 47.821C117.22 448 288 448 288 448s170.78 0 213.371-11.486c23.497-6.321 42.003-24.171 48.284-47.821 11.412-42.867 11.412-132.305 11.412-132.305s0-89.438-11.412-132.305zm-317.51 213.508V175.185l142.739 81.205-142.739 81.201z\"><\/path><\/svg>\t\t\t\t\t<\/a>\n\t\t\t\t<\/span>\n\t\t\t\t\t<\/div>\n\t\t\t\t\t\t<\/div>\n\t\t\t\t<\/div>\n\t\t\t\t\t<\/div>\n\t\t<\/div>\n\t\t\t\t<div class=\"elementor-column elementor-col-50 elementor-top-column elementor-element elementor-element-6fa5d9a9\" data-id=\"6fa5d9a9\" data-element_type=\"column\">\n\t\t\t<div class=\"elementor-widget-wrap elementor-element-populated\">\n\t\t\t\t\t\t<div class=\"elementor-element elementor-element-5b5fc117 elementor-widget elementor-widget-text-editor\" data-id=\"5b5fc117\" data-element_type=\"widget\" data-widget_type=\"text-editor.default\">\n\t\t\t\t<div class=\"elementor-widget-container\">\n\t\t\t\t\t\t\t\t\t<div id=\"gmw-single-location-wrapper-368\" class=\"gmw-element-wrapper gmw-single-location-wrapper gmw-sl-wrapper gmw-sl-single-post-wrapper post \" object_type=\"post\" object_id=\"14909\"  style=\"width:100%\"><div class=\"gmw-sl-map-wrapper gmw-sl-element\"><div id=\"gmw-map-wrapper-368\" class=\"gmw-map-wrapper  sl single_location \" style=\"width:100%;height:300px;\"> <span id=\"gmw-resize-map-toggle-368\" class=\"gmw-resize-map-toggle gmw-icon-resize-full\" style=\"display:none;\" title=\"Resize map\"><\/span> <div id=\"gmw-map-loader-368\" class=\"gmw-map-loader\"><\/div> <div id=\"gmw-map-368\" class=\"gmw-map sl single_location\" style=\"width:100%; height:100%\" data-map_id=\"368\" data-prefix=\"sl\" data-map_type=\"single_location\" data-icons_usage=\"global\"><\/div> <\/div><\/div><\/div>\t\t\t\t\t\t\t\t<\/div>\n\t\t\t\t<\/div>\n\t\t\t\t<div class=\"elementor-element elementor-element-60c06cb4 elementor-widget elementor-widget-text-editor\" data-id=\"60c06cb4\" data-element_type=\"widget\" data-widget_type=\"text-editor.default\">\n\t\t\t\t<div class=\"elementor-widget-container\">\n\t\t\t\t\t\t\t\t\t<p><div id=\"gmw-single-object-locations-wrapper-485\" class=\"gmw-element-wrapper gmw-single-location-wrapper gmw-sl-wrapper gmw-sl-single-post-wrapper post gmw-sl-multiple-locations\" object_type=\"post\" object_id=\"\"  style=\"width:100%\"><div class=\"gmw-sl-map-wrapper\"><div id=\"gmw-map-wrapper-485\" class=\"gmw-map-wrapper  sl single_location \" style=\"width:100%;height:350px;\"> <span id=\"gmw-resize-map-toggle-485\" class=\"gmw-resize-map-toggle gmw-icon-resize-full\" style=\"display:none;\" title=\"Resize map\"><\/span> <div id=\"gmw-map-loader-485\" class=\"gmw-map-loader\"><\/div> <div id=\"gmw-map-485\" class=\"gmw-map sl single_location\" style=\"width:100%; height:100%\" data-map_id=\"485\" data-prefix=\"sl\" data-map_type=\"single_location\" data-icons_usage=\"global\"><\/div> <\/div><\/div><\/div><\/p>\t\t\t\t\t\t\t\t<\/div>\n\t\t\t\t<\/div>\n\t\t\t\t\t<\/div>\n\t\t<\/div>\n\t\t\t\t\t<\/div>\n\t\t<\/section>\n\t\t\t\t<\/div>\n\t\t","protected":false},"excerpt":{"rendered":"<div style=\"display: none;\">\n<p>Progetti Evolutivi si occupa di prevenzione, diagnosi e cura dei disturbi dell\u2019et\u00e0 evolutiva e anche di perinatalit\u00e0.<\/p>\n<p>Nasce dall\u2019idea di due psicologhe di creare uno spazio in grado di accogliere le famiglie in un ambiente professionale e confortevole, prendendole in carico dalla diagnosi alla riabilitazione, o supportandole durante i cambiamenti importanti della vita come l\u2019attesa di un figlio.<\/p>\n<p>Il nostro \u00e8 un team specializzato formato da Psicologi, Psichiatri, Logopedisti, Terapisti, Ostetriche, Tutor DSA e personale di supporto, per fornire i migliori servizi alle famiglie.<\/p>\n<p>La nostra Equipe ha ottenuto l\u2019autorizzazione dalla Regione Lazio a rilasciare certificazioni DSA riconosciuta ai fini legali (DGR 32\/2020).<\/p>\n<p>Progetti Evolutivi si occupa di prevenzione, diagnosi e cura dei disturbi dell\u2019et\u00e0 evolutiva e anche di perinatalit\u00e0.<br \/>\nNasce dall\u2019idea di due psicologhe di creare uno spazio in grado di accogliere le famiglie in un ambiente professionale e confortevole, prendendole in carico dalla diagnosi alla riabilitazione, o supportandole durante i cambiamenti importanti della vita come l\u2019attesa di un figlio.<br \/>\nCome professioniste in primis, ma anche come mamme che vivono il quartiere, quando abbiamo pensato a Progetti Evolutivi volevamo rispondere all\u2019esigenza di trovare uno spazio unico nella zona, in grado di prendere in carico globalmente il paziente e rispondere alle possibili difficolt\u00e0 in ambito evolutivo a cui le famiglie possono andare incontro, fornendo diverse soluzioni in un unico posto.<br \/>\nAbbiamo voluto creare un ambiente sicuro, riservato ed accogliente, fondato su principi di profondo rispetto ed empatia per ogni individuo.<br \/>\nIl nostro \u00e8 un team specializzato formato da Psicologi, Psichiatri, Logopedisti, Terapisti, Ostetriche, Tutor DSA e personale di supporto, per fornire i migliori servizi alle famiglie.<br \/>\nLa nostra Equipe ha ottenuto l\u2019autorizzazione dalla Regione Lazio a rilasciare certificazioni DSA riconosciuta ai fini legali (DGR 32\/2020).<br \/>\nLa sede di Progetti Evolutivi \u00e8 nel cuore di Roma Nord, al centro dei quartieri Montesacro, Nuovo Salario, Conca d\u2019Oro e Talenti, anche facilmente raggiungibile con la Metro B1 (fermata Jonio).<br \/>\nEt\u00e0 evolutiva:<br \/>\nIl nostro metodo d\u2019intervento \u00e8 basato sull\u2019evidenza scientifica e personalizzato sul paziente.<br \/>\nSviluppiamo piani di trattamento che utilizzano una gamma di approcci, combinando terapia riabilitativa con psicoeducazione.<br \/>\nIncoraggiamo e coinvolgiamo attivamente bambini e genitori in ogni fase del percorso di trattamento: ogni bambino \u00e8 unico, e deve essere trattato come tale, indipendentemente dai sintomi o dalla diagnosi che potrebbe avere.<br \/>\nStudieremo per creare il progetto pi\u00f9 adatto a lui, mettendolo a proprio agio e accogliendo le sue necessit\u00e0: \u00e8 fondamentale che si senta al sicuro, supportato e compreso quando parla con un professionista.<br \/>\nIn caso di diagnosi di un disturbo dell\u2019et\u00e0 evolutiva o eventuali altre difficolt\u00e0, svilupperemo un piano di trattamento personalizzato e specifico, discutendo insieme le opzioni disponibili, tenendo in considerazione le vostre preferenze ed esigenze. Il trattamento includer\u00e0 un approccio integrato per aiutare il bambino a raggiungere il suo pieno potenziale in termini di senso di benessere e fiducia nelle proprie abilit\u00e0 relazionali e sociali, o rendimento scolastico.<br \/>\nPerinatalit\u00e0:<br \/>\nL\u2019obiettivo dei progetti legati alla perinatalit\u00e0 \u00e8 quello di accogliere le famiglie affiancandole e sostenendole nel cammino verso una genitorialit\u00e0 consapevole e positiva.<br \/>\nOrganizziamo corsi di accompagnamento alla nascita, corsi di massaggio infantile, consulenza professionale sull\u2019allattamento, sostegno alla maternit\u00e0.<br \/>\nAl centro del nostro lavoro c\u2019\u00e8 sempre la famiglia come parte attiva di tutto il processo dalla nascita al il primo anno di vita del bambino.<br \/>\nPartendo dalla convinzione che ogni famiglia deve poter scegliere il percorso migliore per se stessa, con il nostro lavoro la supportiamo attraverso un\u2019adeguata informazione, e la trasmissione di strumenti utili per prepararle a vivere un esperienza positiva di genitorialit\u00e0.<\/p>\n<p>Primo colloquio gratuito<br \/>\n\u00e8 un incontro informale con la famiglia che ha l\u2019obiettivo di aiutare i genitori ad inquadrare le problematiche che stanno osservando e riscontrando nel proprio figlio.<br \/>\nValutazione diagnostica<br \/>\nattraverso una prima visita specialistica e l\u2019utilizzo di strumenti standardizzati sar\u00e0 delineato un profilo diagnostico ed un eventuale progetto riabilitativo e\/o di sostegno.<br \/>\nProgetto terapeutico<br \/>\nsar\u00e0 affidato ai diversi professionisti (psicologi, logopedisti, psicomotricisti, tutor) in base alle esigenze del progetto terapeutico precedentemente stilato.<\/p>\n<p>visita neuropsichiatrica, certificazione dsa, supporto psicologico, psicoterapia, logopedia, neuropsicomotricit\u00e0, tutor dsa, laboratori cognitivi, psicologia perinatale, parent training, disturbi dell\u2019et\u00e0 evolutiva, riabilitazione psicologica, psicologia, psicologi, psicoterapeuti, terapia riabilitativa, psicoeducazione, visita psicologica,<\/p>\n<p>visita neuropsichiatrica a Roma , certificazione dsa a Roma , supporto psicologico a Roma , psicoterapia a Roma , logopedia a Roma , neuropsicomotricit\u00e0 a Roma , tutor dsa a Roma , laboratori cognitivi a Roma , psicologia perinatale a Roma , parent training a Roma , disturbi dell\u2019et\u00e0 evolutiva a Roma , riabilitazione psicologica a Roma , psicologia a Roma , psicologi a Roma , psicoterapeuti a Roma , terapia riabilitativa a Roma , psicoeducazione a Roma , visita psicologica a Roma ,<\/p>\n<\/div>\n","protected":false},"featured_media":15117,"comment_status":"open","ping_status":"closed","template":"elementor_header_footer","meta":{"_acf_changed":false,"_et_pb_use_builder":"","_et_pb_old_content":"","_et_gb_content_width":""},"product_brand":[],"product_cat":[1454,102,103,26],"product_tag":[1971,1978,1975,1972,1973,1977,1981,195,198,1976,215,218,1979,222,1980,1974,1970,1982],"class_list":{"0":"post-14909","1":"product","2":"type-product","3":"status-publish","4":"has-post-thumbnail","6":"product_cat-logopedisti","7":"product_cat-psicologi","8":"product_cat-psicoterapeuti","9":"product_cat-salute","10":"product_tag-certificazione-dsa","11":"product_tag-disturbi-delleta-evolutiva","12":"product_tag-laboratori-cognitivi","13":"product_tag-logopedia","14":"product_tag-neuropsicomotricita","15":"product_tag-parent-training","16":"product_tag-psicoeducazione","17":"product_tag-psicologi","18":"product_tag-psicologia","19":"product_tag-psicologia-perinatale","20":"product_tag-psicoterapeuti","21":"product_tag-psicoterapia","22":"product_tag-riabilitazione-psicologica","23":"product_tag-supporto-psicologico","24":"product_tag-terapia-riabilitativa","25":"product_tag-tutor-dsa","26":"product_tag-visita-neuropsichiatrica","27":"product_tag-visita-psicologica","29":"first","30":"instock","31":"shipping-taxable","32":"product-type-simple"},"acf":[],"yoast_head":"<!-- This site is optimized with the Yoast SEO plugin v26.4 - https:\/\/yoast.com\/wordpress\/plugins\/seo\/ -->\n<title>Progetti Evolutivi - Assodifesa<\/title>\n<meta name=\"robots\" content=\"index, follow, max-snippet:-1, max-image-preview:large, max-video-preview:-1\" \/>\n<link rel=\"canonical\" href=\"https:\/\/convenzioni.cralnetwork.it\/assodifesa\/prodotto\/progetti-evolutivi\/\" \/>\n<meta property=\"og:locale\" content=\"it_IT\" \/>\n<meta property=\"og:type\" content=\"article\" \/>\n<meta property=\"og:title\" content=\"Progetti Evolutivi - Assodifesa\" \/>\n<meta property=\"og:description\" content=\"Progetti Evolutivi si occupa di prevenzione, diagnosi e cura dei disturbi dell\u2019et\u00e0 evolutiva e anche di perinatalit\u00e0.  Nasce dall\u2019idea di due psicologhe di creare uno spazio in grado di accogliere le famiglie in un ambiente professionale e confortevole, prendendole in carico dalla diagnosi alla riabilitazione, o supportandole durante i cambiamenti importanti della vita come l\u2019attesa di un figlio.  Il nostro \u00e8 un team specializzato formato da Psicologi, Psichiatri, Logopedisti, Terapisti, Ostetriche, Tutor DSA e personale di supporto, per fornire i migliori servizi alle famiglie.  La nostra Equipe ha ottenuto l\u2019autorizzazione dalla Regione Lazio a rilasciare certificazioni DSA riconosciuta ai fini legali (DGR 32\/2020).  Progetti Evolutivi si occupa di prevenzione, diagnosi e cura dei disturbi dell\u2019et\u00e0 evolutiva e anche di perinatalit\u00e0. Nasce dall\u2019idea di due psicologhe di creare uno spazio in grado di accogliere le famiglie in un ambiente professionale e confortevole, prendendole in carico dalla diagnosi alla riabilitazione, o supportandole durante i cambiamenti importanti della vita come l\u2019attesa di un figlio. Come professioniste in primis, ma anche come mamme che vivono il quartiere, quando abbiamo pensato a Progetti Evolutivi volevamo rispondere all\u2019esigenza di trovare uno spazio unico nella zona, in grado di prendere in carico globalmente il paziente e rispondere alle possibili difficolt\u00e0 in ambito evolutivo a cui le famiglie possono andare incontro, fornendo diverse soluzioni in un unico posto. Abbiamo voluto creare un ambiente sicuro, riservato ed accogliente, fondato su principi di profondo rispetto ed empatia per ogni individuo. Il nostro \u00e8 un team specializzato formato da Psicologi, Psichiatri, Logopedisti, Terapisti, Ostetriche, Tutor DSA e personale di supporto, per fornire i migliori servizi alle famiglie. La nostra Equipe ha ottenuto l\u2019autorizzazione dalla Regione Lazio a rilasciare certificazioni DSA riconosciuta ai fini legali (DGR 32\/2020). La sede di Progetti Evolutivi \u00e8 nel cuore di Roma Nord, al centro dei quartieri Montesacro, Nuovo Salario, Conca d\u2019Oro e Talenti, anche facilmente raggiungibile con la Metro B1 (fermata Jonio). Et\u00e0 evolutiva: Il nostro metodo d\u2019intervento \u00e8 basato sull\u2019evidenza scientifica e personalizzato sul paziente. Sviluppiamo piani di trattamento che utilizzano una gamma di approcci, combinando terapia riabilitativa con psicoeducazione. Incoraggiamo e coinvolgiamo attivamente bambini e genitori in ogni fase del percorso di trattamento: ogni bambino \u00e8 unico, e deve essere trattato come tale, indipendentemente dai sintomi o dalla diagnosi che potrebbe avere. Studieremo per creare il progetto pi\u00f9 adatto a lui, mettendolo a proprio agio e accogliendo le sue necessit\u00e0: \u00e8 fondamentale che si senta al sicuro, supportato e compreso quando parla con un professionista. In caso di diagnosi di un disturbo dell\u2019et\u00e0 evolutiva o eventuali altre difficolt\u00e0, svilupperemo un piano di trattamento personalizzato e specifico, discutendo insieme le opzioni disponibili, tenendo in considerazione le vostre preferenze ed esigenze. Il trattamento includer\u00e0 un approccio integrato per aiutare il bambino a raggiungere il suo pieno potenziale in termini di senso di benessere e fiducia nelle proprie abilit\u00e0 relazionali e sociali, o rendimento scolastico. Perinatalit\u00e0: L\u2019obiettivo dei progetti legati alla perinatalit\u00e0 \u00e8 quello di accogliere le famiglie affiancandole e sostenendole nel cammino verso una genitorialit\u00e0 consapevole e positiva. Organizziamo corsi di accompagnamento alla nascita, corsi di massaggio infantile, consulenza professionale sull\u2019allattamento, sostegno alla maternit\u00e0. Al centro del nostro lavoro c\u2019\u00e8 sempre la famiglia come parte attiva di tutto il processo dalla nascita al il primo anno di vita del bambino. Partendo dalla convinzione che ogni famiglia deve poter scegliere il percorso migliore per se stessa, con il nostro lavoro la supportiamo attraverso un\u2019adeguata informazione, e la trasmissione di strumenti utili per prepararle a vivere un esperienza positiva di genitorialit\u00e0.  Primo colloquio gratuito \u00e8 un incontro informale con la famiglia che ha l\u2019obiettivo di aiutare i genitori ad inquadrare le problematiche che stanno osservando e riscontrando nel proprio figlio. Valutazione diagnostica attraverso una prima visita specialistica e l\u2019utilizzo di strumenti standardizzati sar\u00e0 delineato un profilo diagnostico ed un eventuale progetto riabilitativo e\/o di sostegno. Progetto terapeutico sar\u00e0 affidato ai diversi professionisti (psicologi, logopedisti, psicomotricisti, tutor) in base alle esigenze del progetto terapeutico precedentemente stilato.  visita neuropsichiatrica, certificazione dsa, supporto psicologico, psicoterapia, logopedia, neuropsicomotricit\u00e0, tutor dsa, laboratori cognitivi, psicologia perinatale, parent training, disturbi dell\u2019et\u00e0 evolutiva, riabilitazione psicologica, psicologia, psicologi, psicoterapeuti, terapia riabilitativa, psicoeducazione, visita psicologica,  visita neuropsichiatrica a Roma , certificazione dsa a Roma , supporto psicologico a Roma , psicoterapia a Roma , logopedia a Roma , neuropsicomotricit\u00e0 a Roma , tutor dsa a Roma , laboratori cognitivi a Roma , psicologia perinatale a Roma , parent training a Roma , disturbi dell\u2019et\u00e0 evolutiva a Roma , riabilitazione psicologica a Roma , psicologia a Roma , psicologi a Roma , psicoterapeuti a Roma , terapia riabilitativa a Roma , psicoeducazione a Roma , visita psicologica a Roma ,\" \/>\n<meta property=\"og:url\" content=\"https:\/\/convenzioni.cralnetwork.it\/assodifesa\/prodotto\/progetti-evolutivi\/\" \/>\n<meta property=\"og:site_name\" content=\"Assodifesa\" \/>\n<meta property=\"article:modified_time\" content=\"2024-05-22T08:54:32+00:00\" \/>\n<meta property=\"og:image\" content=\"https:\/\/convenzioni.cralnetwork.it\/assodifesa\/wp-content\/uploads\/sites\/45\/2024\/05\/logo_progetti-evolutivi.jpg\" \/>\n\t<meta property=\"og:image:width\" content=\"300\" \/>\n\t<meta property=\"og:image:height\" content=\"300\" \/>\n\t<meta property=\"og:image:type\" content=\"image\/jpeg\" \/>\n<meta name=\"twitter:card\" content=\"summary_large_image\" \/>\n<meta name=\"twitter:label1\" content=\"Tempo di lettura stimato\" \/>\n\t<meta name=\"twitter:data1\" content=\"7 minuti\" \/>\n<script type=\"application\/ld+json\" class=\"yoast-schema-graph\">{\"@context\":\"https:\/\/schema.org\",\"@graph\":[{\"@type\":\"WebPage\",\"@id\":\"https:\/\/convenzioni.cralnetwork.it\/assodifesa\/prodotto\/progetti-evolutivi\/\",\"url\":\"https:\/\/convenzioni.cralnetwork.it\/assodifesa\/prodotto\/progetti-evolutivi\/\",\"name\":\"Progetti Evolutivi - Assodifesa\",\"isPartOf\":{\"@id\":\"https:\/\/convenzioni.cralnetwork.it\/assodifesa\/#website\"},\"primaryImageOfPage\":{\"@id\":\"https:\/\/convenzioni.cralnetwork.it\/assodifesa\/prodotto\/progetti-evolutivi\/#primaryimage\"},\"image\":{\"@id\":\"https:\/\/convenzioni.cralnetwork.it\/assodifesa\/prodotto\/progetti-evolutivi\/#primaryimage\"},\"thumbnailUrl\":\"https:\/\/convenzioni.cralnetwork.it\/assodifesa\/wp-content\/uploads\/sites\/45\/2024\/05\/logo_progetti-evolutivi.jpg\",\"datePublished\":\"2024-05-16T15:53:09+00:00\",\"dateModified\":\"2024-05-22T08:54:32+00:00\",\"breadcrumb\":{\"@id\":\"https:\/\/convenzioni.cralnetwork.it\/assodifesa\/prodotto\/progetti-evolutivi\/#breadcrumb\"},\"inLanguage\":\"it-IT\",\"potentialAction\":[{\"@type\":\"ReadAction\",\"target\":[\"https:\/\/convenzioni.cralnetwork.it\/assodifesa\/prodotto\/progetti-evolutivi\/\"]}]},{\"@type\":\"ImageObject\",\"inLanguage\":\"it-IT\",\"@id\":\"https:\/\/convenzioni.cralnetwork.it\/assodifesa\/prodotto\/progetti-evolutivi\/#primaryimage\",\"url\":\"https:\/\/convenzioni.cralnetwork.it\/assodifesa\/wp-content\/uploads\/sites\/45\/2024\/05\/logo_progetti-evolutivi.jpg\",\"contentUrl\":\"https:\/\/convenzioni.cralnetwork.it\/assodifesa\/wp-content\/uploads\/sites\/45\/2024\/05\/logo_progetti-evolutivi.jpg\",\"width\":300,\"height\":300},{\"@type\":\"BreadcrumbList\",\"@id\":\"https:\/\/convenzioni.cralnetwork.it\/assodifesa\/prodotto\/progetti-evolutivi\/#breadcrumb\",\"itemListElement\":[{\"@type\":\"ListItem\",\"position\":1,\"name\":\"Home\",\"item\":\"https:\/\/convenzioni.cralnetwork.it\/assodifesa\/\"},{\"@type\":\"ListItem\",\"position\":2,\"name\":\"Shop\",\"item\":\"https:\/\/convenzioni.cralnetwork.it\/assodifesa\/negozio\/\"},{\"@type\":\"ListItem\",\"position\":3,\"name\":\"Progetti Evolutivi\"}]},{\"@type\":\"WebSite\",\"@id\":\"https:\/\/convenzioni.cralnetwork.it\/assodifesa\/#website\",\"url\":\"https:\/\/convenzioni.cralnetwork.it\/assodifesa\/\",\"name\":\"Assodifesa\",\"description\":\"Area convenzioni\",\"potentialAction\":[{\"@type\":\"SearchAction\",\"target\":{\"@type\":\"EntryPoint\",\"urlTemplate\":\"https:\/\/convenzioni.cralnetwork.it\/assodifesa\/?s={search_term_string}\"},\"query-input\":{\"@type\":\"PropertyValueSpecification\",\"valueRequired\":true,\"valueName\":\"search_term_string\"}}],\"inLanguage\":\"it-IT\"}]}<\/script>\n<!-- \/ Yoast SEO plugin. -->","yoast_head_json":{"title":"Progetti Evolutivi - Assodifesa","robots":{"index":"index","follow":"follow","max-snippet":"max-snippet:-1","max-image-preview":"max-image-preview:large","max-video-preview":"max-video-preview:-1"},"canonical":"https:\/\/convenzioni.cralnetwork.it\/assodifesa\/prodotto\/progetti-evolutivi\/","og_locale":"it_IT","og_type":"article","og_title":"Progetti Evolutivi - Assodifesa","og_description":"Progetti Evolutivi si occupa di prevenzione, diagnosi e cura dei disturbi dell\u2019et\u00e0 evolutiva e anche di perinatalit\u00e0.  Nasce dall\u2019idea di due psicologhe di creare uno spazio in grado di accogliere le famiglie in un ambiente professionale e confortevole, prendendole in carico dalla diagnosi alla riabilitazione, o supportandole durante i cambiamenti importanti della vita come l\u2019attesa di un figlio.  Il nostro \u00e8 un team specializzato formato da Psicologi, Psichiatri, Logopedisti, Terapisti, Ostetriche, Tutor DSA e personale di supporto, per fornire i migliori servizi alle famiglie.  La nostra Equipe ha ottenuto l\u2019autorizzazione dalla Regione Lazio a rilasciare certificazioni DSA riconosciuta ai fini legali (DGR 32\/2020).  Progetti Evolutivi si occupa di prevenzione, diagnosi e cura dei disturbi dell\u2019et\u00e0 evolutiva e anche di perinatalit\u00e0. Nasce dall\u2019idea di due psicologhe di creare uno spazio in grado di accogliere le famiglie in un ambiente professionale e confortevole, prendendole in carico dalla diagnosi alla riabilitazione, o supportandole durante i cambiamenti importanti della vita come l\u2019attesa di un figlio. Come professioniste in primis, ma anche come mamme che vivono il quartiere, quando abbiamo pensato a Progetti Evolutivi volevamo rispondere all\u2019esigenza di trovare uno spazio unico nella zona, in grado di prendere in carico globalmente il paziente e rispondere alle possibili difficolt\u00e0 in ambito evolutivo a cui le famiglie possono andare incontro, fornendo diverse soluzioni in un unico posto. Abbiamo voluto creare un ambiente sicuro, riservato ed accogliente, fondato su principi di profondo rispetto ed empatia per ogni individuo. Il nostro \u00e8 un team specializzato formato da Psicologi, Psichiatri, Logopedisti, Terapisti, Ostetriche, Tutor DSA e personale di supporto, per fornire i migliori servizi alle famiglie. La nostra Equipe ha ottenuto l\u2019autorizzazione dalla Regione Lazio a rilasciare certificazioni DSA riconosciuta ai fini legali (DGR 32\/2020). La sede di Progetti Evolutivi \u00e8 nel cuore di Roma Nord, al centro dei quartieri Montesacro, Nuovo Salario, Conca d\u2019Oro e Talenti, anche facilmente raggiungibile con la Metro B1 (fermata Jonio). Et\u00e0 evolutiva: Il nostro metodo d\u2019intervento \u00e8 basato sull\u2019evidenza scientifica e personalizzato sul paziente. Sviluppiamo piani di trattamento che utilizzano una gamma di approcci, combinando terapia riabilitativa con psicoeducazione. Incoraggiamo e coinvolgiamo attivamente bambini e genitori in ogni fase del percorso di trattamento: ogni bambino \u00e8 unico, e deve essere trattato come tale, indipendentemente dai sintomi o dalla diagnosi che potrebbe avere. Studieremo per creare il progetto pi\u00f9 adatto a lui, mettendolo a proprio agio e accogliendo le sue necessit\u00e0: \u00e8 fondamentale che si senta al sicuro, supportato e compreso quando parla con un professionista. In caso di diagnosi di un disturbo dell\u2019et\u00e0 evolutiva o eventuali altre difficolt\u00e0, svilupperemo un piano di trattamento personalizzato e specifico, discutendo insieme le opzioni disponibili, tenendo in considerazione le vostre preferenze ed esigenze. Il trattamento includer\u00e0 un approccio integrato per aiutare il bambino a raggiungere il suo pieno potenziale in termini di senso di benessere e fiducia nelle proprie abilit\u00e0 relazionali e sociali, o rendimento scolastico. Perinatalit\u00e0: L\u2019obiettivo dei progetti legati alla perinatalit\u00e0 \u00e8 quello di accogliere le famiglie affiancandole e sostenendole nel cammino verso una genitorialit\u00e0 consapevole e positiva. Organizziamo corsi di accompagnamento alla nascita, corsi di massaggio infantile, consulenza professionale sull\u2019allattamento, sostegno alla maternit\u00e0. Al centro del nostro lavoro c\u2019\u00e8 sempre la famiglia come parte attiva di tutto il processo dalla nascita al il primo anno di vita del bambino. Partendo dalla convinzione che ogni famiglia deve poter scegliere il percorso migliore per se stessa, con il nostro lavoro la supportiamo attraverso un\u2019adeguata informazione, e la trasmissione di strumenti utili per prepararle a vivere un esperienza positiva di genitorialit\u00e0.  Primo colloquio gratuito \u00e8 un incontro informale con la famiglia che ha l\u2019obiettivo di aiutare i genitori ad inquadrare le problematiche che stanno osservando e riscontrando nel proprio figlio. Valutazione diagnostica attraverso una prima visita specialistica e l\u2019utilizzo di strumenti standardizzati sar\u00e0 delineato un profilo diagnostico ed un eventuale progetto riabilitativo e\/o di sostegno. Progetto terapeutico sar\u00e0 affidato ai diversi professionisti (psicologi, logopedisti, psicomotricisti, tutor) in base alle esigenze del progetto terapeutico precedentemente stilato.  visita neuropsichiatrica, certificazione dsa, supporto psicologico, psicoterapia, logopedia, neuropsicomotricit\u00e0, tutor dsa, laboratori cognitivi, psicologia perinatale, parent training, disturbi dell\u2019et\u00e0 evolutiva, riabilitazione psicologica, psicologia, psicologi, psicoterapeuti, terapia riabilitativa, psicoeducazione, visita psicologica,  visita neuropsichiatrica a Roma , certificazione dsa a Roma , supporto psicologico a Roma , psicoterapia a Roma , logopedia a Roma , neuropsicomotricit\u00e0 a Roma , tutor dsa a Roma , laboratori cognitivi a Roma , psicologia perinatale a Roma , parent training a Roma , disturbi dell\u2019et\u00e0 evolutiva a Roma , riabilitazione psicologica a Roma , psicologia a Roma , psicologi a Roma , psicoterapeuti a Roma , terapia riabilitativa a Roma , psicoeducazione a Roma , visita psicologica a Roma ,","og_url":"https:\/\/convenzioni.cralnetwork.it\/assodifesa\/prodotto\/progetti-evolutivi\/","og_site_name":"Assodifesa","article_modified_time":"2024-05-22T08:54:32+00:00","og_image":[{"width":300,"height":300,"url":"https:\/\/convenzioni.cralnetwork.it\/assodifesa\/wp-content\/uploads\/sites\/45\/2024\/05\/logo_progetti-evolutivi.jpg","type":"image\/jpeg"}],"twitter_card":"summary_large_image","twitter_misc":{"Tempo di lettura stimato":"7 minuti"},"schema":{"@context":"https:\/\/schema.org","@graph":[{"@type":"WebPage","@id":"https:\/\/convenzioni.cralnetwork.it\/assodifesa\/prodotto\/progetti-evolutivi\/","url":"https:\/\/convenzioni.cralnetwork.it\/assodifesa\/prodotto\/progetti-evolutivi\/","name":"Progetti Evolutivi - Assodifesa","isPartOf":{"@id":"https:\/\/convenzioni.cralnetwork.it\/assodifesa\/#website"},"primaryImageOfPage":{"@id":"https:\/\/convenzioni.cralnetwork.it\/assodifesa\/prodotto\/progetti-evolutivi\/#primaryimage"},"image":{"@id":"https:\/\/convenzioni.cralnetwork.it\/assodifesa\/prodotto\/progetti-evolutivi\/#primaryimage"},"thumbnailUrl":"https:\/\/convenzioni.cralnetwork.it\/assodifesa\/wp-content\/uploads\/sites\/45\/2024\/05\/logo_progetti-evolutivi.jpg","datePublished":"2024-05-16T15:53:09+00:00","dateModified":"2024-05-22T08:54:32+00:00","breadcrumb":{"@id":"https:\/\/convenzioni.cralnetwork.it\/assodifesa\/prodotto\/progetti-evolutivi\/#breadcrumb"},"inLanguage":"it-IT","potentialAction":[{"@type":"ReadAction","target":["https:\/\/convenzioni.cralnetwork.it\/assodifesa\/prodotto\/progetti-evolutivi\/"]}]},{"@type":"ImageObject","inLanguage":"it-IT","@id":"https:\/\/convenzioni.cralnetwork.it\/assodifesa\/prodotto\/progetti-evolutivi\/#primaryimage","url":"https:\/\/convenzioni.cralnetwork.it\/assodifesa\/wp-content\/uploads\/sites\/45\/2024\/05\/logo_progetti-evolutivi.jpg","contentUrl":"https:\/\/convenzioni.cralnetwork.it\/assodifesa\/wp-content\/uploads\/sites\/45\/2024\/05\/logo_progetti-evolutivi.jpg","width":300,"height":300},{"@type":"BreadcrumbList","@id":"https:\/\/convenzioni.cralnetwork.it\/assodifesa\/prodotto\/progetti-evolutivi\/#breadcrumb","itemListElement":[{"@type":"ListItem","position":1,"name":"Home","item":"https:\/\/convenzioni.cralnetwork.it\/assodifesa\/"},{"@type":"ListItem","position":2,"name":"Shop","item":"https:\/\/convenzioni.cralnetwork.it\/assodifesa\/negozio\/"},{"@type":"ListItem","position":3,"name":"Progetti Evolutivi"}]},{"@type":"WebSite","@id":"https:\/\/convenzioni.cralnetwork.it\/assodifesa\/#website","url":"https:\/\/convenzioni.cralnetwork.it\/assodifesa\/","name":"Assodifesa","description":"Area convenzioni","potentialAction":[{"@type":"SearchAction","target":{"@type":"EntryPoint","urlTemplate":"https:\/\/convenzioni.cralnetwork.it\/assodifesa\/?s={search_term_string}"},"query-input":{"@type":"PropertyValueSpecification","valueRequired":true,"valueName":"search_term_string"}}],"inLanguage":"it-IT"}]}},"publishpress_future_workflow_manual_trigger":{"enabledWorkflows":[]},"_links":{"self":[{"href":"https:\/\/convenzioni.cralnetwork.it\/assodifesa\/wp-json\/wp\/v2\/product\/14909","targetHints":{"allow":["GET"]}}],"collection":[{"href":"https:\/\/convenzioni.cralnetwork.it\/assodifesa\/wp-json\/wp\/v2\/product"}],"about":[{"href":"https:\/\/convenzioni.cralnetwork.it\/assodifesa\/wp-json\/wp\/v2\/types\/product"}],"replies":[{"embeddable":true,"href":"https:\/\/convenzioni.cralnetwork.it\/assodifesa\/wp-json\/wp\/v2\/comments?post=14909"}],"version-history":[{"count":133,"href":"https:\/\/convenzioni.cralnetwork.it\/assodifesa\/wp-json\/wp\/v2\/product\/14909\/revisions"}],"predecessor-version":[{"id":15513,"href":"https:\/\/convenzioni.cralnetwork.it\/assodifesa\/wp-json\/wp\/v2\/product\/14909\/revisions\/15513"}],"wp:featuredmedia":[{"embeddable":true,"href":"https:\/\/convenzioni.cralnetwork.it\/assodifesa\/wp-json\/wp\/v2\/media\/15117"}],"wp:attachment":[{"href":"https:\/\/convenzioni.cralnetwork.it\/assodifesa\/wp-json\/wp\/v2\/media?parent=14909"}],"wp:term":[{"taxonomy":"product_brand","embeddable":true,"href":"https:\/\/convenzioni.cralnetwork.it\/assodifesa\/wp-json\/wp\/v2\/product_brand?post=14909"},{"taxonomy":"product_cat","embeddable":true,"href":"https:\/\/convenzioni.cralnetwork.it\/assodifesa\/wp-json\/wp\/v2\/product_cat?post=14909"},{"taxonomy":"product_tag","embeddable":true,"href":"https:\/\/convenzioni.cralnetwork.it\/assodifesa\/wp-json\/wp\/v2\/product_tag?post=14909"}],"curies":[{"name":"wp","href":"https:\/\/api.w.org\/{rel}","templated":true}]}}