{"id":10045,"date":"2024-04-09T10:01:45","date_gmt":"2024-04-09T08:01:45","guid":{"rendered":"https:\/\/convenzioni.cralnetwork.it\/assodifesa\/?post_type=product&#038;p=10045"},"modified":"2024-07-08T09:49:52","modified_gmt":"2024-07-08T07:49:52","slug":"studio-legale-ius-lawyers","status":"publish","type":"product","link":"https:\/\/convenzioni.cralnetwork.it\/assodifesa\/prodotto\/studio-legale-ius-lawyers\/","title":{"rendered":"Studio Legale Ius &#038; Lawyers"},"content":{"rendered":"\t\t<div data-elementor-type=\"wp-post\" data-elementor-id=\"10045\" class=\"elementor elementor-10045\">\n\t\t\t\t<div class=\"elementor-element elementor-element-79b3cc5 e-flex e-con-boxed wpr-particle-no wpr-jarallax-no wpr-parallax-no wpr-sticky-section-no e-con e-parent\" data-id=\"79b3cc5\" data-element_type=\"container\" data-settings=\"{&quot;background_background&quot;:&quot;classic&quot;}\">\n\t\t\t\t\t<div class=\"e-con-inner\">\n\t\t\t\t<div class=\"elementor-element elementor-element-c28869e elementor-widget elementor-widget-image\" data-id=\"c28869e\" data-element_type=\"widget\" data-widget_type=\"image.default\">\n\t\t\t\t<div class=\"elementor-widget-container\">\n\t\t\t\t\t\t\t\t\t\t\t\t\t\t\t<img fetchpriority=\"high\" fetchpriority=\"high\" decoding=\"async\" width=\"881\" height=\"164\" src=\"https:\/\/convenzioni.cralnetwork.it\/assodifesa\/wp-content\/uploads\/sites\/45\/2024\/04\/Logo-IL_oriz.png\" class=\"attachment-large size-large wp-image-10068\" alt=\"\" srcset=\"https:\/\/convenzioni.cralnetwork.it\/assodifesa\/wp-content\/uploads\/sites\/45\/2024\/04\/Logo-IL_oriz.png 881w, https:\/\/convenzioni.cralnetwork.it\/assodifesa\/wp-content\/uploads\/sites\/45\/2024\/04\/Logo-IL_oriz-480x89.png 480w\" sizes=\"(min-width: 0px) and (max-width: 480px) 480px, (min-width: 481px) 881px, 100vw\" \/>\t\t\t\t\t\t\t\t\t\t\t\t\t\t\t<\/div>\n\t\t\t\t<\/div>\n\t\t\t\t<div class=\"elementor-element elementor-element-3832494 elementor-widget__width-initial elementor-widget-tablet__width-inherit elementor-widget elementor-widget-text-editor\" data-id=\"3832494\" data-element_type=\"widget\" data-widget_type=\"text-editor.default\">\n\t\t\t\t<div class=\"elementor-widget-container\">\n\t\t\t\t\t\t\t\t\t<p>Crediamo nel lavoro di squadra, nella dedizione al \u201ccaso\u201d, nello studio e nell\u2019approfondimento di ogni singola questione. Dietro ogni vicenda giuridica ci sono persone da tutelare.<\/p>\t\t\t\t\t\t\t\t<\/div>\n\t\t\t\t<\/div>\n\t\t\t\t\t<\/div>\n\t\t\t\t<\/div>\n\t\t<div class=\"elementor-element elementor-element-f0a29f2 elementor-hidden-tablet elementor-hidden-mobile e-flex e-con-boxed wpr-particle-no wpr-jarallax-no wpr-parallax-no wpr-sticky-section-no e-con e-parent\" data-id=\"f0a29f2\" data-element_type=\"container\" data-settings=\"{&quot;background_background&quot;:&quot;classic&quot;}\">\n\t\t\t\t\t<div class=\"e-con-inner\">\n\t\t<div class=\"elementor-element elementor-element-52499ea e-con-full e-flex wpr-particle-no wpr-jarallax-no wpr-parallax-no wpr-sticky-section-no e-con e-child\" data-id=\"52499ea\" data-element_type=\"container\">\n\t\t\t\t<div class=\"elementor-element elementor-element-7d6cefb elementor-widget elementor-widget-image\" data-id=\"7d6cefb\" data-element_type=\"widget\" data-widget_type=\"image.default\">\n\t\t\t\t<div class=\"elementor-widget-container\">\n\t\t\t\t\t\t\t\t\t\t\t\t\t\t\t<img decoding=\"async\" width=\"768\" height=\"768\" src=\"https:\/\/convenzioni.cralnetwork.it\/assodifesa\/wp-content\/uploads\/sites\/45\/2024\/04\/federico-fusca.jpg\" class=\"attachment-large size-large wp-image-10222\" alt=\"\" srcset=\"https:\/\/convenzioni.cralnetwork.it\/assodifesa\/wp-content\/uploads\/sites\/45\/2024\/04\/federico-fusca.jpg 768w, https:\/\/convenzioni.cralnetwork.it\/assodifesa\/wp-content\/uploads\/sites\/45\/2024\/04\/federico-fusca-480x480.jpg 480w\" sizes=\"(min-width: 0px) and (max-width: 480px) 480px, (min-width: 481px) 768px, 100vw\" \/>\t\t\t\t\t\t\t\t\t\t\t\t\t\t\t<\/div>\n\t\t\t\t<\/div>\n\t\t\t\t<div class=\"elementor-element elementor-element-eec45f8 elementor-widget elementor-widget-text-editor\" data-id=\"eec45f8\" data-element_type=\"widget\" data-widget_type=\"text-editor.default\">\n\t\t\t\t<div class=\"elementor-widget-container\">\n\t\t\t\t\t\t\t\t\tFederico Fusc\u00e0\t\t\t\t\t\t\t\t<\/div>\n\t\t\t\t<\/div>\n\t\t\t\t<\/div>\n\t\t<div class=\"elementor-element elementor-element-c3a800a e-con-full e-flex wpr-particle-no wpr-jarallax-no wpr-parallax-no wpr-sticky-section-no e-con e-child\" data-id=\"c3a800a\" data-element_type=\"container\">\n\t\t\t\t<div class=\"elementor-element elementor-element-65a2609 elementor-widget elementor-widget-image\" data-id=\"65a2609\" data-element_type=\"widget\" data-widget_type=\"image.default\">\n\t\t\t\t<div class=\"elementor-widget-container\">\n\t\t\t\t\t\t\t\t\t\t\t\t\t\t\t<img decoding=\"async\" width=\"768\" height=\"768\" src=\"https:\/\/convenzioni.cralnetwork.it\/assodifesa\/wp-content\/uploads\/sites\/45\/2024\/04\/emanuela_santilli.jpg\" class=\"attachment-large size-large wp-image-10225\" alt=\"\" srcset=\"https:\/\/convenzioni.cralnetwork.it\/assodifesa\/wp-content\/uploads\/sites\/45\/2024\/04\/emanuela_santilli.jpg 768w, https:\/\/convenzioni.cralnetwork.it\/assodifesa\/wp-content\/uploads\/sites\/45\/2024\/04\/emanuela_santilli-480x480.jpg 480w\" sizes=\"(min-width: 0px) and (max-width: 480px) 480px, (min-width: 481px) 768px, 100vw\" \/>\t\t\t\t\t\t\t\t\t\t\t\t\t\t\t<\/div>\n\t\t\t\t<\/div>\n\t\t\t\t<div class=\"elementor-element elementor-element-a7b8640 elementor-widget elementor-widget-text-editor\" data-id=\"a7b8640\" data-element_type=\"widget\" data-widget_type=\"text-editor.default\">\n\t\t\t\t<div class=\"elementor-widget-container\">\n\t\t\t\t\t\t\t\t\tEmanuela Santilli\t\t\t\t\t\t\t\t<\/div>\n\t\t\t\t<\/div>\n\t\t\t\t<\/div>\n\t\t<div class=\"elementor-element elementor-element-3fc5fce e-con-full e-flex wpr-particle-no wpr-jarallax-no wpr-parallax-no wpr-sticky-section-no e-con e-child\" data-id=\"3fc5fce\" data-element_type=\"container\">\n\t\t\t\t<div class=\"elementor-element elementor-element-27554f8 elementor-widget elementor-widget-image\" data-id=\"27554f8\" data-element_type=\"widget\" data-widget_type=\"image.default\">\n\t\t\t\t<div class=\"elementor-widget-container\">\n\t\t\t\t\t\t\t\t\t\t\t\t\t\t\t<img loading=\"lazy\" loading=\"lazy\" decoding=\"async\" width=\"768\" height=\"768\" src=\"https:\/\/convenzioni.cralnetwork.it\/assodifesa\/wp-content\/uploads\/sites\/45\/2024\/04\/martina_bruschini.jpg\" class=\"attachment-large size-large wp-image-10226\" alt=\"\" srcset=\"https:\/\/convenzioni.cralnetwork.it\/assodifesa\/wp-content\/uploads\/sites\/45\/2024\/04\/martina_bruschini.jpg 768w, https:\/\/convenzioni.cralnetwork.it\/assodifesa\/wp-content\/uploads\/sites\/45\/2024\/04\/martina_bruschini-480x480.jpg 480w\" sizes=\"auto, (min-width: 0px) and (max-width: 480px) 480px, (min-width: 481px) 768px, 100vw\" \/>\t\t\t\t\t\t\t\t\t\t\t\t\t\t\t<\/div>\n\t\t\t\t<\/div>\n\t\t\t\t<div class=\"elementor-element elementor-element-1b01660 elementor-widget elementor-widget-text-editor\" data-id=\"1b01660\" data-element_type=\"widget\" data-widget_type=\"text-editor.default\">\n\t\t\t\t<div class=\"elementor-widget-container\">\n\t\t\t\t\t\t\t\t\tMartina Bruschini\t\t\t\t\t\t\t\t<\/div>\n\t\t\t\t<\/div>\n\t\t\t\t<\/div>\n\t\t\t\t\t<\/div>\n\t\t\t\t<\/div>\n\t\t<div class=\"elementor-element elementor-element-dc3d6d7 elementor-hidden-desktop e-flex e-con-boxed wpr-particle-no wpr-jarallax-no wpr-parallax-no wpr-sticky-section-no e-con e-parent\" data-id=\"dc3d6d7\" data-element_type=\"container\" data-settings=\"{&quot;background_background&quot;:&quot;classic&quot;}\">\n\t\t\t\t\t<div class=\"e-con-inner\">\n\t\t<div class=\"elementor-element elementor-element-9ec875d e-con-full e-flex wpr-particle-no wpr-jarallax-no wpr-parallax-no wpr-sticky-section-no e-con e-child\" data-id=\"9ec875d\" data-element_type=\"container\">\n\t\t\t\t<div class=\"elementor-element elementor-element-9a312fb elementor-widget elementor-widget-image\" data-id=\"9a312fb\" data-element_type=\"widget\" data-widget_type=\"image.default\">\n\t\t\t\t<div class=\"elementor-widget-container\">\n\t\t\t\t\t\t\t\t\t\t\t\t\t\t\t<img decoding=\"async\" width=\"768\" height=\"768\" src=\"https:\/\/convenzioni.cralnetwork.it\/assodifesa\/wp-content\/uploads\/sites\/45\/2024\/04\/federico-fusca.jpg\" class=\"attachment-large size-large wp-image-10222\" alt=\"\" srcset=\"https:\/\/convenzioni.cralnetwork.it\/assodifesa\/wp-content\/uploads\/sites\/45\/2024\/04\/federico-fusca.jpg 768w, https:\/\/convenzioni.cralnetwork.it\/assodifesa\/wp-content\/uploads\/sites\/45\/2024\/04\/federico-fusca-480x480.jpg 480w\" sizes=\"(min-width: 0px) and (max-width: 480px) 480px, (min-width: 481px) 768px, 100vw\" \/>\t\t\t\t\t\t\t\t\t\t\t\t\t\t\t<\/div>\n\t\t\t\t<\/div>\n\t\t\t\t<div class=\"elementor-element elementor-element-3383966 elementor-widget elementor-widget-text-editor\" data-id=\"3383966\" data-element_type=\"widget\" data-widget_type=\"text-editor.default\">\n\t\t\t\t<div class=\"elementor-widget-container\">\n\t\t\t\t\t\t\t\t\t<p>Federico<br \/>Fusc\u00e0<\/p>\t\t\t\t\t\t\t\t<\/div>\n\t\t\t\t<\/div>\n\t\t\t\t<\/div>\n\t\t<div class=\"elementor-element elementor-element-19a5c56 e-con-full e-flex wpr-particle-no wpr-jarallax-no wpr-parallax-no wpr-sticky-section-no e-con e-child\" data-id=\"19a5c56\" data-element_type=\"container\">\n\t\t\t\t<div class=\"elementor-element elementor-element-1c241e6 elementor-widget elementor-widget-image\" data-id=\"1c241e6\" data-element_type=\"widget\" data-widget_type=\"image.default\">\n\t\t\t\t<div class=\"elementor-widget-container\">\n\t\t\t\t\t\t\t\t\t\t\t\t\t\t\t<img decoding=\"async\" width=\"768\" height=\"768\" src=\"https:\/\/convenzioni.cralnetwork.it\/assodifesa\/wp-content\/uploads\/sites\/45\/2024\/04\/emanuela_santilli.jpg\" class=\"attachment-large size-large wp-image-10225\" alt=\"\" srcset=\"https:\/\/convenzioni.cralnetwork.it\/assodifesa\/wp-content\/uploads\/sites\/45\/2024\/04\/emanuela_santilli.jpg 768w, https:\/\/convenzioni.cralnetwork.it\/assodifesa\/wp-content\/uploads\/sites\/45\/2024\/04\/emanuela_santilli-480x480.jpg 480w\" sizes=\"(min-width: 0px) and (max-width: 480px) 480px, (min-width: 481px) 768px, 100vw\" \/>\t\t\t\t\t\t\t\t\t\t\t\t\t\t\t<\/div>\n\t\t\t\t<\/div>\n\t\t\t\t<div class=\"elementor-element elementor-element-71ee18e elementor-widget elementor-widget-text-editor\" data-id=\"71ee18e\" data-element_type=\"widget\" data-widget_type=\"text-editor.default\">\n\t\t\t\t<div class=\"elementor-widget-container\">\n\t\t\t\t\t\t\t\t\tEmanuela Santilli\t\t\t\t\t\t\t\t<\/div>\n\t\t\t\t<\/div>\n\t\t\t\t<\/div>\n\t\t<div class=\"elementor-element elementor-element-c0c8355 e-con-full e-flex wpr-particle-no wpr-jarallax-no wpr-parallax-no wpr-sticky-section-no e-con e-child\" data-id=\"c0c8355\" data-element_type=\"container\">\n\t\t\t\t<div class=\"elementor-element elementor-element-545833c elementor-widget elementor-widget-image\" data-id=\"545833c\" data-element_type=\"widget\" data-widget_type=\"image.default\">\n\t\t\t\t<div class=\"elementor-widget-container\">\n\t\t\t\t\t\t\t\t\t\t\t\t\t\t\t<img loading=\"lazy\" loading=\"lazy\" decoding=\"async\" width=\"768\" height=\"768\" src=\"https:\/\/convenzioni.cralnetwork.it\/assodifesa\/wp-content\/uploads\/sites\/45\/2024\/04\/martina_bruschini.jpg\" class=\"attachment-large size-large wp-image-10226\" alt=\"\" srcset=\"https:\/\/convenzioni.cralnetwork.it\/assodifesa\/wp-content\/uploads\/sites\/45\/2024\/04\/martina_bruschini.jpg 768w, https:\/\/convenzioni.cralnetwork.it\/assodifesa\/wp-content\/uploads\/sites\/45\/2024\/04\/martina_bruschini-480x480.jpg 480w\" sizes=\"auto, (min-width: 0px) and (max-width: 480px) 480px, (min-width: 481px) 768px, 100vw\" \/>\t\t\t\t\t\t\t\t\t\t\t\t\t\t\t<\/div>\n\t\t\t\t<\/div>\n\t\t\t\t<div class=\"elementor-element elementor-element-898ffa3 elementor-widget elementor-widget-text-editor\" data-id=\"898ffa3\" data-element_type=\"widget\" data-widget_type=\"text-editor.default\">\n\t\t\t\t<div class=\"elementor-widget-container\">\n\t\t\t\t\t\t\t\t\tMartina Bruschini\t\t\t\t\t\t\t\t<\/div>\n\t\t\t\t<\/div>\n\t\t\t\t<\/div>\n\t\t\t\t\t<\/div>\n\t\t\t\t<\/div>\n\t\t<div class=\"elementor-element elementor-element-f673794 elementor-hidden-tablet elementor-hidden-mobile e-flex e-con-boxed wpr-particle-no wpr-jarallax-no wpr-parallax-no wpr-sticky-section-no e-con e-parent\" data-id=\"f673794\" data-element_type=\"container\" data-settings=\"{&quot;background_background&quot;:&quot;classic&quot;}\">\n\t\t\t\t\t<div class=\"e-con-inner\">\n\t\t<div class=\"elementor-element elementor-element-60fb788 e-con-full e-flex wpr-particle-no wpr-jarallax-no wpr-parallax-no wpr-sticky-section-no e-con e-child\" data-id=\"60fb788\" data-element_type=\"container\">\n\t\t\t\t<div class=\"elementor-element elementor-element-79c075d elementor-widget elementor-widget-text-editor\" data-id=\"79c075d\" data-element_type=\"widget\" data-widget_type=\"text-editor.default\">\n\t\t\t\t<div class=\"elementor-widget-container\">\n\t\t\t\t\t\t\t\t\t<p>Passione &amp; Sinergia<\/p>\t\t\t\t\t\t\t\t<\/div>\n\t\t\t\t<\/div>\n\t\t\t\t<div class=\"elementor-element elementor-element-210bea7 elementor-widget elementor-widget-text-editor\" data-id=\"210bea7\" data-element_type=\"widget\" data-widget_type=\"text-editor.default\">\n\t\t\t\t<div class=\"elementor-widget-container\">\n\t\t\t\t\t\t\t\t\t<p>Gli avvocati Emanuela Santilli e Federico Fusc\u00e0: tre differenti formazioni accomunate dalla stessa passione per il diritto.<br \/>La sinergia nasce dalla voglia di mettere assieme competenze diversificate in modo da fornire al cliente un&#8217;assistenza personalizzata in vaste aree dell&#8217;assistenza legale.<\/p>\t\t\t\t\t\t\t\t<\/div>\n\t\t\t\t<\/div>\n\t\t\t\t<\/div>\n\t\t<div class=\"elementor-element elementor-element-02c82ab e-con-full e-flex wpr-particle-no wpr-jarallax-no wpr-parallax-no wpr-sticky-section-no e-con e-child\" data-id=\"02c82ab\" data-element_type=\"container\">\n\t\t\t\t<\/div>\n\t\t\t\t\t<\/div>\n\t\t\t\t<\/div>\n\t\t<div class=\"elementor-element elementor-element-3fb9696 elementor-hidden-tablet elementor-hidden-mobile e-flex e-con-boxed wpr-particle-no wpr-jarallax-no wpr-parallax-no wpr-sticky-section-no e-con e-parent\" data-id=\"3fb9696\" data-element_type=\"container\">\n\t\t\t\t\t<div class=\"e-con-inner\">\n\t\t<div class=\"elementor-element elementor-element-91b420b e-con-full e-flex wpr-particle-no wpr-jarallax-no wpr-parallax-no wpr-sticky-section-no e-con e-child\" data-id=\"91b420b\" data-element_type=\"container\" data-settings=\"{&quot;background_background&quot;:&quot;classic&quot;}\">\n\t\t\t\t<div class=\"elementor-element elementor-element-a38887a elementor-position-top elementor-widget elementor-widget-image-box\" data-id=\"a38887a\" data-element_type=\"widget\" data-widget_type=\"image-box.default\">\n\t\t\t\t<div class=\"elementor-widget-container\">\n\t\t\t\t\t<div class=\"elementor-image-box-wrapper\"><figure class=\"elementor-image-box-img\"><img loading=\"lazy\" loading=\"lazy\" decoding=\"async\" width=\"500\" height=\"500\" src=\"https:\/\/convenzioni.cralnetwork.it\/assodifesa\/wp-content\/uploads\/sites\/45\/2024\/04\/icona-1-1.png\" class=\"attachment-full size-full wp-image-10082\" alt=\"\" srcset=\"https:\/\/convenzioni.cralnetwork.it\/assodifesa\/wp-content\/uploads\/sites\/45\/2024\/04\/icona-1-1.png 500w, https:\/\/convenzioni.cralnetwork.it\/assodifesa\/wp-content\/uploads\/sites\/45\/2024\/04\/icona-1-1-480x480.png 480w\" sizes=\"auto, (min-width: 0px) and (max-width: 480px) 480px, (min-width: 481px) 500px, 100vw\" \/><\/figure><div class=\"elementor-image-box-content\"><h3 class=\"elementor-image-box-title\">Professionalit\u00e0<\/h3><p class=\"elementor-image-box-description\">L'Efficienza deve accompagnarsi alla competenza. Questo \u00e8, secondo noi, il significato intimo di professionalit\u00e0.<\/p><\/div><\/div>\t\t\t\t<\/div>\n\t\t\t\t<\/div>\n\t\t\t\t<\/div>\n\t\t<div class=\"elementor-element elementor-element-450096a e-con-full e-flex wpr-particle-no wpr-jarallax-no wpr-parallax-no wpr-sticky-section-no e-con e-child\" data-id=\"450096a\" data-element_type=\"container\" data-settings=\"{&quot;background_background&quot;:&quot;classic&quot;}\">\n\t\t\t\t<div class=\"elementor-element elementor-element-8268558 elementor-position-top elementor-widget elementor-widget-image-box\" data-id=\"8268558\" data-element_type=\"widget\" data-widget_type=\"image-box.default\">\n\t\t\t\t<div class=\"elementor-widget-container\">\n\t\t\t\t\t<div class=\"elementor-image-box-wrapper\"><figure class=\"elementor-image-box-img\"><img loading=\"lazy\" loading=\"lazy\" decoding=\"async\" width=\"500\" height=\"500\" src=\"https:\/\/convenzioni.cralnetwork.it\/assodifesa\/wp-content\/uploads\/sites\/45\/2024\/04\/icona-2.png\" class=\"attachment-full size-full wp-image-10084\" alt=\"\" srcset=\"https:\/\/convenzioni.cralnetwork.it\/assodifesa\/wp-content\/uploads\/sites\/45\/2024\/04\/icona-2.png 500w, https:\/\/convenzioni.cralnetwork.it\/assodifesa\/wp-content\/uploads\/sites\/45\/2024\/04\/icona-2-480x480.png 480w\" sizes=\"auto, (min-width: 0px) and (max-width: 480px) 480px, (min-width: 481px) 500px, 100vw\" \/><\/figure><div class=\"elementor-image-box-content\"><h3 class=\"elementor-image-box-title\">Approccio pratico<\/h3><p class=\"elementor-image-box-description\">Ogni caso \u00e8 una storia a s\u00e9. Prospettiamo al cliente la strategia pi\u00f9 consona alla situazione e ai suoi possibili sviluppi.<\/p><\/div><\/div>\t\t\t\t<\/div>\n\t\t\t\t<\/div>\n\t\t\t\t<\/div>\n\t\t<div class=\"elementor-element elementor-element-71d5a2d e-con-full e-flex wpr-particle-no wpr-jarallax-no wpr-parallax-no wpr-sticky-section-no e-con e-child\" data-id=\"71d5a2d\" data-element_type=\"container\" data-settings=\"{&quot;background_background&quot;:&quot;classic&quot;}\">\n\t\t\t\t<div class=\"elementor-element elementor-element-ee00dbc elementor-position-top elementor-widget elementor-widget-image-box\" data-id=\"ee00dbc\" data-element_type=\"widget\" data-widget_type=\"image-box.default\">\n\t\t\t\t<div class=\"elementor-widget-container\">\n\t\t\t\t\t<div class=\"elementor-image-box-wrapper\"><figure class=\"elementor-image-box-img\"><img loading=\"lazy\" loading=\"lazy\" decoding=\"async\" width=\"500\" height=\"500\" src=\"https:\/\/convenzioni.cralnetwork.it\/assodifesa\/wp-content\/uploads\/sites\/45\/2024\/04\/icona-3.png\" class=\"attachment-full size-full wp-image-10083\" alt=\"\" srcset=\"https:\/\/convenzioni.cralnetwork.it\/assodifesa\/wp-content\/uploads\/sites\/45\/2024\/04\/icona-3.png 500w, https:\/\/convenzioni.cralnetwork.it\/assodifesa\/wp-content\/uploads\/sites\/45\/2024\/04\/icona-3-480x480.png 480w\" sizes=\"auto, (min-width: 0px) and (max-width: 480px) 480px, (min-width: 481px) 500px, 100vw\" \/><\/figure><div class=\"elementor-image-box-content\"><h3 class=\"elementor-image-box-title\">Dedizione<\/h3><p class=\"elementor-image-box-description\">Non possiamo lesinare energie. Affrontiamo ogni questione con abnegazione.<\/p><\/div><\/div>\t\t\t\t<\/div>\n\t\t\t\t<\/div>\n\t\t\t\t<\/div>\n\t\t\t\t\t<\/div>\n\t\t\t\t<\/div>\n\t\t<div class=\"elementor-element elementor-element-0f305d4 elementor-hidden-desktop e-flex e-con-boxed wpr-particle-no wpr-jarallax-no wpr-parallax-no wpr-sticky-section-no e-con e-parent\" data-id=\"0f305d4\" data-element_type=\"container\">\n\t\t\t\t\t<div class=\"e-con-inner\">\n\t\t\t\t<div class=\"elementor-element elementor-element-0a85cba elementor-widget elementor-widget-text-editor\" data-id=\"0a85cba\" data-element_type=\"widget\" data-widget_type=\"text-editor.default\">\n\t\t\t\t<div class=\"elementor-widget-container\">\n\t\t\t\t\t\t\t\t\t<p>Passione &amp; Sinergia<\/p>\t\t\t\t\t\t\t\t<\/div>\n\t\t\t\t<\/div>\n\t\t\t\t<div class=\"elementor-element elementor-element-ce564b5 elementor-widget elementor-widget-text-editor\" data-id=\"ce564b5\" data-element_type=\"widget\" data-widget_type=\"text-editor.default\">\n\t\t\t\t<div class=\"elementor-widget-container\">\n\t\t\t\t\t\t\t\t\t<p>Gli avvocati Emanuela Santilli e Federico Fusc\u00e0: tre differenti formazioni accomunate dalla stessa passione per il diritto.<br \/>La sinergia nasce dalla voglia di mettere assieme competenze diversificate in modo da fornire al cliente un&#8217;assistenza personalizzata in vaste aree dell&#8217;assistenza legale.<\/p>\t\t\t\t\t\t\t\t<\/div>\n\t\t\t\t<\/div>\n\t\t<div class=\"elementor-element elementor-element-1578c9d e-flex e-con-boxed wpr-particle-no wpr-jarallax-no wpr-parallax-no wpr-sticky-section-no e-con e-child\" data-id=\"1578c9d\" data-element_type=\"container\" data-settings=\"{&quot;background_background&quot;:&quot;classic&quot;}\">\n\t\t\t\t\t<div class=\"e-con-inner\">\n\t\t\t\t<div class=\"elementor-element elementor-element-27b6d67 elementor-position-top elementor-widget elementor-widget-image-box\" data-id=\"27b6d67\" data-element_type=\"widget\" data-widget_type=\"image-box.default\">\n\t\t\t\t<div class=\"elementor-widget-container\">\n\t\t\t\t\t<div class=\"elementor-image-box-wrapper\"><figure class=\"elementor-image-box-img\"><img loading=\"lazy\" loading=\"lazy\" decoding=\"async\" width=\"500\" height=\"500\" src=\"https:\/\/convenzioni.cralnetwork.it\/assodifesa\/wp-content\/uploads\/sites\/45\/2024\/04\/icona-3.png\" class=\"attachment-full size-full wp-image-10083\" alt=\"\" srcset=\"https:\/\/convenzioni.cralnetwork.it\/assodifesa\/wp-content\/uploads\/sites\/45\/2024\/04\/icona-3.png 500w, https:\/\/convenzioni.cralnetwork.it\/assodifesa\/wp-content\/uploads\/sites\/45\/2024\/04\/icona-3-480x480.png 480w\" sizes=\"auto, (min-width: 0px) and (max-width: 480px) 480px, (min-width: 481px) 500px, 100vw\" \/><\/figure><div class=\"elementor-image-box-content\"><h3 class=\"elementor-image-box-title\">Dedizione<\/h3><p class=\"elementor-image-box-description\">Non possiamo lesinare energie. Affrontiamo ogni questione con abnegazione.<\/p><\/div><\/div>\t\t\t\t<\/div>\n\t\t\t\t<\/div>\n\t\t\t\t\t<\/div>\n\t\t\t\t<\/div>\n\t\t<div class=\"elementor-element elementor-element-df1dcc4 e-flex e-con-boxed wpr-particle-no wpr-jarallax-no wpr-parallax-no wpr-sticky-section-no e-con e-child\" data-id=\"df1dcc4\" data-element_type=\"container\" data-settings=\"{&quot;background_background&quot;:&quot;classic&quot;}\">\n\t\t\t\t\t<div class=\"e-con-inner\">\n\t\t\t\t<div class=\"elementor-element elementor-element-d36c044 elementor-position-top elementor-widget elementor-widget-image-box\" data-id=\"d36c044\" data-element_type=\"widget\" data-widget_type=\"image-box.default\">\n\t\t\t\t<div class=\"elementor-widget-container\">\n\t\t\t\t\t<div class=\"elementor-image-box-wrapper\"><figure class=\"elementor-image-box-img\"><img loading=\"lazy\" loading=\"lazy\" decoding=\"async\" width=\"500\" height=\"500\" src=\"https:\/\/convenzioni.cralnetwork.it\/assodifesa\/wp-content\/uploads\/sites\/45\/2024\/04\/icona-1-1.png\" class=\"attachment-full size-full wp-image-10082\" alt=\"\" srcset=\"https:\/\/convenzioni.cralnetwork.it\/assodifesa\/wp-content\/uploads\/sites\/45\/2024\/04\/icona-1-1.png 500w, https:\/\/convenzioni.cralnetwork.it\/assodifesa\/wp-content\/uploads\/sites\/45\/2024\/04\/icona-1-1-480x480.png 480w\" sizes=\"auto, (min-width: 0px) and (max-width: 480px) 480px, (min-width: 481px) 500px, 100vw\" \/><\/figure><div class=\"elementor-image-box-content\"><h3 class=\"elementor-image-box-title\">Professionalit\u00e0<\/h3><p class=\"elementor-image-box-description\">L'Efficienza deve accompagnarsi alla competenza. Questo \u00e8, secondo noi, il significato intimo di professionalit\u00e0.<\/p><\/div><\/div>\t\t\t\t<\/div>\n\t\t\t\t<\/div>\n\t\t\t\t\t<\/div>\n\t\t\t\t<\/div>\n\t\t<div class=\"elementor-element elementor-element-718fe7b e-flex e-con-boxed wpr-particle-no wpr-jarallax-no wpr-parallax-no wpr-sticky-section-no e-con e-child\" data-id=\"718fe7b\" data-element_type=\"container\" data-settings=\"{&quot;background_background&quot;:&quot;classic&quot;}\">\n\t\t\t\t\t<div class=\"e-con-inner\">\n\t\t\t\t<div class=\"elementor-element elementor-element-7ae98c0 elementor-position-top elementor-widget elementor-widget-image-box\" data-id=\"7ae98c0\" data-element_type=\"widget\" data-widget_type=\"image-box.default\">\n\t\t\t\t<div class=\"elementor-widget-container\">\n\t\t\t\t\t<div class=\"elementor-image-box-wrapper\"><figure class=\"elementor-image-box-img\"><img loading=\"lazy\" loading=\"lazy\" decoding=\"async\" width=\"500\" height=\"500\" src=\"https:\/\/convenzioni.cralnetwork.it\/assodifesa\/wp-content\/uploads\/sites\/45\/2024\/04\/icona-2.png\" class=\"attachment-full size-full wp-image-10084\" alt=\"\" srcset=\"https:\/\/convenzioni.cralnetwork.it\/assodifesa\/wp-content\/uploads\/sites\/45\/2024\/04\/icona-2.png 500w, https:\/\/convenzioni.cralnetwork.it\/assodifesa\/wp-content\/uploads\/sites\/45\/2024\/04\/icona-2-480x480.png 480w\" sizes=\"auto, (min-width: 0px) and (max-width: 480px) 480px, (min-width: 481px) 500px, 100vw\" \/><\/figure><div class=\"elementor-image-box-content\"><h3 class=\"elementor-image-box-title\">Approccio pratico<\/h3><p class=\"elementor-image-box-description\">Ogni caso \u00e8 una storia a s\u00e9. Prospettiamo al cliente la strategia pi\u00f9 consona alla situazione e ai suoi possibili sviluppi.<\/p><\/div><\/div>\t\t\t\t<\/div>\n\t\t\t\t<\/div>\n\t\t\t\t\t<\/div>\n\t\t\t\t<\/div>\n\t\t\t\t\t<\/div>\n\t\t\t\t<\/div>\n\t\t<div class=\"elementor-element elementor-element-8374599 e-flex e-con-boxed wpr-particle-no wpr-jarallax-no wpr-parallax-no wpr-sticky-section-no e-con e-parent\" data-id=\"8374599\" data-element_type=\"container\" data-settings=\"{&quot;background_background&quot;:&quot;classic&quot;}\">\n\t\t\t\t\t<div class=\"e-con-inner\">\n\t\t\t\t<div class=\"elementor-element elementor-element-aa3d943 elementor-widget elementor-widget-text-editor\" data-id=\"aa3d943\" data-element_type=\"widget\" data-widget_type=\"text-editor.default\">\n\t\t\t\t<div class=\"elementor-widget-container\">\n\t\t\t\t\t\t\t\t\t<p>Aree di competenza<\/p>\t\t\t\t\t\t\t\t<\/div>\n\t\t\t\t<\/div>\n\t\t\t\t<div class=\"elementor-element elementor-element-7cd644d elementor-widget elementor-widget-text-editor\" data-id=\"7cd644d\" data-element_type=\"widget\" data-widget_type=\"text-editor.default\">\n\t\t\t\t<div class=\"elementor-widget-container\">\n\t\t\t\t\t\t\t\t\t<p>Clicca sull&#8217;area a te interessata per saperne di pi\u00f9<\/p>\t\t\t\t\t\t\t\t<\/div>\n\t\t\t\t<\/div>\n\t\t<div class=\"elementor-element elementor-element-5bfdcf4 elementor-hidden-desktop e-flex e-con-boxed wpr-particle-no wpr-jarallax-no wpr-parallax-no wpr-sticky-section-no e-con e-child\" data-id=\"5bfdcf4\" data-element_type=\"container\">\n\t\t\t\t\t<div class=\"e-con-inner\">\n\t\t\t\t<div class=\"elementor-element elementor-element-fe3ab2a elementor-position-top elementor-widget elementor-widget-image-box\" data-id=\"fe3ab2a\" data-element_type=\"widget\" data-widget_type=\"image-box.default\">\n\t\t\t\t<div class=\"elementor-widget-container\">\n\t\t\t\t\t<div class=\"elementor-image-box-wrapper\"><figure class=\"elementor-image-box-img\"><a href=\"https:\/\/iusandlawyers.it\/settore\/diritto-di-famiglia\/\" target=\"_blank\" tabindex=\"-1\"><img loading=\"lazy\" loading=\"lazy\" decoding=\"async\" width=\"100\" height=\"100\" src=\"https:\/\/convenzioni.cralnetwork.it\/assodifesa\/wp-content\/uploads\/sites\/45\/2024\/04\/Diritto_famiglia.png\" class=\"attachment-full size-full wp-image-10088\" alt=\"\" \/><\/a><\/figure><div class=\"elementor-image-box-content\"><div class=\"elementor-image-box-title\"><a href=\"https:\/\/iusandlawyers.it\/settore\/diritto-di-famiglia\/\" target=\"_blank\">Diritto di famiglia, successioni e donazioni<\/a><\/div><\/div><\/div>\t\t\t\t<\/div>\n\t\t\t\t<\/div>\n\t\t\t\t<div class=\"elementor-element elementor-element-eaa40e8 elementor-position-top elementor-widget elementor-widget-image-box\" data-id=\"eaa40e8\" data-element_type=\"widget\" data-widget_type=\"image-box.default\">\n\t\t\t\t<div class=\"elementor-widget-container\">\n\t\t\t\t\t<div class=\"elementor-image-box-wrapper\"><figure class=\"elementor-image-box-img\"><a href=\"https:\/\/iusandlawyers.it\/settore\/diritto-del-lavoro\/\" target=\"_blank\" tabindex=\"-1\"><img loading=\"lazy\" loading=\"lazy\" decoding=\"async\" width=\"100\" height=\"100\" src=\"https:\/\/convenzioni.cralnetwork.it\/assodifesa\/wp-content\/uploads\/sites\/45\/2024\/04\/Diritto_lavoro.png\" class=\"attachment-full size-full wp-image-10089\" alt=\"\" \/><\/a><\/figure><div class=\"elementor-image-box-content\"><div class=\"elementor-image-box-title\"><a href=\"https:\/\/iusandlawyers.it\/settore\/diritto-del-lavoro\/\" target=\"_blank\">Diritto del lavoro, sindacale e della previdenza sociale<\/a><\/div><\/div><\/div>\t\t\t\t<\/div>\n\t\t\t\t<\/div>\n\t\t\t\t<div class=\"elementor-element elementor-element-dfe70a9 elementor-position-top elementor-widget elementor-widget-image-box\" data-id=\"dfe70a9\" data-element_type=\"widget\" data-widget_type=\"image-box.default\">\n\t\t\t\t<div class=\"elementor-widget-container\">\n\t\t\t\t\t<div class=\"elementor-image-box-wrapper\"><figure class=\"elementor-image-box-img\"><a href=\"https:\/\/iusandlawyers.it\/settore\/esecuzioni\/\" target=\"_blank\" tabindex=\"-1\"><img loading=\"lazy\" loading=\"lazy\" decoding=\"async\" width=\"100\" height=\"100\" src=\"https:\/\/convenzioni.cralnetwork.it\/assodifesa\/wp-content\/uploads\/sites\/45\/2024\/04\/esecuzioni.png\" class=\"attachment-full size-full wp-image-10090\" alt=\"\" \/><\/a><\/figure><div class=\"elementor-image-box-content\"><div class=\"elementor-image-box-title\"><a href=\"https:\/\/iusandlawyers.it\/settore\/esecuzioni\/\" target=\"_blank\">Esecuzioni mobiliari, immobiliari e aste giudiziarie<\/a><\/div><\/div><\/div>\t\t\t\t<\/div>\n\t\t\t\t<\/div>\n\t\t\t\t<div class=\"elementor-element elementor-element-eda5217 elementor-position-top elementor-widget elementor-widget-image-box\" data-id=\"eda5217\" data-element_type=\"widget\" data-widget_type=\"image-box.default\">\n\t\t\t\t<div class=\"elementor-widget-container\">\n\t\t\t\t\t<div class=\"elementor-image-box-wrapper\"><figure class=\"elementor-image-box-img\"><a href=\"https:\/\/iusandlawyers.it\/settore\/stragiudiziale\/\" target=\"_blank\" tabindex=\"-1\"><img loading=\"lazy\" loading=\"lazy\" decoding=\"async\" width=\"100\" height=\"100\" src=\"https:\/\/convenzioni.cralnetwork.it\/assodifesa\/wp-content\/uploads\/sites\/45\/2024\/04\/stragiudiziale-1.png\" class=\"attachment-full size-full wp-image-10094\" alt=\"\" \/><\/a><\/figure><div class=\"elementor-image-box-content\"><div class=\"elementor-image-box-title\"><a href=\"https:\/\/iusandlawyers.it\/settore\/stragiudiziale\/\" target=\"_blank\">Assistenza stragiudiziale<\/a><\/div><\/div><\/div>\t\t\t\t<\/div>\n\t\t\t\t<\/div>\n\t\t\t\t<div class=\"elementor-element elementor-element-8ea9820 elementor-position-top elementor-widget elementor-widget-image-box\" data-id=\"8ea9820\" data-element_type=\"widget\" data-widget_type=\"image-box.default\">\n\t\t\t\t<div class=\"elementor-widget-container\">\n\t\t\t\t\t<div class=\"elementor-image-box-wrapper\"><figure class=\"elementor-image-box-img\"><a href=\"https:\/\/iusandlawyers.it\/settore\/adr\/\" target=\"_blank\" tabindex=\"-1\"><img loading=\"lazy\" loading=\"lazy\" decoding=\"async\" width=\"100\" height=\"100\" src=\"https:\/\/convenzioni.cralnetwork.it\/assodifesa\/wp-content\/uploads\/sites\/45\/2024\/04\/stragiudiziale.png\" class=\"attachment-full size-full wp-image-10095\" alt=\"\" \/><\/a><\/figure><div class=\"elementor-image-box-content\"><div class=\"elementor-image-box-title\"><a href=\"https:\/\/iusandlawyers.it\/settore\/adr\/\" target=\"_blank\">ADR<\/a><\/div><\/div><\/div>\t\t\t\t<\/div>\n\t\t\t\t<\/div>\n\t\t\t\t<div class=\"elementor-element elementor-element-b1f1c50 elementor-position-top elementor-widget elementor-widget-image-box\" data-id=\"b1f1c50\" data-element_type=\"widget\" data-widget_type=\"image-box.default\">\n\t\t\t\t<div class=\"elementor-widget-container\">\n\t\t\t\t\t<div class=\"elementor-image-box-wrapper\"><figure class=\"elementor-image-box-img\"><a href=\"https:\/\/iusandlawyers.it\/settore\/responsabilita-civile-ed-assicurazioni\/\" target=\"_blank\" tabindex=\"-1\"><img loading=\"lazy\" loading=\"lazy\" decoding=\"async\" width=\"100\" height=\"100\" src=\"https:\/\/convenzioni.cralnetwork.it\/assodifesa\/wp-content\/uploads\/sites\/45\/2024\/04\/assicurazioni-1.png\" class=\"attachment-full size-full wp-image-10096\" alt=\"\" \/><\/a><\/figure><div class=\"elementor-image-box-content\"><div class=\"elementor-image-box-title\"><a href=\"https:\/\/iusandlawyers.it\/settore\/responsabilita-civile-ed-assicurazioni\/\" target=\"_blank\">Responsabilit\u00e0 civile e delle assicurazioni<\/a><\/div><\/div><\/div>\t\t\t\t<\/div>\n\t\t\t\t<\/div>\n\t\t\t\t<div class=\"elementor-element elementor-element-e91611a elementor-position-top elementor-widget elementor-widget-image-box\" data-id=\"e91611a\" data-element_type=\"widget\" data-widget_type=\"image-box.default\">\n\t\t\t\t<div class=\"elementor-widget-container\">\n\t\t\t\t\t<div class=\"elementor-image-box-wrapper\"><figure class=\"elementor-image-box-img\"><a href=\"https:\/\/iusandlawyers.it\/settore\/diritto-amministrativo\/\" target=\"_blank\" tabindex=\"-1\"><img loading=\"lazy\" loading=\"lazy\" decoding=\"async\" width=\"100\" height=\"100\" src=\"https:\/\/convenzioni.cralnetwork.it\/assodifesa\/wp-content\/uploads\/sites\/45\/2024\/04\/amministrativo.png\" class=\"attachment-full size-full wp-image-10097\" alt=\"\" \/><\/a><\/figure><div class=\"elementor-image-box-content\"><div class=\"elementor-image-box-title\"><a href=\"https:\/\/iusandlawyers.it\/settore\/diritto-amministrativo\/\" target=\"_blank\">Diritto Amministrativo e fondi strutturali europei<\/a><\/div><\/div><\/div>\t\t\t\t<\/div>\n\t\t\t\t<\/div>\n\t\t\t\t<div class=\"elementor-element elementor-element-b27f0fc elementor-position-top elementor-widget elementor-widget-image-box\" data-id=\"b27f0fc\" data-element_type=\"widget\" data-widget_type=\"image-box.default\">\n\t\t\t\t<div class=\"elementor-widget-container\">\n\t\t\t\t\t<div class=\"elementor-image-box-wrapper\"><figure class=\"elementor-image-box-img\"><a href=\"https:\/\/iusandlawyers.it\/settore\/diritto-civile\/\" target=\"_blank\" tabindex=\"-1\"><img loading=\"lazy\" loading=\"lazy\" decoding=\"async\" width=\"100\" height=\"100\" src=\"https:\/\/convenzioni.cralnetwork.it\/assodifesa\/wp-content\/uploads\/sites\/45\/2024\/04\/diritto_civile.png\" class=\"attachment-full size-full wp-image-10098\" alt=\"\" \/><\/a><\/figure><div class=\"elementor-image-box-content\"><div class=\"elementor-image-box-title\"><a href=\"https:\/\/iusandlawyers.it\/settore\/diritto-civile\/\" target=\"_blank\">Diritto civile<\/a><\/div><\/div><\/div>\t\t\t\t<\/div>\n\t\t\t\t<\/div>\n\t\t\t\t<div class=\"elementor-element elementor-element-caffb6f elementor-position-top elementor-widget elementor-widget-image-box\" data-id=\"caffb6f\" data-element_type=\"widget\" data-widget_type=\"image-box.default\">\n\t\t\t\t<div class=\"elementor-widget-container\">\n\t\t\t\t\t<div class=\"elementor-image-box-wrapper\"><figure class=\"elementor-image-box-img\"><img loading=\"lazy\" loading=\"lazy\" decoding=\"async\" width=\"100\" height=\"100\" src=\"https:\/\/convenzioni.cralnetwork.it\/assodifesa\/wp-content\/uploads\/sites\/45\/2024\/04\/impresa.png\" class=\"attachment-full size-full wp-image-10099\" alt=\"\" \/><\/figure><div class=\"elementor-image-box-content\"><div class=\"elementor-image-box-title\">Fallimento e crisi dell'impresa<\/div><\/div><\/div>\t\t\t\t<\/div>\n\t\t\t\t<\/div>\n\t\t\t\t\t<\/div>\n\t\t\t\t<\/div>\n\t\t\t\t\t<\/div>\n\t\t\t\t<\/div>\n\t\t<div class=\"elementor-element elementor-element-c8771f8 elementor-hidden-tablet elementor-hidden-mobile e-flex e-con-boxed wpr-particle-no wpr-jarallax-no wpr-parallax-no wpr-sticky-section-no e-con e-parent\" data-id=\"c8771f8\" data-element_type=\"container\" data-settings=\"{&quot;background_background&quot;:&quot;classic&quot;}\">\n\t\t\t\t\t<div class=\"e-con-inner\">\n\t\t<div class=\"elementor-element elementor-element-672fceb e-con-full e-flex wpr-particle-no wpr-jarallax-no wpr-parallax-no wpr-sticky-section-no e-con e-child\" data-id=\"672fceb\" data-element_type=\"container\">\n\t\t\t\t<div class=\"elementor-element elementor-element-0990535 elementor-position-top elementor-widget elementor-widget-image-box\" data-id=\"0990535\" data-element_type=\"widget\" data-widget_type=\"image-box.default\">\n\t\t\t\t<div class=\"elementor-widget-container\">\n\t\t\t\t\t<div class=\"elementor-image-box-wrapper\"><figure class=\"elementor-image-box-img\"><a href=\"https:\/\/iusandlawyers.it\/settore\/diritto-di-famiglia\/\" target=\"_blank\" tabindex=\"-1\"><img loading=\"lazy\" loading=\"lazy\" decoding=\"async\" width=\"100\" height=\"100\" src=\"https:\/\/convenzioni.cralnetwork.it\/assodifesa\/wp-content\/uploads\/sites\/45\/2024\/04\/Diritto_famiglia.png\" class=\"attachment-full size-full wp-image-10088\" alt=\"\" \/><\/a><\/figure><div class=\"elementor-image-box-content\"><div class=\"elementor-image-box-title\"><a href=\"https:\/\/iusandlawyers.it\/settore\/diritto-di-famiglia\/\" target=\"_blank\">Diritto di famiglia, successioni e donazioni<\/a><\/div><\/div><\/div>\t\t\t\t<\/div>\n\t\t\t\t<\/div>\n\t\t\t\t<\/div>\n\t\t<div class=\"elementor-element elementor-element-97bc525 e-con-full e-flex wpr-particle-no wpr-jarallax-no wpr-parallax-no wpr-sticky-section-no e-con e-child\" data-id=\"97bc525\" data-element_type=\"container\">\n\t\t\t\t<div class=\"elementor-element elementor-element-8cd73f3 elementor-position-top elementor-widget elementor-widget-image-box\" data-id=\"8cd73f3\" data-element_type=\"widget\" data-widget_type=\"image-box.default\">\n\t\t\t\t<div class=\"elementor-widget-container\">\n\t\t\t\t\t<div class=\"elementor-image-box-wrapper\"><figure class=\"elementor-image-box-img\"><a href=\"https:\/\/iusandlawyers.it\/settore\/diritto-del-lavoro\/\" target=\"_blank\" tabindex=\"-1\"><img loading=\"lazy\" loading=\"lazy\" decoding=\"async\" width=\"100\" height=\"100\" src=\"https:\/\/convenzioni.cralnetwork.it\/assodifesa\/wp-content\/uploads\/sites\/45\/2024\/04\/Diritto_lavoro.png\" class=\"attachment-full size-full wp-image-10089\" alt=\"\" \/><\/a><\/figure><div class=\"elementor-image-box-content\"><div class=\"elementor-image-box-title\"><a href=\"https:\/\/iusandlawyers.it\/settore\/diritto-del-lavoro\/\" target=\"_blank\">Diritto del lavoro, sindacale e della previdenza sociale<\/a><\/div><\/div><\/div>\t\t\t\t<\/div>\n\t\t\t\t<\/div>\n\t\t\t\t<\/div>\n\t\t<div class=\"elementor-element elementor-element-078ccf9 e-con-full e-flex wpr-particle-no wpr-jarallax-no wpr-parallax-no wpr-sticky-section-no e-con e-child\" data-id=\"078ccf9\" data-element_type=\"container\">\n\t\t\t\t<div class=\"elementor-element elementor-element-8494e16 elementor-position-top elementor-widget elementor-widget-image-box\" data-id=\"8494e16\" data-element_type=\"widget\" data-widget_type=\"image-box.default\">\n\t\t\t\t<div class=\"elementor-widget-container\">\n\t\t\t\t\t<div class=\"elementor-image-box-wrapper\"><figure class=\"elementor-image-box-img\"><a href=\"https:\/\/iusandlawyers.it\/settore\/esecuzioni\/\" target=\"_blank\" tabindex=\"-1\"><img loading=\"lazy\" loading=\"lazy\" decoding=\"async\" width=\"100\" height=\"100\" src=\"https:\/\/convenzioni.cralnetwork.it\/assodifesa\/wp-content\/uploads\/sites\/45\/2024\/04\/esecuzioni.png\" class=\"attachment-full size-full wp-image-10090\" alt=\"\" \/><\/a><\/figure><div class=\"elementor-image-box-content\"><div class=\"elementor-image-box-title\"><a href=\"https:\/\/iusandlawyers.it\/settore\/esecuzioni\/\" target=\"_blank\">Esecuzioni mobiliari, immobiliari e aste giudiziarie<\/a><\/div><\/div><\/div>\t\t\t\t<\/div>\n\t\t\t\t<\/div>\n\t\t\t\t<\/div>\n\t\t\t\t\t<\/div>\n\t\t\t\t<\/div>\n\t\t<div class=\"elementor-element elementor-element-acfb809 elementor-hidden-tablet elementor-hidden-mobile e-flex e-con-boxed wpr-particle-no wpr-jarallax-no wpr-parallax-no wpr-sticky-section-no e-con e-parent\" data-id=\"acfb809\" data-element_type=\"container\" data-settings=\"{&quot;background_background&quot;:&quot;classic&quot;}\">\n\t\t\t\t\t<div class=\"e-con-inner\">\n\t\t<div class=\"elementor-element elementor-element-fe3d331 e-con-full e-flex wpr-particle-no wpr-jarallax-no wpr-parallax-no wpr-sticky-section-no e-con e-child\" data-id=\"fe3d331\" data-element_type=\"container\">\n\t\t\t\t<div class=\"elementor-element elementor-element-9eb51d9 elementor-position-top elementor-widget elementor-widget-image-box\" data-id=\"9eb51d9\" data-element_type=\"widget\" data-widget_type=\"image-box.default\">\n\t\t\t\t<div class=\"elementor-widget-container\">\n\t\t\t\t\t<div class=\"elementor-image-box-wrapper\"><figure class=\"elementor-image-box-img\"><a href=\"https:\/\/iusandlawyers.it\/settore\/stragiudiziale\/\" target=\"_blank\" tabindex=\"-1\"><img loading=\"lazy\" loading=\"lazy\" decoding=\"async\" width=\"100\" height=\"100\" src=\"https:\/\/convenzioni.cralnetwork.it\/assodifesa\/wp-content\/uploads\/sites\/45\/2024\/04\/stragiudiziale-1.png\" class=\"attachment-full size-full wp-image-10094\" alt=\"\" \/><\/a><\/figure><div class=\"elementor-image-box-content\"><div class=\"elementor-image-box-title\"><a href=\"https:\/\/iusandlawyers.it\/settore\/stragiudiziale\/\" target=\"_blank\">Assistenza stragiudiziale<\/a><\/div><\/div><\/div>\t\t\t\t<\/div>\n\t\t\t\t<\/div>\n\t\t\t\t<\/div>\n\t\t<div class=\"elementor-element elementor-element-1a89bcf e-con-full e-flex wpr-particle-no wpr-jarallax-no wpr-parallax-no wpr-sticky-section-no e-con e-child\" data-id=\"1a89bcf\" data-element_type=\"container\">\n\t\t\t\t<div class=\"elementor-element elementor-element-da5f6cb elementor-position-top elementor-widget elementor-widget-image-box\" data-id=\"da5f6cb\" data-element_type=\"widget\" data-widget_type=\"image-box.default\">\n\t\t\t\t<div class=\"elementor-widget-container\">\n\t\t\t\t\t<div class=\"elementor-image-box-wrapper\"><figure class=\"elementor-image-box-img\"><a href=\"https:\/\/iusandlawyers.it\/settore\/adr\/\" target=\"_blank\" tabindex=\"-1\"><img loading=\"lazy\" loading=\"lazy\" decoding=\"async\" width=\"100\" height=\"100\" src=\"https:\/\/convenzioni.cralnetwork.it\/assodifesa\/wp-content\/uploads\/sites\/45\/2024\/04\/stragiudiziale.png\" class=\"attachment-full size-full wp-image-10095\" alt=\"\" \/><\/a><\/figure><div class=\"elementor-image-box-content\"><div class=\"elementor-image-box-title\"><a href=\"https:\/\/iusandlawyers.it\/settore\/adr\/\" target=\"_blank\">ADR<\/a><\/div><\/div><\/div>\t\t\t\t<\/div>\n\t\t\t\t<\/div>\n\t\t\t\t<\/div>\n\t\t<div class=\"elementor-element elementor-element-4b91f51 e-con-full e-flex wpr-particle-no wpr-jarallax-no wpr-parallax-no wpr-sticky-section-no e-con e-child\" data-id=\"4b91f51\" data-element_type=\"container\">\n\t\t\t\t<div class=\"elementor-element elementor-element-92df60f elementor-position-top elementor-widget elementor-widget-image-box\" data-id=\"92df60f\" data-element_type=\"widget\" data-widget_type=\"image-box.default\">\n\t\t\t\t<div class=\"elementor-widget-container\">\n\t\t\t\t\t<div class=\"elementor-image-box-wrapper\"><figure class=\"elementor-image-box-img\"><a href=\"https:\/\/iusandlawyers.it\/settore\/responsabilita-civile-ed-assicurazioni\/\" target=\"_blank\" tabindex=\"-1\"><img loading=\"lazy\" loading=\"lazy\" decoding=\"async\" width=\"100\" height=\"100\" src=\"https:\/\/convenzioni.cralnetwork.it\/assodifesa\/wp-content\/uploads\/sites\/45\/2024\/04\/assicurazioni-1.png\" class=\"attachment-full size-full wp-image-10096\" alt=\"\" \/><\/a><\/figure><div class=\"elementor-image-box-content\"><div class=\"elementor-image-box-title\"><a href=\"https:\/\/iusandlawyers.it\/settore\/responsabilita-civile-ed-assicurazioni\/\" target=\"_blank\">Responsabilit\u00e0 civile e delle assicurazioni<\/a><\/div><\/div><\/div>\t\t\t\t<\/div>\n\t\t\t\t<\/div>\n\t\t\t\t<\/div>\n\t\t\t\t\t<\/div>\n\t\t\t\t<\/div>\n\t\t<div class=\"elementor-element elementor-element-0bbac70 elementor-hidden-tablet elementor-hidden-mobile e-flex e-con-boxed wpr-particle-no wpr-jarallax-no wpr-parallax-no wpr-sticky-section-no e-con e-parent\" data-id=\"0bbac70\" data-element_type=\"container\" data-settings=\"{&quot;background_background&quot;:&quot;classic&quot;}\">\n\t\t\t\t\t<div class=\"e-con-inner\">\n\t\t<div class=\"elementor-element elementor-element-df8d233 e-con-full e-flex wpr-particle-no wpr-jarallax-no wpr-parallax-no wpr-sticky-section-no e-con e-child\" data-id=\"df8d233\" data-element_type=\"container\">\n\t\t\t\t<div class=\"elementor-element elementor-element-c368b02 elementor-position-top elementor-widget elementor-widget-image-box\" data-id=\"c368b02\" data-element_type=\"widget\" data-widget_type=\"image-box.default\">\n\t\t\t\t<div class=\"elementor-widget-container\">\n\t\t\t\t\t<div class=\"elementor-image-box-wrapper\"><figure class=\"elementor-image-box-img\"><a href=\"https:\/\/iusandlawyers.it\/settore\/diritto-amministrativo\/\" target=\"_blank\" tabindex=\"-1\"><img loading=\"lazy\" loading=\"lazy\" decoding=\"async\" width=\"100\" height=\"100\" src=\"https:\/\/convenzioni.cralnetwork.it\/assodifesa\/wp-content\/uploads\/sites\/45\/2024\/04\/amministrativo.png\" class=\"attachment-full size-full wp-image-10097\" alt=\"\" \/><\/a><\/figure><div class=\"elementor-image-box-content\"><div class=\"elementor-image-box-title\"><a href=\"https:\/\/iusandlawyers.it\/settore\/diritto-amministrativo\/\" target=\"_blank\">Diritto Amministrativo e fondi strutturali europei<\/a><\/div><\/div><\/div>\t\t\t\t<\/div>\n\t\t\t\t<\/div>\n\t\t\t\t<\/div>\n\t\t<div class=\"elementor-element elementor-element-417a6ab e-con-full e-flex wpr-particle-no wpr-jarallax-no wpr-parallax-no wpr-sticky-section-no e-con e-child\" data-id=\"417a6ab\" data-element_type=\"container\">\n\t\t\t\t<div class=\"elementor-element elementor-element-92583c2 elementor-position-top elementor-widget elementor-widget-image-box\" data-id=\"92583c2\" data-element_type=\"widget\" data-widget_type=\"image-box.default\">\n\t\t\t\t<div class=\"elementor-widget-container\">\n\t\t\t\t\t<div class=\"elementor-image-box-wrapper\"><figure class=\"elementor-image-box-img\"><a href=\"https:\/\/iusandlawyers.it\/settore\/diritto-civile\/\" target=\"_blank\" tabindex=\"-1\"><img loading=\"lazy\" loading=\"lazy\" decoding=\"async\" width=\"100\" height=\"100\" src=\"https:\/\/convenzioni.cralnetwork.it\/assodifesa\/wp-content\/uploads\/sites\/45\/2024\/04\/diritto_civile.png\" class=\"attachment-full size-full wp-image-10098\" alt=\"\" \/><\/a><\/figure><div class=\"elementor-image-box-content\"><div class=\"elementor-image-box-title\"><a href=\"https:\/\/iusandlawyers.it\/settore\/diritto-civile\/\" target=\"_blank\">Diritto civile<\/a><\/div><\/div><\/div>\t\t\t\t<\/div>\n\t\t\t\t<\/div>\n\t\t\t\t<\/div>\n\t\t<div class=\"elementor-element elementor-element-605fa36 e-con-full e-flex wpr-particle-no wpr-jarallax-no wpr-parallax-no wpr-sticky-section-no e-con e-child\" data-id=\"605fa36\" data-element_type=\"container\">\n\t\t\t\t<div class=\"elementor-element elementor-element-a994feb elementor-position-top elementor-widget elementor-widget-image-box\" data-id=\"a994feb\" data-element_type=\"widget\" data-widget_type=\"image-box.default\">\n\t\t\t\t<div class=\"elementor-widget-container\">\n\t\t\t\t\t<div class=\"elementor-image-box-wrapper\"><figure class=\"elementor-image-box-img\"><img loading=\"lazy\" loading=\"lazy\" decoding=\"async\" width=\"100\" height=\"100\" src=\"https:\/\/convenzioni.cralnetwork.it\/assodifesa\/wp-content\/uploads\/sites\/45\/2024\/04\/impresa.png\" class=\"attachment-full size-full wp-image-10099\" alt=\"\" \/><\/figure><div class=\"elementor-image-box-content\"><div class=\"elementor-image-box-title\">Fallimento e crisi dell'impresa<\/div><\/div><\/div>\t\t\t\t<\/div>\n\t\t\t\t<\/div>\n\t\t\t\t<\/div>\n\t\t\t\t\t<\/div>\n\t\t\t\t<\/div>\n\t\t<div class=\"elementor-element elementor-element-52adfe1 e-flex e-con-boxed wpr-particle-no wpr-jarallax-no wpr-parallax-no wpr-sticky-section-no e-con e-parent\" data-id=\"52adfe1\" data-element_type=\"container\" data-settings=\"{&quot;background_background&quot;:&quot;classic&quot;}\">\n\t\t\t\t\t<div class=\"e-con-inner\">\n\t\t\t\t<div class=\"elementor-element elementor-element-a529b2e elementor-widget elementor-widget-text-editor\" data-id=\"a529b2e\" data-element_type=\"widget\" data-widget_type=\"text-editor.default\">\n\t\t\t\t<div class=\"elementor-widget-container\">\n\t\t\t\t\t\t\t\t\t<p>Trattamento riservato su presentazione tessera<\/p>\t\t\t\t\t\t\t\t<\/div>\n\t\t\t\t<\/div>\n\t\t\t\t\t<\/div>\n\t\t\t\t<\/div>\n\t\t<div class=\"elementor-element elementor-element-80587e9 elementor-hidden-desktop e-flex e-con-boxed wpr-particle-no wpr-jarallax-no wpr-parallax-no wpr-sticky-section-no e-con e-parent\" data-id=\"80587e9\" data-element_type=\"container\">\n\t\t\t\t\t<div class=\"e-con-inner\">\n\t\t\t\t<div class=\"elementor-element elementor-element-cae59b7 elementor-widget elementor-widget-text-editor\" data-id=\"cae59b7\" data-element_type=\"widget\" data-widget_type=\"text-editor.default\">\n\t\t\t\t<div class=\"elementor-widget-container\">\n\t\t\t\t\t\t\t\t\t<p>Contatti<\/p>\t\t\t\t\t\t\t\t<\/div>\n\t\t\t\t<\/div>\n\t\t\t\t<div class=\"elementor-element elementor-element-ff535a2 elementor-widget elementor-widget-text-editor\" data-id=\"ff535a2\" data-element_type=\"widget\" data-widget_type=\"text-editor.default\">\n\t\t\t\t<div class=\"elementor-widget-container\">\n\t\t\t\t\t\t\t\t\t<p><strong>Indirizzo:<\/strong> Via Artemisia Mammucari, 113 &#8211; 00049 Velletri (RM)<br \/><strong>Telefono:<\/strong> +39 06 9636650<br \/><strong>Telefono:<\/strong> +39 06 9634699<br \/><strong>Mail:<\/strong> <a href=\"mailto:info@iusandlawyers.it\">info@iusandlawyers.it<\/a><\/p>\t\t\t\t\t\t\t\t<\/div>\n\t\t\t\t<\/div>\n\t\t\t\t<div class=\"elementor-element elementor-element-97e030e elementor-tablet-align-center elementor-widget elementor-widget-button\" data-id=\"97e030e\" data-element_type=\"widget\" data-widget_type=\"button.default\">\n\t\t\t\t<div class=\"elementor-widget-container\">\n\t\t\t\t\t\t\t\t\t<div class=\"elementor-button-wrapper\">\n\t\t\t\t\t<a class=\"elementor-button elementor-button-link elementor-size-sm elementor-animation-shrink\" href=\"https:\/\/iusandlawyers.it\/\">\n\t\t\t\t\t\t<span class=\"elementor-button-content-wrapper\">\n\t\t\t\t\t\t\t\t\t<span class=\"elementor-button-text\">Visita il sito<\/span>\n\t\t\t\t\t<\/span>\n\t\t\t\t\t<\/a>\n\t\t\t\t<\/div>\n\t\t\t\t\t\t\t\t<\/div>\n\t\t\t\t<\/div>\n\t\t\t\t<div class=\"elementor-element elementor-element-12b358b elementor-widget elementor-widget-text-editor\" data-id=\"12b358b\" data-element_type=\"widget\" data-widget_type=\"text-editor.default\">\n\t\t\t\t<div class=\"elementor-widget-container\">\n\t\t\t\t\t\t\t\t\t<p><div id=\"gmw-single-location-wrapper-235\" class=\"gmw-element-wrapper gmw-single-location-wrapper gmw-sl-wrapper gmw-sl-single-post-wrapper post \" object_type=\"post\" object_id=\"10045\"  style=\"width:100%\"><div class=\"gmw-sl-map-wrapper gmw-sl-element\"><div id=\"gmw-map-wrapper-235\" class=\"gmw-map-wrapper  sl single_location \" style=\"width:100%;height:300px;\"> <span id=\"gmw-resize-map-toggle-235\" class=\"gmw-resize-map-toggle gmw-icon-resize-full\" style=\"display:none;\" title=\"Resize map\"><\/span> <div id=\"gmw-map-loader-235\" class=\"gmw-map-loader\"><\/div> <div id=\"gmw-map-235\" class=\"gmw-map sl single_location\" style=\"width:100%; height:100%\" data-map_id=\"235\" data-prefix=\"sl\" data-map_type=\"single_location\" data-icons_usage=\"global\"><\/div> <\/div><\/div><\/div><\/p>\t\t\t\t\t\t\t\t<\/div>\n\t\t\t\t<\/div>\n\t\t\t\t\t<\/div>\n\t\t\t\t<\/div>\n\t\t<div class=\"elementor-element elementor-element-7208c5d elementor-hidden-tablet elementor-hidden-mobile e-flex e-con-boxed wpr-particle-no wpr-jarallax-no wpr-parallax-no wpr-sticky-section-no e-con e-parent\" data-id=\"7208c5d\" data-element_type=\"container\">\n\t\t\t\t\t<div class=\"e-con-inner\">\n\t\t<div class=\"elementor-element elementor-element-3aac1ee e-con-full e-flex wpr-particle-no wpr-jarallax-no wpr-parallax-no wpr-sticky-section-no e-con e-child\" data-id=\"3aac1ee\" data-element_type=\"container\">\n\t\t\t\t<div class=\"elementor-element elementor-element-225736f elementor-widget elementor-widget-text-editor\" data-id=\"225736f\" data-element_type=\"widget\" data-widget_type=\"text-editor.default\">\n\t\t\t\t<div class=\"elementor-widget-container\">\n\t\t\t\t\t\t\t\t\t<p>Contatti<\/p>\t\t\t\t\t\t\t\t<\/div>\n\t\t\t\t<\/div>\n\t\t\t\t<div class=\"elementor-element elementor-element-d43025b elementor-widget elementor-widget-text-editor\" data-id=\"d43025b\" data-element_type=\"widget\" data-widget_type=\"text-editor.default\">\n\t\t\t\t<div class=\"elementor-widget-container\">\n\t\t\t\t\t\t\t\t\t<p><strong>Indirizzo:<\/strong> Via Artemisia Mammucari, 113 &#8211; 00049 Velletri (RM)<br \/><strong>Telefono:<\/strong> +39 06 9636650<br \/><strong>Telefono:<\/strong> +39 06 9634699<br \/><strong>Mail:<\/strong> <a href=\"mailto:info@iusandlawyers.it\">info@iusandlawyers.it<\/a><\/p>\t\t\t\t\t\t\t\t<\/div>\n\t\t\t\t<\/div>\n\t\t\t\t<div class=\"elementor-element elementor-element-9604dd5 elementor-widget elementor-widget-button\" data-id=\"9604dd5\" data-element_type=\"widget\" data-widget_type=\"button.default\">\n\t\t\t\t<div class=\"elementor-widget-container\">\n\t\t\t\t\t\t\t\t\t<div class=\"elementor-button-wrapper\">\n\t\t\t\t\t<a class=\"elementor-button elementor-button-link elementor-size-sm elementor-animation-shrink\" href=\"https:\/\/iusandlawyers.it\/\">\n\t\t\t\t\t\t<span class=\"elementor-button-content-wrapper\">\n\t\t\t\t\t\t\t\t\t<span class=\"elementor-button-text\">Visita il sito<\/span>\n\t\t\t\t\t<\/span>\n\t\t\t\t\t<\/a>\n\t\t\t\t<\/div>\n\t\t\t\t\t\t\t\t<\/div>\n\t\t\t\t<\/div>\n\t\t\t\t<\/div>\n\t\t<div class=\"elementor-element elementor-element-0884010 e-con-full e-flex wpr-particle-no wpr-jarallax-no wpr-parallax-no wpr-sticky-section-no e-con e-child\" data-id=\"0884010\" data-element_type=\"container\">\n\t\t\t\t<div class=\"elementor-element elementor-element-62d4cb8 elementor-widget elementor-widget-text-editor\" data-id=\"62d4cb8\" data-element_type=\"widget\" data-widget_type=\"text-editor.default\">\n\t\t\t\t<div class=\"elementor-widget-container\">\n\t\t\t\t\t\t\t\t\t<p><div id=\"gmw-single-location-wrapper-530\" class=\"gmw-element-wrapper gmw-single-location-wrapper gmw-sl-wrapper gmw-sl-single-post-wrapper post \" object_type=\"post\" object_id=\"10045\"  style=\"width:100%\"><div class=\"gmw-sl-map-wrapper gmw-sl-element\"><div id=\"gmw-map-wrapper-530\" class=\"gmw-map-wrapper  sl single_location \" style=\"width:100%;height:300px;\"> <span id=\"gmw-resize-map-toggle-530\" class=\"gmw-resize-map-toggle gmw-icon-resize-full\" style=\"display:none;\" title=\"Resize map\"><\/span> <div id=\"gmw-map-loader-530\" class=\"gmw-map-loader\"><\/div> <div id=\"gmw-map-530\" class=\"gmw-map sl single_location\" style=\"width:100%; height:100%\" data-map_id=\"530\" data-prefix=\"sl\" data-map_type=\"single_location\" data-icons_usage=\"global\"><\/div> <\/div><\/div><\/div><\/p>\t\t\t\t\t\t\t\t<\/div>\n\t\t\t\t<\/div>\n\t\t\t\t<\/div>\n\t\t\t\t\t<\/div>\n\t\t\t\t<\/div>\n\t\t\t\t<\/div>\n\t\t","protected":false},"excerpt":{"rendered":"<div style=\"display: none;\">Crediamo nel lavoro di squadra, nella dedizione al \u201ccaso\u201d, nello studio e nell\u2019approfondimento di ogni singola questione. Dietro ogni vicenda giuridica ci sono persone da tutelare.Professionalit\u00e0<br \/>\nL&#8217;Efficienza deve accompagnarsi alla competenza. Questo \u00e8, secondo noi, il significato intimo di professionalit\u00e0.Approccio pratico<br \/>\nOgni caso \u00e8 una storia a s\u00e9. Prospettiamo al cliente la strategia pi\u00f9 consona alla situazione e ai suoi possibili sviluppi.Dedizione<br \/>\nNon possiamo lesinare energie. Affrontiamo ogni questione con abnegazione.Passione &amp; Sinergia<br \/>\nGli avvocati Emanuela Santilli, Federico Fusc\u00e0 ed Emanuela Pigini: tre differenti formazioni accomunate dalla stessa passione per il diritto. La sinergia nasce dalla voglia di mettere assieme competenze diversificate in modo da fornire al cliente un&#8217;assistenza personalizzata in vaste aree dell&#8217;assistenza legale.Aree di competenza<br \/>\nDiritto di famiglia, successioni e donazioni<br \/>\nDiritto del lavoro, sindacale e della previdenza sociale<br \/>\nEsecuzioni mobiliari, immobiliari e aste giudiziarie<br \/>\nAssistenza stragiudiziale<br \/>\nADR<br \/>\nResponsabilit\u00e0 civile e delle assicurazioni<br \/>\nDiritto Amministrativo e fondi strutturali europei<br \/>\nDiritto civile<br \/>\nFallimento e crisi dell&#8217;impresastudio legale, studi legali, avv, avv., avvocato, avvocati, Diritto di famiglia, successioni, donazioni, Diritto del lavoro, sindacale, previdenza sociale, Esecuzioni mobiliari, immobiliari, aste giudiziarie, Assistenza stragiudiziale, ADR, Responsabilit\u00e0 civile, assicurazioni, Diritto Amministrativo, fondi strutturali europei, Diritto civile, Fallimento, crisi dell&#8217;impresastudio legale a Velletri, studi legali a Velletri, avv a Velletri, avv. a Velletri, avvocato a Velletri, avvocati a Velletri, Diritto di famiglia a Velletri, successioni a Velletri, donazioni a Velletri, Diritto del lavoro a Velletri, sindacale a Velletri, previdenza sociale a Velletri, Esecuzioni mobiliari a Velletri, immobiliari a Velletri, aste giudiziarie a Velletri, Assistenza stragiudiziale a Velletri, ADR a Velletri, Responsabilit\u00e0 civile a Velletri, assicurazioni a Velletri, Diritto Amministrativo a Velletri, fondi strutturali europei a Velletri, Diritto civile a Velletri, Fallimento a Velletri, crisi dell&#8217;impresa a Velletristudio legale Velletri, studi legali Velletri, avv Velletri, avv. Velletri, avvocato Velletri, avvocati Velletri, Diritto di famiglia Velletri, successioni Velletri, donazioni Velletri, Diritto del lavoro Velletri, sindacale Velletri, previdenza sociale Velletri, Esecuzioni mobiliari Velletri, immobiliari Velletri, aste giudiziarie Velletri, Assistenza stragiudiziale Velletri, ADR Velletri, Responsabilit\u00e0 civile Velletri, assicurazioni Velletri, Diritto Amministrativo Velletri, fondi strutturali europei Velletri, Diritto civile Velletri, Fallimento Velletri, crisi dell&#8217;impresa Velletri<\/div>\n","protected":false},"featured_media":10133,"comment_status":"closed","ping_status":"closed","template":"elementor_header_footer","meta":{"_acf_changed":false,"_et_pb_use_builder":"","_et_pb_old_content":"","_et_gb_content_width":""},"product_brand":[],"product_cat":[25,67],"product_tag":[1586,1215,677,1585,144,155,145,1590,496,163,680,231,1581,962,1589,1588,1584,1583,1587,1582,143,142,191],"class_list":{"0":"post-10045","1":"product","2":"type-product","3":"status-publish","4":"has-post-thumbnail","6":"product_cat-professionisti","7":"product_cat-studi-legali","8":"product_tag-adr","9":"product_tag-assicurazioni","10":"product_tag-assistenza-stragiudiziale","11":"product_tag-aste-giudiziarie","12":"product_tag-avv","13":"product_tag-avvocati","14":"product_tag-avvocato","15":"product_tag-crisi-dellimpresa","16":"product_tag-diritto-amministrativo","17":"product_tag-diritto-civile","18":"product_tag-diritto-del-lavoro","19":"product_tag-diritto-di-famiglia","20":"product_tag-donazioni","21":"product_tag-esecuzioni-mobiliari","22":"product_tag-fallimento","23":"product_tag-fondi-strutturali-europei","24":"product_tag-immobiliari","25":"product_tag-previdenza-sociale","26":"product_tag-responsabilita-civile","27":"product_tag-sindacale","28":"product_tag-studi-legali","29":"product_tag-studio-legale","30":"product_tag-successioni","32":"first","33":"instock","34":"shipping-taxable","35":"product-type-simple"},"acf":[],"yoast_head":"<!-- This site is optimized with the Yoast SEO plugin v26.4 - https:\/\/yoast.com\/wordpress\/plugins\/seo\/ -->\n<title>Studio Legale Ius &amp; Lawyers - Assodifesa<\/title>\n<meta name=\"robots\" content=\"index, follow, max-snippet:-1, max-image-preview:large, max-video-preview:-1\" \/>\n<link rel=\"canonical\" href=\"https:\/\/convenzioni.cralnetwork.it\/assodifesa\/prodotto\/studio-legale-ius-lawyers\/\" \/>\n<meta property=\"og:locale\" content=\"it_IT\" \/>\n<meta property=\"og:type\" content=\"article\" \/>\n<meta property=\"og:title\" content=\"Studio Legale Ius &amp; Lawyers - Assodifesa\" \/>\n<meta property=\"og:description\" content=\"Crediamo nel lavoro di squadra, nella dedizione al \u201ccaso\u201d, nello studio e nell\u2019approfondimento di ogni singola questione. Dietro ogni vicenda giuridica ci sono persone da tutelare.Professionalit\u00e0 L&#039;Efficienza deve accompagnarsi alla competenza. Questo \u00e8, secondo noi, il significato intimo di professionalit\u00e0.Approccio pratico Ogni caso \u00e8 una storia a s\u00e9. Prospettiamo al cliente la strategia pi\u00f9 consona alla situazione e ai suoi possibili sviluppi.Dedizione Non possiamo lesinare energie. Affrontiamo ogni questione con abnegazione.Passione &amp; Sinergia Gli avvocati Emanuela Santilli, Federico Fusc\u00e0 ed Emanuela Pigini: tre differenti formazioni accomunate dalla stessa passione per il diritto. La sinergia nasce dalla voglia di mettere assieme competenze diversificate in modo da fornire al cliente un&#039;assistenza personalizzata in vaste aree dell&#039;assistenza legale.Aree di competenza Diritto di famiglia, successioni e donazioni Diritto del lavoro, sindacale e della previdenza sociale Esecuzioni mobiliari, immobiliari e aste giudiziarie Assistenza stragiudiziale ADR Responsabilit\u00e0 civile e delle assicurazioni Diritto Amministrativo e fondi strutturali europei Diritto civile Fallimento e crisi dell&#039;impresastudio legale, studi legali, avv, avv., avvocato, avvocati, Diritto di famiglia, successioni, donazioni, Diritto del lavoro, sindacale, previdenza sociale, Esecuzioni mobiliari, immobiliari, aste giudiziarie, Assistenza stragiudiziale, ADR, Responsabilit\u00e0 civile, assicurazioni, Diritto Amministrativo, fondi strutturali europei, Diritto civile, Fallimento, crisi dell&#039;impresastudio legale a Velletri, studi legali a Velletri, avv a Velletri, avv. a Velletri, avvocato a Velletri, avvocati a Velletri, Diritto di famiglia a Velletri, successioni a Velletri, donazioni a Velletri, Diritto del lavoro a Velletri, sindacale a Velletri, previdenza sociale a Velletri, Esecuzioni mobiliari a Velletri, immobiliari a Velletri, aste giudiziarie a Velletri, Assistenza stragiudiziale a Velletri, ADR a Velletri, Responsabilit\u00e0 civile a Velletri, assicurazioni a Velletri, Diritto Amministrativo a Velletri, fondi strutturali europei a Velletri, Diritto civile a Velletri, Fallimento a Velletri, crisi dell&#039;impresa a Velletristudio legale Velletri, studi legali Velletri, avv Velletri, avv. Velletri, avvocato Velletri, avvocati Velletri, Diritto di famiglia Velletri, successioni Velletri, donazioni Velletri, Diritto del lavoro Velletri, sindacale Velletri, previdenza sociale Velletri, Esecuzioni mobiliari Velletri, immobiliari Velletri, aste giudiziarie Velletri, Assistenza stragiudiziale Velletri, ADR Velletri, Responsabilit\u00e0 civile Velletri, assicurazioni Velletri, Diritto Amministrativo Velletri, fondi strutturali europei Velletri, Diritto civile Velletri, Fallimento Velletri, crisi dell&#039;impresa Velletri\" \/>\n<meta property=\"og:url\" content=\"https:\/\/convenzioni.cralnetwork.it\/assodifesa\/prodotto\/studio-legale-ius-lawyers\/\" \/>\n<meta property=\"og:site_name\" content=\"Assodifesa\" \/>\n<meta property=\"article:modified_time\" content=\"2024-07-08T07:49:52+00:00\" \/>\n<meta property=\"og:image\" content=\"https:\/\/convenzioni.cralnetwork.it\/assodifesa\/wp-content\/uploads\/sites\/45\/2024\/04\/Base-Logo-IUS-Lawyers.jpg\" \/>\n\t<meta property=\"og:image:width\" content=\"300\" \/>\n\t<meta property=\"og:image:height\" content=\"300\" \/>\n\t<meta property=\"og:image:type\" content=\"image\/jpeg\" \/>\n<meta name=\"twitter:card\" content=\"summary_large_image\" \/>\n<meta name=\"twitter:label1\" content=\"Tempo di lettura stimato\" \/>\n\t<meta name=\"twitter:data1\" content=\"9 minuti\" \/>\n<script type=\"application\/ld+json\" class=\"yoast-schema-graph\">{\"@context\":\"https:\/\/schema.org\",\"@graph\":[{\"@type\":\"WebPage\",\"@id\":\"https:\/\/convenzioni.cralnetwork.it\/assodifesa\/prodotto\/studio-legale-ius-lawyers\/\",\"url\":\"https:\/\/convenzioni.cralnetwork.it\/assodifesa\/prodotto\/studio-legale-ius-lawyers\/\",\"name\":\"Studio Legale Ius & Lawyers - Assodifesa\",\"isPartOf\":{\"@id\":\"https:\/\/convenzioni.cralnetwork.it\/assodifesa\/#website\"},\"primaryImageOfPage\":{\"@id\":\"https:\/\/convenzioni.cralnetwork.it\/assodifesa\/prodotto\/studio-legale-ius-lawyers\/#primaryimage\"},\"image\":{\"@id\":\"https:\/\/convenzioni.cralnetwork.it\/assodifesa\/prodotto\/studio-legale-ius-lawyers\/#primaryimage\"},\"thumbnailUrl\":\"https:\/\/convenzioni.cralnetwork.it\/assodifesa\/wp-content\/uploads\/sites\/45\/2024\/04\/Base-Logo-IUS-Lawyers.jpg\",\"datePublished\":\"2024-04-09T08:01:45+00:00\",\"dateModified\":\"2024-07-08T07:49:52+00:00\",\"breadcrumb\":{\"@id\":\"https:\/\/convenzioni.cralnetwork.it\/assodifesa\/prodotto\/studio-legale-ius-lawyers\/#breadcrumb\"},\"inLanguage\":\"it-IT\",\"potentialAction\":[{\"@type\":\"ReadAction\",\"target\":[\"https:\/\/convenzioni.cralnetwork.it\/assodifesa\/prodotto\/studio-legale-ius-lawyers\/\"]}]},{\"@type\":\"ImageObject\",\"inLanguage\":\"it-IT\",\"@id\":\"https:\/\/convenzioni.cralnetwork.it\/assodifesa\/prodotto\/studio-legale-ius-lawyers\/#primaryimage\",\"url\":\"https:\/\/convenzioni.cralnetwork.it\/assodifesa\/wp-content\/uploads\/sites\/45\/2024\/04\/Base-Logo-IUS-Lawyers.jpg\",\"contentUrl\":\"https:\/\/convenzioni.cralnetwork.it\/assodifesa\/wp-content\/uploads\/sites\/45\/2024\/04\/Base-Logo-IUS-Lawyers.jpg\",\"width\":300,\"height\":300},{\"@type\":\"BreadcrumbList\",\"@id\":\"https:\/\/convenzioni.cralnetwork.it\/assodifesa\/prodotto\/studio-legale-ius-lawyers\/#breadcrumb\",\"itemListElement\":[{\"@type\":\"ListItem\",\"position\":1,\"name\":\"Home\",\"item\":\"https:\/\/convenzioni.cralnetwork.it\/assodifesa\/\"},{\"@type\":\"ListItem\",\"position\":2,\"name\":\"Shop\",\"item\":\"https:\/\/convenzioni.cralnetwork.it\/assodifesa\/negozio\/\"},{\"@type\":\"ListItem\",\"position\":3,\"name\":\"Studio Legale Ius &#038; Lawyers\"}]},{\"@type\":\"WebSite\",\"@id\":\"https:\/\/convenzioni.cralnetwork.it\/assodifesa\/#website\",\"url\":\"https:\/\/convenzioni.cralnetwork.it\/assodifesa\/\",\"name\":\"Assodifesa\",\"description\":\"Area convenzioni\",\"potentialAction\":[{\"@type\":\"SearchAction\",\"target\":{\"@type\":\"EntryPoint\",\"urlTemplate\":\"https:\/\/convenzioni.cralnetwork.it\/assodifesa\/?s={search_term_string}\"},\"query-input\":{\"@type\":\"PropertyValueSpecification\",\"valueRequired\":true,\"valueName\":\"search_term_string\"}}],\"inLanguage\":\"it-IT\"}]}<\/script>\n<!-- \/ Yoast SEO plugin. -->","yoast_head_json":{"title":"Studio Legale Ius & Lawyers - Assodifesa","robots":{"index":"index","follow":"follow","max-snippet":"max-snippet:-1","max-image-preview":"max-image-preview:large","max-video-preview":"max-video-preview:-1"},"canonical":"https:\/\/convenzioni.cralnetwork.it\/assodifesa\/prodotto\/studio-legale-ius-lawyers\/","og_locale":"it_IT","og_type":"article","og_title":"Studio Legale Ius & Lawyers - Assodifesa","og_description":"Crediamo nel lavoro di squadra, nella dedizione al \u201ccaso\u201d, nello studio e nell\u2019approfondimento di ogni singola questione. Dietro ogni vicenda giuridica ci sono persone da tutelare.Professionalit\u00e0 L'Efficienza deve accompagnarsi alla competenza. Questo \u00e8, secondo noi, il significato intimo di professionalit\u00e0.Approccio pratico Ogni caso \u00e8 una storia a s\u00e9. Prospettiamo al cliente la strategia pi\u00f9 consona alla situazione e ai suoi possibili sviluppi.Dedizione Non possiamo lesinare energie. Affrontiamo ogni questione con abnegazione.Passione &amp; Sinergia Gli avvocati Emanuela Santilli, Federico Fusc\u00e0 ed Emanuela Pigini: tre differenti formazioni accomunate dalla stessa passione per il diritto. La sinergia nasce dalla voglia di mettere assieme competenze diversificate in modo da fornire al cliente un'assistenza personalizzata in vaste aree dell'assistenza legale.Aree di competenza Diritto di famiglia, successioni e donazioni Diritto del lavoro, sindacale e della previdenza sociale Esecuzioni mobiliari, immobiliari e aste giudiziarie Assistenza stragiudiziale ADR Responsabilit\u00e0 civile e delle assicurazioni Diritto Amministrativo e fondi strutturali europei Diritto civile Fallimento e crisi dell'impresastudio legale, studi legali, avv, avv., avvocato, avvocati, Diritto di famiglia, successioni, donazioni, Diritto del lavoro, sindacale, previdenza sociale, Esecuzioni mobiliari, immobiliari, aste giudiziarie, Assistenza stragiudiziale, ADR, Responsabilit\u00e0 civile, assicurazioni, Diritto Amministrativo, fondi strutturali europei, Diritto civile, Fallimento, crisi dell'impresastudio legale a Velletri, studi legali a Velletri, avv a Velletri, avv. a Velletri, avvocato a Velletri, avvocati a Velletri, Diritto di famiglia a Velletri, successioni a Velletri, donazioni a Velletri, Diritto del lavoro a Velletri, sindacale a Velletri, previdenza sociale a Velletri, Esecuzioni mobiliari a Velletri, immobiliari a Velletri, aste giudiziarie a Velletri, Assistenza stragiudiziale a Velletri, ADR a Velletri, Responsabilit\u00e0 civile a Velletri, assicurazioni a Velletri, Diritto Amministrativo a Velletri, fondi strutturali europei a Velletri, Diritto civile a Velletri, Fallimento a Velletri, crisi dell'impresa a Velletristudio legale Velletri, studi legali Velletri, avv Velletri, avv. Velletri, avvocato Velletri, avvocati Velletri, Diritto di famiglia Velletri, successioni Velletri, donazioni Velletri, Diritto del lavoro Velletri, sindacale Velletri, previdenza sociale Velletri, Esecuzioni mobiliari Velletri, immobiliari Velletri, aste giudiziarie Velletri, Assistenza stragiudiziale Velletri, ADR Velletri, Responsabilit\u00e0 civile Velletri, assicurazioni Velletri, Diritto Amministrativo Velletri, fondi strutturali europei Velletri, Diritto civile Velletri, Fallimento Velletri, crisi dell'impresa Velletri","og_url":"https:\/\/convenzioni.cralnetwork.it\/assodifesa\/prodotto\/studio-legale-ius-lawyers\/","og_site_name":"Assodifesa","article_modified_time":"2024-07-08T07:49:52+00:00","og_image":[{"width":300,"height":300,"url":"https:\/\/convenzioni.cralnetwork.it\/assodifesa\/wp-content\/uploads\/sites\/45\/2024\/04\/Base-Logo-IUS-Lawyers.jpg","type":"image\/jpeg"}],"twitter_card":"summary_large_image","twitter_misc":{"Tempo di lettura stimato":"9 minuti"},"schema":{"@context":"https:\/\/schema.org","@graph":[{"@type":"WebPage","@id":"https:\/\/convenzioni.cralnetwork.it\/assodifesa\/prodotto\/studio-legale-ius-lawyers\/","url":"https:\/\/convenzioni.cralnetwork.it\/assodifesa\/prodotto\/studio-legale-ius-lawyers\/","name":"Studio Legale Ius & Lawyers - Assodifesa","isPartOf":{"@id":"https:\/\/convenzioni.cralnetwork.it\/assodifesa\/#website"},"primaryImageOfPage":{"@id":"https:\/\/convenzioni.cralnetwork.it\/assodifesa\/prodotto\/studio-legale-ius-lawyers\/#primaryimage"},"image":{"@id":"https:\/\/convenzioni.cralnetwork.it\/assodifesa\/prodotto\/studio-legale-ius-lawyers\/#primaryimage"},"thumbnailUrl":"https:\/\/convenzioni.cralnetwork.it\/assodifesa\/wp-content\/uploads\/sites\/45\/2024\/04\/Base-Logo-IUS-Lawyers.jpg","datePublished":"2024-04-09T08:01:45+00:00","dateModified":"2024-07-08T07:49:52+00:00","breadcrumb":{"@id":"https:\/\/convenzioni.cralnetwork.it\/assodifesa\/prodotto\/studio-legale-ius-lawyers\/#breadcrumb"},"inLanguage":"it-IT","potentialAction":[{"@type":"ReadAction","target":["https:\/\/convenzioni.cralnetwork.it\/assodifesa\/prodotto\/studio-legale-ius-lawyers\/"]}]},{"@type":"ImageObject","inLanguage":"it-IT","@id":"https:\/\/convenzioni.cralnetwork.it\/assodifesa\/prodotto\/studio-legale-ius-lawyers\/#primaryimage","url":"https:\/\/convenzioni.cralnetwork.it\/assodifesa\/wp-content\/uploads\/sites\/45\/2024\/04\/Base-Logo-IUS-Lawyers.jpg","contentUrl":"https:\/\/convenzioni.cralnetwork.it\/assodifesa\/wp-content\/uploads\/sites\/45\/2024\/04\/Base-Logo-IUS-Lawyers.jpg","width":300,"height":300},{"@type":"BreadcrumbList","@id":"https:\/\/convenzioni.cralnetwork.it\/assodifesa\/prodotto\/studio-legale-ius-lawyers\/#breadcrumb","itemListElement":[{"@type":"ListItem","position":1,"name":"Home","item":"https:\/\/convenzioni.cralnetwork.it\/assodifesa\/"},{"@type":"ListItem","position":2,"name":"Shop","item":"https:\/\/convenzioni.cralnetwork.it\/assodifesa\/negozio\/"},{"@type":"ListItem","position":3,"name":"Studio Legale Ius &#038; Lawyers"}]},{"@type":"WebSite","@id":"https:\/\/convenzioni.cralnetwork.it\/assodifesa\/#website","url":"https:\/\/convenzioni.cralnetwork.it\/assodifesa\/","name":"Assodifesa","description":"Area convenzioni","potentialAction":[{"@type":"SearchAction","target":{"@type":"EntryPoint","urlTemplate":"https:\/\/convenzioni.cralnetwork.it\/assodifesa\/?s={search_term_string}"},"query-input":{"@type":"PropertyValueSpecification","valueRequired":true,"valueName":"search_term_string"}}],"inLanguage":"it-IT"}]}},"publishpress_future_workflow_manual_trigger":{"enabledWorkflows":[]},"_links":{"self":[{"href":"https:\/\/convenzioni.cralnetwork.it\/assodifesa\/wp-json\/wp\/v2\/product\/10045","targetHints":{"allow":["GET"]}}],"collection":[{"href":"https:\/\/convenzioni.cralnetwork.it\/assodifesa\/wp-json\/wp\/v2\/product"}],"about":[{"href":"https:\/\/convenzioni.cralnetwork.it\/assodifesa\/wp-json\/wp\/v2\/types\/product"}],"replies":[{"embeddable":true,"href":"https:\/\/convenzioni.cralnetwork.it\/assodifesa\/wp-json\/wp\/v2\/comments?post=10045"}],"version-history":[{"count":100,"href":"https:\/\/convenzioni.cralnetwork.it\/assodifesa\/wp-json\/wp\/v2\/product\/10045\/revisions"}],"predecessor-version":[{"id":19836,"href":"https:\/\/convenzioni.cralnetwork.it\/assodifesa\/wp-json\/wp\/v2\/product\/10045\/revisions\/19836"}],"wp:featuredmedia":[{"embeddable":true,"href":"https:\/\/convenzioni.cralnetwork.it\/assodifesa\/wp-json\/wp\/v2\/media\/10133"}],"wp:attachment":[{"href":"https:\/\/convenzioni.cralnetwork.it\/assodifesa\/wp-json\/wp\/v2\/media?parent=10045"}],"wp:term":[{"taxonomy":"product_brand","embeddable":true,"href":"https:\/\/convenzioni.cralnetwork.it\/assodifesa\/wp-json\/wp\/v2\/product_brand?post=10045"},{"taxonomy":"product_cat","embeddable":true,"href":"https:\/\/convenzioni.cralnetwork.it\/assodifesa\/wp-json\/wp\/v2\/product_cat?post=10045"},{"taxonomy":"product_tag","embeddable":true,"href":"https:\/\/convenzioni.cralnetwork.it\/assodifesa\/wp-json\/wp\/v2\/product_tag?post=10045"}],"curies":[{"name":"wp","href":"https:\/\/api.w.org\/{rel}","templated":true}]}}